{"id":12764,"date":"2024-10-23T15:54:20","date_gmt":"2024-10-23T13:54:20","guid":{"rendered":"https:\/\/www.uni.lu\/fr\/?post_type=events&#038;p=12764"},"modified":"2024-10-23T15:54:21","modified_gmt":"2024-10-23T13:54:21","slug":"dialogue-citoyen-avec-stella-kyriakides-et-paulette-lenert-reporte-en-raison-de-la-pandemie-de-covid-19","status":"publish","type":"events","link":"https:\/\/www.uni.lu\/fr\/events\/dialogue-citoyen-avec-stella-kyriakides-et-paulette-lenert-reporte-en-raison-de-la-pandemie-de-covid-19\/","title":{"rendered":"Dialogue Citoyen avec Stella Kyriakides et Paulette Lenert [REPORT\u00c9 en raison de la pand\u00e9mie de Covid-19]"},"content":{"rendered":"\n<section class=\"wp-block-unilux-blocks-free-section section\"><div class=\"container xl:max-w-screen-xl\"><figure class=\"wp-block-dev4-reusable-blocks-image  object-fit--cover\">\n    \n<img decoding=\"async\" class=\"wp-block-image unilux-custom-image-block\"\n                alt=\"reporte\"\n            src=\"https:\/\/www.uni.lu\/wp-content\/uploads\/sites\/11\/2024\/10\/reporte.png\"\n                srcset=\"https:\/\/www.uni.lu\/wp-content\/uploads\/sites\/11\/2024\/10\/reporte-300x137.png 300w, https:\/\/www.uni.lu\/wp-content\/uploads\/sites\/11\/2024\/10\/reporte.png 682w\"\n                style=\"object-position: 50.00% 50.00%; font-family: &quot;object-fit: cover; object-position: 50.00% 50.00%;&quot;; aspect-ratio: 16\/9; object-fit: cover; width: 100%;\"\n        loading=\"lazy\"\n\/>    <\/figure>\n\n\n<p>Un nouveau cas de cancer est diagnostiqu\u00e9 toutes les 9 secondes. Chaque ann\u00e9e dans l\u2019Union europ\u00e9enne, 1,3 million personnes d\u00e9c\u00e8dent du cancer et le nombre de morts est en hausse. Il s\u2019agit de la premi\u00e8re cause de mortalit\u00e9 apr\u00e8s les maladies cardiovasculaires, et ses cons\u00e9quences sur notre sant\u00e9, sur nos syst\u00e8mes de sant\u00e9 et sur nos \u00e9conomies sont d\u00e9vastatrices. Or, plus de 40 % des cas de cancer pourraient \u00eatre \u00e9vit\u00e9s.<\/p>\n\n\n\n<p>C\u2019est pourquoi le 4 f\u00e9vrier dernier, la Commission europ\u00e9enne a lanc\u00e9 une consultation publique \u00e0 travers l\u2019UE ayant pour th\u00e8me le plan europ\u00e9en de lutte contre le cancer. Ce plan sera pr\u00e9sent\u00e9 avant la fin de l\u2019ann\u00e9e et a pour objectif d\u2019aider les \u00c9tats membres \u00e0 renforcer la pr\u00e9vention et \u00e0 am\u00e9liorer les soins dispens\u00e9s \u00e0 l\u2019\u00e9chelle europ\u00e9enne.<\/p>\n\n\n\n<p>Notre sant\u00e9 joue un r\u00f4le clef pour notre qualit\u00e9 de vie, notre bien-\u00eatre et notre capacit\u00e9 \u00e0 contribuer pleinement \u00e0 la soci\u00e9t\u00e9: que peut-on faire pour la pr\u00e9server? Pourquoi avons-nous besoin d\u2019un nouveau plan et comment le citoyen europ\u00e9en peut-il en b\u00e9n\u00e9ficier au mieux, notamment dans son propre pays?<\/p>\n\n\n\n<p>La Repr\u00e9sentation de la Commission europ\u00e9enne au Luxembourg a le plaisir de vous inviter \u00e0 d\u00e9battre avec&nbsp;<strong>Mme Stella Kyriakides, Commissaire europ\u00e9enne pour la sant\u00e9 et la s\u00e9curit\u00e9 alimentaire<\/strong>, et&nbsp;<strong>Mme Paulette Lenert, Ministre de la Sant\u00e9 du Luxembourg<\/strong>, le jeudi, 12 mars 2020 \u00e0 18h30 Universit\u00e9 du Luxembourg \u2013 Maison des Arts et des \u00c9tudiants Campus Belval, avenue de la Fonte &#8211; L-4362 Esch-sur-Alzette<\/p>\n\n\n\n<p>La langue v\u00e9hiculaire sera l\u2019anglais.\u00a0<br>Une interpr\u00e9tation simultan\u00e9e sera assur\u00e9e en fran\u00e7ais et en allemand.<\/p>\n\n\n<div class=\"wp-block-unilux-blocks-spacer is-spacer-size-sm\"><\/div><\/div><\/section>\n","protected":false},"excerpt":{"rendered":"","protected":false},"author":292,"featured_media":12766,"parent":0,"menu_order":0,"comment_status":"open","ping_status":"closed","template":"","format":"standard","meta":{"featured_image_focal_point":{"x":0.59,"y":0.51},"show_featured_caption":false,"ulux_newsletter_groups":"","uluxPostTitle":"","uluxPrePostTitle":"","_trash_the_other_posts":false,"_price":"","_stock":"","_tribe_ticket_header":"","_tribe_default_ticket_provider":"","_tribe_ticket_capacity":"0","_ticket_start_date":"","_ticket_end_date":"","_tribe_ticket_show_description":"","_tribe_ticket_show_not_going":false,"_tribe_ticket_use_global_stock":"","_tribe_ticket_global_stock_level":"","_global_stock_mode":"","_global_stock_cap":"","_tribe_rsvp_for_event":"","_tribe_ticket_going_count":"","_tribe_ticket_not_going_count":"","_tribe_tickets_list":"[]","_tribe_ticket_has_attendee_info_fields":false,"event_start_date":"2020-03-12 18:30:00","event_end_date":"2020-03-12 20:00:00","event_speaker_name":"Stella Kyriakides et Paulette Lenert","event_speaker_link":"","event_is_online":false,"event_location":"Maison des Arts et des \u00c9tudiants Campus Belval","event_street":"avenue de la Fonte","event_location_link":"","event_zip_code":"4362","event_city":"Esch-sur-Alzette","event_country":"Luxembourg"},"events-topic":[],"events-type":[],"organisation":[297],"authorship":[292],"acf":[],"yoast_head":"<!-- This site is optimized with the Yoast SEO Premium plugin v22.3 (Yoast SEO v22.3) - https:\/\/yoast.com\/wordpress\/plugins\/seo\/ -->\n<title>Dialogue Citoyen avec Stella Kyriakides et Paulette Lenert [REPORT\u00c9 en raison de la pand\u00e9mie de Covid-19] - Universit\u00e9 du Luxembourg<\/title>\n<meta name=\"description\" content=\"Un nouveau cas de cancer est diagnostiqu\u00e9 toutes les 9 secondes. Chaque ann\u00e9e dans l\u2019Union europ\u00e9enne, 1,3 million personnes d\u00e9c\u00e8dent du cancer et le\" \/>\n<meta name=\"robots\" content=\"index, follow, max-snippet:-1, max-image-preview:large, max-video-preview:-1\" \/>\n<link rel=\"canonical\" href=\"https:\/\/www.uni.lu\/fr\/events\/dialogue-citoyen-avec-stella-kyriakides-et-paulette-lenert-reporte-en-raison-de-la-pandemie-de-covid-19\/\" \/>\n<meta property=\"og:locale\" content=\"fr_FR\" \/>\n<meta property=\"og:type\" content=\"article\" \/>\n<meta property=\"og:title\" content=\"Dialogue Citoyen avec Stella Kyriakides et Paulette Lenert [REPORT\u00c9 en raison de la pand\u00e9mie de Covid-19]\" \/>\n<meta property=\"og:description\" content=\"Un nouveau cas de cancer est diagnostiqu\u00e9 toutes les 9 secondes. Chaque ann\u00e9e dans l\u2019Union europ\u00e9enne, 1,3 million personnes d\u00e9c\u00e8dent du cancer et le\" \/>\n<meta property=\"og:url\" content=\"https:\/\/www.uni.lu\/fr\/events\/dialogue-citoyen-avec-stella-kyriakides-et-paulette-lenert-reporte-en-raison-de-la-pandemie-de-covid-19\/\" \/>\n<meta property=\"og:site_name\" content=\"UNI FR\" \/>\n<meta property=\"article:publisher\" content=\"https:\/\/www.facebook.com\/uni.lu\" \/>\n<meta property=\"article:modified_time\" content=\"2024-10-23T13:54:21+00:00\" \/>\n<meta property=\"og:image\" content=\"https:\/\/www.uni.lu\/wp-content\/uploads\/sites\/11\/2024\/10\/reporte.png\" \/>\n\t<meta property=\"og:image:width\" content=\"682\" \/>\n\t<meta property=\"og:image:height\" content=\"312\" \/>\n\t<meta property=\"og:image:type\" content=\"image\/png\" \/>\n<meta name=\"twitter:card\" content=\"summary_large_image\" \/>\n<meta name=\"twitter:label1\" content=\"Dur\u00e9e de lecture estim\u00e9e\" \/>\n\t<meta name=\"twitter:data1\" content=\"2 minutes\" \/>\n<script type=\"application\/ld+json\" class=\"yoast-schema-graph\">{\"@context\":\"https:\/\/schema.org\",\"@graph\":[{\"@type\":\"WebPage\",\"@id\":\"https:\/\/www.uni.lu\/fr\/events\/dialogue-citoyen-avec-stella-kyriakides-et-paulette-lenert-reporte-en-raison-de-la-pandemie-de-covid-19\/\",\"url\":\"https:\/\/www.uni.lu\/fr\/events\/dialogue-citoyen-avec-stella-kyriakides-et-paulette-lenert-reporte-en-raison-de-la-pandemie-de-covid-19\/\",\"name\":\"Dialogue Citoyen avec Stella Kyriakides et Paulette Lenert [REPORT\u00c9 en raison de la pand\u00e9mie de Covid-19] - Universit\u00e9 du Luxembourg\",\"isPartOf\":{\"@id\":\"https:\/\/www.uni.lu\/fr\/#website\"},\"primaryImageOfPage\":{\"@id\":\"https:\/\/www.uni.lu\/fr\/events\/dialogue-citoyen-avec-stella-kyriakides-et-paulette-lenert-reporte-en-raison-de-la-pandemie-de-covid-19\/#primaryimage\"},\"image\":{\"@id\":\"https:\/\/www.uni.lu\/fr\/events\/dialogue-citoyen-avec-stella-kyriakides-et-paulette-lenert-reporte-en-raison-de-la-pandemie-de-covid-19\/#primaryimage\"},\"thumbnailUrl\":\"https:\/\/www.uni.lu\/wp-content\/uploads\/sites\/11\/2024\/10\/reporte.png\",\"datePublished\":\"2024-10-23T13:54:20+00:00\",\"dateModified\":\"2024-10-23T13:54:21+00:00\",\"description\":\"Un nouveau cas de cancer est diagnostiqu\u00e9 toutes les 9 secondes. Chaque ann\u00e9e dans l\u2019Union europ\u00e9enne, 1,3 million personnes d\u00e9c\u00e8dent du cancer et le\",\"breadcrumb\":{\"@id\":\"https:\/\/www.uni.lu\/fr\/events\/dialogue-citoyen-avec-stella-kyriakides-et-paulette-lenert-reporte-en-raison-de-la-pandemie-de-covid-19\/#breadcrumb\"},\"inLanguage\":\"fr-FR\",\"potentialAction\":[{\"@type\":\"ReadAction\",\"target\":[\"https:\/\/www.uni.lu\/fr\/events\/dialogue-citoyen-avec-stella-kyriakides-et-paulette-lenert-reporte-en-raison-de-la-pandemie-de-covid-19\/\"]}]},{\"@type\":\"ImageObject\",\"inLanguage\":\"fr-FR\",\"@id\":\"https:\/\/www.uni.lu\/fr\/events\/dialogue-citoyen-avec-stella-kyriakides-et-paulette-lenert-reporte-en-raison-de-la-pandemie-de-covid-19\/#primaryimage\",\"url\":\"https:\/\/www.uni.lu\/wp-content\/uploads\/sites\/11\/2024\/10\/reporte.png\",\"contentUrl\":\"https:\/\/www.uni.lu\/wp-content\/uploads\/sites\/11\/2024\/10\/reporte.png\",\"width\":682,\"height\":312,\"caption\":\"reporte\"},{\"@type\":\"BreadcrumbList\",\"@id\":\"https:\/\/www.uni.lu\/fr\/events\/dialogue-citoyen-avec-stella-kyriakides-et-paulette-lenert-reporte-en-raison-de-la-pandemie-de-covid-19\/#breadcrumb\",\"itemListElement\":[{\"@type\":\"ListItem\",\"position\":1,\"name\":\"Home\",\"item\":\"https:\/\/www.uni.lu\/fr\/\"},{\"@type\":\"ListItem\",\"position\":2,\"name\":\"Events\",\"item\":\"https:\/\/www.uni.lu\/fr\/events\/\"},{\"@type\":\"ListItem\",\"position\":3,\"name\":\"Dialogue Citoyen avec Stella Kyriakides et Paulette Lenert [REPORT\u00c9 en raison de la pand\u00e9mie de Covid-19]\"}]},{\"@type\":\"WebSite\",\"@id\":\"https:\/\/www.uni.lu\/fr\/#website\",\"url\":\"https:\/\/www.uni.lu\/fr\/\",\"name\":\"Uni.lu\",\"description\":\"Universit\u00e9 du Luxembourg\",\"publisher\":{\"@id\":\"https:\/\/www.uni.lu\/fr\/#organization\"},\"alternateName\":\"Universit\u00e9 du Luxembourg\",\"potentialAction\":[{\"@type\":\"SearchAction\",\"target\":{\"@type\":\"EntryPoint\",\"urlTemplate\":\"https:\/\/www.uni.lu\/fr\/?s={search_term_string}\"},\"query-input\":\"required name=search_term_string\"}],\"inLanguage\":\"fr-FR\"},{\"@type\":\"Organization\",\"@id\":\"https:\/\/www.uni.lu\/fr\/#organization\",\"name\":\"Universit\u00e9 du Luxembourg\",\"alternateName\":\"Uni.lu\",\"url\":\"https:\/\/www.uni.lu\/fr\/\",\"logo\":{\"@type\":\"ImageObject\",\"inLanguage\":\"fr-FR\",\"@id\":\"https:\/\/www.uni.lu\/fr\/#\/schema\/logo\/image\/\",\"url\":\"https:\/\/www.uni.lu\/wp-content\/uploads\/sites\/11\/2026\/03\/03120045\/UNIV_SM-Profile_1600x1600px-scaled.jpg\",\"contentUrl\":\"https:\/\/www.uni.lu\/wp-content\/uploads\/sites\/11\/2026\/03\/03120045\/UNIV_SM-Profile_1600x1600px-scaled.jpg\",\"width\":2560,\"height\":2560,\"caption\":\"Universit\u00e9 du Luxembourg\"},\"image\":\"https:\/\/www.uni.lu\/wp-content\/uploads\/sites\/11\/2026\/04\/24120552\/20200609-Belval-Campus_Henri-Goergen-23.jpg\",\"sameAs\":[\"https:\/\/www.facebook.com\/uni.lu\",\"https:\/\/www.linkedin.com\/school\/university-of-luxembourg\/\",\"https:\/\/www.instagram.com\/uni.lu\",\"https:\/\/www.youtube.com\/@uni_lu\",\"https:\/\/en.wikipedia.org\/wiki\/University_of_Luxembourg\"],\"email\":\"communication@uni.lu\",\"telephone\":\"+352 46 66 44 1\",\"address\":{\"@type\":\"PostalAddress\",\"streetAddress\":\"2, place de l\u2019Universit\u00e9\",\"addressLocality\":\"Esch-sur-Alzette\",\"postalCode\":\"4365\",\"addressCountry\":\"LU\"},\"description\":\"Universit\u00e9 du Luxembourg\"}]}<\/script>\n<!-- \/ Yoast SEO Premium plugin. -->","yoast_head_json":{"title":"Dialogue Citoyen avec Stella Kyriakides et Paulette Lenert [REPORT\u00c9 en raison de la pand\u00e9mie de Covid-19] - Universit\u00e9 du Luxembourg","description":"Un nouveau cas de cancer est diagnostiqu\u00e9 toutes les 9 secondes. Chaque ann\u00e9e dans l\u2019Union europ\u00e9enne, 1,3 million personnes d\u00e9c\u00e8dent du cancer et le","robots":{"index":"index","follow":"follow","max-snippet":"max-snippet:-1","max-image-preview":"max-image-preview:large","max-video-preview":"max-video-preview:-1"},"canonical":"https:\/\/www.uni.lu\/fr\/events\/dialogue-citoyen-avec-stella-kyriakides-et-paulette-lenert-reporte-en-raison-de-la-pandemie-de-covid-19\/","og_locale":"fr_FR","og_type":"article","og_title":"Dialogue Citoyen avec Stella Kyriakides et Paulette Lenert [REPORT\u00c9 en raison de la pand\u00e9mie de Covid-19]","og_description":"Un nouveau cas de cancer est diagnostiqu\u00e9 toutes les 9 secondes. Chaque ann\u00e9e dans l\u2019Union europ\u00e9enne, 1,3 million personnes d\u00e9c\u00e8dent du cancer et le","og_url":"https:\/\/www.uni.lu\/fr\/events\/dialogue-citoyen-avec-stella-kyriakides-et-paulette-lenert-reporte-en-raison-de-la-pandemie-de-covid-19\/","og_site_name":"UNI FR","article_publisher":"https:\/\/www.facebook.com\/uni.lu","article_modified_time":"2024-10-23T13:54:21+00:00","og_image":[{"width":682,"height":312,"url":"https:\/\/www.uni.lu\/wp-content\/uploads\/sites\/11\/2024\/10\/reporte.png","type":"image\/png"}],"twitter_card":"summary_large_image","twitter_misc":{"Dur\u00e9e de lecture estim\u00e9e":"2 minutes"},"schema":{"@context":"https:\/\/schema.org","@graph":[{"@type":"WebPage","@id":"https:\/\/www.uni.lu\/fr\/events\/dialogue-citoyen-avec-stella-kyriakides-et-paulette-lenert-reporte-en-raison-de-la-pandemie-de-covid-19\/","url":"https:\/\/www.uni.lu\/fr\/events\/dialogue-citoyen-avec-stella-kyriakides-et-paulette-lenert-reporte-en-raison-de-la-pandemie-de-covid-19\/","name":"Dialogue Citoyen avec Stella Kyriakides et Paulette Lenert [REPORT\u00c9 en raison de la pand\u00e9mie de Covid-19] - Universit\u00e9 du Luxembourg","isPartOf":{"@id":"https:\/\/www.uni.lu\/fr\/#website"},"primaryImageOfPage":{"@id":"https:\/\/www.uni.lu\/fr\/events\/dialogue-citoyen-avec-stella-kyriakides-et-paulette-lenert-reporte-en-raison-de-la-pandemie-de-covid-19\/#primaryimage"},"image":{"@id":"https:\/\/www.uni.lu\/fr\/events\/dialogue-citoyen-avec-stella-kyriakides-et-paulette-lenert-reporte-en-raison-de-la-pandemie-de-covid-19\/#primaryimage"},"thumbnailUrl":"https:\/\/www.uni.lu\/wp-content\/uploads\/sites\/11\/2024\/10\/reporte.png","datePublished":"2024-10-23T13:54:20+00:00","dateModified":"2024-10-23T13:54:21+00:00","description":"Un nouveau cas de cancer est diagnostiqu\u00e9 toutes les 9 secondes. Chaque ann\u00e9e dans l\u2019Union europ\u00e9enne, 1,3 million personnes d\u00e9c\u00e8dent du cancer et le","breadcrumb":{"@id":"https:\/\/www.uni.lu\/fr\/events\/dialogue-citoyen-avec-stella-kyriakides-et-paulette-lenert-reporte-en-raison-de-la-pandemie-de-covid-19\/#breadcrumb"},"inLanguage":"fr-FR","potentialAction":[{"@type":"ReadAction","target":["https:\/\/www.uni.lu\/fr\/events\/dialogue-citoyen-avec-stella-kyriakides-et-paulette-lenert-reporte-en-raison-de-la-pandemie-de-covid-19\/"]}]},{"@type":"ImageObject","inLanguage":"fr-FR","@id":"https:\/\/www.uni.lu\/fr\/events\/dialogue-citoyen-avec-stella-kyriakides-et-paulette-lenert-reporte-en-raison-de-la-pandemie-de-covid-19\/#primaryimage","url":"https:\/\/www.uni.lu\/wp-content\/uploads\/sites\/11\/2024\/10\/reporte.png","contentUrl":"https:\/\/www.uni.lu\/wp-content\/uploads\/sites\/11\/2024\/10\/reporte.png","width":682,"height":312,"caption":"reporte"},{"@type":"BreadcrumbList","@id":"https:\/\/www.uni.lu\/fr\/events\/dialogue-citoyen-avec-stella-kyriakides-et-paulette-lenert-reporte-en-raison-de-la-pandemie-de-covid-19\/#breadcrumb","itemListElement":[{"@type":"ListItem","position":1,"name":"Home","item":"https:\/\/www.uni.lu\/fr\/"},{"@type":"ListItem","position":2,"name":"Events","item":"https:\/\/www.uni.lu\/fr\/events\/"},{"@type":"ListItem","position":3,"name":"Dialogue Citoyen avec Stella Kyriakides et Paulette Lenert [REPORT\u00c9 en raison de la pand\u00e9mie de Covid-19]"}]},{"@type":"WebSite","@id":"https:\/\/www.uni.lu\/fr\/#website","url":"https:\/\/www.uni.lu\/fr\/","name":"Uni.lu","description":"Universit\u00e9 du Luxembourg","publisher":{"@id":"https:\/\/www.uni.lu\/fr\/#organization"},"alternateName":"Universit\u00e9 du Luxembourg","potentialAction":[{"@type":"SearchAction","target":{"@type":"EntryPoint","urlTemplate":"https:\/\/www.uni.lu\/fr\/?s={search_term_string}"},"query-input":"required name=search_term_string"}],"inLanguage":"fr-FR"},{"@type":"Organization","@id":"https:\/\/www.uni.lu\/fr\/#organization","name":"Universit\u00e9 du Luxembourg","alternateName":"Uni.lu","url":"https:\/\/www.uni.lu\/fr\/","logo":{"@type":"ImageObject","inLanguage":"fr-FR","@id":"https:\/\/www.uni.lu\/fr\/#\/schema\/logo\/image\/","url":"https:\/\/www.uni.lu\/wp-content\/uploads\/sites\/11\/2026\/03\/03120045\/UNIV_SM-Profile_1600x1600px-scaled.jpg","contentUrl":"https:\/\/www.uni.lu\/wp-content\/uploads\/sites\/11\/2026\/03\/03120045\/UNIV_SM-Profile_1600x1600px-scaled.jpg","width":2560,"height":2560,"caption":"Universit\u00e9 du Luxembourg"},"image":"https:\/\/www.uni.lu\/wp-content\/uploads\/sites\/11\/2026\/04\/24120552\/20200609-Belval-Campus_Henri-Goergen-23.jpg","sameAs":["https:\/\/www.facebook.com\/uni.lu","https:\/\/www.linkedin.com\/school\/university-of-luxembourg\/","https:\/\/www.instagram.com\/uni.lu","https:\/\/www.youtube.com\/@uni_lu","https:\/\/en.wikipedia.org\/wiki\/University_of_Luxembourg"],"email":"communication@uni.lu","telephone":"+352 46 66 44 1","address":{"@type":"PostalAddress","streetAddress":"2, place de l\u2019Universit\u00e9","addressLocality":"Esch-sur-Alzette","postalCode":"4365","addressCountry":"LU"},"description":"Universit\u00e9 du Luxembourg"}]}},"_links":{"self":[{"href":"https:\/\/www.uni.lu\/fr\/wp-json\/wp\/v2\/events\/12764"}],"collection":[{"href":"https:\/\/www.uni.lu\/fr\/wp-json\/wp\/v2\/events"}],"about":[{"href":"https:\/\/www.uni.lu\/fr\/wp-json\/wp\/v2\/types\/events"}],"author":[{"embeddable":true,"href":"https:\/\/www.uni.lu\/fr\/wp-json\/wp\/v2\/users\/292"}],"replies":[{"embeddable":true,"href":"https:\/\/www.uni.lu\/fr\/wp-json\/wp\/v2\/comments?post=12764"}],"version-history":[{"count":2,"href":"https:\/\/www.uni.lu\/fr\/wp-json\/wp\/v2\/events\/12764\/revisions"}],"predecessor-version":[{"id":12767,"href":"https:\/\/www.uni.lu\/fr\/wp-json\/wp\/v2\/events\/12764\/revisions\/12767"}],"wp:authorship":[{"embeddable":true,"href":"https:\/\/www.uni.lu\/fr\/wp-json\/wp\/v2\/users\/292"}],"wp:featuredmedia":[{"embeddable":true,"href":"https:\/\/www.uni.lu\/fr\/wp-json\/wp\/v2\/media\/12766"}],"wp:attachment":[{"href":"https:\/\/www.uni.lu\/fr\/wp-json\/wp\/v2\/media?parent=12764"}],"wp:term":[{"taxonomy":"events-topic","embeddable":true,"href":"https:\/\/www.uni.lu\/fr\/wp-json\/wp\/v2\/events-topic?post=12764"},{"taxonomy":"events-type","embeddable":true,"href":"https:\/\/www.uni.lu\/fr\/wp-json\/wp\/v2\/events-type?post=12764"},{"taxonomy":"organisation","embeddable":true,"href":"https:\/\/www.uni.lu\/fr\/wp-json\/wp\/v2\/organisation?post=12764"}],"curies":[{"name":"wp","href":"https:\/\/api.w.org\/{rel}","templated":true}]}}