{"id":12759,"date":"2024-10-23T13:08:04","date_gmt":"2024-10-23T11:08:04","guid":{"rendered":"https:\/\/www.uni.lu\/fr\/?post_type=events&#038;p=12759"},"modified":"2024-10-23T13:12:14","modified_gmt":"2024-10-23T11:12:14","slug":"trente-ans-apres-la-fin-de-la-guerre-froide-la-russie-et-loccident-bilan-lecons-nouveaux-defis","status":"publish","type":"events","link":"https:\/\/www.uni.lu\/fr\/events\/trente-ans-apres-la-fin-de-la-guerre-froide-la-russie-et-loccident-bilan-lecons-nouveaux-defis\/","title":{"rendered":"Trente ans apr\u00e8s la fin de la Guerre froide: \u00ab\u00a0La Russie et l&rsquo;Occident &#8211; Bilan, le\u00e7ons, nouveaux d\u00e9fis\u00a0\u00bb"},"content":{"rendered":"\n<section class=\"wp-block-unilux-blocks-free-section section\"><div class=\"container xl:max-w-screen-xl\">\n<p><strong>Conf\u00e9rence du Dr Andre\u00ef Grachev (Russie) le 20 novembre 2019<\/strong><\/p>\n\n\n\n<figure class=\"wp-block-table\"><table><tbody><tr><td>La&nbsp;perestro\u00efka, initi\u00e9e par Mikha\u00efl Gorbatchev dans l\u2019ex-URSS, afin de la d\u00e9mocratiser en accord avec l\u2019\u00e9poque moderne et d\u2019\u00e9viter ainsi la crise terminale du syst\u00e8me sovi\u00e9tique, exigeait la fin de la confrontation st\u00e9rile et dangereuse avec l&rsquo;Occident. En mettant un terme \u00e0 la guerre froide, le leader sovi\u00e9tique esp\u00e9rait aussi obtenir l&rsquo;int\u00e9gration de son pays dans les structures de s\u00e9curit\u00e9 et de coop\u00e9ration collectives dans le cadre de la \u00ab&nbsp;maison commune europ\u00e9enne&nbsp;\u00bb. Or, trente ans apr\u00e8s la chute du mur de Berlin, les relations entre la Russie de Vladimir Poutine et l&rsquo;Occident sont toujours marqu\u00e9es par un climat de tension et de m\u00e9fiance.&nbsp;Pourquoi?<\/td><\/tr><\/tbody><\/table><\/figure>\n\n\n<div class=\"wp-block-unilux-blocks-spacer is-spacer-size-sm\"><\/div>\n\n\n<div class=\"wp-block-unilux-blocks-accordion accordion accordion--theme accordion-standard\" data-reference=\"b39508d8-c24b-4d2c-8871-4636cf42b669\" data-accordion-type=\"standard\"><div class=\"accordion__item  wp-block-unilux-blocks-accordion-item\">\n    <h3 class=\"accordion__header\"\n                    id=\"dr-andrey-grachev\"\n        >\n        <button\n            type=\"button\"\n            id=\"accordion-labelledby-7e93a542-ed4c-4869-b49e-b3ce97969a80\"\n            class=\"accordion__button collapsed\"\n            aria-expanded=\"false\"\n            aria-controls=\"accordion-panel-7e93a542-ed4c-4869-b49e-b3ce97969a80\"\n            data-bs-toggle=\"collapse\"\n            data-bs-target=\"#accordion-panel-7e93a542-ed4c-4869-b49e-b3ce97969a80\"\n        >\n            <span class=\"accordion__title\">\n                                Dr. Andrey Grachev            <\/span>\n\n            <svg aria-hidden=\"true\" focusable=\"false\" class=\"icon icon-outline icon--arrow-down \"><use xlink:href=\"https:\/\/www.uni.lu\/wp-content\/themes\/unilux-theme\/assets\/images\/icons\/icons-outline.svg#icon--arrow-down\"><\/use><\/svg>        <\/button>\n    <\/h3>\n    <div id=\"accordion-panel-7e93a542-ed4c-4869-b49e-b3ce97969a80\"\n        class=\"accordion__collapse collapse\"\n        aria-labelledby=\"accordion-labelledby-7e93a542-ed4c-4869-b49e-b3ce97969a80\"\n        data-bs-parent=\"[data-reference=&quot;b39508d8-c24b-4d2c-8871-4636cf42b669&quot;]\"\n    >\n        <div class=\"accordion__body \">\n            \n<p>Historien, politologue et journaliste russe,\u00a0<strong>Dr Andrey Grachev<\/strong>\u00a0a \u00e9t\u00e9 consultant et directeur-adjoint du d\u00e9partement international du comit\u00e9 central du Parti communiste de l&rsquo;URSS (1974-1987), ainsi que conseiller et porte-parole du pr\u00e9sident Mikha\u00efl Gorbatchev jusqu&rsquo;\u00e0 la d\u00e9mission de ce dernier en d\u00e9cembre 1991. Par la suite, Dr\u00a0Grachev a exerc\u00e9 comme chercheur senior \u00e0 l&rsquo;Institut d&rsquo;\u00e9conomie mondiale et des relations internationales de l&rsquo;Acad\u00e9mie des sciences de Russie, \u00e0 la\u00a0<em>Stiftung Wissenschaft und Politik<\/em>\u00a0(SWP) (Allemagne) et au St Antony&rsquo;s College (Universit\u00e9 d\u2019Oxford), ainsi qu&rsquo;en tant que professeur invit\u00e9 \u00e0 la\u00a0<em>Ritsumeikan University<\/em>, Kyoto, \u00e0 l\u2019Universit\u00e9 Paris\u00a0VIII Saint-Denis et \u00e0 Paris\u00a0I Panth\u00e9on-Sorbonne. Actuellement, il est \u00e9ditorialiste \u00e0 la\u00a0<em>Nova\u00efa Gazeta<\/em>\u00a0(Russie) et pr\u00e9sident du comit\u00e9 scientifique du\u00a0<em>New Policy Forum<\/em>.<\/p>\n        <\/div>\n    <\/div>\n<\/div><\/div>\n\n\n<div class=\"wp-block-unilux-blocks-spacer is-spacer-size-sm\"><\/div>\n\n\n<p>Dr. Grachev est l&rsquo;auteur de nombreuses publications parues \u00e0 travers le monde:<\/p>\n\n\n\n<ul class=\"ulux-list\">\n<li class=\"ulux-list-item\"><em>Political extremism<\/em>, Moscou (1982);&nbsp;<em>L\u2019histoire vraie de la fin de l\u2019URSS,<\/em>&nbsp;\u00c9ditions du Rocher&nbsp;: Paris (1992).<\/li>\n\n\n\n<li class=\"ulux-list-item\"><em>La chute du Kremlin. L\u2019empire de non-sens<\/em>, Hachette: Paris (1994).<\/li>\n\n\n\n<li class=\"ulux-list-item\"><em>Final Days. The Inside Story of the Collapse of the Soviet Union<\/em>, Westview Press-Routledge (1995).<\/li>\n\n\n\n<li class=\"ulux-list-item\"><em>L\u2019Exception russe: Staline, est-il mort?,<\/em>&nbsp;\u00c9ditions du Rocher&nbsp;: Paris (1998).<\/li>\n\n\n\n<li class=\"ulux-list-item\"><em>Le myst\u00e8re Gorbatchev. La Terre et le Destin<\/em><em>,<\/em>&nbsp;\u00c9ditions du Rocher&nbsp;: Paris (2004).<\/li>\n\n\n\n<li class=\"ulux-list-item\"><em>Gorbachev\u2019s Gamble.&nbsp;<\/em><em>Soviet Foreign Policy and the End of Cold War<\/em>, Polity: Cambridge (2008).<\/li>\n\n\n\n<li class=\"ulux-list-item\"><em>Gorbatchev, le pari perdu?&nbsp;<\/em><em>De la perestro\u00efka \u00e0 l\u2019implosion de l\u2019URSS<\/em>. Pr\u00e9face d\u2019Hubert V\u00e9drine. Armand Colin&nbsp;: Paris (2011).<\/li>\n\n\n\n<li class=\"ulux-list-item\"><em>Le pass\u00e9 de la Russie est impr\u00e9visible. Journal de bord d\u2019un enfant du d\u00e9gel<\/em>, Alma \u00c9diteur&nbsp;: Paris (2014).<\/li>\n\n\n\n<li class=\"ulux-list-item\"><em>Un nouvel avant-guerre\u00a0? Des hyperpuissances \u00e0 l&rsquo;hyperpoker,<\/em>\u00a0Alma\u00a0\u00c9diteur: Paris (2017).<\/li>\n<\/ul>\n\n\n\n<p><\/p>\n\n\n\n<h4 class=\"has-text-align-left wp-block-unilux-blocks-heading\"        id=\"echos-dans-les-medias\"\n    >\n\u00c9chos dans les m\u00e9dias<\/h4>\n\n\n\n<p><a href=\"https:\/\/www.rtl.lu\/news\/international\/a\/1434706.html\">RTL<\/a><\/p>\n<\/div><\/section>\n\n\n\n<section class=\"wp-block-unilux-blocks-free-section section\"><div class=\"container xl:max-w-screen-xl\">\n<p><\/p>\n\n\n\n<h2 class=\"has-text-align-left wp-block-unilux-blocks-heading\"        id=\"galerie-de-photos\"\n    >\nGalerie de photos<\/h2>\n\n\n\n<section class=\"alignfull wp-block-unilux-blocks-gallery-carousel\">\n    <div class=\"swiper swiper-gallery\" aria-roledescription=\"carousel\" aria-label=\"A gallery of images\">\n        <!-- Swiper button Next & Prev -->\n        <div class=\"swiper-nav\">\n            <div class=\"swiper-nav__container\">\n                <div class=\"swiper-nav__grid\">\n                    <button type=\"button\" class=\"swiper-button-next\">\n                        <svg aria-hidden=\"true\" focusable=\"false\" class=\"icon icon-outline icon--arrow-right \"><use xlink:href=\"https:\/\/www.uni.lu\/wp-content\/themes\/unilux-theme\/assets\/images\/icons\/icons-outline.svg#icon--arrow-right\"><\/use><\/svg>                    <\/button>\n                    <button type=\"button\" class=\"swiper-button-prev\">\n                        <svg aria-hidden=\"true\" focusable=\"false\" class=\"icon icon-outline icon--arrow-left \"><use xlink:href=\"https:\/\/www.uni.lu\/wp-content\/themes\/unilux-theme\/assets\/images\/icons\/icons-outline.svg#icon--arrow-left\"><\/use><\/svg>                    <\/button>\n                <\/div>\n            <\/div>\n        <\/div>\n\n        <!-- swiper slides -->\n        <ul class=\"swiper-wrapper\">\n            \n<li class=\"swiper-slide\" aria-roledescription=\"slide\">\n    <figure class=\"wp-block-dev4-reusable-blocks-image swiper-slide__bg object-fit--cover\">\n    \n<img decoding=\"async\" class=\"wp-block-image unilux-custom-image-block\"\n                alt=\"Dr Elena Danescu et Dr Andrey Grachev \u00a9 University of Luxembourg\"\n            src=\"https:\/\/www.uni.lu\/wp-content\/uploads\/sites\/11\/2024\/10\/dr_elena_danescu_et_dr_andrey_grachev_c_university_of_luxembourg-scaled.jpg\"\n                srcset=\"https:\/\/www.uni.lu\/wp-content\/uploads\/sites\/11\/2024\/10\/dr_elena_danescu_et_dr_andrey_grachev_c_university_of_luxembourg-300x146.jpg 300w, https:\/\/www.uni.lu\/wp-content\/uploads\/sites\/11\/2024\/10\/dr_elena_danescu_et_dr_andrey_grachev_c_university_of_luxembourg-1024x498.jpg 1024w, https:\/\/www.uni.lu\/wp-content\/uploads\/sites\/11\/2024\/10\/dr_elena_danescu_et_dr_andrey_grachev_c_university_of_luxembourg-768x373.jpg 768w, https:\/\/www.uni.lu\/wp-content\/uploads\/sites\/11\/2024\/10\/dr_elena_danescu_et_dr_andrey_grachev_c_university_of_luxembourg-1536x747.jpg 1536w, https:\/\/www.uni.lu\/wp-content\/uploads\/sites\/11\/2024\/10\/dr_elena_danescu_et_dr_andrey_grachev_c_university_of_luxembourg-2048x996.jpg 2048w\"\n                style=\"object-position: 50.00% 50.00%; font-family: &quot;object-fit: cover; object-position: 50.00% 50.00%;&quot;; aspect-ratio: 16\/9; object-fit: cover; width: 100%;\"\n        loading=\"lazy\"\n\/>    <\/figure><\/li>\n<li class=\"swiper-slide\" aria-roledescription=\"slide\">\n    <figure class=\"wp-block-dev4-reusable-blocks-image swiper-slide__bg object-fit--cover\">\n    \n<img decoding=\"async\" class=\"wp-block-image unilux-custom-image-block\"\n                alt=\"Photo en groupe \u00a9 University of Luxembourg\"\n            src=\"https:\/\/www.uni.lu\/wp-content\/uploads\/sites\/11\/2024\/10\/photo_en_groupe_c_university_of_luxembourg-scaled.jpg\"\n                srcset=\"https:\/\/www.uni.lu\/wp-content\/uploads\/sites\/11\/2024\/10\/photo_en_groupe_c_university_of_luxembourg-300x187.jpg 300w, https:\/\/www.uni.lu\/wp-content\/uploads\/sites\/11\/2024\/10\/photo_en_groupe_c_university_of_luxembourg-1024x639.jpg 1024w, https:\/\/www.uni.lu\/wp-content\/uploads\/sites\/11\/2024\/10\/photo_en_groupe_c_university_of_luxembourg-768x479.jpg 768w, https:\/\/www.uni.lu\/wp-content\/uploads\/sites\/11\/2024\/10\/photo_en_groupe_c_university_of_luxembourg-1536x959.jpg 1536w, https:\/\/www.uni.lu\/wp-content\/uploads\/sites\/11\/2024\/10\/photo_en_groupe_c_university_of_luxembourg-2048x1278.jpg 2048w\"\n                style=\"object-position: 50.00% 50.00%; font-family: &quot;object-fit: cover; object-position: 50.00% 50.00%;&quot;; aspect-ratio: 16\/9; object-fit: cover; width: 100%;\"\n        loading=\"lazy\"\n\/>    <\/figure><\/li>\n<li class=\"swiper-slide\" aria-roledescription=\"slide\">\n    <figure class=\"wp-block-dev4-reusable-blocks-image swiper-slide__bg object-fit--cover\">\n    \n<img decoding=\"async\" class=\"wp-block-image unilux-custom-image-block\"\n                alt=\"Andrey Grachev - D\u00e9claration de presse (25 d\u00e9cembre 1991). Source photo \u00a9 alamy.com\"\n            src=\"https:\/\/www.uni.lu\/wp-content\/uploads\/sites\/11\/2024\/10\/event_andrey_grachev_2019_large.jpg\"\n                    style=\"object-position: 50.00% 50.00%; font-family: &quot;object-fit: cover; object-position: 50.00% 50.00%;&quot;; aspect-ratio: 16\/9; object-fit: cover; width: 100%;\"\n        loading=\"lazy\"\n\/>    <\/figure><\/li>        <\/ul>\n\n        <!-- Swiper pagination -->\n        <div class=\"swiper-pagination\">\n            <div class=\"swiper-pagination__bullets\"><\/div>\n        <\/div>\n    <\/div>\n<\/section><\/div><\/section>\n","protected":false},"excerpt":{"rendered":"","protected":false},"author":292,"featured_media":12762,"parent":0,"menu_order":0,"comment_status":"open","ping_status":"closed","template":"","format":"standard","meta":{"featured_image_focal_point":[],"show_featured_caption":false,"ulux_newsletter_groups":"","uluxPostTitle":"","uluxPrePostTitle":"","_trash_the_other_posts":false,"_price":"","_stock":"","_tribe_ticket_header":"","_tribe_default_ticket_provider":"","_tribe_ticket_capacity":"0","_ticket_start_date":"","_ticket_end_date":"","_tribe_ticket_show_description":"","_tribe_ticket_show_not_going":false,"_tribe_ticket_use_global_stock":"","_tribe_ticket_global_stock_level":"","_global_stock_mode":"","_global_stock_cap":"","_tribe_rsvp_for_event":"","_tribe_ticket_going_count":"","_tribe_ticket_not_going_count":"","_tribe_tickets_list":"[]","_tribe_ticket_has_attendee_info_fields":false,"event_start_date":"2019-11-20 14:00:00","event_end_date":"2019-11-20 16:00:00","event_speaker_name":"Dr. Andrey Grachev","event_speaker_link":"","event_is_online":false,"event_location":"Universit\u00e9 de Luxembourg","event_street":"2 Av. de l'Universite ","event_location_link":"","event_zip_code":"4365","event_city":"Belval Esch an der Alzette","event_country":"Luxembourg"},"events-topic":[],"events-type":[],"organisation":[297],"authorship":[292],"acf":[],"yoast_head":"<!-- This site is optimized with the Yoast SEO Premium plugin v22.3 (Yoast SEO v22.3) - https:\/\/yoast.com\/wordpress\/plugins\/seo\/ -->\n<title>Trente ans apr\u00e8s la fin de la Guerre froide: &quot;La Russie et l&#039;Occident - Bilan, le\u00e7ons, nouveaux d\u00e9fis&quot; - Universit\u00e9 du Luxembourg<\/title>\n<meta name=\"description\" content=\"Conf\u00e9rence du Dr Andre\u00ef Grachev (Russie) le 20 novembre 2019 La&nbsp;perestro\u00efka, initi\u00e9e par Mikha\u00efl Gorbatchev dans l\u2019ex-URSS, afin de la d\u00e9mocratiser\" \/>\n<meta name=\"robots\" content=\"index, follow, max-snippet:-1, max-image-preview:large, max-video-preview:-1\" \/>\n<link rel=\"canonical\" href=\"https:\/\/www.uni.lu\/fr\/events\/trente-ans-apres-la-fin-de-la-guerre-froide-la-russie-et-loccident-bilan-lecons-nouveaux-defis\/\" \/>\n<meta property=\"og:locale\" content=\"fr_FR\" \/>\n<meta property=\"og:type\" content=\"article\" \/>\n<meta property=\"og:title\" content=\"Trente ans apr\u00e8s la fin de la Guerre froide: &quot;La Russie et l&#039;Occident - Bilan, le\u00e7ons, nouveaux d\u00e9fis&quot;\" \/>\n<meta property=\"og:description\" content=\"Conf\u00e9rence du Dr Andre\u00ef Grachev (Russie) le 20 novembre 2019 La&nbsp;perestro\u00efka, initi\u00e9e par Mikha\u00efl Gorbatchev dans l\u2019ex-URSS, afin de la d\u00e9mocratiser\" \/>\n<meta property=\"og:url\" content=\"https:\/\/www.uni.lu\/fr\/events\/trente-ans-apres-la-fin-de-la-guerre-froide-la-russie-et-loccident-bilan-lecons-nouveaux-defis\/\" \/>\n<meta property=\"og:site_name\" content=\"UNI FR\" \/>\n<meta property=\"article:publisher\" content=\"https:\/\/www.facebook.com\/uni.lu\" \/>\n<meta property=\"article:modified_time\" content=\"2024-10-23T11:12:14+00:00\" \/>\n<meta property=\"og:image\" content=\"https:\/\/www.uni.lu\/wp-content\/uploads\/sites\/11\/2024\/10\/event_andrey_grachev_2019_large.jpg\" \/>\n\t<meta property=\"og:image:width\" content=\"300\" \/>\n\t<meta property=\"og:image:height\" content=\"201\" \/>\n\t<meta property=\"og:image:type\" content=\"image\/jpeg\" \/>\n<meta name=\"twitter:card\" content=\"summary_large_image\" \/>\n<meta name=\"twitter:label1\" content=\"Dur\u00e9e de lecture estim\u00e9e\" \/>\n\t<meta name=\"twitter:data1\" content=\"3 minutes\" \/>\n<script type=\"application\/ld+json\" class=\"yoast-schema-graph\">{\"@context\":\"https:\/\/schema.org\",\"@graph\":[{\"@type\":\"WebPage\",\"@id\":\"https:\/\/www.uni.lu\/fr\/events\/trente-ans-apres-la-fin-de-la-guerre-froide-la-russie-et-loccident-bilan-lecons-nouveaux-defis\/\",\"url\":\"https:\/\/www.uni.lu\/fr\/events\/trente-ans-apres-la-fin-de-la-guerre-froide-la-russie-et-loccident-bilan-lecons-nouveaux-defis\/\",\"name\":\"Trente ans apr\u00e8s la fin de la Guerre froide: \\\"La Russie et l'Occident - Bilan, le\u00e7ons, nouveaux d\u00e9fis\\\" - Universit\u00e9 du Luxembourg\",\"isPartOf\":{\"@id\":\"https:\/\/www.uni.lu\/fr\/#website\"},\"primaryImageOfPage\":{\"@id\":\"https:\/\/www.uni.lu\/fr\/events\/trente-ans-apres-la-fin-de-la-guerre-froide-la-russie-et-loccident-bilan-lecons-nouveaux-defis\/#primaryimage\"},\"image\":{\"@id\":\"https:\/\/www.uni.lu\/fr\/events\/trente-ans-apres-la-fin-de-la-guerre-froide-la-russie-et-loccident-bilan-lecons-nouveaux-defis\/#primaryimage\"},\"thumbnailUrl\":\"https:\/\/www.uni.lu\/wp-content\/uploads\/sites\/11\/2024\/10\/event_andrey_grachev_2019_large.jpg\",\"datePublished\":\"2024-10-23T11:08:04+00:00\",\"dateModified\":\"2024-10-23T11:12:14+00:00\",\"description\":\"Conf\u00e9rence du Dr Andre\u00ef Grachev (Russie) le 20 novembre 2019 La&nbsp;perestro\u00efka, initi\u00e9e par Mikha\u00efl Gorbatchev dans l\u2019ex-URSS, afin de la d\u00e9mocratiser\",\"breadcrumb\":{\"@id\":\"https:\/\/www.uni.lu\/fr\/events\/trente-ans-apres-la-fin-de-la-guerre-froide-la-russie-et-loccident-bilan-lecons-nouveaux-defis\/#breadcrumb\"},\"inLanguage\":\"fr-FR\",\"potentialAction\":[{\"@type\":\"ReadAction\",\"target\":[\"https:\/\/www.uni.lu\/fr\/events\/trente-ans-apres-la-fin-de-la-guerre-froide-la-russie-et-loccident-bilan-lecons-nouveaux-defis\/\"]}]},{\"@type\":\"ImageObject\",\"inLanguage\":\"fr-FR\",\"@id\":\"https:\/\/www.uni.lu\/fr\/events\/trente-ans-apres-la-fin-de-la-guerre-froide-la-russie-et-loccident-bilan-lecons-nouveaux-defis\/#primaryimage\",\"url\":\"https:\/\/www.uni.lu\/wp-content\/uploads\/sites\/11\/2024\/10\/event_andrey_grachev_2019_large.jpg\",\"contentUrl\":\"https:\/\/www.uni.lu\/wp-content\/uploads\/sites\/11\/2024\/10\/event_andrey_grachev_2019_large.jpg\",\"width\":300,\"height\":201,\"caption\":\"Andrey Grachev - D\u00e9claration de presse (25 d\u00e9cembre 1991). Source photo \u00a9 alamy.com\"},{\"@type\":\"BreadcrumbList\",\"@id\":\"https:\/\/www.uni.lu\/fr\/events\/trente-ans-apres-la-fin-de-la-guerre-froide-la-russie-et-loccident-bilan-lecons-nouveaux-defis\/#breadcrumb\",\"itemListElement\":[{\"@type\":\"ListItem\",\"position\":1,\"name\":\"Home\",\"item\":\"https:\/\/www.uni.lu\/fr\/\"},{\"@type\":\"ListItem\",\"position\":2,\"name\":\"Events\",\"item\":\"https:\/\/www.uni.lu\/fr\/events\/\"},{\"@type\":\"ListItem\",\"position\":3,\"name\":\"Trente ans apr\u00e8s la fin de la Guerre froide: \\\"La Russie et l'Occident - Bilan, le\u00e7ons, nouveaux d\u00e9fis\\\"\"}]},{\"@type\":\"WebSite\",\"@id\":\"https:\/\/www.uni.lu\/fr\/#website\",\"url\":\"https:\/\/www.uni.lu\/fr\/\",\"name\":\"Uni.lu\",\"description\":\"Universit\u00e9 du Luxembourg\",\"publisher\":{\"@id\":\"https:\/\/www.uni.lu\/fr\/#organization\"},\"alternateName\":\"Universit\u00e9 du Luxembourg\",\"potentialAction\":[{\"@type\":\"SearchAction\",\"target\":{\"@type\":\"EntryPoint\",\"urlTemplate\":\"https:\/\/www.uni.lu\/fr\/?s={search_term_string}\"},\"query-input\":\"required name=search_term_string\"}],\"inLanguage\":\"fr-FR\"},{\"@type\":\"Organization\",\"@id\":\"https:\/\/www.uni.lu\/fr\/#organization\",\"name\":\"Universit\u00e9 du Luxembourg\",\"alternateName\":\"Uni.lu\",\"url\":\"https:\/\/www.uni.lu\/fr\/\",\"logo\":{\"@type\":\"ImageObject\",\"inLanguage\":\"fr-FR\",\"@id\":\"https:\/\/www.uni.lu\/fr\/#\/schema\/logo\/image\/\",\"url\":\"https:\/\/www.uni.lu\/wp-content\/uploads\/sites\/11\/2026\/03\/03120045\/UNIV_SM-Profile_1600x1600px-scaled.jpg\",\"contentUrl\":\"https:\/\/www.uni.lu\/wp-content\/uploads\/sites\/11\/2026\/03\/03120045\/UNIV_SM-Profile_1600x1600px-scaled.jpg\",\"width\":2560,\"height\":2560,\"caption\":\"Universit\u00e9 du Luxembourg\"},\"image\":\"https:\/\/www.uni.lu\/wp-content\/uploads\/sites\/11\/2026\/04\/24120552\/20200609-Belval-Campus_Henri-Goergen-23.jpg\",\"sameAs\":[\"https:\/\/www.facebook.com\/uni.lu\",\"https:\/\/www.linkedin.com\/school\/university-of-luxembourg\/\",\"https:\/\/www.instagram.com\/uni.lu\",\"https:\/\/www.youtube.com\/@uni_lu\",\"https:\/\/en.wikipedia.org\/wiki\/University_of_Luxembourg\"],\"email\":\"communication@uni.lu\",\"telephone\":\"+352 46 66 44 1\",\"address\":{\"@type\":\"PostalAddress\",\"streetAddress\":\"2, place de l\u2019Universit\u00e9\",\"addressLocality\":\"Esch-sur-Alzette\",\"postalCode\":\"4365\",\"addressCountry\":\"LU\"},\"description\":\"Universit\u00e9 du Luxembourg\"}]}<\/script>\n<!-- \/ Yoast SEO Premium plugin. -->","yoast_head_json":{"title":"Trente ans apr\u00e8s la fin de la Guerre froide: \"La Russie et l'Occident - Bilan, le\u00e7ons, nouveaux d\u00e9fis\" - Universit\u00e9 du Luxembourg","description":"Conf\u00e9rence du Dr Andre\u00ef Grachev (Russie) le 20 novembre 2019 La&nbsp;perestro\u00efka, initi\u00e9e par Mikha\u00efl Gorbatchev dans l\u2019ex-URSS, afin de la d\u00e9mocratiser","robots":{"index":"index","follow":"follow","max-snippet":"max-snippet:-1","max-image-preview":"max-image-preview:large","max-video-preview":"max-video-preview:-1"},"canonical":"https:\/\/www.uni.lu\/fr\/events\/trente-ans-apres-la-fin-de-la-guerre-froide-la-russie-et-loccident-bilan-lecons-nouveaux-defis\/","og_locale":"fr_FR","og_type":"article","og_title":"Trente ans apr\u00e8s la fin de la Guerre froide: \"La Russie et l'Occident - Bilan, le\u00e7ons, nouveaux d\u00e9fis\"","og_description":"Conf\u00e9rence du Dr Andre\u00ef Grachev (Russie) le 20 novembre 2019 La&nbsp;perestro\u00efka, initi\u00e9e par Mikha\u00efl Gorbatchev dans l\u2019ex-URSS, afin de la d\u00e9mocratiser","og_url":"https:\/\/www.uni.lu\/fr\/events\/trente-ans-apres-la-fin-de-la-guerre-froide-la-russie-et-loccident-bilan-lecons-nouveaux-defis\/","og_site_name":"UNI FR","article_publisher":"https:\/\/www.facebook.com\/uni.lu","article_modified_time":"2024-10-23T11:12:14+00:00","og_image":[{"width":300,"height":201,"url":"https:\/\/www.uni.lu\/wp-content\/uploads\/sites\/11\/2024\/10\/event_andrey_grachev_2019_large.jpg","type":"image\/jpeg"}],"twitter_card":"summary_large_image","twitter_misc":{"Dur\u00e9e de lecture estim\u00e9e":"3 minutes"},"schema":{"@context":"https:\/\/schema.org","@graph":[{"@type":"WebPage","@id":"https:\/\/www.uni.lu\/fr\/events\/trente-ans-apres-la-fin-de-la-guerre-froide-la-russie-et-loccident-bilan-lecons-nouveaux-defis\/","url":"https:\/\/www.uni.lu\/fr\/events\/trente-ans-apres-la-fin-de-la-guerre-froide-la-russie-et-loccident-bilan-lecons-nouveaux-defis\/","name":"Trente ans apr\u00e8s la fin de la Guerre froide: \"La Russie et l'Occident - Bilan, le\u00e7ons, nouveaux d\u00e9fis\" - Universit\u00e9 du Luxembourg","isPartOf":{"@id":"https:\/\/www.uni.lu\/fr\/#website"},"primaryImageOfPage":{"@id":"https:\/\/www.uni.lu\/fr\/events\/trente-ans-apres-la-fin-de-la-guerre-froide-la-russie-et-loccident-bilan-lecons-nouveaux-defis\/#primaryimage"},"image":{"@id":"https:\/\/www.uni.lu\/fr\/events\/trente-ans-apres-la-fin-de-la-guerre-froide-la-russie-et-loccident-bilan-lecons-nouveaux-defis\/#primaryimage"},"thumbnailUrl":"https:\/\/www.uni.lu\/wp-content\/uploads\/sites\/11\/2024\/10\/event_andrey_grachev_2019_large.jpg","datePublished":"2024-10-23T11:08:04+00:00","dateModified":"2024-10-23T11:12:14+00:00","description":"Conf\u00e9rence du Dr Andre\u00ef Grachev (Russie) le 20 novembre 2019 La&nbsp;perestro\u00efka, initi\u00e9e par Mikha\u00efl Gorbatchev dans l\u2019ex-URSS, afin de la d\u00e9mocratiser","breadcrumb":{"@id":"https:\/\/www.uni.lu\/fr\/events\/trente-ans-apres-la-fin-de-la-guerre-froide-la-russie-et-loccident-bilan-lecons-nouveaux-defis\/#breadcrumb"},"inLanguage":"fr-FR","potentialAction":[{"@type":"ReadAction","target":["https:\/\/www.uni.lu\/fr\/events\/trente-ans-apres-la-fin-de-la-guerre-froide-la-russie-et-loccident-bilan-lecons-nouveaux-defis\/"]}]},{"@type":"ImageObject","inLanguage":"fr-FR","@id":"https:\/\/www.uni.lu\/fr\/events\/trente-ans-apres-la-fin-de-la-guerre-froide-la-russie-et-loccident-bilan-lecons-nouveaux-defis\/#primaryimage","url":"https:\/\/www.uni.lu\/wp-content\/uploads\/sites\/11\/2024\/10\/event_andrey_grachev_2019_large.jpg","contentUrl":"https:\/\/www.uni.lu\/wp-content\/uploads\/sites\/11\/2024\/10\/event_andrey_grachev_2019_large.jpg","width":300,"height":201,"caption":"Andrey Grachev - D\u00e9claration de presse (25 d\u00e9cembre 1991). Source photo \u00a9 alamy.com"},{"@type":"BreadcrumbList","@id":"https:\/\/www.uni.lu\/fr\/events\/trente-ans-apres-la-fin-de-la-guerre-froide-la-russie-et-loccident-bilan-lecons-nouveaux-defis\/#breadcrumb","itemListElement":[{"@type":"ListItem","position":1,"name":"Home","item":"https:\/\/www.uni.lu\/fr\/"},{"@type":"ListItem","position":2,"name":"Events","item":"https:\/\/www.uni.lu\/fr\/events\/"},{"@type":"ListItem","position":3,"name":"Trente ans apr\u00e8s la fin de la Guerre froide: \"La Russie et l'Occident - Bilan, le\u00e7ons, nouveaux d\u00e9fis\""}]},{"@type":"WebSite","@id":"https:\/\/www.uni.lu\/fr\/#website","url":"https:\/\/www.uni.lu\/fr\/","name":"Uni.lu","description":"Universit\u00e9 du Luxembourg","publisher":{"@id":"https:\/\/www.uni.lu\/fr\/#organization"},"alternateName":"Universit\u00e9 du Luxembourg","potentialAction":[{"@type":"SearchAction","target":{"@type":"EntryPoint","urlTemplate":"https:\/\/www.uni.lu\/fr\/?s={search_term_string}"},"query-input":"required name=search_term_string"}],"inLanguage":"fr-FR"},{"@type":"Organization","@id":"https:\/\/www.uni.lu\/fr\/#organization","name":"Universit\u00e9 du Luxembourg","alternateName":"Uni.lu","url":"https:\/\/www.uni.lu\/fr\/","logo":{"@type":"ImageObject","inLanguage":"fr-FR","@id":"https:\/\/www.uni.lu\/fr\/#\/schema\/logo\/image\/","url":"https:\/\/www.uni.lu\/wp-content\/uploads\/sites\/11\/2026\/03\/03120045\/UNIV_SM-Profile_1600x1600px-scaled.jpg","contentUrl":"https:\/\/www.uni.lu\/wp-content\/uploads\/sites\/11\/2026\/03\/03120045\/UNIV_SM-Profile_1600x1600px-scaled.jpg","width":2560,"height":2560,"caption":"Universit\u00e9 du Luxembourg"},"image":"https:\/\/www.uni.lu\/wp-content\/uploads\/sites\/11\/2026\/04\/24120552\/20200609-Belval-Campus_Henri-Goergen-23.jpg","sameAs":["https:\/\/www.facebook.com\/uni.lu","https:\/\/www.linkedin.com\/school\/university-of-luxembourg\/","https:\/\/www.instagram.com\/uni.lu","https:\/\/www.youtube.com\/@uni_lu","https:\/\/en.wikipedia.org\/wiki\/University_of_Luxembourg"],"email":"communication@uni.lu","telephone":"+352 46 66 44 1","address":{"@type":"PostalAddress","streetAddress":"2, place de l\u2019Universit\u00e9","addressLocality":"Esch-sur-Alzette","postalCode":"4365","addressCountry":"LU"},"description":"Universit\u00e9 du Luxembourg"}]}},"_links":{"self":[{"href":"https:\/\/www.uni.lu\/fr\/wp-json\/wp\/v2\/events\/12759"}],"collection":[{"href":"https:\/\/www.uni.lu\/fr\/wp-json\/wp\/v2\/events"}],"about":[{"href":"https:\/\/www.uni.lu\/fr\/wp-json\/wp\/v2\/types\/events"}],"author":[{"embeddable":true,"href":"https:\/\/www.uni.lu\/fr\/wp-json\/wp\/v2\/users\/292"}],"replies":[{"embeddable":true,"href":"https:\/\/www.uni.lu\/fr\/wp-json\/wp\/v2\/comments?post=12759"}],"version-history":[{"count":2,"href":"https:\/\/www.uni.lu\/fr\/wp-json\/wp\/v2\/events\/12759\/revisions"}],"predecessor-version":[{"id":12769,"href":"https:\/\/www.uni.lu\/fr\/wp-json\/wp\/v2\/events\/12759\/revisions\/12769"}],"wp:authorship":[{"embeddable":true,"href":"https:\/\/www.uni.lu\/fr\/wp-json\/wp\/v2\/users\/292"}],"wp:featuredmedia":[{"embeddable":true,"href":"https:\/\/www.uni.lu\/fr\/wp-json\/wp\/v2\/media\/12762"}],"wp:attachment":[{"href":"https:\/\/www.uni.lu\/fr\/wp-json\/wp\/v2\/media?parent=12759"}],"wp:term":[{"taxonomy":"events-topic","embeddable":true,"href":"https:\/\/www.uni.lu\/fr\/wp-json\/wp\/v2\/events-topic?post=12759"},{"taxonomy":"events-type","embeddable":true,"href":"https:\/\/www.uni.lu\/fr\/wp-json\/wp\/v2\/events-type?post=12759"},{"taxonomy":"organisation","embeddable":true,"href":"https:\/\/www.uni.lu\/fr\/wp-json\/wp\/v2\/organisation?post=12759"}],"curies":[{"name":"wp","href":"https:\/\/api.w.org\/{rel}","templated":true}]}}