{"id":12751,"date":"2024-10-23T12:51:29","date_gmt":"2024-10-23T10:51:29","guid":{"rendered":"https:\/\/www.uni.lu\/fr\/?post_type=events&#038;p=12751"},"modified":"2024-10-23T12:51:32","modified_gmt":"2024-10-23T10:51:32","slug":"soiree-cinematographique-un-mur-a-berlin-de-patrick-rotman-2","status":"publish","type":"events","link":"https:\/\/www.uni.lu\/fr\/events\/soiree-cinematographique-un-mur-a-berlin-de-patrick-rotman-2\/","title":{"rendered":"Soir\u00e9e cin\u00e9matographique: \u00ab Un mur \u00e0 Berlin \u00bb de Patrick Rotman"},"content":{"rendered":"\n<section class=\"wp-block-unilux-blocks-free-section section\"><div class=\"container xl:max-w-screen-xl\">\n<p><strong>Projection du film documentaire et d\u00e9bat avec Georges Marion (Le Monde) et&nbsp;<a href=\"https:\/\/web.archive.org\/web\/20230702201053\/https:\/\/www.c2dh.uni.lu\/people\/andreas-fickers\" target=\"_blank\" rel=\"noreferrer noopener\">Prof. Dr. Andreas Fickers<\/a>&nbsp;(C\u00b2DH) \u00e0 l&rsquo;occasion du 30e anniversaire de la chute du mur de Berlin.<\/strong><\/p>\n\n\n\n<p>Il y a 30 ans, le 9 novembre 1989, le mur de Berlin tombe. Pour \u00e9voquer cet \u00e9v\u00e9nement qui a chang\u00e9 le cours de l\u2019histoire du XXe&nbsp;si\u00e8cle et d\u00e9battre de sa r\u00e9sonance avec l\u2019actualit\u00e9, l\u2019Europe Direct Information Center de l\u2019Universit\u00e9 de Luxembourg (EDIC), le Luxembourg Centre for Contemporary and Digital History (C\u00b2DH), l\u2019Institut Pierre Werner et leurs partenaires \u2013 les Archives historiques de l\u2019Union europ\u00e9enne (Florence), Stiftung Berliner Mauer (Berlin) et la Repr\u00e9sentation de la Commission europ\u00e9enne au Luxembourg \u2013 invitent le public \u00e0 la projection de ce documentaire artistique qui a fait date ainsi qu&rsquo;\u00e0 un d\u00e9bat.<\/p>\n<\/div><\/section>\n\n\n\n<section class=\"wp-block-unilux-blocks-free-section section\"><div class=\"container xl:max-w-screen-xl\">\n<h2 class=\"has-text-align-left wp-block-unilux-blocks-heading\"        id=\"speakers\"\n    >\nSpeakers<\/h2>\n\n\n\n<div class=\"wp-block-unilux-blocks-accordion accordion accordion--theme accordion-standard\" data-reference=\"64f49e96-b935-49b3-8ba4-0b7c0028d98e\" data-accordion-type=\"standard\"><div class=\"accordion__item  wp-block-unilux-blocks-accordion-item\">\n    <h3 class=\"accordion__header\"\n                    id=\"georges-marion\"\n        >\n        <button\n            type=\"button\"\n            id=\"accordion-labelledby-81207b6e-7fa5-46e1-82db-18084e54e1da\"\n            class=\"accordion__button collapsed\"\n            aria-expanded=\"false\"\n            aria-controls=\"accordion-panel-81207b6e-7fa5-46e1-82db-18084e54e1da\"\n            data-bs-toggle=\"collapse\"\n            data-bs-target=\"#accordion-panel-81207b6e-7fa5-46e1-82db-18084e54e1da\"\n        >\n            <span class=\"accordion__title\">\n                                Georges Marion            <\/span>\n\n            <svg aria-hidden=\"true\" focusable=\"false\" class=\"icon icon-outline icon--arrow-down \"><use xlink:href=\"https:\/\/www.uni.lu\/wp-content\/themes\/unilux-theme\/assets\/images\/icons\/icons-outline.svg#icon--arrow-down\"><\/use><\/svg>        <\/button>\n    <\/h3>\n    <div id=\"accordion-panel-81207b6e-7fa5-46e1-82db-18084e54e1da\"\n        class=\"accordion__collapse collapse\"\n        aria-labelledby=\"accordion-labelledby-81207b6e-7fa5-46e1-82db-18084e54e1da\"\n        data-bs-parent=\"[data-reference=&quot;64f49e96-b935-49b3-8ba4-0b7c0028d98e&quot;]\"\n    >\n        <div class=\"accordion__body \">\n            \n<p>Journaliste d\u2019investigation et sp\u00e9cialiste des grands dossiers des relations internationales,\u00a0Georges Marion\u00a0a \u00e9t\u00e9 t\u00e9moin de la chute du Mur de Berlin et de la r\u00e9volution roumaine (1989), qu\u2019il a couvertes en direct pour le journal\u00a0<em>Le Monde<\/em>, dont il devient grand reporter. Par la suite, il a \u00e9t\u00e9 correspondant notamment en Alg\u00e9rie (1990-1992),\u00a0en Afrique du Sud (1992-1995) et en Isra\u00ebl (\u00e0 partir de 1998), avant de rejoindre Berlin (2001 \u00e0 2006). Fin connaisseur de l\u2019Allemagne, il a collabor\u00e9 avec Patrick Rotman dans la r\u00e9alisation du docufiction \u00ab\u00a0Un mur \u00e0 Berlin\u00a0\u00bb. Depuis 2013, il tient le blog intitul\u00e9\u00a0<em>Ma boite \u00e0 souvenirs<\/em>\u00a0sur le site\u00a0<em>Arr\u00eat sur images<\/em>.<\/p>\n        <\/div>\n    <\/div>\n<\/div><\/div>\n\n\n\n<div class=\"wp-block-unilux-blocks-accordion accordion accordion--theme accordion-standard\" data-reference=\"57fa07d2-bc41-4ded-9add-565e855b4a4c\" data-accordion-type=\"standard\"><div class=\"accordion__item  wp-block-unilux-blocks-accordion-item\">\n    <h3 class=\"accordion__header\"\n                    id=\"prof-dr-andreas-fickers\"\n        >\n        <button\n            type=\"button\"\n            id=\"accordion-labelledby-bb695702-d4ca-43c1-b417-81471ebd2b9d\"\n            class=\"accordion__button collapsed\"\n            aria-expanded=\"false\"\n            aria-controls=\"accordion-panel-bb695702-d4ca-43c1-b417-81471ebd2b9d\"\n            data-bs-toggle=\"collapse\"\n            data-bs-target=\"#accordion-panel-bb695702-d4ca-43c1-b417-81471ebd2b9d\"\n        >\n            <span class=\"accordion__title\">\n                                Prof. Dr Andreas Fickers            <\/span>\n\n            <svg aria-hidden=\"true\" focusable=\"false\" class=\"icon icon-outline icon--arrow-down \"><use xlink:href=\"https:\/\/www.uni.lu\/wp-content\/themes\/unilux-theme\/assets\/images\/icons\/icons-outline.svg#icon--arrow-down\"><\/use><\/svg>        <\/button>\n    <\/h3>\n    <div id=\"accordion-panel-bb695702-d4ca-43c1-b417-81471ebd2b9d\"\n        class=\"accordion__collapse collapse\"\n        aria-labelledby=\"accordion-labelledby-bb695702-d4ca-43c1-b417-81471ebd2b9d\"\n        data-bs-parent=\"[data-reference=&quot;57fa07d2-bc41-4ded-9add-565e855b4a4c&quot;]\"\n    >\n        <div class=\"accordion__body \">\n            \n<p><strong><a href=\"https:\/\/web.archive.org\/web\/20230702201053\/https:\/\/www.c2dh.uni.lu\/people\/andreas-fickers\" target=\"_blank\" rel=\"noreferrer noopener\">Prof. Dr. Andreas Fickers<\/a><\/strong>, directeur depuis octobre 2016 du Luxembourg Centre for Contemporary and Digital History (C\u00b2DH)- , a fait des \u00e9tudes en histoire, philosophie et sociologie. Il a obtenu son doctorat en 2002 \u00e0 l\u2019Universit\u00e9 de RTWH Aachen et a travaill\u00e9 comme professeur adjoint pour l\u2019histoire de la t\u00e9l\u00e9vision \u00e0 l\u2019Universit\u00e9 d\u2019Utrecht (2003-2007) et comme professeur agr\u00e9g\u00e9 pour l\u2019histoire des m\u00e9dias comparatifs \u00e0 l\u2019Universit\u00e9 de Maastricht (2007-2013). Actuellement il est professeur d\u2019histoire contemporaine et num\u00e9rique \u00e0 l\u2019Universit\u00e9 du Luxembourg.<\/p>\n        <\/div>\n    <\/div>\n<\/div><\/div>\n\n\n\n<div class=\"wp-block-unilux-blocks-accordion accordion accordion--theme accordion-standard\" data-reference=\"45bca4d6-cbef-4839-9faa-ef07afae0c76\" data-accordion-type=\"standard\"><div class=\"accordion__item  wp-block-unilux-blocks-accordion-item\">\n    <h3 class=\"accordion__header\"\n                    id=\"patrick-rotman\"\n        >\n        <button\n            type=\"button\"\n            id=\"accordion-labelledby-d3832cd2-de6b-47fb-b906-fc426d11be28\"\n            class=\"accordion__button collapsed\"\n            aria-expanded=\"false\"\n            aria-controls=\"accordion-panel-d3832cd2-de6b-47fb-b906-fc426d11be28\"\n            data-bs-toggle=\"collapse\"\n            data-bs-target=\"#accordion-panel-d3832cd2-de6b-47fb-b906-fc426d11be28\"\n        >\n            <span class=\"accordion__title\">\n                                Patrick Rotman            <\/span>\n\n            <svg aria-hidden=\"true\" focusable=\"false\" class=\"icon icon-outline icon--arrow-down \"><use xlink:href=\"https:\/\/www.uni.lu\/wp-content\/themes\/unilux-theme\/assets\/images\/icons\/icons-outline.svg#icon--arrow-down\"><\/use><\/svg>        <\/button>\n    <\/h3>\n    <div id=\"accordion-panel-d3832cd2-de6b-47fb-b906-fc426d11be28\"\n        class=\"accordion__collapse collapse\"\n        aria-labelledby=\"accordion-labelledby-d3832cd2-de6b-47fb-b906-fc426d11be28\"\n        data-bs-parent=\"[data-reference=&quot;45bca4d6-cbef-4839-9faa-ef07afae0c76&quot;]\"\n    >\n        <div class=\"accordion__body \">\n            \n<p><strong>Patrick Rotman<\/strong>, \u00e9crivain, sc\u00e9nariste et documentariste, titulaire d\u2019un doctorat en histoire,\u00a0a \u00e9galement publi\u00e9 une vingtaine d\u2019ouvrages sur des sujets politiques et de soci\u00e9t\u00e9 (<em>G\u00e9n\u00e9ration, Tu vois je n\u2019ai rien oubli\u00e9, L\u2019\u00e2me au poing<\/em>). Il est auteur-r\u00e9alisateur de plusieurs documentaires dont\u00a0notamment\u00a0<em>\u00ab\u00a0Un Mur \u00e0 Berlin\u00a0\u00bb<\/em>,<em>\u00a0\u00ab\u00a0Mitterrand, le roman du pouvoir\u00a0\u00bb<\/em>,<em>\u00a0\u00ab\u00a0\u00c9t\u00e9 44\u00a0\u00bb<\/em>,<em>\u00a0\u00ab\u00a0CHIRAC\u00a0\u00bb<\/em>,<em>\u00a0\u00ab\u00a068, les survivants\u00a0\u00bb<\/em>,<em>\u00a0\u00ab\u00a0Yvo Livi dit Yves Montand\u00a0\u00bb<\/em>. Il est \u00e9galement sc\u00e9nariste (<em>Nuit Noire, L\u2019ennemi intime, La conqu\u00eate<\/em>).<\/p>\n        <\/div>\n    <\/div>\n<\/div><\/div>\n<\/div><\/section>\n\n\n\n<section class=\"wp-block-unilux-blocks-free-section section\"><div class=\"container xl:max-w-screen-xl\">\n<h2 class=\"has-text-align-left wp-block-unilux-blocks-heading\"        id=\"galerie-de-photos\"\n    >\nGalerie de photos<\/h2>\n\n\n\n<section class=\"alignfull wp-block-unilux-blocks-gallery-carousel\">\n    <div class=\"swiper swiper-gallery\" aria-roledescription=\"carousel\" aria-label=\"A gallery of images\">\n        <!-- Swiper button Next & Prev -->\n        <div class=\"swiper-nav\">\n            <div class=\"swiper-nav__container\">\n                <div class=\"swiper-nav__grid\">\n                    <button type=\"button\" class=\"swiper-button-next\">\n                        <svg aria-hidden=\"true\" focusable=\"false\" class=\"icon icon-outline icon--arrow-right \"><use xlink:href=\"https:\/\/www.uni.lu\/wp-content\/themes\/unilux-theme\/assets\/images\/icons\/icons-outline.svg#icon--arrow-right\"><\/use><\/svg>                    <\/button>\n                    <button type=\"button\" class=\"swiper-button-prev\">\n                        <svg aria-hidden=\"true\" focusable=\"false\" class=\"icon icon-outline icon--arrow-left \"><use xlink:href=\"https:\/\/www.uni.lu\/wp-content\/themes\/unilux-theme\/assets\/images\/icons\/icons-outline.svg#icon--arrow-left\"><\/use><\/svg>                    <\/button>\n                <\/div>\n            <\/div>\n        <\/div>\n\n        <!-- swiper slides -->\n        <ul class=\"swiper-wrapper\">\n            \n<li class=\"swiper-slide\" aria-roledescription=\"slide\">\n    <figure class=\"wp-block-dev4-reusable-blocks-image swiper-slide__bg object-fit--cover\">\n    \n<img decoding=\"async\" class=\"wp-block-image unilux-custom-image-block\"\n                alt=\"Olivier Frank, Directeur de l&#039;Institut Pierre Werner\"\n            src=\"https:\/\/www.uni.lu\/wp-content\/uploads\/sites\/11\/2024\/10\/olivier_frank_directeur_de_l_institut_pierre_werner.jpg\"\n                srcset=\"https:\/\/www.uni.lu\/wp-content\/uploads\/sites\/11\/2024\/10\/olivier_frank_directeur_de_l_institut_pierre_werner-300x199.jpg 300w, https:\/\/www.uni.lu\/wp-content\/uploads\/sites\/11\/2024\/10\/olivier_frank_directeur_de_l_institut_pierre_werner-768x509.jpg 768w, https:\/\/www.uni.lu\/wp-content\/uploads\/sites\/11\/2024\/10\/olivier_frank_directeur_de_l_institut_pierre_werner.jpg 1024w\"\n                style=\"object-position: 50.00% 50.00%; font-family: &quot;object-fit: cover; object-position: 50.00% 50.00%;&quot;; aspect-ratio: 16\/9; object-fit: cover; width: 100%;\"\n        loading=\"lazy\"\n\/>    <\/figure><\/li>\n<li class=\"swiper-slide\" aria-roledescription=\"slide\">\n    <figure class=\"wp-block-dev4-reusable-blocks-image swiper-slide__bg object-fit--cover\">\n    \n<img decoding=\"async\" class=\"wp-block-image unilux-custom-image-block\"\n                alt=\"Dr Elena Danescu, Chercheuse aupr\u00e8s du C2DH et Manager de l&#039;EDIC Universit\u00e9 du Luxembourg\"\n            src=\"https:\/\/www.uni.lu\/wp-content\/uploads\/sites\/11\/2024\/10\/dr_elena_danescu_chercheuse_aupres_du_c2dh_et_manager_de_l_edic_universite_du_luxembourg.jpg\"\n                srcset=\"https:\/\/www.uni.lu\/wp-content\/uploads\/sites\/11\/2024\/10\/dr_elena_danescu_chercheuse_aupres_du_c2dh_et_manager_de_l_edic_universite_du_luxembourg-300x199.jpg 300w, https:\/\/www.uni.lu\/wp-content\/uploads\/sites\/11\/2024\/10\/dr_elena_danescu_chercheuse_aupres_du_c2dh_et_manager_de_l_edic_universite_du_luxembourg-768x509.jpg 768w, https:\/\/www.uni.lu\/wp-content\/uploads\/sites\/11\/2024\/10\/dr_elena_danescu_chercheuse_aupres_du_c2dh_et_manager_de_l_edic_universite_du_luxembourg.jpg 1024w\"\n                style=\"object-position: 50.00% 50.00%; font-family: &quot;object-fit: cover; object-position: 50.00% 50.00%;&quot;; aspect-ratio: 16\/9; object-fit: cover; width: 100%;\"\n        loading=\"lazy\"\n\/>    <\/figure><\/li>\n<li class=\"swiper-slide\" aria-roledescription=\"slide\">\n    <figure class=\"wp-block-dev4-reusable-blocks-image swiper-slide__bg object-fit--cover\">\n    \n<img decoding=\"async\" class=\"wp-block-image unilux-custom-image-block\"\n                alt=\"Georges Marion et Prof. Dr Andreas Fickers\"\n            src=\"https:\/\/www.uni.lu\/wp-content\/uploads\/sites\/11\/2024\/10\/georges_marion_et_prof_dr_andreas_fickers.jpg\"\n                srcset=\"https:\/\/www.uni.lu\/wp-content\/uploads\/sites\/11\/2024\/10\/georges_marion_et_prof_dr_andreas_fickers-300x199.jpg 300w, https:\/\/www.uni.lu\/wp-content\/uploads\/sites\/11\/2024\/10\/georges_marion_et_prof_dr_andreas_fickers-768x509.jpg 768w, https:\/\/www.uni.lu\/wp-content\/uploads\/sites\/11\/2024\/10\/georges_marion_et_prof_dr_andreas_fickers.jpg 1024w\"\n                style=\"object-position: 50.00% 50.00%; font-family: &quot;object-fit: cover; object-position: 50.00% 50.00%;&quot;; aspect-ratio: 16\/9; object-fit: cover; width: 100%;\"\n        loading=\"lazy\"\n\/>    <\/figure><\/li>        <\/ul>\n\n        <!-- Swiper pagination -->\n        <div class=\"swiper-pagination\">\n            <div class=\"swiper-pagination__bullets\"><\/div>\n        <\/div>\n    <\/div>\n<\/section>\n\n\n<p>\u00a9Europe Direct<\/p>\n<\/div><\/section>\n","protected":false},"excerpt":{"rendered":"","protected":false},"author":292,"featured_media":12752,"parent":0,"menu_order":0,"comment_status":"open","ping_status":"closed","template":"","format":"standard","meta":{"featured_image_focal_point":{"x":0.09,"y":0.96},"show_featured_caption":false,"ulux_newsletter_groups":"","uluxPostTitle":"","uluxPrePostTitle":"","_trash_the_other_posts":false,"_price":"","_stock":"","_tribe_ticket_header":"","_tribe_default_ticket_provider":"","_tribe_ticket_capacity":"0","_ticket_start_date":"","_ticket_end_date":"","_tribe_ticket_show_description":"","_tribe_ticket_show_not_going":false,"_tribe_ticket_use_global_stock":"","_tribe_ticket_global_stock_level":"","_global_stock_mode":"","_global_stock_cap":"","_tribe_rsvp_for_event":"","_tribe_ticket_going_count":"","_tribe_ticket_not_going_count":"","_tribe_tickets_list":"[]","_tribe_ticket_has_attendee_info_fields":false,"event_start_date":"2019-11-18 14:00:00","event_end_date":"2019-11-18 16:00:00","event_speaker_name":"Georges Marion et Prof. Dr Andreas Fickers","event_speaker_link":"","event_is_online":false,"event_location":"Universit\u00e9 de Luxembourg","event_street":"2 Av. de l'Universite ","event_location_link":"","event_zip_code":"4365","event_city":"Belval Esch an der Alzette","event_country":"Luxembourg"},"events-topic":[],"events-type":[],"organisation":[297],"authorship":[292],"acf":[],"yoast_head":"<!-- This site is optimized with the Yoast SEO Premium plugin v22.3 (Yoast SEO v22.3) - https:\/\/yoast.com\/wordpress\/plugins\/seo\/ -->\n<title>Soir\u00e9e cin\u00e9matographique: \u00ab Un mur \u00e0 Berlin \u00bb de Patrick Rotman - Universit\u00e9 du Luxembourg<\/title>\n<meta name=\"description\" content=\"Projection du film documentaire et d\u00e9bat avec Georges Marion (Le Monde) et&nbsp;Prof. Dr. Andreas Fickers&nbsp;(C\u00b2DH) \u00e0 l&#039;occasion du 30e anniversaire de\" \/>\n<meta name=\"robots\" content=\"index, follow, max-snippet:-1, max-image-preview:large, max-video-preview:-1\" \/>\n<link rel=\"canonical\" href=\"https:\/\/www.uni.lu\/fr\/events\/soiree-cinematographique-un-mur-a-berlin-de-patrick-rotman-2\/\" \/>\n<meta property=\"og:locale\" content=\"fr_FR\" \/>\n<meta property=\"og:type\" content=\"article\" \/>\n<meta property=\"og:title\" content=\"Soir\u00e9e cin\u00e9matographique: \u00ab Un mur \u00e0 Berlin \u00bb de Patrick Rotman\" \/>\n<meta property=\"og:description\" content=\"Projection du film documentaire et d\u00e9bat avec Georges Marion (Le Monde) et&nbsp;Prof. Dr. Andreas Fickers&nbsp;(C\u00b2DH) \u00e0 l&#039;occasion du 30e anniversaire de\" \/>\n<meta property=\"og:url\" content=\"https:\/\/www.uni.lu\/fr\/events\/soiree-cinematographique-un-mur-a-berlin-de-patrick-rotman-2\/\" \/>\n<meta property=\"og:site_name\" content=\"UNI FR\" \/>\n<meta property=\"article:publisher\" content=\"https:\/\/www.facebook.com\/uni.lu\" \/>\n<meta property=\"article:modified_time\" content=\"2024-10-23T10:51:32+00:00\" \/>\n<meta property=\"og:image\" content=\"https:\/\/www.uni.lu\/wp-content\/uploads\/sites\/11\/2024\/10\/film_un_mur_a_berlin_ps_imagelarge.jpg\" \/>\n\t<meta property=\"og:image:width\" content=\"448\" \/>\n\t<meta property=\"og:image:height\" content=\"255\" \/>\n\t<meta property=\"og:image:type\" content=\"image\/jpeg\" \/>\n<meta name=\"twitter:card\" content=\"summary_large_image\" \/>\n<meta name=\"twitter:label1\" content=\"Dur\u00e9e de lecture estim\u00e9e\" \/>\n\t<meta name=\"twitter:data1\" content=\"3 minutes\" \/>\n<script type=\"application\/ld+json\" class=\"yoast-schema-graph\">{\"@context\":\"https:\/\/schema.org\",\"@graph\":[{\"@type\":\"WebPage\",\"@id\":\"https:\/\/www.uni.lu\/fr\/events\/soiree-cinematographique-un-mur-a-berlin-de-patrick-rotman-2\/\",\"url\":\"https:\/\/www.uni.lu\/fr\/events\/soiree-cinematographique-un-mur-a-berlin-de-patrick-rotman-2\/\",\"name\":\"Soir\u00e9e cin\u00e9matographique: \u00ab Un mur \u00e0 Berlin \u00bb de Patrick Rotman - Universit\u00e9 du Luxembourg\",\"isPartOf\":{\"@id\":\"https:\/\/www.uni.lu\/fr\/#website\"},\"primaryImageOfPage\":{\"@id\":\"https:\/\/www.uni.lu\/fr\/events\/soiree-cinematographique-un-mur-a-berlin-de-patrick-rotman-2\/#primaryimage\"},\"image\":{\"@id\":\"https:\/\/www.uni.lu\/fr\/events\/soiree-cinematographique-un-mur-a-berlin-de-patrick-rotman-2\/#primaryimage\"},\"thumbnailUrl\":\"https:\/\/www.uni.lu\/wp-content\/uploads\/sites\/11\/2024\/10\/film_un_mur_a_berlin_ps_imagelarge.jpg\",\"datePublished\":\"2024-10-23T10:51:29+00:00\",\"dateModified\":\"2024-10-23T10:51:32+00:00\",\"description\":\"Projection du film documentaire et d\u00e9bat avec Georges Marion (Le Monde) et&nbsp;Prof. Dr. Andreas Fickers&nbsp;(C\u00b2DH) \u00e0 l'occasion du 30e anniversaire de\",\"breadcrumb\":{\"@id\":\"https:\/\/www.uni.lu\/fr\/events\/soiree-cinematographique-un-mur-a-berlin-de-patrick-rotman-2\/#breadcrumb\"},\"inLanguage\":\"fr-FR\",\"potentialAction\":[{\"@type\":\"ReadAction\",\"target\":[\"https:\/\/www.uni.lu\/fr\/events\/soiree-cinematographique-un-mur-a-berlin-de-patrick-rotman-2\/\"]}]},{\"@type\":\"ImageObject\",\"inLanguage\":\"fr-FR\",\"@id\":\"https:\/\/www.uni.lu\/fr\/events\/soiree-cinematographique-un-mur-a-berlin-de-patrick-rotman-2\/#primaryimage\",\"url\":\"https:\/\/www.uni.lu\/wp-content\/uploads\/sites\/11\/2024\/10\/film_un_mur_a_berlin_ps_imagelarge.jpg\",\"contentUrl\":\"https:\/\/www.uni.lu\/wp-content\/uploads\/sites\/11\/2024\/10\/film_un_mur_a_berlin_ps_imagelarge.jpg\",\"width\":448,\"height\":255},{\"@type\":\"BreadcrumbList\",\"@id\":\"https:\/\/www.uni.lu\/fr\/events\/soiree-cinematographique-un-mur-a-berlin-de-patrick-rotman-2\/#breadcrumb\",\"itemListElement\":[{\"@type\":\"ListItem\",\"position\":1,\"name\":\"Home\",\"item\":\"https:\/\/www.uni.lu\/fr\/\"},{\"@type\":\"ListItem\",\"position\":2,\"name\":\"Events\",\"item\":\"https:\/\/www.uni.lu\/fr\/events\/\"},{\"@type\":\"ListItem\",\"position\":3,\"name\":\"Soir\u00e9e cin\u00e9matographique: \u00ab Un mur \u00e0 Berlin \u00bb de Patrick Rotman\"}]},{\"@type\":\"WebSite\",\"@id\":\"https:\/\/www.uni.lu\/fr\/#website\",\"url\":\"https:\/\/www.uni.lu\/fr\/\",\"name\":\"Uni.lu\",\"description\":\"Universit\u00e9 du Luxembourg\",\"publisher\":{\"@id\":\"https:\/\/www.uni.lu\/fr\/#organization\"},\"alternateName\":\"Universit\u00e9 du Luxembourg\",\"potentialAction\":[{\"@type\":\"SearchAction\",\"target\":{\"@type\":\"EntryPoint\",\"urlTemplate\":\"https:\/\/www.uni.lu\/fr\/?s={search_term_string}\"},\"query-input\":\"required name=search_term_string\"}],\"inLanguage\":\"fr-FR\"},{\"@type\":\"Organization\",\"@id\":\"https:\/\/www.uni.lu\/fr\/#organization\",\"name\":\"Universit\u00e9 du Luxembourg\",\"alternateName\":\"Uni.lu\",\"url\":\"https:\/\/www.uni.lu\/fr\/\",\"logo\":{\"@type\":\"ImageObject\",\"inLanguage\":\"fr-FR\",\"@id\":\"https:\/\/www.uni.lu\/fr\/#\/schema\/logo\/image\/\",\"url\":\"https:\/\/www.uni.lu\/wp-content\/uploads\/sites\/11\/2026\/03\/03120045\/UNIV_SM-Profile_1600x1600px-scaled.jpg\",\"contentUrl\":\"https:\/\/www.uni.lu\/wp-content\/uploads\/sites\/11\/2026\/03\/03120045\/UNIV_SM-Profile_1600x1600px-scaled.jpg\",\"width\":2560,\"height\":2560,\"caption\":\"Universit\u00e9 du Luxembourg\"},\"image\":\"https:\/\/www.uni.lu\/wp-content\/uploads\/sites\/11\/2026\/04\/24120552\/20200609-Belval-Campus_Henri-Goergen-23.jpg\",\"sameAs\":[\"https:\/\/www.facebook.com\/uni.lu\",\"https:\/\/www.linkedin.com\/school\/university-of-luxembourg\/\",\"https:\/\/www.instagram.com\/uni.lu\",\"https:\/\/www.youtube.com\/@uni_lu\",\"https:\/\/en.wikipedia.org\/wiki\/University_of_Luxembourg\"],\"email\":\"communication@uni.lu\",\"telephone\":\"+352 46 66 44 1\",\"address\":{\"@type\":\"PostalAddress\",\"streetAddress\":\"2, place de l\u2019Universit\u00e9\",\"addressLocality\":\"Esch-sur-Alzette\",\"postalCode\":\"4365\",\"addressCountry\":\"LU\"},\"description\":\"Universit\u00e9 du Luxembourg\"}]}<\/script>\n<!-- \/ Yoast SEO Premium plugin. -->","yoast_head_json":{"title":"Soir\u00e9e cin\u00e9matographique: \u00ab Un mur \u00e0 Berlin \u00bb de Patrick Rotman - Universit\u00e9 du Luxembourg","description":"Projection du film documentaire et d\u00e9bat avec Georges Marion (Le Monde) et&nbsp;Prof. Dr. Andreas Fickers&nbsp;(C\u00b2DH) \u00e0 l'occasion du 30e anniversaire de","robots":{"index":"index","follow":"follow","max-snippet":"max-snippet:-1","max-image-preview":"max-image-preview:large","max-video-preview":"max-video-preview:-1"},"canonical":"https:\/\/www.uni.lu\/fr\/events\/soiree-cinematographique-un-mur-a-berlin-de-patrick-rotman-2\/","og_locale":"fr_FR","og_type":"article","og_title":"Soir\u00e9e cin\u00e9matographique: \u00ab Un mur \u00e0 Berlin \u00bb de Patrick Rotman","og_description":"Projection du film documentaire et d\u00e9bat avec Georges Marion (Le Monde) et&nbsp;Prof. Dr. Andreas Fickers&nbsp;(C\u00b2DH) \u00e0 l'occasion du 30e anniversaire de","og_url":"https:\/\/www.uni.lu\/fr\/events\/soiree-cinematographique-un-mur-a-berlin-de-patrick-rotman-2\/","og_site_name":"UNI FR","article_publisher":"https:\/\/www.facebook.com\/uni.lu","article_modified_time":"2024-10-23T10:51:32+00:00","og_image":[{"width":448,"height":255,"url":"https:\/\/www.uni.lu\/wp-content\/uploads\/sites\/11\/2024\/10\/film_un_mur_a_berlin_ps_imagelarge.jpg","type":"image\/jpeg"}],"twitter_card":"summary_large_image","twitter_misc":{"Dur\u00e9e de lecture estim\u00e9e":"3 minutes"},"schema":{"@context":"https:\/\/schema.org","@graph":[{"@type":"WebPage","@id":"https:\/\/www.uni.lu\/fr\/events\/soiree-cinematographique-un-mur-a-berlin-de-patrick-rotman-2\/","url":"https:\/\/www.uni.lu\/fr\/events\/soiree-cinematographique-un-mur-a-berlin-de-patrick-rotman-2\/","name":"Soir\u00e9e cin\u00e9matographique: \u00ab Un mur \u00e0 Berlin \u00bb de Patrick Rotman - Universit\u00e9 du Luxembourg","isPartOf":{"@id":"https:\/\/www.uni.lu\/fr\/#website"},"primaryImageOfPage":{"@id":"https:\/\/www.uni.lu\/fr\/events\/soiree-cinematographique-un-mur-a-berlin-de-patrick-rotman-2\/#primaryimage"},"image":{"@id":"https:\/\/www.uni.lu\/fr\/events\/soiree-cinematographique-un-mur-a-berlin-de-patrick-rotman-2\/#primaryimage"},"thumbnailUrl":"https:\/\/www.uni.lu\/wp-content\/uploads\/sites\/11\/2024\/10\/film_un_mur_a_berlin_ps_imagelarge.jpg","datePublished":"2024-10-23T10:51:29+00:00","dateModified":"2024-10-23T10:51:32+00:00","description":"Projection du film documentaire et d\u00e9bat avec Georges Marion (Le Monde) et&nbsp;Prof. Dr. Andreas Fickers&nbsp;(C\u00b2DH) \u00e0 l'occasion du 30e anniversaire de","breadcrumb":{"@id":"https:\/\/www.uni.lu\/fr\/events\/soiree-cinematographique-un-mur-a-berlin-de-patrick-rotman-2\/#breadcrumb"},"inLanguage":"fr-FR","potentialAction":[{"@type":"ReadAction","target":["https:\/\/www.uni.lu\/fr\/events\/soiree-cinematographique-un-mur-a-berlin-de-patrick-rotman-2\/"]}]},{"@type":"ImageObject","inLanguage":"fr-FR","@id":"https:\/\/www.uni.lu\/fr\/events\/soiree-cinematographique-un-mur-a-berlin-de-patrick-rotman-2\/#primaryimage","url":"https:\/\/www.uni.lu\/wp-content\/uploads\/sites\/11\/2024\/10\/film_un_mur_a_berlin_ps_imagelarge.jpg","contentUrl":"https:\/\/www.uni.lu\/wp-content\/uploads\/sites\/11\/2024\/10\/film_un_mur_a_berlin_ps_imagelarge.jpg","width":448,"height":255},{"@type":"BreadcrumbList","@id":"https:\/\/www.uni.lu\/fr\/events\/soiree-cinematographique-un-mur-a-berlin-de-patrick-rotman-2\/#breadcrumb","itemListElement":[{"@type":"ListItem","position":1,"name":"Home","item":"https:\/\/www.uni.lu\/fr\/"},{"@type":"ListItem","position":2,"name":"Events","item":"https:\/\/www.uni.lu\/fr\/events\/"},{"@type":"ListItem","position":3,"name":"Soir\u00e9e cin\u00e9matographique: \u00ab Un mur \u00e0 Berlin \u00bb de Patrick Rotman"}]},{"@type":"WebSite","@id":"https:\/\/www.uni.lu\/fr\/#website","url":"https:\/\/www.uni.lu\/fr\/","name":"Uni.lu","description":"Universit\u00e9 du Luxembourg","publisher":{"@id":"https:\/\/www.uni.lu\/fr\/#organization"},"alternateName":"Universit\u00e9 du Luxembourg","potentialAction":[{"@type":"SearchAction","target":{"@type":"EntryPoint","urlTemplate":"https:\/\/www.uni.lu\/fr\/?s={search_term_string}"},"query-input":"required name=search_term_string"}],"inLanguage":"fr-FR"},{"@type":"Organization","@id":"https:\/\/www.uni.lu\/fr\/#organization","name":"Universit\u00e9 du Luxembourg","alternateName":"Uni.lu","url":"https:\/\/www.uni.lu\/fr\/","logo":{"@type":"ImageObject","inLanguage":"fr-FR","@id":"https:\/\/www.uni.lu\/fr\/#\/schema\/logo\/image\/","url":"https:\/\/www.uni.lu\/wp-content\/uploads\/sites\/11\/2026\/03\/03120045\/UNIV_SM-Profile_1600x1600px-scaled.jpg","contentUrl":"https:\/\/www.uni.lu\/wp-content\/uploads\/sites\/11\/2026\/03\/03120045\/UNIV_SM-Profile_1600x1600px-scaled.jpg","width":2560,"height":2560,"caption":"Universit\u00e9 du Luxembourg"},"image":"https:\/\/www.uni.lu\/wp-content\/uploads\/sites\/11\/2026\/04\/24120552\/20200609-Belval-Campus_Henri-Goergen-23.jpg","sameAs":["https:\/\/www.facebook.com\/uni.lu","https:\/\/www.linkedin.com\/school\/university-of-luxembourg\/","https:\/\/www.instagram.com\/uni.lu","https:\/\/www.youtube.com\/@uni_lu","https:\/\/en.wikipedia.org\/wiki\/University_of_Luxembourg"],"email":"communication@uni.lu","telephone":"+352 46 66 44 1","address":{"@type":"PostalAddress","streetAddress":"2, place de l\u2019Universit\u00e9","addressLocality":"Esch-sur-Alzette","postalCode":"4365","addressCountry":"LU"},"description":"Universit\u00e9 du Luxembourg"}]}},"_links":{"self":[{"href":"https:\/\/www.uni.lu\/fr\/wp-json\/wp\/v2\/events\/12751"}],"collection":[{"href":"https:\/\/www.uni.lu\/fr\/wp-json\/wp\/v2\/events"}],"about":[{"href":"https:\/\/www.uni.lu\/fr\/wp-json\/wp\/v2\/types\/events"}],"author":[{"embeddable":true,"href":"https:\/\/www.uni.lu\/fr\/wp-json\/wp\/v2\/users\/292"}],"replies":[{"embeddable":true,"href":"https:\/\/www.uni.lu\/fr\/wp-json\/wp\/v2\/comments?post=12751"}],"version-history":[{"count":4,"href":"https:\/\/www.uni.lu\/fr\/wp-json\/wp\/v2\/events\/12751\/revisions"}],"predecessor-version":[{"id":12768,"href":"https:\/\/www.uni.lu\/fr\/wp-json\/wp\/v2\/events\/12751\/revisions\/12768"}],"wp:authorship":[{"embeddable":true,"href":"https:\/\/www.uni.lu\/fr\/wp-json\/wp\/v2\/users\/292"}],"wp:featuredmedia":[{"embeddable":true,"href":"https:\/\/www.uni.lu\/fr\/wp-json\/wp\/v2\/media\/12752"}],"wp:attachment":[{"href":"https:\/\/www.uni.lu\/fr\/wp-json\/wp\/v2\/media?parent=12751"}],"wp:term":[{"taxonomy":"events-topic","embeddable":true,"href":"https:\/\/www.uni.lu\/fr\/wp-json\/wp\/v2\/events-topic?post=12751"},{"taxonomy":"events-type","embeddable":true,"href":"https:\/\/www.uni.lu\/fr\/wp-json\/wp\/v2\/events-type?post=12751"},{"taxonomy":"organisation","embeddable":true,"href":"https:\/\/www.uni.lu\/fr\/wp-json\/wp\/v2\/organisation?post=12751"}],"curies":[{"name":"wp","href":"https:\/\/api.w.org\/{rel}","templated":true}]}}