{"id":11293,"date":"2024-05-03T09:24:38","date_gmt":"2024-05-03T07:24:38","guid":{"rendered":"https:\/\/www.uni.lu\/fr\/?post_type=events&#038;p=11293"},"modified":"2024-05-03T15:25:26","modified_gmt":"2024-05-03T13:25:26","slug":"reformer-les-medias-de-nouveaux-enjeux-et-defis-pour-le-luxembourg","status":"publish","type":"events","link":"https:\/\/www.uni.lu\/fr\/events\/reformer-les-medias-de-nouveaux-enjeux-et-defis-pour-le-luxembourg\/","title":{"rendered":"R\u00e9former les m\u00e9dias: de nouveaux enjeux et d\u00e9fis pour le Luxembourg"},"content":{"rendered":"\n<section class=\"wp-block-unilux-blocks-free-section section\"><div class=\"container xl:max-w-screen-xl\">\n<ul class=\"wp-block-unilux-blocks-custom-buttons btn-list\"><li class=\"wp-block-unilux-blocks-custom-button\"    aria-disabled=\"false\"\n    >\n    <a\n        role=\"link\"\n        aria-disabled=\"false\"\n                    href=\"https:\/\/mediareform.public.lu\/fr.html\"\n                target=\"_blank\"\n        class=\"btn btn--primary\"\n            >Inscription<\/a>\n<\/li>\n\n\n<li class=\"wp-block-unilux-blocks-custom-button\"    aria-disabled=\"false\"\n    >\n    <a\n        role=\"link\"\n        aria-disabled=\"false\"\n                    href=\"https:\/\/www.uni.lu\/fr\/calendar?post_type=events&#038;p=11293&#038;calendar\"\n                target=\"_self\"\n        class=\"btn btn--secondary\"\n            >Ajouter au calendrier<\/a>\n<\/li>\n<\/ul>\n\n\n<div class=\"wp-block-unilux-blocks-spacer is-spacer-size-md\"><\/div>\n\n\n<p>Dans le cadre de la r\u00e9forme de la loi sur les m\u00e9dias \u00e9lectroniques, le Service des m\u00e9dias, de la connectivit\u00e9 et de la politique num\u00e9rique (SMC), en collaboration avec l&rsquo;Universit\u00e9 du Luxembourg, organise un cycle de cinq conf\u00e9rences sous l&rsquo;intitul\u00e9 \u00ab\u00a0Loi sur les m\u00e9dias \u00e9lectroniques: quelle r\u00e9forme possible?\u00a0\u00bb.<\/p>\n\n\n\n<p>La premi\u00e8re conf\u00e9rence aura lieu le 15 mai 2024 au Casino Luxembourg &#8211; Forum d&rsquo;art contemporain et aborde le sujet: \u00ab\u00a0R\u00e9former les m\u00e9dias: de nouveaux enjeux et d\u00e9fis pour le Luxembourg\u00a0\u00bb. \u00c0 l&rsquo;ordre du jour de la premi\u00e8re conf\u00e9rence figure une allocution d&rsquo;ouverture par la ministre d\u00e9l\u00e9gu\u00e9e aupr\u00e8s du Premier ministre, charg\u00e9e des M\u00e9dias et de la Connectivit\u00e9, Elisabeth Margue. Suivront des pr\u00e9sentations du Prof. Dr. Mark D. Cole ainsi que celles de Dr. St\u00e9phanie Lukasik et de Dr. Rapha\u00ebl Kies de l&rsquo;Universit\u00e9 du Luxembourg.<\/p>\n\n\n\n<p>Les prochaines sessions aborderont les th\u00e8mes suivants:<\/p>\n\n\n\n<ul class=\"ulux-list\">\n<li class=\"ulux-list-item\">les influenceurs et cr\u00e9ateurs de contenus;<\/li>\n\n\n\n<li class=\"ulux-list-item\">l&rsquo;intelligence artificielle et les m\u00e9dias;<\/li>\n\n\n\n<li class=\"ulux-list-item\">la libert\u00e9 d&rsquo;expression confront\u00e9e \u00e0 l&rsquo;anonymat et \u00e0 l&rsquo;incitation \u00e0 la haine et \u00e0 la violence; ainsi que<\/li>\n\n\n\n<li class=\"ulux-list-item\">la d\u00e9sinformation.<\/li>\n<\/ul>\n\n\n\n<h2 class=\"has-text-align-left wp-block-unilux-blocks-heading\"        id=\"programme\"\n    >\nProgramme:<\/h2>\n\n\n\n<ul class=\"wp-block-unilux-blocks-highlighted-list list-highlighted list-highlighted--architectural\"><li class=\"list-highlighted__item  wp-block-unilux-blocks-highlighted-list-item\">\n    <header class=\"list-highlighted__header wp-block-unilux-blocks-highlighted-list-item-header\">\n    \n<h4 class=\"title text-18 font-bold has-text-align-left wp-block-unilux-blocks-heading\"        id=\"18h15-18h30\"\n    >\n18h15 &#8211; 18h30<\/h4>\n<div class=\"wp-block-unilux-blocks-bigtext\">\n    <span>\n        \n    <\/span>\n<\/div><\/header><div class=\"list-highlighted__body wp-block-unilux-blocks-highlighted-list-item-body\">\n    <div class=\"wp-block-unilux-blocks-highlighted-list-item-free-content-area\">\n    \n<p>Accueil<\/p>\n<\/div><\/div><\/li>\n\n<li class=\"list-highlighted__item  wp-block-unilux-blocks-highlighted-list-item\">\n    <header class=\"list-highlighted__header wp-block-unilux-blocks-highlighted-list-item-header\">\n    \n<h4 class=\"title text-18 font-bold has-text-align-left wp-block-unilux-blocks-heading\"        id=\"18h30-18h45\"\n    >\n18h30 &#8211; 18h45<\/h4>\n<div class=\"wp-block-unilux-blocks-bigtext\">\n    <span>\n        \n    <\/span>\n<\/div><\/header><div class=\"list-highlighted__body wp-block-unilux-blocks-highlighted-list-item-body\">\n    <div class=\"wp-block-unilux-blocks-highlighted-list-item-free-content-area\">\n    \n<p>Mot de bienvenue de la ministre d\u00e9l\u00e9gu\u00e9e aupr\u00e8s du Premier ministre, charg\u00e9e des M\u00e9dias et de la Connectivit\u00e9, Elisabeth Margue<\/p>\n<\/div><\/div><\/li>\n\n<li class=\"list-highlighted__item  wp-block-unilux-blocks-highlighted-list-item\">\n    <header class=\"list-highlighted__header wp-block-unilux-blocks-highlighted-list-item-header\">\n    \n<h4 class=\"title text-18 font-bold has-text-align-left wp-block-unilux-blocks-heading\"        id=\"18h45-19h15\"\n    >\n18h45 &#8211; 19h15<\/h4>\n<div class=\"wp-block-unilux-blocks-bigtext\">\n    <span>\n        \n    <\/span>\n<\/div><\/header><div class=\"list-highlighted__body wp-block-unilux-blocks-highlighted-list-item-body\">\n    <div class=\"wp-block-unilux-blocks-highlighted-list-item-free-content-area\">\n    \n<p>Premiers r\u00e9sultats sur les usages des m\u00e9dias au Luxembourg: pr\u00e9sentation du projet Medialux par Dr. Rapha\u00ebl Kies et Dr. St\u00e9phanie Lukasik<\/p>\n<\/div><\/div><\/li>\n\n<li class=\"list-highlighted__item  wp-block-unilux-blocks-highlighted-list-item\">\n    <header class=\"list-highlighted__header wp-block-unilux-blocks-highlighted-list-item-header\">\n    \n<h4 class=\"title text-18 font-bold has-text-align-left wp-block-unilux-blocks-heading\"        id=\"19h15-20h00\"\n    >\n19h15 &#8211; 20h00<\/h4>\n<div class=\"wp-block-unilux-blocks-bigtext\">\n    <span>\n        \n    <\/span>\n<\/div><\/header><div class=\"list-highlighted__body wp-block-unilux-blocks-highlighted-list-item-body\">\n    <div class=\"wp-block-unilux-blocks-highlighted-list-item-free-content-area\">\n    \n<p>Media Regulation &#8211; Balancing European Harmonization and National Sovereignty by Professor Dr. Mark D. Cole<\/p>\n<\/div><\/div><\/li>\n\n<li class=\"list-highlighted__item  wp-block-unilux-blocks-highlighted-list-item\">\n    <header class=\"list-highlighted__header wp-block-unilux-blocks-highlighted-list-item-header\">\n    \n<h4 class=\"title text-18 font-bold has-text-align-left wp-block-unilux-blocks-heading\"        id=\"a-partir-de-20-h-00\"\n    >\n\u00e0 partir de 20 h 00<\/h4>\n<div class=\"wp-block-unilux-blocks-bigtext\">\n    <span>\n        \n    <\/span>\n<\/div><\/header><div class=\"list-highlighted__body wp-block-unilux-blocks-highlighted-list-item-body\">\n    <div class=\"wp-block-unilux-blocks-highlighted-list-item-free-content-area\">\n    \n<p>Q&amp;A et Networking<\/p>\n<\/div><\/div><\/li><\/ul>\n\n\n<div class=\"wp-block-unilux-blocks-spacer is-spacer-size-md\"><\/div>\n\n\n<h2 class=\"has-text-align-left wp-block-unilux-blocks-heading\"        id=\"les-conferenciers\"\n    >\nLes conf\u00e9renciers<\/h2>\n\n\n<ul class=\"flex flex-wrap mt-24 -mx-16  wp-block-unilux-blocks-free-content-card\">\n    <li class=\"w-full sm:w-1\/2 lg:w-1\/3 px-16 wp-block-unilux-blocks-people-item-automated\"><div class=\"ulux-card card-people bg-theme\">    <div class=\"ulux-card__container\">\n        <div class=\"ulux-card__visual\">\n            <!-- Template Image Component: default -->\n<img decoding=\"async\" class=\"w-full\" width=\"\" height=\"\" rel=\"\" alt=\"Dr. Rapha\u00ebl KIES\" src=\"https:\/\/www.uni.lu\/en\/person-image\/NTAwMDg4MTZfX1JhcGhhw6tsIEtJRVM=\" srcset=\"https:\/\/www.uni.lu\/en\/person-image\/NTAwMDg4MTZfX1JhcGhhw6tsIEtJRVM=--thumbnail 150w,https:\/\/www.uni.lu\/en\/person-image\/NTAwMDg4MTZfX1JhcGhhw6tsIEtJRVM=--medium 300w,https:\/\/www.uni.lu\/en\/person-image\/NTAwMDg4MTZfX1JhcGhhw6tsIEtJRVM=--medium_large 768w,https:\/\/www.uni.lu\/en\/person-image\/NTAwMDg4MTZfX1JhcGhhw6tsIEtJRVM=--large 1024w,https:\/\/www.uni.lu\/en\/person-image\/NTAwMDg4MTZfX1JhcGhhw6tsIEtJRVM=--1536x1536 1536w,https:\/\/www.uni.lu\/en\/person-image\/NTAwMDg4MTZfX1JhcGhhw6tsIEtJRVM=--2048x2048 2048w\" loading=\"lazy\" \/><!-- end Image Component -->\n        <\/div>\n        <div class=\"ulux-card__body card-people\">\n            <h3 class=\"card__name\">Dr. Rapha\u00ebl KIES<\/h3>\n            <div class=\"card__organization\">FHSE<\/div>\n            <div class=\"card__function\">Research scientist<\/div>\n            <div class=\"ulux-card__link-wrapper card__link wp-block-unilux-blocks-simple-cta wp-block-unilux-blocks-people-item-automated\">\n    <a\n        href=\"https:\/\/www.uni.lu\/fhse-en\/people\/raphael-kies\/\"\n        title=\"Dr. Rapha\u00ebl KIES\"\n        class=\"link-text link-text--icon ulux-card__link link-absolute\"\n        target=\"\"\n    >\n        <span class=\"link-text__body\">\n            <span class=\"link-text__name\">Voir le profil<\/span>\n        <\/span>\n        <svg aria-hidden=\"true\" focusable=\"false\" class=\"icon icon-outline icon--arrow-right \"><use xlink:href=\"https:\/\/www.uni.lu\/wp-content\/themes\/unilux-theme\/assets\/images\/icons\/icons-outline.svg#icon--arrow-right\"><\/use><\/svg>    <\/a>\n<\/div>\n        <\/div>\n    <\/div>\n<\/div><\/li><li class=\"w-full sm:w-1\/2 lg:w-1\/3 px-16  wp-block-unilux-blocks-free-content-card-item\">\n    <div class=\"ulux-card card-people bg-theme\">\n        <div class=\"ulux-card__container card__container\">\n                        <div class=\"ulux-card__visual wp-block-unilux-blocks-free-content-card-item-visual\">\n    \n<div class=\"wp-block-unilux-blocks-image-video-wrapper\">\n    <figure class=\"wp-block-dev4-reusable-blocks-image  object-fit--cover\">\n    \n<img decoding=\"async\" class=\"wp-block-image unilux-custom-image-block\"\n                alt=\"Ste\u0301phanie Lukasik\"\n            src=\"https:\/\/www.uni.lu\/wp-content\/uploads\/sites\/11\/2024\/05\/Stephanie_Lukasik_original.png\"\n                srcset=\"https:\/\/www.uni.lu\/wp-content\/uploads\/sites\/11\/2024\/05\/Stephanie_Lukasik_original-167x300.png 167w, https:\/\/www.uni.lu\/wp-content\/uploads\/sites\/11\/2024\/05\/Stephanie_Lukasik_original-569x1024.png 569w, https:\/\/www.uni.lu\/wp-content\/uploads\/sites\/11\/2024\/05\/Stephanie_Lukasik_original.png 750w\"\n                style=\"object-position: 40.00% 25.00%; font-family: &quot;object-fit: cover; object-position: 40.00% 25.00%;&quot;; aspect-ratio: 4\/3; object-fit: cover; width: 100%;\"\n        loading=\"lazy\"\n\/>    <\/figure><\/div><\/div><div class=\"ulux-card__body wp-block-unilux-blocks-free-content-card-item-body\">\n    \n<div class=\"card__activity wp-block-unilux-blocks-plain-text\"><\/div>\n<h3 class=\"card__name has-text-align-left wp-block-unilux-blocks-heading\"        id=\"stephanie-lukasik\"\n    >\nSt\u00e9phanie LUKASIK<\/h3>\n\n<div class=\"card__organization wp-block-unilux-blocks-plain-text\">FHSE<\/div>\n<div class=\"card__function wp-block-unilux-blocks-plain-text\">Postdoctoral researcher<\/div>\n<div class=\"card__interest wp-block-unilux-blocks-plain-text\"><\/div><div class=\"ulux-card__link-wrapper card__link wp-block-unilux-blocks-simple-cta\">\n    <a\n        href=\"https:\/\/www.uni.lu\/fhse-en\/people\/stephanie-lukasik\/\"\n        title=\"Learn more\"\n        class=\"link-text link-text--icon ulux-card__link link-text link-absolute\"\n        target=\"\"\n    >\n        <span class=\"link-text__body\">\n            <span class=\"link-text__name\">Learn more<\/span>\n        <\/span>\n        <svg aria-hidden=\"true\" focusable=\"false\" class=\"icon icon-outline icon--arrow-right \"><use xlink:href=\"https:\/\/www.uni.lu\/wp-content\/themes\/unilux-theme\/assets\/images\/icons\/icons-outline.svg#icon--arrow-right\"><\/use><\/svg>    <\/a>\n<\/div>\n<\/div>        <\/div>\n    <\/div>\n<\/li><li class=\"w-full sm:w-1\/2 lg:w-1\/3 px-16 wp-block-unilux-blocks-people-item-automated\"><div class=\"ulux-card card-people bg-theme\">    <div class=\"ulux-card__container\">\n        <div class=\"ulux-card__visual\">\n            <!-- Template Image Component: default -->\n<img decoding=\"async\" class=\"w-full\" width=\"\" height=\"\" rel=\"\" alt=\"Prof Mark COLE\" src=\"https:\/\/www.uni.lu\/en\/person-image\/NTAwMDEzMDlfX01hcmsgQ09MRQ==\" srcset=\"https:\/\/www.uni.lu\/en\/person-image\/NTAwMDEzMDlfX01hcmsgQ09MRQ==--thumbnail 150w,https:\/\/www.uni.lu\/en\/person-image\/NTAwMDEzMDlfX01hcmsgQ09MRQ==--medium 300w,https:\/\/www.uni.lu\/en\/person-image\/NTAwMDEzMDlfX01hcmsgQ09MRQ==--medium_large 768w,https:\/\/www.uni.lu\/en\/person-image\/NTAwMDEzMDlfX01hcmsgQ09MRQ==--large 1024w,https:\/\/www.uni.lu\/en\/person-image\/NTAwMDEzMDlfX01hcmsgQ09MRQ==--1536x1536 1536w,https:\/\/www.uni.lu\/en\/person-image\/NTAwMDEzMDlfX01hcmsgQ09MRQ==--2048x2048 2048w\" loading=\"lazy\" \/><!-- end Image Component -->\n        <\/div>\n        <div class=\"ulux-card__body card-people\">\n            <h3 class=\"card__name\">Prof Mark COLE<\/h3>\n            <div class=\"card__organization\">FDEF<\/div>\n            <div class=\"card__function\">Full professor<\/div>\n            <div class=\"ulux-card__link-wrapper card__link wp-block-unilux-blocks-simple-cta wp-block-unilux-blocks-people-item-automated\">\n    <a\n        href=\"https:\/\/www.uni.lu\/fdef-en\/people\/mark-cole\/\"\n        title=\"Prof Mark COLE\"\n        class=\"link-text link-text--icon ulux-card__link link-absolute\"\n        target=\"\"\n    >\n        <span class=\"link-text__body\">\n            <span class=\"link-text__name\">Voir le profil<\/span>\n        <\/span>\n        <svg aria-hidden=\"true\" focusable=\"false\" class=\"icon icon-outline icon--arrow-right \"><use xlink:href=\"https:\/\/www.uni.lu\/wp-content\/themes\/unilux-theme\/assets\/images\/icons\/icons-outline.svg#icon--arrow-right\"><\/use><\/svg>    <\/a>\n<\/div>\n        <\/div>\n    <\/div>\n<\/div><\/li><\/ul>\n\n\n<ul class=\"wp-block-unilux-blocks-custom-buttons btn-list\"><li class=\"wp-block-unilux-blocks-custom-button\"    aria-disabled=\"false\"\n    >\n    <a\n        role=\"link\"\n        aria-disabled=\"false\"\n                    href=\"https:\/\/mediareform.public.lu\/fr.html\"\n                target=\"_blank\"\n        class=\"btn btn--primary\"\n            >Inscription<\/a>\n<\/li>\n\n\n<li class=\"wp-block-unilux-blocks-custom-button\"    aria-disabled=\"false\"\n    >\n    <a\n        role=\"link\"\n        aria-disabled=\"false\"\n                    href=\"https:\/\/www.uni.lu\/fr\/calendar?post_type=events&#038;p=11293&#038;calendar\"\n                target=\"_self\"\n        class=\"btn btn--secondary\"\n            >Ajouter au calendrier<\/a>\n<\/li>\n<\/ul>\n<\/div><\/section>\n","protected":false},"excerpt":{"rendered":"<p>Conf\u00e9rence dans le cadre de la r\u00e9forme de la loi sur les m\u00e9dias \u00e9lectroniques<\/p>\n","protected":false},"author":42,"featured_media":11300,"parent":0,"menu_order":0,"comment_status":"open","ping_status":"closed","template":"","format":"standard","meta":{"featured_image_focal_point":[],"show_featured_caption":false,"ulux_newsletter_groups":"","uluxPostTitle":"","uluxPrePostTitle":"","_trash_the_other_posts":false,"_price":"","_stock":"","_tribe_ticket_header":"","_tribe_default_ticket_provider":"","_tribe_ticket_capacity":"0","_ticket_start_date":"","_ticket_end_date":"","_tribe_ticket_show_description":"","_tribe_ticket_show_not_going":false,"_tribe_ticket_use_global_stock":"","_tribe_ticket_global_stock_level":"","_global_stock_mode":"","_global_stock_cap":"","_tribe_rsvp_for_event":"","_tribe_ticket_going_count":"","_tribe_ticket_not_going_count":"","_tribe_tickets_list":"[]","_tribe_ticket_has_attendee_info_fields":false,"event_start_date":"2024-05-15 18:15:00","event_end_date":"2024-05-15 21:00:00","event_speaker_name":"","event_speaker_link":"","event_is_online":false,"event_location":"Casino Luxembourg","event_street":"41, rue Notre-Dame","event_location_link":"https:\/\/casino-luxembourg.lu\/fr\/infos-pratiques\/contact-acces","event_zip_code":"2240","event_city":"Luxembourg","event_country":"Luxembourg"},"events-topic":[312],"events-type":[325,330],"organisation":[101,147],"authorship":[42],"acf":[],"yoast_head":"<!-- This site is optimized with the Yoast SEO Premium plugin v22.3 (Yoast SEO v22.3) - https:\/\/yoast.com\/wordpress\/plugins\/seo\/ -->\n<title>R\u00e9former les m\u00e9dias: de nouveaux enjeux et d\u00e9fis pour le Luxembourg - Universit\u00e9 du Luxembourg<\/title>\n<meta name=\"description\" content=\"Conf\u00e9rence dans le cadre de la r\u00e9forme de la loi sur les m\u00e9dias \u00e9lectroniques\" \/>\n<meta name=\"robots\" content=\"index, follow, max-snippet:-1, max-image-preview:large, max-video-preview:-1\" \/>\n<link rel=\"canonical\" href=\"https:\/\/www.uni.lu\/fr\/events\/reformer-les-medias-de-nouveaux-enjeux-et-defis-pour-le-luxembourg\/\" \/>\n<meta property=\"og:locale\" content=\"fr_FR\" \/>\n<meta property=\"og:type\" content=\"article\" \/>\n<meta property=\"og:title\" content=\"R\u00e9former les m\u00e9dias: de nouveaux enjeux et d\u00e9fis pour le Luxembourg\" \/>\n<meta property=\"og:description\" content=\"Conf\u00e9rence dans le cadre de la r\u00e9forme de la loi sur les m\u00e9dias \u00e9lectroniques\" \/>\n<meta property=\"og:url\" content=\"https:\/\/www.uni.lu\/fr\/events\/reformer-les-medias-de-nouveaux-enjeux-et-defis-pour-le-luxembourg\/\" \/>\n<meta property=\"og:site_name\" content=\"UNI FR\" \/>\n<meta property=\"article:publisher\" content=\"https:\/\/www.facebook.com\/uni.lu\" \/>\n<meta property=\"article:modified_time\" content=\"2024-05-03T13:25:26+00:00\" \/>\n<meta property=\"og:image\" content=\"https:\/\/www.uni.lu\/wp-content\/uploads\/sites\/11\/2024\/05\/medias-electronique.jpeg\" \/>\n\t<meta property=\"og:image:width\" content=\"612\" \/>\n\t<meta property=\"og:image:height\" content=\"370\" \/>\n\t<meta property=\"og:image:type\" content=\"image\/jpeg\" \/>\n<meta name=\"twitter:card\" content=\"summary_large_image\" \/>\n<meta name=\"twitter:label1\" content=\"Dur\u00e9e de lecture estim\u00e9e\" \/>\n\t<meta name=\"twitter:data1\" content=\"2 minutes\" \/>\n<script type=\"application\/ld+json\" class=\"yoast-schema-graph\">{\"@context\":\"https:\/\/schema.org\",\"@graph\":[{\"@type\":\"WebPage\",\"@id\":\"https:\/\/www.uni.lu\/fr\/events\/reformer-les-medias-de-nouveaux-enjeux-et-defis-pour-le-luxembourg\/\",\"url\":\"https:\/\/www.uni.lu\/fr\/events\/reformer-les-medias-de-nouveaux-enjeux-et-defis-pour-le-luxembourg\/\",\"name\":\"R\u00e9former les m\u00e9dias: de nouveaux enjeux et d\u00e9fis pour le Luxembourg - Universit\u00e9 du Luxembourg\",\"isPartOf\":{\"@id\":\"https:\/\/www.uni.lu\/fr\/#website\"},\"primaryImageOfPage\":{\"@id\":\"https:\/\/www.uni.lu\/fr\/events\/reformer-les-medias-de-nouveaux-enjeux-et-defis-pour-le-luxembourg\/#primaryimage\"},\"image\":{\"@id\":\"https:\/\/www.uni.lu\/fr\/events\/reformer-les-medias-de-nouveaux-enjeux-et-defis-pour-le-luxembourg\/#primaryimage\"},\"thumbnailUrl\":\"https:\/\/www.uni.lu\/wp-content\/uploads\/sites\/11\/2024\/05\/medias-electronique.jpeg\",\"datePublished\":\"2024-05-03T07:24:38+00:00\",\"dateModified\":\"2024-05-03T13:25:26+00:00\",\"description\":\"Conf\u00e9rence dans le cadre de la r\u00e9forme de la loi sur les m\u00e9dias \u00e9lectroniques\",\"breadcrumb\":{\"@id\":\"https:\/\/www.uni.lu\/fr\/events\/reformer-les-medias-de-nouveaux-enjeux-et-defis-pour-le-luxembourg\/#breadcrumb\"},\"inLanguage\":\"fr-FR\",\"potentialAction\":[{\"@type\":\"ReadAction\",\"target\":[\"https:\/\/www.uni.lu\/fr\/events\/reformer-les-medias-de-nouveaux-enjeux-et-defis-pour-le-luxembourg\/\"]}]},{\"@type\":\"ImageObject\",\"inLanguage\":\"fr-FR\",\"@id\":\"https:\/\/www.uni.lu\/fr\/events\/reformer-les-medias-de-nouveaux-enjeux-et-defis-pour-le-luxembourg\/#primaryimage\",\"url\":\"https:\/\/www.uni.lu\/wp-content\/uploads\/sites\/11\/2024\/05\/medias-electronique.jpeg\",\"contentUrl\":\"https:\/\/www.uni.lu\/wp-content\/uploads\/sites\/11\/2024\/05\/medias-electronique.jpeg\",\"width\":612,\"height\":370,\"caption\":\"Media concept on the keyboard background\"},{\"@type\":\"BreadcrumbList\",\"@id\":\"https:\/\/www.uni.lu\/fr\/events\/reformer-les-medias-de-nouveaux-enjeux-et-defis-pour-le-luxembourg\/#breadcrumb\",\"itemListElement\":[{\"@type\":\"ListItem\",\"position\":1,\"name\":\"Home\",\"item\":\"https:\/\/www.uni.lu\/fr\/\"},{\"@type\":\"ListItem\",\"position\":2,\"name\":\"Events\",\"item\":\"https:\/\/www.uni.lu\/fr\/events\/\"},{\"@type\":\"ListItem\",\"position\":3,\"name\":\"R\u00e9former les m\u00e9dias: de nouveaux enjeux et d\u00e9fis pour le Luxembourg\"}]},{\"@type\":\"WebSite\",\"@id\":\"https:\/\/www.uni.lu\/fr\/#website\",\"url\":\"https:\/\/www.uni.lu\/fr\/\",\"name\":\"Uni.lu\",\"description\":\"Universit\u00e9 du Luxembourg\",\"publisher\":{\"@id\":\"https:\/\/www.uni.lu\/fr\/#organization\"},\"alternateName\":\"Universit\u00e9 du Luxembourg\",\"potentialAction\":[{\"@type\":\"SearchAction\",\"target\":{\"@type\":\"EntryPoint\",\"urlTemplate\":\"https:\/\/www.uni.lu\/fr\/?s={search_term_string}\"},\"query-input\":\"required name=search_term_string\"}],\"inLanguage\":\"fr-FR\"},{\"@type\":\"Organization\",\"@id\":\"https:\/\/www.uni.lu\/fr\/#organization\",\"name\":\"Universit\u00e9 du Luxembourg\",\"alternateName\":\"Uni.lu\",\"url\":\"https:\/\/www.uni.lu\/fr\/\",\"logo\":{\"@type\":\"ImageObject\",\"inLanguage\":\"fr-FR\",\"@id\":\"https:\/\/www.uni.lu\/fr\/#\/schema\/logo\/image\/\",\"url\":\"https:\/\/www.uni.lu\/wp-content\/uploads\/sites\/11\/2026\/03\/03120045\/UNIV_SM-Profile_1600x1600px-scaled.jpg\",\"contentUrl\":\"https:\/\/www.uni.lu\/wp-content\/uploads\/sites\/11\/2026\/03\/03120045\/UNIV_SM-Profile_1600x1600px-scaled.jpg\",\"width\":2560,\"height\":2560,\"caption\":\"Universit\u00e9 du Luxembourg\"},\"image\":\"https:\/\/www.uni.lu\/wp-content\/uploads\/sites\/11\/2026\/04\/24120552\/20200609-Belval-Campus_Henri-Goergen-23.jpg\",\"sameAs\":[\"https:\/\/www.facebook.com\/uni.lu\",\"https:\/\/www.linkedin.com\/school\/university-of-luxembourg\/\",\"https:\/\/www.instagram.com\/uni.lu\",\"https:\/\/www.youtube.com\/@uni_lu\",\"https:\/\/en.wikipedia.org\/wiki\/University_of_Luxembourg\"],\"email\":\"communication@uni.lu\",\"telephone\":\"+352 46 66 44 1\",\"address\":{\"@type\":\"PostalAddress\",\"streetAddress\":\"2, place de l\u2019Universit\u00e9\",\"addressLocality\":\"Esch-sur-Alzette\",\"postalCode\":\"4365\",\"addressCountry\":\"LU\"},\"description\":\"Universit\u00e9 du Luxembourg\"}]}<\/script>\n<!-- \/ Yoast SEO Premium plugin. -->","yoast_head_json":{"title":"R\u00e9former les m\u00e9dias: de nouveaux enjeux et d\u00e9fis pour le Luxembourg - Universit\u00e9 du Luxembourg","description":"Conf\u00e9rence dans le cadre de la r\u00e9forme de la loi sur les m\u00e9dias \u00e9lectroniques","robots":{"index":"index","follow":"follow","max-snippet":"max-snippet:-1","max-image-preview":"max-image-preview:large","max-video-preview":"max-video-preview:-1"},"canonical":"https:\/\/www.uni.lu\/fr\/events\/reformer-les-medias-de-nouveaux-enjeux-et-defis-pour-le-luxembourg\/","og_locale":"fr_FR","og_type":"article","og_title":"R\u00e9former les m\u00e9dias: de nouveaux enjeux et d\u00e9fis pour le Luxembourg","og_description":"Conf\u00e9rence dans le cadre de la r\u00e9forme de la loi sur les m\u00e9dias \u00e9lectroniques","og_url":"https:\/\/www.uni.lu\/fr\/events\/reformer-les-medias-de-nouveaux-enjeux-et-defis-pour-le-luxembourg\/","og_site_name":"UNI FR","article_publisher":"https:\/\/www.facebook.com\/uni.lu","article_modified_time":"2024-05-03T13:25:26+00:00","og_image":[{"width":612,"height":370,"url":"https:\/\/www.uni.lu\/wp-content\/uploads\/sites\/11\/2024\/05\/medias-electronique.jpeg","type":"image\/jpeg"}],"twitter_card":"summary_large_image","twitter_misc":{"Dur\u00e9e de lecture estim\u00e9e":"2 minutes"},"schema":{"@context":"https:\/\/schema.org","@graph":[{"@type":"WebPage","@id":"https:\/\/www.uni.lu\/fr\/events\/reformer-les-medias-de-nouveaux-enjeux-et-defis-pour-le-luxembourg\/","url":"https:\/\/www.uni.lu\/fr\/events\/reformer-les-medias-de-nouveaux-enjeux-et-defis-pour-le-luxembourg\/","name":"R\u00e9former les m\u00e9dias: de nouveaux enjeux et d\u00e9fis pour le Luxembourg - Universit\u00e9 du Luxembourg","isPartOf":{"@id":"https:\/\/www.uni.lu\/fr\/#website"},"primaryImageOfPage":{"@id":"https:\/\/www.uni.lu\/fr\/events\/reformer-les-medias-de-nouveaux-enjeux-et-defis-pour-le-luxembourg\/#primaryimage"},"image":{"@id":"https:\/\/www.uni.lu\/fr\/events\/reformer-les-medias-de-nouveaux-enjeux-et-defis-pour-le-luxembourg\/#primaryimage"},"thumbnailUrl":"https:\/\/www.uni.lu\/wp-content\/uploads\/sites\/11\/2024\/05\/medias-electronique.jpeg","datePublished":"2024-05-03T07:24:38+00:00","dateModified":"2024-05-03T13:25:26+00:00","description":"Conf\u00e9rence dans le cadre de la r\u00e9forme de la loi sur les m\u00e9dias \u00e9lectroniques","breadcrumb":{"@id":"https:\/\/www.uni.lu\/fr\/events\/reformer-les-medias-de-nouveaux-enjeux-et-defis-pour-le-luxembourg\/#breadcrumb"},"inLanguage":"fr-FR","potentialAction":[{"@type":"ReadAction","target":["https:\/\/www.uni.lu\/fr\/events\/reformer-les-medias-de-nouveaux-enjeux-et-defis-pour-le-luxembourg\/"]}]},{"@type":"ImageObject","inLanguage":"fr-FR","@id":"https:\/\/www.uni.lu\/fr\/events\/reformer-les-medias-de-nouveaux-enjeux-et-defis-pour-le-luxembourg\/#primaryimage","url":"https:\/\/www.uni.lu\/wp-content\/uploads\/sites\/11\/2024\/05\/medias-electronique.jpeg","contentUrl":"https:\/\/www.uni.lu\/wp-content\/uploads\/sites\/11\/2024\/05\/medias-electronique.jpeg","width":612,"height":370,"caption":"Media concept on the keyboard background"},{"@type":"BreadcrumbList","@id":"https:\/\/www.uni.lu\/fr\/events\/reformer-les-medias-de-nouveaux-enjeux-et-defis-pour-le-luxembourg\/#breadcrumb","itemListElement":[{"@type":"ListItem","position":1,"name":"Home","item":"https:\/\/www.uni.lu\/fr\/"},{"@type":"ListItem","position":2,"name":"Events","item":"https:\/\/www.uni.lu\/fr\/events\/"},{"@type":"ListItem","position":3,"name":"R\u00e9former les m\u00e9dias: de nouveaux enjeux et d\u00e9fis pour le Luxembourg"}]},{"@type":"WebSite","@id":"https:\/\/www.uni.lu\/fr\/#website","url":"https:\/\/www.uni.lu\/fr\/","name":"Uni.lu","description":"Universit\u00e9 du Luxembourg","publisher":{"@id":"https:\/\/www.uni.lu\/fr\/#organization"},"alternateName":"Universit\u00e9 du Luxembourg","potentialAction":[{"@type":"SearchAction","target":{"@type":"EntryPoint","urlTemplate":"https:\/\/www.uni.lu\/fr\/?s={search_term_string}"},"query-input":"required name=search_term_string"}],"inLanguage":"fr-FR"},{"@type":"Organization","@id":"https:\/\/www.uni.lu\/fr\/#organization","name":"Universit\u00e9 du Luxembourg","alternateName":"Uni.lu","url":"https:\/\/www.uni.lu\/fr\/","logo":{"@type":"ImageObject","inLanguage":"fr-FR","@id":"https:\/\/www.uni.lu\/fr\/#\/schema\/logo\/image\/","url":"https:\/\/www.uni.lu\/wp-content\/uploads\/sites\/11\/2026\/03\/03120045\/UNIV_SM-Profile_1600x1600px-scaled.jpg","contentUrl":"https:\/\/www.uni.lu\/wp-content\/uploads\/sites\/11\/2026\/03\/03120045\/UNIV_SM-Profile_1600x1600px-scaled.jpg","width":2560,"height":2560,"caption":"Universit\u00e9 du Luxembourg"},"image":"https:\/\/www.uni.lu\/wp-content\/uploads\/sites\/11\/2026\/04\/24120552\/20200609-Belval-Campus_Henri-Goergen-23.jpg","sameAs":["https:\/\/www.facebook.com\/uni.lu","https:\/\/www.linkedin.com\/school\/university-of-luxembourg\/","https:\/\/www.instagram.com\/uni.lu","https:\/\/www.youtube.com\/@uni_lu","https:\/\/en.wikipedia.org\/wiki\/University_of_Luxembourg"],"email":"communication@uni.lu","telephone":"+352 46 66 44 1","address":{"@type":"PostalAddress","streetAddress":"2, place de l\u2019Universit\u00e9","addressLocality":"Esch-sur-Alzette","postalCode":"4365","addressCountry":"LU"},"description":"Universit\u00e9 du Luxembourg"}]}},"_links":{"self":[{"href":"https:\/\/www.uni.lu\/fr\/wp-json\/wp\/v2\/events\/11293"}],"collection":[{"href":"https:\/\/www.uni.lu\/fr\/wp-json\/wp\/v2\/events"}],"about":[{"href":"https:\/\/www.uni.lu\/fr\/wp-json\/wp\/v2\/types\/events"}],"author":[{"embeddable":true,"href":"https:\/\/www.uni.lu\/fr\/wp-json\/wp\/v2\/users\/42"}],"replies":[{"embeddable":true,"href":"https:\/\/www.uni.lu\/fr\/wp-json\/wp\/v2\/comments?post=11293"}],"version-history":[{"count":3,"href":"https:\/\/www.uni.lu\/fr\/wp-json\/wp\/v2\/events\/11293\/revisions"}],"predecessor-version":[{"id":11891,"href":"https:\/\/www.uni.lu\/fr\/wp-json\/wp\/v2\/events\/11293\/revisions\/11891"}],"wp:authorship":[{"embeddable":true,"href":"https:\/\/www.uni.lu\/fr\/wp-json\/wp\/v2\/users\/42"}],"wp:featuredmedia":[{"embeddable":true,"href":"https:\/\/www.uni.lu\/fr\/wp-json\/wp\/v2\/media\/11300"}],"wp:attachment":[{"href":"https:\/\/www.uni.lu\/fr\/wp-json\/wp\/v2\/media?parent=11293"}],"wp:term":[{"taxonomy":"events-topic","embeddable":true,"href":"https:\/\/www.uni.lu\/fr\/wp-json\/wp\/v2\/events-topic?post=11293"},{"taxonomy":"events-type","embeddable":true,"href":"https:\/\/www.uni.lu\/fr\/wp-json\/wp\/v2\/events-type?post=11293"},{"taxonomy":"organisation","embeddable":true,"href":"https:\/\/www.uni.lu\/fr\/wp-json\/wp\/v2\/organisation?post=11293"}],"curies":[{"name":"wp","href":"https:\/\/api.w.org\/{rel}","templated":true}]}}