{"version":"1.0","provider_name":"UNI FR","provider_url":"https:\/\/www.uni.lu\/fr","author_name":"UNI FR","author_url":"https:\/\/www.uni.lu\/fr","title":"Convention-cadre entre la Biblioth\u00e8que nationale et l\u2019Universit\u00e9","type":"rich","width":600,"height":338,"html":"<blockquote class=\"wp-embedded-content\" data-secret=\"GQ4oMQJUV7\"><a href=\"https:\/\/www.uni.lu\/fr\/news\/convention-cadre-entre-la-bibliotheque-nationale-et-luniversite\/\">Convention-cadre entre la Biblioth\u00e8que nationale et l\u2019Universit\u00e9<\/a><\/blockquote><iframe sandbox=\"allow-scripts\" security=\"restricted\" src=\"https:\/\/www.uni.lu\/fr\/news\/convention-cadre-entre-la-bibliotheque-nationale-et-luniversite\/embed\/#?secret=GQ4oMQJUV7\" width=\"600\" height=\"338\" title=\"\u00ab\u00a0Convention-cadre entre la Biblioth\u00e8que nationale et l\u2019Universit\u00e9\u00a0\u00bb &#8212; UNI FR\" data-secret=\"GQ4oMQJUV7\" frameborder=\"0\" marginwidth=\"0\" marginheight=\"0\" scrolling=\"no\" class=\"wp-embedded-content\"><\/iframe><script>\n\/*! This file is auto-generated *\/\n!function(c,d){\"use strict\";var e=!1,o=!1;if(d.querySelector)if(c.addEventListener)e=!0;if(c.wp=c.wp||{},c.wp.receiveEmbedMessage);else if(c.wp.receiveEmbedMessage=function(e){var t=e.data;if(!t);else if(!(t.secret||t.message||t.value));else if(\/[^a-zA-Z0-9]\/.test(t.secret));else{for(var r,s,a,i=d.querySelectorAll('iframe[data-secret=\"'+t.secret+'\"]'),n=d.querySelectorAll('blockquote[data-secret=\"'+t.secret+'\"]'),o=new RegExp(\"^https?:$\",\"i\"),l=0;l<n.length;l++)n[l].style.display=\"none\";for(l=0;l<i.length;l++)if(r=i[l],e.source!==r.contentWindow);else{if(r.removeAttribute(\"style\"),\"height\"===t.message){if(1e3<(s=parseInt(t.value,10)))s=1e3;else if(~~s<200)s=200;r.height=s}if(\"link\"===t.message)if(s=d.createElement(\"a\"),a=d.createElement(\"a\"),s.href=r.getAttribute(\"src\"),a.href=t.value,!o.test(a.protocol));else if(a.host===s.host)if(d.activeElement===r)c.top.location.href=t.value}}},e)c.addEventListener(\"message\",c.wp.receiveEmbedMessage,!1),d.addEventListener(\"DOMContentLoaded\",t,!1),c.addEventListener(\"load\",t,!1);function t(){if(o);else{o=!0;for(var e,t,r,s=-1!==navigator.appVersion.indexOf(\"MSIE 10\"),a=!!navigator.userAgent.match(\/Trident.*rv:11\\.\/),i=d.querySelectorAll(\"iframe.wp-embedded-content\"),n=0;n<i.length;n++){if(!(r=(t=i[n]).getAttribute(\"data-secret\")))r=Math.random().toString(36).substr(2,10),t.src+=\"#?secret=\"+r,t.setAttribute(\"data-secret\",r);if(s||a)(e=t.cloneNode(!0)).removeAttribute(\"security\"),t.parentNode.replaceChild(e,t);t.contentWindow.postMessage({message:\"ready\",secret:r},\"*\")}}}}(window,document);\n<\/script>\n","description":"Le 10 juillet 2019, la Ministre de la Culture, Mme Sam Tanson, et le Pr\u00e9sident du Conseil de gouvernance de l\u2019Universit\u00e9 du Luxembourg, M. Yves Elsen, ainsi que la Directrice de la Biblioth\u00e8que nationale, Mme Monique Kieffer, et le Recteur de l\u2019Universit\u00e9 du Luxembourg, M. St\u00e9phane Pallage, ont sign\u00e9 une convention-cadre entre la Biblioth\u00e8que nationale et l\u2019Universit\u00e9.","thumbnail_url":"https:\/\/www.uni.lu\/wp-content\/uploads\/sites\/11\/2019\/07\/convention_cadre_entre_la_bibliotheque_nationale_et_l_universite.jpg","thumbnail_width":800,"thumbnail_height":600}