{"id":2413,"date":"2024-03-07T09:40:21","date_gmt":"2024-03-07T08:40:21","guid":{"rendered":"https:\/\/www.uni.lu\/fhse-fr\/?post_type=study-programs&#038;p=2413"},"modified":"2026-03-09T10:50:47","modified_gmt":"2026-03-09T09:50:47","slug":"master-en-etudes-parlementaires","status":"publish","type":"study-programs","link":"https:\/\/www.uni.lu\/fhse-fr\/study-programs\/master-en-etudes-parlementaires\/","title":{"rendered":"Master en \u00c9tudes parlementaires"},"content":{"rendered":"<div class=\"section py-0 static\">\n<div class=\"py-0 wp-block-unilux-blocks-study-programme-overview section\">\n<div class=\"wp-block-unilux-blocks-wrapper container xl:max-w-screen-xl\"><div class=\"js-secondary-nav--sticky wp-block-unilux-blocks-secondary-navigation\" id=\"766541c6-94b5-40dc-8a3d-883e9e2ed2ec\">\n    <nav\n        id=\"secondary-navigation\"\n        role=\"navigation\"\n        aria-label=\"Secondary menu\"\n        class=\"secondary-nav\"\n    >\n        <button\n            class=\"secondary-nav__button btn btn-solid--primary w-full\"\n            aria-expanded=\"false\"\n            aria-controls=\"secondary-navigation__list\"\n            title=\"The selected page is Accueil\"\n            type=\"button\"\n        >\n            <span class=\"btn__name mr-auto\">Accueil<\/span>\n            <svg aria-hidden=\"true\" focusable=\"false\" class=\"icon icon-outline icon--xs\">\n                <use xlink:href=\"https:\/\/www.uni.lu\/wp-content\/themes\/unilux-theme\/assets\/images\/icons\/icons-outline.svg#icon--arrow-down\" \/>\n            <\/svg>\n        <\/button>\n\n        <ul id=\"secondary-navigation__list\" class=\"secondary-nav__list\">\n            <li class=\"secondary-nav__item\">\n    <a\n        href=\"https:\/\/www.uni.lu\/fhse-fr\/study-programs\/master-en-etudes-parlementaires\/\"\n        target=\"\"\n        rel=\"noreferrer noopener\"\n        class=\"secondary-nav__link isactived\"\n        aria-current=\"page\"    >\n        <svg aria-hidden=\"true\" focusable=\"false\" class=\"icon icon-outline icon--xs\">\n            <use xlink:href=\"https:\/\/www.uni.lu\/wp-content\/themes\/unilux-theme\/assets\/images\/icons\/icons-outline.svg#icon--arrow-right\" \/>\n        <\/svg>\n        <span class=\"secondary-nav__name\">Accueil<\/span>\n    <\/a>\n<\/li>\n<li class=\"secondary-nav__item\">\n    <a\n        href=\"https:\/\/www.uni.lu\/fhse-fr\/study-programs\/master-en-etudes-parlementaires\/programme\/\"\n        target=\"\"\n        rel=\"noreferrer noopener\"\n        class=\"secondary-nav__link \"\n            >\n        <svg aria-hidden=\"true\" focusable=\"false\" class=\"icon icon-outline icon--xs\">\n            <use xlink:href=\"https:\/\/www.uni.lu\/wp-content\/themes\/unilux-theme\/assets\/images\/icons\/icons-outline.svg#icon--arrow-right\" \/>\n        <\/svg>\n        <span class=\"secondary-nav__name\">Programme<\/span>\n    <\/a>\n<\/li>\n<li class=\"secondary-nav__item\">\n    <a\n        href=\"https:\/\/www.uni.lu\/fhse-fr\/study-programs\/master-en-etudes-parlementaires\/carriere\/\"\n        target=\"\"\n        rel=\"noreferrer noopener\"\n        class=\"secondary-nav__link \"\n            >\n        <svg aria-hidden=\"true\" focusable=\"false\" class=\"icon icon-outline icon--xs\">\n            <use xlink:href=\"https:\/\/www.uni.lu\/wp-content\/themes\/unilux-theme\/assets\/images\/icons\/icons-outline.svg#icon--arrow-right\" \/>\n        <\/svg>\n        <span class=\"secondary-nav__name\">Carri\u00e8re<\/span>\n    <\/a>\n<\/li>\n<li class=\"secondary-nav__item\">\n    <a\n        href=\"https:\/\/www.uni.lu\/fhse-fr\/study-programs\/master-en-etudes-parlementaires\/equipe-enseignant\/\"\n        target=\"\"\n        rel=\"noreferrer noopener\"\n        class=\"secondary-nav__link \"\n            >\n        <svg aria-hidden=\"true\" focusable=\"false\" class=\"icon icon-outline icon--xs\">\n            <use xlink:href=\"https:\/\/www.uni.lu\/wp-content\/themes\/unilux-theme\/assets\/images\/icons\/icons-outline.svg#icon--arrow-right\" \/>\n        <\/svg>\n        <span class=\"secondary-nav__name\">Equipe enseignante<\/span>\n    <\/a>\n<\/li>\n<li class=\"secondary-nav__item\">\n    <a\n        href=\"https:\/\/www.uni.lu\/fhse-fr\/study-programs\/master-en-etudes-parlementaires\/admissions\/\"\n        target=\"\"\n        rel=\"noreferrer noopener\"\n        class=\"secondary-nav__link \"\n            >\n        <svg aria-hidden=\"true\" focusable=\"false\" class=\"icon icon-outline icon--xs\">\n            <use xlink:href=\"https:\/\/www.uni.lu\/wp-content\/themes\/unilux-theme\/assets\/images\/icons\/icons-outline.svg#icon--arrow-right\" \/>\n        <\/svg>\n        <span class=\"secondary-nav__name\">Admissions<\/span>\n    <\/a>\n<\/li>\n        <\/ul>\n    <\/nav>\n<\/div>\n<\/div>\n\n\n\n<div class=\"wp-block-unilux-blocks-wrapper max-w-screen-3xl mx-auto section py-0\">\n<section class=\"section no-padding-y wp-block-unilux-blocks-hero\">\n    <div class=\"hero hero--2 hero--overlay-top hero--overlay-bottom\">\n        \n<header class=\"wp-block-unilux-blocks-wrapper hero__header\">\n<div class=\"wp-block-unilux-blocks-wrapper hero__container\">\n<span class=\"hero__title__subject wp-block-unilux-blocks-plain-text\"><\/span>\n\n\n<h1 class=\"has-text-align-left wp-block-unilux-blocks-heading\"        id=\"comprendre-les-enjeux-complexes-des-processus-legislatifs\"\n    >\n<strong>Comprendre les enjeux complexes des processus l\u00e9gislatifs<\/strong><\/h1>\n<\/div>\n<\/header>\n<figure class=\"wp-block-dev4-reusable-blocks-image hero__visual object-fit--cover\">\n    \n<img decoding=\"async\" class=\"wp-block-image unilux-custom-image-block\"\n                alt=\"\"\n            src=\"https:\/\/www.uni.lu\/wp-content\/uploads\/sites\/2\/2023\/07\/OVERVIEW_PARLIAMENTTOXabz.jpg\"\n                    style=\"object-position: 50.00% 50.00%; font-family: &quot;object-fit: cover; object-position: 50.00% 50.00%;&quot;; aspect-ratio: 16\/9; object-fit: cover; width: 100%;\"\n        loading=\"lazy\"\n\/>    <\/figure>\n<div class=\"wp-block-unilux-blocks-wrapper hero__body\">\n<div class=\"wp-block-unilux-blocks-wrapper hero__container\">\n<p class=\"wp-block-unilux-blocks-plain-text\">Le Master en \u00c9tudes Parlementaires a pour finalit\u00e9 de contribuer \u00e0 la connaissance et \u00e0 l\u2019\u00e9tude du fonctionnement des processus d\u00e9cisionnels et l\u00e9gislatifs contemporains au niveau r\u00e9gional, national, europ\u00e9en et international.<\/p>\n\n\n<ul class=\"wp-block-unilux-blocks-custom-buttons btn-list\"><li class=\"wp-block-unilux-blocks-custom-button\"    aria-disabled=\"false\"\n    >\n    <a\n        role=\"link\"\n        aria-disabled=\"false\"\n                    href=\"https:\/\/www.uni.lu\/fhse-fr\/study-programs\/master-en-etudes-parlementaires\/programme\/\"\n                target=\"_self\"\n        class=\"btn btn--primary\"\n            >En savoir plus<\/a>\n<\/li>\n\n\n<li class=\"wp-block-unilux-blocks-custom-button\"    aria-disabled=\"false\"\n    >\n    <a\n        role=\"link\"\n        aria-disabled=\"false\"\n                    href=\"https:\/\/www.uni.lu\/fhse-fr\/study-programs\/master-en-etudes-parlementaires\/admissions\/\"\n                target=\"_self\"\n        class=\"btn btn--secondary\"\n            >Crit\u00e8res d&rsquo;admission<\/a>\n<\/li>\n<\/ul>\n<\/div>\n<\/div>\n    <\/div>\n<\/section><\/div>\n\n\n\n<section class=\"wp-block-unilux-blocks-wrapper section py-0\">\n<div class=\"wp-block-unilux-blocks-wrapper container xl:max-w-screen-xl\">\n<div class=\"wp-block-unilux-blocks-wrapper p-16 sm:p-32 bg-gray-100\">\n<div class=\"wp-block-unilux-blocks-program-at-a-glance-info\">\n    <h2>Programme en un coup d\u2019oeil &#8211; <span class=\"text-theme\">120 ECTS<\/span><\/h2>\n    <ul class=\"flex flex-wrap -mx-16\">\n        <li class=\"w-full sm:w-1\/2 lg:w-1\/3 xl:w-1\/4 px-16\">\n            <div class=\"icon-info\">\n                <svg aria-hidden=\"true\" focusable=\"false\" class=\"icon icon-outline icon--duration  icon--lg\"><use xlink:href=\"https:\/\/www.uni.lu\/wp-content\/themes\/unilux-theme\/assets\/images\/icons\/icons-outline.svg#icon--duration\"><\/use><\/svg>                <div class=\"icon-info__body\">\n                    <div>Dur\u00e9e :<\/div>\n                    <div class=\"font-medium text-dark\">2 ans \/ 4 semestres<\/div>\n                <\/div>\n            <\/div>\n        <\/li>\n        <li class=\"w-full sm:w-1\/2 lg:w-1\/3 xl:w-1\/4 px-16\">\n            <div class=\"icon-info\">\n                <svg aria-hidden=\"true\" focusable=\"false\" class=\"icon icon-outline icon--languages  icon--lg\"><use xlink:href=\"https:\/\/www.uni.lu\/wp-content\/themes\/unilux-theme\/assets\/images\/icons\/icons-outline.svg#icon--languages\"><\/use><\/svg>                <div class=\"icon-info__body\">\n                    <div>Langues d&#039;enseignement :<\/div>\n                    <div class=\"font-medium text-dark\">FR + EN<\/div>\n                <\/div>\n            <\/div>\n        <\/li>\n        <li class=\"w-full sm:w-1\/2 lg:w-1\/3 xl:w-1\/4 px-16\">\n            <div class=\"icon-info\">\n                <svg aria-hidden=\"true\" focusable=\"false\" class=\"icon icon-outline icon--admissions  icon--lg\"><use xlink:href=\"https:\/\/www.uni.lu\/wp-content\/themes\/unilux-theme\/assets\/images\/icons\/icons-outline.svg#icon--admissions\"><\/use><\/svg>                <div class=\"icon-info__body\">\n                    <div>Admissions :<\/div>\n                    <div class=\"font-medium text-dark\">\n                        UE : 1 Feb 2026 &#8211; 15 Jul 2026<br \/><br \/>\nNon-UE: 1 Feb 2026 &#8211; 24 Mar 2026<br \/>                    <\/div>\n                <\/div>\n            <\/div>\n        <\/li>\n        <li class=\"w-full sm:w-1\/2 lg:w-1\/3 xl:w-1\/4 px-16\">\n            <div class=\"icon-info\">\n                <svg aria-hidden=\"true\" focusable=\"false\" class=\"icon icon-outline icon--fees  icon--lg\"><use xlink:href=\"https:\/\/www.uni.lu\/wp-content\/themes\/unilux-theme\/assets\/images\/icons\/icons-outline.svg#icon--fees\"><\/use><\/svg>                <div class=\"icon-info__body\">\n                    <div>Frais d\u2019inscription :<\/div>\n                    <div class=\"font-medium text-dark\">\n                        750\u20ac\/ sem. (semestre 1,2,3,4)                    <\/div>\n                <\/div>\n            <\/div>\n        <\/li>\n        <li class=\"w-full sm:w-1\/2 lg:w-1\/3 xl:w-1\/4 px-16\">\n            <div class=\"icon-info\">\n                <svg aria-hidden=\"true\" focusable=\"false\" class=\"icon icon-outline icon--format  icon--lg\"><use xlink:href=\"https:\/\/www.uni.lu\/wp-content\/themes\/unilux-theme\/assets\/images\/icons\/icons-outline.svg#icon--format\"><\/use><\/svg>                <div class=\"icon-info__body\">\n                    <div>Format :<\/div>\n                    <div class=\"font-medium text-dark\">\n                                                    Programme \u00e0 temps plein (<a href=\"https:\/\/www.uni.lu\/en\/education\/academic-matters\/student-status\/part-time-studies\/\" target=\"_blank\">le statut d&rsquo;\u00e9tudiant \u00e0 temps partiel est possible<\/a>)                                            <\/div>\n                <\/div>\n            <\/div>\n        <\/li>\n\n        <!--        <li class=\"w-full sm:w-1\/2 lg:w-1\/3 xl:w-1\/4 px-16\">-->\n        <!--            <div class=\"icon-info\">-->\n        <!--                -->        <!--                <div class=\"icon-info__body\">-->\n        <!--                    <div>Campus:<\/div>-->\n        <!--                    <div class=\"font-medium text-dark\">-->\n        <!--                        Campus:-->\n        <!--                        -->        <!--                    <\/div>-->\n        <!--                <\/div>-->\n        <!--            <\/div>-->\n        <!--        <\/li>-->\n\n    <\/ul>\n<\/div><\/div>\n<\/div>\n<\/section>\n<\/div>\n\n\n\n<section class=\"wp-block-unilux-blocks-study-programme-about section\"><div class=\"container xl:max-w-screen-xl\"><div class=\"flex flex-wrap -mx-16\">\n<div class=\"wp-block-unilux-blocks-wrapper flex-1 mb-48 px-16\">\n<div class=\"wp-block-unilux-blocks-wrapper lg:w-11\/12\">\n<h2 class=\"has-text-align-left wp-block-unilux-blocks-heading\"        id=\"pourquoi-etudier-avec-nous\"\n    >\n<strong>Pourquoi \u00e9tudier avec nous<\/strong>?<\/h2>\n\n\n\n<div class=\"wp-block-unilux-blocks-free-content-area\">\n<p>Le Master en \u00c9tudes Parlementaires permet aux \u00e9tudiants d\u2019acqu\u00e9rir une connaissance approfondie des processus d\u00e9cisionnels et l\u00e9gislatifs. <\/p>\n\n\n\n<p>Les futurs dipl\u00f4m\u00e9s acquerront des comp\u00e9tences pratiques se rapportant \u00e0 l\u2019ing\u00e9nierie publique, \u00e0 la conception et \u00e0 l\u2019\u00e9valuation des politiques publiques. Ils d\u00e9velopperont des capacit\u00e9s \u00e0 traiter des nouvelles configurations d\u00e9mographiques, \u00e9conomiques, soci\u00e9tales et scientifiques n\u00e9cessitant l\u2019intervention de tous les acteurs de la Gouvernance, L\u00e9gislateur comme institutions publiques et priv\u00e9es.<\/p>\n\n\n\n<p><br><\/p>\n\n\n<ul class=\"wp-block-unilux-blocks-button-list\">\n    <li class=\"image-rounded wp-block-unilux-blocks-button-list-item\">\n    <a\n            class=\"quick-link wp-block-unilux-blocks-anchor\"        target=\"\"\n>\n    \n<span class=\"wp-block-unilux-blocks-wrapper quick-link__container\"><figure class=\"wp-block-dev4-reusable-blocks-image quick-link__img object-fit--scale-down\">\n        <\/figure>\n\n\n<span class=\"quick-link__name wp-block-unilux-blocks-plain-text\">Chaire en recherches parlementaires<\/span>\n\n<svg aria-hidden=\"true\" focusable=\"false\" class=\"icon icon-outline icon--arrow-right \"><use xlink:href=\"https:\/\/www.uni.lu\/wp-content\/themes\/unilux-theme\/assets\/images\/icons\/icons-outline.svg#icon--arrow-right\"><\/use><\/svg><\/span>\n<\/a>\n<\/li><li class=\"image-rounded wp-block-unilux-blocks-button-list-item\">\n    <a\n            href=\"https:\/\/apf-francophonie.org\/\"\n            class=\"quick-link wp-block-unilux-blocks-anchor\"        target=\"_blank\"\n>\n    \n<span class=\"wp-block-unilux-blocks-wrapper quick-link__container\"><figure class=\"wp-block-dev4-reusable-blocks-image quick-link__img object-fit--scale-down\">\n        <\/figure>\n\n\n<span class=\"quick-link__name wp-block-unilux-blocks-plain-text\">Assembl\u00e9e de la Francophonie<\/span>\n\n<svg aria-hidden=\"true\" focusable=\"false\" class=\"icon icon-outline icon--external-link \"><use xlink:href=\"https:\/\/www.uni.lu\/wp-content\/themes\/unilux-theme\/assets\/images\/icons\/icons-outline.svg#icon--external-link\"><\/use><\/svg><\/span>\n<\/a>\n<\/li><li class=\"image-rounded wp-block-unilux-blocks-button-list-item\">\n    <a\n            href=\"https:\/\/www.chd.lu\/fr\"\n            class=\"quick-link wp-block-unilux-blocks-anchor\"        target=\"_blank\"\n>\n    \n<span class=\"wp-block-unilux-blocks-wrapper quick-link__container\"><figure class=\"wp-block-dev4-reusable-blocks-image quick-link__img object-fit--scale-down\">\n        <\/figure>\n\n\n<span class=\"quick-link__name wp-block-unilux-blocks-plain-text\">Chambre des D\u00e9put\u00e9s du Luxembourg<\/span>\n\n<svg aria-hidden=\"true\" focusable=\"false\" class=\"icon icon-outline icon--external-link \"><use xlink:href=\"https:\/\/www.uni.lu\/wp-content\/themes\/unilux-theme\/assets\/images\/icons\/icons-outline.svg#icon--external-link\"><\/use><\/svg><\/span>\n<\/a>\n<\/li><li class=\"image-rounded wp-block-unilux-blocks-button-list-item\">\n    <a\n            href=\"https:\/\/www.europarl.europa.eu\/portal\/en\"\n            class=\"quick-link wp-block-unilux-blocks-anchor\"        target=\"_blank\"\n>\n    \n<span class=\"wp-block-unilux-blocks-wrapper quick-link__container\"><figure class=\"wp-block-dev4-reusable-blocks-image quick-link__img object-fit--scale-down\">\n        <\/figure>\n\n\n<span class=\"quick-link__name wp-block-unilux-blocks-plain-text\">European Parliament<\/span>\n\n<svg aria-hidden=\"true\" focusable=\"false\" class=\"icon icon-outline icon--external-link \"><use xlink:href=\"https:\/\/www.uni.lu\/wp-content\/themes\/unilux-theme\/assets\/images\/icons\/icons-outline.svg#icon--external-link\"><\/use><\/svg><\/span>\n<\/a>\n<\/li><\/ul>\n<\/div>\n<\/div>\n<\/div>\n\n\n\n<div class=\"wp-block-unilux-blocks-wrapper w-full md:w-auto px-16\">\n<div class=\"wp-block-unilux-blocks-wrapper flex flex-col items-center\">\n<h2 class=\"has-text-align-left wp-block-unilux-blocks-heading\"        id=\"plus-dinfo\"\n    >\nPlus d&rsquo;info<\/h2>\n\n\n<a class=\"wp-block-unilux-blocks-button-highlight-square\"\n    href=\"https:\/\/www.uni.lu\/wp-content\/uploads\/sites\/16\/2024\/03\/09104935\/MEP_Legistative-Studies_FR_202602_WEB.pdf\"\n    target=\"_self\"\n>\n    <span class=\"btn-highlight-square__container\">\n        <div class=\"btn-highlight-square__body\">\n    <svg aria-hidden=\"true\" focusable=\"false\" class=\"icon icon-outline icon--download-link icon--xl\"><use xlink:href=\"https:\/\/www.uni.lu\/wp-content\/themes\/unilux-theme\/assets\/images\/icons\/icons-outline.svg#icon--download-link\"><\/use><\/svg>    <span class=\"btn btn--dark\">\n        \n<span class=\"btn__name wp-block-unilux-blocks-plain-text\">T\u00e9l\u00e9charger le flyer<\/span>    <\/span>\n<\/div><figure class=\"wp-block-dev4-reusable-blocks-image image-bg object-fit--cover\">\n    \n<img decoding=\"async\" class=\"wp-block-image unilux-custom-image-block\"\n                alt=\"\"\n            src=\"https:\/\/www.uni.lu\/wp-content\/uploads\/sites\/16\/2024\/03\/09105039\/Vignette_MEP_FR_2026.png\"\n                srcset=\"https:\/\/www.uni.lu\/wp-content\/uploads\/sites\/16\/2024\/03\/09105039\/Vignette_MEP_FR_2026-211x300.png 211w, https:\/\/www.uni.lu\/wp-content\/uploads\/sites\/16\/2024\/03\/09105039\/Vignette_MEP_FR_2026-721x1024.png 721w, https:\/\/www.uni.lu\/wp-content\/uploads\/sites\/16\/2024\/03\/09105039\/Vignette_MEP_FR_2026-768x1091.png 768w, https:\/\/www.uni.lu\/wp-content\/uploads\/sites\/16\/2024\/03\/09105039\/Vignette_MEP_FR_2026.png 789w\"\n                style=\"object-position: 50.00% 50.00%; font-family: &quot;object-fit: cover; object-position: 50.00% 50.00%;&quot;; aspect-ratio: 3\/4; object-fit: cover; width: 100%;\"\n        loading=\"lazy\"\n\/>    <\/figure>    <\/span>\n<\/a><\/div>\n<\/div>\n<\/div><\/div><\/section>\n\n\n\n<section class=\"wp-block-unilux-blocks-free-section section\"><div class=\"container xl:max-w-screen-xl\">\n<h2 class=\"has-text-align-left wp-block-unilux-blocks-heading\"        id=\"bourses-detudes\"\n    >\nBourses d&rsquo;\u00e9tudes<\/h2>\n\n\n\n<p>Un programme de bourses est actuellement propos\u00e9 pour ce programme de master : la bourse internationale de Matser Guillaume Dupaix. Pour plus d&rsquo;informations, veuillez envoyer votre demande \u00e0 : <a>fhse.scholarships-maee@uni.lu<\/a><\/p>\n\n\n\n<ul class=\"wp-block-unilux-blocks-button-list-v2\">\n<li class=\"wp-block-unilux-blocks-button-list-item-v2\"><a class=\"quick-link\" href=\"https:\/\/www.uni.lu\/life-fr\/aide-financiere\/bourses-d-etudes\/#guillaume-dupaix\" target=\"_blank\" role=\"link\" rel=\"noopener\" tabindex=\"0\"><span class=\"quick-link__container\">\n<div class=\"wp-block-unilux-blocks-block-inserter quick-link__img\">\n<div class=\"icon--primary icon--secondary-2 icon--xl wp-block-unilux-blocks-icon-picker\">\n    <svg aria-hidden=\"true\" focusable=\"false\" class=\"icon icon-outline icon--funding \"><use xlink:href=\"https:\/\/www.uni.lu\/wp-content\/themes\/unilux-theme\/assets\/images\/icons\/icons-outline.svg#icon--funding\"><\/use><\/svg><\/div><\/div>\n\n\n\n<span class=\"quick-link__name wp-block-unilux-blocks-plain-text\">Bourses d&rsquo;\u00e9tudes<\/span>\n\n<svg aria-hidden=\"true\" focusable=\"false\" class=\"icon icon-outline icon--arrow-right \"><use xlink:href=\"https:\/\/www.uni.lu\/wp-content\/themes\/unilux-theme\/assets\/images\/icons\/icons-outline.svg#icon--arrow-right\"><\/use><\/svg><\/span><\/a><\/li>\n<\/ul>\n<\/div><\/section>\n\n\n\n<section class=\"wp-block-unilux-blocks-free-section section\"><div class=\"container xl:max-w-screen-xl\"><div class=\"content-card content-card--right content-card__overlay--hidden wp-block-unilux-blocks-content-card\">\n    \n<h2 class=\"content-card__heading has-text-align-left wp-block-unilux-blocks-heading\"        id=\"que-proposons-nous-a-nos-etudiants\"\n    >\n<strong>Que proposons-nous \u00e0 nos \u00e9tudiants<\/strong>? <\/h2>\n<div class=\"content-card__visual wp-block-unilux-blocks-content-card-visual-area\">\n    \n<section class=\"wp-block-unilux-blocks-image-video-wrapper\">\n    <figure class=\"wp-block-dev4-reusable-blocks-image  object-fit--cover\">\n    \n<img decoding=\"async\" class=\"wp-block-image unilux-custom-image-block\"\n                alt=\"\"\n            src=\"https:\/\/www.uni.lu\/wp-content\/uploads\/sites\/16\/2024\/03\/OVERVIEW_CHAMBRE_DES_DEPUTESSqCECa.jpg\"\n                srcset=\"https:\/\/www.uni.lu\/wp-content\/uploads\/sites\/16\/2024\/03\/OVERVIEW_CHAMBRE_DES_DEPUTESSqCECa-300x200.jpg 300w, https:\/\/www.uni.lu\/wp-content\/uploads\/sites\/16\/2024\/03\/OVERVIEW_CHAMBRE_DES_DEPUTESSqCECa-1024x682.jpg 1024w, https:\/\/www.uni.lu\/wp-content\/uploads\/sites\/16\/2024\/03\/OVERVIEW_CHAMBRE_DES_DEPUTESSqCECa-768x512.jpg 768w, https:\/\/www.uni.lu\/wp-content\/uploads\/sites\/16\/2024\/03\/OVERVIEW_CHAMBRE_DES_DEPUTESSqCECa-1536x1024.jpg 1536w, https:\/\/www.uni.lu\/wp-content\/uploads\/sites\/16\/2024\/03\/OVERVIEW_CHAMBRE_DES_DEPUTESSqCECa.jpg 2000w\"\n                style=\"object-position: 50.00% 50.00%; font-family: &quot;object-fit: cover; object-position: 50.00% 50.00%;&quot;; aspect-ratio: 3\/2; object-fit: cover; width: 100%;\"\n        loading=\"lazy\"\n\/>    <\/figure><\/section>\n<div class=\"wp-block-unilux-blocks-wrapper content-card__overlay\">\n<a class=\"wp-block-unilux-blocks-button-highlight-rounded bottom-left\" \n    href=\"https:\/\/www.uni.lu\/en\/admissions\/\"\n    target=\"_blank\"\n>\n    \n<span class=\"btn-highlight-rounded__name wp-block-unilux-blocks-plain-text\">Requirements<\/span>    <span class=\"icon-rounded\">\n        <svg aria-hidden=\"true\" focusable=\"false\" class=\"icon icon-outline icon--arrow-right icon--lg\"><use xlink:href=\"https:\/\/www.uni.lu\/wp-content\/themes\/unilux-theme\/assets\/images\/icons\/icons-outline.svg#icon--arrow-right\"><\/use><\/svg>    <\/span>\n<\/a><\/div>\n<\/div><div class=\"content-card__body  wp-block-unilux-blocks-content-card-free-area\">\n    \n<div class=\"wp-block-columns is-layout-flex wp-block-columns-is-layout-flex\">\n<div class=\"wp-block-column is-layout-flow wp-block-column-is-layout-flow\">\n<h6 class=\"has-text-align-left wp-block-unilux-blocks-heading\"        id=\"programme-interdisciplinaire\"\n    >\n<strong>Programme interdisciplinaire<\/strong><\/h6>\n\n\n\n<p>Les cours et les s\u00e9minaires sont dispens\u00e9s par des universitaires et des praticiens sp\u00e9cialis\u00e9s dans l&rsquo;administration publique, le droit, l&rsquo;\u00e9thique, l\u2019\u00e9conomie, la g\u00e9ographie, la philosophie, les sciences politiques et la sociologie. Cette approche pluridisciplinaire permet de pr\u00e9parer les \u00e9tudiants aux enjeux complexes des processus l\u00e9gislatifs et aux d\u00e9fis anthropologiques, culturels, environnementaux g\u00e9opolitiques et technologiques auxquels les syst\u00e8mes politiques doivent faire face.<\/p>\n<\/div>\n\n\n\n<div class=\"wp-block-column is-layout-flow wp-block-column-is-layout-flow\">\n<h6 class=\"has-text-align-left wp-block-unilux-blocks-heading\"        id=\"lexcellence-dans-lenseignement\"\n    >\n<strong>L&rsquo;excellence dans l&rsquo;enseignement<\/strong><\/h6>\n\n\n\n<p>Le Master en est plac\u00e9 sous l&rsquo;\u00e9gide de la Chaire de recherche en \u00e9tudes parlementaires de la Chambre des d\u00e9put\u00e9s du Grand-Duch\u00e9 de Luxembourg, \u00e0 l&rsquo;Universit\u00e9 du Luxembourg et en collaboration avec les 92 Parlements de l&rsquo;Assembl\u00e9e parlementaire de la Francophonie et le Parlement europ\u00e9en. <br><\/p>\n<\/div>\n\n\n\n<div class=\"wp-block-column is-layout-flow wp-block-column-is-layout-flow\">\n<h6 class=\"has-text-align-left wp-block-unilux-blocks-heading\"        id=\"etudes-sur-mesure\"\n    >\n<strong>Etudes sur mesure<\/strong><\/h6>\n\n\n\n<p>Le Master en \u00c9tudes Parlementaires pr\u00e9pare \u00e0 des carri\u00e8res dans le secteur public, les institutions au niveau r\u00e9gional, national, europ\u00e9en et international, les cabinets d\u2019audit, les associations professionnelles de lobbyistes, les organisations non-gouvernementales, les think tanks et les fondations travaillant dans le domaine des affaires publiques, les offices d\u2019\u00e9valuation scientifique et publique. Le Master en \u00c9tudes Parlementaires donne \u00e9galement acc\u00e8s aux formations doctorales.<\/p>\n<\/div>\n<\/div>\n<\/div><\/div><\/div><\/section>\n\n\n\n<section class=\"wp-block-unilux-blocks-free-section section\"><div class=\"container xl:max-w-screen-xl\">\n<h2 class=\"has-text-align-left wp-block-unilux-blocks-heading\"        id=\"contact\"\n    >\nContact<\/h2>\n\n\n\n<p>Pour toute questions concernant ce programme, veuillez contacter :<\/p>\n\n\n<ul class=\"flex flex-wrap mt-24 -mx-16  wp-block-unilux-blocks-free-content-card\">\n    <li class=\"w-full sm:w-1\/2 lg:w-1\/3 px-16  wp-block-unilux-blocks-free-content-card-item\">\n    <div class=\"ulux-card card-people bg-theme\">\n        <div class=\"ulux-card__container card__container\">\n                        <div class=\"ulux-card__visual wp-block-unilux-blocks-free-content-card-item-visual\">\n    \n<div class=\"wp-block-unilux-blocks-image-video-wrapper\">\n    <figure class=\"wp-block-dev4-reusable-blocks-image  object-fit--cover\">\n    \n<img decoding=\"async\" class=\"wp-block-image unilux-custom-image-block\"\n                alt=\"\"\n            src=\"https:\/\/www.uni.lu\/wp-content\/uploads\/sites\/16\/2024\/03\/Photo_Philippe-POIRIER.png\"\n                srcset=\"https:\/\/www.uni.lu\/wp-content\/uploads\/sites\/16\/2024\/03\/Photo_Philippe-POIRIER-300x207.png 300w, https:\/\/www.uni.lu\/wp-content\/uploads\/sites\/16\/2024\/03\/Photo_Philippe-POIRIER-768x530.png 768w, https:\/\/www.uni.lu\/wp-content\/uploads\/sites\/16\/2024\/03\/Photo_Philippe-POIRIER.png 812w\"\n                style=\"object-position: 50.00% 50.00%; font-family: &quot;object-fit: cover; object-position: 50.00% 50.00%;&quot;; aspect-ratio: 4\/3; object-fit: cover; width: 100%;\"\n        loading=\"lazy\"\n\/>    <\/figure><\/div><\/div><div class=\"ulux-card__body wp-block-unilux-blocks-free-content-card-item-body\">\n    \n<div class=\"card__activity wp-block-unilux-blocks-plain-text\"><\/div>\n<h3 class=\"card__name has-text-align-left wp-block-unilux-blocks-heading\"        id=\"philippe-poirier\"\n    >\nPhilippe Poirier<\/h3>\n\n<div class=\"card__organization wp-block-unilux-blocks-plain-text\">FHSE<\/div>\n<div class=\"card__function wp-block-unilux-blocks-plain-text\">Titulaire de la Chaire de recherche en \u00e9tudes parlementaires<\/div>\n<div class=\"card__interest wp-block-unilux-blocks-plain-text\"><\/div><div class=\"ulux-card__link-wrapper card__link wp-block-unilux-blocks-simple-cta\">\n    <a\n        href=\"https:\/\/www.uni.lu\/fhse-en\/people\/philippe-poirier\/\"\n        title=\"Learn more\"\n        class=\"link-text link-text--icon ulux-card__link link-text link-absolute\"\n        target=\"\"\n    >\n        <span class=\"link-text__body\">\n            <span class=\"link-text__name\">Learn more<\/span>\n        <\/span>\n        <svg aria-hidden=\"true\" focusable=\"false\" class=\"icon icon-outline icon--arrow-right \"><use xlink:href=\"https:\/\/www.uni.lu\/wp-content\/themes\/unilux-theme\/assets\/images\/icons\/icons-outline.svg#icon--arrow-right\"><\/use><\/svg>    <\/a>\n<\/div>\n<\/div>        <\/div>\n    <\/div>\n<\/li><li class=\"w-full sm:w-1\/2 lg:w-1\/3 px-16  wp-block-unilux-blocks-free-content-card-item\">\n    <div class=\"ulux-card card-people bg-theme\">\n        <div class=\"ulux-card__container card__container\">\n                        <div class=\"ulux-card__visual wp-block-unilux-blocks-free-content-card-item-visual\">\n    \n<div class=\"wp-block-unilux-blocks-image-video-wrapper\">\n    <figure class=\"wp-block-dev4-reusable-blocks-image  object-fit--cover\">\n    \n<img decoding=\"async\" class=\"wp-block-image unilux-custom-image-block\"\n                alt=\"\"\n            src=\"https:\/\/www.uni.lu\/wp-content\/uploads\/sites\/2\/2023\/07\/Photo_Cecile-Mangin-scaled.jpg\"\n                    style=\"object-position: 50.00% 50.00%; font-family: &quot;object-fit: cover; object-position: 50.00% 50.00%;&quot;; aspect-ratio: 4\/3; object-fit: cover; width: 100%;\"\n        loading=\"lazy\"\n\/>    <\/figure><\/div><\/div><div class=\"ulux-card__body wp-block-unilux-blocks-free-content-card-item-body\">\n    \n<div class=\"card__activity wp-block-unilux-blocks-plain-text\"><\/div>\n<h3 class=\"card__name has-text-align-left wp-block-unilux-blocks-heading\"        id=\"cecile-mangin-sikora\"\n    >\nC\u00e9cile Mangin-Sikora<\/h3>\n\n<div class=\"card__organization wp-block-unilux-blocks-plain-text\">FHSE<\/div>\n<div class=\"card__function wp-block-unilux-blocks-plain-text\">Study Programme Administrator<\/div>\n<div class=\"card__interest wp-block-unilux-blocks-plain-text\"><\/div><div class=\"ulux-card__link-wrapper card__link wp-block-unilux-blocks-simple-cta\">\n    <a\n        href=\"https:\/\/www.uni.lu\/en\/person\/NTAwMDIyODJfX0PDqWNpbGUgTUFOR0lOLVNJS09SQQ==\/\"\n        title=\"Learn more\"\n        class=\"link-text link-text--icon ulux-card__link link-text link-absolute\"\n        target=\"\"\n    >\n        <span class=\"link-text__body\">\n            <span class=\"link-text__name\">Learn more<\/span>\n        <\/span>\n        <svg aria-hidden=\"true\" focusable=\"false\" class=\"icon icon-outline icon--arrow-right \"><use xlink:href=\"https:\/\/www.uni.lu\/wp-content\/themes\/unilux-theme\/assets\/images\/icons\/icons-outline.svg#icon--arrow-right\"><\/use><\/svg>    <\/a>\n<\/div>\n<\/div>        <\/div>\n    <\/div>\n<\/li><\/ul><\/div><\/section>\n\n\n<section class=\"section section wp-block-unilux-blocks-quick-link-discover-section\">\n    <div class=\"container xl:max-w-screen-xl\">\n        \n<h2 class=\"has-text-align-left wp-block-unilux-blocks-heading\"        id=\"en-savoir-plus\"\n    >\nEn savoir plus<\/h2>\n\n<ul class=\"wp-block-unilux-blocks-quick-link-discover quick-link-list\">\n<li class=\"wp-block-unilux-blocks-quick-link-discover-item\">\n    <a\n                    href=\"https:\/\/www.uni.lu\/life-fr\/aide-financiere\/\"\n                    class=\"quick-link\"\n            target=\"\"\n    >\n            <span class=\"quick-link__container\">\n                <span class=\"quick-link__text\">\n                    Possibilit\u00e9s de financement                <\/span>\n                <svg aria-hidden=\"true\" focusable=\"false\" class=\"icon icon-outline icon--arrow-right \"><use xlink:href=\"https:\/\/www.uni.lu\/wp-content\/themes\/unilux-theme\/assets\/images\/icons\/icons-outline.svg#icon--arrow-right\"><\/use><\/svg>            <\/span>\n    <\/a>\n<\/li>\n\n\n\n<li class=\"wp-block-unilux-blocks-quick-link-discover-item\">\n    <a\n                    href=\"https:\/\/www.uni.lu\/life-fr\/logement\/\"\n                    class=\"quick-link\"\n            target=\"\"\n    >\n            <span class=\"quick-link__container\">\n                <span class=\"quick-link__text\">\n                    D\u00e9couvrez votre future maison                <\/span>\n                <svg aria-hidden=\"true\" focusable=\"false\" class=\"icon icon-outline icon--arrow-right \"><use xlink:href=\"https:\/\/www.uni.lu\/wp-content\/themes\/unilux-theme\/assets\/images\/icons\/icons-outline.svg#icon--arrow-right\"><\/use><\/svg>            <\/span>\n    <\/a>\n<\/li>\n\n\n\n<li class=\"wp-block-unilux-blocks-quick-link-discover-item\">\n    <a\n                    href=\"https:\/\/service.uni.lu\/public?id=sn_seve_contact&#038;sys_id=21f444631be41d10466b20a1b24bcb67\"\n                    class=\"quick-link\"\n            target=\"_blank\"\n    >\n            <span class=\"quick-link__container\">\n                <span class=\"quick-link__text\">\n                    Des questions? Contactez-nous                <\/span>\n                <svg aria-hidden=\"true\" focusable=\"false\" class=\"icon icon-outline icon--external-link \"><use xlink:href=\"https:\/\/www.uni.lu\/wp-content\/themes\/unilux-theme\/assets\/images\/icons\/icons-outline.svg#icon--external-link\"><\/use><\/svg>            <\/span>\n    <\/a>\n<\/li>\n<\/ul>\n    <\/div>\n<\/section><\/div>","protected":false},"excerpt":{"rendered":"<p>Le Master en \u00c9tudes Parlementaires a pour finalit\u00e9 de contribuer \u00e0 la connaissance et \u00e0 l\u2019\u00e9tude du fonctionnement des processus d\u00e9cisionnels et l\u00e9gislatifs contemporains au niveau r\u00e9gional, national, europ\u00e9en et international.<\/p>\n","protected":false},"author":44,"featured_media":2695,"parent":0,"menu_order":0,"template":"","meta":{"featured_image_focal_point":[],"show_featured_caption":false,"ulux_newsletter_groups":"","uluxPostTitle":"Master en \u00c9tudes parlementaires","uluxPrePostTitle":"Programmes d\u2019\u00e9tudes","_trash_the_other_posts":false,"_price":"","_stock":"","_tribe_ticket_header":"","_tribe_default_ticket_provider":"","_tribe_ticket_capacity":"0","_ticket_start_date":"","_ticket_end_date":"","_tribe_ticket_show_description":"","_tribe_ticket_show_not_going":false,"_tribe_ticket_use_global_stock":"","_tribe_ticket_global_stock_level":"","_global_stock_mode":"","_global_stock_cap":"","_tribe_rsvp_for_event":"","_tribe_ticket_going_count":"","_tribe_ticket_not_going_count":"","_tribe_tickets_list":"[]","_tribe_ticket_has_attendee_info_fields":false,"study_program_identifiers":"MA_EPARL_GEN__F3_MA_EPARL_GEN__F3_MA_EPARL","override_seo_title":false},"type-of-studies":[242],"teaching-languages":[249],"field-of-interest":[287],"organisation":[146],"authorship":[44,242],"acf":[],"yoast_head":"<!-- This site is optimized with the Yoast SEO Premium plugin v22.3 (Yoast SEO v22.3) - https:\/\/yoast.com\/wordpress\/plugins\/seo\/ -->\n<title>Master en \u00c9tudes parlementaires - FHSE I Universit\u00e9 du Luxembourg<\/title>\n<meta name=\"description\" content=\"Le Master en \u00c9tudes Parlementaires a pour finalit\u00e9 de contribuer \u00e0 l\u2019\u00e9tude du fonctionnement des processus l\u00e9gislatifs contemporains.\" \/>\n<meta name=\"robots\" content=\"index, follow, max-snippet:-1, max-image-preview:large, max-video-preview:-1\" \/>\n<link rel=\"canonical\" href=\"https:\/\/www.uni.lu\/fhse-fr\/study-programs\/master-en-etudes-parlementaires\/\" \/>\n<meta property=\"og:locale\" content=\"fr_FR\" \/>\n<meta property=\"og:type\" content=\"article\" \/>\n<meta property=\"og:title\" content=\"Master en \u00c9tudes parlementaires\" \/>\n<meta property=\"og:description\" content=\"Le Master en \u00c9tudes Parlementaires a pour finalit\u00e9 de contribuer \u00e0 l\u2019\u00e9tude du fonctionnement des processus l\u00e9gislatifs contemporains.\" \/>\n<meta property=\"og:url\" content=\"https:\/\/www.uni.lu\/fhse-fr\/study-programs\/master-en-etudes-parlementaires\/\" \/>\n<meta property=\"og:site_name\" content=\"FHSE FR\" \/>\n<meta property=\"article:modified_time\" content=\"2026-03-09T09:50:47+00:00\" \/>\n<meta property=\"og:image\" content=\"https:\/\/www.uni.lu\/wp-content\/uploads\/sites\/16\/2024\/03\/OVERVIEW_PARLIAMENTTOXabz.jpg\" \/>\n\t<meta property=\"og:image:width\" content=\"2000\" \/>\n\t<meta property=\"og:image:height\" content=\"1333\" \/>\n\t<meta property=\"og:image:type\" content=\"image\/jpeg\" \/>\n<meta name=\"twitter:card\" content=\"summary_large_image\" \/>\n<meta name=\"twitter:label1\" content=\"Dur\u00e9e de lecture estim\u00e9e\" \/>\n\t<meta name=\"twitter:data1\" content=\"2 minutes\" \/>\n<script type=\"application\/ld+json\" class=\"yoast-schema-graph\">{\"@context\":\"https:\/\/schema.org\",\"@graph\":[{\"@type\":\"WebPage\",\"@id\":\"https:\/\/www.uni.lu\/fhse-fr\/study-programs\/master-en-etudes-parlementaires\/\",\"url\":\"https:\/\/www.uni.lu\/fhse-fr\/study-programs\/master-en-etudes-parlementaires\/\",\"name\":\"Master en \u00c9tudes parlementaires - FHSE I Universit\u00e9 du Luxembourg\",\"isPartOf\":{\"@id\":\"https:\/\/www.uni.lu\/fhse-fr\/#website\"},\"primaryImageOfPage\":{\"@id\":\"https:\/\/www.uni.lu\/fhse-fr\/study-programs\/master-en-etudes-parlementaires\/#primaryimage\"},\"image\":{\"@id\":\"https:\/\/www.uni.lu\/fhse-fr\/study-programs\/master-en-etudes-parlementaires\/#primaryimage\"},\"thumbnailUrl\":\"https:\/\/www.uni.lu\/wp-content\/uploads\/sites\/16\/2024\/03\/OVERVIEW_PARLIAMENTTOXabz.jpg\",\"datePublished\":\"2024-03-07T08:40:21+00:00\",\"dateModified\":\"2026-03-09T09:50:47+00:00\",\"description\":\"Le Master en \u00c9tudes Parlementaires a pour finalit\u00e9 de contribuer \u00e0 l\u2019\u00e9tude du fonctionnement des processus l\u00e9gislatifs contemporains.\",\"breadcrumb\":{\"@id\":\"https:\/\/www.uni.lu\/fhse-fr\/study-programs\/master-en-etudes-parlementaires\/#breadcrumb\"},\"inLanguage\":\"fr-FR\",\"potentialAction\":[{\"@type\":\"ReadAction\",\"target\":[\"https:\/\/www.uni.lu\/fhse-fr\/study-programs\/master-en-etudes-parlementaires\/\"]}]},{\"@type\":\"ImageObject\",\"inLanguage\":\"fr-FR\",\"@id\":\"https:\/\/www.uni.lu\/fhse-fr\/study-programs\/master-en-etudes-parlementaires\/#primaryimage\",\"url\":\"https:\/\/www.uni.lu\/wp-content\/uploads\/sites\/16\/2024\/03\/OVERVIEW_PARLIAMENTTOXabz.jpg\",\"contentUrl\":\"https:\/\/www.uni.lu\/wp-content\/uploads\/sites\/16\/2024\/03\/OVERVIEW_PARLIAMENTTOXabz.jpg\",\"width\":2000,\"height\":1333,\"caption\":\"Luxembourgish Chambre des D\u00e9put\u00e9s\"},{\"@type\":\"BreadcrumbList\",\"@id\":\"https:\/\/www.uni.lu\/fhse-fr\/study-programs\/master-en-etudes-parlementaires\/#breadcrumb\",\"itemListElement\":[{\"@type\":\"ListItem\",\"position\":1,\"name\":\"Home\",\"item\":\"https:\/\/www.uni.lu\/fr\"},{\"@type\":\"ListItem\",\"position\":2,\"name\":\"Facult\u00e9 des Sciences Humaines, des Sciences de l\u2019\u00c9ducation et des Sciences Sociales\u200b\",\"item\":\"https:\/\/www.uni.lu\/fhse-fr\/\"},{\"@type\":\"ListItem\",\"position\":3,\"name\":\"Programmes d'\u00e9tudes\",\"item\":\"https:\/\/www.uni.lu\/fhse-fr\/study-programs\/\"},{\"@type\":\"ListItem\",\"position\":4,\"name\":\"Master en \u00c9tudes parlementaires\"}]},{\"@type\":\"WebSite\",\"@id\":\"https:\/\/www.uni.lu\/fhse-fr\/#website\",\"url\":\"https:\/\/www.uni.lu\/fhse-fr\/\",\"name\":\"FHSE\",\"description\":\"Facult\u00e9 des Sciences Humaines, des Sciences de l\u2019\u00c9ducation et des Sciences Sociales\u200b I Uni.lu\",\"publisher\":{\"@id\":\"https:\/\/www.uni.lu\/fhse-fr\/#organization\"},\"alternateName\":\"Facult\u00e9 des Sciences Humaines, des Sciences de l\u2019\u00c9ducation et des Sciences Sociales\u200b I Universit\u00e9 du Luxembourg\",\"potentialAction\":[{\"@type\":\"SearchAction\",\"target\":{\"@type\":\"EntryPoint\",\"urlTemplate\":\"https:\/\/www.uni.lu\/fhse-fr\/?s={search_term_string}\"},\"query-input\":\"required name=search_term_string\"}],\"inLanguage\":\"fr-FR\"},{\"@type\":\"Organization\",\"@id\":\"https:\/\/www.uni.lu\/fhse-fr\/#organization\",\"name\":\"FHSE - Universit\u00e9 du Luxembourg I Uni.lu\",\"alternateName\":\"Facult\u00e9 des Sciences Humaines, des Sciences de l\u2019\u00c9ducation et des Sciences Sociales\u200b\",\"url\":\"https:\/\/www.uni.lu\/fhse-fr\/\",\"logo\":{\"@type\":\"ImageObject\",\"inLanguage\":\"fr-FR\",\"@id\":\"https:\/\/www.uni.lu\/fhse-fr\/#\/schema\/logo\/image\/\",\"url\":\"https:\/\/www.uni.lu\/wp-content\/uploads\/sites\/16\/2026\/03\/03112325\/FHSE_SM-Profile_1600x1600px-scaled.jpg\",\"contentUrl\":\"https:\/\/www.uni.lu\/wp-content\/uploads\/sites\/16\/2026\/03\/03112325\/FHSE_SM-Profile_1600x1600px-scaled.jpg\",\"width\":2560,\"height\":2560,\"caption\":\"FHSE - Universit\u00e9 du Luxembourg I Uni.lu\"},\"image\":\"https:\/\/www.uni.lu\/wp-content\/uploads\/sites\/16\/2026\/04\/24144331\/20200609-Belval-Campus_Henri-Goergen-23.jpg\",\"sameAs\":[\"https:\/\/humanities.uni.lu\/\"],\"email\":\"communication@uni.lu\",\"telephone\":\"+3524666441\",\"address\":{\"@type\":\"PostalAddress\",\"streetAddress\":\"11, Porte des Sciences\",\"addressLocality\":\"Esch-sur-Alzette\",\"postalCode\":\"4365\",\"addressCountry\":\"LU\"},\"description\":\"Facult\u00e9 des Sciences Humaines, des Sciences de l\u2019\u00c9ducation et des Sciences Sociales\u200b I Uni.lu\"}]}<\/script>\n<!-- \/ Yoast SEO Premium plugin. -->","yoast_head_json":{"title":"Master en \u00c9tudes parlementaires - FHSE I Universit\u00e9 du Luxembourg","description":"Le Master en \u00c9tudes Parlementaires a pour finalit\u00e9 de contribuer \u00e0 l\u2019\u00e9tude du fonctionnement des processus l\u00e9gislatifs contemporains.","robots":{"index":"index","follow":"follow","max-snippet":"max-snippet:-1","max-image-preview":"max-image-preview:large","max-video-preview":"max-video-preview:-1"},"canonical":"https:\/\/www.uni.lu\/fhse-fr\/study-programs\/master-en-etudes-parlementaires\/","og_locale":"fr_FR","og_type":"article","og_title":"Master en \u00c9tudes parlementaires","og_description":"Le Master en \u00c9tudes Parlementaires a pour finalit\u00e9 de contribuer \u00e0 l\u2019\u00e9tude du fonctionnement des processus l\u00e9gislatifs contemporains.","og_url":"https:\/\/www.uni.lu\/fhse-fr\/study-programs\/master-en-etudes-parlementaires\/","og_site_name":"FHSE FR","article_modified_time":"2026-03-09T09:50:47+00:00","og_image":[{"width":2000,"height":1333,"url":"https:\/\/www.uni.lu\/wp-content\/uploads\/sites\/16\/2024\/03\/OVERVIEW_PARLIAMENTTOXabz.jpg","type":"image\/jpeg"}],"twitter_card":"summary_large_image","twitter_misc":{"Dur\u00e9e de lecture estim\u00e9e":"2 minutes"},"schema":{"@context":"https:\/\/schema.org","@graph":[{"@type":"WebPage","@id":"https:\/\/www.uni.lu\/fhse-fr\/study-programs\/master-en-etudes-parlementaires\/","url":"https:\/\/www.uni.lu\/fhse-fr\/study-programs\/master-en-etudes-parlementaires\/","name":"Master en \u00c9tudes parlementaires - FHSE I Universit\u00e9 du Luxembourg","isPartOf":{"@id":"https:\/\/www.uni.lu\/fhse-fr\/#website"},"primaryImageOfPage":{"@id":"https:\/\/www.uni.lu\/fhse-fr\/study-programs\/master-en-etudes-parlementaires\/#primaryimage"},"image":{"@id":"https:\/\/www.uni.lu\/fhse-fr\/study-programs\/master-en-etudes-parlementaires\/#primaryimage"},"thumbnailUrl":"https:\/\/www.uni.lu\/wp-content\/uploads\/sites\/16\/2024\/03\/OVERVIEW_PARLIAMENTTOXabz.jpg","datePublished":"2024-03-07T08:40:21+00:00","dateModified":"2026-03-09T09:50:47+00:00","description":"Le Master en \u00c9tudes Parlementaires a pour finalit\u00e9 de contribuer \u00e0 l\u2019\u00e9tude du fonctionnement des processus l\u00e9gislatifs contemporains.","breadcrumb":{"@id":"https:\/\/www.uni.lu\/fhse-fr\/study-programs\/master-en-etudes-parlementaires\/#breadcrumb"},"inLanguage":"fr-FR","potentialAction":[{"@type":"ReadAction","target":["https:\/\/www.uni.lu\/fhse-fr\/study-programs\/master-en-etudes-parlementaires\/"]}]},{"@type":"ImageObject","inLanguage":"fr-FR","@id":"https:\/\/www.uni.lu\/fhse-fr\/study-programs\/master-en-etudes-parlementaires\/#primaryimage","url":"https:\/\/www.uni.lu\/wp-content\/uploads\/sites\/16\/2024\/03\/OVERVIEW_PARLIAMENTTOXabz.jpg","contentUrl":"https:\/\/www.uni.lu\/wp-content\/uploads\/sites\/16\/2024\/03\/OVERVIEW_PARLIAMENTTOXabz.jpg","width":2000,"height":1333,"caption":"Luxembourgish Chambre des D\u00e9put\u00e9s"},{"@type":"BreadcrumbList","@id":"https:\/\/www.uni.lu\/fhse-fr\/study-programs\/master-en-etudes-parlementaires\/#breadcrumb","itemListElement":[{"@type":"ListItem","position":1,"name":"Home","item":"https:\/\/www.uni.lu\/fr"},{"@type":"ListItem","position":2,"name":"Facult\u00e9 des Sciences Humaines, des Sciences de l\u2019\u00c9ducation et des Sciences Sociales\u200b","item":"https:\/\/www.uni.lu\/fhse-fr\/"},{"@type":"ListItem","position":3,"name":"Programmes d'\u00e9tudes","item":"https:\/\/www.uni.lu\/fhse-fr\/study-programs\/"},{"@type":"ListItem","position":4,"name":"Master en \u00c9tudes parlementaires"}]},{"@type":"WebSite","@id":"https:\/\/www.uni.lu\/fhse-fr\/#website","url":"https:\/\/www.uni.lu\/fhse-fr\/","name":"FHSE","description":"Facult\u00e9 des Sciences Humaines, des Sciences de l\u2019\u00c9ducation et des Sciences Sociales\u200b I Uni.lu","publisher":{"@id":"https:\/\/www.uni.lu\/fhse-fr\/#organization"},"alternateName":"Facult\u00e9 des Sciences Humaines, des Sciences de l\u2019\u00c9ducation et des Sciences Sociales\u200b I Universit\u00e9 du Luxembourg","potentialAction":[{"@type":"SearchAction","target":{"@type":"EntryPoint","urlTemplate":"https:\/\/www.uni.lu\/fhse-fr\/?s={search_term_string}"},"query-input":"required name=search_term_string"}],"inLanguage":"fr-FR"},{"@type":"Organization","@id":"https:\/\/www.uni.lu\/fhse-fr\/#organization","name":"FHSE - Universit\u00e9 du Luxembourg I Uni.lu","alternateName":"Facult\u00e9 des Sciences Humaines, des Sciences de l\u2019\u00c9ducation et des Sciences Sociales\u200b","url":"https:\/\/www.uni.lu\/fhse-fr\/","logo":{"@type":"ImageObject","inLanguage":"fr-FR","@id":"https:\/\/www.uni.lu\/fhse-fr\/#\/schema\/logo\/image\/","url":"https:\/\/www.uni.lu\/wp-content\/uploads\/sites\/16\/2026\/03\/03112325\/FHSE_SM-Profile_1600x1600px-scaled.jpg","contentUrl":"https:\/\/www.uni.lu\/wp-content\/uploads\/sites\/16\/2026\/03\/03112325\/FHSE_SM-Profile_1600x1600px-scaled.jpg","width":2560,"height":2560,"caption":"FHSE - Universit\u00e9 du Luxembourg I Uni.lu"},"image":"https:\/\/www.uni.lu\/wp-content\/uploads\/sites\/16\/2026\/04\/24144331\/20200609-Belval-Campus_Henri-Goergen-23.jpg","sameAs":["https:\/\/humanities.uni.lu\/"],"email":"communication@uni.lu","telephone":"+3524666441","address":{"@type":"PostalAddress","streetAddress":"11, Porte des Sciences","addressLocality":"Esch-sur-Alzette","postalCode":"4365","addressCountry":"LU"},"description":"Facult\u00e9 des Sciences Humaines, des Sciences de l\u2019\u00c9ducation et des Sciences Sociales\u200b I Uni.lu"}]}},"_links":{"self":[{"href":"https:\/\/www.uni.lu\/fhse-fr\/wp-json\/wp\/v2\/study-programs\/2413"}],"collection":[{"href":"https:\/\/www.uni.lu\/fhse-fr\/wp-json\/wp\/v2\/study-programs"}],"about":[{"href":"https:\/\/www.uni.lu\/fhse-fr\/wp-json\/wp\/v2\/types\/study-programs"}],"author":[{"embeddable":true,"href":"https:\/\/www.uni.lu\/fhse-fr\/wp-json\/wp\/v2\/users\/44"}],"version-history":[{"count":0,"href":"https:\/\/www.uni.lu\/fhse-fr\/wp-json\/wp\/v2\/study-programs\/2413\/revisions"}],"wp:authorship":[{"embeddable":true,"href":"https:\/\/www.uni.lu\/fhse-fr\/wp-json\/wp\/v2\/users\/44"},{"embeddable":true,"href":"https:\/\/www.uni.lu\/fhse-fr\/wp-json\/wp\/v2\/users\/242"}],"wp:featuredmedia":[{"embeddable":true,"href":"https:\/\/www.uni.lu\/fhse-fr\/wp-json\/wp\/v2\/media\/2695"}],"wp:attachment":[{"href":"https:\/\/www.uni.lu\/fhse-fr\/wp-json\/wp\/v2\/media?parent=2413"}],"wp:term":[{"taxonomy":"type-of-studies","embeddable":true,"href":"https:\/\/www.uni.lu\/fhse-fr\/wp-json\/wp\/v2\/type-of-studies?post=2413"},{"taxonomy":"teaching-languages","embeddable":true,"href":"https:\/\/www.uni.lu\/fhse-fr\/wp-json\/wp\/v2\/teaching-languages?post=2413"},{"taxonomy":"field-of-interest","embeddable":true,"href":"https:\/\/www.uni.lu\/fhse-fr\/wp-json\/wp\/v2\/field-of-interest?post=2413"},{"taxonomy":"organisation","embeddable":true,"href":"https:\/\/www.uni.lu\/fhse-fr\/wp-json\/wp\/v2\/organisation?post=2413"}],"curies":[{"name":"wp","href":"https:\/\/api.w.org\/{rel}","templated":true}]}}