{"id":1940,"date":"2022-05-02T13:06:28","date_gmt":"2022-05-02T11:06:28","guid":{"rendered":"https:\/\/www.uni.lu\/fhse-fr\/events\/colloque-international-ecrire-lhistoire-dans-un-monde-qui-change-2\/"},"modified":"2022-05-02T13:06:28","modified_gmt":"2022-05-02T11:06:28","slug":"colloque-international-ecrire-lhistoire-dans-un-monde-qui-change-2","status":"publish","type":"events","link":"https:\/\/www.uni.lu\/fhse-fr\/events\/colloque-international-ecrire-lhistoire-dans-un-monde-qui-change-2\/","title":{"rendered":"Colloque international \u00ab \u00c9crire l\u2019histoire dans un monde qui change \u00bb"},"content":{"rendered":"<section class=\"wp-block-unilux-blocks-free-section section\"><div class=\"container xl:max-w-screen-xl\"><p>Colloque international \u00ab\u00a0\u00c9crire l\u2019histoire dans un monde qui change\u00a0\u00bb qui se d\u00e9roulera les jeudi et vendredi prochains, 5 et 6 mai, \u00e0 la BNL et au Learning Centre de l\u2019Universit\u00e9 du Luxembourg.<\/p><p>Ce colloque se situe dans le cadre du projet de recherche Gilbert Trausch qui vise \u00e0 \u00e9tudier les pratiques mat\u00e9rielles de l\u2019historien.ne dans le passage du mode analogue eu mode num\u00e9rique. Au centre de ce projet se trouve la biblioth\u00e8que de Gilbert Trausch, offerte en donation \u00e0 l\u2019Universit\u00e9 du Luxembourg pour y \u00eatre \u00e9tudi\u00e9e comme lieu de production des connaissances sous forme d\u2019une reconstitution virtuelle en mod\u00e8le 3D.<\/p><p>La premi\u00e8re partie du colloque, le jeudi apr\u00e8s-midi du 5 mai \u00e0 la Biblioth\u00e8que Nationale, sera d\u00e9di\u00e9e \u00e0 certains aspects de l\u2019\u0153uvre importante de Gilbert Trausch. Elle sera suivie par une conf\u00e9rence grand public (en fran\u00e7ais) de l\u2019\u00e9crivain, traducteur et critique litt\u00e9raire argentino-canadien Alberto Manguel, auteur entre autres des bestsellers mondiaux traduits en plusieurs langues\u00a0<i>A History of Reading<\/i>\u00a0(1996),\u00a0<i>The Library at Night<\/i>\u00a0(2004),\u00a0<i>Curiosity<\/i>\u00a0(2015) et\u00a0<i>Packing My Library<\/i>\u00a0(2018), dans lesquels il traite magistralement du r\u00f4le des biblioth\u00e8ques (priv\u00e9es) et des modes de lecture et d\u2019\u00e9criture notamment \u00e0 travers la curiosit\u00e9.<\/p><p>\u00a0<\/p><p>Inscriptions:\u00a0<a href=\"https:\/\/www.c2dh.uni.lu\/events\/producing-historiography-changing-world-practices-historians-analog-and-digital-contexts\" target=\"_self\" title=\"https:\/\/www.c2dh.uni.lu\/events\/producing-historiography-changing-world-practices-historians-analog-and-digital-contexts\" rel=\"noopener\">https:\/\/www.c2dh.uni.lu\/events\/producing-historiography-changing-world-practices-historians-analog-and-digital-contexts<\/a><\/p><p>Ou au moyen de code QR (t\u00e9l\u00e9chargez le programme ci-dessous)<\/p><\/div><\/section>","protected":false},"excerpt":{"rendered":"<p>Colloque international \u00ab\u00a0\u00c9crire l\u2019histoire dans un monde qui change\u00a0\u00bb qui se d\u00e9roulera les jeudi et vendredi prochains, 5 et 6 mai, \u00e0 la BNL et au Learning Centre de l\u2019Universit\u00e9 du Luxembourg.<\/p>\n","protected":false},"author":0,"featured_media":1941,"parent":0,"menu_order":0,"comment_status":"open","ping_status":"closed","template":"","format":"standard","meta":{"featured_image_focal_point":[],"show_featured_caption":false,"ulux_newsletter_groups":"","uluxPostTitle":"","uluxPrePostTitle":"","_trash_the_other_posts":false,"_price":"","_stock":"","_tribe_ticket_header":"","_tribe_default_ticket_provider":"","_tribe_ticket_capacity":"0","_ticket_start_date":"","_ticket_end_date":"","_tribe_ticket_show_description":"","_tribe_ticket_show_not_going":false,"_tribe_ticket_use_global_stock":"","_tribe_ticket_global_stock_level":"","_global_stock_mode":"","_global_stock_cap":"","_tribe_rsvp_for_event":"","_tribe_ticket_going_count":"","_tribe_ticket_not_going_count":"","_tribe_tickets_list":"[]","_tribe_ticket_has_attendee_info_fields":false,"event_start_date":"2022-05-05 12:00:00","event_end_date":"2022-05-06 12:00:00","event_speaker_name":"","event_speaker_link":"","event_is_online":false,"event_location":"BNL et au Learning Centre de l\u2019Universit\u00e9 du Luxembourg.","event_street":"","event_location_link":"","event_zip_code":"","event_city":"","event_country":"LU"},"events-topic":[305],"events-type":[],"organisation":[170,173],"authorship":[],"acf":[],"yoast_head":"<!-- This site is optimized with the Yoast SEO Premium plugin v22.3 (Yoast SEO v22.3) - https:\/\/yoast.com\/wordpress\/plugins\/seo\/ -->\n<title>Colloque international \u00ab \u00c9crire l\u2019histoire dans un monde qui change \u00bb - FHSE I Uni.lu<\/title>\n<meta name=\"description\" content=\"Colloque international \u00ab\u00a0\u00c9crire l\u2019histoire dans un monde qui change\u00a0\u00bb qui se d\u00e9roulera les jeudi et vendredi prochains, 5 et 6 mai, \u00e0 la BNL et au Learning Centre de l\u2019Universit\u00e9 du Luxembourg.\" \/>\n<meta name=\"robots\" content=\"index, follow, max-snippet:-1, max-image-preview:large, max-video-preview:-1\" \/>\n<link rel=\"canonical\" href=\"https:\/\/www.uni.lu\/fhse-fr\/events\/colloque-international-ecrire-lhistoire-dans-un-monde-qui-change-2\/\" \/>\n<meta property=\"og:locale\" content=\"fr_FR\" \/>\n<meta property=\"og:type\" content=\"article\" \/>\n<meta property=\"og:title\" content=\"Colloque international \u00ab \u00c9crire l\u2019histoire dans un monde qui change \u00bb\" \/>\n<meta property=\"og:description\" content=\"Colloque international \u00ab\u00a0\u00c9crire l\u2019histoire dans un monde qui change\u00a0\u00bb qui se d\u00e9roulera les jeudi et vendredi prochains, 5 et 6 mai, \u00e0 la BNL et au Learning Centre de l\u2019Universit\u00e9 du Luxembourg.\" \/>\n<meta property=\"og:url\" content=\"https:\/\/www.uni.lu\/fhse-fr\/events\/colloque-international-ecrire-lhistoire-dans-un-monde-qui-change-2\/\" \/>\n<meta property=\"og:site_name\" content=\"FHSE FR\" \/>\n<meta property=\"og:image\" content=\"https:\/\/www.uni.lu\/wp-content\/uploads\/sites\/16\/2026\/03\/03112325\/FHSE_SM-Profile_1600x1600px-scaled.jpg\" \/>\n\t<meta property=\"og:image:width\" content=\"2560\" \/>\n\t<meta property=\"og:image:height\" content=\"2560\" \/>\n\t<meta property=\"og:image:type\" content=\"image\/jpeg\" \/>\n<meta name=\"twitter:card\" content=\"summary_large_image\" \/>\n<meta name=\"twitter:label1\" content=\"Dur\u00e9e de lecture estim\u00e9e\" \/>\n\t<meta name=\"twitter:data1\" content=\"1 minute\" \/>\n<script type=\"application\/ld+json\" class=\"yoast-schema-graph\">{\"@context\":\"https:\/\/schema.org\",\"@graph\":[{\"@type\":\"WebPage\",\"@id\":\"https:\/\/www.uni.lu\/fhse-fr\/events\/colloque-international-ecrire-lhistoire-dans-un-monde-qui-change-2\/\",\"url\":\"https:\/\/www.uni.lu\/fhse-fr\/events\/colloque-international-ecrire-lhistoire-dans-un-monde-qui-change-2\/\",\"name\":\"Colloque international \u00ab \u00c9crire l\u2019histoire dans un monde qui change \u00bb - FHSE I Uni.lu\",\"isPartOf\":{\"@id\":\"https:\/\/www.uni.lu\/fhse-fr\/#website\"},\"primaryImageOfPage\":{\"@id\":\"https:\/\/www.uni.lu\/fhse-fr\/events\/colloque-international-ecrire-lhistoire-dans-un-monde-qui-change-2\/#primaryimage\"},\"image\":{\"@id\":\"https:\/\/www.uni.lu\/fhse-fr\/events\/colloque-international-ecrire-lhistoire-dans-un-monde-qui-change-2\/#primaryimage\"},\"thumbnailUrl\":\"https:\/\/www.uni.lu\/wp-content\/uploads\/sites\/16\/2022\/05\/colloque_international_ecrire_l_histoire_dans_un_monde_qui_change-1.jpg\",\"datePublished\":\"2022-05-02T11:06:28+00:00\",\"dateModified\":\"2022-05-02T11:06:28+00:00\",\"description\":\"Colloque international \u00ab\u00a0\u00c9crire l\u2019histoire dans un monde qui change\u00a0\u00bb qui se d\u00e9roulera les jeudi et vendredi prochains, 5 et 6 mai, \u00e0 la BNL et au Learning Centre de l\u2019Universit\u00e9 du Luxembourg.\",\"breadcrumb\":{\"@id\":\"https:\/\/www.uni.lu\/fhse-fr\/events\/colloque-international-ecrire-lhistoire-dans-un-monde-qui-change-2\/#breadcrumb\"},\"inLanguage\":\"fr-FR\",\"potentialAction\":[{\"@type\":\"ReadAction\",\"target\":[\"https:\/\/www.uni.lu\/fhse-fr\/events\/colloque-international-ecrire-lhistoire-dans-un-monde-qui-change-2\/\"]}]},{\"@type\":\"ImageObject\",\"inLanguage\":\"fr-FR\",\"@id\":\"https:\/\/www.uni.lu\/fhse-fr\/events\/colloque-international-ecrire-lhistoire-dans-un-monde-qui-change-2\/#primaryimage\",\"url\":\"https:\/\/www.uni.lu\/wp-content\/uploads\/sites\/16\/2022\/05\/colloque_international_ecrire_l_histoire_dans_un_monde_qui_change-1.jpg\",\"contentUrl\":\"https:\/\/www.uni.lu\/wp-content\/uploads\/sites\/16\/2022\/05\/colloque_international_ecrire_l_histoire_dans_un_monde_qui_change-1.jpg\",\"width\":800,\"height\":600},{\"@type\":\"BreadcrumbList\",\"@id\":\"https:\/\/www.uni.lu\/fhse-fr\/events\/colloque-international-ecrire-lhistoire-dans-un-monde-qui-change-2\/#breadcrumb\",\"itemListElement\":[{\"@type\":\"ListItem\",\"position\":1,\"name\":\"Home\",\"item\":\"https:\/\/www.uni.lu\/fr\"},{\"@type\":\"ListItem\",\"position\":2,\"name\":\"Facult\u00e9 des Sciences Humaines, des Sciences de l\u2019\u00c9ducation et des Sciences Sociales\u200b\",\"item\":\"https:\/\/www.uni.lu\/fhse-fr\/\"},{\"@type\":\"ListItem\",\"position\":3,\"name\":\"Events\",\"item\":\"https:\/\/www.uni.lu\/fhse-fr\/events\/\"},{\"@type\":\"ListItem\",\"position\":4,\"name\":\"Colloque international \u00ab \u00c9crire l\u2019histoire dans un monde qui change \u00bb\"}]},{\"@type\":\"WebSite\",\"@id\":\"https:\/\/www.uni.lu\/fhse-fr\/#website\",\"url\":\"https:\/\/www.uni.lu\/fhse-fr\/\",\"name\":\"FHSE\",\"description\":\"Facult\u00e9 des Sciences Humaines, des Sciences de l\u2019\u00c9ducation et des Sciences Sociales\u200b I Uni.lu\",\"publisher\":{\"@id\":\"https:\/\/www.uni.lu\/fhse-fr\/#organization\"},\"alternateName\":\"Facult\u00e9 des Sciences Humaines, des Sciences de l\u2019\u00c9ducation et des Sciences Sociales\u200b I Universit\u00e9 du Luxembourg\",\"potentialAction\":[{\"@type\":\"SearchAction\",\"target\":{\"@type\":\"EntryPoint\",\"urlTemplate\":\"https:\/\/www.uni.lu\/fhse-fr\/?s={search_term_string}\"},\"query-input\":\"required name=search_term_string\"}],\"inLanguage\":\"fr-FR\"},{\"@type\":\"Organization\",\"@id\":\"https:\/\/www.uni.lu\/fhse-fr\/#organization\",\"name\":\"FHSE - Universit\u00e9 du Luxembourg I Uni.lu\",\"alternateName\":\"Facult\u00e9 des Sciences Humaines, des Sciences de l\u2019\u00c9ducation et des Sciences Sociales\u200b\",\"url\":\"https:\/\/www.uni.lu\/fhse-fr\/\",\"logo\":{\"@type\":\"ImageObject\",\"inLanguage\":\"fr-FR\",\"@id\":\"https:\/\/www.uni.lu\/fhse-fr\/#\/schema\/logo\/image\/\",\"url\":\"https:\/\/www.uni.lu\/wp-content\/uploads\/sites\/16\/2026\/03\/03112325\/FHSE_SM-Profile_1600x1600px-scaled.jpg\",\"contentUrl\":\"https:\/\/www.uni.lu\/wp-content\/uploads\/sites\/16\/2026\/03\/03112325\/FHSE_SM-Profile_1600x1600px-scaled.jpg\",\"width\":2560,\"height\":2560,\"caption\":\"FHSE - Universit\u00e9 du Luxembourg I Uni.lu\"},\"image\":\"https:\/\/www.uni.lu\/wp-content\/uploads\/sites\/16\/2026\/04\/24144331\/20200609-Belval-Campus_Henri-Goergen-23.jpg\",\"sameAs\":[\"https:\/\/humanities.uni.lu\/\"],\"email\":\"communication@uni.lu\",\"telephone\":\"+3524666441\",\"address\":{\"@type\":\"PostalAddress\",\"streetAddress\":\"11, Porte des Sciences\",\"addressLocality\":\"Esch-sur-Alzette\",\"postalCode\":\"4365\",\"addressCountry\":\"LU\"},\"description\":\"Facult\u00e9 des Sciences Humaines, des Sciences de l\u2019\u00c9ducation et des Sciences Sociales\u200b I Uni.lu\"}]}<\/script>\n<!-- \/ Yoast SEO Premium plugin. -->","yoast_head_json":{"title":"Colloque international \u00ab \u00c9crire l\u2019histoire dans un monde qui change \u00bb - FHSE I Uni.lu","description":"Colloque international \u00ab\u00a0\u00c9crire l\u2019histoire dans un monde qui change\u00a0\u00bb qui se d\u00e9roulera les jeudi et vendredi prochains, 5 et 6 mai, \u00e0 la BNL et au Learning Centre de l\u2019Universit\u00e9 du Luxembourg.","robots":{"index":"index","follow":"follow","max-snippet":"max-snippet:-1","max-image-preview":"max-image-preview:large","max-video-preview":"max-video-preview:-1"},"canonical":"https:\/\/www.uni.lu\/fhse-fr\/events\/colloque-international-ecrire-lhistoire-dans-un-monde-qui-change-2\/","og_locale":"fr_FR","og_type":"article","og_title":"Colloque international \u00ab \u00c9crire l\u2019histoire dans un monde qui change \u00bb","og_description":"Colloque international \u00ab\u00a0\u00c9crire l\u2019histoire dans un monde qui change\u00a0\u00bb qui se d\u00e9roulera les jeudi et vendredi prochains, 5 et 6 mai, \u00e0 la BNL et au Learning Centre de l\u2019Universit\u00e9 du Luxembourg.","og_url":"https:\/\/www.uni.lu\/fhse-fr\/events\/colloque-international-ecrire-lhistoire-dans-un-monde-qui-change-2\/","og_site_name":"FHSE FR","og_image":[{"width":2560,"height":2560,"url":"https:\/\/www.uni.lu\/wp-content\/uploads\/sites\/16\/2026\/03\/03112325\/FHSE_SM-Profile_1600x1600px-scaled.jpg","type":"image\/jpeg"}],"twitter_card":"summary_large_image","twitter_misc":{"Dur\u00e9e de lecture estim\u00e9e":"1 minute"},"schema":{"@context":"https:\/\/schema.org","@graph":[{"@type":"WebPage","@id":"https:\/\/www.uni.lu\/fhse-fr\/events\/colloque-international-ecrire-lhistoire-dans-un-monde-qui-change-2\/","url":"https:\/\/www.uni.lu\/fhse-fr\/events\/colloque-international-ecrire-lhistoire-dans-un-monde-qui-change-2\/","name":"Colloque international \u00ab \u00c9crire l\u2019histoire dans un monde qui change \u00bb - FHSE I Uni.lu","isPartOf":{"@id":"https:\/\/www.uni.lu\/fhse-fr\/#website"},"primaryImageOfPage":{"@id":"https:\/\/www.uni.lu\/fhse-fr\/events\/colloque-international-ecrire-lhistoire-dans-un-monde-qui-change-2\/#primaryimage"},"image":{"@id":"https:\/\/www.uni.lu\/fhse-fr\/events\/colloque-international-ecrire-lhistoire-dans-un-monde-qui-change-2\/#primaryimage"},"thumbnailUrl":"https:\/\/www.uni.lu\/wp-content\/uploads\/sites\/16\/2022\/05\/colloque_international_ecrire_l_histoire_dans_un_monde_qui_change-1.jpg","datePublished":"2022-05-02T11:06:28+00:00","dateModified":"2022-05-02T11:06:28+00:00","description":"Colloque international \u00ab\u00a0\u00c9crire l\u2019histoire dans un monde qui change\u00a0\u00bb qui se d\u00e9roulera les jeudi et vendredi prochains, 5 et 6 mai, \u00e0 la BNL et au Learning Centre de l\u2019Universit\u00e9 du Luxembourg.","breadcrumb":{"@id":"https:\/\/www.uni.lu\/fhse-fr\/events\/colloque-international-ecrire-lhistoire-dans-un-monde-qui-change-2\/#breadcrumb"},"inLanguage":"fr-FR","potentialAction":[{"@type":"ReadAction","target":["https:\/\/www.uni.lu\/fhse-fr\/events\/colloque-international-ecrire-lhistoire-dans-un-monde-qui-change-2\/"]}]},{"@type":"ImageObject","inLanguage":"fr-FR","@id":"https:\/\/www.uni.lu\/fhse-fr\/events\/colloque-international-ecrire-lhistoire-dans-un-monde-qui-change-2\/#primaryimage","url":"https:\/\/www.uni.lu\/wp-content\/uploads\/sites\/16\/2022\/05\/colloque_international_ecrire_l_histoire_dans_un_monde_qui_change-1.jpg","contentUrl":"https:\/\/www.uni.lu\/wp-content\/uploads\/sites\/16\/2022\/05\/colloque_international_ecrire_l_histoire_dans_un_monde_qui_change-1.jpg","width":800,"height":600},{"@type":"BreadcrumbList","@id":"https:\/\/www.uni.lu\/fhse-fr\/events\/colloque-international-ecrire-lhistoire-dans-un-monde-qui-change-2\/#breadcrumb","itemListElement":[{"@type":"ListItem","position":1,"name":"Home","item":"https:\/\/www.uni.lu\/fr"},{"@type":"ListItem","position":2,"name":"Facult\u00e9 des Sciences Humaines, des Sciences de l\u2019\u00c9ducation et des Sciences Sociales\u200b","item":"https:\/\/www.uni.lu\/fhse-fr\/"},{"@type":"ListItem","position":3,"name":"Events","item":"https:\/\/www.uni.lu\/fhse-fr\/events\/"},{"@type":"ListItem","position":4,"name":"Colloque international \u00ab \u00c9crire l\u2019histoire dans un monde qui change \u00bb"}]},{"@type":"WebSite","@id":"https:\/\/www.uni.lu\/fhse-fr\/#website","url":"https:\/\/www.uni.lu\/fhse-fr\/","name":"FHSE","description":"Facult\u00e9 des Sciences Humaines, des Sciences de l\u2019\u00c9ducation et des Sciences Sociales\u200b I Uni.lu","publisher":{"@id":"https:\/\/www.uni.lu\/fhse-fr\/#organization"},"alternateName":"Facult\u00e9 des Sciences Humaines, des Sciences de l\u2019\u00c9ducation et des Sciences Sociales\u200b I Universit\u00e9 du Luxembourg","potentialAction":[{"@type":"SearchAction","target":{"@type":"EntryPoint","urlTemplate":"https:\/\/www.uni.lu\/fhse-fr\/?s={search_term_string}"},"query-input":"required name=search_term_string"}],"inLanguage":"fr-FR"},{"@type":"Organization","@id":"https:\/\/www.uni.lu\/fhse-fr\/#organization","name":"FHSE - Universit\u00e9 du Luxembourg I Uni.lu","alternateName":"Facult\u00e9 des Sciences Humaines, des Sciences de l\u2019\u00c9ducation et des Sciences Sociales\u200b","url":"https:\/\/www.uni.lu\/fhse-fr\/","logo":{"@type":"ImageObject","inLanguage":"fr-FR","@id":"https:\/\/www.uni.lu\/fhse-fr\/#\/schema\/logo\/image\/","url":"https:\/\/www.uni.lu\/wp-content\/uploads\/sites\/16\/2026\/03\/03112325\/FHSE_SM-Profile_1600x1600px-scaled.jpg","contentUrl":"https:\/\/www.uni.lu\/wp-content\/uploads\/sites\/16\/2026\/03\/03112325\/FHSE_SM-Profile_1600x1600px-scaled.jpg","width":2560,"height":2560,"caption":"FHSE - Universit\u00e9 du Luxembourg I Uni.lu"},"image":"https:\/\/www.uni.lu\/wp-content\/uploads\/sites\/16\/2026\/04\/24144331\/20200609-Belval-Campus_Henri-Goergen-23.jpg","sameAs":["https:\/\/humanities.uni.lu\/"],"email":"communication@uni.lu","telephone":"+3524666441","address":{"@type":"PostalAddress","streetAddress":"11, Porte des Sciences","addressLocality":"Esch-sur-Alzette","postalCode":"4365","addressCountry":"LU"},"description":"Facult\u00e9 des Sciences Humaines, des Sciences de l\u2019\u00c9ducation et des Sciences Sociales\u200b I Uni.lu"}]}},"_links":{"self":[{"href":"https:\/\/www.uni.lu\/fhse-fr\/wp-json\/wp\/v2\/events\/1940"}],"collection":[{"href":"https:\/\/www.uni.lu\/fhse-fr\/wp-json\/wp\/v2\/events"}],"about":[{"href":"https:\/\/www.uni.lu\/fhse-fr\/wp-json\/wp\/v2\/types\/events"}],"replies":[{"embeddable":true,"href":"https:\/\/www.uni.lu\/fhse-fr\/wp-json\/wp\/v2\/comments?post=1940"}],"version-history":[{"count":0,"href":"https:\/\/www.uni.lu\/fhse-fr\/wp-json\/wp\/v2\/events\/1940\/revisions"}],"wp:featuredmedia":[{"embeddable":true,"href":"https:\/\/www.uni.lu\/fhse-fr\/wp-json\/wp\/v2\/media\/1941"}],"wp:attachment":[{"href":"https:\/\/www.uni.lu\/fhse-fr\/wp-json\/wp\/v2\/media?parent=1940"}],"wp:term":[{"taxonomy":"events-topic","embeddable":true,"href":"https:\/\/www.uni.lu\/fhse-fr\/wp-json\/wp\/v2\/events-topic?post=1940"},{"taxonomy":"events-type","embeddable":true,"href":"https:\/\/www.uni.lu\/fhse-fr\/wp-json\/wp\/v2\/events-type?post=1940"},{"taxonomy":"organisation","embeddable":true,"href":"https:\/\/www.uni.lu\/fhse-fr\/wp-json\/wp\/v2\/organisation?post=1940"}],"curies":[{"name":"wp","href":"https:\/\/api.w.org\/{rel}","templated":true}]}}