{"id":1915,"date":"2022-04-04T17:18:10","date_gmt":"2022-04-04T15:18:10","guid":{"rendered":"https:\/\/www.uni.lu\/fhse-fr\/events\/conference-agustina-bessa-luis-et-les-femmes-catherine-dumas-2\/"},"modified":"2022-04-04T17:18:10","modified_gmt":"2022-04-04T15:18:10","slug":"conference-agustina-bessa-luis-et-les-femmes-catherine-dumas-2","status":"publish","type":"events","link":"https:\/\/www.uni.lu\/fhse-fr\/events\/conference-agustina-bessa-luis-et-les-femmes-catherine-dumas-2\/","title":{"rendered":"Conf\u00e9rence \u00ab\u00a0Agustina Bessa-Lu\u00eds et les femmes\u00a0\u00bb &#8211; Catherine Dumas"},"content":{"rendered":"<section class=\"wp-block-unilux-blocks-free-section section\"><div class=\"container xl:max-w-screen-xl\">\n<h2 class=\"has-text-align-left wp-block-unilux-blocks-heading\"        id=\"dans-le-cadre-de-la-celebration-du-centenaire-de-la-romanciere-portugaise-agustina-bessa-luis\"\n    >\nDans le cadre de la c\u00e9l\u00e9bration du centenaire de la romanci\u00e8re portugaise Agustina Bessa-Lu\u00eds<\/h2>\n\n<h3 class=\"has-text-align-left wp-block-unilux-blocks-heading\"        id=\"dans-le-cadre-de-la-celebration-du-centenaire-de-la-romanciere-portugaise-agustina-bessa-luis\"\n    >\nDans le cadre de la c\u00e9l\u00e9bration du centenaire de la romanci\u00e8re portugaise Agustina Bessa-Lu\u00eds<\/h3>\n<p>le Lectorat de Portugais de l\u2019Institut Cam\u00f5es \u00e0 l\u2019Universit\u00e9 du Luxembourg &#8211; au sein\u00a0de l\u2019Institut d\u2019\u00c9tudes Romanes\u00a0: textes, images, cultures du d\u00e9partement de Sciences Humaines (DHUM), de la Facult\u00e9 des Sciences Humaines, des Sciences de l\u2019\u00c9ducation\u00a0et des Sciences Sociales (FHESS) &#8211; organise la conf\u00e9rence suivante:<\/p><p><strong>\u00c0 l\u2019Universit\u00e9 du Luxembourg (Belval)\u00a0:<\/strong><\/p><p>\u00a0<\/p><p><strong>Jeudi 7 avril 2022 | 18:00<\/strong><\/p><p>Maison du Savoir\u00a0<\/p><p>Salle 2240\u00a0<\/p><p><strong>\u00ab\u00a0Agustina Bessa-Lu\u00eds et les femmes\u00a0\u00bb<\/strong><\/p><p><i>Conf\u00e9rence en fran\u00e7ais par Catherine Dumas<\/i><\/p><p><i>\u00a0<\/i><\/p><p><strong>Catherine Dumas<\/strong>\u00a0est professeure \u00e9m\u00e9rite de civilisation, langue et litt\u00e9rature portugaises \u00e0 l&rsquo;universit\u00e9 de la Sorbonne Nouvelle-Paris 3. Elle est l&rsquo;auteure d&rsquo;une th\u00e8se de doctorat et d&rsquo;un livre sur la romanci\u00e8re portugaise Agustina Bessa-Lu\u00eds,\u00a0<i>Est\u00e9tica e Personagens\u00a0<\/i>(Campo das Letras, 2001). Elle s\u2019int\u00e9resse en particulier au croisement des \u00e9crits de l\u2019intime et du discours po\u00e9tique, aux questions de genre, au dialogue entre les textes litt\u00e9raires et la philosophie, \u00e0 la circulation entre les arts et \u00e0 la litt\u00e9rature-monde. Elle est traductrice de litt\u00e9ratures de langue portugaise, en particulier de po\u00e9sie.<\/p><p>\u00a0Flyer de la conf\u00e9rence<\/p><figure class=\"wp-block-dev4-reusable-blocks-image  object-fit--contain\">\n    \n<img decoding=\"async\" class=\"wp-block-image unilux-custom-image-block\"\n                alt=\"\"\n            src=\"https:\/\/www.uni.lu\/wp-content\/uploads\/sites\/16\/2024\/01\/cartaz_agustina_vf_web-1.jpg\"\n                srcset=\"https:\/\/www.uni.lu\/wp-content\/uploads\/sites\/16\/2024\/01\/cartaz_agustina_vf_web-1-212x300.jpg 212w, https:\/\/www.uni.lu\/wp-content\/uploads\/sites\/16\/2024\/01\/cartaz_agustina_vf_web-1-724x1024.jpg 724w, https:\/\/www.uni.lu\/wp-content\/uploads\/sites\/16\/2024\/01\/cartaz_agustina_vf_web-1-768x1087.jpg 768w, https:\/\/www.uni.lu\/wp-content\/uploads\/sites\/16\/2024\/01\/cartaz_agustina_vf_web-1-1086x1536.jpg 1086w, https:\/\/www.uni.lu\/wp-content\/uploads\/sites\/16\/2024\/01\/cartaz_agustina_vf_web-1-1448x2048.jpg 1448w, https:\/\/www.uni.lu\/wp-content\/uploads\/sites\/16\/2024\/01\/cartaz_agustina_vf_web-1.jpg 1683w\"\n                style=\"object-position: 50.00% 50.00%; font-family: &quot;object-fit: contain; object-position: 50.00% 50.00%;&quot;; aspect-ratio: 3\/4; object-fit: contain; width: 100%;\"\n        loading=\"lazy\"\n\/>    <\/figure><\/div><\/section>","protected":false},"excerpt":{"rendered":"<p>Dans le cadre de la c\u00e9l\u00e9bration du centenaire de la romanci\u00e8re portugaise Agustina Bessa-Lu\u00eds<\/p>\n","protected":false},"author":0,"featured_media":1916,"parent":0,"menu_order":0,"comment_status":"open","ping_status":"closed","template":"","format":"standard","meta":{"featured_image_focal_point":[],"show_featured_caption":false,"ulux_newsletter_groups":"","uluxPostTitle":"","uluxPrePostTitle":"","_trash_the_other_posts":false,"_price":"","_stock":"","_tribe_ticket_header":"","_tribe_default_ticket_provider":"","_tribe_ticket_capacity":"0","_ticket_start_date":"","_ticket_end_date":"","_tribe_ticket_show_description":"","_tribe_ticket_show_not_going":false,"_tribe_ticket_use_global_stock":"","_tribe_ticket_global_stock_level":"","_global_stock_mode":"","_global_stock_cap":"","_tribe_rsvp_for_event":"","_tribe_ticket_going_count":"","_tribe_ticket_not_going_count":"","_tribe_tickets_list":"[]","_tribe_ticket_has_attendee_info_fields":false,"event_start_date":"2022-04-07 18:00:00","event_end_date":"2022-04-07 19:30:00","event_speaker_name":"Catherine Dumas","event_speaker_link":"","event_is_online":false,"event_location":"MSA 2240 + webex","event_street":"","event_location_link":"","event_zip_code":"","event_city":"","event_country":"LU"},"events-topic":[305],"events-type":[],"organisation":[170],"authorship":[],"acf":[],"yoast_head":"<!-- This site is optimized with the Yoast SEO Premium plugin v22.3 (Yoast SEO v22.3) - https:\/\/yoast.com\/wordpress\/plugins\/seo\/ -->\n<title>Conf\u00e9rence &quot;Agustina Bessa-Lu\u00eds et les femmes&quot; - Catherine Dumas - FHSE I Uni.lu<\/title>\n<meta name=\"description\" content=\"Dans le cadre de la c\u00e9l\u00e9bration du centenaire de la romanci\u00e8re portugaise Agustina Bessa-Lu\u00eds\" \/>\n<meta name=\"robots\" content=\"index, follow, max-snippet:-1, max-image-preview:large, max-video-preview:-1\" \/>\n<link rel=\"canonical\" href=\"https:\/\/www.uni.lu\/fhse-fr\/events\/conference-agustina-bessa-luis-et-les-femmes-catherine-dumas-2\/\" \/>\n<meta property=\"og:locale\" content=\"fr_FR\" \/>\n<meta property=\"og:type\" content=\"article\" \/>\n<meta property=\"og:title\" content=\"Conf\u00e9rence &quot;Agustina Bessa-Lu\u00eds et les femmes&quot; - Catherine Dumas\" \/>\n<meta property=\"og:description\" content=\"Dans le cadre de la c\u00e9l\u00e9bration du centenaire de la romanci\u00e8re portugaise Agustina Bessa-Lu\u00eds\" \/>\n<meta property=\"og:url\" content=\"https:\/\/www.uni.lu\/fhse-fr\/events\/conference-agustina-bessa-luis-et-les-femmes-catherine-dumas-2\/\" \/>\n<meta property=\"og:site_name\" content=\"FHSE FR\" \/>\n<meta property=\"og:image\" content=\"https:\/\/www.uni.lu\/wp-content\/uploads\/sites\/16\/2026\/03\/03112325\/FHSE_SM-Profile_1600x1600px-scaled.jpg\" \/>\n\t<meta property=\"og:image:width\" content=\"2560\" \/>\n\t<meta property=\"og:image:height\" content=\"2560\" \/>\n\t<meta property=\"og:image:type\" content=\"image\/jpeg\" \/>\n<meta name=\"twitter:card\" content=\"summary_large_image\" \/>\n<meta name=\"twitter:label1\" content=\"Dur\u00e9e de lecture estim\u00e9e\" \/>\n\t<meta name=\"twitter:data1\" content=\"1 minute\" \/>\n<script type=\"application\/ld+json\" class=\"yoast-schema-graph\">{\"@context\":\"https:\/\/schema.org\",\"@graph\":[{\"@type\":\"WebPage\",\"@id\":\"https:\/\/www.uni.lu\/fhse-fr\/events\/conference-agustina-bessa-luis-et-les-femmes-catherine-dumas-2\/\",\"url\":\"https:\/\/www.uni.lu\/fhse-fr\/events\/conference-agustina-bessa-luis-et-les-femmes-catherine-dumas-2\/\",\"name\":\"Conf\u00e9rence \\\"Agustina Bessa-Lu\u00eds et les femmes\\\" - Catherine Dumas - FHSE I Uni.lu\",\"isPartOf\":{\"@id\":\"https:\/\/www.uni.lu\/fhse-fr\/#website\"},\"primaryImageOfPage\":{\"@id\":\"https:\/\/www.uni.lu\/fhse-fr\/events\/conference-agustina-bessa-luis-et-les-femmes-catherine-dumas-2\/#primaryimage\"},\"image\":{\"@id\":\"https:\/\/www.uni.lu\/fhse-fr\/events\/conference-agustina-bessa-luis-et-les-femmes-catherine-dumas-2\/#primaryimage\"},\"thumbnailUrl\":\"https:\/\/www.uni.lu\/wp-content\/uploads\/sites\/16\/2022\/04\/conference_agustina_bessa_luis_et_les_femmes_catherine_dumas-1.jpg\",\"datePublished\":\"2022-04-04T15:18:10+00:00\",\"dateModified\":\"2022-04-04T15:18:10+00:00\",\"description\":\"Dans le cadre de la c\u00e9l\u00e9bration du centenaire de la romanci\u00e8re portugaise Agustina Bessa-Lu\u00eds\",\"breadcrumb\":{\"@id\":\"https:\/\/www.uni.lu\/fhse-fr\/events\/conference-agustina-bessa-luis-et-les-femmes-catherine-dumas-2\/#breadcrumb\"},\"inLanguage\":\"fr-FR\",\"potentialAction\":[{\"@type\":\"ReadAction\",\"target\":[\"https:\/\/www.uni.lu\/fhse-fr\/events\/conference-agustina-bessa-luis-et-les-femmes-catherine-dumas-2\/\"]}]},{\"@type\":\"ImageObject\",\"inLanguage\":\"fr-FR\",\"@id\":\"https:\/\/www.uni.lu\/fhse-fr\/events\/conference-agustina-bessa-luis-et-les-femmes-catherine-dumas-2\/#primaryimage\",\"url\":\"https:\/\/www.uni.lu\/wp-content\/uploads\/sites\/16\/2022\/04\/conference_agustina_bessa_luis_et_les_femmes_catherine_dumas-1.jpg\",\"contentUrl\":\"https:\/\/www.uni.lu\/wp-content\/uploads\/sites\/16\/2022\/04\/conference_agustina_bessa_luis_et_les_femmes_catherine_dumas-1.jpg\",\"width\":1024,\"height\":768},{\"@type\":\"BreadcrumbList\",\"@id\":\"https:\/\/www.uni.lu\/fhse-fr\/events\/conference-agustina-bessa-luis-et-les-femmes-catherine-dumas-2\/#breadcrumb\",\"itemListElement\":[{\"@type\":\"ListItem\",\"position\":1,\"name\":\"Home\",\"item\":\"https:\/\/www.uni.lu\/fr\"},{\"@type\":\"ListItem\",\"position\":2,\"name\":\"Facult\u00e9 des Sciences Humaines, des Sciences de l\u2019\u00c9ducation et des Sciences Sociales\u200b\",\"item\":\"https:\/\/www.uni.lu\/fhse-fr\/\"},{\"@type\":\"ListItem\",\"position\":3,\"name\":\"Events\",\"item\":\"https:\/\/www.uni.lu\/fhse-fr\/events\/\"},{\"@type\":\"ListItem\",\"position\":4,\"name\":\"Conf\u00e9rence \\\"Agustina Bessa-Lu\u00eds et les femmes\\\" - Catherine Dumas\"}]},{\"@type\":\"WebSite\",\"@id\":\"https:\/\/www.uni.lu\/fhse-fr\/#website\",\"url\":\"https:\/\/www.uni.lu\/fhse-fr\/\",\"name\":\"FHSE\",\"description\":\"Facult\u00e9 des Sciences Humaines, des Sciences de l\u2019\u00c9ducation et des Sciences Sociales\u200b I Uni.lu\",\"publisher\":{\"@id\":\"https:\/\/www.uni.lu\/fhse-fr\/#organization\"},\"alternateName\":\"Facult\u00e9 des Sciences Humaines, des Sciences de l\u2019\u00c9ducation et des Sciences Sociales\u200b I Universit\u00e9 du Luxembourg\",\"potentialAction\":[{\"@type\":\"SearchAction\",\"target\":{\"@type\":\"EntryPoint\",\"urlTemplate\":\"https:\/\/www.uni.lu\/fhse-fr\/?s={search_term_string}\"},\"query-input\":\"required name=search_term_string\"}],\"inLanguage\":\"fr-FR\"},{\"@type\":\"Organization\",\"@id\":\"https:\/\/www.uni.lu\/fhse-fr\/#organization\",\"name\":\"FHSE - Universit\u00e9 du Luxembourg I Uni.lu\",\"alternateName\":\"Facult\u00e9 des Sciences Humaines, des Sciences de l\u2019\u00c9ducation et des Sciences Sociales\u200b\",\"url\":\"https:\/\/www.uni.lu\/fhse-fr\/\",\"logo\":{\"@type\":\"ImageObject\",\"inLanguage\":\"fr-FR\",\"@id\":\"https:\/\/www.uni.lu\/fhse-fr\/#\/schema\/logo\/image\/\",\"url\":\"https:\/\/www.uni.lu\/wp-content\/uploads\/sites\/16\/2026\/03\/03112325\/FHSE_SM-Profile_1600x1600px-scaled.jpg\",\"contentUrl\":\"https:\/\/www.uni.lu\/wp-content\/uploads\/sites\/16\/2026\/03\/03112325\/FHSE_SM-Profile_1600x1600px-scaled.jpg\",\"width\":2560,\"height\":2560,\"caption\":\"FHSE - Universit\u00e9 du Luxembourg I Uni.lu\"},\"image\":\"https:\/\/www.uni.lu\/wp-content\/uploads\/sites\/16\/2026\/04\/24144331\/20200609-Belval-Campus_Henri-Goergen-23.jpg\",\"sameAs\":[\"https:\/\/humanities.uni.lu\/\"],\"email\":\"communication@uni.lu\",\"telephone\":\"+3524666441\",\"address\":{\"@type\":\"PostalAddress\",\"streetAddress\":\"11, Porte des Sciences\",\"addressLocality\":\"Esch-sur-Alzette\",\"postalCode\":\"4365\",\"addressCountry\":\"LU\"},\"description\":\"Facult\u00e9 des Sciences Humaines, des Sciences de l\u2019\u00c9ducation et des Sciences Sociales\u200b I Uni.lu\"}]}<\/script>\n<!-- \/ Yoast SEO Premium plugin. -->","yoast_head_json":{"title":"Conf\u00e9rence \"Agustina Bessa-Lu\u00eds et les femmes\" - Catherine Dumas - FHSE I Uni.lu","description":"Dans le cadre de la c\u00e9l\u00e9bration du centenaire de la romanci\u00e8re portugaise Agustina Bessa-Lu\u00eds","robots":{"index":"index","follow":"follow","max-snippet":"max-snippet:-1","max-image-preview":"max-image-preview:large","max-video-preview":"max-video-preview:-1"},"canonical":"https:\/\/www.uni.lu\/fhse-fr\/events\/conference-agustina-bessa-luis-et-les-femmes-catherine-dumas-2\/","og_locale":"fr_FR","og_type":"article","og_title":"Conf\u00e9rence \"Agustina Bessa-Lu\u00eds et les femmes\" - Catherine Dumas","og_description":"Dans le cadre de la c\u00e9l\u00e9bration du centenaire de la romanci\u00e8re portugaise Agustina Bessa-Lu\u00eds","og_url":"https:\/\/www.uni.lu\/fhse-fr\/events\/conference-agustina-bessa-luis-et-les-femmes-catherine-dumas-2\/","og_site_name":"FHSE FR","og_image":[{"width":2560,"height":2560,"url":"https:\/\/www.uni.lu\/wp-content\/uploads\/sites\/16\/2026\/03\/03112325\/FHSE_SM-Profile_1600x1600px-scaled.jpg","type":"image\/jpeg"}],"twitter_card":"summary_large_image","twitter_misc":{"Dur\u00e9e de lecture estim\u00e9e":"1 minute"},"schema":{"@context":"https:\/\/schema.org","@graph":[{"@type":"WebPage","@id":"https:\/\/www.uni.lu\/fhse-fr\/events\/conference-agustina-bessa-luis-et-les-femmes-catherine-dumas-2\/","url":"https:\/\/www.uni.lu\/fhse-fr\/events\/conference-agustina-bessa-luis-et-les-femmes-catherine-dumas-2\/","name":"Conf\u00e9rence \"Agustina Bessa-Lu\u00eds et les femmes\" - Catherine Dumas - FHSE I Uni.lu","isPartOf":{"@id":"https:\/\/www.uni.lu\/fhse-fr\/#website"},"primaryImageOfPage":{"@id":"https:\/\/www.uni.lu\/fhse-fr\/events\/conference-agustina-bessa-luis-et-les-femmes-catherine-dumas-2\/#primaryimage"},"image":{"@id":"https:\/\/www.uni.lu\/fhse-fr\/events\/conference-agustina-bessa-luis-et-les-femmes-catherine-dumas-2\/#primaryimage"},"thumbnailUrl":"https:\/\/www.uni.lu\/wp-content\/uploads\/sites\/16\/2022\/04\/conference_agustina_bessa_luis_et_les_femmes_catherine_dumas-1.jpg","datePublished":"2022-04-04T15:18:10+00:00","dateModified":"2022-04-04T15:18:10+00:00","description":"Dans le cadre de la c\u00e9l\u00e9bration du centenaire de la romanci\u00e8re portugaise Agustina Bessa-Lu\u00eds","breadcrumb":{"@id":"https:\/\/www.uni.lu\/fhse-fr\/events\/conference-agustina-bessa-luis-et-les-femmes-catherine-dumas-2\/#breadcrumb"},"inLanguage":"fr-FR","potentialAction":[{"@type":"ReadAction","target":["https:\/\/www.uni.lu\/fhse-fr\/events\/conference-agustina-bessa-luis-et-les-femmes-catherine-dumas-2\/"]}]},{"@type":"ImageObject","inLanguage":"fr-FR","@id":"https:\/\/www.uni.lu\/fhse-fr\/events\/conference-agustina-bessa-luis-et-les-femmes-catherine-dumas-2\/#primaryimage","url":"https:\/\/www.uni.lu\/wp-content\/uploads\/sites\/16\/2022\/04\/conference_agustina_bessa_luis_et_les_femmes_catherine_dumas-1.jpg","contentUrl":"https:\/\/www.uni.lu\/wp-content\/uploads\/sites\/16\/2022\/04\/conference_agustina_bessa_luis_et_les_femmes_catherine_dumas-1.jpg","width":1024,"height":768},{"@type":"BreadcrumbList","@id":"https:\/\/www.uni.lu\/fhse-fr\/events\/conference-agustina-bessa-luis-et-les-femmes-catherine-dumas-2\/#breadcrumb","itemListElement":[{"@type":"ListItem","position":1,"name":"Home","item":"https:\/\/www.uni.lu\/fr"},{"@type":"ListItem","position":2,"name":"Facult\u00e9 des Sciences Humaines, des Sciences de l\u2019\u00c9ducation et des Sciences Sociales\u200b","item":"https:\/\/www.uni.lu\/fhse-fr\/"},{"@type":"ListItem","position":3,"name":"Events","item":"https:\/\/www.uni.lu\/fhse-fr\/events\/"},{"@type":"ListItem","position":4,"name":"Conf\u00e9rence \"Agustina Bessa-Lu\u00eds et les femmes\" - Catherine Dumas"}]},{"@type":"WebSite","@id":"https:\/\/www.uni.lu\/fhse-fr\/#website","url":"https:\/\/www.uni.lu\/fhse-fr\/","name":"FHSE","description":"Facult\u00e9 des Sciences Humaines, des Sciences de l\u2019\u00c9ducation et des Sciences Sociales\u200b I Uni.lu","publisher":{"@id":"https:\/\/www.uni.lu\/fhse-fr\/#organization"},"alternateName":"Facult\u00e9 des Sciences Humaines, des Sciences de l\u2019\u00c9ducation et des Sciences Sociales\u200b I Universit\u00e9 du Luxembourg","potentialAction":[{"@type":"SearchAction","target":{"@type":"EntryPoint","urlTemplate":"https:\/\/www.uni.lu\/fhse-fr\/?s={search_term_string}"},"query-input":"required name=search_term_string"}],"inLanguage":"fr-FR"},{"@type":"Organization","@id":"https:\/\/www.uni.lu\/fhse-fr\/#organization","name":"FHSE - Universit\u00e9 du Luxembourg I Uni.lu","alternateName":"Facult\u00e9 des Sciences Humaines, des Sciences de l\u2019\u00c9ducation et des Sciences Sociales\u200b","url":"https:\/\/www.uni.lu\/fhse-fr\/","logo":{"@type":"ImageObject","inLanguage":"fr-FR","@id":"https:\/\/www.uni.lu\/fhse-fr\/#\/schema\/logo\/image\/","url":"https:\/\/www.uni.lu\/wp-content\/uploads\/sites\/16\/2026\/03\/03112325\/FHSE_SM-Profile_1600x1600px-scaled.jpg","contentUrl":"https:\/\/www.uni.lu\/wp-content\/uploads\/sites\/16\/2026\/03\/03112325\/FHSE_SM-Profile_1600x1600px-scaled.jpg","width":2560,"height":2560,"caption":"FHSE - Universit\u00e9 du Luxembourg I Uni.lu"},"image":"https:\/\/www.uni.lu\/wp-content\/uploads\/sites\/16\/2026\/04\/24144331\/20200609-Belval-Campus_Henri-Goergen-23.jpg","sameAs":["https:\/\/humanities.uni.lu\/"],"email":"communication@uni.lu","telephone":"+3524666441","address":{"@type":"PostalAddress","streetAddress":"11, Porte des Sciences","addressLocality":"Esch-sur-Alzette","postalCode":"4365","addressCountry":"LU"},"description":"Facult\u00e9 des Sciences Humaines, des Sciences de l\u2019\u00c9ducation et des Sciences Sociales\u200b I Uni.lu"}]}},"_links":{"self":[{"href":"https:\/\/www.uni.lu\/fhse-fr\/wp-json\/wp\/v2\/events\/1915"}],"collection":[{"href":"https:\/\/www.uni.lu\/fhse-fr\/wp-json\/wp\/v2\/events"}],"about":[{"href":"https:\/\/www.uni.lu\/fhse-fr\/wp-json\/wp\/v2\/types\/events"}],"replies":[{"embeddable":true,"href":"https:\/\/www.uni.lu\/fhse-fr\/wp-json\/wp\/v2\/comments?post=1915"}],"version-history":[{"count":0,"href":"https:\/\/www.uni.lu\/fhse-fr\/wp-json\/wp\/v2\/events\/1915\/revisions"}],"wp:featuredmedia":[{"embeddable":true,"href":"https:\/\/www.uni.lu\/fhse-fr\/wp-json\/wp\/v2\/media\/1916"}],"wp:attachment":[{"href":"https:\/\/www.uni.lu\/fhse-fr\/wp-json\/wp\/v2\/media?parent=1915"}],"wp:term":[{"taxonomy":"events-topic","embeddable":true,"href":"https:\/\/www.uni.lu\/fhse-fr\/wp-json\/wp\/v2\/events-topic?post=1915"},{"taxonomy":"events-type","embeddable":true,"href":"https:\/\/www.uni.lu\/fhse-fr\/wp-json\/wp\/v2\/events-type?post=1915"},{"taxonomy":"organisation","embeddable":true,"href":"https:\/\/www.uni.lu\/fhse-fr\/wp-json\/wp\/v2\/organisation?post=1915"}],"curies":[{"name":"wp","href":"https:\/\/api.w.org\/{rel}","templated":true}]}}