{"id":1905,"date":"2022-03-24T15:06:00","date_gmt":"2022-03-24T14:06:00","guid":{"rendered":"https:\/\/www.uni.lu\/fhse-fr\/events\/offentliche-abschlussprasentation-des-seminars-vom-nicht-ort-zum-ort-des-masterstudiengangs-theaterwissenschaft-und-interkulturalitat\/"},"modified":"2022-03-24T15:06:00","modified_gmt":"2022-03-24T14:06:00","slug":"offentliche-abschlussprasentation-des-seminars-vom-nicht-ort-zum-ort-des-masterstudiengangs-theaterwissenschaft-und-interkulturalitat","status":"publish","type":"events","link":"https:\/\/www.uni.lu\/fhse-fr\/events\/offentliche-abschlussprasentation-des-seminars-vom-nicht-ort-zum-ort-des-masterstudiengangs-theaterwissenschaft-und-interkulturalitat\/","title":{"rendered":"\u00d6ffentliche Abschlusspr\u00e4sentation des Seminars \u201eVom Nicht-Ort zum Ort\u201c des Masterstudiengangs Theaterwissenschaft und Interkulturalit\u00e4t!"},"content":{"rendered":"<section class=\"wp-block-unilux-blocks-free-section section\"><div class=\"container xl:max-w-screen-xl\"><p>Mit Nuran Atis, Olivia Betsch, Maria Binica, Magdalena Br\u00fcck, Amelie-Sophie Konrad<\/p><p>Herzliche Einladung zur \u00f6ffentlichen Abschlusspr\u00e4sentation des Seminars \u201eVom Nicht-Ort zum Ort\u201c des Masterstudiengangs Theaterwissenschaft und Interkulturalit\u00e4t!<\/p><p>Ein Nicht-Ort ist \u201ceine meist monofunktional genutzte Fl\u00e4che im (sub)urbanen Raum: Einkaufszentren, Autobahnen, Bahnh\u00f6fe oder Flugh\u00e4fen\u201d &#8211; so der franz\u00f6sische Anthropologe Marc Aug\u00e9.<\/p><p>Doch wie kann aus einem Nicht-Ort f\u00fcr manche Menschen doch ein Ort werden? Was ist es, das uns mit bestimmten Orten verbindet, und wie kann es gelingen, diese Verbindungen zu inszenieren?<\/p><p>In Kooperation mit <i>Esch2022<\/i> entwickeln die Studierenden im Seminar <i>Vom Nicht-Ort zum Ort<\/i> von und mit Monika Dobrowlanska B\u00fchnenkonzepte, die sich mit der emotionalen Bindung zwischen Menschen und Orten befassen. In Einzelarbeit oder Kleingruppen werden die Projekte &#8211; je nach Umfang &#8211; in Form von Konzepten erarbeitet und in einer Abschlusspr\u00e4sentation mit variierenden inszenatorischen Ans\u00e4tzen vorgestellt.<\/p><p>Bei der Veranstaltung werden \u00fcber den Verein Pulse Spenden f\u00fcr humanit\u00e4re Hilfe f\u00fcr die Menschen in der Ukraine gesammelt.<\/p><p>Weitere Informationen: <a href=\"http:\/\/www.pulse.org.pl\" target=\"_blank\" title=\"\" rel=\"noopener\">www.pulse.org.pl<\/a><\/p><\/div><\/section>","protected":false},"excerpt":{"rendered":"<p>Mit Nuran Atis, Olivia Betsch, Maria Binica, Magdalena Br\u00fcck, Amelie-Sophie KonradHerzliche Einladung zur \u00f6ffentlichen Abschlusspr\u00e4sentation des Seminars \u201eVom Nicht-Ort zum Ort\u201c des Masterstudiengangs Theaterwissenschaft und Interkulturalit\u00e4t!<\/p>\n","protected":false},"author":0,"featured_media":1906,"parent":0,"menu_order":0,"comment_status":"open","ping_status":"closed","template":"","format":"standard","meta":{"featured_image_focal_point":[],"show_featured_caption":false,"ulux_newsletter_groups":"","uluxPostTitle":"","uluxPrePostTitle":"","_trash_the_other_posts":false,"_price":"","_stock":"","_tribe_ticket_header":"","_tribe_default_ticket_provider":"","_tribe_ticket_capacity":"0","_ticket_start_date":"","_ticket_end_date":"","_tribe_ticket_show_description":"","_tribe_ticket_show_not_going":false,"_tribe_ticket_use_global_stock":"","_tribe_ticket_global_stock_level":"","_global_stock_mode":"","_global_stock_cap":"","_tribe_rsvp_for_event":"","_tribe_ticket_going_count":"","_tribe_ticket_not_going_count":"","_tribe_tickets_list":"[]","_tribe_ticket_has_attendee_info_fields":false,"event_start_date":"2022-03-29 13:00:00","event_end_date":"2022-03-29 15:00:00","event_speaker_name":"","event_speaker_link":"","event_is_online":false,"event_location":"Theaterraum (Atelier 7.040)\r\n4 Etage \r\nMaison des Artes et des Etudiants\r\nCampus Belval","event_street":"","event_location_link":"","event_zip_code":"","event_city":"","event_country":"LU"},"events-topic":[305],"events-type":[],"organisation":[170,171],"authorship":[],"acf":[],"yoast_head":"<!-- This site is optimized with the Yoast SEO Premium plugin v22.3 (Yoast SEO v22.3) - https:\/\/yoast.com\/wordpress\/plugins\/seo\/ -->\n<title>\u00d6ffentliche Abschlusspr\u00e4sentation des Seminars \u201eVom Nicht-Ort zum Ort\u201c des Masterstudiengangs Theaterwissenschaft und Interkulturalit\u00e4t! - FHSE I Uni.lu<\/title>\n<meta name=\"description\" content=\"Mit Nuran Atis, Olivia Betsch, Maria Binica, Magdalena Br\u00fcck, Amelie-Sophie KonradHerzliche Einladung zur \u00f6ffentlichen Abschlusspr\u00e4sentation des Seminars \u201eVom Nicht-Ort zum Ort\u201c des Masterstudiengangs Theaterwissenschaft und Interkulturalit\u00e4t!\" \/>\n<meta name=\"robots\" content=\"index, follow, max-snippet:-1, max-image-preview:large, max-video-preview:-1\" \/>\n<link rel=\"canonical\" href=\"https:\/\/www.uni.lu\/fhse-fr\/events\/offentliche-abschlussprasentation-des-seminars-vom-nicht-ort-zum-ort-des-masterstudiengangs-theaterwissenschaft-und-interkulturalitat\/\" \/>\n<meta property=\"og:locale\" content=\"fr_FR\" \/>\n<meta property=\"og:type\" content=\"article\" \/>\n<meta property=\"og:title\" content=\"\u00d6ffentliche Abschlusspr\u00e4sentation des Seminars \u201eVom Nicht-Ort zum Ort\u201c des Masterstudiengangs Theaterwissenschaft und Interkulturalit\u00e4t!\" \/>\n<meta property=\"og:description\" content=\"Mit Nuran Atis, Olivia Betsch, Maria Binica, Magdalena Br\u00fcck, Amelie-Sophie KonradHerzliche Einladung zur \u00f6ffentlichen Abschlusspr\u00e4sentation des Seminars \u201eVom Nicht-Ort zum Ort\u201c des Masterstudiengangs Theaterwissenschaft und Interkulturalit\u00e4t!\" \/>\n<meta property=\"og:url\" content=\"https:\/\/www.uni.lu\/fhse-fr\/events\/offentliche-abschlussprasentation-des-seminars-vom-nicht-ort-zum-ort-des-masterstudiengangs-theaterwissenschaft-und-interkulturalitat\/\" \/>\n<meta property=\"og:site_name\" content=\"FHSE FR\" \/>\n<meta property=\"og:image\" content=\"https:\/\/www.uni.lu\/wp-content\/uploads\/sites\/16\/2026\/03\/03112325\/FHSE_SM-Profile_1600x1600px-scaled.jpg\" \/>\n\t<meta property=\"og:image:width\" content=\"2560\" \/>\n\t<meta property=\"og:image:height\" content=\"2560\" \/>\n\t<meta property=\"og:image:type\" content=\"image\/jpeg\" \/>\n<meta name=\"twitter:card\" content=\"summary_large_image\" \/>\n<meta name=\"twitter:label1\" content=\"Dur\u00e9e de lecture estim\u00e9e\" \/>\n\t<meta name=\"twitter:data1\" content=\"1 minute\" \/>\n<script type=\"application\/ld+json\" class=\"yoast-schema-graph\">{\"@context\":\"https:\/\/schema.org\",\"@graph\":[{\"@type\":\"WebPage\",\"@id\":\"https:\/\/www.uni.lu\/fhse-fr\/events\/offentliche-abschlussprasentation-des-seminars-vom-nicht-ort-zum-ort-des-masterstudiengangs-theaterwissenschaft-und-interkulturalitat\/\",\"url\":\"https:\/\/www.uni.lu\/fhse-fr\/events\/offentliche-abschlussprasentation-des-seminars-vom-nicht-ort-zum-ort-des-masterstudiengangs-theaterwissenschaft-und-interkulturalitat\/\",\"name\":\"\u00d6ffentliche Abschlusspr\u00e4sentation des Seminars \u201eVom Nicht-Ort zum Ort\u201c des Masterstudiengangs Theaterwissenschaft und Interkulturalit\u00e4t! - FHSE I Uni.lu\",\"isPartOf\":{\"@id\":\"https:\/\/www.uni.lu\/fhse-fr\/#website\"},\"primaryImageOfPage\":{\"@id\":\"https:\/\/www.uni.lu\/fhse-fr\/events\/offentliche-abschlussprasentation-des-seminars-vom-nicht-ort-zum-ort-des-masterstudiengangs-theaterwissenschaft-und-interkulturalitat\/#primaryimage\"},\"image\":{\"@id\":\"https:\/\/www.uni.lu\/fhse-fr\/events\/offentliche-abschlussprasentation-des-seminars-vom-nicht-ort-zum-ort-des-masterstudiengangs-theaterwissenschaft-und-interkulturalitat\/#primaryimage\"},\"thumbnailUrl\":\"https:\/\/www.uni.lu\/wp-content\/uploads\/sites\/16\/2022\/03\/vom_nicht_ort_zum_ort.jpg\",\"datePublished\":\"2022-03-24T14:06:00+00:00\",\"dateModified\":\"2022-03-24T14:06:00+00:00\",\"description\":\"Mit Nuran Atis, Olivia Betsch, Maria Binica, Magdalena Br\u00fcck, Amelie-Sophie KonradHerzliche Einladung zur \u00f6ffentlichen Abschlusspr\u00e4sentation des Seminars \u201eVom Nicht-Ort zum Ort\u201c des Masterstudiengangs Theaterwissenschaft und Interkulturalit\u00e4t!\",\"breadcrumb\":{\"@id\":\"https:\/\/www.uni.lu\/fhse-fr\/events\/offentliche-abschlussprasentation-des-seminars-vom-nicht-ort-zum-ort-des-masterstudiengangs-theaterwissenschaft-und-interkulturalitat\/#breadcrumb\"},\"inLanguage\":\"fr-FR\",\"potentialAction\":[{\"@type\":\"ReadAction\",\"target\":[\"https:\/\/www.uni.lu\/fhse-fr\/events\/offentliche-abschlussprasentation-des-seminars-vom-nicht-ort-zum-ort-des-masterstudiengangs-theaterwissenschaft-und-interkulturalitat\/\"]}]},{\"@type\":\"ImageObject\",\"inLanguage\":\"fr-FR\",\"@id\":\"https:\/\/www.uni.lu\/fhse-fr\/events\/offentliche-abschlussprasentation-des-seminars-vom-nicht-ort-zum-ort-des-masterstudiengangs-theaterwissenschaft-und-interkulturalitat\/#primaryimage\",\"url\":\"https:\/\/www.uni.lu\/wp-content\/uploads\/sites\/16\/2022\/03\/vom_nicht_ort_zum_ort.jpg\",\"contentUrl\":\"https:\/\/www.uni.lu\/wp-content\/uploads\/sites\/16\/2022\/03\/vom_nicht_ort_zum_ort.jpg\",\"width\":800,\"height\":600},{\"@type\":\"BreadcrumbList\",\"@id\":\"https:\/\/www.uni.lu\/fhse-fr\/events\/offentliche-abschlussprasentation-des-seminars-vom-nicht-ort-zum-ort-des-masterstudiengangs-theaterwissenschaft-und-interkulturalitat\/#breadcrumb\",\"itemListElement\":[{\"@type\":\"ListItem\",\"position\":1,\"name\":\"Home\",\"item\":\"https:\/\/www.uni.lu\/fr\"},{\"@type\":\"ListItem\",\"position\":2,\"name\":\"Facult\u00e9 des Sciences Humaines, des Sciences de l\u2019\u00c9ducation et des Sciences Sociales\u200b\",\"item\":\"https:\/\/www.uni.lu\/fhse-fr\/\"},{\"@type\":\"ListItem\",\"position\":3,\"name\":\"Events\",\"item\":\"https:\/\/www.uni.lu\/fhse-fr\/events\/\"},{\"@type\":\"ListItem\",\"position\":4,\"name\":\"\u00d6ffentliche Abschlusspr\u00e4sentation des Seminars \u201eVom Nicht-Ort zum Ort\u201c des Masterstudiengangs Theaterwissenschaft und Interkulturalit\u00e4t!\"}]},{\"@type\":\"WebSite\",\"@id\":\"https:\/\/www.uni.lu\/fhse-fr\/#website\",\"url\":\"https:\/\/www.uni.lu\/fhse-fr\/\",\"name\":\"FHSE\",\"description\":\"Facult\u00e9 des Sciences Humaines, des Sciences de l\u2019\u00c9ducation et des Sciences Sociales\u200b I Uni.lu\",\"publisher\":{\"@id\":\"https:\/\/www.uni.lu\/fhse-fr\/#organization\"},\"alternateName\":\"Facult\u00e9 des Sciences Humaines, des Sciences de l\u2019\u00c9ducation et des Sciences Sociales\u200b I Universit\u00e9 du Luxembourg\",\"potentialAction\":[{\"@type\":\"SearchAction\",\"target\":{\"@type\":\"EntryPoint\",\"urlTemplate\":\"https:\/\/www.uni.lu\/fhse-fr\/?s={search_term_string}\"},\"query-input\":\"required name=search_term_string\"}],\"inLanguage\":\"fr-FR\"},{\"@type\":\"Organization\",\"@id\":\"https:\/\/www.uni.lu\/fhse-fr\/#organization\",\"name\":\"FHSE - Universit\u00e9 du Luxembourg I Uni.lu\",\"alternateName\":\"Facult\u00e9 des Sciences Humaines, des Sciences de l\u2019\u00c9ducation et des Sciences Sociales\u200b\",\"url\":\"https:\/\/www.uni.lu\/fhse-fr\/\",\"logo\":{\"@type\":\"ImageObject\",\"inLanguage\":\"fr-FR\",\"@id\":\"https:\/\/www.uni.lu\/fhse-fr\/#\/schema\/logo\/image\/\",\"url\":\"https:\/\/www.uni.lu\/wp-content\/uploads\/sites\/16\/2026\/03\/03112325\/FHSE_SM-Profile_1600x1600px-scaled.jpg\",\"contentUrl\":\"https:\/\/www.uni.lu\/wp-content\/uploads\/sites\/16\/2026\/03\/03112325\/FHSE_SM-Profile_1600x1600px-scaled.jpg\",\"width\":2560,\"height\":2560,\"caption\":\"FHSE - Universit\u00e9 du Luxembourg I Uni.lu\"},\"image\":\"https:\/\/www.uni.lu\/wp-content\/uploads\/sites\/16\/2026\/04\/24144331\/20200609-Belval-Campus_Henri-Goergen-23.jpg\",\"sameAs\":[\"https:\/\/humanities.uni.lu\/\"],\"email\":\"communication@uni.lu\",\"telephone\":\"+3524666441\",\"address\":{\"@type\":\"PostalAddress\",\"streetAddress\":\"11, Porte des Sciences\",\"addressLocality\":\"Esch-sur-Alzette\",\"postalCode\":\"4365\",\"addressCountry\":\"LU\"},\"description\":\"Facult\u00e9 des Sciences Humaines, des Sciences de l\u2019\u00c9ducation et des Sciences Sociales\u200b I Uni.lu\"}]}<\/script>\n<!-- \/ Yoast SEO Premium plugin. -->","yoast_head_json":{"title":"\u00d6ffentliche Abschlusspr\u00e4sentation des Seminars \u201eVom Nicht-Ort zum Ort\u201c des Masterstudiengangs Theaterwissenschaft und Interkulturalit\u00e4t! - FHSE I Uni.lu","description":"Mit Nuran Atis, Olivia Betsch, Maria Binica, Magdalena Br\u00fcck, Amelie-Sophie KonradHerzliche Einladung zur \u00f6ffentlichen Abschlusspr\u00e4sentation des Seminars \u201eVom Nicht-Ort zum Ort\u201c des Masterstudiengangs Theaterwissenschaft und Interkulturalit\u00e4t!","robots":{"index":"index","follow":"follow","max-snippet":"max-snippet:-1","max-image-preview":"max-image-preview:large","max-video-preview":"max-video-preview:-1"},"canonical":"https:\/\/www.uni.lu\/fhse-fr\/events\/offentliche-abschlussprasentation-des-seminars-vom-nicht-ort-zum-ort-des-masterstudiengangs-theaterwissenschaft-und-interkulturalitat\/","og_locale":"fr_FR","og_type":"article","og_title":"\u00d6ffentliche Abschlusspr\u00e4sentation des Seminars \u201eVom Nicht-Ort zum Ort\u201c des Masterstudiengangs Theaterwissenschaft und Interkulturalit\u00e4t!","og_description":"Mit Nuran Atis, Olivia Betsch, Maria Binica, Magdalena Br\u00fcck, Amelie-Sophie KonradHerzliche Einladung zur \u00f6ffentlichen Abschlusspr\u00e4sentation des Seminars \u201eVom Nicht-Ort zum Ort\u201c des Masterstudiengangs Theaterwissenschaft und Interkulturalit\u00e4t!","og_url":"https:\/\/www.uni.lu\/fhse-fr\/events\/offentliche-abschlussprasentation-des-seminars-vom-nicht-ort-zum-ort-des-masterstudiengangs-theaterwissenschaft-und-interkulturalitat\/","og_site_name":"FHSE FR","og_image":[{"width":2560,"height":2560,"url":"https:\/\/www.uni.lu\/wp-content\/uploads\/sites\/16\/2026\/03\/03112325\/FHSE_SM-Profile_1600x1600px-scaled.jpg","type":"image\/jpeg"}],"twitter_card":"summary_large_image","twitter_misc":{"Dur\u00e9e de lecture estim\u00e9e":"1 minute"},"schema":{"@context":"https:\/\/schema.org","@graph":[{"@type":"WebPage","@id":"https:\/\/www.uni.lu\/fhse-fr\/events\/offentliche-abschlussprasentation-des-seminars-vom-nicht-ort-zum-ort-des-masterstudiengangs-theaterwissenschaft-und-interkulturalitat\/","url":"https:\/\/www.uni.lu\/fhse-fr\/events\/offentliche-abschlussprasentation-des-seminars-vom-nicht-ort-zum-ort-des-masterstudiengangs-theaterwissenschaft-und-interkulturalitat\/","name":"\u00d6ffentliche Abschlusspr\u00e4sentation des Seminars \u201eVom Nicht-Ort zum Ort\u201c des Masterstudiengangs Theaterwissenschaft und Interkulturalit\u00e4t! - FHSE I Uni.lu","isPartOf":{"@id":"https:\/\/www.uni.lu\/fhse-fr\/#website"},"primaryImageOfPage":{"@id":"https:\/\/www.uni.lu\/fhse-fr\/events\/offentliche-abschlussprasentation-des-seminars-vom-nicht-ort-zum-ort-des-masterstudiengangs-theaterwissenschaft-und-interkulturalitat\/#primaryimage"},"image":{"@id":"https:\/\/www.uni.lu\/fhse-fr\/events\/offentliche-abschlussprasentation-des-seminars-vom-nicht-ort-zum-ort-des-masterstudiengangs-theaterwissenschaft-und-interkulturalitat\/#primaryimage"},"thumbnailUrl":"https:\/\/www.uni.lu\/wp-content\/uploads\/sites\/16\/2022\/03\/vom_nicht_ort_zum_ort.jpg","datePublished":"2022-03-24T14:06:00+00:00","dateModified":"2022-03-24T14:06:00+00:00","description":"Mit Nuran Atis, Olivia Betsch, Maria Binica, Magdalena Br\u00fcck, Amelie-Sophie KonradHerzliche Einladung zur \u00f6ffentlichen Abschlusspr\u00e4sentation des Seminars \u201eVom Nicht-Ort zum Ort\u201c des Masterstudiengangs Theaterwissenschaft und Interkulturalit\u00e4t!","breadcrumb":{"@id":"https:\/\/www.uni.lu\/fhse-fr\/events\/offentliche-abschlussprasentation-des-seminars-vom-nicht-ort-zum-ort-des-masterstudiengangs-theaterwissenschaft-und-interkulturalitat\/#breadcrumb"},"inLanguage":"fr-FR","potentialAction":[{"@type":"ReadAction","target":["https:\/\/www.uni.lu\/fhse-fr\/events\/offentliche-abschlussprasentation-des-seminars-vom-nicht-ort-zum-ort-des-masterstudiengangs-theaterwissenschaft-und-interkulturalitat\/"]}]},{"@type":"ImageObject","inLanguage":"fr-FR","@id":"https:\/\/www.uni.lu\/fhse-fr\/events\/offentliche-abschlussprasentation-des-seminars-vom-nicht-ort-zum-ort-des-masterstudiengangs-theaterwissenschaft-und-interkulturalitat\/#primaryimage","url":"https:\/\/www.uni.lu\/wp-content\/uploads\/sites\/16\/2022\/03\/vom_nicht_ort_zum_ort.jpg","contentUrl":"https:\/\/www.uni.lu\/wp-content\/uploads\/sites\/16\/2022\/03\/vom_nicht_ort_zum_ort.jpg","width":800,"height":600},{"@type":"BreadcrumbList","@id":"https:\/\/www.uni.lu\/fhse-fr\/events\/offentliche-abschlussprasentation-des-seminars-vom-nicht-ort-zum-ort-des-masterstudiengangs-theaterwissenschaft-und-interkulturalitat\/#breadcrumb","itemListElement":[{"@type":"ListItem","position":1,"name":"Home","item":"https:\/\/www.uni.lu\/fr"},{"@type":"ListItem","position":2,"name":"Facult\u00e9 des Sciences Humaines, des Sciences de l\u2019\u00c9ducation et des Sciences Sociales\u200b","item":"https:\/\/www.uni.lu\/fhse-fr\/"},{"@type":"ListItem","position":3,"name":"Events","item":"https:\/\/www.uni.lu\/fhse-fr\/events\/"},{"@type":"ListItem","position":4,"name":"\u00d6ffentliche Abschlusspr\u00e4sentation des Seminars \u201eVom Nicht-Ort zum Ort\u201c des Masterstudiengangs Theaterwissenschaft und Interkulturalit\u00e4t!"}]},{"@type":"WebSite","@id":"https:\/\/www.uni.lu\/fhse-fr\/#website","url":"https:\/\/www.uni.lu\/fhse-fr\/","name":"FHSE","description":"Facult\u00e9 des Sciences Humaines, des Sciences de l\u2019\u00c9ducation et des Sciences Sociales\u200b I Uni.lu","publisher":{"@id":"https:\/\/www.uni.lu\/fhse-fr\/#organization"},"alternateName":"Facult\u00e9 des Sciences Humaines, des Sciences de l\u2019\u00c9ducation et des Sciences Sociales\u200b I Universit\u00e9 du Luxembourg","potentialAction":[{"@type":"SearchAction","target":{"@type":"EntryPoint","urlTemplate":"https:\/\/www.uni.lu\/fhse-fr\/?s={search_term_string}"},"query-input":"required name=search_term_string"}],"inLanguage":"fr-FR"},{"@type":"Organization","@id":"https:\/\/www.uni.lu\/fhse-fr\/#organization","name":"FHSE - Universit\u00e9 du Luxembourg I Uni.lu","alternateName":"Facult\u00e9 des Sciences Humaines, des Sciences de l\u2019\u00c9ducation et des Sciences Sociales\u200b","url":"https:\/\/www.uni.lu\/fhse-fr\/","logo":{"@type":"ImageObject","inLanguage":"fr-FR","@id":"https:\/\/www.uni.lu\/fhse-fr\/#\/schema\/logo\/image\/","url":"https:\/\/www.uni.lu\/wp-content\/uploads\/sites\/16\/2026\/03\/03112325\/FHSE_SM-Profile_1600x1600px-scaled.jpg","contentUrl":"https:\/\/www.uni.lu\/wp-content\/uploads\/sites\/16\/2026\/03\/03112325\/FHSE_SM-Profile_1600x1600px-scaled.jpg","width":2560,"height":2560,"caption":"FHSE - Universit\u00e9 du Luxembourg I Uni.lu"},"image":"https:\/\/www.uni.lu\/wp-content\/uploads\/sites\/16\/2026\/04\/24144331\/20200609-Belval-Campus_Henri-Goergen-23.jpg","sameAs":["https:\/\/humanities.uni.lu\/"],"email":"communication@uni.lu","telephone":"+3524666441","address":{"@type":"PostalAddress","streetAddress":"11, Porte des Sciences","addressLocality":"Esch-sur-Alzette","postalCode":"4365","addressCountry":"LU"},"description":"Facult\u00e9 des Sciences Humaines, des Sciences de l\u2019\u00c9ducation et des Sciences Sociales\u200b I Uni.lu"}]}},"_links":{"self":[{"href":"https:\/\/www.uni.lu\/fhse-fr\/wp-json\/wp\/v2\/events\/1905"}],"collection":[{"href":"https:\/\/www.uni.lu\/fhse-fr\/wp-json\/wp\/v2\/events"}],"about":[{"href":"https:\/\/www.uni.lu\/fhse-fr\/wp-json\/wp\/v2\/types\/events"}],"replies":[{"embeddable":true,"href":"https:\/\/www.uni.lu\/fhse-fr\/wp-json\/wp\/v2\/comments?post=1905"}],"version-history":[{"count":0,"href":"https:\/\/www.uni.lu\/fhse-fr\/wp-json\/wp\/v2\/events\/1905\/revisions"}],"wp:featuredmedia":[{"embeddable":true,"href":"https:\/\/www.uni.lu\/fhse-fr\/wp-json\/wp\/v2\/media\/1906"}],"wp:attachment":[{"href":"https:\/\/www.uni.lu\/fhse-fr\/wp-json\/wp\/v2\/media?parent=1905"}],"wp:term":[{"taxonomy":"events-topic","embeddable":true,"href":"https:\/\/www.uni.lu\/fhse-fr\/wp-json\/wp\/v2\/events-topic?post=1905"},{"taxonomy":"events-type","embeddable":true,"href":"https:\/\/www.uni.lu\/fhse-fr\/wp-json\/wp\/v2\/events-type?post=1905"},{"taxonomy":"organisation","embeddable":true,"href":"https:\/\/www.uni.lu\/fhse-fr\/wp-json\/wp\/v2\/organisation?post=1905"}],"curies":[{"name":"wp","href":"https:\/\/api.w.org\/{rel}","templated":true}]}}