{"id":1903,"date":"2022-03-23T16:39:18","date_gmt":"2022-03-23T15:39:18","guid":{"rendered":"https:\/\/www.uni.lu\/fhse-fr\/events\/von-den-readymades-zur-ai-art-ein-theoriemodell-der-asthetischen-moderne\/"},"modified":"2022-03-23T16:39:18","modified_gmt":"2022-03-23T15:39:18","slug":"von-den-readymades-zur-ai-art-ein-theoriemodell-der-asthetischen-moderne","status":"publish","type":"events","link":"https:\/\/www.uni.lu\/fhse-fr\/events\/von-den-readymades-zur-ai-art-ein-theoriemodell-der-asthetischen-moderne\/","title":{"rendered":"Von den Readymades zur AI-Art. Ein Theoriemodell der \u00e4sthetischen Moderne"},"content":{"rendered":"<section class=\"wp-block-unilux-blocks-free-section section\"><div class=\"container xl:max-w-screen-xl\"><p>Die digitale Revolution ver\u00e4ndert nachhaltig die Bedingungen, unter denen Kunst und Musik produziert, verbreitet und rezipiert wird.<\/p><p>Welche Auswirkungen hat dies auf die zeitgen\u00f6ssischen K\u00fcnste? Der Vortrag stellt ein Theoriemodell der \u00e4sthetischen Moderne vor, das genre\u00fcbergreifend die Ausdifferenzierungsgeschichte des Kunstsystems rekonstruiert und in dessen Kontext sich diese Fragen perspektivisch diskutieren lassen.<\/p><p>Der Vortrag beginnt um 17:00. Informationen zum vorher stattfindenden Doktoranden-Workshop gibt die <i>Doctoral School of Humanities<\/i>.<\/p><p><\/p><\/div><\/section>","protected":false},"excerpt":{"rendered":"<p>Die digitale Revolution ver\u00e4ndert nachhaltig die Bedingungen, unter denen Kunst und Musik produziert, verbreitet und rezipiert wird.<\/p>\n","protected":false},"author":0,"featured_media":1904,"parent":0,"menu_order":0,"comment_status":"open","ping_status":"closed","template":"","format":"standard","meta":{"featured_image_focal_point":[],"show_featured_caption":false,"ulux_newsletter_groups":"","uluxPostTitle":"","uluxPrePostTitle":"","_trash_the_other_posts":false,"_price":"","_stock":"","_tribe_ticket_header":"","_tribe_default_ticket_provider":"","_tribe_ticket_capacity":"0","_ticket_start_date":"","_ticket_end_date":"","_tribe_ticket_show_description":"","_tribe_ticket_show_not_going":false,"_tribe_ticket_use_global_stock":"","_tribe_ticket_global_stock_level":"","_global_stock_mode":"","_global_stock_cap":"","_tribe_rsvp_for_event":"","_tribe_ticket_going_count":"","_tribe_ticket_not_going_count":"","_tribe_tickets_list":"[]","_tribe_ticket_has_attendee_info_fields":false,"event_start_date":"2022-04-06 17:00:00","event_end_date":"2022-04-06 19:00:00","event_speaker_name":"Harry Lehmann ","event_speaker_link":"","event_is_online":false,"event_location":"Campus Belval\r\nMSA\r\nAuditorium 3.330","event_street":"","event_location_link":"","event_zip_code":"","event_city":"","event_country":"LU"},"events-topic":[305],"events-type":[],"organisation":[170,171],"authorship":[],"acf":[],"yoast_head":"<!-- This site is optimized with the Yoast SEO Premium plugin v22.3 (Yoast SEO v22.3) - https:\/\/yoast.com\/wordpress\/plugins\/seo\/ -->\n<title>Von den Readymades zur AI-Art. Ein Theoriemodell der \u00e4sthetischen Moderne - FHSE I Uni.lu<\/title>\n<meta name=\"description\" content=\"Die digitale Revolution ver\u00e4ndert nachhaltig die Bedingungen, unter denen Kunst und Musik produziert, verbreitet und rezipiert wird.\" \/>\n<meta name=\"robots\" content=\"index, follow, max-snippet:-1, max-image-preview:large, max-video-preview:-1\" \/>\n<link rel=\"canonical\" href=\"https:\/\/www.uni.lu\/fhse-fr\/events\/von-den-readymades-zur-ai-art-ein-theoriemodell-der-asthetischen-moderne\/\" \/>\n<meta property=\"og:locale\" content=\"fr_FR\" \/>\n<meta property=\"og:type\" content=\"article\" \/>\n<meta property=\"og:title\" content=\"Von den Readymades zur AI-Art. Ein Theoriemodell der \u00e4sthetischen Moderne\" \/>\n<meta property=\"og:description\" content=\"Die digitale Revolution ver\u00e4ndert nachhaltig die Bedingungen, unter denen Kunst und Musik produziert, verbreitet und rezipiert wird.\" \/>\n<meta property=\"og:url\" content=\"https:\/\/www.uni.lu\/fhse-fr\/events\/von-den-readymades-zur-ai-art-ein-theoriemodell-der-asthetischen-moderne\/\" \/>\n<meta property=\"og:site_name\" content=\"FHSE FR\" \/>\n<meta property=\"og:image\" content=\"https:\/\/www.uni.lu\/wp-content\/uploads\/sites\/16\/2026\/03\/03112325\/FHSE_SM-Profile_1600x1600px-scaled.jpg\" \/>\n\t<meta property=\"og:image:width\" content=\"2560\" \/>\n\t<meta property=\"og:image:height\" content=\"2560\" \/>\n\t<meta property=\"og:image:type\" content=\"image\/jpeg\" \/>\n<meta name=\"twitter:card\" content=\"summary_large_image\" \/>\n<script type=\"application\/ld+json\" class=\"yoast-schema-graph\">{\"@context\":\"https:\/\/schema.org\",\"@graph\":[{\"@type\":\"WebPage\",\"@id\":\"https:\/\/www.uni.lu\/fhse-fr\/events\/von-den-readymades-zur-ai-art-ein-theoriemodell-der-asthetischen-moderne\/\",\"url\":\"https:\/\/www.uni.lu\/fhse-fr\/events\/von-den-readymades-zur-ai-art-ein-theoriemodell-der-asthetischen-moderne\/\",\"name\":\"Von den Readymades zur AI-Art. Ein Theoriemodell der \u00e4sthetischen Moderne - FHSE I Uni.lu\",\"isPartOf\":{\"@id\":\"https:\/\/www.uni.lu\/fhse-fr\/#website\"},\"primaryImageOfPage\":{\"@id\":\"https:\/\/www.uni.lu\/fhse-fr\/events\/von-den-readymades-zur-ai-art-ein-theoriemodell-der-asthetischen-moderne\/#primaryimage\"},\"image\":{\"@id\":\"https:\/\/www.uni.lu\/fhse-fr\/events\/von-den-readymades-zur-ai-art-ein-theoriemodell-der-asthetischen-moderne\/#primaryimage\"},\"thumbnailUrl\":\"https:\/\/www.uni.lu\/wp-content\/uploads\/sites\/16\/2022\/03\/von_den_readymades_zur_ai_art_ein_theoriemodell_der_aesthetischen_moderne.jpg\",\"datePublished\":\"2022-03-23T15:39:18+00:00\",\"dateModified\":\"2022-03-23T15:39:18+00:00\",\"description\":\"Die digitale Revolution ver\u00e4ndert nachhaltig die Bedingungen, unter denen Kunst und Musik produziert, verbreitet und rezipiert wird.\",\"breadcrumb\":{\"@id\":\"https:\/\/www.uni.lu\/fhse-fr\/events\/von-den-readymades-zur-ai-art-ein-theoriemodell-der-asthetischen-moderne\/#breadcrumb\"},\"inLanguage\":\"fr-FR\",\"potentialAction\":[{\"@type\":\"ReadAction\",\"target\":[\"https:\/\/www.uni.lu\/fhse-fr\/events\/von-den-readymades-zur-ai-art-ein-theoriemodell-der-asthetischen-moderne\/\"]}]},{\"@type\":\"ImageObject\",\"inLanguage\":\"fr-FR\",\"@id\":\"https:\/\/www.uni.lu\/fhse-fr\/events\/von-den-readymades-zur-ai-art-ein-theoriemodell-der-asthetischen-moderne\/#primaryimage\",\"url\":\"https:\/\/www.uni.lu\/wp-content\/uploads\/sites\/16\/2022\/03\/von_den_readymades_zur_ai_art_ein_theoriemodell_der_aesthetischen_moderne.jpg\",\"contentUrl\":\"https:\/\/www.uni.lu\/wp-content\/uploads\/sites\/16\/2022\/03\/von_den_readymades_zur_ai_art_ein_theoriemodell_der_aesthetischen_moderne.jpg\",\"width\":800,\"height\":600},{\"@type\":\"BreadcrumbList\",\"@id\":\"https:\/\/www.uni.lu\/fhse-fr\/events\/von-den-readymades-zur-ai-art-ein-theoriemodell-der-asthetischen-moderne\/#breadcrumb\",\"itemListElement\":[{\"@type\":\"ListItem\",\"position\":1,\"name\":\"Home\",\"item\":\"https:\/\/www.uni.lu\/fr\"},{\"@type\":\"ListItem\",\"position\":2,\"name\":\"Facult\u00e9 des Sciences Humaines, des Sciences de l\u2019\u00c9ducation et des Sciences Sociales\u200b\",\"item\":\"https:\/\/www.uni.lu\/fhse-fr\/\"},{\"@type\":\"ListItem\",\"position\":3,\"name\":\"Events\",\"item\":\"https:\/\/www.uni.lu\/fhse-fr\/events\/\"},{\"@type\":\"ListItem\",\"position\":4,\"name\":\"Von den Readymades zur AI-Art. Ein Theoriemodell der \u00e4sthetischen Moderne\"}]},{\"@type\":\"WebSite\",\"@id\":\"https:\/\/www.uni.lu\/fhse-fr\/#website\",\"url\":\"https:\/\/www.uni.lu\/fhse-fr\/\",\"name\":\"FHSE\",\"description\":\"Facult\u00e9 des Sciences Humaines, des Sciences de l\u2019\u00c9ducation et des Sciences Sociales\u200b I Uni.lu\",\"publisher\":{\"@id\":\"https:\/\/www.uni.lu\/fhse-fr\/#organization\"},\"alternateName\":\"Facult\u00e9 des Sciences Humaines, des Sciences de l\u2019\u00c9ducation et des Sciences Sociales\u200b I Universit\u00e9 du Luxembourg\",\"potentialAction\":[{\"@type\":\"SearchAction\",\"target\":{\"@type\":\"EntryPoint\",\"urlTemplate\":\"https:\/\/www.uni.lu\/fhse-fr\/?s={search_term_string}\"},\"query-input\":\"required name=search_term_string\"}],\"inLanguage\":\"fr-FR\"},{\"@type\":\"Organization\",\"@id\":\"https:\/\/www.uni.lu\/fhse-fr\/#organization\",\"name\":\"FHSE - Universit\u00e9 du Luxembourg I Uni.lu\",\"alternateName\":\"Facult\u00e9 des Sciences Humaines, des Sciences de l\u2019\u00c9ducation et des Sciences Sociales\u200b\",\"url\":\"https:\/\/www.uni.lu\/fhse-fr\/\",\"logo\":{\"@type\":\"ImageObject\",\"inLanguage\":\"fr-FR\",\"@id\":\"https:\/\/www.uni.lu\/fhse-fr\/#\/schema\/logo\/image\/\",\"url\":\"https:\/\/www.uni.lu\/wp-content\/uploads\/sites\/16\/2026\/03\/03112325\/FHSE_SM-Profile_1600x1600px-scaled.jpg\",\"contentUrl\":\"https:\/\/www.uni.lu\/wp-content\/uploads\/sites\/16\/2026\/03\/03112325\/FHSE_SM-Profile_1600x1600px-scaled.jpg\",\"width\":2560,\"height\":2560,\"caption\":\"FHSE - Universit\u00e9 du Luxembourg I Uni.lu\"},\"image\":\"https:\/\/www.uni.lu\/wp-content\/uploads\/sites\/16\/2026\/04\/24144331\/20200609-Belval-Campus_Henri-Goergen-23.jpg\",\"sameAs\":[\"https:\/\/humanities.uni.lu\/\"],\"email\":\"communication@uni.lu\",\"telephone\":\"+3524666441\",\"address\":{\"@type\":\"PostalAddress\",\"streetAddress\":\"11, Porte des Sciences\",\"addressLocality\":\"Esch-sur-Alzette\",\"postalCode\":\"4365\",\"addressCountry\":\"LU\"},\"description\":\"Facult\u00e9 des Sciences Humaines, des Sciences de l\u2019\u00c9ducation et des Sciences Sociales\u200b I Uni.lu\"}]}<\/script>\n<!-- \/ Yoast SEO Premium plugin. -->","yoast_head_json":{"title":"Von den Readymades zur AI-Art. Ein Theoriemodell der \u00e4sthetischen Moderne - FHSE I Uni.lu","description":"Die digitale Revolution ver\u00e4ndert nachhaltig die Bedingungen, unter denen Kunst und Musik produziert, verbreitet und rezipiert wird.","robots":{"index":"index","follow":"follow","max-snippet":"max-snippet:-1","max-image-preview":"max-image-preview:large","max-video-preview":"max-video-preview:-1"},"canonical":"https:\/\/www.uni.lu\/fhse-fr\/events\/von-den-readymades-zur-ai-art-ein-theoriemodell-der-asthetischen-moderne\/","og_locale":"fr_FR","og_type":"article","og_title":"Von den Readymades zur AI-Art. Ein Theoriemodell der \u00e4sthetischen Moderne","og_description":"Die digitale Revolution ver\u00e4ndert nachhaltig die Bedingungen, unter denen Kunst und Musik produziert, verbreitet und rezipiert wird.","og_url":"https:\/\/www.uni.lu\/fhse-fr\/events\/von-den-readymades-zur-ai-art-ein-theoriemodell-der-asthetischen-moderne\/","og_site_name":"FHSE FR","og_image":[{"width":2560,"height":2560,"url":"https:\/\/www.uni.lu\/wp-content\/uploads\/sites\/16\/2026\/03\/03112325\/FHSE_SM-Profile_1600x1600px-scaled.jpg","type":"image\/jpeg"}],"twitter_card":"summary_large_image","schema":{"@context":"https:\/\/schema.org","@graph":[{"@type":"WebPage","@id":"https:\/\/www.uni.lu\/fhse-fr\/events\/von-den-readymades-zur-ai-art-ein-theoriemodell-der-asthetischen-moderne\/","url":"https:\/\/www.uni.lu\/fhse-fr\/events\/von-den-readymades-zur-ai-art-ein-theoriemodell-der-asthetischen-moderne\/","name":"Von den Readymades zur AI-Art. Ein Theoriemodell der \u00e4sthetischen Moderne - FHSE I Uni.lu","isPartOf":{"@id":"https:\/\/www.uni.lu\/fhse-fr\/#website"},"primaryImageOfPage":{"@id":"https:\/\/www.uni.lu\/fhse-fr\/events\/von-den-readymades-zur-ai-art-ein-theoriemodell-der-asthetischen-moderne\/#primaryimage"},"image":{"@id":"https:\/\/www.uni.lu\/fhse-fr\/events\/von-den-readymades-zur-ai-art-ein-theoriemodell-der-asthetischen-moderne\/#primaryimage"},"thumbnailUrl":"https:\/\/www.uni.lu\/wp-content\/uploads\/sites\/16\/2022\/03\/von_den_readymades_zur_ai_art_ein_theoriemodell_der_aesthetischen_moderne.jpg","datePublished":"2022-03-23T15:39:18+00:00","dateModified":"2022-03-23T15:39:18+00:00","description":"Die digitale Revolution ver\u00e4ndert nachhaltig die Bedingungen, unter denen Kunst und Musik produziert, verbreitet und rezipiert wird.","breadcrumb":{"@id":"https:\/\/www.uni.lu\/fhse-fr\/events\/von-den-readymades-zur-ai-art-ein-theoriemodell-der-asthetischen-moderne\/#breadcrumb"},"inLanguage":"fr-FR","potentialAction":[{"@type":"ReadAction","target":["https:\/\/www.uni.lu\/fhse-fr\/events\/von-den-readymades-zur-ai-art-ein-theoriemodell-der-asthetischen-moderne\/"]}]},{"@type":"ImageObject","inLanguage":"fr-FR","@id":"https:\/\/www.uni.lu\/fhse-fr\/events\/von-den-readymades-zur-ai-art-ein-theoriemodell-der-asthetischen-moderne\/#primaryimage","url":"https:\/\/www.uni.lu\/wp-content\/uploads\/sites\/16\/2022\/03\/von_den_readymades_zur_ai_art_ein_theoriemodell_der_aesthetischen_moderne.jpg","contentUrl":"https:\/\/www.uni.lu\/wp-content\/uploads\/sites\/16\/2022\/03\/von_den_readymades_zur_ai_art_ein_theoriemodell_der_aesthetischen_moderne.jpg","width":800,"height":600},{"@type":"BreadcrumbList","@id":"https:\/\/www.uni.lu\/fhse-fr\/events\/von-den-readymades-zur-ai-art-ein-theoriemodell-der-asthetischen-moderne\/#breadcrumb","itemListElement":[{"@type":"ListItem","position":1,"name":"Home","item":"https:\/\/www.uni.lu\/fr"},{"@type":"ListItem","position":2,"name":"Facult\u00e9 des Sciences Humaines, des Sciences de l\u2019\u00c9ducation et des Sciences Sociales\u200b","item":"https:\/\/www.uni.lu\/fhse-fr\/"},{"@type":"ListItem","position":3,"name":"Events","item":"https:\/\/www.uni.lu\/fhse-fr\/events\/"},{"@type":"ListItem","position":4,"name":"Von den Readymades zur AI-Art. Ein Theoriemodell der \u00e4sthetischen Moderne"}]},{"@type":"WebSite","@id":"https:\/\/www.uni.lu\/fhse-fr\/#website","url":"https:\/\/www.uni.lu\/fhse-fr\/","name":"FHSE","description":"Facult\u00e9 des Sciences Humaines, des Sciences de l\u2019\u00c9ducation et des Sciences Sociales\u200b I Uni.lu","publisher":{"@id":"https:\/\/www.uni.lu\/fhse-fr\/#organization"},"alternateName":"Facult\u00e9 des Sciences Humaines, des Sciences de l\u2019\u00c9ducation et des Sciences Sociales\u200b I Universit\u00e9 du Luxembourg","potentialAction":[{"@type":"SearchAction","target":{"@type":"EntryPoint","urlTemplate":"https:\/\/www.uni.lu\/fhse-fr\/?s={search_term_string}"},"query-input":"required name=search_term_string"}],"inLanguage":"fr-FR"},{"@type":"Organization","@id":"https:\/\/www.uni.lu\/fhse-fr\/#organization","name":"FHSE - Universit\u00e9 du Luxembourg I Uni.lu","alternateName":"Facult\u00e9 des Sciences Humaines, des Sciences de l\u2019\u00c9ducation et des Sciences Sociales\u200b","url":"https:\/\/www.uni.lu\/fhse-fr\/","logo":{"@type":"ImageObject","inLanguage":"fr-FR","@id":"https:\/\/www.uni.lu\/fhse-fr\/#\/schema\/logo\/image\/","url":"https:\/\/www.uni.lu\/wp-content\/uploads\/sites\/16\/2026\/03\/03112325\/FHSE_SM-Profile_1600x1600px-scaled.jpg","contentUrl":"https:\/\/www.uni.lu\/wp-content\/uploads\/sites\/16\/2026\/03\/03112325\/FHSE_SM-Profile_1600x1600px-scaled.jpg","width":2560,"height":2560,"caption":"FHSE - Universit\u00e9 du Luxembourg I Uni.lu"},"image":"https:\/\/www.uni.lu\/wp-content\/uploads\/sites\/16\/2026\/04\/24144331\/20200609-Belval-Campus_Henri-Goergen-23.jpg","sameAs":["https:\/\/humanities.uni.lu\/"],"email":"communication@uni.lu","telephone":"+3524666441","address":{"@type":"PostalAddress","streetAddress":"11, Porte des Sciences","addressLocality":"Esch-sur-Alzette","postalCode":"4365","addressCountry":"LU"},"description":"Facult\u00e9 des Sciences Humaines, des Sciences de l\u2019\u00c9ducation et des Sciences Sociales\u200b I Uni.lu"}]}},"_links":{"self":[{"href":"https:\/\/www.uni.lu\/fhse-fr\/wp-json\/wp\/v2\/events\/1903"}],"collection":[{"href":"https:\/\/www.uni.lu\/fhse-fr\/wp-json\/wp\/v2\/events"}],"about":[{"href":"https:\/\/www.uni.lu\/fhse-fr\/wp-json\/wp\/v2\/types\/events"}],"replies":[{"embeddable":true,"href":"https:\/\/www.uni.lu\/fhse-fr\/wp-json\/wp\/v2\/comments?post=1903"}],"version-history":[{"count":0,"href":"https:\/\/www.uni.lu\/fhse-fr\/wp-json\/wp\/v2\/events\/1903\/revisions"}],"wp:featuredmedia":[{"embeddable":true,"href":"https:\/\/www.uni.lu\/fhse-fr\/wp-json\/wp\/v2\/media\/1904"}],"wp:attachment":[{"href":"https:\/\/www.uni.lu\/fhse-fr\/wp-json\/wp\/v2\/media?parent=1903"}],"wp:term":[{"taxonomy":"events-topic","embeddable":true,"href":"https:\/\/www.uni.lu\/fhse-fr\/wp-json\/wp\/v2\/events-topic?post=1903"},{"taxonomy":"events-type","embeddable":true,"href":"https:\/\/www.uni.lu\/fhse-fr\/wp-json\/wp\/v2\/events-type?post=1903"},{"taxonomy":"organisation","embeddable":true,"href":"https:\/\/www.uni.lu\/fhse-fr\/wp-json\/wp\/v2\/organisation?post=1903"}],"curies":[{"name":"wp","href":"https:\/\/api.w.org\/{rel}","templated":true}]}}