{"id":1897,"date":"2022-03-22T09:50:57","date_gmt":"2022-03-22T08:50:57","guid":{"rendered":"https:\/\/www.uni.lu\/fhse-fr\/events\/anja-hirsch-was-von-dora-blieb-lesung-und-gesprach-in-der-abtei-neumunster-moderiert-durch-georg-mein\/"},"modified":"2022-03-22T09:50:57","modified_gmt":"2022-03-22T08:50:57","slug":"anja-hirsch-was-von-dora-blieb-lesung-und-gesprach-in-der-abtei-neumunster-moderiert-durch-georg-mein","status":"publish","type":"events","link":"https:\/\/www.uni.lu\/fhse-fr\/events\/anja-hirsch-was-von-dora-blieb-lesung-und-gesprach-in-der-abtei-neumunster-moderiert-durch-georg-mein\/","title":{"rendered":"Anja Hirsch: Was von Dora blieb. Lesung und Gespr\u00e4ch in der Abtei Neum\u00fcnster, moderiert durch Georg Mein"},"content":{"rendered":"<section class=\"wp-block-unilux-blocks-free-section section\"><div class=\"container xl:max-w-screen-xl\"><p>Gro\u00dfmutter und Enkelin \u2014 und ein ganzes Jahrhundert in Deutschland.<\/p><p>Isa steckt in einer Ehekrise. Tief verletzt fl\u00fcchtet sie an den Bodensee. Im Gep\u00e4ck alte Briefe und Tageb\u00fccher ihrer r\u00e4tselhaften Gro\u00dfmutter Dora. Um den Schmerz zu verdr\u00e4ngen, befasst sie sich mit deren Geschichte: Dora studierte in den 1920er Jahren zusammen mit dem Bergarbeitersohn Frantek und der extravaganten Maritz am Bauhaus des Ruhrgebiets, der heutigen Folkwangschule. Aus einer intensiven Freundschaft entsteht ein Liebesdreieck. Sp\u00e4ter heiratet Dora einen Verwaltungsdirektor der I.G. Farben. Gesprochen wurde dar\u00fcber in Isas Familie kaum. Welche Rolle spielte Isas Gro\u00dfvater im Zweiten Weltkrieg? Und warum besuchte ihr Vater eine der ber\u00fcchtigten Napola-Schulen? Je tiefer Isa in ihre Familiengeschichte vordringt, umso klarer wird ihr Blick auf Dora \u2014 und auf sich selbst. \u201eWas von Dora blieb\u201c ist ein ergreifender Roman \u00fcber die Schwierigkeit der Kriegsenkelgeneration sich im eigenen Leben zu verankern und eine faszinierende Spurensuche, in der sich die Leserinnen und Leser immer wieder selbst begegnen.<\/p><p>Anmeldung erw\u00fcnscht: billetterie{at}neimenster.lu<\/p><p>oder telefonisch: +352 26 20 52 444<\/p><p><strong>Dr. Anja Hirsch<\/strong>, geboren 1969 in Frankfurt am Main, studierte Germanistik und Musikwissenschaft in Freiburg im Breisgau und Kanada und promovierte 2006 an der Universit\u00e4t Bielefeld im Fachbereich Germanistik. Sie arbeitet als freie Journalistin f\u00fcr \u00fcberregionale Medien (u.a. Deutschlandfunk, FAZ, WDR) mit Schwerpunkt auf dem Kulturbereich, bei Feature, Rezensionen und Gespr\u00e4chen. Sie war au\u00dferdem bereits Mitglied in Fachjurys (Rolf-Dieter-Brinkmann-Stipendium, Hotlistpreis der Unabh\u00e4ngigen Verlage) und lebt in Unna. \u201eWas von Dora blieb\u201c ist ihr Deb\u00fct.<\/p><p><strong>Prof. Dr. Georg Mein<\/strong>, geboren 1970 in Hamburg, ist Professor f\u00fcr Neuere deutsche Literaturwissenschaft an der Universit\u00e4t Luxemburg. Er promovierte 1999 an der Rheinischen Friedrich-Wilhelms-Universit\u00e4t Bonn mit der Arbeit \u201eDie Konzeption des Sch\u00f6nen. Der \u00e4sthetische Diskurs zwischen Aufkl\u00e4rung und Romantik: Kant \u2013 Moritz \u2013 H\u00f6lderlin \u2013 Schiller\u201c. Nach seiner Promotion ging er an die Universit\u00e4t Bielefeld, wo er bei Klaus-Michael Bogdal als wissenschaftlicher Mitarbeiter t\u00e4tig war und habilitierte, 2006 zu \u201eUnd wozu Leser in d\u00fcrftiger Zeit. Literarische Bildung und soziokulturelle Milieus\u201c. Noch im selben Jahr erhielt er einen Ruf an die Universit\u00e4t Luxemburg, wo er seit diesem Zeitpunkt als Professor f\u00fcr Neuere deutsche Literaturwissenschaft t\u00e4tig ist. Seit 2013 ist George Mein Dekan der Fakult\u00e4t f\u00fcr Sprachwissenschaften und Literatur, Geisteswissenschaften, Kunst und Erziehungswissenschaften der Universit\u00e4t Luxemburg.<\/p><p><strong>Pressestimmen:<\/strong><\/p><p>\u201eAnja Hirsch versteht es, ohne Pathos oder Sentimentalit\u00e4t, Zeit- und Familiengeschichte in deren H\u00f6henfl\u00fcgen und Abst\u00fcrzen lebensnah und spannungsvoll zu verdichten.\u201c<\/p><p>Frankfurter Allgemeine Zeitung, Lerke von Saalfeld (21. Juli 2021)<\/p><p>\u201eEs zeichnet Anja Hirschs Roman aus, dass er nicht nur durch alle Zeitebenen hinweg die Spannung h\u00e4lt, sondern zugleich sich selbst und seinesgleichen hinterfragt.\u201c<\/p><p>Westdeutsche Allgemeine Zeitung, Britta Heidemann<\/p><p>\u201eein zeitgeschichtliches Kleinod\u201c<\/p><p>mdr Kultur, Alexander K\u00fchn<\/p><p>Organisiert vom Institut Pierre Werner in Zusammenarbeit mit der Universit\u00e4t Luxemburg.<\/p><p>Mit Unterst\u00fctzung von CID Fraen an Gender und neim\u00ebnster.<\/p><\/div><\/section>","protected":false},"excerpt":{"rendered":"<p>Gro\u00dfmutter und Enkelin \u2014 und ein ganzes Jahrhundert in Deutschland.<\/p>\n","protected":false},"author":0,"featured_media":1898,"parent":0,"menu_order":0,"comment_status":"open","ping_status":"closed","template":"","format":"standard","meta":{"featured_image_focal_point":[],"show_featured_caption":false,"ulux_newsletter_groups":"","uluxPostTitle":"","uluxPrePostTitle":"","_trash_the_other_posts":false,"_price":"","_stock":"","_tribe_ticket_header":"","_tribe_default_ticket_provider":"","_tribe_ticket_capacity":"0","_ticket_start_date":"","_ticket_end_date":"","_tribe_ticket_show_description":"","_tribe_ticket_show_not_going":false,"_tribe_ticket_use_global_stock":"","_tribe_ticket_global_stock_level":"","_global_stock_mode":"","_global_stock_cap":"","_tribe_rsvp_for_event":"","_tribe_ticket_going_count":"","_tribe_ticket_not_going_count":"","_tribe_tickets_list":"[]","_tribe_ticket_has_attendee_info_fields":false,"event_start_date":"2022-03-28 19:00:00","event_end_date":"2022-03-28 21:00:00","event_speaker_name":"Anja Hirsch, Georg Mein","event_speaker_link":"","event_is_online":false,"event_location":"Abtei Neum\u00fcnster","event_street":"","event_location_link":"","event_zip_code":"","event_city":"","event_country":"LU"},"events-topic":[305],"events-type":[],"organisation":[170,171],"authorship":[],"acf":[],"yoast_head":"<!-- This site is optimized with the Yoast SEO Premium plugin v22.3 (Yoast SEO v22.3) - https:\/\/yoast.com\/wordpress\/plugins\/seo\/ -->\n<title>Anja Hirsch: Was von Dora blieb. Lesung und Gespr\u00e4ch in der Abtei Neum\u00fcnster, moderiert durch Georg Mein - FHSE I Uni.lu<\/title>\n<meta name=\"description\" content=\"Gro\u00dfmutter und Enkelin \u2014 und ein ganzes Jahrhundert in Deutschland.\" \/>\n<meta name=\"robots\" content=\"index, follow, max-snippet:-1, max-image-preview:large, max-video-preview:-1\" \/>\n<link rel=\"canonical\" href=\"https:\/\/www.uni.lu\/fhse-fr\/events\/anja-hirsch-was-von-dora-blieb-lesung-und-gesprach-in-der-abtei-neumunster-moderiert-durch-georg-mein\/\" \/>\n<meta property=\"og:locale\" content=\"fr_FR\" \/>\n<meta property=\"og:type\" content=\"article\" \/>\n<meta property=\"og:title\" content=\"Anja Hirsch: Was von Dora blieb. Lesung und Gespr\u00e4ch in der Abtei Neum\u00fcnster, moderiert durch Georg Mein\" \/>\n<meta property=\"og:description\" content=\"Gro\u00dfmutter und Enkelin \u2014 und ein ganzes Jahrhundert in Deutschland.\" \/>\n<meta property=\"og:url\" content=\"https:\/\/www.uni.lu\/fhse-fr\/events\/anja-hirsch-was-von-dora-blieb-lesung-und-gesprach-in-der-abtei-neumunster-moderiert-durch-georg-mein\/\" \/>\n<meta property=\"og:site_name\" content=\"FHSE FR\" \/>\n<meta property=\"og:image\" content=\"https:\/\/www.uni.lu\/wp-content\/uploads\/sites\/16\/2026\/03\/03112325\/FHSE_SM-Profile_1600x1600px-scaled.jpg\" \/>\n\t<meta property=\"og:image:width\" content=\"2560\" \/>\n\t<meta property=\"og:image:height\" content=\"2560\" \/>\n\t<meta property=\"og:image:type\" content=\"image\/jpeg\" \/>\n<meta name=\"twitter:card\" content=\"summary_large_image\" \/>\n<meta name=\"twitter:label1\" content=\"Dur\u00e9e de lecture estim\u00e9e\" \/>\n\t<meta name=\"twitter:data1\" content=\"2 minutes\" \/>\n<script type=\"application\/ld+json\" class=\"yoast-schema-graph\">{\"@context\":\"https:\/\/schema.org\",\"@graph\":[{\"@type\":\"WebPage\",\"@id\":\"https:\/\/www.uni.lu\/fhse-fr\/events\/anja-hirsch-was-von-dora-blieb-lesung-und-gesprach-in-der-abtei-neumunster-moderiert-durch-georg-mein\/\",\"url\":\"https:\/\/www.uni.lu\/fhse-fr\/events\/anja-hirsch-was-von-dora-blieb-lesung-und-gesprach-in-der-abtei-neumunster-moderiert-durch-georg-mein\/\",\"name\":\"Anja Hirsch: Was von Dora blieb. Lesung und Gespr\u00e4ch in der Abtei Neum\u00fcnster, moderiert durch Georg Mein - FHSE I Uni.lu\",\"isPartOf\":{\"@id\":\"https:\/\/www.uni.lu\/fhse-fr\/#website\"},\"primaryImageOfPage\":{\"@id\":\"https:\/\/www.uni.lu\/fhse-fr\/events\/anja-hirsch-was-von-dora-blieb-lesung-und-gesprach-in-der-abtei-neumunster-moderiert-durch-georg-mein\/#primaryimage\"},\"image\":{\"@id\":\"https:\/\/www.uni.lu\/fhse-fr\/events\/anja-hirsch-was-von-dora-blieb-lesung-und-gesprach-in-der-abtei-neumunster-moderiert-durch-georg-mein\/#primaryimage\"},\"thumbnailUrl\":\"https:\/\/www.uni.lu\/wp-content\/uploads\/sites\/16\/2022\/03\/anja_hirsch.jpg\",\"datePublished\":\"2022-03-22T08:50:57+00:00\",\"dateModified\":\"2022-03-22T08:50:57+00:00\",\"description\":\"Gro\u00dfmutter und Enkelin \u2014 und ein ganzes Jahrhundert in Deutschland.\",\"breadcrumb\":{\"@id\":\"https:\/\/www.uni.lu\/fhse-fr\/events\/anja-hirsch-was-von-dora-blieb-lesung-und-gesprach-in-der-abtei-neumunster-moderiert-durch-georg-mein\/#breadcrumb\"},\"inLanguage\":\"fr-FR\",\"potentialAction\":[{\"@type\":\"ReadAction\",\"target\":[\"https:\/\/www.uni.lu\/fhse-fr\/events\/anja-hirsch-was-von-dora-blieb-lesung-und-gesprach-in-der-abtei-neumunster-moderiert-durch-georg-mein\/\"]}]},{\"@type\":\"ImageObject\",\"inLanguage\":\"fr-FR\",\"@id\":\"https:\/\/www.uni.lu\/fhse-fr\/events\/anja-hirsch-was-von-dora-blieb-lesung-und-gesprach-in-der-abtei-neumunster-moderiert-durch-georg-mein\/#primaryimage\",\"url\":\"https:\/\/www.uni.lu\/wp-content\/uploads\/sites\/16\/2022\/03\/anja_hirsch.jpg\",\"contentUrl\":\"https:\/\/www.uni.lu\/wp-content\/uploads\/sites\/16\/2022\/03\/anja_hirsch.jpg\",\"width\":800,\"height\":600},{\"@type\":\"BreadcrumbList\",\"@id\":\"https:\/\/www.uni.lu\/fhse-fr\/events\/anja-hirsch-was-von-dora-blieb-lesung-und-gesprach-in-der-abtei-neumunster-moderiert-durch-georg-mein\/#breadcrumb\",\"itemListElement\":[{\"@type\":\"ListItem\",\"position\":1,\"name\":\"Home\",\"item\":\"https:\/\/www.uni.lu\/fr\"},{\"@type\":\"ListItem\",\"position\":2,\"name\":\"Facult\u00e9 des Sciences Humaines, des Sciences de l\u2019\u00c9ducation et des Sciences Sociales\u200b\",\"item\":\"https:\/\/www.uni.lu\/fhse-fr\/\"},{\"@type\":\"ListItem\",\"position\":3,\"name\":\"Events\",\"item\":\"https:\/\/www.uni.lu\/fhse-fr\/events\/\"},{\"@type\":\"ListItem\",\"position\":4,\"name\":\"Anja Hirsch: Was von Dora blieb. Lesung und Gespr\u00e4ch in der Abtei Neum\u00fcnster, moderiert durch Georg Mein\"}]},{\"@type\":\"WebSite\",\"@id\":\"https:\/\/www.uni.lu\/fhse-fr\/#website\",\"url\":\"https:\/\/www.uni.lu\/fhse-fr\/\",\"name\":\"FHSE\",\"description\":\"Facult\u00e9 des Sciences Humaines, des Sciences de l\u2019\u00c9ducation et des Sciences Sociales\u200b I Uni.lu\",\"publisher\":{\"@id\":\"https:\/\/www.uni.lu\/fhse-fr\/#organization\"},\"alternateName\":\"Facult\u00e9 des Sciences Humaines, des Sciences de l\u2019\u00c9ducation et des Sciences Sociales\u200b I Universit\u00e9 du Luxembourg\",\"potentialAction\":[{\"@type\":\"SearchAction\",\"target\":{\"@type\":\"EntryPoint\",\"urlTemplate\":\"https:\/\/www.uni.lu\/fhse-fr\/?s={search_term_string}\"},\"query-input\":\"required name=search_term_string\"}],\"inLanguage\":\"fr-FR\"},{\"@type\":\"Organization\",\"@id\":\"https:\/\/www.uni.lu\/fhse-fr\/#organization\",\"name\":\"FHSE - Universit\u00e9 du Luxembourg I Uni.lu\",\"alternateName\":\"Facult\u00e9 des Sciences Humaines, des Sciences de l\u2019\u00c9ducation et des Sciences Sociales\u200b\",\"url\":\"https:\/\/www.uni.lu\/fhse-fr\/\",\"logo\":{\"@type\":\"ImageObject\",\"inLanguage\":\"fr-FR\",\"@id\":\"https:\/\/www.uni.lu\/fhse-fr\/#\/schema\/logo\/image\/\",\"url\":\"https:\/\/www.uni.lu\/wp-content\/uploads\/sites\/16\/2026\/03\/03112325\/FHSE_SM-Profile_1600x1600px-scaled.jpg\",\"contentUrl\":\"https:\/\/www.uni.lu\/wp-content\/uploads\/sites\/16\/2026\/03\/03112325\/FHSE_SM-Profile_1600x1600px-scaled.jpg\",\"width\":2560,\"height\":2560,\"caption\":\"FHSE - Universit\u00e9 du Luxembourg I Uni.lu\"},\"image\":\"https:\/\/www.uni.lu\/wp-content\/uploads\/sites\/16\/2026\/04\/24144331\/20200609-Belval-Campus_Henri-Goergen-23.jpg\",\"sameAs\":[\"https:\/\/humanities.uni.lu\/\"],\"email\":\"communication@uni.lu\",\"telephone\":\"+3524666441\",\"address\":{\"@type\":\"PostalAddress\",\"streetAddress\":\"11, Porte des Sciences\",\"addressLocality\":\"Esch-sur-Alzette\",\"postalCode\":\"4365\",\"addressCountry\":\"LU\"},\"description\":\"Facult\u00e9 des Sciences Humaines, des Sciences de l\u2019\u00c9ducation et des Sciences Sociales\u200b I Uni.lu\"}]}<\/script>\n<!-- \/ Yoast SEO Premium plugin. -->","yoast_head_json":{"title":"Anja Hirsch: Was von Dora blieb. Lesung und Gespr\u00e4ch in der Abtei Neum\u00fcnster, moderiert durch Georg Mein - FHSE I Uni.lu","description":"Gro\u00dfmutter und Enkelin \u2014 und ein ganzes Jahrhundert in Deutschland.","robots":{"index":"index","follow":"follow","max-snippet":"max-snippet:-1","max-image-preview":"max-image-preview:large","max-video-preview":"max-video-preview:-1"},"canonical":"https:\/\/www.uni.lu\/fhse-fr\/events\/anja-hirsch-was-von-dora-blieb-lesung-und-gesprach-in-der-abtei-neumunster-moderiert-durch-georg-mein\/","og_locale":"fr_FR","og_type":"article","og_title":"Anja Hirsch: Was von Dora blieb. Lesung und Gespr\u00e4ch in der Abtei Neum\u00fcnster, moderiert durch Georg Mein","og_description":"Gro\u00dfmutter und Enkelin \u2014 und ein ganzes Jahrhundert in Deutschland.","og_url":"https:\/\/www.uni.lu\/fhse-fr\/events\/anja-hirsch-was-von-dora-blieb-lesung-und-gesprach-in-der-abtei-neumunster-moderiert-durch-georg-mein\/","og_site_name":"FHSE FR","og_image":[{"width":2560,"height":2560,"url":"https:\/\/www.uni.lu\/wp-content\/uploads\/sites\/16\/2026\/03\/03112325\/FHSE_SM-Profile_1600x1600px-scaled.jpg","type":"image\/jpeg"}],"twitter_card":"summary_large_image","twitter_misc":{"Dur\u00e9e de lecture estim\u00e9e":"2 minutes"},"schema":{"@context":"https:\/\/schema.org","@graph":[{"@type":"WebPage","@id":"https:\/\/www.uni.lu\/fhse-fr\/events\/anja-hirsch-was-von-dora-blieb-lesung-und-gesprach-in-der-abtei-neumunster-moderiert-durch-georg-mein\/","url":"https:\/\/www.uni.lu\/fhse-fr\/events\/anja-hirsch-was-von-dora-blieb-lesung-und-gesprach-in-der-abtei-neumunster-moderiert-durch-georg-mein\/","name":"Anja Hirsch: Was von Dora blieb. Lesung und Gespr\u00e4ch in der Abtei Neum\u00fcnster, moderiert durch Georg Mein - FHSE I Uni.lu","isPartOf":{"@id":"https:\/\/www.uni.lu\/fhse-fr\/#website"},"primaryImageOfPage":{"@id":"https:\/\/www.uni.lu\/fhse-fr\/events\/anja-hirsch-was-von-dora-blieb-lesung-und-gesprach-in-der-abtei-neumunster-moderiert-durch-georg-mein\/#primaryimage"},"image":{"@id":"https:\/\/www.uni.lu\/fhse-fr\/events\/anja-hirsch-was-von-dora-blieb-lesung-und-gesprach-in-der-abtei-neumunster-moderiert-durch-georg-mein\/#primaryimage"},"thumbnailUrl":"https:\/\/www.uni.lu\/wp-content\/uploads\/sites\/16\/2022\/03\/anja_hirsch.jpg","datePublished":"2022-03-22T08:50:57+00:00","dateModified":"2022-03-22T08:50:57+00:00","description":"Gro\u00dfmutter und Enkelin \u2014 und ein ganzes Jahrhundert in Deutschland.","breadcrumb":{"@id":"https:\/\/www.uni.lu\/fhse-fr\/events\/anja-hirsch-was-von-dora-blieb-lesung-und-gesprach-in-der-abtei-neumunster-moderiert-durch-georg-mein\/#breadcrumb"},"inLanguage":"fr-FR","potentialAction":[{"@type":"ReadAction","target":["https:\/\/www.uni.lu\/fhse-fr\/events\/anja-hirsch-was-von-dora-blieb-lesung-und-gesprach-in-der-abtei-neumunster-moderiert-durch-georg-mein\/"]}]},{"@type":"ImageObject","inLanguage":"fr-FR","@id":"https:\/\/www.uni.lu\/fhse-fr\/events\/anja-hirsch-was-von-dora-blieb-lesung-und-gesprach-in-der-abtei-neumunster-moderiert-durch-georg-mein\/#primaryimage","url":"https:\/\/www.uni.lu\/wp-content\/uploads\/sites\/16\/2022\/03\/anja_hirsch.jpg","contentUrl":"https:\/\/www.uni.lu\/wp-content\/uploads\/sites\/16\/2022\/03\/anja_hirsch.jpg","width":800,"height":600},{"@type":"BreadcrumbList","@id":"https:\/\/www.uni.lu\/fhse-fr\/events\/anja-hirsch-was-von-dora-blieb-lesung-und-gesprach-in-der-abtei-neumunster-moderiert-durch-georg-mein\/#breadcrumb","itemListElement":[{"@type":"ListItem","position":1,"name":"Home","item":"https:\/\/www.uni.lu\/fr"},{"@type":"ListItem","position":2,"name":"Facult\u00e9 des Sciences Humaines, des Sciences de l\u2019\u00c9ducation et des Sciences Sociales\u200b","item":"https:\/\/www.uni.lu\/fhse-fr\/"},{"@type":"ListItem","position":3,"name":"Events","item":"https:\/\/www.uni.lu\/fhse-fr\/events\/"},{"@type":"ListItem","position":4,"name":"Anja Hirsch: Was von Dora blieb. Lesung und Gespr\u00e4ch in der Abtei Neum\u00fcnster, moderiert durch Georg Mein"}]},{"@type":"WebSite","@id":"https:\/\/www.uni.lu\/fhse-fr\/#website","url":"https:\/\/www.uni.lu\/fhse-fr\/","name":"FHSE","description":"Facult\u00e9 des Sciences Humaines, des Sciences de l\u2019\u00c9ducation et des Sciences Sociales\u200b I Uni.lu","publisher":{"@id":"https:\/\/www.uni.lu\/fhse-fr\/#organization"},"alternateName":"Facult\u00e9 des Sciences Humaines, des Sciences de l\u2019\u00c9ducation et des Sciences Sociales\u200b I Universit\u00e9 du Luxembourg","potentialAction":[{"@type":"SearchAction","target":{"@type":"EntryPoint","urlTemplate":"https:\/\/www.uni.lu\/fhse-fr\/?s={search_term_string}"},"query-input":"required name=search_term_string"}],"inLanguage":"fr-FR"},{"@type":"Organization","@id":"https:\/\/www.uni.lu\/fhse-fr\/#organization","name":"FHSE - Universit\u00e9 du Luxembourg I Uni.lu","alternateName":"Facult\u00e9 des Sciences Humaines, des Sciences de l\u2019\u00c9ducation et des Sciences Sociales\u200b","url":"https:\/\/www.uni.lu\/fhse-fr\/","logo":{"@type":"ImageObject","inLanguage":"fr-FR","@id":"https:\/\/www.uni.lu\/fhse-fr\/#\/schema\/logo\/image\/","url":"https:\/\/www.uni.lu\/wp-content\/uploads\/sites\/16\/2026\/03\/03112325\/FHSE_SM-Profile_1600x1600px-scaled.jpg","contentUrl":"https:\/\/www.uni.lu\/wp-content\/uploads\/sites\/16\/2026\/03\/03112325\/FHSE_SM-Profile_1600x1600px-scaled.jpg","width":2560,"height":2560,"caption":"FHSE - Universit\u00e9 du Luxembourg I Uni.lu"},"image":"https:\/\/www.uni.lu\/wp-content\/uploads\/sites\/16\/2026\/04\/24144331\/20200609-Belval-Campus_Henri-Goergen-23.jpg","sameAs":["https:\/\/humanities.uni.lu\/"],"email":"communication@uni.lu","telephone":"+3524666441","address":{"@type":"PostalAddress","streetAddress":"11, Porte des Sciences","addressLocality":"Esch-sur-Alzette","postalCode":"4365","addressCountry":"LU"},"description":"Facult\u00e9 des Sciences Humaines, des Sciences de l\u2019\u00c9ducation et des Sciences Sociales\u200b I Uni.lu"}]}},"_links":{"self":[{"href":"https:\/\/www.uni.lu\/fhse-fr\/wp-json\/wp\/v2\/events\/1897"}],"collection":[{"href":"https:\/\/www.uni.lu\/fhse-fr\/wp-json\/wp\/v2\/events"}],"about":[{"href":"https:\/\/www.uni.lu\/fhse-fr\/wp-json\/wp\/v2\/types\/events"}],"replies":[{"embeddable":true,"href":"https:\/\/www.uni.lu\/fhse-fr\/wp-json\/wp\/v2\/comments?post=1897"}],"version-history":[{"count":0,"href":"https:\/\/www.uni.lu\/fhse-fr\/wp-json\/wp\/v2\/events\/1897\/revisions"}],"wp:featuredmedia":[{"embeddable":true,"href":"https:\/\/www.uni.lu\/fhse-fr\/wp-json\/wp\/v2\/media\/1898"}],"wp:attachment":[{"href":"https:\/\/www.uni.lu\/fhse-fr\/wp-json\/wp\/v2\/media?parent=1897"}],"wp:term":[{"taxonomy":"events-topic","embeddable":true,"href":"https:\/\/www.uni.lu\/fhse-fr\/wp-json\/wp\/v2\/events-topic?post=1897"},{"taxonomy":"events-type","embeddable":true,"href":"https:\/\/www.uni.lu\/fhse-fr\/wp-json\/wp\/v2\/events-type?post=1897"},{"taxonomy":"organisation","embeddable":true,"href":"https:\/\/www.uni.lu\/fhse-fr\/wp-json\/wp\/v2\/organisation?post=1897"}],"curies":[{"name":"wp","href":"https:\/\/api.w.org\/{rel}","templated":true}]}}