{"id":1847,"date":"2022-02-15T10:14:12","date_gmt":"2022-02-15T09:14:12","guid":{"rendered":"https:\/\/www.uni.lu\/fhse-fr\/events\/abgesagt-der-performative-wirklichkeitsgehalt-des-zeichens-gott\/"},"modified":"2022-02-15T10:14:12","modified_gmt":"2022-02-15T09:14:12","slug":"abgesagt-der-performative-wirklichkeitsgehalt-des-zeichens-gott","status":"publish","type":"events","link":"https:\/\/www.uni.lu\/fhse-fr\/events\/abgesagt-der-performative-wirklichkeitsgehalt-des-zeichens-gott\/","title":{"rendered":"ABGESAGT &#8212; Der performative Wirklichkeitsgehalt des Zeichens \u201eGott\u201c"},"content":{"rendered":"<section class=\"wp-block-unilux-blocks-free-section section\"><div class=\"container xl:max-w-screen-xl\"><p>Vortragsreihe der Arbeitsgruppe \u201eHumanities and Religion\u201c<\/p><p>Was \u201eGott\u201c bedeutet, muss sich im Gebrauch dieses Zeichens erweisen. Der Wirklichkeitsgehalt des Zeichens \u201eGott\u201c konfiguriert, seiner begrifflichen Bestimmung entsprechend, eine unendliche sch\u00f6pferische Lebensmacht. Dass sie durch nichts begrenzt ist, muss sich in der Verwandlung von allem erweisen, was auf Tod gestellt ist \u2013 in der Wahrung personaler Selbst- und Fremdbez\u00fcge, in der Bedeutungsspur von ethisch relevanten Handlungen. Daf\u00fcr steht die biblische Aussicht auf ewiges Leben. In diesem Bild l\u00f6st sich auf, was am guten Leben hindert. Es bringt die Perspektive auf eine Vollendung des kontingenten Lebens im Zeichen der Vernichtung von Lebensressourcen zur Geltung.<\/p><p><strong>Webex-Session:<\/strong><\/p><p>Link: <a href=\"https:\/\/unilu.webex.com\/unilu\/j.php?MTID=m7200e42d052f3502cba301552948287a\" target=\"_self\" title=\"\" rel=\"noopener\">https:\/\/unilu.webex.com\/unilu\/j.php?MTID=m7200e42d052f3502cba301552948287a<\/a> <\/p><p>Meeting number (access code): 2733 001 0127<\/p><p>Meeting password: E7DeGU3VyH3<\/p><p><strong>Kontakt:<\/strong><\/p><p><a href=\"mailto:jean-marie.weber@uni.lu\" target=\"_blank\" title=\"\" rel=\"noopener\">Jean-Marie Weber<\/a><\/p><\/div><\/section>","protected":false},"excerpt":{"rendered":"<p>Vortragsreihe der Arbeitsgruppe \u201eHumanities and Religion\u201c<\/p>\n","protected":false},"author":0,"featured_media":1848,"parent":0,"menu_order":0,"comment_status":"open","ping_status":"closed","template":"","format":"standard","meta":{"featured_image_focal_point":[],"show_featured_caption":false,"ulux_newsletter_groups":"","uluxPostTitle":"","uluxPrePostTitle":"","_trash_the_other_posts":false,"_price":"","_stock":"","_tribe_ticket_header":"","_tribe_default_ticket_provider":"","_tribe_ticket_capacity":"0","_ticket_start_date":"","_ticket_end_date":"","_tribe_ticket_show_description":"","_tribe_ticket_show_not_going":false,"_tribe_ticket_use_global_stock":"","_tribe_ticket_global_stock_level":"","_global_stock_mode":"","_global_stock_cap":"","_tribe_rsvp_for_event":"","_tribe_ticket_going_count":"","_tribe_ticket_not_going_count":"","_tribe_tickets_list":"[]","_tribe_ticket_has_attendee_info_fields":false,"event_start_date":"2022-03-09 18:00:00","event_end_date":"2022-03-09 19:30:00","event_speaker_name":"Prof. Dr. Gregor Maria Hoff (Universit\u00e4t Salzburg)","event_speaker_link":"","event_is_online":false,"event_location":"Online-Veranstaltung (Webex)","event_street":"","event_location_link":"","event_zip_code":"","event_city":"","event_country":"LU"},"events-topic":[311],"events-type":[],"organisation":[178],"authorship":[],"acf":[],"yoast_head":"<!-- This site is optimized with the Yoast SEO Premium plugin v22.3 (Yoast SEO v22.3) - https:\/\/yoast.com\/wordpress\/plugins\/seo\/ -->\n<title>ABGESAGT - Der performative Wirklichkeitsgehalt des Zeichens \u201eGott\u201c - FHSE I Uni.lu<\/title>\n<meta name=\"description\" content=\"Vortragsreihe der Arbeitsgruppe \u201eHumanities and Religion\u201c\" \/>\n<meta name=\"robots\" content=\"index, follow, max-snippet:-1, max-image-preview:large, max-video-preview:-1\" \/>\n<link rel=\"canonical\" href=\"https:\/\/www.uni.lu\/fhse-fr\/events\/abgesagt-der-performative-wirklichkeitsgehalt-des-zeichens-gott\/\" \/>\n<meta property=\"og:locale\" content=\"fr_FR\" \/>\n<meta property=\"og:type\" content=\"article\" \/>\n<meta property=\"og:title\" content=\"ABGESAGT -- Der performative Wirklichkeitsgehalt des Zeichens \u201eGott\u201c\" \/>\n<meta property=\"og:description\" content=\"Vortragsreihe der Arbeitsgruppe \u201eHumanities and Religion\u201c\" \/>\n<meta property=\"og:url\" content=\"https:\/\/www.uni.lu\/fhse-fr\/events\/abgesagt-der-performative-wirklichkeitsgehalt-des-zeichens-gott\/\" \/>\n<meta property=\"og:site_name\" content=\"FHSE FR\" \/>\n<meta property=\"og:image\" content=\"https:\/\/www.uni.lu\/wp-content\/uploads\/sites\/16\/2026\/03\/03112325\/FHSE_SM-Profile_1600x1600px-scaled.jpg\" \/>\n\t<meta property=\"og:image:width\" content=\"2560\" \/>\n\t<meta property=\"og:image:height\" content=\"2560\" \/>\n\t<meta property=\"og:image:type\" content=\"image\/jpeg\" \/>\n<meta name=\"twitter:card\" content=\"summary_large_image\" \/>\n<meta name=\"twitter:label1\" content=\"Dur\u00e9e de lecture estim\u00e9e\" \/>\n\t<meta name=\"twitter:data1\" content=\"1 minute\" \/>\n<script type=\"application\/ld+json\" class=\"yoast-schema-graph\">{\"@context\":\"https:\/\/schema.org\",\"@graph\":[{\"@type\":\"WebPage\",\"@id\":\"https:\/\/www.uni.lu\/fhse-fr\/events\/abgesagt-der-performative-wirklichkeitsgehalt-des-zeichens-gott\/\",\"url\":\"https:\/\/www.uni.lu\/fhse-fr\/events\/abgesagt-der-performative-wirklichkeitsgehalt-des-zeichens-gott\/\",\"name\":\"ABGESAGT - Der performative Wirklichkeitsgehalt des Zeichens \u201eGott\u201c - FHSE I Uni.lu\",\"isPartOf\":{\"@id\":\"https:\/\/www.uni.lu\/fhse-fr\/#website\"},\"primaryImageOfPage\":{\"@id\":\"https:\/\/www.uni.lu\/fhse-fr\/events\/abgesagt-der-performative-wirklichkeitsgehalt-des-zeichens-gott\/#primaryimage\"},\"image\":{\"@id\":\"https:\/\/www.uni.lu\/fhse-fr\/events\/abgesagt-der-performative-wirklichkeitsgehalt-des-zeichens-gott\/#primaryimage\"},\"thumbnailUrl\":\"https:\/\/www.uni.lu\/wp-content\/uploads\/sites\/16\/2022\/02\/der_performative_wirklichkeitsgehalt_des_zeichens_gott.jpg\",\"datePublished\":\"2022-02-15T09:14:12+00:00\",\"dateModified\":\"2022-02-15T09:14:12+00:00\",\"description\":\"Vortragsreihe der Arbeitsgruppe \u201eHumanities and Religion\u201c\",\"breadcrumb\":{\"@id\":\"https:\/\/www.uni.lu\/fhse-fr\/events\/abgesagt-der-performative-wirklichkeitsgehalt-des-zeichens-gott\/#breadcrumb\"},\"inLanguage\":\"fr-FR\",\"potentialAction\":[{\"@type\":\"ReadAction\",\"target\":[\"https:\/\/www.uni.lu\/fhse-fr\/events\/abgesagt-der-performative-wirklichkeitsgehalt-des-zeichens-gott\/\"]}]},{\"@type\":\"ImageObject\",\"inLanguage\":\"fr-FR\",\"@id\":\"https:\/\/www.uni.lu\/fhse-fr\/events\/abgesagt-der-performative-wirklichkeitsgehalt-des-zeichens-gott\/#primaryimage\",\"url\":\"https:\/\/www.uni.lu\/wp-content\/uploads\/sites\/16\/2022\/02\/der_performative_wirklichkeitsgehalt_des_zeichens_gott.jpg\",\"contentUrl\":\"https:\/\/www.uni.lu\/wp-content\/uploads\/sites\/16\/2022\/02\/der_performative_wirklichkeitsgehalt_des_zeichens_gott.jpg\",\"width\":800,\"height\":600},{\"@type\":\"BreadcrumbList\",\"@id\":\"https:\/\/www.uni.lu\/fhse-fr\/events\/abgesagt-der-performative-wirklichkeitsgehalt-des-zeichens-gott\/#breadcrumb\",\"itemListElement\":[{\"@type\":\"ListItem\",\"position\":1,\"name\":\"Home\",\"item\":\"https:\/\/www.uni.lu\/fr\"},{\"@type\":\"ListItem\",\"position\":2,\"name\":\"Facult\u00e9 des Sciences Humaines, des Sciences de l\u2019\u00c9ducation et des Sciences Sociales\u200b\",\"item\":\"https:\/\/www.uni.lu\/fhse-fr\/\"},{\"@type\":\"ListItem\",\"position\":3,\"name\":\"Events\",\"item\":\"https:\/\/www.uni.lu\/fhse-fr\/events\/\"},{\"@type\":\"ListItem\",\"position\":4,\"name\":\"ABGESAGT -- Der performative Wirklichkeitsgehalt des Zeichens \u201eGott\u201c\"}]},{\"@type\":\"WebSite\",\"@id\":\"https:\/\/www.uni.lu\/fhse-fr\/#website\",\"url\":\"https:\/\/www.uni.lu\/fhse-fr\/\",\"name\":\"FHSE\",\"description\":\"Facult\u00e9 des Sciences Humaines, des Sciences de l\u2019\u00c9ducation et des Sciences Sociales\u200b I Uni.lu\",\"publisher\":{\"@id\":\"https:\/\/www.uni.lu\/fhse-fr\/#organization\"},\"alternateName\":\"Facult\u00e9 des Sciences Humaines, des Sciences de l\u2019\u00c9ducation et des Sciences Sociales\u200b I Universit\u00e9 du Luxembourg\",\"potentialAction\":[{\"@type\":\"SearchAction\",\"target\":{\"@type\":\"EntryPoint\",\"urlTemplate\":\"https:\/\/www.uni.lu\/fhse-fr\/?s={search_term_string}\"},\"query-input\":\"required name=search_term_string\"}],\"inLanguage\":\"fr-FR\"},{\"@type\":\"Organization\",\"@id\":\"https:\/\/www.uni.lu\/fhse-fr\/#organization\",\"name\":\"FHSE - Universit\u00e9 du Luxembourg I Uni.lu\",\"alternateName\":\"Facult\u00e9 des Sciences Humaines, des Sciences de l\u2019\u00c9ducation et des Sciences Sociales\u200b\",\"url\":\"https:\/\/www.uni.lu\/fhse-fr\/\",\"logo\":{\"@type\":\"ImageObject\",\"inLanguage\":\"fr-FR\",\"@id\":\"https:\/\/www.uni.lu\/fhse-fr\/#\/schema\/logo\/image\/\",\"url\":\"https:\/\/www.uni.lu\/wp-content\/uploads\/sites\/16\/2026\/03\/03112325\/FHSE_SM-Profile_1600x1600px-scaled.jpg\",\"contentUrl\":\"https:\/\/www.uni.lu\/wp-content\/uploads\/sites\/16\/2026\/03\/03112325\/FHSE_SM-Profile_1600x1600px-scaled.jpg\",\"width\":2560,\"height\":2560,\"caption\":\"FHSE - Universit\u00e9 du Luxembourg I Uni.lu\"},\"image\":\"https:\/\/www.uni.lu\/wp-content\/uploads\/sites\/16\/2026\/04\/24144331\/20200609-Belval-Campus_Henri-Goergen-23.jpg\",\"sameAs\":[\"https:\/\/humanities.uni.lu\/\"],\"email\":\"communication@uni.lu\",\"telephone\":\"+3524666441\",\"address\":{\"@type\":\"PostalAddress\",\"streetAddress\":\"11, Porte des Sciences\",\"addressLocality\":\"Esch-sur-Alzette\",\"postalCode\":\"4365\",\"addressCountry\":\"LU\"},\"description\":\"Facult\u00e9 des Sciences Humaines, des Sciences de l\u2019\u00c9ducation et des Sciences Sociales\u200b I Uni.lu\"}]}<\/script>\n<!-- \/ Yoast SEO Premium plugin. -->","yoast_head_json":{"title":"ABGESAGT - Der performative Wirklichkeitsgehalt des Zeichens \u201eGott\u201c - FHSE I Uni.lu","description":"Vortragsreihe der Arbeitsgruppe \u201eHumanities and Religion\u201c","robots":{"index":"index","follow":"follow","max-snippet":"max-snippet:-1","max-image-preview":"max-image-preview:large","max-video-preview":"max-video-preview:-1"},"canonical":"https:\/\/www.uni.lu\/fhse-fr\/events\/abgesagt-der-performative-wirklichkeitsgehalt-des-zeichens-gott\/","og_locale":"fr_FR","og_type":"article","og_title":"ABGESAGT -- Der performative Wirklichkeitsgehalt des Zeichens \u201eGott\u201c","og_description":"Vortragsreihe der Arbeitsgruppe \u201eHumanities and Religion\u201c","og_url":"https:\/\/www.uni.lu\/fhse-fr\/events\/abgesagt-der-performative-wirklichkeitsgehalt-des-zeichens-gott\/","og_site_name":"FHSE FR","og_image":[{"width":2560,"height":2560,"url":"https:\/\/www.uni.lu\/wp-content\/uploads\/sites\/16\/2026\/03\/03112325\/FHSE_SM-Profile_1600x1600px-scaled.jpg","type":"image\/jpeg"}],"twitter_card":"summary_large_image","twitter_misc":{"Dur\u00e9e de lecture estim\u00e9e":"1 minute"},"schema":{"@context":"https:\/\/schema.org","@graph":[{"@type":"WebPage","@id":"https:\/\/www.uni.lu\/fhse-fr\/events\/abgesagt-der-performative-wirklichkeitsgehalt-des-zeichens-gott\/","url":"https:\/\/www.uni.lu\/fhse-fr\/events\/abgesagt-der-performative-wirklichkeitsgehalt-des-zeichens-gott\/","name":"ABGESAGT - Der performative Wirklichkeitsgehalt des Zeichens \u201eGott\u201c - FHSE I Uni.lu","isPartOf":{"@id":"https:\/\/www.uni.lu\/fhse-fr\/#website"},"primaryImageOfPage":{"@id":"https:\/\/www.uni.lu\/fhse-fr\/events\/abgesagt-der-performative-wirklichkeitsgehalt-des-zeichens-gott\/#primaryimage"},"image":{"@id":"https:\/\/www.uni.lu\/fhse-fr\/events\/abgesagt-der-performative-wirklichkeitsgehalt-des-zeichens-gott\/#primaryimage"},"thumbnailUrl":"https:\/\/www.uni.lu\/wp-content\/uploads\/sites\/16\/2022\/02\/der_performative_wirklichkeitsgehalt_des_zeichens_gott.jpg","datePublished":"2022-02-15T09:14:12+00:00","dateModified":"2022-02-15T09:14:12+00:00","description":"Vortragsreihe der Arbeitsgruppe \u201eHumanities and Religion\u201c","breadcrumb":{"@id":"https:\/\/www.uni.lu\/fhse-fr\/events\/abgesagt-der-performative-wirklichkeitsgehalt-des-zeichens-gott\/#breadcrumb"},"inLanguage":"fr-FR","potentialAction":[{"@type":"ReadAction","target":["https:\/\/www.uni.lu\/fhse-fr\/events\/abgesagt-der-performative-wirklichkeitsgehalt-des-zeichens-gott\/"]}]},{"@type":"ImageObject","inLanguage":"fr-FR","@id":"https:\/\/www.uni.lu\/fhse-fr\/events\/abgesagt-der-performative-wirklichkeitsgehalt-des-zeichens-gott\/#primaryimage","url":"https:\/\/www.uni.lu\/wp-content\/uploads\/sites\/16\/2022\/02\/der_performative_wirklichkeitsgehalt_des_zeichens_gott.jpg","contentUrl":"https:\/\/www.uni.lu\/wp-content\/uploads\/sites\/16\/2022\/02\/der_performative_wirklichkeitsgehalt_des_zeichens_gott.jpg","width":800,"height":600},{"@type":"BreadcrumbList","@id":"https:\/\/www.uni.lu\/fhse-fr\/events\/abgesagt-der-performative-wirklichkeitsgehalt-des-zeichens-gott\/#breadcrumb","itemListElement":[{"@type":"ListItem","position":1,"name":"Home","item":"https:\/\/www.uni.lu\/fr"},{"@type":"ListItem","position":2,"name":"Facult\u00e9 des Sciences Humaines, des Sciences de l\u2019\u00c9ducation et des Sciences Sociales\u200b","item":"https:\/\/www.uni.lu\/fhse-fr\/"},{"@type":"ListItem","position":3,"name":"Events","item":"https:\/\/www.uni.lu\/fhse-fr\/events\/"},{"@type":"ListItem","position":4,"name":"ABGESAGT -- Der performative Wirklichkeitsgehalt des Zeichens \u201eGott\u201c"}]},{"@type":"WebSite","@id":"https:\/\/www.uni.lu\/fhse-fr\/#website","url":"https:\/\/www.uni.lu\/fhse-fr\/","name":"FHSE","description":"Facult\u00e9 des Sciences Humaines, des Sciences de l\u2019\u00c9ducation et des Sciences Sociales\u200b I Uni.lu","publisher":{"@id":"https:\/\/www.uni.lu\/fhse-fr\/#organization"},"alternateName":"Facult\u00e9 des Sciences Humaines, des Sciences de l\u2019\u00c9ducation et des Sciences Sociales\u200b I Universit\u00e9 du Luxembourg","potentialAction":[{"@type":"SearchAction","target":{"@type":"EntryPoint","urlTemplate":"https:\/\/www.uni.lu\/fhse-fr\/?s={search_term_string}"},"query-input":"required name=search_term_string"}],"inLanguage":"fr-FR"},{"@type":"Organization","@id":"https:\/\/www.uni.lu\/fhse-fr\/#organization","name":"FHSE - Universit\u00e9 du Luxembourg I Uni.lu","alternateName":"Facult\u00e9 des Sciences Humaines, des Sciences de l\u2019\u00c9ducation et des Sciences Sociales\u200b","url":"https:\/\/www.uni.lu\/fhse-fr\/","logo":{"@type":"ImageObject","inLanguage":"fr-FR","@id":"https:\/\/www.uni.lu\/fhse-fr\/#\/schema\/logo\/image\/","url":"https:\/\/www.uni.lu\/wp-content\/uploads\/sites\/16\/2026\/03\/03112325\/FHSE_SM-Profile_1600x1600px-scaled.jpg","contentUrl":"https:\/\/www.uni.lu\/wp-content\/uploads\/sites\/16\/2026\/03\/03112325\/FHSE_SM-Profile_1600x1600px-scaled.jpg","width":2560,"height":2560,"caption":"FHSE - Universit\u00e9 du Luxembourg I Uni.lu"},"image":"https:\/\/www.uni.lu\/wp-content\/uploads\/sites\/16\/2026\/04\/24144331\/20200609-Belval-Campus_Henri-Goergen-23.jpg","sameAs":["https:\/\/humanities.uni.lu\/"],"email":"communication@uni.lu","telephone":"+3524666441","address":{"@type":"PostalAddress","streetAddress":"11, Porte des Sciences","addressLocality":"Esch-sur-Alzette","postalCode":"4365","addressCountry":"LU"},"description":"Facult\u00e9 des Sciences Humaines, des Sciences de l\u2019\u00c9ducation et des Sciences Sociales\u200b I Uni.lu"}]}},"_links":{"self":[{"href":"https:\/\/www.uni.lu\/fhse-fr\/wp-json\/wp\/v2\/events\/1847"}],"collection":[{"href":"https:\/\/www.uni.lu\/fhse-fr\/wp-json\/wp\/v2\/events"}],"about":[{"href":"https:\/\/www.uni.lu\/fhse-fr\/wp-json\/wp\/v2\/types\/events"}],"replies":[{"embeddable":true,"href":"https:\/\/www.uni.lu\/fhse-fr\/wp-json\/wp\/v2\/comments?post=1847"}],"version-history":[{"count":0,"href":"https:\/\/www.uni.lu\/fhse-fr\/wp-json\/wp\/v2\/events\/1847\/revisions"}],"wp:featuredmedia":[{"embeddable":true,"href":"https:\/\/www.uni.lu\/fhse-fr\/wp-json\/wp\/v2\/media\/1848"}],"wp:attachment":[{"href":"https:\/\/www.uni.lu\/fhse-fr\/wp-json\/wp\/v2\/media?parent=1847"}],"wp:term":[{"taxonomy":"events-topic","embeddable":true,"href":"https:\/\/www.uni.lu\/fhse-fr\/wp-json\/wp\/v2\/events-topic?post=1847"},{"taxonomy":"events-type","embeddable":true,"href":"https:\/\/www.uni.lu\/fhse-fr\/wp-json\/wp\/v2\/events-type?post=1847"},{"taxonomy":"organisation","embeddable":true,"href":"https:\/\/www.uni.lu\/fhse-fr\/wp-json\/wp\/v2\/organisation?post=1847"}],"curies":[{"name":"wp","href":"https:\/\/api.w.org\/{rel}","templated":true}]}}