{"id":1843,"date":"2022-02-10T09:52:33","date_gmt":"2022-02-10T08:52:33","guid":{"rendered":"https:\/\/www.uni.lu\/fhse-fr\/events\/lancien-chateau-la-fontaine-et-son-parc-a-luxembourg-clausen-etat-de-la-recherche-et-perspectives-davenir\/"},"modified":"2022-02-10T09:52:33","modified_gmt":"2022-02-10T08:52:33","slug":"lancien-chateau-la-fontaine-et-son-parc-a-luxembourg-clausen-etat-de-la-recherche-et-perspectives-davenir","status":"publish","type":"events","link":"https:\/\/www.uni.lu\/fhse-fr\/events\/lancien-chateau-la-fontaine-et-son-parc-a-luxembourg-clausen-etat-de-la-recherche-et-perspectives-davenir\/","title":{"rendered":"L\u2019ancien ch\u00e2teau \u00ab La Fontaine \u00bb et son parc \u00e0 Luxembourg-Clausen. \u00c9tat de la recherche et perspectives d\u2019avenir"},"content":{"rendered":"<section class=\"wp-block-unilux-blocks-free-section section\"><div class=\"container xl:max-w-screen-xl\"><p>Internationale Tagung:<strong>\u00a0<\/strong><\/p><p><strong>Das ehemalige Schloss \u201eLa Fontaine\u201c und sein Areal in Luxemburg-Clausen. Forschungsstand und Zukunftsperspektiven<\/strong><\/p><p>Am 28. Februar und 1. M\u00e4rz 2022 findet im Cercle Cit\u00e9 in Luxemburg eine internationale Tagung zum ehemaligen Mansfeld-Schloss \u201eLa Fontaine\u201c statt. Ausgehend vom aktuellen Stand der historischen, arch\u00e4ologischen und bauhistorischen Forschungen werden M\u00f6glichkeiten zuk\u00fcnftiger Nutzung und Gestaltung des ehemaligen Schlosses und seiner Gartenanlagen von den 15 Referentinnen und Referenten interdisziplin\u00e4r in den Blick genommen.<\/p><p>Wegen der Covid-Beschr\u00e4nkung ist eine Teilnahme vor Ort nur f\u00fcr geladene G\u00e4ste m\u00f6glich. Die Veranstaltung wird aber per Live-Stream \u00fcbertragen: <strong><a href=\"https:\/\/https:\/\/www.youtube.com\/watch?v=FeQN1Qxif9o\" target=\"_self\" title=\"\" rel=\"noopener\">Hier geht&rsquo;s zum Livestream<\/a><\/strong><\/p><p>Die Stadt Luxemburg bietet zudem auf ihrer Internetseite Hintergrundinformationen zur Geschichte des Mansfeld-Schlosses: <a href=\"https:\/\/https:\/\/www.vdl.lu\/de\/besuchen\/kunst-und-kultur\/architektur-und-kulturerbe\/mansfeld-symposium\" target=\"_self\" title=\"\" rel=\"noopener\">Hintergrundinformationen Mansfeld Symposium<\/a><\/p><p>Kontakt: martin.uhrmacher@uni.lu<\/p><p>Das vollst\u00e4ndige Tagungsprogramm kann hier eingesehen werden: Tagungsprogramm herunterladen<\/p><p>Die Tagung wird organsiert vom Institut f\u00fcr Geschichte (<a href=\"https:\/\/https:\/\/history.uni.lu\/\" target=\"_self\" title=\"\" rel=\"noopener\">IHIST<\/a>) und der Stadt Luxemburg.<\/p><\/div><\/section>","protected":false},"excerpt":{"rendered":"","protected":false},"author":0,"featured_media":1844,"parent":0,"menu_order":0,"comment_status":"open","ping_status":"closed","template":"","format":"standard","meta":{"featured_image_focal_point":[],"show_featured_caption":false,"ulux_newsletter_groups":"","uluxPostTitle":"","uluxPrePostTitle":"","_trash_the_other_posts":false,"_price":"","_stock":"","_tribe_ticket_header":"","_tribe_default_ticket_provider":"","_tribe_ticket_capacity":"0","_ticket_start_date":"","_ticket_end_date":"","_tribe_ticket_show_description":"","_tribe_ticket_show_not_going":false,"_tribe_ticket_use_global_stock":"","_tribe_ticket_global_stock_level":"","_global_stock_mode":"","_global_stock_cap":"","_tribe_rsvp_for_event":"","_tribe_ticket_going_count":"","_tribe_ticket_not_going_count":"","_tribe_tickets_list":"[]","_tribe_ticket_has_attendee_info_fields":false,"event_start_date":"2022-02-28 09:00:00","event_end_date":"2022-03-01 17:00:00","event_speaker_name":"","event_speaker_link":"","event_is_online":false,"event_location":"Cercle Ci\u00e9, Luxembourg ","event_street":"","event_location_link":"","event_zip_code":"","event_city":"","event_country":"LU"},"events-topic":[305],"events-type":[],"organisation":[170,146,173],"authorship":[],"acf":[],"yoast_head":"<!-- This site is optimized with the Yoast SEO Premium plugin v22.3 (Yoast SEO v22.3) - https:\/\/yoast.com\/wordpress\/plugins\/seo\/ -->\n<title>L\u2019ancien ch\u00e2teau \u00ab La Fontaine \u00bb et son parc \u00e0 Luxembourg-Clausen. \u00c9tat de la recherche et perspectives d\u2019avenir - FHSE I Uni.lu<\/title>\n<meta name=\"description\" content=\"Internationale Tagung:\u00a0Das ehemalige Schloss \u201eLa Fontaine\u201c und sein Areal in Luxemburg-Clausen. Forschungsstand und ZukunftsperspektivenAm 28. Februar und\" \/>\n<meta name=\"robots\" content=\"index, follow, max-snippet:-1, max-image-preview:large, max-video-preview:-1\" \/>\n<link rel=\"canonical\" href=\"https:\/\/www.uni.lu\/fhse-fr\/events\/lancien-chateau-la-fontaine-et-son-parc-a-luxembourg-clausen-etat-de-la-recherche-et-perspectives-davenir\/\" \/>\n<meta property=\"og:locale\" content=\"fr_FR\" \/>\n<meta property=\"og:type\" content=\"article\" \/>\n<meta property=\"og:title\" content=\"L\u2019ancien ch\u00e2teau \u00ab La Fontaine \u00bb et son parc \u00e0 Luxembourg-Clausen. \u00c9tat de la recherche et perspectives d\u2019avenir\" \/>\n<meta property=\"og:description\" content=\"Internationale Tagung:\u00a0Das ehemalige Schloss \u201eLa Fontaine\u201c und sein Areal in Luxemburg-Clausen. Forschungsstand und ZukunftsperspektivenAm 28. Februar und\" \/>\n<meta property=\"og:url\" content=\"https:\/\/www.uni.lu\/fhse-fr\/events\/lancien-chateau-la-fontaine-et-son-parc-a-luxembourg-clausen-etat-de-la-recherche-et-perspectives-davenir\/\" \/>\n<meta property=\"og:site_name\" content=\"FHSE FR\" \/>\n<meta property=\"og:image\" content=\"https:\/\/www.uni.lu\/wp-content\/uploads\/sites\/16\/2026\/03\/03112325\/FHSE_SM-Profile_1600x1600px-scaled.jpg\" \/>\n\t<meta property=\"og:image:width\" content=\"2560\" \/>\n\t<meta property=\"og:image:height\" content=\"2560\" \/>\n\t<meta property=\"og:image:type\" content=\"image\/jpeg\" \/>\n<meta name=\"twitter:card\" content=\"summary_large_image\" \/>\n<meta name=\"twitter:label1\" content=\"Dur\u00e9e de lecture estim\u00e9e\" \/>\n\t<meta name=\"twitter:data1\" content=\"1 minute\" \/>\n<script type=\"application\/ld+json\" class=\"yoast-schema-graph\">{\"@context\":\"https:\/\/schema.org\",\"@graph\":[{\"@type\":\"WebPage\",\"@id\":\"https:\/\/www.uni.lu\/fhse-fr\/events\/lancien-chateau-la-fontaine-et-son-parc-a-luxembourg-clausen-etat-de-la-recherche-et-perspectives-davenir\/\",\"url\":\"https:\/\/www.uni.lu\/fhse-fr\/events\/lancien-chateau-la-fontaine-et-son-parc-a-luxembourg-clausen-etat-de-la-recherche-et-perspectives-davenir\/\",\"name\":\"L\u2019ancien ch\u00e2teau \u00ab La Fontaine \u00bb et son parc \u00e0 Luxembourg-Clausen. \u00c9tat de la recherche et perspectives d\u2019avenir - FHSE I Uni.lu\",\"isPartOf\":{\"@id\":\"https:\/\/www.uni.lu\/fhse-fr\/#website\"},\"primaryImageOfPage\":{\"@id\":\"https:\/\/www.uni.lu\/fhse-fr\/events\/lancien-chateau-la-fontaine-et-son-parc-a-luxembourg-clausen-etat-de-la-recherche-et-perspectives-davenir\/#primaryimage\"},\"image\":{\"@id\":\"https:\/\/www.uni.lu\/fhse-fr\/events\/lancien-chateau-la-fontaine-et-son-parc-a-luxembourg-clausen-etat-de-la-recherche-et-perspectives-davenir\/#primaryimage\"},\"thumbnailUrl\":\"https:\/\/www.uni.lu\/wp-content\/uploads\/sites\/16\/2022\/02\/l_ancien_chateau_la_fontaine_et_son_parc_a_luxembourg_clausen_etat_de_la_recherche_et_perspectives_d_avenir.jpg\",\"datePublished\":\"2022-02-10T08:52:33+00:00\",\"dateModified\":\"2022-02-10T08:52:33+00:00\",\"description\":\"Internationale Tagung:\u00a0Das ehemalige Schloss \u201eLa Fontaine\u201c und sein Areal in Luxemburg-Clausen. Forschungsstand und ZukunftsperspektivenAm 28. Februar und\",\"breadcrumb\":{\"@id\":\"https:\/\/www.uni.lu\/fhse-fr\/events\/lancien-chateau-la-fontaine-et-son-parc-a-luxembourg-clausen-etat-de-la-recherche-et-perspectives-davenir\/#breadcrumb\"},\"inLanguage\":\"fr-FR\",\"potentialAction\":[{\"@type\":\"ReadAction\",\"target\":[\"https:\/\/www.uni.lu\/fhse-fr\/events\/lancien-chateau-la-fontaine-et-son-parc-a-luxembourg-clausen-etat-de-la-recherche-et-perspectives-davenir\/\"]}]},{\"@type\":\"ImageObject\",\"inLanguage\":\"fr-FR\",\"@id\":\"https:\/\/www.uni.lu\/fhse-fr\/events\/lancien-chateau-la-fontaine-et-son-parc-a-luxembourg-clausen-etat-de-la-recherche-et-perspectives-davenir\/#primaryimage\",\"url\":\"https:\/\/www.uni.lu\/wp-content\/uploads\/sites\/16\/2022\/02\/l_ancien_chateau_la_fontaine_et_son_parc_a_luxembourg_clausen_etat_de_la_recherche_et_perspectives_d_avenir.jpg\",\"contentUrl\":\"https:\/\/www.uni.lu\/wp-content\/uploads\/sites\/16\/2022\/02\/l_ancien_chateau_la_fontaine_et_son_parc_a_luxembourg_clausen_etat_de_la_recherche_et_perspectives_d_avenir.jpg\",\"width\":589,\"height\":844},{\"@type\":\"BreadcrumbList\",\"@id\":\"https:\/\/www.uni.lu\/fhse-fr\/events\/lancien-chateau-la-fontaine-et-son-parc-a-luxembourg-clausen-etat-de-la-recherche-et-perspectives-davenir\/#breadcrumb\",\"itemListElement\":[{\"@type\":\"ListItem\",\"position\":1,\"name\":\"Home\",\"item\":\"https:\/\/www.uni.lu\/fr\"},{\"@type\":\"ListItem\",\"position\":2,\"name\":\"Facult\u00e9 des Sciences Humaines, des Sciences de l\u2019\u00c9ducation et des Sciences Sociales\u200b\",\"item\":\"https:\/\/www.uni.lu\/fhse-fr\/\"},{\"@type\":\"ListItem\",\"position\":3,\"name\":\"Events\",\"item\":\"https:\/\/www.uni.lu\/fhse-fr\/events\/\"},{\"@type\":\"ListItem\",\"position\":4,\"name\":\"L\u2019ancien ch\u00e2teau \u00ab La Fontaine \u00bb et son parc \u00e0 Luxembourg-Clausen. \u00c9tat de la recherche et perspectives d\u2019avenir\"}]},{\"@type\":\"WebSite\",\"@id\":\"https:\/\/www.uni.lu\/fhse-fr\/#website\",\"url\":\"https:\/\/www.uni.lu\/fhse-fr\/\",\"name\":\"FHSE\",\"description\":\"Facult\u00e9 des Sciences Humaines, des Sciences de l\u2019\u00c9ducation et des Sciences Sociales\u200b I Uni.lu\",\"publisher\":{\"@id\":\"https:\/\/www.uni.lu\/fhse-fr\/#organization\"},\"alternateName\":\"Facult\u00e9 des Sciences Humaines, des Sciences de l\u2019\u00c9ducation et des Sciences Sociales\u200b I Universit\u00e9 du Luxembourg\",\"potentialAction\":[{\"@type\":\"SearchAction\",\"target\":{\"@type\":\"EntryPoint\",\"urlTemplate\":\"https:\/\/www.uni.lu\/fhse-fr\/?s={search_term_string}\"},\"query-input\":\"required name=search_term_string\"}],\"inLanguage\":\"fr-FR\"},{\"@type\":\"Organization\",\"@id\":\"https:\/\/www.uni.lu\/fhse-fr\/#organization\",\"name\":\"FHSE - Universit\u00e9 du Luxembourg I Uni.lu\",\"alternateName\":\"Facult\u00e9 des Sciences Humaines, des Sciences de l\u2019\u00c9ducation et des Sciences Sociales\u200b\",\"url\":\"https:\/\/www.uni.lu\/fhse-fr\/\",\"logo\":{\"@type\":\"ImageObject\",\"inLanguage\":\"fr-FR\",\"@id\":\"https:\/\/www.uni.lu\/fhse-fr\/#\/schema\/logo\/image\/\",\"url\":\"https:\/\/www.uni.lu\/wp-content\/uploads\/sites\/16\/2026\/03\/03112325\/FHSE_SM-Profile_1600x1600px-scaled.jpg\",\"contentUrl\":\"https:\/\/www.uni.lu\/wp-content\/uploads\/sites\/16\/2026\/03\/03112325\/FHSE_SM-Profile_1600x1600px-scaled.jpg\",\"width\":2560,\"height\":2560,\"caption\":\"FHSE - Universit\u00e9 du Luxembourg I Uni.lu\"},\"image\":\"https:\/\/www.uni.lu\/wp-content\/uploads\/sites\/16\/2026\/04\/24144331\/20200609-Belval-Campus_Henri-Goergen-23.jpg\",\"sameAs\":[\"https:\/\/humanities.uni.lu\/\"],\"email\":\"communication@uni.lu\",\"telephone\":\"+3524666441\",\"address\":{\"@type\":\"PostalAddress\",\"streetAddress\":\"11, Porte des Sciences\",\"addressLocality\":\"Esch-sur-Alzette\",\"postalCode\":\"4365\",\"addressCountry\":\"LU\"},\"description\":\"Facult\u00e9 des Sciences Humaines, des Sciences de l\u2019\u00c9ducation et des Sciences Sociales\u200b I Uni.lu\"}]}<\/script>\n<!-- \/ Yoast SEO Premium plugin. -->","yoast_head_json":{"title":"L\u2019ancien ch\u00e2teau \u00ab La Fontaine \u00bb et son parc \u00e0 Luxembourg-Clausen. \u00c9tat de la recherche et perspectives d\u2019avenir - FHSE I Uni.lu","description":"Internationale Tagung:\u00a0Das ehemalige Schloss \u201eLa Fontaine\u201c und sein Areal in Luxemburg-Clausen. Forschungsstand und ZukunftsperspektivenAm 28. Februar und","robots":{"index":"index","follow":"follow","max-snippet":"max-snippet:-1","max-image-preview":"max-image-preview:large","max-video-preview":"max-video-preview:-1"},"canonical":"https:\/\/www.uni.lu\/fhse-fr\/events\/lancien-chateau-la-fontaine-et-son-parc-a-luxembourg-clausen-etat-de-la-recherche-et-perspectives-davenir\/","og_locale":"fr_FR","og_type":"article","og_title":"L\u2019ancien ch\u00e2teau \u00ab La Fontaine \u00bb et son parc \u00e0 Luxembourg-Clausen. \u00c9tat de la recherche et perspectives d\u2019avenir","og_description":"Internationale Tagung:\u00a0Das ehemalige Schloss \u201eLa Fontaine\u201c und sein Areal in Luxemburg-Clausen. Forschungsstand und ZukunftsperspektivenAm 28. Februar und","og_url":"https:\/\/www.uni.lu\/fhse-fr\/events\/lancien-chateau-la-fontaine-et-son-parc-a-luxembourg-clausen-etat-de-la-recherche-et-perspectives-davenir\/","og_site_name":"FHSE FR","og_image":[{"width":2560,"height":2560,"url":"https:\/\/www.uni.lu\/wp-content\/uploads\/sites\/16\/2026\/03\/03112325\/FHSE_SM-Profile_1600x1600px-scaled.jpg","type":"image\/jpeg"}],"twitter_card":"summary_large_image","twitter_misc":{"Dur\u00e9e de lecture estim\u00e9e":"1 minute"},"schema":{"@context":"https:\/\/schema.org","@graph":[{"@type":"WebPage","@id":"https:\/\/www.uni.lu\/fhse-fr\/events\/lancien-chateau-la-fontaine-et-son-parc-a-luxembourg-clausen-etat-de-la-recherche-et-perspectives-davenir\/","url":"https:\/\/www.uni.lu\/fhse-fr\/events\/lancien-chateau-la-fontaine-et-son-parc-a-luxembourg-clausen-etat-de-la-recherche-et-perspectives-davenir\/","name":"L\u2019ancien ch\u00e2teau \u00ab La Fontaine \u00bb et son parc \u00e0 Luxembourg-Clausen. \u00c9tat de la recherche et perspectives d\u2019avenir - FHSE I Uni.lu","isPartOf":{"@id":"https:\/\/www.uni.lu\/fhse-fr\/#website"},"primaryImageOfPage":{"@id":"https:\/\/www.uni.lu\/fhse-fr\/events\/lancien-chateau-la-fontaine-et-son-parc-a-luxembourg-clausen-etat-de-la-recherche-et-perspectives-davenir\/#primaryimage"},"image":{"@id":"https:\/\/www.uni.lu\/fhse-fr\/events\/lancien-chateau-la-fontaine-et-son-parc-a-luxembourg-clausen-etat-de-la-recherche-et-perspectives-davenir\/#primaryimage"},"thumbnailUrl":"https:\/\/www.uni.lu\/wp-content\/uploads\/sites\/16\/2022\/02\/l_ancien_chateau_la_fontaine_et_son_parc_a_luxembourg_clausen_etat_de_la_recherche_et_perspectives_d_avenir.jpg","datePublished":"2022-02-10T08:52:33+00:00","dateModified":"2022-02-10T08:52:33+00:00","description":"Internationale Tagung:\u00a0Das ehemalige Schloss \u201eLa Fontaine\u201c und sein Areal in Luxemburg-Clausen. Forschungsstand und ZukunftsperspektivenAm 28. Februar und","breadcrumb":{"@id":"https:\/\/www.uni.lu\/fhse-fr\/events\/lancien-chateau-la-fontaine-et-son-parc-a-luxembourg-clausen-etat-de-la-recherche-et-perspectives-davenir\/#breadcrumb"},"inLanguage":"fr-FR","potentialAction":[{"@type":"ReadAction","target":["https:\/\/www.uni.lu\/fhse-fr\/events\/lancien-chateau-la-fontaine-et-son-parc-a-luxembourg-clausen-etat-de-la-recherche-et-perspectives-davenir\/"]}]},{"@type":"ImageObject","inLanguage":"fr-FR","@id":"https:\/\/www.uni.lu\/fhse-fr\/events\/lancien-chateau-la-fontaine-et-son-parc-a-luxembourg-clausen-etat-de-la-recherche-et-perspectives-davenir\/#primaryimage","url":"https:\/\/www.uni.lu\/wp-content\/uploads\/sites\/16\/2022\/02\/l_ancien_chateau_la_fontaine_et_son_parc_a_luxembourg_clausen_etat_de_la_recherche_et_perspectives_d_avenir.jpg","contentUrl":"https:\/\/www.uni.lu\/wp-content\/uploads\/sites\/16\/2022\/02\/l_ancien_chateau_la_fontaine_et_son_parc_a_luxembourg_clausen_etat_de_la_recherche_et_perspectives_d_avenir.jpg","width":589,"height":844},{"@type":"BreadcrumbList","@id":"https:\/\/www.uni.lu\/fhse-fr\/events\/lancien-chateau-la-fontaine-et-son-parc-a-luxembourg-clausen-etat-de-la-recherche-et-perspectives-davenir\/#breadcrumb","itemListElement":[{"@type":"ListItem","position":1,"name":"Home","item":"https:\/\/www.uni.lu\/fr"},{"@type":"ListItem","position":2,"name":"Facult\u00e9 des Sciences Humaines, des Sciences de l\u2019\u00c9ducation et des Sciences Sociales\u200b","item":"https:\/\/www.uni.lu\/fhse-fr\/"},{"@type":"ListItem","position":3,"name":"Events","item":"https:\/\/www.uni.lu\/fhse-fr\/events\/"},{"@type":"ListItem","position":4,"name":"L\u2019ancien ch\u00e2teau \u00ab La Fontaine \u00bb et son parc \u00e0 Luxembourg-Clausen. \u00c9tat de la recherche et perspectives d\u2019avenir"}]},{"@type":"WebSite","@id":"https:\/\/www.uni.lu\/fhse-fr\/#website","url":"https:\/\/www.uni.lu\/fhse-fr\/","name":"FHSE","description":"Facult\u00e9 des Sciences Humaines, des Sciences de l\u2019\u00c9ducation et des Sciences Sociales\u200b I Uni.lu","publisher":{"@id":"https:\/\/www.uni.lu\/fhse-fr\/#organization"},"alternateName":"Facult\u00e9 des Sciences Humaines, des Sciences de l\u2019\u00c9ducation et des Sciences Sociales\u200b I Universit\u00e9 du Luxembourg","potentialAction":[{"@type":"SearchAction","target":{"@type":"EntryPoint","urlTemplate":"https:\/\/www.uni.lu\/fhse-fr\/?s={search_term_string}"},"query-input":"required name=search_term_string"}],"inLanguage":"fr-FR"},{"@type":"Organization","@id":"https:\/\/www.uni.lu\/fhse-fr\/#organization","name":"FHSE - Universit\u00e9 du Luxembourg I Uni.lu","alternateName":"Facult\u00e9 des Sciences Humaines, des Sciences de l\u2019\u00c9ducation et des Sciences Sociales\u200b","url":"https:\/\/www.uni.lu\/fhse-fr\/","logo":{"@type":"ImageObject","inLanguage":"fr-FR","@id":"https:\/\/www.uni.lu\/fhse-fr\/#\/schema\/logo\/image\/","url":"https:\/\/www.uni.lu\/wp-content\/uploads\/sites\/16\/2026\/03\/03112325\/FHSE_SM-Profile_1600x1600px-scaled.jpg","contentUrl":"https:\/\/www.uni.lu\/wp-content\/uploads\/sites\/16\/2026\/03\/03112325\/FHSE_SM-Profile_1600x1600px-scaled.jpg","width":2560,"height":2560,"caption":"FHSE - Universit\u00e9 du Luxembourg I Uni.lu"},"image":"https:\/\/www.uni.lu\/wp-content\/uploads\/sites\/16\/2026\/04\/24144331\/20200609-Belval-Campus_Henri-Goergen-23.jpg","sameAs":["https:\/\/humanities.uni.lu\/"],"email":"communication@uni.lu","telephone":"+3524666441","address":{"@type":"PostalAddress","streetAddress":"11, Porte des Sciences","addressLocality":"Esch-sur-Alzette","postalCode":"4365","addressCountry":"LU"},"description":"Facult\u00e9 des Sciences Humaines, des Sciences de l\u2019\u00c9ducation et des Sciences Sociales\u200b I Uni.lu"}]}},"_links":{"self":[{"href":"https:\/\/www.uni.lu\/fhse-fr\/wp-json\/wp\/v2\/events\/1843"}],"collection":[{"href":"https:\/\/www.uni.lu\/fhse-fr\/wp-json\/wp\/v2\/events"}],"about":[{"href":"https:\/\/www.uni.lu\/fhse-fr\/wp-json\/wp\/v2\/types\/events"}],"replies":[{"embeddable":true,"href":"https:\/\/www.uni.lu\/fhse-fr\/wp-json\/wp\/v2\/comments?post=1843"}],"version-history":[{"count":0,"href":"https:\/\/www.uni.lu\/fhse-fr\/wp-json\/wp\/v2\/events\/1843\/revisions"}],"wp:featuredmedia":[{"embeddable":true,"href":"https:\/\/www.uni.lu\/fhse-fr\/wp-json\/wp\/v2\/media\/1844"}],"wp:attachment":[{"href":"https:\/\/www.uni.lu\/fhse-fr\/wp-json\/wp\/v2\/media?parent=1843"}],"wp:term":[{"taxonomy":"events-topic","embeddable":true,"href":"https:\/\/www.uni.lu\/fhse-fr\/wp-json\/wp\/v2\/events-topic?post=1843"},{"taxonomy":"events-type","embeddable":true,"href":"https:\/\/www.uni.lu\/fhse-fr\/wp-json\/wp\/v2\/events-type?post=1843"},{"taxonomy":"organisation","embeddable":true,"href":"https:\/\/www.uni.lu\/fhse-fr\/wp-json\/wp\/v2\/organisation?post=1843"}],"curies":[{"name":"wp","href":"https:\/\/api.w.org\/{rel}","templated":true}]}}