{"id":1819,"date":"2021-12-20T21:37:31","date_gmt":"2021-12-20T20:37:31","guid":{"rendered":"https:\/\/www.uni.lu\/fhse-fr\/events\/colloque-pour-jeunes-chercheur%c2%b7ses-de-liege-a-strasbourg-recherches-recentes-sur-la-region-frontaliere-franco-allemande-au-moyen-age-central-et-a-la-fin-du-moyen-age-xie-xvie-siecles\/"},"modified":"2021-12-20T21:37:31","modified_gmt":"2021-12-20T20:37:31","slug":"colloque-pour-jeunes-chercheur%c2%b7ses-de-liege-a-strasbourg-recherches-recentes-sur-la-region-frontaliere-franco-allemande-au-moyen-age-central-et-a-la-fin-du-moyen-age-xie-xvie-siecles","status":"publish","type":"events","link":"https:\/\/www.uni.lu\/fhse-fr\/events\/colloque-pour-jeunes-chercheur%c2%b7ses-de-liege-a-strasbourg-recherches-recentes-sur-la-region-frontaliere-franco-allemande-au-moyen-age-central-et-a-la-fin-du-moyen-age-xie-xvie-siecles\/","title":{"rendered":"Colloque pour jeunes chercheur\u00b7ses \u00ab De Li\u00e8ge \u00e0 Strasbourg. Recherches r\u00e9centes sur la r\u00e9gion frontali\u00e8re franco-allemande au Moyen \u00c2ge central et \u00e0 la fin du Moyen \u00c2ge (XIe-XVIe si\u00e8cles) \u00bb"},"content":{"rendered":"<section class=\"wp-block-unilux-blocks-free-section section\"><div class=\"container xl:max-w-screen-xl\"><p>La r\u00e9gion frontali\u00e8re entre le royaume de France et le Saint Empire repr\u00e9sentait au Moyen \u00c2ge central et \u00e0 la fin du Moyen \u00c2ge un espace dynamique, aussi bien sur le plan de la politique territoriale, que d\u2019un point de vue \u00e9conomique, religieux, social et culturel. Les recherches en histoire sur cet espace requi\u00e8rent donc toujours un travail transfrontalier. Malgr\u00e9 ce pr\u00e9requis, la possibilit\u00e9 d\u2019un \u00e9change qui d\u00e9passerait les fronti\u00e8res et les barri\u00e8res linguistiques fait actuellement d\u00e9faut, particuli\u00e8rement pour les jeunes chercheur\u00b7ses. Afin de pallier ce manque, nous souhaitons inviter des dipl\u00f4m\u00e9\u00b7es de Master et des chercheur\u00b7ses en d\u00e9but de carri\u00e8re (doctorat, habilitation) \u00e0 pr\u00e9senter leurs projets de recherche actuels devant un public int\u00e9ress\u00e9 avec lequel ils ou elles pourront discuter. Le colloque destin\u00e9 aux jeunes chercheur\u00b7ses se tiendra \u00e0 l\u2019Universit\u00e9 de Tr\u00e8ves, situ\u00e9e au c\u0153ur de la \u00ab Grande R\u00e9gion \u00bb.<\/p><p>Le colloque s\u2019adresse aussi bien aux historien\u00b7nes qu\u2019aux chercheur\u00b7ses travaillant de mani\u00e8re interdisciplinaire dans des disciplines apparent\u00e9es (arch\u00e9ologie, histoire de l\u2019art, litt\u00e9rature, linguistique, etc.). Les communications auront une dur\u00e9e de vingt minutes et seront suivies d\u2019une discussion. Les langues pr\u00e9vues pour la conf\u00e9rence sont le fran\u00e7ais, l\u2019allemand et l\u2019anglais. La langue de pr\u00e9sentation peut \u00eatre choisie librement, mais les deux autres langues doivent \u00eatre ma\u00eetris\u00e9es au moins passivement afin de pouvoir participer \u00e0 l&rsquo;\u00e9change scientifique. De plus, il est attendu des conf\u00e9rencier\u00b7\u00e8res qu\u2019ils et elles mettent \u00e0 disposition des participants un r\u00e9sum\u00e9 de leur pr\u00e9sentation une semaine avant le d\u00e9but du colloque. Afin de s\u2019adresser \u00e0 tou\u00b7tes les jeunes chercheur\u00b7ses ind\u00e9pendamment du degr\u00e9 d\u2019avancement de leur projet, une publication des communications n\u2019est pas encore pr\u00e9vue, mais pourra \u00eatre envisag\u00e9e ult\u00e9rieurement si la qualit\u00e9 des pr\u00e9sentations le permet.<\/p><p>Une subvention pour les frais de voyage est possible sur pr\u00e9sentation des titres de transport \u00e0 hauteur de 70 \u20ac maximum. Les frais d\u2019h\u00e9bergement pourront \u00e9galement \u00eatre rembours\u00e9s.<\/p><p>Les personnes int\u00e9ress\u00e9es pourront envoyer leur proposition de contribution (1 \u00e0 2 pages) et leur CV acad\u00e9mique jusqu\u2019au 23 janvier 2022 \u00e0 christa.birkel@hhu.de. Une r\u00e9ponse sera donn\u00e9e au plus tard le 4 f\u00e9vrier 2022.<\/p><p>Pour toute question, veuillez vous adresser \u00e0 schaeferh@uni-trier.de ou christa.birkel@hhu.de<\/p><\/div><\/section>","protected":false},"excerpt":{"rendered":"<p>La r\u00e9gion frontali\u00e8re entre le royaume de France et le Saint Empire repr\u00e9sentait au Moyen \u00c2ge central et \u00e0 la fin du Moyen \u00c2ge un espace dynamique, aussi bien sur le plan de la politique territoriale, que d\u2019un point de vue \u00e9conomique, religieux, social et culturel. Les recherches en histoire sur cet espace requi\u00e8rent donc toujours un travail transfrontalier. Malgr\u00e9 ce pr\u00e9requis, la possibilit\u00e9 d\u2019un \u00e9change qui d\u00e9passerait les fronti\u00e8res et les barri\u00e8res linguistiques fait actuellement d\u00e9faut, particuli\u00e8rement pour les jeunes chercheur\u00b7ses. Afin de pallier ce manque, nous souhaitons inviter des dipl\u00f4m\u00e9\u00b7es de Master et des chercheur\u00b7ses en d\u00e9but de carri\u00e8re (doctorat, habilitation) \u00e0 pr\u00e9senter leurs projets de recherche actuels devant un public int\u00e9ress\u00e9 avec lequel ils ou elles pourront discuter. Le colloque destin\u00e9 aux jeunes chercheur\u00b7ses se tiendra \u00e0 l\u2019Universit\u00e9 de Tr\u00e8ves, situ\u00e9e au c\u0153ur de la \u00ab Grande R\u00e9gion \u00bb.<\/p>\n","protected":false},"author":0,"featured_media":1820,"parent":0,"menu_order":0,"comment_status":"open","ping_status":"closed","template":"","format":"standard","meta":{"featured_image_focal_point":[],"show_featured_caption":false,"ulux_newsletter_groups":"","uluxPostTitle":"","uluxPrePostTitle":"","_trash_the_other_posts":false,"_price":"","_stock":"","_tribe_ticket_header":"","_tribe_default_ticket_provider":"","_tribe_ticket_capacity":"0","_ticket_start_date":"","_ticket_end_date":"","_tribe_ticket_show_description":"","_tribe_ticket_show_not_going":false,"_tribe_ticket_use_global_stock":"","_tribe_ticket_global_stock_level":"","_global_stock_mode":"","_global_stock_cap":"","_tribe_rsvp_for_event":"","_tribe_ticket_going_count":"","_tribe_ticket_not_going_count":"","_tribe_tickets_list":"[]","_tribe_ticket_has_attendee_info_fields":false,"event_start_date":"2022-04-28 12:00:00","event_end_date":"2022-04-29 12:00:00","event_speaker_name":"Dr Christa Birkel (HHU D\u00fcsseldorf), Dr Antoine Lazzari (Universit\u00e9 du Luxembourg), Hanna Sch\u00e4fer, M.A. (Universit\u00e4t Trier)","event_speaker_link":"","event_is_online":false,"event_location":"","event_street":"Universit\u00e4t Trier","event_location_link":"","event_zip_code":"54286","event_city":"Trier","event_country":"DE"},"events-topic":[305],"events-type":[],"organisation":[170,173],"authorship":[],"acf":[],"yoast_head":"<!-- This site is optimized with the Yoast SEO Premium plugin v22.3 (Yoast SEO v22.3) - https:\/\/yoast.com\/wordpress\/plugins\/seo\/ -->\n<title>Colloque pour jeunes chercheur\u00b7ses \u00ab De Li\u00e8ge \u00e0 Strasbourg. Recherches r\u00e9centes sur la r\u00e9gion frontali\u00e8re franco-allemande au Moyen \u00c2ge central et \u00e0 la fin du Moyen \u00c2ge (XIe-XVIe si\u00e8cles) \u00bb - FHSE I Uni.lu<\/title>\n<meta name=\"description\" content=\"La r\u00e9gion frontali\u00e8re entre le royaume de France et le Saint Empire repr\u00e9sentait au Moyen \u00c2ge central et \u00e0 la fin du Moyen \u00c2ge un espace dynamique, aussi bien sur le plan de la politique territoriale, que d\u2019un point de vue \u00e9conomique, religieux, social et culturel. Les recherches en histoire sur cet espace requi\u00e8rent donc toujours un travail transfrontalier. Malgr\u00e9 ce pr\u00e9requis, la possibilit\u00e9 d\u2019un \u00e9change qui d\u00e9passerait les fronti\u00e8res et les barri\u00e8res linguistiques fait actuellement d\u00e9faut, particuli\u00e8rement pour les jeunes chercheur\u00b7ses. Afin de pallier ce manque, nous souhaitons inviter des dipl\u00f4m\u00e9\u00b7es de Master et des chercheur\u00b7ses en d\u00e9but de carri\u00e8re (doctorat, habilitation) \u00e0 pr\u00e9senter leurs projets de recherche actuels devant un public int\u00e9ress\u00e9 avec lequel ils ou elles pourront discuter. Le colloque destin\u00e9 aux jeunes chercheur\u00b7ses se tiendra \u00e0 l\u2019Universit\u00e9 de Tr\u00e8ves, situ\u00e9e au c\u0153ur de la \u00ab Grande R\u00e9gion \u00bb.\" \/>\n<meta name=\"robots\" content=\"index, follow, max-snippet:-1, max-image-preview:large, max-video-preview:-1\" \/>\n<link rel=\"canonical\" href=\"https:\/\/www.uni.lu\/fhse-fr\/events\/colloque-pour-jeunes-chercheur\u00b7ses-de-liege-a-strasbourg-recherches-recentes-sur-la-region-frontaliere-franco-allemande-au-moyen-age-central-et-a-la-fin-du-moyen-age-xie-xvie-siecles\/\" \/>\n<meta property=\"og:locale\" content=\"fr_FR\" \/>\n<meta property=\"og:type\" content=\"article\" \/>\n<meta property=\"og:title\" content=\"Colloque pour jeunes chercheur\u00b7ses \u00ab De Li\u00e8ge \u00e0 Strasbourg. Recherches r\u00e9centes sur la r\u00e9gion frontali\u00e8re franco-allemande au Moyen \u00c2ge central et \u00e0 la fin du Moyen \u00c2ge (XIe-XVIe si\u00e8cles) \u00bb\" \/>\n<meta property=\"og:description\" content=\"La r\u00e9gion frontali\u00e8re entre le royaume de France et le Saint Empire repr\u00e9sentait au Moyen \u00c2ge central et \u00e0 la fin du Moyen \u00c2ge un espace dynamique, aussi bien sur le plan de la politique territoriale, que d\u2019un point de vue \u00e9conomique, religieux, social et culturel. Les recherches en histoire sur cet espace requi\u00e8rent donc toujours un travail transfrontalier. Malgr\u00e9 ce pr\u00e9requis, la possibilit\u00e9 d\u2019un \u00e9change qui d\u00e9passerait les fronti\u00e8res et les barri\u00e8res linguistiques fait actuellement d\u00e9faut, particuli\u00e8rement pour les jeunes chercheur\u00b7ses. Afin de pallier ce manque, nous souhaitons inviter des dipl\u00f4m\u00e9\u00b7es de Master et des chercheur\u00b7ses en d\u00e9but de carri\u00e8re (doctorat, habilitation) \u00e0 pr\u00e9senter leurs projets de recherche actuels devant un public int\u00e9ress\u00e9 avec lequel ils ou elles pourront discuter. Le colloque destin\u00e9 aux jeunes chercheur\u00b7ses se tiendra \u00e0 l\u2019Universit\u00e9 de Tr\u00e8ves, situ\u00e9e au c\u0153ur de la \u00ab Grande R\u00e9gion \u00bb.\" \/>\n<meta property=\"og:url\" content=\"https:\/\/www.uni.lu\/fhse-fr\/events\/colloque-pour-jeunes-chercheur\u00b7ses-de-liege-a-strasbourg-recherches-recentes-sur-la-region-frontaliere-franco-allemande-au-moyen-age-central-et-a-la-fin-du-moyen-age-xie-xvie-siecles\/\" \/>\n<meta property=\"og:site_name\" content=\"FHSE FR\" \/>\n<meta property=\"og:image\" content=\"https:\/\/www.uni.lu\/wp-content\/uploads\/sites\/16\/2026\/03\/03112325\/FHSE_SM-Profile_1600x1600px-scaled.jpg\" \/>\n\t<meta property=\"og:image:width\" content=\"2560\" \/>\n\t<meta property=\"og:image:height\" content=\"2560\" \/>\n\t<meta property=\"og:image:type\" content=\"image\/jpeg\" \/>\n<meta name=\"twitter:card\" content=\"summary_large_image\" \/>\n<meta name=\"twitter:label1\" content=\"Dur\u00e9e de lecture estim\u00e9e\" \/>\n\t<meta name=\"twitter:data1\" content=\"2 minutes\" \/>\n<script type=\"application\/ld+json\" class=\"yoast-schema-graph\">{\"@context\":\"https:\/\/schema.org\",\"@graph\":[{\"@type\":\"WebPage\",\"@id\":\"https:\/\/www.uni.lu\/fhse-fr\/events\/colloque-pour-jeunes-chercheur%c2%b7ses-de-liege-a-strasbourg-recherches-recentes-sur-la-region-frontaliere-franco-allemande-au-moyen-age-central-et-a-la-fin-du-moyen-age-xie-xvie-siecles\/\",\"url\":\"https:\/\/www.uni.lu\/fhse-fr\/events\/colloque-pour-jeunes-chercheur%c2%b7ses-de-liege-a-strasbourg-recherches-recentes-sur-la-region-frontaliere-franco-allemande-au-moyen-age-central-et-a-la-fin-du-moyen-age-xie-xvie-siecles\/\",\"name\":\"Colloque pour jeunes chercheur\u00b7ses \u00ab De Li\u00e8ge \u00e0 Strasbourg. Recherches r\u00e9centes sur la r\u00e9gion frontali\u00e8re franco-allemande au Moyen \u00c2ge central et \u00e0 la fin du Moyen \u00c2ge (XIe-XVIe si\u00e8cles) \u00bb - FHSE I Uni.lu\",\"isPartOf\":{\"@id\":\"https:\/\/www.uni.lu\/fhse-fr\/#website\"},\"primaryImageOfPage\":{\"@id\":\"https:\/\/www.uni.lu\/fhse-fr\/events\/colloque-pour-jeunes-chercheur%c2%b7ses-de-liege-a-strasbourg-recherches-recentes-sur-la-region-frontaliere-franco-allemande-au-moyen-age-central-et-a-la-fin-du-moyen-age-xie-xvie-siecles\/#primaryimage\"},\"image\":{\"@id\":\"https:\/\/www.uni.lu\/fhse-fr\/events\/colloque-pour-jeunes-chercheur%c2%b7ses-de-liege-a-strasbourg-recherches-recentes-sur-la-region-frontaliere-franco-allemande-au-moyen-age-central-et-a-la-fin-du-moyen-age-xie-xvie-siecles\/#primaryimage\"},\"thumbnailUrl\":\"https:\/\/www.uni.lu\/wp-content\/uploads\/sites\/16\/2021\/12\/colloque_pour_jeunes_chercheur_ses_de_liege_a_strasbourg_recherches_recentes_sur_la_region_frontaliere_franco_allemande_au_moyen_age_central_et.jpg\",\"datePublished\":\"2021-12-20T20:37:31+00:00\",\"dateModified\":\"2021-12-20T20:37:31+00:00\",\"description\":\"La r\u00e9gion frontali\u00e8re entre le royaume de France et le Saint Empire repr\u00e9sentait au Moyen \u00c2ge central et \u00e0 la fin du Moyen \u00c2ge un espace dynamique, aussi bien sur le plan de la politique territoriale, que d\u2019un point de vue \u00e9conomique, religieux, social et culturel. Les recherches en histoire sur cet espace requi\u00e8rent donc toujours un travail transfrontalier. Malgr\u00e9 ce pr\u00e9requis, la possibilit\u00e9 d\u2019un \u00e9change qui d\u00e9passerait les fronti\u00e8res et les barri\u00e8res linguistiques fait actuellement d\u00e9faut, particuli\u00e8rement pour les jeunes chercheur\u00b7ses. Afin de pallier ce manque, nous souhaitons inviter des dipl\u00f4m\u00e9\u00b7es de Master et des chercheur\u00b7ses en d\u00e9but de carri\u00e8re (doctorat, habilitation) \u00e0 pr\u00e9senter leurs projets de recherche actuels devant un public int\u00e9ress\u00e9 avec lequel ils ou elles pourront discuter. Le colloque destin\u00e9 aux jeunes chercheur\u00b7ses se tiendra \u00e0 l\u2019Universit\u00e9 de Tr\u00e8ves, situ\u00e9e au c\u0153ur de la \u00ab Grande R\u00e9gion \u00bb.\",\"breadcrumb\":{\"@id\":\"https:\/\/www.uni.lu\/fhse-fr\/events\/colloque-pour-jeunes-chercheur%c2%b7ses-de-liege-a-strasbourg-recherches-recentes-sur-la-region-frontaliere-franco-allemande-au-moyen-age-central-et-a-la-fin-du-moyen-age-xie-xvie-siecles\/#breadcrumb\"},\"inLanguage\":\"fr-FR\",\"potentialAction\":[{\"@type\":\"ReadAction\",\"target\":[\"https:\/\/www.uni.lu\/fhse-fr\/events\/colloque-pour-jeunes-chercheur%c2%b7ses-de-liege-a-strasbourg-recherches-recentes-sur-la-region-frontaliere-franco-allemande-au-moyen-age-central-et-a-la-fin-du-moyen-age-xie-xvie-siecles\/\"]}]},{\"@type\":\"ImageObject\",\"inLanguage\":\"fr-FR\",\"@id\":\"https:\/\/www.uni.lu\/fhse-fr\/events\/colloque-pour-jeunes-chercheur%c2%b7ses-de-liege-a-strasbourg-recherches-recentes-sur-la-region-frontaliere-franco-allemande-au-moyen-age-central-et-a-la-fin-du-moyen-age-xie-xvie-siecles\/#primaryimage\",\"url\":\"https:\/\/www.uni.lu\/wp-content\/uploads\/sites\/16\/2021\/12\/colloque_pour_jeunes_chercheur_ses_de_liege_a_strasbourg_recherches_recentes_sur_la_region_frontaliere_franco_allemande_au_moyen_age_central_et.jpg\",\"contentUrl\":\"https:\/\/www.uni.lu\/wp-content\/uploads\/sites\/16\/2021\/12\/colloque_pour_jeunes_chercheur_ses_de_liege_a_strasbourg_recherches_recentes_sur_la_region_frontaliere_franco_allemande_au_moyen_age_central_et.jpg\",\"width\":640,\"height\":960},{\"@type\":\"BreadcrumbList\",\"@id\":\"https:\/\/www.uni.lu\/fhse-fr\/events\/colloque-pour-jeunes-chercheur%c2%b7ses-de-liege-a-strasbourg-recherches-recentes-sur-la-region-frontaliere-franco-allemande-au-moyen-age-central-et-a-la-fin-du-moyen-age-xie-xvie-siecles\/#breadcrumb\",\"itemListElement\":[{\"@type\":\"ListItem\",\"position\":1,\"name\":\"Home\",\"item\":\"https:\/\/www.uni.lu\/fr\"},{\"@type\":\"ListItem\",\"position\":2,\"name\":\"Facult\u00e9 des Sciences Humaines, des Sciences de l\u2019\u00c9ducation et des Sciences Sociales\u200b\",\"item\":\"https:\/\/www.uni.lu\/fhse-fr\/\"},{\"@type\":\"ListItem\",\"position\":3,\"name\":\"Events\",\"item\":\"https:\/\/www.uni.lu\/fhse-fr\/events\/\"},{\"@type\":\"ListItem\",\"position\":4,\"name\":\"Colloque pour jeunes chercheur\u00b7ses \u00ab De Li\u00e8ge \u00e0 Strasbourg. Recherches r\u00e9centes sur la r\u00e9gion frontali\u00e8re franco-allemande au Moyen \u00c2ge central et \u00e0 la fin du Moyen \u00c2ge (XIe-XVIe si\u00e8cles) \u00bb\"}]},{\"@type\":\"WebSite\",\"@id\":\"https:\/\/www.uni.lu\/fhse-fr\/#website\",\"url\":\"https:\/\/www.uni.lu\/fhse-fr\/\",\"name\":\"FHSE\",\"description\":\"Facult\u00e9 des Sciences Humaines, des Sciences de l\u2019\u00c9ducation et des Sciences Sociales\u200b I Uni.lu\",\"publisher\":{\"@id\":\"https:\/\/www.uni.lu\/fhse-fr\/#organization\"},\"alternateName\":\"Facult\u00e9 des Sciences Humaines, des Sciences de l\u2019\u00c9ducation et des Sciences Sociales\u200b I Universit\u00e9 du Luxembourg\",\"potentialAction\":[{\"@type\":\"SearchAction\",\"target\":{\"@type\":\"EntryPoint\",\"urlTemplate\":\"https:\/\/www.uni.lu\/fhse-fr\/?s={search_term_string}\"},\"query-input\":\"required name=search_term_string\"}],\"inLanguage\":\"fr-FR\"},{\"@type\":\"Organization\",\"@id\":\"https:\/\/www.uni.lu\/fhse-fr\/#organization\",\"name\":\"FHSE - Universit\u00e9 du Luxembourg I Uni.lu\",\"alternateName\":\"Facult\u00e9 des Sciences Humaines, des Sciences de l\u2019\u00c9ducation et des Sciences Sociales\u200b\",\"url\":\"https:\/\/www.uni.lu\/fhse-fr\/\",\"logo\":{\"@type\":\"ImageObject\",\"inLanguage\":\"fr-FR\",\"@id\":\"https:\/\/www.uni.lu\/fhse-fr\/#\/schema\/logo\/image\/\",\"url\":\"https:\/\/www.uni.lu\/wp-content\/uploads\/sites\/16\/2026\/03\/03112325\/FHSE_SM-Profile_1600x1600px-scaled.jpg\",\"contentUrl\":\"https:\/\/www.uni.lu\/wp-content\/uploads\/sites\/16\/2026\/03\/03112325\/FHSE_SM-Profile_1600x1600px-scaled.jpg\",\"width\":2560,\"height\":2560,\"caption\":\"FHSE - Universit\u00e9 du Luxembourg I Uni.lu\"},\"image\":\"https:\/\/www.uni.lu\/wp-content\/uploads\/sites\/16\/2026\/04\/24144331\/20200609-Belval-Campus_Henri-Goergen-23.jpg\",\"sameAs\":[\"https:\/\/humanities.uni.lu\/\"],\"email\":\"communication@uni.lu\",\"telephone\":\"+3524666441\",\"address\":{\"@type\":\"PostalAddress\",\"streetAddress\":\"11, Porte des Sciences\",\"addressLocality\":\"Esch-sur-Alzette\",\"postalCode\":\"4365\",\"addressCountry\":\"LU\"},\"description\":\"Facult\u00e9 des Sciences Humaines, des Sciences de l\u2019\u00c9ducation et des Sciences Sociales\u200b I Uni.lu\"}]}<\/script>\n<!-- \/ Yoast SEO Premium plugin. -->","yoast_head_json":{"title":"Colloque pour jeunes chercheur\u00b7ses \u00ab De Li\u00e8ge \u00e0 Strasbourg. Recherches r\u00e9centes sur la r\u00e9gion frontali\u00e8re franco-allemande au Moyen \u00c2ge central et \u00e0 la fin du Moyen \u00c2ge (XIe-XVIe si\u00e8cles) \u00bb - FHSE I Uni.lu","description":"La r\u00e9gion frontali\u00e8re entre le royaume de France et le Saint Empire repr\u00e9sentait au Moyen \u00c2ge central et \u00e0 la fin du Moyen \u00c2ge un espace dynamique, aussi bien sur le plan de la politique territoriale, que d\u2019un point de vue \u00e9conomique, religieux, social et culturel. Les recherches en histoire sur cet espace requi\u00e8rent donc toujours un travail transfrontalier. Malgr\u00e9 ce pr\u00e9requis, la possibilit\u00e9 d\u2019un \u00e9change qui d\u00e9passerait les fronti\u00e8res et les barri\u00e8res linguistiques fait actuellement d\u00e9faut, particuli\u00e8rement pour les jeunes chercheur\u00b7ses. Afin de pallier ce manque, nous souhaitons inviter des dipl\u00f4m\u00e9\u00b7es de Master et des chercheur\u00b7ses en d\u00e9but de carri\u00e8re (doctorat, habilitation) \u00e0 pr\u00e9senter leurs projets de recherche actuels devant un public int\u00e9ress\u00e9 avec lequel ils ou elles pourront discuter. Le colloque destin\u00e9 aux jeunes chercheur\u00b7ses se tiendra \u00e0 l\u2019Universit\u00e9 de Tr\u00e8ves, situ\u00e9e au c\u0153ur de la \u00ab Grande R\u00e9gion \u00bb.","robots":{"index":"index","follow":"follow","max-snippet":"max-snippet:-1","max-image-preview":"max-image-preview:large","max-video-preview":"max-video-preview:-1"},"canonical":"https:\/\/www.uni.lu\/fhse-fr\/events\/colloque-pour-jeunes-chercheur\u00b7ses-de-liege-a-strasbourg-recherches-recentes-sur-la-region-frontaliere-franco-allemande-au-moyen-age-central-et-a-la-fin-du-moyen-age-xie-xvie-siecles\/","og_locale":"fr_FR","og_type":"article","og_title":"Colloque pour jeunes chercheur\u00b7ses \u00ab De Li\u00e8ge \u00e0 Strasbourg. Recherches r\u00e9centes sur la r\u00e9gion frontali\u00e8re franco-allemande au Moyen \u00c2ge central et \u00e0 la fin du Moyen \u00c2ge (XIe-XVIe si\u00e8cles) \u00bb","og_description":"La r\u00e9gion frontali\u00e8re entre le royaume de France et le Saint Empire repr\u00e9sentait au Moyen \u00c2ge central et \u00e0 la fin du Moyen \u00c2ge un espace dynamique, aussi bien sur le plan de la politique territoriale, que d\u2019un point de vue \u00e9conomique, religieux, social et culturel. Les recherches en histoire sur cet espace requi\u00e8rent donc toujours un travail transfrontalier. Malgr\u00e9 ce pr\u00e9requis, la possibilit\u00e9 d\u2019un \u00e9change qui d\u00e9passerait les fronti\u00e8res et les barri\u00e8res linguistiques fait actuellement d\u00e9faut, particuli\u00e8rement pour les jeunes chercheur\u00b7ses. Afin de pallier ce manque, nous souhaitons inviter des dipl\u00f4m\u00e9\u00b7es de Master et des chercheur\u00b7ses en d\u00e9but de carri\u00e8re (doctorat, habilitation) \u00e0 pr\u00e9senter leurs projets de recherche actuels devant un public int\u00e9ress\u00e9 avec lequel ils ou elles pourront discuter. Le colloque destin\u00e9 aux jeunes chercheur\u00b7ses se tiendra \u00e0 l\u2019Universit\u00e9 de Tr\u00e8ves, situ\u00e9e au c\u0153ur de la \u00ab Grande R\u00e9gion \u00bb.","og_url":"https:\/\/www.uni.lu\/fhse-fr\/events\/colloque-pour-jeunes-chercheur\u00b7ses-de-liege-a-strasbourg-recherches-recentes-sur-la-region-frontaliere-franco-allemande-au-moyen-age-central-et-a-la-fin-du-moyen-age-xie-xvie-siecles\/","og_site_name":"FHSE FR","og_image":[{"width":2560,"height":2560,"url":"https:\/\/www.uni.lu\/wp-content\/uploads\/sites\/16\/2026\/03\/03112325\/FHSE_SM-Profile_1600x1600px-scaled.jpg","type":"image\/jpeg"}],"twitter_card":"summary_large_image","twitter_misc":{"Dur\u00e9e de lecture estim\u00e9e":"2 minutes"},"schema":{"@context":"https:\/\/schema.org","@graph":[{"@type":"WebPage","@id":"https:\/\/www.uni.lu\/fhse-fr\/events\/colloque-pour-jeunes-chercheur%c2%b7ses-de-liege-a-strasbourg-recherches-recentes-sur-la-region-frontaliere-franco-allemande-au-moyen-age-central-et-a-la-fin-du-moyen-age-xie-xvie-siecles\/","url":"https:\/\/www.uni.lu\/fhse-fr\/events\/colloque-pour-jeunes-chercheur%c2%b7ses-de-liege-a-strasbourg-recherches-recentes-sur-la-region-frontaliere-franco-allemande-au-moyen-age-central-et-a-la-fin-du-moyen-age-xie-xvie-siecles\/","name":"Colloque pour jeunes chercheur\u00b7ses \u00ab De Li\u00e8ge \u00e0 Strasbourg. Recherches r\u00e9centes sur la r\u00e9gion frontali\u00e8re franco-allemande au Moyen \u00c2ge central et \u00e0 la fin du Moyen \u00c2ge (XIe-XVIe si\u00e8cles) \u00bb - FHSE I Uni.lu","isPartOf":{"@id":"https:\/\/www.uni.lu\/fhse-fr\/#website"},"primaryImageOfPage":{"@id":"https:\/\/www.uni.lu\/fhse-fr\/events\/colloque-pour-jeunes-chercheur%c2%b7ses-de-liege-a-strasbourg-recherches-recentes-sur-la-region-frontaliere-franco-allemande-au-moyen-age-central-et-a-la-fin-du-moyen-age-xie-xvie-siecles\/#primaryimage"},"image":{"@id":"https:\/\/www.uni.lu\/fhse-fr\/events\/colloque-pour-jeunes-chercheur%c2%b7ses-de-liege-a-strasbourg-recherches-recentes-sur-la-region-frontaliere-franco-allemande-au-moyen-age-central-et-a-la-fin-du-moyen-age-xie-xvie-siecles\/#primaryimage"},"thumbnailUrl":"https:\/\/www.uni.lu\/wp-content\/uploads\/sites\/16\/2021\/12\/colloque_pour_jeunes_chercheur_ses_de_liege_a_strasbourg_recherches_recentes_sur_la_region_frontaliere_franco_allemande_au_moyen_age_central_et.jpg","datePublished":"2021-12-20T20:37:31+00:00","dateModified":"2021-12-20T20:37:31+00:00","description":"La r\u00e9gion frontali\u00e8re entre le royaume de France et le Saint Empire repr\u00e9sentait au Moyen \u00c2ge central et \u00e0 la fin du Moyen \u00c2ge un espace dynamique, aussi bien sur le plan de la politique territoriale, que d\u2019un point de vue \u00e9conomique, religieux, social et culturel. Les recherches en histoire sur cet espace requi\u00e8rent donc toujours un travail transfrontalier. Malgr\u00e9 ce pr\u00e9requis, la possibilit\u00e9 d\u2019un \u00e9change qui d\u00e9passerait les fronti\u00e8res et les barri\u00e8res linguistiques fait actuellement d\u00e9faut, particuli\u00e8rement pour les jeunes chercheur\u00b7ses. Afin de pallier ce manque, nous souhaitons inviter des dipl\u00f4m\u00e9\u00b7es de Master et des chercheur\u00b7ses en d\u00e9but de carri\u00e8re (doctorat, habilitation) \u00e0 pr\u00e9senter leurs projets de recherche actuels devant un public int\u00e9ress\u00e9 avec lequel ils ou elles pourront discuter. Le colloque destin\u00e9 aux jeunes chercheur\u00b7ses se tiendra \u00e0 l\u2019Universit\u00e9 de Tr\u00e8ves, situ\u00e9e au c\u0153ur de la \u00ab Grande R\u00e9gion \u00bb.","breadcrumb":{"@id":"https:\/\/www.uni.lu\/fhse-fr\/events\/colloque-pour-jeunes-chercheur%c2%b7ses-de-liege-a-strasbourg-recherches-recentes-sur-la-region-frontaliere-franco-allemande-au-moyen-age-central-et-a-la-fin-du-moyen-age-xie-xvie-siecles\/#breadcrumb"},"inLanguage":"fr-FR","potentialAction":[{"@type":"ReadAction","target":["https:\/\/www.uni.lu\/fhse-fr\/events\/colloque-pour-jeunes-chercheur%c2%b7ses-de-liege-a-strasbourg-recherches-recentes-sur-la-region-frontaliere-franco-allemande-au-moyen-age-central-et-a-la-fin-du-moyen-age-xie-xvie-siecles\/"]}]},{"@type":"ImageObject","inLanguage":"fr-FR","@id":"https:\/\/www.uni.lu\/fhse-fr\/events\/colloque-pour-jeunes-chercheur%c2%b7ses-de-liege-a-strasbourg-recherches-recentes-sur-la-region-frontaliere-franco-allemande-au-moyen-age-central-et-a-la-fin-du-moyen-age-xie-xvie-siecles\/#primaryimage","url":"https:\/\/www.uni.lu\/wp-content\/uploads\/sites\/16\/2021\/12\/colloque_pour_jeunes_chercheur_ses_de_liege_a_strasbourg_recherches_recentes_sur_la_region_frontaliere_franco_allemande_au_moyen_age_central_et.jpg","contentUrl":"https:\/\/www.uni.lu\/wp-content\/uploads\/sites\/16\/2021\/12\/colloque_pour_jeunes_chercheur_ses_de_liege_a_strasbourg_recherches_recentes_sur_la_region_frontaliere_franco_allemande_au_moyen_age_central_et.jpg","width":640,"height":960},{"@type":"BreadcrumbList","@id":"https:\/\/www.uni.lu\/fhse-fr\/events\/colloque-pour-jeunes-chercheur%c2%b7ses-de-liege-a-strasbourg-recherches-recentes-sur-la-region-frontaliere-franco-allemande-au-moyen-age-central-et-a-la-fin-du-moyen-age-xie-xvie-siecles\/#breadcrumb","itemListElement":[{"@type":"ListItem","position":1,"name":"Home","item":"https:\/\/www.uni.lu\/fr"},{"@type":"ListItem","position":2,"name":"Facult\u00e9 des Sciences Humaines, des Sciences de l\u2019\u00c9ducation et des Sciences Sociales\u200b","item":"https:\/\/www.uni.lu\/fhse-fr\/"},{"@type":"ListItem","position":3,"name":"Events","item":"https:\/\/www.uni.lu\/fhse-fr\/events\/"},{"@type":"ListItem","position":4,"name":"Colloque pour jeunes chercheur\u00b7ses \u00ab De Li\u00e8ge \u00e0 Strasbourg. Recherches r\u00e9centes sur la r\u00e9gion frontali\u00e8re franco-allemande au Moyen \u00c2ge central et \u00e0 la fin du Moyen \u00c2ge (XIe-XVIe si\u00e8cles) \u00bb"}]},{"@type":"WebSite","@id":"https:\/\/www.uni.lu\/fhse-fr\/#website","url":"https:\/\/www.uni.lu\/fhse-fr\/","name":"FHSE","description":"Facult\u00e9 des Sciences Humaines, des Sciences de l\u2019\u00c9ducation et des Sciences Sociales\u200b I Uni.lu","publisher":{"@id":"https:\/\/www.uni.lu\/fhse-fr\/#organization"},"alternateName":"Facult\u00e9 des Sciences Humaines, des Sciences de l\u2019\u00c9ducation et des Sciences Sociales\u200b I Universit\u00e9 du Luxembourg","potentialAction":[{"@type":"SearchAction","target":{"@type":"EntryPoint","urlTemplate":"https:\/\/www.uni.lu\/fhse-fr\/?s={search_term_string}"},"query-input":"required name=search_term_string"}],"inLanguage":"fr-FR"},{"@type":"Organization","@id":"https:\/\/www.uni.lu\/fhse-fr\/#organization","name":"FHSE - Universit\u00e9 du Luxembourg I Uni.lu","alternateName":"Facult\u00e9 des Sciences Humaines, des Sciences de l\u2019\u00c9ducation et des Sciences Sociales\u200b","url":"https:\/\/www.uni.lu\/fhse-fr\/","logo":{"@type":"ImageObject","inLanguage":"fr-FR","@id":"https:\/\/www.uni.lu\/fhse-fr\/#\/schema\/logo\/image\/","url":"https:\/\/www.uni.lu\/wp-content\/uploads\/sites\/16\/2026\/03\/03112325\/FHSE_SM-Profile_1600x1600px-scaled.jpg","contentUrl":"https:\/\/www.uni.lu\/wp-content\/uploads\/sites\/16\/2026\/03\/03112325\/FHSE_SM-Profile_1600x1600px-scaled.jpg","width":2560,"height":2560,"caption":"FHSE - Universit\u00e9 du Luxembourg I Uni.lu"},"image":"https:\/\/www.uni.lu\/wp-content\/uploads\/sites\/16\/2026\/04\/24144331\/20200609-Belval-Campus_Henri-Goergen-23.jpg","sameAs":["https:\/\/humanities.uni.lu\/"],"email":"communication@uni.lu","telephone":"+3524666441","address":{"@type":"PostalAddress","streetAddress":"11, Porte des Sciences","addressLocality":"Esch-sur-Alzette","postalCode":"4365","addressCountry":"LU"},"description":"Facult\u00e9 des Sciences Humaines, des Sciences de l\u2019\u00c9ducation et des Sciences Sociales\u200b I Uni.lu"}]}},"_links":{"self":[{"href":"https:\/\/www.uni.lu\/fhse-fr\/wp-json\/wp\/v2\/events\/1819"}],"collection":[{"href":"https:\/\/www.uni.lu\/fhse-fr\/wp-json\/wp\/v2\/events"}],"about":[{"href":"https:\/\/www.uni.lu\/fhse-fr\/wp-json\/wp\/v2\/types\/events"}],"replies":[{"embeddable":true,"href":"https:\/\/www.uni.lu\/fhse-fr\/wp-json\/wp\/v2\/comments?post=1819"}],"version-history":[{"count":0,"href":"https:\/\/www.uni.lu\/fhse-fr\/wp-json\/wp\/v2\/events\/1819\/revisions"}],"wp:featuredmedia":[{"embeddable":true,"href":"https:\/\/www.uni.lu\/fhse-fr\/wp-json\/wp\/v2\/media\/1820"}],"wp:attachment":[{"href":"https:\/\/www.uni.lu\/fhse-fr\/wp-json\/wp\/v2\/media?parent=1819"}],"wp:term":[{"taxonomy":"events-topic","embeddable":true,"href":"https:\/\/www.uni.lu\/fhse-fr\/wp-json\/wp\/v2\/events-topic?post=1819"},{"taxonomy":"events-type","embeddable":true,"href":"https:\/\/www.uni.lu\/fhse-fr\/wp-json\/wp\/v2\/events-type?post=1819"},{"taxonomy":"organisation","embeddable":true,"href":"https:\/\/www.uni.lu\/fhse-fr\/wp-json\/wp\/v2\/organisation?post=1819"}],"curies":[{"name":"wp","href":"https:\/\/api.w.org\/{rel}","templated":true}]}}