{"id":1803,"date":"2021-12-08T17:23:45","date_gmt":"2021-12-08T16:23:45","guid":{"rendered":"https:\/\/www.uni.lu\/fhse-fr\/events\/de-la-langue-de-la-mere-a-la-langue-maternelle\/"},"modified":"2021-12-08T17:23:45","modified_gmt":"2021-12-08T16:23:45","slug":"de-la-langue-de-la-mere-a-la-langue-maternelle","status":"publish","type":"events","link":"https:\/\/www.uni.lu\/fhse-fr\/events\/de-la-langue-de-la-mere-a-la-langue-maternelle\/","title":{"rendered":"De la langue de la m\u00e8re \u00e0 la langue maternelle"},"content":{"rendered":"<section class=\"wp-block-unilux-blocks-free-section section\"><div class=\"container xl:max-w-screen-xl\"><p>Cycle de conf\u00e9rences du groupe de travail \u00ab\u00a0Humanities and Religion\u00a0\u00bb<\/p><p>La psychanalyse n\u2019a pu na\u00eetre que dans la structure m\u00eame de la langue allemande, \u00e9crit l\u2019\u00e9crivain et traducteur Georges-Arthur Goldschmidt. Elle est donc en quelque sorte la langue maternelle de l\u2019inconscient. Mais l\u2019inconscient, heureusement, est polyglotte, et la psychanalyse cherche \u00e0 faire advenir, en paraphrasant l\u00e9g\u00e8rement Freud, la langue maternelle l\u00e0 o\u00f9 il y avait la langue de la m\u00e8re. Par l\u2019interm\u00e9diaire d\u2019un tiers notamment, car c\u2019est aussi \u00e7a, l\u2019OEdipe. De la phase et de la langue orales \u00e0 la phase symbolique et \u00e0 la langue \u00e9crite : c\u2019est Jacques Lacan qui a relu Freud \u00e0 la lumi\u00e8re de la linguistique en mettant l\u2019accent sur la place pr\u00e9pond\u00e9rante du langage dans la psychanalyse, car c\u2019est lui qui structure l\u2019inconscient. Nous habitons la langue comme nous sommes habit\u00e9s par elle. Dans mon intervention, je voudrais questionner la langue comme lien dans la th\u00e9rapie mais aussi dans la soci\u00e9t\u00e9. En m\u2019appuyant (aussi) sur le vocabulaire qui structure le discours sur la pand\u00e9mie actuelle. Et en n\u2019oubliant pas que le livre de Victor Klemperer reste toujours d\u2019une grande actualit\u00e9 : LTI, la langue comme troisi\u00e8me instance.<\/p><p><strong>Inscription &#038; Contact<\/strong><\/p><p><a href=\"mailto:jean-marie.weber@uni.lu\" target=\"_blank\" title=\"\" rel=\"noopener\">Jean-Marie Weber<\/a><\/p><\/div><\/section>","protected":false},"excerpt":{"rendered":"<p>Cycle de conf\u00e9rences du groupe de travail \u00ab\u00a0Humanities and Religion\u00a0\u00bb<\/p>\n","protected":false},"author":0,"featured_media":1804,"parent":0,"menu_order":0,"comment_status":"open","ping_status":"closed","template":"","format":"standard","meta":{"featured_image_focal_point":[],"show_featured_caption":false,"ulux_newsletter_groups":"","uluxPostTitle":"","uluxPrePostTitle":"","_trash_the_other_posts":false,"_price":"","_stock":"","_tribe_ticket_header":"","_tribe_default_ticket_provider":"","_tribe_ticket_capacity":"0","_ticket_start_date":"","_ticket_end_date":"","_tribe_ticket_show_description":"","_tribe_ticket_show_not_going":false,"_tribe_ticket_use_global_stock":"","_tribe_ticket_global_stock_level":"","_global_stock_mode":"","_global_stock_cap":"","_tribe_rsvp_for_event":"","_tribe_ticket_going_count":"","_tribe_ticket_not_going_count":"","_tribe_tickets_list":"[]","_tribe_ticket_has_attendee_info_fields":false,"event_start_date":"2021-12-13 19:00:00","event_end_date":"2021-12-13 21:00:00","event_speaker_name":"Dr. Paul Rauchs (Psychiatre, Luxembourg)","event_speaker_link":"","event_is_online":false,"event_location":"Campus Limpertsberg, B\u00e2timent des Sciences, BS 3.03","event_street":"","event_location_link":"","event_zip_code":"","event_city":"","event_country":"LU"},"events-topic":[311],"events-type":[],"organisation":[178],"authorship":[],"acf":[],"yoast_head":"<!-- This site is optimized with the Yoast SEO Premium plugin v22.3 (Yoast SEO v22.3) - https:\/\/yoast.com\/wordpress\/plugins\/seo\/ -->\n<title>De la langue de la m\u00e8re \u00e0 la langue maternelle - FHSE I Uni.lu<\/title>\n<meta name=\"description\" content=\"Cycle de conf\u00e9rences du groupe de travail &quot;Humanities and Religion&quot;\" \/>\n<meta name=\"robots\" content=\"index, follow, max-snippet:-1, max-image-preview:large, max-video-preview:-1\" \/>\n<link rel=\"canonical\" href=\"https:\/\/www.uni.lu\/fhse-fr\/events\/de-la-langue-de-la-mere-a-la-langue-maternelle\/\" \/>\n<meta property=\"og:locale\" content=\"fr_FR\" \/>\n<meta property=\"og:type\" content=\"article\" \/>\n<meta property=\"og:title\" content=\"De la langue de la m\u00e8re \u00e0 la langue maternelle\" \/>\n<meta property=\"og:description\" content=\"Cycle de conf\u00e9rences du groupe de travail &quot;Humanities and Religion&quot;\" \/>\n<meta property=\"og:url\" content=\"https:\/\/www.uni.lu\/fhse-fr\/events\/de-la-langue-de-la-mere-a-la-langue-maternelle\/\" \/>\n<meta property=\"og:site_name\" content=\"FHSE FR\" \/>\n<meta property=\"og:image\" content=\"https:\/\/www.uni.lu\/wp-content\/uploads\/sites\/16\/2026\/03\/03112325\/FHSE_SM-Profile_1600x1600px-scaled.jpg\" \/>\n\t<meta property=\"og:image:width\" content=\"2560\" \/>\n\t<meta property=\"og:image:height\" content=\"2560\" \/>\n\t<meta property=\"og:image:type\" content=\"image\/jpeg\" \/>\n<meta name=\"twitter:card\" content=\"summary_large_image\" \/>\n<meta name=\"twitter:label1\" content=\"Dur\u00e9e de lecture estim\u00e9e\" \/>\n\t<meta name=\"twitter:data1\" content=\"1 minute\" \/>\n<script type=\"application\/ld+json\" class=\"yoast-schema-graph\">{\"@context\":\"https:\/\/schema.org\",\"@graph\":[{\"@type\":\"WebPage\",\"@id\":\"https:\/\/www.uni.lu\/fhse-fr\/events\/de-la-langue-de-la-mere-a-la-langue-maternelle\/\",\"url\":\"https:\/\/www.uni.lu\/fhse-fr\/events\/de-la-langue-de-la-mere-a-la-langue-maternelle\/\",\"name\":\"De la langue de la m\u00e8re \u00e0 la langue maternelle - FHSE I Uni.lu\",\"isPartOf\":{\"@id\":\"https:\/\/www.uni.lu\/fhse-fr\/#website\"},\"primaryImageOfPage\":{\"@id\":\"https:\/\/www.uni.lu\/fhse-fr\/events\/de-la-langue-de-la-mere-a-la-langue-maternelle\/#primaryimage\"},\"image\":{\"@id\":\"https:\/\/www.uni.lu\/fhse-fr\/events\/de-la-langue-de-la-mere-a-la-langue-maternelle\/#primaryimage\"},\"thumbnailUrl\":\"https:\/\/www.uni.lu\/wp-content\/uploads\/sites\/16\/2021\/12\/de_la_langue_de_la_mere_a_la_langue_maternelle.jpg\",\"datePublished\":\"2021-12-08T16:23:45+00:00\",\"dateModified\":\"2021-12-08T16:23:45+00:00\",\"description\":\"Cycle de conf\u00e9rences du groupe de travail \\\"Humanities and Religion\\\"\",\"breadcrumb\":{\"@id\":\"https:\/\/www.uni.lu\/fhse-fr\/events\/de-la-langue-de-la-mere-a-la-langue-maternelle\/#breadcrumb\"},\"inLanguage\":\"fr-FR\",\"potentialAction\":[{\"@type\":\"ReadAction\",\"target\":[\"https:\/\/www.uni.lu\/fhse-fr\/events\/de-la-langue-de-la-mere-a-la-langue-maternelle\/\"]}]},{\"@type\":\"ImageObject\",\"inLanguage\":\"fr-FR\",\"@id\":\"https:\/\/www.uni.lu\/fhse-fr\/events\/de-la-langue-de-la-mere-a-la-langue-maternelle\/#primaryimage\",\"url\":\"https:\/\/www.uni.lu\/wp-content\/uploads\/sites\/16\/2021\/12\/de_la_langue_de_la_mere_a_la_langue_maternelle.jpg\",\"contentUrl\":\"https:\/\/www.uni.lu\/wp-content\/uploads\/sites\/16\/2021\/12\/de_la_langue_de_la_mere_a_la_langue_maternelle.jpg\",\"width\":800,\"height\":600},{\"@type\":\"BreadcrumbList\",\"@id\":\"https:\/\/www.uni.lu\/fhse-fr\/events\/de-la-langue-de-la-mere-a-la-langue-maternelle\/#breadcrumb\",\"itemListElement\":[{\"@type\":\"ListItem\",\"position\":1,\"name\":\"Home\",\"item\":\"https:\/\/www.uni.lu\/fr\"},{\"@type\":\"ListItem\",\"position\":2,\"name\":\"Facult\u00e9 des Sciences Humaines, des Sciences de l\u2019\u00c9ducation et des Sciences Sociales\u200b\",\"item\":\"https:\/\/www.uni.lu\/fhse-fr\/\"},{\"@type\":\"ListItem\",\"position\":3,\"name\":\"Events\",\"item\":\"https:\/\/www.uni.lu\/fhse-fr\/events\/\"},{\"@type\":\"ListItem\",\"position\":4,\"name\":\"De la langue de la m\u00e8re \u00e0 la langue maternelle\"}]},{\"@type\":\"WebSite\",\"@id\":\"https:\/\/www.uni.lu\/fhse-fr\/#website\",\"url\":\"https:\/\/www.uni.lu\/fhse-fr\/\",\"name\":\"FHSE\",\"description\":\"Facult\u00e9 des Sciences Humaines, des Sciences de l\u2019\u00c9ducation et des Sciences Sociales\u200b I Uni.lu\",\"publisher\":{\"@id\":\"https:\/\/www.uni.lu\/fhse-fr\/#organization\"},\"alternateName\":\"Facult\u00e9 des Sciences Humaines, des Sciences de l\u2019\u00c9ducation et des Sciences Sociales\u200b I Universit\u00e9 du Luxembourg\",\"potentialAction\":[{\"@type\":\"SearchAction\",\"target\":{\"@type\":\"EntryPoint\",\"urlTemplate\":\"https:\/\/www.uni.lu\/fhse-fr\/?s={search_term_string}\"},\"query-input\":\"required name=search_term_string\"}],\"inLanguage\":\"fr-FR\"},{\"@type\":\"Organization\",\"@id\":\"https:\/\/www.uni.lu\/fhse-fr\/#organization\",\"name\":\"FHSE - Universit\u00e9 du Luxembourg I Uni.lu\",\"alternateName\":\"Facult\u00e9 des Sciences Humaines, des Sciences de l\u2019\u00c9ducation et des Sciences Sociales\u200b\",\"url\":\"https:\/\/www.uni.lu\/fhse-fr\/\",\"logo\":{\"@type\":\"ImageObject\",\"inLanguage\":\"fr-FR\",\"@id\":\"https:\/\/www.uni.lu\/fhse-fr\/#\/schema\/logo\/image\/\",\"url\":\"https:\/\/www.uni.lu\/wp-content\/uploads\/sites\/16\/2026\/03\/03112325\/FHSE_SM-Profile_1600x1600px-scaled.jpg\",\"contentUrl\":\"https:\/\/www.uni.lu\/wp-content\/uploads\/sites\/16\/2026\/03\/03112325\/FHSE_SM-Profile_1600x1600px-scaled.jpg\",\"width\":2560,\"height\":2560,\"caption\":\"FHSE - Universit\u00e9 du Luxembourg I Uni.lu\"},\"image\":\"https:\/\/www.uni.lu\/wp-content\/uploads\/sites\/16\/2026\/04\/24144331\/20200609-Belval-Campus_Henri-Goergen-23.jpg\",\"sameAs\":[\"https:\/\/humanities.uni.lu\/\"],\"email\":\"communication@uni.lu\",\"telephone\":\"+3524666441\",\"address\":{\"@type\":\"PostalAddress\",\"streetAddress\":\"11, Porte des Sciences\",\"addressLocality\":\"Esch-sur-Alzette\",\"postalCode\":\"4365\",\"addressCountry\":\"LU\"},\"description\":\"Facult\u00e9 des Sciences Humaines, des Sciences de l\u2019\u00c9ducation et des Sciences Sociales\u200b I Uni.lu\"}]}<\/script>\n<!-- \/ Yoast SEO Premium plugin. -->","yoast_head_json":{"title":"De la langue de la m\u00e8re \u00e0 la langue maternelle - FHSE I Uni.lu","description":"Cycle de conf\u00e9rences du groupe de travail \"Humanities and Religion\"","robots":{"index":"index","follow":"follow","max-snippet":"max-snippet:-1","max-image-preview":"max-image-preview:large","max-video-preview":"max-video-preview:-1"},"canonical":"https:\/\/www.uni.lu\/fhse-fr\/events\/de-la-langue-de-la-mere-a-la-langue-maternelle\/","og_locale":"fr_FR","og_type":"article","og_title":"De la langue de la m\u00e8re \u00e0 la langue maternelle","og_description":"Cycle de conf\u00e9rences du groupe de travail \"Humanities and Religion\"","og_url":"https:\/\/www.uni.lu\/fhse-fr\/events\/de-la-langue-de-la-mere-a-la-langue-maternelle\/","og_site_name":"FHSE FR","og_image":[{"width":2560,"height":2560,"url":"https:\/\/www.uni.lu\/wp-content\/uploads\/sites\/16\/2026\/03\/03112325\/FHSE_SM-Profile_1600x1600px-scaled.jpg","type":"image\/jpeg"}],"twitter_card":"summary_large_image","twitter_misc":{"Dur\u00e9e de lecture estim\u00e9e":"1 minute"},"schema":{"@context":"https:\/\/schema.org","@graph":[{"@type":"WebPage","@id":"https:\/\/www.uni.lu\/fhse-fr\/events\/de-la-langue-de-la-mere-a-la-langue-maternelle\/","url":"https:\/\/www.uni.lu\/fhse-fr\/events\/de-la-langue-de-la-mere-a-la-langue-maternelle\/","name":"De la langue de la m\u00e8re \u00e0 la langue maternelle - FHSE I Uni.lu","isPartOf":{"@id":"https:\/\/www.uni.lu\/fhse-fr\/#website"},"primaryImageOfPage":{"@id":"https:\/\/www.uni.lu\/fhse-fr\/events\/de-la-langue-de-la-mere-a-la-langue-maternelle\/#primaryimage"},"image":{"@id":"https:\/\/www.uni.lu\/fhse-fr\/events\/de-la-langue-de-la-mere-a-la-langue-maternelle\/#primaryimage"},"thumbnailUrl":"https:\/\/www.uni.lu\/wp-content\/uploads\/sites\/16\/2021\/12\/de_la_langue_de_la_mere_a_la_langue_maternelle.jpg","datePublished":"2021-12-08T16:23:45+00:00","dateModified":"2021-12-08T16:23:45+00:00","description":"Cycle de conf\u00e9rences du groupe de travail \"Humanities and Religion\"","breadcrumb":{"@id":"https:\/\/www.uni.lu\/fhse-fr\/events\/de-la-langue-de-la-mere-a-la-langue-maternelle\/#breadcrumb"},"inLanguage":"fr-FR","potentialAction":[{"@type":"ReadAction","target":["https:\/\/www.uni.lu\/fhse-fr\/events\/de-la-langue-de-la-mere-a-la-langue-maternelle\/"]}]},{"@type":"ImageObject","inLanguage":"fr-FR","@id":"https:\/\/www.uni.lu\/fhse-fr\/events\/de-la-langue-de-la-mere-a-la-langue-maternelle\/#primaryimage","url":"https:\/\/www.uni.lu\/wp-content\/uploads\/sites\/16\/2021\/12\/de_la_langue_de_la_mere_a_la_langue_maternelle.jpg","contentUrl":"https:\/\/www.uni.lu\/wp-content\/uploads\/sites\/16\/2021\/12\/de_la_langue_de_la_mere_a_la_langue_maternelle.jpg","width":800,"height":600},{"@type":"BreadcrumbList","@id":"https:\/\/www.uni.lu\/fhse-fr\/events\/de-la-langue-de-la-mere-a-la-langue-maternelle\/#breadcrumb","itemListElement":[{"@type":"ListItem","position":1,"name":"Home","item":"https:\/\/www.uni.lu\/fr"},{"@type":"ListItem","position":2,"name":"Facult\u00e9 des Sciences Humaines, des Sciences de l\u2019\u00c9ducation et des Sciences Sociales\u200b","item":"https:\/\/www.uni.lu\/fhse-fr\/"},{"@type":"ListItem","position":3,"name":"Events","item":"https:\/\/www.uni.lu\/fhse-fr\/events\/"},{"@type":"ListItem","position":4,"name":"De la langue de la m\u00e8re \u00e0 la langue maternelle"}]},{"@type":"WebSite","@id":"https:\/\/www.uni.lu\/fhse-fr\/#website","url":"https:\/\/www.uni.lu\/fhse-fr\/","name":"FHSE","description":"Facult\u00e9 des Sciences Humaines, des Sciences de l\u2019\u00c9ducation et des Sciences Sociales\u200b I Uni.lu","publisher":{"@id":"https:\/\/www.uni.lu\/fhse-fr\/#organization"},"alternateName":"Facult\u00e9 des Sciences Humaines, des Sciences de l\u2019\u00c9ducation et des Sciences Sociales\u200b I Universit\u00e9 du Luxembourg","potentialAction":[{"@type":"SearchAction","target":{"@type":"EntryPoint","urlTemplate":"https:\/\/www.uni.lu\/fhse-fr\/?s={search_term_string}"},"query-input":"required name=search_term_string"}],"inLanguage":"fr-FR"},{"@type":"Organization","@id":"https:\/\/www.uni.lu\/fhse-fr\/#organization","name":"FHSE - Universit\u00e9 du Luxembourg I Uni.lu","alternateName":"Facult\u00e9 des Sciences Humaines, des Sciences de l\u2019\u00c9ducation et des Sciences Sociales\u200b","url":"https:\/\/www.uni.lu\/fhse-fr\/","logo":{"@type":"ImageObject","inLanguage":"fr-FR","@id":"https:\/\/www.uni.lu\/fhse-fr\/#\/schema\/logo\/image\/","url":"https:\/\/www.uni.lu\/wp-content\/uploads\/sites\/16\/2026\/03\/03112325\/FHSE_SM-Profile_1600x1600px-scaled.jpg","contentUrl":"https:\/\/www.uni.lu\/wp-content\/uploads\/sites\/16\/2026\/03\/03112325\/FHSE_SM-Profile_1600x1600px-scaled.jpg","width":2560,"height":2560,"caption":"FHSE - Universit\u00e9 du Luxembourg I Uni.lu"},"image":"https:\/\/www.uni.lu\/wp-content\/uploads\/sites\/16\/2026\/04\/24144331\/20200609-Belval-Campus_Henri-Goergen-23.jpg","sameAs":["https:\/\/humanities.uni.lu\/"],"email":"communication@uni.lu","telephone":"+3524666441","address":{"@type":"PostalAddress","streetAddress":"11, Porte des Sciences","addressLocality":"Esch-sur-Alzette","postalCode":"4365","addressCountry":"LU"},"description":"Facult\u00e9 des Sciences Humaines, des Sciences de l\u2019\u00c9ducation et des Sciences Sociales\u200b I Uni.lu"}]}},"_links":{"self":[{"href":"https:\/\/www.uni.lu\/fhse-fr\/wp-json\/wp\/v2\/events\/1803"}],"collection":[{"href":"https:\/\/www.uni.lu\/fhse-fr\/wp-json\/wp\/v2\/events"}],"about":[{"href":"https:\/\/www.uni.lu\/fhse-fr\/wp-json\/wp\/v2\/types\/events"}],"replies":[{"embeddable":true,"href":"https:\/\/www.uni.lu\/fhse-fr\/wp-json\/wp\/v2\/comments?post=1803"}],"version-history":[{"count":0,"href":"https:\/\/www.uni.lu\/fhse-fr\/wp-json\/wp\/v2\/events\/1803\/revisions"}],"wp:featuredmedia":[{"embeddable":true,"href":"https:\/\/www.uni.lu\/fhse-fr\/wp-json\/wp\/v2\/media\/1804"}],"wp:attachment":[{"href":"https:\/\/www.uni.lu\/fhse-fr\/wp-json\/wp\/v2\/media?parent=1803"}],"wp:term":[{"taxonomy":"events-topic","embeddable":true,"href":"https:\/\/www.uni.lu\/fhse-fr\/wp-json\/wp\/v2\/events-topic?post=1803"},{"taxonomy":"events-type","embeddable":true,"href":"https:\/\/www.uni.lu\/fhse-fr\/wp-json\/wp\/v2\/events-type?post=1803"},{"taxonomy":"organisation","embeddable":true,"href":"https:\/\/www.uni.lu\/fhse-fr\/wp-json\/wp\/v2\/organisation?post=1803"}],"curies":[{"name":"wp","href":"https:\/\/api.w.org\/{rel}","templated":true}]}}