{"id":1771,"date":"2021-11-03T15:13:19","date_gmt":"2021-11-03T14:13:19","guid":{"rendered":"https:\/\/www.uni.lu\/fhse-fr\/events\/jubilaumskonferenz-15-joer-luxemburgistik-op-der-uni-letzebuerg-aktuell-fuerschung-an-der-sprooch-a-literaturwessenschaft\/"},"modified":"2021-11-03T15:13:19","modified_gmt":"2021-11-03T14:13:19","slug":"jubilaumskonferenz-15-joer-luxemburgistik-op-der-uni-letzebuerg-aktuell-fuerschung-an-der-sprooch-a-literaturwessenschaft","status":"publish","type":"events","link":"https:\/\/www.uni.lu\/fhse-fr\/events\/jubilaumskonferenz-15-joer-luxemburgistik-op-der-uni-letzebuerg-aktuell-fuerschung-an-der-sprooch-a-literaturwessenschaft\/","title":{"rendered":"Jubil\u00e4umskonferenz &#8211; 15 Joer Luxemburgistik op der Uni L\u00ebtzebuerg: Aktuell Fuerschung an der Sprooch- a Literaturw\u00ebssenschaft"},"content":{"rendered":"<section class=\"wp-block-unilux-blocks-free-section section\"><div class=\"container xl:max-w-screen-xl\"><p>15 Joer Institut vun der Luxemburgistik, dat si 15 Joer Opbau an Ausbau vun der Fuerschung a vun der L\u00e9ier am Ber\u00e4ich vun der L\u00ebtzebuerger Sprooch- a Literaturw\u00ebssenschaft.\u00a0<\/p><p>D\u00ebsen Anniversaire ass d\u2019Gelee\u00ebnheet, fir souwuel e R\u00e9ckbl\u00e9ck w\u00e9i och en Ausbl\u00e9ck vun de verschiddene Fuerschungber\u00e4icher ze maachen.<\/p><p><strong>Umeldung<\/strong><\/p><ul class=\"ulux-list\"><li class=\"ulux-list-item\"><strong>Umeldung fir d\u2019Konferenz (online)<\/strong>: D\u2019Participatioun un der Konferenz ass an <strong>\u00e9ischter Linn online<\/strong> iwwer WebEx virgesinn. Soubal Dir Iech ugemellt hutt, kritt Dir en entspriechende Link zougesch\u00e9ckt, iwwert deen Dir un der kompletter Konferenz deelhuele k\u00ebnnt.<\/li><\/ul><ul class=\"ulux-list\"><li class=\"ulux-list-item\"><strong>Umeldung fir d\u2019Table ronde (sur place)<\/strong>: Fir d\u2019Table ronde (18. November um 16:30) ginn et och e puer limit\u00e9iert Plaze sur place (Covid-check).<\/li><\/ul><p>Umeldung per Email op\u00a0<a href=\"mailto:nathalie.entringer@uni.lu\" target=\"_self\" title=\"\" rel=\"noopener\">nathalie.entringer@uni.lu<\/a>. Prezis\u00e9iert wgl. an \u00c4rer Email, ob Dir online un der Konferenz an\/oder op der Plaz un der Table ronde deelhuele w\u00ebllt.<\/p><p>D\u00ebs Konferenz ass och als Formation Continue fir Enseignante*\u00eb beim IFEN eligibel. Gitt bei der Umeldung wgl. un, wann Dir Iech d\u00ebst Evenement urechne loosse w\u00ebllt. Just op d\u00ebs Man\u00e9ier k\u00ebnne mer Iech duerno dat entspriechend Dokument zoukomme loossen.<\/p><p><strong>M\u00e9i Informatiounen (Umeldung a Programm) fannt Dir <a href=\"https:\/\/infolux.uni.lu\/15joer\/\" target=\"_self\" title=\"\" rel=\"noopener\">hei<\/a>.<\/strong><\/p><\/div><\/section>","protected":false},"excerpt":{"rendered":"","protected":false},"author":0,"featured_media":1772,"parent":0,"menu_order":0,"comment_status":"open","ping_status":"closed","template":"","format":"standard","meta":{"featured_image_focal_point":[],"show_featured_caption":false,"ulux_newsletter_groups":"","uluxPostTitle":"","uluxPrePostTitle":"","_trash_the_other_posts":false,"_price":"","_stock":"","_tribe_ticket_header":"","_tribe_default_ticket_provider":"","_tribe_ticket_capacity":"0","_ticket_start_date":"","_ticket_end_date":"","_tribe_ticket_show_description":"","_tribe_ticket_show_not_going":false,"_tribe_ticket_use_global_stock":"","_tribe_ticket_global_stock_level":"","_global_stock_mode":"","_global_stock_cap":"","_tribe_rsvp_for_event":"","_tribe_ticket_going_count":"","_tribe_ticket_not_going_count":"","_tribe_tickets_list":"[]","_tribe_ticket_has_attendee_info_fields":false,"event_start_date":"2021-11-18 08:45:00","event_end_date":"2021-11-19 17:00:00","event_speaker_name":"","event_speaker_link":"","event_is_online":false,"event_location":"Hybrid: MSH Black Box + Webex","event_street":"","event_location_link":"","event_zip_code":"","event_city":"","event_country":"LU"},"events-topic":[305],"events-type":[],"organisation":[170,146],"authorship":[],"acf":[],"yoast_head":"<!-- This site is optimized with the Yoast SEO Premium plugin v22.3 (Yoast SEO v22.3) - https:\/\/yoast.com\/wordpress\/plugins\/seo\/ -->\n<title>Jubil\u00e4umskonferenz - 15 Joer Luxemburgistik op der Uni L\u00ebtzebuerg: Aktuell Fuerschung an der Sprooch- a Literaturw\u00ebssenschaft - FHSE I Uni.lu<\/title>\n<meta name=\"description\" content=\"15 Joer Institut vun der Luxemburgistik, dat si 15 Joer Opbau an Ausbau vun der Fuerschung a vun der L\u00e9ier am Ber\u00e4ich vun der L\u00ebtzebuerger Sprooch- a\" \/>\n<meta name=\"robots\" content=\"index, follow, max-snippet:-1, max-image-preview:large, max-video-preview:-1\" \/>\n<link rel=\"canonical\" href=\"https:\/\/www.uni.lu\/fhse-fr\/events\/jubilaumskonferenz-15-joer-luxemburgistik-op-der-uni-letzebuerg-aktuell-fuerschung-an-der-sprooch-a-literaturwessenschaft\/\" \/>\n<meta property=\"og:locale\" content=\"fr_FR\" \/>\n<meta property=\"og:type\" content=\"article\" \/>\n<meta property=\"og:title\" content=\"Jubil\u00e4umskonferenz - 15 Joer Luxemburgistik op der Uni L\u00ebtzebuerg: Aktuell Fuerschung an der Sprooch- a Literaturw\u00ebssenschaft\" \/>\n<meta property=\"og:description\" content=\"15 Joer Institut vun der Luxemburgistik, dat si 15 Joer Opbau an Ausbau vun der Fuerschung a vun der L\u00e9ier am Ber\u00e4ich vun der L\u00ebtzebuerger Sprooch- a\" \/>\n<meta property=\"og:url\" content=\"https:\/\/www.uni.lu\/fhse-fr\/events\/jubilaumskonferenz-15-joer-luxemburgistik-op-der-uni-letzebuerg-aktuell-fuerschung-an-der-sprooch-a-literaturwessenschaft\/\" \/>\n<meta property=\"og:site_name\" content=\"FHSE FR\" \/>\n<meta property=\"og:image\" content=\"https:\/\/www.uni.lu\/wp-content\/uploads\/sites\/16\/2026\/03\/03112325\/FHSE_SM-Profile_1600x1600px-scaled.jpg\" \/>\n\t<meta property=\"og:image:width\" content=\"2560\" \/>\n\t<meta property=\"og:image:height\" content=\"2560\" \/>\n\t<meta property=\"og:image:type\" content=\"image\/jpeg\" \/>\n<meta name=\"twitter:card\" content=\"summary_large_image\" \/>\n<meta name=\"twitter:label1\" content=\"Dur\u00e9e de lecture estim\u00e9e\" \/>\n\t<meta name=\"twitter:data1\" content=\"1 minute\" \/>\n<script type=\"application\/ld+json\" class=\"yoast-schema-graph\">{\"@context\":\"https:\/\/schema.org\",\"@graph\":[{\"@type\":\"WebPage\",\"@id\":\"https:\/\/www.uni.lu\/fhse-fr\/events\/jubilaumskonferenz-15-joer-luxemburgistik-op-der-uni-letzebuerg-aktuell-fuerschung-an-der-sprooch-a-literaturwessenschaft\/\",\"url\":\"https:\/\/www.uni.lu\/fhse-fr\/events\/jubilaumskonferenz-15-joer-luxemburgistik-op-der-uni-letzebuerg-aktuell-fuerschung-an-der-sprooch-a-literaturwessenschaft\/\",\"name\":\"Jubil\u00e4umskonferenz - 15 Joer Luxemburgistik op der Uni L\u00ebtzebuerg: Aktuell Fuerschung an der Sprooch- a Literaturw\u00ebssenschaft - FHSE I Uni.lu\",\"isPartOf\":{\"@id\":\"https:\/\/www.uni.lu\/fhse-fr\/#website\"},\"primaryImageOfPage\":{\"@id\":\"https:\/\/www.uni.lu\/fhse-fr\/events\/jubilaumskonferenz-15-joer-luxemburgistik-op-der-uni-letzebuerg-aktuell-fuerschung-an-der-sprooch-a-literaturwessenschaft\/#primaryimage\"},\"image\":{\"@id\":\"https:\/\/www.uni.lu\/fhse-fr\/events\/jubilaumskonferenz-15-joer-luxemburgistik-op-der-uni-letzebuerg-aktuell-fuerschung-an-der-sprooch-a-literaturwessenschaft\/#primaryimage\"},\"thumbnailUrl\":\"https:\/\/www.uni.lu\/wp-content\/uploads\/sites\/16\/2021\/11\/jubilaeumskonferenz_15_joer_luxemburgistik_op_der_uni_letzebuerg_aktuell_fuerschung_an_der_sprooch_a_literaturwessenschaft-scaled.jpg\",\"datePublished\":\"2021-11-03T14:13:19+00:00\",\"dateModified\":\"2021-11-03T14:13:19+00:00\",\"description\":\"15 Joer Institut vun der Luxemburgistik, dat si 15 Joer Opbau an Ausbau vun der Fuerschung a vun der L\u00e9ier am Ber\u00e4ich vun der L\u00ebtzebuerger Sprooch- a\",\"breadcrumb\":{\"@id\":\"https:\/\/www.uni.lu\/fhse-fr\/events\/jubilaumskonferenz-15-joer-luxemburgistik-op-der-uni-letzebuerg-aktuell-fuerschung-an-der-sprooch-a-literaturwessenschaft\/#breadcrumb\"},\"inLanguage\":\"fr-FR\",\"potentialAction\":[{\"@type\":\"ReadAction\",\"target\":[\"https:\/\/www.uni.lu\/fhse-fr\/events\/jubilaumskonferenz-15-joer-luxemburgistik-op-der-uni-letzebuerg-aktuell-fuerschung-an-der-sprooch-a-literaturwessenschaft\/\"]}]},{\"@type\":\"ImageObject\",\"inLanguage\":\"fr-FR\",\"@id\":\"https:\/\/www.uni.lu\/fhse-fr\/events\/jubilaumskonferenz-15-joer-luxemburgistik-op-der-uni-letzebuerg-aktuell-fuerschung-an-der-sprooch-a-literaturwessenschaft\/#primaryimage\",\"url\":\"https:\/\/www.uni.lu\/wp-content\/uploads\/sites\/16\/2021\/11\/jubilaeumskonferenz_15_joer_luxemburgistik_op_der_uni_letzebuerg_aktuell_fuerschung_an_der_sprooch_a_literaturwessenschaft-scaled.jpg\",\"contentUrl\":\"https:\/\/www.uni.lu\/wp-content\/uploads\/sites\/16\/2021\/11\/jubilaeumskonferenz_15_joer_luxemburgistik_op_der_uni_letzebuerg_aktuell_fuerschung_an_der_sprooch_a_literaturwessenschaft-scaled.jpg\",\"width\":2560,\"height\":1707},{\"@type\":\"BreadcrumbList\",\"@id\":\"https:\/\/www.uni.lu\/fhse-fr\/events\/jubilaumskonferenz-15-joer-luxemburgistik-op-der-uni-letzebuerg-aktuell-fuerschung-an-der-sprooch-a-literaturwessenschaft\/#breadcrumb\",\"itemListElement\":[{\"@type\":\"ListItem\",\"position\":1,\"name\":\"Home\",\"item\":\"https:\/\/www.uni.lu\/fr\"},{\"@type\":\"ListItem\",\"position\":2,\"name\":\"Facult\u00e9 des Sciences Humaines, des Sciences de l\u2019\u00c9ducation et des Sciences Sociales\u200b\",\"item\":\"https:\/\/www.uni.lu\/fhse-fr\/\"},{\"@type\":\"ListItem\",\"position\":3,\"name\":\"Events\",\"item\":\"https:\/\/www.uni.lu\/fhse-fr\/events\/\"},{\"@type\":\"ListItem\",\"position\":4,\"name\":\"Jubil\u00e4umskonferenz - 15 Joer Luxemburgistik op der Uni L\u00ebtzebuerg: Aktuell Fuerschung an der Sprooch- a Literaturw\u00ebssenschaft\"}]},{\"@type\":\"WebSite\",\"@id\":\"https:\/\/www.uni.lu\/fhse-fr\/#website\",\"url\":\"https:\/\/www.uni.lu\/fhse-fr\/\",\"name\":\"FHSE\",\"description\":\"Facult\u00e9 des Sciences Humaines, des Sciences de l\u2019\u00c9ducation et des Sciences Sociales\u200b I Uni.lu\",\"publisher\":{\"@id\":\"https:\/\/www.uni.lu\/fhse-fr\/#organization\"},\"alternateName\":\"Facult\u00e9 des Sciences Humaines, des Sciences de l\u2019\u00c9ducation et des Sciences Sociales\u200b I Universit\u00e9 du Luxembourg\",\"potentialAction\":[{\"@type\":\"SearchAction\",\"target\":{\"@type\":\"EntryPoint\",\"urlTemplate\":\"https:\/\/www.uni.lu\/fhse-fr\/?s={search_term_string}\"},\"query-input\":\"required name=search_term_string\"}],\"inLanguage\":\"fr-FR\"},{\"@type\":\"Organization\",\"@id\":\"https:\/\/www.uni.lu\/fhse-fr\/#organization\",\"name\":\"FHSE - Universit\u00e9 du Luxembourg I Uni.lu\",\"alternateName\":\"Facult\u00e9 des Sciences Humaines, des Sciences de l\u2019\u00c9ducation et des Sciences Sociales\u200b\",\"url\":\"https:\/\/www.uni.lu\/fhse-fr\/\",\"logo\":{\"@type\":\"ImageObject\",\"inLanguage\":\"fr-FR\",\"@id\":\"https:\/\/www.uni.lu\/fhse-fr\/#\/schema\/logo\/image\/\",\"url\":\"https:\/\/www.uni.lu\/wp-content\/uploads\/sites\/16\/2026\/03\/03112325\/FHSE_SM-Profile_1600x1600px-scaled.jpg\",\"contentUrl\":\"https:\/\/www.uni.lu\/wp-content\/uploads\/sites\/16\/2026\/03\/03112325\/FHSE_SM-Profile_1600x1600px-scaled.jpg\",\"width\":2560,\"height\":2560,\"caption\":\"FHSE - Universit\u00e9 du Luxembourg I Uni.lu\"},\"image\":\"https:\/\/www.uni.lu\/wp-content\/uploads\/sites\/16\/2026\/04\/24144331\/20200609-Belval-Campus_Henri-Goergen-23.jpg\",\"sameAs\":[\"https:\/\/humanities.uni.lu\/\"],\"email\":\"communication@uni.lu\",\"telephone\":\"+3524666441\",\"address\":{\"@type\":\"PostalAddress\",\"streetAddress\":\"11, Porte des Sciences\",\"addressLocality\":\"Esch-sur-Alzette\",\"postalCode\":\"4365\",\"addressCountry\":\"LU\"},\"description\":\"Facult\u00e9 des Sciences Humaines, des Sciences de l\u2019\u00c9ducation et des Sciences Sociales\u200b I Uni.lu\"}]}<\/script>\n<!-- \/ Yoast SEO Premium plugin. -->","yoast_head_json":{"title":"Jubil\u00e4umskonferenz - 15 Joer Luxemburgistik op der Uni L\u00ebtzebuerg: Aktuell Fuerschung an der Sprooch- a Literaturw\u00ebssenschaft - FHSE I Uni.lu","description":"15 Joer Institut vun der Luxemburgistik, dat si 15 Joer Opbau an Ausbau vun der Fuerschung a vun der L\u00e9ier am Ber\u00e4ich vun der L\u00ebtzebuerger Sprooch- a","robots":{"index":"index","follow":"follow","max-snippet":"max-snippet:-1","max-image-preview":"max-image-preview:large","max-video-preview":"max-video-preview:-1"},"canonical":"https:\/\/www.uni.lu\/fhse-fr\/events\/jubilaumskonferenz-15-joer-luxemburgistik-op-der-uni-letzebuerg-aktuell-fuerschung-an-der-sprooch-a-literaturwessenschaft\/","og_locale":"fr_FR","og_type":"article","og_title":"Jubil\u00e4umskonferenz - 15 Joer Luxemburgistik op der Uni L\u00ebtzebuerg: Aktuell Fuerschung an der Sprooch- a Literaturw\u00ebssenschaft","og_description":"15 Joer Institut vun der Luxemburgistik, dat si 15 Joer Opbau an Ausbau vun der Fuerschung a vun der L\u00e9ier am Ber\u00e4ich vun der L\u00ebtzebuerger Sprooch- a","og_url":"https:\/\/www.uni.lu\/fhse-fr\/events\/jubilaumskonferenz-15-joer-luxemburgistik-op-der-uni-letzebuerg-aktuell-fuerschung-an-der-sprooch-a-literaturwessenschaft\/","og_site_name":"FHSE FR","og_image":[{"width":2560,"height":2560,"url":"https:\/\/www.uni.lu\/wp-content\/uploads\/sites\/16\/2026\/03\/03112325\/FHSE_SM-Profile_1600x1600px-scaled.jpg","type":"image\/jpeg"}],"twitter_card":"summary_large_image","twitter_misc":{"Dur\u00e9e de lecture estim\u00e9e":"1 minute"},"schema":{"@context":"https:\/\/schema.org","@graph":[{"@type":"WebPage","@id":"https:\/\/www.uni.lu\/fhse-fr\/events\/jubilaumskonferenz-15-joer-luxemburgistik-op-der-uni-letzebuerg-aktuell-fuerschung-an-der-sprooch-a-literaturwessenschaft\/","url":"https:\/\/www.uni.lu\/fhse-fr\/events\/jubilaumskonferenz-15-joer-luxemburgistik-op-der-uni-letzebuerg-aktuell-fuerschung-an-der-sprooch-a-literaturwessenschaft\/","name":"Jubil\u00e4umskonferenz - 15 Joer Luxemburgistik op der Uni L\u00ebtzebuerg: Aktuell Fuerschung an der Sprooch- a Literaturw\u00ebssenschaft - FHSE I Uni.lu","isPartOf":{"@id":"https:\/\/www.uni.lu\/fhse-fr\/#website"},"primaryImageOfPage":{"@id":"https:\/\/www.uni.lu\/fhse-fr\/events\/jubilaumskonferenz-15-joer-luxemburgistik-op-der-uni-letzebuerg-aktuell-fuerschung-an-der-sprooch-a-literaturwessenschaft\/#primaryimage"},"image":{"@id":"https:\/\/www.uni.lu\/fhse-fr\/events\/jubilaumskonferenz-15-joer-luxemburgistik-op-der-uni-letzebuerg-aktuell-fuerschung-an-der-sprooch-a-literaturwessenschaft\/#primaryimage"},"thumbnailUrl":"https:\/\/www.uni.lu\/wp-content\/uploads\/sites\/16\/2021\/11\/jubilaeumskonferenz_15_joer_luxemburgistik_op_der_uni_letzebuerg_aktuell_fuerschung_an_der_sprooch_a_literaturwessenschaft-scaled.jpg","datePublished":"2021-11-03T14:13:19+00:00","dateModified":"2021-11-03T14:13:19+00:00","description":"15 Joer Institut vun der Luxemburgistik, dat si 15 Joer Opbau an Ausbau vun der Fuerschung a vun der L\u00e9ier am Ber\u00e4ich vun der L\u00ebtzebuerger Sprooch- a","breadcrumb":{"@id":"https:\/\/www.uni.lu\/fhse-fr\/events\/jubilaumskonferenz-15-joer-luxemburgistik-op-der-uni-letzebuerg-aktuell-fuerschung-an-der-sprooch-a-literaturwessenschaft\/#breadcrumb"},"inLanguage":"fr-FR","potentialAction":[{"@type":"ReadAction","target":["https:\/\/www.uni.lu\/fhse-fr\/events\/jubilaumskonferenz-15-joer-luxemburgistik-op-der-uni-letzebuerg-aktuell-fuerschung-an-der-sprooch-a-literaturwessenschaft\/"]}]},{"@type":"ImageObject","inLanguage":"fr-FR","@id":"https:\/\/www.uni.lu\/fhse-fr\/events\/jubilaumskonferenz-15-joer-luxemburgistik-op-der-uni-letzebuerg-aktuell-fuerschung-an-der-sprooch-a-literaturwessenschaft\/#primaryimage","url":"https:\/\/www.uni.lu\/wp-content\/uploads\/sites\/16\/2021\/11\/jubilaeumskonferenz_15_joer_luxemburgistik_op_der_uni_letzebuerg_aktuell_fuerschung_an_der_sprooch_a_literaturwessenschaft-scaled.jpg","contentUrl":"https:\/\/www.uni.lu\/wp-content\/uploads\/sites\/16\/2021\/11\/jubilaeumskonferenz_15_joer_luxemburgistik_op_der_uni_letzebuerg_aktuell_fuerschung_an_der_sprooch_a_literaturwessenschaft-scaled.jpg","width":2560,"height":1707},{"@type":"BreadcrumbList","@id":"https:\/\/www.uni.lu\/fhse-fr\/events\/jubilaumskonferenz-15-joer-luxemburgistik-op-der-uni-letzebuerg-aktuell-fuerschung-an-der-sprooch-a-literaturwessenschaft\/#breadcrumb","itemListElement":[{"@type":"ListItem","position":1,"name":"Home","item":"https:\/\/www.uni.lu\/fr"},{"@type":"ListItem","position":2,"name":"Facult\u00e9 des Sciences Humaines, des Sciences de l\u2019\u00c9ducation et des Sciences Sociales\u200b","item":"https:\/\/www.uni.lu\/fhse-fr\/"},{"@type":"ListItem","position":3,"name":"Events","item":"https:\/\/www.uni.lu\/fhse-fr\/events\/"},{"@type":"ListItem","position":4,"name":"Jubil\u00e4umskonferenz - 15 Joer Luxemburgistik op der Uni L\u00ebtzebuerg: Aktuell Fuerschung an der Sprooch- a Literaturw\u00ebssenschaft"}]},{"@type":"WebSite","@id":"https:\/\/www.uni.lu\/fhse-fr\/#website","url":"https:\/\/www.uni.lu\/fhse-fr\/","name":"FHSE","description":"Facult\u00e9 des Sciences Humaines, des Sciences de l\u2019\u00c9ducation et des Sciences Sociales\u200b I Uni.lu","publisher":{"@id":"https:\/\/www.uni.lu\/fhse-fr\/#organization"},"alternateName":"Facult\u00e9 des Sciences Humaines, des Sciences de l\u2019\u00c9ducation et des Sciences Sociales\u200b I Universit\u00e9 du Luxembourg","potentialAction":[{"@type":"SearchAction","target":{"@type":"EntryPoint","urlTemplate":"https:\/\/www.uni.lu\/fhse-fr\/?s={search_term_string}"},"query-input":"required name=search_term_string"}],"inLanguage":"fr-FR"},{"@type":"Organization","@id":"https:\/\/www.uni.lu\/fhse-fr\/#organization","name":"FHSE - Universit\u00e9 du Luxembourg I Uni.lu","alternateName":"Facult\u00e9 des Sciences Humaines, des Sciences de l\u2019\u00c9ducation et des Sciences Sociales\u200b","url":"https:\/\/www.uni.lu\/fhse-fr\/","logo":{"@type":"ImageObject","inLanguage":"fr-FR","@id":"https:\/\/www.uni.lu\/fhse-fr\/#\/schema\/logo\/image\/","url":"https:\/\/www.uni.lu\/wp-content\/uploads\/sites\/16\/2026\/03\/03112325\/FHSE_SM-Profile_1600x1600px-scaled.jpg","contentUrl":"https:\/\/www.uni.lu\/wp-content\/uploads\/sites\/16\/2026\/03\/03112325\/FHSE_SM-Profile_1600x1600px-scaled.jpg","width":2560,"height":2560,"caption":"FHSE - Universit\u00e9 du Luxembourg I Uni.lu"},"image":"https:\/\/www.uni.lu\/wp-content\/uploads\/sites\/16\/2026\/04\/24144331\/20200609-Belval-Campus_Henri-Goergen-23.jpg","sameAs":["https:\/\/humanities.uni.lu\/"],"email":"communication@uni.lu","telephone":"+3524666441","address":{"@type":"PostalAddress","streetAddress":"11, Porte des Sciences","addressLocality":"Esch-sur-Alzette","postalCode":"4365","addressCountry":"LU"},"description":"Facult\u00e9 des Sciences Humaines, des Sciences de l\u2019\u00c9ducation et des Sciences Sociales\u200b I Uni.lu"}]}},"_links":{"self":[{"href":"https:\/\/www.uni.lu\/fhse-fr\/wp-json\/wp\/v2\/events\/1771"}],"collection":[{"href":"https:\/\/www.uni.lu\/fhse-fr\/wp-json\/wp\/v2\/events"}],"about":[{"href":"https:\/\/www.uni.lu\/fhse-fr\/wp-json\/wp\/v2\/types\/events"}],"replies":[{"embeddable":true,"href":"https:\/\/www.uni.lu\/fhse-fr\/wp-json\/wp\/v2\/comments?post=1771"}],"version-history":[{"count":0,"href":"https:\/\/www.uni.lu\/fhse-fr\/wp-json\/wp\/v2\/events\/1771\/revisions"}],"wp:featuredmedia":[{"embeddable":true,"href":"https:\/\/www.uni.lu\/fhse-fr\/wp-json\/wp\/v2\/media\/1772"}],"wp:attachment":[{"href":"https:\/\/www.uni.lu\/fhse-fr\/wp-json\/wp\/v2\/media?parent=1771"}],"wp:term":[{"taxonomy":"events-topic","embeddable":true,"href":"https:\/\/www.uni.lu\/fhse-fr\/wp-json\/wp\/v2\/events-topic?post=1771"},{"taxonomy":"events-type","embeddable":true,"href":"https:\/\/www.uni.lu\/fhse-fr\/wp-json\/wp\/v2\/events-type?post=1771"},{"taxonomy":"organisation","embeddable":true,"href":"https:\/\/www.uni.lu\/fhse-fr\/wp-json\/wp\/v2\/organisation?post=1771"}],"curies":[{"name":"wp","href":"https:\/\/api.w.org\/{rel}","templated":true}]}}