{"id":1730,"date":"2021-09-30T17:31:30","date_gmt":"2021-09-30T15:31:30","guid":{"rendered":"https:\/\/www.uni.lu\/fhse-fr\/events\/exposition-cimetieres-et-crematoires-en-europe-espaces-publics-et-expressions-dappartenance\/"},"modified":"2021-09-30T17:31:30","modified_gmt":"2021-09-30T15:31:30","slug":"exposition-cimetieres-et-crematoires-en-europe-espaces-publics-et-expressions-dappartenance","status":"publish","type":"events","link":"https:\/\/www.uni.lu\/fhse-fr\/events\/exposition-cimetieres-et-crematoires-en-europe-espaces-publics-et-expressions-dappartenance\/","title":{"rendered":"EXPOSITION: CIMETI\u00c8RES ET CR\u00c9MATOIRES EN EUROPE : ESPACES PUBLICS ET EXPRESSIONS D\u2019APPARTENANCE"},"content":{"rendered":"<section class=\"wp-block-unilux-blocks-free-section section\"><div class=\"container xl:max-w-screen-xl\"><p>Exposition photographique sur les cimeti\u00e8res de la ville de Luxembourg comme t\u00e9moins de la (super)diversit\u00e9 culturelle et religieuse de ses habitants, des traditions en mutation et du vivre ensemble. L\u2019exposition est r\u00e9alis\u00e9e dans le cadre d\u2019un projet de recherche europ\u00e9en (cemi-hera.org) men\u00e9 \u00e0 l\u2019Institut d\u2019Histoire de l\u2019Universit\u00e9 du Luxembourg. L&rsquo;exposition a lieu sur le parvis de la cath\u00e9drale pr\u00e8s de l\u2019arr\u00eat de bus F.D. Roosevelt.<\/p><\/div><\/section>","protected":false},"excerpt":{"rendered":"","protected":false},"author":0,"featured_media":1731,"parent":0,"menu_order":0,"comment_status":"open","ping_status":"closed","template":"","format":"standard","meta":{"featured_image_focal_point":[],"show_featured_caption":false,"ulux_newsletter_groups":"","uluxPostTitle":"","uluxPrePostTitle":"","_trash_the_other_posts":false,"_price":"","_stock":"","_tribe_ticket_header":"","_tribe_default_ticket_provider":"","_tribe_ticket_capacity":"0","_ticket_start_date":"","_ticket_end_date":"","_tribe_ticket_show_description":"","_tribe_ticket_show_not_going":false,"_tribe_ticket_use_global_stock":"","_tribe_ticket_global_stock_level":"","_global_stock_mode":"","_global_stock_cap":"","_tribe_rsvp_for_event":"","_tribe_ticket_going_count":"","_tribe_ticket_not_going_count":"","_tribe_tickets_list":"[]","_tribe_ticket_has_attendee_info_fields":false,"event_start_date":"2021-10-01 12:00:00","event_end_date":"2021-11-15 12:00:00","event_speaker_name":"","event_speaker_link":"","event_is_online":false,"event_location":"","event_street":"","event_location_link":"","event_zip_code":"","event_city":"","event_country":"LU"},"events-topic":[],"events-type":[],"organisation":[146],"authorship":[],"acf":[],"yoast_head":"<!-- This site is optimized with the Yoast SEO Premium plugin v22.3 (Yoast SEO v22.3) - https:\/\/yoast.com\/wordpress\/plugins\/seo\/ -->\n<title>EXPOSITION: CIMETI\u00c8RES ET CR\u00c9MATOIRES EN EUROPE : ESPACES PUBLICS ET EXPRESSIONS D\u2019APPARTENANCE - FHSE I Uni.lu<\/title>\n<meta name=\"description\" content=\"Exposition photographique sur les cimeti\u00e8res de la ville de Luxembourg comme t\u00e9moins de la (super)diversit\u00e9 culturelle et religieuse de ses habitants, des\" \/>\n<meta name=\"robots\" content=\"index, follow, max-snippet:-1, max-image-preview:large, max-video-preview:-1\" \/>\n<link rel=\"canonical\" href=\"https:\/\/www.uni.lu\/fhse-fr\/events\/exposition-cimetieres-et-crematoires-en-europe-espaces-publics-et-expressions-dappartenance\/\" \/>\n<meta property=\"og:locale\" content=\"fr_FR\" \/>\n<meta property=\"og:type\" content=\"article\" \/>\n<meta property=\"og:title\" content=\"EXPOSITION: CIMETI\u00c8RES ET CR\u00c9MATOIRES EN EUROPE : ESPACES PUBLICS ET EXPRESSIONS D\u2019APPARTENANCE\" \/>\n<meta property=\"og:description\" content=\"Exposition photographique sur les cimeti\u00e8res de la ville de Luxembourg comme t\u00e9moins de la (super)diversit\u00e9 culturelle et religieuse de ses habitants, des\" \/>\n<meta property=\"og:url\" content=\"https:\/\/www.uni.lu\/fhse-fr\/events\/exposition-cimetieres-et-crematoires-en-europe-espaces-publics-et-expressions-dappartenance\/\" \/>\n<meta property=\"og:site_name\" content=\"FHSE FR\" \/>\n<meta property=\"og:image\" content=\"https:\/\/www.uni.lu\/wp-content\/uploads\/sites\/16\/2026\/03\/03112325\/FHSE_SM-Profile_1600x1600px-scaled.jpg\" \/>\n\t<meta property=\"og:image:width\" content=\"2560\" \/>\n\t<meta property=\"og:image:height\" content=\"2560\" \/>\n\t<meta property=\"og:image:type\" content=\"image\/jpeg\" \/>\n<meta name=\"twitter:card\" content=\"summary_large_image\" \/>\n<script type=\"application\/ld+json\" class=\"yoast-schema-graph\">{\"@context\":\"https:\/\/schema.org\",\"@graph\":[{\"@type\":\"WebPage\",\"@id\":\"https:\/\/www.uni.lu\/fhse-fr\/events\/exposition-cimetieres-et-crematoires-en-europe-espaces-publics-et-expressions-dappartenance\/\",\"url\":\"https:\/\/www.uni.lu\/fhse-fr\/events\/exposition-cimetieres-et-crematoires-en-europe-espaces-publics-et-expressions-dappartenance\/\",\"name\":\"EXPOSITION: CIMETI\u00c8RES ET CR\u00c9MATOIRES EN EUROPE : ESPACES PUBLICS ET EXPRESSIONS D\u2019APPARTENANCE - FHSE I Uni.lu\",\"isPartOf\":{\"@id\":\"https:\/\/www.uni.lu\/fhse-fr\/#website\"},\"primaryImageOfPage\":{\"@id\":\"https:\/\/www.uni.lu\/fhse-fr\/events\/exposition-cimetieres-et-crematoires-en-europe-espaces-publics-et-expressions-dappartenance\/#primaryimage\"},\"image\":{\"@id\":\"https:\/\/www.uni.lu\/fhse-fr\/events\/exposition-cimetieres-et-crematoires-en-europe-espaces-publics-et-expressions-dappartenance\/#primaryimage\"},\"thumbnailUrl\":\"https:\/\/www.uni.lu\/wp-content\/uploads\/sites\/16\/2021\/09\/exposition_cimetieres_et_crematoires_en_europe_espaces_publics_et_expressions_d_appartenance.jpg\",\"datePublished\":\"2021-09-30T15:31:30+00:00\",\"dateModified\":\"2021-09-30T15:31:30+00:00\",\"description\":\"Exposition photographique sur les cimeti\u00e8res de la ville de Luxembourg comme t\u00e9moins de la (super)diversit\u00e9 culturelle et religieuse de ses habitants, des\",\"breadcrumb\":{\"@id\":\"https:\/\/www.uni.lu\/fhse-fr\/events\/exposition-cimetieres-et-crematoires-en-europe-espaces-publics-et-expressions-dappartenance\/#breadcrumb\"},\"inLanguage\":\"fr-FR\",\"potentialAction\":[{\"@type\":\"ReadAction\",\"target\":[\"https:\/\/www.uni.lu\/fhse-fr\/events\/exposition-cimetieres-et-crematoires-en-europe-espaces-publics-et-expressions-dappartenance\/\"]}]},{\"@type\":\"ImageObject\",\"inLanguage\":\"fr-FR\",\"@id\":\"https:\/\/www.uni.lu\/fhse-fr\/events\/exposition-cimetieres-et-crematoires-en-europe-espaces-publics-et-expressions-dappartenance\/#primaryimage\",\"url\":\"https:\/\/www.uni.lu\/wp-content\/uploads\/sites\/16\/2021\/09\/exposition_cimetieres_et_crematoires_en_europe_espaces_publics_et_expressions_d_appartenance.jpg\",\"contentUrl\":\"https:\/\/www.uni.lu\/wp-content\/uploads\/sites\/16\/2021\/09\/exposition_cimetieres_et_crematoires_en_europe_espaces_publics_et_expressions_d_appartenance.jpg\",\"width\":800,\"height\":600},{\"@type\":\"BreadcrumbList\",\"@id\":\"https:\/\/www.uni.lu\/fhse-fr\/events\/exposition-cimetieres-et-crematoires-en-europe-espaces-publics-et-expressions-dappartenance\/#breadcrumb\",\"itemListElement\":[{\"@type\":\"ListItem\",\"position\":1,\"name\":\"Home\",\"item\":\"https:\/\/www.uni.lu\/fr\"},{\"@type\":\"ListItem\",\"position\":2,\"name\":\"Facult\u00e9 des Sciences Humaines, des Sciences de l\u2019\u00c9ducation et des Sciences Sociales\u200b\",\"item\":\"https:\/\/www.uni.lu\/fhse-fr\/\"},{\"@type\":\"ListItem\",\"position\":3,\"name\":\"Events\",\"item\":\"https:\/\/www.uni.lu\/fhse-fr\/events\/\"},{\"@type\":\"ListItem\",\"position\":4,\"name\":\"EXPOSITION: CIMETI\u00c8RES ET CR\u00c9MATOIRES EN EUROPE : ESPACES PUBLICS ET EXPRESSIONS D\u2019APPARTENANCE\"}]},{\"@type\":\"WebSite\",\"@id\":\"https:\/\/www.uni.lu\/fhse-fr\/#website\",\"url\":\"https:\/\/www.uni.lu\/fhse-fr\/\",\"name\":\"FHSE\",\"description\":\"Facult\u00e9 des Sciences Humaines, des Sciences de l\u2019\u00c9ducation et des Sciences Sociales\u200b I Uni.lu\",\"publisher\":{\"@id\":\"https:\/\/www.uni.lu\/fhse-fr\/#organization\"},\"alternateName\":\"Facult\u00e9 des Sciences Humaines, des Sciences de l\u2019\u00c9ducation et des Sciences Sociales\u200b I Universit\u00e9 du Luxembourg\",\"potentialAction\":[{\"@type\":\"SearchAction\",\"target\":{\"@type\":\"EntryPoint\",\"urlTemplate\":\"https:\/\/www.uni.lu\/fhse-fr\/?s={search_term_string}\"},\"query-input\":\"required name=search_term_string\"}],\"inLanguage\":\"fr-FR\"},{\"@type\":\"Organization\",\"@id\":\"https:\/\/www.uni.lu\/fhse-fr\/#organization\",\"name\":\"FHSE - Universit\u00e9 du Luxembourg I Uni.lu\",\"alternateName\":\"Facult\u00e9 des Sciences Humaines, des Sciences de l\u2019\u00c9ducation et des Sciences Sociales\u200b\",\"url\":\"https:\/\/www.uni.lu\/fhse-fr\/\",\"logo\":{\"@type\":\"ImageObject\",\"inLanguage\":\"fr-FR\",\"@id\":\"https:\/\/www.uni.lu\/fhse-fr\/#\/schema\/logo\/image\/\",\"url\":\"https:\/\/www.uni.lu\/wp-content\/uploads\/sites\/16\/2026\/03\/03112325\/FHSE_SM-Profile_1600x1600px-scaled.jpg\",\"contentUrl\":\"https:\/\/www.uni.lu\/wp-content\/uploads\/sites\/16\/2026\/03\/03112325\/FHSE_SM-Profile_1600x1600px-scaled.jpg\",\"width\":2560,\"height\":2560,\"caption\":\"FHSE - Universit\u00e9 du Luxembourg I Uni.lu\"},\"image\":\"https:\/\/www.uni.lu\/wp-content\/uploads\/sites\/16\/2026\/04\/24144331\/20200609-Belval-Campus_Henri-Goergen-23.jpg\",\"sameAs\":[\"https:\/\/humanities.uni.lu\/\"],\"email\":\"communication@uni.lu\",\"telephone\":\"+3524666441\",\"address\":{\"@type\":\"PostalAddress\",\"streetAddress\":\"11, Porte des Sciences\",\"addressLocality\":\"Esch-sur-Alzette\",\"postalCode\":\"4365\",\"addressCountry\":\"LU\"},\"description\":\"Facult\u00e9 des Sciences Humaines, des Sciences de l\u2019\u00c9ducation et des Sciences Sociales\u200b I Uni.lu\"}]}<\/script>\n<!-- \/ Yoast SEO Premium plugin. -->","yoast_head_json":{"title":"EXPOSITION: CIMETI\u00c8RES ET CR\u00c9MATOIRES EN EUROPE : ESPACES PUBLICS ET EXPRESSIONS D\u2019APPARTENANCE - FHSE I Uni.lu","description":"Exposition photographique sur les cimeti\u00e8res de la ville de Luxembourg comme t\u00e9moins de la (super)diversit\u00e9 culturelle et religieuse de ses habitants, des","robots":{"index":"index","follow":"follow","max-snippet":"max-snippet:-1","max-image-preview":"max-image-preview:large","max-video-preview":"max-video-preview:-1"},"canonical":"https:\/\/www.uni.lu\/fhse-fr\/events\/exposition-cimetieres-et-crematoires-en-europe-espaces-publics-et-expressions-dappartenance\/","og_locale":"fr_FR","og_type":"article","og_title":"EXPOSITION: CIMETI\u00c8RES ET CR\u00c9MATOIRES EN EUROPE : ESPACES PUBLICS ET EXPRESSIONS D\u2019APPARTENANCE","og_description":"Exposition photographique sur les cimeti\u00e8res de la ville de Luxembourg comme t\u00e9moins de la (super)diversit\u00e9 culturelle et religieuse de ses habitants, des","og_url":"https:\/\/www.uni.lu\/fhse-fr\/events\/exposition-cimetieres-et-crematoires-en-europe-espaces-publics-et-expressions-dappartenance\/","og_site_name":"FHSE FR","og_image":[{"width":2560,"height":2560,"url":"https:\/\/www.uni.lu\/wp-content\/uploads\/sites\/16\/2026\/03\/03112325\/FHSE_SM-Profile_1600x1600px-scaled.jpg","type":"image\/jpeg"}],"twitter_card":"summary_large_image","schema":{"@context":"https:\/\/schema.org","@graph":[{"@type":"WebPage","@id":"https:\/\/www.uni.lu\/fhse-fr\/events\/exposition-cimetieres-et-crematoires-en-europe-espaces-publics-et-expressions-dappartenance\/","url":"https:\/\/www.uni.lu\/fhse-fr\/events\/exposition-cimetieres-et-crematoires-en-europe-espaces-publics-et-expressions-dappartenance\/","name":"EXPOSITION: CIMETI\u00c8RES ET CR\u00c9MATOIRES EN EUROPE : ESPACES PUBLICS ET EXPRESSIONS D\u2019APPARTENANCE - FHSE I Uni.lu","isPartOf":{"@id":"https:\/\/www.uni.lu\/fhse-fr\/#website"},"primaryImageOfPage":{"@id":"https:\/\/www.uni.lu\/fhse-fr\/events\/exposition-cimetieres-et-crematoires-en-europe-espaces-publics-et-expressions-dappartenance\/#primaryimage"},"image":{"@id":"https:\/\/www.uni.lu\/fhse-fr\/events\/exposition-cimetieres-et-crematoires-en-europe-espaces-publics-et-expressions-dappartenance\/#primaryimage"},"thumbnailUrl":"https:\/\/www.uni.lu\/wp-content\/uploads\/sites\/16\/2021\/09\/exposition_cimetieres_et_crematoires_en_europe_espaces_publics_et_expressions_d_appartenance.jpg","datePublished":"2021-09-30T15:31:30+00:00","dateModified":"2021-09-30T15:31:30+00:00","description":"Exposition photographique sur les cimeti\u00e8res de la ville de Luxembourg comme t\u00e9moins de la (super)diversit\u00e9 culturelle et religieuse de ses habitants, des","breadcrumb":{"@id":"https:\/\/www.uni.lu\/fhse-fr\/events\/exposition-cimetieres-et-crematoires-en-europe-espaces-publics-et-expressions-dappartenance\/#breadcrumb"},"inLanguage":"fr-FR","potentialAction":[{"@type":"ReadAction","target":["https:\/\/www.uni.lu\/fhse-fr\/events\/exposition-cimetieres-et-crematoires-en-europe-espaces-publics-et-expressions-dappartenance\/"]}]},{"@type":"ImageObject","inLanguage":"fr-FR","@id":"https:\/\/www.uni.lu\/fhse-fr\/events\/exposition-cimetieres-et-crematoires-en-europe-espaces-publics-et-expressions-dappartenance\/#primaryimage","url":"https:\/\/www.uni.lu\/wp-content\/uploads\/sites\/16\/2021\/09\/exposition_cimetieres_et_crematoires_en_europe_espaces_publics_et_expressions_d_appartenance.jpg","contentUrl":"https:\/\/www.uni.lu\/wp-content\/uploads\/sites\/16\/2021\/09\/exposition_cimetieres_et_crematoires_en_europe_espaces_publics_et_expressions_d_appartenance.jpg","width":800,"height":600},{"@type":"BreadcrumbList","@id":"https:\/\/www.uni.lu\/fhse-fr\/events\/exposition-cimetieres-et-crematoires-en-europe-espaces-publics-et-expressions-dappartenance\/#breadcrumb","itemListElement":[{"@type":"ListItem","position":1,"name":"Home","item":"https:\/\/www.uni.lu\/fr"},{"@type":"ListItem","position":2,"name":"Facult\u00e9 des Sciences Humaines, des Sciences de l\u2019\u00c9ducation et des Sciences Sociales\u200b","item":"https:\/\/www.uni.lu\/fhse-fr\/"},{"@type":"ListItem","position":3,"name":"Events","item":"https:\/\/www.uni.lu\/fhse-fr\/events\/"},{"@type":"ListItem","position":4,"name":"EXPOSITION: CIMETI\u00c8RES ET CR\u00c9MATOIRES EN EUROPE : ESPACES PUBLICS ET EXPRESSIONS D\u2019APPARTENANCE"}]},{"@type":"WebSite","@id":"https:\/\/www.uni.lu\/fhse-fr\/#website","url":"https:\/\/www.uni.lu\/fhse-fr\/","name":"FHSE","description":"Facult\u00e9 des Sciences Humaines, des Sciences de l\u2019\u00c9ducation et des Sciences Sociales\u200b I Uni.lu","publisher":{"@id":"https:\/\/www.uni.lu\/fhse-fr\/#organization"},"alternateName":"Facult\u00e9 des Sciences Humaines, des Sciences de l\u2019\u00c9ducation et des Sciences Sociales\u200b I Universit\u00e9 du Luxembourg","potentialAction":[{"@type":"SearchAction","target":{"@type":"EntryPoint","urlTemplate":"https:\/\/www.uni.lu\/fhse-fr\/?s={search_term_string}"},"query-input":"required name=search_term_string"}],"inLanguage":"fr-FR"},{"@type":"Organization","@id":"https:\/\/www.uni.lu\/fhse-fr\/#organization","name":"FHSE - Universit\u00e9 du Luxembourg I Uni.lu","alternateName":"Facult\u00e9 des Sciences Humaines, des Sciences de l\u2019\u00c9ducation et des Sciences Sociales\u200b","url":"https:\/\/www.uni.lu\/fhse-fr\/","logo":{"@type":"ImageObject","inLanguage":"fr-FR","@id":"https:\/\/www.uni.lu\/fhse-fr\/#\/schema\/logo\/image\/","url":"https:\/\/www.uni.lu\/wp-content\/uploads\/sites\/16\/2026\/03\/03112325\/FHSE_SM-Profile_1600x1600px-scaled.jpg","contentUrl":"https:\/\/www.uni.lu\/wp-content\/uploads\/sites\/16\/2026\/03\/03112325\/FHSE_SM-Profile_1600x1600px-scaled.jpg","width":2560,"height":2560,"caption":"FHSE - Universit\u00e9 du Luxembourg I Uni.lu"},"image":"https:\/\/www.uni.lu\/wp-content\/uploads\/sites\/16\/2026\/04\/24144331\/20200609-Belval-Campus_Henri-Goergen-23.jpg","sameAs":["https:\/\/humanities.uni.lu\/"],"email":"communication@uni.lu","telephone":"+3524666441","address":{"@type":"PostalAddress","streetAddress":"11, Porte des Sciences","addressLocality":"Esch-sur-Alzette","postalCode":"4365","addressCountry":"LU"},"description":"Facult\u00e9 des Sciences Humaines, des Sciences de l\u2019\u00c9ducation et des Sciences Sociales\u200b I Uni.lu"}]}},"_links":{"self":[{"href":"https:\/\/www.uni.lu\/fhse-fr\/wp-json\/wp\/v2\/events\/1730"}],"collection":[{"href":"https:\/\/www.uni.lu\/fhse-fr\/wp-json\/wp\/v2\/events"}],"about":[{"href":"https:\/\/www.uni.lu\/fhse-fr\/wp-json\/wp\/v2\/types\/events"}],"replies":[{"embeddable":true,"href":"https:\/\/www.uni.lu\/fhse-fr\/wp-json\/wp\/v2\/comments?post=1730"}],"version-history":[{"count":0,"href":"https:\/\/www.uni.lu\/fhse-fr\/wp-json\/wp\/v2\/events\/1730\/revisions"}],"wp:featuredmedia":[{"embeddable":true,"href":"https:\/\/www.uni.lu\/fhse-fr\/wp-json\/wp\/v2\/media\/1731"}],"wp:attachment":[{"href":"https:\/\/www.uni.lu\/fhse-fr\/wp-json\/wp\/v2\/media?parent=1730"}],"wp:term":[{"taxonomy":"events-topic","embeddable":true,"href":"https:\/\/www.uni.lu\/fhse-fr\/wp-json\/wp\/v2\/events-topic?post=1730"},{"taxonomy":"events-type","embeddable":true,"href":"https:\/\/www.uni.lu\/fhse-fr\/wp-json\/wp\/v2\/events-type?post=1730"},{"taxonomy":"organisation","embeddable":true,"href":"https:\/\/www.uni.lu\/fhse-fr\/wp-json\/wp\/v2\/organisation?post=1730"}],"curies":[{"name":"wp","href":"https:\/\/api.w.org\/{rel}","templated":true}]}}