{"id":1678,"date":"2021-09-06T17:54:26","date_gmt":"2021-09-06T15:54:26","guid":{"rendered":"https:\/\/www.uni.lu\/fhse-fr\/events\/conference-reflexions-sur-la-notion-moderne-de-culte-imperial\/"},"modified":"2021-09-06T17:54:26","modified_gmt":"2021-09-06T15:54:26","slug":"conference-reflexions-sur-la-notion-moderne-de-culte-imperial","status":"publish","type":"events","link":"https:\/\/www.uni.lu\/fhse-fr\/events\/conference-reflexions-sur-la-notion-moderne-de-culte-imperial\/","title":{"rendered":"Conf\u00e9rence: R\u00e9flexions sur la notion moderne de culte imp\u00e9rial"},"content":{"rendered":"<section class=\"wp-block-unilux-blocks-free-section section\"><div class=\"container xl:max-w-screen-xl\"><p>R\u00e9flexions sur la notion moderne de culte imp\u00e9rial, \u00e0 l\u2019occasion de l\u2019exposition de N\u00eemes sur <i>L\u2019empereur romain, un mortel parmi les dieux.<\/i><\/p><p>On a depuis le XIXe s. l&rsquo;habitude de consid\u00e9rer que l&#8217;empereur \u00e9tait v\u00e9n\u00e9r\u00e9 comme un dieu. Or cette opinion est fausse. Si l&#8217;empereur recevait en pays grec des honneurs \u00e9quivalents \u00e0 ceux que recevaient les dieux, sans \u00eatre consid\u00e9r\u00e9s comme des dieux, dans l&#8217;empire occidental dont il est question dans cette exposition, ceci n&rsquo;est jamais le cas. Du vivant de l&#8217;empereur, on rend un culte \u00e0 son Genius ou \u00e0 ses vertus, comme on le fait aussi dans les familles ou pour des institutions. Ce n&rsquo;est qu&rsquo;apr\u00e8s sa mort qu&rsquo;il est divinis\u00e9, d&rsquo;ailleurs \u00e0 un niveau inf\u00e9rieur aux autres dieux immortels.<\/p><p><\/p><p>Merci de vous inscrire via mail:\u00a0<a href=\"mailto:andrea.binsfeld@uni.lu\" target=\"_self\" title=\"\" rel=\"noopener\">andrea.binsfeld@uni.lu<\/a><\/p><p>&#8212; Cet \u00e9v\u00e8nement est COVID-Check &#8212;<\/p><\/div><\/section>","protected":false},"excerpt":{"rendered":"<p>R\u00e9flexions sur la notion moderne de culte imp\u00e9rial, \u00e0 l\u2019occasion de l\u2019exposition de N\u00eemes sur L\u2019empereur romain, un mortel parmi les dieux.<\/p>\n","protected":false},"author":0,"featured_media":1679,"parent":0,"menu_order":0,"comment_status":"open","ping_status":"closed","template":"","format":"standard","meta":{"featured_image_focal_point":[],"show_featured_caption":false,"ulux_newsletter_groups":"","uluxPostTitle":"","uluxPrePostTitle":"","_trash_the_other_posts":false,"_price":"","_stock":"","_tribe_ticket_header":"","_tribe_default_ticket_provider":"","_tribe_ticket_capacity":"0","_ticket_start_date":"","_ticket_end_date":"","_tribe_ticket_show_description":"","_tribe_ticket_show_not_going":false,"_tribe_ticket_use_global_stock":"","_tribe_ticket_global_stock_level":"","_global_stock_mode":"","_global_stock_cap":"","_tribe_rsvp_for_event":"","_tribe_ticket_going_count":"","_tribe_ticket_not_going_count":"","_tribe_tickets_list":"[]","_tribe_ticket_has_attendee_info_fields":false,"event_start_date":"2021-09-21 18:30:00","event_end_date":"2021-09-21 20:00:00","event_speaker_name":"Guest professor John Scheid (Coll\u00e8ge de France)","event_speaker_link":"","event_is_online":false,"event_location":"MSA salle 3.500 - covid check","event_street":"","event_location_link":"","event_zip_code":"","event_city":"","event_country":"LU"},"events-topic":[305],"events-type":[],"organisation":[170,146],"authorship":[],"acf":[],"yoast_head":"<!-- This site is optimized with the Yoast SEO Premium plugin v22.3 (Yoast SEO v22.3) - https:\/\/yoast.com\/wordpress\/plugins\/seo\/ -->\n<title>Conf\u00e9rence: R\u00e9flexions sur la notion moderne de culte imp\u00e9rial - FHSE I Uni.lu<\/title>\n<meta name=\"description\" content=\"R\u00e9flexions sur la notion moderne de culte imp\u00e9rial, \u00e0 l\u2019occasion de l\u2019exposition de N\u00eemes sur L\u2019empereur romain, un mortel parmi les dieux.\" \/>\n<meta name=\"robots\" content=\"index, follow, max-snippet:-1, max-image-preview:large, max-video-preview:-1\" \/>\n<link rel=\"canonical\" href=\"https:\/\/www.uni.lu\/fhse-fr\/events\/conference-reflexions-sur-la-notion-moderne-de-culte-imperial\/\" \/>\n<meta property=\"og:locale\" content=\"fr_FR\" \/>\n<meta property=\"og:type\" content=\"article\" \/>\n<meta property=\"og:title\" content=\"Conf\u00e9rence: R\u00e9flexions sur la notion moderne de culte imp\u00e9rial\" \/>\n<meta property=\"og:description\" content=\"R\u00e9flexions sur la notion moderne de culte imp\u00e9rial, \u00e0 l\u2019occasion de l\u2019exposition de N\u00eemes sur L\u2019empereur romain, un mortel parmi les dieux.\" \/>\n<meta property=\"og:url\" content=\"https:\/\/www.uni.lu\/fhse-fr\/events\/conference-reflexions-sur-la-notion-moderne-de-culte-imperial\/\" \/>\n<meta property=\"og:site_name\" content=\"FHSE FR\" \/>\n<meta property=\"og:image\" content=\"https:\/\/www.uni.lu\/wp-content\/uploads\/sites\/16\/2026\/03\/03112325\/FHSE_SM-Profile_1600x1600px-scaled.jpg\" \/>\n\t<meta property=\"og:image:width\" content=\"2560\" \/>\n\t<meta property=\"og:image:height\" content=\"2560\" \/>\n\t<meta property=\"og:image:type\" content=\"image\/jpeg\" \/>\n<meta name=\"twitter:card\" content=\"summary_large_image\" \/>\n<meta name=\"twitter:label1\" content=\"Dur\u00e9e de lecture estim\u00e9e\" \/>\n\t<meta name=\"twitter:data1\" content=\"1 minute\" \/>\n<script type=\"application\/ld+json\" class=\"yoast-schema-graph\">{\"@context\":\"https:\/\/schema.org\",\"@graph\":[{\"@type\":\"WebPage\",\"@id\":\"https:\/\/www.uni.lu\/fhse-fr\/events\/conference-reflexions-sur-la-notion-moderne-de-culte-imperial\/\",\"url\":\"https:\/\/www.uni.lu\/fhse-fr\/events\/conference-reflexions-sur-la-notion-moderne-de-culte-imperial\/\",\"name\":\"Conf\u00e9rence: R\u00e9flexions sur la notion moderne de culte imp\u00e9rial - FHSE I Uni.lu\",\"isPartOf\":{\"@id\":\"https:\/\/www.uni.lu\/fhse-fr\/#website\"},\"primaryImageOfPage\":{\"@id\":\"https:\/\/www.uni.lu\/fhse-fr\/events\/conference-reflexions-sur-la-notion-moderne-de-culte-imperial\/#primaryimage\"},\"image\":{\"@id\":\"https:\/\/www.uni.lu\/fhse-fr\/events\/conference-reflexions-sur-la-notion-moderne-de-culte-imperial\/#primaryimage\"},\"thumbnailUrl\":\"https:\/\/www.uni.lu\/wp-content\/uploads\/sites\/16\/2021\/09\/conference_reflexions_sur_la_notion_moderne_de_culte_imperial.jpg\",\"datePublished\":\"2021-09-06T15:54:26+00:00\",\"dateModified\":\"2021-09-06T15:54:26+00:00\",\"description\":\"R\u00e9flexions sur la notion moderne de culte imp\u00e9rial, \u00e0 l\u2019occasion de l\u2019exposition de N\u00eemes sur L\u2019empereur romain, un mortel parmi les dieux.\",\"breadcrumb\":{\"@id\":\"https:\/\/www.uni.lu\/fhse-fr\/events\/conference-reflexions-sur-la-notion-moderne-de-culte-imperial\/#breadcrumb\"},\"inLanguage\":\"fr-FR\",\"potentialAction\":[{\"@type\":\"ReadAction\",\"target\":[\"https:\/\/www.uni.lu\/fhse-fr\/events\/conference-reflexions-sur-la-notion-moderne-de-culte-imperial\/\"]}]},{\"@type\":\"ImageObject\",\"inLanguage\":\"fr-FR\",\"@id\":\"https:\/\/www.uni.lu\/fhse-fr\/events\/conference-reflexions-sur-la-notion-moderne-de-culte-imperial\/#primaryimage\",\"url\":\"https:\/\/www.uni.lu\/wp-content\/uploads\/sites\/16\/2021\/09\/conference_reflexions_sur_la_notion_moderne_de_culte_imperial.jpg\",\"contentUrl\":\"https:\/\/www.uni.lu\/wp-content\/uploads\/sites\/16\/2021\/09\/conference_reflexions_sur_la_notion_moderne_de_culte_imperial.jpg\",\"width\":800,\"height\":600},{\"@type\":\"BreadcrumbList\",\"@id\":\"https:\/\/www.uni.lu\/fhse-fr\/events\/conference-reflexions-sur-la-notion-moderne-de-culte-imperial\/#breadcrumb\",\"itemListElement\":[{\"@type\":\"ListItem\",\"position\":1,\"name\":\"Home\",\"item\":\"https:\/\/www.uni.lu\/fr\"},{\"@type\":\"ListItem\",\"position\":2,\"name\":\"Facult\u00e9 des Sciences Humaines, des Sciences de l\u2019\u00c9ducation et des Sciences Sociales\u200b\",\"item\":\"https:\/\/www.uni.lu\/fhse-fr\/\"},{\"@type\":\"ListItem\",\"position\":3,\"name\":\"Events\",\"item\":\"https:\/\/www.uni.lu\/fhse-fr\/events\/\"},{\"@type\":\"ListItem\",\"position\":4,\"name\":\"Conf\u00e9rence: R\u00e9flexions sur la notion moderne de culte imp\u00e9rial\"}]},{\"@type\":\"WebSite\",\"@id\":\"https:\/\/www.uni.lu\/fhse-fr\/#website\",\"url\":\"https:\/\/www.uni.lu\/fhse-fr\/\",\"name\":\"FHSE\",\"description\":\"Facult\u00e9 des Sciences Humaines, des Sciences de l\u2019\u00c9ducation et des Sciences Sociales\u200b I Uni.lu\",\"publisher\":{\"@id\":\"https:\/\/www.uni.lu\/fhse-fr\/#organization\"},\"alternateName\":\"Facult\u00e9 des Sciences Humaines, des Sciences de l\u2019\u00c9ducation et des Sciences Sociales\u200b I Universit\u00e9 du Luxembourg\",\"potentialAction\":[{\"@type\":\"SearchAction\",\"target\":{\"@type\":\"EntryPoint\",\"urlTemplate\":\"https:\/\/www.uni.lu\/fhse-fr\/?s={search_term_string}\"},\"query-input\":\"required name=search_term_string\"}],\"inLanguage\":\"fr-FR\"},{\"@type\":\"Organization\",\"@id\":\"https:\/\/www.uni.lu\/fhse-fr\/#organization\",\"name\":\"FHSE - Universit\u00e9 du Luxembourg I Uni.lu\",\"alternateName\":\"Facult\u00e9 des Sciences Humaines, des Sciences de l\u2019\u00c9ducation et des Sciences Sociales\u200b\",\"url\":\"https:\/\/www.uni.lu\/fhse-fr\/\",\"logo\":{\"@type\":\"ImageObject\",\"inLanguage\":\"fr-FR\",\"@id\":\"https:\/\/www.uni.lu\/fhse-fr\/#\/schema\/logo\/image\/\",\"url\":\"https:\/\/www.uni.lu\/wp-content\/uploads\/sites\/16\/2026\/03\/03112325\/FHSE_SM-Profile_1600x1600px-scaled.jpg\",\"contentUrl\":\"https:\/\/www.uni.lu\/wp-content\/uploads\/sites\/16\/2026\/03\/03112325\/FHSE_SM-Profile_1600x1600px-scaled.jpg\",\"width\":2560,\"height\":2560,\"caption\":\"FHSE - Universit\u00e9 du Luxembourg I Uni.lu\"},\"image\":\"https:\/\/www.uni.lu\/wp-content\/uploads\/sites\/16\/2026\/04\/24144331\/20200609-Belval-Campus_Henri-Goergen-23.jpg\",\"sameAs\":[\"https:\/\/humanities.uni.lu\/\"],\"email\":\"communication@uni.lu\",\"telephone\":\"+3524666441\",\"address\":{\"@type\":\"PostalAddress\",\"streetAddress\":\"11, Porte des Sciences\",\"addressLocality\":\"Esch-sur-Alzette\",\"postalCode\":\"4365\",\"addressCountry\":\"LU\"},\"description\":\"Facult\u00e9 des Sciences Humaines, des Sciences de l\u2019\u00c9ducation et des Sciences Sociales\u200b I Uni.lu\"}]}<\/script>\n<!-- \/ Yoast SEO Premium plugin. -->","yoast_head_json":{"title":"Conf\u00e9rence: R\u00e9flexions sur la notion moderne de culte imp\u00e9rial - FHSE I Uni.lu","description":"R\u00e9flexions sur la notion moderne de culte imp\u00e9rial, \u00e0 l\u2019occasion de l\u2019exposition de N\u00eemes sur L\u2019empereur romain, un mortel parmi les dieux.","robots":{"index":"index","follow":"follow","max-snippet":"max-snippet:-1","max-image-preview":"max-image-preview:large","max-video-preview":"max-video-preview:-1"},"canonical":"https:\/\/www.uni.lu\/fhse-fr\/events\/conference-reflexions-sur-la-notion-moderne-de-culte-imperial\/","og_locale":"fr_FR","og_type":"article","og_title":"Conf\u00e9rence: R\u00e9flexions sur la notion moderne de culte imp\u00e9rial","og_description":"R\u00e9flexions sur la notion moderne de culte imp\u00e9rial, \u00e0 l\u2019occasion de l\u2019exposition de N\u00eemes sur L\u2019empereur romain, un mortel parmi les dieux.","og_url":"https:\/\/www.uni.lu\/fhse-fr\/events\/conference-reflexions-sur-la-notion-moderne-de-culte-imperial\/","og_site_name":"FHSE FR","og_image":[{"width":2560,"height":2560,"url":"https:\/\/www.uni.lu\/wp-content\/uploads\/sites\/16\/2026\/03\/03112325\/FHSE_SM-Profile_1600x1600px-scaled.jpg","type":"image\/jpeg"}],"twitter_card":"summary_large_image","twitter_misc":{"Dur\u00e9e de lecture estim\u00e9e":"1 minute"},"schema":{"@context":"https:\/\/schema.org","@graph":[{"@type":"WebPage","@id":"https:\/\/www.uni.lu\/fhse-fr\/events\/conference-reflexions-sur-la-notion-moderne-de-culte-imperial\/","url":"https:\/\/www.uni.lu\/fhse-fr\/events\/conference-reflexions-sur-la-notion-moderne-de-culte-imperial\/","name":"Conf\u00e9rence: R\u00e9flexions sur la notion moderne de culte imp\u00e9rial - FHSE I Uni.lu","isPartOf":{"@id":"https:\/\/www.uni.lu\/fhse-fr\/#website"},"primaryImageOfPage":{"@id":"https:\/\/www.uni.lu\/fhse-fr\/events\/conference-reflexions-sur-la-notion-moderne-de-culte-imperial\/#primaryimage"},"image":{"@id":"https:\/\/www.uni.lu\/fhse-fr\/events\/conference-reflexions-sur-la-notion-moderne-de-culte-imperial\/#primaryimage"},"thumbnailUrl":"https:\/\/www.uni.lu\/wp-content\/uploads\/sites\/16\/2021\/09\/conference_reflexions_sur_la_notion_moderne_de_culte_imperial.jpg","datePublished":"2021-09-06T15:54:26+00:00","dateModified":"2021-09-06T15:54:26+00:00","description":"R\u00e9flexions sur la notion moderne de culte imp\u00e9rial, \u00e0 l\u2019occasion de l\u2019exposition de N\u00eemes sur L\u2019empereur romain, un mortel parmi les dieux.","breadcrumb":{"@id":"https:\/\/www.uni.lu\/fhse-fr\/events\/conference-reflexions-sur-la-notion-moderne-de-culte-imperial\/#breadcrumb"},"inLanguage":"fr-FR","potentialAction":[{"@type":"ReadAction","target":["https:\/\/www.uni.lu\/fhse-fr\/events\/conference-reflexions-sur-la-notion-moderne-de-culte-imperial\/"]}]},{"@type":"ImageObject","inLanguage":"fr-FR","@id":"https:\/\/www.uni.lu\/fhse-fr\/events\/conference-reflexions-sur-la-notion-moderne-de-culte-imperial\/#primaryimage","url":"https:\/\/www.uni.lu\/wp-content\/uploads\/sites\/16\/2021\/09\/conference_reflexions_sur_la_notion_moderne_de_culte_imperial.jpg","contentUrl":"https:\/\/www.uni.lu\/wp-content\/uploads\/sites\/16\/2021\/09\/conference_reflexions_sur_la_notion_moderne_de_culte_imperial.jpg","width":800,"height":600},{"@type":"BreadcrumbList","@id":"https:\/\/www.uni.lu\/fhse-fr\/events\/conference-reflexions-sur-la-notion-moderne-de-culte-imperial\/#breadcrumb","itemListElement":[{"@type":"ListItem","position":1,"name":"Home","item":"https:\/\/www.uni.lu\/fr"},{"@type":"ListItem","position":2,"name":"Facult\u00e9 des Sciences Humaines, des Sciences de l\u2019\u00c9ducation et des Sciences Sociales\u200b","item":"https:\/\/www.uni.lu\/fhse-fr\/"},{"@type":"ListItem","position":3,"name":"Events","item":"https:\/\/www.uni.lu\/fhse-fr\/events\/"},{"@type":"ListItem","position":4,"name":"Conf\u00e9rence: R\u00e9flexions sur la notion moderne de culte imp\u00e9rial"}]},{"@type":"WebSite","@id":"https:\/\/www.uni.lu\/fhse-fr\/#website","url":"https:\/\/www.uni.lu\/fhse-fr\/","name":"FHSE","description":"Facult\u00e9 des Sciences Humaines, des Sciences de l\u2019\u00c9ducation et des Sciences Sociales\u200b I Uni.lu","publisher":{"@id":"https:\/\/www.uni.lu\/fhse-fr\/#organization"},"alternateName":"Facult\u00e9 des Sciences Humaines, des Sciences de l\u2019\u00c9ducation et des Sciences Sociales\u200b I Universit\u00e9 du Luxembourg","potentialAction":[{"@type":"SearchAction","target":{"@type":"EntryPoint","urlTemplate":"https:\/\/www.uni.lu\/fhse-fr\/?s={search_term_string}"},"query-input":"required name=search_term_string"}],"inLanguage":"fr-FR"},{"@type":"Organization","@id":"https:\/\/www.uni.lu\/fhse-fr\/#organization","name":"FHSE - Universit\u00e9 du Luxembourg I Uni.lu","alternateName":"Facult\u00e9 des Sciences Humaines, des Sciences de l\u2019\u00c9ducation et des Sciences Sociales\u200b","url":"https:\/\/www.uni.lu\/fhse-fr\/","logo":{"@type":"ImageObject","inLanguage":"fr-FR","@id":"https:\/\/www.uni.lu\/fhse-fr\/#\/schema\/logo\/image\/","url":"https:\/\/www.uni.lu\/wp-content\/uploads\/sites\/16\/2026\/03\/03112325\/FHSE_SM-Profile_1600x1600px-scaled.jpg","contentUrl":"https:\/\/www.uni.lu\/wp-content\/uploads\/sites\/16\/2026\/03\/03112325\/FHSE_SM-Profile_1600x1600px-scaled.jpg","width":2560,"height":2560,"caption":"FHSE - Universit\u00e9 du Luxembourg I Uni.lu"},"image":"https:\/\/www.uni.lu\/wp-content\/uploads\/sites\/16\/2026\/04\/24144331\/20200609-Belval-Campus_Henri-Goergen-23.jpg","sameAs":["https:\/\/humanities.uni.lu\/"],"email":"communication@uni.lu","telephone":"+3524666441","address":{"@type":"PostalAddress","streetAddress":"11, Porte des Sciences","addressLocality":"Esch-sur-Alzette","postalCode":"4365","addressCountry":"LU"},"description":"Facult\u00e9 des Sciences Humaines, des Sciences de l\u2019\u00c9ducation et des Sciences Sociales\u200b I Uni.lu"}]}},"_links":{"self":[{"href":"https:\/\/www.uni.lu\/fhse-fr\/wp-json\/wp\/v2\/events\/1678"}],"collection":[{"href":"https:\/\/www.uni.lu\/fhse-fr\/wp-json\/wp\/v2\/events"}],"about":[{"href":"https:\/\/www.uni.lu\/fhse-fr\/wp-json\/wp\/v2\/types\/events"}],"replies":[{"embeddable":true,"href":"https:\/\/www.uni.lu\/fhse-fr\/wp-json\/wp\/v2\/comments?post=1678"}],"version-history":[{"count":0,"href":"https:\/\/www.uni.lu\/fhse-fr\/wp-json\/wp\/v2\/events\/1678\/revisions"}],"wp:featuredmedia":[{"embeddable":true,"href":"https:\/\/www.uni.lu\/fhse-fr\/wp-json\/wp\/v2\/media\/1679"}],"wp:attachment":[{"href":"https:\/\/www.uni.lu\/fhse-fr\/wp-json\/wp\/v2\/media?parent=1678"}],"wp:term":[{"taxonomy":"events-topic","embeddable":true,"href":"https:\/\/www.uni.lu\/fhse-fr\/wp-json\/wp\/v2\/events-topic?post=1678"},{"taxonomy":"events-type","embeddable":true,"href":"https:\/\/www.uni.lu\/fhse-fr\/wp-json\/wp\/v2\/events-type?post=1678"},{"taxonomy":"organisation","embeddable":true,"href":"https:\/\/www.uni.lu\/fhse-fr\/wp-json\/wp\/v2\/organisation?post=1678"}],"curies":[{"name":"wp","href":"https:\/\/api.w.org\/{rel}","templated":true}]}}