{"id":1676,"date":"2021-09-03T15:06:13","date_gmt":"2021-09-03T13:06:13","guid":{"rendered":"https:\/\/www.uni.lu\/fhse-fr\/events\/conference-sorcellerie-et-persecution-de-sorcieres-presumees-dans-une-perspective-historique\/"},"modified":"2021-09-03T15:06:13","modified_gmt":"2021-09-03T13:06:13","slug":"conference-sorcellerie-et-persecution-de-sorcieres-presumees-dans-une-perspective-historique","status":"publish","type":"events","link":"https:\/\/www.uni.lu\/fhse-fr\/events\/conference-sorcellerie-et-persecution-de-sorcieres-presumees-dans-une-perspective-historique\/","title":{"rendered":"Conf\u00e9rence: Sorcellerie et pers\u00e9cution de sorci\u00e8res (pr\u00e9sum\u00e9es) dans une perspective historique"},"content":{"rendered":"<section class=\"wp-block-unilux-blocks-free-section section\"><div class=\"container xl:max-w-screen-xl\"><p><strong>Conf\u00e9rence \u00ab\u00a0Agora citoyenne sur les \u00e9cosyst\u00e8mes\u00a0\u00bb<\/strong><\/p><p>Samedi, 11 septembre 2021, 8h45 \u00e0 19h30,<\/p><p>avec conf\u00e9rence de prof. adj. Sonja Kmec: <strong>Sorcellerie et pers\u00e9cution de sorci\u00e8res (pr\u00e9sum\u00e9es) dans une perspective historique<\/strong><\/p><p>\u00a0<\/p><ul class=\"ulux-list\"><li class=\"ulux-list-item\">Lieu: Ch\u00e2teau d&rsquo;Esch-sur-S\u00fbre<\/li><li class=\"ulux-list-item\">Organisation: Festival Waterwalls,\u00a0S\u00e9ib\u00fchn<\/li><li class=\"ulux-list-item\"><a href=\"https:\/\/www.waterwalls.seibuehn.lu\/event-details\/agora-citoyenne-sur-les-ecosystemes?lang=en\" target=\"_self\" title=\"\" rel=\"noopener\">Inscription et plus d&rsquo;informations<\/a><\/li><\/ul><p>\u00a0<\/p><\/div><\/section>","protected":false},"excerpt":{"rendered":"","protected":false},"author":0,"featured_media":1677,"parent":0,"menu_order":0,"comment_status":"open","ping_status":"closed","template":"","format":"standard","meta":{"featured_image_focal_point":[],"show_featured_caption":false,"ulux_newsletter_groups":"","uluxPostTitle":"","uluxPrePostTitle":"","_trash_the_other_posts":false,"_price":"","_stock":"","_tribe_ticket_header":"","_tribe_default_ticket_provider":"","_tribe_ticket_capacity":"0","_ticket_start_date":"","_ticket_end_date":"","_tribe_ticket_show_description":"","_tribe_ticket_show_not_going":false,"_tribe_ticket_use_global_stock":"","_tribe_ticket_global_stock_level":"","_global_stock_mode":"","_global_stock_cap":"","_tribe_rsvp_for_event":"","_tribe_ticket_going_count":"","_tribe_ticket_not_going_count":"","_tribe_tickets_list":"[]","_tribe_ticket_has_attendee_info_fields":false,"event_start_date":"2021-09-11 08:45:00","event_end_date":"2021-09-11 19:30:00","event_speaker_name":"Sonja Kmec","event_speaker_link":"","event_is_online":false,"event_location":"Ch\u00e2teau de Esch\/S\u00fbre\r\n4-6 Rue de Lultzhausen\r\n9650 Esch-sur-S\u00fbre, Luxembourg","event_street":"","event_location_link":"","event_zip_code":"","event_city":"","event_country":"LU"},"events-topic":[305],"events-type":[],"organisation":[170,146,173],"authorship":[],"acf":[],"yoast_head":"<!-- This site is optimized with the Yoast SEO Premium plugin v22.3 (Yoast SEO v22.3) - https:\/\/yoast.com\/wordpress\/plugins\/seo\/ -->\n<title>Conf\u00e9rence: Sorcellerie et pers\u00e9cution de sorci\u00e8res (pr\u00e9sum\u00e9es) dans une perspective historique - FHSE I Uni.lu<\/title>\n<meta name=\"description\" content=\"Conf\u00e9rence &quot;Agora citoyenne sur les \u00e9cosyst\u00e8mes&quot;Samedi, 11 septembre 2021, 8h45 \u00e0 19h30,avec conf\u00e9rence de prof. adj. Sonja Kmec: Sorcellerie et\" \/>\n<meta name=\"robots\" content=\"index, follow, max-snippet:-1, max-image-preview:large, max-video-preview:-1\" \/>\n<link rel=\"canonical\" href=\"https:\/\/www.uni.lu\/fhse-fr\/events\/conference-sorcellerie-et-persecution-de-sorcieres-presumees-dans-une-perspective-historique\/\" \/>\n<meta property=\"og:locale\" content=\"fr_FR\" \/>\n<meta property=\"og:type\" content=\"article\" \/>\n<meta property=\"og:title\" content=\"Conf\u00e9rence: Sorcellerie et pers\u00e9cution de sorci\u00e8res (pr\u00e9sum\u00e9es) dans une perspective historique\" \/>\n<meta property=\"og:description\" content=\"Conf\u00e9rence &quot;Agora citoyenne sur les \u00e9cosyst\u00e8mes&quot;Samedi, 11 septembre 2021, 8h45 \u00e0 19h30,avec conf\u00e9rence de prof. adj. Sonja Kmec: Sorcellerie et\" \/>\n<meta property=\"og:url\" content=\"https:\/\/www.uni.lu\/fhse-fr\/events\/conference-sorcellerie-et-persecution-de-sorcieres-presumees-dans-une-perspective-historique\/\" \/>\n<meta property=\"og:site_name\" content=\"FHSE FR\" \/>\n<meta property=\"og:image\" content=\"https:\/\/www.uni.lu\/wp-content\/uploads\/sites\/16\/2026\/03\/03112325\/FHSE_SM-Profile_1600x1600px-scaled.jpg\" \/>\n\t<meta property=\"og:image:width\" content=\"2560\" \/>\n\t<meta property=\"og:image:height\" content=\"2560\" \/>\n\t<meta property=\"og:image:type\" content=\"image\/jpeg\" \/>\n<meta name=\"twitter:card\" content=\"summary_large_image\" \/>\n<script type=\"application\/ld+json\" class=\"yoast-schema-graph\">{\"@context\":\"https:\/\/schema.org\",\"@graph\":[{\"@type\":\"WebPage\",\"@id\":\"https:\/\/www.uni.lu\/fhse-fr\/events\/conference-sorcellerie-et-persecution-de-sorcieres-presumees-dans-une-perspective-historique\/\",\"url\":\"https:\/\/www.uni.lu\/fhse-fr\/events\/conference-sorcellerie-et-persecution-de-sorcieres-presumees-dans-une-perspective-historique\/\",\"name\":\"Conf\u00e9rence: Sorcellerie et pers\u00e9cution de sorci\u00e8res (pr\u00e9sum\u00e9es) dans une perspective historique - FHSE I Uni.lu\",\"isPartOf\":{\"@id\":\"https:\/\/www.uni.lu\/fhse-fr\/#website\"},\"primaryImageOfPage\":{\"@id\":\"https:\/\/www.uni.lu\/fhse-fr\/events\/conference-sorcellerie-et-persecution-de-sorcieres-presumees-dans-une-perspective-historique\/#primaryimage\"},\"image\":{\"@id\":\"https:\/\/www.uni.lu\/fhse-fr\/events\/conference-sorcellerie-et-persecution-de-sorcieres-presumees-dans-une-perspective-historique\/#primaryimage\"},\"thumbnailUrl\":\"https:\/\/www.uni.lu\/wp-content\/uploads\/sites\/16\/2021\/09\/default.jpg\",\"datePublished\":\"2021-09-03T13:06:13+00:00\",\"dateModified\":\"2021-09-03T13:06:13+00:00\",\"description\":\"Conf\u00e9rence \\\"Agora citoyenne sur les \u00e9cosyst\u00e8mes\\\"Samedi, 11 septembre 2021, 8h45 \u00e0 19h30,avec conf\u00e9rence de prof. adj. Sonja Kmec: Sorcellerie et\",\"breadcrumb\":{\"@id\":\"https:\/\/www.uni.lu\/fhse-fr\/events\/conference-sorcellerie-et-persecution-de-sorcieres-presumees-dans-une-perspective-historique\/#breadcrumb\"},\"inLanguage\":\"fr-FR\",\"potentialAction\":[{\"@type\":\"ReadAction\",\"target\":[\"https:\/\/www.uni.lu\/fhse-fr\/events\/conference-sorcellerie-et-persecution-de-sorcieres-presumees-dans-une-perspective-historique\/\"]}]},{\"@type\":\"ImageObject\",\"inLanguage\":\"fr-FR\",\"@id\":\"https:\/\/www.uni.lu\/fhse-fr\/events\/conference-sorcellerie-et-persecution-de-sorcieres-presumees-dans-une-perspective-historique\/#primaryimage\",\"url\":\"https:\/\/www.uni.lu\/wp-content\/uploads\/sites\/16\/2021\/09\/default.jpg\",\"contentUrl\":\"https:\/\/www.uni.lu\/wp-content\/uploads\/sites\/16\/2021\/09\/default.jpg\",\"width\":1500,\"height\":1125},{\"@type\":\"BreadcrumbList\",\"@id\":\"https:\/\/www.uni.lu\/fhse-fr\/events\/conference-sorcellerie-et-persecution-de-sorcieres-presumees-dans-une-perspective-historique\/#breadcrumb\",\"itemListElement\":[{\"@type\":\"ListItem\",\"position\":1,\"name\":\"Home\",\"item\":\"https:\/\/www.uni.lu\/fr\"},{\"@type\":\"ListItem\",\"position\":2,\"name\":\"Facult\u00e9 des Sciences Humaines, des Sciences de l\u2019\u00c9ducation et des Sciences Sociales\u200b\",\"item\":\"https:\/\/www.uni.lu\/fhse-fr\/\"},{\"@type\":\"ListItem\",\"position\":3,\"name\":\"Events\",\"item\":\"https:\/\/www.uni.lu\/fhse-fr\/events\/\"},{\"@type\":\"ListItem\",\"position\":4,\"name\":\"Conf\u00e9rence: Sorcellerie et pers\u00e9cution de sorci\u00e8res (pr\u00e9sum\u00e9es) dans une perspective historique\"}]},{\"@type\":\"WebSite\",\"@id\":\"https:\/\/www.uni.lu\/fhse-fr\/#website\",\"url\":\"https:\/\/www.uni.lu\/fhse-fr\/\",\"name\":\"FHSE\",\"description\":\"Facult\u00e9 des Sciences Humaines, des Sciences de l\u2019\u00c9ducation et des Sciences Sociales\u200b I Uni.lu\",\"publisher\":{\"@id\":\"https:\/\/www.uni.lu\/fhse-fr\/#organization\"},\"alternateName\":\"Facult\u00e9 des Sciences Humaines, des Sciences de l\u2019\u00c9ducation et des Sciences Sociales\u200b I Universit\u00e9 du Luxembourg\",\"potentialAction\":[{\"@type\":\"SearchAction\",\"target\":{\"@type\":\"EntryPoint\",\"urlTemplate\":\"https:\/\/www.uni.lu\/fhse-fr\/?s={search_term_string}\"},\"query-input\":\"required name=search_term_string\"}],\"inLanguage\":\"fr-FR\"},{\"@type\":\"Organization\",\"@id\":\"https:\/\/www.uni.lu\/fhse-fr\/#organization\",\"name\":\"FHSE - Universit\u00e9 du Luxembourg I Uni.lu\",\"alternateName\":\"Facult\u00e9 des Sciences Humaines, des Sciences de l\u2019\u00c9ducation et des Sciences Sociales\u200b\",\"url\":\"https:\/\/www.uni.lu\/fhse-fr\/\",\"logo\":{\"@type\":\"ImageObject\",\"inLanguage\":\"fr-FR\",\"@id\":\"https:\/\/www.uni.lu\/fhse-fr\/#\/schema\/logo\/image\/\",\"url\":\"https:\/\/www.uni.lu\/wp-content\/uploads\/sites\/16\/2026\/03\/03112325\/FHSE_SM-Profile_1600x1600px-scaled.jpg\",\"contentUrl\":\"https:\/\/www.uni.lu\/wp-content\/uploads\/sites\/16\/2026\/03\/03112325\/FHSE_SM-Profile_1600x1600px-scaled.jpg\",\"width\":2560,\"height\":2560,\"caption\":\"FHSE - Universit\u00e9 du Luxembourg I Uni.lu\"},\"image\":\"https:\/\/www.uni.lu\/wp-content\/uploads\/sites\/16\/2026\/04\/24144331\/20200609-Belval-Campus_Henri-Goergen-23.jpg\",\"sameAs\":[\"https:\/\/humanities.uni.lu\/\"],\"email\":\"communication@uni.lu\",\"telephone\":\"+3524666441\",\"address\":{\"@type\":\"PostalAddress\",\"streetAddress\":\"11, Porte des Sciences\",\"addressLocality\":\"Esch-sur-Alzette\",\"postalCode\":\"4365\",\"addressCountry\":\"LU\"},\"description\":\"Facult\u00e9 des Sciences Humaines, des Sciences de l\u2019\u00c9ducation et des Sciences Sociales\u200b I Uni.lu\"}]}<\/script>\n<!-- \/ Yoast SEO Premium plugin. -->","yoast_head_json":{"title":"Conf\u00e9rence: Sorcellerie et pers\u00e9cution de sorci\u00e8res (pr\u00e9sum\u00e9es) dans une perspective historique - FHSE I Uni.lu","description":"Conf\u00e9rence \"Agora citoyenne sur les \u00e9cosyst\u00e8mes\"Samedi, 11 septembre 2021, 8h45 \u00e0 19h30,avec conf\u00e9rence de prof. adj. Sonja Kmec: Sorcellerie et","robots":{"index":"index","follow":"follow","max-snippet":"max-snippet:-1","max-image-preview":"max-image-preview:large","max-video-preview":"max-video-preview:-1"},"canonical":"https:\/\/www.uni.lu\/fhse-fr\/events\/conference-sorcellerie-et-persecution-de-sorcieres-presumees-dans-une-perspective-historique\/","og_locale":"fr_FR","og_type":"article","og_title":"Conf\u00e9rence: Sorcellerie et pers\u00e9cution de sorci\u00e8res (pr\u00e9sum\u00e9es) dans une perspective historique","og_description":"Conf\u00e9rence \"Agora citoyenne sur les \u00e9cosyst\u00e8mes\"Samedi, 11 septembre 2021, 8h45 \u00e0 19h30,avec conf\u00e9rence de prof. adj. Sonja Kmec: Sorcellerie et","og_url":"https:\/\/www.uni.lu\/fhse-fr\/events\/conference-sorcellerie-et-persecution-de-sorcieres-presumees-dans-une-perspective-historique\/","og_site_name":"FHSE FR","og_image":[{"width":2560,"height":2560,"url":"https:\/\/www.uni.lu\/wp-content\/uploads\/sites\/16\/2026\/03\/03112325\/FHSE_SM-Profile_1600x1600px-scaled.jpg","type":"image\/jpeg"}],"twitter_card":"summary_large_image","schema":{"@context":"https:\/\/schema.org","@graph":[{"@type":"WebPage","@id":"https:\/\/www.uni.lu\/fhse-fr\/events\/conference-sorcellerie-et-persecution-de-sorcieres-presumees-dans-une-perspective-historique\/","url":"https:\/\/www.uni.lu\/fhse-fr\/events\/conference-sorcellerie-et-persecution-de-sorcieres-presumees-dans-une-perspective-historique\/","name":"Conf\u00e9rence: Sorcellerie et pers\u00e9cution de sorci\u00e8res (pr\u00e9sum\u00e9es) dans une perspective historique - FHSE I Uni.lu","isPartOf":{"@id":"https:\/\/www.uni.lu\/fhse-fr\/#website"},"primaryImageOfPage":{"@id":"https:\/\/www.uni.lu\/fhse-fr\/events\/conference-sorcellerie-et-persecution-de-sorcieres-presumees-dans-une-perspective-historique\/#primaryimage"},"image":{"@id":"https:\/\/www.uni.lu\/fhse-fr\/events\/conference-sorcellerie-et-persecution-de-sorcieres-presumees-dans-une-perspective-historique\/#primaryimage"},"thumbnailUrl":"https:\/\/www.uni.lu\/wp-content\/uploads\/sites\/16\/2021\/09\/default.jpg","datePublished":"2021-09-03T13:06:13+00:00","dateModified":"2021-09-03T13:06:13+00:00","description":"Conf\u00e9rence \"Agora citoyenne sur les \u00e9cosyst\u00e8mes\"Samedi, 11 septembre 2021, 8h45 \u00e0 19h30,avec conf\u00e9rence de prof. adj. Sonja Kmec: Sorcellerie et","breadcrumb":{"@id":"https:\/\/www.uni.lu\/fhse-fr\/events\/conference-sorcellerie-et-persecution-de-sorcieres-presumees-dans-une-perspective-historique\/#breadcrumb"},"inLanguage":"fr-FR","potentialAction":[{"@type":"ReadAction","target":["https:\/\/www.uni.lu\/fhse-fr\/events\/conference-sorcellerie-et-persecution-de-sorcieres-presumees-dans-une-perspective-historique\/"]}]},{"@type":"ImageObject","inLanguage":"fr-FR","@id":"https:\/\/www.uni.lu\/fhse-fr\/events\/conference-sorcellerie-et-persecution-de-sorcieres-presumees-dans-une-perspective-historique\/#primaryimage","url":"https:\/\/www.uni.lu\/wp-content\/uploads\/sites\/16\/2021\/09\/default.jpg","contentUrl":"https:\/\/www.uni.lu\/wp-content\/uploads\/sites\/16\/2021\/09\/default.jpg","width":1500,"height":1125},{"@type":"BreadcrumbList","@id":"https:\/\/www.uni.lu\/fhse-fr\/events\/conference-sorcellerie-et-persecution-de-sorcieres-presumees-dans-une-perspective-historique\/#breadcrumb","itemListElement":[{"@type":"ListItem","position":1,"name":"Home","item":"https:\/\/www.uni.lu\/fr"},{"@type":"ListItem","position":2,"name":"Facult\u00e9 des Sciences Humaines, des Sciences de l\u2019\u00c9ducation et des Sciences Sociales\u200b","item":"https:\/\/www.uni.lu\/fhse-fr\/"},{"@type":"ListItem","position":3,"name":"Events","item":"https:\/\/www.uni.lu\/fhse-fr\/events\/"},{"@type":"ListItem","position":4,"name":"Conf\u00e9rence: Sorcellerie et pers\u00e9cution de sorci\u00e8res (pr\u00e9sum\u00e9es) dans une perspective historique"}]},{"@type":"WebSite","@id":"https:\/\/www.uni.lu\/fhse-fr\/#website","url":"https:\/\/www.uni.lu\/fhse-fr\/","name":"FHSE","description":"Facult\u00e9 des Sciences Humaines, des Sciences de l\u2019\u00c9ducation et des Sciences Sociales\u200b I Uni.lu","publisher":{"@id":"https:\/\/www.uni.lu\/fhse-fr\/#organization"},"alternateName":"Facult\u00e9 des Sciences Humaines, des Sciences de l\u2019\u00c9ducation et des Sciences Sociales\u200b I Universit\u00e9 du Luxembourg","potentialAction":[{"@type":"SearchAction","target":{"@type":"EntryPoint","urlTemplate":"https:\/\/www.uni.lu\/fhse-fr\/?s={search_term_string}"},"query-input":"required name=search_term_string"}],"inLanguage":"fr-FR"},{"@type":"Organization","@id":"https:\/\/www.uni.lu\/fhse-fr\/#organization","name":"FHSE - Universit\u00e9 du Luxembourg I Uni.lu","alternateName":"Facult\u00e9 des Sciences Humaines, des Sciences de l\u2019\u00c9ducation et des Sciences Sociales\u200b","url":"https:\/\/www.uni.lu\/fhse-fr\/","logo":{"@type":"ImageObject","inLanguage":"fr-FR","@id":"https:\/\/www.uni.lu\/fhse-fr\/#\/schema\/logo\/image\/","url":"https:\/\/www.uni.lu\/wp-content\/uploads\/sites\/16\/2026\/03\/03112325\/FHSE_SM-Profile_1600x1600px-scaled.jpg","contentUrl":"https:\/\/www.uni.lu\/wp-content\/uploads\/sites\/16\/2026\/03\/03112325\/FHSE_SM-Profile_1600x1600px-scaled.jpg","width":2560,"height":2560,"caption":"FHSE - Universit\u00e9 du Luxembourg I Uni.lu"},"image":"https:\/\/www.uni.lu\/wp-content\/uploads\/sites\/16\/2026\/04\/24144331\/20200609-Belval-Campus_Henri-Goergen-23.jpg","sameAs":["https:\/\/humanities.uni.lu\/"],"email":"communication@uni.lu","telephone":"+3524666441","address":{"@type":"PostalAddress","streetAddress":"11, Porte des Sciences","addressLocality":"Esch-sur-Alzette","postalCode":"4365","addressCountry":"LU"},"description":"Facult\u00e9 des Sciences Humaines, des Sciences de l\u2019\u00c9ducation et des Sciences Sociales\u200b I Uni.lu"}]}},"_links":{"self":[{"href":"https:\/\/www.uni.lu\/fhse-fr\/wp-json\/wp\/v2\/events\/1676"}],"collection":[{"href":"https:\/\/www.uni.lu\/fhse-fr\/wp-json\/wp\/v2\/events"}],"about":[{"href":"https:\/\/www.uni.lu\/fhse-fr\/wp-json\/wp\/v2\/types\/events"}],"replies":[{"embeddable":true,"href":"https:\/\/www.uni.lu\/fhse-fr\/wp-json\/wp\/v2\/comments?post=1676"}],"version-history":[{"count":0,"href":"https:\/\/www.uni.lu\/fhse-fr\/wp-json\/wp\/v2\/events\/1676\/revisions"}],"wp:featuredmedia":[{"embeddable":true,"href":"https:\/\/www.uni.lu\/fhse-fr\/wp-json\/wp\/v2\/media\/1677"}],"wp:attachment":[{"href":"https:\/\/www.uni.lu\/fhse-fr\/wp-json\/wp\/v2\/media?parent=1676"}],"wp:term":[{"taxonomy":"events-topic","embeddable":true,"href":"https:\/\/www.uni.lu\/fhse-fr\/wp-json\/wp\/v2\/events-topic?post=1676"},{"taxonomy":"events-type","embeddable":true,"href":"https:\/\/www.uni.lu\/fhse-fr\/wp-json\/wp\/v2\/events-type?post=1676"},{"taxonomy":"organisation","embeddable":true,"href":"https:\/\/www.uni.lu\/fhse-fr\/wp-json\/wp\/v2\/organisation?post=1676"}],"curies":[{"name":"wp","href":"https:\/\/api.w.org\/{rel}","templated":true}]}}