{"id":1625,"date":"2021-05-31T17:09:49","date_gmt":"2021-05-31T15:09:49","guid":{"rendered":"https:\/\/www.uni.lu\/fhse-fr\/events\/ltah-gouverner-en-temps-de-pandemie-la-peste-a-tournai\/"},"modified":"2024-04-26T09:59:42","modified_gmt":"2024-04-26T07:59:42","slug":"ltah-gouverner-en-temps-de-pandemie-la-peste-a-tournai","status":"publish","type":"events","link":"https:\/\/www.uni.lu\/fhse-fr\/events\/ltah-gouverner-en-temps-de-pandemie-la-peste-a-tournai\/","title":{"rendered":"LTAH: Gouverner en temps de pand\u00e9mie \u2013 la peste \u00e0 Tournai"},"content":{"rendered":"\n<section class=\"wp-block-unilux-blocks-free-section section\"><div class=\"container xl:max-w-screen-xl\">\n<p>La d\u00e9couverte, parmi les manuscrits de la Biblioth\u00e8que de l\u2019Universit\u00e9 de Gand, de transcriptions effectu\u00e9es par Fr\u00e9d\u00e9ric Hennebert (1837-1873), archiviste de la ville de Tournai, a permis de reconstituer les 30 premi\u00e8res pages du premier Registre aux publications du magistrat urbain, concernant les ann\u00e9es 1349-1351. Ce document, disparu dans le bombardement de Tournai en 1940, informe sur les r\u00e8glementations presque quotidiennes ayant r\u00e9gi la ville, face \u00e0 une crise multiforme, domin\u00e9e par l\u2019irruption de la Peste Noire \u00e0 l\u2019\u00e9t\u00e9 1349.<\/p>\n\n\n\n<p><strong>La conf\u00e9rence sera donn\u00e9e en fran\u00e7ais. En raison des mesures actuelles, elle se d\u00e9roulera <a href=\"https:\/\/www.eventbrite.fr\/e\/billets-gouverner-en-temps-de-pandemie-la-peste-a-tournai-155873466735\" target=\"_blank\" title=\"\" rel=\"noopener\">en ligne<\/a>.<\/strong><\/p>\n\n\n\n<p><strong>Marc BOONE<\/strong> (1955) est professeur ordinaire d\u2019histoire m\u00e9di\u00e9vale \u00e0 l\u2019universit\u00e9 de Gand, universit\u00e9 o\u00f9 il a obtenu son doctorat en 1987. Doyen de la facult\u00e9 de philosophie et lettres entre 2012 et 2018, il a \u00e9t\u00e9 professeur invit\u00e9 \u00e0 l\u2019universit\u00e9 de Bourgogne (Dijon), de Paris IV et \u00e0 l\u2019Ecole des Hautes \u00e9tudes en sciences sociales (Paris), \u00e0 l\u2019Universit\u00e0 degli Studi di Milano, titulaire de la chaire Francqui \u00e0 titre belge \u00e0 l\u2019ULB. Membre de la KVAB (Koninklijke Vlaamse academie van Belgi\u00eb)&nbsp; et de l\u2019Academia Europeae. Pr\u00e9sident de la comit\u00e9 Pro Civitate (Acad\u00e9mies royales) et de la Soci\u00e9t\u00e9 d\u2019histoire et d\u2019arch\u00e9ologie de Gand. Champs de recherches: histoire urbaine, histoire politique et socio-\u00e9conomique du bas Moyen-\u00c2ge, histoire bourguignonne.<\/p>\n\n\n\n<p><strong>Claire BILLEN<\/strong> (1947) est historienne, professeure honoraire de L\u2019Universit\u00e9 Libre de Bruxelles (centre de recherche SociAMM), o\u00f9 elle a enseign\u00e9 l\u2019histoire \u00e9conomique et sociale du Moyen \u00c2ge, l\u2019histoire compar\u00e9e des villes et l\u2019histoire de l\u2019environnement. Elle a \u00e9galement anim\u00e9 plusieurs \u00e9quipes de recherche transdisciplinaires au sein de l\u2019Institut pour la Gestion de l\u2019Environnement et l\u2019Am\u00e9nagement du territoire (IGEAT) de l\u2019ULB.<\/p>\n\n\n\n<p><strong>Programme<\/strong><\/p>\n\n\n\n<p>18h30 : Mot de bienvenue par l\u2019\u00e9quipe de Let\u2019s Talk about History et introduction par Prof. Michel Pauly (Uni.lu)<\/p>\n\n\n\n<p>18h45 : Conf\u00e9rence<\/p>\n\n\n\n<p>19h30 : Discussion<\/p>\n<\/div><\/section>\n","protected":false},"excerpt":{"rendered":"<p>La d\u00e9couverte, parmi les manuscrits de la Biblioth\u00e8que de l\u2019Universit\u00e9 de Gand, de transcriptions effectu\u00e9es par Fr\u00e9d\u00e9ric Hennebert (1837-1873), archiviste de la ville de Tournai, a permis de reconstituer les 30 premi\u00e8res pages du premier Registre aux publications du magistrat urbain, concernant les ann\u00e9es 1349-1351. Ce document, disparu dans le bombardement de Tournai en 1940, informe sur les r\u00e8glementations presque quotidiennes ayant r\u00e9gi la ville, face \u00e0 une crise multiforme, domin\u00e9e par l\u2019irruption de la Peste Noire \u00e0 l\u2019\u00e9t\u00e9 1349.La conf\u00e9rence sera donn\u00e9e en fran\u00e7ais. En raison des mesures actuelles, elle se d\u00e9roulera en ligne.Marc BOONE (1955) est professeur ordinaire d\u2019histoire m\u00e9di\u00e9vale \u00e0 l\u2019universit\u00e9 de Gand, universit\u00e9 o\u00f9 il a obtenu son doctorat en 1987. Doyen de la facult\u00e9 de philosophie et lettres entre 2012 et 2018, il a \u00e9t\u00e9 professeur invit\u00e9 \u00e0 l\u2019universit\u00e9 de Bourgogne (Dijon), de Paris IV et \u00e0 l\u2019Ecole des Hautes \u00e9tudes en sciences sociales (Paris), \u00e0 l\u2019Universit\u00e0 degli Studi di Milano, titulaire de la chaire Francqui \u00e0 titre belge \u00e0 l\u2019ULB. Membre de la KVAB (Koninklijke Vlaamse academie van Belgi\u00eb)\u00a0 et de l\u2019Academia Europeae. Pr\u00e9sident de la comit\u00e9 Pro Civitate (Acad\u00e9mies royales) et de la Soci\u00e9t\u00e9 d\u2019histoire et d\u2019arch\u00e9ologie de Gand. Champs de recherches: histoire urbaine, histoire politique et socio-\u00e9conomique du bas Moyen-\u00c2ge, histoire bourguignonne.Claire BILLEN (1947) est historienne, professeure honoraire de L\u2019Universit\u00e9 Libre de Bruxelles (centre de recherche SociAMM), o\u00f9 elle a enseign\u00e9 l\u2019histoire \u00e9conomique et sociale du Moyen \u00c2ge, l\u2019histoire compar\u00e9e des villes et l\u2019histoire de l\u2019environnement. Elle a \u00e9galement anim\u00e9 plusieurs \u00e9quipes de recherche transdisciplinaires au sein de l\u2019Institut pour la Gestion de l\u2019Environnement et l\u2019Am\u00e9nagement du territoire (IGEAT) de l\u2019ULB.Programme18h30 : Mot de bienvenue par l\u2019\u00e9quipe de Let\u2019s Talk about History et introduction par Prof. Michel Pauly (UL)18h45 : Conf\u00e9rence19h30 : Discussion<\/p>\n","protected":false},"author":44,"featured_media":1626,"parent":0,"menu_order":0,"comment_status":"open","ping_status":"closed","template":"","format":"standard","meta":{"featured_image_focal_point":[],"show_featured_caption":false,"ulux_newsletter_groups":"","uluxPostTitle":"","uluxPrePostTitle":"","_trash_the_other_posts":false,"_price":"","_stock":"","_tribe_ticket_header":"","_tribe_default_ticket_provider":"","_tribe_ticket_capacity":"0","_ticket_start_date":"","_ticket_end_date":"","_tribe_ticket_show_description":"","_tribe_ticket_show_not_going":false,"_tribe_ticket_use_global_stock":"","_tribe_ticket_global_stock_level":"","_global_stock_mode":"","_global_stock_cap":"","_tribe_rsvp_for_event":"","_tribe_ticket_going_count":"","_tribe_ticket_not_going_count":"","_tribe_tickets_list":"[]","_tribe_ticket_has_attendee_info_fields":false,"event_start_date":"2021-06-10 18:30:00","event_end_date":"2021-06-10 20:30:00","event_speaker_name":"","event_speaker_link":"","event_is_online":true,"event_location":"conf\u00e9rences en ligne ","event_street":"","event_location_link":"","event_zip_code":"","event_city":"","event_country":"Luxembourg"},"events-topic":[305],"events-type":[],"organisation":[170,146,173],"authorship":[],"acf":[],"yoast_head":"<!-- This site is optimized with the Yoast SEO Premium plugin v22.3 (Yoast SEO v22.3) - https:\/\/yoast.com\/wordpress\/plugins\/seo\/ -->\n<title>LTAH: Gouverner en temps de pand\u00e9mie \u2013 la peste \u00e0 Tournai - FHSE I Uni.lu<\/title>\n<meta name=\"description\" content=\"La d\u00e9couverte, parmi les manuscrits de la Biblioth\u00e8que de l\u2019Universit\u00e9 de Gand, de transcriptions effectu\u00e9es par Fr\u00e9d\u00e9ric Hennebert (1837-1873), archiviste de la ville de Tournai, a permis de reconstituer les 30 premi\u00e8res pages du premier Registre aux publications du magistrat urbain, concernant les ann\u00e9es 1349-1351. Ce document, disparu dans le bombardement de Tournai en 1940, informe sur les r\u00e8glementations presque quotidiennes ayant r\u00e9gi la ville, face \u00e0 une crise multiforme, domin\u00e9e par l\u2019irruption de la Peste Noire \u00e0 l\u2019\u00e9t\u00e9 1349.La conf\u00e9rence sera donn\u00e9e en fran\u00e7ais. En raison des mesures actuelles, elle se d\u00e9roulera en ligne.Marc BOONE (1955) est professeur ordinaire d\u2019histoire m\u00e9di\u00e9vale \u00e0 l\u2019universit\u00e9 de Gand, universit\u00e9 o\u00f9 il a obtenu son doctorat en 1987. Doyen de la facult\u00e9 de philosophie et lettres entre 2012 et 2018, il a \u00e9t\u00e9 professeur invit\u00e9 \u00e0 l\u2019universit\u00e9 de Bourgogne (Dijon), de Paris IV et \u00e0 l\u2019Ecole des Hautes \u00e9tudes en sciences sociales (Paris), \u00e0 l\u2019Universit\u00e0 degli Studi di Milano, titulaire de la chaire Francqui \u00e0 titre belge \u00e0 l\u2019ULB. Membre de la KVAB (Koninklijke Vlaamse academie van Belgi\u00eb)\u00a0 et de l\u2019Academia Europeae. Pr\u00e9sident de la comit\u00e9 Pro Civitate (Acad\u00e9mies royales) et de la Soci\u00e9t\u00e9 d\u2019histoire et d\u2019arch\u00e9ologie de Gand. Champs de recherches: histoire urbaine, histoire politique et socio-\u00e9conomique du bas Moyen-\u00c2ge, histoire bourguignonne.Claire BILLEN (1947) est historienne, professeure honoraire de L\u2019Universit\u00e9 Libre de Bruxelles (centre de recherche SociAMM), o\u00f9 elle a enseign\u00e9 l\u2019histoire \u00e9conomique et sociale du Moyen \u00c2ge, l\u2019histoire compar\u00e9e des villes et l\u2019histoire de l\u2019environnement. Elle a \u00e9galement anim\u00e9 plusieurs \u00e9quipes de recherche transdisciplinaires au sein de l\u2019Institut pour la Gestion de l\u2019Environnement et l\u2019Am\u00e9nagement du territoire (IGEAT) de l\u2019ULB.Programme18h30 : Mot de bienvenue par l\u2019\u00e9quipe de Let\u2019s Talk about History et introduction par Prof. Michel Pauly (UL)18h45 : Conf\u00e9rence19h30 : Discussion\" \/>\n<meta name=\"robots\" content=\"index, follow, max-snippet:-1, max-image-preview:large, max-video-preview:-1\" \/>\n<link rel=\"canonical\" href=\"https:\/\/www.uni.lu\/fhse-fr\/events\/ltah-gouverner-en-temps-de-pandemie-la-peste-a-tournai\/\" \/>\n<meta property=\"og:locale\" content=\"fr_FR\" \/>\n<meta property=\"og:type\" content=\"article\" \/>\n<meta property=\"og:title\" content=\"LTAH: Gouverner en temps de pand\u00e9mie \u2013 la peste \u00e0 Tournai\" \/>\n<meta property=\"og:description\" content=\"La d\u00e9couverte, parmi les manuscrits de la Biblioth\u00e8que de l\u2019Universit\u00e9 de Gand, de transcriptions effectu\u00e9es par Fr\u00e9d\u00e9ric Hennebert (1837-1873), archiviste de la ville de Tournai, a permis de reconstituer les 30 premi\u00e8res pages du premier Registre aux publications du magistrat urbain, concernant les ann\u00e9es 1349-1351. Ce document, disparu dans le bombardement de Tournai en 1940, informe sur les r\u00e8glementations presque quotidiennes ayant r\u00e9gi la ville, face \u00e0 une crise multiforme, domin\u00e9e par l\u2019irruption de la Peste Noire \u00e0 l\u2019\u00e9t\u00e9 1349.La conf\u00e9rence sera donn\u00e9e en fran\u00e7ais. En raison des mesures actuelles, elle se d\u00e9roulera en ligne.Marc BOONE (1955) est professeur ordinaire d\u2019histoire m\u00e9di\u00e9vale \u00e0 l\u2019universit\u00e9 de Gand, universit\u00e9 o\u00f9 il a obtenu son doctorat en 1987. Doyen de la facult\u00e9 de philosophie et lettres entre 2012 et 2018, il a \u00e9t\u00e9 professeur invit\u00e9 \u00e0 l\u2019universit\u00e9 de Bourgogne (Dijon), de Paris IV et \u00e0 l\u2019Ecole des Hautes \u00e9tudes en sciences sociales (Paris), \u00e0 l\u2019Universit\u00e0 degli Studi di Milano, titulaire de la chaire Francqui \u00e0 titre belge \u00e0 l\u2019ULB. Membre de la KVAB (Koninklijke Vlaamse academie van Belgi\u00eb)\u00a0 et de l\u2019Academia Europeae. Pr\u00e9sident de la comit\u00e9 Pro Civitate (Acad\u00e9mies royales) et de la Soci\u00e9t\u00e9 d\u2019histoire et d\u2019arch\u00e9ologie de Gand. Champs de recherches: histoire urbaine, histoire politique et socio-\u00e9conomique du bas Moyen-\u00c2ge, histoire bourguignonne.Claire BILLEN (1947) est historienne, professeure honoraire de L\u2019Universit\u00e9 Libre de Bruxelles (centre de recherche SociAMM), o\u00f9 elle a enseign\u00e9 l\u2019histoire \u00e9conomique et sociale du Moyen \u00c2ge, l\u2019histoire compar\u00e9e des villes et l\u2019histoire de l\u2019environnement. Elle a \u00e9galement anim\u00e9 plusieurs \u00e9quipes de recherche transdisciplinaires au sein de l\u2019Institut pour la Gestion de l\u2019Environnement et l\u2019Am\u00e9nagement du territoire (IGEAT) de l\u2019ULB.Programme18h30 : Mot de bienvenue par l\u2019\u00e9quipe de Let\u2019s Talk about History et introduction par Prof. Michel Pauly (UL)18h45 : Conf\u00e9rence19h30 : Discussion\" \/>\n<meta property=\"og:url\" content=\"https:\/\/www.uni.lu\/fhse-fr\/events\/ltah-gouverner-en-temps-de-pandemie-la-peste-a-tournai\/\" \/>\n<meta property=\"og:site_name\" content=\"FHSE FR\" \/>\n<meta property=\"article:modified_time\" content=\"2024-04-26T07:59:42+00:00\" \/>\n<meta property=\"og:image\" content=\"https:\/\/www.uni.lu\/wp-content\/uploads\/sites\/16\/2021\/05\/ltah_gouverner_en_temps_de_pandemie_la_peste_a_tournai.jpg\" \/>\n\t<meta property=\"og:image:width\" content=\"800\" \/>\n\t<meta property=\"og:image:height\" content=\"600\" \/>\n\t<meta property=\"og:image:type\" content=\"image\/jpeg\" \/>\n<meta name=\"twitter:card\" content=\"summary_large_image\" \/>\n<meta name=\"twitter:label1\" content=\"Dur\u00e9e de lecture estim\u00e9e\" \/>\n\t<meta name=\"twitter:data1\" content=\"2 minutes\" \/>\n<script type=\"application\/ld+json\" class=\"yoast-schema-graph\">{\"@context\":\"https:\/\/schema.org\",\"@graph\":[{\"@type\":\"WebPage\",\"@id\":\"https:\/\/www.uni.lu\/fhse-fr\/events\/ltah-gouverner-en-temps-de-pandemie-la-peste-a-tournai\/\",\"url\":\"https:\/\/www.uni.lu\/fhse-fr\/events\/ltah-gouverner-en-temps-de-pandemie-la-peste-a-tournai\/\",\"name\":\"LTAH: Gouverner en temps de pand\u00e9mie \u2013 la peste \u00e0 Tournai - FHSE I Uni.lu\",\"isPartOf\":{\"@id\":\"https:\/\/www.uni.lu\/fhse-fr\/#website\"},\"primaryImageOfPage\":{\"@id\":\"https:\/\/www.uni.lu\/fhse-fr\/events\/ltah-gouverner-en-temps-de-pandemie-la-peste-a-tournai\/#primaryimage\"},\"image\":{\"@id\":\"https:\/\/www.uni.lu\/fhse-fr\/events\/ltah-gouverner-en-temps-de-pandemie-la-peste-a-tournai\/#primaryimage\"},\"thumbnailUrl\":\"https:\/\/www.uni.lu\/wp-content\/uploads\/sites\/16\/2021\/05\/ltah_gouverner_en_temps_de_pandemie_la_peste_a_tournai.jpg\",\"datePublished\":\"2021-05-31T15:09:49+00:00\",\"dateModified\":\"2024-04-26T07:59:42+00:00\",\"description\":\"La d\u00e9couverte, parmi les manuscrits de la Biblioth\u00e8que de l\u2019Universit\u00e9 de Gand, de transcriptions effectu\u00e9es par Fr\u00e9d\u00e9ric Hennebert (1837-1873), archiviste de la ville de Tournai, a permis de reconstituer les 30 premi\u00e8res pages du premier Registre aux publications du magistrat urbain, concernant les ann\u00e9es 1349-1351. Ce document, disparu dans le bombardement de Tournai en 1940, informe sur les r\u00e8glementations presque quotidiennes ayant r\u00e9gi la ville, face \u00e0 une crise multiforme, domin\u00e9e par l\u2019irruption de la Peste Noire \u00e0 l\u2019\u00e9t\u00e9 1349.La conf\u00e9rence sera donn\u00e9e en fran\u00e7ais. En raison des mesures actuelles, elle se d\u00e9roulera en ligne.Marc BOONE (1955) est professeur ordinaire d\u2019histoire m\u00e9di\u00e9vale \u00e0 l\u2019universit\u00e9 de Gand, universit\u00e9 o\u00f9 il a obtenu son doctorat en 1987. Doyen de la facult\u00e9 de philosophie et lettres entre 2012 et 2018, il a \u00e9t\u00e9 professeur invit\u00e9 \u00e0 l\u2019universit\u00e9 de Bourgogne (Dijon), de Paris IV et \u00e0 l\u2019Ecole des Hautes \u00e9tudes en sciences sociales (Paris), \u00e0 l\u2019Universit\u00e0 degli Studi di Milano, titulaire de la chaire Francqui \u00e0 titre belge \u00e0 l\u2019ULB. Membre de la KVAB (Koninklijke Vlaamse academie van Belgi\u00eb)\u00a0 et de l\u2019Academia Europeae. Pr\u00e9sident de la comit\u00e9 Pro Civitate (Acad\u00e9mies royales) et de la Soci\u00e9t\u00e9 d\u2019histoire et d\u2019arch\u00e9ologie de Gand. Champs de recherches: histoire urbaine, histoire politique et socio-\u00e9conomique du bas Moyen-\u00c2ge, histoire bourguignonne.Claire BILLEN (1947) est historienne, professeure honoraire de L\u2019Universit\u00e9 Libre de Bruxelles (centre de recherche SociAMM), o\u00f9 elle a enseign\u00e9 l\u2019histoire \u00e9conomique et sociale du Moyen \u00c2ge, l\u2019histoire compar\u00e9e des villes et l\u2019histoire de l\u2019environnement. Elle a \u00e9galement anim\u00e9 plusieurs \u00e9quipes de recherche transdisciplinaires au sein de l\u2019Institut pour la Gestion de l\u2019Environnement et l\u2019Am\u00e9nagement du territoire (IGEAT) de l\u2019ULB.Programme18h30 : Mot de bienvenue par l\u2019\u00e9quipe de Let\u2019s Talk about History et introduction par Prof. Michel Pauly (UL)18h45 : Conf\u00e9rence19h30 : Discussion\",\"breadcrumb\":{\"@id\":\"https:\/\/www.uni.lu\/fhse-fr\/events\/ltah-gouverner-en-temps-de-pandemie-la-peste-a-tournai\/#breadcrumb\"},\"inLanguage\":\"fr-FR\",\"potentialAction\":[{\"@type\":\"ReadAction\",\"target\":[\"https:\/\/www.uni.lu\/fhse-fr\/events\/ltah-gouverner-en-temps-de-pandemie-la-peste-a-tournai\/\"]}]},{\"@type\":\"ImageObject\",\"inLanguage\":\"fr-FR\",\"@id\":\"https:\/\/www.uni.lu\/fhse-fr\/events\/ltah-gouverner-en-temps-de-pandemie-la-peste-a-tournai\/#primaryimage\",\"url\":\"https:\/\/www.uni.lu\/wp-content\/uploads\/sites\/16\/2021\/05\/ltah_gouverner_en_temps_de_pandemie_la_peste_a_tournai.jpg\",\"contentUrl\":\"https:\/\/www.uni.lu\/wp-content\/uploads\/sites\/16\/2021\/05\/ltah_gouverner_en_temps_de_pandemie_la_peste_a_tournai.jpg\",\"width\":800,\"height\":600},{\"@type\":\"BreadcrumbList\",\"@id\":\"https:\/\/www.uni.lu\/fhse-fr\/events\/ltah-gouverner-en-temps-de-pandemie-la-peste-a-tournai\/#breadcrumb\",\"itemListElement\":[{\"@type\":\"ListItem\",\"position\":1,\"name\":\"Home\",\"item\":\"https:\/\/www.uni.lu\/fr\"},{\"@type\":\"ListItem\",\"position\":2,\"name\":\"Facult\u00e9 des Sciences Humaines, des Sciences de l\u2019\u00c9ducation et des Sciences Sociales\u200b\",\"item\":\"https:\/\/www.uni.lu\/fhse-fr\/\"},{\"@type\":\"ListItem\",\"position\":3,\"name\":\"Events\",\"item\":\"https:\/\/www.uni.lu\/fhse-fr\/events\/\"},{\"@type\":\"ListItem\",\"position\":4,\"name\":\"LTAH: Gouverner en temps de pand\u00e9mie \u2013 la peste \u00e0 Tournai\"}]},{\"@type\":\"WebSite\",\"@id\":\"https:\/\/www.uni.lu\/fhse-fr\/#website\",\"url\":\"https:\/\/www.uni.lu\/fhse-fr\/\",\"name\":\"FHSE\",\"description\":\"Facult\u00e9 des Sciences Humaines, des Sciences de l\u2019\u00c9ducation et des Sciences Sociales\u200b I Uni.lu\",\"publisher\":{\"@id\":\"https:\/\/www.uni.lu\/fhse-fr\/#organization\"},\"alternateName\":\"Facult\u00e9 des Sciences Humaines, des Sciences de l\u2019\u00c9ducation et des Sciences Sociales\u200b I Universit\u00e9 du Luxembourg\",\"potentialAction\":[{\"@type\":\"SearchAction\",\"target\":{\"@type\":\"EntryPoint\",\"urlTemplate\":\"https:\/\/www.uni.lu\/fhse-fr\/?s={search_term_string}\"},\"query-input\":\"required name=search_term_string\"}],\"inLanguage\":\"fr-FR\"},{\"@type\":\"Organization\",\"@id\":\"https:\/\/www.uni.lu\/fhse-fr\/#organization\",\"name\":\"FHSE - Universit\u00e9 du Luxembourg I Uni.lu\",\"alternateName\":\"Facult\u00e9 des Sciences Humaines, des Sciences de l\u2019\u00c9ducation et des Sciences Sociales\u200b\",\"url\":\"https:\/\/www.uni.lu\/fhse-fr\/\",\"logo\":{\"@type\":\"ImageObject\",\"inLanguage\":\"fr-FR\",\"@id\":\"https:\/\/www.uni.lu\/fhse-fr\/#\/schema\/logo\/image\/\",\"url\":\"https:\/\/www.uni.lu\/wp-content\/uploads\/sites\/16\/2026\/03\/03112325\/FHSE_SM-Profile_1600x1600px-scaled.jpg\",\"contentUrl\":\"https:\/\/www.uni.lu\/wp-content\/uploads\/sites\/16\/2026\/03\/03112325\/FHSE_SM-Profile_1600x1600px-scaled.jpg\",\"width\":2560,\"height\":2560,\"caption\":\"FHSE - Universit\u00e9 du Luxembourg I Uni.lu\"},\"image\":\"https:\/\/www.uni.lu\/wp-content\/uploads\/sites\/16\/2026\/04\/24144331\/20200609-Belval-Campus_Henri-Goergen-23.jpg\",\"sameAs\":[\"https:\/\/humanities.uni.lu\/\"],\"email\":\"communication@uni.lu\",\"telephone\":\"+3524666441\",\"address\":{\"@type\":\"PostalAddress\",\"streetAddress\":\"11, Porte des Sciences\",\"addressLocality\":\"Esch-sur-Alzette\",\"postalCode\":\"4365\",\"addressCountry\":\"LU\"},\"description\":\"Facult\u00e9 des Sciences Humaines, des Sciences de l\u2019\u00c9ducation et des Sciences Sociales\u200b I Uni.lu\"}]}<\/script>\n<!-- \/ Yoast SEO Premium plugin. -->","yoast_head_json":{"title":"LTAH: Gouverner en temps de pand\u00e9mie \u2013 la peste \u00e0 Tournai - FHSE I Uni.lu","description":"La d\u00e9couverte, parmi les manuscrits de la Biblioth\u00e8que de l\u2019Universit\u00e9 de Gand, de transcriptions effectu\u00e9es par Fr\u00e9d\u00e9ric Hennebert (1837-1873), archiviste de la ville de Tournai, a permis de reconstituer les 30 premi\u00e8res pages du premier Registre aux publications du magistrat urbain, concernant les ann\u00e9es 1349-1351. Ce document, disparu dans le bombardement de Tournai en 1940, informe sur les r\u00e8glementations presque quotidiennes ayant r\u00e9gi la ville, face \u00e0 une crise multiforme, domin\u00e9e par l\u2019irruption de la Peste Noire \u00e0 l\u2019\u00e9t\u00e9 1349.La conf\u00e9rence sera donn\u00e9e en fran\u00e7ais. En raison des mesures actuelles, elle se d\u00e9roulera en ligne.Marc BOONE (1955) est professeur ordinaire d\u2019histoire m\u00e9di\u00e9vale \u00e0 l\u2019universit\u00e9 de Gand, universit\u00e9 o\u00f9 il a obtenu son doctorat en 1987. Doyen de la facult\u00e9 de philosophie et lettres entre 2012 et 2018, il a \u00e9t\u00e9 professeur invit\u00e9 \u00e0 l\u2019universit\u00e9 de Bourgogne (Dijon), de Paris IV et \u00e0 l\u2019Ecole des Hautes \u00e9tudes en sciences sociales (Paris), \u00e0 l\u2019Universit\u00e0 degli Studi di Milano, titulaire de la chaire Francqui \u00e0 titre belge \u00e0 l\u2019ULB. Membre de la KVAB (Koninklijke Vlaamse academie van Belgi\u00eb)\u00a0 et de l\u2019Academia Europeae. Pr\u00e9sident de la comit\u00e9 Pro Civitate (Acad\u00e9mies royales) et de la Soci\u00e9t\u00e9 d\u2019histoire et d\u2019arch\u00e9ologie de Gand. Champs de recherches: histoire urbaine, histoire politique et socio-\u00e9conomique du bas Moyen-\u00c2ge, histoire bourguignonne.Claire BILLEN (1947) est historienne, professeure honoraire de L\u2019Universit\u00e9 Libre de Bruxelles (centre de recherche SociAMM), o\u00f9 elle a enseign\u00e9 l\u2019histoire \u00e9conomique et sociale du Moyen \u00c2ge, l\u2019histoire compar\u00e9e des villes et l\u2019histoire de l\u2019environnement. Elle a \u00e9galement anim\u00e9 plusieurs \u00e9quipes de recherche transdisciplinaires au sein de l\u2019Institut pour la Gestion de l\u2019Environnement et l\u2019Am\u00e9nagement du territoire (IGEAT) de l\u2019ULB.Programme18h30 : Mot de bienvenue par l\u2019\u00e9quipe de Let\u2019s Talk about History et introduction par Prof. Michel Pauly (UL)18h45 : Conf\u00e9rence19h30 : Discussion","robots":{"index":"index","follow":"follow","max-snippet":"max-snippet:-1","max-image-preview":"max-image-preview:large","max-video-preview":"max-video-preview:-1"},"canonical":"https:\/\/www.uni.lu\/fhse-fr\/events\/ltah-gouverner-en-temps-de-pandemie-la-peste-a-tournai\/","og_locale":"fr_FR","og_type":"article","og_title":"LTAH: Gouverner en temps de pand\u00e9mie \u2013 la peste \u00e0 Tournai","og_description":"La d\u00e9couverte, parmi les manuscrits de la Biblioth\u00e8que de l\u2019Universit\u00e9 de Gand, de transcriptions effectu\u00e9es par Fr\u00e9d\u00e9ric Hennebert (1837-1873), archiviste de la ville de Tournai, a permis de reconstituer les 30 premi\u00e8res pages du premier Registre aux publications du magistrat urbain, concernant les ann\u00e9es 1349-1351. Ce document, disparu dans le bombardement de Tournai en 1940, informe sur les r\u00e8glementations presque quotidiennes ayant r\u00e9gi la ville, face \u00e0 une crise multiforme, domin\u00e9e par l\u2019irruption de la Peste Noire \u00e0 l\u2019\u00e9t\u00e9 1349.La conf\u00e9rence sera donn\u00e9e en fran\u00e7ais. En raison des mesures actuelles, elle se d\u00e9roulera en ligne.Marc BOONE (1955) est professeur ordinaire d\u2019histoire m\u00e9di\u00e9vale \u00e0 l\u2019universit\u00e9 de Gand, universit\u00e9 o\u00f9 il a obtenu son doctorat en 1987. Doyen de la facult\u00e9 de philosophie et lettres entre 2012 et 2018, il a \u00e9t\u00e9 professeur invit\u00e9 \u00e0 l\u2019universit\u00e9 de Bourgogne (Dijon), de Paris IV et \u00e0 l\u2019Ecole des Hautes \u00e9tudes en sciences sociales (Paris), \u00e0 l\u2019Universit\u00e0 degli Studi di Milano, titulaire de la chaire Francqui \u00e0 titre belge \u00e0 l\u2019ULB. Membre de la KVAB (Koninklijke Vlaamse academie van Belgi\u00eb)\u00a0 et de l\u2019Academia Europeae. Pr\u00e9sident de la comit\u00e9 Pro Civitate (Acad\u00e9mies royales) et de la Soci\u00e9t\u00e9 d\u2019histoire et d\u2019arch\u00e9ologie de Gand. Champs de recherches: histoire urbaine, histoire politique et socio-\u00e9conomique du bas Moyen-\u00c2ge, histoire bourguignonne.Claire BILLEN (1947) est historienne, professeure honoraire de L\u2019Universit\u00e9 Libre de Bruxelles (centre de recherche SociAMM), o\u00f9 elle a enseign\u00e9 l\u2019histoire \u00e9conomique et sociale du Moyen \u00c2ge, l\u2019histoire compar\u00e9e des villes et l\u2019histoire de l\u2019environnement. Elle a \u00e9galement anim\u00e9 plusieurs \u00e9quipes de recherche transdisciplinaires au sein de l\u2019Institut pour la Gestion de l\u2019Environnement et l\u2019Am\u00e9nagement du territoire (IGEAT) de l\u2019ULB.Programme18h30 : Mot de bienvenue par l\u2019\u00e9quipe de Let\u2019s Talk about History et introduction par Prof. Michel Pauly (UL)18h45 : Conf\u00e9rence19h30 : Discussion","og_url":"https:\/\/www.uni.lu\/fhse-fr\/events\/ltah-gouverner-en-temps-de-pandemie-la-peste-a-tournai\/","og_site_name":"FHSE FR","article_modified_time":"2024-04-26T07:59:42+00:00","og_image":[{"width":800,"height":600,"url":"https:\/\/www.uni.lu\/wp-content\/uploads\/sites\/16\/2021\/05\/ltah_gouverner_en_temps_de_pandemie_la_peste_a_tournai.jpg","type":"image\/jpeg"}],"twitter_card":"summary_large_image","twitter_misc":{"Dur\u00e9e de lecture estim\u00e9e":"2 minutes"},"schema":{"@context":"https:\/\/schema.org","@graph":[{"@type":"WebPage","@id":"https:\/\/www.uni.lu\/fhse-fr\/events\/ltah-gouverner-en-temps-de-pandemie-la-peste-a-tournai\/","url":"https:\/\/www.uni.lu\/fhse-fr\/events\/ltah-gouverner-en-temps-de-pandemie-la-peste-a-tournai\/","name":"LTAH: Gouverner en temps de pand\u00e9mie \u2013 la peste \u00e0 Tournai - FHSE I Uni.lu","isPartOf":{"@id":"https:\/\/www.uni.lu\/fhse-fr\/#website"},"primaryImageOfPage":{"@id":"https:\/\/www.uni.lu\/fhse-fr\/events\/ltah-gouverner-en-temps-de-pandemie-la-peste-a-tournai\/#primaryimage"},"image":{"@id":"https:\/\/www.uni.lu\/fhse-fr\/events\/ltah-gouverner-en-temps-de-pandemie-la-peste-a-tournai\/#primaryimage"},"thumbnailUrl":"https:\/\/www.uni.lu\/wp-content\/uploads\/sites\/16\/2021\/05\/ltah_gouverner_en_temps_de_pandemie_la_peste_a_tournai.jpg","datePublished":"2021-05-31T15:09:49+00:00","dateModified":"2024-04-26T07:59:42+00:00","description":"La d\u00e9couverte, parmi les manuscrits de la Biblioth\u00e8que de l\u2019Universit\u00e9 de Gand, de transcriptions effectu\u00e9es par Fr\u00e9d\u00e9ric Hennebert (1837-1873), archiviste de la ville de Tournai, a permis de reconstituer les 30 premi\u00e8res pages du premier Registre aux publications du magistrat urbain, concernant les ann\u00e9es 1349-1351. Ce document, disparu dans le bombardement de Tournai en 1940, informe sur les r\u00e8glementations presque quotidiennes ayant r\u00e9gi la ville, face \u00e0 une crise multiforme, domin\u00e9e par l\u2019irruption de la Peste Noire \u00e0 l\u2019\u00e9t\u00e9 1349.La conf\u00e9rence sera donn\u00e9e en fran\u00e7ais. En raison des mesures actuelles, elle se d\u00e9roulera en ligne.Marc BOONE (1955) est professeur ordinaire d\u2019histoire m\u00e9di\u00e9vale \u00e0 l\u2019universit\u00e9 de Gand, universit\u00e9 o\u00f9 il a obtenu son doctorat en 1987. Doyen de la facult\u00e9 de philosophie et lettres entre 2012 et 2018, il a \u00e9t\u00e9 professeur invit\u00e9 \u00e0 l\u2019universit\u00e9 de Bourgogne (Dijon), de Paris IV et \u00e0 l\u2019Ecole des Hautes \u00e9tudes en sciences sociales (Paris), \u00e0 l\u2019Universit\u00e0 degli Studi di Milano, titulaire de la chaire Francqui \u00e0 titre belge \u00e0 l\u2019ULB. Membre de la KVAB (Koninklijke Vlaamse academie van Belgi\u00eb)\u00a0 et de l\u2019Academia Europeae. Pr\u00e9sident de la comit\u00e9 Pro Civitate (Acad\u00e9mies royales) et de la Soci\u00e9t\u00e9 d\u2019histoire et d\u2019arch\u00e9ologie de Gand. Champs de recherches: histoire urbaine, histoire politique et socio-\u00e9conomique du bas Moyen-\u00c2ge, histoire bourguignonne.Claire BILLEN (1947) est historienne, professeure honoraire de L\u2019Universit\u00e9 Libre de Bruxelles (centre de recherche SociAMM), o\u00f9 elle a enseign\u00e9 l\u2019histoire \u00e9conomique et sociale du Moyen \u00c2ge, l\u2019histoire compar\u00e9e des villes et l\u2019histoire de l\u2019environnement. Elle a \u00e9galement anim\u00e9 plusieurs \u00e9quipes de recherche transdisciplinaires au sein de l\u2019Institut pour la Gestion de l\u2019Environnement et l\u2019Am\u00e9nagement du territoire (IGEAT) de l\u2019ULB.Programme18h30 : Mot de bienvenue par l\u2019\u00e9quipe de Let\u2019s Talk about History et introduction par Prof. Michel Pauly (UL)18h45 : Conf\u00e9rence19h30 : Discussion","breadcrumb":{"@id":"https:\/\/www.uni.lu\/fhse-fr\/events\/ltah-gouverner-en-temps-de-pandemie-la-peste-a-tournai\/#breadcrumb"},"inLanguage":"fr-FR","potentialAction":[{"@type":"ReadAction","target":["https:\/\/www.uni.lu\/fhse-fr\/events\/ltah-gouverner-en-temps-de-pandemie-la-peste-a-tournai\/"]}]},{"@type":"ImageObject","inLanguage":"fr-FR","@id":"https:\/\/www.uni.lu\/fhse-fr\/events\/ltah-gouverner-en-temps-de-pandemie-la-peste-a-tournai\/#primaryimage","url":"https:\/\/www.uni.lu\/wp-content\/uploads\/sites\/16\/2021\/05\/ltah_gouverner_en_temps_de_pandemie_la_peste_a_tournai.jpg","contentUrl":"https:\/\/www.uni.lu\/wp-content\/uploads\/sites\/16\/2021\/05\/ltah_gouverner_en_temps_de_pandemie_la_peste_a_tournai.jpg","width":800,"height":600},{"@type":"BreadcrumbList","@id":"https:\/\/www.uni.lu\/fhse-fr\/events\/ltah-gouverner-en-temps-de-pandemie-la-peste-a-tournai\/#breadcrumb","itemListElement":[{"@type":"ListItem","position":1,"name":"Home","item":"https:\/\/www.uni.lu\/fr"},{"@type":"ListItem","position":2,"name":"Facult\u00e9 des Sciences Humaines, des Sciences de l\u2019\u00c9ducation et des Sciences Sociales\u200b","item":"https:\/\/www.uni.lu\/fhse-fr\/"},{"@type":"ListItem","position":3,"name":"Events","item":"https:\/\/www.uni.lu\/fhse-fr\/events\/"},{"@type":"ListItem","position":4,"name":"LTAH: Gouverner en temps de pand\u00e9mie \u2013 la peste \u00e0 Tournai"}]},{"@type":"WebSite","@id":"https:\/\/www.uni.lu\/fhse-fr\/#website","url":"https:\/\/www.uni.lu\/fhse-fr\/","name":"FHSE","description":"Facult\u00e9 des Sciences Humaines, des Sciences de l\u2019\u00c9ducation et des Sciences Sociales\u200b I Uni.lu","publisher":{"@id":"https:\/\/www.uni.lu\/fhse-fr\/#organization"},"alternateName":"Facult\u00e9 des Sciences Humaines, des Sciences de l\u2019\u00c9ducation et des Sciences Sociales\u200b I Universit\u00e9 du Luxembourg","potentialAction":[{"@type":"SearchAction","target":{"@type":"EntryPoint","urlTemplate":"https:\/\/www.uni.lu\/fhse-fr\/?s={search_term_string}"},"query-input":"required name=search_term_string"}],"inLanguage":"fr-FR"},{"@type":"Organization","@id":"https:\/\/www.uni.lu\/fhse-fr\/#organization","name":"FHSE - Universit\u00e9 du Luxembourg I Uni.lu","alternateName":"Facult\u00e9 des Sciences Humaines, des Sciences de l\u2019\u00c9ducation et des Sciences Sociales\u200b","url":"https:\/\/www.uni.lu\/fhse-fr\/","logo":{"@type":"ImageObject","inLanguage":"fr-FR","@id":"https:\/\/www.uni.lu\/fhse-fr\/#\/schema\/logo\/image\/","url":"https:\/\/www.uni.lu\/wp-content\/uploads\/sites\/16\/2026\/03\/03112325\/FHSE_SM-Profile_1600x1600px-scaled.jpg","contentUrl":"https:\/\/www.uni.lu\/wp-content\/uploads\/sites\/16\/2026\/03\/03112325\/FHSE_SM-Profile_1600x1600px-scaled.jpg","width":2560,"height":2560,"caption":"FHSE - Universit\u00e9 du Luxembourg I Uni.lu"},"image":"https:\/\/www.uni.lu\/wp-content\/uploads\/sites\/16\/2026\/04\/24144331\/20200609-Belval-Campus_Henri-Goergen-23.jpg","sameAs":["https:\/\/humanities.uni.lu\/"],"email":"communication@uni.lu","telephone":"+3524666441","address":{"@type":"PostalAddress","streetAddress":"11, Porte des Sciences","addressLocality":"Esch-sur-Alzette","postalCode":"4365","addressCountry":"LU"},"description":"Facult\u00e9 des Sciences Humaines, des Sciences de l\u2019\u00c9ducation et des Sciences Sociales\u200b I Uni.lu"}]}},"_links":{"self":[{"href":"https:\/\/www.uni.lu\/fhse-fr\/wp-json\/wp\/v2\/events\/1625"}],"collection":[{"href":"https:\/\/www.uni.lu\/fhse-fr\/wp-json\/wp\/v2\/events"}],"about":[{"href":"https:\/\/www.uni.lu\/fhse-fr\/wp-json\/wp\/v2\/types\/events"}],"author":[{"embeddable":true,"href":"https:\/\/www.uni.lu\/fhse-fr\/wp-json\/wp\/v2\/users\/44"}],"replies":[{"embeddable":true,"href":"https:\/\/www.uni.lu\/fhse-fr\/wp-json\/wp\/v2\/comments?post=1625"}],"version-history":[{"count":1,"href":"https:\/\/www.uni.lu\/fhse-fr\/wp-json\/wp\/v2\/events\/1625\/revisions"}],"predecessor-version":[{"id":2723,"href":"https:\/\/www.uni.lu\/fhse-fr\/wp-json\/wp\/v2\/events\/1625\/revisions\/2723"}],"wp:featuredmedia":[{"embeddable":true,"href":"https:\/\/www.uni.lu\/fhse-fr\/wp-json\/wp\/v2\/media\/1626"}],"wp:attachment":[{"href":"https:\/\/www.uni.lu\/fhse-fr\/wp-json\/wp\/v2\/media?parent=1625"}],"wp:term":[{"taxonomy":"events-topic","embeddable":true,"href":"https:\/\/www.uni.lu\/fhse-fr\/wp-json\/wp\/v2\/events-topic?post=1625"},{"taxonomy":"events-type","embeddable":true,"href":"https:\/\/www.uni.lu\/fhse-fr\/wp-json\/wp\/v2\/events-type?post=1625"},{"taxonomy":"organisation","embeddable":true,"href":"https:\/\/www.uni.lu\/fhse-fr\/wp-json\/wp\/v2\/organisation?post=1625"}],"curies":[{"name":"wp","href":"https:\/\/api.w.org\/{rel}","templated":true}]}}