{"id":1597,"date":"2021-04-26T11:03:34","date_gmt":"2021-04-26T09:03:34","guid":{"rendered":"https:\/\/www.uni.lu\/fhse-fr\/events\/colloque-vun-der-luxemburgistik-soziolinguistik-vun-der-letzebuerger-futtballsprooch\/"},"modified":"2021-04-26T11:03:34","modified_gmt":"2021-04-26T09:03:34","slug":"colloque-vun-der-luxemburgistik-soziolinguistik-vun-der-letzebuerger-futtballsprooch","status":"publish","type":"events","link":"https:\/\/www.uni.lu\/fhse-fr\/events\/colloque-vun-der-luxemburgistik-soziolinguistik-vun-der-letzebuerger-futtballsprooch\/","title":{"rendered":"Colloque vun der Luxemburgistik: Soziolinguistik vun der L\u00ebtzebuerger Futtballsprooch"},"content":{"rendered":"<section class=\"wp-block-unilux-blocks-free-section section\"><div class=\"container xl:max-w-screen-xl\"><p>Och an d\u00ebsem Semester f\u00ebnnt eise Colloque vun der Luxemburgistik er\u00ebm mat interessante B\u00e4itr\u00e4g statt. D\u00ebs K\u00e9ier beweege mer eis vun der Normverhandlung a -verbreedung vum geschriwwene L\u00ebtzebuergeschen, iwwer fiktiv Konfiguratioune vum Literaturbetrib an der Literatur an d\u2019L\u00ebtzebuerger Futtballsprooch bis hin zur Sentimentanalys.<\/p><p>W\u00e9i och d\u2019lescht Semester f\u00ebnnt de Colloque online iwwer WebEx statt an mir starte den 22. Februar um 17:00.<\/p><p>Dir hutt op de genannte M\u00e9indeger t\u00ebscht 5 a 6 Auer nach n\u00e4ischt vir a sidd interess\u00e9iert un eisem Colloque deelzehuelen? Da klickt Iech iwwert den Zougangslink um Poster resp. <a href=\"https:\/\/unilu.webex.com\/webappng\/sites\/unilu\/meeting\/info\/25abcd46b7374ec3b947b6d308332cfb?siteurl=unilu&#038;MTID=m11fd4042df817d5203fc32712839b555&#038;meetingAuthToken=QUhTSwAAAAQwlJOhOaD6nhttavGHlhxii%2BVHlXtsjz%2Be8Ih15FLhfQ66fR1cDQHHPiZWJzTFgFAUmv5PiIErkVyBtC6euZpeBLKemV2Ib8v75Mt4CoDe4l60IK2Duze8kYiDLF8FapzsSt5XvBC25r%2FcnVV0OJR5BhtxHw0jEJJkYygEd3W79RVlVjAY4PlRKF%2FaywjQfVuivb2I%2F3oLO4pYig9tuV4MHC3EvXvoDj5yvFluW8hSLA%3D%3D\" target=\"_self\" title=\"\" rel=\"noopener\">hei<\/a> eran.<\/p><p>D\u00ebse Colloque ass och als Formation Continue fir Enseignante*\u00eb beim IFEN eligibel. Mellt Iech dofir einfach beim S\u00e9bastian Thiltges (sebastian.thiltges@uni.lu) un.<\/p><p><a href=\"https:\/\/infolux.uni.lu\/colloque_2021\/\" target=\"_self\" title=\"\" rel=\"noopener\">+ Informatiounen<\/a><\/p><p><\/p><\/div><\/section>","protected":false},"excerpt":{"rendered":"","protected":false},"author":0,"featured_media":1598,"parent":0,"menu_order":0,"comment_status":"open","ping_status":"closed","template":"","format":"standard","meta":{"featured_image_focal_point":[],"show_featured_caption":false,"ulux_newsletter_groups":"","uluxPostTitle":"","uluxPrePostTitle":"","_trash_the_other_posts":false,"_price":"","_stock":"","_tribe_ticket_header":"","_tribe_default_ticket_provider":"","_tribe_ticket_capacity":"0","_ticket_start_date":"","_ticket_end_date":"","_tribe_ticket_show_description":"","_tribe_ticket_show_not_going":false,"_tribe_ticket_use_global_stock":"","_tribe_ticket_global_stock_level":"","_global_stock_mode":"","_global_stock_cap":"","_tribe_rsvp_for_event":"","_tribe_ticket_going_count":"","_tribe_ticket_not_going_count":"","_tribe_tickets_list":"[]","_tribe_ticket_has_attendee_info_fields":false,"event_start_date":"2021-04-26 17:00:00","event_end_date":"2021-04-26 18:30:00","event_speaker_name":"Fran\u00e7ois Conrad","event_speaker_link":"","event_is_online":false,"event_location":"WebEx","event_street":"","event_location_link":"","event_zip_code":"","event_city":"","event_country":"LU"},"events-topic":[305],"events-type":[],"organisation":[170],"authorship":[],"acf":[],"yoast_head":"<!-- This site is optimized with the Yoast SEO Premium plugin v22.3 (Yoast SEO v22.3) - https:\/\/yoast.com\/wordpress\/plugins\/seo\/ -->\n<title>Colloque vun der Luxemburgistik: Soziolinguistik vun der L\u00ebtzebuerger Futtballsprooch - FHSE I Uni.lu<\/title>\n<meta name=\"description\" content=\"Och an d\u00ebsem Semester f\u00ebnnt eise Colloque vun der Luxemburgistik er\u00ebm mat interessante B\u00e4itr\u00e4g statt. D\u00ebs K\u00e9ier beweege mer eis vun der Normverhandlung a\" \/>\n<meta name=\"robots\" content=\"index, follow, max-snippet:-1, max-image-preview:large, max-video-preview:-1\" \/>\n<link rel=\"canonical\" href=\"https:\/\/www.uni.lu\/fhse-fr\/events\/colloque-vun-der-luxemburgistik-soziolinguistik-vun-der-letzebuerger-futtballsprooch\/\" \/>\n<meta property=\"og:locale\" content=\"fr_FR\" \/>\n<meta property=\"og:type\" content=\"article\" \/>\n<meta property=\"og:title\" content=\"Colloque vun der Luxemburgistik: Soziolinguistik vun der L\u00ebtzebuerger Futtballsprooch\" \/>\n<meta property=\"og:description\" content=\"Och an d\u00ebsem Semester f\u00ebnnt eise Colloque vun der Luxemburgistik er\u00ebm mat interessante B\u00e4itr\u00e4g statt. D\u00ebs K\u00e9ier beweege mer eis vun der Normverhandlung a\" \/>\n<meta property=\"og:url\" content=\"https:\/\/www.uni.lu\/fhse-fr\/events\/colloque-vun-der-luxemburgistik-soziolinguistik-vun-der-letzebuerger-futtballsprooch\/\" \/>\n<meta property=\"og:site_name\" content=\"FHSE FR\" \/>\n<meta property=\"og:image\" content=\"https:\/\/www.uni.lu\/wp-content\/uploads\/sites\/16\/2026\/03\/03112325\/FHSE_SM-Profile_1600x1600px-scaled.jpg\" \/>\n\t<meta property=\"og:image:width\" content=\"2560\" \/>\n\t<meta property=\"og:image:height\" content=\"2560\" \/>\n\t<meta property=\"og:image:type\" content=\"image\/jpeg\" \/>\n<meta name=\"twitter:card\" content=\"summary_large_image\" \/>\n<meta name=\"twitter:label1\" content=\"Dur\u00e9e de lecture estim\u00e9e\" \/>\n\t<meta name=\"twitter:data1\" content=\"1 minute\" \/>\n<script type=\"application\/ld+json\" class=\"yoast-schema-graph\">{\"@context\":\"https:\/\/schema.org\",\"@graph\":[{\"@type\":\"WebPage\",\"@id\":\"https:\/\/www.uni.lu\/fhse-fr\/events\/colloque-vun-der-luxemburgistik-soziolinguistik-vun-der-letzebuerger-futtballsprooch\/\",\"url\":\"https:\/\/www.uni.lu\/fhse-fr\/events\/colloque-vun-der-luxemburgistik-soziolinguistik-vun-der-letzebuerger-futtballsprooch\/\",\"name\":\"Colloque vun der Luxemburgistik: Soziolinguistik vun der L\u00ebtzebuerger Futtballsprooch - FHSE I Uni.lu\",\"isPartOf\":{\"@id\":\"https:\/\/www.uni.lu\/fhse-fr\/#website\"},\"primaryImageOfPage\":{\"@id\":\"https:\/\/www.uni.lu\/fhse-fr\/events\/colloque-vun-der-luxemburgistik-soziolinguistik-vun-der-letzebuerger-futtballsprooch\/#primaryimage\"},\"image\":{\"@id\":\"https:\/\/www.uni.lu\/fhse-fr\/events\/colloque-vun-der-luxemburgistik-soziolinguistik-vun-der-letzebuerger-futtballsprooch\/#primaryimage\"},\"thumbnailUrl\":\"https:\/\/www.uni.lu\/wp-content\/uploads\/sites\/16\/2021\/04\/colloque_vun_der_luxemburgistik_soziolinguistik_vun_der_letzebuerger_futtballsprooch.jpg\",\"datePublished\":\"2021-04-26T09:03:34+00:00\",\"dateModified\":\"2021-04-26T09:03:34+00:00\",\"description\":\"Och an d\u00ebsem Semester f\u00ebnnt eise Colloque vun der Luxemburgistik er\u00ebm mat interessante B\u00e4itr\u00e4g statt. D\u00ebs K\u00e9ier beweege mer eis vun der Normverhandlung a\",\"breadcrumb\":{\"@id\":\"https:\/\/www.uni.lu\/fhse-fr\/events\/colloque-vun-der-luxemburgistik-soziolinguistik-vun-der-letzebuerger-futtballsprooch\/#breadcrumb\"},\"inLanguage\":\"fr-FR\",\"potentialAction\":[{\"@type\":\"ReadAction\",\"target\":[\"https:\/\/www.uni.lu\/fhse-fr\/events\/colloque-vun-der-luxemburgistik-soziolinguistik-vun-der-letzebuerger-futtballsprooch\/\"]}]},{\"@type\":\"ImageObject\",\"inLanguage\":\"fr-FR\",\"@id\":\"https:\/\/www.uni.lu\/fhse-fr\/events\/colloque-vun-der-luxemburgistik-soziolinguistik-vun-der-letzebuerger-futtballsprooch\/#primaryimage\",\"url\":\"https:\/\/www.uni.lu\/wp-content\/uploads\/sites\/16\/2021\/04\/colloque_vun_der_luxemburgistik_soziolinguistik_vun_der_letzebuerger_futtballsprooch.jpg\",\"contentUrl\":\"https:\/\/www.uni.lu\/wp-content\/uploads\/sites\/16\/2021\/04\/colloque_vun_der_luxemburgistik_soziolinguistik_vun_der_letzebuerger_futtballsprooch.jpg\",\"width\":800,\"height\":600},{\"@type\":\"BreadcrumbList\",\"@id\":\"https:\/\/www.uni.lu\/fhse-fr\/events\/colloque-vun-der-luxemburgistik-soziolinguistik-vun-der-letzebuerger-futtballsprooch\/#breadcrumb\",\"itemListElement\":[{\"@type\":\"ListItem\",\"position\":1,\"name\":\"Home\",\"item\":\"https:\/\/www.uni.lu\/fr\"},{\"@type\":\"ListItem\",\"position\":2,\"name\":\"Facult\u00e9 des Sciences Humaines, des Sciences de l\u2019\u00c9ducation et des Sciences Sociales\u200b\",\"item\":\"https:\/\/www.uni.lu\/fhse-fr\/\"},{\"@type\":\"ListItem\",\"position\":3,\"name\":\"Events\",\"item\":\"https:\/\/www.uni.lu\/fhse-fr\/events\/\"},{\"@type\":\"ListItem\",\"position\":4,\"name\":\"Colloque vun der Luxemburgistik: Soziolinguistik vun der L\u00ebtzebuerger Futtballsprooch\"}]},{\"@type\":\"WebSite\",\"@id\":\"https:\/\/www.uni.lu\/fhse-fr\/#website\",\"url\":\"https:\/\/www.uni.lu\/fhse-fr\/\",\"name\":\"FHSE\",\"description\":\"Facult\u00e9 des Sciences Humaines, des Sciences de l\u2019\u00c9ducation et des Sciences Sociales\u200b I Uni.lu\",\"publisher\":{\"@id\":\"https:\/\/www.uni.lu\/fhse-fr\/#organization\"},\"alternateName\":\"Facult\u00e9 des Sciences Humaines, des Sciences de l\u2019\u00c9ducation et des Sciences Sociales\u200b I Universit\u00e9 du Luxembourg\",\"potentialAction\":[{\"@type\":\"SearchAction\",\"target\":{\"@type\":\"EntryPoint\",\"urlTemplate\":\"https:\/\/www.uni.lu\/fhse-fr\/?s={search_term_string}\"},\"query-input\":\"required name=search_term_string\"}],\"inLanguage\":\"fr-FR\"},{\"@type\":\"Organization\",\"@id\":\"https:\/\/www.uni.lu\/fhse-fr\/#organization\",\"name\":\"FHSE - Universit\u00e9 du Luxembourg I Uni.lu\",\"alternateName\":\"Facult\u00e9 des Sciences Humaines, des Sciences de l\u2019\u00c9ducation et des Sciences Sociales\u200b\",\"url\":\"https:\/\/www.uni.lu\/fhse-fr\/\",\"logo\":{\"@type\":\"ImageObject\",\"inLanguage\":\"fr-FR\",\"@id\":\"https:\/\/www.uni.lu\/fhse-fr\/#\/schema\/logo\/image\/\",\"url\":\"https:\/\/www.uni.lu\/wp-content\/uploads\/sites\/16\/2026\/03\/03112325\/FHSE_SM-Profile_1600x1600px-scaled.jpg\",\"contentUrl\":\"https:\/\/www.uni.lu\/wp-content\/uploads\/sites\/16\/2026\/03\/03112325\/FHSE_SM-Profile_1600x1600px-scaled.jpg\",\"width\":2560,\"height\":2560,\"caption\":\"FHSE - Universit\u00e9 du Luxembourg I Uni.lu\"},\"image\":\"https:\/\/www.uni.lu\/wp-content\/uploads\/sites\/16\/2026\/04\/24144331\/20200609-Belval-Campus_Henri-Goergen-23.jpg\",\"sameAs\":[\"https:\/\/humanities.uni.lu\/\"],\"email\":\"communication@uni.lu\",\"telephone\":\"+3524666441\",\"address\":{\"@type\":\"PostalAddress\",\"streetAddress\":\"11, Porte des Sciences\",\"addressLocality\":\"Esch-sur-Alzette\",\"postalCode\":\"4365\",\"addressCountry\":\"LU\"},\"description\":\"Facult\u00e9 des Sciences Humaines, des Sciences de l\u2019\u00c9ducation et des Sciences Sociales\u200b I Uni.lu\"}]}<\/script>\n<!-- \/ Yoast SEO Premium plugin. -->","yoast_head_json":{"title":"Colloque vun der Luxemburgistik: Soziolinguistik vun der L\u00ebtzebuerger Futtballsprooch - FHSE I Uni.lu","description":"Och an d\u00ebsem Semester f\u00ebnnt eise Colloque vun der Luxemburgistik er\u00ebm mat interessante B\u00e4itr\u00e4g statt. D\u00ebs K\u00e9ier beweege mer eis vun der Normverhandlung a","robots":{"index":"index","follow":"follow","max-snippet":"max-snippet:-1","max-image-preview":"max-image-preview:large","max-video-preview":"max-video-preview:-1"},"canonical":"https:\/\/www.uni.lu\/fhse-fr\/events\/colloque-vun-der-luxemburgistik-soziolinguistik-vun-der-letzebuerger-futtballsprooch\/","og_locale":"fr_FR","og_type":"article","og_title":"Colloque vun der Luxemburgistik: Soziolinguistik vun der L\u00ebtzebuerger Futtballsprooch","og_description":"Och an d\u00ebsem Semester f\u00ebnnt eise Colloque vun der Luxemburgistik er\u00ebm mat interessante B\u00e4itr\u00e4g statt. D\u00ebs K\u00e9ier beweege mer eis vun der Normverhandlung a","og_url":"https:\/\/www.uni.lu\/fhse-fr\/events\/colloque-vun-der-luxemburgistik-soziolinguistik-vun-der-letzebuerger-futtballsprooch\/","og_site_name":"FHSE FR","og_image":[{"width":2560,"height":2560,"url":"https:\/\/www.uni.lu\/wp-content\/uploads\/sites\/16\/2026\/03\/03112325\/FHSE_SM-Profile_1600x1600px-scaled.jpg","type":"image\/jpeg"}],"twitter_card":"summary_large_image","twitter_misc":{"Dur\u00e9e de lecture estim\u00e9e":"1 minute"},"schema":{"@context":"https:\/\/schema.org","@graph":[{"@type":"WebPage","@id":"https:\/\/www.uni.lu\/fhse-fr\/events\/colloque-vun-der-luxemburgistik-soziolinguistik-vun-der-letzebuerger-futtballsprooch\/","url":"https:\/\/www.uni.lu\/fhse-fr\/events\/colloque-vun-der-luxemburgistik-soziolinguistik-vun-der-letzebuerger-futtballsprooch\/","name":"Colloque vun der Luxemburgistik: Soziolinguistik vun der L\u00ebtzebuerger Futtballsprooch - FHSE I Uni.lu","isPartOf":{"@id":"https:\/\/www.uni.lu\/fhse-fr\/#website"},"primaryImageOfPage":{"@id":"https:\/\/www.uni.lu\/fhse-fr\/events\/colloque-vun-der-luxemburgistik-soziolinguistik-vun-der-letzebuerger-futtballsprooch\/#primaryimage"},"image":{"@id":"https:\/\/www.uni.lu\/fhse-fr\/events\/colloque-vun-der-luxemburgistik-soziolinguistik-vun-der-letzebuerger-futtballsprooch\/#primaryimage"},"thumbnailUrl":"https:\/\/www.uni.lu\/wp-content\/uploads\/sites\/16\/2021\/04\/colloque_vun_der_luxemburgistik_soziolinguistik_vun_der_letzebuerger_futtballsprooch.jpg","datePublished":"2021-04-26T09:03:34+00:00","dateModified":"2021-04-26T09:03:34+00:00","description":"Och an d\u00ebsem Semester f\u00ebnnt eise Colloque vun der Luxemburgistik er\u00ebm mat interessante B\u00e4itr\u00e4g statt. D\u00ebs K\u00e9ier beweege mer eis vun der Normverhandlung a","breadcrumb":{"@id":"https:\/\/www.uni.lu\/fhse-fr\/events\/colloque-vun-der-luxemburgistik-soziolinguistik-vun-der-letzebuerger-futtballsprooch\/#breadcrumb"},"inLanguage":"fr-FR","potentialAction":[{"@type":"ReadAction","target":["https:\/\/www.uni.lu\/fhse-fr\/events\/colloque-vun-der-luxemburgistik-soziolinguistik-vun-der-letzebuerger-futtballsprooch\/"]}]},{"@type":"ImageObject","inLanguage":"fr-FR","@id":"https:\/\/www.uni.lu\/fhse-fr\/events\/colloque-vun-der-luxemburgistik-soziolinguistik-vun-der-letzebuerger-futtballsprooch\/#primaryimage","url":"https:\/\/www.uni.lu\/wp-content\/uploads\/sites\/16\/2021\/04\/colloque_vun_der_luxemburgistik_soziolinguistik_vun_der_letzebuerger_futtballsprooch.jpg","contentUrl":"https:\/\/www.uni.lu\/wp-content\/uploads\/sites\/16\/2021\/04\/colloque_vun_der_luxemburgistik_soziolinguistik_vun_der_letzebuerger_futtballsprooch.jpg","width":800,"height":600},{"@type":"BreadcrumbList","@id":"https:\/\/www.uni.lu\/fhse-fr\/events\/colloque-vun-der-luxemburgistik-soziolinguistik-vun-der-letzebuerger-futtballsprooch\/#breadcrumb","itemListElement":[{"@type":"ListItem","position":1,"name":"Home","item":"https:\/\/www.uni.lu\/fr"},{"@type":"ListItem","position":2,"name":"Facult\u00e9 des Sciences Humaines, des Sciences de l\u2019\u00c9ducation et des Sciences Sociales\u200b","item":"https:\/\/www.uni.lu\/fhse-fr\/"},{"@type":"ListItem","position":3,"name":"Events","item":"https:\/\/www.uni.lu\/fhse-fr\/events\/"},{"@type":"ListItem","position":4,"name":"Colloque vun der Luxemburgistik: Soziolinguistik vun der L\u00ebtzebuerger Futtballsprooch"}]},{"@type":"WebSite","@id":"https:\/\/www.uni.lu\/fhse-fr\/#website","url":"https:\/\/www.uni.lu\/fhse-fr\/","name":"FHSE","description":"Facult\u00e9 des Sciences Humaines, des Sciences de l\u2019\u00c9ducation et des Sciences Sociales\u200b I Uni.lu","publisher":{"@id":"https:\/\/www.uni.lu\/fhse-fr\/#organization"},"alternateName":"Facult\u00e9 des Sciences Humaines, des Sciences de l\u2019\u00c9ducation et des Sciences Sociales\u200b I Universit\u00e9 du Luxembourg","potentialAction":[{"@type":"SearchAction","target":{"@type":"EntryPoint","urlTemplate":"https:\/\/www.uni.lu\/fhse-fr\/?s={search_term_string}"},"query-input":"required name=search_term_string"}],"inLanguage":"fr-FR"},{"@type":"Organization","@id":"https:\/\/www.uni.lu\/fhse-fr\/#organization","name":"FHSE - Universit\u00e9 du Luxembourg I Uni.lu","alternateName":"Facult\u00e9 des Sciences Humaines, des Sciences de l\u2019\u00c9ducation et des Sciences Sociales\u200b","url":"https:\/\/www.uni.lu\/fhse-fr\/","logo":{"@type":"ImageObject","inLanguage":"fr-FR","@id":"https:\/\/www.uni.lu\/fhse-fr\/#\/schema\/logo\/image\/","url":"https:\/\/www.uni.lu\/wp-content\/uploads\/sites\/16\/2026\/03\/03112325\/FHSE_SM-Profile_1600x1600px-scaled.jpg","contentUrl":"https:\/\/www.uni.lu\/wp-content\/uploads\/sites\/16\/2026\/03\/03112325\/FHSE_SM-Profile_1600x1600px-scaled.jpg","width":2560,"height":2560,"caption":"FHSE - Universit\u00e9 du Luxembourg I Uni.lu"},"image":"https:\/\/www.uni.lu\/wp-content\/uploads\/sites\/16\/2026\/04\/24144331\/20200609-Belval-Campus_Henri-Goergen-23.jpg","sameAs":["https:\/\/humanities.uni.lu\/"],"email":"communication@uni.lu","telephone":"+3524666441","address":{"@type":"PostalAddress","streetAddress":"11, Porte des Sciences","addressLocality":"Esch-sur-Alzette","postalCode":"4365","addressCountry":"LU"},"description":"Facult\u00e9 des Sciences Humaines, des Sciences de l\u2019\u00c9ducation et des Sciences Sociales\u200b I Uni.lu"}]}},"_links":{"self":[{"href":"https:\/\/www.uni.lu\/fhse-fr\/wp-json\/wp\/v2\/events\/1597"}],"collection":[{"href":"https:\/\/www.uni.lu\/fhse-fr\/wp-json\/wp\/v2\/events"}],"about":[{"href":"https:\/\/www.uni.lu\/fhse-fr\/wp-json\/wp\/v2\/types\/events"}],"replies":[{"embeddable":true,"href":"https:\/\/www.uni.lu\/fhse-fr\/wp-json\/wp\/v2\/comments?post=1597"}],"version-history":[{"count":0,"href":"https:\/\/www.uni.lu\/fhse-fr\/wp-json\/wp\/v2\/events\/1597\/revisions"}],"wp:featuredmedia":[{"embeddable":true,"href":"https:\/\/www.uni.lu\/fhse-fr\/wp-json\/wp\/v2\/media\/1598"}],"wp:attachment":[{"href":"https:\/\/www.uni.lu\/fhse-fr\/wp-json\/wp\/v2\/media?parent=1597"}],"wp:term":[{"taxonomy":"events-topic","embeddable":true,"href":"https:\/\/www.uni.lu\/fhse-fr\/wp-json\/wp\/v2\/events-topic?post=1597"},{"taxonomy":"events-type","embeddable":true,"href":"https:\/\/www.uni.lu\/fhse-fr\/wp-json\/wp\/v2\/events-type?post=1597"},{"taxonomy":"organisation","embeddable":true,"href":"https:\/\/www.uni.lu\/fhse-fr\/wp-json\/wp\/v2\/organisation?post=1597"}],"curies":[{"name":"wp","href":"https:\/\/api.w.org\/{rel}","templated":true}]}}