{"id":1579,"date":"2021-04-12T11:13:18","date_gmt":"2021-04-12T09:13:18","guid":{"rendered":"https:\/\/www.uni.lu\/fhse-fr\/events\/seminaire-de-recherche-revetir-linvisible-la-religion-habillee\/"},"modified":"2021-04-12T11:13:18","modified_gmt":"2021-04-12T09:13:18","slug":"seminaire-de-recherche-revetir-linvisible-la-religion-habillee","status":"publish","type":"events","link":"https:\/\/www.uni.lu\/fhse-fr\/events\/seminaire-de-recherche-revetir-linvisible-la-religion-habillee\/","title":{"rendered":"S\u00e9minaire de recherche : Rev\u00eatir l&rsquo;invisible : La religion habill\u00e9e"},"content":{"rendered":"<section class=\"wp-block-unilux-blocks-free-section section\"><div class=\"container xl:max-w-screen-xl\"><p><strong>La robe de folie <\/strong><\/p><p><i>S\u00e9ance anim\u00e9e par Nathalie Roelens avec une conf\u00e9rence de Nicole Foucher<\/i><\/p><p>Ce s\u00e9minaire de recherche s\u2019int\u00e9resse \u00e0 la relation entre la (les) mode(s) vestimentaire(s) et la religion, entendue comme syst\u00e8me de croyances et de traditions religieuses. Il se donne pour objectif d\u2019explorer un nouveau champ de recherche dans la litt\u00e9rature scientifique englobant la mode, les v\u00eatements et la philosophie du style.<\/p><p>Ce projet ambitionne :<\/p><ul class=\"ulux-list\"><li class=\"ulux-list-item\">d\u2019aborder des questions morales touchant au v\u00eatement sous l\u2019angle de la religion\u00a0et de la mode comme syst\u00e8me de croyance\u00a0;<\/li><li class=\"ulux-list-item\">d\u2019explorer une r\u00e9flexion philosophique, anthropologique et th\u00e9ologique sur le v\u00eatement comme embl\u00e8me de la modernit\u00e9 occidentale ;<\/li><li class=\"ulux-list-item\">de cr\u00e9er un r\u00e9seau francophone sur la question du v\u00eatement et de la mode vestimentaire dans ses aspects touchant aux probl\u00e9matiques des religions.<\/li><\/ul><p><\/p><p>Inscription : <a href=\"mailto:marie.gourdon@collegedesbernardins.fr\" target=\"_self\" title=\"\" rel=\"noopener\">marie.gourdon@collegedesbernardins.fr<\/a> (S\u00e9ances du s\u00e9minaire r\u00e9serv\u00e9es \u00e0 l\u2019\u00e9quipe de recherche pluridisciplinaire : chercheurs, professionnels de la mode, \u00e9tudiants&#8230;.)<\/p><p>Organisation : Coll\u00e8ge des Bernardins, Luxembourg School of Religion &#038; Society, IRMA<\/p><\/div><\/section>","protected":false},"excerpt":{"rendered":"<p>La robe de folie S\u00e9ance anim\u00e9e par Nathalie Roelens avec une conf\u00e9rence de Nicole Foucher<\/p>\n","protected":false},"author":0,"featured_media":1580,"parent":0,"menu_order":0,"comment_status":"open","ping_status":"closed","template":"","format":"standard","meta":{"featured_image_focal_point":[],"show_featured_caption":false,"ulux_newsletter_groups":"","uluxPostTitle":"","uluxPrePostTitle":"","_trash_the_other_posts":false,"_price":"","_stock":"","_tribe_ticket_header":"","_tribe_default_ticket_provider":"","_tribe_ticket_capacity":"0","_ticket_start_date":"","_ticket_end_date":"","_tribe_ticket_show_description":"","_tribe_ticket_show_not_going":false,"_tribe_ticket_use_global_stock":"","_tribe_ticket_global_stock_level":"","_global_stock_mode":"","_global_stock_cap":"","_tribe_rsvp_for_event":"","_tribe_ticket_going_count":"","_tribe_ticket_not_going_count":"","_tribe_tickets_list":"[]","_tribe_ticket_has_attendee_info_fields":false,"event_start_date":"2021-04-16 13:30:00","event_end_date":"2021-04-16 16:00:00","event_speaker_name":"Nathalie Roelens, Universit\u00e9 du Luxembourg & Nicole Foucher, Universit\u00e9 Lumi\u00e8re Lyon 2","event_speaker_link":"","event_is_online":false,"event_location":"","event_street":"","event_location_link":"","event_zip_code":"","event_city":"","event_country":"LU"},"events-topic":[305],"events-type":[],"organisation":[170,146],"authorship":[],"acf":[],"yoast_head":"<!-- This site is optimized with the Yoast SEO Premium plugin v22.3 (Yoast SEO v22.3) - https:\/\/yoast.com\/wordpress\/plugins\/seo\/ -->\n<title>S\u00e9minaire de recherche : Rev\u00eatir l&#039;invisible : La religion habill\u00e9e - FHSE I Uni.lu<\/title>\n<meta name=\"description\" content=\"La robe de folie S\u00e9ance anim\u00e9e par Nathalie Roelens avec une conf\u00e9rence de Nicole Foucher\" \/>\n<meta name=\"robots\" content=\"index, follow, max-snippet:-1, max-image-preview:large, max-video-preview:-1\" \/>\n<link rel=\"canonical\" href=\"https:\/\/www.uni.lu\/fhse-fr\/events\/seminaire-de-recherche-revetir-linvisible-la-religion-habillee\/\" \/>\n<meta property=\"og:locale\" content=\"fr_FR\" \/>\n<meta property=\"og:type\" content=\"article\" \/>\n<meta property=\"og:title\" content=\"S\u00e9minaire de recherche : Rev\u00eatir l&#039;invisible : La religion habill\u00e9e\" \/>\n<meta property=\"og:description\" content=\"La robe de folie S\u00e9ance anim\u00e9e par Nathalie Roelens avec une conf\u00e9rence de Nicole Foucher\" \/>\n<meta property=\"og:url\" content=\"https:\/\/www.uni.lu\/fhse-fr\/events\/seminaire-de-recherche-revetir-linvisible-la-religion-habillee\/\" \/>\n<meta property=\"og:site_name\" content=\"FHSE FR\" \/>\n<meta property=\"og:image\" content=\"https:\/\/www.uni.lu\/wp-content\/uploads\/sites\/16\/2026\/03\/03112325\/FHSE_SM-Profile_1600x1600px-scaled.jpg\" \/>\n\t<meta property=\"og:image:width\" content=\"2560\" \/>\n\t<meta property=\"og:image:height\" content=\"2560\" \/>\n\t<meta property=\"og:image:type\" content=\"image\/jpeg\" \/>\n<meta name=\"twitter:card\" content=\"summary_large_image\" \/>\n<meta name=\"twitter:label1\" content=\"Dur\u00e9e de lecture estim\u00e9e\" \/>\n\t<meta name=\"twitter:data1\" content=\"1 minute\" \/>\n<script type=\"application\/ld+json\" class=\"yoast-schema-graph\">{\"@context\":\"https:\/\/schema.org\",\"@graph\":[{\"@type\":\"WebPage\",\"@id\":\"https:\/\/www.uni.lu\/fhse-fr\/events\/seminaire-de-recherche-revetir-linvisible-la-religion-habillee\/\",\"url\":\"https:\/\/www.uni.lu\/fhse-fr\/events\/seminaire-de-recherche-revetir-linvisible-la-religion-habillee\/\",\"name\":\"S\u00e9minaire de recherche : Rev\u00eatir l'invisible : La religion habill\u00e9e - FHSE I Uni.lu\",\"isPartOf\":{\"@id\":\"https:\/\/www.uni.lu\/fhse-fr\/#website\"},\"primaryImageOfPage\":{\"@id\":\"https:\/\/www.uni.lu\/fhse-fr\/events\/seminaire-de-recherche-revetir-linvisible-la-religion-habillee\/#primaryimage\"},\"image\":{\"@id\":\"https:\/\/www.uni.lu\/fhse-fr\/events\/seminaire-de-recherche-revetir-linvisible-la-religion-habillee\/#primaryimage\"},\"thumbnailUrl\":\"https:\/\/www.uni.lu\/wp-content\/uploads\/sites\/16\/2021\/04\/seminaire_de_recherche_revetir_l_invisible_la_religion_habillee.jpg\",\"datePublished\":\"2021-04-12T09:13:18+00:00\",\"dateModified\":\"2021-04-12T09:13:18+00:00\",\"description\":\"La robe de folie S\u00e9ance anim\u00e9e par Nathalie Roelens avec une conf\u00e9rence de Nicole Foucher\",\"breadcrumb\":{\"@id\":\"https:\/\/www.uni.lu\/fhse-fr\/events\/seminaire-de-recherche-revetir-linvisible-la-religion-habillee\/#breadcrumb\"},\"inLanguage\":\"fr-FR\",\"potentialAction\":[{\"@type\":\"ReadAction\",\"target\":[\"https:\/\/www.uni.lu\/fhse-fr\/events\/seminaire-de-recherche-revetir-linvisible-la-religion-habillee\/\"]}]},{\"@type\":\"ImageObject\",\"inLanguage\":\"fr-FR\",\"@id\":\"https:\/\/www.uni.lu\/fhse-fr\/events\/seminaire-de-recherche-revetir-linvisible-la-religion-habillee\/#primaryimage\",\"url\":\"https:\/\/www.uni.lu\/wp-content\/uploads\/sites\/16\/2021\/04\/seminaire_de_recherche_revetir_l_invisible_la_religion_habillee.jpg\",\"contentUrl\":\"https:\/\/www.uni.lu\/wp-content\/uploads\/sites\/16\/2021\/04\/seminaire_de_recherche_revetir_l_invisible_la_religion_habillee.jpg\",\"width\":800,\"height\":600},{\"@type\":\"BreadcrumbList\",\"@id\":\"https:\/\/www.uni.lu\/fhse-fr\/events\/seminaire-de-recherche-revetir-linvisible-la-religion-habillee\/#breadcrumb\",\"itemListElement\":[{\"@type\":\"ListItem\",\"position\":1,\"name\":\"Home\",\"item\":\"https:\/\/www.uni.lu\/fr\"},{\"@type\":\"ListItem\",\"position\":2,\"name\":\"Facult\u00e9 des Sciences Humaines, des Sciences de l\u2019\u00c9ducation et des Sciences Sociales\u200b\",\"item\":\"https:\/\/www.uni.lu\/fhse-fr\/\"},{\"@type\":\"ListItem\",\"position\":3,\"name\":\"Events\",\"item\":\"https:\/\/www.uni.lu\/fhse-fr\/events\/\"},{\"@type\":\"ListItem\",\"position\":4,\"name\":\"S\u00e9minaire de recherche : Rev\u00eatir l'invisible : La religion habill\u00e9e\"}]},{\"@type\":\"WebSite\",\"@id\":\"https:\/\/www.uni.lu\/fhse-fr\/#website\",\"url\":\"https:\/\/www.uni.lu\/fhse-fr\/\",\"name\":\"FHSE\",\"description\":\"Facult\u00e9 des Sciences Humaines, des Sciences de l\u2019\u00c9ducation et des Sciences Sociales\u200b I Uni.lu\",\"publisher\":{\"@id\":\"https:\/\/www.uni.lu\/fhse-fr\/#organization\"},\"alternateName\":\"Facult\u00e9 des Sciences Humaines, des Sciences de l\u2019\u00c9ducation et des Sciences Sociales\u200b I Universit\u00e9 du Luxembourg\",\"potentialAction\":[{\"@type\":\"SearchAction\",\"target\":{\"@type\":\"EntryPoint\",\"urlTemplate\":\"https:\/\/www.uni.lu\/fhse-fr\/?s={search_term_string}\"},\"query-input\":\"required name=search_term_string\"}],\"inLanguage\":\"fr-FR\"},{\"@type\":\"Organization\",\"@id\":\"https:\/\/www.uni.lu\/fhse-fr\/#organization\",\"name\":\"FHSE - Universit\u00e9 du Luxembourg I Uni.lu\",\"alternateName\":\"Facult\u00e9 des Sciences Humaines, des Sciences de l\u2019\u00c9ducation et des Sciences Sociales\u200b\",\"url\":\"https:\/\/www.uni.lu\/fhse-fr\/\",\"logo\":{\"@type\":\"ImageObject\",\"inLanguage\":\"fr-FR\",\"@id\":\"https:\/\/www.uni.lu\/fhse-fr\/#\/schema\/logo\/image\/\",\"url\":\"https:\/\/www.uni.lu\/wp-content\/uploads\/sites\/16\/2026\/03\/03112325\/FHSE_SM-Profile_1600x1600px-scaled.jpg\",\"contentUrl\":\"https:\/\/www.uni.lu\/wp-content\/uploads\/sites\/16\/2026\/03\/03112325\/FHSE_SM-Profile_1600x1600px-scaled.jpg\",\"width\":2560,\"height\":2560,\"caption\":\"FHSE - Universit\u00e9 du Luxembourg I Uni.lu\"},\"image\":\"https:\/\/www.uni.lu\/wp-content\/uploads\/sites\/16\/2026\/04\/24144331\/20200609-Belval-Campus_Henri-Goergen-23.jpg\",\"sameAs\":[\"https:\/\/humanities.uni.lu\/\"],\"email\":\"communication@uni.lu\",\"telephone\":\"+3524666441\",\"address\":{\"@type\":\"PostalAddress\",\"streetAddress\":\"11, Porte des Sciences\",\"addressLocality\":\"Esch-sur-Alzette\",\"postalCode\":\"4365\",\"addressCountry\":\"LU\"},\"description\":\"Facult\u00e9 des Sciences Humaines, des Sciences de l\u2019\u00c9ducation et des Sciences Sociales\u200b I Uni.lu\"}]}<\/script>\n<!-- \/ Yoast SEO Premium plugin. -->","yoast_head_json":{"title":"S\u00e9minaire de recherche : Rev\u00eatir l'invisible : La religion habill\u00e9e - FHSE I Uni.lu","description":"La robe de folie S\u00e9ance anim\u00e9e par Nathalie Roelens avec une conf\u00e9rence de Nicole Foucher","robots":{"index":"index","follow":"follow","max-snippet":"max-snippet:-1","max-image-preview":"max-image-preview:large","max-video-preview":"max-video-preview:-1"},"canonical":"https:\/\/www.uni.lu\/fhse-fr\/events\/seminaire-de-recherche-revetir-linvisible-la-religion-habillee\/","og_locale":"fr_FR","og_type":"article","og_title":"S\u00e9minaire de recherche : Rev\u00eatir l'invisible : La religion habill\u00e9e","og_description":"La robe de folie S\u00e9ance anim\u00e9e par Nathalie Roelens avec une conf\u00e9rence de Nicole Foucher","og_url":"https:\/\/www.uni.lu\/fhse-fr\/events\/seminaire-de-recherche-revetir-linvisible-la-religion-habillee\/","og_site_name":"FHSE FR","og_image":[{"width":2560,"height":2560,"url":"https:\/\/www.uni.lu\/wp-content\/uploads\/sites\/16\/2026\/03\/03112325\/FHSE_SM-Profile_1600x1600px-scaled.jpg","type":"image\/jpeg"}],"twitter_card":"summary_large_image","twitter_misc":{"Dur\u00e9e de lecture estim\u00e9e":"1 minute"},"schema":{"@context":"https:\/\/schema.org","@graph":[{"@type":"WebPage","@id":"https:\/\/www.uni.lu\/fhse-fr\/events\/seminaire-de-recherche-revetir-linvisible-la-religion-habillee\/","url":"https:\/\/www.uni.lu\/fhse-fr\/events\/seminaire-de-recherche-revetir-linvisible-la-religion-habillee\/","name":"S\u00e9minaire de recherche : Rev\u00eatir l'invisible : La religion habill\u00e9e - FHSE I Uni.lu","isPartOf":{"@id":"https:\/\/www.uni.lu\/fhse-fr\/#website"},"primaryImageOfPage":{"@id":"https:\/\/www.uni.lu\/fhse-fr\/events\/seminaire-de-recherche-revetir-linvisible-la-religion-habillee\/#primaryimage"},"image":{"@id":"https:\/\/www.uni.lu\/fhse-fr\/events\/seminaire-de-recherche-revetir-linvisible-la-religion-habillee\/#primaryimage"},"thumbnailUrl":"https:\/\/www.uni.lu\/wp-content\/uploads\/sites\/16\/2021\/04\/seminaire_de_recherche_revetir_l_invisible_la_religion_habillee.jpg","datePublished":"2021-04-12T09:13:18+00:00","dateModified":"2021-04-12T09:13:18+00:00","description":"La robe de folie S\u00e9ance anim\u00e9e par Nathalie Roelens avec une conf\u00e9rence de Nicole Foucher","breadcrumb":{"@id":"https:\/\/www.uni.lu\/fhse-fr\/events\/seminaire-de-recherche-revetir-linvisible-la-religion-habillee\/#breadcrumb"},"inLanguage":"fr-FR","potentialAction":[{"@type":"ReadAction","target":["https:\/\/www.uni.lu\/fhse-fr\/events\/seminaire-de-recherche-revetir-linvisible-la-religion-habillee\/"]}]},{"@type":"ImageObject","inLanguage":"fr-FR","@id":"https:\/\/www.uni.lu\/fhse-fr\/events\/seminaire-de-recherche-revetir-linvisible-la-religion-habillee\/#primaryimage","url":"https:\/\/www.uni.lu\/wp-content\/uploads\/sites\/16\/2021\/04\/seminaire_de_recherche_revetir_l_invisible_la_religion_habillee.jpg","contentUrl":"https:\/\/www.uni.lu\/wp-content\/uploads\/sites\/16\/2021\/04\/seminaire_de_recherche_revetir_l_invisible_la_religion_habillee.jpg","width":800,"height":600},{"@type":"BreadcrumbList","@id":"https:\/\/www.uni.lu\/fhse-fr\/events\/seminaire-de-recherche-revetir-linvisible-la-religion-habillee\/#breadcrumb","itemListElement":[{"@type":"ListItem","position":1,"name":"Home","item":"https:\/\/www.uni.lu\/fr"},{"@type":"ListItem","position":2,"name":"Facult\u00e9 des Sciences Humaines, des Sciences de l\u2019\u00c9ducation et des Sciences Sociales\u200b","item":"https:\/\/www.uni.lu\/fhse-fr\/"},{"@type":"ListItem","position":3,"name":"Events","item":"https:\/\/www.uni.lu\/fhse-fr\/events\/"},{"@type":"ListItem","position":4,"name":"S\u00e9minaire de recherche : Rev\u00eatir l'invisible : La religion habill\u00e9e"}]},{"@type":"WebSite","@id":"https:\/\/www.uni.lu\/fhse-fr\/#website","url":"https:\/\/www.uni.lu\/fhse-fr\/","name":"FHSE","description":"Facult\u00e9 des Sciences Humaines, des Sciences de l\u2019\u00c9ducation et des Sciences Sociales\u200b I Uni.lu","publisher":{"@id":"https:\/\/www.uni.lu\/fhse-fr\/#organization"},"alternateName":"Facult\u00e9 des Sciences Humaines, des Sciences de l\u2019\u00c9ducation et des Sciences Sociales\u200b I Universit\u00e9 du Luxembourg","potentialAction":[{"@type":"SearchAction","target":{"@type":"EntryPoint","urlTemplate":"https:\/\/www.uni.lu\/fhse-fr\/?s={search_term_string}"},"query-input":"required name=search_term_string"}],"inLanguage":"fr-FR"},{"@type":"Organization","@id":"https:\/\/www.uni.lu\/fhse-fr\/#organization","name":"FHSE - Universit\u00e9 du Luxembourg I Uni.lu","alternateName":"Facult\u00e9 des Sciences Humaines, des Sciences de l\u2019\u00c9ducation et des Sciences Sociales\u200b","url":"https:\/\/www.uni.lu\/fhse-fr\/","logo":{"@type":"ImageObject","inLanguage":"fr-FR","@id":"https:\/\/www.uni.lu\/fhse-fr\/#\/schema\/logo\/image\/","url":"https:\/\/www.uni.lu\/wp-content\/uploads\/sites\/16\/2026\/03\/03112325\/FHSE_SM-Profile_1600x1600px-scaled.jpg","contentUrl":"https:\/\/www.uni.lu\/wp-content\/uploads\/sites\/16\/2026\/03\/03112325\/FHSE_SM-Profile_1600x1600px-scaled.jpg","width":2560,"height":2560,"caption":"FHSE - Universit\u00e9 du Luxembourg I Uni.lu"},"image":"https:\/\/www.uni.lu\/wp-content\/uploads\/sites\/16\/2026\/04\/24144331\/20200609-Belval-Campus_Henri-Goergen-23.jpg","sameAs":["https:\/\/humanities.uni.lu\/"],"email":"communication@uni.lu","telephone":"+3524666441","address":{"@type":"PostalAddress","streetAddress":"11, Porte des Sciences","addressLocality":"Esch-sur-Alzette","postalCode":"4365","addressCountry":"LU"},"description":"Facult\u00e9 des Sciences Humaines, des Sciences de l\u2019\u00c9ducation et des Sciences Sociales\u200b I Uni.lu"}]}},"_links":{"self":[{"href":"https:\/\/www.uni.lu\/fhse-fr\/wp-json\/wp\/v2\/events\/1579"}],"collection":[{"href":"https:\/\/www.uni.lu\/fhse-fr\/wp-json\/wp\/v2\/events"}],"about":[{"href":"https:\/\/www.uni.lu\/fhse-fr\/wp-json\/wp\/v2\/types\/events"}],"replies":[{"embeddable":true,"href":"https:\/\/www.uni.lu\/fhse-fr\/wp-json\/wp\/v2\/comments?post=1579"}],"version-history":[{"count":0,"href":"https:\/\/www.uni.lu\/fhse-fr\/wp-json\/wp\/v2\/events\/1579\/revisions"}],"wp:featuredmedia":[{"embeddable":true,"href":"https:\/\/www.uni.lu\/fhse-fr\/wp-json\/wp\/v2\/media\/1580"}],"wp:attachment":[{"href":"https:\/\/www.uni.lu\/fhse-fr\/wp-json\/wp\/v2\/media?parent=1579"}],"wp:term":[{"taxonomy":"events-topic","embeddable":true,"href":"https:\/\/www.uni.lu\/fhse-fr\/wp-json\/wp\/v2\/events-topic?post=1579"},{"taxonomy":"events-type","embeddable":true,"href":"https:\/\/www.uni.lu\/fhse-fr\/wp-json\/wp\/v2\/events-type?post=1579"},{"taxonomy":"organisation","embeddable":true,"href":"https:\/\/www.uni.lu\/fhse-fr\/wp-json\/wp\/v2\/organisation?post=1579"}],"curies":[{"name":"wp","href":"https:\/\/api.w.org\/{rel}","templated":true}]}}