{"id":1577,"date":"2021-04-12T10:39:45","date_gmt":"2021-04-12T08:39:45","guid":{"rendered":"https:\/\/www.uni.lu\/fhse-fr\/events\/das-pferd-als-naturliche-ressource-im-spatmittelalterlichen-urbanen-umfeld-moglichkeiten-einrichtungen-und-konflikte\/"},"modified":"2021-04-12T10:39:45","modified_gmt":"2021-04-12T08:39:45","slug":"das-pferd-als-naturliche-ressource-im-spatmittelalterlichen-urbanen-umfeld-moglichkeiten-einrichtungen-und-konflikte","status":"publish","type":"events","link":"https:\/\/www.uni.lu\/fhse-fr\/events\/das-pferd-als-naturliche-ressource-im-spatmittelalterlichen-urbanen-umfeld-moglichkeiten-einrichtungen-und-konflikte\/","title":{"rendered":"Das Pferd als nat\u00fcrliche Ressource im sp\u00e4tmittelalterlichen urbanen Umfeld. M\u00f6glichkeiten, Einrichtungen und Konflikte"},"content":{"rendered":"<section class=\"wp-block-unilux-blocks-free-section section\"><div class=\"container xl:max-w-screen-xl\"><p>L\u2019histoire environnementale comme discipline des sciences historiques a connu depuis les ann\u00e9es 1990 une attention accrue. Ces derni\u00e8res ann\u00e9es l\u2019int\u00e9r\u00eat pour l\u2019analyse historique des influences humaines sur l\u2019environnement et pour l\u2019exploitation des ressources naturelles a encore augment\u00e9 \u00e0 la suite d\u2019une prise de conscience accrue de la soci\u00e9t\u00e9 et des m\u00e9dias pour le changement climatique qui s\u2019acc\u00e9l\u00e8re et l\u2019environnement naturel qui se d\u00e9grade. De nombreuses publications t\u00e9moignent de la fertilit\u00e9 d\u2019une approche interdisciplinaire et r\u00e9gionale de cette th\u00e9matique qui sera au c\u0153ur d\u2019un cycle de conf\u00e9rences organis\u00e9 par l\u2019Institut d\u2019Histoire de l\u2019Universit\u00e9 du Luxembourg pour les \u00e9tudiants en Bachelor en cultures europ\u00e9ennes, \u00e9galement ouvert aux auditeurs libres ainsi qu\u2019aux membres du grand public<\/p><p>Cycle de conf\u00e9rences en ligne \u00e0 l\u2019Universit\u00e9 du Luxembourg au semestre d\u2019\u00e9t\u00e9 2021 dans le cadre du Bachelor en cultures europ\u00e9enne.<\/p><p>INSCRIPTIONS<\/p><ul class=\"ulux-list\"><li class=\"ulux-list-item\">pour les \u00e9tudiants du BCE en cultures europ\u00e9ennes et auditeurs libres de l\u2019Universit\u00e9 : via Moodle<\/li><li class=\"ulux-list-item\">pour les auditeurs libres ext\u00e9rieurs, ainsi qu\u2019au grand public, inscription obligatoire par e-mail : <a href=\"mailto:opencourses@uni.lu\" target=\"_blank\" title=\"\" rel=\"noopener\">opencourses@uni.lu<\/a><\/li><\/ul><p>INFORMATIONS &#038; CONTACT<\/p><p><a href=\"mailto:herold.pettiau@uni.lu\" target=\"_self\" title=\"\" rel=\"noopener\">herold.pettiau@uni.lu<\/a><\/p><p>Les s\u00e9ances auront lieu le lundi de 11h30 \u00e0 13h00 du 15 F\u00c9VRIER au 17 MAI 2021<\/p><\/div><\/section>","protected":false},"excerpt":{"rendered":"","protected":false},"author":0,"featured_media":1578,"parent":0,"menu_order":0,"comment_status":"open","ping_status":"closed","template":"","format":"standard","meta":{"featured_image_focal_point":[],"show_featured_caption":false,"ulux_newsletter_groups":"","uluxPostTitle":"","uluxPrePostTitle":"","_trash_the_other_posts":false,"_price":"","_stock":"","_tribe_ticket_header":"","_tribe_default_ticket_provider":"","_tribe_ticket_capacity":"0","_ticket_start_date":"","_ticket_end_date":"","_tribe_ticket_show_description":"","_tribe_ticket_show_not_going":false,"_tribe_ticket_use_global_stock":"","_tribe_ticket_global_stock_level":"","_global_stock_mode":"","_global_stock_cap":"","_tribe_rsvp_for_event":"","_tribe_ticket_going_count":"","_tribe_ticket_not_going_count":"","_tribe_tickets_list":"[]","_tribe_ticket_has_attendee_info_fields":false,"event_start_date":"2021-04-12 11:30:00","event_end_date":"2021-04-12 13:00:00","event_speaker_name":"Fabienne Meiers","event_speaker_link":"","event_is_online":false,"event_location":"conf\u00e9rence en ligne","event_street":"","event_location_link":"","event_zip_code":"","event_city":"","event_country":"LU"},"events-topic":[305],"events-type":[],"organisation":[170],"authorship":[],"acf":[],"yoast_head":"<!-- This site is optimized with the Yoast SEO Premium plugin v22.3 (Yoast SEO v22.3) - https:\/\/yoast.com\/wordpress\/plugins\/seo\/ -->\n<title>Das Pferd als nat\u00fcrliche Ressource im sp\u00e4tmittelalterlichen urbanen Umfeld. M\u00f6glichkeiten, Einrichtungen und Konflikte - FHSE I Uni.lu<\/title>\n<meta name=\"description\" content=\"L\u2019histoire environnementale comme discipline des sciences historiques a connu depuis les ann\u00e9es 1990 une attention accrue. Ces derni\u00e8res ann\u00e9es l\u2019int\u00e9r\u00eat\" \/>\n<meta name=\"robots\" content=\"index, follow, max-snippet:-1, max-image-preview:large, max-video-preview:-1\" \/>\n<link rel=\"canonical\" href=\"https:\/\/www.uni.lu\/fhse-fr\/events\/das-pferd-als-naturliche-ressource-im-spatmittelalterlichen-urbanen-umfeld-moglichkeiten-einrichtungen-und-konflikte\/\" \/>\n<meta property=\"og:locale\" content=\"fr_FR\" \/>\n<meta property=\"og:type\" content=\"article\" \/>\n<meta property=\"og:title\" content=\"Das Pferd als nat\u00fcrliche Ressource im sp\u00e4tmittelalterlichen urbanen Umfeld. M\u00f6glichkeiten, Einrichtungen und Konflikte\" \/>\n<meta property=\"og:description\" content=\"L\u2019histoire environnementale comme discipline des sciences historiques a connu depuis les ann\u00e9es 1990 une attention accrue. Ces derni\u00e8res ann\u00e9es l\u2019int\u00e9r\u00eat\" \/>\n<meta property=\"og:url\" content=\"https:\/\/www.uni.lu\/fhse-fr\/events\/das-pferd-als-naturliche-ressource-im-spatmittelalterlichen-urbanen-umfeld-moglichkeiten-einrichtungen-und-konflikte\/\" \/>\n<meta property=\"og:site_name\" content=\"FHSE FR\" \/>\n<meta property=\"og:image\" content=\"https:\/\/www.uni.lu\/wp-content\/uploads\/sites\/16\/2026\/03\/03112325\/FHSE_SM-Profile_1600x1600px-scaled.jpg\" \/>\n\t<meta property=\"og:image:width\" content=\"2560\" \/>\n\t<meta property=\"og:image:height\" content=\"2560\" \/>\n\t<meta property=\"og:image:type\" content=\"image\/jpeg\" \/>\n<meta name=\"twitter:card\" content=\"summary_large_image\" \/>\n<meta name=\"twitter:label1\" content=\"Dur\u00e9e de lecture estim\u00e9e\" \/>\n\t<meta name=\"twitter:data1\" content=\"1 minute\" \/>\n<script type=\"application\/ld+json\" class=\"yoast-schema-graph\">{\"@context\":\"https:\/\/schema.org\",\"@graph\":[{\"@type\":\"WebPage\",\"@id\":\"https:\/\/www.uni.lu\/fhse-fr\/events\/das-pferd-als-naturliche-ressource-im-spatmittelalterlichen-urbanen-umfeld-moglichkeiten-einrichtungen-und-konflikte\/\",\"url\":\"https:\/\/www.uni.lu\/fhse-fr\/events\/das-pferd-als-naturliche-ressource-im-spatmittelalterlichen-urbanen-umfeld-moglichkeiten-einrichtungen-und-konflikte\/\",\"name\":\"Das Pferd als nat\u00fcrliche Ressource im sp\u00e4tmittelalterlichen urbanen Umfeld. M\u00f6glichkeiten, Einrichtungen und Konflikte - FHSE I Uni.lu\",\"isPartOf\":{\"@id\":\"https:\/\/www.uni.lu\/fhse-fr\/#website\"},\"primaryImageOfPage\":{\"@id\":\"https:\/\/www.uni.lu\/fhse-fr\/events\/das-pferd-als-naturliche-ressource-im-spatmittelalterlichen-urbanen-umfeld-moglichkeiten-einrichtungen-und-konflikte\/#primaryimage\"},\"image\":{\"@id\":\"https:\/\/www.uni.lu\/fhse-fr\/events\/das-pferd-als-naturliche-ressource-im-spatmittelalterlichen-urbanen-umfeld-moglichkeiten-einrichtungen-und-konflikte\/#primaryimage\"},\"thumbnailUrl\":\"https:\/\/www.uni.lu\/wp-content\/uploads\/sites\/16\/2021\/04\/das_pferd_als_natuerliche_ressource_im_spaetmittelalterlichen_urbanen_umfeld_moeglichkeiten_einrichtungen_und_konflikte.jpg\",\"datePublished\":\"2021-04-12T08:39:45+00:00\",\"dateModified\":\"2021-04-12T08:39:45+00:00\",\"description\":\"L\u2019histoire environnementale comme discipline des sciences historiques a connu depuis les ann\u00e9es 1990 une attention accrue. Ces derni\u00e8res ann\u00e9es l\u2019int\u00e9r\u00eat\",\"breadcrumb\":{\"@id\":\"https:\/\/www.uni.lu\/fhse-fr\/events\/das-pferd-als-naturliche-ressource-im-spatmittelalterlichen-urbanen-umfeld-moglichkeiten-einrichtungen-und-konflikte\/#breadcrumb\"},\"inLanguage\":\"fr-FR\",\"potentialAction\":[{\"@type\":\"ReadAction\",\"target\":[\"https:\/\/www.uni.lu\/fhse-fr\/events\/das-pferd-als-naturliche-ressource-im-spatmittelalterlichen-urbanen-umfeld-moglichkeiten-einrichtungen-und-konflikte\/\"]}]},{\"@type\":\"ImageObject\",\"inLanguage\":\"fr-FR\",\"@id\":\"https:\/\/www.uni.lu\/fhse-fr\/events\/das-pferd-als-naturliche-ressource-im-spatmittelalterlichen-urbanen-umfeld-moglichkeiten-einrichtungen-und-konflikte\/#primaryimage\",\"url\":\"https:\/\/www.uni.lu\/wp-content\/uploads\/sites\/16\/2021\/04\/das_pferd_als_natuerliche_ressource_im_spaetmittelalterlichen_urbanen_umfeld_moeglichkeiten_einrichtungen_und_konflikte.jpg\",\"contentUrl\":\"https:\/\/www.uni.lu\/wp-content\/uploads\/sites\/16\/2021\/04\/das_pferd_als_natuerliche_ressource_im_spaetmittelalterlichen_urbanen_umfeld_moeglichkeiten_einrichtungen_und_konflikte.jpg\",\"width\":835,\"height\":730},{\"@type\":\"BreadcrumbList\",\"@id\":\"https:\/\/www.uni.lu\/fhse-fr\/events\/das-pferd-als-naturliche-ressource-im-spatmittelalterlichen-urbanen-umfeld-moglichkeiten-einrichtungen-und-konflikte\/#breadcrumb\",\"itemListElement\":[{\"@type\":\"ListItem\",\"position\":1,\"name\":\"Home\",\"item\":\"https:\/\/www.uni.lu\/fr\"},{\"@type\":\"ListItem\",\"position\":2,\"name\":\"Facult\u00e9 des Sciences Humaines, des Sciences de l\u2019\u00c9ducation et des Sciences Sociales\u200b\",\"item\":\"https:\/\/www.uni.lu\/fhse-fr\/\"},{\"@type\":\"ListItem\",\"position\":3,\"name\":\"Events\",\"item\":\"https:\/\/www.uni.lu\/fhse-fr\/events\/\"},{\"@type\":\"ListItem\",\"position\":4,\"name\":\"Das Pferd als nat\u00fcrliche Ressource im sp\u00e4tmittelalterlichen urbanen Umfeld. M\u00f6glichkeiten, Einrichtungen und Konflikte\"}]},{\"@type\":\"WebSite\",\"@id\":\"https:\/\/www.uni.lu\/fhse-fr\/#website\",\"url\":\"https:\/\/www.uni.lu\/fhse-fr\/\",\"name\":\"FHSE\",\"description\":\"Facult\u00e9 des Sciences Humaines, des Sciences de l\u2019\u00c9ducation et des Sciences Sociales\u200b I Uni.lu\",\"publisher\":{\"@id\":\"https:\/\/www.uni.lu\/fhse-fr\/#organization\"},\"alternateName\":\"Facult\u00e9 des Sciences Humaines, des Sciences de l\u2019\u00c9ducation et des Sciences Sociales\u200b I Universit\u00e9 du Luxembourg\",\"potentialAction\":[{\"@type\":\"SearchAction\",\"target\":{\"@type\":\"EntryPoint\",\"urlTemplate\":\"https:\/\/www.uni.lu\/fhse-fr\/?s={search_term_string}\"},\"query-input\":\"required name=search_term_string\"}],\"inLanguage\":\"fr-FR\"},{\"@type\":\"Organization\",\"@id\":\"https:\/\/www.uni.lu\/fhse-fr\/#organization\",\"name\":\"FHSE - Universit\u00e9 du Luxembourg I Uni.lu\",\"alternateName\":\"Facult\u00e9 des Sciences Humaines, des Sciences de l\u2019\u00c9ducation et des Sciences Sociales\u200b\",\"url\":\"https:\/\/www.uni.lu\/fhse-fr\/\",\"logo\":{\"@type\":\"ImageObject\",\"inLanguage\":\"fr-FR\",\"@id\":\"https:\/\/www.uni.lu\/fhse-fr\/#\/schema\/logo\/image\/\",\"url\":\"https:\/\/www.uni.lu\/wp-content\/uploads\/sites\/16\/2026\/03\/03112325\/FHSE_SM-Profile_1600x1600px-scaled.jpg\",\"contentUrl\":\"https:\/\/www.uni.lu\/wp-content\/uploads\/sites\/16\/2026\/03\/03112325\/FHSE_SM-Profile_1600x1600px-scaled.jpg\",\"width\":2560,\"height\":2560,\"caption\":\"FHSE - Universit\u00e9 du Luxembourg I Uni.lu\"},\"image\":\"https:\/\/www.uni.lu\/wp-content\/uploads\/sites\/16\/2026\/04\/24144331\/20200609-Belval-Campus_Henri-Goergen-23.jpg\",\"sameAs\":[\"https:\/\/humanities.uni.lu\/\"],\"email\":\"communication@uni.lu\",\"telephone\":\"+3524666441\",\"address\":{\"@type\":\"PostalAddress\",\"streetAddress\":\"11, Porte des Sciences\",\"addressLocality\":\"Esch-sur-Alzette\",\"postalCode\":\"4365\",\"addressCountry\":\"LU\"},\"description\":\"Facult\u00e9 des Sciences Humaines, des Sciences de l\u2019\u00c9ducation et des Sciences Sociales\u200b I Uni.lu\"}]}<\/script>\n<!-- \/ Yoast SEO Premium plugin. -->","yoast_head_json":{"title":"Das Pferd als nat\u00fcrliche Ressource im sp\u00e4tmittelalterlichen urbanen Umfeld. M\u00f6glichkeiten, Einrichtungen und Konflikte - FHSE I Uni.lu","description":"L\u2019histoire environnementale comme discipline des sciences historiques a connu depuis les ann\u00e9es 1990 une attention accrue. Ces derni\u00e8res ann\u00e9es l\u2019int\u00e9r\u00eat","robots":{"index":"index","follow":"follow","max-snippet":"max-snippet:-1","max-image-preview":"max-image-preview:large","max-video-preview":"max-video-preview:-1"},"canonical":"https:\/\/www.uni.lu\/fhse-fr\/events\/das-pferd-als-naturliche-ressource-im-spatmittelalterlichen-urbanen-umfeld-moglichkeiten-einrichtungen-und-konflikte\/","og_locale":"fr_FR","og_type":"article","og_title":"Das Pferd als nat\u00fcrliche Ressource im sp\u00e4tmittelalterlichen urbanen Umfeld. M\u00f6glichkeiten, Einrichtungen und Konflikte","og_description":"L\u2019histoire environnementale comme discipline des sciences historiques a connu depuis les ann\u00e9es 1990 une attention accrue. Ces derni\u00e8res ann\u00e9es l\u2019int\u00e9r\u00eat","og_url":"https:\/\/www.uni.lu\/fhse-fr\/events\/das-pferd-als-naturliche-ressource-im-spatmittelalterlichen-urbanen-umfeld-moglichkeiten-einrichtungen-und-konflikte\/","og_site_name":"FHSE FR","og_image":[{"width":2560,"height":2560,"url":"https:\/\/www.uni.lu\/wp-content\/uploads\/sites\/16\/2026\/03\/03112325\/FHSE_SM-Profile_1600x1600px-scaled.jpg","type":"image\/jpeg"}],"twitter_card":"summary_large_image","twitter_misc":{"Dur\u00e9e de lecture estim\u00e9e":"1 minute"},"schema":{"@context":"https:\/\/schema.org","@graph":[{"@type":"WebPage","@id":"https:\/\/www.uni.lu\/fhse-fr\/events\/das-pferd-als-naturliche-ressource-im-spatmittelalterlichen-urbanen-umfeld-moglichkeiten-einrichtungen-und-konflikte\/","url":"https:\/\/www.uni.lu\/fhse-fr\/events\/das-pferd-als-naturliche-ressource-im-spatmittelalterlichen-urbanen-umfeld-moglichkeiten-einrichtungen-und-konflikte\/","name":"Das Pferd als nat\u00fcrliche Ressource im sp\u00e4tmittelalterlichen urbanen Umfeld. M\u00f6glichkeiten, Einrichtungen und Konflikte - FHSE I Uni.lu","isPartOf":{"@id":"https:\/\/www.uni.lu\/fhse-fr\/#website"},"primaryImageOfPage":{"@id":"https:\/\/www.uni.lu\/fhse-fr\/events\/das-pferd-als-naturliche-ressource-im-spatmittelalterlichen-urbanen-umfeld-moglichkeiten-einrichtungen-und-konflikte\/#primaryimage"},"image":{"@id":"https:\/\/www.uni.lu\/fhse-fr\/events\/das-pferd-als-naturliche-ressource-im-spatmittelalterlichen-urbanen-umfeld-moglichkeiten-einrichtungen-und-konflikte\/#primaryimage"},"thumbnailUrl":"https:\/\/www.uni.lu\/wp-content\/uploads\/sites\/16\/2021\/04\/das_pferd_als_natuerliche_ressource_im_spaetmittelalterlichen_urbanen_umfeld_moeglichkeiten_einrichtungen_und_konflikte.jpg","datePublished":"2021-04-12T08:39:45+00:00","dateModified":"2021-04-12T08:39:45+00:00","description":"L\u2019histoire environnementale comme discipline des sciences historiques a connu depuis les ann\u00e9es 1990 une attention accrue. Ces derni\u00e8res ann\u00e9es l\u2019int\u00e9r\u00eat","breadcrumb":{"@id":"https:\/\/www.uni.lu\/fhse-fr\/events\/das-pferd-als-naturliche-ressource-im-spatmittelalterlichen-urbanen-umfeld-moglichkeiten-einrichtungen-und-konflikte\/#breadcrumb"},"inLanguage":"fr-FR","potentialAction":[{"@type":"ReadAction","target":["https:\/\/www.uni.lu\/fhse-fr\/events\/das-pferd-als-naturliche-ressource-im-spatmittelalterlichen-urbanen-umfeld-moglichkeiten-einrichtungen-und-konflikte\/"]}]},{"@type":"ImageObject","inLanguage":"fr-FR","@id":"https:\/\/www.uni.lu\/fhse-fr\/events\/das-pferd-als-naturliche-ressource-im-spatmittelalterlichen-urbanen-umfeld-moglichkeiten-einrichtungen-und-konflikte\/#primaryimage","url":"https:\/\/www.uni.lu\/wp-content\/uploads\/sites\/16\/2021\/04\/das_pferd_als_natuerliche_ressource_im_spaetmittelalterlichen_urbanen_umfeld_moeglichkeiten_einrichtungen_und_konflikte.jpg","contentUrl":"https:\/\/www.uni.lu\/wp-content\/uploads\/sites\/16\/2021\/04\/das_pferd_als_natuerliche_ressource_im_spaetmittelalterlichen_urbanen_umfeld_moeglichkeiten_einrichtungen_und_konflikte.jpg","width":835,"height":730},{"@type":"BreadcrumbList","@id":"https:\/\/www.uni.lu\/fhse-fr\/events\/das-pferd-als-naturliche-ressource-im-spatmittelalterlichen-urbanen-umfeld-moglichkeiten-einrichtungen-und-konflikte\/#breadcrumb","itemListElement":[{"@type":"ListItem","position":1,"name":"Home","item":"https:\/\/www.uni.lu\/fr"},{"@type":"ListItem","position":2,"name":"Facult\u00e9 des Sciences Humaines, des Sciences de l\u2019\u00c9ducation et des Sciences Sociales\u200b","item":"https:\/\/www.uni.lu\/fhse-fr\/"},{"@type":"ListItem","position":3,"name":"Events","item":"https:\/\/www.uni.lu\/fhse-fr\/events\/"},{"@type":"ListItem","position":4,"name":"Das Pferd als nat\u00fcrliche Ressource im sp\u00e4tmittelalterlichen urbanen Umfeld. M\u00f6glichkeiten, Einrichtungen und Konflikte"}]},{"@type":"WebSite","@id":"https:\/\/www.uni.lu\/fhse-fr\/#website","url":"https:\/\/www.uni.lu\/fhse-fr\/","name":"FHSE","description":"Facult\u00e9 des Sciences Humaines, des Sciences de l\u2019\u00c9ducation et des Sciences Sociales\u200b I Uni.lu","publisher":{"@id":"https:\/\/www.uni.lu\/fhse-fr\/#organization"},"alternateName":"Facult\u00e9 des Sciences Humaines, des Sciences de l\u2019\u00c9ducation et des Sciences Sociales\u200b I Universit\u00e9 du Luxembourg","potentialAction":[{"@type":"SearchAction","target":{"@type":"EntryPoint","urlTemplate":"https:\/\/www.uni.lu\/fhse-fr\/?s={search_term_string}"},"query-input":"required name=search_term_string"}],"inLanguage":"fr-FR"},{"@type":"Organization","@id":"https:\/\/www.uni.lu\/fhse-fr\/#organization","name":"FHSE - Universit\u00e9 du Luxembourg I Uni.lu","alternateName":"Facult\u00e9 des Sciences Humaines, des Sciences de l\u2019\u00c9ducation et des Sciences Sociales\u200b","url":"https:\/\/www.uni.lu\/fhse-fr\/","logo":{"@type":"ImageObject","inLanguage":"fr-FR","@id":"https:\/\/www.uni.lu\/fhse-fr\/#\/schema\/logo\/image\/","url":"https:\/\/www.uni.lu\/wp-content\/uploads\/sites\/16\/2026\/03\/03112325\/FHSE_SM-Profile_1600x1600px-scaled.jpg","contentUrl":"https:\/\/www.uni.lu\/wp-content\/uploads\/sites\/16\/2026\/03\/03112325\/FHSE_SM-Profile_1600x1600px-scaled.jpg","width":2560,"height":2560,"caption":"FHSE - Universit\u00e9 du Luxembourg I Uni.lu"},"image":"https:\/\/www.uni.lu\/wp-content\/uploads\/sites\/16\/2026\/04\/24144331\/20200609-Belval-Campus_Henri-Goergen-23.jpg","sameAs":["https:\/\/humanities.uni.lu\/"],"email":"communication@uni.lu","telephone":"+3524666441","address":{"@type":"PostalAddress","streetAddress":"11, Porte des Sciences","addressLocality":"Esch-sur-Alzette","postalCode":"4365","addressCountry":"LU"},"description":"Facult\u00e9 des Sciences Humaines, des Sciences de l\u2019\u00c9ducation et des Sciences Sociales\u200b I Uni.lu"}]}},"_links":{"self":[{"href":"https:\/\/www.uni.lu\/fhse-fr\/wp-json\/wp\/v2\/events\/1577"}],"collection":[{"href":"https:\/\/www.uni.lu\/fhse-fr\/wp-json\/wp\/v2\/events"}],"about":[{"href":"https:\/\/www.uni.lu\/fhse-fr\/wp-json\/wp\/v2\/types\/events"}],"replies":[{"embeddable":true,"href":"https:\/\/www.uni.lu\/fhse-fr\/wp-json\/wp\/v2\/comments?post=1577"}],"version-history":[{"count":0,"href":"https:\/\/www.uni.lu\/fhse-fr\/wp-json\/wp\/v2\/events\/1577\/revisions"}],"wp:featuredmedia":[{"embeddable":true,"href":"https:\/\/www.uni.lu\/fhse-fr\/wp-json\/wp\/v2\/media\/1578"}],"wp:attachment":[{"href":"https:\/\/www.uni.lu\/fhse-fr\/wp-json\/wp\/v2\/media?parent=1577"}],"wp:term":[{"taxonomy":"events-topic","embeddable":true,"href":"https:\/\/www.uni.lu\/fhse-fr\/wp-json\/wp\/v2\/events-topic?post=1577"},{"taxonomy":"events-type","embeddable":true,"href":"https:\/\/www.uni.lu\/fhse-fr\/wp-json\/wp\/v2\/events-type?post=1577"},{"taxonomy":"organisation","embeddable":true,"href":"https:\/\/www.uni.lu\/fhse-fr\/wp-json\/wp\/v2\/organisation?post=1577"}],"curies":[{"name":"wp","href":"https:\/\/api.w.org\/{rel}","templated":true}]}}