{"id":1535,"date":"2021-03-03T15:43:53","date_gmt":"2021-03-03T14:43:53","guid":{"rendered":"https:\/\/www.uni.lu\/fhse-fr\/events\/frontalier-ieres-questions-dinvisibilisations\/"},"modified":"2021-03-03T15:43:53","modified_gmt":"2021-03-03T14:43:53","slug":"frontalier-ieres-questions-dinvisibilisations","status":"publish","type":"events","link":"https:\/\/www.uni.lu\/fhse-fr\/events\/frontalier-ieres-questions-dinvisibilisations\/","title":{"rendered":"Frontalier.i\u00e8res Questions d\u2019(in)visibilisations"},"content":{"rendered":"<section class=\"wp-block-unilux-blocks-free-section section\"><div class=\"container xl:max-w-screen-xl\"><p>Organis\u00e9e dans le cadre du Mois de la francophonie au Luxembourg, cette soir\u00e9e est l\u2019occasion d\u2019aborder dans une perspective soci\u00e9tale et culturelle le sujet des frontalier.i\u00e8res au Luxembourg \u2013 question particuli\u00e8rement vive lors du premier confinement li\u00e9 \u00e0 la crise du Covid-19. En d\u00e9but d\u2019ann\u00e9e 2021, deux pi\u00e8ces de th\u00e9\u00e2tre, ax\u00e9es selon des angles diff\u00e9rents sur la vie des travailleur.euse.s frontalier.i\u00e8res, ont \u00e9t\u00e9 mont\u00e9es au Luxembourg. Leur co\u00efncidence m\u00e9rite de nous interroger sur les rapports et les liens entretenus avec les frontalier.i\u00e8res.<\/p><ul class=\"ulux-list\"><li class=\"ulux-list-item\">\u00c9clairage soci\u00e9tal et historique par Denis Scuto, Universit\u00e9 du Luxembourg<\/li><li class=\"ulux-list-item\">Rencontre-lecture avec Sophie Langevin, pour la cr\u00e9ation du spectacle Les Frontali\u00e8res. Die Grenzg\u00e4ngerinnen au Th\u00e9\u00e2tre d\u2019Esch, et Jean Portante, pour la cr\u00e9ation de la pi\u00e8ce Frontalier au Th\u00e9\u00e2tre National du Luxembourg.<\/li><\/ul><p>MODERATION<\/p><ul class=\"ulux-list\"><li class=\"ulux-list-item\">Carole Bisenius-Penin, Universit\u00e9 de Lorraine<\/li><li class=\"ulux-list-item\">Jeanne E. Glesener, Universit\u00e9 du Luxembourg<\/li><li class=\"ulux-list-item\">Tonia Raus, Universit\u00e9 du Luxembourg<\/li><\/ul><p>CONTACT<\/p><p>tonia.raus@ext.uni.lu<\/p><p>L\u2019entr\u00e9e est libre dans la limite des places disponibles. R\u00e9servation obligatoire. <\/p><p>Une attestation de participation pourra \u00eatre fournie sur demande.<\/p><\/div><\/section>","protected":false},"excerpt":{"rendered":"<p>Organis\u00e9e dans le cadre du Mois de la francophonie au Luxembourg, cette soir\u00e9e est l\u2019occasion d\u2019aborder dans une perspective soci\u00e9tale et culturelle le sujet des frontalier.i\u00e8res au Luxembourg \u2013 question particuli\u00e8rement vive lors du premier confinement li\u00e9 \u00e0 la crise du Covid-19. En d\u00e9but d\u2019ann\u00e9e 2021, deux pi\u00e8ces de th\u00e9\u00e2tre, ax\u00e9es selon des angles diff\u00e9rents sur la vie des travailleur.euse.s frontalier.i\u00e8res, ont \u00e9t\u00e9 mont\u00e9es au Luxembourg. Leur co\u00efncidence m\u00e9rite de nous interroger sur les rapports et les liens entretenus avec les frontalier.i\u00e8res.\u00c9clairage soci\u00e9tal et historique par Denis Scuto, Universit\u00e9 du LuxembourgRencontre-lecture avec Sophie Langevin, pour la cr\u00e9ation du spectacle Les Frontali\u00e8res. Die Grenzg\u00e4ngerinnen au Th\u00e9\u00e2tre d\u2019Esch, et Jean Portante, pour la cr\u00e9ation de la pi\u00e8ce Frontalier au Th\u00e9\u00e2tre National du Luxembourg.MODERATIONCarole Bisenius-Penin, Universit\u00e9 de LorraineJeanne E. Glesener, Universit\u00e9 du LuxembourgTonia Raus, Universit\u00e9 du LuxembourgCONTACTtonia.raus@ext.uni.luL\u2019entr\u00e9e est libre dans la limite des places disponibles. R\u00e9servation obligatoire. Une attestation de participation pourra \u00eatre fournie sur demande.<\/p>\n","protected":false},"author":0,"featured_media":1536,"parent":0,"menu_order":0,"comment_status":"open","ping_status":"closed","template":"","format":"standard","meta":{"featured_image_focal_point":[],"show_featured_caption":false,"ulux_newsletter_groups":"","uluxPostTitle":"","uluxPrePostTitle":"","_trash_the_other_posts":false,"_price":"","_stock":"","_tribe_ticket_header":"","_tribe_default_ticket_provider":"","_tribe_ticket_capacity":"0","_ticket_start_date":"","_ticket_end_date":"","_tribe_ticket_show_description":"","_tribe_ticket_show_not_going":false,"_tribe_ticket_use_global_stock":"","_tribe_ticket_global_stock_level":"","_global_stock_mode":"","_global_stock_cap":"","_tribe_rsvp_for_event":"","_tribe_ticket_going_count":"","_tribe_ticket_not_going_count":"","_tribe_tickets_list":"[]","_tribe_ticket_has_attendee_info_fields":false,"event_start_date":"2021-03-25 19:00:00","event_end_date":"2021-03-25 20:30:00","event_speaker_name":"","event_speaker_link":"","event_is_online":false,"event_location":"Rotondes, Place des Rotondes, ","event_street":"","event_location_link":"","event_zip_code":"L-2448 ","event_city":"Luxembourg","event_country":"LU"},"events-topic":[305],"events-type":[],"organisation":[170,146],"authorship":[],"acf":[],"yoast_head":"<!-- This site is optimized with the Yoast SEO Premium plugin v22.3 (Yoast SEO v22.3) - https:\/\/yoast.com\/wordpress\/plugins\/seo\/ -->\n<title>Frontalier.i\u00e8res Questions d\u2019(in)visibilisations - FHSE I Uni.lu<\/title>\n<meta name=\"description\" content=\"Organis\u00e9e dans le cadre du Mois de la francophonie au Luxembourg, cette soir\u00e9e est l\u2019occasion d\u2019aborder dans une perspective soci\u00e9tale et culturelle le sujet des frontalier.i\u00e8res au Luxembourg \u2013 question particuli\u00e8rement vive lors du premier confinement li\u00e9 \u00e0 la crise du Covid-19. En d\u00e9but d\u2019ann\u00e9e 2021, deux pi\u00e8ces de th\u00e9\u00e2tre, ax\u00e9es selon des angles diff\u00e9rents sur la vie des travailleur.euse.s frontalier.i\u00e8res, ont \u00e9t\u00e9 mont\u00e9es au Luxembourg. Leur co\u00efncidence m\u00e9rite de nous interroger sur les rapports et les liens entretenus avec les frontalier.i\u00e8res.\u00c9clairage soci\u00e9tal et historique par Denis Scuto, Universit\u00e9 du LuxembourgRencontre-lecture avec Sophie Langevin, pour la cr\u00e9ation du spectacle Les Frontali\u00e8res. Die Grenzg\u00e4ngerinnen au Th\u00e9\u00e2tre d\u2019Esch, et Jean Portante, pour la cr\u00e9ation de la pi\u00e8ce Frontalier au Th\u00e9\u00e2tre National du Luxembourg.MODERATIONCarole Bisenius-Penin, Universit\u00e9 de LorraineJeanne E. Glesener, Universit\u00e9 du LuxembourgTonia Raus, Universit\u00e9 du LuxembourgCONTACTtonia.raus@ext.uni.luL\u2019entr\u00e9e est libre dans la limite des places disponibles. R\u00e9servation obligatoire. Une attestation de participation pourra \u00eatre fournie sur demande.\" \/>\n<meta name=\"robots\" content=\"index, follow, max-snippet:-1, max-image-preview:large, max-video-preview:-1\" \/>\n<link rel=\"canonical\" href=\"https:\/\/www.uni.lu\/fhse-fr\/events\/frontalier-ieres-questions-dinvisibilisations\/\" \/>\n<meta property=\"og:locale\" content=\"fr_FR\" \/>\n<meta property=\"og:type\" content=\"article\" \/>\n<meta property=\"og:title\" content=\"Frontalier.i\u00e8res Questions d\u2019(in)visibilisations\" \/>\n<meta property=\"og:description\" content=\"Organis\u00e9e dans le cadre du Mois de la francophonie au Luxembourg, cette soir\u00e9e est l\u2019occasion d\u2019aborder dans une perspective soci\u00e9tale et culturelle le sujet des frontalier.i\u00e8res au Luxembourg \u2013 question particuli\u00e8rement vive lors du premier confinement li\u00e9 \u00e0 la crise du Covid-19. En d\u00e9but d\u2019ann\u00e9e 2021, deux pi\u00e8ces de th\u00e9\u00e2tre, ax\u00e9es selon des angles diff\u00e9rents sur la vie des travailleur.euse.s frontalier.i\u00e8res, ont \u00e9t\u00e9 mont\u00e9es au Luxembourg. Leur co\u00efncidence m\u00e9rite de nous interroger sur les rapports et les liens entretenus avec les frontalier.i\u00e8res.\u00c9clairage soci\u00e9tal et historique par Denis Scuto, Universit\u00e9 du LuxembourgRencontre-lecture avec Sophie Langevin, pour la cr\u00e9ation du spectacle Les Frontali\u00e8res. Die Grenzg\u00e4ngerinnen au Th\u00e9\u00e2tre d\u2019Esch, et Jean Portante, pour la cr\u00e9ation de la pi\u00e8ce Frontalier au Th\u00e9\u00e2tre National du Luxembourg.MODERATIONCarole Bisenius-Penin, Universit\u00e9 de LorraineJeanne E. Glesener, Universit\u00e9 du LuxembourgTonia Raus, Universit\u00e9 du LuxembourgCONTACTtonia.raus@ext.uni.luL\u2019entr\u00e9e est libre dans la limite des places disponibles. R\u00e9servation obligatoire. Une attestation de participation pourra \u00eatre fournie sur demande.\" \/>\n<meta property=\"og:url\" content=\"https:\/\/www.uni.lu\/fhse-fr\/events\/frontalier-ieres-questions-dinvisibilisations\/\" \/>\n<meta property=\"og:site_name\" content=\"FHSE FR\" \/>\n<meta property=\"og:image\" content=\"https:\/\/www.uni.lu\/wp-content\/uploads\/sites\/16\/2026\/03\/03112325\/FHSE_SM-Profile_1600x1600px-scaled.jpg\" \/>\n\t<meta property=\"og:image:width\" content=\"2560\" \/>\n\t<meta property=\"og:image:height\" content=\"2560\" \/>\n\t<meta property=\"og:image:type\" content=\"image\/jpeg\" \/>\n<meta name=\"twitter:card\" content=\"summary_large_image\" \/>\n<meta name=\"twitter:label1\" content=\"Dur\u00e9e de lecture estim\u00e9e\" \/>\n\t<meta name=\"twitter:data1\" content=\"1 minute\" \/>\n<script type=\"application\/ld+json\" class=\"yoast-schema-graph\">{\"@context\":\"https:\/\/schema.org\",\"@graph\":[{\"@type\":\"WebPage\",\"@id\":\"https:\/\/www.uni.lu\/fhse-fr\/events\/frontalier-ieres-questions-dinvisibilisations\/\",\"url\":\"https:\/\/www.uni.lu\/fhse-fr\/events\/frontalier-ieres-questions-dinvisibilisations\/\",\"name\":\"Frontalier.i\u00e8res Questions d\u2019(in)visibilisations - FHSE I Uni.lu\",\"isPartOf\":{\"@id\":\"https:\/\/www.uni.lu\/fhse-fr\/#website\"},\"primaryImageOfPage\":{\"@id\":\"https:\/\/www.uni.lu\/fhse-fr\/events\/frontalier-ieres-questions-dinvisibilisations\/#primaryimage\"},\"image\":{\"@id\":\"https:\/\/www.uni.lu\/fhse-fr\/events\/frontalier-ieres-questions-dinvisibilisations\/#primaryimage\"},\"thumbnailUrl\":\"https:\/\/www.uni.lu\/wp-content\/uploads\/sites\/16\/2021\/03\/default.jpg\",\"datePublished\":\"2021-03-03T14:43:53+00:00\",\"dateModified\":\"2021-03-03T14:43:53+00:00\",\"description\":\"Organis\u00e9e dans le cadre du Mois de la francophonie au Luxembourg, cette soir\u00e9e est l\u2019occasion d\u2019aborder dans une perspective soci\u00e9tale et culturelle le sujet des frontalier.i\u00e8res au Luxembourg \u2013 question particuli\u00e8rement vive lors du premier confinement li\u00e9 \u00e0 la crise du Covid-19. En d\u00e9but d\u2019ann\u00e9e 2021, deux pi\u00e8ces de th\u00e9\u00e2tre, ax\u00e9es selon des angles diff\u00e9rents sur la vie des travailleur.euse.s frontalier.i\u00e8res, ont \u00e9t\u00e9 mont\u00e9es au Luxembourg. Leur co\u00efncidence m\u00e9rite de nous interroger sur les rapports et les liens entretenus avec les frontalier.i\u00e8res.\u00c9clairage soci\u00e9tal et historique par Denis Scuto, Universit\u00e9 du LuxembourgRencontre-lecture avec Sophie Langevin, pour la cr\u00e9ation du spectacle Les Frontali\u00e8res. Die Grenzg\u00e4ngerinnen au Th\u00e9\u00e2tre d\u2019Esch, et Jean Portante, pour la cr\u00e9ation de la pi\u00e8ce Frontalier au Th\u00e9\u00e2tre National du Luxembourg.MODERATIONCarole Bisenius-Penin, Universit\u00e9 de LorraineJeanne E. Glesener, Universit\u00e9 du LuxembourgTonia Raus, Universit\u00e9 du LuxembourgCONTACTtonia.raus@ext.uni.luL\u2019entr\u00e9e est libre dans la limite des places disponibles. R\u00e9servation obligatoire. Une attestation de participation pourra \u00eatre fournie sur demande.\",\"breadcrumb\":{\"@id\":\"https:\/\/www.uni.lu\/fhse-fr\/events\/frontalier-ieres-questions-dinvisibilisations\/#breadcrumb\"},\"inLanguage\":\"fr-FR\",\"potentialAction\":[{\"@type\":\"ReadAction\",\"target\":[\"https:\/\/www.uni.lu\/fhse-fr\/events\/frontalier-ieres-questions-dinvisibilisations\/\"]}]},{\"@type\":\"ImageObject\",\"inLanguage\":\"fr-FR\",\"@id\":\"https:\/\/www.uni.lu\/fhse-fr\/events\/frontalier-ieres-questions-dinvisibilisations\/#primaryimage\",\"url\":\"https:\/\/www.uni.lu\/wp-content\/uploads\/sites\/16\/2021\/03\/default.jpg\",\"contentUrl\":\"https:\/\/www.uni.lu\/wp-content\/uploads\/sites\/16\/2021\/03\/default.jpg\",\"width\":1500,\"height\":1125},{\"@type\":\"BreadcrumbList\",\"@id\":\"https:\/\/www.uni.lu\/fhse-fr\/events\/frontalier-ieres-questions-dinvisibilisations\/#breadcrumb\",\"itemListElement\":[{\"@type\":\"ListItem\",\"position\":1,\"name\":\"Home\",\"item\":\"https:\/\/www.uni.lu\/fr\"},{\"@type\":\"ListItem\",\"position\":2,\"name\":\"Facult\u00e9 des Sciences Humaines, des Sciences de l\u2019\u00c9ducation et des Sciences Sociales\u200b\",\"item\":\"https:\/\/www.uni.lu\/fhse-fr\/\"},{\"@type\":\"ListItem\",\"position\":3,\"name\":\"Events\",\"item\":\"https:\/\/www.uni.lu\/fhse-fr\/events\/\"},{\"@type\":\"ListItem\",\"position\":4,\"name\":\"Frontalier.i\u00e8res Questions d\u2019(in)visibilisations\"}]},{\"@type\":\"WebSite\",\"@id\":\"https:\/\/www.uni.lu\/fhse-fr\/#website\",\"url\":\"https:\/\/www.uni.lu\/fhse-fr\/\",\"name\":\"FHSE\",\"description\":\"Facult\u00e9 des Sciences Humaines, des Sciences de l\u2019\u00c9ducation et des Sciences Sociales\u200b I Uni.lu\",\"publisher\":{\"@id\":\"https:\/\/www.uni.lu\/fhse-fr\/#organization\"},\"alternateName\":\"Facult\u00e9 des Sciences Humaines, des Sciences de l\u2019\u00c9ducation et des Sciences Sociales\u200b I Universit\u00e9 du Luxembourg\",\"potentialAction\":[{\"@type\":\"SearchAction\",\"target\":{\"@type\":\"EntryPoint\",\"urlTemplate\":\"https:\/\/www.uni.lu\/fhse-fr\/?s={search_term_string}\"},\"query-input\":\"required name=search_term_string\"}],\"inLanguage\":\"fr-FR\"},{\"@type\":\"Organization\",\"@id\":\"https:\/\/www.uni.lu\/fhse-fr\/#organization\",\"name\":\"FHSE - Universit\u00e9 du Luxembourg I Uni.lu\",\"alternateName\":\"Facult\u00e9 des Sciences Humaines, des Sciences de l\u2019\u00c9ducation et des Sciences Sociales\u200b\",\"url\":\"https:\/\/www.uni.lu\/fhse-fr\/\",\"logo\":{\"@type\":\"ImageObject\",\"inLanguage\":\"fr-FR\",\"@id\":\"https:\/\/www.uni.lu\/fhse-fr\/#\/schema\/logo\/image\/\",\"url\":\"https:\/\/www.uni.lu\/wp-content\/uploads\/sites\/16\/2026\/03\/03112325\/FHSE_SM-Profile_1600x1600px-scaled.jpg\",\"contentUrl\":\"https:\/\/www.uni.lu\/wp-content\/uploads\/sites\/16\/2026\/03\/03112325\/FHSE_SM-Profile_1600x1600px-scaled.jpg\",\"width\":2560,\"height\":2560,\"caption\":\"FHSE - Universit\u00e9 du Luxembourg I Uni.lu\"},\"image\":\"https:\/\/www.uni.lu\/wp-content\/uploads\/sites\/16\/2026\/04\/24144331\/20200609-Belval-Campus_Henri-Goergen-23.jpg\",\"sameAs\":[\"https:\/\/humanities.uni.lu\/\"],\"email\":\"communication@uni.lu\",\"telephone\":\"+3524666441\",\"address\":{\"@type\":\"PostalAddress\",\"streetAddress\":\"11, Porte des Sciences\",\"addressLocality\":\"Esch-sur-Alzette\",\"postalCode\":\"4365\",\"addressCountry\":\"LU\"},\"description\":\"Facult\u00e9 des Sciences Humaines, des Sciences de l\u2019\u00c9ducation et des Sciences Sociales\u200b I Uni.lu\"}]}<\/script>\n<!-- \/ Yoast SEO Premium plugin. -->","yoast_head_json":{"title":"Frontalier.i\u00e8res Questions d\u2019(in)visibilisations - FHSE I Uni.lu","description":"Organis\u00e9e dans le cadre du Mois de la francophonie au Luxembourg, cette soir\u00e9e est l\u2019occasion d\u2019aborder dans une perspective soci\u00e9tale et culturelle le sujet des frontalier.i\u00e8res au Luxembourg \u2013 question particuli\u00e8rement vive lors du premier confinement li\u00e9 \u00e0 la crise du Covid-19. En d\u00e9but d\u2019ann\u00e9e 2021, deux pi\u00e8ces de th\u00e9\u00e2tre, ax\u00e9es selon des angles diff\u00e9rents sur la vie des travailleur.euse.s frontalier.i\u00e8res, ont \u00e9t\u00e9 mont\u00e9es au Luxembourg. Leur co\u00efncidence m\u00e9rite de nous interroger sur les rapports et les liens entretenus avec les frontalier.i\u00e8res.\u00c9clairage soci\u00e9tal et historique par Denis Scuto, Universit\u00e9 du LuxembourgRencontre-lecture avec Sophie Langevin, pour la cr\u00e9ation du spectacle Les Frontali\u00e8res. Die Grenzg\u00e4ngerinnen au Th\u00e9\u00e2tre d\u2019Esch, et Jean Portante, pour la cr\u00e9ation de la pi\u00e8ce Frontalier au Th\u00e9\u00e2tre National du Luxembourg.MODERATIONCarole Bisenius-Penin, Universit\u00e9 de LorraineJeanne E. Glesener, Universit\u00e9 du LuxembourgTonia Raus, Universit\u00e9 du LuxembourgCONTACTtonia.raus@ext.uni.luL\u2019entr\u00e9e est libre dans la limite des places disponibles. R\u00e9servation obligatoire. Une attestation de participation pourra \u00eatre fournie sur demande.","robots":{"index":"index","follow":"follow","max-snippet":"max-snippet:-1","max-image-preview":"max-image-preview:large","max-video-preview":"max-video-preview:-1"},"canonical":"https:\/\/www.uni.lu\/fhse-fr\/events\/frontalier-ieres-questions-dinvisibilisations\/","og_locale":"fr_FR","og_type":"article","og_title":"Frontalier.i\u00e8res Questions d\u2019(in)visibilisations","og_description":"Organis\u00e9e dans le cadre du Mois de la francophonie au Luxembourg, cette soir\u00e9e est l\u2019occasion d\u2019aborder dans une perspective soci\u00e9tale et culturelle le sujet des frontalier.i\u00e8res au Luxembourg \u2013 question particuli\u00e8rement vive lors du premier confinement li\u00e9 \u00e0 la crise du Covid-19. En d\u00e9but d\u2019ann\u00e9e 2021, deux pi\u00e8ces de th\u00e9\u00e2tre, ax\u00e9es selon des angles diff\u00e9rents sur la vie des travailleur.euse.s frontalier.i\u00e8res, ont \u00e9t\u00e9 mont\u00e9es au Luxembourg. Leur co\u00efncidence m\u00e9rite de nous interroger sur les rapports et les liens entretenus avec les frontalier.i\u00e8res.\u00c9clairage soci\u00e9tal et historique par Denis Scuto, Universit\u00e9 du LuxembourgRencontre-lecture avec Sophie Langevin, pour la cr\u00e9ation du spectacle Les Frontali\u00e8res. Die Grenzg\u00e4ngerinnen au Th\u00e9\u00e2tre d\u2019Esch, et Jean Portante, pour la cr\u00e9ation de la pi\u00e8ce Frontalier au Th\u00e9\u00e2tre National du Luxembourg.MODERATIONCarole Bisenius-Penin, Universit\u00e9 de LorraineJeanne E. Glesener, Universit\u00e9 du LuxembourgTonia Raus, Universit\u00e9 du LuxembourgCONTACTtonia.raus@ext.uni.luL\u2019entr\u00e9e est libre dans la limite des places disponibles. R\u00e9servation obligatoire. Une attestation de participation pourra \u00eatre fournie sur demande.","og_url":"https:\/\/www.uni.lu\/fhse-fr\/events\/frontalier-ieres-questions-dinvisibilisations\/","og_site_name":"FHSE FR","og_image":[{"width":2560,"height":2560,"url":"https:\/\/www.uni.lu\/wp-content\/uploads\/sites\/16\/2026\/03\/03112325\/FHSE_SM-Profile_1600x1600px-scaled.jpg","type":"image\/jpeg"}],"twitter_card":"summary_large_image","twitter_misc":{"Dur\u00e9e de lecture estim\u00e9e":"1 minute"},"schema":{"@context":"https:\/\/schema.org","@graph":[{"@type":"WebPage","@id":"https:\/\/www.uni.lu\/fhse-fr\/events\/frontalier-ieres-questions-dinvisibilisations\/","url":"https:\/\/www.uni.lu\/fhse-fr\/events\/frontalier-ieres-questions-dinvisibilisations\/","name":"Frontalier.i\u00e8res Questions d\u2019(in)visibilisations - FHSE I Uni.lu","isPartOf":{"@id":"https:\/\/www.uni.lu\/fhse-fr\/#website"},"primaryImageOfPage":{"@id":"https:\/\/www.uni.lu\/fhse-fr\/events\/frontalier-ieres-questions-dinvisibilisations\/#primaryimage"},"image":{"@id":"https:\/\/www.uni.lu\/fhse-fr\/events\/frontalier-ieres-questions-dinvisibilisations\/#primaryimage"},"thumbnailUrl":"https:\/\/www.uni.lu\/wp-content\/uploads\/sites\/16\/2021\/03\/default.jpg","datePublished":"2021-03-03T14:43:53+00:00","dateModified":"2021-03-03T14:43:53+00:00","description":"Organis\u00e9e dans le cadre du Mois de la francophonie au Luxembourg, cette soir\u00e9e est l\u2019occasion d\u2019aborder dans une perspective soci\u00e9tale et culturelle le sujet des frontalier.i\u00e8res au Luxembourg \u2013 question particuli\u00e8rement vive lors du premier confinement li\u00e9 \u00e0 la crise du Covid-19. En d\u00e9but d\u2019ann\u00e9e 2021, deux pi\u00e8ces de th\u00e9\u00e2tre, ax\u00e9es selon des angles diff\u00e9rents sur la vie des travailleur.euse.s frontalier.i\u00e8res, ont \u00e9t\u00e9 mont\u00e9es au Luxembourg. Leur co\u00efncidence m\u00e9rite de nous interroger sur les rapports et les liens entretenus avec les frontalier.i\u00e8res.\u00c9clairage soci\u00e9tal et historique par Denis Scuto, Universit\u00e9 du LuxembourgRencontre-lecture avec Sophie Langevin, pour la cr\u00e9ation du spectacle Les Frontali\u00e8res. Die Grenzg\u00e4ngerinnen au Th\u00e9\u00e2tre d\u2019Esch, et Jean Portante, pour la cr\u00e9ation de la pi\u00e8ce Frontalier au Th\u00e9\u00e2tre National du Luxembourg.MODERATIONCarole Bisenius-Penin, Universit\u00e9 de LorraineJeanne E. Glesener, Universit\u00e9 du LuxembourgTonia Raus, Universit\u00e9 du LuxembourgCONTACTtonia.raus@ext.uni.luL\u2019entr\u00e9e est libre dans la limite des places disponibles. R\u00e9servation obligatoire. Une attestation de participation pourra \u00eatre fournie sur demande.","breadcrumb":{"@id":"https:\/\/www.uni.lu\/fhse-fr\/events\/frontalier-ieres-questions-dinvisibilisations\/#breadcrumb"},"inLanguage":"fr-FR","potentialAction":[{"@type":"ReadAction","target":["https:\/\/www.uni.lu\/fhse-fr\/events\/frontalier-ieres-questions-dinvisibilisations\/"]}]},{"@type":"ImageObject","inLanguage":"fr-FR","@id":"https:\/\/www.uni.lu\/fhse-fr\/events\/frontalier-ieres-questions-dinvisibilisations\/#primaryimage","url":"https:\/\/www.uni.lu\/wp-content\/uploads\/sites\/16\/2021\/03\/default.jpg","contentUrl":"https:\/\/www.uni.lu\/wp-content\/uploads\/sites\/16\/2021\/03\/default.jpg","width":1500,"height":1125},{"@type":"BreadcrumbList","@id":"https:\/\/www.uni.lu\/fhse-fr\/events\/frontalier-ieres-questions-dinvisibilisations\/#breadcrumb","itemListElement":[{"@type":"ListItem","position":1,"name":"Home","item":"https:\/\/www.uni.lu\/fr"},{"@type":"ListItem","position":2,"name":"Facult\u00e9 des Sciences Humaines, des Sciences de l\u2019\u00c9ducation et des Sciences Sociales\u200b","item":"https:\/\/www.uni.lu\/fhse-fr\/"},{"@type":"ListItem","position":3,"name":"Events","item":"https:\/\/www.uni.lu\/fhse-fr\/events\/"},{"@type":"ListItem","position":4,"name":"Frontalier.i\u00e8res Questions d\u2019(in)visibilisations"}]},{"@type":"WebSite","@id":"https:\/\/www.uni.lu\/fhse-fr\/#website","url":"https:\/\/www.uni.lu\/fhse-fr\/","name":"FHSE","description":"Facult\u00e9 des Sciences Humaines, des Sciences de l\u2019\u00c9ducation et des Sciences Sociales\u200b I Uni.lu","publisher":{"@id":"https:\/\/www.uni.lu\/fhse-fr\/#organization"},"alternateName":"Facult\u00e9 des Sciences Humaines, des Sciences de l\u2019\u00c9ducation et des Sciences Sociales\u200b I Universit\u00e9 du Luxembourg","potentialAction":[{"@type":"SearchAction","target":{"@type":"EntryPoint","urlTemplate":"https:\/\/www.uni.lu\/fhse-fr\/?s={search_term_string}"},"query-input":"required name=search_term_string"}],"inLanguage":"fr-FR"},{"@type":"Organization","@id":"https:\/\/www.uni.lu\/fhse-fr\/#organization","name":"FHSE - Universit\u00e9 du Luxembourg I Uni.lu","alternateName":"Facult\u00e9 des Sciences Humaines, des Sciences de l\u2019\u00c9ducation et des Sciences Sociales\u200b","url":"https:\/\/www.uni.lu\/fhse-fr\/","logo":{"@type":"ImageObject","inLanguage":"fr-FR","@id":"https:\/\/www.uni.lu\/fhse-fr\/#\/schema\/logo\/image\/","url":"https:\/\/www.uni.lu\/wp-content\/uploads\/sites\/16\/2026\/03\/03112325\/FHSE_SM-Profile_1600x1600px-scaled.jpg","contentUrl":"https:\/\/www.uni.lu\/wp-content\/uploads\/sites\/16\/2026\/03\/03112325\/FHSE_SM-Profile_1600x1600px-scaled.jpg","width":2560,"height":2560,"caption":"FHSE - Universit\u00e9 du Luxembourg I Uni.lu"},"image":"https:\/\/www.uni.lu\/wp-content\/uploads\/sites\/16\/2026\/04\/24144331\/20200609-Belval-Campus_Henri-Goergen-23.jpg","sameAs":["https:\/\/humanities.uni.lu\/"],"email":"communication@uni.lu","telephone":"+3524666441","address":{"@type":"PostalAddress","streetAddress":"11, Porte des Sciences","addressLocality":"Esch-sur-Alzette","postalCode":"4365","addressCountry":"LU"},"description":"Facult\u00e9 des Sciences Humaines, des Sciences de l\u2019\u00c9ducation et des Sciences Sociales\u200b I Uni.lu"}]}},"_links":{"self":[{"href":"https:\/\/www.uni.lu\/fhse-fr\/wp-json\/wp\/v2\/events\/1535"}],"collection":[{"href":"https:\/\/www.uni.lu\/fhse-fr\/wp-json\/wp\/v2\/events"}],"about":[{"href":"https:\/\/www.uni.lu\/fhse-fr\/wp-json\/wp\/v2\/types\/events"}],"replies":[{"embeddable":true,"href":"https:\/\/www.uni.lu\/fhse-fr\/wp-json\/wp\/v2\/comments?post=1535"}],"version-history":[{"count":0,"href":"https:\/\/www.uni.lu\/fhse-fr\/wp-json\/wp\/v2\/events\/1535\/revisions"}],"wp:featuredmedia":[{"embeddable":true,"href":"https:\/\/www.uni.lu\/fhse-fr\/wp-json\/wp\/v2\/media\/1536"}],"wp:attachment":[{"href":"https:\/\/www.uni.lu\/fhse-fr\/wp-json\/wp\/v2\/media?parent=1535"}],"wp:term":[{"taxonomy":"events-topic","embeddable":true,"href":"https:\/\/www.uni.lu\/fhse-fr\/wp-json\/wp\/v2\/events-topic?post=1535"},{"taxonomy":"events-type","embeddable":true,"href":"https:\/\/www.uni.lu\/fhse-fr\/wp-json\/wp\/v2\/events-type?post=1535"},{"taxonomy":"organisation","embeddable":true,"href":"https:\/\/www.uni.lu\/fhse-fr\/wp-json\/wp\/v2\/organisation?post=1535"}],"curies":[{"name":"wp","href":"https:\/\/api.w.org\/{rel}","templated":true}]}}