{"id":1533,"date":"2021-03-02T11:50:18","date_gmt":"2021-03-02T10:50:18","guid":{"rendered":"https:\/\/www.uni.lu\/fhse-fr\/events\/fruhlingslekturen-luxemburger-standarddeutsch-was-bedeutet-das-fur-unsere-korrekturarbeit\/"},"modified":"2021-03-02T11:50:18","modified_gmt":"2021-03-02T10:50:18","slug":"fruhlingslekturen-luxemburger-standarddeutsch-was-bedeutet-das-fur-unsere-korrekturarbeit","status":"publish","type":"events","link":"https:\/\/www.uni.lu\/fhse-fr\/events\/fruhlingslekturen-luxemburger-standarddeutsch-was-bedeutet-das-fur-unsere-korrekturarbeit\/","title":{"rendered":"Fr\u00fchlingslekt\u00fcren: Luxemburger Standarddeutsch. Was bedeutet das f\u00fcr unsere Korrekturarbeit?"},"content":{"rendered":"<section class=\"wp-block-unilux-blocks-free-section section\"><div class=\"container xl:max-w-screen-xl\"><p>Das\u00a0Institut f\u00fcr deutsche Sprache, Literatur und f\u00fcr Interkulturalit\u00e4t veranstaltet in diesem Semester zum ersten Mal die Vortragsreihe \u201eFr\u00fchlingslekt\u00fcren\u201c. Vortragende sind Mitglieder des Instituts sowie ausgew\u00e4hlte G\u00e4ste. Die digital organisierte Reihe beginnt am 16. M\u00e4rz mit einem Vortrag von Heinz Sieburg zum \u201eLuxemburger Standarddeutsch\u201c.<\/p><p>Alle Interessierten sind herzlich zu den Fr\u00fchlingslekt\u00fcren eingeladen!<\/p><p>Kontakt: Dieter Heimb\u00f6ckel <a href=\"mailto:dieter.heimboeckel@uni.lu\" target=\"_blank\" title=\"\" rel=\"noopener\">dieter.heimboeckel@uni.lu<\/a>.<\/p><\/div><\/section>","protected":false},"excerpt":{"rendered":"<p>Das\u00a0Institut f\u00fcr deutsche Sprache, Literatur und f\u00fcr Interkulturalit\u00e4t veranstaltet in diesem Semester zum ersten Mal die Vortragsreihe \u201eFr\u00fchlingslekt\u00fcren\u201c. Vortragende sind Mitglieder des Instituts sowie ausgew\u00e4hlte G\u00e4ste. Die digital organisierte Reihe beginnt am 16. M\u00e4rz mit einem Vortrag von Heinz Sieburg zum \u201eLuxemburger Standarddeutsch\u201c.<\/p>\n","protected":false},"author":0,"featured_media":1534,"parent":0,"menu_order":0,"comment_status":"open","ping_status":"closed","template":"","format":"standard","meta":{"featured_image_focal_point":[],"show_featured_caption":false,"ulux_newsletter_groups":"","uluxPostTitle":"","uluxPrePostTitle":"","_trash_the_other_posts":false,"_price":"","_stock":"","_tribe_ticket_header":"","_tribe_default_ticket_provider":"","_tribe_ticket_capacity":"0","_ticket_start_date":"","_ticket_end_date":"","_tribe_ticket_show_description":"","_tribe_ticket_show_not_going":false,"_tribe_ticket_use_global_stock":"","_tribe_ticket_global_stock_level":"","_global_stock_mode":"","_global_stock_cap":"","_tribe_rsvp_for_event":"","_tribe_ticket_going_count":"","_tribe_ticket_not_going_count":"","_tribe_tickets_list":"[]","_tribe_ticket_has_attendee_info_fields":false,"event_start_date":"2021-03-16 18:00:00","event_end_date":"2021-03-16 20:00:00","event_speaker_name":"Heinz Sieburg","event_speaker_link":"","event_is_online":false,"event_location":"Webex-Veranstaltung","event_street":"","event_location_link":"","event_zip_code":"","event_city":"","event_country":"LU"},"events-topic":[305],"events-type":[],"organisation":[170,171],"authorship":[],"acf":[],"yoast_head":"<!-- This site is optimized with the Yoast SEO Premium plugin v22.3 (Yoast SEO v22.3) - https:\/\/yoast.com\/wordpress\/plugins\/seo\/ -->\n<title>Fr\u00fchlingslekt\u00fcren: Luxemburger Standarddeutsch. Was bedeutet das f\u00fcr unsere Korrekturarbeit? - FHSE I Uni.lu<\/title>\n<meta name=\"description\" content=\"Das\u00a0Institut f\u00fcr deutsche Sprache, Literatur und f\u00fcr Interkulturalit\u00e4t veranstaltet in diesem Semester zum ersten Mal die Vortragsreihe \u201eFr\u00fchlingslekt\u00fcren\u201c. Vortragende sind Mitglieder des Instituts sowie ausgew\u00e4hlte G\u00e4ste. Die digital organisierte Reihe beginnt am 16. M\u00e4rz mit einem Vortrag von Heinz Sieburg zum \u201eLuxemburger Standarddeutsch\u201c.\" \/>\n<meta name=\"robots\" content=\"index, follow, max-snippet:-1, max-image-preview:large, max-video-preview:-1\" \/>\n<link rel=\"canonical\" href=\"https:\/\/www.uni.lu\/fhse-fr\/events\/fruhlingslekturen-luxemburger-standarddeutsch-was-bedeutet-das-fur-unsere-korrekturarbeit\/\" \/>\n<meta property=\"og:locale\" content=\"fr_FR\" \/>\n<meta property=\"og:type\" content=\"article\" \/>\n<meta property=\"og:title\" content=\"Fr\u00fchlingslekt\u00fcren: Luxemburger Standarddeutsch. Was bedeutet das f\u00fcr unsere Korrekturarbeit?\" \/>\n<meta property=\"og:description\" content=\"Das\u00a0Institut f\u00fcr deutsche Sprache, Literatur und f\u00fcr Interkulturalit\u00e4t veranstaltet in diesem Semester zum ersten Mal die Vortragsreihe \u201eFr\u00fchlingslekt\u00fcren\u201c. Vortragende sind Mitglieder des Instituts sowie ausgew\u00e4hlte G\u00e4ste. Die digital organisierte Reihe beginnt am 16. M\u00e4rz mit einem Vortrag von Heinz Sieburg zum \u201eLuxemburger Standarddeutsch\u201c.\" \/>\n<meta property=\"og:url\" content=\"https:\/\/www.uni.lu\/fhse-fr\/events\/fruhlingslekturen-luxemburger-standarddeutsch-was-bedeutet-das-fur-unsere-korrekturarbeit\/\" \/>\n<meta property=\"og:site_name\" content=\"FHSE FR\" \/>\n<meta property=\"og:image\" content=\"https:\/\/www.uni.lu\/wp-content\/uploads\/sites\/16\/2026\/03\/03112325\/FHSE_SM-Profile_1600x1600px-scaled.jpg\" \/>\n\t<meta property=\"og:image:width\" content=\"2560\" \/>\n\t<meta property=\"og:image:height\" content=\"2560\" \/>\n\t<meta property=\"og:image:type\" content=\"image\/jpeg\" \/>\n<meta name=\"twitter:card\" content=\"summary_large_image\" \/>\n<script type=\"application\/ld+json\" class=\"yoast-schema-graph\">{\"@context\":\"https:\/\/schema.org\",\"@graph\":[{\"@type\":\"WebPage\",\"@id\":\"https:\/\/www.uni.lu\/fhse-fr\/events\/fruhlingslekturen-luxemburger-standarddeutsch-was-bedeutet-das-fur-unsere-korrekturarbeit\/\",\"url\":\"https:\/\/www.uni.lu\/fhse-fr\/events\/fruhlingslekturen-luxemburger-standarddeutsch-was-bedeutet-das-fur-unsere-korrekturarbeit\/\",\"name\":\"Fr\u00fchlingslekt\u00fcren: Luxemburger Standarddeutsch. Was bedeutet das f\u00fcr unsere Korrekturarbeit? - FHSE I Uni.lu\",\"isPartOf\":{\"@id\":\"https:\/\/www.uni.lu\/fhse-fr\/#website\"},\"primaryImageOfPage\":{\"@id\":\"https:\/\/www.uni.lu\/fhse-fr\/events\/fruhlingslekturen-luxemburger-standarddeutsch-was-bedeutet-das-fur-unsere-korrekturarbeit\/#primaryimage\"},\"image\":{\"@id\":\"https:\/\/www.uni.lu\/fhse-fr\/events\/fruhlingslekturen-luxemburger-standarddeutsch-was-bedeutet-das-fur-unsere-korrekturarbeit\/#primaryimage\"},\"thumbnailUrl\":\"https:\/\/www.uni.lu\/wp-content\/uploads\/sites\/16\/2021\/03\/fruehlingslektueren_luxemburger_standarddeutsch_was_bedeutet_das_fuer_unsere_korrekturarbeit.jpg\",\"datePublished\":\"2021-03-02T10:50:18+00:00\",\"dateModified\":\"2021-03-02T10:50:18+00:00\",\"description\":\"Das\u00a0Institut f\u00fcr deutsche Sprache, Literatur und f\u00fcr Interkulturalit\u00e4t veranstaltet in diesem Semester zum ersten Mal die Vortragsreihe \u201eFr\u00fchlingslekt\u00fcren\u201c. Vortragende sind Mitglieder des Instituts sowie ausgew\u00e4hlte G\u00e4ste. Die digital organisierte Reihe beginnt am 16. M\u00e4rz mit einem Vortrag von Heinz Sieburg zum \u201eLuxemburger Standarddeutsch\u201c.\",\"breadcrumb\":{\"@id\":\"https:\/\/www.uni.lu\/fhse-fr\/events\/fruhlingslekturen-luxemburger-standarddeutsch-was-bedeutet-das-fur-unsere-korrekturarbeit\/#breadcrumb\"},\"inLanguage\":\"fr-FR\",\"potentialAction\":[{\"@type\":\"ReadAction\",\"target\":[\"https:\/\/www.uni.lu\/fhse-fr\/events\/fruhlingslekturen-luxemburger-standarddeutsch-was-bedeutet-das-fur-unsere-korrekturarbeit\/\"]}]},{\"@type\":\"ImageObject\",\"inLanguage\":\"fr-FR\",\"@id\":\"https:\/\/www.uni.lu\/fhse-fr\/events\/fruhlingslekturen-luxemburger-standarddeutsch-was-bedeutet-das-fur-unsere-korrekturarbeit\/#primaryimage\",\"url\":\"https:\/\/www.uni.lu\/wp-content\/uploads\/sites\/16\/2021\/03\/fruehlingslektueren_luxemburger_standarddeutsch_was_bedeutet_das_fuer_unsere_korrekturarbeit.jpg\",\"contentUrl\":\"https:\/\/www.uni.lu\/wp-content\/uploads\/sites\/16\/2021\/03\/fruehlingslektueren_luxemburger_standarddeutsch_was_bedeutet_das_fuer_unsere_korrekturarbeit.jpg\",\"width\":800,\"height\":600},{\"@type\":\"BreadcrumbList\",\"@id\":\"https:\/\/www.uni.lu\/fhse-fr\/events\/fruhlingslekturen-luxemburger-standarddeutsch-was-bedeutet-das-fur-unsere-korrekturarbeit\/#breadcrumb\",\"itemListElement\":[{\"@type\":\"ListItem\",\"position\":1,\"name\":\"Home\",\"item\":\"https:\/\/www.uni.lu\/fr\"},{\"@type\":\"ListItem\",\"position\":2,\"name\":\"Facult\u00e9 des Sciences Humaines, des Sciences de l\u2019\u00c9ducation et des Sciences Sociales\u200b\",\"item\":\"https:\/\/www.uni.lu\/fhse-fr\/\"},{\"@type\":\"ListItem\",\"position\":3,\"name\":\"Events\",\"item\":\"https:\/\/www.uni.lu\/fhse-fr\/events\/\"},{\"@type\":\"ListItem\",\"position\":4,\"name\":\"Fr\u00fchlingslekt\u00fcren: Luxemburger Standarddeutsch. Was bedeutet das f\u00fcr unsere Korrekturarbeit?\"}]},{\"@type\":\"WebSite\",\"@id\":\"https:\/\/www.uni.lu\/fhse-fr\/#website\",\"url\":\"https:\/\/www.uni.lu\/fhse-fr\/\",\"name\":\"FHSE\",\"description\":\"Facult\u00e9 des Sciences Humaines, des Sciences de l\u2019\u00c9ducation et des Sciences Sociales\u200b I Uni.lu\",\"publisher\":{\"@id\":\"https:\/\/www.uni.lu\/fhse-fr\/#organization\"},\"alternateName\":\"Facult\u00e9 des Sciences Humaines, des Sciences de l\u2019\u00c9ducation et des Sciences Sociales\u200b I Universit\u00e9 du Luxembourg\",\"potentialAction\":[{\"@type\":\"SearchAction\",\"target\":{\"@type\":\"EntryPoint\",\"urlTemplate\":\"https:\/\/www.uni.lu\/fhse-fr\/?s={search_term_string}\"},\"query-input\":\"required name=search_term_string\"}],\"inLanguage\":\"fr-FR\"},{\"@type\":\"Organization\",\"@id\":\"https:\/\/www.uni.lu\/fhse-fr\/#organization\",\"name\":\"FHSE - Universit\u00e9 du Luxembourg I Uni.lu\",\"alternateName\":\"Facult\u00e9 des Sciences Humaines, des Sciences de l\u2019\u00c9ducation et des Sciences Sociales\u200b\",\"url\":\"https:\/\/www.uni.lu\/fhse-fr\/\",\"logo\":{\"@type\":\"ImageObject\",\"inLanguage\":\"fr-FR\",\"@id\":\"https:\/\/www.uni.lu\/fhse-fr\/#\/schema\/logo\/image\/\",\"url\":\"https:\/\/www.uni.lu\/wp-content\/uploads\/sites\/16\/2026\/03\/03112325\/FHSE_SM-Profile_1600x1600px-scaled.jpg\",\"contentUrl\":\"https:\/\/www.uni.lu\/wp-content\/uploads\/sites\/16\/2026\/03\/03112325\/FHSE_SM-Profile_1600x1600px-scaled.jpg\",\"width\":2560,\"height\":2560,\"caption\":\"FHSE - Universit\u00e9 du Luxembourg I Uni.lu\"},\"image\":\"https:\/\/www.uni.lu\/wp-content\/uploads\/sites\/16\/2026\/04\/24144331\/20200609-Belval-Campus_Henri-Goergen-23.jpg\",\"sameAs\":[\"https:\/\/humanities.uni.lu\/\"],\"email\":\"communication@uni.lu\",\"telephone\":\"+3524666441\",\"address\":{\"@type\":\"PostalAddress\",\"streetAddress\":\"11, Porte des Sciences\",\"addressLocality\":\"Esch-sur-Alzette\",\"postalCode\":\"4365\",\"addressCountry\":\"LU\"},\"description\":\"Facult\u00e9 des Sciences Humaines, des Sciences de l\u2019\u00c9ducation et des Sciences Sociales\u200b I Uni.lu\"}]}<\/script>\n<!-- \/ Yoast SEO Premium plugin. -->","yoast_head_json":{"title":"Fr\u00fchlingslekt\u00fcren: Luxemburger Standarddeutsch. Was bedeutet das f\u00fcr unsere Korrekturarbeit? - FHSE I Uni.lu","description":"Das\u00a0Institut f\u00fcr deutsche Sprache, Literatur und f\u00fcr Interkulturalit\u00e4t veranstaltet in diesem Semester zum ersten Mal die Vortragsreihe \u201eFr\u00fchlingslekt\u00fcren\u201c. Vortragende sind Mitglieder des Instituts sowie ausgew\u00e4hlte G\u00e4ste. Die digital organisierte Reihe beginnt am 16. M\u00e4rz mit einem Vortrag von Heinz Sieburg zum \u201eLuxemburger Standarddeutsch\u201c.","robots":{"index":"index","follow":"follow","max-snippet":"max-snippet:-1","max-image-preview":"max-image-preview:large","max-video-preview":"max-video-preview:-1"},"canonical":"https:\/\/www.uni.lu\/fhse-fr\/events\/fruhlingslekturen-luxemburger-standarddeutsch-was-bedeutet-das-fur-unsere-korrekturarbeit\/","og_locale":"fr_FR","og_type":"article","og_title":"Fr\u00fchlingslekt\u00fcren: Luxemburger Standarddeutsch. Was bedeutet das f\u00fcr unsere Korrekturarbeit?","og_description":"Das\u00a0Institut f\u00fcr deutsche Sprache, Literatur und f\u00fcr Interkulturalit\u00e4t veranstaltet in diesem Semester zum ersten Mal die Vortragsreihe \u201eFr\u00fchlingslekt\u00fcren\u201c. Vortragende sind Mitglieder des Instituts sowie ausgew\u00e4hlte G\u00e4ste. Die digital organisierte Reihe beginnt am 16. M\u00e4rz mit einem Vortrag von Heinz Sieburg zum \u201eLuxemburger Standarddeutsch\u201c.","og_url":"https:\/\/www.uni.lu\/fhse-fr\/events\/fruhlingslekturen-luxemburger-standarddeutsch-was-bedeutet-das-fur-unsere-korrekturarbeit\/","og_site_name":"FHSE FR","og_image":[{"width":2560,"height":2560,"url":"https:\/\/www.uni.lu\/wp-content\/uploads\/sites\/16\/2026\/03\/03112325\/FHSE_SM-Profile_1600x1600px-scaled.jpg","type":"image\/jpeg"}],"twitter_card":"summary_large_image","schema":{"@context":"https:\/\/schema.org","@graph":[{"@type":"WebPage","@id":"https:\/\/www.uni.lu\/fhse-fr\/events\/fruhlingslekturen-luxemburger-standarddeutsch-was-bedeutet-das-fur-unsere-korrekturarbeit\/","url":"https:\/\/www.uni.lu\/fhse-fr\/events\/fruhlingslekturen-luxemburger-standarddeutsch-was-bedeutet-das-fur-unsere-korrekturarbeit\/","name":"Fr\u00fchlingslekt\u00fcren: Luxemburger Standarddeutsch. Was bedeutet das f\u00fcr unsere Korrekturarbeit? - FHSE I Uni.lu","isPartOf":{"@id":"https:\/\/www.uni.lu\/fhse-fr\/#website"},"primaryImageOfPage":{"@id":"https:\/\/www.uni.lu\/fhse-fr\/events\/fruhlingslekturen-luxemburger-standarddeutsch-was-bedeutet-das-fur-unsere-korrekturarbeit\/#primaryimage"},"image":{"@id":"https:\/\/www.uni.lu\/fhse-fr\/events\/fruhlingslekturen-luxemburger-standarddeutsch-was-bedeutet-das-fur-unsere-korrekturarbeit\/#primaryimage"},"thumbnailUrl":"https:\/\/www.uni.lu\/wp-content\/uploads\/sites\/16\/2021\/03\/fruehlingslektueren_luxemburger_standarddeutsch_was_bedeutet_das_fuer_unsere_korrekturarbeit.jpg","datePublished":"2021-03-02T10:50:18+00:00","dateModified":"2021-03-02T10:50:18+00:00","description":"Das\u00a0Institut f\u00fcr deutsche Sprache, Literatur und f\u00fcr Interkulturalit\u00e4t veranstaltet in diesem Semester zum ersten Mal die Vortragsreihe \u201eFr\u00fchlingslekt\u00fcren\u201c. Vortragende sind Mitglieder des Instituts sowie ausgew\u00e4hlte G\u00e4ste. Die digital organisierte Reihe beginnt am 16. M\u00e4rz mit einem Vortrag von Heinz Sieburg zum \u201eLuxemburger Standarddeutsch\u201c.","breadcrumb":{"@id":"https:\/\/www.uni.lu\/fhse-fr\/events\/fruhlingslekturen-luxemburger-standarddeutsch-was-bedeutet-das-fur-unsere-korrekturarbeit\/#breadcrumb"},"inLanguage":"fr-FR","potentialAction":[{"@type":"ReadAction","target":["https:\/\/www.uni.lu\/fhse-fr\/events\/fruhlingslekturen-luxemburger-standarddeutsch-was-bedeutet-das-fur-unsere-korrekturarbeit\/"]}]},{"@type":"ImageObject","inLanguage":"fr-FR","@id":"https:\/\/www.uni.lu\/fhse-fr\/events\/fruhlingslekturen-luxemburger-standarddeutsch-was-bedeutet-das-fur-unsere-korrekturarbeit\/#primaryimage","url":"https:\/\/www.uni.lu\/wp-content\/uploads\/sites\/16\/2021\/03\/fruehlingslektueren_luxemburger_standarddeutsch_was_bedeutet_das_fuer_unsere_korrekturarbeit.jpg","contentUrl":"https:\/\/www.uni.lu\/wp-content\/uploads\/sites\/16\/2021\/03\/fruehlingslektueren_luxemburger_standarddeutsch_was_bedeutet_das_fuer_unsere_korrekturarbeit.jpg","width":800,"height":600},{"@type":"BreadcrumbList","@id":"https:\/\/www.uni.lu\/fhse-fr\/events\/fruhlingslekturen-luxemburger-standarddeutsch-was-bedeutet-das-fur-unsere-korrekturarbeit\/#breadcrumb","itemListElement":[{"@type":"ListItem","position":1,"name":"Home","item":"https:\/\/www.uni.lu\/fr"},{"@type":"ListItem","position":2,"name":"Facult\u00e9 des Sciences Humaines, des Sciences de l\u2019\u00c9ducation et des Sciences Sociales\u200b","item":"https:\/\/www.uni.lu\/fhse-fr\/"},{"@type":"ListItem","position":3,"name":"Events","item":"https:\/\/www.uni.lu\/fhse-fr\/events\/"},{"@type":"ListItem","position":4,"name":"Fr\u00fchlingslekt\u00fcren: Luxemburger Standarddeutsch. Was bedeutet das f\u00fcr unsere Korrekturarbeit?"}]},{"@type":"WebSite","@id":"https:\/\/www.uni.lu\/fhse-fr\/#website","url":"https:\/\/www.uni.lu\/fhse-fr\/","name":"FHSE","description":"Facult\u00e9 des Sciences Humaines, des Sciences de l\u2019\u00c9ducation et des Sciences Sociales\u200b I Uni.lu","publisher":{"@id":"https:\/\/www.uni.lu\/fhse-fr\/#organization"},"alternateName":"Facult\u00e9 des Sciences Humaines, des Sciences de l\u2019\u00c9ducation et des Sciences Sociales\u200b I Universit\u00e9 du Luxembourg","potentialAction":[{"@type":"SearchAction","target":{"@type":"EntryPoint","urlTemplate":"https:\/\/www.uni.lu\/fhse-fr\/?s={search_term_string}"},"query-input":"required name=search_term_string"}],"inLanguage":"fr-FR"},{"@type":"Organization","@id":"https:\/\/www.uni.lu\/fhse-fr\/#organization","name":"FHSE - Universit\u00e9 du Luxembourg I Uni.lu","alternateName":"Facult\u00e9 des Sciences Humaines, des Sciences de l\u2019\u00c9ducation et des Sciences Sociales\u200b","url":"https:\/\/www.uni.lu\/fhse-fr\/","logo":{"@type":"ImageObject","inLanguage":"fr-FR","@id":"https:\/\/www.uni.lu\/fhse-fr\/#\/schema\/logo\/image\/","url":"https:\/\/www.uni.lu\/wp-content\/uploads\/sites\/16\/2026\/03\/03112325\/FHSE_SM-Profile_1600x1600px-scaled.jpg","contentUrl":"https:\/\/www.uni.lu\/wp-content\/uploads\/sites\/16\/2026\/03\/03112325\/FHSE_SM-Profile_1600x1600px-scaled.jpg","width":2560,"height":2560,"caption":"FHSE - Universit\u00e9 du Luxembourg I Uni.lu"},"image":"https:\/\/www.uni.lu\/wp-content\/uploads\/sites\/16\/2026\/04\/24144331\/20200609-Belval-Campus_Henri-Goergen-23.jpg","sameAs":["https:\/\/humanities.uni.lu\/"],"email":"communication@uni.lu","telephone":"+3524666441","address":{"@type":"PostalAddress","streetAddress":"11, Porte des Sciences","addressLocality":"Esch-sur-Alzette","postalCode":"4365","addressCountry":"LU"},"description":"Facult\u00e9 des Sciences Humaines, des Sciences de l\u2019\u00c9ducation et des Sciences Sociales\u200b I Uni.lu"}]}},"_links":{"self":[{"href":"https:\/\/www.uni.lu\/fhse-fr\/wp-json\/wp\/v2\/events\/1533"}],"collection":[{"href":"https:\/\/www.uni.lu\/fhse-fr\/wp-json\/wp\/v2\/events"}],"about":[{"href":"https:\/\/www.uni.lu\/fhse-fr\/wp-json\/wp\/v2\/types\/events"}],"replies":[{"embeddable":true,"href":"https:\/\/www.uni.lu\/fhse-fr\/wp-json\/wp\/v2\/comments?post=1533"}],"version-history":[{"count":0,"href":"https:\/\/www.uni.lu\/fhse-fr\/wp-json\/wp\/v2\/events\/1533\/revisions"}],"wp:featuredmedia":[{"embeddable":true,"href":"https:\/\/www.uni.lu\/fhse-fr\/wp-json\/wp\/v2\/media\/1534"}],"wp:attachment":[{"href":"https:\/\/www.uni.lu\/fhse-fr\/wp-json\/wp\/v2\/media?parent=1533"}],"wp:term":[{"taxonomy":"events-topic","embeddable":true,"href":"https:\/\/www.uni.lu\/fhse-fr\/wp-json\/wp\/v2\/events-topic?post=1533"},{"taxonomy":"events-type","embeddable":true,"href":"https:\/\/www.uni.lu\/fhse-fr\/wp-json\/wp\/v2\/events-type?post=1533"},{"taxonomy":"organisation","embeddable":true,"href":"https:\/\/www.uni.lu\/fhse-fr\/wp-json\/wp\/v2\/organisation?post=1533"}],"curies":[{"name":"wp","href":"https:\/\/api.w.org\/{rel}","templated":true}]}}