{"id":1523,"date":"2021-02-10T14:11:35","date_gmt":"2021-02-10T13:11:35","guid":{"rendered":"https:\/\/www.uni.lu\/fhse-fr\/events\/conference-la-nature-et-le-roi-environnement-pouvoir-et-societe-a-lage-de-charlemagne-740-820-de-jean-pierre-devroey\/"},"modified":"2021-02-10T14:11:35","modified_gmt":"2021-02-10T13:11:35","slug":"conference-la-nature-et-le-roi-environnement-pouvoir-et-societe-a-lage-de-charlemagne-740-820-de-jean-pierre-devroey","status":"publish","type":"events","link":"https:\/\/www.uni.lu\/fhse-fr\/events\/conference-la-nature-et-le-roi-environnement-pouvoir-et-societe-a-lage-de-charlemagne-740-820-de-jean-pierre-devroey\/","title":{"rendered":"Conf\u00e9rence : \u201cLa Nature et le roi. Environnement, pouvoir et soci\u00e9t\u00e9 \u00e0 l\u2019\u00e2ge de Charlemagne (740-820)\u201d  de Jean-Pierre Devroey"},"content":{"rendered":"<section class=\"wp-block-unilux-blocks-free-section section\"><div class=\"container xl:max-w-screen-xl\"><p><strong>Conf\u00e9rence inaugurale autour du livre \u201cLa Nature et le roi. Environnement, pouvoir et soci\u00e9t\u00e9 \u00e0 l\u2019\u00e2ge de Charlemagne (740-820)\u201d de Jean-Pierre Devroey<\/strong><\/p><p>Introduction au cycle de conf\u00e9rences :<\/p><p><strong>Les ressources naturelles en Lotharingie m\u00e9di\u00e9vale : regards crois\u00e9s sur leur exploitation<\/strong><\/p><p><strong>Die nat\u00fcrlichen Ressourcen im mittelalterlichen Lotharingien: ihre Nutzung im Spiegel unterschiedlicher Forschungsans\u00e4tze<\/strong><\/p><p>L\u2019histoire environnementale comme discipline des sciences historiques a connu depuis les ann\u00e9es 1990 une attention accrue. Ces derni\u00e8res ann\u00e9es l\u2019int\u00e9r\u00eat pour l\u2019analyse historique des influences humaines sur l\u2019environnement et pour l\u2019exploitation des ressources naturelles a encore augment\u00e9 \u00e0 la suite d\u2019une prise de conscience accrue de la soci\u00e9t\u00e9 et des m\u00e9dias pour le changement climatique qui s\u2019acc\u00e9l\u00e8re et l\u2019environnement naturel qui se d\u00e9grade. De nombreuses publications t\u00e9moignent de la fertilit\u00e9 d\u2019une approche interdisciplinaire et r\u00e9gionale de cette th\u00e9matique qui sera au c\u0153ur d\u2019un cycle de conf\u00e9rences organis\u00e9 par l\u2019Institut d\u2019Histoire de l\u2019Universit\u00e9 du Luxembourg pour les \u00e9tudiants en Bachelor en cultures europ\u00e9ennes, \u00e9galement ouvert aux auditeurs libres ainsi qu\u2019aux membres du grand public.<\/p><ul class=\"ulux-list\"><li class=\"ulux-list-item\"><strong>INSCRIPTIONS<\/strong> : pour les \u00e9tudiants du BCE en cultures europ\u00e9ennes et auditeurs libres de l\u2019Universit\u00e9 : via Moodle; pour les auditeurs libres ext\u00e9rieurs, ainsi qu\u2019au grand public, inscription obligatoire par e-mail : <a href=\"mailto:opencourses@uni.lu\" target=\"_self\" title=\"\" rel=\"noopener\">opencourses@uni.lu<\/a><\/li><li class=\"ulux-list-item\"><strong>INFORMATIONS &#038; CONTACT<\/strong> : <a href=\"mailto:herold.pettiau@uni.lu\" target=\"_self\" title=\"\" rel=\"noopener\">herold.pettiau@uni.lu<\/a><\/li><\/ul><\/div><\/section>","protected":false},"excerpt":{"rendered":"","protected":false},"author":0,"featured_media":1524,"parent":0,"menu_order":0,"comment_status":"open","ping_status":"closed","template":"","format":"standard","meta":{"featured_image_focal_point":[],"show_featured_caption":false,"ulux_newsletter_groups":"","uluxPostTitle":"","uluxPrePostTitle":"","_trash_the_other_posts":false,"_price":"","_stock":"","_tribe_ticket_header":"","_tribe_default_ticket_provider":"","_tribe_ticket_capacity":"0","_ticket_start_date":"","_ticket_end_date":"","_tribe_ticket_show_description":"","_tribe_ticket_show_not_going":false,"_tribe_ticket_use_global_stock":"","_tribe_ticket_global_stock_level":"","_global_stock_mode":"","_global_stock_cap":"","_tribe_rsvp_for_event":"","_tribe_ticket_going_count":"","_tribe_ticket_not_going_count":"","_tribe_tickets_list":"[]","_tribe_ticket_has_attendee_info_fields":false,"event_start_date":"2021-02-15 11:30:00","event_end_date":"2021-02-15 13:00:00","event_speaker_name":"Michel Pauly, Universit\u00e9 du Luxembourg","event_speaker_link":"","event_is_online":false,"event_location":"Conf\u00e9rence en ligne","event_street":"","event_location_link":"","event_zip_code":"","event_city":"","event_country":"LU"},"events-topic":[305],"events-type":[],"organisation":[170],"authorship":[],"acf":[],"yoast_head":"<!-- This site is optimized with the Yoast SEO Premium plugin v22.3 (Yoast SEO v22.3) - https:\/\/yoast.com\/wordpress\/plugins\/seo\/ -->\n<title>Conf\u00e9rence : \u201cLa Nature et le roi. Environnement, pouvoir et soci\u00e9t\u00e9 \u00e0 l\u2019\u00e2ge de Charlemagne (740-820)\u201d de Jean-Pierre Devroey - FHSE I Uni.lu<\/title>\n<meta name=\"description\" content=\"Conf\u00e9rence inaugurale autour du livre \u201cLa Nature et le roi. Environnement, pouvoir et soci\u00e9t\u00e9 \u00e0 l\u2019\u00e2ge de Charlemagne (740-820)\u201d de Jean-Pierre\" \/>\n<meta name=\"robots\" content=\"index, follow, max-snippet:-1, max-image-preview:large, max-video-preview:-1\" \/>\n<link rel=\"canonical\" href=\"https:\/\/www.uni.lu\/fhse-fr\/events\/conference-la-nature-et-le-roi-environnement-pouvoir-et-societe-a-lage-de-charlemagne-740-820-de-jean-pierre-devroey\/\" \/>\n<meta property=\"og:locale\" content=\"fr_FR\" \/>\n<meta property=\"og:type\" content=\"article\" \/>\n<meta property=\"og:title\" content=\"Conf\u00e9rence : \u201cLa Nature et le roi. Environnement, pouvoir et soci\u00e9t\u00e9 \u00e0 l\u2019\u00e2ge de Charlemagne (740-820)\u201d de Jean-Pierre Devroey\" \/>\n<meta property=\"og:description\" content=\"Conf\u00e9rence inaugurale autour du livre \u201cLa Nature et le roi. Environnement, pouvoir et soci\u00e9t\u00e9 \u00e0 l\u2019\u00e2ge de Charlemagne (740-820)\u201d de Jean-Pierre\" \/>\n<meta property=\"og:url\" content=\"https:\/\/www.uni.lu\/fhse-fr\/events\/conference-la-nature-et-le-roi-environnement-pouvoir-et-societe-a-lage-de-charlemagne-740-820-de-jean-pierre-devroey\/\" \/>\n<meta property=\"og:site_name\" content=\"FHSE FR\" \/>\n<meta property=\"og:image\" content=\"https:\/\/www.uni.lu\/wp-content\/uploads\/sites\/16\/2026\/03\/03112325\/FHSE_SM-Profile_1600x1600px-scaled.jpg\" \/>\n\t<meta property=\"og:image:width\" content=\"2560\" \/>\n\t<meta property=\"og:image:height\" content=\"2560\" \/>\n\t<meta property=\"og:image:type\" content=\"image\/jpeg\" \/>\n<meta name=\"twitter:card\" content=\"summary_large_image\" \/>\n<meta name=\"twitter:label1\" content=\"Dur\u00e9e de lecture estim\u00e9e\" \/>\n\t<meta name=\"twitter:data1\" content=\"1 minute\" \/>\n<script type=\"application\/ld+json\" class=\"yoast-schema-graph\">{\"@context\":\"https:\/\/schema.org\",\"@graph\":[{\"@type\":\"WebPage\",\"@id\":\"https:\/\/www.uni.lu\/fhse-fr\/events\/conference-la-nature-et-le-roi-environnement-pouvoir-et-societe-a-lage-de-charlemagne-740-820-de-jean-pierre-devroey\/\",\"url\":\"https:\/\/www.uni.lu\/fhse-fr\/events\/conference-la-nature-et-le-roi-environnement-pouvoir-et-societe-a-lage-de-charlemagne-740-820-de-jean-pierre-devroey\/\",\"name\":\"Conf\u00e9rence : \u201cLa Nature et le roi. Environnement, pouvoir et soci\u00e9t\u00e9 \u00e0 l\u2019\u00e2ge de Charlemagne (740-820)\u201d de Jean-Pierre Devroey - FHSE I Uni.lu\",\"isPartOf\":{\"@id\":\"https:\/\/www.uni.lu\/fhse-fr\/#website\"},\"primaryImageOfPage\":{\"@id\":\"https:\/\/www.uni.lu\/fhse-fr\/events\/conference-la-nature-et-le-roi-environnement-pouvoir-et-societe-a-lage-de-charlemagne-740-820-de-jean-pierre-devroey\/#primaryimage\"},\"image\":{\"@id\":\"https:\/\/www.uni.lu\/fhse-fr\/events\/conference-la-nature-et-le-roi-environnement-pouvoir-et-societe-a-lage-de-charlemagne-740-820-de-jean-pierre-devroey\/#primaryimage\"},\"thumbnailUrl\":\"https:\/\/www.uni.lu\/wp-content\/uploads\/sites\/16\/2021\/02\/conference_la_nature_et_le_roi_environnement_pouvoir_et_societe_a_l_age_de_charlemagne_740_820_de_jean_pierre_devroey.jpg\",\"datePublished\":\"2021-02-10T13:11:35+00:00\",\"dateModified\":\"2021-02-10T13:11:35+00:00\",\"description\":\"Conf\u00e9rence inaugurale autour du livre \u201cLa Nature et le roi. Environnement, pouvoir et soci\u00e9t\u00e9 \u00e0 l\u2019\u00e2ge de Charlemagne (740-820)\u201d de Jean-Pierre\",\"breadcrumb\":{\"@id\":\"https:\/\/www.uni.lu\/fhse-fr\/events\/conference-la-nature-et-le-roi-environnement-pouvoir-et-societe-a-lage-de-charlemagne-740-820-de-jean-pierre-devroey\/#breadcrumb\"},\"inLanguage\":\"fr-FR\",\"potentialAction\":[{\"@type\":\"ReadAction\",\"target\":[\"https:\/\/www.uni.lu\/fhse-fr\/events\/conference-la-nature-et-le-roi-environnement-pouvoir-et-societe-a-lage-de-charlemagne-740-820-de-jean-pierre-devroey\/\"]}]},{\"@type\":\"ImageObject\",\"inLanguage\":\"fr-FR\",\"@id\":\"https:\/\/www.uni.lu\/fhse-fr\/events\/conference-la-nature-et-le-roi-environnement-pouvoir-et-societe-a-lage-de-charlemagne-740-820-de-jean-pierre-devroey\/#primaryimage\",\"url\":\"https:\/\/www.uni.lu\/wp-content\/uploads\/sites\/16\/2021\/02\/conference_la_nature_et_le_roi_environnement_pouvoir_et_societe_a_l_age_de_charlemagne_740_820_de_jean_pierre_devroey.jpg\",\"contentUrl\":\"https:\/\/www.uni.lu\/wp-content\/uploads\/sites\/16\/2021\/02\/conference_la_nature_et_le_roi_environnement_pouvoir_et_societe_a_l_age_de_charlemagne_740_820_de_jean_pierre_devroey.jpg\",\"width\":835,\"height\":1071},{\"@type\":\"BreadcrumbList\",\"@id\":\"https:\/\/www.uni.lu\/fhse-fr\/events\/conference-la-nature-et-le-roi-environnement-pouvoir-et-societe-a-lage-de-charlemagne-740-820-de-jean-pierre-devroey\/#breadcrumb\",\"itemListElement\":[{\"@type\":\"ListItem\",\"position\":1,\"name\":\"Home\",\"item\":\"https:\/\/www.uni.lu\/fr\"},{\"@type\":\"ListItem\",\"position\":2,\"name\":\"Facult\u00e9 des Sciences Humaines, des Sciences de l\u2019\u00c9ducation et des Sciences Sociales\u200b\",\"item\":\"https:\/\/www.uni.lu\/fhse-fr\/\"},{\"@type\":\"ListItem\",\"position\":3,\"name\":\"Events\",\"item\":\"https:\/\/www.uni.lu\/fhse-fr\/events\/\"},{\"@type\":\"ListItem\",\"position\":4,\"name\":\"Conf\u00e9rence : \u201cLa Nature et le roi. Environnement, pouvoir et soci\u00e9t\u00e9 \u00e0 l\u2019\u00e2ge de Charlemagne (740-820)\u201d de Jean-Pierre Devroey\"}]},{\"@type\":\"WebSite\",\"@id\":\"https:\/\/www.uni.lu\/fhse-fr\/#website\",\"url\":\"https:\/\/www.uni.lu\/fhse-fr\/\",\"name\":\"FHSE\",\"description\":\"Facult\u00e9 des Sciences Humaines, des Sciences de l\u2019\u00c9ducation et des Sciences Sociales\u200b I Uni.lu\",\"publisher\":{\"@id\":\"https:\/\/www.uni.lu\/fhse-fr\/#organization\"},\"alternateName\":\"Facult\u00e9 des Sciences Humaines, des Sciences de l\u2019\u00c9ducation et des Sciences Sociales\u200b I Universit\u00e9 du Luxembourg\",\"potentialAction\":[{\"@type\":\"SearchAction\",\"target\":{\"@type\":\"EntryPoint\",\"urlTemplate\":\"https:\/\/www.uni.lu\/fhse-fr\/?s={search_term_string}\"},\"query-input\":\"required name=search_term_string\"}],\"inLanguage\":\"fr-FR\"},{\"@type\":\"Organization\",\"@id\":\"https:\/\/www.uni.lu\/fhse-fr\/#organization\",\"name\":\"FHSE - Universit\u00e9 du Luxembourg I Uni.lu\",\"alternateName\":\"Facult\u00e9 des Sciences Humaines, des Sciences de l\u2019\u00c9ducation et des Sciences Sociales\u200b\",\"url\":\"https:\/\/www.uni.lu\/fhse-fr\/\",\"logo\":{\"@type\":\"ImageObject\",\"inLanguage\":\"fr-FR\",\"@id\":\"https:\/\/www.uni.lu\/fhse-fr\/#\/schema\/logo\/image\/\",\"url\":\"https:\/\/www.uni.lu\/wp-content\/uploads\/sites\/16\/2026\/03\/03112325\/FHSE_SM-Profile_1600x1600px-scaled.jpg\",\"contentUrl\":\"https:\/\/www.uni.lu\/wp-content\/uploads\/sites\/16\/2026\/03\/03112325\/FHSE_SM-Profile_1600x1600px-scaled.jpg\",\"width\":2560,\"height\":2560,\"caption\":\"FHSE - Universit\u00e9 du Luxembourg I Uni.lu\"},\"image\":\"https:\/\/www.uni.lu\/wp-content\/uploads\/sites\/16\/2026\/04\/24144331\/20200609-Belval-Campus_Henri-Goergen-23.jpg\",\"sameAs\":[\"https:\/\/humanities.uni.lu\/\"],\"email\":\"communication@uni.lu\",\"telephone\":\"+3524666441\",\"address\":{\"@type\":\"PostalAddress\",\"streetAddress\":\"11, Porte des Sciences\",\"addressLocality\":\"Esch-sur-Alzette\",\"postalCode\":\"4365\",\"addressCountry\":\"LU\"},\"description\":\"Facult\u00e9 des Sciences Humaines, des Sciences de l\u2019\u00c9ducation et des Sciences Sociales\u200b I Uni.lu\"}]}<\/script>\n<!-- \/ Yoast SEO Premium plugin. -->","yoast_head_json":{"title":"Conf\u00e9rence : \u201cLa Nature et le roi. Environnement, pouvoir et soci\u00e9t\u00e9 \u00e0 l\u2019\u00e2ge de Charlemagne (740-820)\u201d de Jean-Pierre Devroey - FHSE I Uni.lu","description":"Conf\u00e9rence inaugurale autour du livre \u201cLa Nature et le roi. Environnement, pouvoir et soci\u00e9t\u00e9 \u00e0 l\u2019\u00e2ge de Charlemagne (740-820)\u201d de Jean-Pierre","robots":{"index":"index","follow":"follow","max-snippet":"max-snippet:-1","max-image-preview":"max-image-preview:large","max-video-preview":"max-video-preview:-1"},"canonical":"https:\/\/www.uni.lu\/fhse-fr\/events\/conference-la-nature-et-le-roi-environnement-pouvoir-et-societe-a-lage-de-charlemagne-740-820-de-jean-pierre-devroey\/","og_locale":"fr_FR","og_type":"article","og_title":"Conf\u00e9rence : \u201cLa Nature et le roi. Environnement, pouvoir et soci\u00e9t\u00e9 \u00e0 l\u2019\u00e2ge de Charlemagne (740-820)\u201d de Jean-Pierre Devroey","og_description":"Conf\u00e9rence inaugurale autour du livre \u201cLa Nature et le roi. Environnement, pouvoir et soci\u00e9t\u00e9 \u00e0 l\u2019\u00e2ge de Charlemagne (740-820)\u201d de Jean-Pierre","og_url":"https:\/\/www.uni.lu\/fhse-fr\/events\/conference-la-nature-et-le-roi-environnement-pouvoir-et-societe-a-lage-de-charlemagne-740-820-de-jean-pierre-devroey\/","og_site_name":"FHSE FR","og_image":[{"width":2560,"height":2560,"url":"https:\/\/www.uni.lu\/wp-content\/uploads\/sites\/16\/2026\/03\/03112325\/FHSE_SM-Profile_1600x1600px-scaled.jpg","type":"image\/jpeg"}],"twitter_card":"summary_large_image","twitter_misc":{"Dur\u00e9e de lecture estim\u00e9e":"1 minute"},"schema":{"@context":"https:\/\/schema.org","@graph":[{"@type":"WebPage","@id":"https:\/\/www.uni.lu\/fhse-fr\/events\/conference-la-nature-et-le-roi-environnement-pouvoir-et-societe-a-lage-de-charlemagne-740-820-de-jean-pierre-devroey\/","url":"https:\/\/www.uni.lu\/fhse-fr\/events\/conference-la-nature-et-le-roi-environnement-pouvoir-et-societe-a-lage-de-charlemagne-740-820-de-jean-pierre-devroey\/","name":"Conf\u00e9rence : \u201cLa Nature et le roi. Environnement, pouvoir et soci\u00e9t\u00e9 \u00e0 l\u2019\u00e2ge de Charlemagne (740-820)\u201d de Jean-Pierre Devroey - FHSE I Uni.lu","isPartOf":{"@id":"https:\/\/www.uni.lu\/fhse-fr\/#website"},"primaryImageOfPage":{"@id":"https:\/\/www.uni.lu\/fhse-fr\/events\/conference-la-nature-et-le-roi-environnement-pouvoir-et-societe-a-lage-de-charlemagne-740-820-de-jean-pierre-devroey\/#primaryimage"},"image":{"@id":"https:\/\/www.uni.lu\/fhse-fr\/events\/conference-la-nature-et-le-roi-environnement-pouvoir-et-societe-a-lage-de-charlemagne-740-820-de-jean-pierre-devroey\/#primaryimage"},"thumbnailUrl":"https:\/\/www.uni.lu\/wp-content\/uploads\/sites\/16\/2021\/02\/conference_la_nature_et_le_roi_environnement_pouvoir_et_societe_a_l_age_de_charlemagne_740_820_de_jean_pierre_devroey.jpg","datePublished":"2021-02-10T13:11:35+00:00","dateModified":"2021-02-10T13:11:35+00:00","description":"Conf\u00e9rence inaugurale autour du livre \u201cLa Nature et le roi. Environnement, pouvoir et soci\u00e9t\u00e9 \u00e0 l\u2019\u00e2ge de Charlemagne (740-820)\u201d de Jean-Pierre","breadcrumb":{"@id":"https:\/\/www.uni.lu\/fhse-fr\/events\/conference-la-nature-et-le-roi-environnement-pouvoir-et-societe-a-lage-de-charlemagne-740-820-de-jean-pierre-devroey\/#breadcrumb"},"inLanguage":"fr-FR","potentialAction":[{"@type":"ReadAction","target":["https:\/\/www.uni.lu\/fhse-fr\/events\/conference-la-nature-et-le-roi-environnement-pouvoir-et-societe-a-lage-de-charlemagne-740-820-de-jean-pierre-devroey\/"]}]},{"@type":"ImageObject","inLanguage":"fr-FR","@id":"https:\/\/www.uni.lu\/fhse-fr\/events\/conference-la-nature-et-le-roi-environnement-pouvoir-et-societe-a-lage-de-charlemagne-740-820-de-jean-pierre-devroey\/#primaryimage","url":"https:\/\/www.uni.lu\/wp-content\/uploads\/sites\/16\/2021\/02\/conference_la_nature_et_le_roi_environnement_pouvoir_et_societe_a_l_age_de_charlemagne_740_820_de_jean_pierre_devroey.jpg","contentUrl":"https:\/\/www.uni.lu\/wp-content\/uploads\/sites\/16\/2021\/02\/conference_la_nature_et_le_roi_environnement_pouvoir_et_societe_a_l_age_de_charlemagne_740_820_de_jean_pierre_devroey.jpg","width":835,"height":1071},{"@type":"BreadcrumbList","@id":"https:\/\/www.uni.lu\/fhse-fr\/events\/conference-la-nature-et-le-roi-environnement-pouvoir-et-societe-a-lage-de-charlemagne-740-820-de-jean-pierre-devroey\/#breadcrumb","itemListElement":[{"@type":"ListItem","position":1,"name":"Home","item":"https:\/\/www.uni.lu\/fr"},{"@type":"ListItem","position":2,"name":"Facult\u00e9 des Sciences Humaines, des Sciences de l\u2019\u00c9ducation et des Sciences Sociales\u200b","item":"https:\/\/www.uni.lu\/fhse-fr\/"},{"@type":"ListItem","position":3,"name":"Events","item":"https:\/\/www.uni.lu\/fhse-fr\/events\/"},{"@type":"ListItem","position":4,"name":"Conf\u00e9rence : \u201cLa Nature et le roi. Environnement, pouvoir et soci\u00e9t\u00e9 \u00e0 l\u2019\u00e2ge de Charlemagne (740-820)\u201d de Jean-Pierre Devroey"}]},{"@type":"WebSite","@id":"https:\/\/www.uni.lu\/fhse-fr\/#website","url":"https:\/\/www.uni.lu\/fhse-fr\/","name":"FHSE","description":"Facult\u00e9 des Sciences Humaines, des Sciences de l\u2019\u00c9ducation et des Sciences Sociales\u200b I Uni.lu","publisher":{"@id":"https:\/\/www.uni.lu\/fhse-fr\/#organization"},"alternateName":"Facult\u00e9 des Sciences Humaines, des Sciences de l\u2019\u00c9ducation et des Sciences Sociales\u200b I Universit\u00e9 du Luxembourg","potentialAction":[{"@type":"SearchAction","target":{"@type":"EntryPoint","urlTemplate":"https:\/\/www.uni.lu\/fhse-fr\/?s={search_term_string}"},"query-input":"required name=search_term_string"}],"inLanguage":"fr-FR"},{"@type":"Organization","@id":"https:\/\/www.uni.lu\/fhse-fr\/#organization","name":"FHSE - Universit\u00e9 du Luxembourg I Uni.lu","alternateName":"Facult\u00e9 des Sciences Humaines, des Sciences de l\u2019\u00c9ducation et des Sciences Sociales\u200b","url":"https:\/\/www.uni.lu\/fhse-fr\/","logo":{"@type":"ImageObject","inLanguage":"fr-FR","@id":"https:\/\/www.uni.lu\/fhse-fr\/#\/schema\/logo\/image\/","url":"https:\/\/www.uni.lu\/wp-content\/uploads\/sites\/16\/2026\/03\/03112325\/FHSE_SM-Profile_1600x1600px-scaled.jpg","contentUrl":"https:\/\/www.uni.lu\/wp-content\/uploads\/sites\/16\/2026\/03\/03112325\/FHSE_SM-Profile_1600x1600px-scaled.jpg","width":2560,"height":2560,"caption":"FHSE - Universit\u00e9 du Luxembourg I Uni.lu"},"image":"https:\/\/www.uni.lu\/wp-content\/uploads\/sites\/16\/2026\/04\/24144331\/20200609-Belval-Campus_Henri-Goergen-23.jpg","sameAs":["https:\/\/humanities.uni.lu\/"],"email":"communication@uni.lu","telephone":"+3524666441","address":{"@type":"PostalAddress","streetAddress":"11, Porte des Sciences","addressLocality":"Esch-sur-Alzette","postalCode":"4365","addressCountry":"LU"},"description":"Facult\u00e9 des Sciences Humaines, des Sciences de l\u2019\u00c9ducation et des Sciences Sociales\u200b I Uni.lu"}]}},"_links":{"self":[{"href":"https:\/\/www.uni.lu\/fhse-fr\/wp-json\/wp\/v2\/events\/1523"}],"collection":[{"href":"https:\/\/www.uni.lu\/fhse-fr\/wp-json\/wp\/v2\/events"}],"about":[{"href":"https:\/\/www.uni.lu\/fhse-fr\/wp-json\/wp\/v2\/types\/events"}],"replies":[{"embeddable":true,"href":"https:\/\/www.uni.lu\/fhse-fr\/wp-json\/wp\/v2\/comments?post=1523"}],"version-history":[{"count":0,"href":"https:\/\/www.uni.lu\/fhse-fr\/wp-json\/wp\/v2\/events\/1523\/revisions"}],"wp:featuredmedia":[{"embeddable":true,"href":"https:\/\/www.uni.lu\/fhse-fr\/wp-json\/wp\/v2\/media\/1524"}],"wp:attachment":[{"href":"https:\/\/www.uni.lu\/fhse-fr\/wp-json\/wp\/v2\/media?parent=1523"}],"wp:term":[{"taxonomy":"events-topic","embeddable":true,"href":"https:\/\/www.uni.lu\/fhse-fr\/wp-json\/wp\/v2\/events-topic?post=1523"},{"taxonomy":"events-type","embeddable":true,"href":"https:\/\/www.uni.lu\/fhse-fr\/wp-json\/wp\/v2\/events-type?post=1523"},{"taxonomy":"organisation","embeddable":true,"href":"https:\/\/www.uni.lu\/fhse-fr\/wp-json\/wp\/v2\/organisation?post=1523"}],"curies":[{"name":"wp","href":"https:\/\/api.w.org\/{rel}","templated":true}]}}