{"id":1374,"date":"2020-03-05T16:31:11","date_gmt":"2020-03-05T15:31:11","guid":{"rendered":"https:\/\/www.uni.lu\/fhse-fr\/events\/postponed-kapuscinski-development-lecture\/"},"modified":"2020-03-05T16:31:11","modified_gmt":"2020-03-05T15:31:11","slug":"postponed-kapuscinski-development-lecture","status":"publish","type":"events","link":"https:\/\/www.uni.lu\/fhse-fr\/events\/postponed-kapuscinski-development-lecture\/","title":{"rendered":"Postponed: Kapuscinski Development Lecture"},"content":{"rendered":"<section class=\"wp-block-unilux-blocks-free-section section\"><div class=\"container xl:max-w-screen-xl\"><p><strong>Par mesure de pr\u00e9cautions sanitaires suite au coronavirus, la conf\u00e9rence est report\u00e9e \u00e0 une date ult\u00e9rieure.<\/strong><\/p><p><strong>Kapuscinski Development Lecture: \u2018Leaving no one behind in education \u2013 a focus on children with disabilities\u2019<\/strong><\/p><p>Organized for the first time in Luxembourg by Handicap International, this <a href=\"https:\/\/handicap-international.lu\/fr\/KDL-conference-en#about\" target=\"_self\" title=\"\" rel=\"noopener\">conference<\/a> is part of<a href=\"http:\/\/kapuscinskilectures.eu\/\" target=\"_self\" title=\"\" rel=\"noopener\">\u00a0the Kapuscinski Development Lectures series<\/a> and will focus on inclusive education in developing countries. The purpose of this conference is to understand how the interaction of multiple factors of exclusion (such as gender or disability), leads to increased discrimination and marginalization of children worldwide.<\/p><p>The lecture will be held in the black box on 24 March at 17:00, University of Luxembourg, Campus Belval. All are welcome but registration is mandatory:\u00a0<a href=\"https:\/\/handicap-international.lu\/fr\/KDL-conference\" target=\"_self\" title=\"\" rel=\"noopener\">https:\/\/handicap-international.lu\/fr\/KDL-conference<\/a><\/p><p>The Kapuscinski Lecture Series in sponsored by the European Commission and the United Nations in order to promote high level lectures on international development. Dr. Toyin J. Aderemi is winner of the international \u00ab\u00a0Her Abilities\u00a0\u00bb Award which highlights the achievements of women with disabilities.<\/p><p>Contact: Prof. Harlan Koff (<a href=\"mailto:harlan.koff@uni.lu\" target=\"_self\" title=\"\" rel=\"noopener\">harlan.koff@uni.lu<\/a>)<\/p><\/div><\/section>","protected":false},"excerpt":{"rendered":"<p>Par mesure de pr\u00e9cautions sanitaires suite au coronavirus, la conf\u00e9rence est report\u00e9e \u00e0 une date ult\u00e9rieure.Kapuscinski Development Lecture: \u2018Leaving no one behind in education \u2013 a focus on children with disabilities\u2019Organized for the first time in Luxembourg by Handicap International, this conference is part of\u00a0the Kapuscinski Development Lectures series and will focus on inclusive education in developing countries. The purpose of this conference is to understand how the interaction of multiple factors of exclusion (such as gender or disability), leads to increased discrimination and marginalization of children worldwide.<\/p>\n","protected":false},"author":0,"featured_media":1375,"parent":0,"menu_order":0,"comment_status":"open","ping_status":"closed","template":"","format":"standard","meta":{"featured_image_focal_point":[],"show_featured_caption":false,"ulux_newsletter_groups":"","uluxPostTitle":"","uluxPrePostTitle":"","_trash_the_other_posts":false,"_price":"","_stock":"","_tribe_ticket_header":"","_tribe_default_ticket_provider":"","_tribe_ticket_capacity":"0","_ticket_start_date":"","_ticket_end_date":"","_tribe_ticket_show_description":"","_tribe_ticket_show_not_going":false,"_tribe_ticket_use_global_stock":"","_tribe_ticket_global_stock_level":"","_global_stock_mode":"","_global_stock_cap":"","_tribe_rsvp_for_event":"","_tribe_ticket_going_count":"","_tribe_ticket_not_going_count":"","_tribe_tickets_list":"[]","_tribe_ticket_has_attendee_info_fields":false,"event_start_date":"2020-03-24 17:00:00","event_end_date":"2020-03-24 18:30:00","event_speaker_name":"","event_speaker_link":"","event_is_online":false,"event_location":"University of Luxembourg\r\nCampus Belval, Black Box\r\n","event_street":"11, Porte des Sciences","event_location_link":"","event_zip_code":"4366","event_city":"Esch-sur-Alzette","event_country":"LU"},"events-topic":[303],"events-type":[],"organisation":[148],"authorship":[],"acf":[],"yoast_head":"<!-- This site is optimized with the Yoast SEO Premium plugin v22.3 (Yoast SEO v22.3) - https:\/\/yoast.com\/wordpress\/plugins\/seo\/ -->\n<title>Postponed: Kapuscinski Development Lecture - FHSE I Uni.lu<\/title>\n<meta name=\"description\" content=\"Par mesure de pr\u00e9cautions sanitaires suite au coronavirus, la conf\u00e9rence est report\u00e9e \u00e0 une date ult\u00e9rieure.Kapuscinski Development Lecture: \u2018Leaving no one behind in education \u2013 a focus on children with disabilities\u2019Organized for the first time in Luxembourg by Handicap International, this conference is part of\u00a0the Kapuscinski Development Lectures series and will focus on inclusive education in developing countries. The purpose of this conference is to understand how the interaction of multiple factors of exclusion (such as gender or disability), leads to increased discrimination and marginalization of children worldwide.\" \/>\n<meta name=\"robots\" content=\"index, follow, max-snippet:-1, max-image-preview:large, max-video-preview:-1\" \/>\n<link rel=\"canonical\" href=\"https:\/\/www.uni.lu\/fhse-fr\/events\/postponed-kapuscinski-development-lecture\/\" \/>\n<meta property=\"og:locale\" content=\"fr_FR\" \/>\n<meta property=\"og:type\" content=\"article\" \/>\n<meta property=\"og:title\" content=\"Postponed: Kapuscinski Development Lecture\" \/>\n<meta property=\"og:description\" content=\"Par mesure de pr\u00e9cautions sanitaires suite au coronavirus, la conf\u00e9rence est report\u00e9e \u00e0 une date ult\u00e9rieure.Kapuscinski Development Lecture: \u2018Leaving no one behind in education \u2013 a focus on children with disabilities\u2019Organized for the first time in Luxembourg by Handicap International, this conference is part of\u00a0the Kapuscinski Development Lectures series and will focus on inclusive education in developing countries. The purpose of this conference is to understand how the interaction of multiple factors of exclusion (such as gender or disability), leads to increased discrimination and marginalization of children worldwide.\" \/>\n<meta property=\"og:url\" content=\"https:\/\/www.uni.lu\/fhse-fr\/events\/postponed-kapuscinski-development-lecture\/\" \/>\n<meta property=\"og:site_name\" content=\"FHSE FR\" \/>\n<meta property=\"og:image\" content=\"https:\/\/www.uni.lu\/wp-content\/uploads\/sites\/16\/2026\/03\/03112325\/FHSE_SM-Profile_1600x1600px-scaled.jpg\" \/>\n\t<meta property=\"og:image:width\" content=\"2560\" \/>\n\t<meta property=\"og:image:height\" content=\"2560\" \/>\n\t<meta property=\"og:image:type\" content=\"image\/jpeg\" \/>\n<meta name=\"twitter:card\" content=\"summary_large_image\" \/>\n<meta name=\"twitter:label1\" content=\"Dur\u00e9e de lecture estim\u00e9e\" \/>\n\t<meta name=\"twitter:data1\" content=\"1 minute\" \/>\n<script type=\"application\/ld+json\" class=\"yoast-schema-graph\">{\"@context\":\"https:\/\/schema.org\",\"@graph\":[{\"@type\":\"WebPage\",\"@id\":\"https:\/\/www.uni.lu\/fhse-fr\/events\/postponed-kapuscinski-development-lecture\/\",\"url\":\"https:\/\/www.uni.lu\/fhse-fr\/events\/postponed-kapuscinski-development-lecture\/\",\"name\":\"Postponed: Kapuscinski Development Lecture - FHSE I Uni.lu\",\"isPartOf\":{\"@id\":\"https:\/\/www.uni.lu\/fhse-fr\/#website\"},\"primaryImageOfPage\":{\"@id\":\"https:\/\/www.uni.lu\/fhse-fr\/events\/postponed-kapuscinski-development-lecture\/#primaryimage\"},\"image\":{\"@id\":\"https:\/\/www.uni.lu\/fhse-fr\/events\/postponed-kapuscinski-development-lecture\/#primaryimage\"},\"thumbnailUrl\":\"https:\/\/www.uni.lu\/wp-content\/uploads\/sites\/16\/2020\/03\/postponed_kapuscinski_development_lecture.jpg\",\"datePublished\":\"2020-03-05T15:31:11+00:00\",\"dateModified\":\"2020-03-05T15:31:11+00:00\",\"description\":\"Par mesure de pr\u00e9cautions sanitaires suite au coronavirus, la conf\u00e9rence est report\u00e9e \u00e0 une date ult\u00e9rieure.Kapuscinski Development Lecture: \u2018Leaving no one behind in education \u2013 a focus on children with disabilities\u2019Organized for the first time in Luxembourg by Handicap International, this conference is part of\u00a0the Kapuscinski Development Lectures series and will focus on inclusive education in developing countries. The purpose of this conference is to understand how the interaction of multiple factors of exclusion (such as gender or disability), leads to increased discrimination and marginalization of children worldwide.\",\"breadcrumb\":{\"@id\":\"https:\/\/www.uni.lu\/fhse-fr\/events\/postponed-kapuscinski-development-lecture\/#breadcrumb\"},\"inLanguage\":\"fr-FR\",\"potentialAction\":[{\"@type\":\"ReadAction\",\"target\":[\"https:\/\/www.uni.lu\/fhse-fr\/events\/postponed-kapuscinski-development-lecture\/\"]}]},{\"@type\":\"ImageObject\",\"inLanguage\":\"fr-FR\",\"@id\":\"https:\/\/www.uni.lu\/fhse-fr\/events\/postponed-kapuscinski-development-lecture\/#primaryimage\",\"url\":\"https:\/\/www.uni.lu\/wp-content\/uploads\/sites\/16\/2020\/03\/postponed_kapuscinski_development_lecture.jpg\",\"contentUrl\":\"https:\/\/www.uni.lu\/wp-content\/uploads\/sites\/16\/2020\/03\/postponed_kapuscinski_development_lecture.jpg\",\"width\":1920,\"height\":930},{\"@type\":\"BreadcrumbList\",\"@id\":\"https:\/\/www.uni.lu\/fhse-fr\/events\/postponed-kapuscinski-development-lecture\/#breadcrumb\",\"itemListElement\":[{\"@type\":\"ListItem\",\"position\":1,\"name\":\"Home\",\"item\":\"https:\/\/www.uni.lu\/fr\"},{\"@type\":\"ListItem\",\"position\":2,\"name\":\"Facult\u00e9 des Sciences Humaines, des Sciences de l\u2019\u00c9ducation et des Sciences Sociales\u200b\",\"item\":\"https:\/\/www.uni.lu\/fhse-fr\/\"},{\"@type\":\"ListItem\",\"position\":3,\"name\":\"Events\",\"item\":\"https:\/\/www.uni.lu\/fhse-fr\/events\/\"},{\"@type\":\"ListItem\",\"position\":4,\"name\":\"Postponed: Kapuscinski Development Lecture\"}]},{\"@type\":\"WebSite\",\"@id\":\"https:\/\/www.uni.lu\/fhse-fr\/#website\",\"url\":\"https:\/\/www.uni.lu\/fhse-fr\/\",\"name\":\"FHSE\",\"description\":\"Facult\u00e9 des Sciences Humaines, des Sciences de l\u2019\u00c9ducation et des Sciences Sociales\u200b I Uni.lu\",\"publisher\":{\"@id\":\"https:\/\/www.uni.lu\/fhse-fr\/#organization\"},\"alternateName\":\"Facult\u00e9 des Sciences Humaines, des Sciences de l\u2019\u00c9ducation et des Sciences Sociales\u200b I Universit\u00e9 du Luxembourg\",\"potentialAction\":[{\"@type\":\"SearchAction\",\"target\":{\"@type\":\"EntryPoint\",\"urlTemplate\":\"https:\/\/www.uni.lu\/fhse-fr\/?s={search_term_string}\"},\"query-input\":\"required name=search_term_string\"}],\"inLanguage\":\"fr-FR\"},{\"@type\":\"Organization\",\"@id\":\"https:\/\/www.uni.lu\/fhse-fr\/#organization\",\"name\":\"FHSE - Universit\u00e9 du Luxembourg I Uni.lu\",\"alternateName\":\"Facult\u00e9 des Sciences Humaines, des Sciences de l\u2019\u00c9ducation et des Sciences Sociales\u200b\",\"url\":\"https:\/\/www.uni.lu\/fhse-fr\/\",\"logo\":{\"@type\":\"ImageObject\",\"inLanguage\":\"fr-FR\",\"@id\":\"https:\/\/www.uni.lu\/fhse-fr\/#\/schema\/logo\/image\/\",\"url\":\"https:\/\/www.uni.lu\/wp-content\/uploads\/sites\/16\/2026\/03\/03112325\/FHSE_SM-Profile_1600x1600px-scaled.jpg\",\"contentUrl\":\"https:\/\/www.uni.lu\/wp-content\/uploads\/sites\/16\/2026\/03\/03112325\/FHSE_SM-Profile_1600x1600px-scaled.jpg\",\"width\":2560,\"height\":2560,\"caption\":\"FHSE - Universit\u00e9 du Luxembourg I Uni.lu\"},\"image\":\"https:\/\/www.uni.lu\/wp-content\/uploads\/sites\/16\/2026\/04\/24144331\/20200609-Belval-Campus_Henri-Goergen-23.jpg\",\"sameAs\":[\"https:\/\/humanities.uni.lu\/\"],\"email\":\"communication@uni.lu\",\"telephone\":\"+3524666441\",\"address\":{\"@type\":\"PostalAddress\",\"streetAddress\":\"11, Porte des Sciences\",\"addressLocality\":\"Esch-sur-Alzette\",\"postalCode\":\"4365\",\"addressCountry\":\"LU\"},\"description\":\"Facult\u00e9 des Sciences Humaines, des Sciences de l\u2019\u00c9ducation et des Sciences Sociales\u200b I Uni.lu\"}]}<\/script>\n<!-- \/ Yoast SEO Premium plugin. -->","yoast_head_json":{"title":"Postponed: Kapuscinski Development Lecture - FHSE I Uni.lu","description":"Par mesure de pr\u00e9cautions sanitaires suite au coronavirus, la conf\u00e9rence est report\u00e9e \u00e0 une date ult\u00e9rieure.Kapuscinski Development Lecture: \u2018Leaving no one behind in education \u2013 a focus on children with disabilities\u2019Organized for the first time in Luxembourg by Handicap International, this conference is part of\u00a0the Kapuscinski Development Lectures series and will focus on inclusive education in developing countries. The purpose of this conference is to understand how the interaction of multiple factors of exclusion (such as gender or disability), leads to increased discrimination and marginalization of children worldwide.","robots":{"index":"index","follow":"follow","max-snippet":"max-snippet:-1","max-image-preview":"max-image-preview:large","max-video-preview":"max-video-preview:-1"},"canonical":"https:\/\/www.uni.lu\/fhse-fr\/events\/postponed-kapuscinski-development-lecture\/","og_locale":"fr_FR","og_type":"article","og_title":"Postponed: Kapuscinski Development Lecture","og_description":"Par mesure de pr\u00e9cautions sanitaires suite au coronavirus, la conf\u00e9rence est report\u00e9e \u00e0 une date ult\u00e9rieure.Kapuscinski Development Lecture: \u2018Leaving no one behind in education \u2013 a focus on children with disabilities\u2019Organized for the first time in Luxembourg by Handicap International, this conference is part of\u00a0the Kapuscinski Development Lectures series and will focus on inclusive education in developing countries. The purpose of this conference is to understand how the interaction of multiple factors of exclusion (such as gender or disability), leads to increased discrimination and marginalization of children worldwide.","og_url":"https:\/\/www.uni.lu\/fhse-fr\/events\/postponed-kapuscinski-development-lecture\/","og_site_name":"FHSE FR","og_image":[{"width":2560,"height":2560,"url":"https:\/\/www.uni.lu\/wp-content\/uploads\/sites\/16\/2026\/03\/03112325\/FHSE_SM-Profile_1600x1600px-scaled.jpg","type":"image\/jpeg"}],"twitter_card":"summary_large_image","twitter_misc":{"Dur\u00e9e de lecture estim\u00e9e":"1 minute"},"schema":{"@context":"https:\/\/schema.org","@graph":[{"@type":"WebPage","@id":"https:\/\/www.uni.lu\/fhse-fr\/events\/postponed-kapuscinski-development-lecture\/","url":"https:\/\/www.uni.lu\/fhse-fr\/events\/postponed-kapuscinski-development-lecture\/","name":"Postponed: Kapuscinski Development Lecture - FHSE I Uni.lu","isPartOf":{"@id":"https:\/\/www.uni.lu\/fhse-fr\/#website"},"primaryImageOfPage":{"@id":"https:\/\/www.uni.lu\/fhse-fr\/events\/postponed-kapuscinski-development-lecture\/#primaryimage"},"image":{"@id":"https:\/\/www.uni.lu\/fhse-fr\/events\/postponed-kapuscinski-development-lecture\/#primaryimage"},"thumbnailUrl":"https:\/\/www.uni.lu\/wp-content\/uploads\/sites\/16\/2020\/03\/postponed_kapuscinski_development_lecture.jpg","datePublished":"2020-03-05T15:31:11+00:00","dateModified":"2020-03-05T15:31:11+00:00","description":"Par mesure de pr\u00e9cautions sanitaires suite au coronavirus, la conf\u00e9rence est report\u00e9e \u00e0 une date ult\u00e9rieure.Kapuscinski Development Lecture: \u2018Leaving no one behind in education \u2013 a focus on children with disabilities\u2019Organized for the first time in Luxembourg by Handicap International, this conference is part of\u00a0the Kapuscinski Development Lectures series and will focus on inclusive education in developing countries. The purpose of this conference is to understand how the interaction of multiple factors of exclusion (such as gender or disability), leads to increased discrimination and marginalization of children worldwide.","breadcrumb":{"@id":"https:\/\/www.uni.lu\/fhse-fr\/events\/postponed-kapuscinski-development-lecture\/#breadcrumb"},"inLanguage":"fr-FR","potentialAction":[{"@type":"ReadAction","target":["https:\/\/www.uni.lu\/fhse-fr\/events\/postponed-kapuscinski-development-lecture\/"]}]},{"@type":"ImageObject","inLanguage":"fr-FR","@id":"https:\/\/www.uni.lu\/fhse-fr\/events\/postponed-kapuscinski-development-lecture\/#primaryimage","url":"https:\/\/www.uni.lu\/wp-content\/uploads\/sites\/16\/2020\/03\/postponed_kapuscinski_development_lecture.jpg","contentUrl":"https:\/\/www.uni.lu\/wp-content\/uploads\/sites\/16\/2020\/03\/postponed_kapuscinski_development_lecture.jpg","width":1920,"height":930},{"@type":"BreadcrumbList","@id":"https:\/\/www.uni.lu\/fhse-fr\/events\/postponed-kapuscinski-development-lecture\/#breadcrumb","itemListElement":[{"@type":"ListItem","position":1,"name":"Home","item":"https:\/\/www.uni.lu\/fr"},{"@type":"ListItem","position":2,"name":"Facult\u00e9 des Sciences Humaines, des Sciences de l\u2019\u00c9ducation et des Sciences Sociales\u200b","item":"https:\/\/www.uni.lu\/fhse-fr\/"},{"@type":"ListItem","position":3,"name":"Events","item":"https:\/\/www.uni.lu\/fhse-fr\/events\/"},{"@type":"ListItem","position":4,"name":"Postponed: Kapuscinski Development Lecture"}]},{"@type":"WebSite","@id":"https:\/\/www.uni.lu\/fhse-fr\/#website","url":"https:\/\/www.uni.lu\/fhse-fr\/","name":"FHSE","description":"Facult\u00e9 des Sciences Humaines, des Sciences de l\u2019\u00c9ducation et des Sciences Sociales\u200b I Uni.lu","publisher":{"@id":"https:\/\/www.uni.lu\/fhse-fr\/#organization"},"alternateName":"Facult\u00e9 des Sciences Humaines, des Sciences de l\u2019\u00c9ducation et des Sciences Sociales\u200b I Universit\u00e9 du Luxembourg","potentialAction":[{"@type":"SearchAction","target":{"@type":"EntryPoint","urlTemplate":"https:\/\/www.uni.lu\/fhse-fr\/?s={search_term_string}"},"query-input":"required name=search_term_string"}],"inLanguage":"fr-FR"},{"@type":"Organization","@id":"https:\/\/www.uni.lu\/fhse-fr\/#organization","name":"FHSE - Universit\u00e9 du Luxembourg I Uni.lu","alternateName":"Facult\u00e9 des Sciences Humaines, des Sciences de l\u2019\u00c9ducation et des Sciences Sociales\u200b","url":"https:\/\/www.uni.lu\/fhse-fr\/","logo":{"@type":"ImageObject","inLanguage":"fr-FR","@id":"https:\/\/www.uni.lu\/fhse-fr\/#\/schema\/logo\/image\/","url":"https:\/\/www.uni.lu\/wp-content\/uploads\/sites\/16\/2026\/03\/03112325\/FHSE_SM-Profile_1600x1600px-scaled.jpg","contentUrl":"https:\/\/www.uni.lu\/wp-content\/uploads\/sites\/16\/2026\/03\/03112325\/FHSE_SM-Profile_1600x1600px-scaled.jpg","width":2560,"height":2560,"caption":"FHSE - Universit\u00e9 du Luxembourg I Uni.lu"},"image":"https:\/\/www.uni.lu\/wp-content\/uploads\/sites\/16\/2026\/04\/24144331\/20200609-Belval-Campus_Henri-Goergen-23.jpg","sameAs":["https:\/\/humanities.uni.lu\/"],"email":"communication@uni.lu","telephone":"+3524666441","address":{"@type":"PostalAddress","streetAddress":"11, Porte des Sciences","addressLocality":"Esch-sur-Alzette","postalCode":"4365","addressCountry":"LU"},"description":"Facult\u00e9 des Sciences Humaines, des Sciences de l\u2019\u00c9ducation et des Sciences Sociales\u200b I Uni.lu"}]}},"_links":{"self":[{"href":"https:\/\/www.uni.lu\/fhse-fr\/wp-json\/wp\/v2\/events\/1374"}],"collection":[{"href":"https:\/\/www.uni.lu\/fhse-fr\/wp-json\/wp\/v2\/events"}],"about":[{"href":"https:\/\/www.uni.lu\/fhse-fr\/wp-json\/wp\/v2\/types\/events"}],"replies":[{"embeddable":true,"href":"https:\/\/www.uni.lu\/fhse-fr\/wp-json\/wp\/v2\/comments?post=1374"}],"version-history":[{"count":0,"href":"https:\/\/www.uni.lu\/fhse-fr\/wp-json\/wp\/v2\/events\/1374\/revisions"}],"wp:featuredmedia":[{"embeddable":true,"href":"https:\/\/www.uni.lu\/fhse-fr\/wp-json\/wp\/v2\/media\/1375"}],"wp:attachment":[{"href":"https:\/\/www.uni.lu\/fhse-fr\/wp-json\/wp\/v2\/media?parent=1374"}],"wp:term":[{"taxonomy":"events-topic","embeddable":true,"href":"https:\/\/www.uni.lu\/fhse-fr\/wp-json\/wp\/v2\/events-topic?post=1374"},{"taxonomy":"events-type","embeddable":true,"href":"https:\/\/www.uni.lu\/fhse-fr\/wp-json\/wp\/v2\/events-type?post=1374"},{"taxonomy":"organisation","embeddable":true,"href":"https:\/\/www.uni.lu\/fhse-fr\/wp-json\/wp\/v2\/organisation?post=1374"}],"curies":[{"name":"wp","href":"https:\/\/api.w.org\/{rel}","templated":true}]}}