{"version":"1.0","provider_name":"FHSE FR","provider_url":"https:\/\/www.uni.lu\/fhse-fr","author_name":"aklein","author_url":"https:\/\/www.uni.lu\/fhse-fr\/author\/germanium\/","title":"Conf\u00e9rence | Soci\u00e9t\u00e9 inclusive - Pratiques \u00e9ducatives","type":"rich","width":600,"height":338,"html":"<blockquote class=\"wp-embedded-content\" data-secret=\"jCBYmcD0uh\"><a href=\"https:\/\/www.uni.lu\/fhse-fr\/news\/societe-inclusive\/\">Conf\u00e9rence | Soci\u00e9t\u00e9 inclusive &#8211; Pratiques \u00e9ducatives<\/a><\/blockquote><iframe sandbox=\"allow-scripts\" security=\"restricted\" src=\"https:\/\/www.uni.lu\/fhse-fr\/news\/societe-inclusive\/embed\/#?secret=jCBYmcD0uh\" width=\"600\" height=\"338\" title=\"\u00ab\u00a0Conf\u00e9rence | Soci\u00e9t\u00e9 inclusive &#8211; Pratiques \u00e9ducatives\u00a0\u00bb &#8212; FHSE FR\" data-secret=\"jCBYmcD0uh\" frameborder=\"0\" marginwidth=\"0\" marginheight=\"0\" scrolling=\"no\" class=\"wp-embedded-content\"><\/iframe><script>\n\/*! This file is auto-generated *\/\n!function(c,d){\"use strict\";var e=!1,o=!1;if(d.querySelector)if(c.addEventListener)e=!0;if(c.wp=c.wp||{},c.wp.receiveEmbedMessage);else if(c.wp.receiveEmbedMessage=function(e){var t=e.data;if(!t);else if(!(t.secret||t.message||t.value));else if(\/[^a-zA-Z0-9]\/.test(t.secret));else{for(var r,s,a,i=d.querySelectorAll('iframe[data-secret=\"'+t.secret+'\"]'),n=d.querySelectorAll('blockquote[data-secret=\"'+t.secret+'\"]'),o=new RegExp(\"^https?:$\",\"i\"),l=0;l<n.length;l++)n[l].style.display=\"none\";for(l=0;l<i.length;l++)if(r=i[l],e.source!==r.contentWindow);else{if(r.removeAttribute(\"style\"),\"height\"===t.message){if(1e3<(s=parseInt(t.value,10)))s=1e3;else if(~~s<200)s=200;r.height=s}if(\"link\"===t.message)if(s=d.createElement(\"a\"),a=d.createElement(\"a\"),s.href=r.getAttribute(\"src\"),a.href=t.value,!o.test(a.protocol));else if(a.host===s.host)if(d.activeElement===r)c.top.location.href=t.value}}},e)c.addEventListener(\"message\",c.wp.receiveEmbedMessage,!1),d.addEventListener(\"DOMContentLoaded\",t,!1),c.addEventListener(\"load\",t,!1);function t(){if(o);else{o=!0;for(var e,t,r,s=-1!==navigator.appVersion.indexOf(\"MSIE 10\"),a=!!navigator.userAgent.match(\/Trident.*rv:11\\.\/),i=d.querySelectorAll(\"iframe.wp-embedded-content\"),n=0;n<i.length;n++){if(!(r=(t=i[n]).getAttribute(\"data-secret\")))r=Math.random().toString(36).substr(2,10),t.src+=\"#?secret=\"+r,t.setAttribute(\"data-secret\",r);if(s||a)(e=t.cloneNode(!0)).removeAttribute(\"security\"),t.parentNode.replaceChild(e,t);t.contentWindow.postMessage({message:\"ready\",secret:r},\"*\")}}}}(window,document);\n<\/script>\n","thumbnail_url":"https:\/\/www.uni.lu\/wp-content\/uploads\/sites\/16\/2023\/08\/Inclusion_featured-image.jpg","thumbnail_width":1024,"thumbnail_height":1024,"description":"L\u2019\u00e9ducation inclusive s\u2019inscrit dans une logique de changement de paradigme afin de r\u00e9pondre \u00e0 la n\u00e9cessit\u00e9 d\u2019une offre \u00e9ducative con\u00e7ue pour tenir compte de mani\u00e8re plus syst\u00e9matique de la diversit\u00e9 des \u00eatres, avec ou sans d\u00e9ficiences et avec ou sans besoins \u00e9ducatifs sp\u00e9cifiques. Dans le contexte luxembourgeois, toute approche \u00e9ducative devrait tenir \u00e9galement compte de la diversit\u00e9 des cultures et des langues, la diversit\u00e9 des milieux sociaux et interactions interculturelles."}