{"version":"1.0","provider_name":"FHSE FR","provider_url":"https:\/\/www.uni.lu\/fhse-fr","author_name":"FHSE FR","author_url":"https:\/\/www.uni.lu\/fhse-fr","title":"Ecole d\u2019\u00e9t\u00e9 \u00ab D\u00e9mocratie et participation \u00bb","type":"rich","width":600,"height":338,"html":"<blockquote class=\"wp-embedded-content\" data-secret=\"5nSptrKYLu\"><a href=\"https:\/\/www.uni.lu\/fhse-fr\/news\/ecole-dete-democratie-et-participation\/\">Ecole d\u2019\u00e9t\u00e9 \u00ab D\u00e9mocratie et participation \u00bb<\/a><\/blockquote><iframe sandbox=\"allow-scripts\" security=\"restricted\" src=\"https:\/\/www.uni.lu\/fhse-fr\/news\/ecole-dete-democratie-et-participation\/embed\/#?secret=5nSptrKYLu\" width=\"600\" height=\"338\" title=\"\u00ab\u00a0Ecole d\u2019\u00e9t\u00e9 \u00ab D\u00e9mocratie et participation \u00bb\u00a0\u00bb &#8212; FHSE FR\" data-secret=\"5nSptrKYLu\" frameborder=\"0\" marginwidth=\"0\" marginheight=\"0\" scrolling=\"no\" class=\"wp-embedded-content\"><\/iframe><script>\n\/*! This file is auto-generated *\/\n!function(c,d){\"use strict\";var e=!1,o=!1;if(d.querySelector)if(c.addEventListener)e=!0;if(c.wp=c.wp||{},c.wp.receiveEmbedMessage);else if(c.wp.receiveEmbedMessage=function(e){var t=e.data;if(!t);else if(!(t.secret||t.message||t.value));else if(\/[^a-zA-Z0-9]\/.test(t.secret));else{for(var r,s,a,i=d.querySelectorAll('iframe[data-secret=\"'+t.secret+'\"]'),n=d.querySelectorAll('blockquote[data-secret=\"'+t.secret+'\"]'),o=new RegExp(\"^https?:$\",\"i\"),l=0;l<n.length;l++)n[l].style.display=\"none\";for(l=0;l<i.length;l++)if(r=i[l],e.source!==r.contentWindow);else{if(r.removeAttribute(\"style\"),\"height\"===t.message){if(1e3<(s=parseInt(t.value,10)))s=1e3;else if(~~s<200)s=200;r.height=s}if(\"link\"===t.message)if(s=d.createElement(\"a\"),a=d.createElement(\"a\"),s.href=r.getAttribute(\"src\"),a.href=t.value,!o.test(a.protocol));else if(a.host===s.host)if(d.activeElement===r)c.top.location.href=t.value}}},e)c.addEventListener(\"message\",c.wp.receiveEmbedMessage,!1),d.addEventListener(\"DOMContentLoaded\",t,!1),c.addEventListener(\"load\",t,!1);function t(){if(o);else{o=!0;for(var e,t,r,s=-1!==navigator.appVersion.indexOf(\"MSIE 10\"),a=!!navigator.userAgent.match(\/Trident.*rv:11\\.\/),i=d.querySelectorAll(\"iframe.wp-embedded-content\"),n=0;n<i.length;n++){if(!(r=(t=i[n]).getAttribute(\"data-secret\")))r=Math.random().toString(36).substr(2,10),t.src+=\"#?secret=\"+r,t.setAttribute(\"data-secret\",r);if(s||a)(e=t.cloneNode(!0)).removeAttribute(\"security\"),t.parentNode.replaceChild(e,t);t.contentWindow.postMessage({message:\"ready\",secret:r},\"*\")}}}}(window,document);\n<\/script>\n","thumbnail_url":"https:\/\/www.uni.lu\/wp-content\/uploads\/sites\/16\/2022\/04\/ecole_d_ete_democratie_et_participation.png","thumbnail_width":776,"thumbnail_height":872,"description":"L\u2019Universit\u00e9 du Luxembourg a le grand plaisir d\u2019accueillir la cinqui\u00e8me \u00e9dition de l\u2019\u00e9cole d\u2019\u00e9t\u00e9 internationale (International Summer School) \"Participation et d\u00e9mocratie\". Dans le prolongement des pr\u00e9c\u00e9dentes \u00e9ditions, l\u2019\u00e9cole d\u2019\u00e9t\u00e9 vise \u00e0 approfondir les r\u00e9flexions sur le fonctionnement de nos d\u00e9mocraties repr\u00e9sentatives et sur les diff\u00e9rents processus d\u00e9mocratiques - plus ou moins innovants \u2013 visant \u00e0 promouvoir une participation plus directe et d\u00e9lib\u00e9rative des citoyens."}