{"version":"1.0","provider_name":"FHSE FR","provider_url":"https:\/\/www.uni.lu\/fhse-fr","author_name":"FHSE FR","author_url":"https:\/\/www.uni.lu\/fhse-fr","title":"Fr\u00fchlingslekt\u00fcren: Witz und \u00d6ffentlichkeit (Georg Mein)","type":"rich","width":600,"height":338,"html":"<blockquote class=\"wp-embedded-content\" data-secret=\"zyQHOSH42B\"><a href=\"https:\/\/www.uni.lu\/fhse-fr\/events\/fruhlingslekturen-witz-und-offentlichkeit-georg-mein\/\">Fr\u00fchlingslekt\u00fcren: Witz und \u00d6ffentlichkeit (Georg Mein)<\/a><\/blockquote><iframe sandbox=\"allow-scripts\" security=\"restricted\" src=\"https:\/\/www.uni.lu\/fhse-fr\/events\/fruhlingslekturen-witz-und-offentlichkeit-georg-mein\/embed\/#?secret=zyQHOSH42B\" width=\"600\" height=\"338\" title=\"\u00ab\u00a0Fr\u00fchlingslekt\u00fcren: Witz und \u00d6ffentlichkeit (Georg Mein)\u00a0\u00bb &#8212; FHSE FR\" data-secret=\"zyQHOSH42B\" frameborder=\"0\" marginwidth=\"0\" marginheight=\"0\" scrolling=\"no\" class=\"wp-embedded-content\"><\/iframe><script>\n\/*! This file is auto-generated *\/\n!function(c,d){\"use strict\";var e=!1,o=!1;if(d.querySelector)if(c.addEventListener)e=!0;if(c.wp=c.wp||{},c.wp.receiveEmbedMessage);else if(c.wp.receiveEmbedMessage=function(e){var t=e.data;if(!t);else if(!(t.secret||t.message||t.value));else if(\/[^a-zA-Z0-9]\/.test(t.secret));else{for(var r,s,a,i=d.querySelectorAll('iframe[data-secret=\"'+t.secret+'\"]'),n=d.querySelectorAll('blockquote[data-secret=\"'+t.secret+'\"]'),o=new RegExp(\"^https?:$\",\"i\"),l=0;l<n.length;l++)n[l].style.display=\"none\";for(l=0;l<i.length;l++)if(r=i[l],e.source!==r.contentWindow);else{if(r.removeAttribute(\"style\"),\"height\"===t.message){if(1e3<(s=parseInt(t.value,10)))s=1e3;else if(~~s<200)s=200;r.height=s}if(\"link\"===t.message)if(s=d.createElement(\"a\"),a=d.createElement(\"a\"),s.href=r.getAttribute(\"src\"),a.href=t.value,!o.test(a.protocol));else if(a.host===s.host)if(d.activeElement===r)c.top.location.href=t.value}}},e)c.addEventListener(\"message\",c.wp.receiveEmbedMessage,!1),d.addEventListener(\"DOMContentLoaded\",t,!1),c.addEventListener(\"load\",t,!1);function t(){if(o);else{o=!0;for(var e,t,r,s=-1!==navigator.appVersion.indexOf(\"MSIE 10\"),a=!!navigator.userAgent.match(\/Trident.*rv:11\\.\/),i=d.querySelectorAll(\"iframe.wp-embedded-content\"),n=0;n<i.length;n++){if(!(r=(t=i[n]).getAttribute(\"data-secret\")))r=Math.random().toString(36).substr(2,10),t.src+=\"#?secret=\"+r,t.setAttribute(\"data-secret\",r);if(s||a)(e=t.cloneNode(!0)).removeAttribute(\"security\"),t.parentNode.replaceChild(e,t);t.contentWindow.postMessage({message:\"ready\",secret:r},\"*\")}}}}(window,document);\n<\/script>\n","thumbnail_url":"https:\/\/www.uni.lu\/wp-content\/uploads\/sites\/16\/2026\/03\/03112325\/FHSE_SM-Profile_1600x1600px-scaled.jpg","thumbnail_width":2560,"thumbnail_height":2560,"description":"Das\u00a0Institut f\u00fcr deutsche Sprache, Literatur und f\u00fcr Interkulturalit\u00e4t veranstaltet in diesem Semester zum ersten Mal die Vortragsreihe \u201eFr\u00fchlingslekt\u00fcren\u201c. Vortragende sind Mitglieder des Instituts sowie ausgew\u00e4hlte G\u00e4ste. Die digital organisierte Reihe beginnt am 16. M\u00e4rz mit einem Vortrag von Heinz Sieburg zum \u201eLuxemburger Standarddeutsch\u201c."}