{"version":"1.0","provider_name":"FHSE FR","provider_url":"https:\/\/www.uni.lu\/fhse-fr","author_name":"FHSE FR","author_url":"https:\/\/www.uni.lu\/fhse-fr","title":"Frontalier.i\u00e8res Questions d\u2019(in)visibilisations","type":"rich","width":600,"height":338,"html":"<blockquote class=\"wp-embedded-content\" data-secret=\"Q75jtaRFLP\"><a href=\"https:\/\/www.uni.lu\/fhse-fr\/events\/frontalier-ieres-questions-dinvisibilisations\/\">Frontalier.i\u00e8res Questions d\u2019(in)visibilisations<\/a><\/blockquote><iframe sandbox=\"allow-scripts\" security=\"restricted\" src=\"https:\/\/www.uni.lu\/fhse-fr\/events\/frontalier-ieres-questions-dinvisibilisations\/embed\/#?secret=Q75jtaRFLP\" width=\"600\" height=\"338\" title=\"\u00ab\u00a0Frontalier.i\u00e8res Questions d\u2019(in)visibilisations\u00a0\u00bb &#8212; FHSE FR\" data-secret=\"Q75jtaRFLP\" frameborder=\"0\" marginwidth=\"0\" marginheight=\"0\" scrolling=\"no\" class=\"wp-embedded-content\"><\/iframe><script>\n\/*! This file is auto-generated *\/\n!function(c,d){\"use strict\";var e=!1,o=!1;if(d.querySelector)if(c.addEventListener)e=!0;if(c.wp=c.wp||{},c.wp.receiveEmbedMessage);else if(c.wp.receiveEmbedMessage=function(e){var t=e.data;if(!t);else if(!(t.secret||t.message||t.value));else if(\/[^a-zA-Z0-9]\/.test(t.secret));else{for(var r,s,a,i=d.querySelectorAll('iframe[data-secret=\"'+t.secret+'\"]'),n=d.querySelectorAll('blockquote[data-secret=\"'+t.secret+'\"]'),o=new RegExp(\"^https?:$\",\"i\"),l=0;l<n.length;l++)n[l].style.display=\"none\";for(l=0;l<i.length;l++)if(r=i[l],e.source!==r.contentWindow);else{if(r.removeAttribute(\"style\"),\"height\"===t.message){if(1e3<(s=parseInt(t.value,10)))s=1e3;else if(~~s<200)s=200;r.height=s}if(\"link\"===t.message)if(s=d.createElement(\"a\"),a=d.createElement(\"a\"),s.href=r.getAttribute(\"src\"),a.href=t.value,!o.test(a.protocol));else if(a.host===s.host)if(d.activeElement===r)c.top.location.href=t.value}}},e)c.addEventListener(\"message\",c.wp.receiveEmbedMessage,!1),d.addEventListener(\"DOMContentLoaded\",t,!1),c.addEventListener(\"load\",t,!1);function t(){if(o);else{o=!0;for(var e,t,r,s=-1!==navigator.appVersion.indexOf(\"MSIE 10\"),a=!!navigator.userAgent.match(\/Trident.*rv:11\\.\/),i=d.querySelectorAll(\"iframe.wp-embedded-content\"),n=0;n<i.length;n++){if(!(r=(t=i[n]).getAttribute(\"data-secret\")))r=Math.random().toString(36).substr(2,10),t.src+=\"#?secret=\"+r,t.setAttribute(\"data-secret\",r);if(s||a)(e=t.cloneNode(!0)).removeAttribute(\"security\"),t.parentNode.replaceChild(e,t);t.contentWindow.postMessage({message:\"ready\",secret:r},\"*\")}}}}(window,document);\n<\/script>\n","thumbnail_url":"https:\/\/www.uni.lu\/wp-content\/uploads\/sites\/16\/2026\/03\/03112325\/FHSE_SM-Profile_1600x1600px-scaled.jpg","thumbnail_width":2560,"thumbnail_height":2560,"description":"Organis\u00e9e dans le cadre du Mois de la francophonie au Luxembourg, cette soir\u00e9e est l\u2019occasion d\u2019aborder dans une perspective soci\u00e9tale et culturelle le sujet des frontalier.i\u00e8res au Luxembourg \u2013 question particuli\u00e8rement vive lors du premier confinement li\u00e9 \u00e0 la crise du Covid-19. En d\u00e9but d\u2019ann\u00e9e 2021, deux pi\u00e8ces de th\u00e9\u00e2tre, ax\u00e9es selon des angles diff\u00e9rents sur la vie des travailleur.euse.s frontalier.i\u00e8res, ont \u00e9t\u00e9 mont\u00e9es au Luxembourg. Leur co\u00efncidence m\u00e9rite de nous interroger sur les rapports et les liens entretenus avec les frontalier.i\u00e8res.\u00c9clairage soci\u00e9tal et historique par Denis Scuto, Universit\u00e9 du LuxembourgRencontre-lecture avec Sophie Langevin, pour la cr\u00e9ation du spectacle Les Frontali\u00e8res. Die Grenzg\u00e4ngerinnen au Th\u00e9\u00e2tre d\u2019Esch, et Jean Portante, pour la cr\u00e9ation de la pi\u00e8ce Frontalier au Th\u00e9\u00e2tre National du Luxembourg.MODERATIONCarole Bisenius-Penin, Universit\u00e9 de LorraineJeanne E. Glesener, Universit\u00e9 du LuxembourgTonia Raus, Universit\u00e9 du LuxembourgCONTACTtonia.raus@ext.uni.luL\u2019entr\u00e9e est libre dans la limite des places disponibles. R\u00e9servation obligatoire. Une attestation de participation pourra \u00eatre fournie sur demande."}