{"id":1163,"date":"2023-07-26T12:08:11","date_gmt":"2023-07-26T12:08:11","guid":{"rendered":"https:\/\/website.prod.unilu.spikeseed.cloud\/fhse-en\/study-programs\/master-en-mediation\/programme\/"},"modified":"2026-03-26T15:40:59","modified_gmt":"2026-03-26T14:40:59","slug":"programme","status":"publish","type":"study-programs","link":"https:\/\/www.uni.lu\/fhse-en\/study-programs\/master-en-mediation\/programme\/","title":{"rendered":"Programme"},"content":{"rendered":"<div class=\"section py-0 static\">\n<section class=\"py-0 wp-block-unilux-blocks-free-section section\"><div class=\"container xl:max-w-screen-xl\"><!-- SecondaryNavigationMirror --><div class=\"js-secondary-nav--sticky wp-block-unilux-blocks-secondary-navigation\" id=\"8b56bcd4-ce31-4e31-ad71-c074a3f5c68e\">\n    <nav id=\"secondary-navigation\" role=\"navigation\" aria-label=\"Secondary menu\" class=\"secondary-nav\">\n        <button class=\"secondary-nav__button btn btn-solid--primary w-full\" aria-expanded=\"false\" aria-controls=\"secondary-navigation__list\" title=\"The selected page is Overview\" type=\"button\">\n            <span class=\"btn__name mr-auto\">Overview<\/span>\n            <svg aria-hidden=\"true\" focusable=\"false\" class=\"icon icon-outline icon--xs\">\n                <use xlink:href=\"https:\/\/www.uni.lu\/wp-content\/themes\/unilux-theme\/assets\/images\/icons\/icons-outline.svg#icon--arrow-down\" \/>\n            <\/svg>\n        <\/button>\n\n        <ul id=\"secondary-navigation__list\" class=\"secondary-nav__list\">\n            <li class=\"secondary-nav__item\">\n    <a href=\"https:\/\/www.uni.lu\/fhse-en\/study-programs\/master-en-mediation\/\" target=\"\" rel=\"noreferrer noopener\" class=\"secondary-nav__link \">\n        <svg aria-hidden=\"true\" focusable=\"false\" class=\"icon icon-outline icon--xs\">\n            <use xlink:href=\"https:\/\/www.uni.lu\/wp-content\/themes\/unilux-theme\/assets\/images\/icons\/icons-outline.svg#icon--arrow-right\" \/>\n        <\/svg>\n        <span class=\"secondary-nav__name\">Overview<\/span>\n    <\/a>\n<\/li>\n<li class=\"secondary-nav__item\">\n    <a href=\"https:\/\/www.uni.lu\/fhse-en\/study-programs\/master-en-mediation\/programme\/\" target=\"\" rel=\"noreferrer noopener\" class=\"secondary-nav__link isactived\" aria-current=\"page\">\n        <svg aria-hidden=\"true\" focusable=\"false\" class=\"icon icon-outline icon--xs\">\n            <use xlink:href=\"https:\/\/www.uni.lu\/wp-content\/themes\/unilux-theme\/assets\/images\/icons\/icons-outline.svg#icon--arrow-right\" \/>\n        <\/svg>\n        <span class=\"secondary-nav__name\">Programme<\/span>\n    <\/a>\n<\/li>\n<li class=\"secondary-nav__item\">\n    <a href=\"https:\/\/www.uni.lu\/fhse-en\/study-programs\/master-en-mediation\/career\/\" target=\"\" rel=\"noreferrer noopener\" class=\"secondary-nav__link \">\n        <svg aria-hidden=\"true\" focusable=\"false\" class=\"icon icon-outline icon--xs\">\n            <use xlink:href=\"https:\/\/www.uni.lu\/wp-content\/themes\/unilux-theme\/assets\/images\/icons\/icons-outline.svg#icon--arrow-right\" \/>\n        <\/svg>\n        <span class=\"secondary-nav__name\">Career<\/span>\n    <\/a>\n<\/li>\n<li class=\"secondary-nav__item\">\n    <a href=\"https:\/\/www.uni.lu\/fhse-en\/study-programs\/master-en-mediation\/teaching-staff\/\" target=\"\" rel=\"noreferrer noopener\" class=\"secondary-nav__link \">\n        <svg aria-hidden=\"true\" focusable=\"false\" class=\"icon icon-outline icon--xs\">\n            <use xlink:href=\"https:\/\/www.uni.lu\/wp-content\/themes\/unilux-theme\/assets\/images\/icons\/icons-outline.svg#icon--arrow-right\" \/>\n        <\/svg>\n        <span class=\"secondary-nav__name\">Teaching staff<\/span>\n    <\/a>\n<\/li>\n<li class=\"secondary-nav__item\">\n    <a href=\"https:\/\/www.uni.lu\/fhse-en\/study-programs\/master-en-mediation\/admissions\/\" target=\"\" rel=\"noreferrer noopener\" class=\"secondary-nav__link \">\n        <svg aria-hidden=\"true\" focusable=\"false\" class=\"icon icon-outline icon--xs\">\n            <use xlink:href=\"https:\/\/www.uni.lu\/wp-content\/themes\/unilux-theme\/assets\/images\/icons\/icons-outline.svg#icon--arrow-right\" \/>\n        <\/svg>\n        <span class=\"secondary-nav__name\">Admissions<\/span>\n    <\/a>\n<\/li>\n        <\/ul>\n    <\/nav>\n<\/div>\n<!-- end SecondaryNavigationMirror --><\/div><\/section>\n\n\n<section class=\"section section wp-block-unilux-blocks-headline-text-and-image\">\n    \n<div class=\"wp-block-unilux-blocks-wrapper container xl:max-w-screen-xl\">\n<h1 class=\"has-text-align-left wp-block-unilux-blocks-heading\"        id=\"programme\"\n    >\nProgramme<\/h1>\n\n\n\n<div class=\"wp-block-unilux-blocks-wrapper flex flex-wrap lg:-mx-32\">\n<div class=\"wp-block-unilux-blocks-wrapper w-full lg:w-7\/12 lg:order-2 lg:px-32\">\n<div class=\"wp-block-unilux-blocks-image-video-wrapper\">\n    <figure class=\"wp-block-dev4-reusable-blocks-image  object-fit--cover\">\n    \n<img decoding=\"async\" class=\"wp-block-image unilux-custom-image-block\"\n                alt=\"\"\n            src=\"https:\/\/www.uni.lu\/wp-content\/uploads\/sites\/2\/2023\/07\/OVERVIEW_HANDSIuDYX0.jpg\"\n                srcset=\"https:\/\/www.uni.lu\/wp-content\/uploads\/sites\/2\/2023\/07\/OVERVIEW_HANDSIuDYX0-300x200.jpg 300w, https:\/\/www.uni.lu\/wp-content\/uploads\/sites\/2\/2023\/07\/OVERVIEW_HANDSIuDYX0-1024x682.jpg 1024w, https:\/\/www.uni.lu\/wp-content\/uploads\/sites\/2\/2023\/07\/OVERVIEW_HANDSIuDYX0-768x512.jpg 768w, https:\/\/www.uni.lu\/wp-content\/uploads\/sites\/2\/2023\/07\/OVERVIEW_HANDSIuDYX0-1536x1024.jpg 1536w, https:\/\/www.uni.lu\/wp-content\/uploads\/sites\/2\/2023\/07\/OVERVIEW_HANDSIuDYX0.jpg 2000w\"\n                style=\"object-position: 50.00% 50.00%; font-family: &quot;object-fit: cover; object-position: 50.00% 50.00%;&quot;; aspect-ratio: 3\/2; object-fit: cover; width: 100%;\"\n        loading=\"lazy\"\n\/>    <\/figure><\/div><\/div>\n\n\n\n<div class=\"wp-block-unilux-blocks-wrapper w-full lg:w-5\/12 lg:order-1 lg:px-32\">\n<p>The 4-year Master programme (120 ECTS) consists of 2 parts. Each part runs over two years and corresponds to 60 ECTS. Students have to complete a mandatory internship during the second year of the study programme. At the University of Luxembourg, classes are scheduled from 8.45 &#8211; 17.30 on Fridays and from 8.45 &#8211; 16.30 on Saturdays. Classes are taught in French. <\/p>\n\n\n\n<ul class=\"wp-block-unilux-blocks-custom-buttons btn-list\"><li class=\"wp-block-unilux-blocks-custom-button\"    aria-disabled=\"false\"\n    >\n    <a\n        role=\"link\"\n        aria-disabled=\"false\"\n                    href=\"https:\/\/www.uni.lu\/fhse-en\/study-programs\/master-en-mediation\/admissions\/\"\n                target=\"_self\"\n        class=\"btn btn--primary\"\n            >Admissions<\/a>\n<\/li>\n<\/ul>\n<\/div>\n<\/div>\n<\/div>\n<\/section>\n\n\n<section class=\"wp-block-unilux-blocks-free-section section\"><div class=\"container xl:max-w-screen-xl\">\n<h2 class=\"has-text-align-left wp-block-unilux-blocks-heading\"        id=\"academic-contents\"\n    >\nAcademic Contents<\/h2>\n\n\n\n<div id=\"tab-nav\" class=\"tab-nav\">\n    <button\n        type=\"button\"\n        class=\"button-toggle btn btn--white w-full\"\n        aria-expanded=\"false\"\n        aria-controls=\"tab-nav__listing\"\n        title=\"The selected tab is CONTENT OF THE CURRENT LABEL\"\n    >\n        <span class=\"btn__name mr-auto\">Semestre 1<\/span>\n        <svg aria-hidden=\"true\" focusable=\"false\" class=\"icon icon-outline icon--xs\">\n            <use xlink:href=\"https:\/\/www.uni.lu\/wp-content\/themes\/unilux-theme\/assets\/images\/icons\/icons-outline.svg#icon--arrow-down\" \/>\n        <\/svg>\n    <\/button>\n    <ul\n        id=\"tab-nav__listing\"\n        class=\"tab-nav__listing nav manual\"\n        role=\"tablist\"\n        aria-label=\"About me\"\n    >\n                <li role=\"presentation\" class=\"tab-nav__item\" key={button.id}>\n            <button\n                type=\"button\"\n                id=\"tab-a6c497ff-cf6d-4f27-964b-b5d109fd1adc\"\n                data-bs-toggle=\"tab\"\n                data-bs-target=\"#tabpanel-a6c497ff-cf6d-4f27-964b-b5d109fd1adc\"\n                role=\"tab\"\n                aria-controls=\"tabpanel-a6c497ff-cf6d-4f27-964b-b5d109fd1adc\"\n                aria-selected=\"false\"\n                aria-current=\"false\"\n                class=\"tab-nav__button\"\n                tabIndex=\"-1\"\n            >\n                <svg aria-hidden=\"true\" focusable=\"false\" class=\"icon icon-outline icon--xs\">\n                    <use xlink:href=\"https:\/\/www.uni.lu\/wp-content\/themes\/unilux-theme\/assets\/images\/icons\/icons-outline.svg#icon--arrow-right\" \/>\n                <\/svg>\n                <span class=\"tab-nav__name\">Semestre 1<\/span>\n            <\/button>\n        <\/li>\n                <li role=\"presentation\" class=\"tab-nav__item\" key={button.id}>\n            <button\n                type=\"button\"\n                id=\"tab-63c76177-45e7-4d20-96d7-5d5cf2950e14\"\n                data-bs-toggle=\"tab\"\n                data-bs-target=\"#tabpanel-63c76177-45e7-4d20-96d7-5d5cf2950e14\"\n                role=\"tab\"\n                aria-controls=\"tabpanel-63c76177-45e7-4d20-96d7-5d5cf2950e14\"\n                aria-selected=\"false\"\n                aria-current=\"false\"\n                class=\"tab-nav__button\"\n                tabIndex=\"-1\"\n            >\n                <svg aria-hidden=\"true\" focusable=\"false\" class=\"icon icon-outline icon--xs\">\n                    <use xlink:href=\"https:\/\/www.uni.lu\/wp-content\/themes\/unilux-theme\/assets\/images\/icons\/icons-outline.svg#icon--arrow-right\" \/>\n                <\/svg>\n                <span class=\"tab-nav__name\">Semestre 2<\/span>\n            <\/button>\n        <\/li>\n                <li role=\"presentation\" class=\"tab-nav__item\" key={button.id}>\n            <button\n                type=\"button\"\n                id=\"tab-b4dc17a1-98b5-423d-8652-a88129988b08\"\n                data-bs-toggle=\"tab\"\n                data-bs-target=\"#tabpanel-b4dc17a1-98b5-423d-8652-a88129988b08\"\n                role=\"tab\"\n                aria-controls=\"tabpanel-b4dc17a1-98b5-423d-8652-a88129988b08\"\n                aria-selected=\"false\"\n                aria-current=\"false\"\n                class=\"tab-nav__button\"\n                tabIndex=\"-1\"\n            >\n                <svg aria-hidden=\"true\" focusable=\"false\" class=\"icon icon-outline icon--xs\">\n                    <use xlink:href=\"https:\/\/www.uni.lu\/wp-content\/themes\/unilux-theme\/assets\/images\/icons\/icons-outline.svg#icon--arrow-right\" \/>\n                <\/svg>\n                <span class=\"tab-nav__name\">Semestre 3<\/span>\n            <\/button>\n        <\/li>\n                <li role=\"presentation\" class=\"tab-nav__item\" key={button.id}>\n            <button\n                type=\"button\"\n                id=\"tab-cab6a17f-e561-4b12-afd7-ee5f12a5b302\"\n                data-bs-toggle=\"tab\"\n                data-bs-target=\"#tabpanel-cab6a17f-e561-4b12-afd7-ee5f12a5b302\"\n                role=\"tab\"\n                aria-controls=\"tabpanel-cab6a17f-e561-4b12-afd7-ee5f12a5b302\"\n                aria-selected=\"false\"\n                aria-current=\"false\"\n                class=\"tab-nav__button\"\n                tabIndex=\"-1\"\n            >\n                <svg aria-hidden=\"true\" focusable=\"false\" class=\"icon icon-outline icon--xs\">\n                    <use xlink:href=\"https:\/\/www.uni.lu\/wp-content\/themes\/unilux-theme\/assets\/images\/icons\/icons-outline.svg#icon--arrow-right\" \/>\n                <\/svg>\n                <span class=\"tab-nav__name\">Semestre 4<\/span>\n            <\/button>\n        <\/li>\n                <li role=\"presentation\" class=\"tab-nav__item\" key={button.id}>\n            <button\n                type=\"button\"\n                id=\"tab-e3e4d292-3435-4770-8974-4561374bf000\"\n                data-bs-toggle=\"tab\"\n                data-bs-target=\"#tabpanel-e3e4d292-3435-4770-8974-4561374bf000\"\n                role=\"tab\"\n                aria-controls=\"tabpanel-e3e4d292-3435-4770-8974-4561374bf000\"\n                aria-selected=\"false\"\n                aria-current=\"false\"\n                class=\"tab-nav__button\"\n                tabIndex=\"-1\"\n            >\n                <svg aria-hidden=\"true\" focusable=\"false\" class=\"icon icon-outline icon--xs\">\n                    <use xlink:href=\"https:\/\/www.uni.lu\/wp-content\/themes\/unilux-theme\/assets\/images\/icons\/icons-outline.svg#icon--arrow-right\" \/>\n                <\/svg>\n                <span class=\"tab-nav__name\">Semestre 5<\/span>\n            <\/button>\n        <\/li>\n                <li role=\"presentation\" class=\"tab-nav__item\" key={button.id}>\n            <button\n                type=\"button\"\n                id=\"tab-482b48aa-76f0-491a-b5d7-272efbc6327e\"\n                data-bs-toggle=\"tab\"\n                data-bs-target=\"#tabpanel-482b48aa-76f0-491a-b5d7-272efbc6327e\"\n                role=\"tab\"\n                aria-controls=\"tabpanel-482b48aa-76f0-491a-b5d7-272efbc6327e\"\n                aria-selected=\"false\"\n                aria-current=\"false\"\n                class=\"tab-nav__button\"\n                tabIndex=\"-1\"\n            >\n                <svg aria-hidden=\"true\" focusable=\"false\" class=\"icon icon-outline icon--xs\">\n                    <use xlink:href=\"https:\/\/www.uni.lu\/wp-content\/themes\/unilux-theme\/assets\/images\/icons\/icons-outline.svg#icon--arrow-right\" \/>\n                <\/svg>\n                <span class=\"tab-nav__name\">Semestre 6<\/span>\n            <\/button>\n        <\/li>\n                <li role=\"presentation\" class=\"tab-nav__item\" key={button.id}>\n            <button\n                type=\"button\"\n                id=\"tab-db8371ca-85f0-4459-9625-338512a41845\"\n                data-bs-toggle=\"tab\"\n                data-bs-target=\"#tabpanel-db8371ca-85f0-4459-9625-338512a41845\"\n                role=\"tab\"\n                aria-controls=\"tabpanel-db8371ca-85f0-4459-9625-338512a41845\"\n                aria-selected=\"false\"\n                aria-current=\"false\"\n                class=\"tab-nav__button\"\n                tabIndex=\"-1\"\n            >\n                <svg aria-hidden=\"true\" focusable=\"false\" class=\"icon icon-outline icon--xs\">\n                    <use xlink:href=\"https:\/\/www.uni.lu\/wp-content\/themes\/unilux-theme\/assets\/images\/icons\/icons-outline.svg#icon--arrow-right\" \/>\n                <\/svg>\n                <span class=\"tab-nav__name\">Semestre 7<\/span>\n            <\/button>\n        <\/li>\n                <li role=\"presentation\" class=\"tab-nav__item\" key={button.id}>\n            <button\n                type=\"button\"\n                id=\"tab-ac43d095-fdce-4807-ad18-c8312a3713fb\"\n                data-bs-toggle=\"tab\"\n                data-bs-target=\"#tabpanel-ac43d095-fdce-4807-ad18-c8312a3713fb\"\n                role=\"tab\"\n                aria-controls=\"tabpanel-ac43d095-fdce-4807-ad18-c8312a3713fb\"\n                aria-selected=\"false\"\n                aria-current=\"false\"\n                class=\"tab-nav__button\"\n                tabIndex=\"-1\"\n            >\n                <svg aria-hidden=\"true\" focusable=\"false\" class=\"icon icon-outline icon--xs\">\n                    <use xlink:href=\"https:\/\/www.uni.lu\/wp-content\/themes\/unilux-theme\/assets\/images\/icons\/icons-outline.svg#icon--arrow-right\" \/>\n                <\/svg>\n                <span class=\"tab-nav__name\">Semestre 8<\/span>\n            <\/button>\n        <\/li>\n            <\/ul>\n<\/div>\n<div class=\"tab-content\">\n    <section\n    id=\"tabpanel-a6c497ff-cf6d-4f27-964b-b5d109fd1adc\"\n    aria-labelledby=\"tab-a6c497ff-cf6d-4f27-964b-b5d109fd1adc\"\n    class=\"tab-panel fade hidden is-hidden\"\n>\n    <div class=\"wp-block-unilux-blocks-course-offer\">\n    <h3>Course offer for Semestre 1 (2025-2026 Winter)<\/h3>\n    \n<div id=\"accordion-module-69f27c951ed77\" class=\"accordion accordion--theme\">\n            \n<div class=\"accordion__item\">\n    <h4 class=\"accordion__header\">\n        <button\n                type=\"button\"\n                class=\"accordion__button collapsed\"\n                aria-expanded=\"false\"\n                data-bs-toggle=\"collapse\"\n                data-bs-target=\"#accordion-panel-69f27c951ed9b\"\n        >\n            <span class=\"accordion__title\">\n                MPM &#8211; Initiation Moodle                <span class=\"accordion__data\">\n                    <span class=\"accordion__data__item\">\n                        <span class=\"accordion__data__name\">ECTS credits:<\/span>\n                        <span class=\"accordion__data__value\">\n                            0                        <\/span>\n                    <\/span>\n                    <span class=\"accordion__data__item\">\n                        <span class=\"accordion__data__name\">Course code:<\/span>\n                        <span class=\"accordion__data__value\">\n                            MPM-62                        <\/span>\n                    <\/span>\n                <\/span>\n            <\/span>\n            <svg aria-hidden=\"true\" focusable=\"false\" class=\"icon icon-outline icon--arrow-down icon--lg\"><use xlink:href=\"https:\/\/www.uni.lu\/wp-content\/themes\/unilux-theme\/assets\/images\/icons\/icons-outline.svg#icon--arrow-down\"><\/use><\/svg>        <\/button>\n    <\/h4>\n\n    <div id=\"accordion-panel-69f27c951ed9b\" class=\"accordion__collapse collapse\" data-bs-parent=\"#accordion-module-69f27c951ed77\">\n        <div class=\"accordion__body p-0\">\n            <ul class=\"list-highlighted\">\n                <li class=\"list-highlighted__item items-start\">\n                    <header class=\"list-highlighted__header\">\n                        <h5 class=\"text-18\"><strong>Details<\/strong><\/h5>\n                    <\/header>\n                    <div class=\"list-highlighted__body\">\n                        <ul>\n                            <li><span class=\"text-dark font-heading font-bold\">Course title:<\/span> MPM &#8211; Initiation Moodle<\/li>\n                            <li><span class=\"text-dark font-heading font-bold\">Number of ECTS:<\/span> 0<\/li>\n                            <li><span class=\"text-dark font-heading font-bold\">Course code:<\/span> MPM-62<\/li>\n                            <li><span class=\"text-dark font-heading font-bold\">Module(s):<\/span> R\u00e9union d&#039;information de la rentr\u00e9e acad\u00e9mique<\/li>\n                            <li><span class=\"text-dark font-heading font-bold\">Language:<\/span> FR<\/li>\n                            <li><span class=\"text-dark font-heading font-bold\">Mandatory:<\/span> No<\/li>\n                        <\/ul>\n                    <\/div>\n                <\/li>\n\n                <!--<li class=\"list-highlighted__item items-start\">-->\n                <!--    <header class=\"list-highlighted__header\">-->\n                <!--        <h5 class=\"text-18\"><strong>--><!--<\/strong><\/h5>-->\n                <!--    <\/header>-->\n                <!--    <div class=\"list-highlighted__body\">-->\n                <!--        <div class=\"speaker-group\">-->\n                <!--            -->                <!--        <\/div>-->\n                <!--    <\/div>-->\n                <!--<\/li>-->\n\n                \n                \n                \n                \n                \n                \n            <\/ul>\n        <\/div>\n    <\/div>\n<\/div>            \n<div class=\"accordion__item\">\n    <h4 class=\"accordion__header\">\n        <button\n                type=\"button\"\n                class=\"accordion__button collapsed\"\n                aria-expanded=\"false\"\n                data-bs-toggle=\"collapse\"\n                data-bs-target=\"#accordion-panel-69f27c951edbc\"\n        >\n            <span class=\"accordion__title\">\n                D\u00e9finition et \u00e9tat des lieux de la m\u00e9diation                <span class=\"accordion__data\">\n                    <span class=\"accordion__data__item\">\n                        <span class=\"accordion__data__name\">ECTS credits:<\/span>\n                        <span class=\"accordion__data__value\">\n                            2                        <\/span>\n                    <\/span>\n                    <span class=\"accordion__data__item\">\n                        <span class=\"accordion__data__name\">Course code:<\/span>\n                        <span class=\"accordion__data__value\">\n                            MPM-2                        <\/span>\n                    <\/span>\n                <\/span>\n            <\/span>\n            <svg aria-hidden=\"true\" focusable=\"false\" class=\"icon icon-outline icon--arrow-down icon--lg\"><use xlink:href=\"https:\/\/www.uni.lu\/wp-content\/themes\/unilux-theme\/assets\/images\/icons\/icons-outline.svg#icon--arrow-down\"><\/use><\/svg>        <\/button>\n    <\/h4>\n\n    <div id=\"accordion-panel-69f27c951edbc\" class=\"accordion__collapse collapse\" data-bs-parent=\"#accordion-module-69f27c951ed77\">\n        <div class=\"accordion__body p-0\">\n            <ul class=\"list-highlighted\">\n                <li class=\"list-highlighted__item items-start\">\n                    <header class=\"list-highlighted__header\">\n                        <h5 class=\"text-18\"><strong>Details<\/strong><\/h5>\n                    <\/header>\n                    <div class=\"list-highlighted__body\">\n                        <ul>\n                            <li><span class=\"text-dark font-heading font-bold\">Course title:<\/span> D\u00e9finition et \u00e9tat des lieux de la m\u00e9diation<\/li>\n                            <li><span class=\"text-dark font-heading font-bold\">Number of ECTS:<\/span> 2<\/li>\n                            <li><span class=\"text-dark font-heading font-bold\">Course code:<\/span> MPM-2<\/li>\n                            <li><span class=\"text-dark font-heading font-bold\">Module(s):<\/span> D\u00e9finition et \u00e9tat des lieux de la m\u00e9diation<\/li>\n                            <li><span class=\"text-dark font-heading font-bold\">Language:<\/span> FR<\/li>\n                            <li><span class=\"text-dark font-heading font-bold\">Mandatory:<\/span> Yes<\/li>\n                        <\/ul>\n                    <\/div>\n                <\/li>\n\n                <!--<li class=\"list-highlighted__item items-start\">-->\n                <!--    <header class=\"list-highlighted__header\">-->\n                <!--        <h5 class=\"text-18\"><strong>--><!--<\/strong><\/h5>-->\n                <!--    <\/header>-->\n                <!--    <div class=\"list-highlighted__body\">-->\n                <!--        <div class=\"speaker-group\">-->\n                <!--            -->                <!--        <\/div>-->\n                <!--    <\/div>-->\n                <!--<\/li>-->\n\n                                <li class=\"list-highlighted__item items-start\">\n                    <header class=\"list-highlighted__header\">\n                        <h5 class=\"text-18\"><strong>Objectives<\/strong><\/h5>\n                    <\/header>\n                    <div class=\"list-highlighted__body\">\n                        <p>\n                            <ul><br><li>Les d\u00e9finitions de la m\u00e9diation<br><\/li><br><li>La crise des m\u00e9canismes de r\u00e9gulation sociale\u00a0 \u00a0<br><\/li><br><li>Inflation des m\u00e9diations : activit\u00e9s et instances de m\u00e9diation<br><\/li><br><li>Les mod\u00e8les de m\u00e9diation\u00a0 \u00a0 \u00a0 \u00a0 \u00a0 \u00a0 \u00a0<br><\/li><br><li>La m\u00e9diation : un nouveau mod\u00e8le de r\u00e9gulation sociale<br><\/li><br><li>Les enjeux de la m\u00e9diation<br><\/li><br><\/ul>                        <\/p>\n                    <\/div>\n                <\/li>\n                \n                                <li class=\"list-highlighted__item items-start\">\n                    <header class=\"list-highlighted__header\">\n                        <h5 class=\"text-18\"><strong>Course learning outcomes<\/strong><\/h5>\n                    <\/header>\n                    <div class=\"list-highlighted__body\">\n                        <ul><br><li>D\u00e9finir la m\u00e9diation par rapport aux autres modes de gestion des conflits<br><\/li><br><li>Contextualiser les raisons du renouveau de la m\u00e9diation<\/li><br><li>Identifier et expliquer les concepts des\u00a0 mod\u00e8les et champs de la m\u00e9diation<br><\/li><br><li>D\u00e9finir et analyser des enjeux de la m\u00e9diation<\/li><br><\/ul>                    <\/div>\n                <\/li>\n                \n                \n                \n                \n                                <li class=\"list-highlighted__item items-start\">\n                    <header class=\"list-highlighted__header\">\n                        <h5 class=\"text-18\"><strong>Note<\/strong><\/h5>\n                    <\/header>\n                    <div class=\"list-highlighted__body\">\n                        <p><br>Selected Bibliography\u00a0<br><\/p><br><ul><br><li><br>BEN MRAD F, Sociologie des pratiques de m\u00e9diation,\u00a0 L&#8217;Harmattan, 2002, 198p.<br><\/li><br><li>BEN MRAD F., MARCHAL H., STEBE J-M (dir.), Penser la m\u00e9diation, L&#8217;harmattan, 2008, 162p.<br><\/li><br><li>BONAFE-SCHMITT J-P, La m\u00e9diation p\u00e9nale en France et aux Etats-Unis,\u00a0 LGDJ-Lextenso \u00e9ditions,\u00a0 2010, 199p.<br><\/li><br><li>BONAFE-SCHMITT J-P, La m\u00e9diation scolaire par les \u00e9l\u00e8ves, ESF Editeur, 2000, 211p.<br><\/li><br><li>CONDETTE-CASTELAIN S., HUE-NONIN C., La m\u00e9diation par les \u00e9l\u00e8ves. Enjeux et perspectives pour la vie scolaire, Canop\u00e9, 2014, 192p.<br><\/li><br><li>DAHAN J, La m\u00e9diation familiale, Editions Bernet Danilo, Collection Essentialist , Paris, 1996, 62p.<br><\/li><br><li>De BRIANT V, PALAU Y, La m\u00e9diation. D\u00e9finitions, pratiques et perspectives, Nathan Universit\u00e9, Sciences Sociales 128<br><\/li><br><li>DENIS C (dir.), La m\u00e9diation familiale. Pratiques et approches th\u00e9oriques, Chronique Sociale, 2010, 334p.<br><\/li><br><li>FAGET J, M\u00e9diations, les ateliers silencieux de la d\u00e9mocratie, Eres, 2010, 300p.<br><\/li><br><li>FUTIAK\u00a0 T, Le m\u00e9diateur dans l&#8217;ar\u00e8ne. R\u00e9flexions sur l&#8217;art de la m\u00e9diation, Er\u00e8s, Trajets, 2009, 214p.<br><\/li><br><li>GUILLAUME-HOFNUNG M., La m\u00e9diation, PUF, Que Sais-Je n\u00b02930, 128p.LASCOUX J-L, La pratique de la m\u00e9diation, ESF, 2000, 250p.<br><\/li><br><li>MBANZOULOU P, La m\u00e9diation p\u00e9nale,\u00a0 L&#8217;Harmattan,2004, 76p.<br><\/li><br><li>MORINEAU J, L&#8217;esprit de m\u00e9diation, Er\u00e8s, 1998, 176 p.<br><\/li><br><li>PEKAR-LEMPEREUR A., COLSON A., SALZER J., M\u00e9thode de m\u00e9diation. Au c\u0153ur de la conciliation, Dunod, 2008, 266p.<br><\/li><br><li>ROCHANT H, CHEVALIER P, SICARD D, La m\u00e9diation m\u00e9dicale \u00e0 l&#8217;h\u00f4pital : Un autre regard, Editions Lamarre, 2008, 112 p. SIX J-F, Les m\u00e9diateurs, Editions Le cavalier Bleu, 2002, 122p.<br><\/li><br><li>STIMEC A,\u00a0 La m\u00e9diation en entreprise,\u00a0 Dunod, 2004, 200 p.<br><\/li><br><li>TRICOIT J-P, La m\u00e9diation dans les relations de travail, LGDJ 2008, 581 p.<br><\/li><br><li>YOUNES C, LE ROY E, M\u00e9diation et diversit\u00e9 culturelle. Pour quelle soci\u00e9t\u00e9 ?,\u00a0 Karthala, 2002, 311p.<\/li><br><\/ul>                    <\/div>\n                <\/li>\n                \n            <\/ul>\n        <\/div>\n    <\/div>\n<\/div>            \n<div class=\"accordion__item\">\n    <h4 class=\"accordion__header\">\n        <button\n                type=\"button\"\n                class=\"accordion__button collapsed\"\n                aria-expanded=\"false\"\n                data-bs-toggle=\"collapse\"\n                data-bs-target=\"#accordion-panel-69f27c951edd3\"\n        >\n            <span class=\"accordion__title\">\n                M\u00e9diation : un syst\u00e8me de r\u00e8glement des conflits I                <span class=\"accordion__data\">\n                    <span class=\"accordion__data__item\">\n                        <span class=\"accordion__data__name\">ECTS credits:<\/span>\n                        <span class=\"accordion__data__value\">\n                            3                        <\/span>\n                    <\/span>\n                    <span class=\"accordion__data__item\">\n                        <span class=\"accordion__data__name\">Course code:<\/span>\n                        <span class=\"accordion__data__value\">\n                            MPM-64                        <\/span>\n                    <\/span>\n                <\/span>\n            <\/span>\n            <svg aria-hidden=\"true\" focusable=\"false\" class=\"icon icon-outline icon--arrow-down icon--lg\"><use xlink:href=\"https:\/\/www.uni.lu\/wp-content\/themes\/unilux-theme\/assets\/images\/icons\/icons-outline.svg#icon--arrow-down\"><\/use><\/svg>        <\/button>\n    <\/h4>\n\n    <div id=\"accordion-panel-69f27c951edd3\" class=\"accordion__collapse collapse\" data-bs-parent=\"#accordion-module-69f27c951ed77\">\n        <div class=\"accordion__body p-0\">\n            <ul class=\"list-highlighted\">\n                <li class=\"list-highlighted__item items-start\">\n                    <header class=\"list-highlighted__header\">\n                        <h5 class=\"text-18\"><strong>Details<\/strong><\/h5>\n                    <\/header>\n                    <div class=\"list-highlighted__body\">\n                        <ul>\n                            <li><span class=\"text-dark font-heading font-bold\">Course title:<\/span> M\u00e9diation : un syst\u00e8me de r\u00e8glement des conflits I<\/li>\n                            <li><span class=\"text-dark font-heading font-bold\">Number of ECTS:<\/span> 3<\/li>\n                            <li><span class=\"text-dark font-heading font-bold\">Course code:<\/span> MPM-64<\/li>\n                            <li><span class=\"text-dark font-heading font-bold\">Module(s):<\/span> M\u00e9diation : un syst\u00e8me de r\u00e8glement de conflits<\/li>\n                            <li><span class=\"text-dark font-heading font-bold\">Language:<\/span> FR<\/li>\n                            <li><span class=\"text-dark font-heading font-bold\">Mandatory:<\/span> Yes<\/li>\n                        <\/ul>\n                    <\/div>\n                <\/li>\n\n                <!--<li class=\"list-highlighted__item items-start\">-->\n                <!--    <header class=\"list-highlighted__header\">-->\n                <!--        <h5 class=\"text-18\"><strong>--><!--<\/strong><\/h5>-->\n                <!--    <\/header>-->\n                <!--    <div class=\"list-highlighted__body\">-->\n                <!--        <div class=\"speaker-group\">-->\n                <!--            -->                <!--        <\/div>-->\n                <!--    <\/div>-->\n                <!--<\/li>-->\n\n                                <li class=\"list-highlighted__item items-start\">\n                    <header class=\"list-highlighted__header\">\n                        <h5 class=\"text-18\"><strong>Objectives<\/strong><\/h5>\n                    <\/header>\n                    <div class=\"list-highlighted__body\">\n                        <p>\n                            Le module &#8220;M\u00e9diation un syst\u00e8me de r\u00e8glement de conflit&#8221; est constitu\u00e9 de deux parties compl\u00e9mentaires :<br>1\u00e8re partie\u00a0<br>Ce cours consiste \u00e0 permettre aux \u00e9tudiants d\u2019int\u00e9grer les \u00e9l\u00e9ments essentiels relatifs \u00e0 une approche historique, principielle et sociologique\u00a0 de la m\u00e9diation.\u00a0 Le d\u00e9tour\u00a0 par une analyse socio-historique sera n\u00e9cessaire pour d\u00e9gager les caract\u00e9ristiques de figures embl\u00e9matiques de tiers impliqu\u00e9s dans la r\u00e9solution n\u00e9goci\u00e9e des conflits. En parall\u00e8le, nous rel\u00e8verons les principaux r\u00e9f\u00e9rentiels transversaux de la m\u00e9diation en adoptant une approche heuristique et philosophique. Pour compl\u00e9ter notre propos, nous analyserons les raisons sociologiques et les besoins contemporains de m\u00e9diation. Le d\u00e9clin social de certaines r\u00e9f\u00e9rences fondatrices du point de vue des valeurs ou encore la complexification des rapports sociaux sont constitutifs d\u2019une configuration singuli\u00e8re de la m\u00e9diation dans nos pays occidentaux. Les principes de m\u00e9diation apparaissent comme fondamentaux pour circonscrire le champ de la m\u00e9diation par rapport \u00e0 d\u2019autres modes alternatifs de r\u00e9solution des conflits et pour comprendre les diff\u00e9rentes conceptions professionnelles de la m\u00e9diation. Pour achever notre enseignement dans ce module, nous nous int\u00e9resserons aux approches psychologiques et sociologiques des conflits, tout en rep\u00e9rant leurs typologies et en d\u00e9gageant les processus effectifs.<br>2\u00e8me partie\u00a0<br>Le cours vise l\u2019enseignement th\u00e9orique et pratique de la m\u00e9diation du point de vue syst\u00e9mique-existentiel.\u00a0 Le cours comporte cinq chapitres: <br>1. le fleuve de la vie, <br>2. le conflit: une r\u00e9alit\u00e9 complexe et dynamique, <br>3. la m\u00e9diation et le m\u00e9diateur, <br>4. la contextualisation de la m\u00e9diation, <br>5. un \u00e9tude de cas. <br>Apr\u00e8s une d\u00e9marche psychologique, partant du mod\u00e8le du fleuve de la vie et le concept du \u2018droit \u00e0 la destructivit\u00e9\u2019 (Nagy), les dynamiques syst\u00e9miques du conflit (2\u00e8me chapitre) sont expliqu\u00e9es. Le 3\u00e8me\u00a0 chapitre se concentre sur la m\u00e9diation comme r\u00e9ponse au conflit, les dynamiques de la m\u00e9diation, les \u00e9tapes diff\u00e9rentes du processus de la m\u00e9diation, les caract\u00e9ristiques principales, les aspects \u00e9thiques et le r\u00f4le du m\u00e9diateur dans les diff\u00e9rentes \u00e9tapes de la m\u00e9diation. Dans le chapitre \u00abla contextualisation de la m\u00e9diation\u00bb le lien complexe entre la m\u00e9diation et la justice est analys\u00e9 et les changements sociologiques dans la soci\u00e9t\u00e9 qui favorisent la m\u00e9diation comme instrument de r\u00e9gulation des conflits. Le cours se termine par un analyse vid\u00e9o dans le domaine de la m\u00e9diation auteur-victime et un jeu de r\u00f4le pour pratiquer les diff\u00e9rents concepts appris. Des exercices pratiques et th\u00e9oriques sont effectu\u00e9s en groupes et au niveau individuel durant le cours.<br><br>                        <\/p>\n                    <\/div>\n                <\/li>\n                \n                                <li class=\"list-highlighted__item items-start\">\n                    <header class=\"list-highlighted__header\">\n                        <h5 class=\"text-18\"><strong>Course learning outcomes<\/strong><\/h5>\n                    <\/header>\n                    <div class=\"list-highlighted__body\">\n                        1\u00e8re partie\u00a0<br>Les objectifs principaux de cet enseignement sont de permettre aux \u00e9tudiants de mieux saisir l\u2019environnement dans lequel se d\u00e9veloppent les processus alternatifs de r\u00e9solution des conflits et particuli\u00e8rement celui de la m\u00e9diation. Cet environnement concerne les dimensions historiques, sociologiques et philosophiques qui fondent les principes m\u00eame de la m\u00e9diation. L\u2019approche analytique contribuera \u00e0 mieux appr\u00e9hender les caract\u00e9ristiques de la m\u00e9diation, ses modalit\u00e9s pratiques d\u2019action et son champ d\u2019intervention par rapport aux m\u00e9tiers voisins et aux autres modes alternatifs de r\u00e9gulation des conflits. Il s\u2019agira enfin de faciliter l\u2019acquisition de connaissances sur les principaux \u00e9l\u00e9ments que les disciplines sociologique et psychologique d\u00e9veloppent sur ces processus conflictuels.<br>2\u00e8me partie<br>Ils porteront sur des connaissances et favoriseront des comp\u00e9tences essentielles pour devenir m\u00e9diateur : la dynamique syst\u00e8mique-existentielle du conflit et de la m\u00e9diation, le processus de la m\u00e9diation et le r\u00f4le du m\u00e9diateur, la relation entre la m\u00e9diation et la justice, la position et le r\u00f4le de la m\u00e9diation dans une soci\u00e9t\u00e9 en pleine transformation au niveau de la r\u00e9gulation sociale, une r\u00e9flexion sur soi-m\u00eame dans le r\u00f4le de m\u00e9diateur (futur) en lien avec les concepts et la th\u00e9orie enseign\u00e9(e)s.                    <\/div>\n                <\/li>\n                \n                \n                \n                                <li class=\"list-highlighted__item items-start\">\n                    <header class=\"list-highlighted__header\">\n                        <h5 class=\"text-18\"><strong>Assessment<\/strong><\/h5>\n                    <\/header>\n                    <div class=\"list-highlighted__body\">\n                        Pr\u00e9paration d&#8217;un dossier th\u00e9matique ou examen sur table.<br>                    <\/div>\n                <\/li>\n                \n                                <li class=\"list-highlighted__item items-start\">\n                    <header class=\"list-highlighted__header\">\n                        <h5 class=\"text-18\"><strong>Note<\/strong><\/h5>\n                    <\/header>\n                    <div class=\"list-highlighted__body\">\n                        \u00a0 Selected Bibliography<br><ul><li>Ben Mrad\u00a0 F., Sociologie des pratiques de m\u00e9diation : Entre principes et comp\u00e9tences, \u00e9d. L\u2019harmattan, collection logiques juridiques, 2002.<\/li><li>Ben Mrad F, \u00ab Equit\u00e9, neutralit\u00e9, responsabilit\u00e9. \u00ab A propos des principes de la m\u00e9diation \u00bb, in N\u00e9gociations, n\u00b0 5 juin 2006.<\/li><li>Bonaf\u00e9-Schmitt J-P., La m\u00e9diation, La documentation Fran\u00e7aise, 2002.<\/li><li>Boudon et Bourricaud, Dictionnaire Critique de sociologie : article sur \u00ab Les conflits sociaux\u00bb.<\/li><li>Busquet J.,\u00a0 Le droit de la vendetta et les paci corses , \u00e9d. A. P\u00e9done,1920.<\/li><li>Clemens Denys C., \u00ab Entre justice subalterne et infrajustice, les apaiseurs des Flandres des origines au XVIII si\u00e8cle ou la conciliation au service de la cit\u00e9 \u00bb in L\u2019infrajudiciaire du Moyen Age \u00e0 l\u2019\u00e9poque contemporaine, Actes du colloque de Dijon, \u00e9d. EUD, 1996, pp. 251-257.<\/li><li>Coser\u00a0 L, Les Fonctions du conflit social, PUF 1982.<\/li><li>Fiutak Thomas, Le m\u00e9diateur dans l&#8217;ar\u00e8ne &#8211; : r\u00e9flexion sur l&#8217;art de la M\u00e9diation , \u00e9d ; Eres trajets, 2009.<\/li><li>Freund J., Sociologie du conflit, PUF, 1983.<\/li><li>Guillaume-Hofnung M., La m\u00e9diation, \u00e9ditions Que sais-je ? PUF 2011 (5 \u00e8me \u00e9d.)<\/li><li>Picard et E. Marc \u00ab petit trait\u00e9 des conflits ordinaires \u00bb, Seuil, 2006.<\/li><li>Simmel Georg : \u00ab Le conflit \u00bb, Editions Circ\u00e9, 1998.<\/li><\/ul>                    <\/div>\n                <\/li>\n                \n            <\/ul>\n        <\/div>\n    <\/div>\n<\/div>            \n<div class=\"accordion__item\">\n    <h4 class=\"accordion__header\">\n        <button\n                type=\"button\"\n                class=\"accordion__button collapsed\"\n                aria-expanded=\"false\"\n                data-bs-toggle=\"collapse\"\n                data-bs-target=\"#accordion-panel-69f27c951edeb\"\n        >\n            <span class=\"accordion__title\">\n                M\u00e9diation : un syst\u00e8me de r\u00e8glement des conflits II                <span class=\"accordion__data\">\n                    <span class=\"accordion__data__item\">\n                        <span class=\"accordion__data__name\">ECTS credits:<\/span>\n                        <span class=\"accordion__data__value\">\n                            3                        <\/span>\n                    <\/span>\n                    <span class=\"accordion__data__item\">\n                        <span class=\"accordion__data__name\">Course code:<\/span>\n                        <span class=\"accordion__data__value\">\n                            MPM-65                        <\/span>\n                    <\/span>\n                <\/span>\n            <\/span>\n            <svg aria-hidden=\"true\" focusable=\"false\" class=\"icon icon-outline icon--arrow-down icon--lg\"><use xlink:href=\"https:\/\/www.uni.lu\/wp-content\/themes\/unilux-theme\/assets\/images\/icons\/icons-outline.svg#icon--arrow-down\"><\/use><\/svg>        <\/button>\n    <\/h4>\n\n    <div id=\"accordion-panel-69f27c951edeb\" class=\"accordion__collapse collapse\" data-bs-parent=\"#accordion-module-69f27c951ed77\">\n        <div class=\"accordion__body p-0\">\n            <ul class=\"list-highlighted\">\n                <li class=\"list-highlighted__item items-start\">\n                    <header class=\"list-highlighted__header\">\n                        <h5 class=\"text-18\"><strong>Details<\/strong><\/h5>\n                    <\/header>\n                    <div class=\"list-highlighted__body\">\n                        <ul>\n                            <li><span class=\"text-dark font-heading font-bold\">Course title:<\/span> M\u00e9diation : un syst\u00e8me de r\u00e8glement des conflits II<\/li>\n                            <li><span class=\"text-dark font-heading font-bold\">Number of ECTS:<\/span> 3<\/li>\n                            <li><span class=\"text-dark font-heading font-bold\">Course code:<\/span> MPM-65<\/li>\n                            <li><span class=\"text-dark font-heading font-bold\">Module(s):<\/span> M\u00e9diation : un syst\u00e8me de r\u00e8glement de conflits<\/li>\n                            <li><span class=\"text-dark font-heading font-bold\">Language:<\/span> FR<\/li>\n                            <li><span class=\"text-dark font-heading font-bold\">Mandatory:<\/span> Yes<\/li>\n                        <\/ul>\n                    <\/div>\n                <\/li>\n\n                <!--<li class=\"list-highlighted__item items-start\">-->\n                <!--    <header class=\"list-highlighted__header\">-->\n                <!--        <h5 class=\"text-18\"><strong>--><!--<\/strong><\/h5>-->\n                <!--    <\/header>-->\n                <!--    <div class=\"list-highlighted__body\">-->\n                <!--        <div class=\"speaker-group\">-->\n                <!--            -->                <!--        <\/div>-->\n                <!--    <\/div>-->\n                <!--<\/li>-->\n\n                \n                                <li class=\"list-highlighted__item items-start\">\n                    <header class=\"list-highlighted__header\">\n                        <h5 class=\"text-18\"><strong>Course learning outcomes<\/strong><\/h5>\n                    <\/header>\n                    <div class=\"list-highlighted__body\">\n                        Ils porteront sur des connaissances et favoriseront des comp\u00e9tences essentielles pour devenir m\u00e9diateur: la dynamique syst\u00e8mique-existentielle du conflit et de la m\u00e9diation, le processus de la m\u00e9diation et le r\u00f4le du m\u00e9diateur, la relation entre la m\u00e9diation et la justice, la position et le r\u00f4le de la m\u00e9diation dans une soci\u00e9t\u00e9 en pleine transformation au niveau de la r\u00e9gulation sociale, une r\u00e9flexion sur soi-m\u00eame dans le r\u00f4le de m\u00e9diateur (futur) en lien avec les concepts et la th\u00e9orie enseign\u00e9(e)s.                    <\/div>\n                <\/li>\n                \n                                <li class=\"list-highlighted__item items-start\">\n                    <header class=\"list-highlighted__header\">\n                        <h5 class=\"text-18\"><strong>Description<\/strong><\/h5>\n                    <\/header>\n                    <div class=\"list-highlighted__body\">\n                        Le cours vise l\u2019enseignement th\u00e9orique et pratique de la m\u00e9diation du point de vue syst\u00e9mique-existentiel.\u00a0 Le cours comporte cinq chapitres:<br>1. le fleuve de la vie,<br>2. le conflit: une r\u00e9alit\u00e9 complexe et dynamique,<br>3. la m\u00e9diation et le m\u00e9diateur,<br>4. la contextualisation de la m\u00e9diation,<br>5. un \u00e9tude de cas.<br>Apr\u00e8s une d\u00e9marche psychologique, partant du mod\u00e8le du fleuve de la vie et le concept du \u2018droit \u00e0 la destructivit\u00e9\u2019 (Nagy), les dynamiques syst\u00e9miques du conflit (2i\u00e8me chapitre) sont expliqu\u00e9es. Le 3i\u00e8me\u00a0 chapitre se concentre sur la m\u00e9diation comme r\u00e9ponse au conflit, les dynamiques de la m\u00e9diation, les \u00e9tapes diff\u00e9rentes du processus de la m\u00e9diation, les caract\u00e9ristiques principales, les aspects \u00e9thiques et le r\u00f4le du m\u00e9diateur dans les diff\u00e9rentes \u00e9tapes de la m\u00e9diation. Dans le chapitre \u00abla contextualisation de la m\u00e9diation\u00bb le lien complexe entre la m\u00e9diation et la justice est analys\u00e9 et les changements sociologiques dans la soci\u00e9t\u00e9 qui favorisent la m\u00e9diation comme instrument de r\u00e9gulation des conflits. Le cours se termine par un analyse vid\u00e9o dans le domaine de la m\u00e9diation auteur-victime et un jeu de r\u00f4le pour pratiquer les diff\u00e9rents concepts appris. Des exercices pratiques et th\u00e9oriques sont effectu\u00e9s en groupes et au niveau individuel durant le cours.<br>                    <\/div>\n                <\/li>\n                \n                \n                                <li class=\"list-highlighted__item items-start\">\n                    <header class=\"list-highlighted__header\">\n                        <h5 class=\"text-18\"><strong>Assessment<\/strong><\/h5>\n                    <\/header>\n                    <div class=\"list-highlighted__body\">\n                        Examen Oral <br>                    <\/div>\n                <\/li>\n                \n                \n            <\/ul>\n        <\/div>\n    <\/div>\n<\/div>            \n<div class=\"accordion__item\">\n    <h4 class=\"accordion__header\">\n        <button\n                type=\"button\"\n                class=\"accordion__button collapsed\"\n                aria-expanded=\"false\"\n                data-bs-toggle=\"collapse\"\n                data-bs-target=\"#accordion-panel-69f27c951ee02\"\n        >\n            <span class=\"accordion__title\">\n                Processus de m\u00e9diation                <span class=\"accordion__data\">\n                    <span class=\"accordion__data__item\">\n                        <span class=\"accordion__data__name\">ECTS credits:<\/span>\n                        <span class=\"accordion__data__value\">\n                            8                        <\/span>\n                    <\/span>\n                    <span class=\"accordion__data__item\">\n                        <span class=\"accordion__data__name\">Course code:<\/span>\n                        <span class=\"accordion__data__value\">\n                            MPM-7                        <\/span>\n                    <\/span>\n                <\/span>\n            <\/span>\n            <svg aria-hidden=\"true\" focusable=\"false\" class=\"icon icon-outline icon--arrow-down icon--lg\"><use xlink:href=\"https:\/\/www.uni.lu\/wp-content\/themes\/unilux-theme\/assets\/images\/icons\/icons-outline.svg#icon--arrow-down\"><\/use><\/svg>        <\/button>\n    <\/h4>\n\n    <div id=\"accordion-panel-69f27c951ee02\" class=\"accordion__collapse collapse\" data-bs-parent=\"#accordion-module-69f27c951ed77\">\n        <div class=\"accordion__body p-0\">\n            <ul class=\"list-highlighted\">\n                <li class=\"list-highlighted__item items-start\">\n                    <header class=\"list-highlighted__header\">\n                        <h5 class=\"text-18\"><strong>Details<\/strong><\/h5>\n                    <\/header>\n                    <div class=\"list-highlighted__body\">\n                        <ul>\n                            <li><span class=\"text-dark font-heading font-bold\">Course title:<\/span> Processus de m\u00e9diation<\/li>\n                            <li><span class=\"text-dark font-heading font-bold\">Number of ECTS:<\/span> 8<\/li>\n                            <li><span class=\"text-dark font-heading font-bold\">Course code:<\/span> MPM-7<\/li>\n                            <li><span class=\"text-dark font-heading font-bold\">Module(s):<\/span> Processus de m\u00e9diation<\/li>\n                            <li><span class=\"text-dark font-heading font-bold\">Language:<\/span> FR<\/li>\n                            <li><span class=\"text-dark font-heading font-bold\">Mandatory:<\/span> Yes<\/li>\n                        <\/ul>\n                    <\/div>\n                <\/li>\n\n                <!--<li class=\"list-highlighted__item items-start\">-->\n                <!--    <header class=\"list-highlighted__header\">-->\n                <!--        <h5 class=\"text-18\"><strong>--><!--<\/strong><\/h5>-->\n                <!--    <\/header>-->\n                <!--    <div class=\"list-highlighted__body\">-->\n                <!--        <div class=\"speaker-group\">-->\n                <!--            -->                <!--        <\/div>-->\n                <!--    <\/div>-->\n                <!--<\/li>-->\n\n                                <li class=\"list-highlighted__item items-start\">\n                    <header class=\"list-highlighted__header\">\n                        <h5 class=\"text-18\"><strong>Objectives<\/strong><\/h5>\n                    <\/header>\n                    <div class=\"list-highlighted__body\">\n                        <p>\n                            Acqu\u00e9rir les bases th\u00e9oriques et pratiques permettant de mener un processus de m\u00e9diation.                        <\/p>\n                    <\/div>\n                <\/li>\n                \n                                <li class=\"list-highlighted__item items-start\">\n                    <header class=\"list-highlighted__header\">\n                        <h5 class=\"text-18\"><strong>Course learning outcomes<\/strong><\/h5>\n                    <\/header>\n                    <div class=\"list-highlighted__body\">\n                        \u00a0 Enoncer les types de m\u00e9diation et leurs sp\u00e9cificit\u00e9s<br> Contextualiser et conceptualiser le processus de m\u00e9diation : champ d&#8217;intervention, \u00e9tapes, principes<br> Exp\u00e9rimenter la posture de tiers : faire \u00e9merger la demande, garantir un espace de parole, faire \u00e9merger des solutions, restaurer le dialogue, faire accepter et garantir un cadre<br> G\u00e9rer le processus de m\u00e9diation : en fonction des diff\u00e9rentes \u00e9tapes, distinguer les t\u00e2ches, les attitudes et les techniques du m\u00e9diateur<br>\u00a0                    <\/div>\n                <\/li>\n                \n                                <li class=\"list-highlighted__item items-start\">\n                    <header class=\"list-highlighted__header\">\n                        <h5 class=\"text-18\"><strong>Description<\/strong><\/h5>\n                    <\/header>\n                    <div class=\"list-highlighted__body\">\n                        Ce cours vise \u00e0 acqu\u00e9rir des connaissances relatives au processus de m\u00e9diation, en particulier dans le champ de la de m\u00e9diation familiale. Les diff\u00e9rentes \u00e9tapes du processus sont abord\u00e9es ( la demande ou saisine de m\u00e9diation, l&#8217;entretien d&#8217;information \u00e0 la m\u00e9diation, les entretiens ou rencontres de m\u00e9diation, les accords de m\u00e9diation). A chaque \u00e9tape sont trait\u00e9s les objectifs, les t\u00e2ches, les\u00a0 attitudes mises en \u0153uvre par le\u00a0 m\u00e9diateur, les techniques utilis\u00e9es ainsi que les bases th\u00e9oriques et pratiques inh\u00e9rentes \u00e0 chacune de ces \u00e9tapes .Des mises en situations, jeux de r\u00f4les et diff\u00e9rents exercices de communication et d&#8217;entrainement \u00e0 l\u2019\u00e9coute active viennent ponctuer le cours. Il s&#8217;agit par cons\u00e9quent d\u2019exp\u00e9rimenter la posture du m\u00e9diateur tout au long du processus.                    <\/div>\n                <\/li>\n                \n                \n                                <li class=\"list-highlighted__item items-start\">\n                    <header class=\"list-highlighted__header\">\n                        <h5 class=\"text-18\"><strong>Assessment<\/strong><\/h5>\n                    <\/header>\n                    <div class=\"list-highlighted__body\">\n                        Devoir sur table                    <\/div>\n                <\/li>\n                \n                                <li class=\"list-highlighted__item items-start\">\n                    <header class=\"list-highlighted__header\">\n                        <h5 class=\"text-18\"><strong>Note<\/strong><\/h5>\n                    <\/header>\n                    <div class=\"list-highlighted__body\">\n                        Selected Bibliography<br><p><br><br> M\u00e9thodologie de la m\u00e9diation familiale Justin LESVEQUES, \u00c8res, 1998<br> La m\u00e9diatrice et le conflit dans la famille. Claire Denis, Eres, 2010 \u00a0<br> Guide de la m\u00e9diation familiale, Annie Babu, Eres, 2010<br> La loi APIE : autorit\u00e9 parentale. Int\u00e9r\u00eat de l&#8217;enfant : vivre ensemble la m\u00e9diation familiale. Francine Summa, L&#8217;Harmattan, 2015 \u00a0<br> Se s\u00e9parer sans se d\u00e9chirer. Jocelyne Dahan Eres , 2010. Evangeline Schonen-Desarnauts, Edition Pocket, 2000<br> Les m\u00e9diations, la m\u00e9diation. Collectif dirig\u00e9 par Jean-Pierre Bonaff\u00e9 Schmitt, Eres, 2003<br> La m\u00e9diation, coll., Mich\u00e8le GUILLAUME-HOFNUNG, Que sais-je ? 1995.<br> La m\u00e9diation familiale, Jocelyne DAHAN, Editions Morisset, 1996.<br> Construire la m\u00e9diation familiale, Monique SASSIER, Dunod, 2001.<br><\/p>                    <\/div>\n                <\/li>\n                \n            <\/ul>\n        <\/div>\n    <\/div>\n<\/div>    <\/div><\/div><\/section>\n<section\n    id=\"tabpanel-63c76177-45e7-4d20-96d7-5d5cf2950e14\"\n    aria-labelledby=\"tab-63c76177-45e7-4d20-96d7-5d5cf2950e14\"\n    class=\"tab-panel fade hidden is-hidden\"\n>\n    <div class=\"wp-block-unilux-blocks-course-offer\">\n    <h3>Course offer for Semestre 2 (2025-2026 Summer)<\/h3>\n    \n<div id=\"accordion-module-69f27c9524631\" class=\"accordion accordion--theme\">\n            \n<div class=\"accordion__item\">\n    <h4 class=\"accordion__header\">\n        <button\n                type=\"button\"\n                class=\"accordion__button collapsed\"\n                aria-expanded=\"false\"\n                data-bs-toggle=\"collapse\"\n                data-bs-target=\"#accordion-panel-69f27c952464f\"\n        >\n            <span class=\"accordion__title\">\n                M\u00e9thodes de r\u00e9solution de conflits                <span class=\"accordion__data\">\n                    <span class=\"accordion__data__item\">\n                        <span class=\"accordion__data__name\">ECTS credits:<\/span>\n                        <span class=\"accordion__data__value\">\n                            5                        <\/span>\n                    <\/span>\n                    <span class=\"accordion__data__item\">\n                        <span class=\"accordion__data__name\">Course code:<\/span>\n                        <span class=\"accordion__data__value\">\n                            MPM-8                        <\/span>\n                    <\/span>\n                <\/span>\n            <\/span>\n            <svg aria-hidden=\"true\" focusable=\"false\" class=\"icon icon-outline icon--arrow-down icon--lg\"><use xlink:href=\"https:\/\/www.uni.lu\/wp-content\/themes\/unilux-theme\/assets\/images\/icons\/icons-outline.svg#icon--arrow-down\"><\/use><\/svg>        <\/button>\n    <\/h4>\n\n    <div id=\"accordion-panel-69f27c952464f\" class=\"accordion__collapse collapse\" data-bs-parent=\"#accordion-module-69f27c9524631\">\n        <div class=\"accordion__body p-0\">\n            <ul class=\"list-highlighted\">\n                <li class=\"list-highlighted__item items-start\">\n                    <header class=\"list-highlighted__header\">\n                        <h5 class=\"text-18\"><strong>Details<\/strong><\/h5>\n                    <\/header>\n                    <div class=\"list-highlighted__body\">\n                        <ul>\n                            <li><span class=\"text-dark font-heading font-bold\">Course title:<\/span> M\u00e9thodes de r\u00e9solution de conflits<\/li>\n                            <li><span class=\"text-dark font-heading font-bold\">Number of ECTS:<\/span> 5<\/li>\n                            <li><span class=\"text-dark font-heading font-bold\">Course code:<\/span> MPM-8<\/li>\n                            <li><span class=\"text-dark font-heading font-bold\">Module(s):<\/span> M\u00e9thodes de r\u00e9solution de conflits<\/li>\n                            <li><span class=\"text-dark font-heading font-bold\">Language:<\/span> FR<\/li>\n                            <li><span class=\"text-dark font-heading font-bold\">Mandatory:<\/span> Yes<\/li>\n                        <\/ul>\n                    <\/div>\n                <\/li>\n\n                <!--<li class=\"list-highlighted__item items-start\">-->\n                <!--    <header class=\"list-highlighted__header\">-->\n                <!--        <h5 class=\"text-18\"><strong>--><!--<\/strong><\/h5>-->\n                <!--    <\/header>-->\n                <!--    <div class=\"list-highlighted__body\">-->\n                <!--        <div class=\"speaker-group\">-->\n                <!--            -->                <!--        <\/div>-->\n                <!--    <\/div>-->\n                <!--<\/li>-->\n\n                \n                                <li class=\"list-highlighted__item items-start\">\n                    <header class=\"list-highlighted__header\">\n                        <h5 class=\"text-18\"><strong>Course learning outcomes<\/strong><\/h5>\n                    <\/header>\n                    <div class=\"list-highlighted__body\">\n                        <p> Remettre en question ses \u00ab pr\u00e9jug\u00e9s \u00bb par rapport au conflit<br> Diff\u00e9rencier la m\u00e9diation des autres m\u00e9thodes de r\u00e9solution de conflits<br> Faire la diff\u00e9rence entre une approche destructive et une approche constructive d&#8217;un conflit<br> Construire un conflictogramme <br> Faire preuve de cr\u00e9ativit\u00e9 dans la recherche de solutions possibles<br> D\u00e9finir la posture du m\u00e9diateur <br> Se mettre en posture de m\u00e9diateur <br> R\u00e9fl\u00e9chir sur les limites de la m\u00e9diation<br> R\u00e9fl\u00e9chir sur le champ des possibles en m\u00e9diation<br> La m\u00e9diation pas uniquement un outil mais un \u00ab esprit \u00bb<br> \u2026<br><\/p>                    <\/div>\n                <\/li>\n                \n                                <li class=\"list-highlighted__item items-start\">\n                    <header class=\"list-highlighted__header\">\n                        <h5 class=\"text-18\"><strong>Description<\/strong><\/h5>\n                    <\/header>\n                    <div class=\"list-highlighted__body\">\n                        <p>\u00a0<\/p>Le cours est pr\u00e9sent\u00e9 d&#8217;une mani\u00e8re interactive alliant expos\u00e9s th\u00e9oriques, \u00e9changes avec des exemples concrets, r\u00e9flexions et aussi travaux de groupe, le tout agr\u00e9ment\u00e9 par l&#8217;une ou l&#8217;autre mise en situation. Contenu : mon barom\u00e8tre par rapport au conflit ; les conflits et leurs modes de gestion ; la m\u00e9diation et son cadre l\u00e9gal au Luxembourg, les conflits et leur gestion dans une organisation, \u2026<p>\u00a0<\/p>                    <\/div>\n                <\/li>\n                \n                \n                                <li class=\"list-highlighted__item items-start\">\n                    <header class=\"list-highlighted__header\">\n                        <h5 class=\"text-18\"><strong>Assessment<\/strong><\/h5>\n                    <\/header>\n                    <div class=\"list-highlighted__body\">\n                        Evaluation durant les cours (50%) et examen \u00e9crit (50%)                    <\/div>\n                <\/li>\n                \n                                <li class=\"list-highlighted__item items-start\">\n                    <header class=\"list-highlighted__header\">\n                        <h5 class=\"text-18\"><strong>Note<\/strong><\/h5>\n                    <\/header>\n                    <div class=\"list-highlighted__body\">\n                        <p>Le cours est pr\u00e9sent\u00e9 d&#8217;une mani\u00e8re interactive alliant expos\u00e9s th\u00e9oriques, \u00e9changes avec des exemples concrets, r\u00e9flexions et aussi travaux de groupe, le tout agr\u00e9ment\u00e9 par l&#8217;une ou l&#8217;autre mise en situation. Contenu : mon barom\u00e8tre par rapport au conflit ; les conflits et leurs modes de gestion ; la m\u00e9diation et son cadre l\u00e9gal au Luxembourg, les conflits et leur gestion dans une organisation, \u2026<br>Selected Bibliography<br>ARTAUD J., \u00ab L&#8217;\u00e9coute &#8211; Attitudes et techniques \u00bb, Chronique Sociale, 2000.<br>BEN MRAD F., \u00ab Sociologie des pratiques de m\u00e9diation &#8211; entre principes et comp\u00e9tences \u00bb, L&#8217;Harmattan, 2002<br>BEN MRAD F., \u00ab Interactions communicatives en m\u00e9diation &#8211; La construction d&#8217;un dialogue \u00bb, L\u2019Harmattan, 2018<br>BONAFE SCHMITT J.-P., \u00ab Les m\u00e9diations : logiques et pratiques sociales \u00bb, Glysi, 2001. <br>BONAFE-SCHMITT J.-P. \/ DAHAN J. \/ SALZER J. \/ SOUQUET M. \/ VOUCHE J.-P., \u00ab Les m\u00e9diations, la m\u00e9diation \u00bb, Er\u00e8s, 1999.<br>DAHAN J., \u00ab La m\u00e9diation familiale \u00bb, Edition Morissett, 1996.<br>DEMARET P., \u00ab L\u2019exp\u00e9rience en M\u00e9diation \u00bb, Centre de M\u00e9diation, 2004.<br>DENIS C. \/ PERRONE L. \/ SAVOUREY M. \/ SOUQUET M., \u00ab Les courants de la m\u00e9diation familiale \u00bb, Chronique Sociale, 2012<br>FAGET J., \u00ab Sociologie de la d\u00e9linquance et de la justice p\u00e9nale \u00bb, Er\u00e8s, 2002.<br>FISHER R. \/ URY W., \u00ab Comment r\u00e9ussir une n\u00e9gociation \u00bb, Seuil, 1982.<br>GUILLAUME-HOFNUNG M., \u00ab La m\u00e9diation \u00bb, Que sais-je ? PUF 2i\u00e8me \u00e9dition corrig\u00e9e, 2000.<br>LEVESQUE J., \u00ab M\u00e9thodologie de la m\u00e9diation familiale \u00bb, Er\u00e8s, 1998.<br>MORINEAU J., \u00ab L&#8217;esprit de la M\u00e9diation \u00bb, Er\u00e8s, 1998.<br>NILLES J.-P., \u00ab Peer-Mediation im Schulalltag \u00bb, Minist\u00e8re de l&#8217;\u00c9ducation nationale et de la Formation professionnelle, SCRIPT et Minist\u00e8re de la Famille et de l&#8217;Int\u00e9gration, SNJ, 2007.<br>POITRAS J.\/ LADOUCEUR A., \u00ab Syst\u00e8mes de gestion de conflits \u00bb, Editions Yvon Blais, 2004<br>RIBEIRO ALVES E., \u00ab L\u2019accueil de la parole de l&#8217;enfant en m\u00e9diation familiale \u00bb, Centre de M\u00e9diation, 2008.<br>SCHROEDER P., \u00ab La m\u00e9diation p\u00e9nale : entre gestion des affaires et justice restaurative \u00bb, Centre de M\u00e9diation, 2004<br><\/p><br><p>REVUES<br> La Revue des M\u00e9diations (anc. La Lettre des M\u00e9diations) : https:\/\/lettredesmediations.fr\/31149-2\/ <br><\/p>                    <\/div>\n                <\/li>\n                \n            <\/ul>\n        <\/div>\n    <\/div>\n<\/div>            \n<div class=\"accordion__item\">\n    <h4 class=\"accordion__header\">\n        <button\n                type=\"button\"\n                class=\"accordion__button collapsed\"\n                aria-expanded=\"false\"\n                data-bs-toggle=\"collapse\"\n                data-bs-target=\"#accordion-panel-69f27c9524663\"\n        >\n            <span class=\"accordion__title\">\n                Psychologie sociale                <span class=\"accordion__data\">\n                    <span class=\"accordion__data__item\">\n                        <span class=\"accordion__data__name\">ECTS credits:<\/span>\n                        <span class=\"accordion__data__value\">\n                            2                        <\/span>\n                    <\/span>\n                    <span class=\"accordion__data__item\">\n                        <span class=\"accordion__data__name\">Course code:<\/span>\n                        <span class=\"accordion__data__value\">\n                            MPM-51                        <\/span>\n                    <\/span>\n                <\/span>\n            <\/span>\n            <svg aria-hidden=\"true\" focusable=\"false\" class=\"icon icon-outline icon--arrow-down icon--lg\"><use xlink:href=\"https:\/\/www.uni.lu\/wp-content\/themes\/unilux-theme\/assets\/images\/icons\/icons-outline.svg#icon--arrow-down\"><\/use><\/svg>        <\/button>\n    <\/h4>\n\n    <div id=\"accordion-panel-69f27c9524663\" class=\"accordion__collapse collapse\" data-bs-parent=\"#accordion-module-69f27c9524631\">\n        <div class=\"accordion__body p-0\">\n            <ul class=\"list-highlighted\">\n                <li class=\"list-highlighted__item items-start\">\n                    <header class=\"list-highlighted__header\">\n                        <h5 class=\"text-18\"><strong>Details<\/strong><\/h5>\n                    <\/header>\n                    <div class=\"list-highlighted__body\">\n                        <ul>\n                            <li><span class=\"text-dark font-heading font-bold\">Course title:<\/span> Psychologie sociale<\/li>\n                            <li><span class=\"text-dark font-heading font-bold\">Number of ECTS:<\/span> 2<\/li>\n                            <li><span class=\"text-dark font-heading font-bold\">Course code:<\/span> MPM-51<\/li>\n                            <li><span class=\"text-dark font-heading font-bold\">Module(s):<\/span> Apports disciplinaires compl\u00e9mentaires &#8211; Psychologie sociale<\/li>\n                            <li><span class=\"text-dark font-heading font-bold\">Language:<\/span> FR<\/li>\n                            <li><span class=\"text-dark font-heading font-bold\">Mandatory:<\/span> Yes<\/li>\n                        <\/ul>\n                    <\/div>\n                <\/li>\n\n                <!--<li class=\"list-highlighted__item items-start\">-->\n                <!--    <header class=\"list-highlighted__header\">-->\n                <!--        <h5 class=\"text-18\"><strong>--><!--<\/strong><\/h5>-->\n                <!--    <\/header>-->\n                <!--    <div class=\"list-highlighted__body\">-->\n                <!--        <div class=\"speaker-group\">-->\n                <!--            -->                <!--        <\/div>-->\n                <!--    <\/div>-->\n                <!--<\/li>-->\n\n                \n                                <li class=\"list-highlighted__item items-start\">\n                    <header class=\"list-highlighted__header\">\n                        <h5 class=\"text-18\"><strong>Course learning outcomes<\/strong><\/h5>\n                    <\/header>\n                    <div class=\"list-highlighted__body\">\n                        <ul><br><li>D\u00e9finir et utiliser les concepts cl\u00e9s de la psychologie, en particulier sociale et cognitive, sur lesquels repose la m\u00e9diation<\/li><br><li>Identifier certains m\u00e9canismes des relations humaines et leur implication dans la r\u00e9solution des conflits <\/li><br><li>D\u00e9crire les relations entre m\u00e9diation et psychologie<\/li><br><\/ul>                    <\/div>\n                <\/li>\n                \n                                <li class=\"list-highlighted__item items-start\">\n                    <header class=\"list-highlighted__header\">\n                        <h5 class=\"text-18\"><strong>Description<\/strong><\/h5>\n                    <\/header>\n                    <div class=\"list-highlighted__body\">\n                        <p>Le cours propose d\u2019\u00e9tudier la m\u00e9diation par son versant psychologique. Ainsi, apr\u00e8s une pr\u00e9sentation des m\u00e9thodes fondamentales de la psychologie, un ensemble de concepts psychologiques en lien avec la m\u00e9diation et la r\u00e9solution des conflits seront \u00e9tudi\u00e9s au travers de mod\u00e8les th\u00e9oriques, d\u2019\u00e9tudes empiriques et de leurs implications dans les processus d\u2019intervention sociale. Des construits tels que les attitudes, la normalisation, l\u2019influence sociale, l\u2019\u00e9quilibre cognitif, les repr\u00e9sentations sociales, seront abord\u00e9s.<\/p><p><br><\/p><p>\u00a0<\/p>                    <\/div>\n                <\/li>\n                \n                \n                \n                                <li class=\"list-highlighted__item items-start\">\n                    <header class=\"list-highlighted__header\">\n                        <h5 class=\"text-18\"><strong>Note<\/strong><\/h5>\n                    <\/header>\n                    <div class=\"list-highlighted__body\">\n                        <p>Benedetto, P. (2015). Psychologie cognitive : Concepts fondamentaux. <\/p><br><p>Fischer, G. N. (2015). Les concepts fondamentaux de la psychologie sociale. Paris : Dunod. <\/p><br><p>Reuchlin, M. (2000). Psychologie. Paris : Broch\u00e9.<\/p>                    <\/div>\n                <\/li>\n                \n            <\/ul>\n        <\/div>\n    <\/div>\n<\/div>            \n<div class=\"accordion__item\">\n    <h4 class=\"accordion__header\">\n        <button\n                type=\"button\"\n                class=\"accordion__button collapsed\"\n                aria-expanded=\"false\"\n                data-bs-toggle=\"collapse\"\n                data-bs-target=\"#accordion-panel-69f27c952466f\"\n        >\n            <span class=\"accordion__title\">\n                Droit                <span class=\"accordion__data\">\n                    <span class=\"accordion__data__item\">\n                        <span class=\"accordion__data__name\">ECTS credits:<\/span>\n                        <span class=\"accordion__data__value\">\n                            2                        <\/span>\n                    <\/span>\n                    <span class=\"accordion__data__item\">\n                        <span class=\"accordion__data__name\">Course code:<\/span>\n                        <span class=\"accordion__data__value\">\n                            MPM-52                        <\/span>\n                    <\/span>\n                <\/span>\n            <\/span>\n            <svg aria-hidden=\"true\" focusable=\"false\" class=\"icon icon-outline icon--arrow-down icon--lg\"><use xlink:href=\"https:\/\/www.uni.lu\/wp-content\/themes\/unilux-theme\/assets\/images\/icons\/icons-outline.svg#icon--arrow-down\"><\/use><\/svg>        <\/button>\n    <\/h4>\n\n    <div id=\"accordion-panel-69f27c952466f\" class=\"accordion__collapse collapse\" data-bs-parent=\"#accordion-module-69f27c9524631\">\n        <div class=\"accordion__body p-0\">\n            <ul class=\"list-highlighted\">\n                <li class=\"list-highlighted__item items-start\">\n                    <header class=\"list-highlighted__header\">\n                        <h5 class=\"text-18\"><strong>Details<\/strong><\/h5>\n                    <\/header>\n                    <div class=\"list-highlighted__body\">\n                        <ul>\n                            <li><span class=\"text-dark font-heading font-bold\">Course title:<\/span> Droit<\/li>\n                            <li><span class=\"text-dark font-heading font-bold\">Number of ECTS:<\/span> 2<\/li>\n                            <li><span class=\"text-dark font-heading font-bold\">Course code:<\/span> MPM-52<\/li>\n                            <li><span class=\"text-dark font-heading font-bold\">Module(s):<\/span> Apports disciplinaires compl\u00e9mentaires &#8211; Droit<\/li>\n                            <li><span class=\"text-dark font-heading font-bold\">Language:<\/span> FR<\/li>\n                            <li><span class=\"text-dark font-heading font-bold\">Mandatory:<\/span> Yes<\/li>\n                        <\/ul>\n                    <\/div>\n                <\/li>\n\n                <!--<li class=\"list-highlighted__item items-start\">-->\n                <!--    <header class=\"list-highlighted__header\">-->\n                <!--        <h5 class=\"text-18\"><strong>--><!--<\/strong><\/h5>-->\n                <!--    <\/header>-->\n                <!--    <div class=\"list-highlighted__body\">-->\n                <!--        <div class=\"speaker-group\">-->\n                <!--            -->                <!--        <\/div>-->\n                <!--    <\/div>-->\n                <!--<\/li>-->\n\n                \n                                <li class=\"list-highlighted__item items-start\">\n                    <header class=\"list-highlighted__header\">\n                        <h5 class=\"text-18\"><strong>Course learning outcomes<\/strong><\/h5>\n                    <\/header>\n                    <div class=\"list-highlighted__body\">\n                        <br>Le cours permet de mieux comprendre le droit luxembourgeois et permet de se familiariser avec les notions fondamentales de l\u2019ordre juridique et d\u2019acqu\u00e9rir un premier aper\u00e7u des m\u00e9thodes de travail juridique.                    <\/div>\n                <\/li>\n                \n                                <li class=\"list-highlighted__item items-start\">\n                    <header class=\"list-highlighted__header\">\n                        <h5 class=\"text-18\"><strong>Description<\/strong><\/h5>\n                    <\/header>\n                    <div class=\"list-highlighted__body\">\n                        Le cours apporte des connaissances de base en droit et porte sur la d\u00e9finition de la notion de droit, les sources du droit luxembourgeois et les diverses branches du droit public et du droit priv\u00e9.                    <\/div>\n                <\/li>\n                \n                \n                \n                                <li class=\"list-highlighted__item items-start\">\n                    <header class=\"list-highlighted__header\">\n                        <h5 class=\"text-18\"><strong>Note<\/strong><\/h5>\n                    <\/header>\n                    <div class=\"list-highlighted__body\">\n                        Bibliographie:\u00a0Introduction \u00e0 la science du droit par Pierre PESCATORE, Constitution, Code civil, Code p\u00e9nal                    <\/div>\n                <\/li>\n                \n            <\/ul>\n        <\/div>\n    <\/div>\n<\/div>            \n<div class=\"accordion__item\">\n    <h4 class=\"accordion__header\">\n        <button\n                type=\"button\"\n                class=\"accordion__button collapsed\"\n                aria-expanded=\"false\"\n                data-bs-toggle=\"collapse\"\n                data-bs-target=\"#accordion-panel-69f27c952467b\"\n        >\n            <span class=\"accordion__title\">\n                Sociologie                <span class=\"accordion__data\">\n                    <span class=\"accordion__data__item\">\n                        <span class=\"accordion__data__name\">ECTS credits:<\/span>\n                        <span class=\"accordion__data__value\">\n                            2                        <\/span>\n                    <\/span>\n                    <span class=\"accordion__data__item\">\n                        <span class=\"accordion__data__name\">Course code:<\/span>\n                        <span class=\"accordion__data__value\">\n                            MPM-53                        <\/span>\n                    <\/span>\n                <\/span>\n            <\/span>\n            <svg aria-hidden=\"true\" focusable=\"false\" class=\"icon icon-outline icon--arrow-down icon--lg\"><use xlink:href=\"https:\/\/www.uni.lu\/wp-content\/themes\/unilux-theme\/assets\/images\/icons\/icons-outline.svg#icon--arrow-down\"><\/use><\/svg>        <\/button>\n    <\/h4>\n\n    <div id=\"accordion-panel-69f27c952467b\" class=\"accordion__collapse collapse\" data-bs-parent=\"#accordion-module-69f27c9524631\">\n        <div class=\"accordion__body p-0\">\n            <ul class=\"list-highlighted\">\n                <li class=\"list-highlighted__item items-start\">\n                    <header class=\"list-highlighted__header\">\n                        <h5 class=\"text-18\"><strong>Details<\/strong><\/h5>\n                    <\/header>\n                    <div class=\"list-highlighted__body\">\n                        <ul>\n                            <li><span class=\"text-dark font-heading font-bold\">Course title:<\/span> Sociologie<\/li>\n                            <li><span class=\"text-dark font-heading font-bold\">Number of ECTS:<\/span> 2<\/li>\n                            <li><span class=\"text-dark font-heading font-bold\">Course code:<\/span> MPM-53<\/li>\n                            <li><span class=\"text-dark font-heading font-bold\">Module(s):<\/span> Apports disciplinaires compl\u00e9mentaires &#8211; Sociologie<\/li>\n                            <li><span class=\"text-dark font-heading font-bold\">Language:<\/span> FR<\/li>\n                            <li><span class=\"text-dark font-heading font-bold\">Mandatory:<\/span> Yes<\/li>\n                        <\/ul>\n                    <\/div>\n                <\/li>\n\n                <!--<li class=\"list-highlighted__item items-start\">-->\n                <!--    <header class=\"list-highlighted__header\">-->\n                <!--        <h5 class=\"text-18\"><strong>--><!--<\/strong><\/h5>-->\n                <!--    <\/header>-->\n                <!--    <div class=\"list-highlighted__body\">-->\n                <!--        <div class=\"speaker-group\">-->\n                <!--            -->                <!--        <\/div>-->\n                <!--    <\/div>-->\n                <!--<\/li>-->\n\n                \n                                <li class=\"list-highlighted__item items-start\">\n                    <header class=\"list-highlighted__header\">\n                        <h5 class=\"text-18\"><strong>Course learning outcomes<\/strong><\/h5>\n                    <\/header>\n                    <div class=\"list-highlighted__body\">\n                        D\u00e9finir et utiliser les concepts cl\u00e9s en sociologie &#8211; Construire des arguments dans le cadre de la m\u00e9diation qui sont bas\u00e9s sur des concepts en sociologie &#8211; Savoir discuter les r\u00e9sultats des recherches en sociologie en lien avec la m\u00e9diation &#8211; Utiliser les concepts en sociologie, pour discuter de fa\u00e7on critique les interventions professionnelles en m\u00e9diation. Savoir ex\u00e9cuter un travail de recherche court sur la famille en lien avec les concepts et r\u00e9sultats de la sociologie de la famille.                    <\/div>\n                <\/li>\n                \n                \n                \n                \n                \n            <\/ul>\n        <\/div>\n    <\/div>\n<\/div>            \n<div class=\"accordion__item\">\n    <h4 class=\"accordion__header\">\n        <button\n                type=\"button\"\n                class=\"accordion__button collapsed\"\n                aria-expanded=\"false\"\n                data-bs-toggle=\"collapse\"\n                data-bs-target=\"#accordion-panel-69f27c9524686\"\n        >\n            <span class=\"accordion__title\">\n                Economie                <span class=\"accordion__data\">\n                    <span class=\"accordion__data__item\">\n                        <span class=\"accordion__data__name\">ECTS credits:<\/span>\n                        <span class=\"accordion__data__value\">\n                            1                        <\/span>\n                    <\/span>\n                    <span class=\"accordion__data__item\">\n                        <span class=\"accordion__data__name\">Course code:<\/span>\n                        <span class=\"accordion__data__value\">\n                            MPM-54                        <\/span>\n                    <\/span>\n                <\/span>\n            <\/span>\n            <svg aria-hidden=\"true\" focusable=\"false\" class=\"icon icon-outline icon--arrow-down icon--lg\"><use xlink:href=\"https:\/\/www.uni.lu\/wp-content\/themes\/unilux-theme\/assets\/images\/icons\/icons-outline.svg#icon--arrow-down\"><\/use><\/svg>        <\/button>\n    <\/h4>\n\n    <div id=\"accordion-panel-69f27c9524686\" class=\"accordion__collapse collapse\" data-bs-parent=\"#accordion-module-69f27c9524631\">\n        <div class=\"accordion__body p-0\">\n            <ul class=\"list-highlighted\">\n                <li class=\"list-highlighted__item items-start\">\n                    <header class=\"list-highlighted__header\">\n                        <h5 class=\"text-18\"><strong>Details<\/strong><\/h5>\n                    <\/header>\n                    <div class=\"list-highlighted__body\">\n                        <ul>\n                            <li><span class=\"text-dark font-heading font-bold\">Course title:<\/span> Economie<\/li>\n                            <li><span class=\"text-dark font-heading font-bold\">Number of ECTS:<\/span> 1<\/li>\n                            <li><span class=\"text-dark font-heading font-bold\">Course code:<\/span> MPM-54<\/li>\n                            <li><span class=\"text-dark font-heading font-bold\">Module(s):<\/span> Apports disciplinaires compl\u00e9mentaires &#8211; Economie<\/li>\n                            <li><span class=\"text-dark font-heading font-bold\">Language:<\/span> FR<\/li>\n                            <li><span class=\"text-dark font-heading font-bold\">Mandatory:<\/span> Yes<\/li>\n                        <\/ul>\n                    <\/div>\n                <\/li>\n\n                <!--<li class=\"list-highlighted__item items-start\">-->\n                <!--    <header class=\"list-highlighted__header\">-->\n                <!--        <h5 class=\"text-18\"><strong>--><!--<\/strong><\/h5>-->\n                <!--    <\/header>-->\n                <!--    <div class=\"list-highlighted__body\">-->\n                <!--        <div class=\"speaker-group\">-->\n                <!--            -->                <!--        <\/div>-->\n                <!--    <\/div>-->\n                <!--<\/li>-->\n\n                                <li class=\"list-highlighted__item items-start\">\n                    <header class=\"list-highlighted__header\">\n                        <h5 class=\"text-18\"><strong>Objectives<\/strong><\/h5>\n                    <\/header>\n                    <div class=\"list-highlighted__body\">\n                        <p>\n                            Les \u00e9tudiants auront \u00e0 r\u00e9diger une courte note sur un sujet donn\u00e9 \u00e0 l\u2019issue de la s\u00e9ance.                        <\/p>\n                    <\/div>\n                <\/li>\n                \n                \n                                <li class=\"list-highlighted__item items-start\">\n                    <header class=\"list-highlighted__header\">\n                        <h5 class=\"text-18\"><strong>Description<\/strong><\/h5>\n                    <\/header>\n                    <div class=\"list-highlighted__body\">\n                        Le cours propose une introduction \u00e0 l\u2019analyse \u00e9conomique de la m\u00e9diation comme mode alternatif de r\u00e9solution des litiges. Apr\u00e8s avoir pos\u00e9 les bases de l\u2019analyse \u00e9conomique des strat\u00e9gies contentieuses, le cours pr\u00e9sente les diff\u00e9rentes approches en termes de \u201ecroyances\u201c, de \u201eth\u00e9orie des jeux\u201c et de \u201ebiais cognitifs\u201c de mani\u00e8re \u00e0 bien comprendre l\u2019int\u00e9r\u00eat du dialogue interdisciplinaire dans le domaine de la m\u00e9diation.                    <\/div>\n                <\/li>\n                \n                \n                \n                \n            <\/ul>\n        <\/div>\n    <\/div>\n<\/div>            \n<div class=\"accordion__item\">\n    <h4 class=\"accordion__header\">\n        <button\n                type=\"button\"\n                class=\"accordion__button collapsed\"\n                aria-expanded=\"false\"\n                data-bs-toggle=\"collapse\"\n                data-bs-target=\"#accordion-panel-69f27c9524691\"\n        >\n            <span class=\"accordion__title\">\n                Philosophie                <span class=\"accordion__data\">\n                    <span class=\"accordion__data__item\">\n                        <span class=\"accordion__data__name\">ECTS credits:<\/span>\n                        <span class=\"accordion__data__value\">\n                            2                        <\/span>\n                    <\/span>\n                    <span class=\"accordion__data__item\">\n                        <span class=\"accordion__data__name\">Course code:<\/span>\n                        <span class=\"accordion__data__value\">\n                            MPM-55                        <\/span>\n                    <\/span>\n                <\/span>\n            <\/span>\n            <svg aria-hidden=\"true\" focusable=\"false\" class=\"icon icon-outline icon--arrow-down icon--lg\"><use xlink:href=\"https:\/\/www.uni.lu\/wp-content\/themes\/unilux-theme\/assets\/images\/icons\/icons-outline.svg#icon--arrow-down\"><\/use><\/svg>        <\/button>\n    <\/h4>\n\n    <div id=\"accordion-panel-69f27c9524691\" class=\"accordion__collapse collapse\" data-bs-parent=\"#accordion-module-69f27c9524631\">\n        <div class=\"accordion__body p-0\">\n            <ul class=\"list-highlighted\">\n                <li class=\"list-highlighted__item items-start\">\n                    <header class=\"list-highlighted__header\">\n                        <h5 class=\"text-18\"><strong>Details<\/strong><\/h5>\n                    <\/header>\n                    <div class=\"list-highlighted__body\">\n                        <ul>\n                            <li><span class=\"text-dark font-heading font-bold\">Course title:<\/span> Philosophie<\/li>\n                            <li><span class=\"text-dark font-heading font-bold\">Number of ECTS:<\/span> 2<\/li>\n                            <li><span class=\"text-dark font-heading font-bold\">Course code:<\/span> MPM-55<\/li>\n                            <li><span class=\"text-dark font-heading font-bold\">Module(s):<\/span> Apports disciplinaires compl\u00e9mentaires &#8211; Philosophie<\/li>\n                            <li><span class=\"text-dark font-heading font-bold\">Language:<\/span> FR<\/li>\n                            <li><span class=\"text-dark font-heading font-bold\">Mandatory:<\/span> Yes<\/li>\n                        <\/ul>\n                    <\/div>\n                <\/li>\n\n                <!--<li class=\"list-highlighted__item items-start\">-->\n                <!--    <header class=\"list-highlighted__header\">-->\n                <!--        <h5 class=\"text-18\"><strong>--><!--<\/strong><\/h5>-->\n                <!--    <\/header>-->\n                <!--    <div class=\"list-highlighted__body\">-->\n                <!--        <div class=\"speaker-group\">-->\n                <!--            -->                <!--        <\/div>-->\n                <!--    <\/div>-->\n                <!--<\/li>-->\n\n                \n                                <li class=\"list-highlighted__item items-start\">\n                    <header class=\"list-highlighted__header\">\n                        <h5 class=\"text-18\"><strong>Course learning outcomes<\/strong><\/h5>\n                    <\/header>\n                    <div class=\"list-highlighted__body\">\n                        Les \u00e9tudiants seront conscients de l\u2019\u00e9pist\u00e9mologie sous-jacente de l\u2019approche de m\u00e9diation qu\u2019ils \u00e9pousent. Ils disposeront des concepts n\u00e9cessaires pour se situer sur une \u00e9chelle \u00e9pist\u00e9mologique, dont l\u2019un des extr\u00eames reviendra \u00e0 une approche relativiste qui bannisse toute revendication de v\u00e9rit\u00e9 du cabinet de m\u00e9diation en faveur d\u2019une logique d\u2019int\u00e9r\u00eats. L\u2019autre extr\u00eame verrait la m\u00e9diation comme un proc\u00e8s discursif visant la v\u00e9rit\u00e9 \u00e0 travers un \u00e9change d\u2019arguments. Cela leur permettra de prendre une d\u00e9cision par rapport \u00e0 la question quel espace ils voudraient accorder au concept de la v\u00e9rit\u00e9 dans leur pratique de m\u00e9diation.                    <\/div>\n                <\/li>\n                \n                                <li class=\"list-highlighted__item items-start\">\n                    <header class=\"list-highlighted__header\">\n                        <h5 class=\"text-18\"><strong>Description<\/strong><\/h5>\n                    <\/header>\n                    <div class=\"list-highlighted__body\">\n                        Le cours cherche \u00e0 \u00e9lucider le r\u00f4le que peut jouer la v\u00e9rit\u00e9 (et sa revendication) dans les conflits, et, par cons\u00e9quent, en m\u00e9diation. D&#8217;apr\u00e8s une conception tr\u00e8s r\u00e9pandue, il ne serait point question de v\u00e9rit\u00e9 en m\u00e9diation, ce qui serait m\u00eame sa caract\u00e9ristique distinctive par rapport au litige judiciaire. Selon cette position une m\u00e9diation devrait toujours partir du principe que \u00ab chacun a toujours sa propre v\u00e9rit\u00e9 \u00bb, ce pourquoi en m\u00e9diation on devrait chercher non pas la v\u00e9rit\u00e9 mais les int\u00e9r\u00eats. Le cours mettra en question cette position \u00e0 travers trois \u00e9tapes.<br>1. On va d&#8217;abord examiner la conflictologie abstraite de Crispin Wright et sa distinction entre conflits de fait et conflits d&#8217;inclinaison pour comprendre ce \u00e0 quoi revient une v\u00e9ritable opposition logique visant la v\u00e9rit\u00e9 au contraire d\u2019une opposition pragmatique visant les int\u00e9r\u00eats des partis. Il en ressort la question cl\u00e9: est-ce que tout conflit peut \u00eatre r\u00e9duit \u00e0 une opposition d\u2019int\u00e9r\u00eats?<br>2. Une r\u00e9ponse positive \u00e0 cette question peut s\u2019appuyer sur l\u2019\u00e9pist\u00e9mologie du constructivisme radical. Des auteurs comme Maturana et Varela soutiennent l\u2019id\u00e9e relativiste que la pens\u00e9e de chacun est surtout le r\u00e9sultat des strat\u00e9gies de survie \u2013 une revendication de v\u00e9rit\u00e9 serait alors effectivement une revendication d\u2019int\u00e9r\u00eat cach\u00e9e.<br>3. Certains m\u00e9diateurs praticiens s\u2019inscrivent explicitement dans la tradition du constructivisme radical et cherchent alors \u00e0 r\u00e9duire toute opposition logique (de v\u00e9rit\u00e9) \u00e0 une opposition pragmatique (d\u2019int\u00e9r\u00eats). Ceci soul\u00e8ve la question s\u2019il est effectivement possible de respecter l\u2019autonomie d\u2019expression des m\u00e9di\u00e9s si l\u2019on interpr\u00e8te \u00e0 force l\u2019int\u00e9gralit\u00e9 de leurs \u00e9nonc\u00e9s comme visant des int\u00e9r\u00eats plut\u00f4t que la v\u00e9rit\u00e9 objective. Elle renvoie \u00e0 la question cl\u00e9 du cours, notamment celle concernant l\u2019espace qu\u2019un m\u00e9diateur devrait accorder aux revendications de v\u00e9rit\u00e9 dans le processus qu\u2019il facilite.<br>                    <\/div>\n                <\/li>\n                \n                \n                \n                \n            <\/ul>\n        <\/div>\n    <\/div>\n<\/div>    <\/div><\/div><\/section>\n<section\n    id=\"tabpanel-b4dc17a1-98b5-423d-8652-a88129988b08\"\n    aria-labelledby=\"tab-b4dc17a1-98b5-423d-8652-a88129988b08\"\n    class=\"tab-panel fade hidden is-hidden\"\n>\n    <div class=\"wp-block-unilux-blocks-course-offer\">\n    <h3>Course offer for Semestre 3 (2025-2026 Winter)<\/h3>\n    \n<div id=\"accordion-module-69f27c9528a91\" class=\"accordion accordion--theme\">\n            \n<div class=\"accordion__item\">\n    <h4 class=\"accordion__header\">\n        <button\n                type=\"button\"\n                class=\"accordion__button collapsed\"\n                aria-expanded=\"false\"\n                data-bs-toggle=\"collapse\"\n                data-bs-target=\"#accordion-panel-69f27c9528aaf\"\n        >\n            <span class=\"accordion__title\">\n                M\u00e9diations sp\u00e9cialis\u00e9es 1 : M\u00e9diation environnementale &#8211; M\u00e9diation de la sant\u00e9  &#8211; M\u00e9diation administrative                 <span class=\"accordion__data\">\n                    <span class=\"accordion__data__item\">\n                        <span class=\"accordion__data__name\">ECTS credits:<\/span>\n                        <span class=\"accordion__data__value\">\n                            4                        <\/span>\n                    <\/span>\n                    <span class=\"accordion__data__item\">\n                        <span class=\"accordion__data__name\">Course code:<\/span>\n                        <span class=\"accordion__data__value\">\n                            MPM-56                        <\/span>\n                    <\/span>\n                <\/span>\n            <\/span>\n            <svg aria-hidden=\"true\" focusable=\"false\" class=\"icon icon-outline icon--arrow-down icon--lg\"><use xlink:href=\"https:\/\/www.uni.lu\/wp-content\/themes\/unilux-theme\/assets\/images\/icons\/icons-outline.svg#icon--arrow-down\"><\/use><\/svg>        <\/button>\n    <\/h4>\n\n    <div id=\"accordion-panel-69f27c9528aaf\" class=\"accordion__collapse collapse\" data-bs-parent=\"#accordion-module-69f27c9528a91\">\n        <div class=\"accordion__body p-0\">\n            <ul class=\"list-highlighted\">\n                <li class=\"list-highlighted__item items-start\">\n                    <header class=\"list-highlighted__header\">\n                        <h5 class=\"text-18\"><strong>Details<\/strong><\/h5>\n                    <\/header>\n                    <div class=\"list-highlighted__body\">\n                        <ul>\n                            <li><span class=\"text-dark font-heading font-bold\">Course title:<\/span> M\u00e9diations sp\u00e9cialis\u00e9es 1 : M\u00e9diation environnementale &#8211; M\u00e9diation de la sant\u00e9  &#8211; M\u00e9diation administrative <\/li>\n                            <li><span class=\"text-dark font-heading font-bold\">Number of ECTS:<\/span> 4<\/li>\n                            <li><span class=\"text-dark font-heading font-bold\">Course code:<\/span> MPM-56<\/li>\n                            <li><span class=\"text-dark font-heading font-bold\">Module(s):<\/span> ME 2-A M\u00e9diations sp\u00e9cialis\u00e9es 1<\/li>\n                            <li><span class=\"text-dark font-heading font-bold\">Language:<\/span> FR<\/li>\n                            <li><span class=\"text-dark font-heading font-bold\">Mandatory:<\/span> Yes<\/li>\n                        <\/ul>\n                    <\/div>\n                <\/li>\n\n                <!--<li class=\"list-highlighted__item items-start\">-->\n                <!--    <header class=\"list-highlighted__header\">-->\n                <!--        <h5 class=\"text-18\"><strong>--><!--<\/strong><\/h5>-->\n                <!--    <\/header>-->\n                <!--    <div class=\"list-highlighted__body\">-->\n                <!--        <div class=\"speaker-group\">-->\n                <!--            -->                <!--        <\/div>-->\n                <!--    <\/div>-->\n                <!--<\/li>-->\n\n                \n                \n                \n                \n                \n                \n            <\/ul>\n        <\/div>\n    <\/div>\n<\/div>            \n<div class=\"accordion__item\">\n    <h4 class=\"accordion__header\">\n        <button\n                type=\"button\"\n                class=\"accordion__button collapsed\"\n                aria-expanded=\"false\"\n                data-bs-toggle=\"collapse\"\n                data-bs-target=\"#accordion-panel-69f27c9528ac2\"\n        >\n            <span class=\"accordion__title\">\n                M\u00e9diations sp\u00e9cialis\u00e9es 2 : M\u00e9diation communautaire &#8211; M\u00e9diation commerciale et de la consommation &#8211; M\u00e9diation familiale                <span class=\"accordion__data\">\n                    <span class=\"accordion__data__item\">\n                        <span class=\"accordion__data__name\">ECTS credits:<\/span>\n                        <span class=\"accordion__data__value\">\n                            4                        <\/span>\n                    <\/span>\n                    <span class=\"accordion__data__item\">\n                        <span class=\"accordion__data__name\">Course code:<\/span>\n                        <span class=\"accordion__data__value\">\n                            MPM-26                        <\/span>\n                    <\/span>\n                <\/span>\n            <\/span>\n            <svg aria-hidden=\"true\" focusable=\"false\" class=\"icon icon-outline icon--arrow-down icon--lg\"><use xlink:href=\"https:\/\/www.uni.lu\/wp-content\/themes\/unilux-theme\/assets\/images\/icons\/icons-outline.svg#icon--arrow-down\"><\/use><\/svg>        <\/button>\n    <\/h4>\n\n    <div id=\"accordion-panel-69f27c9528ac2\" class=\"accordion__collapse collapse\" data-bs-parent=\"#accordion-module-69f27c9528a91\">\n        <div class=\"accordion__body p-0\">\n            <ul class=\"list-highlighted\">\n                <li class=\"list-highlighted__item items-start\">\n                    <header class=\"list-highlighted__header\">\n                        <h5 class=\"text-18\"><strong>Details<\/strong><\/h5>\n                    <\/header>\n                    <div class=\"list-highlighted__body\">\n                        <ul>\n                            <li><span class=\"text-dark font-heading font-bold\">Course title:<\/span> M\u00e9diations sp\u00e9cialis\u00e9es 2 : M\u00e9diation communautaire &#8211; M\u00e9diation commerciale et de la consommation &#8211; M\u00e9diation familiale<\/li>\n                            <li><span class=\"text-dark font-heading font-bold\">Number of ECTS:<\/span> 4<\/li>\n                            <li><span class=\"text-dark font-heading font-bold\">Course code:<\/span> MPM-26<\/li>\n                            <li><span class=\"text-dark font-heading font-bold\">Module(s):<\/span> ME 2-B M\u00e9diations sp\u00e9cialis\u00e9es 2<\/li>\n                            <li><span class=\"text-dark font-heading font-bold\">Language:<\/span> FR<\/li>\n                            <li><span class=\"text-dark font-heading font-bold\">Mandatory:<\/span> Yes<\/li>\n                        <\/ul>\n                    <\/div>\n                <\/li>\n\n                <!--<li class=\"list-highlighted__item items-start\">-->\n                <!--    <header class=\"list-highlighted__header\">-->\n                <!--        <h5 class=\"text-18\"><strong>--><!--<\/strong><\/h5>-->\n                <!--    <\/header>-->\n                <!--    <div class=\"list-highlighted__body\">-->\n                <!--        <div class=\"speaker-group\">-->\n                <!--            -->                <!--        <\/div>-->\n                <!--    <\/div>-->\n                <!--<\/li>-->\n\n                \n                                <li class=\"list-highlighted__item items-start\">\n                    <header class=\"list-highlighted__header\">\n                        <h5 class=\"text-18\"><strong>Course learning outcomes<\/strong><\/h5>\n                    <\/header>\n                    <div class=\"list-highlighted__body\">\n                        <br><br>Connaissances des diff\u00e9rentes fa\u00e7ons d&#8217;organiser la m\u00e9diation et de la pratiquer.<br>\u00a0                    <\/div>\n                <\/li>\n                \n                                <li class=\"list-highlighted__item items-start\">\n                    <header class=\"list-highlighted__header\">\n                        <h5 class=\"text-18\"><strong>Description<\/strong><\/h5>\n                    <\/header>\n                    <div class=\"list-highlighted__body\">\n                        <p>Le cours sur la m\u00e9diation en mati\u00e8re de consommation: la l\u00e9gislation europ\u00e9enne et la mise en pratique au Luxembourg\u00a0 et en France; des exemplaires de m\u00e9diation en mati\u00e8re de consommation, notamment des exemples fran\u00e7ais. <br>Bibliographie<br>Textes europ\u00e9ens qui seront distribues lors du cours. <\/p>                    <\/div>\n                <\/li>\n                \n                \n                                <li class=\"list-highlighted__item items-start\">\n                    <header class=\"list-highlighted__header\">\n                        <h5 class=\"text-18\"><strong>Assessment<\/strong><\/h5>\n                    <\/header>\n                    <div class=\"list-highlighted__body\">\n                        examen \u00e9crit                    <\/div>\n                <\/li>\n                \n                \n            <\/ul>\n        <\/div>\n    <\/div>\n<\/div>            \n<div class=\"accordion__item\">\n    <h4 class=\"accordion__header\">\n        <button\n                type=\"button\"\n                class=\"accordion__button collapsed\"\n                aria-expanded=\"false\"\n                data-bs-toggle=\"collapse\"\n                data-bs-target=\"#accordion-panel-69f27c9528ace\"\n        >\n            <span class=\"accordion__title\">\n                R\u00e9daction d&#039;un rapport de stage                <span class=\"accordion__data\">\n                    <span class=\"accordion__data__item\">\n                        <span class=\"accordion__data__name\">ECTS credits:<\/span>\n                        <span class=\"accordion__data__value\">\n                            0                        <\/span>\n                    <\/span>\n                    <span class=\"accordion__data__item\">\n                        <span class=\"accordion__data__name\">Course code:<\/span>\n                        <span class=\"accordion__data__value\">\n                            MPM-14                        <\/span>\n                    <\/span>\n                <\/span>\n            <\/span>\n            <svg aria-hidden=\"true\" focusable=\"false\" class=\"icon icon-outline icon--arrow-down icon--lg\"><use xlink:href=\"https:\/\/www.uni.lu\/wp-content\/themes\/unilux-theme\/assets\/images\/icons\/icons-outline.svg#icon--arrow-down\"><\/use><\/svg>        <\/button>\n    <\/h4>\n\n    <div id=\"accordion-panel-69f27c9528ace\" class=\"accordion__collapse collapse\" data-bs-parent=\"#accordion-module-69f27c9528a91\">\n        <div class=\"accordion__body p-0\">\n            <ul class=\"list-highlighted\">\n                <li class=\"list-highlighted__item items-start\">\n                    <header class=\"list-highlighted__header\">\n                        <h5 class=\"text-18\"><strong>Details<\/strong><\/h5>\n                    <\/header>\n                    <div class=\"list-highlighted__body\">\n                        <ul>\n                            <li><span class=\"text-dark font-heading font-bold\">Course title:<\/span> R\u00e9daction d&#039;un rapport de stage<\/li>\n                            <li><span class=\"text-dark font-heading font-bold\">Number of ECTS:<\/span> 0<\/li>\n                            <li><span class=\"text-dark font-heading font-bold\">Course code:<\/span> MPM-14<\/li>\n                            <li><span class=\"text-dark font-heading font-bold\">Module(s):<\/span> R\u00e9daction d&#039;un rapport de stage<\/li>\n                            <li><span class=\"text-dark font-heading font-bold\">Language:<\/span> FR<\/li>\n                            <li><span class=\"text-dark font-heading font-bold\">Mandatory:<\/span> Yes<\/li>\n                        <\/ul>\n                    <\/div>\n                <\/li>\n\n                <!--<li class=\"list-highlighted__item items-start\">-->\n                <!--    <header class=\"list-highlighted__header\">-->\n                <!--        <h5 class=\"text-18\"><strong>--><!--<\/strong><\/h5>-->\n                <!--    <\/header>-->\n                <!--    <div class=\"list-highlighted__body\">-->\n                <!--        <div class=\"speaker-group\">-->\n                <!--            -->                <!--        <\/div>-->\n                <!--    <\/div>-->\n                <!--<\/li>-->\n\n                \n                \n                \n                \n                \n                \n            <\/ul>\n        <\/div>\n    <\/div>\n<\/div>    <\/div><\/div><\/section>\n<section\n    id=\"tabpanel-cab6a17f-e561-4b12-afd7-ee5f12a5b302\"\n    aria-labelledby=\"tab-cab6a17f-e561-4b12-afd7-ee5f12a5b302\"\n    class=\"tab-panel fade hidden is-hidden\"\n>\n    <div class=\"wp-block-unilux-blocks-course-offer\">\n    <h3>Course offer for Semestre 4 (2025-2026 Summer)<\/h3>\n    \n<div id=\"accordion-module-69f27c952d3d0\" class=\"accordion accordion--theme\">\n            \n<div class=\"accordion__item\">\n    <h4 class=\"accordion__header\">\n        <button\n                type=\"button\"\n                class=\"accordion__button collapsed\"\n                aria-expanded=\"false\"\n                data-bs-toggle=\"collapse\"\n                data-bs-target=\"#accordion-panel-69f27c952d3ef\"\n        >\n            <span class=\"accordion__title\">\n                Sociologie des relations affectives                <span class=\"accordion__data\">\n                    <span class=\"accordion__data__item\">\n                        <span class=\"accordion__data__name\">ECTS credits:<\/span>\n                        <span class=\"accordion__data__value\">\n                            2                        <\/span>\n                    <\/span>\n                    <span class=\"accordion__data__item\">\n                        <span class=\"accordion__data__name\">Course code:<\/span>\n                        <span class=\"accordion__data__value\">\n                            MPM-32                        <\/span>\n                    <\/span>\n                <\/span>\n            <\/span>\n            <svg aria-hidden=\"true\" focusable=\"false\" class=\"icon icon-outline icon--arrow-down icon--lg\"><use xlink:href=\"https:\/\/www.uni.lu\/wp-content\/themes\/unilux-theme\/assets\/images\/icons\/icons-outline.svg#icon--arrow-down\"><\/use><\/svg>        <\/button>\n    <\/h4>\n\n    <div id=\"accordion-panel-69f27c952d3ef\" class=\"accordion__collapse collapse\" data-bs-parent=\"#accordion-module-69f27c952d3d0\">\n        <div class=\"accordion__body p-0\">\n            <ul class=\"list-highlighted\">\n                <li class=\"list-highlighted__item items-start\">\n                    <header class=\"list-highlighted__header\">\n                        <h5 class=\"text-18\"><strong>Details<\/strong><\/h5>\n                    <\/header>\n                    <div class=\"list-highlighted__body\">\n                        <ul>\n                            <li><span class=\"text-dark font-heading font-bold\">Course title:<\/span> Sociologie des relations affectives<\/li>\n                            <li><span class=\"text-dark font-heading font-bold\">Number of ECTS:<\/span> 2<\/li>\n                            <li><span class=\"text-dark font-heading font-bold\">Course code:<\/span> MPM-32<\/li>\n                            <li><span class=\"text-dark font-heading font-bold\">Module(s):<\/span> Sociologie des relations affectives<\/li>\n                            <li><span class=\"text-dark font-heading font-bold\">Language:<\/span> FR<\/li>\n                            <li><span class=\"text-dark font-heading font-bold\">Mandatory:<\/span> Yes<\/li>\n                        <\/ul>\n                    <\/div>\n                <\/li>\n\n                <!--<li class=\"list-highlighted__item items-start\">-->\n                <!--    <header class=\"list-highlighted__header\">-->\n                <!--        <h5 class=\"text-18\"><strong>--><!--<\/strong><\/h5>-->\n                <!--    <\/header>-->\n                <!--    <div class=\"list-highlighted__body\">-->\n                <!--        <div class=\"speaker-group\">-->\n                <!--            -->                <!--        <\/div>-->\n                <!--    <\/div>-->\n                <!--<\/li>-->\n\n                \n                \n                                <li class=\"list-highlighted__item items-start\">\n                    <header class=\"list-highlighted__header\">\n                        <h5 class=\"text-18\"><strong>Description<\/strong><\/h5>\n                    <\/header>\n                    <div class=\"list-highlighted__body\">\n                        Le cours s\u2019inscrit dans un point de vue psychosociologique d\u2019analyse des relations affectives au sens large et ax\u00e9 sur les mouvances et changements soci\u00e9taux actuels pour permettre une r\u00e9flexion ouverte, tol\u00e9rante et critique. Le lien sera \u00e9galement effectu\u00e9 avec l\u2019approche syst\u00e9mique favorisant une pens\u00e9e circulaire et multidimensionnelle des interactions interpersonnelles ainsi que la diff\u00e9renciation syst\u00e9mique\/m\u00e9diation dans la pratique professionnelle.\u00a0 Le cours sera ponctu\u00e9 par les interventions des \u00e9tudiants (es) tant par leurs r\u00e9flexions constructives que par les exemples concrets de la vie professionnelle apport\u00e9s \u00e0 la fois par eux et madame Antoine. Selon les classes, il sera possible de travailler sur base de jeux de r\u00f4le afin de mettre en lumi\u00e8re les r\u00e9sonnances personnelles agissantes pouvant d\u00e9terminer le processus de m\u00e9diation                    <\/div>\n                <\/li>\n                \n                \n                                <li class=\"list-highlighted__item items-start\">\n                    <header class=\"list-highlighted__header\">\n                        <h5 class=\"text-18\"><strong>Assessment<\/strong><\/h5>\n                    <\/header>\n                    <div class=\"list-highlighted__body\">\n                        Les comp\u00e9tences de l\u2019\u00e9tudiant(e) seront \u00e9valu\u00e9es sur base d\u2019un travail \u00e9crit en lien avec une th\u00e9matique au choix abord\u00e9e dans le cours dans une optique double d\u2019apports th\u00e9oriques et pratiques (exp\u00e9rience professionnelle, point de vue personnel\u2026)                    <\/div>\n                <\/li>\n                \n                                <li class=\"list-highlighted__item items-start\">\n                    <header class=\"list-highlighted__header\">\n                        <h5 class=\"text-18\"><strong>Note<\/strong><\/h5>\n                    <\/header>\n                    <div class=\"list-highlighted__body\">\n                        <ul><br><li>\u00ab\u00a0Le Choc Amoureux\u00a0\u00bb Francesco Alberoni<\/li><br><li>\u00a0\u00ab\u00a0La Mise en sc\u00e8ne de la vie quotidienne\u00a0\u00bb Erving Goffman <\/li><br><li>\u00ab\u00a0Femme d\u00e9sir\u00e9e, femme d\u00e9sirante\u00a0\u00bb Dani\u00e8le Flaumenbaum<\/li><br><li>\u00ab\u00a0A Quoi sert le couple\u00a0\u00bb Willy Pasini<\/li><br><li>\u00ab\u00a0L\u2019Etat Amoureux\u00a0\u00bb Christian David<\/li><br><li>\u00ab\u00a0Nouveaux Couples\u00a0\u00bb Robert Neuburger<\/li><br><li>\u00ab\u00a0La d\u00e9liaison amoureuse. De la Fusion romantique au d\u00e9sir d\u2019ind\u00e9pendance\u00a0\u00bb Serge Chaumier<\/li><br><li>\u00ab\u00a0Les Nouvelles lois de l\u2019Amour\u00a0\u00bb Marie Bergstr\u00f6m<\/li><br><li>\u00ab\u00a0Le Sexe et l\u2019Occident\u00a0\u00bb Jean-Louis Flandrin<\/li><br><li>\u00ab\u00a0Familles en Th\u00e9rapie\u00a0\u00bb Salvador Minuchin<\/li><br><li>\u00ab\u00a0Si tu m\u2019aimes, ne m\u2019aime pas\u00a0\u00bb Mony Elka\u00efm<\/li><br><li>\u00ab\u00a0Comment survivre \u00e0 sa propre famille\u00a0\u00bb Mony Elka\u00efm<\/li><br><li>\u00ab\u00a0Panorama des Th\u00e9rapies Familiales\u00a0\u00bb Mony Elka\u00efm<\/li><br><li>\u00ab\u00a0L\u2019Enfant Oubli\u00e9\u00a0\u00bb Louis Roussel<\/li><br><li>\u00ab\u00a0Le Livre noir des violences sexuelles\u00a0\u00bb Muriel Salmona<\/li><br><li>\u00ab\u00a0Le Soi, le Couple et la Famille\u00a0\u00bb Fran\u00e7ois de Singly<\/li><br><li>\u00ab\u00a0Libres ensemble\u00a0\u00bb Fran\u00e7ois de Singly<\/li><br><li>\u00ab\u00a0De la famille aux familles\u00a0\u00bb Serge Gu\u00e9rin<\/li><br><li>\u00ab\u00a0Les nourritures affectives\u00a0\u00bb Boris Cyrulnik<\/li><br><li>\u00ab\u00a0Les vilains petits canards\u00a0\u00bb Boris Cyrulnik<\/li><br><li>\u00ab\u00a0De la m\u00e8re suffisamment bonne\u00a0\u00bb Donald Winnicott<\/li><br><li>\u00ab\u00a0Le lien, la Psychanalyse et l\u2019Art d\u2019\u00eatre parent\u00a0\u00bb John Bowlby<\/li><br><\/ul>\u00a0                    <\/div>\n                <\/li>\n                \n            <\/ul>\n        <\/div>\n    <\/div>\n<\/div>            \n<div class=\"accordion__item\">\n    <h4 class=\"accordion__header\">\n        <button\n                type=\"button\"\n                class=\"accordion__button collapsed\"\n                aria-expanded=\"false\"\n                data-bs-toggle=\"collapse\"\n                data-bs-target=\"#accordion-panel-69f27c952d403\"\n        >\n            <span class=\"accordion__title\">\n                Droit familial et droit de l&#039;enfant                <span class=\"accordion__data\">\n                    <span class=\"accordion__data__item\">\n                        <span class=\"accordion__data__name\">ECTS credits:<\/span>\n                        <span class=\"accordion__data__value\">\n                            1                        <\/span>\n                    <\/span>\n                    <span class=\"accordion__data__item\">\n                        <span class=\"accordion__data__name\">Course code:<\/span>\n                        <span class=\"accordion__data__value\">\n                            MPM-33                        <\/span>\n                    <\/span>\n                <\/span>\n            <\/span>\n            <svg aria-hidden=\"true\" focusable=\"false\" class=\"icon icon-outline icon--arrow-down icon--lg\"><use xlink:href=\"https:\/\/www.uni.lu\/wp-content\/themes\/unilux-theme\/assets\/images\/icons\/icons-outline.svg#icon--arrow-down\"><\/use><\/svg>        <\/button>\n    <\/h4>\n\n    <div id=\"accordion-panel-69f27c952d403\" class=\"accordion__collapse collapse\" data-bs-parent=\"#accordion-module-69f27c952d3d0\">\n        <div class=\"accordion__body p-0\">\n            <ul class=\"list-highlighted\">\n                <li class=\"list-highlighted__item items-start\">\n                    <header class=\"list-highlighted__header\">\n                        <h5 class=\"text-18\"><strong>Details<\/strong><\/h5>\n                    <\/header>\n                    <div class=\"list-highlighted__body\">\n                        <ul>\n                            <li><span class=\"text-dark font-heading font-bold\">Course title:<\/span> Droit familial et droit de l&#039;enfant<\/li>\n                            <li><span class=\"text-dark font-heading font-bold\">Number of ECTS:<\/span> 1<\/li>\n                            <li><span class=\"text-dark font-heading font-bold\">Course code:<\/span> MPM-33<\/li>\n                            <li><span class=\"text-dark font-heading font-bold\">Module(s):<\/span> Droit familial et droit de l&#039;enfant<\/li>\n                            <li><span class=\"text-dark font-heading font-bold\">Language:<\/span> FR<\/li>\n                            <li><span class=\"text-dark font-heading font-bold\">Mandatory:<\/span> Yes<\/li>\n                        <\/ul>\n                    <\/div>\n                <\/li>\n\n                <!--<li class=\"list-highlighted__item items-start\">-->\n                <!--    <header class=\"list-highlighted__header\">-->\n                <!--        <h5 class=\"text-18\"><strong>--><!--<\/strong><\/h5>-->\n                <!--    <\/header>-->\n                <!--    <div class=\"list-highlighted__body\">-->\n                <!--        <div class=\"speaker-group\">-->\n                <!--            -->                <!--        <\/div>-->\n                <!--    <\/div>-->\n                <!--<\/li>-->\n\n                \n                                <li class=\"list-highlighted__item items-start\">\n                    <header class=\"list-highlighted__header\">\n                        <h5 class=\"text-18\"><strong>Course learning outcomes<\/strong><\/h5>\n                    <\/header>\n                    <div class=\"list-highlighted__body\">\n                        <p><br>Le but du cours est d\u2019avoir des notions de principe autour desquels s\u2019articule le droit familial \u00e0 Luxembourg.<br><\/p>                    <\/div>\n                <\/li>\n                \n                                <li class=\"list-highlighted__item items-start\">\n                    <header class=\"list-highlighted__header\">\n                        <h5 class=\"text-18\"><strong>Description<\/strong><\/h5>\n                    <\/header>\n                    <div class=\"list-highlighted__body\">\n                        1.\u00a0\u00a0\u00a0\u00a0\u00a0\u00a0 Organigramme des Cours et Tribunaux luxembourgeois et plus particuli\u00e8rement des tribunaux comp\u00e9tents en droit de la famille 2.\u00a0\u00a0\u00a0\u00a0\u00a0\u00a0 Mariage,\u00a0 pacs, divorce, s\u00e9paration des parents non mari\u00e9s, tutelles, adoptions\u00a0: les grands principes 3.\u00a0\u00a0\u00a0\u00a0\u00a0\u00a0 Autorit\u00e9 parentale, garde, droit de visite et d\u2019h\u00e9bergement, pensions alimentaires: d\u00e9finitions, dispositions l\u00e9gales, jurisprudences et aspects pratiques 4.\u00a0\u00a0\u00a0\u00a0\u00a0\u00a0 La valeur de la parole de l\u2019enfant en justice, audition de l\u2019enfant, avocat pour enfant\u00a0: les principes L\u2019\u00e9change d\u2019informations autour de la famille\u00a0: le secret professionnel                    <\/div>\n                <\/li>\n                \n                \n                                <li class=\"list-highlighted__item items-start\">\n                    <header class=\"list-highlighted__header\">\n                        <h5 class=\"text-18\"><strong>Assessment<\/strong><\/h5>\n                    <\/header>\n                    <div class=\"list-highlighted__body\">\n                        examen \u00e9crit                    <\/div>\n                <\/li>\n                \n                \n            <\/ul>\n        <\/div>\n    <\/div>\n<\/div>            \n<div class=\"accordion__item\">\n    <h4 class=\"accordion__header\">\n        <button\n                type=\"button\"\n                class=\"accordion__button collapsed\"\n                aria-expanded=\"false\"\n                data-bs-toggle=\"collapse\"\n                data-bs-target=\"#accordion-panel-69f27c952d40f\"\n        >\n            <span class=\"accordion__title\">\n                M\u00e9diation sp\u00e9cialis\u00e9e 3 &#8211; M\u00e9diation sociale, m\u00e9diation scolaire, m\u00e9diation interculturelle, m\u00e9diation au travail                <span class=\"accordion__data\">\n                    <span class=\"accordion__data__item\">\n                        <span class=\"accordion__data__name\">ECTS credits:<\/span>\n                        <span class=\"accordion__data__value\">\n                            4                        <\/span>\n                    <\/span>\n                    <span class=\"accordion__data__item\">\n                        <span class=\"accordion__data__name\">Course code:<\/span>\n                        <span class=\"accordion__data__value\">\n                            MPM-31                        <\/span>\n                    <\/span>\n                <\/span>\n            <\/span>\n            <svg aria-hidden=\"true\" focusable=\"false\" class=\"icon icon-outline icon--arrow-down icon--lg\"><use xlink:href=\"https:\/\/www.uni.lu\/wp-content\/themes\/unilux-theme\/assets\/images\/icons\/icons-outline.svg#icon--arrow-down\"><\/use><\/svg>        <\/button>\n    <\/h4>\n\n    <div id=\"accordion-panel-69f27c952d40f\" class=\"accordion__collapse collapse\" data-bs-parent=\"#accordion-module-69f27c952d3d0\">\n        <div class=\"accordion__body p-0\">\n            <ul class=\"list-highlighted\">\n                <li class=\"list-highlighted__item items-start\">\n                    <header class=\"list-highlighted__header\">\n                        <h5 class=\"text-18\"><strong>Details<\/strong><\/h5>\n                    <\/header>\n                    <div class=\"list-highlighted__body\">\n                        <ul>\n                            <li><span class=\"text-dark font-heading font-bold\">Course title:<\/span> M\u00e9diation sp\u00e9cialis\u00e9e 3 &#8211; M\u00e9diation sociale, m\u00e9diation scolaire, m\u00e9diation interculturelle, m\u00e9diation au travail<\/li>\n                            <li><span class=\"text-dark font-heading font-bold\">Number of ECTS:<\/span> 4<\/li>\n                            <li><span class=\"text-dark font-heading font-bold\">Course code:<\/span> MPM-31<\/li>\n                            <li><span class=\"text-dark font-heading font-bold\">Module(s):<\/span> M\u00e9diations sp\u00e9cialis\u00e9es 3 : M\u00e9diation sociale, M\u00e9diation scolaire, M\u00e9diation interculturelle, m\u00e9diation du travail<\/li>\n                            <li><span class=\"text-dark font-heading font-bold\">Language:<\/span> FR<\/li>\n                            <li><span class=\"text-dark font-heading font-bold\">Mandatory:<\/span> Yes<\/li>\n                        <\/ul>\n                    <\/div>\n                <\/li>\n\n                <!--<li class=\"list-highlighted__item items-start\">-->\n                <!--    <header class=\"list-highlighted__header\">-->\n                <!--        <h5 class=\"text-18\"><strong>--><!--<\/strong><\/h5>-->\n                <!--    <\/header>-->\n                <!--    <div class=\"list-highlighted__body\">-->\n                <!--        <div class=\"speaker-group\">-->\n                <!--            -->                <!--        <\/div>-->\n                <!--    <\/div>-->\n                <!--<\/li>-->\n\n                                <li class=\"list-highlighted__item items-start\">\n                    <header class=\"list-highlighted__header\">\n                        <h5 class=\"text-18\"><strong>Objectives<\/strong><\/h5>\n                    <\/header>\n                    <div class=\"list-highlighted__body\">\n                        <p>\n                            <p>M\u00e9diation sociale :<\/p><br><p>Les objectifs de ce cours sont de plusieurs ordres. Il s\u2019agit notamment de permettre aux \u00e9tudiants de d\u00e9velopper leurs connaissances en sociologie urbaine et en sociologie des professions pour favoriser un regard le plus objectif possible d\u00e9gag\u00e9 de consid\u00e9rations id\u00e9ologiques. La n\u00e9cessit\u00e9 de saisir les enjeux des politiques publiques et de les int\u00e9grer dans la connaissance des m\u00e9tiers de la m\u00e9diation sociale contribuent \u00e0 mieux comprendre leur d\u00e9veloppement et leur positionnement parmi les autres m\u00e9tiers de l\u2019intervention sociale. Diverses probl\u00e9matiques seront abord\u00e9es (s\u00e9curisation, urbanisation des quartiers \u00e0 forte densit\u00e9 de population, type de comp\u00e9tences des m\u00e9diateurs\u2026) et apporteront une meilleure compr\u00e9hension des r\u00e9ponses et des limites de dispositifs visant le \u00ab mieux vivre ensemble \u00bb.<\/p><br><p>***<\/p><br><p>M\u00e9diation du travail :<\/p><br><p>L\u2019objectif de ce module est d\u2019identifier les sp\u00e9cificit\u00e9s de la m\u00e9diation au travail et son application dans l\u2019entreprise.<\/p>                        <\/p>\n                    <\/div>\n                <\/li>\n                \n                \n                                <li class=\"list-highlighted__item items-start\">\n                    <header class=\"list-highlighted__header\">\n                        <h5 class=\"text-18\"><strong>Description<\/strong><\/h5>\n                    <\/header>\n                    <div class=\"list-highlighted__body\">\n                        M\u00e9diation sociale :<br><p>Ce cours concerne la m\u00e9diation sociale et \u00e9tudie les diff\u00e9rentes configurations qui se rapportent \u00e0 ce champ d\u2019intervention.\u00a0 Il fait r\u00e9f\u00e9rence \u00e0 la sociologie urbaine et \u00e0 la sociologie des professions. En effet, dans un premier temps, il s\u2019agit de pr\u00e9senter les principales donn\u00e9es statistiques et les caract\u00e9ristiques sociologiques des territoires fran\u00e7ais dans lesquels interviennent les m\u00e9diateurs sociaux. Les particularit\u00e9s sociologiques du Luxembourg seront aussi mises en exergue pour comprendre le faible d\u00e9veloppement de ce type de m\u00e9diation, comparativement \u00e0 la France, \u00e0 la Belgique ou au Canada. Dans un second temps, le champ de l\u2019intervention sociale sera examin\u00e9 pour d\u00e9gager les sp\u00e9cificit\u00e9s et les principaux enseignements sur ces m\u00e9tiers de la m\u00e9diation sociale. Enfin, dans un troisi\u00e8me temps, deux grands types de m\u00e9diation sociale seront distingu\u00e9s et analys\u00e9s, l\u2019un orient\u00e9 vers la veille s\u00e9curitaire et l\u2019autre vers la r\u00e9solution des conflits.<\/p><p>*** <\/p><p>M\u00e9diation scolaire :<\/p><p>La m\u00e9diation par les pairs : d\u00e9finition, objectifs, m\u00e9thodologie d\u2019intervention, r\u00e9sultats, perspectives de d\u00e9veloppement.<br>Il s\u2019agira notamment de d\u00e9couvrir la m\u00e9diation par les pairs ou par les \u00e9l\u00e8ves, une modalit\u00e9 d\u2019action entrant dans le champ de la pr\u00e9vention de la violence en milieu scolaire par l\u2019acquisition de comp\u00e9tences psychosociales et du processus de la m\u00e9diation mis au service de la communaut\u00e9 des autres \u00e9l\u00e8ves.<br>Une m\u00e9thodologie d\u2019intervention en diff\u00e9rentes \u00e9tapes permet aux \u00e9l\u00e8ves m\u00e9diatrices et m\u00e9diateurs de devenir des acteurs de pr\u00e9vention au sein de leur \u00e9cole, coll\u00e8ge, lyc\u00e9e.<br>Cette m\u00e9thodologie sera pr\u00e9sent\u00e9e, \u00e9clair\u00e9e par l\u2019exp\u00e9rience dans ce domaine de l\u2019association Apsis Emergence de Thionville engag\u00e9e depuis plus de 20 ans dans la m\u00e9diation par les pairs.<br><\/p>***M\u00e9diation interculturelle :Les diff\u00e9rentes modalit\u00e9s de m\u00e9diation en soci\u00e9t\u00e9. <br>La m\u00e9diation par les pairs: d\u00e9finition, objectifs, m\u00e9thodologie d&#8217;intervention, r\u00e9sultats, perspectives de d\u00e9veloppement.<br>La m\u00e9diation au sein de communaut\u00e9s issues de cultures diverses et comment aborder ces exp\u00e9riences de m\u00e9diation.<br>Pr\u00e9sentation d&#8217;une exp\u00e9rience de m\u00e9diation par les pairs sur l&#8217;agglom\u00e9ration Thionville 1999-2014 \u00a0<br>Pr\u00e9sentation d\u2019exp\u00e9riences de m\u00e9diations au sein de communaut\u00e9s impact\u00e9es par des grands projets d\u2019infrastructures.<br>***M\u00e9diation au travail (intra-entreprise) : domaines d\u2019application et sp\u00e9cificit\u00e9s, cadre r\u00e9glementaire.Conflit au travail et risques psychosociaux : &#8211;\u00a0\u00a0\u00a0 Risques psychosociaux : d\u00e9finition et cadre r\u00e9glementaire<br>&#8211;\u00a0\u00a0\u00a0 Conflit au travail : facteur et \/ ou cons\u00e9quence de risques psychosociaux <br>&#8211;\u00a0\u00a0\u00a0 Evaluation des impacts sur l\u2019individu et l\u2019organisationM\u00e9diation et dispositifs de pr\u00e9vention et gestion des conflits \/ risques psychosociaux dans l\u2019entreprise : r\u00f4le des acteurs internes et externes, place et limites de la m\u00e9diation, contexte au Luxembourg.<br>M\u00e9diation au travail et Politique RSE (Responsabilit\u00e9 Soci\u00e9tale des Entreprises)<br>Etude d\u2019un cas pratique.<br><p>\u00a0<\/p>                    <\/div>\n                <\/li>\n                \n                \n                                <li class=\"list-highlighted__item items-start\">\n                    <header class=\"list-highlighted__header\">\n                        <h5 class=\"text-18\"><strong>Assessment<\/strong><\/h5>\n                    <\/header>\n                    <div class=\"list-highlighted__body\">\n                        <p>M\u00e9diation sociale :<\/p><br><p>\u00a0<\/p><br><p>***<\/p><br><p>M\u00e9diation scolaire :<\/p><br><p>Examen \u00e9crit : <br>Sujet de 45 min. <\/p><br><p>***<\/p><br><p>M\u00e9diation interculturelle : <\/p><br><p>Dossier \u00e0 remettre<\/p><br><p>***<\/p><br><p>M\u00e9diation du travail :<\/p><br><p>Examen \u00e9crit : <br>Sujet de 45 min. <\/p>                    <\/div>\n                <\/li>\n                \n                                <li class=\"list-highlighted__item items-start\">\n                    <header class=\"list-highlighted__header\">\n                        <h5 class=\"text-18\"><strong>Note<\/strong><\/h5>\n                    <\/header>\n                    <div class=\"list-highlighted__body\">\n                        Bibliographie :<br>M\u00e9diation sociale :<br>Baron C. ; Nivolle P. ; Schmidt N. 2008. \u00ab Adultes-relais : l\u2019\u00e9volution d\u2019une politique de la ville \u00bb, Connaissance de l\u2019emploi, CEE, n\u00b0 55.<br>Ben Mrad F, (2004),\u00a0 \u00ab La m\u00e9diation sociale : entre r\u00e9solution des conflits et s\u00e9curisation urbaine \u00bb, Revue Fran\u00e7aise des affaires sociales, n\u00b03.<br>Ben Mrad F., Jaccoud M., Regards crois\u00e9s sur la professionnalisation des m\u00e9diations sociales en France et au Qu\u00e9bec, Revue Education permanente, N\u00b0189, D\u00e9cembre 2011.<br>Divay S. (2009), \u00ab La m\u00e9diation sociale : \u201cun nouveau m\u00e9tier\u201d plus de 10 ans apr\u00e8s son \u00e9mergence ? \u00bb in Demazi\u00e8re D., Gadea C. (dir. Publ.), Sociologie des groupes professionnels. Acquis r\u00e9cents et nouveaux d\u00e9fis. Paris, La D\u00e9couverte.<br>Baron C. et alii, (2008) Les Adultes relais, six ans apr\u00e8s le lancement du dispositif (2000-2005), rapport de recherche CNRS\/CNAM<br>Barthelemy F., (2007), \u00ab M\u00e9diateurs sociaux et femmes relais. Dynamiques de construction<br>d\u2019une position locale \u00bb, Territoires et action sociale, L\u2019Harmattan, \u00ab Logiques sociales \u00bb &#8211;<br>Cahiers du Griot.<br>Duclos H., Gresy J-E, Evaluation de l\u2019utilit\u00e9 sociale de cinq structures de m\u00e9diation sociale : Rapport \u00e0 Christine Boutin, Ministre Fran\u00e7aise du Logement et de la Ville, par, Minist\u00e8re du Logement et de la Ville, mars 2008.<br>Dupont, B. et M. Jaccoud. (2007), La m\u00e9diation sociale \u00e0 Montr\u00e9al : comparaison de trois projets pilotes,\u00a0 Montr\u00e9al, Centre international de criminologie compar\u00e9e, Universit\u00e9 de Montr\u00e9al.<br>Jaccoud, M. (2009), \u00abOrigines et fondements de la m\u00e9diation sociale au Qu\u00e9bec\u00bb. Nouvelles pratiques sociales, vol. 21, no 2, p. 93-108<br>Macilotti G , BoucherM , Les professionnels de la d\u00e9viance et de la d\u00e9linquance : quels enjeux d\u2019hybridation ? Pratiques des acteurs, lieux d\u2019intervention et logiques professionnelles, in Sciences Actions Sociales 2022\/1 (N\u00b0 16). <br>Pagneux F., Ao\u00fbt (2011), \u00ab Educateurs de rue et m\u00e9diateurs sociaux : oser la coop\u00e9ration \u00bb, in Actualit\u00e9s Sociales H\u00e9bdomadiares, N\u00b0 272.<br>St\u00e9b\u00e9 Jean-Marc, (2005), \u00ab La M\u00e9diation dans les banlieues sensibles \u00bb, Paris, Presses Universitaires de France, collection Le lien social.<br>M\u00e9diation sociale : parlons m\u00e9tier , Les Cahiers du D\u00e9veloppement Social Urbain 2017\/1 (N\u00b0 65). <br><br>***<br><p><br>M\u00e9diation scolaire :<br><\/p><br>BONAFE-SCHMITT, J.P. (2000) La m\u00e9diation par les \u00e9l\u00e8ves ; Paris, ESF, coll. Actions sociales\/confrontations.<br><br>BONAFE-SCHMITT, J.P. (2006) La m\u00e9diation scolaire par les pairs : une alternative \u00e0 la violence \u00e0 l\u2019\u00e9cole<br><br>Spirale, revue de recherches en \u00e9ducation,37, p 173-182<br><br>CONDETTE-CASTELLAN S. et HUE NONNIN C. La m\u00e9diation par les \u00e9l\u00e8ves. Enjeux et perspectives pour la vie scolaire. Avril 2014, Canop\u00e9 Acad\u00e9mie de Dijon.<br><br>DIAZ, B. et LIATARD-DULAC, B. 51998) Contre violence et mal-\u00eatre : la m\u00e9diation par les pairs. Paris, ESF.<br><br>DEBARBIEUX, E. (1996) La violence en milieu scolaire ; Paris, ESF.<br><br>PINGET, B. (2010) M\u00e9diation scolaire par les pairs et transgression : histoire d&#8217;un paradoxe apparent; in cahiers de la section des sciences de l&#8217;\u00e9ducation, n\u00b0 27, juin 2012,pp.93-107.<br><br>SOUQUET M., \u00ab Une palette d\u2019activit\u00e9s au service de l\u2019\u00e9ducation \u00e0 la citoyennet\u00e9 \u00bb, M\u00e9diations en milieu scolaire, Politiques Sociales, n\u00ba1 et 2, 2005<br><br>ROSENBERG, M. (2004) Introduction \u00e0 la communication non-violente ; paris, Editions la D\u00e9couverte<br>***<br>M\u00e9diation interculturelle :<br>BONAFE-SCHMITT, J.P. (2000) La m\u00e9diation par les \u00e9l\u00e8ves; Paris, ESF, coll. Actions sociales\/confrontations.<br><br>CONDETTE-CASTELLAN S. et HUE NONNIN C. La m\u00e9diation par les \u00e9l\u00e8ves. Enjeux et perspectives pour la vie scolaire. Avril 2014, Canop\u00e9 Acad\u00e9mie de Dijon.<br><br>DIAZ, B. et LIATARD-DULAC, B. 51998) Contre violence et mal-\u00eatre: la m\u00e9diation par les pairs.Paris, ESF.<br><br>DEBARBIEUX,E.(1996) La violence en milieu scolaire; Paris, ESF.<br><br>PINGET, B. (2010) M\u00e9diation scolaire par les pairs et transgression: histoire d&#8217;un paradoxe apparent; in cahiers de la section des sciences de l&#8217;\u00e9ducation, n\u00b0 27, juin 2012,pp.93-107.<br><br>SOUQUET M., \u00ab Une palette d\u2019activit\u00e9s au service de l\u2019\u00e9ducation \u00e0 la citoyennet\u00e9 \u00bb, M\u00e9diations en milieu scolaire, Politiques Sociales, n\u00ba1 et 2, 2005<br><br>Susskind, L. (2014). Good for you, great for me, Finding the trading zone and winning the win-win negotiation. New York : PublicAffairs.<br><br>Susskind, L., McKearnan, S. Thomas-Larmer, J. (Eds). (1999). The consensus building handbook, A comprehensive guide to reaching agreement. Thousand Oaks : SAGE Publications.<br><br>***<br>M\u00e9diation du travail :<br>&#8211;\u00a0\u00a0\u00a0 Bret J-M (2016), La m\u00e9diation. Un mode innovant de gestion des risques psychosociaux, M\u00e9dias et M\u00e9diations<br>&#8211;\u00a0\u00a0\u00a0 Clot Y. (2010), Le travail \u00e0 c\u0153ur &#8211; Pour en finir avec les risques psychosociaux, Editions La D\u00e9couverte, 2010, 2015<br>&#8211;\u00a0\u00a0\u00a0 Cormier S. (2004), D\u00e9nouer les conflits relationnels en milieu de travail, Presses de l&#8217;Universit\u00e9 du Qu\u00e9bec<br>&#8211;\u00a0\u00a0\u00a0 Crozier M., Friedberg E. (1977), L&#8217;acteur et le syst\u00e8me : les contraintes de l&#8217;action collective, Editions du Seuil (Points)<br>&#8211;\u00a0\u00a0\u00a0 Gr\u00e9sy JE, Duret-Salzer F. et Kuri C., (2019), La M\u00e9diation au travail. Comment r\u00e9ussir ?, De Boeck Sup\u00e9rieur<br>&#8211;\u00a0\u00a0\u00a0 Kapral C. (2020), Etape M\u00e9diation &#8211; La m\u00e9diation au service de la Responsabilit\u00e9 Soci\u00e9tale des Entreprises et des Organisations, M\u00e9dias M\u00e9diations<br>&#8211;\u00a0\u00a0\u00a0 Malarewicz J.A. (2016), G\u00e9rer les conflits au travail &#8211; D\u00e9veloppez la m\u00e9diation face aux risques psychosociaux, Pearson, 2\u00e8me \u00e9dition<br>&#8211;\u00a0\u00a0\u00a0 Poitras J. et al. (Moisan F., Provonost S.) (2018), Gestion des conflits au travail &#8211; Mythes et meilleures pratiques, Les \u00e9ditions Qu\u00e9bec-Livres<br>&#8211;\u00a0\u00a0\u00a0 Potriquet G. (2017), La m\u00e9diation au travail, \u00e9ditions M\u00e9dias M\u00e9diations<br>&#8211;\u00a0\u00a0\u00a0 Stimec A., Adij\u00e8s S. (2015), La m\u00e9diation en entreprise, Dunod, 4\u00e8me \u00e9dition<br>&#8211;\u00a0\u00a0\u00a0 Vall\u00e9ry G, Leduc S. (2017) Les risques psychosociaux, Puf, Collection &#8220;Que sais-je ?&#8221;, 3\u00e8me \u00e9dition<br><br>\u00a0                    <\/div>\n                <\/li>\n                \n            <\/ul>\n        <\/div>\n    <\/div>\n<\/div>            \n<div class=\"accordion__item\">\n    <h4 class=\"accordion__header\">\n        <button\n                type=\"button\"\n                class=\"accordion__button collapsed\"\n                aria-expanded=\"false\"\n                data-bs-toggle=\"collapse\"\n                data-bs-target=\"#accordion-panel-69f27c952d41a\"\n        >\n            <span class=\"accordion__title\">\n                R\u00e9daction d&#039;un rapport de stage                 <span class=\"accordion__data\">\n                    <span class=\"accordion__data__item\">\n                        <span class=\"accordion__data__name\">ECTS credits:<\/span>\n                        <span class=\"accordion__data__value\">\n                            12                        <\/span>\n                    <\/span>\n                    <span class=\"accordion__data__item\">\n                        <span class=\"accordion__data__name\">Course code:<\/span>\n                        <span class=\"accordion__data__value\">\n                            MPM-68                        <\/span>\n                    <\/span>\n                <\/span>\n            <\/span>\n            <svg aria-hidden=\"true\" focusable=\"false\" class=\"icon icon-outline icon--arrow-down icon--lg\"><use xlink:href=\"https:\/\/www.uni.lu\/wp-content\/themes\/unilux-theme\/assets\/images\/icons\/icons-outline.svg#icon--arrow-down\"><\/use><\/svg>        <\/button>\n    <\/h4>\n\n    <div id=\"accordion-panel-69f27c952d41a\" class=\"accordion__collapse collapse\" data-bs-parent=\"#accordion-module-69f27c952d3d0\">\n        <div class=\"accordion__body p-0\">\n            <ul class=\"list-highlighted\">\n                <li class=\"list-highlighted__item items-start\">\n                    <header class=\"list-highlighted__header\">\n                        <h5 class=\"text-18\"><strong>Details<\/strong><\/h5>\n                    <\/header>\n                    <div class=\"list-highlighted__body\">\n                        <ul>\n                            <li><span class=\"text-dark font-heading font-bold\">Course title:<\/span> R\u00e9daction d&#039;un rapport de stage <\/li>\n                            <li><span class=\"text-dark font-heading font-bold\">Number of ECTS:<\/span> 12<\/li>\n                            <li><span class=\"text-dark font-heading font-bold\">Course code:<\/span> MPM-68<\/li>\n                            <li><span class=\"text-dark font-heading font-bold\">Module(s):<\/span> Rapport de stage et soutenance<\/li>\n                            <li><span class=\"text-dark font-heading font-bold\">Language:<\/span> FR<\/li>\n                            <li><span class=\"text-dark font-heading font-bold\">Mandatory:<\/span> Yes<\/li>\n                        <\/ul>\n                    <\/div>\n                <\/li>\n\n                <!--<li class=\"list-highlighted__item items-start\">-->\n                <!--    <header class=\"list-highlighted__header\">-->\n                <!--        <h5 class=\"text-18\"><strong>--><!--<\/strong><\/h5>-->\n                <!--    <\/header>-->\n                <!--    <div class=\"list-highlighted__body\">-->\n                <!--        <div class=\"speaker-group\">-->\n                <!--            -->                <!--        <\/div>-->\n                <!--    <\/div>-->\n                <!--<\/li>-->\n\n                \n                \n                \n                \n                \n                \n            <\/ul>\n        <\/div>\n    <\/div>\n<\/div>            \n<div class=\"accordion__item\">\n    <h4 class=\"accordion__header\">\n        <button\n                type=\"button\"\n                class=\"accordion__button collapsed\"\n                aria-expanded=\"false\"\n                data-bs-toggle=\"collapse\"\n                data-bs-target=\"#accordion-panel-69f27c952d427\"\n        >\n            <span class=\"accordion__title\">\n                Psychologie de la communication                 <span class=\"accordion__data\">\n                    <span class=\"accordion__data__item\">\n                        <span class=\"accordion__data__name\">ECTS credits:<\/span>\n                        <span class=\"accordion__data__value\">\n                            2                        <\/span>\n                    <\/span>\n                    <span class=\"accordion__data__item\">\n                        <span class=\"accordion__data__name\">Course code:<\/span>\n                        <span class=\"accordion__data__value\">\n                            MPM-34                        <\/span>\n                    <\/span>\n                <\/span>\n            <\/span>\n            <svg aria-hidden=\"true\" focusable=\"false\" class=\"icon icon-outline icon--arrow-down icon--lg\"><use xlink:href=\"https:\/\/www.uni.lu\/wp-content\/themes\/unilux-theme\/assets\/images\/icons\/icons-outline.svg#icon--arrow-down\"><\/use><\/svg>        <\/button>\n    <\/h4>\n\n    <div id=\"accordion-panel-69f27c952d427\" class=\"accordion__collapse collapse\" data-bs-parent=\"#accordion-module-69f27c952d3d0\">\n        <div class=\"accordion__body p-0\">\n            <ul class=\"list-highlighted\">\n                <li class=\"list-highlighted__item items-start\">\n                    <header class=\"list-highlighted__header\">\n                        <h5 class=\"text-18\"><strong>Details<\/strong><\/h5>\n                    <\/header>\n                    <div class=\"list-highlighted__body\">\n                        <ul>\n                            <li><span class=\"text-dark font-heading font-bold\">Course title:<\/span> Psychologie de la communication <\/li>\n                            <li><span class=\"text-dark font-heading font-bold\">Number of ECTS:<\/span> 2<\/li>\n                            <li><span class=\"text-dark font-heading font-bold\">Course code:<\/span> MPM-34<\/li>\n                            <li><span class=\"text-dark font-heading font-bold\">Module(s):<\/span> Psychologie de la communication<\/li>\n                            <li><span class=\"text-dark font-heading font-bold\">Language:<\/span> FR<\/li>\n                            <li><span class=\"text-dark font-heading font-bold\">Mandatory:<\/span> Yes<\/li>\n                        <\/ul>\n                    <\/div>\n                <\/li>\n\n                <!--<li class=\"list-highlighted__item items-start\">-->\n                <!--    <header class=\"list-highlighted__header\">-->\n                <!--        <h5 class=\"text-18\"><strong>--><!--<\/strong><\/h5>-->\n                <!--    <\/header>-->\n                <!--    <div class=\"list-highlighted__body\">-->\n                <!--        <div class=\"speaker-group\">-->\n                <!--            -->                <!--        <\/div>-->\n                <!--    <\/div>-->\n                <!--<\/li>-->\n\n                \n                \n                \n                \n                \n                \n            <\/ul>\n        <\/div>\n    <\/div>\n<\/div>            \n<div class=\"accordion__item\">\n    <h4 class=\"accordion__header\">\n        <button\n                type=\"button\"\n                class=\"accordion__button collapsed\"\n                aria-expanded=\"false\"\n                data-bs-toggle=\"collapse\"\n                data-bs-target=\"#accordion-panel-69f27c952d432\"\n        >\n            <span class=\"accordion__title\">\n                Droit p\u00e9nal et protection de la jeunesse                <span class=\"accordion__data\">\n                    <span class=\"accordion__data__item\">\n                        <span class=\"accordion__data__name\">ECTS credits:<\/span>\n                        <span class=\"accordion__data__value\">\n                            1                        <\/span>\n                    <\/span>\n                    <span class=\"accordion__data__item\">\n                        <span class=\"accordion__data__name\">Course code:<\/span>\n                        <span class=\"accordion__data__value\">\n                            MPM-30                        <\/span>\n                    <\/span>\n                <\/span>\n            <\/span>\n            <svg aria-hidden=\"true\" focusable=\"false\" class=\"icon icon-outline icon--arrow-down icon--lg\"><use xlink:href=\"https:\/\/www.uni.lu\/wp-content\/themes\/unilux-theme\/assets\/images\/icons\/icons-outline.svg#icon--arrow-down\"><\/use><\/svg>        <\/button>\n    <\/h4>\n\n    <div id=\"accordion-panel-69f27c952d432\" class=\"accordion__collapse collapse\" data-bs-parent=\"#accordion-module-69f27c952d3d0\">\n        <div class=\"accordion__body p-0\">\n            <ul class=\"list-highlighted\">\n                <li class=\"list-highlighted__item items-start\">\n                    <header class=\"list-highlighted__header\">\n                        <h5 class=\"text-18\"><strong>Details<\/strong><\/h5>\n                    <\/header>\n                    <div class=\"list-highlighted__body\">\n                        <ul>\n                            <li><span class=\"text-dark font-heading font-bold\">Course title:<\/span> Droit p\u00e9nal et protection de la jeunesse<\/li>\n                            <li><span class=\"text-dark font-heading font-bold\">Number of ECTS:<\/span> 1<\/li>\n                            <li><span class=\"text-dark font-heading font-bold\">Course code:<\/span> MPM-30<\/li>\n                            <li><span class=\"text-dark font-heading font-bold\">Module(s):<\/span> Droit p\u00e9nal et protection de la jeunesse<\/li>\n                            <li><span class=\"text-dark font-heading font-bold\">Language:<\/span> FR<\/li>\n                            <li><span class=\"text-dark font-heading font-bold\">Mandatory:<\/span> Yes<\/li>\n                        <\/ul>\n                    <\/div>\n                <\/li>\n\n                <!--<li class=\"list-highlighted__item items-start\">-->\n                <!--    <header class=\"list-highlighted__header\">-->\n                <!--        <h5 class=\"text-18\"><strong>--><!--<\/strong><\/h5>-->\n                <!--    <\/header>-->\n                <!--    <div class=\"list-highlighted__body\">-->\n                <!--        <div class=\"speaker-group\">-->\n                <!--            -->                <!--        <\/div>-->\n                <!--    <\/div>-->\n                <!--<\/li>-->\n\n                                <li class=\"list-highlighted__item items-start\">\n                    <header class=\"list-highlighted__header\">\n                        <h5 class=\"text-18\"><strong>Objectives<\/strong><\/h5>\n                    <\/header>\n                    <div class=\"list-highlighted__body\">\n                        <p>\n                            Droit p\u00e9nal : Ce cours vise \u00e0 fournir une introduction g\u00e9n\u00e9rale au droit p\u00e9nal.<br>\u00a0***<br>Protection de la jeunesse : L\u2019objectif du cours consiste \u00e0 permettre de mieux comprendre le fonctionnement de la protection de l\u2019enfance au Luxembourg, \u00e0 travers la d\u00e9couverte des principaux acteurs intervenant en mati\u00e8re de protection de la jeunesse et des mesures de protection prises \u00e0 l\u2019encontre des mineurs en danger.<br>                        <\/p>\n                    <\/div>\n                <\/li>\n                \n                \n                                <li class=\"list-highlighted__item items-start\">\n                    <header class=\"list-highlighted__header\">\n                        <h5 class=\"text-18\"><strong>Description<\/strong><\/h5>\n                    <\/header>\n                    <div class=\"list-highlighted__body\">\n                        <p>Droit p\u00e9nal : Apr\u00e8s avoir \u00e9lucid\u00e9 certaines notions utiles, l\u2019enseignant se chargera d\u2019expliquer l\u2019\u00e9volution d\u2019une affaire p\u00e9nale du point de vue proc\u00e9dural, de la commission de l\u2019infraction au prononc\u00e9 d\u2019une peine. Des exemples concrets et r\u00e9cents appuieront les d\u00e9veloppements th\u00e9oriques.<\/p><p>\u00a0*** <br><\/p><p>Protection de la jeunesse : Le sujet principal du cours est la protection et l&#8217;aide \u00e0 la jeunesse au Luxembourg. Le cours s\u2019int\u00e9ressera aux praticiens du secteur de l&#8217;aide et de la protection de la jeunesse (juges, membres du parquet, avocats, assistants et travailleurs sociaux, etc.) et aux mesures en mati\u00e8re de protection de la jeunesse. <\/p>                    <\/div>\n                <\/li>\n                \n                \n                                <li class=\"list-highlighted__item items-start\">\n                    <header class=\"list-highlighted__header\">\n                        <h5 class=\"text-18\"><strong>Assessment<\/strong><\/h5>\n                    <\/header>\n                    <div class=\"list-highlighted__body\">\n                        Le participant du cours sera soumis \u00e0 une \u00e9valuation \u00e9crite.                    <\/div>\n                <\/li>\n                \n                                <li class=\"list-highlighted__item items-start\">\n                    <header class=\"list-highlighted__header\">\n                        <h5 class=\"text-18\"><strong>Note<\/strong><\/h5>\n                    <\/header>\n                    <div class=\"list-highlighted__body\">\n                        <p>Bibliographie:<\/p><br>Droit p\u00e9nal: La bibliographie sera fournie aux participants.<br><p>***<\/p><br><p>Protection de la jeunesse:<\/p><br><p>&#8211; Loi modifi\u00e9e du 10 ao\u00fbt 1992 relative \u00e0 la protection de la jeunesse, <br>&#8211; Loi du 27 juin 2018 instituant le juge aux affaires familiales<br>&#8211; Code civil<br><\/p>                    <\/div>\n                <\/li>\n                \n            <\/ul>\n        <\/div>\n    <\/div>\n<\/div>    <\/div><\/div><\/section>\n<section\n    id=\"tabpanel-e3e4d292-3435-4770-8974-4561374bf000\"\n    aria-labelledby=\"tab-e3e4d292-3435-4770-8974-4561374bf000\"\n    class=\"tab-panel fade hidden is-hidden\"\n>\n    <div class=\"wp-block-unilux-blocks-course-offer\">\n    <h3>Course offer for Semestre 5 (2025-2026 Winter)<\/h3>\n    \n<div id=\"accordion-module-69f27c9532977\" class=\"accordion accordion--theme\">\n            \n<div class=\"accordion__item\">\n    <h4 class=\"accordion__header\">\n        <button\n                type=\"button\"\n                class=\"accordion__button collapsed\"\n                aria-expanded=\"false\"\n                data-bs-toggle=\"collapse\"\n                data-bs-target=\"#accordion-panel-69f27c9532996\"\n        >\n            <span class=\"accordion__title\">\n                Planification d&#039;une action en m\u00e9diation                <span class=\"accordion__data\">\n                    <span class=\"accordion__data__item\">\n                        <span class=\"accordion__data__name\">ECTS credits:<\/span>\n                        <span class=\"accordion__data__value\">\n                            10                        <\/span>\n                    <\/span>\n                    <span class=\"accordion__data__item\">\n                        <span class=\"accordion__data__name\">Course code:<\/span>\n                        <span class=\"accordion__data__value\">\n                            MPM-15                        <\/span>\n                    <\/span>\n                <\/span>\n            <\/span>\n            <svg aria-hidden=\"true\" focusable=\"false\" class=\"icon icon-outline icon--arrow-down icon--lg\"><use xlink:href=\"https:\/\/www.uni.lu\/wp-content\/themes\/unilux-theme\/assets\/images\/icons\/icons-outline.svg#icon--arrow-down\"><\/use><\/svg>        <\/button>\n    <\/h4>\n\n    <div id=\"accordion-panel-69f27c9532996\" class=\"accordion__collapse collapse\" data-bs-parent=\"#accordion-module-69f27c9532977\">\n        <div class=\"accordion__body p-0\">\n            <ul class=\"list-highlighted\">\n                <li class=\"list-highlighted__item items-start\">\n                    <header class=\"list-highlighted__header\">\n                        <h5 class=\"text-18\"><strong>Details<\/strong><\/h5>\n                    <\/header>\n                    <div class=\"list-highlighted__body\">\n                        <ul>\n                            <li><span class=\"text-dark font-heading font-bold\">Course title:<\/span> Planification d&#039;une action en m\u00e9diation<\/li>\n                            <li><span class=\"text-dark font-heading font-bold\">Number of ECTS:<\/span> 10<\/li>\n                            <li><span class=\"text-dark font-heading font-bold\">Course code:<\/span> MPM-15<\/li>\n                            <li><span class=\"text-dark font-heading font-bold\">Module(s):<\/span> Planification d&#039;une action en m\u00e9diation<\/li>\n                            <li><span class=\"text-dark font-heading font-bold\">Language:<\/span> FR<\/li>\n                            <li><span class=\"text-dark font-heading font-bold\">Mandatory:<\/span> Yes<\/li>\n                        <\/ul>\n                    <\/div>\n                <\/li>\n\n                <!--<li class=\"list-highlighted__item items-start\">-->\n                <!--    <header class=\"list-highlighted__header\">-->\n                <!--        <h5 class=\"text-18\"><strong>--><!--<\/strong><\/h5>-->\n                <!--    <\/header>-->\n                <!--    <div class=\"list-highlighted__body\">-->\n                <!--        <div class=\"speaker-group\">-->\n                <!--            -->                <!--        <\/div>-->\n                <!--    <\/div>-->\n                <!--<\/li>-->\n\n                                <li class=\"list-highlighted__item items-start\">\n                    <header class=\"list-highlighted__header\">\n                        <h5 class=\"text-18\"><strong>Objectives<\/strong><\/h5>\n                    <\/header>\n                    <div class=\"list-highlighted__body\">\n                        <p>\n                            <ul><br><li>Comprendre l\u2019importance de chaque phase d&#8217;un projet<br><\/li><br><li>Effectuer une analyse exhaustive de la situation dans lequel le projet s\u2019installera<br><\/li><br><li>R\u00e9aliser une recherche des options en utilisant diff\u00e9rentes m\u00e9thodes<br><\/li><br><li>Utiliser des crit\u00e8res de s\u00e9lection objectifs<br><\/li><br><li>Faire une analyse des risques<br><\/li><br><li>Elaborer un plan de projet\u00a0<br><\/li><br><li>Estimer des ressources<br><\/li><br><li>Appr\u00e9hender Gestion du changement\u00a0<br><\/li><br><li>Cr\u00e9er une \u00e9quipe et lancer le projet<br><\/li><br><\/ul>                        <\/p>\n                    <\/div>\n                <\/li>\n                \n                                <li class=\"list-highlighted__item items-start\">\n                    <header class=\"list-highlighted__header\">\n                        <h5 class=\"text-18\"><strong>Course learning outcomes<\/strong><\/h5>\n                    <\/header>\n                    <div class=\"list-highlighted__body\">\n                        1. D\u00e9finir les \u00e9tapes cl\u00e9s d&#8217;un projet\u00a0 \u00a0\u00a0<br>2. Identifier et utiliser des outils et m\u00e9thodes ad\u00e9quats pour chaque phase d&#8217;un projet\u00a0 \u00a0 \u00a0 \u00a0 \u00a0 \u00a0 \u00a0 \u00a0 \u00a0 \u00a0 \u00a0 \u00a0 \u00a0 \u00a0 \u00a0 \u00a0 \u00a0 \u00a0 \u00a0 \u00a0 \u00a0 \u00a0 \u00a0<br>3. D\u00e9crire les r\u00f4les et responsabilit\u00e9s des acteurs cl\u00e9s dans un projet<br>4. Utiliser les concepts cl\u00e9s dans la gestion des \u00e9quipes de projet\u00a0 \u00a0 \u00a0 \u00a0 \u00a0 \u00a0 \u00a0 \u00a0 \u00a0 \u00a0 \u00a0 \u00a0 \u00a0 \u00a0 \u00a0 \u00a0 \u00a0 \u00a0 \u00a0 \u00a0 \u00a0 \u00a0 \u00a0 \u00a0 \u00a0 \u00a0 \u00a0 \u00a0 \u00a0 \u00a0 \u00a0 \u00a0 \u00a0 \u00a0 \u00a0 \u00a0 \u00a0 \u00a0 \u00a0 \u00a0 \u00a0\u00a0<br>5. Cr\u00e9er et pr\u00e9senter un plan de projet<br>                    <\/div>\n                <\/li>\n                \n                                <li class=\"list-highlighted__item items-start\">\n                    <header class=\"list-highlighted__header\">\n                        <h5 class=\"text-18\"><strong>Description<\/strong><\/h5>\n                    <\/header>\n                    <div class=\"list-highlighted__body\">\n                        Ce cours dispens\u00e9 sous forme de s\u00e9minaire interactif constitue une initiation aux m\u00e9thodologies et outils de la planification de projets, aussi bien de projets en g\u00e9n\u00e9ral que dans le domaine de la m\u00e9diation.<br>                    <\/div>\n                <\/li>\n                \n                \n                                <li class=\"list-highlighted__item items-start\">\n                    <header class=\"list-highlighted__header\">\n                        <h5 class=\"text-18\"><strong>Assessment<\/strong><\/h5>\n                    <\/header>\n                    <div class=\"list-highlighted__body\">\n                        <ul><br><li>Projet en groupe: 50%<\/li><br><li>Examen \u00e9crit: 40%<br><\/li><br><li>Pr\u00e9sence Participation: 10%<br><\/li><br><\/ul>                    <\/div>\n                <\/li>\n                \n                                <li class=\"list-highlighted__item items-start\">\n                    <header class=\"list-highlighted__header\">\n                        <h5 class=\"text-18\"><strong>Note<\/strong><\/h5>\n                    <\/header>\n                    <div class=\"list-highlighted__body\">\n                        <p><br>Selected Bibliography<br><br><br><\/p><br><ul><br><li><br>Messager Rota, V., Tabaka, J.\u00a0 \u00ab\u00a0 Gestion de projet agile \u00bb. Paris: Eyrolles, 2010\u00a0 \u00a0 \u00a0 \u00a0 \u00a0 \u00a0 \u00a0 \u00a0 \u00a0 \u00a0 \u00a0 \u00a0 \u00a0 \u00a0 \u00a0 \u00a0 \u00a0 \u00a0<\/li><br><li>Corbel.J-C. \u00ab Management de projet : Fondamentaux-M\u00e9thodes-Outils \u00bb, 2005\u00a0 \u00a0 \u00a0 \u00a0 \u00a0 \u00a0 \u00a0 \u00a0 \u00a0 \u00a0 \u00a0 \u00a0 \u00a0 \u00a0 \u00a0 \u00a0 \u00a0 \u00a0 \u00a0 \u00a0 \u00a0 \u00a0\u00a0<br><\/li><br><li>Mi\u00f1ana, M. \u00ab Conduite de projet : volume 1. Les cl\u00e9s de l&#8217;\u00e9laboration d&#8217;un bon planning \u00bb, 2002\u00a0 \u00a0 \u00a0 \u00a0 \u00a0 \u00a0 \u00a0 \u00a0 \u00a0<br><\/li><br><li>Newton.R. \u00ab The Project Manager \u00bb, 2005\u00a0 \u00a0 \u00a0 \u00a0 \u00a0 \u00a0 \u00a0 \u00a0 \u00a0 \u00a0 \u00a0 \u00a0 \u00a0 \u00a0 \u00a0 \u00a0 \u00a0 \u00a0 \u00a0 \u00a0 \u00a0 \u00a0 \u00a0 \u00a0 \u00a0 \u00a0 \u00a0 \u00a0 \u00a0 \u00a0 \u00a0 \u00a0 \u00a0 \u00a0 \u00a0 \u00a0 \u00a0 \u00a0 \u00a0 \u00a0 \u00a0 \u00a0 \u00a0 \u00a0 \u00a0 \u00a0 \u00a0 \u00a0 \u00a0 \u00a0 \u00a0 \u00a0\u00a0<br><\/li><br><li>Nokes.S. Kelly.S. \u00ab The Definitive Guide to Project Management \u00bb, 2003<br><\/li><br><\/ul>                    <\/div>\n                <\/li>\n                \n            <\/ul>\n        <\/div>\n    <\/div>\n<\/div>            \n<div class=\"accordion__item\">\n    <h4 class=\"accordion__header\">\n        <button\n                type=\"button\"\n                class=\"accordion__button collapsed\"\n                aria-expanded=\"false\"\n                data-bs-toggle=\"collapse\"\n                data-bs-target=\"#accordion-panel-69f27c95329aa\"\n        >\n            <span class=\"accordion__title\">\n                Coaching pour m\u00e9diateurs                <span class=\"accordion__data\">\n                    <span class=\"accordion__data__item\">\n                        <span class=\"accordion__data__name\">ECTS credits:<\/span>\n                        <span class=\"accordion__data__value\">\n                            3                        <\/span>\n                    <\/span>\n                    <span class=\"accordion__data__item\">\n                        <span class=\"accordion__data__name\">Course code:<\/span>\n                        <span class=\"accordion__data__value\">\n                            MPM-17                        <\/span>\n                    <\/span>\n                <\/span>\n            <\/span>\n            <svg aria-hidden=\"true\" focusable=\"false\" class=\"icon icon-outline icon--arrow-down icon--lg\"><use xlink:href=\"https:\/\/www.uni.lu\/wp-content\/themes\/unilux-theme\/assets\/images\/icons\/icons-outline.svg#icon--arrow-down\"><\/use><\/svg>        <\/button>\n    <\/h4>\n\n    <div id=\"accordion-panel-69f27c95329aa\" class=\"accordion__collapse collapse\" data-bs-parent=\"#accordion-module-69f27c9532977\">\n        <div class=\"accordion__body p-0\">\n            <ul class=\"list-highlighted\">\n                <li class=\"list-highlighted__item items-start\">\n                    <header class=\"list-highlighted__header\">\n                        <h5 class=\"text-18\"><strong>Details<\/strong><\/h5>\n                    <\/header>\n                    <div class=\"list-highlighted__body\">\n                        <ul>\n                            <li><span class=\"text-dark font-heading font-bold\">Course title:<\/span> Coaching pour m\u00e9diateurs<\/li>\n                            <li><span class=\"text-dark font-heading font-bold\">Number of ECTS:<\/span> 3<\/li>\n                            <li><span class=\"text-dark font-heading font-bold\">Course code:<\/span> MPM-17<\/li>\n                            <li><span class=\"text-dark font-heading font-bold\">Module(s):<\/span> Coaching pour m\u00e9diateurs<\/li>\n                            <li><span class=\"text-dark font-heading font-bold\">Language:<\/span> FR<\/li>\n                            <li><span class=\"text-dark font-heading font-bold\">Mandatory:<\/span> Yes<\/li>\n                        <\/ul>\n                    <\/div>\n                <\/li>\n\n                <!--<li class=\"list-highlighted__item items-start\">-->\n                <!--    <header class=\"list-highlighted__header\">-->\n                <!--        <h5 class=\"text-18\"><strong>--><!--<\/strong><\/h5>-->\n                <!--    <\/header>-->\n                <!--    <div class=\"list-highlighted__body\">-->\n                <!--        <div class=\"speaker-group\">-->\n                <!--            -->                <!--        <\/div>-->\n                <!--    <\/div>-->\n                <!--<\/li>-->\n\n                                <li class=\"list-highlighted__item items-start\">\n                    <header class=\"list-highlighted__header\">\n                        <h5 class=\"text-18\"><strong>Objectives<\/strong><\/h5>\n                    <\/header>\n                    <div class=\"list-highlighted__body\">\n                        <p>\n                            <p>\u00a0<\/p><br><ul><br><p> D\u00e9finir le \u00ab coaching \u00bb <\/p><br><p> Acqu\u00e9rir et pratiquer les comp\u00e9tences de base<\/p><br><p> Etablir un contrat de coaching<\/p><br><p> Int\u00e9grer le code d\u00e9ontologique<\/p><br><p> Comprendre l\u2019apprentissage adulte et le changement personnel<\/p><br><p> Utiliser les m\u00e9thodes et outils de coaching<\/p><br><p> La pratique et la r\u00e9flexion su la pratique de coaching <\/p><br><\/ul>                        <\/p>\n                    <\/div>\n                <\/li>\n                \n                                <li class=\"list-highlighted__item items-start\">\n                    <header class=\"list-highlighted__header\">\n                        <h5 class=\"text-18\"><strong>Course learning outcomes<\/strong><\/h5>\n                    <\/header>\n                    <div class=\"list-highlighted__body\">\n                        <ul><br><li>Acqu\u00e9rir les comp\u00e9tences de base du coach pour pratiquer le coaching<\/li><br><li>Mettre en place un programme de coaching <\/li><br><li>Utiliser des m\u00e9thodes et outils de coaching<\/li><br><li>Faire une d\u00e9marche r\u00e9flexive sur des sessions de coaching<\/li><br><\/ul>                    <\/div>\n                <\/li>\n                \n                                <li class=\"list-highlighted__item items-start\">\n                    <header class=\"list-highlighted__header\">\n                        <h5 class=\"text-18\"><strong>Description<\/strong><\/h5>\n                    <\/header>\n                    <div class=\"list-highlighted__body\">\n                        Ce cours initie les \u00e9tudiants au coaching et aux comp\u00e9tences de coaching qu&#8217;ils peuvent appliquer dans leur vie quotidienne et sur leur lieu de travail. Les outils pourront aussi \u00eatre appliqu\u00e9s\/adapt\u00e9s dans la m\u00e9diation.                    <\/div>\n                <\/li>\n                \n                \n                                <li class=\"list-highlighted__item items-start\">\n                    <header class=\"list-highlighted__header\">\n                        <h5 class=\"text-18\"><strong>Assessment<\/strong><\/h5>\n                    <\/header>\n                    <div class=\"list-highlighted__body\">\n                        <p>Pr\u00e9sentation orale au sein d&#8217;un groupe d&#8217;analyse r\u00e9flective et r\u00e9flexive portant sur des s\u00e9ances de coaching r\u00e9alis\u00e9es en triades<\/p>                    <\/div>\n                <\/li>\n                \n                                <li class=\"list-highlighted__item items-start\">\n                    <header class=\"list-highlighted__header\">\n                        <h5 class=\"text-18\"><strong>Note<\/strong><\/h5>\n                    <\/header>\n                    <div class=\"list-highlighted__body\">\n                        <p><\/p><br><p><br>Bibliographie :<br><\/p><br><ul><br><li><br>Cannio, S., Launer, V. (2008), Cas de coaching comment\u00e9s, Eyrolles.<\/li><br><li>Whitmore, J. (6ed, 2024), Le guide du coaching au service de la performance. En anglais : Coaching for Performance.<\/li><br><li>Delivr\u00e9, F. (2013), Le m\u00e9tier de Coach\u2014Sp\u00e9cificit\u00e9s, R\u00f4les, Comp\u00e9tences, Eyrolles.<\/li><br><\/ul><br><p><br><br><br><\/p><br><p>\u00a0<\/p>                    <\/div>\n                <\/li>\n                \n            <\/ul>\n        <\/div>\n    <\/div>\n<\/div>            \n<div class=\"accordion__item\">\n    <h4 class=\"accordion__header\">\n        <button\n                type=\"button\"\n                class=\"accordion__button collapsed\"\n                aria-expanded=\"false\"\n                data-bs-toggle=\"collapse\"\n                data-bs-target=\"#accordion-panel-69f27c95329b6\"\n        >\n            <span class=\"accordion__title\">\n                Les d\u00e9marches participatives                <span class=\"accordion__data\">\n                    <span class=\"accordion__data__item\">\n                        <span class=\"accordion__data__name\">ECTS credits:<\/span>\n                        <span class=\"accordion__data__value\">\n                            2                        <\/span>\n                    <\/span>\n                    <span class=\"accordion__data__item\">\n                        <span class=\"accordion__data__name\">Course code:<\/span>\n                        <span class=\"accordion__data__value\">\n                            MPM-61                        <\/span>\n                    <\/span>\n                <\/span>\n            <\/span>\n            <svg aria-hidden=\"true\" focusable=\"false\" class=\"icon icon-outline icon--arrow-down icon--lg\"><use xlink:href=\"https:\/\/www.uni.lu\/wp-content\/themes\/unilux-theme\/assets\/images\/icons\/icons-outline.svg#icon--arrow-down\"><\/use><\/svg>        <\/button>\n    <\/h4>\n\n    <div id=\"accordion-panel-69f27c95329b6\" class=\"accordion__collapse collapse\" data-bs-parent=\"#accordion-module-69f27c9532977\">\n        <div class=\"accordion__body p-0\">\n            <ul class=\"list-highlighted\">\n                <li class=\"list-highlighted__item items-start\">\n                    <header class=\"list-highlighted__header\">\n                        <h5 class=\"text-18\"><strong>Details<\/strong><\/h5>\n                    <\/header>\n                    <div class=\"list-highlighted__body\">\n                        <ul>\n                            <li><span class=\"text-dark font-heading font-bold\">Course title:<\/span> Les d\u00e9marches participatives<\/li>\n                            <li><span class=\"text-dark font-heading font-bold\">Number of ECTS:<\/span> 2<\/li>\n                            <li><span class=\"text-dark font-heading font-bold\">Course code:<\/span> MPM-61<\/li>\n                            <li><span class=\"text-dark font-heading font-bold\">Module(s):<\/span> Les d\u00e9marches participatives<\/li>\n                            <li><span class=\"text-dark font-heading font-bold\">Language:<\/span> FR<\/li>\n                            <li><span class=\"text-dark font-heading font-bold\">Mandatory:<\/span> Yes<\/li>\n                        <\/ul>\n                    <\/div>\n                <\/li>\n\n                <!--<li class=\"list-highlighted__item items-start\">-->\n                <!--    <header class=\"list-highlighted__header\">-->\n                <!--        <h5 class=\"text-18\"><strong>--><!--<\/strong><\/h5>-->\n                <!--    <\/header>-->\n                <!--    <div class=\"list-highlighted__body\">-->\n                <!--        <div class=\"speaker-group\">-->\n                <!--            -->                <!--        <\/div>-->\n                <!--    <\/div>-->\n                <!--<\/li>-->\n\n                                <li class=\"list-highlighted__item items-start\">\n                    <header class=\"list-highlighted__header\">\n                        <h5 class=\"text-18\"><strong>Objectives<\/strong><\/h5>\n                    <\/header>\n                    <div class=\"list-highlighted__body\">\n                        <p>\n                            <p>\u00a0<\/p><br><p> \u00c9tudier l\u2019approche des d\u00e9marches participatives dans le cadre de la mise en place d\u2019un projet social<br> Faire un rapprochement entre d\u00e9marches participatives et management<br> Faire un rapprochement entre d\u00e9marches participatives et processus de m\u00e9diation<br> \u00c9tablir l\u2019importance des d\u00e9marches participatives dans le cadre de l\u2019ing\u00e9nierie de la m\u00e9diation <br><\/p>                        <\/p>\n                    <\/div>\n                <\/li>\n                \n                                <li class=\"list-highlighted__item items-start\">\n                    <header class=\"list-highlighted__header\">\n                        <h5 class=\"text-18\"><strong>Course learning outcomes<\/strong><\/h5>\n                    <\/header>\n                    <div class=\"list-highlighted__body\">\n                        <ul><br><li>Prendre conscience de l\u2019importance des d\u00e9marches participatives en tant que m\u00e9diateur\/trice<\/li><br><li>\u00catre en mesure de faire le lien entre d\u00e9marches participatives et management<\/li><br><li>\u00catre en mesure de faire le lien entre d\u00e9marches participatives et processus de m\u00e9diation<\/li><br><li>Saisir toute l\u2019importance des d\u00e9marches participatives dans le cadre de la mise en place d\u2019une structure de m\u00e9diation<\/li><br><\/ul><br>\u00a0<br>\u00a0                    <\/div>\n                <\/li>\n                \n                                <li class=\"list-highlighted__item items-start\">\n                    <header class=\"list-highlighted__header\">\n                        <h5 class=\"text-18\"><strong>Description<\/strong><\/h5>\n                    <\/header>\n                    <div class=\"list-highlighted__body\">\n                        <br>Les enjeux et int\u00e9r\u00eats derri\u00e8res la r\u00e9alisation d\u2019un projet industriel, scientifique ou encore de soci\u00e9t\u00e9 s\u2019av\u00e8rent tr\u00e8s souvent significatifs. La mise en place de tels projets n\u00e9cessite d\u00e8s lors une gestion rigoureuse des affaires et une attention particuli\u00e8re aux profils et attentes des diff\u00e9rents acteurs impliqu\u00e9s. <br>De la conception des id\u00e9es au lancement, \u00e0 la gestion, \u00e0 l\u2019\u00e9valuation et au suivi d\u2019un projet, m\u00eame \u00e0 petite envergure, une d\u00e9marche participative s\u2019impose. L\u2019individu cesse d\u2019\u00eatre le centre d\u2019int\u00e9r\u00eat et s\u2019ouvre pour mobiliser les moyens n\u00e9cessaires et pertinents \u00e0 la r\u00e9alisation du projet en vue.<br>Ainsi, pourrions-nous d\u2019ores et d\u00e9j\u00e0 affirmer que les d\u00e9marches participatives ne visent ni le consensus ni la repr\u00e9sentativit\u00e9. Elle font appel \u00e0 une prise de d\u00e9cision rationnelle, bas\u00e9e sur une approche collaborative et heuristique (exp\u00e9rience).<br>Tout au long de ce cours, nous allons nous int\u00e9resser tant aux diff\u00e9rents types de d\u00e9marches participatives, qu\u2019\u00e0 la posture de l\u2019acteur appel\u00e9 \u00e0 les mettre en place et les animer. Il sera \u00e9galement question de faire un rapprochement entre les d\u00e9marches participatives et le management avant de voir ce qu\u2019elles ont en commun avec le processus de m\u00e9diation.<br>Enfin, en guise de r\u00e9flexion anticipative, nous nous demandons : quel.s acteurs faire participer et pourquoi ? Comment susciter, entretenir et maintenir leur motivation ? Comment aligner leurs int\u00e9r\u00eats divergents et laisser libre cours \u00e0 leur cr\u00e9ativit\u00e9 ? En quoi les d\u00e9marches participatives sont-elles pertinentes dans le cadre de l\u2019ing\u00e9nierie de la m\u00e9diation ?<br>                    <\/div>\n                <\/li>\n                \n                \n                                <li class=\"list-highlighted__item items-start\">\n                    <header class=\"list-highlighted__header\">\n                        <h5 class=\"text-18\"><strong>Assessment<\/strong><\/h5>\n                    <\/header>\n                    <div class=\"list-highlighted__body\">\n                        Mise en situation par petits groupes \u2013 observation des principales \u00e9tapes d\u2019une d\u00e9marche participative.                    <\/div>\n                <\/li>\n                \n                                <li class=\"list-highlighted__item items-start\">\n                    <header class=\"list-highlighted__header\">\n                        <h5 class=\"text-18\"><strong>Note<\/strong><\/h5>\n                    <\/header>\n                    <div class=\"list-highlighted__body\">\n                        <p><br>Bibliographie<br><br><br><\/p><br><p><br>Au choix<br><br>Cariou et al. (2017)<br>Goirand (2015)<br>Le Labourier (2013)<br>Auray et al. (2009)<br>Cariou (2003)<br><br>Obligatoire<br>Hassenforder et al. (2021)<br>Bischoff Adelgiani (2016)<br>Partoune Burnotte (2006)<br><\/p><br><p>\u00a0<\/p>                    <\/div>\n                <\/li>\n                \n            <\/ul>\n        <\/div>\n    <\/div>\n<\/div>    <\/div><\/div><\/section>\n<section\n    id=\"tabpanel-482b48aa-76f0-491a-b5d7-272efbc6327e\"\n    aria-labelledby=\"tab-482b48aa-76f0-491a-b5d7-272efbc6327e\"\n    class=\"tab-panel fade hidden is-hidden\"\n>\n    <div class=\"wp-block-unilux-blocks-course-offer\">\n    <h3>Course offer for Semestre 6 (2025-2026 Summer)<\/h3>\n    \n<div id=\"accordion-module-69f27c95371eb\" class=\"accordion accordion--theme\">\n            \n<div class=\"accordion__item\">\n    <h4 class=\"accordion__header\">\n        <button\n                type=\"button\"\n                class=\"accordion__button collapsed\"\n                aria-expanded=\"false\"\n                data-bs-toggle=\"collapse\"\n                data-bs-target=\"#accordion-panel-69f27c9537209\"\n        >\n            <span class=\"accordion__title\">\n                Gestion d&#039;\u00e9quipe et de projet                <span class=\"accordion__data\">\n                    <span class=\"accordion__data__item\">\n                        <span class=\"accordion__data__name\">ECTS credits:<\/span>\n                        <span class=\"accordion__data__value\">\n                            5                        <\/span>\n                    <\/span>\n                    <span class=\"accordion__data__item\">\n                        <span class=\"accordion__data__name\">Course code:<\/span>\n                        <span class=\"accordion__data__value\">\n                            MPM-18                        <\/span>\n                    <\/span>\n                <\/span>\n            <\/span>\n            <svg aria-hidden=\"true\" focusable=\"false\" class=\"icon icon-outline icon--arrow-down icon--lg\"><use xlink:href=\"https:\/\/www.uni.lu\/wp-content\/themes\/unilux-theme\/assets\/images\/icons\/icons-outline.svg#icon--arrow-down\"><\/use><\/svg>        <\/button>\n    <\/h4>\n\n    <div id=\"accordion-panel-69f27c9537209\" class=\"accordion__collapse collapse\" data-bs-parent=\"#accordion-module-69f27c95371eb\">\n        <div class=\"accordion__body p-0\">\n            <ul class=\"list-highlighted\">\n                <li class=\"list-highlighted__item items-start\">\n                    <header class=\"list-highlighted__header\">\n                        <h5 class=\"text-18\"><strong>Details<\/strong><\/h5>\n                    <\/header>\n                    <div class=\"list-highlighted__body\">\n                        <ul>\n                            <li><span class=\"text-dark font-heading font-bold\">Course title:<\/span> Gestion d&#039;\u00e9quipe et de projet<\/li>\n                            <li><span class=\"text-dark font-heading font-bold\">Number of ECTS:<\/span> 5<\/li>\n                            <li><span class=\"text-dark font-heading font-bold\">Course code:<\/span> MPM-18<\/li>\n                            <li><span class=\"text-dark font-heading font-bold\">Module(s):<\/span> Gestion d&#039;\u00e9quipe et de projet<\/li>\n                            <li><span class=\"text-dark font-heading font-bold\">Language:<\/span> FR<\/li>\n                            <li><span class=\"text-dark font-heading font-bold\">Mandatory:<\/span> Yes<\/li>\n                        <\/ul>\n                    <\/div>\n                <\/li>\n\n                <!--<li class=\"list-highlighted__item items-start\">-->\n                <!--    <header class=\"list-highlighted__header\">-->\n                <!--        <h5 class=\"text-18\"><strong>--><!--<\/strong><\/h5>-->\n                <!--    <\/header>-->\n                <!--    <div class=\"list-highlighted__body\">-->\n                <!--        <div class=\"speaker-group\">-->\n                <!--            -->                <!--        <\/div>-->\n                <!--    <\/div>-->\n                <!--<\/li>-->\n\n                \n                                <li class=\"list-highlighted__item items-start\">\n                    <header class=\"list-highlighted__header\">\n                        <h5 class=\"text-18\"><strong>Course learning outcomes<\/strong><\/h5>\n                    <\/header>\n                    <div class=\"list-highlighted__body\">\n                        <p> 1. D\u00e9finir et distinguer la gestion et le leadership d&#8217;un projet.<br> 2. Identifier et utiliser des outils et m\u00e9thodes ad\u00e9quats pour la gestion d&#8217;\u00e9quipe et de projet.<br> 3. Analyser les pr\u00e9f\u00e9rences, comp\u00e9tences et besoins de d\u00e9veloppement des membres d&#8217;une \u00e9quipe pour g\u00e9rer un projet.<br> 4. Utiliser les concepts cl\u00e9s de la th\u00e9orie de l&#8217;organisation et du management pour g\u00e9rer un projet.<br> 5. G\u00e9rer l&#8217;\u00e9quipe \u00e0 chaque phase du cycle d&#8217;un projet.<br><\/p>                    <\/div>\n                <\/li>\n                \n                                <li class=\"list-highlighted__item items-start\">\n                    <header class=\"list-highlighted__header\">\n                        <h5 class=\"text-18\"><strong>Description<\/strong><\/h5>\n                    <\/header>\n                    <div class=\"list-highlighted__body\">\n                        Ce cours dispens\u00e9 sous forme de s\u00e9minaire interactif constitue une initiation aux th\u00e9ories, mod\u00e8les et outils de la gestion et de la r\u00e9alisation de projets, aussi bien du point de vue technique que du point de vue des ressources humaines.                    <\/div>\n                <\/li>\n                \n                \n                                <li class=\"list-highlighted__item items-start\">\n                    <header class=\"list-highlighted__header\">\n                        <h5 class=\"text-18\"><strong>Assessment<\/strong><\/h5>\n                    <\/header>\n                    <div class=\"list-highlighted__body\">\n                        Examen \u00e9crit et participation                    <\/div>\n                <\/li>\n                \n                \n            <\/ul>\n        <\/div>\n    <\/div>\n<\/div>            \n<div class=\"accordion__item\">\n    <h4 class=\"accordion__header\">\n        <button\n                type=\"button\"\n                class=\"accordion__button collapsed\"\n                aria-expanded=\"false\"\n                data-bs-toggle=\"collapse\"\n                data-bs-target=\"#accordion-panel-69f27c953721e\"\n        >\n            <span class=\"accordion__title\">\n                M\u00e9thodologie                <span class=\"accordion__data\">\n                    <span class=\"accordion__data__item\">\n                        <span class=\"accordion__data__name\">ECTS credits:<\/span>\n                        <span class=\"accordion__data__value\">\n                            10                        <\/span>\n                    <\/span>\n                    <span class=\"accordion__data__item\">\n                        <span class=\"accordion__data__name\">Course code:<\/span>\n                        <span class=\"accordion__data__value\">\n                            MPM-49                        <\/span>\n                    <\/span>\n                <\/span>\n            <\/span>\n            <svg aria-hidden=\"true\" focusable=\"false\" class=\"icon icon-outline icon--arrow-down icon--lg\"><use xlink:href=\"https:\/\/www.uni.lu\/wp-content\/themes\/unilux-theme\/assets\/images\/icons\/icons-outline.svg#icon--arrow-down\"><\/use><\/svg>        <\/button>\n    <\/h4>\n\n    <div id=\"accordion-panel-69f27c953721e\" class=\"accordion__collapse collapse\" data-bs-parent=\"#accordion-module-69f27c95371eb\">\n        <div class=\"accordion__body p-0\">\n            <ul class=\"list-highlighted\">\n                <li class=\"list-highlighted__item items-start\">\n                    <header class=\"list-highlighted__header\">\n                        <h5 class=\"text-18\"><strong>Details<\/strong><\/h5>\n                    <\/header>\n                    <div class=\"list-highlighted__body\">\n                        <ul>\n                            <li><span class=\"text-dark font-heading font-bold\">Course title:<\/span> M\u00e9thodologie<\/li>\n                            <li><span class=\"text-dark font-heading font-bold\">Number of ECTS:<\/span> 10<\/li>\n                            <li><span class=\"text-dark font-heading font-bold\">Course code:<\/span> MPM-49<\/li>\n                            <li><span class=\"text-dark font-heading font-bold\">Module(s):<\/span> M\u00e9thodologie<\/li>\n                            <li><span class=\"text-dark font-heading font-bold\">Language:<\/span> FR<\/li>\n                            <li><span class=\"text-dark font-heading font-bold\">Mandatory:<\/span> Yes<\/li>\n                        <\/ul>\n                    <\/div>\n                <\/li>\n\n                <!--<li class=\"list-highlighted__item items-start\">-->\n                <!--    <header class=\"list-highlighted__header\">-->\n                <!--        <h5 class=\"text-18\"><strong>--><!--<\/strong><\/h5>-->\n                <!--    <\/header>-->\n                <!--    <div class=\"list-highlighted__body\">-->\n                <!--        <div class=\"speaker-group\">-->\n                <!--            -->                <!--        <\/div>-->\n                <!--    <\/div>-->\n                <!--<\/li>-->\n\n                \n                                <li class=\"list-highlighted__item items-start\">\n                    <header class=\"list-highlighted__header\">\n                        <h5 class=\"text-18\"><strong>Course learning outcomes<\/strong><\/h5>\n                    <\/header>\n                    <div class=\"list-highlighted__body\">\n                        <ul> Diff\u00e9rencier les diff\u00e9rentes approches de la recherche scientifique et savoir les choisir en fonction des objectifs de recherche<br> Choisir et utiliser les m\u00e9thodes et outils de la recherche scientifique en fonction des objectifs de recherche<br> Concevoir une d\u00e9marche de type qualitatif <br> Utiliser certains mod\u00e8les statistiques<br> Discuter les r\u00e9sultats de recherches<br><\/ul>                    <\/div>\n                <\/li>\n                \n                                <li class=\"list-highlighted__item items-start\">\n                    <header class=\"list-highlighted__header\">\n                        <h5 class=\"text-18\"><strong>Description<\/strong><\/h5>\n                    <\/header>\n                    <div class=\"list-highlighted__body\">\n                        <p>\u00a0<\/p>Le cours consiste \u00e0 examiner les r\u00e8gles fondamentales de toute recherche scientifique. Diff\u00e9rentes m\u00e9thodes qui servent \u00e0 la construction du savoir scientifiquement seront pr\u00e9sent\u00e9es aux \u00e9tudiants, notamment la m\u00e9thode hypoth\u00e9tico-d\u00e9ductive et exp\u00e9rimentale avec ses diff\u00e9rentes \u00e9tapes. Une grande partie du cours est consacr\u00e9e \u00e0 la r\u00e9colte de donn\u00e9es, avec pr\u00e9sentation de diff\u00e9rents outils, ainsi que l&#8217;\u00e9tude des qualit\u00e9s psychom\u00e9triques de ces outils.<br>Les diff\u00e9rents cours aborderont :<br>&#8211; Notions d&#8217;\u00e9pist\u00e9mologie<br>&#8211; Savoir scientifique<br>&#8211; Introduction \u00e0 la recherche bibliographique<br>&#8211; M\u00e9thodes qualitatives<br>&#8211; M\u00e9thode Exp\u00e9rimentale<br>&#8211; Questionnaire, entretien et observation<br>&#8211; Op\u00e9rationnalisation et mesure<br>&#8211; Analyses de donn\u00e9es<p>\u00a0<\/p><p>\u00a0<\/p>                    <\/div>\n                <\/li>\n                \n                \n                \n                                <li class=\"list-highlighted__item items-start\">\n                    <header class=\"list-highlighted__header\">\n                        <h5 class=\"text-18\"><strong>Note<\/strong><\/h5>\n                    <\/header>\n                    <div class=\"list-highlighted__body\">\n                        Gu\u00e9gen, N. (2007). M\u00e9thodologie en psychologie. Paris : Dunod.<br>Van Campenhoudt, L. \u00a0 Quivy, R. (2011). Manuel de recherche en sciences sociales &#8211; 4e edition. Paris : Broch\u00e9.<br>Weil-Barais, A. (1997). Les m\u00e9thodes en psychologie. Observation, exp\u00e9rimentation, enqu\u00eate, travaux d&#8217;\u00e9tude et de recherche. Paris : Broch\u00e9.<br>                    <\/div>\n                <\/li>\n                \n            <\/ul>\n        <\/div>\n    <\/div>\n<\/div>    <\/div><\/div><\/section>\n<section\n    id=\"tabpanel-db8371ca-85f0-4459-9625-338512a41845\"\n    aria-labelledby=\"tab-db8371ca-85f0-4459-9625-338512a41845\"\n    class=\"tab-panel fade hidden is-hidden\"\n>\n    <div class=\"wp-block-unilux-blocks-course-offer\">\n    <h3>Course offer for Semestre 7 (2025-2026 Winter)<\/h3>\n    \n<div id=\"accordion-module-69f27c953b261\" class=\"accordion accordion--theme\">\n            \n<div class=\"accordion__item\">\n    <h4 class=\"accordion__header\">\n        <button\n                type=\"button\"\n                class=\"accordion__button collapsed\"\n                aria-expanded=\"false\"\n                data-bs-toggle=\"collapse\"\n                data-bs-target=\"#accordion-panel-69f27c953b27f\"\n        >\n            <span class=\"accordion__title\">\n                M\u00e9thodologie de la recherche                <span class=\"accordion__data\">\n                    <span class=\"accordion__data__item\">\n                        <span class=\"accordion__data__name\">ECTS credits:<\/span>\n                        <span class=\"accordion__data__value\">\n                            10                        <\/span>\n                    <\/span>\n                    <span class=\"accordion__data__item\">\n                        <span class=\"accordion__data__name\">Course code:<\/span>\n                        <span class=\"accordion__data__value\">\n                            MPM-21                        <\/span>\n                    <\/span>\n                <\/span>\n            <\/span>\n            <svg aria-hidden=\"true\" focusable=\"false\" class=\"icon icon-outline icon--arrow-down icon--lg\"><use xlink:href=\"https:\/\/www.uni.lu\/wp-content\/themes\/unilux-theme\/assets\/images\/icons\/icons-outline.svg#icon--arrow-down\"><\/use><\/svg>        <\/button>\n    <\/h4>\n\n    <div id=\"accordion-panel-69f27c953b27f\" class=\"accordion__collapse collapse\" data-bs-parent=\"#accordion-module-69f27c953b261\">\n        <div class=\"accordion__body p-0\">\n            <ul class=\"list-highlighted\">\n                <li class=\"list-highlighted__item items-start\">\n                    <header class=\"list-highlighted__header\">\n                        <h5 class=\"text-18\"><strong>Details<\/strong><\/h5>\n                    <\/header>\n                    <div class=\"list-highlighted__body\">\n                        <ul>\n                            <li><span class=\"text-dark font-heading font-bold\">Course title:<\/span> M\u00e9thodologie de la recherche<\/li>\n                            <li><span class=\"text-dark font-heading font-bold\">Number of ECTS:<\/span> 10<\/li>\n                            <li><span class=\"text-dark font-heading font-bold\">Course code:<\/span> MPM-21<\/li>\n                            <li><span class=\"text-dark font-heading font-bold\">Module(s):<\/span> M\u00e9thodologie de la recherche<\/li>\n                            <li><span class=\"text-dark font-heading font-bold\">Language:<\/span> FR<\/li>\n                            <li><span class=\"text-dark font-heading font-bold\">Mandatory:<\/span> Yes<\/li>\n                        <\/ul>\n                    <\/div>\n                <\/li>\n\n                <!--<li class=\"list-highlighted__item items-start\">-->\n                <!--    <header class=\"list-highlighted__header\">-->\n                <!--        <h5 class=\"text-18\"><strong>--><!--<\/strong><\/h5>-->\n                <!--    <\/header>-->\n                <!--    <div class=\"list-highlighted__body\">-->\n                <!--        <div class=\"speaker-group\">-->\n                <!--            -->                <!--        <\/div>-->\n                <!--    <\/div>-->\n                <!--<\/li>-->\n\n                \n                                <li class=\"list-highlighted__item items-start\">\n                    <header class=\"list-highlighted__header\">\n                        <h5 class=\"text-18\"><strong>Course learning outcomes<\/strong><\/h5>\n                    <\/header>\n                    <div class=\"list-highlighted__body\">\n                        \u00a0&#8211;\u00a0 Diff\u00e9rencier les diff\u00e9rentes approches de la recherche scientifique et savoir les choisir en fonction des objectifs de recherche.<br>&#8211;\u00a0 Pr\u00e9parer un canevas de v\u00e9rification empirique.<br>&#8211;\u00a0 Choisir et utiliser les m\u00e9thodes et outils de la recherche scientifique en fonction des objectifs de recherche.<br>&#8211;\u00a0 Utiliser certains mod\u00e8les de recueils qualitatifs et quantitatifs. <br>&#8211;\u00a0 Pr\u00e9senter et discuter les r\u00e9sultats de recherche. <br>\u00a0                    <\/div>\n                <\/li>\n                \n                                <li class=\"list-highlighted__item items-start\">\n                    <header class=\"list-highlighted__header\">\n                        <h5 class=\"text-18\"><strong>Description<\/strong><\/h5>\n                    <\/header>\n                    <div class=\"list-highlighted__body\">\n                        Le cours vise au d\u00e9veloppement de comp\u00e9tences dans le domaine de la recherche scientifique. Les concepts de probl\u00e9matique, d\u2019hypoth\u00e8ses et d\u2019analyses de donn\u00e9es sont abord\u00e9s en lien avec la recherche de \u00ab terrain \u00bb. <br>                    <\/div>\n                <\/li>\n                \n                \n                                <li class=\"list-highlighted__item items-start\">\n                    <header class=\"list-highlighted__header\">\n                        <h5 class=\"text-18\"><strong>Assessment<\/strong><\/h5>\n                    <\/header>\n                    <div class=\"list-highlighted__body\">\n                        S\u00e9minaire de pr\u00e9sentation et discussion autour de la recherche appliqu\u00e9e.                    <\/div>\n                <\/li>\n                \n                                <li class=\"list-highlighted__item items-start\">\n                    <header class=\"list-highlighted__header\">\n                        <h5 class=\"text-18\"><strong>Note<\/strong><\/h5>\n                    <\/header>\n                    <div class=\"list-highlighted__body\">\n                        <ul><br><li>Bardin Laurence, L\u2019analyse de contenu, PUF, 2013.<\/li><br><li>Etele J-M Roegiers X., M\u00e9thodologie du recueil d\u2019informations, De Boeck, 2015<\/li><br><li>Marquet J., Quivy R,\u00a0 Van Campendhoudt L.,\u00a0 Manuel de recherche en sciences sociales , Dunod, 2022. <\/li><br><li>Singly, F. de. L&#8217;enqu\u00eate et ses m\u00e9thodes : le questionnaire, Armand Colin, 2012.<br><\/li><br><li>Singly, F. de (dir.). L&#8217;enqu\u00eate et ses m\u00e9thodes : l&#8217;entretien, Nathan, 2020.<br>Zagr\u00e9 A., M\u00e9thodologie de la recherche en sciences sociales, l\u2019Harmattan, 2013.<br><\/li><br><\/ul>                    <\/div>\n                <\/li>\n                \n            <\/ul>\n        <\/div>\n    <\/div>\n<\/div>    <\/div><\/div><\/section>\n<section\n    id=\"tabpanel-ac43d095-fdce-4807-ad18-c8312a3713fb\"\n    aria-labelledby=\"tab-ac43d095-fdce-4807-ad18-c8312a3713fb\"\n    class=\"tab-panel fade hidden is-hidden\"\n>\n    <div class=\"wp-block-unilux-blocks-course-offer\">\n    <h3>Course offer for Semestre 8 (2025-2026 Summer)<\/h3>\n    \n<div id=\"accordion-module-69f27c953f8f2\" class=\"accordion accordion--theme\">\n            \n<div class=\"accordion__item\">\n    <h4 class=\"accordion__header\">\n        <button\n                type=\"button\"\n                class=\"accordion__button collapsed\"\n                aria-expanded=\"false\"\n                data-bs-toggle=\"collapse\"\n                data-bs-target=\"#accordion-panel-69f27c953f911\"\n        >\n            <span class=\"accordion__title\">\n                M\u00e9moire de recherche                <span class=\"accordion__data\">\n                    <span class=\"accordion__data__item\">\n                        <span class=\"accordion__data__name\">ECTS credits:<\/span>\n                        <span class=\"accordion__data__value\">\n                            20                        <\/span>\n                    <\/span>\n                    <span class=\"accordion__data__item\">\n                        <span class=\"accordion__data__name\">Course code:<\/span>\n                        <span class=\"accordion__data__value\">\n                            MPM-35                        <\/span>\n                    <\/span>\n                <\/span>\n            <\/span>\n            <svg aria-hidden=\"true\" focusable=\"false\" class=\"icon icon-outline icon--arrow-down icon--lg\"><use xlink:href=\"https:\/\/www.uni.lu\/wp-content\/themes\/unilux-theme\/assets\/images\/icons\/icons-outline.svg#icon--arrow-down\"><\/use><\/svg>        <\/button>\n    <\/h4>\n\n    <div id=\"accordion-panel-69f27c953f911\" class=\"accordion__collapse collapse\" data-bs-parent=\"#accordion-module-69f27c953f8f2\">\n        <div class=\"accordion__body p-0\">\n            <ul class=\"list-highlighted\">\n                <li class=\"list-highlighted__item items-start\">\n                    <header class=\"list-highlighted__header\">\n                        <h5 class=\"text-18\"><strong>Details<\/strong><\/h5>\n                    <\/header>\n                    <div class=\"list-highlighted__body\">\n                        <ul>\n                            <li><span class=\"text-dark font-heading font-bold\">Course title:<\/span> M\u00e9moire de recherche<\/li>\n                            <li><span class=\"text-dark font-heading font-bold\">Number of ECTS:<\/span> 20<\/li>\n                            <li><span class=\"text-dark font-heading font-bold\">Course code:<\/span> MPM-35<\/li>\n                            <li><span class=\"text-dark font-heading font-bold\">Module(s):<\/span> ME 4-B : M\u00e9moire de recherche<\/li>\n                            <li><span class=\"text-dark font-heading font-bold\">Language:<\/span> FR<\/li>\n                            <li><span class=\"text-dark font-heading font-bold\">Mandatory:<\/span> Yes<\/li>\n                        <\/ul>\n                    <\/div>\n                <\/li>\n\n                <!--<li class=\"list-highlighted__item items-start\">-->\n                <!--    <header class=\"list-highlighted__header\">-->\n                <!--        <h5 class=\"text-18\"><strong>--><!--<\/strong><\/h5>-->\n                <!--    <\/header>-->\n                <!--    <div class=\"list-highlighted__body\">-->\n                <!--        <div class=\"speaker-group\">-->\n                <!--            -->                <!--        <\/div>-->\n                <!--    <\/div>-->\n                <!--<\/li>-->\n\n                \n                \n                \n                \n                \n                \n            <\/ul>\n        <\/div>\n    <\/div>\n<\/div>    <\/div><\/div><\/section>\n<\/div>\n<\/div><\/section>\n<\/div>","protected":false},"excerpt":{"rendered":"<p>The 4-year Master programme (120 ECTS) consists of 2 parts. Each part runs over two years and corresponds to 60 ECTS. Students have to complete a mandatory internship during the second year of the study programme. At the University of Luxembourg, classes are scheduled from 8.45 &#8211; 17.30 on Fridays and from 8.45 &#8211; 16.30 on Saturdays. Classes are taught in French. <\/p>\n","protected":false},"author":244,"featured_media":917,"parent":1162,"menu_order":0,"template":"","meta":{"featured_image_focal_point":[],"show_featured_caption":false,"ulux_newsletter_groups":"","uluxPostTitle":"Master en M\u00e9diation ","uluxPrePostTitle":"","_trash_the_other_posts":false,"_price":"","_stock":"","_tribe_ticket_header":"","_tribe_default_ticket_provider":"","_tribe_ticket_capacity":"0","_ticket_start_date":"","_ticket_end_date":"","_tribe_ticket_show_description":"","_tribe_ticket_show_not_going":false,"_tribe_ticket_use_global_stock":"","_tribe_ticket_global_stock_level":"","_global_stock_mode":"","_global_stock_cap":"","_tribe_rsvp_for_event":"","_tribe_ticket_going_count":"","_tribe_ticket_not_going_count":"","_tribe_tickets_list":"[]","_tribe_ticket_has_attendee_info_fields":false,"study_program_identifiers":"INGENMEDIAT__F3_MP_IM__F3_MP_IM","override_seo_title":false},"type-of-studies":[],"teaching-languages":[],"field-of-interest":[],"organisation":[],"authorship":[44,244],"acf":[],"yoast_head":"<!-- This site is optimized with the Yoast SEO Premium plugin v22.3 (Yoast SEO v22.3) - https:\/\/yoast.com\/wordpress\/plugins\/seo\/ -->\n<title>Master en M\u00e9diation: Courses | University of Luxembourg<\/title>\n<meta name=\"description\" content=\"The 4-year Master en M\u00e9diation programme (120 ECTS) consists of 2 parts. Each part runs over two years and corresponds to 60 ECTS.\" \/>\n<meta name=\"robots\" content=\"index, follow, max-snippet:-1, max-image-preview:large, max-video-preview:-1\" \/>\n<link rel=\"canonical\" href=\"https:\/\/www.uni.lu\/fhse-en\/study-programs\/master-en-mediation\/programme\/\" \/>\n<meta property=\"og:locale\" content=\"en_GB\" \/>\n<meta property=\"og:type\" content=\"article\" \/>\n<meta property=\"og:title\" content=\"Programme\" \/>\n<meta property=\"og:description\" content=\"The 4-year Master en M\u00e9diation programme (120 ECTS) consists of 2 parts. Each part runs over two years and corresponds to 60 ECTS.\" \/>\n<meta property=\"og:url\" content=\"https:\/\/www.uni.lu\/fhse-en\/study-programs\/master-en-mediation\/programme\/\" \/>\n<meta property=\"og:site_name\" content=\"FHSE EN\" \/>\n<meta property=\"article:modified_time\" content=\"2026-03-26T14:40:59+00:00\" \/>\n<meta property=\"og:image\" content=\"https:\/\/www.uni.lu\/wp-content\/uploads\/sites\/2\/2023\/07\/OVERVIEW_HANDSIuDYX0.jpg\" \/>\n\t<meta property=\"og:image:width\" content=\"2000\" \/>\n\t<meta property=\"og:image:height\" content=\"1333\" \/>\n\t<meta property=\"og:image:type\" content=\"image\/jpeg\" \/>\n<meta name=\"twitter:card\" content=\"summary_large_image\" \/>\n<meta name=\"twitter:label1\" content=\"Estimated reading time\" \/>\n\t<meta name=\"twitter:data1\" content=\"1 minute\" \/>\n<script type=\"application\/ld+json\" class=\"yoast-schema-graph\">{\"@context\":\"https:\/\/schema.org\",\"@graph\":[{\"@type\":\"WebPage\",\"@id\":\"https:\/\/www.uni.lu\/fhse-en\/study-programs\/master-en-mediation\/programme\/\",\"url\":\"https:\/\/www.uni.lu\/fhse-en\/study-programs\/master-en-mediation\/programme\/\",\"name\":\"Programme - Master en M\u00e9diation - FSTM I University of Luxembourg\",\"isPartOf\":{\"@id\":\"https:\/\/www.uni.lu\/fhse-en\/#website\"},\"primaryImageOfPage\":{\"@id\":\"https:\/\/www.uni.lu\/fhse-en\/study-programs\/master-en-mediation\/programme\/#primaryimage\"},\"image\":{\"@id\":\"https:\/\/www.uni.lu\/fhse-en\/study-programs\/master-en-mediation\/programme\/#primaryimage\"},\"thumbnailUrl\":\"https:\/\/www.uni.lu\/wp-content\/uploads\/sites\/2\/2023\/07\/OVERVIEW_HANDSIuDYX0.jpg\",\"datePublished\":\"2023-07-26T12:08:11+00:00\",\"dateModified\":\"2026-03-26T14:40:59+00:00\",\"description\":\"The 4-year Master en M\u00e9diation programme (120 ECTS) consists of 2 parts. Each part runs over two years and corresponds to 60 ECTS.\",\"breadcrumb\":{\"@id\":\"https:\/\/www.uni.lu\/fhse-en\/study-programs\/master-en-mediation\/programme\/#breadcrumb\"},\"inLanguage\":\"en-GB\",\"potentialAction\":[{\"@type\":\"ReadAction\",\"target\":[\"https:\/\/www.uni.lu\/fhse-en\/study-programs\/master-en-mediation\/programme\/\"]}]},{\"@type\":\"ImageObject\",\"inLanguage\":\"en-GB\",\"@id\":\"https:\/\/www.uni.lu\/fhse-en\/study-programs\/master-en-mediation\/programme\/#primaryimage\",\"url\":\"https:\/\/www.uni.lu\/wp-content\/uploads\/sites\/2\/2023\/07\/OVERVIEW_HANDSIuDYX0.jpg\",\"contentUrl\":\"https:\/\/www.uni.lu\/wp-content\/uploads\/sites\/2\/2023\/07\/OVERVIEW_HANDSIuDYX0.jpg\",\"width\":2000,\"height\":1333},{\"@type\":\"BreadcrumbList\",\"@id\":\"https:\/\/www.uni.lu\/fhse-en\/study-programs\/master-en-mediation\/programme\/#breadcrumb\",\"itemListElement\":[{\"@type\":\"ListItem\",\"position\":1,\"name\":\"Home\",\"item\":\"https:\/\/www.uni.lu\/en\"},{\"@type\":\"ListItem\",\"position\":2,\"name\":\"Faculty of Humanities, Education and Social Sciences\",\"item\":\"https:\/\/www.uni.lu\/fhse-en\/\"},{\"@type\":\"ListItem\",\"position\":3,\"name\":\"Study Programmes\",\"item\":\"https:\/\/www.uni.lu\/fhse-en\/study-programs\/\"},{\"@type\":\"ListItem\",\"position\":4,\"name\":\"Master en M\u00e9diation\",\"item\":\"https:\/\/www.uni.lu\/fhse-en\/study-programs\/master-en-mediation\/\"},{\"@type\":\"ListItem\",\"position\":5,\"name\":\"Programme\"}]},{\"@type\":\"WebSite\",\"@id\":\"https:\/\/www.uni.lu\/fhse-en\/#website\",\"url\":\"https:\/\/www.uni.lu\/fhse-en\/\",\"name\":\"FHSE\",\"description\":\"Faculty of Humanities, Education and Social Sciences I Uni.lu\",\"publisher\":{\"@id\":\"https:\/\/www.uni.lu\/fhse-en\/#organization\"},\"alternateName\":\"Faculty of Humanities, Education and Social Sciences I University of Luxembourg\",\"potentialAction\":[{\"@type\":\"SearchAction\",\"target\":{\"@type\":\"EntryPoint\",\"urlTemplate\":\"https:\/\/www.uni.lu\/fhse-en\/?s={search_term_string}\"},\"query-input\":\"required name=search_term_string\"}],\"inLanguage\":\"en-GB\"},{\"@type\":\"Organization\",\"@id\":\"https:\/\/www.uni.lu\/fhse-en\/#organization\",\"name\":\"FHSE - University of Luxembourg I Uni.lu\",\"alternateName\":\"Faculty of Humanities, Education and Social Sciences\",\"url\":\"https:\/\/www.uni.lu\/fhse-en\/\",\"logo\":{\"@type\":\"ImageObject\",\"inLanguage\":\"en-GB\",\"@id\":\"https:\/\/www.uni.lu\/fhse-en\/#\/schema\/logo\/image\/\",\"url\":\"https:\/\/www.uni.lu\/wp-content\/uploads\/sites\/2\/2026\/03\/03112240\/FHSE_SM-Profile_1600x1600px-scaled.jpg\",\"contentUrl\":\"https:\/\/www.uni.lu\/wp-content\/uploads\/sites\/2\/2026\/03\/03112240\/FHSE_SM-Profile_1600x1600px-scaled.jpg\",\"width\":2560,\"height\":2560,\"caption\":\"FHSE - University of Luxembourg I Uni.lu\"},\"image\":\"https:\/\/www.uni.lu\/wp-content\/uploads\/sites\/2\/2026\/04\/24144328\/20200609-Belval-Campus_Henri-Goergen-23.jpg\",\"sameAs\":[\"https:\/\/humanities.uni.lu\/\"],\"email\":\"communication@uni.lu\",\"telephone\":\"+3524666441\",\"address\":{\"@type\":\"PostalAddress\",\"streetAddress\":\"11, Porte des Sciences\",\"addressLocality\":\"Esch-sur-Alzette\",\"postalCode\":\"4365\",\"addressCountry\":\"LU\"},\"description\":\"Faculty of Humanities, Education and Social Sciences I Uni.lu\"}]}<\/script>\n<!-- \/ Yoast SEO Premium plugin. -->","yoast_head_json":{"title":"Master en M\u00e9diation: Courses | University of Luxembourg","description":"The 4-year Master en M\u00e9diation programme (120 ECTS) consists of 2 parts. Each part runs over two years and corresponds to 60 ECTS.","robots":{"index":"index","follow":"follow","max-snippet":"max-snippet:-1","max-image-preview":"max-image-preview:large","max-video-preview":"max-video-preview:-1"},"canonical":"https:\/\/www.uni.lu\/fhse-en\/study-programs\/master-en-mediation\/programme\/","og_locale":"en_GB","og_type":"article","og_title":"Programme","og_description":"The 4-year Master en M\u00e9diation programme (120 ECTS) consists of 2 parts. Each part runs over two years and corresponds to 60 ECTS.","og_url":"https:\/\/www.uni.lu\/fhse-en\/study-programs\/master-en-mediation\/programme\/","og_site_name":"FHSE EN","article_modified_time":"2026-03-26T14:40:59+00:00","og_image":[{"width":2000,"height":1333,"url":"https:\/\/www.uni.lu\/wp-content\/uploads\/sites\/2\/2023\/07\/OVERVIEW_HANDSIuDYX0.jpg","type":"image\/jpeg"}],"twitter_card":"summary_large_image","twitter_misc":{"Estimated reading time":"1 minute"},"schema":{"@context":"https:\/\/schema.org","@graph":[{"@type":"WebPage","@id":"https:\/\/www.uni.lu\/fhse-en\/study-programs\/master-en-mediation\/programme\/","url":"https:\/\/www.uni.lu\/fhse-en\/study-programs\/master-en-mediation\/programme\/","name":"Programme - Master en M\u00e9diation - FSTM I University of Luxembourg","isPartOf":{"@id":"https:\/\/www.uni.lu\/fhse-en\/#website"},"primaryImageOfPage":{"@id":"https:\/\/www.uni.lu\/fhse-en\/study-programs\/master-en-mediation\/programme\/#primaryimage"},"image":{"@id":"https:\/\/www.uni.lu\/fhse-en\/study-programs\/master-en-mediation\/programme\/#primaryimage"},"thumbnailUrl":"https:\/\/www.uni.lu\/wp-content\/uploads\/sites\/2\/2023\/07\/OVERVIEW_HANDSIuDYX0.jpg","datePublished":"2023-07-26T12:08:11+00:00","dateModified":"2026-03-26T14:40:59+00:00","description":"The 4-year Master en M\u00e9diation programme (120 ECTS) consists of 2 parts. Each part runs over two years and corresponds to 60 ECTS.","breadcrumb":{"@id":"https:\/\/www.uni.lu\/fhse-en\/study-programs\/master-en-mediation\/programme\/#breadcrumb"},"inLanguage":"en-GB","potentialAction":[{"@type":"ReadAction","target":["https:\/\/www.uni.lu\/fhse-en\/study-programs\/master-en-mediation\/programme\/"]}]},{"@type":"ImageObject","inLanguage":"en-GB","@id":"https:\/\/www.uni.lu\/fhse-en\/study-programs\/master-en-mediation\/programme\/#primaryimage","url":"https:\/\/www.uni.lu\/wp-content\/uploads\/sites\/2\/2023\/07\/OVERVIEW_HANDSIuDYX0.jpg","contentUrl":"https:\/\/www.uni.lu\/wp-content\/uploads\/sites\/2\/2023\/07\/OVERVIEW_HANDSIuDYX0.jpg","width":2000,"height":1333},{"@type":"BreadcrumbList","@id":"https:\/\/www.uni.lu\/fhse-en\/study-programs\/master-en-mediation\/programme\/#breadcrumb","itemListElement":[{"@type":"ListItem","position":1,"name":"Home","item":"https:\/\/www.uni.lu\/en"},{"@type":"ListItem","position":2,"name":"Faculty of Humanities, Education and Social Sciences","item":"https:\/\/www.uni.lu\/fhse-en\/"},{"@type":"ListItem","position":3,"name":"Study Programmes","item":"https:\/\/www.uni.lu\/fhse-en\/study-programs\/"},{"@type":"ListItem","position":4,"name":"Master en M\u00e9diation","item":"https:\/\/www.uni.lu\/fhse-en\/study-programs\/master-en-mediation\/"},{"@type":"ListItem","position":5,"name":"Programme"}]},{"@type":"WebSite","@id":"https:\/\/www.uni.lu\/fhse-en\/#website","url":"https:\/\/www.uni.lu\/fhse-en\/","name":"FHSE","description":"Faculty of Humanities, Education and Social Sciences I Uni.lu","publisher":{"@id":"https:\/\/www.uni.lu\/fhse-en\/#organization"},"alternateName":"Faculty of Humanities, Education and Social Sciences I University of Luxembourg","potentialAction":[{"@type":"SearchAction","target":{"@type":"EntryPoint","urlTemplate":"https:\/\/www.uni.lu\/fhse-en\/?s={search_term_string}"},"query-input":"required name=search_term_string"}],"inLanguage":"en-GB"},{"@type":"Organization","@id":"https:\/\/www.uni.lu\/fhse-en\/#organization","name":"FHSE - University of Luxembourg I Uni.lu","alternateName":"Faculty of Humanities, Education and Social Sciences","url":"https:\/\/www.uni.lu\/fhse-en\/","logo":{"@type":"ImageObject","inLanguage":"en-GB","@id":"https:\/\/www.uni.lu\/fhse-en\/#\/schema\/logo\/image\/","url":"https:\/\/www.uni.lu\/wp-content\/uploads\/sites\/2\/2026\/03\/03112240\/FHSE_SM-Profile_1600x1600px-scaled.jpg","contentUrl":"https:\/\/www.uni.lu\/wp-content\/uploads\/sites\/2\/2026\/03\/03112240\/FHSE_SM-Profile_1600x1600px-scaled.jpg","width":2560,"height":2560,"caption":"FHSE - University of Luxembourg I Uni.lu"},"image":"https:\/\/www.uni.lu\/wp-content\/uploads\/sites\/2\/2026\/04\/24144328\/20200609-Belval-Campus_Henri-Goergen-23.jpg","sameAs":["https:\/\/humanities.uni.lu\/"],"email":"communication@uni.lu","telephone":"+3524666441","address":{"@type":"PostalAddress","streetAddress":"11, Porte des Sciences","addressLocality":"Esch-sur-Alzette","postalCode":"4365","addressCountry":"LU"},"description":"Faculty of Humanities, Education and Social Sciences I Uni.lu"}]}},"_links":{"self":[{"href":"https:\/\/www.uni.lu\/fhse-en\/wp-json\/wp\/v2\/study-programs\/1163"}],"collection":[{"href":"https:\/\/www.uni.lu\/fhse-en\/wp-json\/wp\/v2\/study-programs"}],"about":[{"href":"https:\/\/www.uni.lu\/fhse-en\/wp-json\/wp\/v2\/types\/study-programs"}],"author":[{"embeddable":true,"href":"https:\/\/www.uni.lu\/fhse-en\/wp-json\/wp\/v2\/users\/244"}],"version-history":[{"count":1,"href":"https:\/\/www.uni.lu\/fhse-en\/wp-json\/wp\/v2\/study-programs\/1163\/revisions"}],"predecessor-version":[{"id":33959,"href":"https:\/\/www.uni.lu\/fhse-en\/wp-json\/wp\/v2\/study-programs\/1163\/revisions\/33959"}],"up":[{"embeddable":true,"href":"https:\/\/www.uni.lu\/fhse-en\/wp-json\/wp\/v2\/study-programs\/1162"}],"wp:authorship":[{"embeddable":true,"href":"https:\/\/www.uni.lu\/fhse-en\/wp-json\/wp\/v2\/users\/44"},{"embeddable":true,"href":"https:\/\/www.uni.lu\/fhse-en\/wp-json\/wp\/v2\/users\/244"}],"wp:featuredmedia":[{"embeddable":true,"href":"https:\/\/www.uni.lu\/fhse-en\/wp-json\/wp\/v2\/media\/917"}],"wp:attachment":[{"href":"https:\/\/www.uni.lu\/fhse-en\/wp-json\/wp\/v2\/media?parent=1163"}],"wp:term":[{"taxonomy":"type-of-studies","embeddable":true,"href":"https:\/\/www.uni.lu\/fhse-en\/wp-json\/wp\/v2\/type-of-studies?post=1163"},{"taxonomy":"teaching-languages","embeddable":true,"href":"https:\/\/www.uni.lu\/fhse-en\/wp-json\/wp\/v2\/teaching-languages?post=1163"},{"taxonomy":"field-of-interest","embeddable":true,"href":"https:\/\/www.uni.lu\/fhse-en\/wp-json\/wp\/v2\/field-of-interest?post=1163"},{"taxonomy":"organisation","embeddable":true,"href":"https:\/\/www.uni.lu\/fhse-en\/wp-json\/wp\/v2\/organisation?post=1163"}],"curies":[{"name":"wp","href":"https:\/\/api.w.org\/{rel}","templated":true}]}}