{"id":1148,"date":"2023-07-17T17:06:02","date_gmt":"2023-07-17T17:06:02","guid":{"rendered":"https:\/\/website.prod.unilu.spikeseed.cloud\/fhse-en\/study-programs\/master-en-enseignement-secondaire-langue-et-litterature-luxembourgeoise\/programme\/"},"modified":"2026-01-16T12:48:28","modified_gmt":"2026-01-16T11:48:28","slug":"programme","status":"publish","type":"study-programs","link":"https:\/\/www.uni.lu\/fhse-en\/study-programs\/master-en-enseignement-secondaire-langue-et-litterature-luxembourgeoise\/programme\/","title":{"rendered":"Programme"},"content":{"rendered":"<div class=\"section py-0 static\">\n<section class=\"py-0 wp-block-unilux-blocks-free-section section\"><div class=\"container xl:max-w-screen-xl\"><!-- SecondaryNavigationMirror --><div class=\"js-secondary-nav--sticky wp-block-unilux-blocks-secondary-navigation\" id=\"9b35463a-6111-418b-9578-26db69006934\">\n    <nav id=\"secondary-navigation\" role=\"navigation\" aria-label=\"Secondary menu\" class=\"secondary-nav\">\n        <button class=\"secondary-nav__button btn btn-solid--primary w-full\" aria-expanded=\"false\" aria-controls=\"secondary-navigation__list\" title=\"The selected page is Overview\" type=\"button\">\n            <span class=\"btn__name mr-auto\">Overview<\/span>\n            <svg aria-hidden=\"true\" focusable=\"false\" class=\"icon icon-outline icon--xs\">\n                <use xlink:href=\"https:\/\/www.uni.lu\/wp-content\/themes\/unilux-theme\/assets\/images\/icons\/icons-outline.svg#icon--arrow-down\" \/>\n            <\/svg>\n        <\/button>\n\n        <ul id=\"secondary-navigation__list\" class=\"secondary-nav__list\">\n            <li class=\"secondary-nav__item\">\n    <a href=\"https:\/\/www.uni.lu\/fhse-en\/study-programs\/master-en-enseignement-secondaire-langue-et-litterature-luxembourgeoise\/\" target=\"\" rel=\"noreferrer noopener\" class=\"secondary-nav__link \">\n        <svg aria-hidden=\"true\" focusable=\"false\" class=\"icon icon-outline icon--xs\">\n            <use xlink:href=\"https:\/\/www.uni.lu\/wp-content\/themes\/unilux-theme\/assets\/images\/icons\/icons-outline.svg#icon--arrow-right\" \/>\n        <\/svg>\n        <span class=\"secondary-nav__name\">Overview<\/span>\n    <\/a>\n<\/li>\n<li class=\"secondary-nav__item\">\n    <a href=\"https:\/\/www.uni.lu\/fhse-en\/study-programs\/master-en-enseignement-secondaire-langue-et-litterature-luxembourgeoise\/programme\/\" target=\"\" rel=\"noreferrer noopener\" class=\"secondary-nav__link isactived\" aria-current=\"page\">\n        <svg aria-hidden=\"true\" focusable=\"false\" class=\"icon icon-outline icon--xs\">\n            <use xlink:href=\"https:\/\/www.uni.lu\/wp-content\/themes\/unilux-theme\/assets\/images\/icons\/icons-outline.svg#icon--arrow-right\" \/>\n        <\/svg>\n        <span class=\"secondary-nav__name\">Programme<\/span>\n    <\/a>\n<\/li>\n<li class=\"secondary-nav__item\">\n    <a href=\"https:\/\/www.uni.lu\/fhse-en\/study-programs\/master-en-enseignement-secondaire-langue-et-litterature-luxembourgeoise\/edusciences\/\" target=\"\" rel=\"noreferrer noopener\" class=\"secondary-nav__link \">\n        <svg aria-hidden=\"true\" focusable=\"false\" class=\"icon icon-outline icon--xs\">\n            <use xlink:href=\"https:\/\/www.uni.lu\/wp-content\/themes\/unilux-theme\/assets\/images\/icons\/icons-outline.svg#icon--arrow-right\" \/>\n        <\/svg>\n        <span class=\"secondary-nav__name\">EduSciences<\/span>\n    <\/a>\n<\/li>\n<li class=\"secondary-nav__item\">\n    <a href=\"https:\/\/www.uni.lu\/fhse-en\/study-programs\/master-en-enseignement-secondaire-langue-et-litterature-luxembourgeoise\/career\/\" target=\"\" rel=\"noreferrer noopener\" class=\"secondary-nav__link \">\n        <svg aria-hidden=\"true\" focusable=\"false\" class=\"icon icon-outline icon--xs\">\n            <use xlink:href=\"https:\/\/www.uni.lu\/wp-content\/themes\/unilux-theme\/assets\/images\/icons\/icons-outline.svg#icon--arrow-right\" \/>\n        <\/svg>\n        <span class=\"secondary-nav__name\">Career<\/span>\n    <\/a>\n<\/li>\n<li class=\"secondary-nav__item\">\n    <a href=\"https:\/\/www.uni.lu\/fhse-en\/study-programs\/master-en-enseignement-secondaire-langue-et-litterature-luxembourgeoise\/teaching-staff\/\" target=\"\" rel=\"noreferrer noopener\" class=\"secondary-nav__link \">\n        <svg aria-hidden=\"true\" focusable=\"false\" class=\"icon icon-outline icon--xs\">\n            <use xlink:href=\"https:\/\/www.uni.lu\/wp-content\/themes\/unilux-theme\/assets\/images\/icons\/icons-outline.svg#icon--arrow-right\" \/>\n        <\/svg>\n        <span class=\"secondary-nav__name\">Teaching staff<\/span>\n    <\/a>\n<\/li>\n<li class=\"secondary-nav__item\">\n    <a href=\"https:\/\/www.uni.lu\/fhse-en\/study-programs\/master-en-enseignement-secondaire-langue-et-litterature-luxembourgeoise\/admissions\/\" target=\"\" rel=\"noreferrer noopener\" class=\"secondary-nav__link \">\n        <svg aria-hidden=\"true\" focusable=\"false\" class=\"icon icon-outline icon--xs\">\n            <use xlink:href=\"https:\/\/www.uni.lu\/wp-content\/themes\/unilux-theme\/assets\/images\/icons\/icons-outline.svg#icon--arrow-right\" \/>\n        <\/svg>\n        <span class=\"secondary-nav__name\">Admissions<\/span>\n    <\/a>\n<\/li>\n        <\/ul>\n    <\/nav>\n<\/div>\n<!-- end SecondaryNavigationMirror --><\/div><\/section>\n\n\n\n<section class=\"wp-block-unilux-blocks-free-section section\"><div class=\"container xl:max-w-screen-xl\">\n<div class=\"wp-block-columns is-layout-flex wp-block-columns-is-layout-flex\">\n<div class=\"wp-block-column is-layout-flow wp-block-column-is-layout-flow\">\n<h1 class=\"has-text-align-left wp-block-unilux-blocks-heading\"        id=\"programme\"\n    >\nProgramme<\/h1>\n\n\n\n<p>The curriculum covers a full-time, two-year programme (120 ECTS). The topics focus on Luxembourgish language, literature(s) and culture. To prepare for the future career as a secondary school teacher courses are also offered in language and literature didactics. Furthermore, through two internships in Luxembourgish schools, students are introduced to classroom teaching during their studies.<\/p>\n\n\n\n<ul class=\"wp-block-unilux-blocks-custom-buttons btn-list\"><li class=\"wp-block-unilux-blocks-custom-button\"    aria-disabled=\"false\"\n    >\n    <a\n        role=\"link\"\n        aria-disabled=\"false\"\n                    href=\"https:\/\/www.uni.lu\/fhse-en\/study-programs\/master-en-enseignement-secondaire-langue-et-litterature-luxembourgeoise\/admissions\/\"\n                target=\"_self\"\n        class=\"btn btn--primary\"\n            >Admissions<\/a>\n<\/li>\n<\/ul>\n<\/div>\n\n\n\n<div class=\"wp-block-column is-layout-flow wp-block-column-is-layout-flow\"><figure class=\"wp-block-dev4-reusable-blocks-image  object-fit--cover\">\n    \n<img decoding=\"async\" class=\"wp-block-image unilux-custom-image-block\"\n                alt=\"\"\n            src=\"https:\/\/www.uni.lu\/wp-content\/uploads\/sites\/2\/2023\/07\/OVERVIEW_STUDENTSdVDGpk.jpg\"\n                srcset=\"https:\/\/www.uni.lu\/wp-content\/uploads\/sites\/2\/2023\/07\/OVERVIEW_STUDENTSdVDGpk-300x174.jpg 300w, https:\/\/www.uni.lu\/wp-content\/uploads\/sites\/2\/2023\/07\/OVERVIEW_STUDENTSdVDGpk-1024x594.jpg 1024w, https:\/\/www.uni.lu\/wp-content\/uploads\/sites\/2\/2023\/07\/OVERVIEW_STUDENTSdVDGpk-768x445.jpg 768w, https:\/\/www.uni.lu\/wp-content\/uploads\/sites\/2\/2023\/07\/OVERVIEW_STUDENTSdVDGpk-1536x891.jpg 1536w, https:\/\/www.uni.lu\/wp-content\/uploads\/sites\/2\/2023\/07\/OVERVIEW_STUDENTSdVDGpk.jpg 2000w\"\n                style=\"object-position: 50.00% 50.00%; font-family: &quot;object-fit: cover; object-position: 50.00% 50.00%;&quot;; aspect-ratio: 3\/2; object-fit: cover; width: 100%;\"\n        loading=\"lazy\"\n\/>    <\/figure><\/div>\n<\/div>\n<\/div><\/section>\n\n\n\n<section class=\"wp-block-unilux-blocks-free-section section\"><div class=\"container xl:max-w-screen-xl\">\n<h2 class=\"has-text-align-left wp-block-unilux-blocks-heading\"        id=\"academic-contents\"\n    >\nAcademic Contents<\/h2>\n\n\n\n<div id=\"tab-nav\" class=\"tab-nav\">\n    <button\n        type=\"button\"\n        class=\"button-toggle btn btn--white w-full\"\n        aria-expanded=\"false\"\n        aria-controls=\"tab-nav__listing\"\n        title=\"The selected tab is CONTENT OF THE CURRENT LABEL\"\n    >\n        <span class=\"btn__name mr-auto\">Semester 1<\/span>\n        <svg aria-hidden=\"true\" focusable=\"false\" class=\"icon icon-outline icon--xs\">\n            <use xlink:href=\"https:\/\/www.uni.lu\/wp-content\/themes\/unilux-theme\/assets\/images\/icons\/icons-outline.svg#icon--arrow-down\" \/>\n        <\/svg>\n    <\/button>\n    <ul\n        id=\"tab-nav__listing\"\n        class=\"tab-nav__listing nav manual\"\n        role=\"tablist\"\n        aria-label=\"About me\"\n    >\n                <li role=\"presentation\" class=\"tab-nav__item\" key={button.id}>\n            <button\n                type=\"button\"\n                id=\"tab-946bd8af-b326-46e3-ada0-f69f52327eca\"\n                data-bs-toggle=\"tab\"\n                data-bs-target=\"#tabpanel-946bd8af-b326-46e3-ada0-f69f52327eca\"\n                role=\"tab\"\n                aria-controls=\"tabpanel-946bd8af-b326-46e3-ada0-f69f52327eca\"\n                aria-selected=\"false\"\n                aria-current=\"false\"\n                class=\"tab-nav__button\"\n                tabIndex=\"-1\"\n            >\n                <svg aria-hidden=\"true\" focusable=\"false\" class=\"icon icon-outline icon--xs\">\n                    <use xlink:href=\"https:\/\/www.uni.lu\/wp-content\/themes\/unilux-theme\/assets\/images\/icons\/icons-outline.svg#icon--arrow-right\" \/>\n                <\/svg>\n                <span class=\"tab-nav__name\">Semester 1<\/span>\n            <\/button>\n        <\/li>\n                <li role=\"presentation\" class=\"tab-nav__item\" key={button.id}>\n            <button\n                type=\"button\"\n                id=\"tab-8ec35c3d-5855-418d-848b-348c2209d57a\"\n                data-bs-toggle=\"tab\"\n                data-bs-target=\"#tabpanel-8ec35c3d-5855-418d-848b-348c2209d57a\"\n                role=\"tab\"\n                aria-controls=\"tabpanel-8ec35c3d-5855-418d-848b-348c2209d57a\"\n                aria-selected=\"false\"\n                aria-current=\"false\"\n                class=\"tab-nav__button\"\n                tabIndex=\"-1\"\n            >\n                <svg aria-hidden=\"true\" focusable=\"false\" class=\"icon icon-outline icon--xs\">\n                    <use xlink:href=\"https:\/\/www.uni.lu\/wp-content\/themes\/unilux-theme\/assets\/images\/icons\/icons-outline.svg#icon--arrow-right\" \/>\n                <\/svg>\n                <span class=\"tab-nav__name\">Semester 2<\/span>\n            <\/button>\n        <\/li>\n                <li role=\"presentation\" class=\"tab-nav__item\" key={button.id}>\n            <button\n                type=\"button\"\n                id=\"tab-6795bc38-b171-478a-84c9-b7a5aa8ad27c\"\n                data-bs-toggle=\"tab\"\n                data-bs-target=\"#tabpanel-6795bc38-b171-478a-84c9-b7a5aa8ad27c\"\n                role=\"tab\"\n                aria-controls=\"tabpanel-6795bc38-b171-478a-84c9-b7a5aa8ad27c\"\n                aria-selected=\"false\"\n                aria-current=\"false\"\n                class=\"tab-nav__button\"\n                tabIndex=\"-1\"\n            >\n                <svg aria-hidden=\"true\" focusable=\"false\" class=\"icon icon-outline icon--xs\">\n                    <use xlink:href=\"https:\/\/www.uni.lu\/wp-content\/themes\/unilux-theme\/assets\/images\/icons\/icons-outline.svg#icon--arrow-right\" \/>\n                <\/svg>\n                <span class=\"tab-nav__name\">Semester 3<\/span>\n            <\/button>\n        <\/li>\n                <li role=\"presentation\" class=\"tab-nav__item\" key={button.id}>\n            <button\n                type=\"button\"\n                id=\"tab-a5249da2-396d-4dda-9bf6-3760d6a11961\"\n                data-bs-toggle=\"tab\"\n                data-bs-target=\"#tabpanel-a5249da2-396d-4dda-9bf6-3760d6a11961\"\n                role=\"tab\"\n                aria-controls=\"tabpanel-a5249da2-396d-4dda-9bf6-3760d6a11961\"\n                aria-selected=\"false\"\n                aria-current=\"false\"\n                class=\"tab-nav__button\"\n                tabIndex=\"-1\"\n            >\n                <svg aria-hidden=\"true\" focusable=\"false\" class=\"icon icon-outline icon--xs\">\n                    <use xlink:href=\"https:\/\/www.uni.lu\/wp-content\/themes\/unilux-theme\/assets\/images\/icons\/icons-outline.svg#icon--arrow-right\" \/>\n                <\/svg>\n                <span class=\"tab-nav__name\">Semester 4<\/span>\n            <\/button>\n        <\/li>\n            <\/ul>\n<\/div>\n<div class=\"tab-content\">\n    <section\n    id=\"tabpanel-946bd8af-b326-46e3-ada0-f69f52327eca\"\n    aria-labelledby=\"tab-946bd8af-b326-46e3-ada0-f69f52327eca\"\n    class=\"tab-panel fade hidden is-hidden\"\n>\n    <div class=\"wp-block-unilux-blocks-course-offer\">\n    <h3>Course offer for Langue et litt\u00e9rature luxembourgeoise, Semestre 1 (2025-2026 Winter)<\/h3>\n    \n<div id=\"accordion-module-69f20f277c641\" class=\"accordion accordion--theme\">\n            \n<div class=\"accordion__item\">\n    <h4 class=\"accordion__header\">\n        <button\n                type=\"button\"\n                class=\"accordion__button collapsed\"\n                aria-expanded=\"false\"\n                data-bs-toggle=\"collapse\"\n                data-bs-target=\"#accordion-panel-69f20f277c671\"\n        >\n            <span class=\"accordion__title\">\n                L\u00ebtzebuergesch Linguistik 1                <span class=\"accordion__data\">\n                    <span class=\"accordion__data__item\">\n                        <span class=\"accordion__data__name\">ECTS credits:<\/span>\n                        <span class=\"accordion__data__value\">\n                            5                        <\/span>\n                    <\/span>\n                    <span class=\"accordion__data__item\">\n                        <span class=\"accordion__data__name\">Course code:<\/span>\n                        <span class=\"accordion__data__value\">\n                            F3_SECEDUC-45                        <\/span>\n                    <\/span>\n                <\/span>\n            <\/span>\n            <svg aria-hidden=\"true\" focusable=\"false\" class=\"icon icon-outline icon--arrow-down icon--lg\"><use xlink:href=\"https:\/\/www.uni.lu\/wp-content\/themes\/unilux-theme\/assets\/images\/icons\/icons-outline.svg#icon--arrow-down\"><\/use><\/svg>        <\/button>\n    <\/h4>\n\n    <div id=\"accordion-panel-69f20f277c671\" class=\"accordion__collapse collapse\" data-bs-parent=\"#accordion-module-69f20f277c641\">\n        <div class=\"accordion__body p-0\">\n            <ul class=\"list-highlighted\">\n                <li class=\"list-highlighted__item items-start\">\n                    <header class=\"list-highlighted__header\">\n                        <h5 class=\"text-18\"><strong>Details<\/strong><\/h5>\n                    <\/header>\n                    <div class=\"list-highlighted__body\">\n                        <ul>\n                            <li><span class=\"text-dark font-heading font-bold\">Course title:<\/span> L\u00ebtzebuergesch Linguistik 1<\/li>\n                            <li><span class=\"text-dark font-heading font-bold\">Number of ECTS:<\/span> 5<\/li>\n                            <li><span class=\"text-dark font-heading font-bold\">Course code:<\/span> F3_SECEDUC-45<\/li>\n                            <li><span class=\"text-dark font-heading font-bold\">Module(s):<\/span> Modul: L\u00ebtzebuergesch Linguistik<\/li>\n                            <li><span class=\"text-dark font-heading font-bold\">Language:<\/span> LB<\/li>\n                            <li><span class=\"text-dark font-heading font-bold\">Mandatory:<\/span> Yes<\/li>\n                        <\/ul>\n                    <\/div>\n                <\/li>\n\n                <!--<li class=\"list-highlighted__item items-start\">-->\n                <!--    <header class=\"list-highlighted__header\">-->\n                <!--        <h5 class=\"text-18\"><strong>--><!--<\/strong><\/h5>-->\n                <!--    <\/header>-->\n                <!--    <div class=\"list-highlighted__body\">-->\n                <!--        <div class=\"speaker-group\">-->\n                <!--            -->                <!--        <\/div>-->\n                <!--    <\/div>-->\n                <!--<\/li>-->\n\n                \n                                <li class=\"list-highlighted__item items-start\">\n                    <header class=\"list-highlighted__header\">\n                        <h5 class=\"text-18\"><strong>Course learning outcomes<\/strong><\/h5>\n                    <\/header>\n                    <div class=\"list-highlighted__body\">\n                        <p><br>Um Enn vum Cours k\u00ebnnen d&#8217;Studentinnen an d&#8217;Studenten:<br><\/p><br><ul><br><li>D&#8217; grammatesch Struktur vum L\u00ebtzebuergesche analys\u00e9ieren an erkl\u00e4ren<\/li><br><li>Analytescht Handwierksgeschir kompetent asetzen<\/li><br><li>Variatioun an der Sprooch erkennen a m\u00e9iglech Sourc\u00eb fir d&#8217;Variatioun diskut\u00e9ieren<\/li><br><\/ul>                    <\/div>\n                <\/li>\n                \n                                <li class=\"list-highlighted__item items-start\">\n                    <header class=\"list-highlighted__header\">\n                        <h5 class=\"text-18\"><strong>Description<\/strong><\/h5>\n                    <\/header>\n                    <div class=\"list-highlighted__body\">\n                        <p>An d\u00ebsem Cours g\u00ebtt dat n\u00e9idegt Handwierksgeschir ausgeschafft, fir d\u00e9i grammatesch Struktur vum L\u00ebtzebuergesche beschreiwen ze k\u00ebnnen. A Form vun enger Virliesung ginn d\u00e9i heite K\u00e4rber\u00e4icher vun der Linguistik trait\u00e9iert:<\/p><ol><li>Sproochhistoresch a soziolinguistesch Af\u00e9ierung<\/li><li>Phonetik\/Phonologie &#8211; d\u00e9i lautlech Struktur<\/li><li>Morphologie &#8211; den Opbau vum Wuert (Verben, Substantiver)<\/li><\/ol><p>Allgemengt Zil ass et, nieft Beschreiwungs- a Systematis\u00e9ierungskompetenzen och d\u00e9i n\u00e9ideg Sensibilis\u00e9ierung fir d\u00e9i h\u00e9ich Variatioun am L\u00ebtzebuergeschen opzebauen.<\/p><p>Als \u00dcbung a Verd\u00e9iwung g\u00ebtt fir d\u00ebse Cours e fakultativen Tutorat ugebueden.<\/p><p>\u00a0<\/p><p>An d\u00ebsem Cours g\u00ebtt d\u00e9i L\u00ebtzebuerger Orthographie NET ausf\u00e9ierlech trait\u00e9iert. D&#8217;Orthographie ass allerd\u00e9ngs integralen Deel vum Examen an d\u00ebsem Cours. An enger Dict\u00e9e muss all Student weisen, datt hien d&#8217;Schreifweis beherrscht. Studenten, d\u00e9i d&#8217;Schreifweis nach net beherrschen oder sech nach ons\u00e9cher spieren, hunn d&#8217;M\u00e9iglechkeet an engem zous\u00e4tzleche Cours (&#8220;Richteg L\u00ebtzebuergesch Schreiwen&#8221;, Dozentin: Caroline D\u00f6hmer) d\u00ebs Kompetenzen opzebauen oder opzefr\u00ebschen.<\/p>                    <\/div>\n                <\/li>\n                \n                \n                                <li class=\"list-highlighted__item items-start\">\n                    <header class=\"list-highlighted__header\">\n                        <h5 class=\"text-18\"><strong>Assessment<\/strong><\/h5>\n                    <\/header>\n                    <div class=\"list-highlighted__body\">\n                        <p><br>Combined Assessment:<br><\/p><br><p>\u00a0<\/p><br><ul><br><li>Dict\u00e9e<\/li><br><li>Schr\u00ebftlechen Examen<\/li><br><\/ul>                    <\/div>\n                <\/li>\n                \n                                <li class=\"list-highlighted__item items-start\">\n                    <header class=\"list-highlighted__header\">\n                        <h5 class=\"text-18\"><strong>Note<\/strong><\/h5>\n                    <\/header>\n                    <div class=\"list-highlighted__body\">\n                        <p><br>Bibliografie:<br><\/p><br><ul><br><li>Braun, Josy\/ Marianne Johanns-Schlechter\/ Jos\u00e9e Kauffmann-Frantz\/ Henri Losch\/ Genevi\u00e8ve Magnette-Barthel (2005): Grammaire de la langue luxembourgeoise. Luxembourg: MENFP.\u00a0<\/li><br><\/ul><br><ul><br><li>M\u00fcller, Horst M. (Hg.) (2002): Arbeitsbuch Linguistik. \u2013 Paderborn: UTB Sch\u00f6ning.\u00a0<\/li><br><\/ul><br><ul><br><li>Schanen, Fran\u00e7ois (2004): Parlons Luxembourgeois. \u2013 Paris: L\u2019Harmattan.\u00a0<\/li><br><\/ul><br><ul><br><li>Schanen, Fran\u00e7ois\/ Zimmer, Jacqui (2005, 2006): 1, 2, 3 L\u00ebtzebuergesch Grammaire. Vol.1: Le groupe verbal. Vol.2: Le groupe nominal. Vol.3: L&#8217;orthographe. \u2013 Esch-sur-Alzette: Schortgen.<\/li><br><\/ul><br><p>Doriwwer eraus g\u00ebtt um Ufank vum Semester e Reader mat Grondlagentexter zur Verf\u00fcgung gestallt.<\/p>                    <\/div>\n                <\/li>\n                \n            <\/ul>\n        <\/div>\n    <\/div>\n<\/div>            \n<div class=\"accordion__item\">\n    <h4 class=\"accordion__header\">\n        <button\n                type=\"button\"\n                class=\"accordion__button collapsed\"\n                aria-expanded=\"false\"\n                data-bs-toggle=\"collapse\"\n                data-bs-target=\"#accordion-panel-69f20f277c68b\"\n        >\n            <span class=\"accordion__title\">\n                Tutorat: L\u00ebtzebuergesch Linguistik 1                <span class=\"accordion__data\">\n                    <span class=\"accordion__data__item\">\n                        <span class=\"accordion__data__name\">ECTS credits:<\/span>\n                        <span class=\"accordion__data__value\">\n                            0                        <\/span>\n                    <\/span>\n                    <span class=\"accordion__data__item\">\n                        <span class=\"accordion__data__name\">Course code:<\/span>\n                        <span class=\"accordion__data__value\">\n                            F3_SECEDUC-53                        <\/span>\n                    <\/span>\n                <\/span>\n            <\/span>\n            <svg aria-hidden=\"true\" focusable=\"false\" class=\"icon icon-outline icon--arrow-down icon--lg\"><use xlink:href=\"https:\/\/www.uni.lu\/wp-content\/themes\/unilux-theme\/assets\/images\/icons\/icons-outline.svg#icon--arrow-down\"><\/use><\/svg>        <\/button>\n    <\/h4>\n\n    <div id=\"accordion-panel-69f20f277c68b\" class=\"accordion__collapse collapse\" data-bs-parent=\"#accordion-module-69f20f277c641\">\n        <div class=\"accordion__body p-0\">\n            <ul class=\"list-highlighted\">\n                <li class=\"list-highlighted__item items-start\">\n                    <header class=\"list-highlighted__header\">\n                        <h5 class=\"text-18\"><strong>Details<\/strong><\/h5>\n                    <\/header>\n                    <div class=\"list-highlighted__body\">\n                        <ul>\n                            <li><span class=\"text-dark font-heading font-bold\">Course title:<\/span> Tutorat: L\u00ebtzebuergesch Linguistik 1<\/li>\n                            <li><span class=\"text-dark font-heading font-bold\">Number of ECTS:<\/span> 0<\/li>\n                            <li><span class=\"text-dark font-heading font-bold\">Course code:<\/span> F3_SECEDUC-53<\/li>\n                            <li><span class=\"text-dark font-heading font-bold\">Module(s):<\/span> Modul: L\u00ebtzebuergesch Linguistik<\/li>\n                            <li><span class=\"text-dark font-heading font-bold\">Language:<\/span> LB<\/li>\n                            <li><span class=\"text-dark font-heading font-bold\">Mandatory:<\/span> No<\/li>\n                        <\/ul>\n                    <\/div>\n                <\/li>\n\n                <!--<li class=\"list-highlighted__item items-start\">-->\n                <!--    <header class=\"list-highlighted__header\">-->\n                <!--        <h5 class=\"text-18\"><strong>--><!--<\/strong><\/h5>-->\n                <!--    <\/header>-->\n                <!--    <div class=\"list-highlighted__body\">-->\n                <!--        <div class=\"speaker-group\">-->\n                <!--            -->                <!--        <\/div>-->\n                <!--    <\/div>-->\n                <!--<\/li>-->\n\n                \n                                <li class=\"list-highlighted__item items-start\">\n                    <header class=\"list-highlighted__header\">\n                        <h5 class=\"text-18\"><strong>Course learning outcomes<\/strong><\/h5>\n                    <\/header>\n                    <div class=\"list-highlighted__body\">\n                        <p>Um Enn vum Cours k\u00ebnnen d&#8217;Studentinnen an d&#8217;Studenten:<\/p><br><ul><br><li>Phoneetik\/Phonologie: Wierder a S\u00e4tz transkrib\u00e9ieren<\/li><br><li>Morphologie: morphologesch Analysen duerchf\u00e9ieren<\/li><br><li>Orthografie: d&#8217;Orthografiesgeschicht a -reegele beschreiwen an uwenden <\/li><br><\/ul>                    <\/div>\n                <\/li>\n                \n                                <li class=\"list-highlighted__item items-start\">\n                    <header class=\"list-highlighted__header\">\n                        <h5 class=\"text-18\"><strong>Description<\/strong><\/h5>\n                    <\/header>\n                    <div class=\"list-highlighted__body\">\n                        <p>D\u00ebse Cours ass just fir d&#8217;Studentinnen an d&#8217;Studenten aus dem Cours L\u00ebtzebuergesch Linguistik I vum Peter Gilles geduecht.<\/p><p>An d\u00ebsem Tutorat \u00fcben a verd\u00e9iwe mir d&#8217;Inhalter vum Cours L\u00ebtzebuergesch Linguistik I unhand vu prakteschen Aufgaben. <\/p>                    <\/div>\n                <\/li>\n                \n                \n                \n                \n            <\/ul>\n        <\/div>\n    <\/div>\n<\/div>            \n<div class=\"accordion__item\">\n    <h4 class=\"accordion__header\">\n        <button\n                type=\"button\"\n                class=\"accordion__button collapsed\"\n                aria-expanded=\"false\"\n                data-bs-toggle=\"collapse\"\n                data-bs-target=\"#accordion-panel-69f20f277c699\"\n        >\n            <span class=\"accordion__title\">\n                Richteg L\u00ebtzebuergesch schreiwen                <span class=\"accordion__data\">\n                    <span class=\"accordion__data__item\">\n                        <span class=\"accordion__data__name\">ECTS credits:<\/span>\n                        <span class=\"accordion__data__value\">\n                            0                        <\/span>\n                    <\/span>\n                    <span class=\"accordion__data__item\">\n                        <span class=\"accordion__data__name\">Course code:<\/span>\n                        <span class=\"accordion__data__value\">\n                            BCE-202                        <\/span>\n                    <\/span>\n                <\/span>\n            <\/span>\n            <svg aria-hidden=\"true\" focusable=\"false\" class=\"icon icon-outline icon--arrow-down icon--lg\"><use xlink:href=\"https:\/\/www.uni.lu\/wp-content\/themes\/unilux-theme\/assets\/images\/icons\/icons-outline.svg#icon--arrow-down\"><\/use><\/svg>        <\/button>\n    <\/h4>\n\n    <div id=\"accordion-panel-69f20f277c699\" class=\"accordion__collapse collapse\" data-bs-parent=\"#accordion-module-69f20f277c641\">\n        <div class=\"accordion__body p-0\">\n            <ul class=\"list-highlighted\">\n                <li class=\"list-highlighted__item items-start\">\n                    <header class=\"list-highlighted__header\">\n                        <h5 class=\"text-18\"><strong>Details<\/strong><\/h5>\n                    <\/header>\n                    <div class=\"list-highlighted__body\">\n                        <ul>\n                            <li><span class=\"text-dark font-heading font-bold\">Course title:<\/span> Richteg L\u00ebtzebuergesch schreiwen<\/li>\n                            <li><span class=\"text-dark font-heading font-bold\">Number of ECTS:<\/span> 0<\/li>\n                            <li><span class=\"text-dark font-heading font-bold\">Course code:<\/span> BCE-202<\/li>\n                            <li><span class=\"text-dark font-heading font-bold\">Module(s):<\/span> Modul: L\u00ebtzebuergesch Linguistik<\/li>\n                            <li><span class=\"text-dark font-heading font-bold\">Language:<\/span> LB<\/li>\n                            <li><span class=\"text-dark font-heading font-bold\">Mandatory:<\/span> No<\/li>\n                        <\/ul>\n                    <\/div>\n                <\/li>\n\n                <!--<li class=\"list-highlighted__item items-start\">-->\n                <!--    <header class=\"list-highlighted__header\">-->\n                <!--        <h5 class=\"text-18\"><strong>--><!--<\/strong><\/h5>-->\n                <!--    <\/header>-->\n                <!--    <div class=\"list-highlighted__body\">-->\n                <!--        <div class=\"speaker-group\">-->\n                <!--            -->                <!--        <\/div>-->\n                <!--    <\/div>-->\n                <!--<\/li>-->\n\n                \n                                <li class=\"list-highlighted__item items-start\">\n                    <header class=\"list-highlighted__header\">\n                        <h5 class=\"text-18\"><strong>Course learning outcomes<\/strong><\/h5>\n                    <\/header>\n                    <div class=\"list-highlighted__body\">\n                        <ul><br><li>d&#8217;Haaptreegele vun der L\u00ebtzebuerger Orthografie kennen an \u00ebmsetzen<\/li><br><li>orthografesch Prinzippien an Ausname reflekt\u00e9ieren<br><\/li><br><li>heefeg Feeler erkennen an erkl\u00e4ren<\/li><br><\/ul>                    <\/div>\n                <\/li>\n                \n                                <li class=\"list-highlighted__item items-start\">\n                    <header class=\"list-highlighted__header\">\n                        <h5 class=\"text-18\"><strong>Description<\/strong><\/h5>\n                    <\/header>\n                    <div class=\"list-highlighted__body\">\n                        Keng Angscht virun der L\u00ebtzebuerger Orthografie. Richteg L\u00ebtzebuergesch schreiwen:<br>Fir vill Leit ass et normal, L\u00ebtzebuergesch ze schreiwen \u2013 an E-Mailen, Smsen oder klengen Texter. An d\u00ebsem Cours l\u00e9iert Der, no den aktuelle Reegele vun der L\u00ebtzebuerger Orthografie ze schreiwen: W\u00e9ini g\u00ebtt de Vokal verduebelt? W\u00e9i schreift ee frans\u00e9isch Pluriellen? A w\u00e9i geet ee mat der n-Reegel \u00ebm? Am Cours ginn d&#8217;Reegelen erkl\u00e4ert a mat ville Schreif\u00fcbunge verd\u00e9ift. Eng aktiv Mataarbecht g\u00ebtt dofir virausgesat.\u00a0<br>D\u00e9i aktuell L\u00ebtzebuerger Orthografie als PDF:<p>\u00a0<\/p>https:\/\/portal.education.lu\/zls\/SCHREIFWEIS                    <\/div>\n                <\/li>\n                \n                \n                                <li class=\"list-highlighted__item items-start\">\n                    <header class=\"list-highlighted__header\">\n                        <h5 class=\"text-18\"><strong>Assessment<\/strong><\/h5>\n                    <\/header>\n                    <div class=\"list-highlighted__body\">\n                        Assessment Component 1:\u00a0MANDATORY Attendance (NON-GRADED Assessment) &#8211; 0% (retake not possible)<br>Assessment Component 2:\u00a0Dict\u00e9e (End-of-Term Assessment) &#8211; 100% (retake possible)<br>                    <\/div>\n                <\/li>\n                \n                \n            <\/ul>\n        <\/div>\n    <\/div>\n<\/div>            \n<div class=\"accordion__item\">\n    <h4 class=\"accordion__header\">\n        <button\n                type=\"button\"\n                class=\"accordion__button collapsed\"\n                aria-expanded=\"false\"\n                data-bs-toggle=\"collapse\"\n                data-bs-target=\"#accordion-panel-69f20f277c6a7\"\n        >\n            <span class=\"accordion__title\">\n                Literaturgeschicht 1 &#8211; Af\u00e9ierung an d&#039;L\u00ebtzebuerger Literaturen                <span class=\"accordion__data\">\n                    <span class=\"accordion__data__item\">\n                        <span class=\"accordion__data__name\">ECTS credits:<\/span>\n                        <span class=\"accordion__data__value\">\n                            5                        <\/span>\n                    <\/span>\n                    <span class=\"accordion__data__item\">\n                        <span class=\"accordion__data__name\">Course code:<\/span>\n                        <span class=\"accordion__data__value\">\n                            F3_SECEDUC-254                        <\/span>\n                    <\/span>\n                <\/span>\n            <\/span>\n            <svg aria-hidden=\"true\" focusable=\"false\" class=\"icon icon-outline icon--arrow-down icon--lg\"><use xlink:href=\"https:\/\/www.uni.lu\/wp-content\/themes\/unilux-theme\/assets\/images\/icons\/icons-outline.svg#icon--arrow-down\"><\/use><\/svg>        <\/button>\n    <\/h4>\n\n    <div id=\"accordion-panel-69f20f277c6a7\" class=\"accordion__collapse collapse\" data-bs-parent=\"#accordion-module-69f20f277c641\">\n        <div class=\"accordion__body p-0\">\n            <ul class=\"list-highlighted\">\n                <li class=\"list-highlighted__item items-start\">\n                    <header class=\"list-highlighted__header\">\n                        <h5 class=\"text-18\"><strong>Details<\/strong><\/h5>\n                    <\/header>\n                    <div class=\"list-highlighted__body\">\n                        <ul>\n                            <li><span class=\"text-dark font-heading font-bold\">Course title:<\/span> Literaturgeschicht 1 &#8211; Af\u00e9ierung an d&#039;L\u00ebtzebuerger Literaturen<\/li>\n                            <li><span class=\"text-dark font-heading font-bold\">Number of ECTS:<\/span> 5<\/li>\n                            <li><span class=\"text-dark font-heading font-bold\">Course code:<\/span> F3_SECEDUC-254<\/li>\n                            <li><span class=\"text-dark font-heading font-bold\">Module(s):<\/span> Modul: Literaturgeschicht<\/li>\n                            <li><span class=\"text-dark font-heading font-bold\">Language:<\/span> LB<\/li>\n                            <li><span class=\"text-dark font-heading font-bold\">Mandatory:<\/span> Yes<\/li>\n                        <\/ul>\n                    <\/div>\n                <\/li>\n\n                <!--<li class=\"list-highlighted__item items-start\">-->\n                <!--    <header class=\"list-highlighted__header\">-->\n                <!--        <h5 class=\"text-18\"><strong>--><!--<\/strong><\/h5>-->\n                <!--    <\/header>-->\n                <!--    <div class=\"list-highlighted__body\">-->\n                <!--        <div class=\"speaker-group\">-->\n                <!--            -->                <!--        <\/div>-->\n                <!--    <\/div>-->\n                <!--<\/li>-->\n\n                \n                                <li class=\"list-highlighted__item items-start\">\n                    <header class=\"list-highlighted__header\">\n                        <h5 class=\"text-18\"><strong>Course learning outcomes<\/strong><\/h5>\n                    <\/header>\n                    <div class=\"list-highlighted__body\">\n                        <p><br>No Ofschloss vun d\u00ebsem Cours hunn d&#8217;Studentinnen an d&#8217;Studenten:<br><\/p><br><ul><br><li>Een allgemengt W\u00ebssen iwwert d&#8217;Geschicht vun der L\u00ebtzebuerger Literatur<\/li><br><li>Kenntnesser vun de Problemer an der Partikularit\u00e9it vun der L\u00ebtzebuerger Literatur a hirem Champ litt\u00e9raire<\/li><br><li>F\u00e4hegkeeten fir Texter an enger literaturhistorescher Perspektiv ze analys\u00e9ieren<\/li><br><\/ul>                    <\/div>\n                <\/li>\n                \n                                <li class=\"list-highlighted__item items-start\">\n                    <header class=\"list-highlighted__header\">\n                        <h5 class=\"text-18\"><strong>Description<\/strong><\/h5>\n                    <\/header>\n                    <div class=\"list-highlighted__body\">\n                        D\u00ebse Cours versteet sech als eng breet ugleuechten Af\u00e9ierung an d&#8217;Geschicht vun der L\u00ebtzebuerger Literatur, vun hiren Uf\u00e4ng am 19. Joerhonnert bis haut. De Schwe\u00e9ierpunkt l\u00e4it op der Entw\u00e9cklung vun der Literatur op L\u00ebtzebuergesch, D\u00e4itsch a Frans\u00e9isch. unhand vun ausgewielten Texter aus de Gattunge Roman, Poesie, an Essai solle Grondkenntnisser iwwert d&#8217;Literatur an de Literaturbetrib verm\u00ebttelt ginn. Literatur- a Kulturbez\u00e9iungen zu de benoperte Kulturnatioune sinn e weidere Sujet vun d\u00ebsem Cours. Si erlaben et och, op d&#8217;Problemer vum Schreiwen t\u00ebschent de Sproochen anzegoen an esou d&#8217;Figur vum polyglotte L\u00ebtzebuerger Schr\u00ebftsteller z&#8217;\u00ebmr\u00e4issen. Des Weideren g\u00ebtt am Cours och iwwert d&#8217;Herausfuerderung un d&#8217;Literaturhistoriographie an engem m\u00e9isproochegen a interkulturelle Kontext diskut\u00e9iert.                    <\/div>\n                <\/li>\n                \n                \n                                <li class=\"list-highlighted__item items-start\">\n                    <header class=\"list-highlighted__header\">\n                        <h5 class=\"text-18\"><strong>Assessment<\/strong><\/h5>\n                    <\/header>\n                    <div class=\"list-highlighted__body\">\n                        <p><br>Combined Assessment:<br><\/p><br><ul><br><li>Enseignement an de S\u00e9minairen: 25%<\/li><br><li>Kuerzassessments: 25%<\/li><br><li>Hausaarbecht: 50%<\/li><br><\/ul>                    <\/div>\n                <\/li>\n                \n                                <li class=\"list-highlighted__item items-start\">\n                    <header class=\"list-highlighted__header\">\n                        <h5 class=\"text-18\"><strong>Note<\/strong><\/h5>\n                    <\/header>\n                    <div class=\"list-highlighted__body\">\n                        <p><br>Bibliografie:<br><br><br><\/p><br><ul><br><li>GLESENER, Jeanne E. (2017): Komparatistische Ans\u00e4tze f\u00fcr eine interkutlurelle Literaturgeschichte Luxemburgs. In: Jeanne E. Glesener, Nathalie Roelens, Heinz Sieburg (\u00e9ds.), Das Paradigma der Interkulturalit\u00e4t. Bielefeld, transcript, 41-69.<\/li><br><li>GLESENER, Jeanne E. (2013): Le multilinguisme comme d\u00e9fi et caract\u00e9ristique distinctive de la litt\u00e9rature au Luxembourg. In: Heinz Sieburg (\u00e9d.): Vielfalt der Sprachen &#8211; Varianz der Perspektiven. Die Luxemburger Mehrsprachigkeit in Geschichte, Gegenwart und Zukunft. Bielefeld: Transkript, 35-70.<\/li><br><li>GOETZINGER, Germaine\/ CONTER, Claude D. (\u00e9ds.) (2008): Identit\u00e4ts(de)konstruktionen. Neue Studien zur Luxemburgistik. &#8211; Esch-Alzette, Editions PHI-Cnl.<\/li><br><li>GOETZINGER, Germaine\/ CONTER, Claude D. (\u00e9ds.) (2007): Luxemburger Autorenlexikon. &#8211; Mersch, Cnl.<\/li><br><li>HONNEF-BECKER, Irmgard\/ K\u00dcHN, Peter (\u00e9ds.) (2004): \u00dcber Grenzen. Literaturen in Luxemburg. -Esch-Alzette, Editions PHI-Cnl.<\/li><br><li>MANNES, Gast (2007): Luxemburgische Avantgarde. Zum europ\u00e4ischen Kulturtransfer im Spannungsfeld von Literatur, Politik und Kunst zwischen 1916 und 1922, Esch\/Alzette, Cnl-Editions PHI.<\/li><br><li>MERSCH, Corina (1999): Un miroir aux alouettes. Petit dictionnaire de la pens\u00e9e nomade. &#8211; Esch-Alzette, Editions PHI-Cnl.<\/li><br><li>REISEN, Tom (2000): Les institutions litt\u00e9raires au Luxembourg. In: Gerald NEWTON (\u00e9d.): Essays on politics, language and society in Luxembourg. &#8211; Lewiston, Edwin Mellen, 31-42.<\/li><br><li>RIES, Nicolas (1911): Le dualisme linguistique et psychique du peuple luxembourgeois. &#8211; Diekirch, Paul Schroell.<\/li><br><li>THYES, F\u00e9lix (1996): Essai sur la po\u00e9sie luxembourgeoise (1854). Texte pr\u00e9sent\u00e9 et annot\u00e9 par Frank Wilhelm. &#8211; Mersch, Cnl.<\/li><br><li>WEINS, Alain (1999): \u0091Kann Poesie die Welt ver\u00e4ndern?&#8217; &#8211; Die Geschichte der Mondorfer Dichtertage. &#8211; Echternach, Editions Phi-Cnl.WILHELM, Frank (1999) : La Francophonie du Grand-Duch\u00e9 de Luxembourg, Pecs\/Vienne, Cahiers francohones d&#8217;Europe Centre-Orientale.<\/li><br><\/ul>                    <\/div>\n                <\/li>\n                \n            <\/ul>\n        <\/div>\n    <\/div>\n<\/div>            \n<div class=\"accordion__item\">\n    <h4 class=\"accordion__header\">\n        <button\n                type=\"button\"\n                class=\"accordion__button collapsed\"\n                aria-expanded=\"false\"\n                data-bs-toggle=\"collapse\"\n                data-bs-target=\"#accordion-panel-69f20f277c6b4\"\n        >\n            <span class=\"accordion__title\">\n                L\u00ebtzebuergesch Literaturtheorie 1                <span class=\"accordion__data\">\n                    <span class=\"accordion__data__item\">\n                        <span class=\"accordion__data__name\">ECTS credits:<\/span>\n                        <span class=\"accordion__data__value\">\n                            5                        <\/span>\n                    <\/span>\n                    <span class=\"accordion__data__item\">\n                        <span class=\"accordion__data__name\">Course code:<\/span>\n                        <span class=\"accordion__data__value\">\n                            F3_SECEDUC-48                        <\/span>\n                    <\/span>\n                <\/span>\n            <\/span>\n            <svg aria-hidden=\"true\" focusable=\"false\" class=\"icon icon-outline icon--arrow-down icon--lg\"><use xlink:href=\"https:\/\/www.uni.lu\/wp-content\/themes\/unilux-theme\/assets\/images\/icons\/icons-outline.svg#icon--arrow-down\"><\/use><\/svg>        <\/button>\n    <\/h4>\n\n    <div id=\"accordion-panel-69f20f277c6b4\" class=\"accordion__collapse collapse\" data-bs-parent=\"#accordion-module-69f20f277c641\">\n        <div class=\"accordion__body p-0\">\n            <ul class=\"list-highlighted\">\n                <li class=\"list-highlighted__item items-start\">\n                    <header class=\"list-highlighted__header\">\n                        <h5 class=\"text-18\"><strong>Details<\/strong><\/h5>\n                    <\/header>\n                    <div class=\"list-highlighted__body\">\n                        <ul>\n                            <li><span class=\"text-dark font-heading font-bold\">Course title:<\/span> L\u00ebtzebuergesch Literaturtheorie 1<\/li>\n                            <li><span class=\"text-dark font-heading font-bold\">Number of ECTS:<\/span> 5<\/li>\n                            <li><span class=\"text-dark font-heading font-bold\">Course code:<\/span> F3_SECEDUC-48<\/li>\n                            <li><span class=\"text-dark font-heading font-bold\">Module(s):<\/span> Modul: Literaturtheorie<\/li>\n                            <li><span class=\"text-dark font-heading font-bold\">Language:<\/span> LB<\/li>\n                            <li><span class=\"text-dark font-heading font-bold\">Mandatory:<\/span> Yes<\/li>\n                        <\/ul>\n                    <\/div>\n                <\/li>\n\n                <!--<li class=\"list-highlighted__item items-start\">-->\n                <!--    <header class=\"list-highlighted__header\">-->\n                <!--        <h5 class=\"text-18\"><strong>--><!--<\/strong><\/h5>-->\n                <!--    <\/header>-->\n                <!--    <div class=\"list-highlighted__body\">-->\n                <!--        <div class=\"speaker-group\">-->\n                <!--            -->                <!--        <\/div>-->\n                <!--    <\/div>-->\n                <!--<\/li>-->\n\n                \n                                <li class=\"list-highlighted__item items-start\">\n                    <header class=\"list-highlighted__header\">\n                        <h5 class=\"text-18\"><strong>Course learning outcomes<\/strong><\/h5>\n                    <\/header>\n                    <div class=\"list-highlighted__body\">\n                        <p>D\u2019Student*inne k\u00ebnnen um Schluss vun d\u00ebsem Cours:<\/p><br><ul><br><li>Hir eege literaturw\u00ebssenschaftlech an textanalytesch Reflexiounsprozesser an Argumenter etabl\u00e9ieren.<\/li><br><li>Unhand vun de virgestallte Methoden, Kritt\u00e4ren an Terminologien Texter op enger literaturtheoreetescher Basis analys\u00e9ieren a kontextualis\u00e9ieren.<\/li><br><li>Hir eege Recherchen am Bezuch mat der Literatur weiderf\u00e9ieren a verd\u00e9iwen; respektiv si ginn dozou motiv\u00e9iert hir eegen Interessi am Bezuch zur Literatur ze verfollegen.<\/li><br><\/ul>                    <\/div>\n                <\/li>\n                \n                                <li class=\"list-highlighted__item items-start\">\n                    <header class=\"list-highlighted__header\">\n                        <h5 class=\"text-18\"><strong>Description<\/strong><\/h5>\n                    <\/header>\n                    <div class=\"list-highlighted__body\">\n                        <p>Beschreiwung vum Cours <\/p><p>Wat ass L\u00ebtzebuerger Literatur? An d\u00ebsem Cours l\u00e9iere mir grondlee\u00ebnd literaresch an theoretesch Texter kennen, d\u00e9i eis en Abl\u00e9ck an d\u00ebst vari\u00e9iert Feld ginn. Mir setzen eis mat Methode vu produktivem Liesen a w\u00ebssenschaftlechem Schreiwen auserneen, a fokuss\u00e9ieren besonnesch op \u2018close reading\u2019 Techniken. Literarescht Liesen ass prim\u00e4r \u2612<br>keng passiv Besch\u00e4ftegung oder eng Qualit\u00e9itsasch\u00e4tzung, all individuelle Lieser observ\u00e9iert aner Bedeitungsstrukturen, d\u00e9i duerch dem Auteur seng Sprooch, s\u00e4i Stil a seng Themen gener\u00e9iert ginn. Am Cours gi verschidden Analys- an Interpretatiounsmethode virgestallt, sou w\u00e9i d\u00e9i technesch Terminologie d\u00e9i et erlaabt Gattung, Form, Rhythmus a Reim ze \u00ebnnersichen. Mir explor\u00e9iere verschidden theoretesch Approchen, duerch d\u00e9i ideologesch Positioune k\u00ebnne verstane ginn, w\u00e9i M\u00e9isproochegkeet, Gendertheemen, \u00d6kokritik, an Identit\u00e9itskonstruktiounen. Dir kritt d\u2019 Fr\u00e4iheet \u00e4r pers\u00e9inlech Liesweis vun de respektiven Texter auszeschaffen, se ze deelen an ze diskut\u00e9ieren. Dir gidd encourag\u00e9iert \u00e4r eege St\u00ebmm als W\u00ebssenschaftler ze fannen a Vertrauen an \u00e4r eegen Argumenter ze entw\u00e9ckelen.<\/p>                    <\/div>\n                <\/li>\n                \n                \n                                <li class=\"list-highlighted__item items-start\">\n                    <header class=\"list-highlighted__header\">\n                        <h5 class=\"text-18\"><strong>Assessment<\/strong><\/h5>\n                    <\/header>\n                    <div class=\"list-highlighted__body\">\n                        <p>M\u00ebndlech Aarbecht: 30%<\/p><br><p>2 Schreifs\u00e9ancen: 40%<\/p><br><p>Hausaarbecht: 20%<\/p>                    <\/div>\n                <\/li>\n                \n                                <li class=\"list-highlighted__item items-start\">\n                    <header class=\"list-highlighted__header\">\n                        <h5 class=\"text-18\"><strong>Note<\/strong><\/h5>\n                    <\/header>\n                    <div class=\"list-highlighted__body\">\n                        <p><br>Bibliographie:<br><\/p><br><p>G\u00ebtt op Moodle matgedeelt<\/p><br><p><br>(Texter ginn am Seminar zur Verf\u00fcgung gestalt)<br><\/p>                    <\/div>\n                <\/li>\n                \n            <\/ul>\n        <\/div>\n    <\/div>\n<\/div>            \n<div class=\"accordion__item\">\n    <h4 class=\"accordion__header\">\n        <button\n                type=\"button\"\n                class=\"accordion__button collapsed\"\n                aria-expanded=\"false\"\n                data-bs-toggle=\"collapse\"\n                data-bs-target=\"#accordion-panel-69f20f277c6c1\"\n        >\n            <span class=\"accordion__title\">\n                Sproochdidaktik 1                <span class=\"accordion__data\">\n                    <span class=\"accordion__data__item\">\n                        <span class=\"accordion__data__name\">ECTS credits:<\/span>\n                        <span class=\"accordion__data__value\">\n                            5                        <\/span>\n                    <\/span>\n                    <span class=\"accordion__data__item\">\n                        <span class=\"accordion__data__name\">Course code:<\/span>\n                        <span class=\"accordion__data__value\">\n                            F3_SECEDUC-49                        <\/span>\n                    <\/span>\n                <\/span>\n            <\/span>\n            <svg aria-hidden=\"true\" focusable=\"false\" class=\"icon icon-outline icon--arrow-down icon--lg\"><use xlink:href=\"https:\/\/www.uni.lu\/wp-content\/themes\/unilux-theme\/assets\/images\/icons\/icons-outline.svg#icon--arrow-down\"><\/use><\/svg>        <\/button>\n    <\/h4>\n\n    <div id=\"accordion-panel-69f20f277c6c1\" class=\"accordion__collapse collapse\" data-bs-parent=\"#accordion-module-69f20f277c641\">\n        <div class=\"accordion__body p-0\">\n            <ul class=\"list-highlighted\">\n                <li class=\"list-highlighted__item items-start\">\n                    <header class=\"list-highlighted__header\">\n                        <h5 class=\"text-18\"><strong>Details<\/strong><\/h5>\n                    <\/header>\n                    <div class=\"list-highlighted__body\">\n                        <ul>\n                            <li><span class=\"text-dark font-heading font-bold\">Course title:<\/span> Sproochdidaktik 1<\/li>\n                            <li><span class=\"text-dark font-heading font-bold\">Number of ECTS:<\/span> 5<\/li>\n                            <li><span class=\"text-dark font-heading font-bold\">Course code:<\/span> F3_SECEDUC-49<\/li>\n                            <li><span class=\"text-dark font-heading font-bold\">Module(s):<\/span> Modul: Sproochdidaktik<\/li>\n                            <li><span class=\"text-dark font-heading font-bold\">Language:<\/span> LB<\/li>\n                            <li><span class=\"text-dark font-heading font-bold\">Mandatory:<\/span> Yes<\/li>\n                        <\/ul>\n                    <\/div>\n                <\/li>\n\n                <!--<li class=\"list-highlighted__item items-start\">-->\n                <!--    <header class=\"list-highlighted__header\">-->\n                <!--        <h5 class=\"text-18\"><strong>--><!--<\/strong><\/h5>-->\n                <!--    <\/header>-->\n                <!--    <div class=\"list-highlighted__body\">-->\n                <!--        <div class=\"speaker-group\">-->\n                <!--            -->                <!--        <\/div>-->\n                <!--    <\/div>-->\n                <!--<\/li>-->\n\n                \n                                <li class=\"list-highlighted__item items-start\">\n                    <header class=\"list-highlighted__header\">\n                        <h5 class=\"text-18\"><strong>Course learning outcomes<\/strong><\/h5>\n                    <\/header>\n                    <div class=\"list-highlighted__body\">\n                        <p><br>Um Enn vun d\u00ebsem Cours hunn d&#8217;Student(inn)en:<br><\/p><br><ul><br><li>Vertrautheet mat didaktischen Theorien a Methoden<\/li><br><li>Vertrautheet mam Referenzkader vum L\u00ebtzebuergeschen<\/li><br><li>Vertrautheet mat den existente L\u00e9ierwierker<\/li><br><li>F\u00e4hegkeet L\u00e9iermaterial fir \u00ebnnerschiddlech Niveauen auszuschaffen<\/li><br><\/ul>                    <\/div>\n                <\/li>\n                \n                                <li class=\"list-highlighted__item items-start\">\n                    <header class=\"list-highlighted__header\">\n                        <h5 class=\"text-18\"><strong>Description<\/strong><\/h5>\n                    <\/header>\n                    <div class=\"list-highlighted__body\">\n                        Hei gi friemsproochendidaktesch Theorien a Methoden enseign\u00e9iert an an de Kontext vum Enseignement vun den \u00ebnnerschiddleche F\u00e4erdegkeete (Lies- an H\u00e9ierverstoen, schw\u00e4tzen a schreiwen) gesat. D&#8217;Studente ginn un den Europ\u00e4esche Referenzkader erugefouert souw\u00e9i och un de Referenzkader vum L\u00ebtzebuergeschen. Si l\u00e9ieren d\u00e9i \u00ebnnerschiddlech Niveauen (A1-C2) kennen, gi mam existente L\u00e9iermaterial vum L\u00ebtzebuergesche vertraut gemeet an l\u00e9iere selwer L\u00e9iermaterial fir \u00ebnnerschiddlech Niveauen auszeschaffen.\u00a0                    <\/div>\n                <\/li>\n                \n                \n                                <li class=\"list-highlighted__item items-start\">\n                    <header class=\"list-highlighted__header\">\n                        <h5 class=\"text-18\"><strong>Assessment<\/strong><\/h5>\n                    <\/header>\n                    <div class=\"list-highlighted__body\">\n                        Hausaarbecht                    <\/div>\n                <\/li>\n                \n                                <li class=\"list-highlighted__item items-start\">\n                    <header class=\"list-highlighted__header\">\n                        <h5 class=\"text-18\"><strong>Note<\/strong><\/h5>\n                    <\/header>\n                    <div class=\"list-highlighted__body\">\n                        <p><br>Bibliografie:<br><\/p><br><p>D&#8217;Texter ginn am Laf vum Cours zur Verf\u00fcgung gestallt.<\/p>                    <\/div>\n                <\/li>\n                \n            <\/ul>\n        <\/div>\n    <\/div>\n<\/div>            \n<div class=\"accordion__item\">\n    <h4 class=\"accordion__header\">\n        <button\n                type=\"button\"\n                class=\"accordion__button collapsed\"\n                aria-expanded=\"false\"\n                data-bs-toggle=\"collapse\"\n                data-bs-target=\"#accordion-panel-69f20f277c6ce\"\n        >\n            <span class=\"accordion__title\">\n                Sproochdidaktik 2: Grammatesch Konzepter                <span class=\"accordion__data\">\n                    <span class=\"accordion__data__item\">\n                        <span class=\"accordion__data__name\">ECTS credits:<\/span>\n                        <span class=\"accordion__data__value\">\n                            5                        <\/span>\n                    <\/span>\n                    <span class=\"accordion__data__item\">\n                        <span class=\"accordion__data__name\">Course code:<\/span>\n                        <span class=\"accordion__data__value\">\n                            F3_SECEDUC-204                        <\/span>\n                    <\/span>\n                <\/span>\n            <\/span>\n            <svg aria-hidden=\"true\" focusable=\"false\" class=\"icon icon-outline icon--arrow-down icon--lg\"><use xlink:href=\"https:\/\/www.uni.lu\/wp-content\/themes\/unilux-theme\/assets\/images\/icons\/icons-outline.svg#icon--arrow-down\"><\/use><\/svg>        <\/button>\n    <\/h4>\n\n    <div id=\"accordion-panel-69f20f277c6ce\" class=\"accordion__collapse collapse\" data-bs-parent=\"#accordion-module-69f20f277c641\">\n        <div class=\"accordion__body p-0\">\n            <ul class=\"list-highlighted\">\n                <li class=\"list-highlighted__item items-start\">\n                    <header class=\"list-highlighted__header\">\n                        <h5 class=\"text-18\"><strong>Details<\/strong><\/h5>\n                    <\/header>\n                    <div class=\"list-highlighted__body\">\n                        <ul>\n                            <li><span class=\"text-dark font-heading font-bold\">Course title:<\/span> Sproochdidaktik 2: Grammatesch Konzepter<\/li>\n                            <li><span class=\"text-dark font-heading font-bold\">Number of ECTS:<\/span> 5<\/li>\n                            <li><span class=\"text-dark font-heading font-bold\">Course code:<\/span> F3_SECEDUC-204<\/li>\n                            <li><span class=\"text-dark font-heading font-bold\">Module(s):<\/span> Modul: Sproochdidaktik<\/li>\n                            <li><span class=\"text-dark font-heading font-bold\">Language:<\/span> LB<\/li>\n                            <li><span class=\"text-dark font-heading font-bold\">Mandatory:<\/span> Yes<\/li>\n                        <\/ul>\n                    <\/div>\n                <\/li>\n\n                <!--<li class=\"list-highlighted__item items-start\">-->\n                <!--    <header class=\"list-highlighted__header\">-->\n                <!--        <h5 class=\"text-18\"><strong>--><!--<\/strong><\/h5>-->\n                <!--    <\/header>-->\n                <!--    <div class=\"list-highlighted__body\">-->\n                <!--        <div class=\"speaker-group\">-->\n                <!--            -->                <!--        <\/div>-->\n                <!--    <\/div>-->\n                <!--<\/li>-->\n\n                \n                \n                                <li class=\"list-highlighted__item items-start\">\n                    <header class=\"list-highlighted__header\">\n                        <h5 class=\"text-18\"><strong>Description<\/strong><\/h5>\n                    <\/header>\n                    <div class=\"list-highlighted__body\">\n                        <p>D\u00ebse Cours bitt souwuel en Abl\u00e9ck an d&#8217;Grammaire vum L\u00ebtzebuergesche w\u00e9i och an d\u2019Didaktik vu grammatesche Strukture fir \u00ebnnerschiddlech Enseignements-Kontexter (am Secondaire oder an der Erwuessenebildung). Am M\u00ebttelpunkt stinn d\u2019Grammatikdidaktik an d\u2019Recherche-M\u00e9iglechkeeten am L\u00ebtzebuergesche souw\u00e9i d\u2019Entw\u00e9cklung vun eegene grammatesche L\u00e9ierdossieren. An deenen eenzelne Cours\u00eb besch\u00e4ftege mer eis mat de wichtegsten Theemaen aus der L\u00ebtzebuerger Grammaire (Wuertaarten, Sazbau, Wuertschaz) a schw\u00e4tzen iwwer s\u00ebnnvoll Visualis\u00e9ierungen, Aufgabentyppen an d\u2019Duerstellung fir verschidde L\u00e9ierniveauen. 25 % vun der Nott leien um Ausschaffe vun zwee L\u00e9ierposteren, d\u00e9i a sougenannte Poster-Sessions zesummen diskut\u00e9iert ginn. 75 % vun der Nott stinn um Oral um Enn vum Semester, an deem souwuel k\u00e4rgrammatesch w\u00e9i och didaktesch Froen um Plang stinn<\/p>                    <\/div>\n                <\/li>\n                \n                \n                                <li class=\"list-highlighted__item items-start\">\n                    <header class=\"list-highlighted__header\">\n                        <h5 class=\"text-18\"><strong>Assessment<\/strong><\/h5>\n                    <\/header>\n                    <div class=\"list-highlighted__body\">\n                        <p>75% Oral<\/p><br><p>25% Posterpresentatioun<\/p>                    <\/div>\n                <\/li>\n                \n                                <li class=\"list-highlighted__item items-start\">\n                    <header class=\"list-highlighted__header\">\n                        <h5 class=\"text-18\"><strong>Note<\/strong><\/h5>\n                    <\/header>\n                    <div class=\"list-highlighted__body\">\n                        Bibliografie g\u00ebtt am Cours matgedeelt.                    <\/div>\n                <\/li>\n                \n            <\/ul>\n        <\/div>\n    <\/div>\n<\/div>            \n<div class=\"accordion__item\">\n    <h4 class=\"accordion__header\">\n        <button\n                type=\"button\"\n                class=\"accordion__button collapsed\"\n                aria-expanded=\"false\"\n                data-bs-toggle=\"collapse\"\n                data-bs-target=\"#accordion-panel-69f20f277c6db\"\n        >\n            <span class=\"accordion__title\">\n                Einf\u00fchrung in die Schulp\u00e4dagogik                <span class=\"accordion__data\">\n                    <span class=\"accordion__data__item\">\n                        <span class=\"accordion__data__name\">ECTS credits:<\/span>\n                        <span class=\"accordion__data__value\">\n                            3                        <\/span>\n                    <\/span>\n                    <span class=\"accordion__data__item\">\n                        <span class=\"accordion__data__name\">Course code:<\/span>\n                        <span class=\"accordion__data__value\">\n                            F3_SECEDUC-197                        <\/span>\n                    <\/span>\n                <\/span>\n            <\/span>\n            <svg aria-hidden=\"true\" focusable=\"false\" class=\"icon icon-outline icon--arrow-down icon--lg\"><use xlink:href=\"https:\/\/www.uni.lu\/wp-content\/themes\/unilux-theme\/assets\/images\/icons\/icons-outline.svg#icon--arrow-down\"><\/use><\/svg>        <\/button>\n    <\/h4>\n\n    <div id=\"accordion-panel-69f20f277c6db\" class=\"accordion__collapse collapse\" data-bs-parent=\"#accordion-module-69f20f277c641\">\n        <div class=\"accordion__body p-0\">\n            <ul class=\"list-highlighted\">\n                <li class=\"list-highlighted__item items-start\">\n                    <header class=\"list-highlighted__header\">\n                        <h5 class=\"text-18\"><strong>Details<\/strong><\/h5>\n                    <\/header>\n                    <div class=\"list-highlighted__body\">\n                        <ul>\n                            <li><span class=\"text-dark font-heading font-bold\">Course title:<\/span> Einf\u00fchrung in die Schulp\u00e4dagogik<\/li>\n                            <li><span class=\"text-dark font-heading font-bold\">Number of ECTS:<\/span> 3<\/li>\n                            <li><span class=\"text-dark font-heading font-bold\">Course code:<\/span> F3_SECEDUC-197<\/li>\n                            <li><span class=\"text-dark font-heading font-bold\">Module(s):<\/span> Modul: Forschungsfeld Schule<\/li>\n                            <li><span class=\"text-dark font-heading font-bold\">Language:<\/span> <\/li>\n                            <li><span class=\"text-dark font-heading font-bold\">Mandatory:<\/span> Yes<\/li>\n                        <\/ul>\n                    <\/div>\n                <\/li>\n\n                <!--<li class=\"list-highlighted__item items-start\">-->\n                <!--    <header class=\"list-highlighted__header\">-->\n                <!--        <h5 class=\"text-18\"><strong>--><!--<\/strong><\/h5>-->\n                <!--    <\/header>-->\n                <!--    <div class=\"list-highlighted__body\">-->\n                <!--        <div class=\"speaker-group\">-->\n                <!--            -->                <!--        <\/div>-->\n                <!--    <\/div>-->\n                <!--<\/li>-->\n\n                \n                                <li class=\"list-highlighted__item items-start\">\n                    <header class=\"list-highlighted__header\">\n                        <h5 class=\"text-18\"><strong>Course learning outcomes<\/strong><\/h5>\n                    <\/header>\n                    <div class=\"list-highlighted__body\">\n                        <p><br>Die Studierenden haben gelernt:<br><\/p><br><ul><br><li>Sinn, Absicht und Realit\u00e4t von Schule unter einem historischen, p\u00e4dagogischen udn soziologischen Blickwinkel zu analysieren<\/li><br><li>Den Lehrerberuf als Profession zu verstehen<\/li><br><li>Den Zusammenhang von Bildung, Bildungszielen und Bildungspl\u00e4nen zu erkennen<\/li><br><li>Lernen als sozialen Prozess zu beschreiben<\/li><br><li>Verschiedene Ideen davon, was &#8220;guten Unterricht&#8221; ausmacht zu diskutieren<\/li><br><\/ul><br><p>\u00a0<\/p><br><p><br>Die Studierenden sind in der Lage:<br><\/p><br><ul><br><li>Professionelle Standards von Lehrerhandeln umzusetzen<\/li><br><li>Die Bedingungen des luxemburgischen Schulsystems zu analysieren und verschiedene Theorien zur Unterrichtsqualit\u00e4t und Diagnostik anzuwenden.<\/li><br><\/ul>                    <\/div>\n                <\/li>\n                \n                                <li class=\"list-highlighted__item items-start\">\n                    <header class=\"list-highlighted__header\">\n                        <h5 class=\"text-18\"><strong>Description<\/strong><\/h5>\n                    <\/header>\n                    <div class=\"list-highlighted__body\">\n                        Die Vorlesung &#8220;Einf\u00fchrung in die Schulp\u00e4dagogik&#8221; analysiert die (luxemburgische) Schule als eine historisch gewachsene Institution, die ganz unterschiedlichen Zwecken dient bzw. dienen soll. Dabei stehen p\u00e4dagogische, soziologische und historische Erkl\u00e4rungsans\u00e4tze im Mittelpunkt der Beschreibung schulischer Wirklichkeiten. Zudem werden der Lehrerberuf sowie die Schulentwicklung (Curricula, Bildungsziele, etc.) auf ihre professionellen Begr\u00fcndungen hin vorgestellt und hinterfragt. Die Vorlesung f\u00fchrt ebenfalls in die wichtigsten Ideen zum Thema &#8220;Lernen&#8221; und zur Unterrichtsqualit\u00e4t ein.                    <\/div>\n                <\/li>\n                \n                \n                                <li class=\"list-highlighted__item items-start\">\n                    <header class=\"list-highlighted__header\">\n                        <h5 class=\"text-18\"><strong>Assessment<\/strong><\/h5>\n                    <\/header>\n                    <div class=\"list-highlighted__body\">\n                        End-of-term Assessment: Klausur.                    <\/div>\n                <\/li>\n                \n                                <li class=\"list-highlighted__item items-start\">\n                    <header class=\"list-highlighted__header\">\n                        <h5 class=\"text-18\"><strong>Note<\/strong><\/h5>\n                    <\/header>\n                    <div class=\"list-highlighted__body\">\n                        <p><br>Bibliographie:<br><\/p><br><ul><br><li>Ludwig Haag, Sibylle Rahm, Hans J\u00fcrgen Apel, Werner Sacher (Hrsg.): Studienbuch Schulp\u00e4dagogik. Verlag Julius Klinkhardt 2013.\u00a0<\/li><br><\/ul><br><ul><br><li>Hanna Kiper, Hilbert Meyer, Wilhelm Topsch (Hrsg.): Einf\u00fchrung in die Schulp\u00e4dagogik. Cornelsen Verlag 2011.\u00a0<\/li><br><li>Ilona Esslinger-Hinz, Anne Sliwka (Hrsg.): Schulp\u00e4dagogik. Beltz Verlag 2011.<\/li><br><\/ul>                    <\/div>\n                <\/li>\n                \n            <\/ul>\n        <\/div>\n    <\/div>\n<\/div>            \n<div class=\"accordion__item\">\n    <h4 class=\"accordion__header\">\n        <button\n                type=\"button\"\n                class=\"accordion__button collapsed\"\n                aria-expanded=\"false\"\n                data-bs-toggle=\"collapse\"\n                data-bs-target=\"#accordion-panel-69f20f277c6e8\"\n        >\n            <span class=\"accordion__title\">\n                Digitale Didaktik                <span class=\"accordion__data\">\n                    <span class=\"accordion__data__item\">\n                        <span class=\"accordion__data__name\">ECTS credits:<\/span>\n                        <span class=\"accordion__data__value\">\n                            4                        <\/span>\n                    <\/span>\n                    <span class=\"accordion__data__item\">\n                        <span class=\"accordion__data__name\">Course code:<\/span>\n                        <span class=\"accordion__data__value\">\n                            F3_SECEDUC-211                        <\/span>\n                    <\/span>\n                <\/span>\n            <\/span>\n            <svg aria-hidden=\"true\" focusable=\"false\" class=\"icon icon-outline icon--arrow-down icon--lg\"><use xlink:href=\"https:\/\/www.uni.lu\/wp-content\/themes\/unilux-theme\/assets\/images\/icons\/icons-outline.svg#icon--arrow-down\"><\/use><\/svg>        <\/button>\n    <\/h4>\n\n    <div id=\"accordion-panel-69f20f277c6e8\" class=\"accordion__collapse collapse\" data-bs-parent=\"#accordion-module-69f20f277c641\">\n        <div class=\"accordion__body p-0\">\n            <ul class=\"list-highlighted\">\n                <li class=\"list-highlighted__item items-start\">\n                    <header class=\"list-highlighted__header\">\n                        <h5 class=\"text-18\"><strong>Details<\/strong><\/h5>\n                    <\/header>\n                    <div class=\"list-highlighted__body\">\n                        <ul>\n                            <li><span class=\"text-dark font-heading font-bold\">Course title:<\/span> Digitale Didaktik<\/li>\n                            <li><span class=\"text-dark font-heading font-bold\">Number of ECTS:<\/span> 4<\/li>\n                            <li><span class=\"text-dark font-heading font-bold\">Course code:<\/span> F3_SECEDUC-211<\/li>\n                            <li><span class=\"text-dark font-heading font-bold\">Module(s):<\/span> Modul: Lehren und Lernen<\/li>\n                            <li><span class=\"text-dark font-heading font-bold\">Language:<\/span> DE<\/li>\n                            <li><span class=\"text-dark font-heading font-bold\">Mandatory:<\/span> Yes<\/li>\n                        <\/ul>\n                    <\/div>\n                <\/li>\n\n                <!--<li class=\"list-highlighted__item items-start\">-->\n                <!--    <header class=\"list-highlighted__header\">-->\n                <!--        <h5 class=\"text-18\"><strong>--><!--<\/strong><\/h5>-->\n                <!--    <\/header>-->\n                <!--    <div class=\"list-highlighted__body\">-->\n                <!--        <div class=\"speaker-group\">-->\n                <!--            -->                <!--        <\/div>-->\n                <!--    <\/div>-->\n                <!--<\/li>-->\n\n                \n                                <li class=\"list-highlighted__item items-start\">\n                    <header class=\"list-highlighted__header\">\n                        <h5 class=\"text-18\"><strong>Course learning outcomes<\/strong><\/h5>\n                    <\/header>\n                    <div class=\"list-highlighted__body\">\n                        Am Ende dieses Kurses haben Sie &#8230;<br>&#8230; Ihre eigenen digitalen Kompetenzen im Hinblick auf didaktische Einbindung von digitalen Technologien &#8211; einschlie\u00dflich KI-gest\u00fctzter Anwendungen &#8211; im Schulunterricht erweitert<br>&#8230; ein medienkritisches Bewusstsein mit spezifischem Blick auf Situationen des Lehrens und des Lernen erworben (dazugeh\u00f6rt z. B. Sch\u00fclerinnen und Sch\u00fclern einen selbstst\u00e4ndigen Umgang mit digitalen Medien und KI-Werkzeugen zu vermitteln).<br>&#8230; eigene Ideen f\u00fcr Lehr-Lern-Arrangements entwickelt, in denen digitale Tools und KI gezielt zur Unterst\u00fctzung von Lernprozessen eingesetzt werden.                    <\/div>\n                <\/li>\n                \n                                <li class=\"list-highlighted__item items-start\">\n                    <header class=\"list-highlighted__header\">\n                        <h5 class=\"text-18\"><strong>Description<\/strong><\/h5>\n                    <\/header>\n                    <div class=\"list-highlighted__body\">\n                        <p>Thema dieses Kurses ist der Umgang mit digitalen Technologien f\u00fcr den Einsatz im Sekundarunterricht &#8211; einschlie\u00dflich aktueller Entwicklungen im Bereich K\u00fcnstliche Intelligenz. Dabei werden didaktische Potenziale ebenso wie m\u00f6gliche Herausforderungen diskutiert und kritisch hinterfragt. Im Wechsel zwischen Praxis und Theorie lernen die Teilnehmenden verschiedene digitale Tools und KI-Anwendungen kennen, erproben sie in konkreten Unterrichtsszenarien und reflektieren deren Einsatz auf der Grundlage fachdidaktischer Konzepte.<br><\/p>                    <\/div>\n                <\/li>\n                \n                \n                                <li class=\"list-highlighted__item items-start\">\n                    <header class=\"list-highlighted__header\">\n                        <h5 class=\"text-18\"><strong>Assessment<\/strong><\/h5>\n                    <\/header>\n                    <div class=\"list-highlighted__body\">\n                        <br>Assessment Component 1: Mandatory Attendance<br>Assessment Component 2: 3 smaller tasks during the semester<br>                    <\/div>\n                <\/li>\n                \n                                <li class=\"list-highlighted__item items-start\">\n                    <header class=\"list-highlighted__header\">\n                        <h5 class=\"text-18\"><strong>Note<\/strong><\/h5>\n                    <\/header>\n                    <div class=\"list-highlighted__body\">\n                        Bibliografie:<br>Wird \u00fcber Moodle zur Verf\u00fcgung gestellt.                    <\/div>\n                <\/li>\n                \n            <\/ul>\n        <\/div>\n    <\/div>\n<\/div>    <\/div><\/div><\/section>\n<section\n    id=\"tabpanel-8ec35c3d-5855-418d-848b-348c2209d57a\"\n    aria-labelledby=\"tab-8ec35c3d-5855-418d-848b-348c2209d57a\"\n    class=\"tab-panel fade hidden is-hidden\"\n>\n    <div class=\"wp-block-unilux-blocks-course-offer\">\n    <h3>Course offer for Fili\u00e8re langue et litt\u00e9rature luxembourgeoise, Semestre 2 (2025-2026 Summer)<\/h3>\n    \n<div id=\"accordion-module-69f20f2781fb9\" class=\"accordion accordion--theme\">\n            \n<div class=\"accordion__item\">\n    <h4 class=\"accordion__header\">\n        <button\n                type=\"button\"\n                class=\"accordion__button collapsed\"\n                aria-expanded=\"false\"\n                data-bs-toggle=\"collapse\"\n                data-bs-target=\"#accordion-panel-69f20f2781fe8\"\n        >\n            <span class=\"accordion__title\">\n                Allgemeine Didaktik I: Instruktionspsychologie                <span class=\"accordion__data\">\n                    <span class=\"accordion__data__item\">\n                        <span class=\"accordion__data__name\">ECTS credits:<\/span>\n                        <span class=\"accordion__data__value\">\n                            6                        <\/span>\n                    <\/span>\n                    <span class=\"accordion__data__item\">\n                        <span class=\"accordion__data__name\">Course code:<\/span>\n                        <span class=\"accordion__data__value\">\n                            F3_SECEDUC-193                        <\/span>\n                    <\/span>\n                <\/span>\n            <\/span>\n            <svg aria-hidden=\"true\" focusable=\"false\" class=\"icon icon-outline icon--arrow-down icon--lg\"><use xlink:href=\"https:\/\/www.uni.lu\/wp-content\/themes\/unilux-theme\/assets\/images\/icons\/icons-outline.svg#icon--arrow-down\"><\/use><\/svg>        <\/button>\n    <\/h4>\n\n    <div id=\"accordion-panel-69f20f2781fe8\" class=\"accordion__collapse collapse\" data-bs-parent=\"#accordion-module-69f20f2781fb9\">\n        <div class=\"accordion__body p-0\">\n            <ul class=\"list-highlighted\">\n                <li class=\"list-highlighted__item items-start\">\n                    <header class=\"list-highlighted__header\">\n                        <h5 class=\"text-18\"><strong>Details<\/strong><\/h5>\n                    <\/header>\n                    <div class=\"list-highlighted__body\">\n                        <ul>\n                            <li><span class=\"text-dark font-heading font-bold\">Course title:<\/span> Allgemeine Didaktik I: Instruktionspsychologie<\/li>\n                            <li><span class=\"text-dark font-heading font-bold\">Number of ECTS:<\/span> 6<\/li>\n                            <li><span class=\"text-dark font-heading font-bold\">Course code:<\/span> F3_SECEDUC-193<\/li>\n                            <li><span class=\"text-dark font-heading font-bold\">Module(s):<\/span> Modul: Lehren und Lernen<\/li>\n                            <li><span class=\"text-dark font-heading font-bold\">Language:<\/span> DE<\/li>\n                            <li><span class=\"text-dark font-heading font-bold\">Mandatory:<\/span> No<\/li>\n                        <\/ul>\n                    <\/div>\n                <\/li>\n\n                <!--<li class=\"list-highlighted__item items-start\">-->\n                <!--    <header class=\"list-highlighted__header\">-->\n                <!--        <h5 class=\"text-18\"><strong>--><!--<\/strong><\/h5>-->\n                <!--    <\/header>-->\n                <!--    <div class=\"list-highlighted__body\">-->\n                <!--        <div class=\"speaker-group\">-->\n                <!--            -->                <!--        <\/div>-->\n                <!--    <\/div>-->\n                <!--<\/li>-->\n\n                \n                                <li class=\"list-highlighted__item items-start\">\n                    <header class=\"list-highlighted__header\">\n                        <h5 class=\"text-18\"><strong>Course learning outcomes<\/strong><\/h5>\n                    <\/header>\n                    <div class=\"list-highlighted__body\">\n                        <p>Die Studierenden &#8230;<\/p><br><p>&#8230; haben Grundlagen instruktionspsychologischer Modelle erarbeitet und evaluiert und diese in unterrichtspraktische Anwendungsfelder \u00fcbertragen.<\/p><br><p>&#8230; verf\u00fcgen \u00fcber ein anwendungsbezogenes Konzeptrepertoire aus den Bereichen der p\u00e4dagogischen Diagnostik.<\/p><br><p>&#8230; haben den eigenen Wissensstand und ihre Kompetenzen in Theorie und Unterrichtspraxis reflektiert und Entwicklungsziele identifiziert.<\/p>                    <\/div>\n                <\/li>\n                \n                                <li class=\"list-highlighted__item items-start\">\n                    <header class=\"list-highlighted__header\">\n                        <h5 class=\"text-18\"><strong>Description<\/strong><\/h5>\n                    <\/header>\n                    <div class=\"list-highlighted__body\">\n                        <p>Das Seminar dient einerseits der Einf\u00fchrung in die Allgemeine Didaktik und fokussiert sowohl auf theoretische Grundlagen und praxisorientierte Umsetzung diagnostischer Verfahren zu Vorbereitung der Unterrichtshospitation wie auch auf Gestaltungsm\u00f6glichkeiten von Unterricht zur Vorbereitung der eigenen Unterrichtspraxis im Rahmen des orientierenden Praktikums.<\/p><p>Andererseits werden eigene Wissens- und Erfahrungsst\u00e4nde der Studierenden gemeinsam mit den das Praktikum begleitenden Lehrpersonen reflektiert, um individuelle Entwicklunsgziele und Forschungsinteressen f\u00fcr das Masterstudium zu identifizieren.<\/p><p>Die Inhalte und Lernziele sind ebenso wie die zu Grunde gelegte Literatur mit den Didaktiken der jeweiligen F\u00e4cher abgestimmt und bilden den allgemeinen bildungswissenschaftlichen Rahmen derselben.<\/p>                    <\/div>\n                <\/li>\n                \n                \n                                <li class=\"list-highlighted__item items-start\">\n                    <header class=\"list-highlighted__header\">\n                        <h5 class=\"text-18\"><strong>Assessment<\/strong><\/h5>\n                    <\/header>\n                    <div class=\"list-highlighted__body\">\n                        \u00a0Assessment Component 1<br><p>Obligatorische Anwesenheit im Seminar\u00a0<\/p><br><p>(Maximal drei entschuldigte Fehltage)<\/p><br>\u00a0MANDATORY NON-Graded Assessment<br>\u00a00%<br>\u00a0Assessment Component 2<br>\u00a0Aktive Teilnahme am Workshop und Schulpraktikum<br>\u00a0NON-Graded Assessment<br>40%<br>\u00a0Assessment Component 3<br>Praktikumsportfolio<br>End-of-term Assessment<br>60%                    <\/div>\n                <\/li>\n                \n                                <li class=\"list-highlighted__item items-start\">\n                    <header class=\"list-highlighted__header\">\n                        <h5 class=\"text-18\"><strong>Note<\/strong><\/h5>\n                    <\/header>\n                    <div class=\"list-highlighted__body\">\n                        <p>Bibliografie:<\/p><br><p>Ein Reader mit Grundlagentexten wird zu Beginn des Semesters \u00fcber Moodle zur Verf\u00fcgung gestellt.<\/p>                    <\/div>\n                <\/li>\n                \n            <\/ul>\n        <\/div>\n    <\/div>\n<\/div>            \n<div class=\"accordion__item\">\n    <h4 class=\"accordion__header\">\n        <button\n                type=\"button\"\n                class=\"accordion__button collapsed\"\n                aria-expanded=\"false\"\n                data-bs-toggle=\"collapse\"\n                data-bs-target=\"#accordion-panel-69f20f2782003\"\n        >\n            <span class=\"accordion__title\">\n                L\u00ebtzebuergesch Linguistik 2                <span class=\"accordion__data\">\n                    <span class=\"accordion__data__item\">\n                        <span class=\"accordion__data__name\">ECTS credits:<\/span>\n                        <span class=\"accordion__data__value\">\n                            5                        <\/span>\n                    <\/span>\n                    <span class=\"accordion__data__item\">\n                        <span class=\"accordion__data__name\">Course code:<\/span>\n                        <span class=\"accordion__data__value\">\n                            F3_SECEDUC-66                        <\/span>\n                    <\/span>\n                <\/span>\n            <\/span>\n            <svg aria-hidden=\"true\" focusable=\"false\" class=\"icon icon-outline icon--arrow-down icon--lg\"><use xlink:href=\"https:\/\/www.uni.lu\/wp-content\/themes\/unilux-theme\/assets\/images\/icons\/icons-outline.svg#icon--arrow-down\"><\/use><\/svg>        <\/button>\n    <\/h4>\n\n    <div id=\"accordion-panel-69f20f2782003\" class=\"accordion__collapse collapse\" data-bs-parent=\"#accordion-module-69f20f2781fb9\">\n        <div class=\"accordion__body p-0\">\n            <ul class=\"list-highlighted\">\n                <li class=\"list-highlighted__item items-start\">\n                    <header class=\"list-highlighted__header\">\n                        <h5 class=\"text-18\"><strong>Details<\/strong><\/h5>\n                    <\/header>\n                    <div class=\"list-highlighted__body\">\n                        <ul>\n                            <li><span class=\"text-dark font-heading font-bold\">Course title:<\/span> L\u00ebtzebuergesch Linguistik 2<\/li>\n                            <li><span class=\"text-dark font-heading font-bold\">Number of ECTS:<\/span> 5<\/li>\n                            <li><span class=\"text-dark font-heading font-bold\">Course code:<\/span> F3_SECEDUC-66<\/li>\n                            <li><span class=\"text-dark font-heading font-bold\">Module(s):<\/span> Modul: L\u00ebtzebuergesch Linguistik<\/li>\n                            <li><span class=\"text-dark font-heading font-bold\">Language:<\/span> LB<\/li>\n                            <li><span class=\"text-dark font-heading font-bold\">Mandatory:<\/span> Yes<\/li>\n                        <\/ul>\n                    <\/div>\n                <\/li>\n\n                <!--<li class=\"list-highlighted__item items-start\">-->\n                <!--    <header class=\"list-highlighted__header\">-->\n                <!--        <h5 class=\"text-18\"><strong>--><!--<\/strong><\/h5>-->\n                <!--    <\/header>-->\n                <!--    <div class=\"list-highlighted__body\">-->\n                <!--        <div class=\"speaker-group\">-->\n                <!--            -->                <!--        <\/div>-->\n                <!--    <\/div>-->\n                <!--<\/li>-->\n\n                \n                                <li class=\"list-highlighted__item items-start\">\n                    <header class=\"list-highlighted__header\">\n                        <h5 class=\"text-18\"><strong>Course learning outcomes<\/strong><\/h5>\n                    <\/header>\n                    <div class=\"list-highlighted__body\">\n                        <p><br>Um Enn vum Cours k\u00ebnnen d\u2019Studentinnen an d\u2019Studenten:<br><\/p><br><ul><br><li><br>selbstst\u00e4nneg Wuertaarte best\u00ebmmen a Sazanalysen duerchf\u00e9ieren<\/li><br><li>e verd\u00e9ift Verst\u00e4ndnis vun der L\u00ebtzebuerger Grammaire entw\u00e9ckelen duerch selbstst\u00e4nneg Lekt\u00fcr vun der Fuerschungsliteratur autonom Anlysen iwwert de Sproochkontakt am L\u00ebtzebuergeschen duerchf\u00e9ieren<\/li><br><\/ul>                    <\/div>\n                <\/li>\n                \n                                <li class=\"list-highlighted__item items-start\">\n                    <header class=\"list-highlighted__header\">\n                        <h5 class=\"text-18\"><strong>Description<\/strong><\/h5>\n                    <\/header>\n                    <div class=\"list-highlighted__body\">\n                        <p><\/p><p>Nodeems am leschte Semester d\u00e9i m\u00e9i kleng Entit\u00e9ite vun der Sprooch um Programm stoungen (Lauter, Graphemer), gi mer elo iwwer zu de m\u00e9i grousse sproochleche Konstrukter an analys\u00e9ieren d&#8217;Sprooch an hirem Gebrauch.<\/p><ul><li>Wuertbildung<\/li><li>Wuertaarten<\/li><li>Sazbau<\/li><\/ul><p><\/p>                    <\/div>\n                <\/li>\n                \n                \n                                <li class=\"list-highlighted__item items-start\">\n                    <header class=\"list-highlighted__header\">\n                        <h5 class=\"text-18\"><strong>Assessment<\/strong><\/h5>\n                    <\/header>\n                    <div class=\"list-highlighted__body\">\n                        <ul><br><li>Textmoderatioun mat ausf\u00e9ierlechem Handout (40 %)<\/li><br><li>Oral (60 %)<\/li><br><\/ul>                    <\/div>\n                <\/li>\n                \n                \n            <\/ul>\n        <\/div>\n    <\/div>\n<\/div>            \n<div class=\"accordion__item\">\n    <h4 class=\"accordion__header\">\n        <button\n                type=\"button\"\n                class=\"accordion__button collapsed\"\n                aria-expanded=\"false\"\n                data-bs-toggle=\"collapse\"\n                data-bs-target=\"#accordion-panel-69f20f2782011\"\n        >\n            <span class=\"accordion__title\">\n                L\u00ebtzebuergesch Soziolinguistik 1                <span class=\"accordion__data\">\n                    <span class=\"accordion__data__item\">\n                        <span class=\"accordion__data__name\">ECTS credits:<\/span>\n                        <span class=\"accordion__data__value\">\n                            5                        <\/span>\n                    <\/span>\n                    <span class=\"accordion__data__item\">\n                        <span class=\"accordion__data__name\">Course code:<\/span>\n                        <span class=\"accordion__data__value\">\n                            F3_SECEDUC-243                        <\/span>\n                    <\/span>\n                <\/span>\n            <\/span>\n            <svg aria-hidden=\"true\" focusable=\"false\" class=\"icon icon-outline icon--arrow-down icon--lg\"><use xlink:href=\"https:\/\/www.uni.lu\/wp-content\/themes\/unilux-theme\/assets\/images\/icons\/icons-outline.svg#icon--arrow-down\"><\/use><\/svg>        <\/button>\n    <\/h4>\n\n    <div id=\"accordion-panel-69f20f2782011\" class=\"accordion__collapse collapse\" data-bs-parent=\"#accordion-module-69f20f2781fb9\">\n        <div class=\"accordion__body p-0\">\n            <ul class=\"list-highlighted\">\n                <li class=\"list-highlighted__item items-start\">\n                    <header class=\"list-highlighted__header\">\n                        <h5 class=\"text-18\"><strong>Details<\/strong><\/h5>\n                    <\/header>\n                    <div class=\"list-highlighted__body\">\n                        <ul>\n                            <li><span class=\"text-dark font-heading font-bold\">Course title:<\/span> L\u00ebtzebuergesch Soziolinguistik 1<\/li>\n                            <li><span class=\"text-dark font-heading font-bold\">Number of ECTS:<\/span> 5<\/li>\n                            <li><span class=\"text-dark font-heading font-bold\">Course code:<\/span> F3_SECEDUC-243<\/li>\n                            <li><span class=\"text-dark font-heading font-bold\">Module(s):<\/span> Modul: L\u00ebtzebuergesch Soziolinguistik<\/li>\n                            <li><span class=\"text-dark font-heading font-bold\">Language:<\/span> LB<\/li>\n                            <li><span class=\"text-dark font-heading font-bold\">Mandatory:<\/span> Yes<\/li>\n                        <\/ul>\n                    <\/div>\n                <\/li>\n\n                <!--<li class=\"list-highlighted__item items-start\">-->\n                <!--    <header class=\"list-highlighted__header\">-->\n                <!--        <h5 class=\"text-18\"><strong>--><!--<\/strong><\/h5>-->\n                <!--    <\/header>-->\n                <!--    <div class=\"list-highlighted__body\">-->\n                <!--        <div class=\"speaker-group\">-->\n                <!--            -->                <!--        <\/div>-->\n                <!--    <\/div>-->\n                <!--<\/li>-->\n\n                \n                                <li class=\"list-highlighted__item items-start\">\n                    <header class=\"list-highlighted__header\">\n                        <h5 class=\"text-18\"><strong>Course learning outcomes<\/strong><\/h5>\n                    <\/header>\n                    <div class=\"list-highlighted__body\">\n                        <p><br>Um Enn vum Cours k\u00ebnnen d\u2019Studenten:\u00a0<br><\/p><br><ul><br><li>Verschidde soziolinguistesch Konzepter, d\u00e9i sech zu L\u00ebtzebuerg appliz\u00e9ire loosen, beschreiwen\u200b\u00a0<\/li><br><li>\u200b\u200bD\u00ebs soziolinguistesch Konzepter appliz\u00e9iren\u200b\u00a0<\/li><br><li>\u200b\u200bRelevant Fuerschungsmethoden eraussichen an uwenden\u200b\u00a0<\/li><br><li>\u200b\u200bSoziolinguistesch Sujete recherch\u00e9ieren, present\u00e9ieren an diskut\u00e9ieren\u200b\u00a0<\/li><br><li>\u200b\u200ben eegene Fuerschungsprojet ausschaffen, ausf\u00e9ieren a souwuel m\u00ebndlech w\u00e9i schr\u00ebftlech present\u00e9ieren\u200b\u00a0<\/li><br><\/ul>                    <\/div>\n                <\/li>\n                \n                                <li class=\"list-highlighted__item items-start\">\n                    <header class=\"list-highlighted__header\">\n                        <h5 class=\"text-18\"><strong>Description<\/strong><\/h5>\n                    <\/header>\n                    <div class=\"list-highlighted__body\">\n                        An d\u00ebsem Cours gi Konzepter aus der Soziolinguistik, d\u00e9i speziell fir eng \u00c9tude vun der Sproochesituatioun zu L\u00ebtzebuerg interessant sinn, virgestallt an zesumme mat de Studenten ausgeschafft an erfuerscht. Zous\u00e4tzlech zu Konzepter d\u00e9i sech mat der M\u00e9isproochegkeet an dem Sproochechoix a verschiddenen Domainen, w\u00e9i der Famill, der Schoul oder der Aarbecht. Befaassen, g\u00ebtt sech och mam Thema Sproochepolitik a mat der visueller M\u00e9isproochegkeet besch\u00e4ftegt.\u00a0\u00a0<br>Konzepter d\u00e9i am 2. Semester behandelt ginn, sinn z. B. Code switching, Literacy, Sozial Netzwierker, Sproochepolitik a Linguistic Landscapes.\u00a0                    <\/div>\n                <\/li>\n                \n                \n                                <li class=\"list-highlighted__item items-start\">\n                    <header class=\"list-highlighted__header\">\n                        <h5 class=\"text-18\"><strong>Assessment<\/strong><\/h5>\n                    <\/header>\n                    <div class=\"list-highlighted__body\">\n                        <p>Pr\u00e4sentatioun<\/p><br><p>Hausaarbecht<\/p>                    <\/div>\n                <\/li>\n                \n                                <li class=\"list-highlighted__item items-start\">\n                    <header class=\"list-highlighted__header\">\n                        <h5 class=\"text-18\"><strong>Note<\/strong><\/h5>\n                    <\/header>\n                    <div class=\"list-highlighted__body\">\n                        D\u2019Texter ginn am Laf vum Cours zur Verf\u00fcgung gestallt.\u00a0                    <\/div>\n                <\/li>\n                \n            <\/ul>\n        <\/div>\n    <\/div>\n<\/div>            \n<div class=\"accordion__item\">\n    <h4 class=\"accordion__header\">\n        <button\n                type=\"button\"\n                class=\"accordion__button collapsed\"\n                aria-expanded=\"false\"\n                data-bs-toggle=\"collapse\"\n                data-bs-target=\"#accordion-panel-69f20f278201e\"\n        >\n            <span class=\"accordion__title\">\n                Literaturdidaktik                <span class=\"accordion__data\">\n                    <span class=\"accordion__data__item\">\n                        <span class=\"accordion__data__name\">ECTS credits:<\/span>\n                        <span class=\"accordion__data__value\">\n                            5                        <\/span>\n                    <\/span>\n                    <span class=\"accordion__data__item\">\n                        <span class=\"accordion__data__name\">Course code:<\/span>\n                        <span class=\"accordion__data__value\">\n                            F3_SECEDUC-64                        <\/span>\n                    <\/span>\n                <\/span>\n            <\/span>\n            <svg aria-hidden=\"true\" focusable=\"false\" class=\"icon icon-outline icon--arrow-down icon--lg\"><use xlink:href=\"https:\/\/www.uni.lu\/wp-content\/themes\/unilux-theme\/assets\/images\/icons\/icons-outline.svg#icon--arrow-down\"><\/use><\/svg>        <\/button>\n    <\/h4>\n\n    <div id=\"accordion-panel-69f20f278201e\" class=\"accordion__collapse collapse\" data-bs-parent=\"#accordion-module-69f20f2781fb9\">\n        <div class=\"accordion__body p-0\">\n            <ul class=\"list-highlighted\">\n                <li class=\"list-highlighted__item items-start\">\n                    <header class=\"list-highlighted__header\">\n                        <h5 class=\"text-18\"><strong>Details<\/strong><\/h5>\n                    <\/header>\n                    <div class=\"list-highlighted__body\">\n                        <ul>\n                            <li><span class=\"text-dark font-heading font-bold\">Course title:<\/span> Literaturdidaktik<\/li>\n                            <li><span class=\"text-dark font-heading font-bold\">Number of ECTS:<\/span> 5<\/li>\n                            <li><span class=\"text-dark font-heading font-bold\">Course code:<\/span> F3_SECEDUC-64<\/li>\n                            <li><span class=\"text-dark font-heading font-bold\">Module(s):<\/span> Modul: Literaturdidaktik<\/li>\n                            <li><span class=\"text-dark font-heading font-bold\">Language:<\/span> <\/li>\n                            <li><span class=\"text-dark font-heading font-bold\">Mandatory:<\/span> Yes<\/li>\n                        <\/ul>\n                    <\/div>\n                <\/li>\n\n                <!--<li class=\"list-highlighted__item items-start\">-->\n                <!--    <header class=\"list-highlighted__header\">-->\n                <!--        <h5 class=\"text-18\"><strong>--><!--<\/strong><\/h5>-->\n                <!--    <\/header>-->\n                <!--    <div class=\"list-highlighted__body\">-->\n                <!--        <div class=\"speaker-group\">-->\n                <!--            -->                <!--        <\/div>-->\n                <!--    <\/div>-->\n                <!--<\/li>-->\n\n                                <li class=\"list-highlighted__item items-start\">\n                    <header class=\"list-highlighted__header\">\n                        <h5 class=\"text-18\"><strong>Objectives<\/strong><\/h5>\n                    <\/header>\n                    <div class=\"list-highlighted__body\">\n                        <p>\n                            <p>No engem kuerzen historeschen Iwwerbl\u00e9ck zum Theema L\u00ebtzebuerger Literatur(en) am Enseignement, werfe mir e kritesche Bl\u00e9ck op exist\u00e9ierend literaturdidaktescht Material (Liesbicher, Anthologien, Dossiers p\u00e9dagogiques a Schoulprogrammer), fir ze kucken, w\u00e9i eng Roll d&#8217;Literatur &#8211; a besonnesch d&#8217;L\u00ebtzebuerger Literatur &#8211; am Secondairesenseignement spillt. Schlussendlech stelle mir d&#8217;Fro, ob et eng spezifesch L\u00ebtzebuerger Literaturdidaktik kann oder soll ginn\u2026<\/p>                        <\/p>\n                    <\/div>\n                <\/li>\n                \n                                <li class=\"list-highlighted__item items-start\">\n                    <header class=\"list-highlighted__header\">\n                        <h5 class=\"text-18\"><strong>Course learning outcomes<\/strong><\/h5>\n                    <\/header>\n                    <div class=\"list-highlighted__body\">\n                        <p><br>Um Enn vun d\u00ebsem Cours hunn d\u2019Student(inn)en:<br><\/p><br><ul><br><li>eng Iwwersiicht vu literaturdidakteschen Theorien a Methode kritt;<\/li><br><li>d\u2019Erausfuerderungen an d\u2019M\u00e9iglechkeete vun enger l\u00ebtzebuergescher Literaturdidaktik diskut\u00e9iert;<\/li><br><li>ee m\u00e9isproochegen Textkorpus, aus verschiddene Gattungen a literaturgeschichtleche Perioden, entdeckt.<\/li><br><\/ul>                    <\/div>\n                <\/li>\n                \n                                <li class=\"list-highlighted__item items-start\">\n                    <header class=\"list-highlighted__header\">\n                        <h5 class=\"text-18\"><strong>Description<\/strong><\/h5>\n                    <\/header>\n                    <div class=\"list-highlighted__body\">\n                        D\u00ebse Cours defini\u00e9iert Literaturdidaktik kulturw\u00ebssenschaftlech: Si analys\u00e9iert, w\u00e9i ee Stellew\u00e4ert a w\u00e9i eng Funktioun d\u2019Literatur an der Schoul an an der Gesellschaft huet.                    <\/div>\n                <\/li>\n                \n                \n                                <li class=\"list-highlighted__item items-start\">\n                    <header class=\"list-highlighted__header\">\n                        <h5 class=\"text-18\"><strong>Assessment<\/strong><\/h5>\n                    <\/header>\n                    <div class=\"list-highlighted__body\">\n                        <p><br>End-of-term assessment<br><\/p><br><ul>Schlussexamen (3St.) &#8211; Literaresch Dissertatioun<\/ul>                    <\/div>\n                <\/li>\n                \n                                <li class=\"list-highlighted__item items-start\">\n                    <header class=\"list-highlighted__header\">\n                        <h5 class=\"text-18\"><strong>Note<\/strong><\/h5>\n                    <\/header>\n                    <div class=\"list-highlighted__body\">\n                        <p><br>Literatur:<br><\/p><br><br>Jeff BADEN et al., Literaresch Welten. Eng L\u00ebtzebuerger Anthologie an dr\u00e4i Sproochen, Luxembourg, Minist\u00e8re de l&#8217;\u00c9ducation nationale et de la Formation professionnelle, 2012.<br>Marc BARTHELEMY et al., Lies de bal. L\u00ebtzebuergesch Texter, Guy Binsfeld \/ Saint-Paul, 2014+2015.<br>Nathalie BRILLANT-RANNOU et al., Un dictionnaire de didactique de la litt\u00e9rature, Honor\u00e9 Champio, 2020.<br>Centre national de litt\u00e9rature, Dossiers p\u00e9dagogiques \/ Unterrichtsmaterialen, 2016-\u2026<br>Education nationale, Lies a fl\u00e9i 1, L\u00ebtzebuerger Liesbuch fir d\u20183. an d\u20184. Schouljoer, Education nationale, 2003.<br>Education nationale, Lies a fl\u00e9i 2, L\u00ebtzebuerger Liesbuch fir d\u20185. an d\u20186. Schouljoer, Education nationale, 2006.<br>S\u00e9bastian THILTGES, \u201eL\u00ebtzebuerger Literatur a Schoul a Gesellschaft: literaturdidaktesch Erausfuerderungen a M\u00e9iglechkeeten\u201c, Fundst\u00fccke\/Trouvailles (2018\/2019), Luxembourg\/Mersch, Centre national de litt\u00e9rature, 2020, S. 197-217.<br>(Weider Dokumenter a Referenze ginn am Laf vum Semester ausgedeelt.)                    <\/div>\n                <\/li>\n                \n            <\/ul>\n        <\/div>\n    <\/div>\n<\/div>            \n<div class=\"accordion__item\">\n    <h4 class=\"accordion__header\">\n        <button\n                type=\"button\"\n                class=\"accordion__button collapsed\"\n                aria-expanded=\"false\"\n                data-bs-toggle=\"collapse\"\n                data-bs-target=\"#accordion-panel-69f20f278202b\"\n        >\n            <span class=\"accordion__title\">\n                Literaturgeschicht 2 &#8211; Theater                <span class=\"accordion__data\">\n                    <span class=\"accordion__data__item\">\n                        <span class=\"accordion__data__name\">ECTS credits:<\/span>\n                        <span class=\"accordion__data__value\">\n                            5                        <\/span>\n                    <\/span>\n                    <span class=\"accordion__data__item\">\n                        <span class=\"accordion__data__name\">Course code:<\/span>\n                        <span class=\"accordion__data__value\">\n                            F3_SECEDUC-220                        <\/span>\n                    <\/span>\n                <\/span>\n            <\/span>\n            <svg aria-hidden=\"true\" focusable=\"false\" class=\"icon icon-outline icon--arrow-down icon--lg\"><use xlink:href=\"https:\/\/www.uni.lu\/wp-content\/themes\/unilux-theme\/assets\/images\/icons\/icons-outline.svg#icon--arrow-down\"><\/use><\/svg>        <\/button>\n    <\/h4>\n\n    <div id=\"accordion-panel-69f20f278202b\" class=\"accordion__collapse collapse\" data-bs-parent=\"#accordion-module-69f20f2781fb9\">\n        <div class=\"accordion__body p-0\">\n            <ul class=\"list-highlighted\">\n                <li class=\"list-highlighted__item items-start\">\n                    <header class=\"list-highlighted__header\">\n                        <h5 class=\"text-18\"><strong>Details<\/strong><\/h5>\n                    <\/header>\n                    <div class=\"list-highlighted__body\">\n                        <ul>\n                            <li><span class=\"text-dark font-heading font-bold\">Course title:<\/span> Literaturgeschicht 2 &#8211; Theater<\/li>\n                            <li><span class=\"text-dark font-heading font-bold\">Number of ECTS:<\/span> 5<\/li>\n                            <li><span class=\"text-dark font-heading font-bold\">Course code:<\/span> F3_SECEDUC-220<\/li>\n                            <li><span class=\"text-dark font-heading font-bold\">Module(s):<\/span> Modul: Literaturgeschicht<\/li>\n                            <li><span class=\"text-dark font-heading font-bold\">Language:<\/span> LB<\/li>\n                            <li><span class=\"text-dark font-heading font-bold\">Mandatory:<\/span> Yes<\/li>\n                        <\/ul>\n                    <\/div>\n                <\/li>\n\n                <!--<li class=\"list-highlighted__item items-start\">-->\n                <!--    <header class=\"list-highlighted__header\">-->\n                <!--        <h5 class=\"text-18\"><strong>--><!--<\/strong><\/h5>-->\n                <!--    <\/header>-->\n                <!--    <div class=\"list-highlighted__body\">-->\n                <!--        <div class=\"speaker-group\">-->\n                <!--            -->                <!--        <\/div>-->\n                <!--    <\/div>-->\n                <!--<\/li>-->\n\n                \n                \n                                <li class=\"list-highlighted__item items-start\">\n                    <header class=\"list-highlighted__header\">\n                        <h5 class=\"text-18\"><strong>Description<\/strong><\/h5>\n                    <\/header>\n                    <div class=\"list-highlighted__body\">\n                        D\u00ebse Cours behandelt den z\u00e4itgen\u00ebssesche L\u00ebtzebuerger Theater an dr\u00e4i Sproochen, vu sengen Uf\u00e4ng mam Dicks, iwwert d\u2019Modernis\u00e9ierung ageleet duerch Auteure w\u00e9i den Norbert Weber an de Pol Greisch, bis zu der aktueller Generatioun vun TheaterauteurInnen, d\u00e9i sech mam sozialen oder gesellschaftskriteschen Drama ausernee s\u00ebtzt. Dob\u00e4i geet et net n\u00ebmmen \u00ebm Theateranalys (Gendre, Handlung, Struktur, Figuren, Themen) mee och \u00ebm d\u2019Froe vun Theatertradition a -sprooch, d\u00e9i de L\u00ebtzebuerger Drama opweist, genee sou w\u00e9i \u00ebm d\u00e9i divers Tendenzen an Influenzen, d\u00e9i den Theater aus Frankr\u00e4ich, D\u00e4itschland oder Groussbritannien op de L\u00ebtzebuerger Drama aus\u00fcbt.<br>                    <\/div>\n                <\/li>\n                \n                \n                \n                \n            <\/ul>\n        <\/div>\n    <\/div>\n<\/div>            \n<div class=\"accordion__item\">\n    <h4 class=\"accordion__header\">\n        <button\n                type=\"button\"\n                class=\"accordion__button collapsed\"\n                aria-expanded=\"false\"\n                data-bs-toggle=\"collapse\"\n                data-bs-target=\"#accordion-panel-69f20f2782038\"\n        >\n            <span class=\"accordion__title\">\n                Mehrsprachigkeit im Sprach- und Fachunterricht                <span class=\"accordion__data\">\n                    <span class=\"accordion__data__item\">\n                        <span class=\"accordion__data__name\">ECTS credits:<\/span>\n                        <span class=\"accordion__data__value\">\n                            3                        <\/span>\n                    <\/span>\n                    <span class=\"accordion__data__item\">\n                        <span class=\"accordion__data__name\">Course code:<\/span>\n                        <span class=\"accordion__data__value\">\n                            F3_SECEDUC-27                        <\/span>\n                    <\/span>\n                <\/span>\n            <\/span>\n            <svg aria-hidden=\"true\" focusable=\"false\" class=\"icon icon-outline icon--arrow-down icon--lg\"><use xlink:href=\"https:\/\/www.uni.lu\/wp-content\/themes\/unilux-theme\/assets\/images\/icons\/icons-outline.svg#icon--arrow-down\"><\/use><\/svg>        <\/button>\n    <\/h4>\n\n    <div id=\"accordion-panel-69f20f2782038\" class=\"accordion__collapse collapse\" data-bs-parent=\"#accordion-module-69f20f2781fb9\">\n        <div class=\"accordion__body p-0\">\n            <ul class=\"list-highlighted\">\n                <li class=\"list-highlighted__item items-start\">\n                    <header class=\"list-highlighted__header\">\n                        <h5 class=\"text-18\"><strong>Details<\/strong><\/h5>\n                    <\/header>\n                    <div class=\"list-highlighted__body\">\n                        <ul>\n                            <li><span class=\"text-dark font-heading font-bold\">Course title:<\/span> Mehrsprachigkeit im Sprach- und Fachunterricht<\/li>\n                            <li><span class=\"text-dark font-heading font-bold\">Number of ECTS:<\/span> 3<\/li>\n                            <li><span class=\"text-dark font-heading font-bold\">Course code:<\/span> F3_SECEDUC-27<\/li>\n                            <li><span class=\"text-dark font-heading font-bold\">Module(s):<\/span> Modul: Mehrsprachigkeit und Heterogenit\u00e4t<\/li>\n                            <li><span class=\"text-dark font-heading font-bold\">Language:<\/span> DE, FR<\/li>\n                            <li><span class=\"text-dark font-heading font-bold\">Mandatory:<\/span> Yes<\/li>\n                        <\/ul>\n                    <\/div>\n                <\/li>\n\n                <!--<li class=\"list-highlighted__item items-start\">-->\n                <!--    <header class=\"list-highlighted__header\">-->\n                <!--        <h5 class=\"text-18\"><strong>--><!--<\/strong><\/h5>-->\n                <!--    <\/header>-->\n                <!--    <div class=\"list-highlighted__body\">-->\n                <!--        <div class=\"speaker-group\">-->\n                <!--            -->                <!--        <\/div>-->\n                <!--    <\/div>-->\n                <!--<\/li>-->\n\n                                <li class=\"list-highlighted__item items-start\">\n                    <header class=\"list-highlighted__header\">\n                        <h5 class=\"text-18\"><strong>Objectives<\/strong><\/h5>\n                    <\/header>\n                    <div class=\"list-highlighted__body\">\n                        <p>\n                            <p>Die Studierenden haben gelernt &#8230;<\/p><br><ul><br><li>&#8230; dass eine Sprache aus mehreren Variet\u00e4ten bestehen und dass \u00c4u\u00dferungen aus mehreren Sprachen bestehen k\u00f6nnen.<\/li><br><li>&#8230; dass in der Schule eine bestimmte Sprachvariet\u00e4t, die &#8220;Standardsprache&#8221; vorausgesetzt wird, diese aber nicht bei allen Sch\u00fcler\/innen vorausgesetzt werden kann<\/li><br><li>&#8230; dass Sprachen aus bestimmten formalen Einheiten bestehen (Phoneme, Morpheme, W\u00f6rter, S\u00e4tze, &#8230;), die jeweils bestimmte Funktionen in der sprachlichen \u00c4u\u00dferung \u00fcbernehmen.<\/li><br><li>&#8230; dass es verschiedene M\u00f6glichkeiten gibt, Mehrsprachigkeit in den Unterricht zu integrieren (Scaffolding, Interlanguaging, CLIL, Sprachkontraste, \u00dcbersetzungen, &#8230;)<\/li><br><\/ul>                        <\/p>\n                    <\/div>\n                <\/li>\n                \n                                <li class=\"list-highlighted__item items-start\">\n                    <header class=\"list-highlighted__header\">\n                        <h5 class=\"text-18\"><strong>Course learning outcomes<\/strong><\/h5>\n                    <\/header>\n                    <div class=\"list-highlighted__body\">\n                        <p>Die Studierenden sind in der Lage &#8230;<br><\/p><br><ul><br><li>&#8230; die stillschweigende Voraussetzung der \u201eStandardsprache\u201c zu erkennen und angemessene, \u201esprachsensible\u201c Formen des Umgangs im Unterricht zu finden.<br><\/li><br><li>\u2026 verschiedene Aspekte sprachsensiblen Unterrichts in Ihren Unterricht zu integrieren<\/li><br><li>\u2026 Lehrwerke und Unterrichtsmaterialien nach sprachsensiblen Kriterien zu analysieren und im Unterricht einzusetzen.<\/li><br><\/ul>                    <\/div>\n                <\/li>\n                \n                                <li class=\"list-highlighted__item items-start\">\n                    <header class=\"list-highlighted__header\">\n                        <h5 class=\"text-18\"><strong>Description<\/strong><\/h5>\n                    <\/header>\n                    <div class=\"list-highlighted__body\">\n                        Schule wird bis heute als eine Institution mit einem \u201emonolingualen Habitus\u201c gesehen. Die Vorlesung hinterfragt diese institutionelle Einsprachigkeit und f\u00fchrt in verschiedene Aspekte von Mehrsprachigkeit ein: Was unterscheidet eine einsprachige von einer mehrsprachigen \u00c4u\u00dferung? Wie sind mehrsprachige Praktiken strukturiert?\u00a0<br>Aus didaktischer Perspektive wird gefragt, welche Faktoren den Spracherwerbs- bzw. Sprachlernprozess von Sch\u00fcler\/innen in schulischen und au\u00dferschulischen Kontexten beeinflussen und wie diese Lernprozesse im Sprachenunterricht unterst\u00fctzt werden k\u00f6nnen. Hierzu werden verschiedene p\u00e4dagogische Haltungen und didaktische Mittel pr\u00e4sentiert.<br>                    <\/div>\n                <\/li>\n                \n                \n                                <li class=\"list-highlighted__item items-start\">\n                    <header class=\"list-highlighted__header\">\n                        <h5 class=\"text-18\"><strong>Assessment<\/strong><\/h5>\n                    <\/header>\n                    <div class=\"list-highlighted__body\">\n                        <p><br>Combined Assessment:<br><\/p><br><p><br>1) Portfolio: 30%<br><\/p><br><p><br>Als Portfolio angelegte Hausarbeit mit zwei Texten, die semesterbegleitend verfasst werden. <\/p><br><p>Das Portfolio umfasst Einzel- und Gruppenarbeiten.<\/p><br><p>Die Evaluation der Texte erfolgt nach dem Semester.<\/p><br><p><br>2) Written Exam: 70%<br><\/p>                    <\/div>\n                <\/li>\n                \n                                <li class=\"list-highlighted__item items-start\">\n                    <header class=\"list-highlighted__header\">\n                        <h5 class=\"text-18\"><strong>Note<\/strong><\/h5>\n                    <\/header>\n                    <div class=\"list-highlighted__body\">\n                        <p>Bibliografie:<\/p><br><ul><br><li><br>Schleppegrell, M. (2004). The Language of Schooling: A Functional Linguistics Perspective. Mahwah, New Jersey: Lawrence Erlbaum Associates Publishers.<\/li><br><li>Garc\u00eda, O., Wei, L. (2014). Translanguaging: Language, Bilingualism and Education. New York: Palgrave Macmillan.<\/li><br><li>Kniffka, G., Siebert-Ott, G. (2007). Deutsch als Zweitsprache: Lehren und Lernen. Paderborn: Sch\u00f6ningh.\u00a0<\/li><br><li>Wessel, L. (2015). Fach- und sprachintegrierte F\u00f6rderung durch Darstellungsvernetzung und Scaffolding. Ein Entwicklungsforschungsprojekt zum Anteilbegriff. Heidelberg u.a.: Springer Spektrum.<\/li><br><li>Artikel aus dem nationalen Bildungsbericht 2015, 2018 und 2021 (versions allemandes et fran\u00e7aises):<br>alle verf\u00fcgbar auf: https:\/\/bildungsbericht.lu\/\u00a0<br><\/li><br><\/ul>                    <\/div>\n                <\/li>\n                \n            <\/ul>\n        <\/div>\n    <\/div>\n<\/div>    <\/div><\/div><\/section>\n<section\n    id=\"tabpanel-6795bc38-b171-478a-84c9-b7a5aa8ad27c\"\n    aria-labelledby=\"tab-6795bc38-b171-478a-84c9-b7a5aa8ad27c\"\n    class=\"tab-panel fade hidden is-hidden\"\n>\n    <div class=\"wp-block-unilux-blocks-course-offer\">\n    <h3>Course offer for Langue et litt\u00e9rature luxembourgeoise, Semestre 3 (2025-2026 Winter)<\/h3>\n    \n<div id=\"accordion-module-69f20f2786cdc\" class=\"accordion accordion--theme\">\n            \n<div class=\"accordion__item\">\n    <h4 class=\"accordion__header\">\n        <button\n                type=\"button\"\n                class=\"accordion__button collapsed\"\n                aria-expanded=\"false\"\n                data-bs-toggle=\"collapse\"\n                data-bs-target=\"#accordion-panel-69f20f2786d0b\"\n        >\n            <span class=\"accordion__title\">\n                L\u00ebtzebuergesch Soziolinguistik 2                <span class=\"accordion__data\">\n                    <span class=\"accordion__data__item\">\n                        <span class=\"accordion__data__name\">ECTS credits:<\/span>\n                        <span class=\"accordion__data__value\">\n                            5                        <\/span>\n                    <\/span>\n                    <span class=\"accordion__data__item\">\n                        <span class=\"accordion__data__name\">Course code:<\/span>\n                        <span class=\"accordion__data__value\">\n                            F3_SECEDUC-255                        <\/span>\n                    <\/span>\n                <\/span>\n            <\/span>\n            <svg aria-hidden=\"true\" focusable=\"false\" class=\"icon icon-outline icon--arrow-down icon--lg\"><use xlink:href=\"https:\/\/www.uni.lu\/wp-content\/themes\/unilux-theme\/assets\/images\/icons\/icons-outline.svg#icon--arrow-down\"><\/use><\/svg>        <\/button>\n    <\/h4>\n\n    <div id=\"accordion-panel-69f20f2786d0b\" class=\"accordion__collapse collapse\" data-bs-parent=\"#accordion-module-69f20f2786cdc\">\n        <div class=\"accordion__body p-0\">\n            <ul class=\"list-highlighted\">\n                <li class=\"list-highlighted__item items-start\">\n                    <header class=\"list-highlighted__header\">\n                        <h5 class=\"text-18\"><strong>Details<\/strong><\/h5>\n                    <\/header>\n                    <div class=\"list-highlighted__body\">\n                        <ul>\n                            <li><span class=\"text-dark font-heading font-bold\">Course title:<\/span> L\u00ebtzebuergesch Soziolinguistik 2<\/li>\n                            <li><span class=\"text-dark font-heading font-bold\">Number of ECTS:<\/span> 5<\/li>\n                            <li><span class=\"text-dark font-heading font-bold\">Course code:<\/span> F3_SECEDUC-255<\/li>\n                            <li><span class=\"text-dark font-heading font-bold\">Module(s):<\/span> Modul: L\u00ebtzebuergesch Soziolinguistik<\/li>\n                            <li><span class=\"text-dark font-heading font-bold\">Language:<\/span> LB<\/li>\n                            <li><span class=\"text-dark font-heading font-bold\">Mandatory:<\/span> Yes<\/li>\n                        <\/ul>\n                    <\/div>\n                <\/li>\n\n                <!--<li class=\"list-highlighted__item items-start\">-->\n                <!--    <header class=\"list-highlighted__header\">-->\n                <!--        <h5 class=\"text-18\"><strong>--><!--<\/strong><\/h5>-->\n                <!--    <\/header>-->\n                <!--    <div class=\"list-highlighted__body\">-->\n                <!--        <div class=\"speaker-group\">-->\n                <!--            -->                <!--        <\/div>-->\n                <!--    <\/div>-->\n                <!--<\/li>-->\n\n                \n                                <li class=\"list-highlighted__item items-start\">\n                    <header class=\"list-highlighted__header\">\n                        <h5 class=\"text-18\"><strong>Course learning outcomes<\/strong><\/h5>\n                    <\/header>\n                    <div class=\"list-highlighted__body\">\n                        <p>Um Enn vun d\u00ebsem Cours hunn d&#8217;Student(inn)en: <\/p><br><ul><br><li>D&#8217;Student(inn)en hunn en Iwwerbl\u00e9ck iwwer d&#8217;Geschicht vum Groussherzogtum a k\u00ebnnen d\u00ebs am Kontext vum Nationbuilding interpret\u00e9ierten<\/li><br><li>D&#8217;Student(inn)en kennen d\u00e9i wichtegst Etappen vum Ausbauprozess vun der L\u00ebtzebuerger Sprooch<\/li><br><li>D&#8217;Student(inn)en hunn eng empiresch an theoretesch fund\u00e9iert Kenntnis vun der aktueller Sproochesituatioun<\/li><br><li>D&#8217;Student(inn)e sinn f\u00e4eg, eng argumentativ fund\u00e9iert Positioun par Rapport zu den Enjeue vun der aktueller Sproochepolitik ze vertrieden<\/li><br><\/ul>                    <\/div>\n                <\/li>\n                \n                                <li class=\"list-highlighted__item items-start\">\n                    <header class=\"list-highlighted__header\">\n                        <h5 class=\"text-18\"><strong>Description<\/strong><\/h5>\n                    <\/header>\n                    <div class=\"list-highlighted__body\">\n                        <p>D\u00e9i multilingual Sproochesituatioun zu L\u00ebtzebuerg g\u00ebtt an hirer historescher Entw\u00e9cklung an an hirem aktuellen Zoustand duergestallt. Ausgangspunkt ass d\u2019Schafung vum Grand-Duch\u00e9 um Wiener Kongress 1815. Fir d\u2019\u00e9ischt g\u00ebtt \u2013 op dem Hannergrond vum Gilbert Trausch senger \u201cDe l\u2019Etat \u00e0 la nation\u201d-Thees an dem Heinz Kloss sengem Begr\u00ebff vun der Ausbausprache \u2013 erkl\u00e4ert, w\u00e9i dee jonke Staat sech gefestegt huet, a w\u00e9i am Laf vun der Z\u00e4it e Nationalbewosstsinn a parallel dozou och eng Nationalsprooch entstanen ass. <\/p><p>D\u00e9i wichtegst Etappe vun der Sproochgeschicht ginn un Hand vu repr\u00e4sentativen Texter duergestallt. Enner anerem gesi mir d\u2019Kontrovers t\u00ebschent Fran\u00e7ois Gangler a Peter Klein, d\u2019Reflexioune vu Ren\u00e9 Engelmann, Batty Weber, Nicolas Ries a Lucien (Siggy) Koenig virum \u00e9ischte Weltkrich, d\u2019patriotesch Begeeschterung virum 2. Weltkrich an d\u2019sproochpolitesch Mesuren an hir \u201cw\u00ebssenschaftlech\u201d Legitimatioun w\u00e4hrend der Nazi-Besatzung. <\/p><p>Mir beschreiwen d\u2019Dr\u00e4isproochegkeet, w\u00e9i se sech an de 1950er Joren erausgebilt huet a w\u00e9i se am Gesetz vun 1984 festgeschriwwe gouf. Un Hand vu rezenten empireschen Etud\u00eb beschreiwe mer d\u00e9i aktuell Sproochesituatioun a situ\u00e9ieren d\u2019L\u00ebtzebuergescht am Spannungsfeld vum Frans\u00e9ischen a vum D\u00e4itschen a vun deenen aneren Sproochen (d\u2019Englescht an d\u00e9i divers Migrantesproochen), d\u00e9i nach zu L\u00ebtzebuerg vertruede sinn.<\/p>                    <\/div>\n                <\/li>\n                \n                \n                                <li class=\"list-highlighted__item items-start\">\n                    <header class=\"list-highlighted__header\">\n                        <h5 class=\"text-18\"><strong>Assessment<\/strong><\/h5>\n                    <\/header>\n                    <div class=\"list-highlighted__body\">\n                        Schr\u00ebftlechen Examen\u00a0                    <\/div>\n                <\/li>\n                \n                                <li class=\"list-highlighted__item items-start\">\n                    <header class=\"list-highlighted__header\">\n                        <h5 class=\"text-18\"><strong>Note<\/strong><\/h5>\n                    <\/header>\n                    <div class=\"list-highlighted__body\">\n                        E Reader mat Quellentexter zur L\u00ebtzebuerger Sproochgeschicht g\u00ebtt ausgedeelt. Ausf\u00e9ierlech Literaturl\u00ebscht op Moodle.                    <\/div>\n                <\/li>\n                \n            <\/ul>\n        <\/div>\n    <\/div>\n<\/div>            \n<div class=\"accordion__item\">\n    <h4 class=\"accordion__header\">\n        <button\n                type=\"button\"\n                class=\"accordion__button collapsed\"\n                aria-expanded=\"false\"\n                data-bs-toggle=\"collapse\"\n                data-bs-target=\"#accordion-panel-69f20f2786d26\"\n        >\n            <span class=\"accordion__title\">\n                Literaturtheorie 2                <span class=\"accordion__data\">\n                    <span class=\"accordion__data__item\">\n                        <span class=\"accordion__data__name\">ECTS credits:<\/span>\n                        <span class=\"accordion__data__value\">\n                            5                        <\/span>\n                    <\/span>\n                    <span class=\"accordion__data__item\">\n                        <span class=\"accordion__data__name\">Course code:<\/span>\n                        <span class=\"accordion__data__value\">\n                            F3_SECEDUC-82                        <\/span>\n                    <\/span>\n                <\/span>\n            <\/span>\n            <svg aria-hidden=\"true\" focusable=\"false\" class=\"icon icon-outline icon--arrow-down icon--lg\"><use xlink:href=\"https:\/\/www.uni.lu\/wp-content\/themes\/unilux-theme\/assets\/images\/icons\/icons-outline.svg#icon--arrow-down\"><\/use><\/svg>        <\/button>\n    <\/h4>\n\n    <div id=\"accordion-panel-69f20f2786d26\" class=\"accordion__collapse collapse\" data-bs-parent=\"#accordion-module-69f20f2786cdc\">\n        <div class=\"accordion__body p-0\">\n            <ul class=\"list-highlighted\">\n                <li class=\"list-highlighted__item items-start\">\n                    <header class=\"list-highlighted__header\">\n                        <h5 class=\"text-18\"><strong>Details<\/strong><\/h5>\n                    <\/header>\n                    <div class=\"list-highlighted__body\">\n                        <ul>\n                            <li><span class=\"text-dark font-heading font-bold\">Course title:<\/span> Literaturtheorie 2<\/li>\n                            <li><span class=\"text-dark font-heading font-bold\">Number of ECTS:<\/span> 5<\/li>\n                            <li><span class=\"text-dark font-heading font-bold\">Course code:<\/span> F3_SECEDUC-82<\/li>\n                            <li><span class=\"text-dark font-heading font-bold\">Module(s):<\/span> Modul: Literaturtheorie<\/li>\n                            <li><span class=\"text-dark font-heading font-bold\">Language:<\/span> LB<\/li>\n                            <li><span class=\"text-dark font-heading font-bold\">Mandatory:<\/span> Yes<\/li>\n                        <\/ul>\n                    <\/div>\n                <\/li>\n\n                <!--<li class=\"list-highlighted__item items-start\">-->\n                <!--    <header class=\"list-highlighted__header\">-->\n                <!--        <h5 class=\"text-18\"><strong>--><!--<\/strong><\/h5>-->\n                <!--    <\/header>-->\n                <!--    <div class=\"list-highlighted__body\">-->\n                <!--        <div class=\"speaker-group\">-->\n                <!--            -->                <!--        <\/div>-->\n                <!--    <\/div>-->\n                <!--<\/li>-->\n\n                \n                                <li class=\"list-highlighted__item items-start\">\n                    <header class=\"list-highlighted__header\">\n                        <h5 class=\"text-18\"><strong>Course learning outcomes<\/strong><\/h5>\n                    <\/header>\n                    <div class=\"list-highlighted__body\">\n                        <p>\u00a0<\/p>Um Enn vun d\u00ebsem Cours k\u00ebnnen d\u2019Studentinnen an d\u2019Studenten:\u00a0<br>&#8211; en Iwwerbl\u00e9ck ginn iwwert d\u2019Entw\u00e9cklung vun der Lieraturtheorie am 20. Jorhonnert<br>&#8211; Literaturtheorien op Texter appliz\u00e9ieren an literaturtheoretesch Froe reflekt\u00e9ieren\u00a0<br>&#8211; d\u00ebs selbstst\u00e4nneg an hiren Aarbechten \u00ebmsetzen.                    <\/div>\n                <\/li>\n                \n                                <li class=\"list-highlighted__item items-start\">\n                    <header class=\"list-highlighted__header\">\n                        <h5 class=\"text-18\"><strong>Description<\/strong><\/h5>\n                    <\/header>\n                    <div class=\"list-highlighted__body\">\n                        <p>\u00a0<\/p>Wat ass Literatur ? Wat ass Literaturtheorie? Wat fir eng Zoug\u00e4ng an Abl\u00e9cker an d\u2019Texter an d\u2019Textproduktioun ginn duerch eng literaturtheoretesch Approch erm\u00e9iglecht?<br>En \u00e9ischten Schw\u00e9ierpunkt vun d\u00ebsem Cours l\u00e4it op der Entw\u00e9cklung an der Etude vun der Literaturtheorie aus dem 20. Joerhonnert. Unhand vun enger Auswiel vu verschiddenen Theorie soll e verd\u00e9ift \u00e4sthetescht Text- a Literaturverst\u00e4ndnes gef\u00ebrdert ginn. En zweete Schw\u00e9ierpunkt ass d\u2019Uwendung vun den zesummen erschafften theoreteschen Texter op Romaner an Erzielungen aus der L\u00ebtzebuerger Literatur vum 20. an 21. Joerhonnert, fir esou verschidde Liesweise vun den Texter mateneen ze konfront\u00e9ieren.<br><p>\u00a0<\/p>                    <\/div>\n                <\/li>\n                \n                \n                                <li class=\"list-highlighted__item items-start\">\n                    <header class=\"list-highlighted__header\">\n                        <h5 class=\"text-18\"><strong>Assessment<\/strong><\/h5>\n                    <\/header>\n                    <div class=\"list-highlighted__body\">\n                        Aarbechten am Semester 50%<br>Hausaarbecht 50%                    <\/div>\n                <\/li>\n                \n                                <li class=\"list-highlighted__item items-start\">\n                    <header class=\"list-highlighted__header\">\n                        <h5 class=\"text-18\"><strong>Note<\/strong><\/h5>\n                    <\/header>\n                    <div class=\"list-highlighted__body\">\n                        <p><br>Bibliographie:<br><\/p><br><p>G\u00ebtt um Ufank vum Semester annonc\u00e9iert.<\/p>                    <\/div>\n                <\/li>\n                \n            <\/ul>\n        <\/div>\n    <\/div>\n<\/div>            \n<div class=\"accordion__item\">\n    <h4 class=\"accordion__header\">\n        <button\n                type=\"button\"\n                class=\"accordion__button collapsed\"\n                aria-expanded=\"false\"\n                data-bs-toggle=\"collapse\"\n                data-bs-target=\"#accordion-panel-69f20f2786d35\"\n        >\n            <span class=\"accordion__title\">\n                Variatiounslinguistik                <span class=\"accordion__data\">\n                    <span class=\"accordion__data__item\">\n                        <span class=\"accordion__data__name\">ECTS credits:<\/span>\n                        <span class=\"accordion__data__value\">\n                            5                        <\/span>\n                    <\/span>\n                    <span class=\"accordion__data__item\">\n                        <span class=\"accordion__data__name\">Course code:<\/span>\n                        <span class=\"accordion__data__value\">\n                            F3_SECEDUC-86                        <\/span>\n                    <\/span>\n                <\/span>\n            <\/span>\n            <svg aria-hidden=\"true\" focusable=\"false\" class=\"icon icon-outline icon--arrow-down icon--lg\"><use xlink:href=\"https:\/\/www.uni.lu\/wp-content\/themes\/unilux-theme\/assets\/images\/icons\/icons-outline.svg#icon--arrow-down\"><\/use><\/svg>        <\/button>\n    <\/h4>\n\n    <div id=\"accordion-panel-69f20f2786d35\" class=\"accordion__collapse collapse\" data-bs-parent=\"#accordion-module-69f20f2786cdc\">\n        <div class=\"accordion__body p-0\">\n            <ul class=\"list-highlighted\">\n                <li class=\"list-highlighted__item items-start\">\n                    <header class=\"list-highlighted__header\">\n                        <h5 class=\"text-18\"><strong>Details<\/strong><\/h5>\n                    <\/header>\n                    <div class=\"list-highlighted__body\">\n                        <ul>\n                            <li><span class=\"text-dark font-heading font-bold\">Course title:<\/span> Variatiounslinguistik<\/li>\n                            <li><span class=\"text-dark font-heading font-bold\">Number of ECTS:<\/span> 5<\/li>\n                            <li><span class=\"text-dark font-heading font-bold\">Course code:<\/span> F3_SECEDUC-86<\/li>\n                            <li><span class=\"text-dark font-heading font-bold\">Module(s):<\/span> Modul: Sprooch a Gesellschaft<\/li>\n                            <li><span class=\"text-dark font-heading font-bold\">Language:<\/span> LB<\/li>\n                            <li><span class=\"text-dark font-heading font-bold\">Mandatory:<\/span> Yes<\/li>\n                        <\/ul>\n                    <\/div>\n                <\/li>\n\n                <!--<li class=\"list-highlighted__item items-start\">-->\n                <!--    <header class=\"list-highlighted__header\">-->\n                <!--        <h5 class=\"text-18\"><strong>--><!--<\/strong><\/h5>-->\n                <!--    <\/header>-->\n                <!--    <div class=\"list-highlighted__body\">-->\n                <!--        <div class=\"speaker-group\">-->\n                <!--            -->                <!--        <\/div>-->\n                <!--    <\/div>-->\n                <!--<\/li>-->\n\n                \n                                <li class=\"list-highlighted__item items-start\">\n                    <header class=\"list-highlighted__header\">\n                        <h5 class=\"text-18\"><strong>Course learning outcomes<\/strong><\/h5>\n                    <\/header>\n                    <div class=\"list-highlighted__body\">\n                        <p><br>Um Enn vum Cours k\u00ebnnen d&#8217;Studenten:<br><\/p><br><ul><br><li>verschidden aktuell variatiounslinguistesch Konzepter a Methoden erkl\u00e4ren an appliz\u00e9ieren<\/li><br><li>eegen Ausw\u00e4rtunge vun authenteschem Sproochmaterial duerchf\u00e9ieren<\/li><br><li>d&#8217;Resultater vu Variatiounsanalysen dokument\u00e9ieren a present\u00e9ieren<\/li><br><\/ul>                    <\/div>\n                <\/li>\n                \n                                <li class=\"list-highlighted__item items-start\">\n                    <header class=\"list-highlighted__header\">\n                        <h5 class=\"text-18\"><strong>Description<\/strong><\/h5>\n                    <\/header>\n                    <div class=\"list-highlighted__body\">\n                        <p>D\u00ebse Cours fokuss\u00e9iert sech op d&#8217;Variatioun vum L\u00ebtzebuergeschen, w\u00e9i se duerch mikro-a makrosoziolinguistesch Prozesser determin\u00e9iert g\u00ebtt. Dozou geh\u00e9iert:<\/p><ul><li>Sproochgeschicht \/ diachronesch Variatioun<\/li><li>Dialektologie \/ regional Variatioun<\/li><li>diastratesch Variatioun (Afloss vun Alter, Geschlecht, Bildung a Sproochekompetenzen)<\/li><li>Sproochkontakt<\/li><\/ul><p>All Student schafft en plus un engem Projet aus d\u00ebse Ber\u00e4icher. D\u00e9i eenzel Sujete ginn am Ufank vum Semester individuell festgeluecht an um Schluss vum Semester present\u00e9iert; eege Virschl\u00e9i si w\u00ebllkomm.<\/p>                    <\/div>\n                <\/li>\n                \n                \n                                <li class=\"list-highlighted__item items-start\">\n                    <header class=\"list-highlighted__header\">\n                        <h5 class=\"text-18\"><strong>Assessment<\/strong><\/h5>\n                    <\/header>\n                    <div class=\"list-highlighted__body\">\n                        Aktiv Mataarbecht, Projetspresentatioun, Hausarbecht                    <\/div>\n                <\/li>\n                \n                                <li class=\"list-highlighted__item items-start\">\n                    <header class=\"list-highlighted__header\">\n                        <h5 class=\"text-18\"><strong>Note<\/strong><\/h5>\n                    <\/header>\n                    <div class=\"list-highlighted__body\">\n                        <p><br>Bibliografie:<br><\/p><br><p>Als theoreteschen a konzeptionellen Iwwerbl\u00e9ck:<\/p><br><ul><br><li>Tagliamonte, Sali A. 2011. Variationist Sociolinguistics: Change, Observation, Interpretation. Wiley.<\/li><br><\/ul><br><p>Weider Literatur g\u00ebtt am laf vum Cours zur Verf\u00fcgung gestallt.<\/p>                    <\/div>\n                <\/li>\n                \n            <\/ul>\n        <\/div>\n    <\/div>\n<\/div>            \n<div class=\"accordion__item\">\n    <h4 class=\"accordion__header\">\n        <button\n                type=\"button\"\n                class=\"accordion__button collapsed\"\n                aria-expanded=\"false\"\n                data-bs-toggle=\"collapse\"\n                data-bs-target=\"#accordion-panel-69f20f2786d43\"\n        >\n            <span class=\"accordion__title\">\n                 Sproochdidaktik 3: Textkompetenz L\u00ebtzebuergesch                <span class=\"accordion__data\">\n                    <span class=\"accordion__data__item\">\n                        <span class=\"accordion__data__name\">ECTS credits:<\/span>\n                        <span class=\"accordion__data__value\">\n                            5                        <\/span>\n                    <\/span>\n                    <span class=\"accordion__data__item\">\n                        <span class=\"accordion__data__name\">Course code:<\/span>\n                        <span class=\"accordion__data__value\">\n                            F3_SECEDUC-261                        <\/span>\n                    <\/span>\n                <\/span>\n            <\/span>\n            <svg aria-hidden=\"true\" focusable=\"false\" class=\"icon icon-outline icon--arrow-down icon--lg\"><use xlink:href=\"https:\/\/www.uni.lu\/wp-content\/themes\/unilux-theme\/assets\/images\/icons\/icons-outline.svg#icon--arrow-down\"><\/use><\/svg>        <\/button>\n    <\/h4>\n\n    <div id=\"accordion-panel-69f20f2786d43\" class=\"accordion__collapse collapse\" data-bs-parent=\"#accordion-module-69f20f2786cdc\">\n        <div class=\"accordion__body p-0\">\n            <ul class=\"list-highlighted\">\n                <li class=\"list-highlighted__item items-start\">\n                    <header class=\"list-highlighted__header\">\n                        <h5 class=\"text-18\"><strong>Details<\/strong><\/h5>\n                    <\/header>\n                    <div class=\"list-highlighted__body\">\n                        <ul>\n                            <li><span class=\"text-dark font-heading font-bold\">Course title:<\/span>  Sproochdidaktik 3: Textkompetenz L\u00ebtzebuergesch<\/li>\n                            <li><span class=\"text-dark font-heading font-bold\">Number of ECTS:<\/span> 5<\/li>\n                            <li><span class=\"text-dark font-heading font-bold\">Course code:<\/span> F3_SECEDUC-261<\/li>\n                            <li><span class=\"text-dark font-heading font-bold\">Module(s):<\/span> Modul: Sproochdidaktik<\/li>\n                            <li><span class=\"text-dark font-heading font-bold\">Language:<\/span> LB<\/li>\n                            <li><span class=\"text-dark font-heading font-bold\">Mandatory:<\/span> Yes<\/li>\n                        <\/ul>\n                    <\/div>\n                <\/li>\n\n                <!--<li class=\"list-highlighted__item items-start\">-->\n                <!--    <header class=\"list-highlighted__header\">-->\n                <!--        <h5 class=\"text-18\"><strong>--><!--<\/strong><\/h5>-->\n                <!--    <\/header>-->\n                <!--    <div class=\"list-highlighted__body\">-->\n                <!--        <div class=\"speaker-group\">-->\n                <!--            -->                <!--        <\/div>-->\n                <!--    <\/div>-->\n                <!--<\/li>-->\n\n                \n                \n                                <li class=\"list-highlighted__item items-start\">\n                    <header class=\"list-highlighted__header\">\n                        <h5 class=\"text-18\"><strong>Description<\/strong><\/h5>\n                    <\/header>\n                    <div class=\"list-highlighted__body\">\n                        An d\u00ebsem Cours ginn d\u2019Grondlage vun der Textlinguistik verm\u00ebttelt, w\u00e4rend gl\u00e4ichz\u00e4iteg d\u00e9i eegen Textkompetenz an d\u2019Textzortew\u00ebssen fir den Asaz am Enseignement vum L\u00ebtzebuergeschen als Friemsprooch weiderentw\u00e9ckelt ginn. Am M\u00ebttelpunkt sti verschidden Textzorte w\u00e9i Carte-blanchen, Online-Noriichten, narrativ Texter, Prosa a Lyrik, d\u00e9i am Laf vum Semester analys\u00e9iert a reflekt\u00e9iert ginn. Unhand vun d\u00ebse Beispiller diskut\u00e9iere mer textuell Elementer w\u00e9i Koh\u00e4siounsm\u00ebttel, Textstruktur a kommunikativ Funktiounen. Parallel dozou ginn didaktesch Approch\u00eb virgestallt an ausprob\u00e9iert w\u00e9i Scaffolding, visuell \u00cbnnerst\u00ebtzung a Wuertschatz\u00fcbungen. \u2610<br>D\u2019Zil vum Cours ass et, eng fund\u00e9iert Basis am Ber\u00e4ich vun der Textlinguistik ze schafen an d\u00ebs mat didakteschem W\u00ebssen ze verkn\u00e4ppen, fir d\u2019Verstoen, d\u2019Schreiwen an d\u2019Verm\u00ebttlung vu l\u00ebtzebuergeschen Texter kompetent a geziilt ze f\u00ebrderen. De Cours schl\u00e9isst mat engem Oral of, dee w\u00e9i de Concours fir de L\u00ebtzebuergesch-Proff opgebaut ass: Dir kritt en Textausschn\u00ebtt mat Froen an 30 Minutte Preparatiounsz\u00e4it (ouni Internet). Dono present\u00e9iert Der \u00c4r \u00c4ntwerten engem Jury.                    <\/div>\n                <\/li>\n                \n                \n                                <li class=\"list-highlighted__item items-start\">\n                    <header class=\"list-highlighted__header\">\n                        <h5 class=\"text-18\"><strong>Assessment<\/strong><\/h5>\n                    <\/header>\n                    <div class=\"list-highlighted__body\">\n                        100% Oral                    <\/div>\n                <\/li>\n                \n                                <li class=\"list-highlighted__item items-start\">\n                    <header class=\"list-highlighted__header\">\n                        <h5 class=\"text-18\"><strong>Note<\/strong><\/h5>\n                    <\/header>\n                    <div class=\"list-highlighted__body\">\n                        Bibliografie g\u00ebtt am Cours matgdeelt.                    <\/div>\n                <\/li>\n                \n            <\/ul>\n        <\/div>\n    <\/div>\n<\/div>            \n<div class=\"accordion__item\">\n    <h4 class=\"accordion__header\">\n        <button\n                type=\"button\"\n                class=\"accordion__button collapsed\"\n                aria-expanded=\"false\"\n                data-bs-toggle=\"collapse\"\n                data-bs-target=\"#accordion-panel-69f20f2786d50\"\n        >\n            <span class=\"accordion__title\">\n                Allgemeine Didaktik II                  <span class=\"accordion__data\">\n                    <span class=\"accordion__data__item\">\n                        <span class=\"accordion__data__name\">ECTS credits:<\/span>\n                        <span class=\"accordion__data__value\">\n                            6                        <\/span>\n                    <\/span>\n                    <span class=\"accordion__data__item\">\n                        <span class=\"accordion__data__name\">Course code:<\/span>\n                        <span class=\"accordion__data__value\">\n                            F3_SECEDUC-188                        <\/span>\n                    <\/span>\n                <\/span>\n            <\/span>\n            <svg aria-hidden=\"true\" focusable=\"false\" class=\"icon icon-outline icon--arrow-down icon--lg\"><use xlink:href=\"https:\/\/www.uni.lu\/wp-content\/themes\/unilux-theme\/assets\/images\/icons\/icons-outline.svg#icon--arrow-down\"><\/use><\/svg>        <\/button>\n    <\/h4>\n\n    <div id=\"accordion-panel-69f20f2786d50\" class=\"accordion__collapse collapse\" data-bs-parent=\"#accordion-module-69f20f2786cdc\">\n        <div class=\"accordion__body p-0\">\n            <ul class=\"list-highlighted\">\n                <li class=\"list-highlighted__item items-start\">\n                    <header class=\"list-highlighted__header\">\n                        <h5 class=\"text-18\"><strong>Details<\/strong><\/h5>\n                    <\/header>\n                    <div class=\"list-highlighted__body\">\n                        <ul>\n                            <li><span class=\"text-dark font-heading font-bold\">Course title:<\/span> Allgemeine Didaktik II  <\/li>\n                            <li><span class=\"text-dark font-heading font-bold\">Number of ECTS:<\/span> 6<\/li>\n                            <li><span class=\"text-dark font-heading font-bold\">Course code:<\/span> F3_SECEDUC-188<\/li>\n                            <li><span class=\"text-dark font-heading font-bold\">Module(s):<\/span> Modul: Forschungsfeld Schule<\/li>\n                            <li><span class=\"text-dark font-heading font-bold\">Language:<\/span> DE<\/li>\n                            <li><span class=\"text-dark font-heading font-bold\">Mandatory:<\/span> Yes<\/li>\n                        <\/ul>\n                    <\/div>\n                <\/li>\n\n                <!--<li class=\"list-highlighted__item items-start\">-->\n                <!--    <header class=\"list-highlighted__header\">-->\n                <!--        <h5 class=\"text-18\"><strong>--><!--<\/strong><\/h5>-->\n                <!--    <\/header>-->\n                <!--    <div class=\"list-highlighted__body\">-->\n                <!--        <div class=\"speaker-group\">-->\n                <!--            -->                <!--        <\/div>-->\n                <!--    <\/div>-->\n                <!--<\/li>-->\n\n                \n                                <li class=\"list-highlighted__item items-start\">\n                    <header class=\"list-highlighted__header\">\n                        <h5 class=\"text-18\"><strong>Course learning outcomes<\/strong><\/h5>\n                    <\/header>\n                    <div class=\"list-highlighted__body\">\n                        <p>Die Studierenden &#8230;<\/p><br><p>&#8230; haben Grundlagen zu Tiefenstrukturen des Unterrichtens, insbesondere der kognitiven Aktivierung und der kognitiven Unterst\u00fctzung, erarbeitet.<\/p><br><p>&#8230; verf\u00fcgen \u00fcber ein anwendungsbezogenes Konzeptrepertoire aus den Bereichen P\u00e4dagogische Diagnostik und Evaluation.<\/p><br><p>&#8230; haben Transferm\u00f6glichkeiten vor dem Hintergrund der je eigenen Praktikumserfahrungen reflektiert und auf Basis ihrer individuellen Entwicklungsziele und Forschungsinteressen weiterentwickelt.<\/p><br><p>\u00a0<\/p>                    <\/div>\n                <\/li>\n                \n                                <li class=\"list-highlighted__item items-start\">\n                    <header class=\"list-highlighted__header\">\n                        <h5 class=\"text-18\"><strong>Description<\/strong><\/h5>\n                    <\/header>\n                    <div class=\"list-highlighted__body\">\n                        Der Workshop dient der Vertiefung p\u00e4dagogischer Grundlagen und didaktischer Konzepte im Enseignement Secondaire und damit der Erweiterung und Adaption von Gestaltungsm\u00f6glichkeiten der Unterrichtspraxis im Rahmen des vertiefenden Praktikums. Ein besonderer Schwerpunkt liegt dabei auf den individuellen Entwicklungszielen und Forschungsinteressen der Studierenden.<br>                    <\/div>\n                <\/li>\n                \n                \n                                <li class=\"list-highlighted__item items-start\">\n                    <header class=\"list-highlighted__header\">\n                        <h5 class=\"text-18\"><strong>Assessment<\/strong><\/h5>\n                    <\/header>\n                    <div class=\"list-highlighted__body\">\n                        <p>20% Aktive Teilnahme an Seminar und Schulpraktikum<\/p><br><p>20% Zwischenpr\u00fcfung in Form einer Klausur<\/p><br><p>20% Abschlusspr\u00e4sentation im Rahmen des Praktikumsfeedbacks<\/p><br><p>40% Praktikumsportfolio<\/p>                    <\/div>\n                <\/li>\n                \n                \n            <\/ul>\n        <\/div>\n    <\/div>\n<\/div>            \n<div class=\"accordion__item\">\n    <h4 class=\"accordion__header\">\n        <button\n                type=\"button\"\n                class=\"accordion__button collapsed\"\n                aria-expanded=\"false\"\n                data-bs-toggle=\"collapse\"\n                data-bs-target=\"#accordion-panel-69f20f2786d5d\"\n        >\n            <span class=\"accordion__title\">\n                Workshop Professionell Auftreten                <span class=\"accordion__data\">\n                    <span class=\"accordion__data__item\">\n                        <span class=\"accordion__data__name\">ECTS credits:<\/span>\n                        <span class=\"accordion__data__value\">\n                            1                        <\/span>\n                    <\/span>\n                    <span class=\"accordion__data__item\">\n                        <span class=\"accordion__data__name\">Course code:<\/span>\n                        <span class=\"accordion__data__value\">\n                            F3_SECEDUC-15                        <\/span>\n                    <\/span>\n                <\/span>\n            <\/span>\n            <svg aria-hidden=\"true\" focusable=\"false\" class=\"icon icon-outline icon--arrow-down icon--lg\"><use xlink:href=\"https:\/\/www.uni.lu\/wp-content\/themes\/unilux-theme\/assets\/images\/icons\/icons-outline.svg#icon--arrow-down\"><\/use><\/svg>        <\/button>\n    <\/h4>\n\n    <div id=\"accordion-panel-69f20f2786d5d\" class=\"accordion__collapse collapse\" data-bs-parent=\"#accordion-module-69f20f2786cdc\">\n        <div class=\"accordion__body p-0\">\n            <ul class=\"list-highlighted\">\n                <li class=\"list-highlighted__item items-start\">\n                    <header class=\"list-highlighted__header\">\n                        <h5 class=\"text-18\"><strong>Details<\/strong><\/h5>\n                    <\/header>\n                    <div class=\"list-highlighted__body\">\n                        <ul>\n                            <li><span class=\"text-dark font-heading font-bold\">Course title:<\/span> Workshop Professionell Auftreten<\/li>\n                            <li><span class=\"text-dark font-heading font-bold\">Number of ECTS:<\/span> 1<\/li>\n                            <li><span class=\"text-dark font-heading font-bold\">Course code:<\/span> F3_SECEDUC-15<\/li>\n                            <li><span class=\"text-dark font-heading font-bold\">Module(s):<\/span> Modul: Forschungsfeld Schule<\/li>\n                            <li><span class=\"text-dark font-heading font-bold\">Language:<\/span> DE<\/li>\n                            <li><span class=\"text-dark font-heading font-bold\">Mandatory:<\/span> Yes<\/li>\n                        <\/ul>\n                    <\/div>\n                <\/li>\n\n                <!--<li class=\"list-highlighted__item items-start\">-->\n                <!--    <header class=\"list-highlighted__header\">-->\n                <!--        <h5 class=\"text-18\"><strong>--><!--<\/strong><\/h5>-->\n                <!--    <\/header>-->\n                <!--    <div class=\"list-highlighted__body\">-->\n                <!--        <div class=\"speaker-group\">-->\n                <!--            -->                <!--        <\/div>-->\n                <!--    <\/div>-->\n                <!--<\/li>-->\n\n                \n                                <li class=\"list-highlighted__item items-start\">\n                    <header class=\"list-highlighted__header\">\n                        <h5 class=\"text-18\"><strong>Course learning outcomes<\/strong><\/h5>\n                    <\/header>\n                    <div class=\"list-highlighted__body\">\n                        Die Studierenden haben gelernt\u2026<br>mit Nervosit\u00e4t und Lampenfieber umzugehen.<br>ihre Stimme als wichtigstes Instrument des Lehrerhandelns sinnvoll, kontrolliert und schonend zu nutzen<br>ihre nonverbalen Signale im Unterricht richtig einzusetzen Techniken motivierender Ansprache umzusetzen                    <\/div>\n                <\/li>\n                \n                                <li class=\"list-highlighted__item items-start\">\n                    <header class=\"list-highlighted__header\">\n                        <h5 class=\"text-18\"><strong>Description<\/strong><\/h5>\n                    <\/header>\n                    <div class=\"list-highlighted__body\">\n                        Wer kennt das nicht: Trotz fachlicher Kompetenz verl\u00e4uft ein Vortrag oder eine Unterrichtseinheit nicht so erfolgreich wie gew\u00fcnscht. Woran liegt das? \u00dcber 90% der Wirkung im Auftreten gegen\u00fcber anderen h\u00e4ngen von nonverbalen Signalen ab.<br>Wer \u00fcberzeugen will, muss also neben seiner inhaltlichen Kompetenz \u00fcber Pr\u00e4senz, souver\u00e4nes Auftreten und Authentizit\u00e4t verf\u00fcgen.<br>Auch der Umgang mit Lampenfieber, ein breites Ausdrucksspektrum, Spontaneit\u00e4t und ein optimaler Stimmensatz sind entscheidend f\u00fcr gelungene Kommunikation.<br>Wie kann ich meine Pr\u00e4senz verst\u00e4rken?<br>Welche K\u00f6rpersignale erzeugen eine positive Resonanz?<br>Wie entsteht Charisma?<br>Wie erzeuge ich Begeisterung bei meinen Zuh\u00f6rern?<br>Wie kann ich souver\u00e4n auftreten?                    <\/div>\n                <\/li>\n                \n                \n                                <li class=\"list-highlighted__item items-start\">\n                    <header class=\"list-highlighted__header\">\n                        <h5 class=\"text-18\"><strong>Assessment<\/strong><\/h5>\n                    <\/header>\n                    <div class=\"list-highlighted__body\">\n                        Mitarbeit w\u00e4hrend des Workshops                    <\/div>\n                <\/li>\n                \n                \n            <\/ul>\n        <\/div>\n    <\/div>\n<\/div>            \n<div class=\"accordion__item\">\n    <h4 class=\"accordion__header\">\n        <button\n                type=\"button\"\n                class=\"accordion__button collapsed\"\n                aria-expanded=\"false\"\n                data-bs-toggle=\"collapse\"\n                data-bs-target=\"#accordion-panel-69f20f2786d6a\"\n        >\n            <span class=\"accordion__title\">\n                Einf\u00fchrung in die P\u00e4dagogische Psychologie                <span class=\"accordion__data\">\n                    <span class=\"accordion__data__item\">\n                        <span class=\"accordion__data__name\">ECTS credits:<\/span>\n                        <span class=\"accordion__data__value\">\n                            3                        <\/span>\n                    <\/span>\n                    <span class=\"accordion__data__item\">\n                        <span class=\"accordion__data__name\">Course code:<\/span>\n                        <span class=\"accordion__data__value\">\n                            F3_SECEDUC-129                        <\/span>\n                    <\/span>\n                <\/span>\n            <\/span>\n            <svg aria-hidden=\"true\" focusable=\"false\" class=\"icon icon-outline icon--arrow-down icon--lg\"><use xlink:href=\"https:\/\/www.uni.lu\/wp-content\/themes\/unilux-theme\/assets\/images\/icons\/icons-outline.svg#icon--arrow-down\"><\/use><\/svg>        <\/button>\n    <\/h4>\n\n    <div id=\"accordion-panel-69f20f2786d6a\" class=\"accordion__collapse collapse\" data-bs-parent=\"#accordion-module-69f20f2786cdc\">\n        <div class=\"accordion__body p-0\">\n            <ul class=\"list-highlighted\">\n                <li class=\"list-highlighted__item items-start\">\n                    <header class=\"list-highlighted__header\">\n                        <h5 class=\"text-18\"><strong>Details<\/strong><\/h5>\n                    <\/header>\n                    <div class=\"list-highlighted__body\">\n                        <ul>\n                            <li><span class=\"text-dark font-heading font-bold\">Course title:<\/span> Einf\u00fchrung in die P\u00e4dagogische Psychologie<\/li>\n                            <li><span class=\"text-dark font-heading font-bold\">Number of ECTS:<\/span> 3<\/li>\n                            <li><span class=\"text-dark font-heading font-bold\">Course code:<\/span> F3_SECEDUC-129<\/li>\n                            <li><span class=\"text-dark font-heading font-bold\">Module(s):<\/span> Modul: Mehrsprachigkeit und Heterogenit\u00e4t<\/li>\n                            <li><span class=\"text-dark font-heading font-bold\">Language:<\/span> DE<\/li>\n                            <li><span class=\"text-dark font-heading font-bold\">Mandatory:<\/span> No<\/li>\n                        <\/ul>\n                    <\/div>\n                <\/li>\n\n                <!--<li class=\"list-highlighted__item items-start\">-->\n                <!--    <header class=\"list-highlighted__header\">-->\n                <!--        <h5 class=\"text-18\"><strong>--><!--<\/strong><\/h5>-->\n                <!--    <\/header>-->\n                <!--    <div class=\"list-highlighted__body\">-->\n                <!--        <div class=\"speaker-group\">-->\n                <!--            -->                <!--        <\/div>-->\n                <!--    <\/div>-->\n                <!--<\/li>-->\n\n                                <li class=\"list-highlighted__item items-start\">\n                    <header class=\"list-highlighted__header\">\n                        <h5 class=\"text-18\"><strong>Objectives<\/strong><\/h5>\n                    <\/header>\n                    <div class=\"list-highlighted__body\">\n                        <p>\n                            <ul><br><li>Ein (P\u00e4dagogisch-) Psychologisches Fundament f\u00fcr angehende Lehrerinnen und Lehrer zur Verf\u00fcgung stellen<\/li><br><li>Unterricht aus seiner psychologischen Perspektive analysieren<\/li><br><li>Prozesse wissenschaftlichen Erkenntnisgewinns und seiner Bedeutung f\u00fcr die Berufspraxis nachvollziehbar machen<\/li><br><li>Zum eigenst\u00e4ndigen Denken und professionellem Handeln anregen<\/li><br><li>Typische Mythen und Fehlkonzepte in Bezug auf Lernen und Unterricht aus psychologischer Sicht hinterfragen und ggf. korrigieren<\/li><br><\/ul>                        <\/p>\n                    <\/div>\n                <\/li>\n                \n                \n                                <li class=\"list-highlighted__item items-start\">\n                    <header class=\"list-highlighted__header\">\n                        <h5 class=\"text-18\"><strong>Description<\/strong><\/h5>\n                    <\/header>\n                    <div class=\"list-highlighted__body\">\n                        Die Vorlesung f\u00fchrt ein in Gegenstand und Methode der (P\u00e4dagogischen) Psychologie als empirische Wissenschaft und ihrer Bedeutung f\u00fcr angehende LehrerInnen.\u00a0 Insbesondere die P\u00e4dagogische Psychologie, aber auch die Allgemeine, Differentielle, Entwicklungs- und Sozialpsychologie tragen bei zum Verst\u00e4ndnis menschlichem Erleben und Verhalten in Kontexten der Erziehung, der Bildung und des (formalen) Lernens (bzw. Unterrichtens). Vorgestellt und diskutiert werden zun\u00e4chst allgemeine Inhalte und Methoden der Psychologie als empirischer Wissenschaft, allgemeine Lernvoraussetzungen (z.B. Informations-verarbeitung, Lernmotivation), Aspekte der Unterrichtsgestaltung (z.B. Klassenf\u00fchrung), Aspekte der sozialen Interaktion (z.B. Freundschaft, Bullying), psychologische Besonderheiten des Lehrerberufs (z.B. Lehrerpers\u00f6nlichkeit, Burnout) sowie verschiedene Aspekte p\u00e4dagogisch-psychologischer Diagnostik (z.B. ausgew\u00e4hlte Lernst\u00f6rungen wie ADHS). Dabei werden sowohl empirische Originalstudien als auch empirisch fundierte Interventionsans\u00e4tze zur Illustration vertiefend besprochen. Zudem werden Fallbeispiele und \u00dcbungen besprochen und durchgef\u00fchrt.<br>                    <\/div>\n                <\/li>\n                \n                \n                                <li class=\"list-highlighted__item items-start\">\n                    <header class=\"list-highlighted__header\">\n                        <h5 class=\"text-18\"><strong>Assessment<\/strong><\/h5>\n                    <\/header>\n                    <div class=\"list-highlighted__body\">\n                        Schriftliche Klausur                    <\/div>\n                <\/li>\n                \n                                <li class=\"list-highlighted__item items-start\">\n                    <header class=\"list-highlighted__header\">\n                        <h5 class=\"text-18\"><strong>Note<\/strong><\/h5>\n                    <\/header>\n                    <div class=\"list-highlighted__body\">\n                        <p><br>Bibliografie<br>Grundlagenliteratur (d.h. online verf\u00fcgbar und pr\u00fcfungsrelevant, spez. Kap.)<br><\/p><br><ul><br><li>Fritz, A., Hussy, W. Tobinski, D. (2018). P\u00e4dagogische Psychologie. M\u00fcnchen: Reinhardt\/UTB.<\/li><br><li>Fromm, M. (2017). Lernen und Lehren: Psychologische Grundlagen f\u00fcr Lehramtsstudierende. M\u00fcnster: Waxmann.<\/li><br><li>G\u00f6tz, T. (2017, Hrsg.). Emotion, Motivation und selbstreguliertes Lernen. Paderborn: Sch\u00f6ningh\/UTB.<\/li><br><li>Imhoff, M. (2013). Psychologie f\u00fcr Lehramtsstudierende. Berlin: Springer.<\/li><br><li>Kunter, M. Trautwein, U. (2013). Psychologie des Unterrichts. Paderborn: Sch\u00f6ningh\/UTB.<\/li><br><li>Wild, E. M\u00f6ller, J. (2015, Hrsg.). P\u00e4dagogische Psychologie. Berlin: Springer.<\/li><br><li>Wisniewski, B. (2019). Psychologie f\u00fcr die Lehrerbildung. Bad Heilbrunn: Klinkhardt\/UTB.<\/li><br><\/ul>                    <\/div>\n                <\/li>\n                \n            <\/ul>\n        <\/div>\n    <\/div>\n<\/div>            \n<div class=\"accordion__item\">\n    <h4 class=\"accordion__header\">\n        <button\n                type=\"button\"\n                class=\"accordion__button collapsed\"\n                aria-expanded=\"false\"\n                data-bs-toggle=\"collapse\"\n                data-bs-target=\"#accordion-panel-69f20f2786d77\"\n        >\n            <span class=\"accordion__title\">\n                Teaching Children with Special Educational Needs                <span class=\"accordion__data\">\n                    <span class=\"accordion__data__item\">\n                        <span class=\"accordion__data__name\">ECTS credits:<\/span>\n                        <span class=\"accordion__data__value\">\n                            3                        <\/span>\n                    <\/span>\n                    <span class=\"accordion__data__item\">\n                        <span class=\"accordion__data__name\">Course code:<\/span>\n                        <span class=\"accordion__data__value\">\n                            F3_SECEDUC-51                        <\/span>\n                    <\/span>\n                <\/span>\n            <\/span>\n            <svg aria-hidden=\"true\" focusable=\"false\" class=\"icon icon-outline icon--arrow-down icon--lg\"><use xlink:href=\"https:\/\/www.uni.lu\/wp-content\/themes\/unilux-theme\/assets\/images\/icons\/icons-outline.svg#icon--arrow-down\"><\/use><\/svg>        <\/button>\n    <\/h4>\n\n    <div id=\"accordion-panel-69f20f2786d77\" class=\"accordion__collapse collapse\" data-bs-parent=\"#accordion-module-69f20f2786cdc\">\n        <div class=\"accordion__body p-0\">\n            <ul class=\"list-highlighted\">\n                <li class=\"list-highlighted__item items-start\">\n                    <header class=\"list-highlighted__header\">\n                        <h5 class=\"text-18\"><strong>Details<\/strong><\/h5>\n                    <\/header>\n                    <div class=\"list-highlighted__body\">\n                        <ul>\n                            <li><span class=\"text-dark font-heading font-bold\">Course title:<\/span> Teaching Children with Special Educational Needs<\/li>\n                            <li><span class=\"text-dark font-heading font-bold\">Number of ECTS:<\/span> 3<\/li>\n                            <li><span class=\"text-dark font-heading font-bold\">Course code:<\/span> F3_SECEDUC-51<\/li>\n                            <li><span class=\"text-dark font-heading font-bold\">Module(s):<\/span> Modul: Mehrsprachigkeit und Heterogenit\u00e4t<\/li>\n                            <li><span class=\"text-dark font-heading font-bold\">Language:<\/span> EN<\/li>\n                            <li><span class=\"text-dark font-heading font-bold\">Mandatory:<\/span> No<\/li>\n                        <\/ul>\n                    <\/div>\n                <\/li>\n\n                <!--<li class=\"list-highlighted__item items-start\">-->\n                <!--    <header class=\"list-highlighted__header\">-->\n                <!--        <h5 class=\"text-18\"><strong>--><!--<\/strong><\/h5>-->\n                <!--    <\/header>-->\n                <!--    <div class=\"list-highlighted__body\">-->\n                <!--        <div class=\"speaker-group\">-->\n                <!--            -->                <!--        <\/div>-->\n                <!--    <\/div>-->\n                <!--<\/li>-->\n\n                \n                                <li class=\"list-highlighted__item items-start\">\n                    <header class=\"list-highlighted__header\">\n                        <h5 class=\"text-18\"><strong>Course learning outcomes<\/strong><\/h5>\n                    <\/header>\n                    <div class=\"list-highlighted__body\">\n                        This course aims to deepen student&#8217;s knowledge and understanding of special educational needs. It provides students with insights into the latest research about the learning processes of children with specific learning difficulties like dyslexia, developmental language disorder or autism spectrum disorder. It will also equip future teachers with strategies to teach children with special educational needs or other learning challenges more effectively.                    <\/div>\n                <\/li>\n                \n                                <li class=\"list-highlighted__item items-start\">\n                    <header class=\"list-highlighted__header\">\n                        <h5 class=\"text-18\"><strong>Description<\/strong><\/h5>\n                    <\/header>\n                    <div class=\"list-highlighted__body\">\n                        Over the years, research has informed the scientific and the educational community about how children&#8217;s learning processes can be affected by neurologically-based difficulties. These specific learning difficulties can interfere with the learning of basic skills such as reading, writing, maths or language learning. They can also affect higher level skills such as organisation, time planning, abstract reasoning, long- or short-term memory, and attention. It is important for teachers to understand the impact that specific learning difficulties have on children&#8217;s learning. To this end, the course will combine relevant theory with best practice.\u00a0                    <\/div>\n                <\/li>\n                \n                \n                                <li class=\"list-highlighted__item items-start\">\n                    <header class=\"list-highlighted__header\">\n                        <h5 class=\"text-18\"><strong>Assessment<\/strong><\/h5>\n                    <\/header>\n                    <div class=\"list-highlighted__body\">\n                        Exam\/Presentation                    <\/div>\n                <\/li>\n                \n                                <li class=\"list-highlighted__item items-start\">\n                    <header class=\"list-highlighted__header\">\n                        <h5 class=\"text-18\"><strong>Note<\/strong><\/h5>\n                    <\/header>\n                    <div class=\"list-highlighted__body\">\n                        <p><br>Bibliography<br><\/p><br>\u00a0<br><ul><br><li>Beck I., Mackeown M. Kucan L. (2013). Bringing Words to Life: Robust Vocabulary Instruction. New York: Guilford.<\/li><br><li>Carroll, J.M., Bowyer-Crane, C., Duff, F., Hulme, C., Snowling, MJ.\u00a0 (2011). Effective intervention for language and literacy in the early years.\u00a0 Oxford: Wiley-Blackwell.<\/li><br><li>Hulme C. Snowling M. (2009). Developmental Disorders of Language Learning and Cognition. Oxford UK: Wiley Blackwell. Chapter 2 3<\/li><br><li>Purpura, D. J., Ganley, C. (2014). Working memory and language: Skill-specific or domain-general relations to mathematics? Journal of Experimental Child Psychology, 122, 104-121.<\/li><br><li>Purpura, D. J., Napoli, A. R., Wehrspann, E. A., Gold, Z. S. (in press). Causal connections between mathematical language and mathematical knowledge: A dialogic reading intervention. Journal of Research on Educational Effectiveness.<\/li><br><li>Purpura, D. J., Reid, E. E. (2016). Mathematics and language: Individual and group differences in mathematical language skills in young children. Early Childhood Research Quarterly, 26, 259-268.<\/li><br><li>Purpura, D. J., Schmitt, S. A., Ganley, C. M. (2017). Foundations of mathematics and literacy: The role of executive functioning components. Journal of Experimental Child Psychology, 153, 15-34.<\/li><br><li>Sims, D. M., Purpura, D. J., Lonigan, C. J. (2012). The relation between inattentive and hyperactive\/impulsive behaviors and early mathematics skills. Journal of Attention Disorders. doi:10.1177\/1087054712464390.<\/li><br><\/ul><br>Snowling, M. J., Hulme, C. (2011). Evidence\u2010based interventions for reading and language difficulties: Creating a virtuous circle. British Journal of Educational Psychology, 81(1), 1-23.                    <\/div>\n                <\/li>\n                \n            <\/ul>\n        <\/div>\n    <\/div>\n<\/div>    <\/div><\/div><\/section>\n<section\n    id=\"tabpanel-a5249da2-396d-4dda-9bf6-3760d6a11961\"\n    aria-labelledby=\"tab-a5249da2-396d-4dda-9bf6-3760d6a11961\"\n    class=\"tab-panel fade hidden is-hidden\"\n>\n    <div class=\"wp-block-unilux-blocks-course-offer\">\n    <h3>Course offer for Fili\u00e8re langue et litt\u00e9rature luxembourgeoise, Semestre 4 (2025-2026 Summer)<\/h3>\n    \n<div id=\"accordion-module-69f20f278bcee\" class=\"accordion accordion--theme\">\n            \n<div class=\"accordion__item\">\n    <h4 class=\"accordion__header\">\n        <button\n                type=\"button\"\n                class=\"accordion__button collapsed\"\n                aria-expanded=\"false\"\n                data-bs-toggle=\"collapse\"\n                data-bs-target=\"#accordion-panel-69f20f278bd21\"\n        >\n            <span class=\"accordion__title\">\n                Masteraarbecht                <span class=\"accordion__data\">\n                    <span class=\"accordion__data__item\">\n                        <span class=\"accordion__data__name\">ECTS credits:<\/span>\n                        <span class=\"accordion__data__value\">\n                            20                        <\/span>\n                    <\/span>\n                    <span class=\"accordion__data__item\">\n                        <span class=\"accordion__data__name\">Course code:<\/span>\n                        <span class=\"accordion__data__value\">\n                            F3_SECEDUC-221                        <\/span>\n                    <\/span>\n                <\/span>\n            <\/span>\n            <svg aria-hidden=\"true\" focusable=\"false\" class=\"icon icon-outline icon--arrow-down icon--lg\"><use xlink:href=\"https:\/\/www.uni.lu\/wp-content\/themes\/unilux-theme\/assets\/images\/icons\/icons-outline.svg#icon--arrow-down\"><\/use><\/svg>        <\/button>\n    <\/h4>\n\n    <div id=\"accordion-panel-69f20f278bd21\" class=\"accordion__collapse collapse\" data-bs-parent=\"#accordion-module-69f20f278bcee\">\n        <div class=\"accordion__body p-0\">\n            <ul class=\"list-highlighted\">\n                <li class=\"list-highlighted__item items-start\">\n                    <header class=\"list-highlighted__header\">\n                        <h5 class=\"text-18\"><strong>Details<\/strong><\/h5>\n                    <\/header>\n                    <div class=\"list-highlighted__body\">\n                        <ul>\n                            <li><span class=\"text-dark font-heading font-bold\">Course title:<\/span> Masteraarbecht<\/li>\n                            <li><span class=\"text-dark font-heading font-bold\">Number of ECTS:<\/span> 20<\/li>\n                            <li><span class=\"text-dark font-heading font-bold\">Course code:<\/span> F3_SECEDUC-221<\/li>\n                            <li><span class=\"text-dark font-heading font-bold\">Module(s):<\/span> Masteraarbecht<\/li>\n                            <li><span class=\"text-dark font-heading font-bold\">Language:<\/span> LB<\/li>\n                            <li><span class=\"text-dark font-heading font-bold\">Mandatory:<\/span> No<\/li>\n                        <\/ul>\n                    <\/div>\n                <\/li>\n\n                <!--<li class=\"list-highlighted__item items-start\">-->\n                <!--    <header class=\"list-highlighted__header\">-->\n                <!--        <h5 class=\"text-18\"><strong>--><!--<\/strong><\/h5>-->\n                <!--    <\/header>-->\n                <!--    <div class=\"list-highlighted__body\">-->\n                <!--        <div class=\"speaker-group\">-->\n                <!--            -->                <!--        <\/div>-->\n                <!--    <\/div>-->\n                <!--<\/li>-->\n\n                \n                \n                \n                \n                \n                \n            <\/ul>\n        <\/div>\n    <\/div>\n<\/div>            \n<div class=\"accordion__item\">\n    <h4 class=\"accordion__header\">\n        <button\n                type=\"button\"\n                class=\"accordion__button collapsed\"\n                aria-expanded=\"false\"\n                data-bs-toggle=\"collapse\"\n                data-bs-target=\"#accordion-panel-69f20f278bd48\"\n        >\n            <span class=\"accordion__title\">\n                Literaturgeschicht 2 &#8211; Theater                <span class=\"accordion__data\">\n                    <span class=\"accordion__data__item\">\n                        <span class=\"accordion__data__name\">ECTS credits:<\/span>\n                        <span class=\"accordion__data__value\">\n                            5                        <\/span>\n                    <\/span>\n                    <span class=\"accordion__data__item\">\n                        <span class=\"accordion__data__name\">Course code:<\/span>\n                        <span class=\"accordion__data__value\">\n                            F3_SECEDUC-220                        <\/span>\n                    <\/span>\n                <\/span>\n            <\/span>\n            <svg aria-hidden=\"true\" focusable=\"false\" class=\"icon icon-outline icon--arrow-down icon--lg\"><use xlink:href=\"https:\/\/www.uni.lu\/wp-content\/themes\/unilux-theme\/assets\/images\/icons\/icons-outline.svg#icon--arrow-down\"><\/use><\/svg>        <\/button>\n    <\/h4>\n\n    <div id=\"accordion-panel-69f20f278bd48\" class=\"accordion__collapse collapse\" data-bs-parent=\"#accordion-module-69f20f278bcee\">\n        <div class=\"accordion__body p-0\">\n            <ul class=\"list-highlighted\">\n                <li class=\"list-highlighted__item items-start\">\n                    <header class=\"list-highlighted__header\">\n                        <h5 class=\"text-18\"><strong>Details<\/strong><\/h5>\n                    <\/header>\n                    <div class=\"list-highlighted__body\">\n                        <ul>\n                            <li><span class=\"text-dark font-heading font-bold\">Course title:<\/span> Literaturgeschicht 2 &#8211; Theater<\/li>\n                            <li><span class=\"text-dark font-heading font-bold\">Number of ECTS:<\/span> 5<\/li>\n                            <li><span class=\"text-dark font-heading font-bold\">Course code:<\/span> F3_SECEDUC-220<\/li>\n                            <li><span class=\"text-dark font-heading font-bold\">Module(s):<\/span> Modul: Literaturgeschicht<\/li>\n                            <li><span class=\"text-dark font-heading font-bold\">Language:<\/span> LB<\/li>\n                            <li><span class=\"text-dark font-heading font-bold\">Mandatory:<\/span> Yes<\/li>\n                        <\/ul>\n                    <\/div>\n                <\/li>\n\n                <!--<li class=\"list-highlighted__item items-start\">-->\n                <!--    <header class=\"list-highlighted__header\">-->\n                <!--        <h5 class=\"text-18\"><strong>--><!--<\/strong><\/h5>-->\n                <!--    <\/header>-->\n                <!--    <div class=\"list-highlighted__body\">-->\n                <!--        <div class=\"speaker-group\">-->\n                <!--            -->                <!--        <\/div>-->\n                <!--    <\/div>-->\n                <!--<\/li>-->\n\n                \n                \n                                <li class=\"list-highlighted__item items-start\">\n                    <header class=\"list-highlighted__header\">\n                        <h5 class=\"text-18\"><strong>Description<\/strong><\/h5>\n                    <\/header>\n                    <div class=\"list-highlighted__body\">\n                        D\u00ebse Cours behandelt den z\u00e4itgen\u00ebssesche L\u00ebtzebuerger Theater an dr\u00e4i Sproochen, vu sengen Uf\u00e4ng mam Dicks, iwwert d\u2019Modernis\u00e9ierung ageleet duerch Auteure w\u00e9i den Norbert Weber an de Pol Greisch, bis zu der aktueller Generatioun vun TheaterauteurInnen, d\u00e9i sech mam sozialen oder gesellschaftskriteschen Drama ausernee s\u00ebtzt. Dob\u00e4i geet et net n\u00ebmmen \u00ebm Theateranalys (Gendre, Handlung, Struktur, Figuren, Themen) mee och \u00ebm d\u2019Froe vun Theatertradition a -sprooch, d\u00e9i de L\u00ebtzebuerger Drama opweist, genee sou w\u00e9i \u00ebm d\u00e9i divers Tendenzen an Influenzen, d\u00e9i den Theater aus Frankr\u00e4ich, D\u00e4itschland oder Groussbritannien op de L\u00ebtzebuerger Drama aus\u00fcbt.<br>                    <\/div>\n                <\/li>\n                \n                \n                \n                \n            <\/ul>\n        <\/div>\n    <\/div>\n<\/div>            \n<div class=\"accordion__item\">\n    <h4 class=\"accordion__header\">\n        <button\n                type=\"button\"\n                class=\"accordion__button collapsed\"\n                aria-expanded=\"false\"\n                data-bs-toggle=\"collapse\"\n                data-bs-target=\"#accordion-panel-69f20f278bd63\"\n        >\n            <span class=\"accordion__title\">\n                Didaktiken der Mehrsprachigkeit                <span class=\"accordion__data\">\n                    <span class=\"accordion__data__item\">\n                        <span class=\"accordion__data__name\">ECTS credits:<\/span>\n                        <span class=\"accordion__data__value\">\n                            4                        <\/span>\n                    <\/span>\n                    <span class=\"accordion__data__item\">\n                        <span class=\"accordion__data__name\">Course code:<\/span>\n                        <span class=\"accordion__data__value\">\n                            F3_SECEDUC-232                        <\/span>\n                    <\/span>\n                <\/span>\n            <\/span>\n            <svg aria-hidden=\"true\" focusable=\"false\" class=\"icon icon-outline icon--arrow-down icon--lg\"><use xlink:href=\"https:\/\/www.uni.lu\/wp-content\/themes\/unilux-theme\/assets\/images\/icons\/icons-outline.svg#icon--arrow-down\"><\/use><\/svg>        <\/button>\n    <\/h4>\n\n    <div id=\"accordion-panel-69f20f278bd63\" class=\"accordion__collapse collapse\" data-bs-parent=\"#accordion-module-69f20f278bcee\">\n        <div class=\"accordion__body p-0\">\n            <ul class=\"list-highlighted\">\n                <li class=\"list-highlighted__item items-start\">\n                    <header class=\"list-highlighted__header\">\n                        <h5 class=\"text-18\"><strong>Details<\/strong><\/h5>\n                    <\/header>\n                    <div class=\"list-highlighted__body\">\n                        <ul>\n                            <li><span class=\"text-dark font-heading font-bold\">Course title:<\/span> Didaktiken der Mehrsprachigkeit<\/li>\n                            <li><span class=\"text-dark font-heading font-bold\">Number of ECTS:<\/span> 4<\/li>\n                            <li><span class=\"text-dark font-heading font-bold\">Course code:<\/span> F3_SECEDUC-232<\/li>\n                            <li><span class=\"text-dark font-heading font-bold\">Module(s):<\/span> Modul: Mehrsprachigkeit und Heterogenit\u00e4t<\/li>\n                            <li><span class=\"text-dark font-heading font-bold\">Language:<\/span> <\/li>\n                            <li><span class=\"text-dark font-heading font-bold\">Mandatory:<\/span> Yes<\/li>\n                        <\/ul>\n                    <\/div>\n                <\/li>\n\n                <!--<li class=\"list-highlighted__item items-start\">-->\n                <!--    <header class=\"list-highlighted__header\">-->\n                <!--        <h5 class=\"text-18\"><strong>--><!--<\/strong><\/h5>-->\n                <!--    <\/header>-->\n                <!--    <div class=\"list-highlighted__body\">-->\n                <!--        <div class=\"speaker-group\">-->\n                <!--            -->                <!--        <\/div>-->\n                <!--    <\/div>-->\n                <!--<\/li>-->\n\n                \n                                <li class=\"list-highlighted__item items-start\">\n                    <header class=\"list-highlighted__header\">\n                        <h5 class=\"text-18\"><strong>Course learning outcomes<\/strong><\/h5>\n                    <\/header>\n                    <div class=\"list-highlighted__body\">\n                        Groupe MES-FRA: Didactiques du plurilinguisme<br>Gruppe MES-LUX MES-GER: Didaktiken der Mehrsprachigkeit &#8211; im Unterricht des Deutschen und des Luxemburgischen<br>Ce s\u00e9minaire vise \u00e0 faire un \u00e9tat des lieux de l\u2019apprentissage et l\u2019enseignement en contexte plurilingue \u00e0 destination de futur.e.s enseignant.e.s. Le s\u00e9minaire propose une r\u00e9flexion sur les pratiques langagi\u00e8re multilingues en cours de fran\u00e7ais, d\u2019allemand, et de luxembourgeois. Il int\u00e8gre les exp\u00e9riences dans les stages pr\u00e9c\u00e9dents et s\u2019organise entre autres autour d\u2019ateliers de pratiques r\u00e9flexives.<br>Th\u00e9matiques abord\u00e9es<br>La d\u00e9finition de l\u2019interculturalit\u00e9<br>La d\u00e9finition des diff\u00e9rents registres de langue (langue de scolarisation, d\u2019amis, \u2026) et des approches aux langues de scolarisation en tant que langue premi\u00e8re, langue \u00e9trang\u00e8re \u2026, ainsi que les dimensions culturelles<br>L\u2019\u00e9xp\u00e9rience de l\u2019alt\u00e9rit\u00e9, la compr\u00e9hension interculturelle (communication interculturelle).<br>Intercompr\u00e9hension, p\u00e9dagogie CLIL<br>Interdisciplinarit\u00e9 (vision holistique des enseignements)<br>Biographie langagi\u00e8re<br>D\u00e9veloppement aux comp\u00e9tences m\u00e9talangagi\u00e8res<br>Dieses Seminar hat zum Ziel, verschiedene Aspekte der Mehrsprachigkeit zu untersuchen, die im Deutschunterricht im Secondaire sowie im Luxemburgischunterricht im Secondaire und in Kursen f\u00fcr Erwachsene mit Luxemburgisch als Fremdsprache eine wesentliche Rolle spielen.<br>Der zentrale Aspekt ist der Gemeinsame Europ\u00e4ische Referenzrahmen f\u00fcr Sprachen (GER), in dem verschiedene Sprachniveaus definiert sind. Die Studierenden lernen in dem Kurs, den GER produktiv f\u00fcr den Unterricht und die Einsch\u00e4tzung von Kompetenzen der Lernenden zu nutzen. Dieser Kursteil bezieht ebenfalls die Kritik ein, die in Bezug auf den GER existiert.\u00a0<br>In einem zweiten Teil geht es um M\u00f6glichkeiten, Mehrsprachigkeit in den Unterricht einzubetten. Im Fokus stehen Aspekte der Sprachkontrastierung, der Kontrastierung von Sprachregistern, der Interkomprehension und der Entwicklung von metalinguistischen Kompetenzen.\u00a0<br>In einem dritten Teil entwickeln die Studierenden einen Podcast zu einem der im Seminar besprochenen Thema.\u00a0<br>Am Ende des Kurses sind die Studierenden in der Lage, die Sprachkompetenzen Ihrer Sch\u00fcler:innen in der Zielsprache einzusch\u00e4tzen, die Kompetenzen der Sch\u00fcler:innen in anderen Sprachen zu valorisieren und diese Sprachkompetenzen im Unterricht zu nutzen.<br>                    <\/div>\n                <\/li>\n                \n                                <li class=\"list-highlighted__item items-start\">\n                    <header class=\"list-highlighted__header\">\n                        <h5 class=\"text-18\"><strong>Description<\/strong><\/h5>\n                    <\/header>\n                    <div class=\"list-highlighted__body\">\n                        Groupe MES-FRA: Didactiques du plurilinguismeGruppe MES-LUX &amp; MES-GER: Didaktiken der Mehrsprachigkeit &#8211; im Unterricht des Deutschen und des LuxemburgischenEn plus d&#8217;apports th\u00e9oriques et d&#8217;exemples concrets, les \u00e9tudiant.e.s seront mis.e.s en situation professionnelle dans lesquelles ils.elles devront mettre en pratique leurs acquis et confronter leurs propositions par une approche r\u00e9flexive de leur pratique.<br>Les langues utilis\u00e9es dans le cours seront le fran\u00e7ais, l\u2019allemand et le luxembourgeois &#8211; et selon les besoins des \u00e9tudiant.e.s d\u2019autres langues.<br><p>In dem Seminar werden Aspekte der Mehrsprachigkeit untersucht, die f\u00fcr das Unterrichten eine wesentliche Rolle spielen. Es geht insbesondere um das Nutzen des GER sowie das Kennenlernen verschiedener M\u00f6glichkeiten, Mehrsprachigkeit in den Deutsch- und Luxemburgischunterricht zu integrieren.\u00a0 <\/p><p>\u00a0<\/p>                    <\/div>\n                <\/li>\n                \n                \n                                <li class=\"list-highlighted__item items-start\">\n                    <header class=\"list-highlighted__header\">\n                        <h5 class=\"text-18\"><strong>Assessment<\/strong><\/h5>\n                    <\/header>\n                    <div class=\"list-highlighted__body\">\n                        Groupe MES-FRA: Didactiques du plurilinguisme<br>Gruppe MES-LUX MES-GER: Didaktiken der Mehrsprachigkeit &#8211; im Unterricht des Deutschen und des Luxemburgischen<br><p><br>Combined Assessment:<br><\/p><br><p>Construction d&#8217;une s\u00e9quence plurilingue \u00e0 contruire: 75%<\/p><br><p>Oral collectif pour presenter cette s\u00e9quence<\/p><br><p><br>Combined Assessment:<br><\/p><br><p>Erstellen einer Unterrichtseinheit: 75%<\/p><br><p>M\u00fcndliche Pr\u00e4sentation der Unterrichtseinheit: 25%<\/p><br><p>\u00a0<\/p><br><p>A maximum of three excudes absences are allowed.<\/p>                    <\/div>\n                <\/li>\n                \n                                <li class=\"list-highlighted__item items-start\">\n                    <header class=\"list-highlighted__header\">\n                        <h5 class=\"text-18\"><strong>Note<\/strong><\/h5>\n                    <\/header>\n                    <div class=\"list-highlighted__body\">\n                        <p><br>Reading<br><\/p><br>Groupe MES-FRA: Didactiques du plurilinguisme<br>Gruppe MES-LUX MES-GER: Didaktiken der Mehrsprachigkeit &#8211; im Unterricht des Deutschen und des Luxemburgischen<br>Abdallah-Pretceille M. Porcher Louis, (1986). Vers une p\u00e9dagogie interculturelle, Paris: Anthropos.<br>Abdallah-Pretceille M. Porcher Louis, Louis. (1996).\u00a0 Education et communication interculturelle Paris: P.U.F.<br>Auger, Nathalie. &#8220;Les mobilit\u00e9s : quels enjeux pour la didactique des langues et des cultures?.&#8221; Recherches en didactique des langues et des cultures. Les cahiers de l&#8217;Acedle 16-2 (2019).<br>Beacco J.-C. (2018). L&#8217;alt\u00e9rit\u00e9 en classe de langue pour une m\u00e9thodologie \u00e9ducative. Didier.<br>Beacco, J.-C., D. Coste. (2010). Langue et mati\u00e8res scolaires. Dimensions linguistiques de la construction des connaissances dans les curriculums.\u00a0<br>Candelier M. (2003). L&#8217;\u00e9veil aux langues \u00e0 l&#8217;\u00e9cole primaire. Evlang : bilan d&#8217;une innovation europ\u00e9enne, De Boeck Sup\u00e9rieur.\u00a0<br>Coste, D., Moore, D., Zarate, G. (2009). Comp\u00e9tence plurilingue et pluriculturelle. Vers un Cadre Europ\u00e9en Commun de R\u00e9f\u00e9rence pour l\u2019enseignement et l\u2019apprentissage des langues vivantes. Strasbourg : Conseil de l\u2019Europe.\u00a0<br>Dahm, R. (2015). \u201cDeveloping cognitive strategies through pluralistic approaches.&#8221; Crosslinguistic influence and crosslinguistic interaction in multilingual language learning (2015): 43-70.<br>Demorgon, J. (2005). Critique de l&#8217;interculturel. L&#8217;horizon de la sociologie.\u00a0 Paris: Anthropos<br>Gabillon, Z. (2020). Revisiting CLIL: Background, Pedagogy, and Theoretical Underpinnings. Contextes et didactiques. Revue semestrielle en sciences de l\u2019\u00e9ducation, (15).<br>Garc\u00eda, O., Wei, L. (2014). Translanguaging and education. In Translanguaging: Language, bilingualism and education (pp. 63-77). Palgrave Pivot, London.<br>Lenoir\u00a0 Y. (2015). Quelle interdisciplinarit\u00e9 \u00e0 l\u2019\u00e9cole ? Universit\u00e9 de Sherbrooke.<br>Narcy-Combes\u00a0 \u00a0M.-F. (2008). Pr\u00e9cis de didactique: devenir professeur de langue, Ellipses.<br>Roussel, S., Gaonac&#8217;h D.(2017). L&#8217;apprentissage des langues. Retz.<br>Zarate, G. (2011). Handbook of multilingualism and multiculturalism. Archives contemporaines.<br>Zarate, G. L\u00e9vy D. et Kramsch C., (2008). Pr\u00e9cis du plurilinguisme et du pluriculturalisme, Paris, \u00c9ditions des archives contemporaines.<br>Zarate, G. (1993). Repr\u00e9sentations de l\u2019\u00e9tranger et didactique des langues, Paris, CREDIF.<br>Zarate, G. (1986). Enseigner une culture \u00e9trang\u00e8re, Paris, Hachette.<br><ul><br><li>Coste, D., North, B., Trim, J. (2013). Gemeinsamer Europ\u00e4ischer Referenzrahmen f\u00fcr Sprachen: Lernen, lehren, beurteilen: Niveau A1, A2, B1, B2, C1, C2. Klett-Langenscheid.<\/li><br><li>Glaboniat, M., M\u00fcller, M., Rusch, P., Schmitz, H., Wertenschlag, L. (2013). Profile deutsch. Klett.<\/li><br><li>Rothstein, B. (2023). Deutschunterrichtlicher Sprachvergleich. SLDD.<\/li><br><li>Verspoor, M., Schmid, M. S., Xu, X. (2012). A dynamic usage based perspective on L2 writing. Journal of Second Language Writing, 21(3), 239\u2013263. https:\/\/doi.org\/10.1016\/j.jslw.2012.03.007<br><\/li><br><\/ul>                    <\/div>\n                <\/li>\n                \n            <\/ul>\n        <\/div>\n    <\/div>\n<\/div>            \n<div class=\"accordion__item\">\n    <h4 class=\"accordion__header\">\n        <button\n                type=\"button\"\n                class=\"accordion__button collapsed\"\n                aria-expanded=\"false\"\n                data-bs-toggle=\"collapse\"\n                data-bs-target=\"#accordion-panel-69f20f278bd7c\"\n        >\n            <span class=\"accordion__title\">\n                Vergleichende Grammatikdidaktik                <span class=\"accordion__data\">\n                    <span class=\"accordion__data__item\">\n                        <span class=\"accordion__data__name\">ECTS credits:<\/span>\n                        <span class=\"accordion__data__value\">\n                            0                        <\/span>\n                    <\/span>\n                    <span class=\"accordion__data__item\">\n                        <span class=\"accordion__data__name\">Course code:<\/span>\n                        <span class=\"accordion__data__value\">\n                            F3_SECEDUC-268                        <\/span>\n                    <\/span>\n                <\/span>\n            <\/span>\n            <svg aria-hidden=\"true\" focusable=\"false\" class=\"icon icon-outline icon--arrow-down icon--lg\"><use xlink:href=\"https:\/\/www.uni.lu\/wp-content\/themes\/unilux-theme\/assets\/images\/icons\/icons-outline.svg#icon--arrow-down\"><\/use><\/svg>        <\/button>\n    <\/h4>\n\n    <div id=\"accordion-panel-69f20f278bd7c\" class=\"accordion__collapse collapse\" data-bs-parent=\"#accordion-module-69f20f278bcee\">\n        <div class=\"accordion__body p-0\">\n            <ul class=\"list-highlighted\">\n                <li class=\"list-highlighted__item items-start\">\n                    <header class=\"list-highlighted__header\">\n                        <h5 class=\"text-18\"><strong>Details<\/strong><\/h5>\n                    <\/header>\n                    <div class=\"list-highlighted__body\">\n                        <ul>\n                            <li><span class=\"text-dark font-heading font-bold\">Course title:<\/span> Vergleichende Grammatikdidaktik<\/li>\n                            <li><span class=\"text-dark font-heading font-bold\">Number of ECTS:<\/span> 0<\/li>\n                            <li><span class=\"text-dark font-heading font-bold\">Course code:<\/span> F3_SECEDUC-268<\/li>\n                            <li><span class=\"text-dark font-heading font-bold\">Module(s):<\/span> Modul: Mehrsprachigkeit und Heterogenit\u00e4t<\/li>\n                            <li><span class=\"text-dark font-heading font-bold\">Language:<\/span> FR<\/li>\n                            <li><span class=\"text-dark font-heading font-bold\">Mandatory:<\/span> Yes<\/li>\n                        <\/ul>\n                    <\/div>\n                <\/li>\n\n                <!--<li class=\"list-highlighted__item items-start\">-->\n                <!--    <header class=\"list-highlighted__header\">-->\n                <!--        <h5 class=\"text-18\"><strong>--><!--<\/strong><\/h5>-->\n                <!--    <\/header>-->\n                <!--    <div class=\"list-highlighted__body\">-->\n                <!--        <div class=\"speaker-group\">-->\n                <!--            -->                <!--        <\/div>-->\n                <!--    <\/div>-->\n                <!--<\/li>-->\n\n                \n                \n                \n                \n                \n                \n            <\/ul>\n        <\/div>\n    <\/div>\n<\/div>    <\/div><\/div><\/section>\n<\/div>\n<\/div><\/section>\n<\/div>","protected":false},"excerpt":{"rendered":"<p>The curriculum covers a full-time, two-year programme (120 ECTS). The topics focus on Luxembourgish language, literature(s) and culture. To prepare for the future career as a secondary school teacher courses are also offered in language and literature didactics. Furthermore, through two internships in Luxembourgish schools, students are introduced to classroom teaching during their studies.<\/p>\n","protected":false},"author":44,"featured_media":893,"parent":1147,"menu_order":0,"template":"","meta":{"featured_image_focal_point":[],"show_featured_caption":false,"ulux_newsletter_groups":"","uluxPostTitle":"Master en Enseignement secondaire - Langue et litt\u00e9rature luxembourgeoise","uluxPrePostTitle":"","_trash_the_other_posts":false,"_price":"","_stock":"","_tribe_ticket_header":"","_tribe_default_ticket_provider":"","_tribe_ticket_capacity":"0","_ticket_start_date":"","_ticket_end_date":"","_tribe_ticket_show_description":"","_tribe_ticket_show_not_going":false,"_tribe_ticket_use_global_stock":"","_tribe_ticket_global_stock_level":"","_global_stock_mode":"","_global_stock_cap":"","_tribe_rsvp_for_event":"","_tribe_ticket_going_count":"","_tribe_ticket_not_going_count":"","_tribe_tickets_list":"[]","_tribe_ticket_has_attendee_info_fields":false,"study_program_identifiers":"F3_M_MES_LUX_1__F3_M_MES_LUX__F3_M_MES","override_seo_title":false},"type-of-studies":[],"teaching-languages":[],"field-of-interest":[],"organisation":[],"authorship":[44,246],"acf":[],"yoast_head":"<!-- This site is optimized with the Yoast SEO Premium plugin v22.3 (Yoast SEO v22.3) - https:\/\/yoast.com\/wordpress\/plugins\/seo\/ -->\n<title>Master en Enseignement secondaire &#8211; Langue et litt\u00e9rature luxembourgeoise: Courses | University of Luxembourg<\/title>\n<meta name=\"description\" content=\"The curriculum covers a full-time, two-year programme (120 ECTS). The topics focus on Luxembourgish language, literature(s) and culture.\" \/>\n<meta name=\"robots\" content=\"index, follow, max-snippet:-1, max-image-preview:large, max-video-preview:-1\" \/>\n<link rel=\"canonical\" href=\"https:\/\/www.uni.lu\/fhse-en\/study-programs\/master-en-enseignement-secondaire-langue-et-litterature-luxembourgeoise\/programme\/\" \/>\n<meta property=\"og:locale\" content=\"en_GB\" \/>\n<meta property=\"og:type\" content=\"article\" \/>\n<meta property=\"og:title\" content=\"Programme\" \/>\n<meta property=\"og:description\" content=\"The curriculum covers a full-time, two-year programme (120 ECTS). The topics focus on Luxembourgish language, literature(s) and culture.\" \/>\n<meta property=\"og:url\" content=\"https:\/\/www.uni.lu\/fhse-en\/study-programs\/master-en-enseignement-secondaire-langue-et-litterature-luxembourgeoise\/programme\/\" \/>\n<meta property=\"og:site_name\" content=\"FHSE EN\" \/>\n<meta property=\"article:modified_time\" content=\"2026-01-16T11:48:28+00:00\" \/>\n<meta property=\"og:image\" content=\"https:\/\/www.uni.lu\/wp-content\/uploads\/sites\/2\/2023\/07\/OVERVIEW_STUDENTSbTnsAH.jpg\" \/>\n\t<meta property=\"og:image:width\" content=\"2000\" \/>\n\t<meta property=\"og:image:height\" content=\"1160\" \/>\n\t<meta property=\"og:image:type\" content=\"image\/jpeg\" \/>\n<meta name=\"twitter:card\" content=\"summary_large_image\" \/>\n<meta name=\"twitter:label1\" content=\"Estimated reading time\" \/>\n\t<meta name=\"twitter:data1\" content=\"1 minute\" \/>\n<script type=\"application\/ld+json\" class=\"yoast-schema-graph\">{\"@context\":\"https:\/\/schema.org\",\"@graph\":[{\"@type\":\"WebPage\",\"@id\":\"https:\/\/www.uni.lu\/fhse-en\/study-programs\/master-en-enseignement-secondaire-langue-et-litterature-luxembourgeoise\/programme\/\",\"url\":\"https:\/\/www.uni.lu\/fhse-en\/study-programs\/master-en-enseignement-secondaire-langue-et-litterature-luxembourgeoise\/programme\/\",\"name\":\"Programme - Master en Enseignement secondaire Langue et litt\u00e9rature luxembourgeoise - FHSE I University of Luxembourg\",\"isPartOf\":{\"@id\":\"https:\/\/www.uni.lu\/fhse-en\/#website\"},\"primaryImageOfPage\":{\"@id\":\"https:\/\/www.uni.lu\/fhse-en\/study-programs\/master-en-enseignement-secondaire-langue-et-litterature-luxembourgeoise\/programme\/#primaryimage\"},\"image\":{\"@id\":\"https:\/\/www.uni.lu\/fhse-en\/study-programs\/master-en-enseignement-secondaire-langue-et-litterature-luxembourgeoise\/programme\/#primaryimage\"},\"thumbnailUrl\":\"https:\/\/www.uni.lu\/wp-content\/uploads\/sites\/2\/2023\/07\/OVERVIEW_STUDENTSbTnsAH.jpg\",\"datePublished\":\"2023-07-17T17:06:02+00:00\",\"dateModified\":\"2026-01-16T11:48:28+00:00\",\"description\":\"The curriculum covers a full-time, two-year programme (120 ECTS). The topics focus on Luxembourgish language, literature(s) and culture.\",\"breadcrumb\":{\"@id\":\"https:\/\/www.uni.lu\/fhse-en\/study-programs\/master-en-enseignement-secondaire-langue-et-litterature-luxembourgeoise\/programme\/#breadcrumb\"},\"inLanguage\":\"en-GB\",\"potentialAction\":[{\"@type\":\"ReadAction\",\"target\":[\"https:\/\/www.uni.lu\/fhse-en\/study-programs\/master-en-enseignement-secondaire-langue-et-litterature-luxembourgeoise\/programme\/\"]}]},{\"@type\":\"ImageObject\",\"inLanguage\":\"en-GB\",\"@id\":\"https:\/\/www.uni.lu\/fhse-en\/study-programs\/master-en-enseignement-secondaire-langue-et-litterature-luxembourgeoise\/programme\/#primaryimage\",\"url\":\"https:\/\/www.uni.lu\/wp-content\/uploads\/sites\/2\/2023\/07\/OVERVIEW_STUDENTSbTnsAH.jpg\",\"contentUrl\":\"https:\/\/www.uni.lu\/wp-content\/uploads\/sites\/2\/2023\/07\/OVERVIEW_STUDENTSbTnsAH.jpg\",\"width\":2000,\"height\":1160},{\"@type\":\"BreadcrumbList\",\"@id\":\"https:\/\/www.uni.lu\/fhse-en\/study-programs\/master-en-enseignement-secondaire-langue-et-litterature-luxembourgeoise\/programme\/#breadcrumb\",\"itemListElement\":[{\"@type\":\"ListItem\",\"position\":1,\"name\":\"Home\",\"item\":\"https:\/\/www.uni.lu\/en\"},{\"@type\":\"ListItem\",\"position\":2,\"name\":\"Faculty of Humanities, Education and Social Sciences\",\"item\":\"https:\/\/www.uni.lu\/fhse-en\/\"},{\"@type\":\"ListItem\",\"position\":3,\"name\":\"Study Programmes\",\"item\":\"https:\/\/www.uni.lu\/fhse-en\/study-programs\/\"},{\"@type\":\"ListItem\",\"position\":4,\"name\":\"Master en Enseignement secondaire - Langue et litt\u00e9rature luxembourgeoise\",\"item\":\"https:\/\/www.uni.lu\/fhse-en\/study-programs\/master-en-enseignement-secondaire-langue-et-litterature-luxembourgeoise\/\"},{\"@type\":\"ListItem\",\"position\":5,\"name\":\"Programme\"}]},{\"@type\":\"WebSite\",\"@id\":\"https:\/\/www.uni.lu\/fhse-en\/#website\",\"url\":\"https:\/\/www.uni.lu\/fhse-en\/\",\"name\":\"FHSE\",\"description\":\"Faculty of Humanities, Education and Social Sciences I Uni.lu\",\"publisher\":{\"@id\":\"https:\/\/www.uni.lu\/fhse-en\/#organization\"},\"alternateName\":\"Faculty of Humanities, Education and Social Sciences I University of Luxembourg\",\"potentialAction\":[{\"@type\":\"SearchAction\",\"target\":{\"@type\":\"EntryPoint\",\"urlTemplate\":\"https:\/\/www.uni.lu\/fhse-en\/?s={search_term_string}\"},\"query-input\":\"required name=search_term_string\"}],\"inLanguage\":\"en-GB\"},{\"@type\":\"Organization\",\"@id\":\"https:\/\/www.uni.lu\/fhse-en\/#organization\",\"name\":\"FHSE - University of Luxembourg I Uni.lu\",\"alternateName\":\"Faculty of Humanities, Education and Social Sciences\",\"url\":\"https:\/\/www.uni.lu\/fhse-en\/\",\"logo\":{\"@type\":\"ImageObject\",\"inLanguage\":\"en-GB\",\"@id\":\"https:\/\/www.uni.lu\/fhse-en\/#\/schema\/logo\/image\/\",\"url\":\"https:\/\/www.uni.lu\/wp-content\/uploads\/sites\/2\/2026\/03\/03112240\/FHSE_SM-Profile_1600x1600px-scaled.jpg\",\"contentUrl\":\"https:\/\/www.uni.lu\/wp-content\/uploads\/sites\/2\/2026\/03\/03112240\/FHSE_SM-Profile_1600x1600px-scaled.jpg\",\"width\":2560,\"height\":2560,\"caption\":\"FHSE - University of Luxembourg I Uni.lu\"},\"image\":\"https:\/\/www.uni.lu\/wp-content\/uploads\/sites\/2\/2026\/04\/24144328\/20200609-Belval-Campus_Henri-Goergen-23.jpg\",\"sameAs\":[\"https:\/\/humanities.uni.lu\/\"],\"email\":\"communication@uni.lu\",\"telephone\":\"+3524666441\",\"address\":{\"@type\":\"PostalAddress\",\"streetAddress\":\"11, Porte des Sciences\",\"addressLocality\":\"Esch-sur-Alzette\",\"postalCode\":\"4365\",\"addressCountry\":\"LU\"},\"description\":\"Faculty of Humanities, Education and Social Sciences I Uni.lu\"}]}<\/script>\n<!-- \/ Yoast SEO Premium plugin. -->","yoast_head_json":{"title":"Master en Enseignement secondaire &#8211; Langue et litt\u00e9rature luxembourgeoise: Courses | University of Luxembourg","description":"The curriculum covers a full-time, two-year programme (120 ECTS). The topics focus on Luxembourgish language, literature(s) and culture.","robots":{"index":"index","follow":"follow","max-snippet":"max-snippet:-1","max-image-preview":"max-image-preview:large","max-video-preview":"max-video-preview:-1"},"canonical":"https:\/\/www.uni.lu\/fhse-en\/study-programs\/master-en-enseignement-secondaire-langue-et-litterature-luxembourgeoise\/programme\/","og_locale":"en_GB","og_type":"article","og_title":"Programme","og_description":"The curriculum covers a full-time, two-year programme (120 ECTS). The topics focus on Luxembourgish language, literature(s) and culture.","og_url":"https:\/\/www.uni.lu\/fhse-en\/study-programs\/master-en-enseignement-secondaire-langue-et-litterature-luxembourgeoise\/programme\/","og_site_name":"FHSE EN","article_modified_time":"2026-01-16T11:48:28+00:00","og_image":[{"width":2000,"height":1160,"url":"https:\/\/www.uni.lu\/wp-content\/uploads\/sites\/2\/2023\/07\/OVERVIEW_STUDENTSbTnsAH.jpg","type":"image\/jpeg"}],"twitter_card":"summary_large_image","twitter_misc":{"Estimated reading time":"1 minute"},"schema":{"@context":"https:\/\/schema.org","@graph":[{"@type":"WebPage","@id":"https:\/\/www.uni.lu\/fhse-en\/study-programs\/master-en-enseignement-secondaire-langue-et-litterature-luxembourgeoise\/programme\/","url":"https:\/\/www.uni.lu\/fhse-en\/study-programs\/master-en-enseignement-secondaire-langue-et-litterature-luxembourgeoise\/programme\/","name":"Programme - Master en Enseignement secondaire Langue et litt\u00e9rature luxembourgeoise - FHSE I University of Luxembourg","isPartOf":{"@id":"https:\/\/www.uni.lu\/fhse-en\/#website"},"primaryImageOfPage":{"@id":"https:\/\/www.uni.lu\/fhse-en\/study-programs\/master-en-enseignement-secondaire-langue-et-litterature-luxembourgeoise\/programme\/#primaryimage"},"image":{"@id":"https:\/\/www.uni.lu\/fhse-en\/study-programs\/master-en-enseignement-secondaire-langue-et-litterature-luxembourgeoise\/programme\/#primaryimage"},"thumbnailUrl":"https:\/\/www.uni.lu\/wp-content\/uploads\/sites\/2\/2023\/07\/OVERVIEW_STUDENTSbTnsAH.jpg","datePublished":"2023-07-17T17:06:02+00:00","dateModified":"2026-01-16T11:48:28+00:00","description":"The curriculum covers a full-time, two-year programme (120 ECTS). The topics focus on Luxembourgish language, literature(s) and culture.","breadcrumb":{"@id":"https:\/\/www.uni.lu\/fhse-en\/study-programs\/master-en-enseignement-secondaire-langue-et-litterature-luxembourgeoise\/programme\/#breadcrumb"},"inLanguage":"en-GB","potentialAction":[{"@type":"ReadAction","target":["https:\/\/www.uni.lu\/fhse-en\/study-programs\/master-en-enseignement-secondaire-langue-et-litterature-luxembourgeoise\/programme\/"]}]},{"@type":"ImageObject","inLanguage":"en-GB","@id":"https:\/\/www.uni.lu\/fhse-en\/study-programs\/master-en-enseignement-secondaire-langue-et-litterature-luxembourgeoise\/programme\/#primaryimage","url":"https:\/\/www.uni.lu\/wp-content\/uploads\/sites\/2\/2023\/07\/OVERVIEW_STUDENTSbTnsAH.jpg","contentUrl":"https:\/\/www.uni.lu\/wp-content\/uploads\/sites\/2\/2023\/07\/OVERVIEW_STUDENTSbTnsAH.jpg","width":2000,"height":1160},{"@type":"BreadcrumbList","@id":"https:\/\/www.uni.lu\/fhse-en\/study-programs\/master-en-enseignement-secondaire-langue-et-litterature-luxembourgeoise\/programme\/#breadcrumb","itemListElement":[{"@type":"ListItem","position":1,"name":"Home","item":"https:\/\/www.uni.lu\/en"},{"@type":"ListItem","position":2,"name":"Faculty of Humanities, Education and Social Sciences","item":"https:\/\/www.uni.lu\/fhse-en\/"},{"@type":"ListItem","position":3,"name":"Study Programmes","item":"https:\/\/www.uni.lu\/fhse-en\/study-programs\/"},{"@type":"ListItem","position":4,"name":"Master en Enseignement secondaire - Langue et litt\u00e9rature luxembourgeoise","item":"https:\/\/www.uni.lu\/fhse-en\/study-programs\/master-en-enseignement-secondaire-langue-et-litterature-luxembourgeoise\/"},{"@type":"ListItem","position":5,"name":"Programme"}]},{"@type":"WebSite","@id":"https:\/\/www.uni.lu\/fhse-en\/#website","url":"https:\/\/www.uni.lu\/fhse-en\/","name":"FHSE","description":"Faculty of Humanities, Education and Social Sciences I Uni.lu","publisher":{"@id":"https:\/\/www.uni.lu\/fhse-en\/#organization"},"alternateName":"Faculty of Humanities, Education and Social Sciences I University of Luxembourg","potentialAction":[{"@type":"SearchAction","target":{"@type":"EntryPoint","urlTemplate":"https:\/\/www.uni.lu\/fhse-en\/?s={search_term_string}"},"query-input":"required name=search_term_string"}],"inLanguage":"en-GB"},{"@type":"Organization","@id":"https:\/\/www.uni.lu\/fhse-en\/#organization","name":"FHSE - University of Luxembourg I Uni.lu","alternateName":"Faculty of Humanities, Education and Social Sciences","url":"https:\/\/www.uni.lu\/fhse-en\/","logo":{"@type":"ImageObject","inLanguage":"en-GB","@id":"https:\/\/www.uni.lu\/fhse-en\/#\/schema\/logo\/image\/","url":"https:\/\/www.uni.lu\/wp-content\/uploads\/sites\/2\/2026\/03\/03112240\/FHSE_SM-Profile_1600x1600px-scaled.jpg","contentUrl":"https:\/\/www.uni.lu\/wp-content\/uploads\/sites\/2\/2026\/03\/03112240\/FHSE_SM-Profile_1600x1600px-scaled.jpg","width":2560,"height":2560,"caption":"FHSE - University of Luxembourg I Uni.lu"},"image":"https:\/\/www.uni.lu\/wp-content\/uploads\/sites\/2\/2026\/04\/24144328\/20200609-Belval-Campus_Henri-Goergen-23.jpg","sameAs":["https:\/\/humanities.uni.lu\/"],"email":"communication@uni.lu","telephone":"+3524666441","address":{"@type":"PostalAddress","streetAddress":"11, Porte des Sciences","addressLocality":"Esch-sur-Alzette","postalCode":"4365","addressCountry":"LU"},"description":"Faculty of Humanities, Education and Social Sciences I Uni.lu"}]}},"_links":{"self":[{"href":"https:\/\/www.uni.lu\/fhse-en\/wp-json\/wp\/v2\/study-programs\/1148"}],"collection":[{"href":"https:\/\/www.uni.lu\/fhse-en\/wp-json\/wp\/v2\/study-programs"}],"about":[{"href":"https:\/\/www.uni.lu\/fhse-en\/wp-json\/wp\/v2\/types\/study-programs"}],"author":[{"embeddable":true,"href":"https:\/\/www.uni.lu\/fhse-en\/wp-json\/wp\/v2\/users\/44"}],"version-history":[{"count":0,"href":"https:\/\/www.uni.lu\/fhse-en\/wp-json\/wp\/v2\/study-programs\/1148\/revisions"}],"up":[{"embeddable":true,"href":"https:\/\/www.uni.lu\/fhse-en\/wp-json\/wp\/v2\/study-programs\/1147"}],"wp:authorship":[{"embeddable":true,"href":"https:\/\/www.uni.lu\/fhse-en\/wp-json\/wp\/v2\/users\/44"},{"embeddable":true,"href":"https:\/\/www.uni.lu\/fhse-en\/wp-json\/wp\/v2\/users\/246"}],"wp:featuredmedia":[{"embeddable":true,"href":"https:\/\/www.uni.lu\/fhse-en\/wp-json\/wp\/v2\/media\/893"}],"wp:attachment":[{"href":"https:\/\/www.uni.lu\/fhse-en\/wp-json\/wp\/v2\/media?parent=1148"}],"wp:term":[{"taxonomy":"type-of-studies","embeddable":true,"href":"https:\/\/www.uni.lu\/fhse-en\/wp-json\/wp\/v2\/type-of-studies?post=1148"},{"taxonomy":"teaching-languages","embeddable":true,"href":"https:\/\/www.uni.lu\/fhse-en\/wp-json\/wp\/v2\/teaching-languages?post=1148"},{"taxonomy":"field-of-interest","embeddable":true,"href":"https:\/\/www.uni.lu\/fhse-en\/wp-json\/wp\/v2\/field-of-interest?post=1148"},{"taxonomy":"organisation","embeddable":true,"href":"https:\/\/www.uni.lu\/fhse-en\/wp-json\/wp\/v2\/organisation?post=1148"}],"curies":[{"name":"wp","href":"https:\/\/api.w.org\/{rel}","templated":true}]}}