{"id":6736,"date":"2024-03-25T11:54:43","date_gmt":"2024-03-25T10:54:43","guid":{"rendered":"https:\/\/www.uni.lu\/fhse-en\/?post_type=research-groups&#038;p=6736"},"modified":"2026-01-27T15:27:13","modified_gmt":"2026-01-27T14:27:13","slug":"people","status":"publish","type":"research-groups","link":"https:\/\/www.uni.lu\/fhse-en\/research-groups\/institute-of-romance-studies-media-and-arts\/people\/","title":{"rendered":"People"},"content":{"rendered":"<div class=\"section py-0 static\">\n<section class=\"py-0 wp-block-unilux-blocks-free-section section\"><div class=\"container xl:max-w-screen-xl\"><!-- SecondaryNavigationMirror --><div class=\"js-secondary-nav--sticky wp-block-unilux-blocks-secondary-navigation\" id=\"96bdfec4-4aa6-4749-9701-a1dfdc908aa9\">\n    <nav id=\"secondary-navigation\" role=\"navigation\" aria-label=\"Secondary menu\" class=\"secondary-nav\">\n        <button class=\"secondary-nav__button btn btn-solid--primary w-full\" aria-expanded=\"false\" aria-controls=\"secondary-navigation__list\" title=\"The selected page is People\" type=\"button\">\n            <span class=\"btn__name mr-auto\">People<\/span>\n            <svg aria-hidden=\"true\" focusable=\"false\" class=\"icon icon-outline icon--xs\">\n                <use xlink:href=\"https:\/\/www.uni.lu\/wp-content\/themes\/unilux-theme\/assets\/images\/icons\/icons-outline.svg#icon--arrow-down\" \/>\n            <\/svg>\n        <\/button>\n\n        <ul id=\"secondary-navigation__list\" class=\"secondary-nav__list\">\n            <li class=\"secondary-nav__item\">\n    <a href=\"https:\/\/www.uni.lu\/fhse-en\/research-groups\/institute-of-romance-studies-media-and-arts\/\" target=\"\" rel=\"noreferrer noopener\" class=\"secondary-nav__link \">\n        <svg aria-hidden=\"true\" focusable=\"false\" class=\"icon icon-outline icon--xs\">\n            <use xlink:href=\"https:\/\/www.uni.lu\/wp-content\/themes\/unilux-theme\/assets\/images\/icons\/icons-outline.svg#icon--arrow-right\" \/>\n        <\/svg>\n        <span class=\"secondary-nav__name\">Overview<\/span>\n    <\/a>\n<\/li>\n<li class=\"secondary-nav__item\">\n    <a href=\"https:\/\/www.uni.lu\/fhse-en\/research-groups\/institute-of-romance-studies-media-and-arts\/research\/\" target=\"\" rel=\"noreferrer noopener\" class=\"secondary-nav__link \">\n        <svg aria-hidden=\"true\" focusable=\"false\" class=\"icon icon-outline icon--xs\">\n            <use xlink:href=\"https:\/\/www.uni.lu\/wp-content\/themes\/unilux-theme\/assets\/images\/icons\/icons-outline.svg#icon--arrow-right\" \/>\n        <\/svg>\n        <span class=\"secondary-nav__name\">Research<\/span>\n    <\/a>\n<\/li>\n<li class=\"secondary-nav__item\">\n    <a href=\"https:\/\/www.uni.lu\/fhse-en\/research-groups\/institute-of-romance-studies-media-and-arts\/people\/\" target=\"\" rel=\"noreferrer noopener\" class=\"secondary-nav__link isactived\" aria-current=\"page\">\n        <svg aria-hidden=\"true\" focusable=\"false\" class=\"icon icon-outline icon--xs\">\n            <use xlink:href=\"https:\/\/www.uni.lu\/wp-content\/themes\/unilux-theme\/assets\/images\/icons\/icons-outline.svg#icon--arrow-right\" \/>\n        <\/svg>\n        <span class=\"secondary-nav__name\">People<\/span>\n    <\/a>\n<\/li>\n<li class=\"secondary-nav__item\">\n    <a href=\"https:\/\/www.uni.lu\/fhse-en\/research-groups\/institute-of-romance-studies-media-and-arts\/contact\/\" target=\"\" rel=\"noreferrer noopener\" class=\"secondary-nav__link \">\n        <svg aria-hidden=\"true\" focusable=\"false\" class=\"icon icon-outline icon--xs\">\n            <use xlink:href=\"https:\/\/www.uni.lu\/wp-content\/themes\/unilux-theme\/assets\/images\/icons\/icons-outline.svg#icon--arrow-right\" \/>\n        <\/svg>\n        <span class=\"secondary-nav__name\">Contact<\/span>\n    <\/a>\n<\/li>\n        <\/ul>\n    <\/nav>\n<\/div>\n<!-- end SecondaryNavigationMirror --><\/div><\/section>\n\n\n\n<section class=\"wp-block-unilux-blocks-free-section section\"><div class=\"container xl:max-w-screen-xl\">\n<section class=\"wp-block-unilux-blocks-free-section section\"><div class=\"container xl:max-w-screen-xl\">\n<h1 class=\"has-text-align-left wp-block-unilux-blocks-heading\"        id=\"our-people\"\n    >\nOur people<\/h1>\n\n\n<div class=\"py-48 first:pt-0 last:pb-0 wp-block-unilux-blocks-people-list\">\n    \n<h2 class=\"has-text-align-left wp-block-unilux-blocks-heading\"        id=\"head-of-institute\"\n    >\nHead of institute<\/h2>\n<ul class=\"flex flex-wrap -mx-16 wp-block-unilux-blocks-people-item-wrapper\">\n    <li class=\"w-full md:w-1\/2 p-16 wp-block-unilux-blocks-people-list-item\">\n    <div class=\"list-people bg-theme wp-block-unilux-blocks-people-item\">\n    \n<div class=\"wp-block-unilux-blocks-wrapper list-people__container\">\n<div class=\"wp-block-unilux-blocks-wrapper list-people__visual\"><figure class=\"wp-block-dev4-reusable-blocks-image w-full object-fit--cover\">\n    \n<img decoding=\"async\" class=\"wp-block-image unilux-custom-image-block\"\n                alt=\"\"\n            src=\"https:\/\/www.uni.lu\/wp-content\/uploads\/sites\/2\/2024\/03\/Nathalie-Roelens.jpg\"\n                srcset=\"https:\/\/www.uni.lu\/wp-content\/uploads\/sites\/2\/2024\/03\/Nathalie-Roelens-300x200.jpg 300w, https:\/\/www.uni.lu\/wp-content\/uploads\/sites\/2\/2024\/03\/Nathalie-Roelens-1024x683.jpg 1024w, https:\/\/www.uni.lu\/wp-content\/uploads\/sites\/2\/2024\/03\/Nathalie-Roelens-768x512.jpg 768w, https:\/\/www.uni.lu\/wp-content\/uploads\/sites\/2\/2024\/03\/Nathalie-Roelens-1536x1024.jpg 1536w, https:\/\/www.uni.lu\/wp-content\/uploads\/sites\/2\/2024\/03\/Nathalie-Roelens.jpg 2048w\"\n                style=\"object-position: 50.00% 50.00%; font-family: &quot;object-fit: cover; object-position: 50.00% 50.00%;&quot;; aspect-ratio: 1\/1; object-fit: cover; width: 100%;\"\n        loading=\"lazy\"\n\/>    <\/figure><\/div>\n\n\n\n<div class=\"wp-block-unilux-blocks-wrapper list-people__body\">\n<h3 class=\"list-people__title has-text-align-left wp-block-unilux-blocks-heading\"        id=\"prof-dr-nathalie-roelens\"\n    >\nProf. Dr. Nathalie ROELENS<\/h3>\n\n\n\n<p class=\"list-people__description wp-block-unilux-blocks-plain-text\">Head of institute<\/p>\n\n<div class=\"wp-block-unilux-blocks-simple-cta\">\n    <a\n        href=\"https:\/\/www.uni.lu\/fhse-en\/people\/nathalie-roelens\/\"\n        title=\"View profile\"\n        class=\"link-text link-text--icon list-people__link link-text link-absolute\"\n        target=\"\"\n    >\n        <span class=\"link-text__body\">\n            <span class=\"link-text__name\">View profile<\/span>\n        <\/span>\n        <svg aria-hidden=\"true\" focusable=\"false\" class=\"icon icon-outline icon--arrow-right \"><use xlink:href=\"https:\/\/www.uni.lu\/wp-content\/themes\/unilux-theme\/assets\/images\/icons\/icons-outline.svg#icon--arrow-right\"><\/use><\/svg>    <\/a>\n<\/div>\n<\/div>\n<\/div>\n<\/div>\n\n<\/li><\/ul>\n\n<\/div>\n\n\n\n\n<div class=\"wp-block-unilux-blocks-accordion accordion accordion--theme accordion-standard\" data-reference=\"0f09591a-5b95-45b1-9a7d-39b71be228d0\" data-accordion-type=\"standard\"><div class=\"accordion__item  wp-block-unilux-blocks-accordion-item\">\n    <h3 class=\"accordion__header\"\n        >\n        <button\n            type=\"button\"\n            id=\"accordion-labelledby-2710c4cb-20bf-4687-83f6-3713c11c88f7\"\n            class=\"accordion__button collapsed\"\n            aria-expanded=\"false\"\n            aria-controls=\"accordion-panel-2710c4cb-20bf-4687-83f6-3713c11c88f7\"\n            data-bs-toggle=\"collapse\"\n            data-bs-target=\"#accordion-panel-2710c4cb-20bf-4687-83f6-3713c11c88f7\"\n        >\n            <span class=\"accordion__title\">\n                                Professors            <\/span>\n\n            <svg aria-hidden=\"true\" focusable=\"false\" class=\"icon icon-outline icon--arrow-down \"><use xlink:href=\"https:\/\/www.uni.lu\/wp-content\/themes\/unilux-theme\/assets\/images\/icons\/icons-outline.svg#icon--arrow-down\"><\/use><\/svg>        <\/button>\n    <\/h3>\n    <div id=\"accordion-panel-2710c4cb-20bf-4687-83f6-3713c11c88f7\"\n        class=\"accordion__collapse collapse\"\n        aria-labelledby=\"accordion-labelledby-2710c4cb-20bf-4687-83f6-3713c11c88f7\"\n        data-bs-parent=\"[data-reference=&quot;0f09591a-5b95-45b1-9a7d-39b71be228d0&quot;]\"\n    >\n        <div class=\"accordion__body \">\n            <ul class=\"flex flex-wrap mt-24 -mx-16  wp-block-unilux-blocks-free-content-card\">\n    <li class=\"w-full sm:w-1\/2 lg:w-1\/3 px-16 wp-block-unilux-blocks-people-item-automated\"><div class=\"ulux-card card-people bg-theme\">    <div class=\"ulux-card__container\">\n        <div class=\"ulux-card__visual\">\n            <!-- Template Image Component: default -->\n<img decoding=\"async\" class=\"w-full\" width=\"\" height=\"\" rel=\"\" alt=\"Assoc. Prof H\u00e9l\u00e8ne BARTHELMEBS\" src=\"https:\/\/www.uni.lu\/en\/person-image\/NTAwMjU3NzlfX0jDqWzDqG5lIEJBUlRIRUxNRUJT\" srcset=\"https:\/\/www.uni.lu\/en\/person-image\/NTAwMjU3NzlfX0jDqWzDqG5lIEJBUlRIRUxNRUJT--thumbnail 150w,https:\/\/www.uni.lu\/en\/person-image\/NTAwMjU3NzlfX0jDqWzDqG5lIEJBUlRIRUxNRUJT--medium 300w,https:\/\/www.uni.lu\/en\/person-image\/NTAwMjU3NzlfX0jDqWzDqG5lIEJBUlRIRUxNRUJT--medium_large 768w,https:\/\/www.uni.lu\/en\/person-image\/NTAwMjU3NzlfX0jDqWzDqG5lIEJBUlRIRUxNRUJT--large 1024w,https:\/\/www.uni.lu\/en\/person-image\/NTAwMjU3NzlfX0jDqWzDqG5lIEJBUlRIRUxNRUJT--1536x1536 1536w,https:\/\/www.uni.lu\/en\/person-image\/NTAwMjU3NzlfX0jDqWzDqG5lIEJBUlRIRUxNRUJT--2048x2048 2048w\" loading=\"lazy\" \/><!-- end Image Component -->\n        <\/div>\n        <div class=\"ulux-card__body card-people\">\n            <h3 class=\"card__name\">Assoc. Prof H\u00e9l\u00e8ne BARTHELMEBS<\/h3>\n            <div class=\"card__organization\">FHSE<\/div>\n            <div class=\"card__function\">Associate professor<\/div>\n            <div class=\"ulux-card__link-wrapper card__link wp-block-unilux-blocks-simple-cta wp-block-unilux-blocks-people-item-automated\">\n    <a\n        href=\"https:\/\/www.uni.lu\/fhse-en\/people\/helene-barthelmebs\/\"\n        title=\"Assoc. Prof H\u00e9l\u00e8ne BARTHELMEBS\"\n        class=\"link-text link-text--icon ulux-card__link link-absolute\"\n        target=\"\"\n    >\n        <span class=\"link-text__body\">\n            <span class=\"link-text__name\">Learn more<\/span>\n        <\/span>\n        <svg aria-hidden=\"true\" focusable=\"false\" class=\"icon icon-outline icon--arrow-right \"><use xlink:href=\"https:\/\/www.uni.lu\/wp-content\/themes\/unilux-theme\/assets\/images\/icons\/icons-outline.svg#icon--arrow-right\"><\/use><\/svg>    <\/a>\n<\/div>\n        <\/div>\n    <\/div>\n<\/div><\/li><li class=\"w-full sm:w-1\/2 lg:w-1\/3 px-16 wp-block-unilux-blocks-people-item-automated\"><div class=\"ulux-card card-people bg-theme\">    <div class=\"ulux-card__container\">\n        <div class=\"ulux-card__visual\">\n            <!-- Template Image Component: default -->\n<img decoding=\"async\" class=\"w-full\" width=\"\" height=\"\" rel=\"\" alt=\"Dr. Claudio CICOTTI\" src=\"https:\/\/www.uni.lu\/en\/person-image\/NTAwMDEyODJfX0NsYXVkaW8gQ0lDT1RUSQ==\" srcset=\"https:\/\/www.uni.lu\/en\/person-image\/NTAwMDEyODJfX0NsYXVkaW8gQ0lDT1RUSQ==--thumbnail 150w,https:\/\/www.uni.lu\/en\/person-image\/NTAwMDEyODJfX0NsYXVkaW8gQ0lDT1RUSQ==--medium 300w,https:\/\/www.uni.lu\/en\/person-image\/NTAwMDEyODJfX0NsYXVkaW8gQ0lDT1RUSQ==--medium_large 768w,https:\/\/www.uni.lu\/en\/person-image\/NTAwMDEyODJfX0NsYXVkaW8gQ0lDT1RUSQ==--large 1024w,https:\/\/www.uni.lu\/en\/person-image\/NTAwMDEyODJfX0NsYXVkaW8gQ0lDT1RUSQ==--1536x1536 1536w,https:\/\/www.uni.lu\/en\/person-image\/NTAwMDEyODJfX0NsYXVkaW8gQ0lDT1RUSQ==--2048x2048 2048w\" loading=\"lazy\" \/><!-- end Image Component -->\n        <\/div>\n        <div class=\"ulux-card__body card-people\">\n            <h3 class=\"card__name\">Dr. Claudio CICOTTI<\/h3>\n            <div class=\"card__organization\">FHSE<\/div>\n            <div class=\"card__function\">Research scientist<\/div>\n            <div class=\"ulux-card__link-wrapper card__link wp-block-unilux-blocks-simple-cta wp-block-unilux-blocks-people-item-automated\">\n    <a\n        href=\"https:\/\/www.uni.lu\/fhse-en\/people\/claudio-cicotti\/\"\n        title=\"Dr. Claudio CICOTTI\"\n        class=\"link-text link-text--icon ulux-card__link link-absolute\"\n        target=\"\"\n    >\n        <span class=\"link-text__body\">\n            <span class=\"link-text__name\">Learn more<\/span>\n        <\/span>\n        <svg aria-hidden=\"true\" focusable=\"false\" class=\"icon icon-outline icon--arrow-right \"><use xlink:href=\"https:\/\/www.uni.lu\/wp-content\/themes\/unilux-theme\/assets\/images\/icons\/icons-outline.svg#icon--arrow-right\"><\/use><\/svg>    <\/a>\n<\/div>\n        <\/div>\n    <\/div>\n<\/div><\/li><li class=\"w-full sm:w-1\/2 lg:w-1\/3 px-16 wp-block-unilux-blocks-people-item-automated\"><div class=\"ulux-card card-people bg-theme\">    <div class=\"ulux-card__container\">\n        <div class=\"ulux-card__visual\">\n            <!-- Template Image Component: default -->\n<img decoding=\"async\" class=\"w-full\" width=\"\" height=\"\" rel=\"\" alt=\"Prof Catherine LEGLU\" src=\"https:\/\/www.uni.lu\/en\/person-image\/NTAwMzY2MzRfX0NhdGhlcmluZSBMRUdMVQ==\" srcset=\"https:\/\/www.uni.lu\/en\/person-image\/NTAwMzY2MzRfX0NhdGhlcmluZSBMRUdMVQ==--thumbnail 150w,https:\/\/www.uni.lu\/en\/person-image\/NTAwMzY2MzRfX0NhdGhlcmluZSBMRUdMVQ==--medium 300w,https:\/\/www.uni.lu\/en\/person-image\/NTAwMzY2MzRfX0NhdGhlcmluZSBMRUdMVQ==--medium_large 768w,https:\/\/www.uni.lu\/en\/person-image\/NTAwMzY2MzRfX0NhdGhlcmluZSBMRUdMVQ==--large 1024w,https:\/\/www.uni.lu\/en\/person-image\/NTAwMzY2MzRfX0NhdGhlcmluZSBMRUdMVQ==--1536x1536 1536w,https:\/\/www.uni.lu\/en\/person-image\/NTAwMzY2MzRfX0NhdGhlcmluZSBMRUdMVQ==--2048x2048 2048w\" loading=\"lazy\" \/><!-- end Image Component -->\n        <\/div>\n        <div class=\"ulux-card__body card-people\">\n            <h3 class=\"card__name\">Prof Catherine LEGLU<\/h3>\n            <div class=\"card__organization\">FHSE<\/div>\n            <div class=\"card__function\">Full professor<\/div>\n            <div class=\"ulux-card__link-wrapper card__link wp-block-unilux-blocks-simple-cta wp-block-unilux-blocks-people-item-automated\">\n    <a\n        href=\"https:\/\/www.uni.lu\/fhse-en\/people\/catherine-leglu\/\"\n        title=\"Prof Catherine LEGLU\"\n        class=\"link-text link-text--icon ulux-card__link link-absolute\"\n        target=\"\"\n    >\n        <span class=\"link-text__body\">\n            <span class=\"link-text__name\">Learn more<\/span>\n        <\/span>\n        <svg aria-hidden=\"true\" focusable=\"false\" class=\"icon icon-outline icon--arrow-right \"><use xlink:href=\"https:\/\/www.uni.lu\/wp-content\/themes\/unilux-theme\/assets\/images\/icons\/icons-outline.svg#icon--arrow-right\"><\/use><\/svg>    <\/a>\n<\/div>\n        <\/div>\n    <\/div>\n<\/div><\/li><li class=\"w-full sm:w-1\/2 lg:w-1\/3 px-16 wp-block-unilux-blocks-people-item-automated\"><div class=\"ulux-card card-people bg-theme\">    <div class=\"ulux-card__container\">\n        <div class=\"ulux-card__visual\">\n            <!-- Template Image Component: default -->\n<img decoding=\"async\" class=\"w-full\" width=\"\" height=\"\" rel=\"\" alt=\"Assist. Prof Eve LEJOT\" src=\"https:\/\/www.uni.lu\/en\/person-image\/NTAwMDIxOTdfX0V2ZSBMRUpPVA==\" srcset=\"https:\/\/www.uni.lu\/en\/person-image\/NTAwMDIxOTdfX0V2ZSBMRUpPVA==--thumbnail 150w,https:\/\/www.uni.lu\/en\/person-image\/NTAwMDIxOTdfX0V2ZSBMRUpPVA==--medium 300w,https:\/\/www.uni.lu\/en\/person-image\/NTAwMDIxOTdfX0V2ZSBMRUpPVA==--medium_large 768w,https:\/\/www.uni.lu\/en\/person-image\/NTAwMDIxOTdfX0V2ZSBMRUpPVA==--large 1024w,https:\/\/www.uni.lu\/en\/person-image\/NTAwMDIxOTdfX0V2ZSBMRUpPVA==--1536x1536 1536w,https:\/\/www.uni.lu\/en\/person-image\/NTAwMDIxOTdfX0V2ZSBMRUpPVA==--2048x2048 2048w\" loading=\"lazy\" \/><!-- end Image Component -->\n        <\/div>\n        <div class=\"ulux-card__body card-people\">\n            <h3 class=\"card__name\">Assist. Prof Eve LEJOT<\/h3>\n            <div class=\"card__organization\">FHSE<\/div>\n            <div class=\"card__function\">Assistant professor<\/div>\n            <div class=\"ulux-card__link-wrapper card__link wp-block-unilux-blocks-simple-cta wp-block-unilux-blocks-people-item-automated\">\n    <a\n        href=\"https:\/\/www.uni.lu\/fhse-en\/people\/eve-lejot\/\"\n        title=\"Assist. Prof Eve LEJOT\"\n        class=\"link-text link-text--icon ulux-card__link link-absolute\"\n        target=\"\"\n    >\n        <span class=\"link-text__body\">\n            <span class=\"link-text__name\">Learn more<\/span>\n        <\/span>\n        <svg aria-hidden=\"true\" focusable=\"false\" class=\"icon icon-outline icon--arrow-right \"><use xlink:href=\"https:\/\/www.uni.lu\/wp-content\/themes\/unilux-theme\/assets\/images\/icons\/icons-outline.svg#icon--arrow-right\"><\/use><\/svg>    <\/a>\n<\/div>\n        <\/div>\n    <\/div>\n<\/div><\/li><li class=\"w-full sm:w-1\/2 lg:w-1\/3 px-16 wp-block-unilux-blocks-people-item-automated\"><div class=\"ulux-card card-people bg-theme\">    <div class=\"ulux-card__container\">\n        <div class=\"ulux-card__visual\">\n            <!-- Template Image Component: default -->\n<img decoding=\"async\" class=\"w-full\" width=\"\" height=\"\" rel=\"\" alt=\"Prof Nathalie ROELENS\" src=\"https:\/\/www.uni.lu\/en\/person-image\/NTAwMDI5NDdfX05hdGhhbGllIFJPRUxFTlM=\" srcset=\"https:\/\/www.uni.lu\/en\/person-image\/NTAwMDI5NDdfX05hdGhhbGllIFJPRUxFTlM=--thumbnail 150w,https:\/\/www.uni.lu\/en\/person-image\/NTAwMDI5NDdfX05hdGhhbGllIFJPRUxFTlM=--medium 300w,https:\/\/www.uni.lu\/en\/person-image\/NTAwMDI5NDdfX05hdGhhbGllIFJPRUxFTlM=--medium_large 768w,https:\/\/www.uni.lu\/en\/person-image\/NTAwMDI5NDdfX05hdGhhbGllIFJPRUxFTlM=--large 1024w,https:\/\/www.uni.lu\/en\/person-image\/NTAwMDI5NDdfX05hdGhhbGllIFJPRUxFTlM=--1536x1536 1536w,https:\/\/www.uni.lu\/en\/person-image\/NTAwMDI5NDdfX05hdGhhbGllIFJPRUxFTlM=--2048x2048 2048w\" loading=\"lazy\" \/><!-- end Image Component -->\n        <\/div>\n        <div class=\"ulux-card__body card-people\">\n            <h3 class=\"card__name\">Prof Nathalie ROELENS<\/h3>\n            <div class=\"card__organization\">FHSE<\/div>\n            <div class=\"card__function\">Full professor en th\u00e9orie de la litt\u00e9rature fran\u00e7aise et francophone<\/div>\n            <div class=\"ulux-card__link-wrapper card__link wp-block-unilux-blocks-simple-cta wp-block-unilux-blocks-people-item-automated\">\n    <a\n        href=\"https:\/\/www.uni.lu\/fhse-en\/people\/nathalie-roelens\/\"\n        title=\"Prof Nathalie ROELENS\"\n        class=\"link-text link-text--icon ulux-card__link link-absolute\"\n        target=\"\"\n    >\n        <span class=\"link-text__body\">\n            <span class=\"link-text__name\">Learn more<\/span>\n        <\/span>\n        <svg aria-hidden=\"true\" focusable=\"false\" class=\"icon icon-outline icon--arrow-right \"><use xlink:href=\"https:\/\/www.uni.lu\/wp-content\/themes\/unilux-theme\/assets\/images\/icons\/icons-outline.svg#icon--arrow-right\"><\/use><\/svg>    <\/a>\n<\/div>\n        <\/div>\n    <\/div>\n<\/div><\/li><li class=\"w-full sm:w-1\/2 lg:w-1\/3 px-16 wp-block-unilux-blocks-people-item-automated\"><div class=\"ulux-card card-people bg-theme\">    <div class=\"ulux-card__container\">\n        <div class=\"ulux-card__visual\">\n            <!-- Template Image Component: default -->\n<img decoding=\"async\" class=\"w-full\" width=\"\" height=\"\" rel=\"\" alt=\"Assoc. Prof Gian Maria TORE\" src=\"https:\/\/www.uni.lu\/en\/person-image\/NTAwMDMyMDlfX0dpYW4gTWFyaWEgVE9SRQ==\" srcset=\"https:\/\/www.uni.lu\/en\/person-image\/NTAwMDMyMDlfX0dpYW4gTWFyaWEgVE9SRQ==--thumbnail 150w,https:\/\/www.uni.lu\/en\/person-image\/NTAwMDMyMDlfX0dpYW4gTWFyaWEgVE9SRQ==--medium 300w,https:\/\/www.uni.lu\/en\/person-image\/NTAwMDMyMDlfX0dpYW4gTWFyaWEgVE9SRQ==--medium_large 768w,https:\/\/www.uni.lu\/en\/person-image\/NTAwMDMyMDlfX0dpYW4gTWFyaWEgVE9SRQ==--large 1024w,https:\/\/www.uni.lu\/en\/person-image\/NTAwMDMyMDlfX0dpYW4gTWFyaWEgVE9SRQ==--1536x1536 1536w,https:\/\/www.uni.lu\/en\/person-image\/NTAwMDMyMDlfX0dpYW4gTWFyaWEgVE9SRQ==--2048x2048 2048w\" loading=\"lazy\" \/><!-- end Image Component -->\n        <\/div>\n        <div class=\"ulux-card__body card-people\">\n            <h3 class=\"card__name\">Assoc. Prof Gian Maria TORE<\/h3>\n            <div class=\"card__organization\">FHSE<\/div>\n            <div class=\"card__function\">Associ. Professor | Deputy head of the Romance Studies, Media and Arts | Lecturer\/Board member for BTS \u2018Cin\u00e9ma et audiovisuel\u2019<\/div>\n            <div class=\"ulux-card__link-wrapper card__link wp-block-unilux-blocks-simple-cta wp-block-unilux-blocks-people-item-automated\">\n    <a\n        href=\"https:\/\/www.uni.lu\/fhse-en\/people\/gian-maria-tore\/\"\n        title=\"Assoc. Prof Gian Maria TORE\"\n        class=\"link-text link-text--icon ulux-card__link link-absolute\"\n        target=\"\"\n    >\n        <span class=\"link-text__body\">\n            <span class=\"link-text__name\">Learn more<\/span>\n        <\/span>\n        <svg aria-hidden=\"true\" focusable=\"false\" class=\"icon icon-outline icon--arrow-right \"><use xlink:href=\"https:\/\/www.uni.lu\/wp-content\/themes\/unilux-theme\/assets\/images\/icons\/icons-outline.svg#icon--arrow-right\"><\/use><\/svg>    <\/a>\n<\/div>\n        <\/div>\n    <\/div>\n<\/div><\/li><\/ul>        <\/div>\n    <\/div>\n<\/div>\n\n<div class=\"accordion__item  wp-block-unilux-blocks-accordion-item\">\n    <h3 class=\"accordion__header\"\n        >\n        <button\n            type=\"button\"\n            id=\"accordion-labelledby-11f66e18-64b0-4d4d-941c-be6a45798c5f\"\n            class=\"accordion__button collapsed\"\n            aria-expanded=\"false\"\n            aria-controls=\"accordion-panel-11f66e18-64b0-4d4d-941c-be6a45798c5f\"\n            data-bs-toggle=\"collapse\"\n            data-bs-target=\"#accordion-panel-11f66e18-64b0-4d4d-941c-be6a45798c5f\"\n        >\n            <span class=\"accordion__title\">\n                                Researchers            <\/span>\n\n            <svg aria-hidden=\"true\" focusable=\"false\" class=\"icon icon-outline icon--arrow-down \"><use xlink:href=\"https:\/\/www.uni.lu\/wp-content\/themes\/unilux-theme\/assets\/images\/icons\/icons-outline.svg#icon--arrow-down\"><\/use><\/svg>        <\/button>\n    <\/h3>\n    <div id=\"accordion-panel-11f66e18-64b0-4d4d-941c-be6a45798c5f\"\n        class=\"accordion__collapse collapse\"\n        aria-labelledby=\"accordion-labelledby-11f66e18-64b0-4d4d-941c-be6a45798c5f\"\n        data-bs-parent=\"[data-reference=&quot;0f09591a-5b95-45b1-9a7d-39b71be228d0&quot;]\"\n    >\n        <div class=\"accordion__body \">\n            <ul class=\"flex flex-wrap mt-24 -mx-16  wp-block-unilux-blocks-free-content-card\">\n    <li class=\"w-full sm:w-1\/2 lg:w-1\/3 px-16 wp-block-unilux-blocks-people-item-automated\"><div class=\"ulux-card card-people bg-theme\">    <div class=\"ulux-card__container\">\n        <div class=\"ulux-card__visual\">\n            <!-- Template Image Component: default -->\n<img decoding=\"async\" class=\"w-full\" width=\"\" height=\"\" rel=\"\" alt=\"Dr. Adrien ARAGON\" src=\"https:\/\/www.uni.lu\/en\/person-image\/NTAwNzU4NTJfX0FkcmllbiBBUkFHT04=\" srcset=\"https:\/\/www.uni.lu\/en\/person-image\/NTAwNzU4NTJfX0FkcmllbiBBUkFHT04=--thumbnail 150w,https:\/\/www.uni.lu\/en\/person-image\/NTAwNzU4NTJfX0FkcmllbiBBUkFHT04=--medium 300w,https:\/\/www.uni.lu\/en\/person-image\/NTAwNzU4NTJfX0FkcmllbiBBUkFHT04=--medium_large 768w,https:\/\/www.uni.lu\/en\/person-image\/NTAwNzU4NTJfX0FkcmllbiBBUkFHT04=--large 1024w,https:\/\/www.uni.lu\/en\/person-image\/NTAwNzU4NTJfX0FkcmllbiBBUkFHT04=--1536x1536 1536w,https:\/\/www.uni.lu\/en\/person-image\/NTAwNzU4NTJfX0FkcmllbiBBUkFHT04=--2048x2048 2048w\" loading=\"lazy\" \/><!-- end Image Component -->\n        <\/div>\n        <div class=\"ulux-card__body card-people\">\n            <h3 class=\"card__name\">Dr. Adrien ARAGON<\/h3>\n            <div class=\"card__organization\">FHSE<\/div>\n            <div class=\"card__function\">Postdoctoral researcher<\/div>\n            <div class=\"ulux-card__link-wrapper card__link wp-block-unilux-blocks-simple-cta wp-block-unilux-blocks-people-item-automated\">\n    <a\n        href=\"https:\/\/www.uni.lu\/fhse-en\/people\/adrien-aragon\/\"\n        title=\"Dr. Adrien ARAGON\"\n        class=\"link-text link-text--icon ulux-card__link link-absolute\"\n        target=\"\"\n    >\n        <span class=\"link-text__body\">\n            <span class=\"link-text__name\">Learn more<\/span>\n        <\/span>\n        <svg aria-hidden=\"true\" focusable=\"false\" class=\"icon icon-outline icon--arrow-right \"><use xlink:href=\"https:\/\/www.uni.lu\/wp-content\/themes\/unilux-theme\/assets\/images\/icons\/icons-outline.svg#icon--arrow-right\"><\/use><\/svg>    <\/a>\n<\/div>\n        <\/div>\n    <\/div>\n<\/div><\/li><li class=\"w-full sm:w-1\/2 lg:w-1\/3 px-16 wp-block-unilux-blocks-people-item-automated\"><div class=\"ulux-card card-people bg-theme\">    <div class=\"ulux-card__container\">\n        <div class=\"ulux-card__visual\">\n            <!-- Template Image Component: default -->\n<img decoding=\"async\" class=\"w-full\" width=\"\" height=\"\" rel=\"\" alt=\"Kseniia FEDOROVA\" src=\"https:\/\/www.uni.lu\/en\/person-image\/NTAwNjM0ODNfX0tzZW5paWEgRkVET1JPVkE=\" srcset=\"https:\/\/www.uni.lu\/en\/person-image\/NTAwNjM0ODNfX0tzZW5paWEgRkVET1JPVkE=--thumbnail 150w,https:\/\/www.uni.lu\/en\/person-image\/NTAwNjM0ODNfX0tzZW5paWEgRkVET1JPVkE=--medium 300w,https:\/\/www.uni.lu\/en\/person-image\/NTAwNjM0ODNfX0tzZW5paWEgRkVET1JPVkE=--medium_large 768w,https:\/\/www.uni.lu\/en\/person-image\/NTAwNjM0ODNfX0tzZW5paWEgRkVET1JPVkE=--large 1024w,https:\/\/www.uni.lu\/en\/person-image\/NTAwNjM0ODNfX0tzZW5paWEgRkVET1JPVkE=--1536x1536 1536w,https:\/\/www.uni.lu\/en\/person-image\/NTAwNjM0ODNfX0tzZW5paWEgRkVET1JPVkE=--2048x2048 2048w\" loading=\"lazy\" \/><!-- end Image Component -->\n        <\/div>\n        <div class=\"ulux-card__body card-people\">\n            <h3 class=\"card__name\">Kseniia FEDOROVA<\/h3>\n            <div class=\"card__organization\">FHSE<\/div>\n            <div class=\"card__function\">Doctoral researcher<\/div>\n            <div class=\"ulux-card__link-wrapper card__link wp-block-unilux-blocks-simple-cta wp-block-unilux-blocks-people-item-automated\">\n    <a\n        href=\"https:\/\/www.uni.lu\/fhse-en\/people\/kseniia-fedorova\/\"\n        title=\"Kseniia FEDOROVA\"\n        class=\"link-text link-text--icon ulux-card__link link-absolute\"\n        target=\"\"\n    >\n        <span class=\"link-text__body\">\n            <span class=\"link-text__name\">Learn more<\/span>\n        <\/span>\n        <svg aria-hidden=\"true\" focusable=\"false\" class=\"icon icon-outline icon--arrow-right \"><use xlink:href=\"https:\/\/www.uni.lu\/wp-content\/themes\/unilux-theme\/assets\/images\/icons\/icons-outline.svg#icon--arrow-right\"><\/use><\/svg>    <\/a>\n<\/div>\n        <\/div>\n    <\/div>\n<\/div><\/li><\/ul>        <\/div>\n    <\/div>\n<\/div>\n\n<div class=\"accordion__item  wp-block-unilux-blocks-accordion-item\">\n    <h3 class=\"accordion__header\"\n        >\n        <button\n            type=\"button\"\n            id=\"accordion-labelledby-93cc07d2-09b0-4008-b4b7-068f18a0bcd5\"\n            class=\"accordion__button collapsed\"\n            aria-expanded=\"false\"\n            aria-controls=\"accordion-panel-93cc07d2-09b0-4008-b4b7-068f18a0bcd5\"\n            data-bs-toggle=\"collapse\"\n            data-bs-target=\"#accordion-panel-93cc07d2-09b0-4008-b4b7-068f18a0bcd5\"\n        >\n            <span class=\"accordion__title\">\n                                Affiliated Academic Staff            <\/span>\n\n            <svg aria-hidden=\"true\" focusable=\"false\" class=\"icon icon-outline icon--arrow-down \"><use xlink:href=\"https:\/\/www.uni.lu\/wp-content\/themes\/unilux-theme\/assets\/images\/icons\/icons-outline.svg#icon--arrow-down\"><\/use><\/svg>        <\/button>\n    <\/h3>\n    <div id=\"accordion-panel-93cc07d2-09b0-4008-b4b7-068f18a0bcd5\"\n        class=\"accordion__collapse collapse\"\n        aria-labelledby=\"accordion-labelledby-93cc07d2-09b0-4008-b4b7-068f18a0bcd5\"\n        data-bs-parent=\"[data-reference=&quot;0f09591a-5b95-45b1-9a7d-39b71be228d0&quot;]\"\n    >\n        <div class=\"accordion__body \">\n            <ul class=\"flex flex-wrap mt-24 -mx-16  wp-block-unilux-blocks-free-content-card\">\n    <li class=\"w-full sm:w-1\/2 lg:w-1\/3 px-16 wp-block-unilux-blocks-people-item-automated\"><div class=\"ulux-card card-people bg-theme\">    <div class=\"ulux-card__container\">\n        <div class=\"ulux-card__visual\">\n            <!-- Template Image Component: default -->\n<img decoding=\"async\" class=\"w-full\" width=\"\" height=\"\" rel=\"\" alt=\"Laura FERRIGNO\" src=\"https:\/\/www.uni.lu\/en\/person-image\/NTAwOTc4MzNfX0xhdXJhIEZFUlJJR05P\" srcset=\"https:\/\/www.uni.lu\/en\/person-image\/NTAwOTc4MzNfX0xhdXJhIEZFUlJJR05P--thumbnail 150w,https:\/\/www.uni.lu\/en\/person-image\/NTAwOTc4MzNfX0xhdXJhIEZFUlJJR05P--medium 300w,https:\/\/www.uni.lu\/en\/person-image\/NTAwOTc4MzNfX0xhdXJhIEZFUlJJR05P--medium_large 768w,https:\/\/www.uni.lu\/en\/person-image\/NTAwOTc4MzNfX0xhdXJhIEZFUlJJR05P--large 1024w,https:\/\/www.uni.lu\/en\/person-image\/NTAwOTc4MzNfX0xhdXJhIEZFUlJJR05P--1536x1536 1536w,https:\/\/www.uni.lu\/en\/person-image\/NTAwOTc4MzNfX0xhdXJhIEZFUlJJR05P--2048x2048 2048w\" loading=\"lazy\" \/><!-- end Image Component -->\n        <\/div>\n        <div class=\"ulux-card__body card-people\">\n            <h3 class=\"card__name\">Laura FERRIGNO<\/h3>\n            <div class=\"card__organization\">FHSE<\/div>\n            <div class=\"card__function\">Lectrice LCSI<\/div>\n            <div class=\"ulux-card__link-wrapper card__link wp-block-unilux-blocks-simple-cta wp-block-unilux-blocks-people-item-automated\">\n    <a\n        href=\"https:\/\/www.uni.lu\/fhse-en\/people\/laura-ferrigno\/\"\n        title=\"Laura FERRIGNO\"\n        class=\"link-text link-text--icon ulux-card__link link-absolute\"\n        target=\"\"\n    >\n        <span class=\"link-text__body\">\n            <span class=\"link-text__name\">Learn more<\/span>\n        <\/span>\n        <svg aria-hidden=\"true\" focusable=\"false\" class=\"icon icon-outline icon--arrow-right \"><use xlink:href=\"https:\/\/www.uni.lu\/wp-content\/themes\/unilux-theme\/assets\/images\/icons\/icons-outline.svg#icon--arrow-right\"><\/use><\/svg>    <\/a>\n<\/div>\n        <\/div>\n    <\/div>\n<\/div><\/li><li class=\"w-full sm:w-1\/2 lg:w-1\/3 px-16 wp-block-unilux-blocks-people-item-automated\"><div class=\"ulux-card card-people bg-theme\">    <div class=\"ulux-card__container\">\n        <div class=\"ulux-card__visual\">\n            <!-- Template Image Component: default -->\n<img decoding=\"async\" class=\"w-full\" width=\"\" height=\"\" rel=\"\" alt=\"Adilia MARTINS DE CARVALHO\" src=\"https:\/\/www.uni.lu\/en\/person-image\/NTAwMzExOTFfX0FkaWxpYSBNQVJUSU5TIERFIENBUlZBTEhP\" srcset=\"https:\/\/www.uni.lu\/en\/person-image\/NTAwMzExOTFfX0FkaWxpYSBNQVJUSU5TIERFIENBUlZBTEhP--thumbnail 150w,https:\/\/www.uni.lu\/en\/person-image\/NTAwMzExOTFfX0FkaWxpYSBNQVJUSU5TIERFIENBUlZBTEhP--medium 300w,https:\/\/www.uni.lu\/en\/person-image\/NTAwMzExOTFfX0FkaWxpYSBNQVJUSU5TIERFIENBUlZBTEhP--medium_large 768w,https:\/\/www.uni.lu\/en\/person-image\/NTAwMzExOTFfX0FkaWxpYSBNQVJUSU5TIERFIENBUlZBTEhP--large 1024w,https:\/\/www.uni.lu\/en\/person-image\/NTAwMzExOTFfX0FkaWxpYSBNQVJUSU5TIERFIENBUlZBTEhP--1536x1536 1536w,https:\/\/www.uni.lu\/en\/person-image\/NTAwMzExOTFfX0FkaWxpYSBNQVJUSU5TIERFIENBUlZBTEhP--2048x2048 2048w\" loading=\"lazy\" \/><!-- end Image Component -->\n        <\/div>\n        <div class=\"ulux-card__body card-people\">\n            <h3 class=\"card__name\">Adilia MARTINS DE CARVALHO<\/h3>\n            <div class=\"card__organization\">FHSE<\/div>\n            <div class=\"card__function\">Lectrice de l&#039;Institut Cam\u00f5es<\/div>\n            <div class=\"ulux-card__link-wrapper card__link wp-block-unilux-blocks-simple-cta wp-block-unilux-blocks-people-item-automated\">\n    <a\n        href=\"https:\/\/www.uni.lu\/fhse-en\/people\/adilia-martins-de-carvalho\/\"\n        title=\"Adilia MARTINS DE CARVALHO\"\n        class=\"link-text link-text--icon ulux-card__link link-absolute\"\n        target=\"\"\n    >\n        <span class=\"link-text__body\">\n            <span class=\"link-text__name\">Learn more<\/span>\n        <\/span>\n        <svg aria-hidden=\"true\" focusable=\"false\" class=\"icon icon-outline icon--arrow-right \"><use xlink:href=\"https:\/\/www.uni.lu\/wp-content\/themes\/unilux-theme\/assets\/images\/icons\/icons-outline.svg#icon--arrow-right\"><\/use><\/svg>    <\/a>\n<\/div>\n        <\/div>\n    <\/div>\n<\/div><\/li><li class=\"w-full sm:w-1\/2 lg:w-1\/3 px-16 wp-block-unilux-blocks-people-item-automated\"><div class=\"ulux-card card-people bg-theme\">    <div class=\"ulux-card__container\">\n        <div class=\"ulux-card__visual\">\n            <!-- Template Image Component: default -->\n<img decoding=\"async\" class=\"w-full\" width=\"\" height=\"\" rel=\"\" alt=\"Tonia RAUS\" src=\"https:\/\/www.uni.lu\/en\/person-image\/NTAwMTM5MjZfX1RvbmlhIFJBVVM=\" srcset=\"https:\/\/www.uni.lu\/en\/person-image\/NTAwMTM5MjZfX1RvbmlhIFJBVVM=--thumbnail 150w,https:\/\/www.uni.lu\/en\/person-image\/NTAwMTM5MjZfX1RvbmlhIFJBVVM=--medium 300w,https:\/\/www.uni.lu\/en\/person-image\/NTAwMTM5MjZfX1RvbmlhIFJBVVM=--medium_large 768w,https:\/\/www.uni.lu\/en\/person-image\/NTAwMTM5MjZfX1RvbmlhIFJBVVM=--large 1024w,https:\/\/www.uni.lu\/en\/person-image\/NTAwMTM5MjZfX1RvbmlhIFJBVVM=--1536x1536 1536w,https:\/\/www.uni.lu\/en\/person-image\/NTAwMTM5MjZfX1RvbmlhIFJBVVM=--2048x2048 2048w\" loading=\"lazy\" \/><!-- end Image Component -->\n        <\/div>\n        <div class=\"ulux-card__body card-people\">\n            <h3 class=\"card__name\">Tonia RAUS<\/h3>\n            <div class=\"card__organization\"><\/div>\n            <div class=\"card__function\"><\/div>\n            <div class=\"ulux-card__link-wrapper card__link wp-block-unilux-blocks-simple-cta wp-block-unilux-blocks-people-item-automated\">\n    <a\n        href=\"https:\/\/www.uni.lu\/en\/people\/tonia-raus\/\"\n        title=\"Tonia RAUS\"\n        class=\"link-text link-text--icon ulux-card__link link-absolute\"\n        target=\"\"\n    >\n        <span class=\"link-text__body\">\n            <span class=\"link-text__name\">Learn more<\/span>\n        <\/span>\n        <svg aria-hidden=\"true\" focusable=\"false\" class=\"icon icon-outline icon--arrow-right \"><use xlink:href=\"https:\/\/www.uni.lu\/wp-content\/themes\/unilux-theme\/assets\/images\/icons\/icons-outline.svg#icon--arrow-right\"><\/use><\/svg>    <\/a>\n<\/div>\n        <\/div>\n    <\/div>\n<\/div><\/li><\/ul>        <\/div>\n    <\/div>\n<\/div>\n\n<div class=\"accordion__item  wp-block-unilux-blocks-accordion-item\">\n    <h3 class=\"accordion__header\"\n        >\n        <button\n            type=\"button\"\n            id=\"accordion-labelledby-d2ddade2-f382-4b09-bc84-e142b456d24a\"\n            class=\"accordion__button collapsed\"\n            aria-expanded=\"false\"\n            aria-controls=\"accordion-panel-d2ddade2-f382-4b09-bc84-e142b456d24a\"\n            data-bs-toggle=\"collapse\"\n            data-bs-target=\"#accordion-panel-d2ddade2-f382-4b09-bc84-e142b456d24a\"\n        >\n            <span class=\"accordion__title\">\n                                Administrative Staff            <\/span>\n\n            <svg aria-hidden=\"true\" focusable=\"false\" class=\"icon icon-outline icon--arrow-down \"><use xlink:href=\"https:\/\/www.uni.lu\/wp-content\/themes\/unilux-theme\/assets\/images\/icons\/icons-outline.svg#icon--arrow-down\"><\/use><\/svg>        <\/button>\n    <\/h3>\n    <div id=\"accordion-panel-d2ddade2-f382-4b09-bc84-e142b456d24a\"\n        class=\"accordion__collapse collapse\"\n        aria-labelledby=\"accordion-labelledby-d2ddade2-f382-4b09-bc84-e142b456d24a\"\n        data-bs-parent=\"[data-reference=&quot;0f09591a-5b95-45b1-9a7d-39b71be228d0&quot;]\"\n    >\n        <div class=\"accordion__body \">\n            <ul class=\"flex flex-wrap mt-24 -mx-16  wp-block-unilux-blocks-free-content-card\">\n    <li class=\"w-full sm:w-1\/2 lg:w-1\/3 px-16 wp-block-unilux-blocks-people-item-automated\"><div class=\"ulux-card card-people bg-theme\">    <div class=\"ulux-card__container\">\n        <div class=\"ulux-card__visual\">\n            <!-- Template Image Component: default -->\n<img decoding=\"async\" class=\"w-full\" width=\"\" height=\"\" rel=\"\" alt=\"Aline CHAMBIGE\" src=\"https:\/\/www.uni.lu\/en\/person-image\/NTAwMDk1MThfX0FsaW5lIENIQU1CSUdF\" srcset=\"https:\/\/www.uni.lu\/en\/person-image\/NTAwMDk1MThfX0FsaW5lIENIQU1CSUdF--thumbnail 150w,https:\/\/www.uni.lu\/en\/person-image\/NTAwMDk1MThfX0FsaW5lIENIQU1CSUdF--medium 300w,https:\/\/www.uni.lu\/en\/person-image\/NTAwMDk1MThfX0FsaW5lIENIQU1CSUdF--medium_large 768w,https:\/\/www.uni.lu\/en\/person-image\/NTAwMDk1MThfX0FsaW5lIENIQU1CSUdF--large 1024w,https:\/\/www.uni.lu\/en\/person-image\/NTAwMDk1MThfX0FsaW5lIENIQU1CSUdF--1536x1536 1536w,https:\/\/www.uni.lu\/en\/person-image\/NTAwMDk1MThfX0FsaW5lIENIQU1CSUdF--2048x2048 2048w\" loading=\"lazy\" \/><!-- end Image Component -->\n        <\/div>\n        <div class=\"ulux-card__body card-people\">\n            <h3 class=\"card__name\">Aline CHAMBIGE<\/h3>\n            <div class=\"card__organization\">FHSE<\/div>\n            <div class=\"card__function\">Administrative Assistant<\/div>\n            <div class=\"ulux-card__link-wrapper card__link wp-block-unilux-blocks-simple-cta wp-block-unilux-blocks-people-item-automated\">\n    <a\n        href=\"https:\/\/www.uni.lu\/fhse-en\/people\/aline-chambige\/\"\n        title=\"Aline CHAMBIGE\"\n        class=\"link-text link-text--icon ulux-card__link link-absolute\"\n        target=\"\"\n    >\n        <span class=\"link-text__body\">\n            <span class=\"link-text__name\">Learn more<\/span>\n        <\/span>\n        <svg aria-hidden=\"true\" focusable=\"false\" class=\"icon icon-outline icon--arrow-right \"><use xlink:href=\"https:\/\/www.uni.lu\/wp-content\/themes\/unilux-theme\/assets\/images\/icons\/icons-outline.svg#icon--arrow-right\"><\/use><\/svg>    <\/a>\n<\/div>\n        <\/div>\n    <\/div>\n<\/div><\/li><li class=\"w-full sm:w-1\/2 lg:w-1\/3 px-16 wp-block-unilux-blocks-people-item-automated\"><div class=\"ulux-card card-people bg-theme\">    <div class=\"ulux-card__container\">\n        <div class=\"ulux-card__visual\">\n            <!-- Template Image Component: default -->\n<img decoding=\"async\" class=\"w-full\" width=\"\" height=\"\" rel=\"\" alt=\"Daniel LASKOWSKI TOZZINI\" src=\"https:\/\/www.uni.lu\/en\/person-image\/NTAwNjUyNDFfX0RhbmllbCBMQVNLT1dTS0kgVE9aWklOSQ==\" srcset=\"https:\/\/www.uni.lu\/en\/person-image\/NTAwNjUyNDFfX0RhbmllbCBMQVNLT1dTS0kgVE9aWklOSQ==--thumbnail 150w,https:\/\/www.uni.lu\/en\/person-image\/NTAwNjUyNDFfX0RhbmllbCBMQVNLT1dTS0kgVE9aWklOSQ==--medium 300w,https:\/\/www.uni.lu\/en\/person-image\/NTAwNjUyNDFfX0RhbmllbCBMQVNLT1dTS0kgVE9aWklOSQ==--medium_large 768w,https:\/\/www.uni.lu\/en\/person-image\/NTAwNjUyNDFfX0RhbmllbCBMQVNLT1dTS0kgVE9aWklOSQ==--large 1024w,https:\/\/www.uni.lu\/en\/person-image\/NTAwNjUyNDFfX0RhbmllbCBMQVNLT1dTS0kgVE9aWklOSQ==--1536x1536 1536w,https:\/\/www.uni.lu\/en\/person-image\/NTAwNjUyNDFfX0RhbmllbCBMQVNLT1dTS0kgVE9aWklOSQ==--2048x2048 2048w\" loading=\"lazy\" \/><!-- end Image Component -->\n        <\/div>\n        <div class=\"ulux-card__body card-people\">\n            <h3 class=\"card__name\">Daniel LASKOWSKI TOZZINI<\/h3>\n            <div class=\"card__organization\">FHSE<\/div>\n            <div class=\"card__function\">Research Facilitator<\/div>\n            <div class=\"ulux-card__link-wrapper card__link wp-block-unilux-blocks-simple-cta wp-block-unilux-blocks-people-item-automated\">\n    <a\n        href=\"https:\/\/www.uni.lu\/fhse-en\/people\/daniel-laskowski-tozzini\/\"\n        title=\"Daniel LASKOWSKI TOZZINI\"\n        class=\"link-text link-text--icon ulux-card__link link-absolute\"\n        target=\"\"\n    >\n        <span class=\"link-text__body\">\n            <span class=\"link-text__name\">Learn more<\/span>\n        <\/span>\n        <svg aria-hidden=\"true\" focusable=\"false\" class=\"icon icon-outline icon--arrow-right \"><use xlink:href=\"https:\/\/www.uni.lu\/wp-content\/themes\/unilux-theme\/assets\/images\/icons\/icons-outline.svg#icon--arrow-right\"><\/use><\/svg>    <\/a>\n<\/div>\n        <\/div>\n    <\/div>\n<\/div><\/li><li class=\"w-full sm:w-1\/2 lg:w-1\/3 px-16 wp-block-unilux-blocks-people-item-automated\"><div class=\"ulux-card card-people bg-theme\">    <div class=\"ulux-card__container\">\n        <div class=\"ulux-card__visual\">\n            <!-- Template Image Component: default -->\n<img decoding=\"async\" class=\"w-full\" width=\"\" height=\"\" rel=\"\" alt=\"Camille PROVENZANO\" src=\"https:\/\/www.uni.lu\/en\/person-image\/NTAwODk4NzRfX0NhbWlsbGUgUFJPVkVOWkFOTw==\" srcset=\"https:\/\/www.uni.lu\/en\/person-image\/NTAwODk4NzRfX0NhbWlsbGUgUFJPVkVOWkFOTw==--thumbnail 150w,https:\/\/www.uni.lu\/en\/person-image\/NTAwODk4NzRfX0NhbWlsbGUgUFJPVkVOWkFOTw==--medium 300w,https:\/\/www.uni.lu\/en\/person-image\/NTAwODk4NzRfX0NhbWlsbGUgUFJPVkVOWkFOTw==--medium_large 768w,https:\/\/www.uni.lu\/en\/person-image\/NTAwODk4NzRfX0NhbWlsbGUgUFJPVkVOWkFOTw==--large 1024w,https:\/\/www.uni.lu\/en\/person-image\/NTAwODk4NzRfX0NhbWlsbGUgUFJPVkVOWkFOTw==--1536x1536 1536w,https:\/\/www.uni.lu\/en\/person-image\/NTAwODk4NzRfX0NhbWlsbGUgUFJPVkVOWkFOTw==--2048x2048 2048w\" loading=\"lazy\" \/><!-- end Image Component -->\n        <\/div>\n        <div class=\"ulux-card__body card-people\">\n            <h3 class=\"card__name\">Camille PROVENZANO<\/h3>\n            <div class=\"card__organization\">FHSE<\/div>\n            <div class=\"card__function\">Administrative Assistant<\/div>\n            <div class=\"ulux-card__link-wrapper card__link wp-block-unilux-blocks-simple-cta wp-block-unilux-blocks-people-item-automated\">\n    <a\n        href=\"https:\/\/www.uni.lu\/fhse-en\/people\/camille-provenzano\/\"\n        title=\"Camille PROVENZANO\"\n        class=\"link-text link-text--icon ulux-card__link link-absolute\"\n        target=\"\"\n    >\n        <span class=\"link-text__body\">\n            <span class=\"link-text__name\">Learn more<\/span>\n        <\/span>\n        <svg aria-hidden=\"true\" focusable=\"false\" class=\"icon icon-outline icon--arrow-right \"><use xlink:href=\"https:\/\/www.uni.lu\/wp-content\/themes\/unilux-theme\/assets\/images\/icons\/icons-outline.svg#icon--arrow-right\"><\/use><\/svg>    <\/a>\n<\/div>\n        <\/div>\n    <\/div>\n<\/div><\/li><\/ul>        <\/div>\n    <\/div>\n<\/div><\/div>\n<\/div><\/section>\n<\/div><\/section>\n<\/div>","protected":false},"excerpt":{"rendered":"","protected":false},"author":197,"featured_media":0,"parent":2111,"menu_order":0,"template":"","meta":{"featured_image_focal_point":[],"show_featured_caption":false,"ulux_newsletter_groups":"","uluxPostTitle":"Institute of Romance Studies, Media and Arts","uluxPrePostTitle":"Institute","_trash_the_other_posts":false,"_price":"","_stock":"","_tribe_ticket_header":"","_tribe_default_ticket_provider":"","_tribe_ticket_capacity":"0","_ticket_start_date":"","_ticket_end_date":"","_tribe_ticket_show_description":"","_tribe_ticket_show_not_going":false,"_tribe_ticket_use_global_stock":"","_tribe_ticket_global_stock_level":"","_global_stock_mode":"","_global_stock_cap":"","_tribe_rsvp_for_event":"","_tribe_ticket_going_count":"","_tribe_ticket_not_going_count":"","_tribe_tickets_list":"[]","_tribe_ticket_has_attendee_info_fields":false},"field-of-interest":[],"organisation":[],"authorship":[197],"acf":[],"yoast_head":"<!-- This site is optimized with the Yoast SEO Premium plugin v22.3 (Yoast SEO v22.3) - https:\/\/yoast.com\/wordpress\/plugins\/seo\/ -->\n<title>People - Institute of Romance Studies Media and Arts - FHSE research group I University of Luxembourg<\/title>\n<meta name=\"robots\" content=\"index, follow, max-snippet:-1, max-image-preview:large, max-video-preview:-1\" \/>\n<link rel=\"canonical\" href=\"https:\/\/www.uni.lu\/fhse-en\/research-groups\/institute-of-romance-studies-media-and-arts\/people\/\" \/>\n<meta property=\"og:locale\" content=\"en_GB\" \/>\n<meta property=\"og:type\" content=\"article\" \/>\n<meta property=\"og:title\" content=\"People\" \/>\n<meta property=\"og:url\" content=\"https:\/\/www.uni.lu\/fhse-en\/research-groups\/institute-of-romance-studies-media-and-arts\/people\/\" \/>\n<meta property=\"og:site_name\" content=\"FHSE EN\" \/>\n<meta property=\"article:modified_time\" content=\"2026-01-27T14:27:13+00:00\" \/>\n<meta property=\"og:image\" content=\"https:\/\/www.uni.lu\/wp-content\/uploads\/sites\/2\/2026\/03\/03112240\/FHSE_SM-Profile_1600x1600px-scaled.jpg\" \/>\n\t<meta property=\"og:image:width\" content=\"2560\" \/>\n\t<meta property=\"og:image:height\" content=\"2560\" \/>\n\t<meta property=\"og:image:type\" content=\"image\/jpeg\" \/>\n<meta name=\"twitter:card\" content=\"summary_large_image\" \/>\n<script type=\"application\/ld+json\" class=\"yoast-schema-graph\">{\"@context\":\"https:\/\/schema.org\",\"@graph\":[{\"@type\":\"WebPage\",\"@id\":\"https:\/\/www.uni.lu\/fhse-en\/research-groups\/institute-of-romance-studies-media-and-arts\/people\/\",\"url\":\"https:\/\/www.uni.lu\/fhse-en\/research-groups\/institute-of-romance-studies-media-and-arts\/people\/\",\"name\":\"People - Institute of Romance Studies Media and Arts - FHSE research group I University of Luxembourg\",\"isPartOf\":{\"@id\":\"https:\/\/www.uni.lu\/fhse-en\/#website\"},\"datePublished\":\"2024-03-25T10:54:43+00:00\",\"dateModified\":\"2026-01-27T14:27:13+00:00\",\"breadcrumb\":{\"@id\":\"https:\/\/www.uni.lu\/fhse-en\/research-groups\/institute-of-romance-studies-media-and-arts\/people\/#breadcrumb\"},\"inLanguage\":\"en-GB\",\"potentialAction\":[{\"@type\":\"ReadAction\",\"target\":[\"https:\/\/www.uni.lu\/fhse-en\/research-groups\/institute-of-romance-studies-media-and-arts\/people\/\"]}]},{\"@type\":\"BreadcrumbList\",\"@id\":\"https:\/\/www.uni.lu\/fhse-en\/research-groups\/institute-of-romance-studies-media-and-arts\/people\/#breadcrumb\",\"itemListElement\":[{\"@type\":\"ListItem\",\"position\":1,\"name\":\"Home\",\"item\":\"https:\/\/www.uni.lu\/en\"},{\"@type\":\"ListItem\",\"position\":2,\"name\":\"Faculty of Humanities, Education and Social Sciences\",\"item\":\"https:\/\/www.uni.lu\/fhse-en\/\"},{\"@type\":\"ListItem\",\"position\":3,\"name\":\"Research Groups\",\"item\":\"https:\/\/www.uni.lu\/fhse-en\/research-groups\/\"},{\"@type\":\"ListItem\",\"position\":4,\"name\":\"Institute of Romance Studies, Media and Arts\",\"item\":\"https:\/\/www.uni.lu\/fhse-en\/research-groups\/institute-of-romance-studies-media-and-arts\/\"},{\"@type\":\"ListItem\",\"position\":5,\"name\":\"People\"}]},{\"@type\":\"WebSite\",\"@id\":\"https:\/\/www.uni.lu\/fhse-en\/#website\",\"url\":\"https:\/\/www.uni.lu\/fhse-en\/\",\"name\":\"FHSE\",\"description\":\"Faculty of Humanities, Education and Social Sciences I Uni.lu\",\"publisher\":{\"@id\":\"https:\/\/www.uni.lu\/fhse-en\/#organization\"},\"alternateName\":\"Faculty of Humanities, Education and Social Sciences I University of Luxembourg\",\"potentialAction\":[{\"@type\":\"SearchAction\",\"target\":{\"@type\":\"EntryPoint\",\"urlTemplate\":\"https:\/\/www.uni.lu\/fhse-en\/?s={search_term_string}\"},\"query-input\":\"required name=search_term_string\"}],\"inLanguage\":\"en-GB\"},{\"@type\":\"Organization\",\"@id\":\"https:\/\/www.uni.lu\/fhse-en\/#organization\",\"name\":\"FHSE - University of Luxembourg I Uni.lu\",\"alternateName\":\"Faculty of Humanities, Education and Social Sciences\",\"url\":\"https:\/\/www.uni.lu\/fhse-en\/\",\"logo\":{\"@type\":\"ImageObject\",\"inLanguage\":\"en-GB\",\"@id\":\"https:\/\/www.uni.lu\/fhse-en\/#\/schema\/logo\/image\/\",\"url\":\"https:\/\/www.uni.lu\/wp-content\/uploads\/sites\/2\/2026\/03\/03112240\/FHSE_SM-Profile_1600x1600px-scaled.jpg\",\"contentUrl\":\"https:\/\/www.uni.lu\/wp-content\/uploads\/sites\/2\/2026\/03\/03112240\/FHSE_SM-Profile_1600x1600px-scaled.jpg\",\"width\":2560,\"height\":2560,\"caption\":\"FHSE - University of Luxembourg I Uni.lu\"},\"image\":\"https:\/\/www.uni.lu\/wp-content\/uploads\/sites\/2\/2026\/04\/24144328\/20200609-Belval-Campus_Henri-Goergen-23.jpg\",\"sameAs\":[\"https:\/\/humanities.uni.lu\/\"],\"email\":\"communication@uni.lu\",\"telephone\":\"+3524666441\",\"address\":{\"@type\":\"PostalAddress\",\"streetAddress\":\"11, Porte des Sciences\",\"addressLocality\":\"Esch-sur-Alzette\",\"postalCode\":\"4365\",\"addressCountry\":\"LU\"},\"description\":\"Faculty of Humanities, Education and Social Sciences I Uni.lu\"}]}<\/script>\n<!-- \/ Yoast SEO Premium plugin. -->","yoast_head_json":{"title":"People - Institute of Romance Studies Media and Arts - FHSE research group I University of Luxembourg","robots":{"index":"index","follow":"follow","max-snippet":"max-snippet:-1","max-image-preview":"max-image-preview:large","max-video-preview":"max-video-preview:-1"},"canonical":"https:\/\/www.uni.lu\/fhse-en\/research-groups\/institute-of-romance-studies-media-and-arts\/people\/","og_locale":"en_GB","og_type":"article","og_title":"People","og_url":"https:\/\/www.uni.lu\/fhse-en\/research-groups\/institute-of-romance-studies-media-and-arts\/people\/","og_site_name":"FHSE EN","article_modified_time":"2026-01-27T14:27:13+00:00","og_image":[{"width":2560,"height":2560,"url":"https:\/\/www.uni.lu\/wp-content\/uploads\/sites\/2\/2026\/03\/03112240\/FHSE_SM-Profile_1600x1600px-scaled.jpg","type":"image\/jpeg"}],"twitter_card":"summary_large_image","schema":{"@context":"https:\/\/schema.org","@graph":[{"@type":"WebPage","@id":"https:\/\/www.uni.lu\/fhse-en\/research-groups\/institute-of-romance-studies-media-and-arts\/people\/","url":"https:\/\/www.uni.lu\/fhse-en\/research-groups\/institute-of-romance-studies-media-and-arts\/people\/","name":"People - Institute of Romance Studies Media and Arts - FHSE research group I University of Luxembourg","isPartOf":{"@id":"https:\/\/www.uni.lu\/fhse-en\/#website"},"datePublished":"2024-03-25T10:54:43+00:00","dateModified":"2026-01-27T14:27:13+00:00","breadcrumb":{"@id":"https:\/\/www.uni.lu\/fhse-en\/research-groups\/institute-of-romance-studies-media-and-arts\/people\/#breadcrumb"},"inLanguage":"en-GB","potentialAction":[{"@type":"ReadAction","target":["https:\/\/www.uni.lu\/fhse-en\/research-groups\/institute-of-romance-studies-media-and-arts\/people\/"]}]},{"@type":"BreadcrumbList","@id":"https:\/\/www.uni.lu\/fhse-en\/research-groups\/institute-of-romance-studies-media-and-arts\/people\/#breadcrumb","itemListElement":[{"@type":"ListItem","position":1,"name":"Home","item":"https:\/\/www.uni.lu\/en"},{"@type":"ListItem","position":2,"name":"Faculty of Humanities, Education and Social Sciences","item":"https:\/\/www.uni.lu\/fhse-en\/"},{"@type":"ListItem","position":3,"name":"Research Groups","item":"https:\/\/www.uni.lu\/fhse-en\/research-groups\/"},{"@type":"ListItem","position":4,"name":"Institute of Romance Studies, Media and Arts","item":"https:\/\/www.uni.lu\/fhse-en\/research-groups\/institute-of-romance-studies-media-and-arts\/"},{"@type":"ListItem","position":5,"name":"People"}]},{"@type":"WebSite","@id":"https:\/\/www.uni.lu\/fhse-en\/#website","url":"https:\/\/www.uni.lu\/fhse-en\/","name":"FHSE","description":"Faculty of Humanities, Education and Social Sciences I Uni.lu","publisher":{"@id":"https:\/\/www.uni.lu\/fhse-en\/#organization"},"alternateName":"Faculty of Humanities, Education and Social Sciences I University of Luxembourg","potentialAction":[{"@type":"SearchAction","target":{"@type":"EntryPoint","urlTemplate":"https:\/\/www.uni.lu\/fhse-en\/?s={search_term_string}"},"query-input":"required name=search_term_string"}],"inLanguage":"en-GB"},{"@type":"Organization","@id":"https:\/\/www.uni.lu\/fhse-en\/#organization","name":"FHSE - University of Luxembourg I Uni.lu","alternateName":"Faculty of Humanities, Education and Social Sciences","url":"https:\/\/www.uni.lu\/fhse-en\/","logo":{"@type":"ImageObject","inLanguage":"en-GB","@id":"https:\/\/www.uni.lu\/fhse-en\/#\/schema\/logo\/image\/","url":"https:\/\/www.uni.lu\/wp-content\/uploads\/sites\/2\/2026\/03\/03112240\/FHSE_SM-Profile_1600x1600px-scaled.jpg","contentUrl":"https:\/\/www.uni.lu\/wp-content\/uploads\/sites\/2\/2026\/03\/03112240\/FHSE_SM-Profile_1600x1600px-scaled.jpg","width":2560,"height":2560,"caption":"FHSE - University of Luxembourg I Uni.lu"},"image":"https:\/\/www.uni.lu\/wp-content\/uploads\/sites\/2\/2026\/04\/24144328\/20200609-Belval-Campus_Henri-Goergen-23.jpg","sameAs":["https:\/\/humanities.uni.lu\/"],"email":"communication@uni.lu","telephone":"+3524666441","address":{"@type":"PostalAddress","streetAddress":"11, Porte des Sciences","addressLocality":"Esch-sur-Alzette","postalCode":"4365","addressCountry":"LU"},"description":"Faculty of Humanities, Education and Social Sciences I Uni.lu"}]}},"_links":{"self":[{"href":"https:\/\/www.uni.lu\/fhse-en\/wp-json\/wp\/v2\/research-groups\/6736"}],"collection":[{"href":"https:\/\/www.uni.lu\/fhse-en\/wp-json\/wp\/v2\/research-groups"}],"about":[{"href":"https:\/\/www.uni.lu\/fhse-en\/wp-json\/wp\/v2\/types\/research-groups"}],"author":[{"embeddable":true,"href":"https:\/\/www.uni.lu\/fhse-en\/wp-json\/wp\/v2\/users\/197"}],"version-history":[{"count":4,"href":"https:\/\/www.uni.lu\/fhse-en\/wp-json\/wp\/v2\/research-groups\/6736\/revisions"}],"predecessor-version":[{"id":32538,"href":"https:\/\/www.uni.lu\/fhse-en\/wp-json\/wp\/v2\/research-groups\/6736\/revisions\/32538"}],"up":[{"embeddable":true,"href":"https:\/\/www.uni.lu\/fhse-en\/wp-json\/wp\/v2\/research-groups\/2111"}],"wp:authorship":[{"embeddable":true,"href":"https:\/\/www.uni.lu\/fhse-en\/wp-json\/wp\/v2\/users\/197"}],"wp:attachment":[{"href":"https:\/\/www.uni.lu\/fhse-en\/wp-json\/wp\/v2\/media?parent=6736"}],"wp:term":[{"taxonomy":"field-of-interest","embeddable":true,"href":"https:\/\/www.uni.lu\/fhse-en\/wp-json\/wp\/v2\/field-of-interest?post=6736"},{"taxonomy":"organisation","embeddable":true,"href":"https:\/\/www.uni.lu\/fhse-en\/wp-json\/wp\/v2\/organisation?post=6736"}],"curies":[{"name":"wp","href":"https:\/\/api.w.org\/{rel}","templated":true}]}}