{"id":5479,"date":"2024-02-21T16:50:30","date_gmt":"2024-02-21T15:50:30","guid":{"rendered":"https:\/\/www.uni.lu\/fhse-en\/blog\/people\/stephanie-lukasik\/"},"modified":"2025-10-14T07:15:40","modified_gmt":"2025-10-14T05:15:40","slug":"stephanie-lukasik","status":"publish","type":"people","link":"https:\/\/www.uni.lu\/fhse-en\/people\/stephanie-lukasik\/","title":{"rendered":"St\u00e9phanie LUKASIK"},"content":{"rendered":"\n\n<div class=\"person-template\">\n    <div class=\"wp-block-unilux-people-person-hero wp-block-unilux-blocks-hero\">\n            <section id=\"hero-page\" class=\"section py-0\">\n            <div class=\"max-w-screen-3xl mx-auto wp-block-unilux-blocks-hero\">\n                <div class=\"hero hero--overflow-none\">\n                    <header class=\"hero__header\">\n                        <div class=\"hero__container\">\n                            <span class=\"hero__title__subject\">\n                                Our People                            <\/span>\n                            <h1>\n                                Dr.                                St\u00e9phanie                                LUKASIK                            <\/h1>\n                        <\/div>\n                    <\/header>\n                    <div class=\"hero__visual\">\n                        <img\n                                class=\"object-cover w-full h-full\"\n                                src=\"https:\/\/www.uni.lu\/en\/person-image\/NTAwNjMwNzJfX1N0w6lwaGFuaWUgTFVLQVNJSw==\"\n                                srcset=\"https:\/\/www.uni.lu\/en\/person-image\/NTAwNjMwNzJfX1N0w6lwaGFuaWUgTFVLQVNJSw==--thumbnail 150w,https:\/\/www.uni.lu\/en\/person-image\/NTAwNjMwNzJfX1N0w6lwaGFuaWUgTFVLQVNJSw==--medium 300w,https:\/\/www.uni.lu\/en\/person-image\/NTAwNjMwNzJfX1N0w6lwaGFuaWUgTFVLQVNJSw==--medium_large 768w,https:\/\/www.uni.lu\/en\/person-image\/NTAwNjMwNzJfX1N0w6lwaGFuaWUgTFVLQVNJSw==--large 1024w,https:\/\/www.uni.lu\/en\/person-image\/NTAwNjMwNzJfX1N0w6lwaGFuaWUgTFVLQVNJSw==--1536x1536 1536w,https:\/\/www.uni.lu\/en\/person-image\/NTAwNjMwNzJfX1N0w6lwaGFuaWUgTFVLQVNJSw==--2048x2048 2048w\"\n                                loading=\"lazy\"\n                                alt=\"\">\n                    <\/div>\n                    <div class=\"hero__body\">\n                        <div class=\"hero__container\">\n                            <p>Postdoctoral researcher<\/p>\n                            <h2 class=\"text-h6\">\n                                Contact                            <\/h2>\n                            <ul>\n                                                                <li>\n                                    <div class=\"icon-info icon-contact\">\n                                        <svg\n                                            aria-hidden=\"true\"\n                                            focusable=\"false\"\n                                            class=\"\n                                                icon\n                                                icon-outline\n                                                icon--primary\n                                                icon--secondary\n                                            \">\n\n                                            <use\n                                                xlink:href=\"https:\/\/www.uni.lu\/wp-content\/themes\/unilux-theme\/assets\/images\/icons\/icons-outline.svg#icon--email\">\n                                            <\/use>\n                                        <\/svg>\n                                        <div class=\"icon-info__body\">\n                                            &#115;&#116;ep&#104;ani&#101;&#046;&#108;&#117;&#107;&#097;&#115;ik&#064;&#117;&#110;i.&#108;&#117;                                        <\/div>\n                                    <\/div>\n                                <\/li>\n                                                                                                <li>\n                                    <div class=\"icon-info icon-contact\">\n                                        <svg\n                                                aria-hidden=\"true\"\n                                                focusable=\"false\"\n                                                class=\"\n                                                    icon icon-outline\n                                                    icon--primary\n                                                    icon--secondary\n                                                \">\n\n                                            <use xlink:href=\"https:\/\/www.uni.lu\/wp-content\/themes\/unilux-theme\/assets\/images\/icons\/icons-outline.svg#icon--phone\">\n                                            <\/use>\n                                        <\/svg>\n                                        <div class=\"icon-info__body\">\n                                            (+352) 46 66 44\n                                            4735                                        <\/div>\n                                    <\/div>\n                                <\/li>\n                                                            <\/ul>\n                        <\/div>\n                    <\/div>\n                <\/div>\n            <\/div>\n        <\/section>\n    <\/div>\n\n<div class=\"wp-block-unilux-blocks-wrapper tabs-pre-heading\">\n    \n\n<div class=\"wp-block-unilux-blocks-wrapper container xl:max-w-screen-xl\">\n    \n\n<h2 class=\"has-text-align-left wp-block-unilux-blocks-heading\"        id=\"details\"\n    >\nDetails<\/h2>\n\n    <\/div>\n    <\/div>\n\n<div class=\"wp-block-unilux-blocks-wrapper container xl:max-w-screen-xl\">\n    \n\n<div id=\"tab-nav\" class=\"tab-nav\">\n    <button\n        type=\"button\"\n        class=\"button-toggle btn btn--white w-full\"\n        aria-expanded=\"false\"\n        aria-controls=\"tab-nav__listing\"\n        title=\"The selected tab is CONTENT OF THE CURRENT LABEL\"\n    >\n        <span class=\"btn__name mr-auto\">Profile<\/span>\n        <svg aria-hidden=\"true\" focusable=\"false\" class=\"icon icon-outline icon--xs\">\n            <use xlink:href=\"https:\/\/www.uni.lu\/wp-content\/themes\/unilux-theme\/assets\/images\/icons\/icons-outline.svg#icon--arrow-down\" \/>\n        <\/svg>\n    <\/button>\n    <ul\n        id=\"tab-nav__listing\"\n        class=\"tab-nav__listing nav manual\"\n        role=\"tablist\"\n        aria-label=\"About me\"\n    >\n                <li role=\"presentation\" class=\"tab-nav__item\" key={button.id}>\n            <button\n                type=\"button\"\n                id=\"tab-profile-tab-50063072\"\n                data-bs-toggle=\"tab\"\n                data-bs-target=\"#tabpanel-profile-tab-50063072\"\n                role=\"tab\"\n                aria-controls=\"tabpanel-profile-tab-50063072\"\n                aria-selected=\"false\"\n                aria-current=\"false\"\n                class=\"tab-nav__button\"\n                tabIndex=\"-1\"\n            >\n                <svg aria-hidden=\"true\" focusable=\"false\" class=\"icon icon-outline icon--xs\">\n                    <use xlink:href=\"https:\/\/www.uni.lu\/wp-content\/themes\/unilux-theme\/assets\/images\/icons\/icons-outline.svg#icon--arrow-right\" \/>\n                <\/svg>\n                <span class=\"tab-nav__name\">Profile<\/span>\n            <\/button>\n        <\/li>\n                <li role=\"presentation\" class=\"tab-nav__item\" key={button.id}>\n            <button\n                type=\"button\"\n                id=\"tab-cv-tab-50063072\"\n                data-bs-toggle=\"tab\"\n                data-bs-target=\"#tabpanel-cv-tab-50063072\"\n                role=\"tab\"\n                aria-controls=\"tabpanel-cv-tab-50063072\"\n                aria-selected=\"false\"\n                aria-current=\"false\"\n                class=\"tab-nav__button\"\n                tabIndex=\"-1\"\n            >\n                <svg aria-hidden=\"true\" focusable=\"false\" class=\"icon icon-outline icon--xs\">\n                    <use xlink:href=\"https:\/\/www.uni.lu\/wp-content\/themes\/unilux-theme\/assets\/images\/icons\/icons-outline.svg#icon--arrow-right\" \/>\n                <\/svg>\n                <span class=\"tab-nav__name\">CV<\/span>\n            <\/button>\n        <\/li>\n            <\/ul>\n<\/div>\n<div class=\"tab-content\">\n    <section\n    id=\"tabpanel-profile-tab-50063072\"\n    aria-labelledby=\"tab-profile-tab-50063072\"\n    class=\"tab-panel fade hidden is-hidden\"\n>\n    <div class=\"wp-block-unilux-people-person-details\">\n    \n<h3 class=\"has-text-align-left wp-block-unilux-blocks-heading\"        id=\"functions\"\n    >\nFunctions<\/h3>\n\n<p>Postdoctoral researcher<\/p>\n\n<h3 class=\"has-text-align-left wp-block-unilux-blocks-heading\"        id=\"in-detail\"\n    >\nIn detail<\/h3>\n<div class=\"customer-spacer-b-md\">\n    <ul class=\"list-highlighted\">\n            <li class=\"list-highlighted__item\">\n        <header class=\"list-highlighted__header\">\n            <h4 class=\"title\">\n                <strong>\n                    Organisation                <\/strong>\n            <\/h4>\n        <\/header>\n        <div class=\"list-highlighted__body\">\n            <a href=\"https:\/\/www.uni.lu\/fhse-en\/\" title=\"Faculty of Humanities, Education and Social Sciences\">Faculty of Humanities, Education and Social Sciences<\/a>        <\/div>\n    <\/li>\n    <li class=\"list-highlighted__item\">\n        <header class=\"list-highlighted__header\">\n            <h4 class=\"title\">\n                <strong>\n                    Department                <\/strong>\n            <\/h4>\n        <\/header>\n        <div class=\"list-highlighted__body\">\n            <a href=\"https:\/\/www.uni.lu\/fhse-en\/research-departments\/department-of-humanities\/\" title=\"Department of Humanities\">Department of Humanities<\/a>        <\/div>\n    <\/li>\n    <li class=\"list-highlighted__item\">\n        <header class=\"list-highlighted__header\">\n            <h4 class=\"title\">\n                <strong>\n                    Postal address                <\/strong>\n            <\/h4>\n        <\/header>\n        <div class=\"list-highlighted__body\">\n            Maison Sciences Humaines<br>11, Porte des Sciences<br>L-4366 ESCH        <\/div>\n    <\/li>\n    <li class=\"list-highlighted__item\">\n        <header class=\"list-highlighted__header\">\n            <h4 class=\"title\">\n                <strong>\n                    Campus office                <\/strong>\n            <\/h4>\n        <\/header>\n        <div class=\"list-highlighted__body\">\n            MSH, E02 0225250        <\/div>\n    <\/li>\n    <li class=\"list-highlighted__item\">\n        <header class=\"list-highlighted__header\">\n            <h4 class=\"title\">\n                <strong>\n                    Contact details                <\/strong>\n            <\/h4>\n        <\/header>\n        <div class=\"list-highlighted__body\">\n                            <div class=\"icon-info icon-list-item\">\n                    <svg aria-hidden=\"true\" focusable=\"false\"\n                        class=\"icon icon-outline icon--primary icon--secondary\">\n                        <use xlink:href=\"https:\/\/www.uni.lu\/wp-content\/themes\/unilux-theme\/assets\/images\/icons\/icons-outline.svg#icon--email\"><\/use>\n                    <\/svg>\n                    <div class=\"icon-info__body\">\n                        &#115;t&#101;p&#104;&#097;&#110;i&#101;&#046;&#108;&#117;&#107;&#097;s&#105;&#107;&#064;&#117;&#110;i.&#108;u                    <\/div>\n                <\/div>\n            \n                            <div class=\"icon-info icon-list-item\">\n                    <svg aria-hidden=\"true\" focusable=\"false\"\n                        class=\"icon icon-outline icon--primary icon--secondary\">\n                        <use xlink:href=\"https:\/\/www.uni.lu\/wp-content\/themes\/unilux-theme\/assets\/images\/icons\/icons-outline.svg#icon--phone\"><\/use>\n                    <\/svg>\n                    <div class=\"icon-info__body\">\n                        (+352) 46 66 44 4735                    <\/div>\n                <\/div>\n            \n            \n                    <\/div>\n    <\/li>\n    <\/ul>\n<\/div>\n<div style=\"display: inline-block\" class=\"wp-block-unilux-people-person-details\">\n<div class=\"wp-block-button is-style-primary\">\n    <a class=\"wp-block-button__link\" href=\"https:\/\/orbilu.uni.lu\/profile?uid=50063072\" target=\"_blank\">Publications on ORBilu<\/a>\n<\/div><\/div><\/div>\n<\/section>\n<section\n    id=\"tabpanel-cv-tab-50063072\"\n    aria-labelledby=\"tab-cv-tab-50063072\"\n    class=\"tab-panel fade hidden is-hidden\"\n>\n    \n<div class=\"wp-block-unilux-blocks-wrapper \">\n        \n<p> <strong>My research interests<\/strong><br><br>My research interests can be gathered under four research fields. The First is relative to Communication and Information sciences. I am deeply interested in the fundamentals of communication, theories of reception, epistemology and history of scientific theories in communication, uses and reception of information, circulation and dissemination of informational content, sociology of reception and uses, changes in practices and professions in the information and communication.<br>The second concerns Media Studies and Journalism such as fundamentals of journalism, education in media, information and sociodigital networks, founding theories of media and reception studies, deontology and ethics of journalism, journalistic practices, changes in journalism and strategic adaptations to audiences, current research in journalism, critical analysis of the media and the treatment of current affairs, evolution of audiences, pluralism of online information.<br>The third research field is about influence and opinion. My research focuses on theories of social networks, groups and individuals in decision-making and in the formation of opinion, communication approach to influence, opinion leadership and communication strategies, functioning of the sociodigital influence, marginal reception of information, study of the mechanisms of influence and opinion, study and analysis of disinformation phenomena.<br>The Fourth and the ubiquitous in my research concerns sociodigital networks. Since my doctoral thesis published in the book  <em>L\u2019influence des leaders d\u2019opinion. <\/em>  <em>Un mod\u00e8le pour l\u2019\u00e9tude des usages et de la r\u00e9ception des r\u00e9seaux socionum\u00e9riques<\/em> . Prefaced by the Media studies Paris University Panth\u00e9on-Assas Professor, R\u00e9my Rieffel and published at L\u2019harmattan editions, Paris, 2021, in the collection \u201ccommunication et civilisation\u201d, I study and empirically analyze the functioning of sociodigital networks, epistemology of social networks, evolution of the informational ecosystem that has become media-sociodigital, uses of technologies and sociodigital networks, analysis of homophily in the constitution of networks, study of information practices in the digital and sociodigital era, state of the algorithmic context and AI through the prism of the sociodigital.<\/p>\n\n<p><strong>Research interests in key words<\/strong> <\/p>\n\n<ul class=\"ulux-list\">\n<li class=\"ulux-list-item\">Media Studies<\/li>\n\n\n\n<li class=\"ulux-list-item\">Information and Communication Sciences<\/li>\n\n\n\n<li class=\"ulux-list-item\">Sociodigital networks<\/li>\n\n\n\n<li class=\"ulux-list-item\">Influence and Opinion<\/li>\n\n\n\n<li class=\"ulux-list-item\">Journalism<\/li>\n\n\n\n<li class=\"ulux-list-item\">Information uses and practices<\/li>\n\n\n\n<li class=\"ulux-list-item\">Strategic communication<\/li>\n\n\n\n<li class=\"ulux-list-item\">Reception of audiences and young adults<\/li>\n\n\n\n<li class=\"ulux-list-item\">Circulation of information<\/li>\n\n\n\n<li class=\"ulux-list-item\">Communication and influence strategies of media and political organizations<\/li>\n\n\n\n<li class=\"ulux-list-item\">Public relations<\/li>\n\n\n\n<li class=\"ulux-list-item\">Interpersonal communication<\/li>\n\n\n\n<li class=\"ulux-list-item\">Disinformation, fake news and &#8220;reinformation&#8221;<\/li>\n\n\n\n<li class=\"ulux-list-item\">Opinion leadership<\/li>\n\n\n\n<li class=\"ulux-list-item\">Groups and Persuasion<\/li>\n\n\n\n<li class=\"ulux-list-item\">Mixed methodologies (qualitative and quantitative): analysis of content, data and digital traces, interviews, questionnaires, analysis of sociodigital networks, creation of user-receiver model<\/li>\n<\/ul>\n<\/div>\n<\/section>\n<\/div>\n    <\/div>\n<\/div>\n","protected":false},"excerpt":{"rendered":"","protected":false},"author":42,"featured_media":0,"parent":0,"menu_order":0,"template":"","meta":{"featured_image_focal_point":[],"show_featured_caption":false,"ulux_newsletter_groups":"","uluxPostTitle":"","uluxPrePostTitle":"","_trash_the_other_posts":false,"_price":"","_stock":"","_tribe_ticket_header":"","_tribe_default_ticket_provider":"","_tribe_ticket_capacity":"0","_ticket_start_date":"","_ticket_end_date":"","_tribe_ticket_show_description":"","_tribe_ticket_show_not_going":false,"_tribe_ticket_use_global_stock":"","_tribe_ticket_global_stock_level":"","_global_stock_mode":"","_global_stock_cap":"","_tribe_rsvp_for_event":"","_tribe_ticket_going_count":"","_tribe_ticket_not_going_count":"","_tribe_tickets_list":"[]","_tribe_ticket_has_attendee_info_fields":false,"person_selector_id":"50063072","person_selector_name":"St\u00e9phanie LUKASIK","person_migrated":true,"person_general_position_description":"Postdoctoral researcher (Faculty of Humanities, Education and Social Sciences - Department of Humanities)"},"authorship":[42],"acf":[],"yoast_head":"<!-- This site is optimized with the Yoast SEO Premium plugin v22.3 (Yoast SEO v22.3) - https:\/\/yoast.com\/wordpress\/plugins\/seo\/ -->\n<title>St\u00e9phanie LUKASIK - FHSE - University of Luxembourg I Uni.lu<\/title>\n<meta name=\"description\" content=\"Postdoctoral researcher My research interestsMy research interests can be gathered under four research fields. The First is relative to Communication and\" \/>\n<meta name=\"robots\" content=\"index, follow, max-snippet:-1, max-image-preview:large, max-video-preview:-1\" \/>\n<link rel=\"canonical\" href=\"https:\/\/www.uni.lu\/fhse-en\/people\/stephanie-lukasik\/\" \/>\n<meta property=\"og:locale\" content=\"en_GB\" \/>\n<meta property=\"og:type\" content=\"article\" \/>\n<meta property=\"og:title\" content=\"St\u00e9phanie LUKASIK\" \/>\n<meta property=\"og:description\" content=\"Postdoctoral researcher\" \/>\n<meta property=\"og:url\" content=\"https:\/\/www.uni.lu\/fhse-en\/people\/stephanie-lukasik\/\" \/>\n<meta property=\"og:site_name\" content=\"FHSE EN\" \/>\n<meta property=\"article:modified_time\" content=\"2025-10-14T05:15:40+00:00\" \/>\n<meta property=\"og:image\" content=\"https:\/\/www.uni.lu\/en\/person-image\/NTAwNjMwNzJfX1N0w6lwaGFuaWUgTFVLQVNJSw==\" \/>\n\t<meta property=\"og:image:width\" content=\"2560\" \/>\n\t<meta property=\"og:image:height\" content=\"2560\" \/>\n\t<meta property=\"og:image:type\" content=\"image\/jpeg\" \/>\n<meta name=\"twitter:card\" content=\"summary_large_image\" \/>\n<meta name=\"twitter:label1\" content=\"Estimated reading time\" \/>\n\t<meta name=\"twitter:data1\" content=\"2 minutes\" \/>\n<script type=\"application\/ld+json\" class=\"yoast-schema-graph\">{\"@context\":\"https:\/\/schema.org\",\"@graph\":[{\"@type\":\"WebPage\",\"@id\":\"https:\/\/www.uni.lu\/fhse-en\/people\/stephanie-lukasik\/\",\"url\":\"https:\/\/www.uni.lu\/fhse-en\/people\/stephanie-lukasik\/\",\"name\":\"St\u00e9phanie LUKASIK - FHSE - University of Luxembourg I Uni.lu\",\"isPartOf\":{\"@id\":\"https:\/\/www.uni.lu\/fhse-en\/#website\"},\"datePublished\":\"2024-02-21T15:50:30+00:00\",\"dateModified\":\"2025-10-14T05:15:40+00:00\",\"description\":\"Postdoctoral researcher My research interestsMy research interests can be gathered under four research fields. The First is relative to Communication and\",\"breadcrumb\":{\"@id\":\"https:\/\/www.uni.lu\/fhse-en\/people\/stephanie-lukasik\/#breadcrumb\"},\"inLanguage\":\"en-GB\",\"potentialAction\":[{\"@type\":\"ReadAction\",\"target\":[\"https:\/\/www.uni.lu\/fhse-en\/people\/stephanie-lukasik\/\"]}]},{\"@type\":\"BreadcrumbList\",\"@id\":\"https:\/\/www.uni.lu\/fhse-en\/people\/stephanie-lukasik\/#breadcrumb\",\"itemListElement\":[{\"@type\":\"ListItem\",\"position\":1,\"name\":\"Home\",\"item\":\"https:\/\/www.uni.lu\/en\"},{\"@type\":\"ListItem\",\"position\":2,\"name\":\"Faculty of Humanities, Education and Social Sciences\",\"item\":\"https:\/\/www.uni.lu\/fhse-en\/\"},{\"@type\":\"ListItem\",\"position\":3,\"name\":\"St\u00e9phanie LUKASIK\"}]},{\"@type\":\"WebSite\",\"@id\":\"https:\/\/www.uni.lu\/fhse-en\/#website\",\"url\":\"https:\/\/www.uni.lu\/fhse-en\/\",\"name\":\"FHSE\",\"description\":\"Faculty of Humanities, Education and Social Sciences I Uni.lu\",\"publisher\":{\"@id\":\"https:\/\/www.uni.lu\/fhse-en\/#organization\"},\"alternateName\":\"Faculty of Humanities, Education and Social Sciences I University of Luxembourg\",\"potentialAction\":[{\"@type\":\"SearchAction\",\"target\":{\"@type\":\"EntryPoint\",\"urlTemplate\":\"https:\/\/www.uni.lu\/fhse-en\/?s={search_term_string}\"},\"query-input\":\"required name=search_term_string\"}],\"inLanguage\":\"en-GB\"},{\"@type\":\"Organization\",\"@id\":\"https:\/\/www.uni.lu\/fhse-en\/#organization\",\"name\":\"FHSE - University of Luxembourg I Uni.lu\",\"alternateName\":\"Faculty of Humanities, Education and Social Sciences\",\"url\":\"https:\/\/www.uni.lu\/fhse-en\/\",\"logo\":{\"@type\":\"ImageObject\",\"inLanguage\":\"en-GB\",\"@id\":\"https:\/\/www.uni.lu\/fhse-en\/#\/schema\/logo\/image\/\",\"url\":\"https:\/\/www.uni.lu\/wp-content\/uploads\/sites\/2\/2026\/03\/03112240\/FHSE_SM-Profile_1600x1600px-scaled.jpg\",\"contentUrl\":\"https:\/\/www.uni.lu\/wp-content\/uploads\/sites\/2\/2026\/03\/03112240\/FHSE_SM-Profile_1600x1600px-scaled.jpg\",\"width\":2560,\"height\":2560,\"caption\":\"FHSE - University of Luxembourg I Uni.lu\"},\"image\":\"https:\/\/www.uni.lu\/wp-content\/uploads\/sites\/2\/2026\/04\/24144328\/20200609-Belval-Campus_Henri-Goergen-23.jpg\",\"sameAs\":[\"https:\/\/humanities.uni.lu\/\"],\"email\":\"communication@uni.lu\",\"telephone\":\"+3524666441\",\"address\":{\"@type\":\"PostalAddress\",\"streetAddress\":\"11, Porte des Sciences\",\"addressLocality\":\"Esch-sur-Alzette\",\"postalCode\":\"4365\",\"addressCountry\":\"LU\"},\"description\":\"Faculty of Humanities, Education and Social Sciences I Uni.lu\"}]}<\/script>\n<!-- \/ Yoast SEO Premium plugin. -->","yoast_head_json":{"title":"St\u00e9phanie LUKASIK - FHSE - University of Luxembourg I Uni.lu","description":"Postdoctoral researcher My research interestsMy research interests can be gathered under four research fields. The First is relative to Communication and","robots":{"index":"index","follow":"follow","max-snippet":"max-snippet:-1","max-image-preview":"max-image-preview:large","max-video-preview":"max-video-preview:-1"},"canonical":"https:\/\/www.uni.lu\/fhse-en\/people\/stephanie-lukasik\/","og_locale":"en_GB","og_type":"article","og_title":"St\u00e9phanie LUKASIK","og_description":"Postdoctoral researcher","og_url":"https:\/\/www.uni.lu\/fhse-en\/people\/stephanie-lukasik\/","og_site_name":"FHSE EN","article_modified_time":"2025-10-14T05:15:40+00:00","og_image":[{"width":2560,"height":2560,"url":"https:\/\/www.uni.lu\/en\/person-image\/NTAwNjMwNzJfX1N0w6lwaGFuaWUgTFVLQVNJSw==","type":"image\/jpeg"}],"twitter_card":"summary_large_image","twitter_misc":{"Estimated reading time":"2 minutes"},"schema":{"@context":"https:\/\/schema.org","@graph":[{"@type":"WebPage","@id":"https:\/\/www.uni.lu\/fhse-en\/people\/stephanie-lukasik\/","url":"https:\/\/www.uni.lu\/fhse-en\/people\/stephanie-lukasik\/","name":"St\u00e9phanie LUKASIK - FHSE - University of Luxembourg I Uni.lu","isPartOf":{"@id":"https:\/\/www.uni.lu\/fhse-en\/#website"},"datePublished":"2024-02-21T15:50:30+00:00","dateModified":"2025-10-14T05:15:40+00:00","description":"Postdoctoral researcher My research interestsMy research interests can be gathered under four research fields. The First is relative to Communication and","breadcrumb":{"@id":"https:\/\/www.uni.lu\/fhse-en\/people\/stephanie-lukasik\/#breadcrumb"},"inLanguage":"en-GB","potentialAction":[{"@type":"ReadAction","target":["https:\/\/www.uni.lu\/fhse-en\/people\/stephanie-lukasik\/"]}]},{"@type":"BreadcrumbList","@id":"https:\/\/www.uni.lu\/fhse-en\/people\/stephanie-lukasik\/#breadcrumb","itemListElement":[{"@type":"ListItem","position":1,"name":"Home","item":"https:\/\/www.uni.lu\/en"},{"@type":"ListItem","position":2,"name":"Faculty of Humanities, Education and Social Sciences","item":"https:\/\/www.uni.lu\/fhse-en\/"},{"@type":"ListItem","position":3,"name":"St\u00e9phanie LUKASIK"}]},{"@type":"WebSite","@id":"https:\/\/www.uni.lu\/fhse-en\/#website","url":"https:\/\/www.uni.lu\/fhse-en\/","name":"FHSE","description":"Faculty of Humanities, Education and Social Sciences I Uni.lu","publisher":{"@id":"https:\/\/www.uni.lu\/fhse-en\/#organization"},"alternateName":"Faculty of Humanities, Education and Social Sciences I University of Luxembourg","potentialAction":[{"@type":"SearchAction","target":{"@type":"EntryPoint","urlTemplate":"https:\/\/www.uni.lu\/fhse-en\/?s={search_term_string}"},"query-input":"required name=search_term_string"}],"inLanguage":"en-GB"},{"@type":"Organization","@id":"https:\/\/www.uni.lu\/fhse-en\/#organization","name":"FHSE - University of Luxembourg I Uni.lu","alternateName":"Faculty of Humanities, Education and Social Sciences","url":"https:\/\/www.uni.lu\/fhse-en\/","logo":{"@type":"ImageObject","inLanguage":"en-GB","@id":"https:\/\/www.uni.lu\/fhse-en\/#\/schema\/logo\/image\/","url":"https:\/\/www.uni.lu\/wp-content\/uploads\/sites\/2\/2026\/03\/03112240\/FHSE_SM-Profile_1600x1600px-scaled.jpg","contentUrl":"https:\/\/www.uni.lu\/wp-content\/uploads\/sites\/2\/2026\/03\/03112240\/FHSE_SM-Profile_1600x1600px-scaled.jpg","width":2560,"height":2560,"caption":"FHSE - University of Luxembourg I Uni.lu"},"image":"https:\/\/www.uni.lu\/wp-content\/uploads\/sites\/2\/2026\/04\/24144328\/20200609-Belval-Campus_Henri-Goergen-23.jpg","sameAs":["https:\/\/humanities.uni.lu\/"],"email":"communication@uni.lu","telephone":"+3524666441","address":{"@type":"PostalAddress","streetAddress":"11, Porte des Sciences","addressLocality":"Esch-sur-Alzette","postalCode":"4365","addressCountry":"LU"},"description":"Faculty of Humanities, Education and Social Sciences I Uni.lu"}]}},"_links":{"self":[{"href":"https:\/\/www.uni.lu\/fhse-en\/wp-json\/wp\/v2\/people\/5479"}],"collection":[{"href":"https:\/\/www.uni.lu\/fhse-en\/wp-json\/wp\/v2\/people"}],"about":[{"href":"https:\/\/www.uni.lu\/fhse-en\/wp-json\/wp\/v2\/types\/people"}],"author":[{"embeddable":true,"href":"https:\/\/www.uni.lu\/fhse-en\/wp-json\/wp\/v2\/users\/42"}],"version-history":[{"count":5,"href":"https:\/\/www.uni.lu\/fhse-en\/wp-json\/wp\/v2\/people\/5479\/revisions"}],"predecessor-version":[{"id":29977,"href":"https:\/\/www.uni.lu\/fhse-en\/wp-json\/wp\/v2\/people\/5479\/revisions\/29977"}],"wp:authorship":[{"embeddable":true,"href":"https:\/\/www.uni.lu\/fhse-en\/wp-json\/wp\/v2\/users\/42"}],"wp:attachment":[{"href":"https:\/\/www.uni.lu\/fhse-en\/wp-json\/wp\/v2\/media?parent=5479"}],"curies":[{"name":"wp","href":"https:\/\/api.w.org\/{rel}","templated":true}]}}