{"id":5167,"date":"2024-02-21T16:04:18","date_gmt":"2024-02-21T15:04:18","guid":{"rendered":"https:\/\/www.uni.lu\/fhse-en\/blog\/people\/etienne-le-bihan\/"},"modified":"2025-10-14T07:12:58","modified_gmt":"2025-10-14T05:12:58","slug":"etienne-le-bihan","status":"publish","type":"people","link":"https:\/\/www.uni.lu\/fhse-en\/people\/etienne-le-bihan\/","title":{"rendered":"Etienne LE BIHAN"},"content":{"rendered":"\n\n<div class=\"person-template\">\n    <div class=\"wp-block-unilux-people-person-hero wp-block-unilux-blocks-hero\">\n            <section id=\"hero-page\" class=\"section py-0\">\n            <div class=\"max-w-screen-3xl mx-auto wp-block-unilux-blocks-hero\">\n                <div class=\"hero hero--overflow-none\">\n                    <header class=\"hero__header\">\n                        <div class=\"hero__container\">\n                            <span class=\"hero__title__subject\">\n                                Our People                            <\/span>\n                            <h1>\n                                                                Etienne                                LE BIHAN                            <\/h1>\n                        <\/div>\n                    <\/header>\n                    <div class=\"hero__visual\">\n                        <img\n                                class=\"object-cover w-full h-full\"\n                                src=\"https:\/\/www.uni.lu\/en\/person-image\/NTAwMDIxNzhfX0V0aWVubmUgTEUgQklIQU4=\"\n                                srcset=\"https:\/\/www.uni.lu\/en\/person-image\/NTAwMDIxNzhfX0V0aWVubmUgTEUgQklIQU4=--thumbnail 150w,https:\/\/www.uni.lu\/en\/person-image\/NTAwMDIxNzhfX0V0aWVubmUgTEUgQklIQU4=--medium 300w,https:\/\/www.uni.lu\/en\/person-image\/NTAwMDIxNzhfX0V0aWVubmUgTEUgQklIQU4=--medium_large 768w,https:\/\/www.uni.lu\/en\/person-image\/NTAwMDIxNzhfX0V0aWVubmUgTEUgQklIQU4=--large 1024w,https:\/\/www.uni.lu\/en\/person-image\/NTAwMDIxNzhfX0V0aWVubmUgTEUgQklIQU4=--1536x1536 1536w,https:\/\/www.uni.lu\/en\/person-image\/NTAwMDIxNzhfX0V0aWVubmUgTEUgQklIQU4=--2048x2048 2048w\"\n                                loading=\"lazy\"\n                                alt=\"\">\n                    <\/div>\n                    <div class=\"hero__body\">\n                        <div class=\"hero__container\">\n                            <p>Research and Development Specialist<\/p>\n                            <h2 class=\"text-h6\">\n                                Contact                            <\/h2>\n                            <ul>\n                                                                <li>\n                                    <div class=\"icon-info icon-contact\">\n                                        <svg\n                                            aria-hidden=\"true\"\n                                            focusable=\"false\"\n                                            class=\"\n                                                icon\n                                                icon-outline\n                                                icon--primary\n                                                icon--secondary\n                                            \">\n\n                                            <use\n                                                xlink:href=\"https:\/\/www.uni.lu\/wp-content\/themes\/unilux-theme\/assets\/images\/icons\/icons-outline.svg#icon--email\">\n                                            <\/use>\n                                        <\/svg>\n                                        <div class=\"icon-info__body\">\n                                            e&#116;&#105;en&#110;&#101;&#046;&#108;&#101;&#098;i&#104;an&#064;u&#110;&#105;.lu                                        <\/div>\n                                    <\/div>\n                                <\/li>\n                                                                                                <li>\n                                    <div class=\"icon-info icon-contact\">\n                                        <svg\n                                                aria-hidden=\"true\"\n                                                focusable=\"false\"\n                                                class=\"\n                                                    icon icon-outline\n                                                    icon--primary\n                                                    icon--secondary\n                                                \">\n\n                                            <use xlink:href=\"https:\/\/www.uni.lu\/wp-content\/themes\/unilux-theme\/assets\/images\/icons\/icons-outline.svg#icon--phone\">\n                                            <\/use>\n                                        <\/svg>\n                                        <div class=\"icon-info__body\">\n                                            (+352) 46 66 44\n                                            9519                                        <\/div>\n                                    <\/div>\n                                <\/li>\n                                                            <\/ul>\n                        <\/div>\n                    <\/div>\n                <\/div>\n            <\/div>\n        <\/section>\n    <\/div>\n\n<div class=\"wp-block-unilux-blocks-wrapper tabs-pre-heading\">\n    \n\n<div class=\"wp-block-unilux-blocks-wrapper container xl:max-w-screen-xl\">\n    \n\n<h2 class=\"has-text-align-left wp-block-unilux-blocks-heading\"        id=\"details\"\n    >\nDetails<\/h2>\n\n    <\/div>\n    <\/div>\n\n<div class=\"wp-block-unilux-blocks-wrapper container xl:max-w-screen-xl\">\n    \n\n<div id=\"tab-nav\" class=\"tab-nav\">\n    <button\n        type=\"button\"\n        class=\"button-toggle btn btn--white w-full\"\n        aria-expanded=\"false\"\n        aria-controls=\"tab-nav__listing\"\n        title=\"The selected tab is CONTENT OF THE CURRENT LABEL\"\n    >\n        <span class=\"btn__name mr-auto\">Profile<\/span>\n        <svg aria-hidden=\"true\" focusable=\"false\" class=\"icon icon-outline icon--xs\">\n            <use xlink:href=\"https:\/\/www.uni.lu\/wp-content\/themes\/unilux-theme\/assets\/images\/icons\/icons-outline.svg#icon--arrow-down\" \/>\n        <\/svg>\n    <\/button>\n    <ul\n        id=\"tab-nav__listing\"\n        class=\"tab-nav__listing nav manual\"\n        role=\"tablist\"\n        aria-label=\"About me\"\n    >\n                <li role=\"presentation\" class=\"tab-nav__item\" key={button.id}>\n            <button\n                type=\"button\"\n                id=\"tab-profile-tab-50002178\"\n                data-bs-toggle=\"tab\"\n                data-bs-target=\"#tabpanel-profile-tab-50002178\"\n                role=\"tab\"\n                aria-controls=\"tabpanel-profile-tab-50002178\"\n                aria-selected=\"false\"\n                aria-current=\"false\"\n                class=\"tab-nav__button\"\n                tabIndex=\"-1\"\n            >\n                <svg aria-hidden=\"true\" focusable=\"false\" class=\"icon icon-outline icon--xs\">\n                    <use xlink:href=\"https:\/\/www.uni.lu\/wp-content\/themes\/unilux-theme\/assets\/images\/icons\/icons-outline.svg#icon--arrow-right\" \/>\n                <\/svg>\n                <span class=\"tab-nav__name\">Profile<\/span>\n            <\/button>\n        <\/li>\n                <li role=\"presentation\" class=\"tab-nav__item\" key={button.id}>\n            <button\n                type=\"button\"\n                id=\"tab-cv-tab-50002178\"\n                data-bs-toggle=\"tab\"\n                data-bs-target=\"#tabpanel-cv-tab-50002178\"\n                role=\"tab\"\n                aria-controls=\"tabpanel-cv-tab-50002178\"\n                aria-selected=\"false\"\n                aria-current=\"false\"\n                class=\"tab-nav__button\"\n                tabIndex=\"-1\"\n            >\n                <svg aria-hidden=\"true\" focusable=\"false\" class=\"icon icon-outline icon--xs\">\n                    <use xlink:href=\"https:\/\/www.uni.lu\/wp-content\/themes\/unilux-theme\/assets\/images\/icons\/icons-outline.svg#icon--arrow-right\" \/>\n                <\/svg>\n                <span class=\"tab-nav__name\">CV<\/span>\n            <\/button>\n        <\/li>\n            <\/ul>\n<\/div>\n<div class=\"tab-content\">\n    <section\n    id=\"tabpanel-profile-tab-50002178\"\n    aria-labelledby=\"tab-profile-tab-50002178\"\n    class=\"tab-panel fade hidden is-hidden\"\n>\n    <div class=\"wp-block-unilux-people-person-details\">\n    \n<h3 class=\"has-text-align-left wp-block-unilux-blocks-heading\"        id=\"functions\"\n    >\nFunctions<\/h3>\n\n<p>Research and Development Specialist<\/p>\n\n<h3 class=\"has-text-align-left wp-block-unilux-blocks-heading\"        id=\"in-detail\"\n    >\nIn detail<\/h3>\n<div class=\"customer-spacer-b-md\">\n    <ul class=\"list-highlighted\">\n            <li class=\"list-highlighted__item\">\n        <header class=\"list-highlighted__header\">\n            <h4 class=\"title\">\n                <strong>\n                    Organisation                <\/strong>\n            <\/h4>\n        <\/header>\n        <div class=\"list-highlighted__body\">\n            <a href=\"https:\/\/www.uni.lu\/fhse-en\/\" title=\"Faculty of Humanities, Education and Social Sciences\">Faculty of Humanities, Education and Social Sciences<\/a>        <\/div>\n    <\/li>\n    <li class=\"list-highlighted__item\">\n        <header class=\"list-highlighted__header\">\n            <h4 class=\"title\">\n                <strong>\n                    Department                <\/strong>\n            <\/h4>\n        <\/header>\n        <div class=\"list-highlighted__body\">\n            <a href=\"https:\/\/www.uni.lu\/fhse-en\/research-departments\/department-of-social-sciences\/\" title=\"Department of Social Sciences\">Department of Social Sciences<\/a>        <\/div>\n    <\/li>\n    <li class=\"list-highlighted__item\">\n        <header class=\"list-highlighted__header\">\n            <h4 class=\"title\">\n                <strong>\n                    Postal address                <\/strong>\n            <\/h4>\n        <\/header>\n        <div class=\"list-highlighted__body\">\n            Maison Sciences Humaines<br>11, Porte des Sciences<br>L-4366 ESCH        <\/div>\n    <\/li>\n    <li class=\"list-highlighted__item\">\n        <header class=\"list-highlighted__header\">\n            <h4 class=\"title\">\n                <strong>\n                    Campus office                <\/strong>\n            <\/h4>\n        <\/header>\n        <div class=\"list-highlighted__body\">\n            MSH, E04 0435130        <\/div>\n    <\/li>\n    <li class=\"list-highlighted__item\">\n        <header class=\"list-highlighted__header\">\n            <h4 class=\"title\">\n                <strong>\n                    Contact details                <\/strong>\n            <\/h4>\n        <\/header>\n        <div class=\"list-highlighted__body\">\n                            <div class=\"icon-info icon-list-item\">\n                    <svg aria-hidden=\"true\" focusable=\"false\"\n                        class=\"icon icon-outline icon--primary icon--secondary\">\n                        <use xlink:href=\"https:\/\/www.uni.lu\/wp-content\/themes\/unilux-theme\/assets\/images\/icons\/icons-outline.svg#icon--email\"><\/use>\n                    <\/svg>\n                    <div class=\"icon-info__body\">\n                        &#101;tienne&#046;&#108;eb&#105;han&#064;uni&#046;lu                    <\/div>\n                <\/div>\n            \n                            <div class=\"icon-info icon-list-item\">\n                    <svg aria-hidden=\"true\" focusable=\"false\"\n                        class=\"icon icon-outline icon--primary icon--secondary\">\n                        <use xlink:href=\"https:\/\/www.uni.lu\/wp-content\/themes\/unilux-theme\/assets\/images\/icons\/icons-outline.svg#icon--phone\"><\/use>\n                    <\/svg>\n                    <div class=\"icon-info__body\">\n                        (+352) 46 66 44 9519                    <\/div>\n                <\/div>\n            \n            \n                    <\/div>\n    <\/li>\n    <\/ul>\n<\/div>\n<div style=\"display: inline-block\" class=\"wp-block-unilux-people-person-details\">\n<div class=\"wp-block-button is-style-primary\">\n    <a class=\"wp-block-button__link\" href=\"https:\/\/orbilu.uni.lu\/profile?uid=50002178\" target=\"_blank\">Publications on ORBilu<\/a>\n<\/div><\/div><\/div>\n<\/section>\n<section\n    id=\"tabpanel-cv-tab-50002178\"\n    aria-labelledby=\"tab-cv-tab-50002178\"\n    class=\"tab-panel fade hidden is-hidden\"\n>\n    \n<div class=\"wp-block-unilux-blocks-wrapper \">\n        <p>Je travaille \u00e0 l\u2019Universit\u00e9 du Luxembourg depuis 2004, \u00e0 la Facult\u00e9 des Sciences Humaines en collaboration avec des chercheurs psychologues et sociologues de l\u2019unit\u00e9 de recherche INSIDE, principalement au sein du groupe de recherche In\u00e9galit\u00e9s Sociales. Ma fonction est de leur apporter mon soutien en statistiques pour l\u2019\u00e9laboration des protocoles, l\u2019analyse des donn\u00e9es, la valorisation des r\u00e9sultats. Avant cela, j\u2019ai travaill\u00e9 durant 3 ans avec des \u00e9pid\u00e9miologistes \u00e0 la l\u2019\u00e9cole de Sant\u00e9 Publique de Nancy, et avant encore, je travaillais au sein des Instituts Techniques Agronomiques \u00e0 Paris. J\u2019ai un master de Biostatistiques de l\u2019Universit\u00e9 de Montpellier obtenu en m\u00eame temps qu\u2019un dipl\u00f4me d\u2019Ing\u00e9nieur Agronome en 1995.<\/p><p>Les principaux projets auxquels j\u2019ai particip\u00e9 \u00e0 l\u2019Universit\u00e9 du Luxembourg sont\u00a0:<\/p><p>De 2013 \u00e0 2016 : Projet de suivi de patients souffrant de maladies cardio-vasculaires, en particulier de l\u2019\u00e9volution de leurs facteurs de risque. Projet financ\u00e9 par le Fonds National de la Recherche et men\u00e9 en partenariat avec le LISER et l\u2019INCCI.<\/p><p>De 2007 \u00e0 2011 : Retentissement familial et qualit\u00e9 de vie apr\u00e8s un Accident Vasculaire C\u00e9r\u00e9bral (patients et aidants). Projet financ\u00e9 par le Fonds National de la Recherche.<\/p><p>2004-2008 : Evaluation du projet R\u00e9insertion Economique et Sociale par l\u2019Education et le Travail des d\u00e9tenus. Projet financ\u00e9 par le Fonds Social Europ\u00e9en et le Fonds de l\u2019Emploi du Minist\u00e8re du Travail.<\/p><p>Actuellement, je participe \u00e0 un projet sur l\u2019Approche Patients Partenaires des Soins au sein de la grande r\u00e9gion (Allemagne, Belgique, France et Luxembourg). Projet financ\u00e9 par le Programme de Coop\u00e9ration Frontali\u00e8re INTERREG.<\/p><p>En parall\u00e8le, de 2009 \u00e0 2015, j\u2019\u00e9tais charg\u00e9 de l\u2019analyse les donn\u00e9es de l\u2019\u00e9valuation des formations par les \u00e9tudiants, de la production et de la diffusion des rapports de synth\u00e8se.<\/p><p>Par ailleurs, je propose depuis cette ann\u00e9e (2018) un soutien statistique aux doctorants de la Facult\u00e9 des Lettres.<\/p><p>Contact\u00a0: Etienne Le Bihan. Bureau 04-35130 au 4 \u00e9tage de la Maison des Sciences Humaines. T\u00e9l\u00a0: 46 66 44 9519, e-mail\u00a0: . <a href=\"mailto:etienne.lebihan@uni.lu\" target=\"_blank\" rel=\"noopener\">etienne.lebihan@uni.lu<\/a> <\/p><\/div>\n<\/section>\n<\/div>\n    <\/div>\n<\/div>\n","protected":false},"excerpt":{"rendered":"","protected":false},"author":44,"featured_media":0,"parent":0,"menu_order":0,"template":"","meta":{"featured_image_focal_point":[],"show_featured_caption":false,"ulux_newsletter_groups":"","uluxPostTitle":"","uluxPrePostTitle":"","_trash_the_other_posts":false,"_price":"","_stock":"","_tribe_ticket_header":"","_tribe_default_ticket_provider":"","_tribe_ticket_capacity":"0","_ticket_start_date":"","_ticket_end_date":"","_tribe_ticket_show_description":"","_tribe_ticket_show_not_going":false,"_tribe_ticket_use_global_stock":"","_tribe_ticket_global_stock_level":"","_global_stock_mode":"","_global_stock_cap":"","_tribe_rsvp_for_event":"","_tribe_ticket_going_count":"","_tribe_ticket_not_going_count":"","_tribe_tickets_list":"[]","_tribe_ticket_has_attendee_info_fields":false,"person_selector_id":"50002178","person_selector_name":"Etienne LE BIHAN","person_migrated":true,"person_general_position_description":"Research and Development Specialist (Faculty of Humanities, Education and Social Sciences - Department of Social Sciences)"},"authorship":[44],"acf":[],"yoast_head":"<!-- This site is optimized with the Yoast SEO Premium plugin v22.3 (Yoast SEO v22.3) - https:\/\/yoast.com\/wordpress\/plugins\/seo\/ -->\n<title>Etienne LE BIHAN - FHSE - University of Luxembourg I Uni.lu<\/title>\n<meta name=\"description\" content=\"Research and Development Specialist Je travaille \u00e0 l\u2019Universit\u00e9 du Luxembourg depuis 2004, \u00e0 la Facult\u00e9 des Sciences Humaines en collaboration avec des\" \/>\n<meta name=\"robots\" content=\"index, follow, max-snippet:-1, max-image-preview:large, max-video-preview:-1\" \/>\n<link rel=\"canonical\" href=\"https:\/\/www.uni.lu\/fhse-en\/people\/etienne-le-bihan\/\" \/>\n<meta property=\"og:locale\" content=\"en_GB\" \/>\n<meta property=\"og:type\" content=\"article\" \/>\n<meta property=\"og:title\" content=\"Etienne LE BIHAN\" \/>\n<meta property=\"og:description\" content=\"Research and Development Specialist\" \/>\n<meta property=\"og:url\" content=\"https:\/\/www.uni.lu\/fhse-en\/people\/etienne-le-bihan\/\" \/>\n<meta property=\"og:site_name\" content=\"FHSE EN\" \/>\n<meta property=\"article:modified_time\" content=\"2025-10-14T05:12:58+00:00\" \/>\n<meta property=\"og:image\" content=\"https:\/\/www.uni.lu\/en\/person-image\/NTAwMDIxNzhfX0V0aWVubmUgTEUgQklIQU4=\" \/>\n\t<meta property=\"og:image:width\" content=\"2560\" \/>\n\t<meta property=\"og:image:height\" content=\"2560\" \/>\n\t<meta property=\"og:image:type\" content=\"image\/jpeg\" \/>\n<meta name=\"twitter:card\" content=\"summary_large_image\" \/>\n<meta name=\"twitter:label1\" content=\"Estimated reading time\" \/>\n\t<meta name=\"twitter:data1\" content=\"2 minutes\" \/>\n<script type=\"application\/ld+json\" class=\"yoast-schema-graph\">{\"@context\":\"https:\/\/schema.org\",\"@graph\":[{\"@type\":\"WebPage\",\"@id\":\"https:\/\/www.uni.lu\/fhse-en\/people\/etienne-le-bihan\/\",\"url\":\"https:\/\/www.uni.lu\/fhse-en\/people\/etienne-le-bihan\/\",\"name\":\"Etienne LE BIHAN - FHSE - University of Luxembourg I Uni.lu\",\"isPartOf\":{\"@id\":\"https:\/\/www.uni.lu\/fhse-en\/#website\"},\"datePublished\":\"2024-02-21T15:04:18+00:00\",\"dateModified\":\"2025-10-14T05:12:58+00:00\",\"description\":\"Research and Development Specialist Je travaille \u00e0 l\u2019Universit\u00e9 du Luxembourg depuis 2004, \u00e0 la Facult\u00e9 des Sciences Humaines en collaboration avec des\",\"breadcrumb\":{\"@id\":\"https:\/\/www.uni.lu\/fhse-en\/people\/etienne-le-bihan\/#breadcrumb\"},\"inLanguage\":\"en-GB\",\"potentialAction\":[{\"@type\":\"ReadAction\",\"target\":[\"https:\/\/www.uni.lu\/fhse-en\/people\/etienne-le-bihan\/\"]}]},{\"@type\":\"BreadcrumbList\",\"@id\":\"https:\/\/www.uni.lu\/fhse-en\/people\/etienne-le-bihan\/#breadcrumb\",\"itemListElement\":[{\"@type\":\"ListItem\",\"position\":1,\"name\":\"Home\",\"item\":\"https:\/\/www.uni.lu\/en\"},{\"@type\":\"ListItem\",\"position\":2,\"name\":\"Faculty of Humanities, Education and Social Sciences\",\"item\":\"https:\/\/www.uni.lu\/fhse-en\/\"},{\"@type\":\"ListItem\",\"position\":3,\"name\":\"Etienne LE BIHAN\"}]},{\"@type\":\"WebSite\",\"@id\":\"https:\/\/www.uni.lu\/fhse-en\/#website\",\"url\":\"https:\/\/www.uni.lu\/fhse-en\/\",\"name\":\"FHSE\",\"description\":\"Faculty of Humanities, Education and Social Sciences I Uni.lu\",\"publisher\":{\"@id\":\"https:\/\/www.uni.lu\/fhse-en\/#organization\"},\"alternateName\":\"Faculty of Humanities, Education and Social Sciences I University of Luxembourg\",\"potentialAction\":[{\"@type\":\"SearchAction\",\"target\":{\"@type\":\"EntryPoint\",\"urlTemplate\":\"https:\/\/www.uni.lu\/fhse-en\/?s={search_term_string}\"},\"query-input\":\"required name=search_term_string\"}],\"inLanguage\":\"en-GB\"},{\"@type\":\"Organization\",\"@id\":\"https:\/\/www.uni.lu\/fhse-en\/#organization\",\"name\":\"FHSE - University of Luxembourg I Uni.lu\",\"alternateName\":\"Faculty of Humanities, Education and Social Sciences\",\"url\":\"https:\/\/www.uni.lu\/fhse-en\/\",\"logo\":{\"@type\":\"ImageObject\",\"inLanguage\":\"en-GB\",\"@id\":\"https:\/\/www.uni.lu\/fhse-en\/#\/schema\/logo\/image\/\",\"url\":\"https:\/\/www.uni.lu\/wp-content\/uploads\/sites\/2\/2026\/03\/03112240\/FHSE_SM-Profile_1600x1600px-scaled.jpg\",\"contentUrl\":\"https:\/\/www.uni.lu\/wp-content\/uploads\/sites\/2\/2026\/03\/03112240\/FHSE_SM-Profile_1600x1600px-scaled.jpg\",\"width\":2560,\"height\":2560,\"caption\":\"FHSE - University of Luxembourg I Uni.lu\"},\"image\":\"https:\/\/www.uni.lu\/wp-content\/uploads\/sites\/2\/2026\/04\/24144328\/20200609-Belval-Campus_Henri-Goergen-23.jpg\",\"sameAs\":[\"https:\/\/humanities.uni.lu\/\"],\"email\":\"communication@uni.lu\",\"telephone\":\"+3524666441\",\"address\":{\"@type\":\"PostalAddress\",\"streetAddress\":\"11, Porte des Sciences\",\"addressLocality\":\"Esch-sur-Alzette\",\"postalCode\":\"4365\",\"addressCountry\":\"LU\"},\"description\":\"Faculty of Humanities, Education and Social Sciences I Uni.lu\"}]}<\/script>\n<!-- \/ Yoast SEO Premium plugin. -->","yoast_head_json":{"title":"Etienne LE BIHAN - FHSE - University of Luxembourg I Uni.lu","description":"Research and Development Specialist Je travaille \u00e0 l\u2019Universit\u00e9 du Luxembourg depuis 2004, \u00e0 la Facult\u00e9 des Sciences Humaines en collaboration avec des","robots":{"index":"index","follow":"follow","max-snippet":"max-snippet:-1","max-image-preview":"max-image-preview:large","max-video-preview":"max-video-preview:-1"},"canonical":"https:\/\/www.uni.lu\/fhse-en\/people\/etienne-le-bihan\/","og_locale":"en_GB","og_type":"article","og_title":"Etienne LE BIHAN","og_description":"Research and Development Specialist","og_url":"https:\/\/www.uni.lu\/fhse-en\/people\/etienne-le-bihan\/","og_site_name":"FHSE EN","article_modified_time":"2025-10-14T05:12:58+00:00","og_image":[{"width":2560,"height":2560,"url":"https:\/\/www.uni.lu\/en\/person-image\/NTAwMDIxNzhfX0V0aWVubmUgTEUgQklIQU4=","type":"image\/jpeg"}],"twitter_card":"summary_large_image","twitter_misc":{"Estimated reading time":"2 minutes"},"schema":{"@context":"https:\/\/schema.org","@graph":[{"@type":"WebPage","@id":"https:\/\/www.uni.lu\/fhse-en\/people\/etienne-le-bihan\/","url":"https:\/\/www.uni.lu\/fhse-en\/people\/etienne-le-bihan\/","name":"Etienne LE BIHAN - FHSE - University of Luxembourg I Uni.lu","isPartOf":{"@id":"https:\/\/www.uni.lu\/fhse-en\/#website"},"datePublished":"2024-02-21T15:04:18+00:00","dateModified":"2025-10-14T05:12:58+00:00","description":"Research and Development Specialist Je travaille \u00e0 l\u2019Universit\u00e9 du Luxembourg depuis 2004, \u00e0 la Facult\u00e9 des Sciences Humaines en collaboration avec des","breadcrumb":{"@id":"https:\/\/www.uni.lu\/fhse-en\/people\/etienne-le-bihan\/#breadcrumb"},"inLanguage":"en-GB","potentialAction":[{"@type":"ReadAction","target":["https:\/\/www.uni.lu\/fhse-en\/people\/etienne-le-bihan\/"]}]},{"@type":"BreadcrumbList","@id":"https:\/\/www.uni.lu\/fhse-en\/people\/etienne-le-bihan\/#breadcrumb","itemListElement":[{"@type":"ListItem","position":1,"name":"Home","item":"https:\/\/www.uni.lu\/en"},{"@type":"ListItem","position":2,"name":"Faculty of Humanities, Education and Social Sciences","item":"https:\/\/www.uni.lu\/fhse-en\/"},{"@type":"ListItem","position":3,"name":"Etienne LE BIHAN"}]},{"@type":"WebSite","@id":"https:\/\/www.uni.lu\/fhse-en\/#website","url":"https:\/\/www.uni.lu\/fhse-en\/","name":"FHSE","description":"Faculty of Humanities, Education and Social Sciences I Uni.lu","publisher":{"@id":"https:\/\/www.uni.lu\/fhse-en\/#organization"},"alternateName":"Faculty of Humanities, Education and Social Sciences I University of Luxembourg","potentialAction":[{"@type":"SearchAction","target":{"@type":"EntryPoint","urlTemplate":"https:\/\/www.uni.lu\/fhse-en\/?s={search_term_string}"},"query-input":"required name=search_term_string"}],"inLanguage":"en-GB"},{"@type":"Organization","@id":"https:\/\/www.uni.lu\/fhse-en\/#organization","name":"FHSE - University of Luxembourg I Uni.lu","alternateName":"Faculty of Humanities, Education and Social Sciences","url":"https:\/\/www.uni.lu\/fhse-en\/","logo":{"@type":"ImageObject","inLanguage":"en-GB","@id":"https:\/\/www.uni.lu\/fhse-en\/#\/schema\/logo\/image\/","url":"https:\/\/www.uni.lu\/wp-content\/uploads\/sites\/2\/2026\/03\/03112240\/FHSE_SM-Profile_1600x1600px-scaled.jpg","contentUrl":"https:\/\/www.uni.lu\/wp-content\/uploads\/sites\/2\/2026\/03\/03112240\/FHSE_SM-Profile_1600x1600px-scaled.jpg","width":2560,"height":2560,"caption":"FHSE - University of Luxembourg I Uni.lu"},"image":"https:\/\/www.uni.lu\/wp-content\/uploads\/sites\/2\/2026\/04\/24144328\/20200609-Belval-Campus_Henri-Goergen-23.jpg","sameAs":["https:\/\/humanities.uni.lu\/"],"email":"communication@uni.lu","telephone":"+3524666441","address":{"@type":"PostalAddress","streetAddress":"11, Porte des Sciences","addressLocality":"Esch-sur-Alzette","postalCode":"4365","addressCountry":"LU"},"description":"Faculty of Humanities, Education and Social Sciences I Uni.lu"}]}},"_links":{"self":[{"href":"https:\/\/www.uni.lu\/fhse-en\/wp-json\/wp\/v2\/people\/5167"}],"collection":[{"href":"https:\/\/www.uni.lu\/fhse-en\/wp-json\/wp\/v2\/people"}],"about":[{"href":"https:\/\/www.uni.lu\/fhse-en\/wp-json\/wp\/v2\/types\/people"}],"author":[{"embeddable":true,"href":"https:\/\/www.uni.lu\/fhse-en\/wp-json\/wp\/v2\/users\/44"}],"version-history":[{"count":5,"href":"https:\/\/www.uni.lu\/fhse-en\/wp-json\/wp\/v2\/people\/5167\/revisions"}],"predecessor-version":[{"id":29960,"href":"https:\/\/www.uni.lu\/fhse-en\/wp-json\/wp\/v2\/people\/5167\/revisions\/29960"}],"wp:authorship":[{"embeddable":true,"href":"https:\/\/www.uni.lu\/fhse-en\/wp-json\/wp\/v2\/users\/44"}],"wp:attachment":[{"href":"https:\/\/www.uni.lu\/fhse-en\/wp-json\/wp\/v2\/media?parent=5167"}],"curies":[{"name":"wp","href":"https:\/\/api.w.org\/{rel}","templated":true}]}}