{"id":5109,"date":"2024-02-21T15:59:17","date_gmt":"2024-02-21T14:59:17","guid":{"rendered":"https:\/\/www.uni.lu\/fhse-en\/blog\/people\/claudio-cicotti\/"},"modified":"2026-04-22T06:32:12","modified_gmt":"2026-04-22T04:32:12","slug":"claudio-cicotti","status":"publish","type":"people","link":"https:\/\/www.uni.lu\/fhse-en\/people\/claudio-cicotti\/","title":{"rendered":"Claudio CICOTTI"},"content":{"rendered":"\n\n<div class=\"person-template\">\n    <div class=\"wp-block-unilux-people-person-hero wp-block-unilux-blocks-hero\">\n            <section id=\"hero-page\" class=\"section py-0\">\n            <div class=\"max-w-screen-3xl mx-auto wp-block-unilux-blocks-hero\">\n                <div class=\"hero hero--overflow-none\">\n                    <header class=\"hero__header\">\n                        <div class=\"hero__container\">\n                            <span class=\"hero__title__subject\">\n                                Our People                            <\/span>\n                            <h1>\n                                Dr.                                Claudio                                CICOTTI                            <\/h1>\n                        <\/div>\n                    <\/header>\n                    <div class=\"hero__visual\">\n                        <img\n                                class=\"object-cover w-full h-full\"\n                                src=\"https:\/\/www.uni.lu\/en\/person-image\/NTAwMDEyODJfX0NsYXVkaW8gQ0lDT1RUSQ==\"\n                                srcset=\"https:\/\/www.uni.lu\/en\/person-image\/NTAwMDEyODJfX0NsYXVkaW8gQ0lDT1RUSQ==--thumbnail 150w,https:\/\/www.uni.lu\/en\/person-image\/NTAwMDEyODJfX0NsYXVkaW8gQ0lDT1RUSQ==--medium 300w,https:\/\/www.uni.lu\/en\/person-image\/NTAwMDEyODJfX0NsYXVkaW8gQ0lDT1RUSQ==--medium_large 768w,https:\/\/www.uni.lu\/en\/person-image\/NTAwMDEyODJfX0NsYXVkaW8gQ0lDT1RUSQ==--large 1024w,https:\/\/www.uni.lu\/en\/person-image\/NTAwMDEyODJfX0NsYXVkaW8gQ0lDT1RUSQ==--1536x1536 1536w,https:\/\/www.uni.lu\/en\/person-image\/NTAwMDEyODJfX0NsYXVkaW8gQ0lDT1RUSQ==--2048x2048 2048w\"\n                                loading=\"lazy\"\n                                alt=\"\">\n                    <\/div>\n                    <div class=\"hero__body\">\n                        <div class=\"hero__container\">\n                            <p>Research scientist<\/p>\n                            <h2 class=\"text-h6\">\n                                Contact                            <\/h2>\n                            <ul>\n                                                                <li>\n                                    <div class=\"icon-info icon-contact\">\n                                        <svg\n                                            aria-hidden=\"true\"\n                                            focusable=\"false\"\n                                            class=\"\n                                                icon\n                                                icon-outline\n                                                icon--primary\n                                                icon--secondary\n                                            \">\n\n                                            <use\n                                                xlink:href=\"https:\/\/www.uni.lu\/wp-content\/themes\/unilux-theme\/assets\/images\/icons\/icons-outline.svg#icon--email\">\n                                            <\/use>\n                                        <\/svg>\n                                        <div class=\"icon-info__body\">\n                                            &#099;&#108;aud&#105;&#111;.&#099;&#105;cotti&#064;un&#105;.l&#117;                                        <\/div>\n                                    <\/div>\n                                <\/li>\n                                                                                                <li>\n                                    <div class=\"icon-info icon-contact\">\n                                        <svg\n                                                aria-hidden=\"true\"\n                                                focusable=\"false\"\n                                                class=\"\n                                                    icon icon-outline\n                                                    icon--primary\n                                                    icon--secondary\n                                                \">\n\n                                            <use xlink:href=\"https:\/\/www.uni.lu\/wp-content\/themes\/unilux-theme\/assets\/images\/icons\/icons-outline.svg#icon--phone\">\n                                            <\/use>\n                                        <\/svg>\n                                        <div class=\"icon-info__body\">\n                                            (+352) 46 66 44\n                                            9711                                        <\/div>\n                                    <\/div>\n                                <\/li>\n                                                            <\/ul>\n                        <\/div>\n                    <\/div>\n                <\/div>\n            <\/div>\n        <\/section>\n    <\/div>\n\n<div class=\"wp-block-unilux-blocks-wrapper tabs-pre-heading\">\n    \n\n<div class=\"wp-block-unilux-blocks-wrapper container xl:max-w-screen-xl\">\n    \n\n<h2 class=\"has-text-align-left wp-block-unilux-blocks-heading\"        id=\"details\"\n    >\nDetails<\/h2>\n\n    <\/div>\n    <\/div>\n\n<div class=\"wp-block-unilux-blocks-wrapper container xl:max-w-screen-xl\">\n    \n\n<div id=\"tab-nav\" class=\"tab-nav\">\n    <button\n        type=\"button\"\n        class=\"button-toggle btn btn--white w-full\"\n        aria-expanded=\"false\"\n        aria-controls=\"tab-nav__listing\"\n        title=\"The selected tab is CONTENT OF THE CURRENT LABEL\"\n    >\n        <span class=\"btn__name mr-auto\">Profile<\/span>\n        <svg aria-hidden=\"true\" focusable=\"false\" class=\"icon icon-outline icon--xs\">\n            <use xlink:href=\"https:\/\/www.uni.lu\/wp-content\/themes\/unilux-theme\/assets\/images\/icons\/icons-outline.svg#icon--arrow-down\" \/>\n        <\/svg>\n    <\/button>\n    <ul\n        id=\"tab-nav__listing\"\n        class=\"tab-nav__listing nav manual\"\n        role=\"tablist\"\n        aria-label=\"About me\"\n    >\n                <li role=\"presentation\" class=\"tab-nav__item\" key={button.id}>\n            <button\n                type=\"button\"\n                id=\"tab-profile-tab-50001282\"\n                data-bs-toggle=\"tab\"\n                data-bs-target=\"#tabpanel-profile-tab-50001282\"\n                role=\"tab\"\n                aria-controls=\"tabpanel-profile-tab-50001282\"\n                aria-selected=\"false\"\n                aria-current=\"false\"\n                class=\"tab-nav__button\"\n                tabIndex=\"-1\"\n            >\n                <svg aria-hidden=\"true\" focusable=\"false\" class=\"icon icon-outline icon--xs\">\n                    <use xlink:href=\"https:\/\/www.uni.lu\/wp-content\/themes\/unilux-theme\/assets\/images\/icons\/icons-outline.svg#icon--arrow-right\" \/>\n                <\/svg>\n                <span class=\"tab-nav__name\">Profile<\/span>\n            <\/button>\n        <\/li>\n                <li role=\"presentation\" class=\"tab-nav__item\" key={button.id}>\n            <button\n                type=\"button\"\n                id=\"tab-cv-tab-50001282\"\n                data-bs-toggle=\"tab\"\n                data-bs-target=\"#tabpanel-cv-tab-50001282\"\n                role=\"tab\"\n                aria-controls=\"tabpanel-cv-tab-50001282\"\n                aria-selected=\"false\"\n                aria-current=\"false\"\n                class=\"tab-nav__button\"\n                tabIndex=\"-1\"\n            >\n                <svg aria-hidden=\"true\" focusable=\"false\" class=\"icon icon-outline icon--xs\">\n                    <use xlink:href=\"https:\/\/www.uni.lu\/wp-content\/themes\/unilux-theme\/assets\/images\/icons\/icons-outline.svg#icon--arrow-right\" \/>\n                <\/svg>\n                <span class=\"tab-nav__name\">CV<\/span>\n            <\/button>\n        <\/li>\n            <\/ul>\n<\/div>\n<div class=\"tab-content\">\n    <section\n    id=\"tabpanel-profile-tab-50001282\"\n    aria-labelledby=\"tab-profile-tab-50001282\"\n    class=\"tab-panel fade hidden is-hidden\"\n>\n    <div class=\"wp-block-unilux-people-person-details\">\n    \n<h3 class=\"has-text-align-left wp-block-unilux-blocks-heading\"        id=\"functions\"\n    >\nFunctions<\/h3>\n\n<p>Research scientist<\/p>\n\n<h3 class=\"has-text-align-left wp-block-unilux-blocks-heading\"        id=\"in-detail\"\n    >\nIn detail<\/h3>\n<div class=\"customer-spacer-b-md\">\n    <ul class=\"list-highlighted\">\n            <li class=\"list-highlighted__item\">\n        <header class=\"list-highlighted__header\">\n            <h4 class=\"title\">\n                <strong>\n                    Organisation                <\/strong>\n            <\/h4>\n        <\/header>\n        <div class=\"list-highlighted__body\">\n            <a href=\"https:\/\/www.uni.lu\/fhse-en\/\" title=\"Faculty of Humanities, Education and Social Sciences\">Faculty of Humanities, Education and Social Sciences<\/a>        <\/div>\n    <\/li>\n    <li class=\"list-highlighted__item\">\n        <header class=\"list-highlighted__header\">\n            <h4 class=\"title\">\n                <strong>\n                    Department                <\/strong>\n            <\/h4>\n        <\/header>\n        <div class=\"list-highlighted__body\">\n            <a href=\"https:\/\/www.uni.lu\/fhse-en\/research-departments\/department-of-humanities\/\" title=\"Department of Humanities\">Department of Humanities<\/a>        <\/div>\n    <\/li>\n    <li class=\"list-highlighted__item\">\n        <header class=\"list-highlighted__header\">\n            <h4 class=\"title\">\n                <strong>\n                    Postal address                <\/strong>\n            <\/h4>\n        <\/header>\n        <div class=\"list-highlighted__body\">\n            Maison Sciences Humaines<br>11, Porte des Sciences<br>L-4366 ESCH        <\/div>\n    <\/li>\n    <li class=\"list-highlighted__item\">\n        <header class=\"list-highlighted__header\">\n            <h4 class=\"title\">\n                <strong>\n                    Campus office                <\/strong>\n            <\/h4>\n        <\/header>\n        <div class=\"list-highlighted__body\">\n            MSH, E02 0225010        <\/div>\n    <\/li>\n    <li class=\"list-highlighted__item\">\n        <header class=\"list-highlighted__header\">\n            <h4 class=\"title\">\n                <strong>\n                    Contact details                <\/strong>\n            <\/h4>\n        <\/header>\n        <div class=\"list-highlighted__body\">\n                            <div class=\"icon-info icon-list-item\">\n                    <svg aria-hidden=\"true\" focusable=\"false\"\n                        class=\"icon icon-outline icon--primary icon--secondary\">\n                        <use xlink:href=\"https:\/\/www.uni.lu\/wp-content\/themes\/unilux-theme\/assets\/images\/icons\/icons-outline.svg#icon--email\"><\/use>\n                    <\/svg>\n                    <div class=\"icon-info__body\">\n                        &#099;la&#117;dio&#046;&#099;ico&#116;&#116;i&#064;un&#105;.&#108;&#117;                    <\/div>\n                <\/div>\n            \n                            <div class=\"icon-info icon-list-item\">\n                    <svg aria-hidden=\"true\" focusable=\"false\"\n                        class=\"icon icon-outline icon--primary icon--secondary\">\n                        <use xlink:href=\"https:\/\/www.uni.lu\/wp-content\/themes\/unilux-theme\/assets\/images\/icons\/icons-outline.svg#icon--phone\"><\/use>\n                    <\/svg>\n                    <div class=\"icon-info__body\">\n                        (+352) 46 66 44 9711                    <\/div>\n                <\/div>\n            \n            \n                    <\/div>\n    <\/li>\n    <\/ul>\n<\/div>\n<div style=\"display: inline-block\" class=\"wp-block-unilux-people-person-details\">\n<div class=\"wp-block-button is-style-primary\">\n    <a class=\"wp-block-button__link\" href=\"https:\/\/orbilu.uni.lu\/profile?uid=50001282\" target=\"_blank\">Publications on ORBilu<\/a>\n<\/div><\/div><\/div>\n<\/section>\n<section\n    id=\"tabpanel-cv-tab-50001282\"\n    aria-labelledby=\"tab-cv-tab-50001282\"\n    class=\"tab-panel fade hidden is-hidden\"\n>\n    \n<div class=\"wp-block-unilux-blocks-wrapper \">\n        \n<p>Claudio Cicotti enseigne la litt\u00e9rature italienne, le cin\u00e9ma italien et les th\u00e9ories et pratiques de l\u2019\u00e9criture autobiographique \u00e0 l\u2019Universit\u00e9 du Luxembourg, o\u00f9 il est responsable de la Section des lettres italiennes. Il est directeur de la <a href=\"https:\/\/www.uni.lu\/fhse-en\/study-programs\/formation-continue-en-langue-culture-et-societe-italiennes\/\">Formation continue en Langue, Culture et Soci\u00e9t\u00e9 Italiennes  (LCSI)<\/a>.<\/p>\n\n<p>Il a fait son doctorat \u00e0 l\u2019Universit\u00e9 de Sarrebruck, sous la direction de Max Pfister et Wolfgang Schweickard ; il a collabor\u00e9 de 1995 \u00e0 2005 au LEI (Lessico Etimologico Italiano) de l\u2019Acad\u00e9mie de Mayence. Il dirige des projets de recherche et de doctorat. Il a \u00e9t\u00e9 pr\u00e9sident du Centre international d\u2019\u00e9tudes entre le Luxembourg et l\u2019Italie (CIELI) et membre du Centre interdisciplinaire de recherche sur l\u2019Italie de l\u2019Universit\u00e9 Marc Bloch de Strasbourg.<\/p>\n\n<p>Claudio Cicotti a toujours investi ses \u00e9nergies dans la valorisation de la composante italienne du Luxembourg et de la Grande R\u00e9gion, et il a concentr\u00e9 ses efforts sur l\u2019interculturalit\u00e9 et l\u2019interdisciplinarit\u00e9, notamment gr\u00e2ce \u00e0 ses liens avec le monde des institutions et des entrepreneurs : l\u2019Ambassade d\u2019Italie, les institutions europ\u00e9ennes, les associations, les nombreuses banques du Grand-Duch\u00e9, etc.<\/p>\n\n<p>Ses publications portent sur la litt\u00e9rature des XVIIe, XVIIIe et XXe si\u00e8cles, la philologie, la lexicographie et l\u2019\u00e9criture autobiographique. Il s\u2019occupe \u00e9galement de culture migratoire et a con\u00e7u et coordonn\u00e9 les projets de recherche \u00ab Pr\u00e9sence, histoire, m\u00e9moires des Italiens au Luxembourg et dans la Grande R\u00e9gion \u00bb (2004-2008), \u00ab Textualit\u00e9 des Italiens de la Grande R\u00e9gion et int\u00e9gration \u00bb (TIGRI 1 et 2) (2009-2014), \u00ab Autobiography, Migration and (re)construction of Identity in Luxembourg \u00bb (AMIL) (2015-2020) et, actuellement, \u00ab Ces Italies qui respirent au Luxembourg et dans la Grande R\u00e9gion \u00bb (depuis 2022).<\/p>\n<\/div>\n<\/section>\n<\/div>\n    <\/div>\n<\/div>\n","protected":false},"excerpt":{"rendered":"","protected":false},"author":44,"featured_media":0,"parent":0,"menu_order":0,"template":"","meta":{"featured_image_focal_point":[],"show_featured_caption":false,"ulux_newsletter_groups":"","uluxPostTitle":"","uluxPrePostTitle":"","_trash_the_other_posts":false,"_price":"","_stock":"","_tribe_ticket_header":"","_tribe_default_ticket_provider":"","_tribe_ticket_capacity":"0","_ticket_start_date":"","_ticket_end_date":"","_tribe_ticket_show_description":"","_tribe_ticket_show_not_going":false,"_tribe_ticket_use_global_stock":"","_tribe_ticket_global_stock_level":"","_global_stock_mode":"","_global_stock_cap":"","_tribe_rsvp_for_event":"","_tribe_ticket_going_count":"","_tribe_ticket_not_going_count":"","_tribe_tickets_list":"[]","_tribe_ticket_has_attendee_info_fields":false,"person_selector_id":"50001282","person_selector_name":"Claudio CICOTTI","person_migrated":true,"person_general_position_description":"Research scientist (Faculty of Humanities, Education and Social Sciences - Department of Humanities)"},"authorship":[44],"acf":[],"yoast_head":"<!-- This site is optimized with the Yoast SEO Premium plugin v22.3 (Yoast SEO v22.3) - https:\/\/yoast.com\/wordpress\/plugins\/seo\/ -->\n<title>Claudio CICOTTI - FHSE - University of Luxembourg I Uni.lu<\/title>\n<meta name=\"description\" content=\"Research scientist Claudio Cicotti enseigne la litt\u00e9rature italienne, le cin\u00e9ma italien et les th\u00e9ories et pratiques de l\u2019\u00e9criture autobiographique \u00e0\" \/>\n<meta name=\"robots\" content=\"index, follow, max-snippet:-1, max-image-preview:large, max-video-preview:-1\" \/>\n<link rel=\"canonical\" href=\"https:\/\/www.uni.lu\/fhse-en\/people\/claudio-cicotti\/\" \/>\n<meta property=\"og:locale\" content=\"en_GB\" \/>\n<meta property=\"og:type\" content=\"article\" \/>\n<meta property=\"og:title\" content=\"Claudio CICOTTI\" \/>\n<meta property=\"og:description\" content=\"Research scientist\" \/>\n<meta property=\"og:url\" content=\"https:\/\/www.uni.lu\/fhse-en\/people\/claudio-cicotti\/\" \/>\n<meta property=\"og:site_name\" content=\"FHSE EN\" \/>\n<meta property=\"article:modified_time\" content=\"2026-04-22T04:32:12+00:00\" \/>\n<meta property=\"og:image\" content=\"https:\/\/www.uni.lu\/en\/person-image\/NTAwMDEyODJfX0NsYXVkaW8gQ0lDT1RUSQ==\" \/>\n\t<meta property=\"og:image:width\" content=\"2560\" \/>\n\t<meta property=\"og:image:height\" content=\"2560\" \/>\n\t<meta property=\"og:image:type\" content=\"image\/jpeg\" \/>\n<meta name=\"twitter:card\" content=\"summary_large_image\" \/>\n<meta name=\"twitter:label1\" content=\"Estimated reading time\" \/>\n\t<meta name=\"twitter:data1\" content=\"2 minutes\" \/>\n<script type=\"application\/ld+json\" class=\"yoast-schema-graph\">{\"@context\":\"https:\/\/schema.org\",\"@graph\":[{\"@type\":\"WebPage\",\"@id\":\"https:\/\/www.uni.lu\/fhse-en\/people\/claudio-cicotti\/\",\"url\":\"https:\/\/www.uni.lu\/fhse-en\/people\/claudio-cicotti\/\",\"name\":\"Claudio CICOTTI - FHSE - University of Luxembourg I Uni.lu\",\"isPartOf\":{\"@id\":\"https:\/\/www.uni.lu\/fhse-en\/#website\"},\"datePublished\":\"2024-02-21T14:59:17+00:00\",\"dateModified\":\"2026-04-22T04:32:12+00:00\",\"description\":\"Research scientist Claudio Cicotti enseigne la litt\u00e9rature italienne, le cin\u00e9ma italien et les th\u00e9ories et pratiques de l\u2019\u00e9criture autobiographique \u00e0\",\"breadcrumb\":{\"@id\":\"https:\/\/www.uni.lu\/fhse-en\/people\/claudio-cicotti\/#breadcrumb\"},\"inLanguage\":\"en-GB\",\"potentialAction\":[{\"@type\":\"ReadAction\",\"target\":[\"https:\/\/www.uni.lu\/fhse-en\/people\/claudio-cicotti\/\"]}]},{\"@type\":\"BreadcrumbList\",\"@id\":\"https:\/\/www.uni.lu\/fhse-en\/people\/claudio-cicotti\/#breadcrumb\",\"itemListElement\":[{\"@type\":\"ListItem\",\"position\":1,\"name\":\"Home\",\"item\":\"https:\/\/www.uni.lu\/en\"},{\"@type\":\"ListItem\",\"position\":2,\"name\":\"Faculty of Humanities, Education and Social Sciences\",\"item\":\"https:\/\/www.uni.lu\/fhse-en\/\"},{\"@type\":\"ListItem\",\"position\":3,\"name\":\"Claudio CICOTTI\"}]},{\"@type\":\"WebSite\",\"@id\":\"https:\/\/www.uni.lu\/fhse-en\/#website\",\"url\":\"https:\/\/www.uni.lu\/fhse-en\/\",\"name\":\"FHSE\",\"description\":\"Faculty of Humanities, Education and Social Sciences I Uni.lu\",\"publisher\":{\"@id\":\"https:\/\/www.uni.lu\/fhse-en\/#organization\"},\"alternateName\":\"Faculty of Humanities, Education and Social Sciences I University of Luxembourg\",\"potentialAction\":[{\"@type\":\"SearchAction\",\"target\":{\"@type\":\"EntryPoint\",\"urlTemplate\":\"https:\/\/www.uni.lu\/fhse-en\/?s={search_term_string}\"},\"query-input\":\"required name=search_term_string\"}],\"inLanguage\":\"en-GB\"},{\"@type\":\"Organization\",\"@id\":\"https:\/\/www.uni.lu\/fhse-en\/#organization\",\"name\":\"FHSE - University of Luxembourg I Uni.lu\",\"alternateName\":\"Faculty of Humanities, Education and Social Sciences\",\"url\":\"https:\/\/www.uni.lu\/fhse-en\/\",\"logo\":{\"@type\":\"ImageObject\",\"inLanguage\":\"en-GB\",\"@id\":\"https:\/\/www.uni.lu\/fhse-en\/#\/schema\/logo\/image\/\",\"url\":\"https:\/\/www.uni.lu\/wp-content\/uploads\/sites\/2\/2026\/03\/03112240\/FHSE_SM-Profile_1600x1600px-scaled.jpg\",\"contentUrl\":\"https:\/\/www.uni.lu\/wp-content\/uploads\/sites\/2\/2026\/03\/03112240\/FHSE_SM-Profile_1600x1600px-scaled.jpg\",\"width\":2560,\"height\":2560,\"caption\":\"FHSE - University of Luxembourg I Uni.lu\"},\"image\":\"https:\/\/www.uni.lu\/wp-content\/uploads\/sites\/2\/2026\/04\/24144328\/20200609-Belval-Campus_Henri-Goergen-23.jpg\",\"sameAs\":[\"https:\/\/humanities.uni.lu\/\"],\"email\":\"communication@uni.lu\",\"telephone\":\"+3524666441\",\"address\":{\"@type\":\"PostalAddress\",\"streetAddress\":\"11, Porte des Sciences\",\"addressLocality\":\"Esch-sur-Alzette\",\"postalCode\":\"4365\",\"addressCountry\":\"LU\"},\"description\":\"Faculty of Humanities, Education and Social Sciences I Uni.lu\"}]}<\/script>\n<!-- \/ Yoast SEO Premium plugin. -->","yoast_head_json":{"title":"Claudio CICOTTI - FHSE - University of Luxembourg I Uni.lu","description":"Research scientist Claudio Cicotti enseigne la litt\u00e9rature italienne, le cin\u00e9ma italien et les th\u00e9ories et pratiques de l\u2019\u00e9criture autobiographique \u00e0","robots":{"index":"index","follow":"follow","max-snippet":"max-snippet:-1","max-image-preview":"max-image-preview:large","max-video-preview":"max-video-preview:-1"},"canonical":"https:\/\/www.uni.lu\/fhse-en\/people\/claudio-cicotti\/","og_locale":"en_GB","og_type":"article","og_title":"Claudio CICOTTI","og_description":"Research scientist","og_url":"https:\/\/www.uni.lu\/fhse-en\/people\/claudio-cicotti\/","og_site_name":"FHSE EN","article_modified_time":"2026-04-22T04:32:12+00:00","og_image":[{"width":2560,"height":2560,"url":"https:\/\/www.uni.lu\/en\/person-image\/NTAwMDEyODJfX0NsYXVkaW8gQ0lDT1RUSQ==","type":"image\/jpeg"}],"twitter_card":"summary_large_image","twitter_misc":{"Estimated reading time":"2 minutes"},"schema":{"@context":"https:\/\/schema.org","@graph":[{"@type":"WebPage","@id":"https:\/\/www.uni.lu\/fhse-en\/people\/claudio-cicotti\/","url":"https:\/\/www.uni.lu\/fhse-en\/people\/claudio-cicotti\/","name":"Claudio CICOTTI - FHSE - University of Luxembourg I Uni.lu","isPartOf":{"@id":"https:\/\/www.uni.lu\/fhse-en\/#website"},"datePublished":"2024-02-21T14:59:17+00:00","dateModified":"2026-04-22T04:32:12+00:00","description":"Research scientist Claudio Cicotti enseigne la litt\u00e9rature italienne, le cin\u00e9ma italien et les th\u00e9ories et pratiques de l\u2019\u00e9criture autobiographique \u00e0","breadcrumb":{"@id":"https:\/\/www.uni.lu\/fhse-en\/people\/claudio-cicotti\/#breadcrumb"},"inLanguage":"en-GB","potentialAction":[{"@type":"ReadAction","target":["https:\/\/www.uni.lu\/fhse-en\/people\/claudio-cicotti\/"]}]},{"@type":"BreadcrumbList","@id":"https:\/\/www.uni.lu\/fhse-en\/people\/claudio-cicotti\/#breadcrumb","itemListElement":[{"@type":"ListItem","position":1,"name":"Home","item":"https:\/\/www.uni.lu\/en"},{"@type":"ListItem","position":2,"name":"Faculty of Humanities, Education and Social Sciences","item":"https:\/\/www.uni.lu\/fhse-en\/"},{"@type":"ListItem","position":3,"name":"Claudio CICOTTI"}]},{"@type":"WebSite","@id":"https:\/\/www.uni.lu\/fhse-en\/#website","url":"https:\/\/www.uni.lu\/fhse-en\/","name":"FHSE","description":"Faculty of Humanities, Education and Social Sciences I Uni.lu","publisher":{"@id":"https:\/\/www.uni.lu\/fhse-en\/#organization"},"alternateName":"Faculty of Humanities, Education and Social Sciences I University of Luxembourg","potentialAction":[{"@type":"SearchAction","target":{"@type":"EntryPoint","urlTemplate":"https:\/\/www.uni.lu\/fhse-en\/?s={search_term_string}"},"query-input":"required name=search_term_string"}],"inLanguage":"en-GB"},{"@type":"Organization","@id":"https:\/\/www.uni.lu\/fhse-en\/#organization","name":"FHSE - University of Luxembourg I Uni.lu","alternateName":"Faculty of Humanities, Education and Social Sciences","url":"https:\/\/www.uni.lu\/fhse-en\/","logo":{"@type":"ImageObject","inLanguage":"en-GB","@id":"https:\/\/www.uni.lu\/fhse-en\/#\/schema\/logo\/image\/","url":"https:\/\/www.uni.lu\/wp-content\/uploads\/sites\/2\/2026\/03\/03112240\/FHSE_SM-Profile_1600x1600px-scaled.jpg","contentUrl":"https:\/\/www.uni.lu\/wp-content\/uploads\/sites\/2\/2026\/03\/03112240\/FHSE_SM-Profile_1600x1600px-scaled.jpg","width":2560,"height":2560,"caption":"FHSE - University of Luxembourg I Uni.lu"},"image":"https:\/\/www.uni.lu\/wp-content\/uploads\/sites\/2\/2026\/04\/24144328\/20200609-Belval-Campus_Henri-Goergen-23.jpg","sameAs":["https:\/\/humanities.uni.lu\/"],"email":"communication@uni.lu","telephone":"+3524666441","address":{"@type":"PostalAddress","streetAddress":"11, Porte des Sciences","addressLocality":"Esch-sur-Alzette","postalCode":"4365","addressCountry":"LU"},"description":"Faculty of Humanities, Education and Social Sciences I Uni.lu"}]}},"_links":{"self":[{"href":"https:\/\/www.uni.lu\/fhse-en\/wp-json\/wp\/v2\/people\/5109"}],"collection":[{"href":"https:\/\/www.uni.lu\/fhse-en\/wp-json\/wp\/v2\/people"}],"about":[{"href":"https:\/\/www.uni.lu\/fhse-en\/wp-json\/wp\/v2\/types\/people"}],"author":[{"embeddable":true,"href":"https:\/\/www.uni.lu\/fhse-en\/wp-json\/wp\/v2\/users\/44"}],"version-history":[{"count":5,"href":"https:\/\/www.uni.lu\/fhse-en\/wp-json\/wp\/v2\/people\/5109\/revisions"}],"predecessor-version":[{"id":34723,"href":"https:\/\/www.uni.lu\/fhse-en\/wp-json\/wp\/v2\/people\/5109\/revisions\/34723"}],"wp:authorship":[{"embeddable":true,"href":"https:\/\/www.uni.lu\/fhse-en\/wp-json\/wp\/v2\/users\/44"}],"wp:attachment":[{"href":"https:\/\/www.uni.lu\/fhse-en\/wp-json\/wp\/v2\/media?parent=5109"}],"curies":[{"name":"wp","href":"https:\/\/api.w.org\/{rel}","templated":true}]}}