{"id":14955,"date":"2024-07-05T09:49:16","date_gmt":"2024-07-05T07:49:16","guid":{"rendered":"https:\/\/www.uni.lu\/fhse-en\/?post_type=core-researches&#038;p=14955"},"modified":"2024-10-15T15:05:33","modified_gmt":"2024-10-15T13:05:33","slug":"iba-alzette-belval-mission-de-prefiguration-iba-alzette-belval","status":"publish","type":"core-researches","link":"https:\/\/www.uni.lu\/fhse-en\/core-researches\/iba-alzette-belval-mission-de-prefiguration-iba-alzette-belval\/","title":{"rendered":"IBA Alzette Belval &#8211; Mission de pr\u00e9figuration IBA Alzette Belval"},"content":{"rendered":"","protected":false},"excerpt":{"rendered":"","protected":false},"author":76,"featured_media":0,"template":"","meta":{"featured_image_focal_point":[],"show_featured_caption":false,"ulux_newsletter_groups":"","uluxPostTitle":"","uluxPrePostTitle":"","_trash_the_other_posts":false,"_price":"","_stock":"","_tribe_ticket_header":"","_tribe_default_ticket_provider":"","_tribe_ticket_capacity":"0","_ticket_start_date":"","_ticket_end_date":"","_tribe_ticket_show_description":"","_tribe_ticket_show_not_going":false,"_tribe_ticket_use_global_stock":"","_tribe_ticket_global_stock_level":"","_global_stock_mode":"","_global_stock_cap":"","_tribe_rsvp_for_event":"","_tribe_ticket_going_count":"","_tribe_ticket_not_going_count":"","_tribe_tickets_list":"[]","_tribe_ticket_has_attendee_info_fields":false,"rp_acronym":"IBA Alzette Belval - Mission de pr\u00e9figuration IBA Alzette Belval ","rp_abstract":"On January 30th 2020, the University of Luxemburg together with the GECT, EPA and LUCA publicly launched the pre-IBA trajectory for the transboundary Alzette Belval Region. This future IBA (Internationale Bauaustellung) aims at developing a unique European architectural testing ground, with concrete focus on affordable housing, public land property, renewable energy, ecological commonality and soft mobility. For the University of Luxemburg the pre-IBA program is spearheaded by the Master in Architecture and the Department of the Department of Geography and Spatial Planning.\n\n2019-2021 (Mission de pr\u00e9figuration);\n2022-2032 (Etude sur la faisabilit\u00e9 d'une IBA Alzette Belval)\n\nImage caption: \u00a9 David Vincent","rp_start_date":"2019-01-02 08:41:32","rp_duration":24,"rp_main_funder":"Minist\u00e8re de la Transition \u00e9cologique et solidaire et de la R\u00e9gion Grand Est (France), Minist\u00e8re de l'\u00c9nergie et de l'Am\u00e9nagement du territoire (LUX), Minist\u00e8re du Logement (LUX)","rp_other_funders":[],"rp_external_partners":["Groupement europ\u00e9en de Coop\u00e9ration Territoriale (GECT)","Luxembourg Center for Architecture (LUCA)","\u00c9tablissement public d'am\u00e9nagement d'Alzette Belval (EPA)"],"rp_keywords":["Internationale","Bauaustellung","Belval"],"rp_members":[{"name":"Florian HERTWECK","isPI":true,"isExternal":false,"featuredImageUrl":"https:\/\/www.uni.lu\/en\/person-image\/NTAwMjE3MTFfX0Zsb3JpYW4gSEVSVFdFQ0s=","detailsPageUrl":"https:\/\/www.uni.lu\/fhse-en\/people\/florian-hertweck\/","id":"50021711"},{"name":"Peter Swinnen","isPI":false,"isExternal":true,"featuredImageUrl":"","detailsPageUrl":"","entity":"CRIT. architects"},{"name":"David PELEMAN","isPI":false,"isExternal":false,"featuredImageUrl":"https:\/\/www.uni.lu\/en\/person-image\/NTAwMzkxMzJfX0RhdmlkIFBFTEVNQU4=","detailsPageUrl":"https:\/\/www.uni.lu\/fhse-en\/people\/david-peleman\/","id":"50039132"}]},"research-project-status":[272],"research-project-type":[268],"field-of-interest":[286],"organisation":[149,147],"authorship":[76,127],"acf":[],"_links":{"self":[{"href":"https:\/\/www.uni.lu\/fhse-en\/wp-json\/wp\/v2\/core-researches\/14955"}],"collection":[{"href":"https:\/\/www.uni.lu\/fhse-en\/wp-json\/wp\/v2\/core-researches"}],"about":[{"href":"https:\/\/www.uni.lu\/fhse-en\/wp-json\/wp\/v2\/types\/core-researches"}],"author":[{"embeddable":true,"href":"https:\/\/www.uni.lu\/fhse-en\/wp-json\/wp\/v2\/users\/76"}],"version-history":[{"count":1,"href":"https:\/\/www.uni.lu\/fhse-en\/wp-json\/wp\/v2\/core-researches\/14955\/revisions"}],"predecessor-version":[{"id":14957,"href":"https:\/\/www.uni.lu\/fhse-en\/wp-json\/wp\/v2\/core-researches\/14955\/revisions\/14957"}],"wp:authorship":[{"embeddable":true,"href":"https:\/\/www.uni.lu\/fhse-en\/wp-json\/wp\/v2\/users\/76"},{"embeddable":true,"href":"https:\/\/www.uni.lu\/fhse-en\/wp-json\/wp\/v2\/users\/127"}],"wp:attachment":[{"href":"https:\/\/www.uni.lu\/fhse-en\/wp-json\/wp\/v2\/media?parent=14955"}],"wp:term":[{"taxonomy":"research-project-status","embeddable":true,"href":"https:\/\/www.uni.lu\/fhse-en\/wp-json\/wp\/v2\/research-project-status?post=14955"},{"taxonomy":"research-project-type","embeddable":true,"href":"https:\/\/www.uni.lu\/fhse-en\/wp-json\/wp\/v2\/research-project-type?post=14955"},{"taxonomy":"field-of-interest","embeddable":true,"href":"https:\/\/www.uni.lu\/fhse-en\/wp-json\/wp\/v2\/field-of-interest?post=14955"},{"taxonomy":"organisation","embeddable":true,"href":"https:\/\/www.uni.lu\/fhse-en\/wp-json\/wp\/v2\/organisation?post=14955"}],"curies":[{"name":"wp","href":"https:\/\/api.w.org\/{rel}","templated":true}]}}