{"id":14775,"date":"2024-07-04T11:26:28","date_gmt":"2024-07-04T09:26:28","guid":{"rendered":"https:\/\/www.uni.lu\/fhse-en\/?post_type=core-researches&#038;p=14775"},"modified":"2024-07-04T11:26:29","modified_gmt":"2024-07-04T09:26:29","slug":"letude-de-faisabilite-geblaishaal","status":"publish","type":"core-researches","link":"https:\/\/www.uni.lu\/fhse-en\/core-researches\/letude-de-faisabilite-geblaishaal\/","title":{"rendered":"L\u2019\u00e9tude de faisabilit\u00e9 \u00ab\u00a0Geblaishaal\u00a0\u00bb"},"content":{"rendered":"","protected":false},"excerpt":{"rendered":"","protected":false},"author":76,"featured_media":0,"template":"","meta":{"featured_image_focal_point":[],"show_featured_caption":false,"ulux_newsletter_groups":"","uluxPostTitle":"","uluxPrePostTitle":"","_trash_the_other_posts":false,"_price":"","_stock":"","_tribe_ticket_header":"","_tribe_default_ticket_provider":"","_tribe_ticket_capacity":"0","_ticket_start_date":"","_ticket_end_date":"","_tribe_ticket_show_description":"","_tribe_ticket_show_not_going":false,"_tribe_ticket_use_global_stock":"","_tribe_ticket_global_stock_level":"","_global_stock_mode":"","_global_stock_cap":"","_tribe_rsvp_for_event":"","_tribe_ticket_going_count":"","_tribe_ticket_not_going_count":"","_tribe_tickets_list":"[]","_tribe_ticket_has_attendee_info_fields":false,"rp_acronym":"L\u2019\u00e9tude de faisabilit\u00e9 \u00ab\u00a0Geblaishaal\u00a0\u00bb ","rp_abstract":"La dimension programmatique. Entretiens avec les diverses acteurs, groupes sociaux et utilisateurs potentiels en prenant en compte aussi les \u00e9tudes d\u00e9j\u00e0 r\u00e9alis\u00e9es en la mati\u00e8re. Analyse critique des demandes quantitatives et qualitatives. R\u00e9alisation d\u2019une \u00e9tude comparative et saisi des potentiels aussi bien que des d\u00e9ficits locaux. A partir de ces \u00e9tudes et d\u2019une analyse critique de l\u2019ensemble des concepts d\u2019utilisation, nous allons \u00e9tablir diff\u00e9rents sc\u00e9narios d\u2019une programmation innovante, inclusive et interactive.\n\nLa dimension urbanistique. Saisi du contexte r\u00e9glementaire (PAG et Fonds Belval notamment), typo-morphologique, infrastructurelle et g\u00e9ographique (microclimat, hydrologie, \u00e9nergie, etc.). \u00c9ventuellement, nous allons commander des \u00e9tudes compl\u00e9mentaires (Prof. Jo Hansen, Prof. Francesco Viti ou Dr. J\u00fcrgen Junk). \u00c9tablir un dialogue avec la ville d\u2019Esch-sur-Alzette (politique et administration municipale), le Fonds Belval et Agora.\n\nLa dimension architecturale-constructive et statique. R\u00e9alisation d\u2019un \u00e9tat des lieux critique de toutes les planifications et \u00e9tudes existantes sur la halle soufflante. Analyse de la structure, de la mat\u00e9rialit\u00e9 et des espaces de la halle, \u00e0 l\u2019aide de maquettes virtuelle et physique. Synth\u00e8se de l\u2019analyse et d\u00e9veloppement d\u2019hypoth\u00e8ses projectuelles. Simulation en coupes et en plans sch\u00e9matiques, en repr\u00e9sentations 3D de diverses typologies architecturales-urbanistiques. D\u00e9veloppement d\u2019hypoth\u00e8ses pour la conception des espaces libres et de l\u2019\u00e9cologie du b\u00e2timent.\n\nLa dimension patrimoniale. \u00c9tude de l\u2019histoire du b\u00e2timent. \u00c9change avec l\u2019Institut national pour le patrimoine architectural. D\u00e9veloppement des significations mn\u00e9motechniques des divers fragments et des diverses strates du b\u00e2timent.\n\nLa dimension processuelle. Int\u00e9gration des acteurs et utilisateurs de Belval. Process design de l\u2019usage, des processus de planification et de r\u00e9alisation du b\u00e2timent (processus participatifs, concours innovants, phasage).","rp_start_date":"2022-01-01 23:00:00","rp_duration":12,"rp_main_funder":"Minist\u00e8re de la Culture","rp_other_funders":[],"rp_external_partners":[],"rp_keywords":["Etude","Faisabilit\u00e9","Geblaishaal"],"rp_members":[{"name":"Florian HERTWECK","isPI":true,"isExternal":false,"featuredImageUrl":"https:\/\/www.uni.lu\/en\/person-image\/NTAwMjE3MTFfX0Zsb3JpYW4gSEVSVFdFQ0s=","detailsPageUrl":"https:\/\/www.uni.lu\/fhse-en\/people\/florian-hertweck\/","id":"50021711"}]},"research-project-status":[272],"research-project-type":[270],"field-of-interest":[],"organisation":[149,147],"authorship":[76],"acf":[],"_links":{"self":[{"href":"https:\/\/www.uni.lu\/fhse-en\/wp-json\/wp\/v2\/core-researches\/14775"}],"collection":[{"href":"https:\/\/www.uni.lu\/fhse-en\/wp-json\/wp\/v2\/core-researches"}],"about":[{"href":"https:\/\/www.uni.lu\/fhse-en\/wp-json\/wp\/v2\/types\/core-researches"}],"author":[{"embeddable":true,"href":"https:\/\/www.uni.lu\/fhse-en\/wp-json\/wp\/v2\/users\/76"}],"version-history":[{"count":1,"href":"https:\/\/www.uni.lu\/fhse-en\/wp-json\/wp\/v2\/core-researches\/14775\/revisions"}],"predecessor-version":[{"id":14778,"href":"https:\/\/www.uni.lu\/fhse-en\/wp-json\/wp\/v2\/core-researches\/14775\/revisions\/14778"}],"wp:authorship":[{"embeddable":true,"href":"https:\/\/www.uni.lu\/fhse-en\/wp-json\/wp\/v2\/users\/76"}],"wp:attachment":[{"href":"https:\/\/www.uni.lu\/fhse-en\/wp-json\/wp\/v2\/media?parent=14775"}],"wp:term":[{"taxonomy":"research-project-status","embeddable":true,"href":"https:\/\/www.uni.lu\/fhse-en\/wp-json\/wp\/v2\/research-project-status?post=14775"},{"taxonomy":"research-project-type","embeddable":true,"href":"https:\/\/www.uni.lu\/fhse-en\/wp-json\/wp\/v2\/research-project-type?post=14775"},{"taxonomy":"field-of-interest","embeddable":true,"href":"https:\/\/www.uni.lu\/fhse-en\/wp-json\/wp\/v2\/field-of-interest?post=14775"},{"taxonomy":"organisation","embeddable":true,"href":"https:\/\/www.uni.lu\/fhse-en\/wp-json\/wp\/v2\/organisation?post=14775"}],"curies":[{"name":"wp","href":"https:\/\/api.w.org\/{rel}","templated":true}]}}