{"id":345,"date":"2024-01-12T14:28:51","date_gmt":"2024-01-12T13:28:51","guid":{"rendered":"https:\/\/www.uni.lu\/fhse-de\/?page_id=345"},"modified":"2026-03-12T14:32:59","modified_gmt":"2026-03-12T13:32:59","slug":"fhse-de","status":"publish","type":"page","link":"https:\/\/www.uni.lu\/fhse-de\/","title":{"rendered":"Fakult\u00e4t f\u00fcr Geisteswissenschaften, Erziehungswissenschaften und Sozialwissenschaften (FHSE)"},"content":{"rendered":"\n<section class=\"section no-padding-y wp-block-unilux-blocks-hero\">\n    <div class=\"hero hero--2  \">\n        \n<header class=\"wp-block-unilux-blocks-wrapper hero__header\">\n<div class=\"wp-block-unilux-blocks-wrapper hero__container\">\n<span class=\"hero__title__subject wp-block-unilux-blocks-plain-text\"><\/span>\n\n\n<h1 class=\"has-text-align-left wp-block-unilux-blocks-heading\"        id=\"die-menschliche-dimension-in-einer-digitalen-welt\"\n    >\nDie menschliche Dimension in einer digitalen Welt<\/h1>\n<\/div>\n<\/header>\n<figure class=\"wp-block-dev4-reusable-blocks-image hero__visual object-fit--cover\">\n    \n<img decoding=\"async\" class=\"wp-block-image unilux-custom-image-block\"\n                alt=\"FHSE pattern\"\n            src=\"https:\/\/www.uni.lu\/wp-content\/uploads\/sites\/15\/2024\/01\/FHSE_Startseite.jpg\"\n                srcset=\"https:\/\/www.uni.lu\/wp-content\/uploads\/sites\/15\/2024\/01\/FHSE_Startseite-300x173.jpg 300w, https:\/\/www.uni.lu\/wp-content\/uploads\/sites\/15\/2024\/01\/FHSE_Startseite-768x442.jpg 768w, https:\/\/www.uni.lu\/wp-content\/uploads\/sites\/15\/2024\/01\/FHSE_Startseite.jpg 827w\"\n                style=\"object-position: 50.00% 50.00%; font-family: &quot;object-fit: cover; object-position: 50.00% 50.00%;&quot;; aspect-ratio: 16\/9; object-fit: cover; width: 100%;\"\n        loading=\"lazy\"\n\/>    <\/figure>\n<div class=\"wp-block-unilux-blocks-wrapper hero__body\">\n<div class=\"wp-block-unilux-blocks-wrapper hero__container\">\n<p class=\"wp-block-unilux-blocks-plain-text\">Wie k\u00f6nnen wir dazugeh\u00f6ren? Wie sollen wir handeln? Wie k\u00f6nnen wir unsere Zukunft pr\u00e4gen? Mit Hilfe der Geistes- und Sozialwissenschaften gestalten wir die Zukunft, beeinflussen die Gegenwart und blicken auf die Vergangenheit zur\u00fcck, um einer integrativen, offenen und leistungsstarken Gesellschaft beizutragen.<\/p>\n\n\n<ul class=\"wp-block-unilux-blocks-custom-buttons btn-list\"><li class=\"wp-block-unilux-blocks-custom-button\"    aria-disabled=\"false\"\n    >\n    <a\n        role=\"link\"\n        aria-disabled=\"false\"\n                    href=\"https:\/\/www.uni.lu\/fhse-en\/\"\n                target=\"_self\"\n        class=\"btn btn--primary\"\n            >zur englischen Website gehen<\/a>\n<\/li>\n\n\n<\/ul>\n<\/div>\n<\/div>\n    <\/div>\n<\/section>\n\n\n<section class=\"wp-block-unilux-blocks-free-section section\"><div class=\"container xl:max-w-screen-xl\">\n<h2 class=\"has-text-align-left wp-block-unilux-blocks-heading\"        id=\"aktualitaeten\"\n    >\nAktualit\u00e4ten<\/h2>\n\n\n\n<ul class=\"wp-block-unilux-blocks-news-card-group flex flex-wrap -mx-16\"><li class=\" w-full px-16 sm:w-1\/2 lg:w-1\/3 wp-block-unilux-blocks-news-card\">\n    <div class=\"ulux-card card-news bg-theme\">\n        <div class=\"ulux-card__container\">\n            <div class=\"ulux-card__visual\">\n                <img decoding=\"async\" class=\"w-full\" src=\"https:\/\/www.uni.lu\/wp-content\/uploads\/sites\/15\/2026\/03\/12111545\/get-brain-healthy-300x200.webp\" srcset=\"https:\/\/www.uni.lu\/wp-content\/uploads\/sites\/15\/2026\/03\/12111545\/get-brain-healthy-768x512.webp 768w, https:\/\/www.uni.lu\/wp-content\/uploads\/sites\/15\/2026\/03\/12111545\/get-brain-healthy-300x200.webp 300w, https:\/\/www.uni.lu\/wp-content\/uploads\/sites\/15\/2026\/03\/12111545\/get-brain-healthy.webp 1024w\" sizes=\"(max-width: 768px) 100vw, 768px\" alt=\"\" \/>\n            <\/div>\n\n            <div class=\"ulux-card__body\">\n                <h3 class=\"ulux-card__title break-words\">GetBrainHealthy: eine landesweite Initiative zur F\u00f6rderung der Gehirngesundheit f\u00fcr alle<\/h3>\n                <div class=\"ulux-card__category break-words\">Forschung, Outreach<\/div>\n                <time class=\"ulux-card__date break-words\"\n                        datetime=\"2026-03-12\">12. M\u00e4rz 2026<\/time>\n                <div class=\"ulux-card__topic break-words\">Psychologie, Neurowissenschaften &amp; Verhaltens\u00f6konomie<\/div>\n                <a class=\"ulux-card__link link-text link-absolute\"\n                    href=\"https:\/\/www.uni.lu\/fhse-de\/news\/getbrainhealthy-foerderung-der-gehirngesundheit-fur-alle\/\"\n                    target=\"\">\n                    <span class=\"link-text__name\">Mehr erfahren<\/span>\n                    <svg aria-hidden=\"true\" focusable=\"false\" class=\"icon icon-outline icon--arrow-right icon--2xs\"><use xlink:href=\"https:\/\/www.uni.lu\/wp-content\/themes\/unilux-theme\/assets\/images\/icons\/icons-outline.svg#icon--arrow-right\"><\/use><\/svg>                <\/a>\n            <\/div>\n        <\/div>\n    <\/div>\n<\/li>\n\n\n<li class=\"w-full sm:w-1\/2 px-16 lg:w-1\/3 w-full px-16 sm:w-1\/2 lg:w-1\/3 wp-block-unilux-blocks-news-card\">\n    <div class=\"ulux-card card-news bg-theme\">\n        <div class=\"ulux-card__container\">\n            <div class=\"ulux-card__visual\">\n                <img decoding=\"async\" class=\"w-full\" src=\"https:\/\/www.uni.lu\/wp-content\/uploads\/sites\/2\/2026\/03\/05171336\/Visuel-WEB-300x231.jpg\" srcset=\"https:\/\/www.uni.lu\/wp-content\/uploads\/sites\/2\/2026\/03\/05171336\/Visuel-WEB-768x592.jpg 768w, https:\/\/www.uni.lu\/wp-content\/uploads\/sites\/2\/2026\/03\/05171336\/Visuel-WEB-300x231.jpg 300w, https:\/\/www.uni.lu\/wp-content\/uploads\/sites\/2\/2026\/03\/05171336\/Visuel-WEB-1024x789.jpg 1024w, https:\/\/www.uni.lu\/wp-content\/uploads\/sites\/2\/2026\/03\/05171336\/Visuel-WEB-1536x1184.jpg 1536w, https:\/\/www.uni.lu\/wp-content\/uploads\/sites\/2\/2026\/03\/05171336\/Visuel-WEB-2048x1578.jpg 2048w\" sizes=\"(max-width: 768px) 100vw, 768px\" alt=\"\" \/>\n            <\/div>\n\n            <div class=\"ulux-card__body\">\n                <h3 class=\"ulux-card__title break-words\">National Youth Report 2025: The End of the Boundary Between Online and Offline Worlds?<\/h3>\n                <div class=\"ulux-card__category break-words\">Outreach, Research<\/div>\n                <time class=\"ulux-card__date break-words\"\n                        datetime=\"2026-03-09\">9 M\u00e4rz 2026<\/time>\n                <div class=\"ulux-card__topic break-words\">Social Sciences, Youth<\/div>\n                <a class=\"ulux-card__link link-text link-absolute\"\n                    href=\"https:\/\/www.uni.lu\/fhse-en\/news\/national-youth-report-2025-the-end-of-the-boundary-between-online-and-offline-worlds\/\"\n                    target=\"\">\n                    <span class=\"link-text__name\">Mehr erfahren<\/span>\n                    <svg aria-hidden=\"true\" focusable=\"false\" class=\"icon icon-outline icon--arrow-right icon--2xs\"><use xlink:href=\"https:\/\/www.uni.lu\/wp-content\/themes\/unilux-theme\/assets\/images\/icons\/icons-outline.svg#icon--arrow-right\"><\/use><\/svg>                <\/a>\n            <\/div>\n        <\/div>\n    <\/div>\n<\/li>\n\n\n<li class=\"w-full sm:w-1\/2 px-16 lg:w-1\/3 w-full px-16 sm:w-1\/2 lg:w-1\/3 wp-block-unilux-blocks-news-card\">\n    <div class=\"ulux-card card-news bg-theme\">\n        <div class=\"ulux-card__container\">\n            <div class=\"ulux-card__visual\">\n                <img decoding=\"async\" class=\"w-full\" src=\"https:\/\/www.uni.lu\/wp-content\/uploads\/sites\/15\/2026\/02\/25112232\/CFP-Germanistik-als-Komparatistik_Text_.jpeg\" srcset=\"\" sizes=\"(max-width: 211px) 100vw, 211px\" alt=\"\" \/>\n            <\/div>\n\n            <div class=\"ulux-card__body\">\n                <h3 class=\"ulux-card__title break-words\">Fr\u00fchlingslekt\u00fcren 2026: Germanistik als Komparatistik<\/h3>\n                <div class=\"ulux-card__category break-words\"><\/div>\n                <time class=\"ulux-card__date break-words\"\n                        datetime=\"2026-02-25\">25. Februar 2026<\/time>\n                <div class=\"ulux-card__topic break-words\">Geisteswissenschaften<\/div>\n                <a class=\"ulux-card__link link-text link-absolute\"\n                    href=\"https:\/\/www.uni.lu\/fhse-de\/news\/fruehlingslektueren-2026-germanistik-als-komparatistik\/\"\n                    target=\"\">\n                    <span class=\"link-text__name\">Mehr erfahren<\/span>\n                    <svg aria-hidden=\"true\" focusable=\"false\" class=\"icon icon-outline icon--arrow-right icon--2xs\"><use xlink:href=\"https:\/\/www.uni.lu\/wp-content\/themes\/unilux-theme\/assets\/images\/icons\/icons-outline.svg#icon--arrow-right\"><\/use><\/svg>                <\/a>\n            <\/div>\n        <\/div>\n    <\/div>\n<\/li>\n<\/ul>\n\n\n\n<ul class=\"wp-block-unilux-blocks-custom-buttons btn-list justify-center\"><li class=\"wp-block-unilux-blocks-custom-button\"    aria-disabled=\"false\"\n    >\n    <a\n        role=\"link\"\n        aria-disabled=\"false\"\n                    href=\"https:\/\/www.uni.lu\/de\/aktualitaeten\/?fq_news-taxonomies-organization%5B%5D=fakultaet-fuer-geisteswissenschaften-erziehungswissenschaften-und-sozialwissenschaften-fhse%7CFakult%C3%A4t+f%C3%BCr+Geisteswissenschaften%2C+Erziehungswissenschaften+und+Sozialwissenschaften+%28FHSE%29%7COrganisation\"\n                target=\"_self\"\n        class=\"btn btn--primary\"\n            >Alle Aktualit\u00e4ten<\/a>\n<\/li>\n<\/ul>\n<\/div><\/section>\n","protected":false},"excerpt":{"rendered":"","protected":false},"author":39,"featured_media":2038,"parent":0,"menu_order":1,"comment_status":"closed","ping_status":"closed","template":"","meta":{"featured_image_focal_point":[],"show_featured_caption":false,"ulux_newsletter_groups":"","uluxPostTitle":"Fakult\u00e4t f\u00fcr Geisteswissenschaften, Erziehungswissenschaften und Sozialwissenschaften (FHSE)","uluxPrePostTitle":"Fakult\u00e4t","_trash_the_other_posts":false,"_price":"","_stock":"","_tribe_ticket_header":"","_tribe_default_ticket_provider":"","_tribe_ticket_capacity":"0","_ticket_start_date":"","_ticket_end_date":"","_tribe_ticket_show_description":"","_tribe_ticket_show_not_going":false,"_tribe_ticket_use_global_stock":"","_tribe_ticket_global_stock_level":"","_global_stock_mode":"","_global_stock_cap":"","_tribe_rsvp_for_event":"","_tribe_ticket_going_count":"","_tribe_ticket_not_going_count":"","_tribe_tickets_list":"[]","_tribe_ticket_has_attendee_info_fields":false,"footnotes":""},"field-of-interest":[],"organisation":[],"authorship":[39],"acf":[],"yoast_head":"<!-- This site is optimized with the Yoast SEO Premium plugin v22.3 (Yoast SEO v22.3) - https:\/\/yoast.com\/wordpress\/plugins\/seo\/ -->\n<title>Fakult\u00e4t f\u00fcr Geisteswissenschaften, Erziehungswissenschaften und Sozialwissenschaften (FHSE) I Uni.lu<\/title>\n<meta name=\"description\" content=\"Mit Hilfe der Geistes- und Sozialwissenschaften gestalten wir die Zukunft, beeinflussen die Gegenwart und blicken auf die Vergangenheit zur\u00fcck.\" \/>\n<meta name=\"robots\" content=\"index, follow, max-snippet:-1, max-image-preview:large, max-video-preview:-1\" \/>\n<link rel=\"canonical\" href=\"https:\/\/www.uni.lu\/fhse-de\/\" \/>\n<meta property=\"og:locale\" content=\"de_DE\" \/>\n<meta property=\"og:type\" content=\"article\" \/>\n<meta property=\"og:title\" content=\"Fakult\u00e4t f\u00fcr Geisteswissenschaften, Erziehungswissenschaften und Sozialwissenschaften (FHSE)\" \/>\n<meta property=\"og:description\" content=\"Mit Hilfe der Geistes- und Sozialwissenschaften gestalten wir die Zukunft, beeinflussen die Gegenwart und blicken auf die Vergangenheit zur\u00fcck.\" \/>\n<meta property=\"og:url\" content=\"https:\/\/www.uni.lu\/fhse-de\/\" \/>\n<meta property=\"og:site_name\" content=\"FHSE DE\" \/>\n<meta property=\"article:modified_time\" content=\"2026-03-12T13:32:59+00:00\" \/>\n<meta property=\"og:image\" content=\"https:\/\/www.uni.lu\/wp-content\/uploads\/sites\/15\/2026\/03\/03112457\/FHSE_SM-Profile_1600x1600px-scaled.jpg\" \/>\n\t<meta property=\"og:image:width\" content=\"2560\" \/>\n\t<meta property=\"og:image:height\" content=\"2560\" \/>\n\t<meta property=\"og:image:type\" content=\"image\/jpeg\" \/>\n<meta name=\"twitter:card\" content=\"summary_large_image\" \/>\n<meta name=\"twitter:label1\" content=\"Gesch\u00e4tzte Lesezeit\" \/>\n\t<meta name=\"twitter:data1\" content=\"1 Minute\" \/>\n<script type=\"application\/ld+json\" class=\"yoast-schema-graph\">{\"@context\":\"https:\/\/schema.org\",\"@graph\":[{\"@type\":\"WebPage\",\"@id\":\"https:\/\/www.uni.lu\/fhse-de\/\",\"url\":\"https:\/\/www.uni.lu\/fhse-de\/\",\"name\":\"Fakult\u00e4t f\u00fcr Geisteswissenschaften, Erziehungswissenschaften und Sozialwissenschaften (FHSE) I Uni.lu\",\"isPartOf\":{\"@id\":\"https:\/\/www.uni.lu\/fhse-de\/#website\"},\"primaryImageOfPage\":{\"@id\":\"https:\/\/www.uni.lu\/fhse-de\/#primaryimage\"},\"image\":{\"@id\":\"https:\/\/www.uni.lu\/fhse-de\/#primaryimage\"},\"thumbnailUrl\":\"https:\/\/www.uni.lu\/wp-content\/uploads\/sites\/15\/2026\/03\/03112457\/FHSE_SM-Profile_1600x1600px-scaled.jpg\",\"datePublished\":\"2024-01-12T13:28:51+00:00\",\"dateModified\":\"2026-03-12T13:32:59+00:00\",\"description\":\"Mit Hilfe der Geistes- und Sozialwissenschaften gestalten wir die Zukunft, beeinflussen die Gegenwart und blicken auf die Vergangenheit zur\u00fcck.\",\"breadcrumb\":{\"@id\":\"https:\/\/www.uni.lu\/fhse-de\/#breadcrumb\"},\"inLanguage\":\"de-DE\",\"potentialAction\":[{\"@type\":\"ReadAction\",\"target\":[\"https:\/\/www.uni.lu\/fhse-de\/\"]}]},{\"@type\":\"ImageObject\",\"inLanguage\":\"de-DE\",\"@id\":\"https:\/\/www.uni.lu\/fhse-de\/#primaryimage\",\"url\":\"https:\/\/www.uni.lu\/wp-content\/uploads\/sites\/15\/2026\/03\/03112457\/FHSE_SM-Profile_1600x1600px-scaled.jpg\",\"contentUrl\":\"https:\/\/www.uni.lu\/wp-content\/uploads\/sites\/15\/2026\/03\/03112457\/FHSE_SM-Profile_1600x1600px-scaled.jpg\",\"width\":2560,\"height\":2560},{\"@type\":\"BreadcrumbList\",\"@id\":\"https:\/\/www.uni.lu\/fhse-de\/#breadcrumb\",\"itemListElement\":[{\"@type\":\"ListItem\",\"position\":1,\"name\":\"Home\",\"item\":\"https:\/\/www.uni.lu\/de\"},{\"@type\":\"ListItem\",\"position\":2,\"name\":\"Fakult\u00e4t f\u00fcr Geisteswissenschaften, Erziehungswissenschaften und Sozialwissenschaften\",\"item\":\"https:\/\/www.uni.lu\/fhse-de\/\"},{\"@type\":\"ListItem\",\"position\":3,\"name\":\"Fakult\u00e4t f\u00fcr Geisteswissenschaften, Erziehungswissenschaften und Sozialwissenschaften (FHSE)\"}]},{\"@type\":\"WebSite\",\"@id\":\"https:\/\/www.uni.lu\/fhse-de\/#website\",\"url\":\"https:\/\/www.uni.lu\/fhse-de\/\",\"name\":\"FHSE\",\"description\":\"Fakult\u00e4t f\u00fcr Geisteswissenschaften, Erziehungswissenschaften und Sozialwissenschaften I Uni.lu\",\"publisher\":{\"@id\":\"https:\/\/www.uni.lu\/fhse-de\/#organization\"},\"alternateName\":\"Fakult\u00e4t f\u00fcr Geisteswissenschaften, Erziehungswissenschaften und Sozialwissenschaften I Universit\u00e4t Luxemburg\",\"potentialAction\":[{\"@type\":\"SearchAction\",\"target\":{\"@type\":\"EntryPoint\",\"urlTemplate\":\"https:\/\/www.uni.lu\/fhse-de\/?s={search_term_string}\"},\"query-input\":\"required name=search_term_string\"}],\"inLanguage\":\"de-DE\"},{\"@type\":\"Organization\",\"@id\":\"https:\/\/www.uni.lu\/fhse-de\/#organization\",\"name\":\"FHSE - Universit\u00e4t Luxemburg I Uni.lu\",\"alternateName\":\"Fakult\u00e4t f\u00fcr Geisteswissenschaften, Erziehungswissenschaften und Sozialwissenschaften\",\"url\":\"https:\/\/www.uni.lu\/fhse-de\/\",\"logo\":{\"@type\":\"ImageObject\",\"inLanguage\":\"de-DE\",\"@id\":\"https:\/\/www.uni.lu\/fhse-de\/#\/schema\/logo\/image\/\",\"url\":\"https:\/\/www.uni.lu\/wp-content\/uploads\/sites\/15\/2026\/03\/03112457\/FHSE_SM-Profile_1600x1600px-scaled.jpg\",\"contentUrl\":\"https:\/\/www.uni.lu\/wp-content\/uploads\/sites\/15\/2026\/03\/03112457\/FHSE_SM-Profile_1600x1600px-scaled.jpg\",\"width\":2560,\"height\":2560,\"caption\":\"FHSE - Universit\u00e4t Luxemburg I Uni.lu\"},\"image\":\"https:\/\/www.uni.lu\/wp-content\/uploads\/sites\/15\/2026\/04\/24144331\/20200609-Belval-Campus_Henri-Goergen-23.jpg\",\"sameAs\":[\"https:\/\/humanities.uni.lu\/\"],\"email\":\"communication@uni.lu\",\"telephone\":\"+3524666441\",\"address\":{\"@type\":\"PostalAddress\",\"streetAddress\":\"11, Porte des Sciences\",\"addressLocality\":\"Esch-sur-Alzette\",\"postalCode\":\"4365\",\"addressCountry\":\"LU\"},\"description\":\"Fakult\u00e4t f\u00fcr Geisteswissenschaften, Erziehungswissenschaften und Sozialwissenschaften I Uni.lu\"}]}<\/script>\n<!-- \/ Yoast SEO Premium plugin. -->","yoast_head_json":{"title":"Fakult\u00e4t f\u00fcr Geisteswissenschaften, Erziehungswissenschaften und Sozialwissenschaften (FHSE) I Uni.lu","description":"Mit Hilfe der Geistes- und Sozialwissenschaften gestalten wir die Zukunft, beeinflussen die Gegenwart und blicken auf die Vergangenheit zur\u00fcck.","robots":{"index":"index","follow":"follow","max-snippet":"max-snippet:-1","max-image-preview":"max-image-preview:large","max-video-preview":"max-video-preview:-1"},"canonical":"https:\/\/www.uni.lu\/fhse-de\/","og_locale":"de_DE","og_type":"article","og_title":"Fakult\u00e4t f\u00fcr Geisteswissenschaften, Erziehungswissenschaften und Sozialwissenschaften (FHSE)","og_description":"Mit Hilfe der Geistes- und Sozialwissenschaften gestalten wir die Zukunft, beeinflussen die Gegenwart und blicken auf die Vergangenheit zur\u00fcck.","og_url":"https:\/\/www.uni.lu\/fhse-de\/","og_site_name":"FHSE DE","article_modified_time":"2026-03-12T13:32:59+00:00","og_image":[{"width":2560,"height":2560,"url":"https:\/\/www.uni.lu\/wp-content\/uploads\/sites\/15\/2026\/03\/03112457\/FHSE_SM-Profile_1600x1600px-scaled.jpg","type":"image\/jpeg"}],"twitter_card":"summary_large_image","twitter_misc":{"Gesch\u00e4tzte Lesezeit":"1 Minute"},"schema":{"@context":"https:\/\/schema.org","@graph":[{"@type":"WebPage","@id":"https:\/\/www.uni.lu\/fhse-de\/","url":"https:\/\/www.uni.lu\/fhse-de\/","name":"Fakult\u00e4t f\u00fcr Geisteswissenschaften, Erziehungswissenschaften und Sozialwissenschaften (FHSE) I Uni.lu","isPartOf":{"@id":"https:\/\/www.uni.lu\/fhse-de\/#website"},"primaryImageOfPage":{"@id":"https:\/\/www.uni.lu\/fhse-de\/#primaryimage"},"image":{"@id":"https:\/\/www.uni.lu\/fhse-de\/#primaryimage"},"thumbnailUrl":"https:\/\/www.uni.lu\/wp-content\/uploads\/sites\/15\/2026\/03\/03112457\/FHSE_SM-Profile_1600x1600px-scaled.jpg","datePublished":"2024-01-12T13:28:51+00:00","dateModified":"2026-03-12T13:32:59+00:00","description":"Mit Hilfe der Geistes- und Sozialwissenschaften gestalten wir die Zukunft, beeinflussen die Gegenwart und blicken auf die Vergangenheit zur\u00fcck.","breadcrumb":{"@id":"https:\/\/www.uni.lu\/fhse-de\/#breadcrumb"},"inLanguage":"de-DE","potentialAction":[{"@type":"ReadAction","target":["https:\/\/www.uni.lu\/fhse-de\/"]}]},{"@type":"ImageObject","inLanguage":"de-DE","@id":"https:\/\/www.uni.lu\/fhse-de\/#primaryimage","url":"https:\/\/www.uni.lu\/wp-content\/uploads\/sites\/15\/2026\/03\/03112457\/FHSE_SM-Profile_1600x1600px-scaled.jpg","contentUrl":"https:\/\/www.uni.lu\/wp-content\/uploads\/sites\/15\/2026\/03\/03112457\/FHSE_SM-Profile_1600x1600px-scaled.jpg","width":2560,"height":2560},{"@type":"BreadcrumbList","@id":"https:\/\/www.uni.lu\/fhse-de\/#breadcrumb","itemListElement":[{"@type":"ListItem","position":1,"name":"Home","item":"https:\/\/www.uni.lu\/de"},{"@type":"ListItem","position":2,"name":"Fakult\u00e4t f\u00fcr Geisteswissenschaften, Erziehungswissenschaften und Sozialwissenschaften","item":"https:\/\/www.uni.lu\/fhse-de\/"},{"@type":"ListItem","position":3,"name":"Fakult\u00e4t f\u00fcr Geisteswissenschaften, Erziehungswissenschaften und Sozialwissenschaften (FHSE)"}]},{"@type":"WebSite","@id":"https:\/\/www.uni.lu\/fhse-de\/#website","url":"https:\/\/www.uni.lu\/fhse-de\/","name":"FHSE","description":"Fakult\u00e4t f\u00fcr Geisteswissenschaften, Erziehungswissenschaften und Sozialwissenschaften I Uni.lu","publisher":{"@id":"https:\/\/www.uni.lu\/fhse-de\/#organization"},"alternateName":"Fakult\u00e4t f\u00fcr Geisteswissenschaften, Erziehungswissenschaften und Sozialwissenschaften I Universit\u00e4t Luxemburg","potentialAction":[{"@type":"SearchAction","target":{"@type":"EntryPoint","urlTemplate":"https:\/\/www.uni.lu\/fhse-de\/?s={search_term_string}"},"query-input":"required name=search_term_string"}],"inLanguage":"de-DE"},{"@type":"Organization","@id":"https:\/\/www.uni.lu\/fhse-de\/#organization","name":"FHSE - Universit\u00e4t Luxemburg I Uni.lu","alternateName":"Fakult\u00e4t f\u00fcr Geisteswissenschaften, Erziehungswissenschaften und Sozialwissenschaften","url":"https:\/\/www.uni.lu\/fhse-de\/","logo":{"@type":"ImageObject","inLanguage":"de-DE","@id":"https:\/\/www.uni.lu\/fhse-de\/#\/schema\/logo\/image\/","url":"https:\/\/www.uni.lu\/wp-content\/uploads\/sites\/15\/2026\/03\/03112457\/FHSE_SM-Profile_1600x1600px-scaled.jpg","contentUrl":"https:\/\/www.uni.lu\/wp-content\/uploads\/sites\/15\/2026\/03\/03112457\/FHSE_SM-Profile_1600x1600px-scaled.jpg","width":2560,"height":2560,"caption":"FHSE - Universit\u00e4t Luxemburg I Uni.lu"},"image":"https:\/\/www.uni.lu\/wp-content\/uploads\/sites\/15\/2026\/04\/24144331\/20200609-Belval-Campus_Henri-Goergen-23.jpg","sameAs":["https:\/\/humanities.uni.lu\/"],"email":"communication@uni.lu","telephone":"+3524666441","address":{"@type":"PostalAddress","streetAddress":"11, Porte des Sciences","addressLocality":"Esch-sur-Alzette","postalCode":"4365","addressCountry":"LU"},"description":"Fakult\u00e4t f\u00fcr Geisteswissenschaften, Erziehungswissenschaften und Sozialwissenschaften I Uni.lu"}]}},"ticketed":false,"_links":{"self":[{"href":"https:\/\/www.uni.lu\/fhse-de\/wp-json\/wp\/v2\/pages\/345"}],"collection":[{"href":"https:\/\/www.uni.lu\/fhse-de\/wp-json\/wp\/v2\/pages"}],"about":[{"href":"https:\/\/www.uni.lu\/fhse-de\/wp-json\/wp\/v2\/types\/page"}],"author":[{"embeddable":true,"href":"https:\/\/www.uni.lu\/fhse-de\/wp-json\/wp\/v2\/users\/39"}],"replies":[{"embeddable":true,"href":"https:\/\/www.uni.lu\/fhse-de\/wp-json\/wp\/v2\/comments?post=345"}],"version-history":[{"count":4,"href":"https:\/\/www.uni.lu\/fhse-de\/wp-json\/wp\/v2\/pages\/345\/revisions"}],"predecessor-version":[{"id":2080,"href":"https:\/\/www.uni.lu\/fhse-de\/wp-json\/wp\/v2\/pages\/345\/revisions\/2080"}],"wp:authorship":[{"embeddable":true,"href":"https:\/\/www.uni.lu\/fhse-de\/wp-json\/wp\/v2\/users\/39"}],"wp:featuredmedia":[{"embeddable":true,"href":"https:\/\/www.uni.lu\/fhse-de\/wp-json\/wp\/v2\/media\/2038"}],"wp:attachment":[{"href":"https:\/\/www.uni.lu\/fhse-de\/wp-json\/wp\/v2\/media?parent=345"}],"wp:term":[{"taxonomy":"field-of-interest","embeddable":true,"href":"https:\/\/www.uni.lu\/fhse-de\/wp-json\/wp\/v2\/field-of-interest?post=345"},{"taxonomy":"organisation","embeddable":true,"href":"https:\/\/www.uni.lu\/fhse-de\/wp-json\/wp\/v2\/organisation?post=345"}],"curies":[{"name":"wp","href":"https:\/\/api.w.org\/{rel}","templated":true}]}}