{"id":633,"date":"2023-11-21T14:28:21","date_gmt":"2023-11-21T13:28:21","guid":{"rendered":"https:\/\/www.uni.lu\/fdef-fr\/?post_type=research-departments&#038;p=633"},"modified":"2026-01-14T10:16:42","modified_gmt":"2026-01-14T09:16:42","slug":"recherche","status":"publish","type":"research-departments","link":"https:\/\/www.uni.lu\/fdef-fr\/research-departments\/departement-sciences-economiques-et-gestion\/recherche\/","title":{"rendered":"Recherche"},"content":{"rendered":"<div class=\"section py-0 static\">\n<section class=\"py-0 wp-block-unilux-blocks-free-section section\"><div class=\"container xl:max-w-screen-xl\"><!-- SecondaryNavigationMirror --><div class=\"js-secondary-nav--sticky wp-block-unilux-blocks-secondary-navigation\" id=\"3b3f2160-b577-4848-a60f-43d3e80f807a\">\n    <nav id=\"secondary-navigation\" role=\"navigation\" aria-label=\"Secondary menu\" class=\"secondary-nav\">\n        <button class=\"secondary-nav__button btn btn-solid--primary w-full\" aria-expanded=\"false\" aria-controls=\"secondary-navigation__list\" title=\"The selected page is Recherche\" type=\"button\">\n            <span class=\"btn__name mr-auto\">Recherche<\/span>\n            <svg aria-hidden=\"true\" focusable=\"false\" class=\"icon icon-outline icon--xs\">\n                <use xlink:href=\"https:\/\/www.uni.lu\/wp-content\/themes\/unilux-theme\/assets\/images\/icons\/icons-outline.svg#icon--arrow-down\" \/>\n            <\/svg>\n        <\/button>\n\n        <ul id=\"secondary-navigation__list\" class=\"secondary-nav__list\">\n            <li class=\"secondary-nav__item\">\n    <a href=\"https:\/\/www.uni.lu\/fdef-fr\/research-departments\/departement-sciences-economiques-et-gestion\/\" target=\"\" rel=\"noreferrer noopener\" class=\"secondary-nav__link \">\n        <svg aria-hidden=\"true\" focusable=\"false\" class=\"icon icon-outline icon--xs\">\n            <use xlink:href=\"https:\/\/www.uni.lu\/wp-content\/themes\/unilux-theme\/assets\/images\/icons\/icons-outline.svg#icon--arrow-right\" \/>\n        <\/svg>\n        <span class=\"secondary-nav__name\">Aper\u00e7u<\/span>\n    <\/a>\n<\/li>\n<li class=\"secondary-nav__item\">\n    <a href=\"https:\/\/www.uni.lu\/fdef-fr\/research-departments\/departement-sciences-economiques-et-gestion\/a-propos\/\" target=\"\" rel=\"noreferrer noopener\" class=\"secondary-nav__link \">\n        <svg aria-hidden=\"true\" focusable=\"false\" class=\"icon icon-outline icon--xs\">\n            <use xlink:href=\"https:\/\/www.uni.lu\/wp-content\/themes\/unilux-theme\/assets\/images\/icons\/icons-outline.svg#icon--arrow-right\" \/>\n        <\/svg>\n        <span class=\"secondary-nav__name\">\u00c0 propos<\/span>\n    <\/a>\n<\/li>\n<li class=\"secondary-nav__item\">\n    <a href=\"https:\/\/www.uni.lu\/fdef-fr\/research-departments\/departement-sciences-economiques-et-gestion\/recherche\/\" target=\"\" rel=\"noreferrer noopener\" class=\"secondary-nav__link isactived\" aria-current=\"page\">\n        <svg aria-hidden=\"true\" focusable=\"false\" class=\"icon icon-outline icon--xs\">\n            <use xlink:href=\"https:\/\/www.uni.lu\/wp-content\/themes\/unilux-theme\/assets\/images\/icons\/icons-outline.svg#icon--arrow-right\" \/>\n        <\/svg>\n        <span class=\"secondary-nav__name\">Recherche<\/span>\n    <\/a>\n<\/li>\n<li class=\"secondary-nav__item\">\n    <a href=\"https:\/\/www.uni.lu\/fdef-fr\/research-departments\/departement-sciences-economiques-et-gestion\/etudes\/\" target=\"\" rel=\"noreferrer noopener\" class=\"secondary-nav__link \">\n        <svg aria-hidden=\"true\" focusable=\"false\" class=\"icon icon-outline icon--xs\">\n            <use xlink:href=\"https:\/\/www.uni.lu\/wp-content\/themes\/unilux-theme\/assets\/images\/icons\/icons-outline.svg#icon--arrow-right\" \/>\n        <\/svg>\n        <span class=\"secondary-nav__name\">\u00c9tudes<\/span>\n    <\/a>\n<\/li>\n<li class=\"secondary-nav__item\">\n    <a href=\"https:\/\/www.uni.lu\/fdef-fr\/research-departments\/departement-sciences-economiques-et-gestion\/rayonnement\/\" target=\"\" rel=\"noreferrer noopener\" class=\"secondary-nav__link \">\n        <svg aria-hidden=\"true\" focusable=\"false\" class=\"icon icon-outline icon--xs\">\n            <use xlink:href=\"https:\/\/www.uni.lu\/wp-content\/themes\/unilux-theme\/assets\/images\/icons\/icons-outline.svg#icon--arrow-right\" \/>\n        <\/svg>\n        <span class=\"secondary-nav__name\">Rayonnement<\/span>\n    <\/a>\n<\/li>\n<li class=\"secondary-nav__item\">\n    <a href=\"https:\/\/www.uni.lu\/fdef-fr\/research-departments\/departement-sciences-economiques-et-gestion\/equipe\/\" target=\"\" rel=\"noreferrer noopener\" class=\"secondary-nav__link \">\n        <svg aria-hidden=\"true\" focusable=\"false\" class=\"icon icon-outline icon--xs\">\n            <use xlink:href=\"https:\/\/www.uni.lu\/wp-content\/themes\/unilux-theme\/assets\/images\/icons\/icons-outline.svg#icon--arrow-right\" \/>\n        <\/svg>\n        <span class=\"secondary-nav__name\">Notre \u00e9quipe<\/span>\n    <\/a>\n<\/li>\n<li class=\"secondary-nav__item\">\n    <a href=\"https:\/\/www.uni.lu\/fdef-fr\/research-departments\/departement-sciences-economiques-et-gestion\/contact\/\" target=\"\" rel=\"noreferrer noopener\" class=\"secondary-nav__link \">\n        <svg aria-hidden=\"true\" focusable=\"false\" class=\"icon icon-outline icon--xs\">\n            <use xlink:href=\"https:\/\/www.uni.lu\/wp-content\/themes\/unilux-theme\/assets\/images\/icons\/icons-outline.svg#icon--arrow-right\" \/>\n        <\/svg>\n        <span class=\"secondary-nav__name\">Contact<\/span>\n    <\/a>\n<\/li>\n        <\/ul>\n    <\/nav>\n<\/div>\n<!-- end SecondaryNavigationMirror --><\/div><\/section>\n\n\n\n<section class=\"py-0 wp-block-unilux-blocks-free-section section\"><div class=\"container xl:max-w-screen-xl\"><section class=\"section section !max-w-screen-2xl wp-block-unilux-blocks-content-card-and-quick-links-section\">\n    \n<div class=\"wp-block-unilux-blocks-wrapper container 2xl:max-w-screen-2xl\">\n<h1 class=\"has-text-align-left wp-block-unilux-blocks-heading\"        id=\"recherche-au-departement-sciences-economiques-et-gestion\"\n    >\nRecherche au D\u00e9partement Sciences \u00e9conomiques et gestion<\/h1>\n\n\n\n<div class=\"wp-block-unilux-blocks-wrapper flex flex-wrap -mx-16\">\n<div class=\"wp-block-unilux-blocks-wrapper w-full lg:w-7\/12 px-16\"><div class=\"content-card content-card--right content-card__overlay--hidden wp-block-unilux-blocks-content-card\">\n    <div class=\"content-card__visual wp-block-unilux-blocks-content-card-visual-area\">\n    \n<section class=\"wp-block-unilux-blocks-image-video-wrapper\">\n    <figure class=\"wp-block-dev4-reusable-blocks-image  object-fit--cover\">\n    \n<img decoding=\"async\" class=\"wp-block-image unilux-custom-image-block\"\n                alt=\"\"\n            src=\"https:\/\/www.uni.lu\/wp-content\/uploads\/sites\/18\/2023\/11\/iStock-1402456576-2048x1260-1.jpg\"\n                srcset=\"https:\/\/www.uni.lu\/wp-content\/uploads\/sites\/18\/2023\/11\/iStock-1402456576-2048x1260-1-300x185.jpg 300w, https:\/\/www.uni.lu\/wp-content\/uploads\/sites\/18\/2023\/11\/iStock-1402456576-2048x1260-1-1024x630.jpg 1024w, https:\/\/www.uni.lu\/wp-content\/uploads\/sites\/18\/2023\/11\/iStock-1402456576-2048x1260-1-768x473.jpg 768w, https:\/\/www.uni.lu\/wp-content\/uploads\/sites\/18\/2023\/11\/iStock-1402456576-2048x1260-1-1536x945.jpg 1536w, https:\/\/www.uni.lu\/wp-content\/uploads\/sites\/18\/2023\/11\/iStock-1402456576-2048x1260-1.jpg 2048w\"\n                style=\"object-position: 50.00% 50.00%; font-family: &quot;object-fit: cover; object-position: 50.00% 50.00%;&quot;; aspect-ratio: 3\/2; object-fit: cover; width: 100%;\"\n        loading=\"lazy\"\n\/>    <\/figure><\/section>\n<div class=\"wp-block-unilux-blocks-wrapper content-card__overlay\">\n<a class=\"wp-block-unilux-blocks-button-highlight-rounded bottom-left\" \n    href=\"#\"\n    target=\"_self\"\n>\n    \n<span class=\"btn-highlight-rounded__name wp-block-unilux-blocks-plain-text\"><\/span>    <span class=\"icon-rounded\">\n        <svg aria-hidden=\"true\" focusable=\"false\" class=\"icon icon-outline icon--arrow-right icon--lg\"><use xlink:href=\"https:\/\/www.uni.lu\/wp-content\/themes\/unilux-theme\/assets\/images\/icons\/icons-outline.svg#icon--arrow-right\"><\/use><\/svg>    <\/span>\n<\/a><\/div>\n<\/div><div class=\"content-card__body  wp-block-unilux-blocks-content-card-free-area\">\n    \n<p>Recherche collaborative, innovante et d&rsquo;actualit\u00e9 sur l&rsquo;\u00e9conomie, la gestion d&rsquo;entreprise et la logistique par un groupe de professeurs et d&rsquo;\u00e9tudiants passionn\u00e9s.<\/p>\n<\/div><\/div><\/div>\n\n\n\n<div class=\"wp-block-unilux-blocks-wrapper w-full lg:w-5\/12 px-16 mt-48 lg:mt-96\">\n<h3 class=\"has-text-align-left wp-block-unilux-blocks-heading\"        id=\"more-info\"\n    >\nMore info<\/h3>\n\n\n\n<ul class=\"wp-block-unilux-blocks-quick-link-highlight quick-link-list\">\n<li class=\"wp-block-unilux-blocks-quick-link-highlight-item\">\n    <a\n                    href=\"https:\/\/www.uni.lu\/fdef-en\/research-departments\/department-of-economics-and-management\/publications\/\"\n                    class=\"quick-link\"\n            target=\"\"\n    >\n            <span class=\"quick-link__container\">\n                <span class=\"quick-link__body\">\n                    <span class=\"quick-link__number\">\n                                            <\/span>\n                    <span class=\"quick-link__title\">\n                        Publications (EN)                    <\/span>\n                    <span class=\"quick-link__action\">\n                                            <\/span>\n                <\/span>\n                <svg aria-hidden=\"true\" focusable=\"false\" class=\"icon icon-outline icon--arrow-right \"><use xlink:href=\"https:\/\/www.uni.lu\/wp-content\/themes\/unilux-theme\/assets\/images\/icons\/icons-outline.svg#icon--arrow-right\"><\/use><\/svg>            <\/span>\n    <\/a>\n<\/li>\n\n\n\n<li class=\"wp-block-unilux-blocks-quick-link-highlight-item\">\n    <a\n                    href=\"https:\/\/www.uni.lu\/fdef-en\/research-departments\/department-of-economics-and-management\/publications\/\"\n                    class=\"quick-link\"\n            target=\"\"\n    >\n            <span class=\"quick-link__container\">\n                <span class=\"quick-link__body\">\n                    <span class=\"quick-link__number\">\n                                            <\/span>\n                    <span class=\"quick-link__title\">\n                        Documents de travail (EN)                    <\/span>\n                    <span class=\"quick-link__action\">\n                                            <\/span>\n                <\/span>\n                <svg aria-hidden=\"true\" focusable=\"false\" class=\"icon icon-outline icon--arrow-right \"><use xlink:href=\"https:\/\/www.uni.lu\/wp-content\/themes\/unilux-theme\/assets\/images\/icons\/icons-outline.svg#icon--arrow-right\"><\/use><\/svg>            <\/span>\n    <\/a>\n<\/li>\n\n\n\n<li class=\"wp-block-unilux-blocks-quick-link-highlight-item\">\n    <a\n                    href=\"https:\/\/www.uni.lu\/fdef-fr\/research-departments\/departement-sciences-economiques-et-gestion\/rayonnement\/\"\n                    class=\"quick-link\"\n            target=\"\"\n    >\n            <span class=\"quick-link__container\">\n                <span class=\"quick-link__body\">\n                    <span class=\"quick-link__number\">\n                                            <\/span>\n                    <span class=\"quick-link__title\">\n                        Rayonnement                    <\/span>\n                    <span class=\"quick-link__action\">\n                                            <\/span>\n                <\/span>\n                <svg aria-hidden=\"true\" focusable=\"false\" class=\"icon icon-outline icon--arrow-right \"><use xlink:href=\"https:\/\/www.uni.lu\/wp-content\/themes\/unilux-theme\/assets\/images\/icons\/icons-outline.svg#icon--arrow-right\"><\/use><\/svg>            <\/span>\n    <\/a>\n<\/li>\n\n\n\n<li class=\"wp-block-unilux-blocks-quick-link-highlight-item\">\n    <a\n                    href=\"https:\/\/www.uni.lu\/en\/events-overview\/?fq_events-taxonomies-events-topic%5B%5D=economics-management%7CEconomics+%26+Management%7CTopic&#038;fq_events-taxonomies-date%5B%5D=date-in-the-future%7CIn+the+future%7CDate\"\n                    class=\"quick-link\"\n            target=\"\"\n    >\n            <span class=\"quick-link__container\">\n                <span class=\"quick-link__body\">\n                    <span class=\"quick-link__number\">\n                                            <\/span>\n                    <span class=\"quick-link__title\">\n                        \u00c9v\u00e9nements (EN)                    <\/span>\n                    <span class=\"quick-link__action\">\n                                            <\/span>\n                <\/span>\n                <svg aria-hidden=\"true\" focusable=\"false\" class=\"icon icon-outline icon--arrow-right \"><use xlink:href=\"https:\/\/www.uni.lu\/wp-content\/themes\/unilux-theme\/assets\/images\/icons\/icons-outline.svg#icon--arrow-right\"><\/use><\/svg>            <\/span>\n    <\/a>\n<\/li>\n<\/ul>\n<\/div>\n<\/div>\n<\/div>\n<\/section><\/div><\/section>\n\n\n<section class=\"section  wp-block-unilux-blocks-content-card-full-width\">\n    <div class=\"container 2xl:max-w-screen-2xl\">\n        <div class=\"max-w-11\/12\">\n            <div class=\"content-card content-card--right content-card__overlay--hidden wp-block-unilux-blocks-content-card\">\n    \n<h2 class=\"content-card__heading has-text-align-left wp-block-unilux-blocks-heading\"        id=\"creer-et-partager-des-connaissances\"\n    >\nCr\u00e9er et partager des connaissances<\/h2>\n<div class=\"content-card__visual wp-block-unilux-blocks-content-card-visual-area\">\n    \n<section class=\"wp-block-unilux-blocks-image-video-wrapper\">\n    <figure class=\"wp-block-dev4-reusable-blocks-image  object-fit--cover\">\n    \n<img decoding=\"async\" class=\"wp-block-image unilux-custom-image-block\"\n                alt=\"\"\n            src=\"https:\/\/www.uni.lu\/wp-content\/uploads\/sites\/18\/2023\/11\/Research_contribution-to-Luxembourg_PIC2.jpg\"\n                srcset=\"https:\/\/www.uni.lu\/wp-content\/uploads\/sites\/18\/2023\/11\/Research_contribution-to-Luxembourg_PIC2-300x200.jpg 300w, https:\/\/www.uni.lu\/wp-content\/uploads\/sites\/18\/2023\/11\/Research_contribution-to-Luxembourg_PIC2-1024x682.jpg 1024w, https:\/\/www.uni.lu\/wp-content\/uploads\/sites\/18\/2023\/11\/Research_contribution-to-Luxembourg_PIC2-768x512.jpg 768w, https:\/\/www.uni.lu\/wp-content\/uploads\/sites\/18\/2023\/11\/Research_contribution-to-Luxembourg_PIC2-1536x1023.jpg 1536w, https:\/\/www.uni.lu\/wp-content\/uploads\/sites\/18\/2023\/11\/Research_contribution-to-Luxembourg_PIC2.jpg 1621w\"\n                style=\"object-position: 50.00% 50.00%; font-family: &quot;object-fit: cover; object-position: 50.00% 50.00%;&quot;; aspect-ratio: 3\/2; object-fit: cover; width: 100%;\"\n        loading=\"lazy\"\n\/>    <\/figure><\/section>\n<div class=\"wp-block-unilux-blocks-wrapper content-card__overlay\">\n<a class=\"wp-block-unilux-blocks-button-highlight-rounded bottom-left\" \n    href=\"#\"\n    target=\"_self\"\n>\n    \n<span class=\"btn-highlight-rounded__name wp-block-unilux-blocks-plain-text\"><\/span>    <span class=\"icon-rounded\">\n        <svg aria-hidden=\"true\" focusable=\"false\" class=\"icon icon-outline icon--arrow-right icon--lg\"><use xlink:href=\"https:\/\/www.uni.lu\/wp-content\/themes\/unilux-theme\/assets\/images\/icons\/icons-outline.svg#icon--arrow-right\"><\/use><\/svg>    <\/span>\n<\/a><\/div>\n<\/div><div class=\"content-card__body  wp-block-unilux-blocks-content-card-free-area\">\n    \n<p><strong>Une approche engag\u00e9e et ouverte<\/strong><\/p>\n\n<div class=\"wp-block-columns is-layout-flex wp-block-columns-is-layout-flex\">\n<div class=\"wp-block-column is-layout-flow wp-block-column-is-layout-flow\">\n<p>Outre les publications et la participation \u00e0 des conf\u00e9rences \u00e0 l&rsquo;\u00e9tranger, le DEM estime que l&rsquo;organisation de conf\u00e9rences et de s\u00e9minaires est un moyen efficace de stimuler les \u00e9changes scientifiques et de diffuser les r\u00e9sultats de la recherche. Nos membres contribuent \u00e0 la diffusion des r\u00e9sultats les plus r\u00e9cents de la recherche \u00e9conomique. Ils participent \u00e9galement aux d\u00e9bats \u00e9conomiques publics par le biais d&rsquo;interviews et d&rsquo;articles de presse.<\/p>\n\n\n\n<ul class=\"wp-block-unilux-blocks-custom-buttons btn-list\"><li class=\"wp-block-unilux-blocks-custom-button\"    aria-disabled=\"false\"\n    >\n    <a\n        role=\"link\"\n        aria-disabled=\"false\"\n                    href=\"https:\/\/www.uni.lu\/fdef-fr\/research-departments\/departement-sciences-economiques-et-gestion\/rayonnement\/\"\n                target=\"_self\"\n        class=\"btn btn--primary\"\n            >Lien vers la page rayonnement<\/a>\n<\/li>\n<\/ul>\n<\/div>\n\n\n\n<div class=\"wp-block-column is-layout-flow wp-block-column-is-layout-flow\">\n<p>Le s\u00e9minaire du d\u00e9partement d&rsquo;\u00e9conomie et de gestion est un s\u00e9minaire de recherche bimensuel accueillant des conf\u00e9renciers invit\u00e9s provenant d&rsquo;institutions de recherche de premier plan dans le monde entier et ouvert \u00e0 tous les chercheurs au Luxembourg.<\/p>\n\n\n\n<p>Le DEM met \u00e9galement la recherche en pratique en participant activement au partenariat de collaboration qui existe entre l&rsquo;Universit\u00e9 du Luxembourg et l&rsquo;Universit\u00e9 des sciences \u00e9conomiques et de gestion de Bamako, au Mali.<\/p>\n<\/div>\n<\/div>\n<\/div><\/div>        <\/div>\n    <\/div>\n<\/section>\n\n<!-- Template: Resources Section -->\n<section class=\"section section wp-block-unilux-blocks-resources-section py-0\">\n    \n<div class=\"wp-block-unilux-blocks-wrapper max-w-screen-3xl mx-auto bg-gray-100\">\n<div class=\"wp-block-unilux-blocks-wrapper container container-py-xl xl:max-w-screen-xl\">\n<h2 class=\"text-center has-text-align-left wp-block-unilux-blocks-heading\"        id=\"nos-groupes-de-recherche\"\n    >\nNos groupes de recherche<\/h2>\n\n\n<!-- Template: Resources Section \/ Group -->\n<ul class=\"quick-link-list grid md:grid-cols-2 md:gap-x-32\">\n    <!-- Template: Resources Section \/ Item -->\n<li class=\"quick-link-list__item bg-theme\">\n    <a\n                    href=\"https:\/\/www.uni.lu\/fdef-en\/research-groups\/corporate-governance-and-accounting\/\"\n                class=\"quick-link quick-link--theme\"\n                    title=\"Corporate governance and Accounting (EN)\"\n    >\n        <span class=\"quick-link__container\">\n                        <span class=\"quick-link__name\">Corporate governance and Accounting (EN)<\/span>\n            <svg aria-hidden=\"true\" focusable=\"false\" class=\"icon icon-outline icon--arrow-right \"><use xlink:href=\"https:\/\/www.uni.lu\/wp-content\/themes\/unilux-theme\/assets\/images\/icons\/icons-outline.svg#icon--arrow-right\"><\/use><\/svg>        <\/span>\n    <\/a>\n<\/li>\n<!-- Template: Resources Section \/ Item -->\n<li class=\"quick-link-list__item bg-theme\">\n    <a\n                    href=\"https:\/\/www.uni.lu\/fdef-en\/research-groups\/dynamic-macroeconomics\/\"\n                class=\"quick-link quick-link--theme\"\n                    title=\"Dynamic Macroeconomics (EN)\"\n    >\n        <span class=\"quick-link__container\">\n                        <span class=\"quick-link__name\">Dynamic Macroeconomics (EN)<\/span>\n            <svg aria-hidden=\"true\" focusable=\"false\" class=\"icon icon-outline icon--arrow-right \"><use xlink:href=\"https:\/\/www.uni.lu\/wp-content\/themes\/unilux-theme\/assets\/images\/icons\/icons-outline.svg#icon--arrow-right\"><\/use><\/svg>        <\/span>\n    <\/a>\n<\/li>\n<!-- Template: Resources Section \/ Item -->\n<li class=\"quick-link-list__item bg-theme\">\n    <a\n                    href=\"https:\/\/www.uni.lu\/fdef-en\/research-groups\/development-economics\/\"\n                class=\"quick-link quick-link--theme\"\n                    title=\"Development Economics (EN)\"\n    >\n        <span class=\"quick-link__container\">\n                        <span class=\"quick-link__name\">Development Economics (EN)<\/span>\n            <svg aria-hidden=\"true\" focusable=\"false\" class=\"icon icon-outline icon--arrow-right \"><use xlink:href=\"https:\/\/www.uni.lu\/wp-content\/themes\/unilux-theme\/assets\/images\/icons\/icons-outline.svg#icon--arrow-right\"><\/use><\/svg>        <\/span>\n    <\/a>\n<\/li>\n<!-- Template: Resources Section \/ Item -->\n<li class=\"quick-link-list__item bg-theme\">\n    <a\n                    href=\"https:\/\/www.uni.lu\/fdef-en\/research-groups\/empirical-methods-group\/\"\n                class=\"quick-link quick-link--theme\"\n                    title=\"Empirical Methods Group (EN)\"\n    >\n        <span class=\"quick-link__container\">\n                        <span class=\"quick-link__name\">Empirical Methods Group (EN)<\/span>\n            <svg aria-hidden=\"true\" focusable=\"false\" class=\"icon icon-outline icon--arrow-right \"><use xlink:href=\"https:\/\/www.uni.lu\/wp-content\/themes\/unilux-theme\/assets\/images\/icons\/icons-outline.svg#icon--arrow-right\"><\/use><\/svg>        <\/span>\n    <\/a>\n<\/li>\n<!-- Template: Resources Section \/ Item -->\n<li class=\"quick-link-list__item bg-theme\">\n    <a\n                    href=\"https:\/\/www.uni.lu\/fdef-en\/research-groups\/entrepreneurship-and-innovation\/\"\n                class=\"quick-link quick-link--theme\"\n                    title=\"Entrepreneurship and Innovation (EN)\"\n    >\n        <span class=\"quick-link__container\">\n                        <span class=\"quick-link__name\">Entrepreneurship and Innovation (EN)<\/span>\n            <svg aria-hidden=\"true\" focusable=\"false\" class=\"icon icon-outline icon--arrow-right \"><use xlink:href=\"https:\/\/www.uni.lu\/wp-content\/themes\/unilux-theme\/assets\/images\/icons\/icons-outline.svg#icon--arrow-right\"><\/use><\/svg>        <\/span>\n    <\/a>\n<\/li>\n<!-- Template: Resources Section \/ Item -->\n<li class=\"quick-link-list__item bg-theme\">\n    <a\n                    href=\"https:\/\/www.uni.lu\/fdef-en\/research-groups\/labour-market\/\"\n                class=\"quick-link quick-link--theme\"\n                    title=\"Labour Market (EN)\"\n    >\n        <span class=\"quick-link__container\">\n                        <span class=\"quick-link__name\">Labour Market (EN)<\/span>\n            <svg aria-hidden=\"true\" focusable=\"false\" class=\"icon icon-outline icon--arrow-right \"><use xlink:href=\"https:\/\/www.uni.lu\/wp-content\/themes\/unilux-theme\/assets\/images\/icons\/icons-outline.svg#icon--arrow-right\"><\/use><\/svg>        <\/span>\n    <\/a>\n<\/li>\n<!-- Template: Resources Section \/ Item -->\n<li class=\"quick-link-list__item bg-theme\">\n    <a\n                    href=\"https:\/\/www.uni.lu\/fdef-en\/research-groups\/luxembourg-centre-for-logistics-and-supply-chain-management\/\"\n                class=\"quick-link quick-link--theme\"\n                    title=\"Luxembourg Centre for Logistics and Supply Chain Management (EN)\"\n    >\n        <span class=\"quick-link__container\">\n                        <span class=\"quick-link__name\">Luxembourg Centre for Logistics and Supply Chain Management (EN)<\/span>\n            <svg aria-hidden=\"true\" focusable=\"false\" class=\"icon icon-outline icon--arrow-right \"><use xlink:href=\"https:\/\/www.uni.lu\/wp-content\/themes\/unilux-theme\/assets\/images\/icons\/icons-outline.svg#icon--arrow-right\"><\/use><\/svg>        <\/span>\n    <\/a>\n<\/li>\n<!-- Template: Resources Section \/ Item -->\n<li class=\"quick-link-list__item bg-theme\">\n    <a\n                    href=\"https:\/\/www.uni.lu\/fdef-en\/research-groups\/public-economics\/\"\n                class=\"quick-link quick-link--theme\"\n                    title=\"Public Economics (EN)\"\n    >\n        <span class=\"quick-link__container\">\n                        <span class=\"quick-link__name\">Public Economics (EN)<\/span>\n            <svg aria-hidden=\"true\" focusable=\"false\" class=\"icon icon-outline icon--arrow-right \"><use xlink:href=\"https:\/\/www.uni.lu\/wp-content\/themes\/unilux-theme\/assets\/images\/icons\/icons-outline.svg#icon--arrow-right\"><\/use><\/svg>        <\/span>\n    <\/a>\n<\/li>\n<\/ul>\n\n\n\n<ul class=\"wp-block-unilux-blocks-custom-buttons btn-list justify-center\"><li class=\"wp-block-unilux-blocks-custom-button\"    aria-disabled=\"false\"\n    >\n    <a\n        role=\"link\"\n        aria-disabled=\"false\"\n                    href=\"https:\/\/www.uni.lu\/research-en\/research-areas\/\"\n                target=\"_self\"\n        class=\"btn btn--secondary\"\n            >Domaines de recherche (EN)<\/a>\n<\/li>\n\n\n<li class=\"wp-block-unilux-blocks-custom-button\"    aria-disabled=\"false\"\n    >\n    <a\n        role=\"link\"\n        aria-disabled=\"false\"\n                    href=\"https:\/\/www.uni.lu\/fdef-en\/research-departments\/department-of-economics-and-management\/publications\/\"\n                target=\"_self\"\n        class=\"btn btn--primary\"\n            >Publications<\/a>\n<\/li>\n<\/ul>\n<\/div>\n<\/div>\n<\/section>\n\n\n\n<section class=\"py-0 wp-block-unilux-blocks-free-section section\"><div class=\"container xl:max-w-screen-xl\">\n<h2 class=\"has-text-align-left wp-block-unilux-blocks-heading\"        id=\"impact\"\n    >\nImpact<\/h2>\n\n\n\n<p><strong>Des partenaires locaux pour renforcer l\u2019impact de la recherche<\/strong><\/p>\n\n\n\n<p>Nous contribuons \u00e0 des d\u00e9bats soci\u00e9taux plus larges et \u00e0 la diffusion des connaissances par le biais d&rsquo;une vari\u00e9t\u00e9 d&rsquo;\u00e9v\u00e9nements, de tables rondes, d&rsquo;articles de journaux et de communications de presse, soit de mani\u00e8re autonome, soit par le biais d&rsquo;initiatives de collaboration avec d&rsquo;autres institutions publiques luxembourgeoises, telles que la Chambre de commerce du Luxembourg, la Banque europ\u00e9enne d&rsquo;investissement, LISER ou le STATEC.<\/p>\n\n\n\n<ul class=\"wp-block-unilux-blocks-custom-buttons btn-list\"><li class=\"wp-block-unilux-blocks-custom-button\"    aria-disabled=\"false\"\n    >\n    <a\n        role=\"link\"\n        aria-disabled=\"false\"\n                    href=\"https:\/\/www.uni.lu\/fdef-fr\/partenaires\/\"\n                target=\"_self\"\n        class=\"btn btn--primary\"\n            >Chaires et partenaires<\/a>\n<\/li>\n<\/ul>\n<\/div><\/section>\n\n\n<section class=\"section section wp-block-unilux-blocks-quick-link-discover-section\">\n    <div class=\"container xl:max-w-screen-xl\">\n        \n<h2 class=\"has-text-align-left wp-block-unilux-blocks-heading\"        id=\"en-savoir-plus\"\n    >\nEn savoir plus<\/h2>\n\n<ul class=\"wp-block-unilux-blocks-quick-link-discover quick-link-list\">\n<li class=\"wp-block-unilux-blocks-quick-link-discover-item\">\n    <a\n                    href=\"https:\/\/www.uni.lu\/research-en\/doctoral-education\/dsefm\/\"\n                    class=\"quick-link\"\n            target=\"\"\n    >\n            <span class=\"quick-link__container\">\n                <span class=\"quick-link__text\">\n                    \u00c9cole doctorale d\u2019\u00e9conomie, de finance et de management (EN)                <\/span>\n                <svg aria-hidden=\"true\" focusable=\"false\" class=\"icon icon-outline icon--arrow-right \"><use xlink:href=\"https:\/\/www.uni.lu\/wp-content\/themes\/unilux-theme\/assets\/images\/icons\/icons-outline.svg#icon--arrow-right\"><\/use><\/svg>            <\/span>\n    <\/a>\n<\/li>\n\n\n\n<li class=\"wp-block-unilux-blocks-quick-link-discover-item\">\n    <a\n                    href=\"https:\/\/www.uni.lu\/fdef-en\/partners\/funded-chairs\/\"\n                    class=\"quick-link\"\n            target=\"\"\n    >\n            <span class=\"quick-link__container\">\n                <span class=\"quick-link__text\">\n                    Nos chaires avec dotation (EN)                <\/span>\n                <svg aria-hidden=\"true\" focusable=\"false\" class=\"icon icon-outline icon--arrow-right \"><use xlink:href=\"https:\/\/www.uni.lu\/wp-content\/themes\/unilux-theme\/assets\/images\/icons\/icons-outline.svg#icon--arrow-right\"><\/use><\/svg>            <\/span>\n    <\/a>\n<\/li>\n\n\n\n<li class=\"wp-block-unilux-blocks-quick-link-discover-item\">\n    <a\n                    href=\"https:\/\/www.uni.lu\/fdef-en\/research-departments\/department-of-economics-and-management\/network-of-extramural-research-fellows\/\"\n                    class=\"quick-link\"\n            target=\"\"\n    >\n            <span class=\"quick-link__container\">\n                <span class=\"quick-link__text\">\n                    R\u00e9seau de bourses de recherche extra-muros (EN)                <\/span>\n                <svg aria-hidden=\"true\" focusable=\"false\" class=\"icon icon-outline icon--arrow-right \"><use xlink:href=\"https:\/\/www.uni.lu\/wp-content\/themes\/unilux-theme\/assets\/images\/icons\/icons-outline.svg#icon--arrow-right\"><\/use><\/svg>            <\/span>\n    <\/a>\n<\/li>\n<\/ul>\n    <\/div>\n<\/section><\/div>","protected":false},"excerpt":{"rendered":"","protected":false},"author":100,"featured_media":0,"parent":624,"menu_order":0,"template":"","meta":{"featured_image_focal_point":[],"show_featured_caption":false,"ulux_newsletter_groups":"","uluxPostTitle":"D\u00e9partement Sciences \u00e9conomiques et gestion","uluxPrePostTitle":"D\u00e9partement","_trash_the_other_posts":false,"_price":"","_stock":"","_tribe_ticket_header":"","_tribe_default_ticket_provider":"","_tribe_ticket_capacity":"0","_ticket_start_date":"","_ticket_end_date":"","_tribe_ticket_show_description":"","_tribe_ticket_show_not_going":false,"_tribe_ticket_use_global_stock":"","_tribe_ticket_global_stock_level":"","_global_stock_mode":"","_global_stock_cap":"","_tribe_rsvp_for_event":"","_tribe_ticket_going_count":"","_tribe_ticket_not_going_count":"","_tribe_tickets_list":"[]","_tribe_ticket_has_attendee_info_fields":false},"organisation":[],"authorship":[100,99,98,413],"acf":[],"yoast_head":"<!-- This site is optimized with the Yoast SEO Premium plugin v22.3 (Yoast SEO v22.3) - https:\/\/yoast.com\/wordpress\/plugins\/seo\/ -->\n<title>Recherche - D\u00e9partement Sciences \u00e9conomiques et gestion - FDEF - Universit\u00e9 du Luxembourg I Uni.lu<\/title>\n<meta name=\"description\" content=\"Recherche collaborative, innovante et d&#039;actualit\u00e9 sur l&#039;\u00e9conomie, la gestion d&#039;entreprise et la logistique par un groupe de professeurs et d&#039;\u00e9tudiants\" \/>\n<meta name=\"robots\" content=\"index, follow, max-snippet:-1, max-image-preview:large, max-video-preview:-1\" \/>\n<link rel=\"canonical\" href=\"https:\/\/www.uni.lu\/fdef-fr\/research-departments\/departement-sciences-economiques-et-gestion\/recherche\/\" \/>\n<meta property=\"og:locale\" content=\"fr_FR\" \/>\n<meta property=\"og:type\" content=\"article\" \/>\n<meta property=\"og:title\" content=\"Recherche\" \/>\n<meta property=\"og:description\" content=\"Recherche collaborative, innovante et d&#039;actualit\u00e9 sur l&#039;\u00e9conomie, la gestion d&#039;entreprise et la logistique par un groupe de professeurs et d&#039;\u00e9tudiants\" \/>\n<meta property=\"og:url\" content=\"https:\/\/www.uni.lu\/fdef-fr\/research-departments\/departement-sciences-economiques-et-gestion\/recherche\/\" \/>\n<meta property=\"og:site_name\" content=\"FDEF FR\" \/>\n<meta property=\"article:publisher\" content=\"https:\/\/www.facebook.com\/uni.FDEF.lu\" \/>\n<meta property=\"article:modified_time\" content=\"2026-01-14T09:16:42+00:00\" \/>\n<meta property=\"og:image\" content=\"https:\/\/www.uni.lu\/wp-content\/uploads\/sites\/18\/2026\/03\/03111953\/FDEF_SM-Profile_1600x1600px-scaled.jpg\" \/>\n\t<meta property=\"og:image:width\" content=\"2560\" \/>\n\t<meta property=\"og:image:height\" content=\"2560\" \/>\n\t<meta property=\"og:image:type\" content=\"image\/jpeg\" \/>\n<meta name=\"twitter:card\" content=\"summary_large_image\" \/>\n<meta name=\"twitter:label1\" content=\"Dur\u00e9e de lecture estim\u00e9e\" \/>\n\t<meta name=\"twitter:data1\" content=\"2 minutes\" \/>\n<script type=\"application\/ld+json\" class=\"yoast-schema-graph\">{\"@context\":\"https:\/\/schema.org\",\"@graph\":[{\"@type\":\"WebPage\",\"@id\":\"https:\/\/www.uni.lu\/fdef-fr\/research-departments\/departement-sciences-economiques-et-gestion\/recherche\/\",\"url\":\"https:\/\/www.uni.lu\/fdef-fr\/research-departments\/departement-sciences-economiques-et-gestion\/recherche\/\",\"name\":\"Recherche - D\u00e9partement Sciences \u00e9conomiques et gestion - FDEF - Universit\u00e9 du Luxembourg I Uni.lu\",\"isPartOf\":{\"@id\":\"https:\/\/www.uni.lu\/fdef-fr\/#website\"},\"datePublished\":\"2023-11-21T13:28:21+00:00\",\"dateModified\":\"2026-01-14T09:16:42+00:00\",\"description\":\"Recherche collaborative, innovante et d'actualit\u00e9 sur l'\u00e9conomie, la gestion d'entreprise et la logistique par un groupe de professeurs et d'\u00e9tudiants\",\"breadcrumb\":{\"@id\":\"https:\/\/www.uni.lu\/fdef-fr\/research-departments\/departement-sciences-economiques-et-gestion\/recherche\/#breadcrumb\"},\"inLanguage\":\"fr-FR\",\"potentialAction\":[{\"@type\":\"ReadAction\",\"target\":[\"https:\/\/www.uni.lu\/fdef-fr\/research-departments\/departement-sciences-economiques-et-gestion\/recherche\/\"]}]},{\"@type\":\"BreadcrumbList\",\"@id\":\"https:\/\/www.uni.lu\/fdef-fr\/research-departments\/departement-sciences-economiques-et-gestion\/recherche\/#breadcrumb\",\"itemListElement\":[{\"@type\":\"ListItem\",\"position\":1,\"name\":\"Home\",\"item\":\"https:\/\/www.uni.lu\/fr\"},{\"@type\":\"ListItem\",\"position\":2,\"name\":\"Facult\u00e9 de Droit, d\u2019\u00c9conomie et de Finance\",\"item\":\"https:\/\/www.uni.lu\/fdef-fr\/\"},{\"@type\":\"ListItem\",\"position\":3,\"name\":\"D\u00e9partements\",\"item\":\"https:\/\/www.uni.lu\/fdef-fr\/research-departments\/\"},{\"@type\":\"ListItem\",\"position\":4,\"name\":\"D\u00e9partement Sciences \u00e9conomiques et gestion\",\"item\":\"https:\/\/www.uni.lu\/fdef-fr\/research-departments\/departement-sciences-economiques-et-gestion\/\"},{\"@type\":\"ListItem\",\"position\":5,\"name\":\"Recherche\"}]},{\"@type\":\"WebSite\",\"@id\":\"https:\/\/www.uni.lu\/fdef-fr\/#website\",\"url\":\"https:\/\/www.uni.lu\/fdef-fr\/\",\"name\":\"FDEF\",\"description\":\"Facult\u00e9 de Droit, d\u2019\u00c9conomie et de Finance I Uni.lu\",\"publisher\":{\"@id\":\"https:\/\/www.uni.lu\/fdef-fr\/#organization\"},\"alternateName\":\"Facult\u00e9 de Droit, d\u2019\u00c9conomie et de Finance I Universit\u00e9 du Luxembourg\",\"potentialAction\":[{\"@type\":\"SearchAction\",\"target\":{\"@type\":\"EntryPoint\",\"urlTemplate\":\"https:\/\/www.uni.lu\/fdef-fr\/?s={search_term_string}\"},\"query-input\":\"required name=search_term_string\"}],\"inLanguage\":\"fr-FR\"},{\"@type\":\"Organization\",\"@id\":\"https:\/\/www.uni.lu\/fdef-fr\/#organization\",\"name\":\"FDEF - Universit\u00e9 du Luxembourg I Uni.lu\",\"alternateName\":\"Facult\u00e9 de Droit, d\u2019\u00c9conomie et de Finance\",\"url\":\"https:\/\/www.uni.lu\/fdef-fr\/\",\"logo\":{\"@type\":\"ImageObject\",\"inLanguage\":\"fr-FR\",\"@id\":\"https:\/\/www.uni.lu\/fdef-fr\/#\/schema\/logo\/image\/\",\"url\":\"https:\/\/www.uni.lu\/wp-content\/uploads\/sites\/18\/2026\/03\/03111953\/FDEF_SM-Profile_1600x1600px-scaled.jpg\",\"contentUrl\":\"https:\/\/www.uni.lu\/wp-content\/uploads\/sites\/18\/2026\/03\/03111953\/FDEF_SM-Profile_1600x1600px-scaled.jpg\",\"width\":2560,\"height\":2560,\"caption\":\"FDEF - Universit\u00e9 du Luxembourg I Uni.lu\"},\"image\":\"https:\/\/www.uni.lu\/wp-content\/uploads\/sites\/18\/2026\/04\/24144332\/20200609-Belval-Campus_Henri-Goergen-23.jpg\",\"sameAs\":[\"https:\/\/www.facebook.com\/uni.FDEF.lu\",\"https:\/\/www.linkedin.com\/showcase\/fdef-uni-lu\/\"],\"email\":\"communication@uni.lu\",\"telephone\":\"+3524666441\",\"address\":{\"@type\":\"PostalAddress\",\"streetAddress\":\"2, place de l\u2019Universit\u00e9\",\"addressLocality\":\"Esch-sur-Alzette\",\"postalCode\":\"4365\",\"addressCountry\":\"LU\"},\"description\":\"Facult\u00e9 de Droit, d\u2019\u00c9conomie et de Finance I Uni.lu\"}]}<\/script>\n<!-- \/ Yoast SEO Premium plugin. -->","yoast_head_json":{"title":"Recherche - D\u00e9partement Sciences \u00e9conomiques et gestion - FDEF - Universit\u00e9 du Luxembourg I Uni.lu","description":"Recherche collaborative, innovante et d'actualit\u00e9 sur l'\u00e9conomie, la gestion d'entreprise et la logistique par un groupe de professeurs et d'\u00e9tudiants","robots":{"index":"index","follow":"follow","max-snippet":"max-snippet:-1","max-image-preview":"max-image-preview:large","max-video-preview":"max-video-preview:-1"},"canonical":"https:\/\/www.uni.lu\/fdef-fr\/research-departments\/departement-sciences-economiques-et-gestion\/recherche\/","og_locale":"fr_FR","og_type":"article","og_title":"Recherche","og_description":"Recherche collaborative, innovante et d'actualit\u00e9 sur l'\u00e9conomie, la gestion d'entreprise et la logistique par un groupe de professeurs et d'\u00e9tudiants","og_url":"https:\/\/www.uni.lu\/fdef-fr\/research-departments\/departement-sciences-economiques-et-gestion\/recherche\/","og_site_name":"FDEF FR","article_publisher":"https:\/\/www.facebook.com\/uni.FDEF.lu","article_modified_time":"2026-01-14T09:16:42+00:00","og_image":[{"width":2560,"height":2560,"url":"https:\/\/www.uni.lu\/wp-content\/uploads\/sites\/18\/2026\/03\/03111953\/FDEF_SM-Profile_1600x1600px-scaled.jpg","type":"image\/jpeg"}],"twitter_card":"summary_large_image","twitter_misc":{"Dur\u00e9e de lecture estim\u00e9e":"2 minutes"},"schema":{"@context":"https:\/\/schema.org","@graph":[{"@type":"WebPage","@id":"https:\/\/www.uni.lu\/fdef-fr\/research-departments\/departement-sciences-economiques-et-gestion\/recherche\/","url":"https:\/\/www.uni.lu\/fdef-fr\/research-departments\/departement-sciences-economiques-et-gestion\/recherche\/","name":"Recherche - D\u00e9partement Sciences \u00e9conomiques et gestion - FDEF - Universit\u00e9 du Luxembourg I Uni.lu","isPartOf":{"@id":"https:\/\/www.uni.lu\/fdef-fr\/#website"},"datePublished":"2023-11-21T13:28:21+00:00","dateModified":"2026-01-14T09:16:42+00:00","description":"Recherche collaborative, innovante et d'actualit\u00e9 sur l'\u00e9conomie, la gestion d'entreprise et la logistique par un groupe de professeurs et d'\u00e9tudiants","breadcrumb":{"@id":"https:\/\/www.uni.lu\/fdef-fr\/research-departments\/departement-sciences-economiques-et-gestion\/recherche\/#breadcrumb"},"inLanguage":"fr-FR","potentialAction":[{"@type":"ReadAction","target":["https:\/\/www.uni.lu\/fdef-fr\/research-departments\/departement-sciences-economiques-et-gestion\/recherche\/"]}]},{"@type":"BreadcrumbList","@id":"https:\/\/www.uni.lu\/fdef-fr\/research-departments\/departement-sciences-economiques-et-gestion\/recherche\/#breadcrumb","itemListElement":[{"@type":"ListItem","position":1,"name":"Home","item":"https:\/\/www.uni.lu\/fr"},{"@type":"ListItem","position":2,"name":"Facult\u00e9 de Droit, d\u2019\u00c9conomie et de Finance","item":"https:\/\/www.uni.lu\/fdef-fr\/"},{"@type":"ListItem","position":3,"name":"D\u00e9partements","item":"https:\/\/www.uni.lu\/fdef-fr\/research-departments\/"},{"@type":"ListItem","position":4,"name":"D\u00e9partement Sciences \u00e9conomiques et gestion","item":"https:\/\/www.uni.lu\/fdef-fr\/research-departments\/departement-sciences-economiques-et-gestion\/"},{"@type":"ListItem","position":5,"name":"Recherche"}]},{"@type":"WebSite","@id":"https:\/\/www.uni.lu\/fdef-fr\/#website","url":"https:\/\/www.uni.lu\/fdef-fr\/","name":"FDEF","description":"Facult\u00e9 de Droit, d\u2019\u00c9conomie et de Finance I Uni.lu","publisher":{"@id":"https:\/\/www.uni.lu\/fdef-fr\/#organization"},"alternateName":"Facult\u00e9 de Droit, d\u2019\u00c9conomie et de Finance I Universit\u00e9 du Luxembourg","potentialAction":[{"@type":"SearchAction","target":{"@type":"EntryPoint","urlTemplate":"https:\/\/www.uni.lu\/fdef-fr\/?s={search_term_string}"},"query-input":"required name=search_term_string"}],"inLanguage":"fr-FR"},{"@type":"Organization","@id":"https:\/\/www.uni.lu\/fdef-fr\/#organization","name":"FDEF - Universit\u00e9 du Luxembourg I Uni.lu","alternateName":"Facult\u00e9 de Droit, d\u2019\u00c9conomie et de Finance","url":"https:\/\/www.uni.lu\/fdef-fr\/","logo":{"@type":"ImageObject","inLanguage":"fr-FR","@id":"https:\/\/www.uni.lu\/fdef-fr\/#\/schema\/logo\/image\/","url":"https:\/\/www.uni.lu\/wp-content\/uploads\/sites\/18\/2026\/03\/03111953\/FDEF_SM-Profile_1600x1600px-scaled.jpg","contentUrl":"https:\/\/www.uni.lu\/wp-content\/uploads\/sites\/18\/2026\/03\/03111953\/FDEF_SM-Profile_1600x1600px-scaled.jpg","width":2560,"height":2560,"caption":"FDEF - Universit\u00e9 du Luxembourg I Uni.lu"},"image":"https:\/\/www.uni.lu\/wp-content\/uploads\/sites\/18\/2026\/04\/24144332\/20200609-Belval-Campus_Henri-Goergen-23.jpg","sameAs":["https:\/\/www.facebook.com\/uni.FDEF.lu","https:\/\/www.linkedin.com\/showcase\/fdef-uni-lu\/"],"email":"communication@uni.lu","telephone":"+3524666441","address":{"@type":"PostalAddress","streetAddress":"2, place de l\u2019Universit\u00e9","addressLocality":"Esch-sur-Alzette","postalCode":"4365","addressCountry":"LU"},"description":"Facult\u00e9 de Droit, d\u2019\u00c9conomie et de Finance I Uni.lu"}]}},"_links":{"self":[{"href":"https:\/\/www.uni.lu\/fdef-fr\/wp-json\/wp\/v2\/research-departments\/633"}],"collection":[{"href":"https:\/\/www.uni.lu\/fdef-fr\/wp-json\/wp\/v2\/research-departments"}],"about":[{"href":"https:\/\/www.uni.lu\/fdef-fr\/wp-json\/wp\/v2\/types\/research-departments"}],"author":[{"embeddable":true,"href":"https:\/\/www.uni.lu\/fdef-fr\/wp-json\/wp\/v2\/users\/100"}],"version-history":[{"count":5,"href":"https:\/\/www.uni.lu\/fdef-fr\/wp-json\/wp\/v2\/research-departments\/633\/revisions"}],"predecessor-version":[{"id":3197,"href":"https:\/\/www.uni.lu\/fdef-fr\/wp-json\/wp\/v2\/research-departments\/633\/revisions\/3197"}],"up":[{"embeddable":true,"href":"https:\/\/www.uni.lu\/fdef-fr\/wp-json\/wp\/v2\/research-departments\/624"}],"wp:authorship":[{"embeddable":true,"href":"https:\/\/www.uni.lu\/fdef-fr\/wp-json\/wp\/v2\/users\/100"},{"embeddable":true,"href":"https:\/\/www.uni.lu\/fdef-fr\/wp-json\/wp\/v2\/users\/99"},{"embeddable":true,"href":"https:\/\/www.uni.lu\/fdef-fr\/wp-json\/wp\/v2\/users\/98"},{"embeddable":true,"href":"https:\/\/www.uni.lu\/fdef-fr\/wp-json\/wp\/v2\/users\/413"}],"wp:attachment":[{"href":"https:\/\/www.uni.lu\/fdef-fr\/wp-json\/wp\/v2\/media?parent=633"}],"wp:term":[{"taxonomy":"organisation","embeddable":true,"href":"https:\/\/www.uni.lu\/fdef-fr\/wp-json\/wp\/v2\/organisation?post=633"}],"curies":[{"name":"wp","href":"https:\/\/api.w.org\/{rel}","templated":true}]}}