{"id":3088,"date":"2025-11-06T17:01:27","date_gmt":"2025-11-06T16:01:27","guid":{"rendered":"https:\/\/www.uni.lu\/fdef-fr\/?post_type=events&#038;p=3088"},"modified":"2025-12-10T16:48:32","modified_gmt":"2025-12-10T15:48:32","slug":"filiation-ou-filiations-au-luxembourg","status":"publish","type":"events","link":"https:\/\/www.uni.lu\/fdef-fr\/events\/filiation-ou-filiations-au-luxembourg\/","title":{"rendered":"Filiation ou filiations au Luxembourg ?"},"content":{"rendered":"\n<section class=\"wp-block-unilux-blocks-free-section section\"><div class=\"container xl:max-w-screen-xl\">\n<ul class=\"wp-block-unilux-blocks-custom-buttons btn-list\"><li class=\"wp-block-unilux-blocks-custom-button\"    aria-disabled=\"false\"\n    >\n    <a\n        role=\"link\"\n        aria-disabled=\"false\"\n                    href=\"https:\/\/www.eventbrite.fr\/e\/filiation-ou-filiations-au-luxembourg-tickets-1974728938413?aff=oddtdtcreator\"\n                target=\"_self\"\n        class=\"btn btn--primary\"\n            >Je m&rsquo;inscris<\/a>\n<\/li>\n\n\n<li class=\"wp-block-unilux-blocks-custom-button\"    aria-disabled=\"false\"\n    >\n    <a\n        role=\"link\"\n        aria-disabled=\"false\"\n                    href=\"https:\/\/www.uni.lu\/fdef-fr\/events\/filiation-ou-filiations-au-luxembourg\/calendar\"\n                target=\"_self\"\n        class=\"btn btn--secondary\"\n            >Ajouter au calendrier<\/a>\n<\/li>\n<\/ul>\n\n\n<div class=\"wp-block-unilux-blocks-spacer is-spacer-size-sm\"><\/div>\n\n\n<h2 class=\"has-text-align-left wp-block-unilux-blocks-heading\"        id=\"resume\"\n    >\nR\u00e9sum\u00e9<\/h2>\n\n\n\n<p>Le droit de la famille entretient un lien \u00e9troit avec les \u00e9volutions de la soci\u00e9t\u00e9. Au Luxembourg, la l\u00e9gislation distingue encore aujourd\u2019hui deux formes de filiation : la filiation l\u00e9gitime, attach\u00e9e aux enfants n\u00e9s dans le mariage, et la filiation naturelle, relative aux enfants n\u00e9s hors mariage. Dans plusieurs pays voisins, la distinction a d\u00e9j\u00e0 \u00e9t\u00e9 abolie. Les juridictions luxembourgeoises s\u2019attachent, dans leur pratique, \u00e0 en att\u00e9nuer les effets d\u00e8s qu\u2019un contentieux se pr\u00e9sente. Aussi un projet de r\u00e9forme visant \u00e0 mettre fin \u00e0 cette dualit\u00e9 avait-il \u00e9t\u00e9 initi\u00e9 en 2013.<\/p>\n\n\n\n<p>Ce colloque se propose de relancer le d\u00e9bat sur le maintien de cette pluralit\u00e9 de filiations ou sur l\u2019opportunit\u00e9 de son unification. Une pr\u00e9sentation d\u00e9mographique des familles au Luxembourg permettra de dresser un \u00e9tat des lieux actuel. Les contributions d\u2019universitaires \u00e9claireront ensuite les implications juridiques et sociales de l\u2019adoption d\u2019un mod\u00e8le de filiation unitaire. La probl\u00e9matique de la gestation pour autrui sera \u00e9galement abord\u00e9e.<\/p>\n\n\n\n<p>Les \u00e9changes r\u00e9uniront des universitaires, des magistrats, des avocats, le D\u00e9fenseur des droits ainsi que des acteurs du monde associatif, afin de croiser les perspectives th\u00e9oriques et pratiques sur ces enjeux essentiels du droit de la famille.<\/p>\n\n\n<div class=\"wp-block-unilux-blocks-spacer is-spacer-size-sm\"><\/div>\n\n\n<h3 class=\"has-text-align-left wp-block-unilux-blocks-heading\"        id=\"langue\"\n    >\nLangue<\/h3>\n\n\n\n<p>Fran\u00e7ais.<\/p>\n\n\n\n<p>Cet \u00e9v\u00e9nement est gratuit. L\u2019inscription est obligatoire.<\/p>\n\n\n<div class=\"wp-block-unilux-blocks-spacer is-spacer-size-sm\"><\/div>\n\n\n<h2 class=\"has-text-align-left wp-block-unilux-blocks-heading\"        id=\"programme\"\n    >\nProgramme<\/h2>\n\n\n\n<ul class=\"wp-block-unilux-blocks-highlighted-list list-highlighted list-highlighted--architectural\"><li class=\"list-highlighted__item  wp-block-unilux-blocks-highlighted-list-item\">\n    <header class=\"list-highlighted__header wp-block-unilux-blocks-highlighted-list-item-header\">\n    \n<h4 class=\"title text-18 font-bold has-text-align-left wp-block-unilux-blocks-heading\"        id=\"9h00-9h30\"\n    >\n9h00 &#8211; 9h30<\/h4>\n<div class=\"wp-block-unilux-blocks-bigtext\">\n    <span>\n        \n    <\/span>\n<\/div><\/header><div class=\"list-highlighted__body wp-block-unilux-blocks-highlighted-list-item-body\">\n    <div class=\"wp-block-unilux-blocks-highlighted-list-item-free-content-area\">\n    \n<p><strong>Allocution d\u2019ouverture<\/strong><\/p>\n<\/div><\/div><\/li>\n\n<li class=\"list-highlighted__item  wp-block-unilux-blocks-highlighted-list-item\">\n    <header class=\"list-highlighted__header wp-block-unilux-blocks-highlighted-list-item-header\">\n    \n<h4 class=\"title text-18 font-bold has-text-align-left wp-block-unilux-blocks-heading\"        id=\"9h30-9h50\"\n    >\n9h30 &#8211; 9h50<\/h4>\n<div class=\"wp-block-unilux-blocks-bigtext\">\n    <span>\n        \n    <\/span>\n<\/div><\/header><div class=\"list-highlighted__body wp-block-unilux-blocks-highlighted-list-item-body\">\n    <div class=\"wp-block-unilux-blocks-highlighted-list-item-free-content-area\">\n    \n<p><strong>La f\u00e9condit\u00e9 au Luxembourg<\/strong><\/p>\n\n<p>Fran\u00e7ois Peltier, Responsable de l\u2019unit\u00e9 \u00ab&nbsp;Population et Logement&nbsp;\u00bb au STATEC<\/p>\n<\/div><\/div><\/li>\n\n<li class=\"list-highlighted__item  wp-block-unilux-blocks-highlighted-list-item\">\n    <header class=\"list-highlighted__header wp-block-unilux-blocks-highlighted-list-item-header\">\n    \n<h4 class=\"title text-18 font-bold has-text-align-left wp-block-unilux-blocks-heading\"        id=\"9h50-10h15\"\n    >\n9h50 &#8211; 10h15<\/h4>\n<div class=\"wp-block-unilux-blocks-bigtext\">\n    <span>\n        \n    <\/span>\n<\/div><\/header><div class=\"list-highlighted__body wp-block-unilux-blocks-highlighted-list-item-body\">\n    <div class=\"wp-block-unilux-blocks-highlighted-list-item-free-content-area\">\n    \n<p><strong>Le r\u00f4le du juge au Luxembourg dans l\u2019attente d\u2019une r\u00e9forme du droit de la filiation<\/strong><\/p>\n\n<p>Fran\u00e7oise Hilger, Magistrate<\/p>\n<\/div><\/div><\/li>\n\n<li class=\"list-highlighted__item  wp-block-unilux-blocks-highlighted-list-item\">\n    <header class=\"list-highlighted__header wp-block-unilux-blocks-highlighted-list-item-header\">\n    \n<h4 class=\"title text-18 font-bold has-text-align-left wp-block-unilux-blocks-heading\"        id=\"10h15-10h40\"\n    >\n10h15 &#8211; 10h40<\/h4>\n<div class=\"wp-block-unilux-blocks-bigtext\">\n    <span>\n        \n    <\/span>\n<\/div><\/header><div class=\"list-highlighted__body wp-block-unilux-blocks-highlighted-list-item-body\">\n    <div class=\"wp-block-unilux-blocks-highlighted-list-item-free-content-area\">\n    \n<p><strong>Les arr\u00eats de la cour constitutionnelle du Luxembourg aux fins d\u2019\u00e9galit\u00e9 des filiations<\/strong><\/p>\n\n<p><a href=\"https:\/\/www.uni.lu\/fdef-en\/people\/jorg-gerkrath\/\">J\u00f6rg Gerkrath<\/a>, Professeur \u00e0 Universit\u00e9 du Luxembourg<\/p>\n<\/div><\/div><\/li>\n\n<li class=\"list-highlighted__item  wp-block-unilux-blocks-highlighted-list-item\">\n    <header class=\"list-highlighted__header wp-block-unilux-blocks-highlighted-list-item-header\">\n    \n<h4 class=\"title text-18 font-bold has-text-align-left wp-block-unilux-blocks-heading\"        id=\"10h40-11h15\"\n    >\n10h40 &#8211; 11h15<\/h4>\n<div class=\"wp-block-unilux-blocks-bigtext\">\n    <span>\n        \n    <\/span>\n<\/div><\/header><div class=\"list-highlighted__body wp-block-unilux-blocks-highlighted-list-item-body\">\n    <div class=\"wp-block-unilux-blocks-highlighted-list-item-free-content-area\">\n    \n<p><strong>Propos sur le r\u00f4le du juge constitutionnel belge en droit de la famille<\/strong><\/p>\n\n<p>Yves-Henri Leleu,&nbsp;Professeur \u00e0 l&rsquo;Universit\u00e9 de Li\u00e8ge et l&rsquo;Universit\u00e9 Libre de Bruxelles <\/p>\n<\/div><\/div><\/li>\n\n<li class=\"list-highlighted__item  wp-block-unilux-blocks-highlighted-list-item\">\n    <header class=\"list-highlighted__header wp-block-unilux-blocks-highlighted-list-item-header\">\n    \n<h4 class=\"title text-18 font-bold has-text-align-left wp-block-unilux-blocks-heading\"        id=\"11h15-11h30\"\n    >\n11h15 &#8211; 11h30<\/h4>\n<div class=\"wp-block-unilux-blocks-bigtext\">\n    <span>\n        \n    <\/span>\n<\/div><\/header><div class=\"list-highlighted__body wp-block-unilux-blocks-highlighted-list-item-body\">\n    <div class=\"wp-block-unilux-blocks-highlighted-list-item-free-content-area\">\n    \n<p><strong>Pause caf\u00e9<\/strong><\/p>\n<\/div><\/div><\/li>\n\n<li class=\"list-highlighted__item  wp-block-unilux-blocks-highlighted-list-item\">\n    <header class=\"list-highlighted__header wp-block-unilux-blocks-highlighted-list-item-header\">\n    \n<h4 class=\"title text-18 font-bold has-text-align-left wp-block-unilux-blocks-heading\"        id=\"11h30-12h45\"\n    >\n11h30 &#8211; 12h45<\/h4>\n<div class=\"wp-block-unilux-blocks-bigtext\">\n    <span>\n        \n    <\/span>\n<\/div><\/header><div class=\"list-highlighted__body wp-block-unilux-blocks-highlighted-list-item-body\">\n    <div class=\"wp-block-unilux-blocks-highlighted-list-item-free-content-area\">\n    \n<p><strong>Table ronde&nbsp;: droit de la filiation au Luxembourg&nbsp;: une n\u00e9cessaire r\u00e9forme&nbsp;?<\/strong><\/p>\n\n<ul class=\"ulux-list\">\n<li class=\"ulux-list-item\">M. Charel Schmit, D\u00e9fenseur des droits \u00e0 (OKAJU)<\/li>\n\n\n\n<li class=\"ulux-list-item\">Me Deidre Du Bois, Avocate \u00e0 la Cour<\/li>\n<\/ul>\n\n<p>Associations&nbsp;:<\/p>\n\n<ul class=\"ulux-list\">\n<li class=\"ulux-list-item\">Me Nathalie Frisch, assoc. Conf\u00e9rence Saint-Yves<\/li>\n\n\n\n<li class=\"ulux-list-item\">M. Didier Schneider, Dir. assoc. Cigale<\/li>\n<\/ul>\n<\/div><\/div><\/li>\n\n<li class=\"list-highlighted__item  wp-block-unilux-blocks-highlighted-list-item\">\n    <header class=\"list-highlighted__header wp-block-unilux-blocks-highlighted-list-item-header\">\n    \n<h4 class=\"title text-18 font-bold has-text-align-left wp-block-unilux-blocks-heading\"        id=\"12h45-14h\"\n    >\n12h45 &#8211; 14h<\/h4>\n<div class=\"wp-block-unilux-blocks-bigtext\">\n    <span>\n        \n    <\/span>\n<\/div><\/header><div class=\"list-highlighted__body wp-block-unilux-blocks-highlighted-list-item-body\">\n    <div class=\"wp-block-unilux-blocks-highlighted-list-item-free-content-area\">\n    \n<p><strong>Pause d\u00e9jeuner<\/strong><\/p>\n<\/div><\/div><\/li>\n\n<li class=\"list-highlighted__item  wp-block-unilux-blocks-highlighted-list-item\">\n    <header class=\"list-highlighted__header wp-block-unilux-blocks-highlighted-list-item-header\">\n    \n<h4 class=\"title text-18 font-bold has-text-align-left wp-block-unilux-blocks-heading\"        id=\"14h00-14h25\"\n    >\n14h00 &#8211; 14h25<\/h4>\n<div class=\"wp-block-unilux-blocks-bigtext\">\n    <span>\n        \n    <\/span>\n<\/div><\/header><div class=\"list-highlighted__body wp-block-unilux-blocks-highlighted-list-item-body\">\n    <div class=\"wp-block-unilux-blocks-highlighted-list-item-free-content-area\">\n    \n<p><strong>L&rsquo;\u00e9tablissement de la filiation, ou l&rsquo;influence des m\u0153urs et de la science<\/strong><\/p>\n\n<p>Marie Rain, Ma\u00eetresse de conf\u00e9rences \u00e0 l&rsquo;Universit\u00e9 Paris 1 Panth\u00e9on-Sorbonne<\/p>\n<\/div><\/div><\/li>\n\n<li class=\"list-highlighted__item  wp-block-unilux-blocks-highlighted-list-item\">\n    <header class=\"list-highlighted__header wp-block-unilux-blocks-highlighted-list-item-header\">\n    \n<h4 class=\"title text-18 font-bold has-text-align-left wp-block-unilux-blocks-heading\"        id=\"14h25-14h50\"\n    >\n14h25 &#8211; 14h50<\/h4>\n<div class=\"wp-block-unilux-blocks-bigtext\">\n    <span>\n        \n    <\/span>\n<\/div><\/header><div class=\"list-highlighted__body wp-block-unilux-blocks-highlighted-list-item-body\">\n    <div class=\"wp-block-unilux-blocks-highlighted-list-item-free-content-area\">\n    \n<p><strong>Le contentieux de la filiation, ou les bouleversements du contr\u00f4le de proportionnalit\u00e9<\/strong><\/p>\n\n<p>Maxime Pernot, post-doc. au CEDAG (Universit\u00e9 Paris Cit\u00e9)&nbsp;<\/p>\n<\/div><\/div><\/li>\n\n<li class=\"list-highlighted__item  wp-block-unilux-blocks-highlighted-list-item\">\n    <header class=\"list-highlighted__header wp-block-unilux-blocks-highlighted-list-item-header\">\n    \n<h4 class=\"title text-18 font-bold has-text-align-left wp-block-unilux-blocks-heading\"        id=\"14h50-15h15\"\n    >\n14h50 &#8211; 15h15<\/h4>\n<div class=\"wp-block-unilux-blocks-bigtext\">\n    <span>\n        \n    <\/span>\n<\/div><\/header><div class=\"list-highlighted__body wp-block-unilux-blocks-highlighted-list-item-body\">\n    <div class=\"wp-block-unilux-blocks-highlighted-list-item-free-content-area\">\n    \n<p>&nbsp;<strong>L&rsquo;adoption : un droit \u00e0 la crois\u00e9e des chemins<\/strong><\/p>\n\n<p>Clothilde Grare-Didier, Professeure \u00e0 l&rsquo;Universit\u00e9 Paris Cit\u00e9<\/p>\n<\/div><\/div><\/li>\n\n<li class=\"list-highlighted__item  wp-block-unilux-blocks-highlighted-list-item\">\n    <header class=\"list-highlighted__header wp-block-unilux-blocks-highlighted-list-item-header\">\n    \n<h4 class=\"title text-18 font-bold has-text-align-left wp-block-unilux-blocks-heading\"        id=\"15h15-15h45\"\n    >\n15h15 &#8211; 15h45<\/h4>\n<div class=\"wp-block-unilux-blocks-bigtext\">\n    <span>\n        \n    <\/span>\n<\/div><\/header><div class=\"list-highlighted__body wp-block-unilux-blocks-highlighted-list-item-body\">\n    <div class=\"wp-block-unilux-blocks-highlighted-list-item-free-content-area\">\n    \n<p><strong>\u00c0 la recherche des fondements de la filiation : les interrogations<\/strong><\/p>\n\n<p>J\u00e9r\u00e9my Houssier, Professeur \u00e0 l&rsquo;Universit\u00e9 de Reims Champagne-Ardenne&nbsp;<\/p>\n<\/div><\/div><\/li>\n\n<li class=\"list-highlighted__item  wp-block-unilux-blocks-highlighted-list-item\">\n    <header class=\"list-highlighted__header wp-block-unilux-blocks-highlighted-list-item-header\">\n    \n<h4 class=\"title text-18 font-bold has-text-align-left wp-block-unilux-blocks-heading\"    >\n<\/h4>\n<div class=\"wp-block-unilux-blocks-bigtext\">\n    <span>\n        \n    <\/span>\n<\/div><\/header><div class=\"list-highlighted__body wp-block-unilux-blocks-highlighted-list-item-body\">\n    <div class=\"wp-block-unilux-blocks-highlighted-list-item-free-content-area\">\n    \n<p><strong>Echange avec l\u2019assistance<\/strong><\/p>\n<\/div><\/div><\/li>\n\n<li class=\"list-highlighted__item  wp-block-unilux-blocks-highlighted-list-item\">\n    <header class=\"list-highlighted__header wp-block-unilux-blocks-highlighted-list-item-header\">\n    \n<h4 class=\"title text-18 font-bold has-text-align-left wp-block-unilux-blocks-heading\"        id=\"15h45-16h00\"\n    >\n15h45 &#8211; 16h00<\/h4>\n<div class=\"wp-block-unilux-blocks-bigtext\">\n    <span>\n        \n    <\/span>\n<\/div><\/header><div class=\"list-highlighted__body wp-block-unilux-blocks-highlighted-list-item-body\">\n    <div class=\"wp-block-unilux-blocks-highlighted-list-item-free-content-area\">\n    \n<p><strong>Pause caf\u00e9<\/strong><\/p>\n<\/div><\/div><\/li>\n\n<li class=\"list-highlighted__item  wp-block-unilux-blocks-highlighted-list-item\">\n    <header class=\"list-highlighted__header wp-block-unilux-blocks-highlighted-list-item-header\">\n    \n<h4 class=\"title text-18 font-bold has-text-align-left wp-block-unilux-blocks-heading\"        id=\"16h00\"\n    >\n16h00<\/h4>\n<div class=\"wp-block-unilux-blocks-bigtext\">\n    <span>\n        \n    <\/span>\n<\/div><\/header><div class=\"list-highlighted__body wp-block-unilux-blocks-highlighted-list-item-body\">\n    <div class=\"wp-block-unilux-blocks-highlighted-list-item-free-content-area\">\n    \n<p><strong>Gestation pour autrui et filiation<\/strong><\/p>\n<\/div><\/div><\/li>\n\n<li class=\"list-highlighted__item  wp-block-unilux-blocks-highlighted-list-item\">\n    <header class=\"list-highlighted__header wp-block-unilux-blocks-highlighted-list-item-header\">\n    \n<h4 class=\"title text-18 font-bold has-text-align-left wp-block-unilux-blocks-heading\"        id=\"16h00-16h20\"\n    >\n16h00 &#8211; 16h20<\/h4>\n<div class=\"wp-block-unilux-blocks-bigtext\">\n    <span>\n        \n    <\/span>\n<\/div><\/header><div class=\"list-highlighted__body wp-block-unilux-blocks-highlighted-list-item-body\">\n    <div class=\"wp-block-unilux-blocks-highlighted-list-item-free-content-area\">\n    \n<p><strong>La nature du contrat de GPA et sa lic\u00e9it\u00e9<\/strong><\/p>\n\n<p><a href=\"https:\/\/www.uni.lu\/fdef-en\/people\/luc-grynbaum\/\">Luc Grynbaum<\/a>, Professeur \u00e0 l&rsquo;Universit\u00e9 du Luxembourg<\/p>\n<\/div><\/div><\/li>\n\n<li class=\"list-highlighted__item  wp-block-unilux-blocks-highlighted-list-item\">\n    <header class=\"list-highlighted__header wp-block-unilux-blocks-highlighted-list-item-header\">\n    \n<h4 class=\"title text-18 font-bold has-text-align-left wp-block-unilux-blocks-heading\"        id=\"16h20-16h40\"\n    >\n16h20 &#8211; 16h40<\/h4>\n<div class=\"wp-block-unilux-blocks-bigtext\">\n    <span>\n        \n    <\/span>\n<\/div><\/header><div class=\"list-highlighted__body wp-block-unilux-blocks-highlighted-list-item-body\">\n    <div class=\"wp-block-unilux-blocks-highlighted-list-item-free-content-area\">\n    \n<p><strong>Le droit international priv\u00e9 outil d\u2019\u00e9tablissement de la filiation apr\u00e8s une GPA<\/strong><\/p>\n\n<p><a href=\"https:\/\/www.uni.lu\/fdef-en\/people\/zohra-mchirgui\/\">Dr. Zohra Mchirgui<\/a>, Sp\u00e9cialiste Recherche et d\u00e9veloppement sur le projet Code civil au Luxembourg<\/p>\n<\/div><\/div><\/li>\n\n<li class=\"list-highlighted__item  wp-block-unilux-blocks-highlighted-list-item\">\n    <header class=\"list-highlighted__header wp-block-unilux-blocks-highlighted-list-item-header\">\n    \n<h4 class=\"title text-18 font-bold has-text-align-left wp-block-unilux-blocks-heading\"        id=\"16h40-17h00\"\n    >\n16h40 &#8211; 17h00<\/h4>\n<div class=\"wp-block-unilux-blocks-bigtext\">\n    <span>\n        \n    <\/span>\n<\/div><\/header><div class=\"list-highlighted__body wp-block-unilux-blocks-highlighted-list-item-body\">\n    <div class=\"wp-block-unilux-blocks-highlighted-list-item-free-content-area\">\n    \n<p><strong>L&rsquo;interdiction de la GPA en Espagne&nbsp;: quels effets&nbsp;?<\/strong><\/p>\n\n<p><a href=\"https:\/\/www.uni.lu\/fdef-en\/people\/carlos-santalo-goris\/\">Carlos Santalo Goris<\/a>, Post-doctorant \u00e0 l&rsquo;Universit\u00e9 du Luxembourg<\/p>\n<\/div><\/div><\/li>\n\n<li class=\"list-highlighted__item  wp-block-unilux-blocks-highlighted-list-item\">\n    <header class=\"list-highlighted__header wp-block-unilux-blocks-highlighted-list-item-header\">\n    \n<h4 class=\"title text-18 font-bold has-text-align-left wp-block-unilux-blocks-heading\"        id=\"17h00-17h30\"\n    >\n17h00 &#8211; 17h30<\/h4>\n<div class=\"wp-block-unilux-blocks-bigtext\">\n    <span>\n        \n    <\/span>\n<\/div><\/header><div class=\"list-highlighted__body wp-block-unilux-blocks-highlighted-list-item-body\">\n    <div class=\"wp-block-unilux-blocks-highlighted-list-item-free-content-area\">\n    \n<p><strong>Echange avec l\u2019assistance<\/strong><\/p>\n<\/div><\/div><\/li>\n\n<li class=\"list-highlighted__item  wp-block-unilux-blocks-highlighted-list-item\">\n    <header class=\"list-highlighted__header wp-block-unilux-blocks-highlighted-list-item-header\">\n    \n<h4 class=\"title text-18 font-bold has-text-align-left wp-block-unilux-blocks-heading\"        id=\"17h30-18h00\"\n    >\n17h30 &#8211; 18h00<\/h4>\n<div class=\"wp-block-unilux-blocks-bigtext\">\n    <span>\n        \n    <\/span>\n<\/div><\/header><div class=\"list-highlighted__body wp-block-unilux-blocks-highlighted-list-item-body\">\n    <div class=\"wp-block-unilux-blocks-highlighted-list-item-free-content-area\">\n    \n<p><strong>Propos conclusifs<\/strong><\/p>\n\n<p>Isabelle Dauriac, Professeure \u00e0 l&rsquo;Universit\u00e9 Paris Cit\u00e9<\/p>\n<\/div><\/div><\/li>\n\n<li class=\"list-highlighted__item  wp-block-unilux-blocks-highlighted-list-item\">\n    <header class=\"list-highlighted__header wp-block-unilux-blocks-highlighted-list-item-header\">\n    \n<h4 class=\"title text-18 font-bold has-text-align-left wp-block-unilux-blocks-heading\"        id=\"18h00\"\n    >\n18h00<\/h4>\n<div class=\"wp-block-unilux-blocks-bigtext\">\n    <span>\n        \n    <\/span>\n<\/div><\/header><div class=\"list-highlighted__body wp-block-unilux-blocks-highlighted-list-item-body\">\n    <div class=\"wp-block-unilux-blocks-highlighted-list-item-free-content-area\">\n    \n<p><strong>Cocktail de cl\u00f4ture<\/strong><\/p>\n<\/div><\/div><\/li><\/ul>\n<\/div><\/section>\n","protected":false},"excerpt":{"rendered":"","protected":false},"author":85,"featured_media":3089,"parent":0,"menu_order":0,"comment_status":"open","ping_status":"closed","template":"","format":"standard","meta":{"featured_image_focal_point":[],"show_featured_caption":false,"ulux_newsletter_groups":"","uluxPostTitle":"","uluxPrePostTitle":"","_trash_the_other_posts":false,"_price":"","_stock":"","_tribe_ticket_header":"","_tribe_default_ticket_provider":"","_tribe_ticket_capacity":"0","_ticket_start_date":"","_ticket_end_date":"","_tribe_ticket_show_description":"","_tribe_ticket_show_not_going":false,"_tribe_ticket_use_global_stock":"","_tribe_ticket_global_stock_level":"","_global_stock_mode":"","_global_stock_cap":"","_tribe_rsvp_for_event":"","_tribe_ticket_going_count":"","_tribe_ticket_not_going_count":"","_tribe_tickets_list":"[]","_tribe_ticket_has_attendee_info_fields":false,"event_start_date":"2025-12-11 09:00:00","event_end_date":"2025-12-11 19:00:00","event_speaker_name":"","event_speaker_link":"","event_is_online":false,"event_location":"B\u00e2timent Weicker","event_street":"4, rue Alphonse Weicker","event_location_link":"https:\/\/www.uni.lu\/fr\/a-propos\/campus\/batiment-weicker\/","event_zip_code":"2721","event_city":"Luxembourg","event_country":"Luxembourg"},"events-topic":[305],"events-type":[317,322,323],"organisation":[103,100],"authorship":[85],"acf":[],"yoast_head":"<!-- This site is optimized with the Yoast SEO Premium plugin v22.3 (Yoast SEO v22.3) - https:\/\/yoast.com\/wordpress\/plugins\/seo\/ -->\n<title>Filiation ou filiations au Luxembourg ? - FDEF I Uni.lu<\/title>\n<meta name=\"description\" content=\"Le droit de la famille entretient un lien \u00e9troit avec les \u00e9volutions de la soci\u00e9t\u00e9. Au Luxembourg, la l\u00e9gislation distingue encore aujourd\u2019hui deux formes\" \/>\n<meta name=\"robots\" content=\"index, follow, max-snippet:-1, max-image-preview:large, max-video-preview:-1\" \/>\n<link rel=\"canonical\" href=\"https:\/\/www.uni.lu\/fdef-fr\/events\/filiation-ou-filiations-au-luxembourg\/\" \/>\n<meta property=\"og:locale\" content=\"fr_FR\" \/>\n<meta property=\"og:type\" content=\"article\" \/>\n<meta property=\"og:title\" content=\"Filiation ou filiations au Luxembourg ?\" \/>\n<meta property=\"og:description\" content=\"Le droit de la famille entretient un lien \u00e9troit avec les \u00e9volutions de la soci\u00e9t\u00e9. Au Luxembourg, la l\u00e9gislation distingue encore aujourd\u2019hui deux formes\" \/>\n<meta property=\"og:url\" content=\"https:\/\/www.uni.lu\/fdef-fr\/events\/filiation-ou-filiations-au-luxembourg\/\" \/>\n<meta property=\"og:site_name\" content=\"FDEF FR\" \/>\n<meta property=\"article:publisher\" content=\"https:\/\/www.facebook.com\/uni.FDEF.lu\" \/>\n<meta property=\"article:modified_time\" content=\"2025-12-10T15:48:32+00:00\" \/>\n<meta property=\"og:image\" content=\"https:\/\/www.uni.lu\/wp-content\/uploads\/sites\/18\/2025\/11\/06170044\/AdobeStock_512240752-scaled.jpeg\" \/>\n\t<meta property=\"og:image:width\" content=\"2560\" \/>\n\t<meta property=\"og:image:height\" content=\"1707\" \/>\n\t<meta property=\"og:image:type\" content=\"image\/jpeg\" \/>\n<meta name=\"twitter:card\" content=\"summary_large_image\" \/>\n<meta name=\"twitter:label1\" content=\"Dur\u00e9e de lecture estim\u00e9e\" \/>\n\t<meta name=\"twitter:data1\" content=\"3 minutes\" \/>\n<script type=\"application\/ld+json\" class=\"yoast-schema-graph\">{\"@context\":\"https:\/\/schema.org\",\"@graph\":[{\"@type\":\"WebPage\",\"@id\":\"https:\/\/www.uni.lu\/fdef-fr\/events\/filiation-ou-filiations-au-luxembourg\/\",\"url\":\"https:\/\/www.uni.lu\/fdef-fr\/events\/filiation-ou-filiations-au-luxembourg\/\",\"name\":\"Filiation ou filiations au Luxembourg ? - FDEF I Uni.lu\",\"isPartOf\":{\"@id\":\"https:\/\/www.uni.lu\/fdef-fr\/#website\"},\"primaryImageOfPage\":{\"@id\":\"https:\/\/www.uni.lu\/fdef-fr\/events\/filiation-ou-filiations-au-luxembourg\/#primaryimage\"},\"image\":{\"@id\":\"https:\/\/www.uni.lu\/fdef-fr\/events\/filiation-ou-filiations-au-luxembourg\/#primaryimage\"},\"thumbnailUrl\":\"https:\/\/www.uni.lu\/wp-content\/uploads\/sites\/18\/2025\/11\/06170044\/AdobeStock_512240752-scaled.jpeg\",\"datePublished\":\"2025-11-06T16:01:27+00:00\",\"dateModified\":\"2025-12-10T15:48:32+00:00\",\"description\":\"Le droit de la famille entretient un lien \u00e9troit avec les \u00e9volutions de la soci\u00e9t\u00e9. Au Luxembourg, la l\u00e9gislation distingue encore aujourd\u2019hui deux formes\",\"breadcrumb\":{\"@id\":\"https:\/\/www.uni.lu\/fdef-fr\/events\/filiation-ou-filiations-au-luxembourg\/#breadcrumb\"},\"inLanguage\":\"fr-FR\",\"potentialAction\":[{\"@type\":\"ReadAction\",\"target\":[\"https:\/\/www.uni.lu\/fdef-fr\/events\/filiation-ou-filiations-au-luxembourg\/\"]}]},{\"@type\":\"ImageObject\",\"inLanguage\":\"fr-FR\",\"@id\":\"https:\/\/www.uni.lu\/fdef-fr\/events\/filiation-ou-filiations-au-luxembourg\/#primaryimage\",\"url\":\"https:\/\/www.uni.lu\/wp-content\/uploads\/sites\/18\/2025\/11\/06170044\/AdobeStock_512240752-scaled.jpeg\",\"contentUrl\":\"https:\/\/www.uni.lu\/wp-content\/uploads\/sites\/18\/2025\/11\/06170044\/AdobeStock_512240752-scaled.jpeg\",\"width\":2560,\"height\":1707},{\"@type\":\"BreadcrumbList\",\"@id\":\"https:\/\/www.uni.lu\/fdef-fr\/events\/filiation-ou-filiations-au-luxembourg\/#breadcrumb\",\"itemListElement\":[{\"@type\":\"ListItem\",\"position\":1,\"name\":\"Home\",\"item\":\"https:\/\/www.uni.lu\/fr\"},{\"@type\":\"ListItem\",\"position\":2,\"name\":\"Facult\u00e9 de Droit, d\u2019\u00c9conomie et de Finance\",\"item\":\"https:\/\/www.uni.lu\/fdef-fr\/\"},{\"@type\":\"ListItem\",\"position\":3,\"name\":\"Events\",\"item\":\"https:\/\/www.uni.lu\/fdef-fr\/events\/\"},{\"@type\":\"ListItem\",\"position\":4,\"name\":\"Filiation ou filiations au Luxembourg ?\"}]},{\"@type\":\"WebSite\",\"@id\":\"https:\/\/www.uni.lu\/fdef-fr\/#website\",\"url\":\"https:\/\/www.uni.lu\/fdef-fr\/\",\"name\":\"FDEF\",\"description\":\"Facult\u00e9 de Droit, d\u2019\u00c9conomie et de Finance I Uni.lu\",\"publisher\":{\"@id\":\"https:\/\/www.uni.lu\/fdef-fr\/#organization\"},\"alternateName\":\"Facult\u00e9 de Droit, d\u2019\u00c9conomie et de Finance I Universit\u00e9 du Luxembourg\",\"potentialAction\":[{\"@type\":\"SearchAction\",\"target\":{\"@type\":\"EntryPoint\",\"urlTemplate\":\"https:\/\/www.uni.lu\/fdef-fr\/?s={search_term_string}\"},\"query-input\":\"required name=search_term_string\"}],\"inLanguage\":\"fr-FR\"},{\"@type\":\"Organization\",\"@id\":\"https:\/\/www.uni.lu\/fdef-fr\/#organization\",\"name\":\"FDEF - Universit\u00e9 du Luxembourg I Uni.lu\",\"alternateName\":\"Facult\u00e9 de Droit, d\u2019\u00c9conomie et de Finance\",\"url\":\"https:\/\/www.uni.lu\/fdef-fr\/\",\"logo\":{\"@type\":\"ImageObject\",\"inLanguage\":\"fr-FR\",\"@id\":\"https:\/\/www.uni.lu\/fdef-fr\/#\/schema\/logo\/image\/\",\"url\":\"https:\/\/www.uni.lu\/wp-content\/uploads\/sites\/18\/2026\/03\/03111953\/FDEF_SM-Profile_1600x1600px-scaled.jpg\",\"contentUrl\":\"https:\/\/www.uni.lu\/wp-content\/uploads\/sites\/18\/2026\/03\/03111953\/FDEF_SM-Profile_1600x1600px-scaled.jpg\",\"width\":2560,\"height\":2560,\"caption\":\"FDEF - Universit\u00e9 du Luxembourg I Uni.lu\"},\"image\":\"https:\/\/www.uni.lu\/wp-content\/uploads\/sites\/18\/2026\/04\/24144332\/20200609-Belval-Campus_Henri-Goergen-23.jpg\",\"sameAs\":[\"https:\/\/www.facebook.com\/uni.FDEF.lu\",\"https:\/\/www.linkedin.com\/showcase\/fdef-uni-lu\/\"],\"email\":\"communication@uni.lu\",\"telephone\":\"+3524666441\",\"address\":{\"@type\":\"PostalAddress\",\"streetAddress\":\"2, place de l\u2019Universit\u00e9\",\"addressLocality\":\"Esch-sur-Alzette\",\"postalCode\":\"4365\",\"addressCountry\":\"LU\"},\"description\":\"Facult\u00e9 de Droit, d\u2019\u00c9conomie et de Finance I Uni.lu\"}]}<\/script>\n<!-- \/ Yoast SEO Premium plugin. -->","yoast_head_json":{"title":"Filiation ou filiations au Luxembourg ? - FDEF I Uni.lu","description":"Le droit de la famille entretient un lien \u00e9troit avec les \u00e9volutions de la soci\u00e9t\u00e9. Au Luxembourg, la l\u00e9gislation distingue encore aujourd\u2019hui deux formes","robots":{"index":"index","follow":"follow","max-snippet":"max-snippet:-1","max-image-preview":"max-image-preview:large","max-video-preview":"max-video-preview:-1"},"canonical":"https:\/\/www.uni.lu\/fdef-fr\/events\/filiation-ou-filiations-au-luxembourg\/","og_locale":"fr_FR","og_type":"article","og_title":"Filiation ou filiations au Luxembourg ?","og_description":"Le droit de la famille entretient un lien \u00e9troit avec les \u00e9volutions de la soci\u00e9t\u00e9. Au Luxembourg, la l\u00e9gislation distingue encore aujourd\u2019hui deux formes","og_url":"https:\/\/www.uni.lu\/fdef-fr\/events\/filiation-ou-filiations-au-luxembourg\/","og_site_name":"FDEF FR","article_publisher":"https:\/\/www.facebook.com\/uni.FDEF.lu","article_modified_time":"2025-12-10T15:48:32+00:00","og_image":[{"width":2560,"height":1707,"url":"https:\/\/www.uni.lu\/wp-content\/uploads\/sites\/18\/2025\/11\/06170044\/AdobeStock_512240752-scaled.jpeg","type":"image\/jpeg"}],"twitter_card":"summary_large_image","twitter_misc":{"Dur\u00e9e de lecture estim\u00e9e":"3 minutes"},"schema":{"@context":"https:\/\/schema.org","@graph":[{"@type":"WebPage","@id":"https:\/\/www.uni.lu\/fdef-fr\/events\/filiation-ou-filiations-au-luxembourg\/","url":"https:\/\/www.uni.lu\/fdef-fr\/events\/filiation-ou-filiations-au-luxembourg\/","name":"Filiation ou filiations au Luxembourg ? - FDEF I Uni.lu","isPartOf":{"@id":"https:\/\/www.uni.lu\/fdef-fr\/#website"},"primaryImageOfPage":{"@id":"https:\/\/www.uni.lu\/fdef-fr\/events\/filiation-ou-filiations-au-luxembourg\/#primaryimage"},"image":{"@id":"https:\/\/www.uni.lu\/fdef-fr\/events\/filiation-ou-filiations-au-luxembourg\/#primaryimage"},"thumbnailUrl":"https:\/\/www.uni.lu\/wp-content\/uploads\/sites\/18\/2025\/11\/06170044\/AdobeStock_512240752-scaled.jpeg","datePublished":"2025-11-06T16:01:27+00:00","dateModified":"2025-12-10T15:48:32+00:00","description":"Le droit de la famille entretient un lien \u00e9troit avec les \u00e9volutions de la soci\u00e9t\u00e9. Au Luxembourg, la l\u00e9gislation distingue encore aujourd\u2019hui deux formes","breadcrumb":{"@id":"https:\/\/www.uni.lu\/fdef-fr\/events\/filiation-ou-filiations-au-luxembourg\/#breadcrumb"},"inLanguage":"fr-FR","potentialAction":[{"@type":"ReadAction","target":["https:\/\/www.uni.lu\/fdef-fr\/events\/filiation-ou-filiations-au-luxembourg\/"]}]},{"@type":"ImageObject","inLanguage":"fr-FR","@id":"https:\/\/www.uni.lu\/fdef-fr\/events\/filiation-ou-filiations-au-luxembourg\/#primaryimage","url":"https:\/\/www.uni.lu\/wp-content\/uploads\/sites\/18\/2025\/11\/06170044\/AdobeStock_512240752-scaled.jpeg","contentUrl":"https:\/\/www.uni.lu\/wp-content\/uploads\/sites\/18\/2025\/11\/06170044\/AdobeStock_512240752-scaled.jpeg","width":2560,"height":1707},{"@type":"BreadcrumbList","@id":"https:\/\/www.uni.lu\/fdef-fr\/events\/filiation-ou-filiations-au-luxembourg\/#breadcrumb","itemListElement":[{"@type":"ListItem","position":1,"name":"Home","item":"https:\/\/www.uni.lu\/fr"},{"@type":"ListItem","position":2,"name":"Facult\u00e9 de Droit, d\u2019\u00c9conomie et de Finance","item":"https:\/\/www.uni.lu\/fdef-fr\/"},{"@type":"ListItem","position":3,"name":"Events","item":"https:\/\/www.uni.lu\/fdef-fr\/events\/"},{"@type":"ListItem","position":4,"name":"Filiation ou filiations au Luxembourg ?"}]},{"@type":"WebSite","@id":"https:\/\/www.uni.lu\/fdef-fr\/#website","url":"https:\/\/www.uni.lu\/fdef-fr\/","name":"FDEF","description":"Facult\u00e9 de Droit, d\u2019\u00c9conomie et de Finance I Uni.lu","publisher":{"@id":"https:\/\/www.uni.lu\/fdef-fr\/#organization"},"alternateName":"Facult\u00e9 de Droit, d\u2019\u00c9conomie et de Finance I Universit\u00e9 du Luxembourg","potentialAction":[{"@type":"SearchAction","target":{"@type":"EntryPoint","urlTemplate":"https:\/\/www.uni.lu\/fdef-fr\/?s={search_term_string}"},"query-input":"required name=search_term_string"}],"inLanguage":"fr-FR"},{"@type":"Organization","@id":"https:\/\/www.uni.lu\/fdef-fr\/#organization","name":"FDEF - Universit\u00e9 du Luxembourg I Uni.lu","alternateName":"Facult\u00e9 de Droit, d\u2019\u00c9conomie et de Finance","url":"https:\/\/www.uni.lu\/fdef-fr\/","logo":{"@type":"ImageObject","inLanguage":"fr-FR","@id":"https:\/\/www.uni.lu\/fdef-fr\/#\/schema\/logo\/image\/","url":"https:\/\/www.uni.lu\/wp-content\/uploads\/sites\/18\/2026\/03\/03111953\/FDEF_SM-Profile_1600x1600px-scaled.jpg","contentUrl":"https:\/\/www.uni.lu\/wp-content\/uploads\/sites\/18\/2026\/03\/03111953\/FDEF_SM-Profile_1600x1600px-scaled.jpg","width":2560,"height":2560,"caption":"FDEF - Universit\u00e9 du Luxembourg I Uni.lu"},"image":"https:\/\/www.uni.lu\/wp-content\/uploads\/sites\/18\/2026\/04\/24144332\/20200609-Belval-Campus_Henri-Goergen-23.jpg","sameAs":["https:\/\/www.facebook.com\/uni.FDEF.lu","https:\/\/www.linkedin.com\/showcase\/fdef-uni-lu\/"],"email":"communication@uni.lu","telephone":"+3524666441","address":{"@type":"PostalAddress","streetAddress":"2, place de l\u2019Universit\u00e9","addressLocality":"Esch-sur-Alzette","postalCode":"4365","addressCountry":"LU"},"description":"Facult\u00e9 de Droit, d\u2019\u00c9conomie et de Finance I Uni.lu"}]}},"_links":{"self":[{"href":"https:\/\/www.uni.lu\/fdef-fr\/wp-json\/wp\/v2\/events\/3088"}],"collection":[{"href":"https:\/\/www.uni.lu\/fdef-fr\/wp-json\/wp\/v2\/events"}],"about":[{"href":"https:\/\/www.uni.lu\/fdef-fr\/wp-json\/wp\/v2\/types\/events"}],"author":[{"embeddable":true,"href":"https:\/\/www.uni.lu\/fdef-fr\/wp-json\/wp\/v2\/users\/85"}],"replies":[{"embeddable":true,"href":"https:\/\/www.uni.lu\/fdef-fr\/wp-json\/wp\/v2\/comments?post=3088"}],"version-history":[{"count":5,"href":"https:\/\/www.uni.lu\/fdef-fr\/wp-json\/wp\/v2\/events\/3088\/revisions"}],"predecessor-version":[{"id":3133,"href":"https:\/\/www.uni.lu\/fdef-fr\/wp-json\/wp\/v2\/events\/3088\/revisions\/3133"}],"wp:authorship":[{"embeddable":true,"href":"https:\/\/www.uni.lu\/fdef-fr\/wp-json\/wp\/v2\/users\/85"}],"wp:featuredmedia":[{"embeddable":true,"href":"https:\/\/www.uni.lu\/fdef-fr\/wp-json\/wp\/v2\/media\/3089"}],"wp:attachment":[{"href":"https:\/\/www.uni.lu\/fdef-fr\/wp-json\/wp\/v2\/media?parent=3088"}],"wp:term":[{"taxonomy":"events-topic","embeddable":true,"href":"https:\/\/www.uni.lu\/fdef-fr\/wp-json\/wp\/v2\/events-topic?post=3088"},{"taxonomy":"events-type","embeddable":true,"href":"https:\/\/www.uni.lu\/fdef-fr\/wp-json\/wp\/v2\/events-type?post=3088"},{"taxonomy":"organisation","embeddable":true,"href":"https:\/\/www.uni.lu\/fdef-fr\/wp-json\/wp\/v2\/organisation?post=3088"}],"curies":[{"name":"wp","href":"https:\/\/api.w.org\/{rel}","templated":true}]}}