{"id":3083,"date":"2025-11-06T14:53:33","date_gmt":"2025-11-06T13:53:33","guid":{"rendered":"https:\/\/www.uni.lu\/fdef-fr\/?post_type=events&#038;p=3083"},"modified":"2025-11-06T14:54:06","modified_gmt":"2025-11-06T13:54:06","slug":"la-cooperative-de-logement-une-autre-solution-a-la-crise-immobiliere-au-luxembourg","status":"publish","type":"events","link":"https:\/\/www.uni.lu\/fdef-fr\/events\/la-cooperative-de-logement-une-autre-solution-a-la-crise-immobiliere-au-luxembourg\/","title":{"rendered":"La coop\u00e9rative de logement : une autre solution \u00e0 la crise immobili\u00e8re au Luxembourg"},"content":{"rendered":"\n<section class=\"wp-block-unilux-blocks-free-section section\"><div class=\"container xl:max-w-screen-xl\">\n<ul class=\"wp-block-unilux-blocks-custom-buttons btn-list\"><li class=\"wp-block-unilux-blocks-custom-button\"    aria-disabled=\"false\"\n    >\n    <a\n        role=\"link\"\n        aria-disabled=\"false\"\n                    href=\"https:\/\/www.eventbrite.fr\/e\/billets-la-cooperative-de-logement-une-autre-solution-a-la-crise-immobiliere-1960475818949?aff=oddtdtcreator\"\n                target=\"_blank\"\n        class=\"btn btn--primary\"\n            >Je m&rsquo;inscris<\/a>\n<\/li>\n\n\n<li class=\"wp-block-unilux-blocks-custom-button\"    aria-disabled=\"false\"\n    >\n    <a\n        role=\"link\"\n        aria-disabled=\"false\"\n                    href=\"https:\/\/www.uni.lu\/fdef-fr\/events\/la-cooperative-de-logement-une-autre-solution-a-la-crise-immobiliere-au-luxembourg\/calendar\"\n                target=\"_self\"\n        class=\"btn btn--secondary\"\n            >Ajouter au calendrier<\/a>\n<\/li>\n<\/ul>\n\n\n<div class=\"wp-block-unilux-blocks-spacer is-spacer-size-sm\"><\/div>\n\n\n<h5 class=\"has-text-align-left wp-block-unilux-blocks-heading\"        id=\"langue\"\n    >\nLangue<\/h5>\n\n\n\n<p>Fran\u00e7ais.<\/p>\n\n\n\n<p>Cet \u00e9v\u00e9nement est gratuit. L\u2019inscription est obligatoire.<\/p>\n\n\n<div class=\"wp-block-unilux-blocks-spacer is-spacer-size-sm\"><\/div>\n\n\n<h5 class=\"has-text-align-left wp-block-unilux-blocks-heading\"        id=\"programme\"\n    >\nProgramme<\/h5>\n\n\n\n<ul class=\"wp-block-unilux-blocks-highlighted-list list-highlighted list-highlighted--architectural\"><li class=\"list-highlighted__item  wp-block-unilux-blocks-highlighted-list-item\">\n    <header class=\"list-highlighted__header wp-block-unilux-blocks-highlighted-list-item-header\">\n    \n<h4 class=\"title text-18 font-bold has-text-align-left wp-block-unilux-blocks-heading\"        id=\"14h45-15h00\"\n    >\n14h45 &#8211; 15h00<\/h4>\n<div class=\"wp-block-unilux-blocks-bigtext\">\n    <span>\n        \n    <\/span>\n<\/div><\/header><div class=\"list-highlighted__body wp-block-unilux-blocks-highlighted-list-item-body\">\n    <div class=\"wp-block-unilux-blocks-highlighted-list-item-free-content-area\">\n    \n<p><strong>Introduction<\/strong><\/p>\n\n<ul class=\"ulux-list\">\n<li class=\"ulux-list-item\">Paulette Lenert, d\u00e9put\u00e9e<\/li>\n\n\n\n<li class=\"ulux-list-item\"><a href=\"https:\/\/www.uni.lu\/fdef-en\/people\/david-hiez\/\">David Hiez<\/a>, Professeur \u00e0 l\u2019Universit\u00e9 du Luxembourg<\/li>\n<\/ul>\n<\/div><\/div><\/li>\n\n<li class=\"list-highlighted__item  wp-block-unilux-blocks-highlighted-list-item\">\n    <header class=\"list-highlighted__header wp-block-unilux-blocks-highlighted-list-item-header\">\n    \n<h4 class=\"title text-18 font-bold has-text-align-left wp-block-unilux-blocks-heading\"        id=\"15h00-16h30\"\n    >\n15h00 &#8211; 16h30<\/h4>\n<div class=\"wp-block-unilux-blocks-bigtext\">\n    <span>\n        \n    <\/span>\n<\/div><\/header><div class=\"list-highlighted__body wp-block-unilux-blocks-highlighted-list-item-body\">\n    <div class=\"wp-block-unilux-blocks-highlighted-list-item-free-content-area\">\n    \n<h4 class=\"has-text-align-left wp-block-unilux-blocks-heading\"        id=\"1ere-session-de-ou-partons-nous\"\n    >\n1\u00e8re session : De o\u00f9 partons-nous?<\/h4>\n<div class=\"wp-block-unilux-blocks-spacer is-spacer-size-sm\"><\/div>\n<p><strong>Le cadre luxembourgeois<\/strong><\/p>\n\n<p>David Hiez, Professeur \u00e0 l\u2019Universit\u00e9 du Luxembourg<\/p>\n<div class=\"wp-block-unilux-blocks-spacer is-spacer-size-sm\"><\/div>\n<p><strong>Les enseignements juridiques du succ\u00e8s suisse<\/strong><\/p>\n\n<p>Dimitri Paratte, Avocat au Barreau de Neuch\u00e2tel et Chercheur doctorant \u00e0 l\u2019Universit\u00e9 de Neuch\u00e2tel<\/p>\n<div class=\"wp-block-unilux-blocks-spacer is-spacer-size-sm\"><\/div>\n<p><strong>Les contours de la coop\u00e9rative d\u2019habitants<\/strong><\/p>\n\n<p>C\u00e9line Zimmer, architecte PhD<\/p>\n<\/div><\/div><\/li>\n\n<li class=\"list-highlighted__item  wp-block-unilux-blocks-highlighted-list-item\">\n    <header class=\"list-highlighted__header wp-block-unilux-blocks-highlighted-list-item-header\">\n    \n<h4 class=\"title text-18 font-bold has-text-align-left wp-block-unilux-blocks-heading\"        id=\"16h30-17h00\"\n    >\n16h30 &#8211; 17h00<\/h4>\n<div class=\"wp-block-unilux-blocks-bigtext\">\n    <span>\n        \n    <\/span>\n<\/div><\/header><div class=\"list-highlighted__body wp-block-unilux-blocks-highlighted-list-item-body\">\n    <div class=\"wp-block-unilux-blocks-highlighted-list-item-free-content-area\">\n    \n<p><strong>Pause<\/strong><\/p>\n<\/div><\/div><\/li>\n\n<li class=\"list-highlighted__item  wp-block-unilux-blocks-highlighted-list-item\">\n    <header class=\"list-highlighted__header wp-block-unilux-blocks-highlighted-list-item-header\">\n    \n<h4 class=\"title text-18 font-bold has-text-align-left wp-block-unilux-blocks-heading\"        id=\"17h00-18h30\"\n    >\n17h00 &#8211; 18h30<\/h4>\n<div class=\"wp-block-unilux-blocks-bigtext\">\n    <span>\n        \n    <\/span>\n<\/div><\/header><div class=\"list-highlighted__body wp-block-unilux-blocks-highlighted-list-item-body\">\n    <div class=\"wp-block-unilux-blocks-highlighted-list-item-free-content-area\">\n    \n<h4 class=\"has-text-align-left wp-block-unilux-blocks-heading\"        id=\"2eme-session-table-ronde-sur-lavenir-de-la-cooperative-de-logement-au-luxembourg\"\n    >\n2\u00e8me session : Table ronde sur l\u2019avenir de la coop\u00e9rative de logement au Luxembourg<\/h4>\n\n<p><em>Intervenant<\/em>s :<\/p>\n\n<ul class=\"ulux-list\">\n<li class=\"ulux-list-item\"><em>Claude Meisch, ministre du Logement<\/em><\/li>\n\n\n\n<li class=\"ulux-list-item\"><em>Paulette Lenert, d\u00e9put\u00e9e<\/em><\/li>\n\n\n\n<li class=\"ulux-list-item\"><em>Guy Hoffmann, pr\u00e9sident du conseil d\u2019administration de la Banque Raiffeisen<\/em><\/li>\n\n\n\n<li class=\"ulux-list-item\"><em>Antoine Paccoud, research scientist au LISER<\/em><\/li>\n<\/ul>\n<\/div><\/div><\/li>\n\n<li class=\"list-highlighted__item  wp-block-unilux-blocks-highlighted-list-item\">\n    <header class=\"list-highlighted__header wp-block-unilux-blocks-highlighted-list-item-header\">\n    \n<h4 class=\"title text-18 font-bold has-text-align-left wp-block-unilux-blocks-heading\"        id=\"18h30-18h45\"\n    >\n18h30 &#8211; 18h45<\/h4>\n<div class=\"wp-block-unilux-blocks-bigtext\">\n    <span>\n        \n    <\/span>\n<\/div><\/header><div class=\"list-highlighted__body wp-block-unilux-blocks-highlighted-list-item-body\">\n    <div class=\"wp-block-unilux-blocks-highlighted-list-item-free-content-area\">\n    \n<p><strong>Discours de cl\u00f4ture<\/strong><\/p>\n\n<p><a href=\"https:\/\/www.uni.lu\/fdef-en\/people\/marie-helene-jobin\/\">Marie-H\u00e9l\u00e8ne Jobin<\/a>, Vice-rectrice \u00e0 l\u2019Universit\u00e9 du Luxembourg<\/p>\n<\/div><\/div><\/li>\n\n<li class=\"list-highlighted__item  wp-block-unilux-blocks-highlighted-list-item\">\n    <header class=\"list-highlighted__header wp-block-unilux-blocks-highlighted-list-item-header\">\n    \n<h4 class=\"title text-18 font-bold has-text-align-left wp-block-unilux-blocks-heading\"        id=\"18h45\"\n    >\n18h45<\/h4>\n<div class=\"wp-block-unilux-blocks-bigtext\">\n    <span>\n        \n    <\/span>\n<\/div><\/header><div class=\"list-highlighted__body wp-block-unilux-blocks-highlighted-list-item-body\">\n    <div class=\"wp-block-unilux-blocks-highlighted-list-item-free-content-area\">\n    \n<p><strong>Cocktail<\/strong><\/p>\n<\/div><\/div><\/li><\/ul>\n<\/div><\/section>\n","protected":false},"excerpt":{"rendered":"","protected":false},"author":85,"featured_media":3084,"parent":0,"menu_order":0,"comment_status":"open","ping_status":"closed","template":"","format":"standard","meta":{"featured_image_focal_point":[],"show_featured_caption":false,"ulux_newsletter_groups":"","uluxPostTitle":"","uluxPrePostTitle":"","_trash_the_other_posts":false,"_price":"","_stock":"","_tribe_ticket_header":"","_tribe_default_ticket_provider":"","_tribe_ticket_capacity":"0","_ticket_start_date":"","_ticket_end_date":"","_tribe_ticket_show_description":"","_tribe_ticket_show_not_going":false,"_tribe_ticket_use_global_stock":"","_tribe_ticket_global_stock_level":"","_global_stock_mode":"","_global_stock_cap":"","_tribe_rsvp_for_event":"","_tribe_ticket_going_count":"","_tribe_ticket_not_going_count":"","_tribe_tickets_list":"[]","_tribe_ticket_has_attendee_info_fields":false,"event_start_date":"2025-12-09 14:45:00","event_end_date":"2025-12-09 19:00:00","event_speaker_name":"","event_speaker_link":"","event_is_online":false,"event_location":" Limpertsberg Campus","event_street":"162a, avenue de la Fa\u00efencerie","event_location_link":"https:\/\/www.uni.lu\/en\/about\/campuses\/limpertsberg-campus\/","event_zip_code":"1511","event_city":"Luxembourg","event_country":"Luxembourg"},"events-topic":[305],"events-type":[317,322,323],"organisation":[103,100],"authorship":[85],"acf":[],"yoast_head":"<!-- This site is optimized with the Yoast SEO Premium plugin v22.3 (Yoast SEO v22.3) - https:\/\/yoast.com\/wordpress\/plugins\/seo\/ -->\n<title>La coop\u00e9rative de logement : une autre solution \u00e0 la crise immobili\u00e8re au Luxembourg - FDEF I Uni.lu<\/title>\n<meta name=\"description\" content=\"Fran\u00e7ais. Cet \u00e9v\u00e9nement est gratuit. L\u2019inscription est obligatoire. Introduction Paulette Lenert, d\u00e9put\u00e9e David Hiez, Professeur \u00e0 l\u2019Universit\u00e9 du\" \/>\n<meta name=\"robots\" content=\"index, follow, max-snippet:-1, max-image-preview:large, max-video-preview:-1\" \/>\n<link rel=\"canonical\" href=\"https:\/\/www.uni.lu\/fdef-fr\/events\/la-cooperative-de-logement-une-autre-solution-a-la-crise-immobiliere-au-luxembourg\/\" \/>\n<meta property=\"og:locale\" content=\"fr_FR\" \/>\n<meta property=\"og:type\" content=\"article\" \/>\n<meta property=\"og:title\" content=\"La coop\u00e9rative de logement : une autre solution \u00e0 la crise immobili\u00e8re au Luxembourg\" \/>\n<meta property=\"og:description\" content=\"Fran\u00e7ais. Cet \u00e9v\u00e9nement est gratuit. L\u2019inscription est obligatoire. Introduction Paulette Lenert, d\u00e9put\u00e9e David Hiez, Professeur \u00e0 l\u2019Universit\u00e9 du\" \/>\n<meta property=\"og:url\" content=\"https:\/\/www.uni.lu\/fdef-fr\/events\/la-cooperative-de-logement-une-autre-solution-a-la-crise-immobiliere-au-luxembourg\/\" \/>\n<meta property=\"og:site_name\" content=\"FDEF FR\" \/>\n<meta property=\"article:publisher\" content=\"https:\/\/www.facebook.com\/uni.FDEF.lu\" \/>\n<meta property=\"article:modified_time\" content=\"2025-11-06T13:54:06+00:00\" \/>\n<meta property=\"og:image\" content=\"https:\/\/www.uni.lu\/wp-content\/uploads\/sites\/18\/2025\/11\/06145251\/AdobeStock_1395314849-scaled.jpeg\" \/>\n\t<meta property=\"og:image:width\" content=\"2560\" \/>\n\t<meta property=\"og:image:height\" content=\"1435\" \/>\n\t<meta property=\"og:image:type\" content=\"image\/jpeg\" \/>\n<meta name=\"twitter:card\" content=\"summary_large_image\" \/>\n<meta name=\"twitter:label1\" content=\"Dur\u00e9e de lecture estim\u00e9e\" \/>\n\t<meta name=\"twitter:data1\" content=\"1 minute\" \/>\n<script type=\"application\/ld+json\" class=\"yoast-schema-graph\">{\"@context\":\"https:\/\/schema.org\",\"@graph\":[{\"@type\":\"WebPage\",\"@id\":\"https:\/\/www.uni.lu\/fdef-fr\/events\/la-cooperative-de-logement-une-autre-solution-a-la-crise-immobiliere-au-luxembourg\/\",\"url\":\"https:\/\/www.uni.lu\/fdef-fr\/events\/la-cooperative-de-logement-une-autre-solution-a-la-crise-immobiliere-au-luxembourg\/\",\"name\":\"La coop\u00e9rative de logement : une autre solution \u00e0 la crise immobili\u00e8re au Luxembourg - FDEF I Uni.lu\",\"isPartOf\":{\"@id\":\"https:\/\/www.uni.lu\/fdef-fr\/#website\"},\"primaryImageOfPage\":{\"@id\":\"https:\/\/www.uni.lu\/fdef-fr\/events\/la-cooperative-de-logement-une-autre-solution-a-la-crise-immobiliere-au-luxembourg\/#primaryimage\"},\"image\":{\"@id\":\"https:\/\/www.uni.lu\/fdef-fr\/events\/la-cooperative-de-logement-une-autre-solution-a-la-crise-immobiliere-au-luxembourg\/#primaryimage\"},\"thumbnailUrl\":\"https:\/\/www.uni.lu\/wp-content\/uploads\/sites\/18\/2025\/11\/06145251\/AdobeStock_1395314849-scaled.jpeg\",\"datePublished\":\"2025-11-06T13:53:33+00:00\",\"dateModified\":\"2025-11-06T13:54:06+00:00\",\"description\":\"Fran\u00e7ais. Cet \u00e9v\u00e9nement est gratuit. L\u2019inscription est obligatoire. Introduction Paulette Lenert, d\u00e9put\u00e9e David Hiez, Professeur \u00e0 l\u2019Universit\u00e9 du\",\"breadcrumb\":{\"@id\":\"https:\/\/www.uni.lu\/fdef-fr\/events\/la-cooperative-de-logement-une-autre-solution-a-la-crise-immobiliere-au-luxembourg\/#breadcrumb\"},\"inLanguage\":\"fr-FR\",\"potentialAction\":[{\"@type\":\"ReadAction\",\"target\":[\"https:\/\/www.uni.lu\/fdef-fr\/events\/la-cooperative-de-logement-une-autre-solution-a-la-crise-immobiliere-au-luxembourg\/\"]}]},{\"@type\":\"ImageObject\",\"inLanguage\":\"fr-FR\",\"@id\":\"https:\/\/www.uni.lu\/fdef-fr\/events\/la-cooperative-de-logement-une-autre-solution-a-la-crise-immobiliere-au-luxembourg\/#primaryimage\",\"url\":\"https:\/\/www.uni.lu\/wp-content\/uploads\/sites\/18\/2025\/11\/06145251\/AdobeStock_1395314849-scaled.jpeg\",\"contentUrl\":\"https:\/\/www.uni.lu\/wp-content\/uploads\/sites\/18\/2025\/11\/06145251\/AdobeStock_1395314849-scaled.jpeg\",\"width\":2560,\"height\":1435,\"caption\":\"Scene of a housing crisis, with people searching for homes in a crowded market.\"},{\"@type\":\"BreadcrumbList\",\"@id\":\"https:\/\/www.uni.lu\/fdef-fr\/events\/la-cooperative-de-logement-une-autre-solution-a-la-crise-immobiliere-au-luxembourg\/#breadcrumb\",\"itemListElement\":[{\"@type\":\"ListItem\",\"position\":1,\"name\":\"Home\",\"item\":\"https:\/\/www.uni.lu\/fr\"},{\"@type\":\"ListItem\",\"position\":2,\"name\":\"Facult\u00e9 de Droit, d\u2019\u00c9conomie et de Finance\",\"item\":\"https:\/\/www.uni.lu\/fdef-fr\/\"},{\"@type\":\"ListItem\",\"position\":3,\"name\":\"Events\",\"item\":\"https:\/\/www.uni.lu\/fdef-fr\/events\/\"},{\"@type\":\"ListItem\",\"position\":4,\"name\":\"La coop\u00e9rative de logement : une autre solution \u00e0 la crise immobili\u00e8re au Luxembourg\"}]},{\"@type\":\"WebSite\",\"@id\":\"https:\/\/www.uni.lu\/fdef-fr\/#website\",\"url\":\"https:\/\/www.uni.lu\/fdef-fr\/\",\"name\":\"FDEF\",\"description\":\"Facult\u00e9 de Droit, d\u2019\u00c9conomie et de Finance I Uni.lu\",\"publisher\":{\"@id\":\"https:\/\/www.uni.lu\/fdef-fr\/#organization\"},\"alternateName\":\"Facult\u00e9 de Droit, d\u2019\u00c9conomie et de Finance I Universit\u00e9 du Luxembourg\",\"potentialAction\":[{\"@type\":\"SearchAction\",\"target\":{\"@type\":\"EntryPoint\",\"urlTemplate\":\"https:\/\/www.uni.lu\/fdef-fr\/?s={search_term_string}\"},\"query-input\":\"required name=search_term_string\"}],\"inLanguage\":\"fr-FR\"},{\"@type\":\"Organization\",\"@id\":\"https:\/\/www.uni.lu\/fdef-fr\/#organization\",\"name\":\"FDEF - Universit\u00e9 du Luxembourg I Uni.lu\",\"alternateName\":\"Facult\u00e9 de Droit, d\u2019\u00c9conomie et de Finance\",\"url\":\"https:\/\/www.uni.lu\/fdef-fr\/\",\"logo\":{\"@type\":\"ImageObject\",\"inLanguage\":\"fr-FR\",\"@id\":\"https:\/\/www.uni.lu\/fdef-fr\/#\/schema\/logo\/image\/\",\"url\":\"https:\/\/www.uni.lu\/wp-content\/uploads\/sites\/18\/2026\/03\/03111953\/FDEF_SM-Profile_1600x1600px-scaled.jpg\",\"contentUrl\":\"https:\/\/www.uni.lu\/wp-content\/uploads\/sites\/18\/2026\/03\/03111953\/FDEF_SM-Profile_1600x1600px-scaled.jpg\",\"width\":2560,\"height\":2560,\"caption\":\"FDEF - Universit\u00e9 du Luxembourg I Uni.lu\"},\"image\":\"https:\/\/www.uni.lu\/wp-content\/uploads\/sites\/18\/2026\/04\/24144332\/20200609-Belval-Campus_Henri-Goergen-23.jpg\",\"sameAs\":[\"https:\/\/www.facebook.com\/uni.FDEF.lu\",\"https:\/\/www.linkedin.com\/showcase\/fdef-uni-lu\/\"],\"email\":\"communication@uni.lu\",\"telephone\":\"+3524666441\",\"address\":{\"@type\":\"PostalAddress\",\"streetAddress\":\"2, place de l\u2019Universit\u00e9\",\"addressLocality\":\"Esch-sur-Alzette\",\"postalCode\":\"4365\",\"addressCountry\":\"LU\"},\"description\":\"Facult\u00e9 de Droit, d\u2019\u00c9conomie et de Finance I Uni.lu\"}]}<\/script>\n<!-- \/ Yoast SEO Premium plugin. -->","yoast_head_json":{"title":"La coop\u00e9rative de logement : une autre solution \u00e0 la crise immobili\u00e8re au Luxembourg - FDEF I Uni.lu","description":"Fran\u00e7ais. Cet \u00e9v\u00e9nement est gratuit. L\u2019inscription est obligatoire. Introduction Paulette Lenert, d\u00e9put\u00e9e David Hiez, Professeur \u00e0 l\u2019Universit\u00e9 du","robots":{"index":"index","follow":"follow","max-snippet":"max-snippet:-1","max-image-preview":"max-image-preview:large","max-video-preview":"max-video-preview:-1"},"canonical":"https:\/\/www.uni.lu\/fdef-fr\/events\/la-cooperative-de-logement-une-autre-solution-a-la-crise-immobiliere-au-luxembourg\/","og_locale":"fr_FR","og_type":"article","og_title":"La coop\u00e9rative de logement : une autre solution \u00e0 la crise immobili\u00e8re au Luxembourg","og_description":"Fran\u00e7ais. Cet \u00e9v\u00e9nement est gratuit. L\u2019inscription est obligatoire. Introduction Paulette Lenert, d\u00e9put\u00e9e David Hiez, Professeur \u00e0 l\u2019Universit\u00e9 du","og_url":"https:\/\/www.uni.lu\/fdef-fr\/events\/la-cooperative-de-logement-une-autre-solution-a-la-crise-immobiliere-au-luxembourg\/","og_site_name":"FDEF FR","article_publisher":"https:\/\/www.facebook.com\/uni.FDEF.lu","article_modified_time":"2025-11-06T13:54:06+00:00","og_image":[{"width":2560,"height":1435,"url":"https:\/\/www.uni.lu\/wp-content\/uploads\/sites\/18\/2025\/11\/06145251\/AdobeStock_1395314849-scaled.jpeg","type":"image\/jpeg"}],"twitter_card":"summary_large_image","twitter_misc":{"Dur\u00e9e de lecture estim\u00e9e":"1 minute"},"schema":{"@context":"https:\/\/schema.org","@graph":[{"@type":"WebPage","@id":"https:\/\/www.uni.lu\/fdef-fr\/events\/la-cooperative-de-logement-une-autre-solution-a-la-crise-immobiliere-au-luxembourg\/","url":"https:\/\/www.uni.lu\/fdef-fr\/events\/la-cooperative-de-logement-une-autre-solution-a-la-crise-immobiliere-au-luxembourg\/","name":"La coop\u00e9rative de logement : une autre solution \u00e0 la crise immobili\u00e8re au Luxembourg - FDEF I Uni.lu","isPartOf":{"@id":"https:\/\/www.uni.lu\/fdef-fr\/#website"},"primaryImageOfPage":{"@id":"https:\/\/www.uni.lu\/fdef-fr\/events\/la-cooperative-de-logement-une-autre-solution-a-la-crise-immobiliere-au-luxembourg\/#primaryimage"},"image":{"@id":"https:\/\/www.uni.lu\/fdef-fr\/events\/la-cooperative-de-logement-une-autre-solution-a-la-crise-immobiliere-au-luxembourg\/#primaryimage"},"thumbnailUrl":"https:\/\/www.uni.lu\/wp-content\/uploads\/sites\/18\/2025\/11\/06145251\/AdobeStock_1395314849-scaled.jpeg","datePublished":"2025-11-06T13:53:33+00:00","dateModified":"2025-11-06T13:54:06+00:00","description":"Fran\u00e7ais. Cet \u00e9v\u00e9nement est gratuit. L\u2019inscription est obligatoire. Introduction Paulette Lenert, d\u00e9put\u00e9e David Hiez, Professeur \u00e0 l\u2019Universit\u00e9 du","breadcrumb":{"@id":"https:\/\/www.uni.lu\/fdef-fr\/events\/la-cooperative-de-logement-une-autre-solution-a-la-crise-immobiliere-au-luxembourg\/#breadcrumb"},"inLanguage":"fr-FR","potentialAction":[{"@type":"ReadAction","target":["https:\/\/www.uni.lu\/fdef-fr\/events\/la-cooperative-de-logement-une-autre-solution-a-la-crise-immobiliere-au-luxembourg\/"]}]},{"@type":"ImageObject","inLanguage":"fr-FR","@id":"https:\/\/www.uni.lu\/fdef-fr\/events\/la-cooperative-de-logement-une-autre-solution-a-la-crise-immobiliere-au-luxembourg\/#primaryimage","url":"https:\/\/www.uni.lu\/wp-content\/uploads\/sites\/18\/2025\/11\/06145251\/AdobeStock_1395314849-scaled.jpeg","contentUrl":"https:\/\/www.uni.lu\/wp-content\/uploads\/sites\/18\/2025\/11\/06145251\/AdobeStock_1395314849-scaled.jpeg","width":2560,"height":1435,"caption":"Scene of a housing crisis, with people searching for homes in a crowded market."},{"@type":"BreadcrumbList","@id":"https:\/\/www.uni.lu\/fdef-fr\/events\/la-cooperative-de-logement-une-autre-solution-a-la-crise-immobiliere-au-luxembourg\/#breadcrumb","itemListElement":[{"@type":"ListItem","position":1,"name":"Home","item":"https:\/\/www.uni.lu\/fr"},{"@type":"ListItem","position":2,"name":"Facult\u00e9 de Droit, d\u2019\u00c9conomie et de Finance","item":"https:\/\/www.uni.lu\/fdef-fr\/"},{"@type":"ListItem","position":3,"name":"Events","item":"https:\/\/www.uni.lu\/fdef-fr\/events\/"},{"@type":"ListItem","position":4,"name":"La coop\u00e9rative de logement : une autre solution \u00e0 la crise immobili\u00e8re au Luxembourg"}]},{"@type":"WebSite","@id":"https:\/\/www.uni.lu\/fdef-fr\/#website","url":"https:\/\/www.uni.lu\/fdef-fr\/","name":"FDEF","description":"Facult\u00e9 de Droit, d\u2019\u00c9conomie et de Finance I Uni.lu","publisher":{"@id":"https:\/\/www.uni.lu\/fdef-fr\/#organization"},"alternateName":"Facult\u00e9 de Droit, d\u2019\u00c9conomie et de Finance I Universit\u00e9 du Luxembourg","potentialAction":[{"@type":"SearchAction","target":{"@type":"EntryPoint","urlTemplate":"https:\/\/www.uni.lu\/fdef-fr\/?s={search_term_string}"},"query-input":"required name=search_term_string"}],"inLanguage":"fr-FR"},{"@type":"Organization","@id":"https:\/\/www.uni.lu\/fdef-fr\/#organization","name":"FDEF - Universit\u00e9 du Luxembourg I Uni.lu","alternateName":"Facult\u00e9 de Droit, d\u2019\u00c9conomie et de Finance","url":"https:\/\/www.uni.lu\/fdef-fr\/","logo":{"@type":"ImageObject","inLanguage":"fr-FR","@id":"https:\/\/www.uni.lu\/fdef-fr\/#\/schema\/logo\/image\/","url":"https:\/\/www.uni.lu\/wp-content\/uploads\/sites\/18\/2026\/03\/03111953\/FDEF_SM-Profile_1600x1600px-scaled.jpg","contentUrl":"https:\/\/www.uni.lu\/wp-content\/uploads\/sites\/18\/2026\/03\/03111953\/FDEF_SM-Profile_1600x1600px-scaled.jpg","width":2560,"height":2560,"caption":"FDEF - Universit\u00e9 du Luxembourg I Uni.lu"},"image":"https:\/\/www.uni.lu\/wp-content\/uploads\/sites\/18\/2026\/04\/24144332\/20200609-Belval-Campus_Henri-Goergen-23.jpg","sameAs":["https:\/\/www.facebook.com\/uni.FDEF.lu","https:\/\/www.linkedin.com\/showcase\/fdef-uni-lu\/"],"email":"communication@uni.lu","telephone":"+3524666441","address":{"@type":"PostalAddress","streetAddress":"2, place de l\u2019Universit\u00e9","addressLocality":"Esch-sur-Alzette","postalCode":"4365","addressCountry":"LU"},"description":"Facult\u00e9 de Droit, d\u2019\u00c9conomie et de Finance I Uni.lu"}]}},"_links":{"self":[{"href":"https:\/\/www.uni.lu\/fdef-fr\/wp-json\/wp\/v2\/events\/3083"}],"collection":[{"href":"https:\/\/www.uni.lu\/fdef-fr\/wp-json\/wp\/v2\/events"}],"about":[{"href":"https:\/\/www.uni.lu\/fdef-fr\/wp-json\/wp\/v2\/types\/events"}],"author":[{"embeddable":true,"href":"https:\/\/www.uni.lu\/fdef-fr\/wp-json\/wp\/v2\/users\/85"}],"replies":[{"embeddable":true,"href":"https:\/\/www.uni.lu\/fdef-fr\/wp-json\/wp\/v2\/comments?post=3083"}],"version-history":[{"count":2,"href":"https:\/\/www.uni.lu\/fdef-fr\/wp-json\/wp\/v2\/events\/3083\/revisions"}],"predecessor-version":[{"id":3086,"href":"https:\/\/www.uni.lu\/fdef-fr\/wp-json\/wp\/v2\/events\/3083\/revisions\/3086"}],"wp:authorship":[{"embeddable":true,"href":"https:\/\/www.uni.lu\/fdef-fr\/wp-json\/wp\/v2\/users\/85"}],"wp:featuredmedia":[{"embeddable":true,"href":"https:\/\/www.uni.lu\/fdef-fr\/wp-json\/wp\/v2\/media\/3084"}],"wp:attachment":[{"href":"https:\/\/www.uni.lu\/fdef-fr\/wp-json\/wp\/v2\/media?parent=3083"}],"wp:term":[{"taxonomy":"events-topic","embeddable":true,"href":"https:\/\/www.uni.lu\/fdef-fr\/wp-json\/wp\/v2\/events-topic?post=3083"},{"taxonomy":"events-type","embeddable":true,"href":"https:\/\/www.uni.lu\/fdef-fr\/wp-json\/wp\/v2\/events-type?post=3083"},{"taxonomy":"organisation","embeddable":true,"href":"https:\/\/www.uni.lu\/fdef-fr\/wp-json\/wp\/v2\/organisation?post=3083"}],"curies":[{"name":"wp","href":"https:\/\/api.w.org\/{rel}","templated":true}]}}