{"id":2754,"date":"2025-01-29T14:13:27","date_gmt":"2025-01-29T13:13:27","guid":{"rendered":"https:\/\/www.uni.lu\/fdef-fr\/?post_type=events&#038;p=2754"},"modified":"2025-02-10T14:56:36","modified_gmt":"2025-02-10T13:56:36","slug":"la-lutte-contre-les-violences-sexuelles","status":"publish","type":"events","link":"https:\/\/www.uni.lu\/fdef-fr\/events\/la-lutte-contre-les-violences-sexuelles\/","title":{"rendered":"La lutte contre les violences sexuelles"},"content":{"rendered":"\n<section class=\"py-0 wp-block-unilux-blocks-free-section section\"><div class=\"container xl:max-w-screen-xl\">\n<ul class=\"wp-block-unilux-blocks-custom-buttons btn-list\"><li class=\"wp-block-unilux-blocks-custom-button\"    aria-disabled=\"false\"\n    >\n    <a\n        role=\"link\"\n        aria-disabled=\"false\"\n                    href=\"https:\/\/www.eventbrite.fr\/e\/la-lutte-contre-les-violences-sexuelles-apres-la-loi-du-7-aout-2023-tickets-1219107345889?aff=oddtdtcreator&#038;_gl=1*11m0g37*_up*MQ..*_ga*NDIwODY0MTc3LjE3Mzc2MjY3MDU.*_ga_TQVES5V6SH*MTczNzYyNjcwNC4xLjAuMTczNzYyNjcwNC4wLjAuMA\"\n                target=\"_blank\"\n        class=\"btn btn--primary\"\n            >Je m&rsquo;inscris<\/a>\n<\/li>\n\n\n<li class=\"wp-block-unilux-blocks-custom-button\"    aria-disabled=\"false\"\n    >\n    <a\n        role=\"link\"\n        aria-disabled=\"false\"\n                    href=\"https:\/\/www.uni.lu\/fdef-fr\/events\/cahiers-de-fiscalites-luxembourgeoise-et-europeenne\/calendar\"\n                target=\"_self\"\n        class=\"btn btn--secondary\"\n            >Ajouter au calendrier<\/a>\n<\/li>\n<\/ul>\n\n\n<div class=\"wp-block-unilux-blocks-spacer is-spacer-size-sm\"><\/div>\n\n\n<h4 class=\"has-text-align-left wp-block-unilux-blocks-heading\"        id=\"la-lutte-contre-les-violences-sexuelles-apres-la-loi-du-7-aout-2023-en-vue-de-renforcer-les-moyens-de-lutte-contre-les-abus-sexuels-et-lexploitation-sexuelle-des-mineurs\"\n    >\n<strong><strong><strong><strong>La lutte contre les violences sexuelles apr\u00e8s la loi du 7 ao\u00fbt 2023 en vue de renforcer les moyens de lutte contre les abus sexuels et l&rsquo;exploitation sexuelle des mineurs.<\/strong><\/strong><\/strong><\/strong><\/h4>\n\n\n<div class=\"wp-block-unilux-blocks-spacer is-spacer-size-sm\"><\/div>\n\n\n<h5 class=\"has-text-align-left wp-block-unilux-blocks-heading\"        id=\"resume\"\n    >\nR\u00e9sum\u00e9<\/h5>\n\n\n\n<p>Cette conf\u00e9rence vise \u00e0 examiner les avanc\u00e9es l\u00e9gislatives introduites par la loi du 7 ao\u00fbt 2023, qui, notamment, int\u00e8gre explicitement un article sur le consentement en mati\u00e8re d\u2019infractions sexuelles dans le Code p\u00e9nal luxembourgeois. Si cette loi permet des avanc\u00e9es certaines, elle ne r\u00e9pond pas, de mani\u00e8re int\u00e9grale, \u00e0 l\u2019ensemble des d\u00e9fis relatifs \u00e0 la lutte contre les violences sexuelles. Cet \u00e9v\u00e9nement propose donc de discuter des avantages et des lacunes de cette r\u00e9forme, d\u2019un point de vue tant th\u00e9orique que pratique. En effet, les interventions seront principalement effectu\u00e9es par des praticien.nes, venant notamment des milieux associatifs, de la Police Grand-Ducale, de la justice, ainsi que de l\u2019avocature.<\/p>\n\n\n<div class=\"wp-block-unilux-blocks-spacer is-spacer-size-sm\"><\/div>\n\n\n<h5 class=\"has-text-align-left wp-block-unilux-blocks-heading\"        id=\"langue\"\n    >\nLangue<\/h5>\n\n\n\n<p>Fran\u00e7ais.<\/p>\n\n\n\n<p>Cette conf\u00e9rence est gratuite. L\u2019inscription est obligatoire.<\/p>\n\n\n<div class=\"wp-block-unilux-blocks-spacer is-spacer-size-sm\"><\/div>\n\n\n<h5 class=\"has-text-align-left wp-block-unilux-blocks-heading\"        id=\"programme\"\n    >\nProgramme<\/h5>\n\n\n\n<ul class=\"wp-block-unilux-blocks-highlighted-list list-highlighted list-highlighted--architectural\"><li class=\"list-highlighted__item  wp-block-unilux-blocks-highlighted-list-item\">\n    <header class=\"list-highlighted__header wp-block-unilux-blocks-highlighted-list-item-header\">\n    \n<h4 class=\"title text-18 font-bold has-text-align-left wp-block-unilux-blocks-heading\"        id=\"13h00-14h00\"\n    >\n13h00 &#8211; 14h00<\/h4>\n<div class=\"wp-block-unilux-blocks-bigtext\">\n    <span>\n        \n    <\/span>\n<\/div><\/header><div class=\"list-highlighted__body wp-block-unilux-blocks-highlighted-list-item-body\">\n    <div class=\"wp-block-unilux-blocks-highlighted-list-item-free-content-area\">\n    \n<p><strong>Visite guid\u00e9e du Luxembourg Learning Center<\/strong>&nbsp;(maximum 20 personnes)<\/p>\n\n<p>Rendez-vous au Meeting Point dans le LLC, pr\u00e8s de la Welcome Zone<\/p>\n<\/div><\/div><\/li>\n\n<li class=\"list-highlighted__item  wp-block-unilux-blocks-highlighted-list-item\">\n    <header class=\"list-highlighted__header wp-block-unilux-blocks-highlighted-list-item-header\">\n    \n<h4 class=\"title text-18 font-bold has-text-align-left wp-block-unilux-blocks-heading\"        id=\"14h00-14h15\"\n    >\n14h00 &#8211; 14h15<\/h4>\n<div class=\"wp-block-unilux-blocks-bigtext\">\n    <span>\n        \n    <\/span>\n<\/div><\/header><div class=\"list-highlighted__body wp-block-unilux-blocks-highlighted-list-item-body\">\n    <div class=\"wp-block-unilux-blocks-highlighted-list-item-free-content-area\">\n    \n<p><strong>Mots d&rsquo;ouverture<\/strong><\/p>\n\n<p><a href=\"https:\/\/www.uni.lu\/en\/people\/sylvie-fromentin\/\">Dr. Sylvie Fromentin<\/a>, Strategic Projects Coordinator, Institute for Advanced Studies, Universit\u00e9 du<br>Luxembourg<\/p>\n<\/div><\/div><\/li>\n\n<li class=\"list-highlighted__item  wp-block-unilux-blocks-highlighted-list-item\">\n    <header class=\"list-highlighted__header wp-block-unilux-blocks-highlighted-list-item-header\">\n    \n<h4 class=\"title text-18 font-bold has-text-align-left wp-block-unilux-blocks-heading\"        id=\"14h15-14h30\"\n    >\n14h15 &#8211; 14h30<\/h4>\n<div class=\"wp-block-unilux-blocks-bigtext\">\n    <span>\n        \n    <\/span>\n<\/div><\/header><div class=\"list-highlighted__body wp-block-unilux-blocks-highlighted-list-item-body\">\n    <div class=\"wp-block-unilux-blocks-highlighted-list-item-free-content-area\">\n    \n<p><strong>La gen\u00e8se et la n\u00e9gocation du projet de loi 7949<\/strong><\/p>\n\n<p>Charles Margue, rapporteur du projet de loi, Chambre des d\u00e9put\u00e9s<\/p>\n<\/div><\/div><\/li>\n\n<li class=\"list-highlighted__item  wp-block-unilux-blocks-highlighted-list-item\">\n    <header class=\"list-highlighted__header wp-block-unilux-blocks-highlighted-list-item-header\">\n    \n<h4 class=\"title text-18 font-bold has-text-align-left wp-block-unilux-blocks-heading\"        id=\"14h30-14h45\"\n    >\n14h30 &#8211; 14h45<\/h4>\n<div class=\"wp-block-unilux-blocks-bigtext\">\n    <span>\n        \n    <\/span>\n<\/div><\/header><div class=\"list-highlighted__body wp-block-unilux-blocks-highlighted-list-item-body\">\n    <div class=\"wp-block-unilux-blocks-highlighted-list-item-free-content-area\">\n    \n<p><strong>La loi du 7 ao\u00fbt 2023 : les apports et les lacunes<\/strong><\/p>\n\n<p><a href=\"https:\/\/www.uni.lu\/fdef-en\/people\/salome-lannier\/\">Dr. Salom\u00e9 Lannier<\/a>, chercheuse en post-doctorat, Universit\u00e9 du Luxembourg<\/p>\n<\/div><\/div><\/li>\n\n<li class=\"list-highlighted__item  wp-block-unilux-blocks-highlighted-list-item\">\n    <header class=\"list-highlighted__header wp-block-unilux-blocks-highlighted-list-item-header\">\n    \n<h4 class=\"title text-18 font-bold has-text-align-left wp-block-unilux-blocks-heading\"        id=\"14h45-15h00\"\n    >\n14h45 &#8211; 15h00<\/h4>\n<div class=\"wp-block-unilux-blocks-bigtext\">\n    <span>\n        \n    <\/span>\n<\/div><\/header><div class=\"list-highlighted__body wp-block-unilux-blocks-highlighted-list-item-body\">\n    <div class=\"wp-block-unilux-blocks-highlighted-list-item-free-content-area\">\n    \n<p><strong>Q&amp;A &amp; Pause-caf\u00e9<\/strong><\/p>\n<\/div><\/div><\/li>\n\n<li class=\"list-highlighted__item  wp-block-unilux-blocks-highlighted-list-item\">\n    <header class=\"list-highlighted__header wp-block-unilux-blocks-highlighted-list-item-header\">\n    \n<h4 class=\"title text-18 font-bold has-text-align-left wp-block-unilux-blocks-heading\"        id=\"15h00-15h45\"\n    >\n15h00 &#8211; 15h45<\/h4>\n<div class=\"wp-block-unilux-blocks-bigtext\">\n    <span>\n        \n    <\/span>\n<\/div><\/header><div class=\"list-highlighted__body wp-block-unilux-blocks-highlighted-list-item-body\">\n    <div class=\"wp-block-unilux-blocks-highlighted-list-item-free-content-area\">\n    \n<p><strong>L\u2019assistance aux victimes majeures apr\u00e8s la loi de 2023<\/strong><\/p>\n\n<p><em>Intervenant.e.s :<\/em><\/p>\n\n<ul class=\"ulux-list\">\n<li class=\"ulux-list-item\"><em>Monique Lucas, Service d\u2019information et de consultation pour femmes Vivre Sans Violence, Femmes<br>en D\u00e9tresses asbl<\/em><\/li>\n\n\n\n<li class=\"ulux-list-item\"><em>Jean Winter, chef de section, SPJ protection de la jeunesse et infractions sexuelles, Police Grand-Ducale<\/em><\/li>\n<\/ul>\n\n<p>Q&amp;A<\/p>\n<\/div><\/div><\/li>\n\n<li class=\"list-highlighted__item  wp-block-unilux-blocks-highlighted-list-item\">\n    <header class=\"list-highlighted__header wp-block-unilux-blocks-highlighted-list-item-header\">\n    \n<h4 class=\"title text-18 font-bold has-text-align-left wp-block-unilux-blocks-heading\"        id=\"15h45-16h30\"\n    >\n15h45 &#8211; 16h30<\/h4>\n<div class=\"wp-block-unilux-blocks-bigtext\">\n    <span>\n        \n    <\/span>\n<\/div><\/header><div class=\"list-highlighted__body wp-block-unilux-blocks-highlighted-list-item-body\">\n    <div class=\"wp-block-unilux-blocks-highlighted-list-item-free-content-area\">\n    \n<p><strong>L\u2019assistance aux victimes mineures apr\u00e8s la loi de 2023<\/strong><\/p>\n\n<p><em>Intervenant.e.s :<\/em><\/p>\n\n<ul class=\"ulux-list\">\n<li class=\"ulux-list-item\"><em>Ma\u00eetre Tom Krieps, avocat \u00e0 la cour, Dupong, Krieps, Du Bois &amp; Dias Videira, avocats \u00e0 la cour<\/em><\/li>\n\n\n\n<li class=\"ulux-list-item\"><em>Simone Flammang, premier avocat g\u00e9n\u00e9ral, Parquet g\u00e9n\u00e9ral du Grand-Duch\u00e9 de Luxembourg<\/em><\/li>\n<\/ul>\n\n<p>Q&amp;A<\/p>\n<\/div><\/div><\/li>\n\n<li class=\"list-highlighted__item  wp-block-unilux-blocks-highlighted-list-item\">\n    <header class=\"list-highlighted__header wp-block-unilux-blocks-highlighted-list-item-header\">\n    \n<h4 class=\"title text-18 font-bold has-text-align-left wp-block-unilux-blocks-heading\"        id=\"16h30-17h15\"\n    >\n16h30 &#8211; 17h15<\/h4>\n<div class=\"wp-block-unilux-blocks-bigtext\">\n    <span>\n        \n    <\/span>\n<\/div><\/header><div class=\"list-highlighted__body wp-block-unilux-blocks-highlighted-list-item-body\">\n    <div class=\"wp-block-unilux-blocks-highlighted-list-item-free-content-area\">\n    \n<p><strong>Pr\u00e9venir les violences sexuelles : la loi de 2023 au regard de l\u2019\u00e9ducation affective et sexuelle<\/strong><\/p>\n\n<p><em>Intervenant.e.s :<\/em><\/p>\n\n<ul class=\"ulux-list\">\n<li class=\"ulux-list-item\"><em>C\u00e9line G\u00e9rard, Directrice, Planning Familial<\/em><\/li>\n\n\n\n<li class=\"ulux-list-item\"><em>Didier Schneider, Directeur, Centre LGBTIQ+ Cigale<\/em><\/li>\n<\/ul>\n\n<p>Q&amp;A<\/p>\n<\/div><\/div><\/li>\n\n<li class=\"list-highlighted__item  wp-block-unilux-blocks-highlighted-list-item\">\n    <header class=\"list-highlighted__header wp-block-unilux-blocks-highlighted-list-item-header\">\n    \n<h4 class=\"title text-18 font-bold has-text-align-left wp-block-unilux-blocks-heading\"        id=\"17h15-17h20\"\n    >\n17h15 &#8211; 17h20<\/h4>\n<div class=\"wp-block-unilux-blocks-bigtext\">\n    <span>\n        \n    <\/span>\n<\/div><\/header><div class=\"list-highlighted__body wp-block-unilux-blocks-highlighted-list-item-body\">\n    <div class=\"wp-block-unilux-blocks-highlighted-list-item-free-content-area\">\n    \n<p><strong>Mots conclusifs<\/strong><\/p>\n\n<p>Ana Pinto, Pr\u00e9sidente, La voix des Survivant.e.s<\/p>\n<\/div><\/div><\/li><\/ul>\n\n\n<div class=\"wp-block-unilux-blocks-spacer is-spacer-size-sm\"><\/div>\n\n\n<h5 class=\"has-text-align-left wp-block-unilux-blocks-heading\"        id=\"en-collaboration-avec\"\n    >\nEn collaboration avec<\/h5>\n\n\n\n<div class=\"wp-block-columns is-layout-flex wp-block-columns-is-layout-flex\">\n<div class=\"wp-block-column is-layout-flow wp-block-column-is-layout-flow\"><figure class=\"wp-block-dev4-reusable-blocks-image  object-fit--contain\">\n    \n<img decoding=\"async\" class=\"wp-block-image unilux-custom-image-block\"\n                alt=\"\"\n            src=\"https:\/\/www.uni.lu\/wp-content\/uploads\/sites\/18\/2025\/01\/Logo-final-IAS.png\"\n                srcset=\"https:\/\/www.uni.lu\/wp-content\/uploads\/sites\/18\/2025\/01\/Logo-final-IAS-300x47.png 300w, https:\/\/www.uni.lu\/wp-content\/uploads\/sites\/18\/2025\/01\/Logo-final-IAS-1024x162.png 1024w, https:\/\/www.uni.lu\/wp-content\/uploads\/sites\/18\/2025\/01\/Logo-final-IAS-768x121.png 768w, https:\/\/www.uni.lu\/wp-content\/uploads\/sites\/18\/2025\/01\/Logo-final-IAS-1536x242.png 1536w, https:\/\/www.uni.lu\/wp-content\/uploads\/sites\/18\/2025\/01\/Logo-final-IAS.png 1768w\"\n                style=\"object-position: 50.00% 50.00%; font-family: &quot;object-fit: contain; object-position: 50.00% 50.00%;&quot;; aspect-ratio: 16\/9; object-fit: contain; width: 100%;\"\n        loading=\"lazy\"\n\/>    <\/figure><\/div>\n\n\n\n<div class=\"wp-block-column is-vertically-aligned-center is-layout-flow wp-block-column-is-layout-flow\"><figure class=\"wp-block-dev4-reusable-blocks-image  object-fit--contain\">\n    \n<img decoding=\"async\" class=\"wp-block-image unilux-custom-image-block\"\n                alt=\"\"\n            src=\"https:\/\/www.uni.lu\/wp-content\/uploads\/sites\/18\/2025\/01\/EN-Co-funded-by-the-EU_POS-scaled.jpg\"\n                srcset=\"https:\/\/www.uni.lu\/wp-content\/uploads\/sites\/18\/2025\/01\/EN-Co-funded-by-the-EU_POS-300x63.jpg 300w, https:\/\/www.uni.lu\/wp-content\/uploads\/sites\/18\/2025\/01\/EN-Co-funded-by-the-EU_POS-1024x215.jpg 1024w, https:\/\/www.uni.lu\/wp-content\/uploads\/sites\/18\/2025\/01\/EN-Co-funded-by-the-EU_POS-768x161.jpg 768w, https:\/\/www.uni.lu\/wp-content\/uploads\/sites\/18\/2025\/01\/EN-Co-funded-by-the-EU_POS-1536x322.jpg 1536w, https:\/\/www.uni.lu\/wp-content\/uploads\/sites\/18\/2025\/01\/EN-Co-funded-by-the-EU_POS-2048x430.jpg 2048w\"\n                style=\"object-position: 50.00% 50.00%; font-family: &quot;object-fit: contain; object-position: 50.00% 50.00%;&quot;; aspect-ratio: 16\/9; object-fit: contain; width: 100%;\"\n        loading=\"lazy\"\n\/>    <\/figure><\/div>\n\n\n\n<div class=\"wp-block-column is-vertically-aligned-center is-layout-flow wp-block-column-is-layout-flow\"><figure class=\"wp-block-dev4-reusable-blocks-image  object-fit--contain\">\n    \n<img decoding=\"async\" class=\"wp-block-image unilux-custom-image-block\"\n                alt=\"\"\n            src=\"https:\/\/www.uni.lu\/wp-content\/uploads\/sites\/18\/2025\/01\/W4878500FIA.png\"\n                srcset=\"https:\/\/www.uni.lu\/wp-content\/uploads\/sites\/18\/2025\/01\/W4878500FIA-300x101.png 300w, https:\/\/www.uni.lu\/wp-content\/uploads\/sites\/18\/2025\/01\/W4878500FIA.png 400w\"\n                style=\"object-position: 50.00% 50.00%; font-family: &quot;object-fit: contain; object-position: 50.00% 50.00%;&quot;; aspect-ratio: 16\/9; object-fit: contain; width: 100%;\"\n        loading=\"lazy\"\n\/>    <\/figure><\/div>\n<\/div>\n<\/div><\/section>\n","protected":false},"excerpt":{"rendered":"","protected":false},"author":85,"featured_media":2759,"parent":0,"menu_order":0,"comment_status":"open","ping_status":"closed","template":"","format":"standard","meta":{"featured_image_focal_point":[],"show_featured_caption":false,"ulux_newsletter_groups":"","uluxPostTitle":"","uluxPrePostTitle":"","_trash_the_other_posts":false,"_price":"","_stock":"","_tribe_ticket_header":"","_tribe_default_ticket_provider":"","_tribe_ticket_capacity":"0","_ticket_start_date":"","_ticket_end_date":"","_tribe_ticket_show_description":"","_tribe_ticket_show_not_going":false,"_tribe_ticket_use_global_stock":"","_tribe_ticket_global_stock_level":"","_global_stock_mode":"","_global_stock_cap":"","_tribe_rsvp_for_event":"","_tribe_ticket_going_count":"","_tribe_ticket_not_going_count":"","_tribe_tickets_list":"[]","_tribe_ticket_has_attendee_info_fields":false,"event_start_date":"2025-02-26 14:00:00","event_end_date":"2025-02-26 17:30:00","event_speaker_name":"","event_speaker_link":"","event_is_online":false,"event_location":"Luxembourg Learning Centre (LLC)","event_street":"7, \u00cbnnert den H\u00e9ichiewen","event_location_link":"https:\/\/www.uni.lu\/llc-en\/contact\/","event_zip_code":"4362","event_city":"Esch-Belval","event_country":"Luxembourg"},"events-topic":[305],"events-type":[317,322,323],"organisation":[103,100],"authorship":[85],"acf":[],"yoast_head":"<!-- This site is optimized with the Yoast SEO Premium plugin v22.3 (Yoast SEO v22.3) - https:\/\/yoast.com\/wordpress\/plugins\/seo\/ -->\n<title>La lutte contre les violences sexuelles - FDEF I Uni.lu<\/title>\n<meta name=\"description\" content=\"Cette conf\u00e9rence vise \u00e0 examiner les avanc\u00e9es l\u00e9gislatives introduites par la loi du 7 ao\u00fbt 2023, qui, notamment, int\u00e8gre explicitement un article sur le\" \/>\n<meta name=\"robots\" content=\"index, follow, max-snippet:-1, max-image-preview:large, max-video-preview:-1\" \/>\n<link rel=\"canonical\" href=\"https:\/\/www.uni.lu\/fdef-fr\/events\/la-lutte-contre-les-violences-sexuelles\/\" \/>\n<meta property=\"og:locale\" content=\"fr_FR\" \/>\n<meta property=\"og:type\" content=\"article\" \/>\n<meta property=\"og:title\" content=\"La lutte contre les violences sexuelles\" \/>\n<meta property=\"og:description\" content=\"Cette conf\u00e9rence vise \u00e0 examiner les avanc\u00e9es l\u00e9gislatives introduites par la loi du 7 ao\u00fbt 2023, qui, notamment, int\u00e8gre explicitement un article sur le\" \/>\n<meta property=\"og:url\" content=\"https:\/\/www.uni.lu\/fdef-fr\/events\/la-lutte-contre-les-violences-sexuelles\/\" \/>\n<meta property=\"og:site_name\" content=\"FDEF FR\" \/>\n<meta property=\"article:publisher\" content=\"https:\/\/www.facebook.com\/uni.FDEF.lu\" \/>\n<meta property=\"article:modified_time\" content=\"2025-02-10T13:56:36+00:00\" \/>\n<meta property=\"og:image\" content=\"https:\/\/www.uni.lu\/wp-content\/uploads\/sites\/18\/2025\/01\/AdobeStock_910820676-scaled.jpeg\" \/>\n\t<meta property=\"og:image:width\" content=\"2560\" \/>\n\t<meta property=\"og:image:height\" content=\"861\" \/>\n\t<meta property=\"og:image:type\" content=\"image\/jpeg\" \/>\n<meta name=\"twitter:card\" content=\"summary_large_image\" \/>\n<meta name=\"twitter:label1\" content=\"Dur\u00e9e de lecture estim\u00e9e\" \/>\n\t<meta name=\"twitter:data1\" content=\"2 minutes\" \/>\n<script type=\"application\/ld+json\" class=\"yoast-schema-graph\">{\"@context\":\"https:\/\/schema.org\",\"@graph\":[{\"@type\":\"WebPage\",\"@id\":\"https:\/\/www.uni.lu\/fdef-fr\/events\/la-lutte-contre-les-violences-sexuelles\/\",\"url\":\"https:\/\/www.uni.lu\/fdef-fr\/events\/la-lutte-contre-les-violences-sexuelles\/\",\"name\":\"La lutte contre les violences sexuelles - FDEF I Uni.lu\",\"isPartOf\":{\"@id\":\"https:\/\/www.uni.lu\/fdef-fr\/#website\"},\"primaryImageOfPage\":{\"@id\":\"https:\/\/www.uni.lu\/fdef-fr\/events\/la-lutte-contre-les-violences-sexuelles\/#primaryimage\"},\"image\":{\"@id\":\"https:\/\/www.uni.lu\/fdef-fr\/events\/la-lutte-contre-les-violences-sexuelles\/#primaryimage\"},\"thumbnailUrl\":\"https:\/\/www.uni.lu\/wp-content\/uploads\/sites\/18\/2025\/01\/AdobeStock_910820676-scaled.jpeg\",\"datePublished\":\"2025-01-29T13:13:27+00:00\",\"dateModified\":\"2025-02-10T13:56:36+00:00\",\"description\":\"Cette conf\u00e9rence vise \u00e0 examiner les avanc\u00e9es l\u00e9gislatives introduites par la loi du 7 ao\u00fbt 2023, qui, notamment, int\u00e8gre explicitement un article sur le\",\"breadcrumb\":{\"@id\":\"https:\/\/www.uni.lu\/fdef-fr\/events\/la-lutte-contre-les-violences-sexuelles\/#breadcrumb\"},\"inLanguage\":\"fr-FR\",\"potentialAction\":[{\"@type\":\"ReadAction\",\"target\":[\"https:\/\/www.uni.lu\/fdef-fr\/events\/la-lutte-contre-les-violences-sexuelles\/\"]}]},{\"@type\":\"ImageObject\",\"inLanguage\":\"fr-FR\",\"@id\":\"https:\/\/www.uni.lu\/fdef-fr\/events\/la-lutte-contre-les-violences-sexuelles\/#primaryimage\",\"url\":\"https:\/\/www.uni.lu\/wp-content\/uploads\/sites\/18\/2025\/01\/AdobeStock_910820676-scaled.jpeg\",\"contentUrl\":\"https:\/\/www.uni.lu\/wp-content\/uploads\/sites\/18\/2025\/01\/AdobeStock_910820676-scaled.jpeg\",\"width\":2560,\"height\":861,\"caption\":\"International Day for the Elimination of Violence Against Women. Problems of sexual abuse, harassment, human trafficking, domestic violence rape. International women's day Horizontal banner Copy space\"},{\"@type\":\"BreadcrumbList\",\"@id\":\"https:\/\/www.uni.lu\/fdef-fr\/events\/la-lutte-contre-les-violences-sexuelles\/#breadcrumb\",\"itemListElement\":[{\"@type\":\"ListItem\",\"position\":1,\"name\":\"Home\",\"item\":\"https:\/\/www.uni.lu\/fr\"},{\"@type\":\"ListItem\",\"position\":2,\"name\":\"Facult\u00e9 de Droit, d\u2019\u00c9conomie et de Finance\",\"item\":\"https:\/\/www.uni.lu\/fdef-fr\/\"},{\"@type\":\"ListItem\",\"position\":3,\"name\":\"Events\",\"item\":\"https:\/\/www.uni.lu\/fdef-fr\/events\/\"},{\"@type\":\"ListItem\",\"position\":4,\"name\":\"La lutte contre les violences sexuelles\"}]},{\"@type\":\"WebSite\",\"@id\":\"https:\/\/www.uni.lu\/fdef-fr\/#website\",\"url\":\"https:\/\/www.uni.lu\/fdef-fr\/\",\"name\":\"FDEF\",\"description\":\"Facult\u00e9 de Droit, d\u2019\u00c9conomie et de Finance I Uni.lu\",\"publisher\":{\"@id\":\"https:\/\/www.uni.lu\/fdef-fr\/#organization\"},\"alternateName\":\"Facult\u00e9 de Droit, d\u2019\u00c9conomie et de Finance I Universit\u00e9 du Luxembourg\",\"potentialAction\":[{\"@type\":\"SearchAction\",\"target\":{\"@type\":\"EntryPoint\",\"urlTemplate\":\"https:\/\/www.uni.lu\/fdef-fr\/?s={search_term_string}\"},\"query-input\":\"required name=search_term_string\"}],\"inLanguage\":\"fr-FR\"},{\"@type\":\"Organization\",\"@id\":\"https:\/\/www.uni.lu\/fdef-fr\/#organization\",\"name\":\"FDEF - Universit\u00e9 du Luxembourg I Uni.lu\",\"alternateName\":\"Facult\u00e9 de Droit, d\u2019\u00c9conomie et de Finance\",\"url\":\"https:\/\/www.uni.lu\/fdef-fr\/\",\"logo\":{\"@type\":\"ImageObject\",\"inLanguage\":\"fr-FR\",\"@id\":\"https:\/\/www.uni.lu\/fdef-fr\/#\/schema\/logo\/image\/\",\"url\":\"https:\/\/www.uni.lu\/wp-content\/uploads\/sites\/18\/2026\/03\/03111953\/FDEF_SM-Profile_1600x1600px-scaled.jpg\",\"contentUrl\":\"https:\/\/www.uni.lu\/wp-content\/uploads\/sites\/18\/2026\/03\/03111953\/FDEF_SM-Profile_1600x1600px-scaled.jpg\",\"width\":2560,\"height\":2560,\"caption\":\"FDEF - Universit\u00e9 du Luxembourg I Uni.lu\"},\"image\":\"https:\/\/www.uni.lu\/wp-content\/uploads\/sites\/18\/2026\/04\/24144332\/20200609-Belval-Campus_Henri-Goergen-23.jpg\",\"sameAs\":[\"https:\/\/www.facebook.com\/uni.FDEF.lu\",\"https:\/\/www.linkedin.com\/showcase\/fdef-uni-lu\/\"],\"email\":\"communication@uni.lu\",\"telephone\":\"+3524666441\",\"address\":{\"@type\":\"PostalAddress\",\"streetAddress\":\"2, place de l\u2019Universit\u00e9\",\"addressLocality\":\"Esch-sur-Alzette\",\"postalCode\":\"4365\",\"addressCountry\":\"LU\"},\"description\":\"Facult\u00e9 de Droit, d\u2019\u00c9conomie et de Finance I Uni.lu\"}]}<\/script>\n<!-- \/ Yoast SEO Premium plugin. -->","yoast_head_json":{"title":"La lutte contre les violences sexuelles - FDEF I Uni.lu","description":"Cette conf\u00e9rence vise \u00e0 examiner les avanc\u00e9es l\u00e9gislatives introduites par la loi du 7 ao\u00fbt 2023, qui, notamment, int\u00e8gre explicitement un article sur le","robots":{"index":"index","follow":"follow","max-snippet":"max-snippet:-1","max-image-preview":"max-image-preview:large","max-video-preview":"max-video-preview:-1"},"canonical":"https:\/\/www.uni.lu\/fdef-fr\/events\/la-lutte-contre-les-violences-sexuelles\/","og_locale":"fr_FR","og_type":"article","og_title":"La lutte contre les violences sexuelles","og_description":"Cette conf\u00e9rence vise \u00e0 examiner les avanc\u00e9es l\u00e9gislatives introduites par la loi du 7 ao\u00fbt 2023, qui, notamment, int\u00e8gre explicitement un article sur le","og_url":"https:\/\/www.uni.lu\/fdef-fr\/events\/la-lutte-contre-les-violences-sexuelles\/","og_site_name":"FDEF FR","article_publisher":"https:\/\/www.facebook.com\/uni.FDEF.lu","article_modified_time":"2025-02-10T13:56:36+00:00","og_image":[{"width":2560,"height":861,"url":"https:\/\/www.uni.lu\/wp-content\/uploads\/sites\/18\/2025\/01\/AdobeStock_910820676-scaled.jpeg","type":"image\/jpeg"}],"twitter_card":"summary_large_image","twitter_misc":{"Dur\u00e9e de lecture estim\u00e9e":"2 minutes"},"schema":{"@context":"https:\/\/schema.org","@graph":[{"@type":"WebPage","@id":"https:\/\/www.uni.lu\/fdef-fr\/events\/la-lutte-contre-les-violences-sexuelles\/","url":"https:\/\/www.uni.lu\/fdef-fr\/events\/la-lutte-contre-les-violences-sexuelles\/","name":"La lutte contre les violences sexuelles - FDEF I Uni.lu","isPartOf":{"@id":"https:\/\/www.uni.lu\/fdef-fr\/#website"},"primaryImageOfPage":{"@id":"https:\/\/www.uni.lu\/fdef-fr\/events\/la-lutte-contre-les-violences-sexuelles\/#primaryimage"},"image":{"@id":"https:\/\/www.uni.lu\/fdef-fr\/events\/la-lutte-contre-les-violences-sexuelles\/#primaryimage"},"thumbnailUrl":"https:\/\/www.uni.lu\/wp-content\/uploads\/sites\/18\/2025\/01\/AdobeStock_910820676-scaled.jpeg","datePublished":"2025-01-29T13:13:27+00:00","dateModified":"2025-02-10T13:56:36+00:00","description":"Cette conf\u00e9rence vise \u00e0 examiner les avanc\u00e9es l\u00e9gislatives introduites par la loi du 7 ao\u00fbt 2023, qui, notamment, int\u00e8gre explicitement un article sur le","breadcrumb":{"@id":"https:\/\/www.uni.lu\/fdef-fr\/events\/la-lutte-contre-les-violences-sexuelles\/#breadcrumb"},"inLanguage":"fr-FR","potentialAction":[{"@type":"ReadAction","target":["https:\/\/www.uni.lu\/fdef-fr\/events\/la-lutte-contre-les-violences-sexuelles\/"]}]},{"@type":"ImageObject","inLanguage":"fr-FR","@id":"https:\/\/www.uni.lu\/fdef-fr\/events\/la-lutte-contre-les-violences-sexuelles\/#primaryimage","url":"https:\/\/www.uni.lu\/wp-content\/uploads\/sites\/18\/2025\/01\/AdobeStock_910820676-scaled.jpeg","contentUrl":"https:\/\/www.uni.lu\/wp-content\/uploads\/sites\/18\/2025\/01\/AdobeStock_910820676-scaled.jpeg","width":2560,"height":861,"caption":"International Day for the Elimination of Violence Against Women. Problems of sexual abuse, harassment, human trafficking, domestic violence rape. International women's day Horizontal banner Copy space"},{"@type":"BreadcrumbList","@id":"https:\/\/www.uni.lu\/fdef-fr\/events\/la-lutte-contre-les-violences-sexuelles\/#breadcrumb","itemListElement":[{"@type":"ListItem","position":1,"name":"Home","item":"https:\/\/www.uni.lu\/fr"},{"@type":"ListItem","position":2,"name":"Facult\u00e9 de Droit, d\u2019\u00c9conomie et de Finance","item":"https:\/\/www.uni.lu\/fdef-fr\/"},{"@type":"ListItem","position":3,"name":"Events","item":"https:\/\/www.uni.lu\/fdef-fr\/events\/"},{"@type":"ListItem","position":4,"name":"La lutte contre les violences sexuelles"}]},{"@type":"WebSite","@id":"https:\/\/www.uni.lu\/fdef-fr\/#website","url":"https:\/\/www.uni.lu\/fdef-fr\/","name":"FDEF","description":"Facult\u00e9 de Droit, d\u2019\u00c9conomie et de Finance I Uni.lu","publisher":{"@id":"https:\/\/www.uni.lu\/fdef-fr\/#organization"},"alternateName":"Facult\u00e9 de Droit, d\u2019\u00c9conomie et de Finance I Universit\u00e9 du Luxembourg","potentialAction":[{"@type":"SearchAction","target":{"@type":"EntryPoint","urlTemplate":"https:\/\/www.uni.lu\/fdef-fr\/?s={search_term_string}"},"query-input":"required name=search_term_string"}],"inLanguage":"fr-FR"},{"@type":"Organization","@id":"https:\/\/www.uni.lu\/fdef-fr\/#organization","name":"FDEF - Universit\u00e9 du Luxembourg I Uni.lu","alternateName":"Facult\u00e9 de Droit, d\u2019\u00c9conomie et de Finance","url":"https:\/\/www.uni.lu\/fdef-fr\/","logo":{"@type":"ImageObject","inLanguage":"fr-FR","@id":"https:\/\/www.uni.lu\/fdef-fr\/#\/schema\/logo\/image\/","url":"https:\/\/www.uni.lu\/wp-content\/uploads\/sites\/18\/2026\/03\/03111953\/FDEF_SM-Profile_1600x1600px-scaled.jpg","contentUrl":"https:\/\/www.uni.lu\/wp-content\/uploads\/sites\/18\/2026\/03\/03111953\/FDEF_SM-Profile_1600x1600px-scaled.jpg","width":2560,"height":2560,"caption":"FDEF - Universit\u00e9 du Luxembourg I Uni.lu"},"image":"https:\/\/www.uni.lu\/wp-content\/uploads\/sites\/18\/2026\/04\/24144332\/20200609-Belval-Campus_Henri-Goergen-23.jpg","sameAs":["https:\/\/www.facebook.com\/uni.FDEF.lu","https:\/\/www.linkedin.com\/showcase\/fdef-uni-lu\/"],"email":"communication@uni.lu","telephone":"+3524666441","address":{"@type":"PostalAddress","streetAddress":"2, place de l\u2019Universit\u00e9","addressLocality":"Esch-sur-Alzette","postalCode":"4365","addressCountry":"LU"},"description":"Facult\u00e9 de Droit, d\u2019\u00c9conomie et de Finance I Uni.lu"}]}},"_links":{"self":[{"href":"https:\/\/www.uni.lu\/fdef-fr\/wp-json\/wp\/v2\/events\/2754"}],"collection":[{"href":"https:\/\/www.uni.lu\/fdef-fr\/wp-json\/wp\/v2\/events"}],"about":[{"href":"https:\/\/www.uni.lu\/fdef-fr\/wp-json\/wp\/v2\/types\/events"}],"author":[{"embeddable":true,"href":"https:\/\/www.uni.lu\/fdef-fr\/wp-json\/wp\/v2\/users\/85"}],"replies":[{"embeddable":true,"href":"https:\/\/www.uni.lu\/fdef-fr\/wp-json\/wp\/v2\/comments?post=2754"}],"version-history":[{"count":4,"href":"https:\/\/www.uni.lu\/fdef-fr\/wp-json\/wp\/v2\/events\/2754\/revisions"}],"predecessor-version":[{"id":2779,"href":"https:\/\/www.uni.lu\/fdef-fr\/wp-json\/wp\/v2\/events\/2754\/revisions\/2779"}],"wp:authorship":[{"embeddable":true,"href":"https:\/\/www.uni.lu\/fdef-fr\/wp-json\/wp\/v2\/users\/85"}],"wp:featuredmedia":[{"embeddable":true,"href":"https:\/\/www.uni.lu\/fdef-fr\/wp-json\/wp\/v2\/media\/2759"}],"wp:attachment":[{"href":"https:\/\/www.uni.lu\/fdef-fr\/wp-json\/wp\/v2\/media?parent=2754"}],"wp:term":[{"taxonomy":"events-topic","embeddable":true,"href":"https:\/\/www.uni.lu\/fdef-fr\/wp-json\/wp\/v2\/events-topic?post=2754"},{"taxonomy":"events-type","embeddable":true,"href":"https:\/\/www.uni.lu\/fdef-fr\/wp-json\/wp\/v2\/events-type?post=2754"},{"taxonomy":"organisation","embeddable":true,"href":"https:\/\/www.uni.lu\/fdef-fr\/wp-json\/wp\/v2\/organisation?post=2754"}],"curies":[{"name":"wp","href":"https:\/\/api.w.org\/{rel}","templated":true}]}}