{"id":2345,"date":"2024-04-15T15:18:59","date_gmt":"2024-04-15T13:18:59","guid":{"rendered":"https:\/\/www.uni.lu\/fdef-fr\/?post_type=events&#038;p=2345"},"modified":"2024-04-17T09:34:53","modified_gmt":"2024-04-17T07:34:53","slug":"the-role-of-debtors-and-creditors-in-the-transposition-of-directive-eu-2019-1023-on-restructuring-and-insolvency","status":"publish","type":"events","link":"https:\/\/www.uni.lu\/fdef-fr\/events\/the-role-of-debtors-and-creditors-in-the-transposition-of-directive-eu-2019-1023-on-restructuring-and-insolvency\/","title":{"rendered":"La place des d\u00e9biteurs et des cr\u00e9anciers dans la transposition de la directive (UE) 2019\/1023 dite restructuration et insolvabilit\u00e9"},"content":{"rendered":"\n<section class=\"wp-block-unilux-blocks-free-section section\"><div class=\"container xl:max-w-screen-xl\">\n<ul class=\"wp-block-unilux-blocks-custom-buttons btn-list\"><li class=\"wp-block-unilux-blocks-custom-button\"    aria-disabled=\"false\"\n    >\n    <a\n        role=\"link\"\n        aria-disabled=\"false\"\n                    href=\"https:\/\/www.eventbrite.fr\/e\/billets-conference-sur-linsolvabilite-la-place-des-debiteurs-et-des-creanciers-871022671257?aff=oddtdtcreator&#038;utm_campaign=post_publish&#038;utm_medium=email&#038;utm_source=eventbrite&#038;utm_content=shortLinkNewEmail\"\n                target=\"_self\"\n        class=\"btn btn--primary\"\n            >R\u00e9servez votre place<\/a>\n<\/li>\n\n\n<li class=\"wp-block-unilux-blocks-custom-button\"    aria-disabled=\"false\"\n    >\n    <a\n        role=\"link\"\n        aria-disabled=\"false\"\n                    href=\"https:\/\/www.uni.lu\/fdef-fr\/calendar?post_type=events&#038;p=2345&#038;calendar\"\n                target=\"_self\"\n        class=\"btn btn--secondary\"\n            >Ajouter au calendrier<\/a>\n<\/li>\n<\/ul>\n\n\n<div class=\"wp-block-unilux-blocks-spacer is-spacer-size-sm\"><\/div>\n\n\n<p><strong>Le D\u00e9partement Droit de l&rsquo;Universit\u00e9 du Luxembourg a le plaisir de vous inviter \u00e0 cette conf\u00e9rence sur l&rsquo;insolvabilit\u00e9.<\/strong><\/p>\n\n\n\n<p><strong>R\u00e9sum\u00e9 :<\/strong><\/p>\n\n\n\n<p>La conf\u00e9rence est consacr\u00e9e \u00e0 la transposition de la Directive (UE) 2019\/1023 dans plusieurs \u00c9tats membres de l\u2019Union<br>europ\u00e9enne, au premier rang desquels la Belgique, la France et le Luxembourg. La conf\u00e9rence est organis\u00e9e sous forme<br>de tables rondes con\u00e7ues pour faciliter les discussions crois\u00e9es entre universitaires et praticiens du droit, en se<br>concentrant sur deux questions \u00e9troitement li\u00e9es : la transposition nationale de la Directive (UE) 2019\/1023 a-t-elle permis<br>d\u2019introduire de nouveaux outils de restructuration pr\u00e9ventive ou, \u00e0 tout le moins, d\u2019am\u00e9liorer les m\u00e9canismes existants<br>dans les \u00c9tats membres \u00e9tudi\u00e9s ? Quelles cons\u00e9quences ces nouvelles r\u00e8gles ou ces r\u00e8gles am\u00e9lior\u00e9es emportent pour<br>les d\u00e9biteurs et les cr\u00e9anciers ?<\/p>\n\n\n<div class=\"wp-block-unilux-blocks-spacer is-spacer-size-sm\"><\/div>\n\n\n<p><strong>Langues :<\/strong> anglais et fran\u00e7ais<\/p>\n\n\n\n<p>Cette conf\u00e9rence est gratuite. L\u2019inscription est obligatoire.<\/p>\n\n\n<div class=\"wp-block-unilux-blocks-spacer is-spacer-size-md\"><\/div>\n\n\n<h3 class=\"has-text-align-left wp-block-unilux-blocks-heading\"        id=\"programme\"\n    >\nProgramme<\/h3>\n\n\n\n<ul class=\"wp-block-unilux-blocks-highlighted-list list-highlighted list-highlighted--architectural\"><li class=\"list-highlighted__item  wp-block-unilux-blocks-highlighted-list-item\">\n    <header class=\"list-highlighted__header wp-block-unilux-blocks-highlighted-list-item-header\">\n    \n<h4 class=\"title text-18 font-bold has-text-align-left wp-block-unilux-blocks-heading\"        id=\"9h45-10h30\"\n    >\n9h45 &#8211; 10h30<\/h4>\n<div class=\"wp-block-unilux-blocks-bigtext\">\n    <span>\n        \n    <\/span>\n<\/div><\/header><div class=\"list-highlighted__body wp-block-unilux-blocks-highlighted-list-item-body\">\n    <div class=\"wp-block-unilux-blocks-highlighted-list-item-free-content-area\">\n    \n<p><strong>Inscription et caf\u00e9 d\u2019accueil<\/strong><\/p>\n<\/div><\/div><\/li>\n\n<li class=\"list-highlighted__item  wp-block-unilux-blocks-highlighted-list-item\">\n    <header class=\"list-highlighted__header wp-block-unilux-blocks-highlighted-list-item-header\">\n    \n<h4 class=\"title text-18 font-bold has-text-align-left wp-block-unilux-blocks-heading\"        id=\"10h30-10h40\"\n    >\n10h30 &#8211; 10h40<\/h4>\n<div class=\"wp-block-unilux-blocks-bigtext\">\n    <span>\n        \n    <\/span>\n<\/div><\/header><div class=\"list-highlighted__body wp-block-unilux-blocks-highlighted-list-item-body\">\n    <div class=\"wp-block-unilux-blocks-highlighted-list-item-free-content-area\">\n    \n<p><strong>Ouverture par la Doyenne de la Facult\u00e9 de Droit, d\u2019\u00c9conomie et de Finance<\/strong><\/p>\n\n<p><a href=\"https:\/\/www.uni.lu\/fdef-en\/people\/katalin-ligeti\/\">Prof. Dr. Katalin Ligeti<\/a>, Universit\u00e9 du Luxembourg<\/p>\n<\/div><\/div><\/li>\n\n<li class=\"list-highlighted__item  wp-block-unilux-blocks-highlighted-list-item\">\n    <header class=\"list-highlighted__header wp-block-unilux-blocks-highlighted-list-item-header\">\n    \n<h4 class=\"title text-18 font-bold has-text-align-left wp-block-unilux-blocks-heading\"        id=\"10h40-11h00\"\n    >\n10h40 &#8211; 11h00<\/h4>\n<div class=\"wp-block-unilux-blocks-bigtext\">\n    <span>\n        \n    <\/span>\n<\/div><\/header><div class=\"list-highlighted__body wp-block-unilux-blocks-highlighted-list-item-body\">\n    <div class=\"wp-block-unilux-blocks-highlighted-list-item-free-content-area\">\n    \n<p><strong>Introduction<\/strong><\/p>\n\n<p>L\u2019harmonisation substantielle du droit de l\u2019insolvabilit\u00e9 au Luxembourg<\/p>\n\n<ul class=\"ulux-list\">\n<li class=\"ulux-list-item\"><a href=\"https:\/\/www.uni.lu\/fdef-en\/people\/thomas-mastrullo\/\">Prof. Thomas Mastrullo<\/a>, Professeur associ\u00e9, Universit\u00e9 du Luxembourg<\/li>\n\n\n\n<li class=\"ulux-list-item\">Ma\u00eetre Paul Mousel<\/li>\n<\/ul>\n<\/div><\/div><\/li>\n\n<li class=\"list-highlighted__item  wp-block-unilux-blocks-highlighted-list-item\">\n    <header class=\"list-highlighted__header wp-block-unilux-blocks-highlighted-list-item-header\">\n    \n<h4 class=\"title text-18 font-bold has-text-align-left wp-block-unilux-blocks-heading\"        id=\"11h00-14h00\"\n    >\n<strong>11h00 &#8211; 14h00<\/strong><\/h4>\n<div class=\"wp-block-unilux-blocks-bigtext\">\n    <span>\n        \n    <\/span>\n<\/div><\/header><div class=\"list-highlighted__body wp-block-unilux-blocks-highlighted-list-item-body\">\n    <div class=\"wp-block-unilux-blocks-highlighted-list-item-free-content-area\">\n    \n<p><strong>1<sup>\u00e8re<\/sup> table ronde \u2013 Perspective g\u00e9n\u00e9rale de la transposition de la Directive (UE) 2019\/1023<\/strong><\/p>\n\n<p>Conf\u00e9renciers :<\/p>\n\n<ul class=\"ulux-list\">\n<li class=\"ulux-list-item\">Prof. Reinhard Bork<\/li>\n\n\n\n<li class=\"ulux-list-item\">Prof. Tibor Tajti<\/li>\n<\/ul>\n<\/div><\/div><\/li>\n\n<li class=\"list-highlighted__item  wp-block-unilux-blocks-highlighted-list-item\">\n    <header class=\"list-highlighted__header wp-block-unilux-blocks-highlighted-list-item-header\">\n    \n<h4 class=\"title text-18 font-bold has-text-align-left wp-block-unilux-blocks-heading\"        id=\"14h00-15h30\"\n    >\n<strong>14h00 &#8211; 15h30<\/strong><\/h4>\n<div class=\"wp-block-unilux-blocks-bigtext\">\n    <span>\n        \n    <\/span>\n<\/div><\/header><div class=\"list-highlighted__body wp-block-unilux-blocks-highlighted-list-item-body\">\n    <div class=\"wp-block-unilux-blocks-highlighted-list-item-free-content-area\">\n    \n<p><strong>2<sup>\u00e8me<\/sup> table ronde \u2013 Proc\u00e9dures de restructuration pr\u00e9ventive : la perspective du d\u00e9biteur<\/strong><\/p>\n\n<p>Conf\u00e9renciers :<\/p>\n\n<ul class=\"ulux-list\">\n<li class=\"ulux-list-item\">Prof. Michel Menjucq<\/li>\n\n\n\n<li class=\"ulux-list-item\">Ma\u00eetre Yves Brulard<\/li>\n\n\n\n<li class=\"ulux-list-item\">Ma\u00eetre Karima Hammouche<\/li>\n<\/ul>\n<\/div><\/div><\/li>\n\n<li class=\"list-highlighted__item  wp-block-unilux-blocks-highlighted-list-item\">\n    <header class=\"list-highlighted__header wp-block-unilux-blocks-highlighted-list-item-header\">\n    \n<h4 class=\"title text-18 font-bold has-text-align-left wp-block-unilux-blocks-heading\"        id=\"15h30-16h45\"\n    >\n<strong>15h30 &#8211; 16h45<\/strong><\/h4>\n<div class=\"wp-block-unilux-blocks-bigtext\">\n    <span>\n        \n    <\/span>\n<\/div><\/header><div class=\"list-highlighted__body wp-block-unilux-blocks-highlighted-list-item-body\">\n    <div class=\"wp-block-unilux-blocks-highlighted-list-item-free-content-area\">\n    \n<p><strong>3<sup>\u00e8me<\/sup> table ronde \u2013 Proc\u00e9dures de restructuration pr\u00e9ventive : la perspective du cr\u00e9ancier<\/strong><\/p>\n\n<p>Conf\u00e9renciers :<\/p>\n\n<ul class=\"ulux-list\">\n<li class=\"ulux-list-item\">Prof. Philippe Rousssel Galle<\/li>\n\n\n\n<li class=\"ulux-list-item\">Prof. C\u00e9dric Alter<\/li>\n\n\n\n<li class=\"ulux-list-item\">Ma\u00eetre Philippe Sylvestre<\/li>\n<\/ul>\n<\/div><\/div><\/li>\n\n<li class=\"list-highlighted__item  wp-block-unilux-blocks-highlighted-list-item\">\n    <header class=\"list-highlighted__header wp-block-unilux-blocks-highlighted-list-item-header\">\n    \n<h4 class=\"title text-18 font-bold has-text-align-left wp-block-unilux-blocks-heading\"        id=\"16h45-17h00\"\n    >\n<strong>16h45 &#8211; 17h00<\/strong><\/h4>\n<div class=\"wp-block-unilux-blocks-bigtext\">\n    <span>\n        \n    <\/span>\n<\/div><\/header><div class=\"list-highlighted__body wp-block-unilux-blocks-highlighted-list-item-body\">\n    <div class=\"wp-block-unilux-blocks-highlighted-list-item-free-content-area\">\n    \n<p><strong>Discours de cl\u00f4ture<\/strong><\/p>\n\n<p>La transposition hors de l\u2019UE : l\u2019exemple du droit ukrainien (pays candidats)<\/p>\n\n<p><a href=\"https:\/\/www.uni.lu\/fdef-en\/people\/oleksiy-kononov\/\">Dr. Oleksiy Kononov<\/a>, Chercheur postdoctorant, Universit\u00e9 du Luxembourg<\/p>\n<\/div><\/div><\/li>\n\n<li class=\"list-highlighted__item  wp-block-unilux-blocks-highlighted-list-item\">\n    <header class=\"list-highlighted__header wp-block-unilux-blocks-highlighted-list-item-header\">\n    \n<h4 class=\"title text-18 font-bold has-text-align-left wp-block-unilux-blocks-heading\"        id=\"17h00\"\n    >\n<strong>17h00<\/strong><\/h4>\n<div class=\"wp-block-unilux-blocks-bigtext\">\n    <span>\n        \n    <\/span>\n<\/div><\/header><div class=\"list-highlighted__body wp-block-unilux-blocks-highlighted-list-item-body\">\n    <div class=\"wp-block-unilux-blocks-highlighted-list-item-free-content-area\">\n    \n<p><strong>Cocktail<\/strong><\/p>\n<\/div><\/div><\/li><\/ul>\n\n\n<div class=\"wp-block-unilux-blocks-spacer is-spacer-size-sm\"><\/div>\n\n\n<div class=\"wp-block-columns is-layout-flex wp-block-columns-is-layout-flex\">\n<div class=\"wp-block-column is-layout-flow wp-block-column-is-layout-flow\"><figure class=\"wp-block-dev4-reusable-blocks-image  object-fit--contain\">\n    \n<img decoding=\"async\" class=\"wp-block-image unilux-custom-image-block\"\n                alt=\"\"\n            src=\"https:\/\/www.uni.lu\/wp-content\/uploads\/sites\/3\/2024\/04\/Logo-MSCA4-Ukraine.png\"\n                    style=\"object-position: 50.00% 50.00%; font-family: &quot;object-fit: contain; object-position: 50.00% 50.00%;&quot;; aspect-ratio: 32\/9; object-fit: contain; width: 100%;\"\n        loading=\"lazy\"\n\/>    <\/figure><\/div>\n\n\n\n<div class=\"wp-block-column is-layout-flow wp-block-column-is-layout-flow\"><\/div>\n<\/div>\n<\/div><\/section>\n","protected":false},"excerpt":{"rendered":"","protected":false},"author":85,"featured_media":2319,"parent":0,"menu_order":0,"comment_status":"open","ping_status":"closed","template":"","format":"standard","meta":{"featured_image_focal_point":[],"show_featured_caption":false,"ulux_newsletter_groups":"","uluxPostTitle":"","uluxPrePostTitle":"","_trash_the_other_posts":false,"_price":"","_stock":"","_tribe_ticket_header":"","_tribe_default_ticket_provider":"","_tribe_ticket_capacity":"0","_ticket_start_date":"","_ticket_end_date":"","_tribe_ticket_show_description":"","_tribe_ticket_show_not_going":false,"_tribe_ticket_use_global_stock":"","_tribe_ticket_global_stock_level":"","_global_stock_mode":"","_global_stock_cap":"","_tribe_rsvp_for_event":"","_tribe_ticket_going_count":"","_tribe_ticket_not_going_count":"","_tribe_tickets_list":"[]","_tribe_ticket_has_attendee_info_fields":false,"event_start_date":"2024-05-30 09:30:00","event_end_date":"2024-05-30 17:00:00","event_speaker_name":"","event_speaker_link":"","event_is_online":false,"event_location":"B\u00e2timent Weicker","event_street":"4, rue Alphonse Weicker","event_location_link":"https:\/\/www.uni.lu\/fr\/a-propos\/campus\/batiment-weicker\/","event_zip_code":"2721","event_city":"Luxembourg","event_country":"Luxembourg"},"events-topic":[305],"events-type":[317,322,323],"organisation":[103,100],"authorship":[85],"acf":[],"yoast_head":"<!-- This site is optimized with the Yoast SEO Premium plugin v22.3 (Yoast SEO v22.3) - https:\/\/yoast.com\/wordpress\/plugins\/seo\/ -->\n<title>La place des d\u00e9biteurs et des cr\u00e9anciers dans la transposition de la directive (UE) 2019\/1023 dite restructuration et insolvabilit\u00e9 - FDEF I Uni.lu<\/title>\n<meta name=\"description\" content=\"Le D\u00e9partement Droit de l&#039;Universit\u00e9 du Luxembourg a le plaisir de vous inviter \u00e0 cette conf\u00e9rence sur l&#039;insolvabilit\u00e9. R\u00e9sum\u00e9 : La conf\u00e9rence est\" \/>\n<meta name=\"robots\" content=\"index, follow, max-snippet:-1, max-image-preview:large, max-video-preview:-1\" \/>\n<link rel=\"canonical\" href=\"https:\/\/www.uni.lu\/fdef-fr\/events\/the-role-of-debtors-and-creditors-in-the-transposition-of-directive-eu-2019-1023-on-restructuring-and-insolvency\/\" \/>\n<meta property=\"og:locale\" content=\"fr_FR\" \/>\n<meta property=\"og:type\" content=\"article\" \/>\n<meta property=\"og:title\" content=\"La place des d\u00e9biteurs et des cr\u00e9anciers dans la transposition de la directive (UE) 2019\/1023 dite restructuration et insolvabilit\u00e9\" \/>\n<meta property=\"og:description\" content=\"Le D\u00e9partement Droit de l&#039;Universit\u00e9 du Luxembourg a le plaisir de vous inviter \u00e0 cette conf\u00e9rence sur l&#039;insolvabilit\u00e9. R\u00e9sum\u00e9 : La conf\u00e9rence est\" \/>\n<meta property=\"og:url\" content=\"https:\/\/www.uni.lu\/fdef-fr\/events\/the-role-of-debtors-and-creditors-in-the-transposition-of-directive-eu-2019-1023-on-restructuring-and-insolvency\/\" \/>\n<meta property=\"og:site_name\" content=\"FDEF FR\" \/>\n<meta property=\"article:publisher\" content=\"https:\/\/www.facebook.com\/uni.FDEF.lu\" \/>\n<meta property=\"article:modified_time\" content=\"2024-04-17T07:34:53+00:00\" \/>\n<meta property=\"og:image\" content=\"https:\/\/www.uni.lu\/wp-content\/uploads\/sites\/18\/2024\/03\/Conference-Departement-Droit.png\" \/>\n\t<meta property=\"og:image:width\" content=\"650\" \/>\n\t<meta property=\"og:image:height\" content=\"665\" \/>\n\t<meta property=\"og:image:type\" content=\"image\/png\" \/>\n<meta name=\"twitter:card\" content=\"summary_large_image\" \/>\n<meta name=\"twitter:label1\" content=\"Dur\u00e9e de lecture estim\u00e9e\" \/>\n\t<meta name=\"twitter:data1\" content=\"2 minutes\" \/>\n<script type=\"application\/ld+json\" class=\"yoast-schema-graph\">{\"@context\":\"https:\/\/schema.org\",\"@graph\":[{\"@type\":\"WebPage\",\"@id\":\"https:\/\/www.uni.lu\/fdef-fr\/events\/the-role-of-debtors-and-creditors-in-the-transposition-of-directive-eu-2019-1023-on-restructuring-and-insolvency\/\",\"url\":\"https:\/\/www.uni.lu\/fdef-fr\/events\/the-role-of-debtors-and-creditors-in-the-transposition-of-directive-eu-2019-1023-on-restructuring-and-insolvency\/\",\"name\":\"La place des d\u00e9biteurs et des cr\u00e9anciers dans la transposition de la directive (UE) 2019\/1023 dite restructuration et insolvabilit\u00e9 - FDEF I Uni.lu\",\"isPartOf\":{\"@id\":\"https:\/\/www.uni.lu\/fdef-fr\/#website\"},\"primaryImageOfPage\":{\"@id\":\"https:\/\/www.uni.lu\/fdef-fr\/events\/the-role-of-debtors-and-creditors-in-the-transposition-of-directive-eu-2019-1023-on-restructuring-and-insolvency\/#primaryimage\"},\"image\":{\"@id\":\"https:\/\/www.uni.lu\/fdef-fr\/events\/the-role-of-debtors-and-creditors-in-the-transposition-of-directive-eu-2019-1023-on-restructuring-and-insolvency\/#primaryimage\"},\"thumbnailUrl\":\"https:\/\/www.uni.lu\/wp-content\/uploads\/sites\/18\/2024\/03\/Conference-Departement-Droit.png\",\"datePublished\":\"2024-04-15T13:18:59+00:00\",\"dateModified\":\"2024-04-17T07:34:53+00:00\",\"description\":\"Le D\u00e9partement Droit de l'Universit\u00e9 du Luxembourg a le plaisir de vous inviter \u00e0 cette conf\u00e9rence sur l'insolvabilit\u00e9. R\u00e9sum\u00e9 : La conf\u00e9rence est\",\"breadcrumb\":{\"@id\":\"https:\/\/www.uni.lu\/fdef-fr\/events\/the-role-of-debtors-and-creditors-in-the-transposition-of-directive-eu-2019-1023-on-restructuring-and-insolvency\/#breadcrumb\"},\"inLanguage\":\"fr-FR\",\"potentialAction\":[{\"@type\":\"ReadAction\",\"target\":[\"https:\/\/www.uni.lu\/fdef-fr\/events\/the-role-of-debtors-and-creditors-in-the-transposition-of-directive-eu-2019-1023-on-restructuring-and-insolvency\/\"]}]},{\"@type\":\"ImageObject\",\"inLanguage\":\"fr-FR\",\"@id\":\"https:\/\/www.uni.lu\/fdef-fr\/events\/the-role-of-debtors-and-creditors-in-the-transposition-of-directive-eu-2019-1023-on-restructuring-and-insolvency\/#primaryimage\",\"url\":\"https:\/\/www.uni.lu\/wp-content\/uploads\/sites\/18\/2024\/03\/Conference-Departement-Droit.png\",\"contentUrl\":\"https:\/\/www.uni.lu\/wp-content\/uploads\/sites\/18\/2024\/03\/Conference-Departement-Droit.png\",\"width\":650,\"height\":665},{\"@type\":\"BreadcrumbList\",\"@id\":\"https:\/\/www.uni.lu\/fdef-fr\/events\/the-role-of-debtors-and-creditors-in-the-transposition-of-directive-eu-2019-1023-on-restructuring-and-insolvency\/#breadcrumb\",\"itemListElement\":[{\"@type\":\"ListItem\",\"position\":1,\"name\":\"Home\",\"item\":\"https:\/\/www.uni.lu\/fr\"},{\"@type\":\"ListItem\",\"position\":2,\"name\":\"Facult\u00e9 de Droit, d\u2019\u00c9conomie et de Finance\",\"item\":\"https:\/\/www.uni.lu\/fdef-fr\/\"},{\"@type\":\"ListItem\",\"position\":3,\"name\":\"Events\",\"item\":\"https:\/\/www.uni.lu\/fdef-fr\/events\/\"},{\"@type\":\"ListItem\",\"position\":4,\"name\":\"La place des d\u00e9biteurs et des cr\u00e9anciers dans la transposition de la directive (UE) 2019\/1023 dite restructuration et insolvabilit\u00e9\"}]},{\"@type\":\"WebSite\",\"@id\":\"https:\/\/www.uni.lu\/fdef-fr\/#website\",\"url\":\"https:\/\/www.uni.lu\/fdef-fr\/\",\"name\":\"FDEF\",\"description\":\"Facult\u00e9 de Droit, d\u2019\u00c9conomie et de Finance I Uni.lu\",\"publisher\":{\"@id\":\"https:\/\/www.uni.lu\/fdef-fr\/#organization\"},\"alternateName\":\"Facult\u00e9 de Droit, d\u2019\u00c9conomie et de Finance I Universit\u00e9 du Luxembourg\",\"potentialAction\":[{\"@type\":\"SearchAction\",\"target\":{\"@type\":\"EntryPoint\",\"urlTemplate\":\"https:\/\/www.uni.lu\/fdef-fr\/?s={search_term_string}\"},\"query-input\":\"required name=search_term_string\"}],\"inLanguage\":\"fr-FR\"},{\"@type\":\"Organization\",\"@id\":\"https:\/\/www.uni.lu\/fdef-fr\/#organization\",\"name\":\"FDEF - Universit\u00e9 du Luxembourg I Uni.lu\",\"alternateName\":\"Facult\u00e9 de Droit, d\u2019\u00c9conomie et de Finance\",\"url\":\"https:\/\/www.uni.lu\/fdef-fr\/\",\"logo\":{\"@type\":\"ImageObject\",\"inLanguage\":\"fr-FR\",\"@id\":\"https:\/\/www.uni.lu\/fdef-fr\/#\/schema\/logo\/image\/\",\"url\":\"https:\/\/www.uni.lu\/wp-content\/uploads\/sites\/18\/2026\/03\/03111953\/FDEF_SM-Profile_1600x1600px-scaled.jpg\",\"contentUrl\":\"https:\/\/www.uni.lu\/wp-content\/uploads\/sites\/18\/2026\/03\/03111953\/FDEF_SM-Profile_1600x1600px-scaled.jpg\",\"width\":2560,\"height\":2560,\"caption\":\"FDEF - Universit\u00e9 du Luxembourg I Uni.lu\"},\"image\":\"https:\/\/www.uni.lu\/wp-content\/uploads\/sites\/18\/2026\/04\/24144332\/20200609-Belval-Campus_Henri-Goergen-23.jpg\",\"sameAs\":[\"https:\/\/www.facebook.com\/uni.FDEF.lu\",\"https:\/\/www.linkedin.com\/showcase\/fdef-uni-lu\/\"],\"email\":\"communication@uni.lu\",\"telephone\":\"+3524666441\",\"address\":{\"@type\":\"PostalAddress\",\"streetAddress\":\"2, place de l\u2019Universit\u00e9\",\"addressLocality\":\"Esch-sur-Alzette\",\"postalCode\":\"4365\",\"addressCountry\":\"LU\"},\"description\":\"Facult\u00e9 de Droit, d\u2019\u00c9conomie et de Finance I Uni.lu\"}]}<\/script>\n<!-- \/ Yoast SEO Premium plugin. -->","yoast_head_json":{"title":"La place des d\u00e9biteurs et des cr\u00e9anciers dans la transposition de la directive (UE) 2019\/1023 dite restructuration et insolvabilit\u00e9 - FDEF I Uni.lu","description":"Le D\u00e9partement Droit de l'Universit\u00e9 du Luxembourg a le plaisir de vous inviter \u00e0 cette conf\u00e9rence sur l'insolvabilit\u00e9. R\u00e9sum\u00e9 : La conf\u00e9rence est","robots":{"index":"index","follow":"follow","max-snippet":"max-snippet:-1","max-image-preview":"max-image-preview:large","max-video-preview":"max-video-preview:-1"},"canonical":"https:\/\/www.uni.lu\/fdef-fr\/events\/the-role-of-debtors-and-creditors-in-the-transposition-of-directive-eu-2019-1023-on-restructuring-and-insolvency\/","og_locale":"fr_FR","og_type":"article","og_title":"La place des d\u00e9biteurs et des cr\u00e9anciers dans la transposition de la directive (UE) 2019\/1023 dite restructuration et insolvabilit\u00e9","og_description":"Le D\u00e9partement Droit de l'Universit\u00e9 du Luxembourg a le plaisir de vous inviter \u00e0 cette conf\u00e9rence sur l'insolvabilit\u00e9. R\u00e9sum\u00e9 : La conf\u00e9rence est","og_url":"https:\/\/www.uni.lu\/fdef-fr\/events\/the-role-of-debtors-and-creditors-in-the-transposition-of-directive-eu-2019-1023-on-restructuring-and-insolvency\/","og_site_name":"FDEF FR","article_publisher":"https:\/\/www.facebook.com\/uni.FDEF.lu","article_modified_time":"2024-04-17T07:34:53+00:00","og_image":[{"width":650,"height":665,"url":"https:\/\/www.uni.lu\/wp-content\/uploads\/sites\/18\/2024\/03\/Conference-Departement-Droit.png","type":"image\/png"}],"twitter_card":"summary_large_image","twitter_misc":{"Dur\u00e9e de lecture estim\u00e9e":"2 minutes"},"schema":{"@context":"https:\/\/schema.org","@graph":[{"@type":"WebPage","@id":"https:\/\/www.uni.lu\/fdef-fr\/events\/the-role-of-debtors-and-creditors-in-the-transposition-of-directive-eu-2019-1023-on-restructuring-and-insolvency\/","url":"https:\/\/www.uni.lu\/fdef-fr\/events\/the-role-of-debtors-and-creditors-in-the-transposition-of-directive-eu-2019-1023-on-restructuring-and-insolvency\/","name":"La place des d\u00e9biteurs et des cr\u00e9anciers dans la transposition de la directive (UE) 2019\/1023 dite restructuration et insolvabilit\u00e9 - FDEF I Uni.lu","isPartOf":{"@id":"https:\/\/www.uni.lu\/fdef-fr\/#website"},"primaryImageOfPage":{"@id":"https:\/\/www.uni.lu\/fdef-fr\/events\/the-role-of-debtors-and-creditors-in-the-transposition-of-directive-eu-2019-1023-on-restructuring-and-insolvency\/#primaryimage"},"image":{"@id":"https:\/\/www.uni.lu\/fdef-fr\/events\/the-role-of-debtors-and-creditors-in-the-transposition-of-directive-eu-2019-1023-on-restructuring-and-insolvency\/#primaryimage"},"thumbnailUrl":"https:\/\/www.uni.lu\/wp-content\/uploads\/sites\/18\/2024\/03\/Conference-Departement-Droit.png","datePublished":"2024-04-15T13:18:59+00:00","dateModified":"2024-04-17T07:34:53+00:00","description":"Le D\u00e9partement Droit de l'Universit\u00e9 du Luxembourg a le plaisir de vous inviter \u00e0 cette conf\u00e9rence sur l'insolvabilit\u00e9. R\u00e9sum\u00e9 : La conf\u00e9rence est","breadcrumb":{"@id":"https:\/\/www.uni.lu\/fdef-fr\/events\/the-role-of-debtors-and-creditors-in-the-transposition-of-directive-eu-2019-1023-on-restructuring-and-insolvency\/#breadcrumb"},"inLanguage":"fr-FR","potentialAction":[{"@type":"ReadAction","target":["https:\/\/www.uni.lu\/fdef-fr\/events\/the-role-of-debtors-and-creditors-in-the-transposition-of-directive-eu-2019-1023-on-restructuring-and-insolvency\/"]}]},{"@type":"ImageObject","inLanguage":"fr-FR","@id":"https:\/\/www.uni.lu\/fdef-fr\/events\/the-role-of-debtors-and-creditors-in-the-transposition-of-directive-eu-2019-1023-on-restructuring-and-insolvency\/#primaryimage","url":"https:\/\/www.uni.lu\/wp-content\/uploads\/sites\/18\/2024\/03\/Conference-Departement-Droit.png","contentUrl":"https:\/\/www.uni.lu\/wp-content\/uploads\/sites\/18\/2024\/03\/Conference-Departement-Droit.png","width":650,"height":665},{"@type":"BreadcrumbList","@id":"https:\/\/www.uni.lu\/fdef-fr\/events\/the-role-of-debtors-and-creditors-in-the-transposition-of-directive-eu-2019-1023-on-restructuring-and-insolvency\/#breadcrumb","itemListElement":[{"@type":"ListItem","position":1,"name":"Home","item":"https:\/\/www.uni.lu\/fr"},{"@type":"ListItem","position":2,"name":"Facult\u00e9 de Droit, d\u2019\u00c9conomie et de Finance","item":"https:\/\/www.uni.lu\/fdef-fr\/"},{"@type":"ListItem","position":3,"name":"Events","item":"https:\/\/www.uni.lu\/fdef-fr\/events\/"},{"@type":"ListItem","position":4,"name":"La place des d\u00e9biteurs et des cr\u00e9anciers dans la transposition de la directive (UE) 2019\/1023 dite restructuration et insolvabilit\u00e9"}]},{"@type":"WebSite","@id":"https:\/\/www.uni.lu\/fdef-fr\/#website","url":"https:\/\/www.uni.lu\/fdef-fr\/","name":"FDEF","description":"Facult\u00e9 de Droit, d\u2019\u00c9conomie et de Finance I Uni.lu","publisher":{"@id":"https:\/\/www.uni.lu\/fdef-fr\/#organization"},"alternateName":"Facult\u00e9 de Droit, d\u2019\u00c9conomie et de Finance I Universit\u00e9 du Luxembourg","potentialAction":[{"@type":"SearchAction","target":{"@type":"EntryPoint","urlTemplate":"https:\/\/www.uni.lu\/fdef-fr\/?s={search_term_string}"},"query-input":"required name=search_term_string"}],"inLanguage":"fr-FR"},{"@type":"Organization","@id":"https:\/\/www.uni.lu\/fdef-fr\/#organization","name":"FDEF - Universit\u00e9 du Luxembourg I Uni.lu","alternateName":"Facult\u00e9 de Droit, d\u2019\u00c9conomie et de Finance","url":"https:\/\/www.uni.lu\/fdef-fr\/","logo":{"@type":"ImageObject","inLanguage":"fr-FR","@id":"https:\/\/www.uni.lu\/fdef-fr\/#\/schema\/logo\/image\/","url":"https:\/\/www.uni.lu\/wp-content\/uploads\/sites\/18\/2026\/03\/03111953\/FDEF_SM-Profile_1600x1600px-scaled.jpg","contentUrl":"https:\/\/www.uni.lu\/wp-content\/uploads\/sites\/18\/2026\/03\/03111953\/FDEF_SM-Profile_1600x1600px-scaled.jpg","width":2560,"height":2560,"caption":"FDEF - Universit\u00e9 du Luxembourg I Uni.lu"},"image":"https:\/\/www.uni.lu\/wp-content\/uploads\/sites\/18\/2026\/04\/24144332\/20200609-Belval-Campus_Henri-Goergen-23.jpg","sameAs":["https:\/\/www.facebook.com\/uni.FDEF.lu","https:\/\/www.linkedin.com\/showcase\/fdef-uni-lu\/"],"email":"communication@uni.lu","telephone":"+3524666441","address":{"@type":"PostalAddress","streetAddress":"2, place de l\u2019Universit\u00e9","addressLocality":"Esch-sur-Alzette","postalCode":"4365","addressCountry":"LU"},"description":"Facult\u00e9 de Droit, d\u2019\u00c9conomie et de Finance I Uni.lu"}]}},"_links":{"self":[{"href":"https:\/\/www.uni.lu\/fdef-fr\/wp-json\/wp\/v2\/events\/2345"}],"collection":[{"href":"https:\/\/www.uni.lu\/fdef-fr\/wp-json\/wp\/v2\/events"}],"about":[{"href":"https:\/\/www.uni.lu\/fdef-fr\/wp-json\/wp\/v2\/types\/events"}],"author":[{"embeddable":true,"href":"https:\/\/www.uni.lu\/fdef-fr\/wp-json\/wp\/v2\/users\/85"}],"replies":[{"embeddable":true,"href":"https:\/\/www.uni.lu\/fdef-fr\/wp-json\/wp\/v2\/comments?post=2345"}],"version-history":[{"count":2,"href":"https:\/\/www.uni.lu\/fdef-fr\/wp-json\/wp\/v2\/events\/2345\/revisions"}],"predecessor-version":[{"id":2347,"href":"https:\/\/www.uni.lu\/fdef-fr\/wp-json\/wp\/v2\/events\/2345\/revisions\/2347"}],"wp:authorship":[{"embeddable":true,"href":"https:\/\/www.uni.lu\/fdef-fr\/wp-json\/wp\/v2\/users\/85"}],"wp:featuredmedia":[{"embeddable":true,"href":"https:\/\/www.uni.lu\/fdef-fr\/wp-json\/wp\/v2\/media\/2319"}],"wp:attachment":[{"href":"https:\/\/www.uni.lu\/fdef-fr\/wp-json\/wp\/v2\/media?parent=2345"}],"wp:term":[{"taxonomy":"events-topic","embeddable":true,"href":"https:\/\/www.uni.lu\/fdef-fr\/wp-json\/wp\/v2\/events-topic?post=2345"},{"taxonomy":"events-type","embeddable":true,"href":"https:\/\/www.uni.lu\/fdef-fr\/wp-json\/wp\/v2\/events-type?post=2345"},{"taxonomy":"organisation","embeddable":true,"href":"https:\/\/www.uni.lu\/fdef-fr\/wp-json\/wp\/v2\/organisation?post=2345"}],"curies":[{"name":"wp","href":"https:\/\/api.w.org\/{rel}","templated":true}]}}