{"id":2254,"date":"2024-03-04T16:50:23","date_gmt":"2024-03-04T15:50:23","guid":{"rendered":"https:\/\/www.uni.lu\/fdef-fr\/?post_type=events&#038;p=2254"},"modified":"2024-03-06T14:14:52","modified_gmt":"2024-03-06T13:14:52","slug":"xve-seminaire-franco-japonais-de-droit-public","status":"publish","type":"events","link":"https:\/\/www.uni.lu\/fdef-fr\/events\/xve-seminaire-franco-japonais-de-droit-public\/","title":{"rendered":"XVe S\u00e9minaire franco-japonais de droit public"},"content":{"rendered":"\n<section class=\"wp-block-unilux-blocks-free-section section\"><div class=\"container xl:max-w-screen-xl\">\n<ul class=\"wp-block-unilux-blocks-custom-buttons btn-list\"><li class=\"wp-block-unilux-blocks-custom-button\"    aria-disabled=\"false\"\n    >\n    <a\n        role=\"link\"\n        aria-disabled=\"false\"\n                    href=\"https:\/\/www.eventbrite.fr\/e\/xve-seminaire-franco-japonais-de-droit-public-tickets-858074151887?aff=oddtdtcreator&#038;utm_campaign=post_publish&#038;utm_medium=email&#038;utm_source=eventbrite&#038;utm_content=shortLinkNewEmail\"\n                target=\"_blank\"\n        class=\"btn btn--primary\"\n            >R\u00e9servez votre place<\/a>\n<\/li>\n\n\n<li class=\"wp-block-unilux-blocks-custom-button\"    aria-disabled=\"false\"\n    >\n    <a\n        role=\"link\"\n        aria-disabled=\"false\"\n                    href=\"https:\/\/www.uni.lu\/fdef-fr\/calendar?post_type=events&#038;p=2254&#038;calendar\"\n                target=\"_self\"\n        class=\"btn btn--secondary\"\n            >Ajouter au calendrier<\/a>\n<\/li>\n<\/ul>\n\n\n<div class=\"wp-block-unilux-blocks-spacer is-spacer-size-sm\"><\/div>\n\n\n<p><strong>La facult\u00e9 de droit a le plaisir de pr\u00e9senter le s\u00e9minaire franco-japonais de droit public.<\/strong><\/p>\n\n\n\n<p><strong>R\u00e9sum\u00e9 : <\/strong><\/p>\n\n\n\n<p>Depuis sa premi\u00e8re rencontre en 1997 \u00e0 Strasbourg, le Groupe franco-japonais de droit public se donne pour objectif d\u2019entretenir des \u00e9changes scientifiques en droit public entre chercheurs\/chercheuses, confirm\u00e9(e)s ou jeunes, provenant du Japon et de la France voire, plus largement, de pays francophones. Il se r\u00e9unit, en s\u00e9minaire, tous les deux ans tant\u00f4t au Japon, tant\u00f4t en France. <\/p>\n\n\n\n<p>Lors de ce XV<sup>e<\/sup>&nbsp;s\u00e9minaire, organis\u00e9 \u00e0 l\u2019Universit\u00e9 du Luxembourg par Luc Heuschling en coop\u00e9ration avec des coll\u00e8gues japonais et fran\u00e7ais, seront discut\u00e9s les th\u00e8mes suivants&nbsp;: <\/p>\n\n\n\n<ul class=\"ulux-list\">\n<li class=\"ulux-list-item\">Monarchie<\/li>\n\n\n\n<li class=\"ulux-list-item\">Etat de droit<\/li>\n\n\n\n<li class=\"ulux-list-item\">Parlement<\/li>\n\n\n\n<li class=\"ulux-list-item\">Guerre<\/li>\n\n\n\n<li class=\"ulux-list-item\">Genres<\/li>\n<\/ul>\n\n\n<div class=\"wp-block-unilux-blocks-spacer is-spacer-size-sm\"><\/div>\n\n\n<p><strong>Langue :<\/strong>&nbsp;fran\u00e7ais<\/p>\n\n\n\n<p>Cette conf\u00e9rence est gratuite. L\u2019inscription est obligatoire.<\/p>\n\n\n<div class=\"wp-block-unilux-blocks-spacer is-spacer-size-sm\"><\/div>\n\n\n<p><strong>Lieux :<\/strong><\/p>\n\n\n\n<ul class=\"ulux-list\">\n<li class=\"ulux-list-item\">mardi 12 mars : Campus Belval<\/li>\n\n\n\n<li class=\"ulux-list-item\">mercredi 13 mars : Campus Weicker<\/li>\n\n\n\n<li class=\"ulux-list-item\">jeudi 14 mars : Campus Weicker<\/li>\n<\/ul>\n\n\n<div class=\"wp-block-unilux-blocks-spacer is-spacer-size-sm\"><\/div>\n\n\n<p>D\u00e9couvrez le programme&nbsp;<a href=\"https:\/\/www.uni.lu\/wp-content\/uploads\/sites\/3\/2024\/03\/12-03-2024-_-PROG_XVe-seminaire-franco-japonais-de-droit-public_v1.pdf\" target=\"_blank\" rel=\"noreferrer noopener\">ici<\/a>.<\/p>\n\n\n<div class=\"wp-block-unilux-blocks-spacer is-spacer-size-sm\"><\/div>\n\n\n<h3 class=\"has-text-align-left wp-block-unilux-blocks-heading\"        id=\"partenaires\"\n    >\nPartenaires<\/h3>\n\n\n\n<div class=\"wp-block-columns are-vertically-aligned-center is-layout-flex wp-block-columns-is-layout-flex\">\n<div class=\"wp-block-column is-vertically-aligned-center is-layout-flow wp-block-column-is-layout-flow\"><figure class=\"wp-block-dev4-reusable-blocks-image  object-fit--contain\">\n    \n<img decoding=\"async\" class=\"wp-block-image unilux-custom-image-block\"\n                alt=\"\"\n            src=\"https:\/\/www.uni.lu\/wp-content\/uploads\/sites\/18\/2024\/03\/Logo-Chaire-de-recherche-en-etudes-parlementaires.png\"\n                    style=\"object-position: 50.00% 50.00%; font-family: &quot;object-fit: contain; object-position: 50.00% 50.00%;&quot;; aspect-ratio: 16\/9; object-fit: contain; width: 100%;\"\n        loading=\"lazy\"\n\/>    <\/figure><\/div>\n\n\n\n<div class=\"wp-block-column is-vertically-aligned-center is-layout-flow wp-block-column-is-layout-flow\"><figure class=\"wp-block-dev4-reusable-blocks-image  object-fit--contain\">\n    \n<img decoding=\"async\" class=\"wp-block-image unilux-custom-image-block\"\n                alt=\"\"\n            src=\"https:\/\/www.uni.lu\/wp-content\/uploads\/sites\/18\/2024\/03\/Logo-CHD_LOGO_POSITIF_RVB.jpg\"\n                srcset=\"https:\/\/www.uni.lu\/wp-content\/uploads\/sites\/18\/2024\/03\/Logo-CHD_LOGO_POSITIF_RVB-300x170.jpg 300w, https:\/\/www.uni.lu\/wp-content\/uploads\/sites\/18\/2024\/03\/Logo-CHD_LOGO_POSITIF_RVB-1024x580.jpg 1024w, https:\/\/www.uni.lu\/wp-content\/uploads\/sites\/18\/2024\/03\/Logo-CHD_LOGO_POSITIF_RVB-768x435.jpg 768w, https:\/\/www.uni.lu\/wp-content\/uploads\/sites\/18\/2024\/03\/Logo-CHD_LOGO_POSITIF_RVB-1536x870.jpg 1536w, https:\/\/www.uni.lu\/wp-content\/uploads\/sites\/18\/2024\/03\/Logo-CHD_LOGO_POSITIF_RVB-2048x1160.jpg 2048w\"\n                style=\"object-position: 50.00% 50.00%; font-family: &quot;object-fit: contain; object-position: 50.00% 50.00%;&quot;; aspect-ratio: 16\/9; object-fit: contain; width: 100%;\"\n        loading=\"lazy\"\n\/>    <\/figure><\/div>\n\n\n\n<div class=\"wp-block-column is-vertically-aligned-center is-layout-flow wp-block-column-is-layout-flow\"><figure class=\"wp-block-dev4-reusable-blocks-image  object-fit--contain\">\n    \n<img decoding=\"async\" class=\"wp-block-image unilux-custom-image-block\"\n                alt=\"\"\n            src=\"https:\/\/www.uni.lu\/wp-content\/uploads\/sites\/18\/2024\/03\/Logo-Meiji-University.png\"\n                    style=\"object-position: 50.00% 50.00%; font-family: &quot;object-fit: contain; object-position: 50.00% 50.00%;&quot;; aspect-ratio: 16\/9; object-fit: contain; width: 100%;\"\n        loading=\"lazy\"\n\/>    <\/figure><\/div>\n<\/div>\n\n\n\n<div class=\"wp-block-columns are-vertically-aligned-center is-layout-flex wp-block-columns-is-layout-flex\">\n<div class=\"wp-block-column is-vertically-aligned-center is-layout-flow wp-block-column-is-layout-flow\"><figure class=\"wp-block-dev4-reusable-blocks-image  object-fit--contain\">\n    \n<img decoding=\"async\" class=\"wp-block-image unilux-custom-image-block\"\n                alt=\"\"\n            src=\"https:\/\/www.uni.lu\/wp-content\/uploads\/sites\/18\/2024\/03\/Nouveau-logo-APF.jpg\"\n                srcset=\"https:\/\/www.uni.lu\/wp-content\/uploads\/sites\/18\/2024\/03\/Nouveau-logo-APF-300x207.jpg 300w, https:\/\/www.uni.lu\/wp-content\/uploads\/sites\/18\/2024\/03\/Nouveau-logo-APF.jpg 740w\"\n                style=\"object-position: 50.00% 50.00%; font-family: &quot;object-fit: contain; object-position: 50.00% 50.00%;&quot;; aspect-ratio: 16\/9; object-fit: contain; width: 100%;\"\n        loading=\"lazy\"\n\/>    <\/figure><\/div>\n\n\n\n<div class=\"wp-block-column is-vertically-aligned-center is-layout-flow wp-block-column-is-layout-flow\"><\/div>\n\n\n\n<div class=\"wp-block-column is-vertically-aligned-center is-layout-flow wp-block-column-is-layout-flow\"><figure class=\"wp-block-dev4-reusable-blocks-image  object-fit--contain\">\n    \n<img decoding=\"async\" class=\"wp-block-image unilux-custom-image-block\"\n                alt=\"\"\n            src=\"https:\/\/www.uni.lu\/wp-content\/uploads\/sites\/18\/2024\/03\/Logo-Kakenhi.jpg\"\n                    style=\"object-position: 50.00% 50.00%; font-family: &quot;object-fit: contain; object-position: 50.00% 50.00%;&quot;; aspect-ratio: 16\/9; object-fit: contain; width: 100%;\"\n        loading=\"lazy\"\n\/>    <\/figure><\/div>\n<\/div>\n\n\n\n<div class=\"wp-block-columns are-vertically-aligned-center is-layout-flex wp-block-columns-is-layout-flex\">\n<div class=\"wp-block-column is-vertically-aligned-center is-layout-flow wp-block-column-is-layout-flow\"><figure class=\"wp-block-dev4-reusable-blocks-image  object-fit--contain\">\n    \n<img decoding=\"async\" class=\"wp-block-image unilux-custom-image-block\"\n                alt=\"\"\n            src=\"https:\/\/www.uni.lu\/wp-content\/uploads\/sites\/18\/2024\/03\/Logo-universite-de-Paris-Nanterre.jpg\"\n                srcset=\"https:\/\/www.uni.lu\/wp-content\/uploads\/sites\/18\/2024\/03\/Logo-universite-de-Paris-Nanterre-300x64.jpg 300w, https:\/\/www.uni.lu\/wp-content\/uploads\/sites\/18\/2024\/03\/Logo-universite-de-Paris-Nanterre.jpg 535w\"\n                style=\"object-position: 50.00% 50.00%; font-family: &quot;object-fit: contain; object-position: 50.00% 50.00%;&quot;; aspect-ratio: 16\/9; object-fit: contain; width: 100%;\"\n        loading=\"lazy\"\n\/>    <\/figure><\/div>\n\n\n\n<div class=\"wp-block-column is-vertically-aligned-center is-layout-flow wp-block-column-is-layout-flow\"><figure class=\"wp-block-dev4-reusable-blocks-image  object-fit--contain\">\n    \n<img decoding=\"async\" class=\"wp-block-image unilux-custom-image-block\"\n                alt=\"\"\n            src=\"https:\/\/www.uni.lu\/wp-content\/uploads\/sites\/18\/2024\/03\/Logo-universite-Paris-Saclay.jpg\"\n                    style=\"object-position: 50.00% 50.00%; font-family: &quot;object-fit: contain; object-position: 50.00% 50.00%;&quot;; aspect-ratio: 16\/9; object-fit: contain; width: 100%;\"\n        loading=\"lazy\"\n\/>    <\/figure><\/div>\n\n\n\n<div class=\"wp-block-column is-vertically-aligned-center is-layout-flow wp-block-column-is-layout-flow\"><figure class=\"wp-block-dev4-reusable-blocks-image  object-fit--contain\">\n    \n<img decoding=\"async\" class=\"wp-block-image unilux-custom-image-block\"\n                alt=\"\"\n            src=\"https:\/\/www.uni.lu\/wp-content\/uploads\/sites\/18\/2024\/03\/Logo-universite-de-Lille.jpg\"\n                srcset=\"https:\/\/www.uni.lu\/wp-content\/uploads\/sites\/18\/2024\/03\/Logo-universite-de-Lille-300x145.jpg 300w, https:\/\/www.uni.lu\/wp-content\/uploads\/sites\/18\/2024\/03\/Logo-universite-de-Lille.jpg 425w\"\n                style=\"object-position: 50.00% 50.00%; font-family: &quot;object-fit: contain; object-position: 50.00% 50.00%;&quot;; aspect-ratio: 16\/9; object-fit: contain; width: 100%;\"\n        loading=\"lazy\"\n\/>    <\/figure><\/div>\n<\/div>\n<\/div><\/section>\n","protected":false},"excerpt":{"rendered":"","protected":false},"author":85,"featured_media":2188,"parent":0,"menu_order":0,"comment_status":"open","ping_status":"closed","template":"","format":"standard","meta":{"featured_image_focal_point":[],"show_featured_caption":false,"ulux_newsletter_groups":"","uluxPostTitle":"","uluxPrePostTitle":"","_trash_the_other_posts":false,"_price":"","_stock":"","_tribe_ticket_header":"","_tribe_default_ticket_provider":"","_tribe_ticket_capacity":"0","_ticket_start_date":"","_ticket_end_date":"","_tribe_ticket_show_description":"","_tribe_ticket_show_not_going":false,"_tribe_ticket_use_global_stock":"","_tribe_ticket_global_stock_level":"","_global_stock_mode":"","_global_stock_cap":"","_tribe_rsvp_for_event":"","_tribe_ticket_going_count":"","_tribe_ticket_not_going_count":"","_tribe_tickets_list":"[]","_tribe_ticket_has_attendee_info_fields":false,"event_start_date":"2024-03-12 14:00:00","event_end_date":"2024-03-14 17:00:00","event_speaker_name":"","event_speaker_link":"","event_is_online":false,"event_location":"Campus Belval & Campus Weicker","event_street":".","event_location_link":"","event_zip_code":".","event_city":".","event_country":"."},"events-topic":[305],"events-type":[315,322,323],"organisation":[103,100],"authorship":[85],"acf":[],"yoast_head":"<!-- This site is optimized with the Yoast SEO Premium plugin v22.3 (Yoast SEO v22.3) - https:\/\/yoast.com\/wordpress\/plugins\/seo\/ -->\n<title>XVe S\u00e9minaire franco-japonais de droit public - FDEF I Uni.lu<\/title>\n<meta name=\"description\" content=\"La facult\u00e9 de droit a le plaisir de pr\u00e9senter le s\u00e9minaire franco-japonais de droit public. R\u00e9sum\u00e9 : Depuis sa premi\u00e8re rencontre en 1997 \u00e0 Strasbourg, le\" \/>\n<meta name=\"robots\" content=\"index, follow, max-snippet:-1, max-image-preview:large, max-video-preview:-1\" \/>\n<link rel=\"canonical\" href=\"https:\/\/www.uni.lu\/fdef-fr\/events\/xve-seminaire-franco-japonais-de-droit-public\/\" \/>\n<meta property=\"og:locale\" content=\"fr_FR\" \/>\n<meta property=\"og:type\" content=\"article\" \/>\n<meta property=\"og:title\" content=\"XVe S\u00e9minaire franco-japonais de droit public\" \/>\n<meta property=\"og:description\" content=\"La facult\u00e9 de droit a le plaisir de pr\u00e9senter le s\u00e9minaire franco-japonais de droit public. R\u00e9sum\u00e9 : Depuis sa premi\u00e8re rencontre en 1997 \u00e0 Strasbourg, le\" \/>\n<meta property=\"og:url\" content=\"https:\/\/www.uni.lu\/fdef-fr\/events\/xve-seminaire-franco-japonais-de-droit-public\/\" \/>\n<meta property=\"og:site_name\" content=\"FDEF FR\" \/>\n<meta property=\"article:publisher\" content=\"https:\/\/www.facebook.com\/uni.FDEF.lu\" \/>\n<meta property=\"article:modified_time\" content=\"2024-03-06T13:14:52+00:00\" \/>\n<meta property=\"og:image\" content=\"https:\/\/www.uni.lu\/wp-content\/uploads\/sites\/18\/2024\/02\/thumbnails-news-events-5.png\" \/>\n\t<meta property=\"og:image:width\" content=\"1000\" \/>\n\t<meta property=\"og:image:height\" content=\"665\" \/>\n\t<meta property=\"og:image:type\" content=\"image\/png\" \/>\n<meta name=\"twitter:card\" content=\"summary_large_image\" \/>\n<meta name=\"twitter:label1\" content=\"Dur\u00e9e de lecture estim\u00e9e\" \/>\n\t<meta name=\"twitter:data1\" content=\"1 minute\" \/>\n<script type=\"application\/ld+json\" class=\"yoast-schema-graph\">{\"@context\":\"https:\/\/schema.org\",\"@graph\":[{\"@type\":\"WebPage\",\"@id\":\"https:\/\/www.uni.lu\/fdef-fr\/events\/xve-seminaire-franco-japonais-de-droit-public\/\",\"url\":\"https:\/\/www.uni.lu\/fdef-fr\/events\/xve-seminaire-franco-japonais-de-droit-public\/\",\"name\":\"XVe S\u00e9minaire franco-japonais de droit public - FDEF I Uni.lu\",\"isPartOf\":{\"@id\":\"https:\/\/www.uni.lu\/fdef-fr\/#website\"},\"primaryImageOfPage\":{\"@id\":\"https:\/\/www.uni.lu\/fdef-fr\/events\/xve-seminaire-franco-japonais-de-droit-public\/#primaryimage\"},\"image\":{\"@id\":\"https:\/\/www.uni.lu\/fdef-fr\/events\/xve-seminaire-franco-japonais-de-droit-public\/#primaryimage\"},\"thumbnailUrl\":\"https:\/\/www.uni.lu\/wp-content\/uploads\/sites\/18\/2024\/02\/thumbnails-news-events-5.png\",\"datePublished\":\"2024-03-04T15:50:23+00:00\",\"dateModified\":\"2024-03-06T13:14:52+00:00\",\"description\":\"La facult\u00e9 de droit a le plaisir de pr\u00e9senter le s\u00e9minaire franco-japonais de droit public. R\u00e9sum\u00e9 : Depuis sa premi\u00e8re rencontre en 1997 \u00e0 Strasbourg, le\",\"breadcrumb\":{\"@id\":\"https:\/\/www.uni.lu\/fdef-fr\/events\/xve-seminaire-franco-japonais-de-droit-public\/#breadcrumb\"},\"inLanguage\":\"fr-FR\",\"potentialAction\":[{\"@type\":\"ReadAction\",\"target\":[\"https:\/\/www.uni.lu\/fdef-fr\/events\/xve-seminaire-franco-japonais-de-droit-public\/\"]}]},{\"@type\":\"ImageObject\",\"inLanguage\":\"fr-FR\",\"@id\":\"https:\/\/www.uni.lu\/fdef-fr\/events\/xve-seminaire-franco-japonais-de-droit-public\/#primaryimage\",\"url\":\"https:\/\/www.uni.lu\/wp-content\/uploads\/sites\/18\/2024\/02\/thumbnails-news-events-5.png\",\"contentUrl\":\"https:\/\/www.uni.lu\/wp-content\/uploads\/sites\/18\/2024\/02\/thumbnails-news-events-5.png\",\"width\":1000,\"height\":665},{\"@type\":\"BreadcrumbList\",\"@id\":\"https:\/\/www.uni.lu\/fdef-fr\/events\/xve-seminaire-franco-japonais-de-droit-public\/#breadcrumb\",\"itemListElement\":[{\"@type\":\"ListItem\",\"position\":1,\"name\":\"Home\",\"item\":\"https:\/\/www.uni.lu\/fr\"},{\"@type\":\"ListItem\",\"position\":2,\"name\":\"Facult\u00e9 de Droit, d\u2019\u00c9conomie et de Finance\",\"item\":\"https:\/\/www.uni.lu\/fdef-fr\/\"},{\"@type\":\"ListItem\",\"position\":3,\"name\":\"Events\",\"item\":\"https:\/\/www.uni.lu\/fdef-fr\/events\/\"},{\"@type\":\"ListItem\",\"position\":4,\"name\":\"XVe S\u00e9minaire franco-japonais de droit public\"}]},{\"@type\":\"WebSite\",\"@id\":\"https:\/\/www.uni.lu\/fdef-fr\/#website\",\"url\":\"https:\/\/www.uni.lu\/fdef-fr\/\",\"name\":\"FDEF\",\"description\":\"Facult\u00e9 de Droit, d\u2019\u00c9conomie et de Finance I Uni.lu\",\"publisher\":{\"@id\":\"https:\/\/www.uni.lu\/fdef-fr\/#organization\"},\"alternateName\":\"Facult\u00e9 de Droit, d\u2019\u00c9conomie et de Finance I Universit\u00e9 du Luxembourg\",\"potentialAction\":[{\"@type\":\"SearchAction\",\"target\":{\"@type\":\"EntryPoint\",\"urlTemplate\":\"https:\/\/www.uni.lu\/fdef-fr\/?s={search_term_string}\"},\"query-input\":\"required name=search_term_string\"}],\"inLanguage\":\"fr-FR\"},{\"@type\":\"Organization\",\"@id\":\"https:\/\/www.uni.lu\/fdef-fr\/#organization\",\"name\":\"FDEF - Universit\u00e9 du Luxembourg I Uni.lu\",\"alternateName\":\"Facult\u00e9 de Droit, d\u2019\u00c9conomie et de Finance\",\"url\":\"https:\/\/www.uni.lu\/fdef-fr\/\",\"logo\":{\"@type\":\"ImageObject\",\"inLanguage\":\"fr-FR\",\"@id\":\"https:\/\/www.uni.lu\/fdef-fr\/#\/schema\/logo\/image\/\",\"url\":\"https:\/\/www.uni.lu\/wp-content\/uploads\/sites\/18\/2026\/03\/03111953\/FDEF_SM-Profile_1600x1600px-scaled.jpg\",\"contentUrl\":\"https:\/\/www.uni.lu\/wp-content\/uploads\/sites\/18\/2026\/03\/03111953\/FDEF_SM-Profile_1600x1600px-scaled.jpg\",\"width\":2560,\"height\":2560,\"caption\":\"FDEF - Universit\u00e9 du Luxembourg I Uni.lu\"},\"image\":\"https:\/\/www.uni.lu\/wp-content\/uploads\/sites\/18\/2026\/04\/24144332\/20200609-Belval-Campus_Henri-Goergen-23.jpg\",\"sameAs\":[\"https:\/\/www.facebook.com\/uni.FDEF.lu\",\"https:\/\/www.linkedin.com\/showcase\/fdef-uni-lu\/\"],\"email\":\"communication@uni.lu\",\"telephone\":\"+3524666441\",\"address\":{\"@type\":\"PostalAddress\",\"streetAddress\":\"2, place de l\u2019Universit\u00e9\",\"addressLocality\":\"Esch-sur-Alzette\",\"postalCode\":\"4365\",\"addressCountry\":\"LU\"},\"description\":\"Facult\u00e9 de Droit, d\u2019\u00c9conomie et de Finance I Uni.lu\"}]}<\/script>\n<!-- \/ Yoast SEO Premium plugin. -->","yoast_head_json":{"title":"XVe S\u00e9minaire franco-japonais de droit public - FDEF I Uni.lu","description":"La facult\u00e9 de droit a le plaisir de pr\u00e9senter le s\u00e9minaire franco-japonais de droit public. R\u00e9sum\u00e9 : Depuis sa premi\u00e8re rencontre en 1997 \u00e0 Strasbourg, le","robots":{"index":"index","follow":"follow","max-snippet":"max-snippet:-1","max-image-preview":"max-image-preview:large","max-video-preview":"max-video-preview:-1"},"canonical":"https:\/\/www.uni.lu\/fdef-fr\/events\/xve-seminaire-franco-japonais-de-droit-public\/","og_locale":"fr_FR","og_type":"article","og_title":"XVe S\u00e9minaire franco-japonais de droit public","og_description":"La facult\u00e9 de droit a le plaisir de pr\u00e9senter le s\u00e9minaire franco-japonais de droit public. R\u00e9sum\u00e9 : Depuis sa premi\u00e8re rencontre en 1997 \u00e0 Strasbourg, le","og_url":"https:\/\/www.uni.lu\/fdef-fr\/events\/xve-seminaire-franco-japonais-de-droit-public\/","og_site_name":"FDEF FR","article_publisher":"https:\/\/www.facebook.com\/uni.FDEF.lu","article_modified_time":"2024-03-06T13:14:52+00:00","og_image":[{"width":1000,"height":665,"url":"https:\/\/www.uni.lu\/wp-content\/uploads\/sites\/18\/2024\/02\/thumbnails-news-events-5.png","type":"image\/png"}],"twitter_card":"summary_large_image","twitter_misc":{"Dur\u00e9e de lecture estim\u00e9e":"1 minute"},"schema":{"@context":"https:\/\/schema.org","@graph":[{"@type":"WebPage","@id":"https:\/\/www.uni.lu\/fdef-fr\/events\/xve-seminaire-franco-japonais-de-droit-public\/","url":"https:\/\/www.uni.lu\/fdef-fr\/events\/xve-seminaire-franco-japonais-de-droit-public\/","name":"XVe S\u00e9minaire franco-japonais de droit public - FDEF I Uni.lu","isPartOf":{"@id":"https:\/\/www.uni.lu\/fdef-fr\/#website"},"primaryImageOfPage":{"@id":"https:\/\/www.uni.lu\/fdef-fr\/events\/xve-seminaire-franco-japonais-de-droit-public\/#primaryimage"},"image":{"@id":"https:\/\/www.uni.lu\/fdef-fr\/events\/xve-seminaire-franco-japonais-de-droit-public\/#primaryimage"},"thumbnailUrl":"https:\/\/www.uni.lu\/wp-content\/uploads\/sites\/18\/2024\/02\/thumbnails-news-events-5.png","datePublished":"2024-03-04T15:50:23+00:00","dateModified":"2024-03-06T13:14:52+00:00","description":"La facult\u00e9 de droit a le plaisir de pr\u00e9senter le s\u00e9minaire franco-japonais de droit public. R\u00e9sum\u00e9 : Depuis sa premi\u00e8re rencontre en 1997 \u00e0 Strasbourg, le","breadcrumb":{"@id":"https:\/\/www.uni.lu\/fdef-fr\/events\/xve-seminaire-franco-japonais-de-droit-public\/#breadcrumb"},"inLanguage":"fr-FR","potentialAction":[{"@type":"ReadAction","target":["https:\/\/www.uni.lu\/fdef-fr\/events\/xve-seminaire-franco-japonais-de-droit-public\/"]}]},{"@type":"ImageObject","inLanguage":"fr-FR","@id":"https:\/\/www.uni.lu\/fdef-fr\/events\/xve-seminaire-franco-japonais-de-droit-public\/#primaryimage","url":"https:\/\/www.uni.lu\/wp-content\/uploads\/sites\/18\/2024\/02\/thumbnails-news-events-5.png","contentUrl":"https:\/\/www.uni.lu\/wp-content\/uploads\/sites\/18\/2024\/02\/thumbnails-news-events-5.png","width":1000,"height":665},{"@type":"BreadcrumbList","@id":"https:\/\/www.uni.lu\/fdef-fr\/events\/xve-seminaire-franco-japonais-de-droit-public\/#breadcrumb","itemListElement":[{"@type":"ListItem","position":1,"name":"Home","item":"https:\/\/www.uni.lu\/fr"},{"@type":"ListItem","position":2,"name":"Facult\u00e9 de Droit, d\u2019\u00c9conomie et de Finance","item":"https:\/\/www.uni.lu\/fdef-fr\/"},{"@type":"ListItem","position":3,"name":"Events","item":"https:\/\/www.uni.lu\/fdef-fr\/events\/"},{"@type":"ListItem","position":4,"name":"XVe S\u00e9minaire franco-japonais de droit public"}]},{"@type":"WebSite","@id":"https:\/\/www.uni.lu\/fdef-fr\/#website","url":"https:\/\/www.uni.lu\/fdef-fr\/","name":"FDEF","description":"Facult\u00e9 de Droit, d\u2019\u00c9conomie et de Finance I Uni.lu","publisher":{"@id":"https:\/\/www.uni.lu\/fdef-fr\/#organization"},"alternateName":"Facult\u00e9 de Droit, d\u2019\u00c9conomie et de Finance I Universit\u00e9 du Luxembourg","potentialAction":[{"@type":"SearchAction","target":{"@type":"EntryPoint","urlTemplate":"https:\/\/www.uni.lu\/fdef-fr\/?s={search_term_string}"},"query-input":"required name=search_term_string"}],"inLanguage":"fr-FR"},{"@type":"Organization","@id":"https:\/\/www.uni.lu\/fdef-fr\/#organization","name":"FDEF - Universit\u00e9 du Luxembourg I Uni.lu","alternateName":"Facult\u00e9 de Droit, d\u2019\u00c9conomie et de Finance","url":"https:\/\/www.uni.lu\/fdef-fr\/","logo":{"@type":"ImageObject","inLanguage":"fr-FR","@id":"https:\/\/www.uni.lu\/fdef-fr\/#\/schema\/logo\/image\/","url":"https:\/\/www.uni.lu\/wp-content\/uploads\/sites\/18\/2026\/03\/03111953\/FDEF_SM-Profile_1600x1600px-scaled.jpg","contentUrl":"https:\/\/www.uni.lu\/wp-content\/uploads\/sites\/18\/2026\/03\/03111953\/FDEF_SM-Profile_1600x1600px-scaled.jpg","width":2560,"height":2560,"caption":"FDEF - Universit\u00e9 du Luxembourg I Uni.lu"},"image":"https:\/\/www.uni.lu\/wp-content\/uploads\/sites\/18\/2026\/04\/24144332\/20200609-Belval-Campus_Henri-Goergen-23.jpg","sameAs":["https:\/\/www.facebook.com\/uni.FDEF.lu","https:\/\/www.linkedin.com\/showcase\/fdef-uni-lu\/"],"email":"communication@uni.lu","telephone":"+3524666441","address":{"@type":"PostalAddress","streetAddress":"2, place de l\u2019Universit\u00e9","addressLocality":"Esch-sur-Alzette","postalCode":"4365","addressCountry":"LU"},"description":"Facult\u00e9 de Droit, d\u2019\u00c9conomie et de Finance I Uni.lu"}]}},"_links":{"self":[{"href":"https:\/\/www.uni.lu\/fdef-fr\/wp-json\/wp\/v2\/events\/2254"}],"collection":[{"href":"https:\/\/www.uni.lu\/fdef-fr\/wp-json\/wp\/v2\/events"}],"about":[{"href":"https:\/\/www.uni.lu\/fdef-fr\/wp-json\/wp\/v2\/types\/events"}],"author":[{"embeddable":true,"href":"https:\/\/www.uni.lu\/fdef-fr\/wp-json\/wp\/v2\/users\/85"}],"replies":[{"embeddable":true,"href":"https:\/\/www.uni.lu\/fdef-fr\/wp-json\/wp\/v2\/comments?post=2254"}],"version-history":[{"count":4,"href":"https:\/\/www.uni.lu\/fdef-fr\/wp-json\/wp\/v2\/events\/2254\/revisions"}],"predecessor-version":[{"id":2277,"href":"https:\/\/www.uni.lu\/fdef-fr\/wp-json\/wp\/v2\/events\/2254\/revisions\/2277"}],"wp:authorship":[{"embeddable":true,"href":"https:\/\/www.uni.lu\/fdef-fr\/wp-json\/wp\/v2\/users\/85"}],"wp:featuredmedia":[{"embeddable":true,"href":"https:\/\/www.uni.lu\/fdef-fr\/wp-json\/wp\/v2\/media\/2188"}],"wp:attachment":[{"href":"https:\/\/www.uni.lu\/fdef-fr\/wp-json\/wp\/v2\/media?parent=2254"}],"wp:term":[{"taxonomy":"events-topic","embeddable":true,"href":"https:\/\/www.uni.lu\/fdef-fr\/wp-json\/wp\/v2\/events-topic?post=2254"},{"taxonomy":"events-type","embeddable":true,"href":"https:\/\/www.uni.lu\/fdef-fr\/wp-json\/wp\/v2\/events-type?post=2254"},{"taxonomy":"organisation","embeddable":true,"href":"https:\/\/www.uni.lu\/fdef-fr\/wp-json\/wp\/v2\/organisation?post=2254"}],"curies":[{"name":"wp","href":"https:\/\/api.w.org\/{rel}","templated":true}]}}