{"id":24580,"date":"2026-04-14T12:26:07","date_gmt":"2026-04-14T10:26:07","guid":{"rendered":"https:\/\/www.uni.lu\/fdef-en\/?post_type=study-programs&#038;p=24580"},"modified":"2026-04-17T10:24:45","modified_gmt":"2026-04-17T08:24:45","slug":"dual-degree-with-essec-business-school","status":"publish","type":"study-programs","link":"https:\/\/www.uni.lu\/fdef-en\/study-programs\/master-en-droit-europeen-premiere-annee\/dual-degree-options\/dual-degree-with-essec-business-school\/","title":{"rendered":"Dual degree with ESSEC Business School"},"content":{"rendered":"<div class=\"section py-0 static\">\n<section class=\"py-0 wp-block-unilux-blocks-free-section section\"><div class=\"container xl:max-w-screen-xl\"><!-- SecondaryNavigationMirror --><div class=\"js-secondary-nav--sticky wp-block-unilux-blocks-secondary-navigation\" id=\"23da287b-c88e-4b43-bf87-151c9f1a4beb\">\n    <nav id=\"secondary-navigation\" role=\"navigation\" aria-label=\"Secondary menu\" class=\"secondary-nav\">\n        <button class=\"secondary-nav__button btn btn-solid--primary w-full\" aria-expanded=\"false\" aria-controls=\"secondary-navigation__list\" title=\"The selected page is Overview\" type=\"button\">\n            <span class=\"btn__name mr-auto\">Overview<\/span>\n            <svg aria-hidden=\"true\" focusable=\"false\" class=\"icon icon-outline icon--xs\">\n                <use xlink:href=\"https:\/\/www.uni.lu\/wp-content\/themes\/unilux-theme\/assets\/images\/icons\/icons-outline.svg#icon--arrow-down\" \/>\n            <\/svg>\n        <\/button>\n\n        <ul id=\"secondary-navigation__list\" class=\"secondary-nav__list\">\n            <li class=\"secondary-nav__item\">\n    <a href=\"https:\/\/www.uni.lu\/fdef-en\/study-programs\/master-en-droit-europeen-premiere-annee\/\" target=\"\" rel=\"noreferrer noopener\" class=\"secondary-nav__link \">\n        <svg aria-hidden=\"true\" focusable=\"false\" class=\"icon icon-outline icon--xs\">\n            <use xlink:href=\"https:\/\/www.uni.lu\/wp-content\/themes\/unilux-theme\/assets\/images\/icons\/icons-outline.svg#icon--arrow-right\" \/>\n        <\/svg>\n        <span class=\"secondary-nav__name\">Overview<\/span>\n    <\/a>\n<\/li>\n<li class=\"secondary-nav__item\">\n    <a href=\"https:\/\/www.uni.lu\/fdef-en\/study-programs\/master-en-droit-europeen-premiere-annee\/programme\/\" target=\"\" rel=\"noreferrer noopener\" class=\"secondary-nav__link \">\n        <svg aria-hidden=\"true\" focusable=\"false\" class=\"icon icon-outline icon--xs\">\n            <use xlink:href=\"https:\/\/www.uni.lu\/wp-content\/themes\/unilux-theme\/assets\/images\/icons\/icons-outline.svg#icon--arrow-right\" \/>\n        <\/svg>\n        <span class=\"secondary-nav__name\">Programme<\/span>\n    <\/a>\n<\/li>\n<li class=\"secondary-nav__item\">\n    <a href=\"https:\/\/www.uni.lu\/fdef-en\/study-programs\/master-en-droit-europeen-premiere-annee\/dual-degree-options\/\" target=\"\" rel=\"noreferrer noopener\" class=\"secondary-nav__link \">\n        <svg aria-hidden=\"true\" focusable=\"false\" class=\"icon icon-outline icon--xs\">\n            <use xlink:href=\"https:\/\/www.uni.lu\/wp-content\/themes\/unilux-theme\/assets\/images\/icons\/icons-outline.svg#icon--arrow-right\" \/>\n        <\/svg>\n        <span class=\"secondary-nav__name\">Dual degree options<\/span>\n    <\/a>\n<\/li>\n<li class=\"secondary-nav__item\">\n    <a href=\"https:\/\/www.uni.lu\/fdef-en\/study-programs\/master-en-droit-europeen-premiere-annee\/second-year\/\" target=\"\" rel=\"noreferrer noopener\" class=\"secondary-nav__link \">\n        <svg aria-hidden=\"true\" focusable=\"false\" class=\"icon icon-outline icon--xs\">\n            <use xlink:href=\"https:\/\/www.uni.lu\/wp-content\/themes\/unilux-theme\/assets\/images\/icons\/icons-outline.svg#icon--arrow-right\" \/>\n        <\/svg>\n        <span class=\"secondary-nav__name\">Second year<\/span>\n    <\/a>\n<\/li>\n<li class=\"secondary-nav__item\">\n    <a href=\"https:\/\/www.uni.lu\/fdef-en\/study-programs\/master-en-droit-europeen-premiere-annee\/career\/\" target=\"\" rel=\"noreferrer noopener\" class=\"secondary-nav__link \">\n        <svg aria-hidden=\"true\" focusable=\"false\" class=\"icon icon-outline icon--xs\">\n            <use xlink:href=\"https:\/\/www.uni.lu\/wp-content\/themes\/unilux-theme\/assets\/images\/icons\/icons-outline.svg#icon--arrow-right\" \/>\n        <\/svg>\n        <span class=\"secondary-nav__name\">Career<\/span>\n    <\/a>\n<\/li>\n<li class=\"secondary-nav__item\">\n    <a href=\"https:\/\/www.uni.lu\/fdef-en\/study-programs\/master-en-droit-europeen-premiere-annee\/teaching-staff\/\" target=\"\" rel=\"noreferrer noopener\" class=\"secondary-nav__link \">\n        <svg aria-hidden=\"true\" focusable=\"false\" class=\"icon icon-outline icon--xs\">\n            <use xlink:href=\"https:\/\/www.uni.lu\/wp-content\/themes\/unilux-theme\/assets\/images\/icons\/icons-outline.svg#icon--arrow-right\" \/>\n        <\/svg>\n        <span class=\"secondary-nav__name\">Teaching staff<\/span>\n    <\/a>\n<\/li>\n<li class=\"secondary-nav__item\">\n    <a href=\"https:\/\/www.uni.lu\/fdef-en\/study-programs\/master-en-droit-europeen-premiere-annee\/admissions\/\" target=\"\" rel=\"noreferrer noopener\" class=\"secondary-nav__link \">\n        <svg aria-hidden=\"true\" focusable=\"false\" class=\"icon icon-outline icon--xs\">\n            <use xlink:href=\"https:\/\/www.uni.lu\/wp-content\/themes\/unilux-theme\/assets\/images\/icons\/icons-outline.svg#icon--arrow-right\" \/>\n        <\/svg>\n        <span class=\"secondary-nav__name\">Admissions<\/span>\n    <\/a>\n<\/li>\n        <\/ul>\n    <\/nav>\n<\/div>\n<!-- end SecondaryNavigationMirror -->\n\n\n<section class=\"section no-padding-y wp-block-unilux-blocks-hero\">\n    <div class=\"hero hero--2  \">\n        \n<header class=\"wp-block-unilux-blocks-wrapper hero__header\">\n<div class=\"wp-block-unilux-blocks-wrapper hero__container\">\n<span class=\"hero__title__subject wp-block-unilux-blocks-plain-text\"><\/span>\n\n\n<h1 class=\"has-text-align-left wp-block-unilux-blocks-heading\"        id=\"dual-degree-with-essec-business-school\"\n    >\nDual degree with ESSEC Business School<\/h1>\n<\/div>\n<\/header>\n<figure class=\"wp-block-dev4-reusable-blocks-image hero__visual object-fit--cover\">\n    \n<img decoding=\"async\" class=\"wp-block-image unilux-custom-image-block\"\n                alt=\"\"\n            src=\"https:\/\/www.uni.lu\/wp-content\/uploads\/sites\/3\/2026\/03\/19162505\/ESSEC_campus_cergy.jpg\"\n                srcset=\"https:\/\/www.uni.lu\/wp-content\/uploads\/sites\/3\/2026\/03\/19162505\/ESSEC_campus_cergy-300x200.jpg 300w, https:\/\/www.uni.lu\/wp-content\/uploads\/sites\/3\/2026\/03\/19162505\/ESSEC_campus_cergy-1024x682.jpg 1024w, https:\/\/www.uni.lu\/wp-content\/uploads\/sites\/3\/2026\/03\/19162505\/ESSEC_campus_cergy-768x511.jpg 768w, https:\/\/www.uni.lu\/wp-content\/uploads\/sites\/3\/2026\/03\/19162505\/ESSEC_campus_cergy-1536x1022.jpg 1536w, https:\/\/www.uni.lu\/wp-content\/uploads\/sites\/3\/2026\/03\/19162505\/ESSEC_campus_cergy-2048x1363.jpg 2048w\"\n                style=\"object-position: 42.00% 55.00%; font-family: &quot;object-fit: cover; object-position: 42.00% 55.00%;&quot;; aspect-ratio: 16\/9; object-fit: cover; width: 100%;\"\n        loading=\"lazy\"\n\/>    <\/figure>\n<div class=\"wp-block-unilux-blocks-wrapper hero__body\">\n<div class=\"wp-block-unilux-blocks-wrapper hero__container\">\n<p class=\"wp-block-unilux-blocks-plain-text\">Study in Paris after completing your Master in Law!<\/p>\n\n\n<ul class=\"wp-block-unilux-blocks-custom-buttons btn-list\">\n\n<\/ul>\n<\/div>\n<\/div>\n    <\/div>\n<\/section>\n\n<div class=\"wp-block-unilux-blocks-spacer is-spacer-size-md\"><\/div>\n\n\n<p>ESSEC Business School in Paris is one of Europe\u2019s leading institutions in business and legal education. This dual degree programme allows select graduates from Uni.lu\u2019s Master in Law specializations to expand their expertise through advanced studies in international business law and management in France\u2019s capital.<\/p>\n\n\n\n<h2 class=\"has-text-align-left wp-block-unilux-blocks-heading\"        id=\"programme-structure\"\n    >\nProgramme structure<\/h2>\n\n\n\n<p>The dual degree with ESSEC is open to students who have successfully completed their second year in one of the following specializations at Uni.lu:<\/p>\n\n\n\n<ul class=\"ulux-list\">\n<li class=\"ulux-list-item\">Master en Droit et Contentieux de l\u2019UE<\/li>\n\n\n\n<li class=\"ulux-list-item\">Master en Droit Bancaire et Financier Europ\u00e9en<\/li>\n\n\n\n<li class=\"ulux-list-item\">Master in European and International Tax Law<\/li>\n\n\n\n<li class=\"ulux-list-item\">Master in European Business Law<\/li>\n<\/ul>\n\n\n\n<p>Selected students continue their studies at ESSEC in the <a href=\"https:\/\/essec.edu\/fr\/programme\/mastere-specialise-droit-affaires-internationales-management\/\">Mast\u00e8re Sp\u00e9cialis\u00e9 Droit des Affaires Internationales et Management (DAIM) \/ LL.M.<\/a> programme.<\/p>\n\n\n\n<div class=\"wp-block-unilux-blocks-accordion accordion accordion--theme accordion-standard\" data-reference=\"ee7a9a69-5da4-4b84-8c03-abfc6f4d7e1a\" data-accordion-type=\"standard\"><div class=\"accordion__item  wp-block-unilux-blocks-accordion-item\">\n    <h3 class=\"accordion__header\"\n                    id=\"who-can-apply-how-to-apply\"\n        >\n        <button\n            type=\"button\"\n            id=\"accordion-labelledby-28d54281-1c27-4728-9d13-6fb42dad3077\"\n            class=\"accordion__button collapsed\"\n            aria-expanded=\"false\"\n            aria-controls=\"accordion-panel-28d54281-1c27-4728-9d13-6fb42dad3077\"\n            data-bs-toggle=\"collapse\"\n            data-bs-target=\"#accordion-panel-28d54281-1c27-4728-9d13-6fb42dad3077\"\n        >\n            <span class=\"accordion__title\">\n                                Who can apply \/ how to apply?             <\/span>\n\n            <svg aria-hidden=\"true\" focusable=\"false\" class=\"icon icon-outline icon--arrow-down \"><use xlink:href=\"https:\/\/www.uni.lu\/wp-content\/themes\/unilux-theme\/assets\/images\/icons\/icons-outline.svg#icon--arrow-down\"><\/use><\/svg>        <\/button>\n    <\/h3>\n    <div id=\"accordion-panel-28d54281-1c27-4728-9d13-6fb42dad3077\"\n        class=\"accordion__collapse collapse\"\n        aria-labelledby=\"accordion-labelledby-28d54281-1c27-4728-9d13-6fb42dad3077\"\n        data-bs-parent=\"[data-reference=&quot;ee7a9a69-5da4-4b84-8c03-abfc6f4d7e1a&quot;]\"\n    >\n        <div class=\"accordion__body \">\n            \n<p>Eligibility is limited to Uni.lu Master in Law graduates from the specializations listed above. Interested students must contact their study programme director for guidance on the internal Uni.lu process and eligibility.<\/p>\n\n<p>Applications must include all required documents for ESSEC as well as a letter of recommendation from the relevant course director.<\/p>\n\n<p>There is automatic admission at ESSEC for two Uni.lu nominees each year.<\/p>\n        <\/div>\n    <\/div>\n<\/div>\n\n<div class=\"accordion__item  wp-block-unilux-blocks-accordion-item\">\n    <h3 class=\"accordion__header\"\n                    id=\"requirements\"\n        >\n        <button\n            type=\"button\"\n            id=\"accordion-labelledby-a1db3c40-67ed-466a-bd24-0ec6da1086c6\"\n            class=\"accordion__button collapsed\"\n            aria-expanded=\"false\"\n            aria-controls=\"accordion-panel-a1db3c40-67ed-466a-bd24-0ec6da1086c6\"\n            data-bs-toggle=\"collapse\"\n            data-bs-target=\"#accordion-panel-a1db3c40-67ed-466a-bd24-0ec6da1086c6\"\n        >\n            <span class=\"accordion__title\">\n                                Requirements             <\/span>\n\n            <svg aria-hidden=\"true\" focusable=\"false\" class=\"icon icon-outline icon--arrow-down \"><use xlink:href=\"https:\/\/www.uni.lu\/wp-content\/themes\/unilux-theme\/assets\/images\/icons\/icons-outline.svg#icon--arrow-down\"><\/use><\/svg>        <\/button>\n    <\/h3>\n    <div id=\"accordion-panel-a1db3c40-67ed-466a-bd24-0ec6da1086c6\"\n        class=\"accordion__collapse collapse\"\n        aria-labelledby=\"accordion-labelledby-a1db3c40-67ed-466a-bd24-0ec6da1086c6\"\n        data-bs-parent=\"[data-reference=&quot;ee7a9a69-5da4-4b84-8c03-abfc6f4d7e1a&quot;]\"\n    >\n        <div class=\"accordion__body \">\n            \n<ul class=\"ulux-list\">\n<li class=\"ulux-list-item\">Completion of one of the eligible M2 specializations at Uni.lu <\/li>\n\n\n\n<li class=\"ulux-list-item\">Full application file as required by ESSEC <\/li>\n\n\n\n<li class=\"ulux-list-item\">Letter of recommendation from the course director <\/li>\n\n\n\n<li class=\"ulux-list-item\">Payment of regular tuition and administrative fees at ESSEC<\/li>\n<\/ul>\n        <\/div>\n    <\/div>\n<\/div>\n\n<div class=\"accordion__item  wp-block-unilux-blocks-accordion-item\">\n    <h3 class=\"accordion__header\"\n                    id=\"selection-process\"\n        >\n        <button\n            type=\"button\"\n            id=\"accordion-labelledby-1f988971-5323-44fa-aaa2-8a59ca75974b\"\n            class=\"accordion__button collapsed\"\n            aria-expanded=\"false\"\n            aria-controls=\"accordion-panel-1f988971-5323-44fa-aaa2-8a59ca75974b\"\n            data-bs-toggle=\"collapse\"\n            data-bs-target=\"#accordion-panel-1f988971-5323-44fa-aaa2-8a59ca75974b\"\n        >\n            <span class=\"accordion__title\">\n                                Selection process            <\/span>\n\n            <svg aria-hidden=\"true\" focusable=\"false\" class=\"icon icon-outline icon--arrow-down \"><use xlink:href=\"https:\/\/www.uni.lu\/wp-content\/themes\/unilux-theme\/assets\/images\/icons\/icons-outline.svg#icon--arrow-down\"><\/use><\/svg>        <\/button>\n    <\/h3>\n    <div id=\"accordion-panel-1f988971-5323-44fa-aaa2-8a59ca75974b\"\n        class=\"accordion__collapse collapse\"\n        aria-labelledby=\"accordion-labelledby-1f988971-5323-44fa-aaa2-8a59ca75974b\"\n        data-bs-parent=\"[data-reference=&quot;ee7a9a69-5da4-4b84-8c03-abfc6f4d7e1a&quot;]\"\n    >\n        <div class=\"accordion__body \">\n            \n<p>A maximum of two Uni.lu graduates per year may be nominated for automatic admission. Final selection is made based on academic performance and compliance with ESSEC\u2019s application procedures. For guidance, students are required to refer to their respective study programme director.<\/p>\n        <\/div>\n    <\/div>\n<\/div><\/div>\n\n\n<div class=\"wp-block-unilux-blocks-spacer is-spacer-size-sm\"><\/div>\n\n\n<h2 class=\"has-text-align-left wp-block-unilux-blocks-heading\"        id=\"contact-your-study-programme-director\"\n    >\nContact: Your Study Programme Director<\/h2>\n<\/div><\/section>\n<\/div>","protected":false},"excerpt":{"rendered":"","protected":false},"author":320,"featured_media":0,"parent":24119,"menu_order":0,"template":"","meta":{"featured_image_focal_point":[],"show_featured_caption":false,"ulux_newsletter_groups":"","uluxPostTitle":"Master en Droit europ\u00e9en \u2013 Premi\u00e8re ann\u00e9e","uluxPrePostTitle":"","_trash_the_other_posts":false,"_price":"","_stock":"","_tribe_ticket_header":"","_tribe_default_ticket_provider":"","_tribe_ticket_capacity":"0","_ticket_start_date":"","_ticket_end_date":"","_tribe_ticket_show_description":"","_tribe_ticket_show_not_going":false,"_tribe_ticket_use_global_stock":"","_tribe_ticket_global_stock_level":"","_global_stock_mode":"","_global_stock_cap":"","_tribe_rsvp_for_event":"","_tribe_ticket_going_count":"","_tribe_ticket_not_going_count":"","_tribe_tickets_list":"[]","_tribe_ticket_has_attendee_info_fields":false,"study_program_identifiers":"DROITEUT4_TC__F2_M_DroitEuropTC5__F2_M_DroitEurop5","override_seo_title":false},"type-of-studies":[],"teaching-languages":[],"field-of-interest":[],"organisation":[],"authorship":[320,85],"acf":[],"yoast_head":"<!-- This site is optimized with the Yoast SEO Premium plugin v22.3 (Yoast SEO v22.3) - https:\/\/yoast.com\/wordpress\/plugins\/seo\/ -->\n<title>Dual degree with ESSEC Business School - FDEF I University of Luxembourg<\/title>\n<meta name=\"description\" content=\"ESSEC Business School in Paris is one of Europe\u2019s leading institutions in business and legal education. This dual degree programme allows select graduates\" \/>\n<meta name=\"robots\" content=\"index, follow, max-snippet:-1, max-image-preview:large, max-video-preview:-1\" \/>\n<link rel=\"canonical\" href=\"https:\/\/www.uni.lu\/fdef-en\/study-programs\/master-en-droit-europeen-premiere-annee\/dual-degree-options\/dual-degree-with-essec-business-school\/\" \/>\n<meta property=\"og:locale\" content=\"en_GB\" \/>\n<meta property=\"og:type\" content=\"article\" \/>\n<meta property=\"og:title\" content=\"Dual degree with ESSEC Business School\" \/>\n<meta property=\"og:description\" content=\"ESSEC Business School in Paris is one of Europe\u2019s leading institutions in business and legal education. This dual degree programme allows select graduates\" \/>\n<meta property=\"og:url\" content=\"https:\/\/www.uni.lu\/fdef-en\/study-programs\/master-en-droit-europeen-premiere-annee\/dual-degree-options\/dual-degree-with-essec-business-school\/\" \/>\n<meta property=\"og:site_name\" content=\"FDEF EN\" \/>\n<meta property=\"article:publisher\" content=\"https:\/\/www.facebook.com\/uni.FDEF.lu\" \/>\n<meta property=\"article:modified_time\" content=\"2026-04-17T08:24:45+00:00\" \/>\n<meta property=\"og:image\" content=\"https:\/\/www.uni.lu\/wp-content\/uploads\/sites\/3\/2026\/03\/03111918\/FDEF_SM-Profile_1600x1600px-scaled.jpg\" \/>\n\t<meta property=\"og:image:width\" content=\"2560\" \/>\n\t<meta property=\"og:image:height\" content=\"2560\" \/>\n\t<meta property=\"og:image:type\" content=\"image\/jpeg\" \/>\n<meta name=\"twitter:card\" content=\"summary_large_image\" \/>\n<meta name=\"twitter:label1\" content=\"Estimated reading time\" \/>\n\t<meta name=\"twitter:data1\" content=\"2 minutes\" \/>\n<script type=\"application\/ld+json\" class=\"yoast-schema-graph\">{\"@context\":\"https:\/\/schema.org\",\"@graph\":[{\"@type\":\"WebPage\",\"@id\":\"https:\/\/www.uni.lu\/fdef-en\/study-programs\/master-en-droit-europeen-premiere-annee\/dual-degree-options\/dual-degree-with-essec-business-school\/\",\"url\":\"https:\/\/www.uni.lu\/fdef-en\/study-programs\/master-en-droit-europeen-premiere-annee\/dual-degree-options\/dual-degree-with-essec-business-school\/\",\"name\":\"Dual degree with ESSEC Business School - FDEF I University of Luxembourg\",\"isPartOf\":{\"@id\":\"https:\/\/www.uni.lu\/fdef-en\/#website\"},\"datePublished\":\"2026-04-14T10:26:07+00:00\",\"dateModified\":\"2026-04-17T08:24:45+00:00\",\"description\":\"ESSEC Business School in Paris is one of Europe\u2019s leading institutions in business and legal education. This dual degree programme allows select graduates\",\"breadcrumb\":{\"@id\":\"https:\/\/www.uni.lu\/fdef-en\/study-programs\/master-en-droit-europeen-premiere-annee\/dual-degree-options\/dual-degree-with-essec-business-school\/#breadcrumb\"},\"inLanguage\":\"en-GB\",\"potentialAction\":[{\"@type\":\"ReadAction\",\"target\":[\"https:\/\/www.uni.lu\/fdef-en\/study-programs\/master-en-droit-europeen-premiere-annee\/dual-degree-options\/dual-degree-with-essec-business-school\/\"]}]},{\"@type\":\"BreadcrumbList\",\"@id\":\"https:\/\/www.uni.lu\/fdef-en\/study-programs\/master-en-droit-europeen-premiere-annee\/dual-degree-options\/dual-degree-with-essec-business-school\/#breadcrumb\",\"itemListElement\":[{\"@type\":\"ListItem\",\"position\":1,\"name\":\"Home\",\"item\":\"https:\/\/www.uni.lu\/en\"},{\"@type\":\"ListItem\",\"position\":2,\"name\":\"Faculty of Law, Economics and Finance\",\"item\":\"https:\/\/www.uni.lu\/fdef-en\/\"},{\"@type\":\"ListItem\",\"position\":3,\"name\":\"Study Programmes\",\"item\":\"https:\/\/www.uni.lu\/fdef-en\/study-programs\/\"},{\"@type\":\"ListItem\",\"position\":4,\"name\":\"Master en Droit europ\u00e9en - Premi\u00e8re ann\u00e9e\",\"item\":\"https:\/\/www.uni.lu\/fdef-en\/study-programs\/master-en-droit-europeen-premiere-annee\/\"},{\"@type\":\"ListItem\",\"position\":5,\"name\":\"Dual degree options\",\"item\":\"https:\/\/www.uni.lu\/fdef-en\/study-programs\/master-en-droit-europeen-premiere-annee\/dual-degree-options\/\"},{\"@type\":\"ListItem\",\"position\":6,\"name\":\"Dual degree with ESSEC Business School\"}]},{\"@type\":\"WebSite\",\"@id\":\"https:\/\/www.uni.lu\/fdef-en\/#website\",\"url\":\"https:\/\/www.uni.lu\/fdef-en\/\",\"name\":\"FDEF\",\"description\":\"Faculty of Law, Economics and Finance I Uni.lu\",\"publisher\":{\"@id\":\"https:\/\/www.uni.lu\/fdef-en\/#organization\"},\"alternateName\":\"Faculty of Law, Economics and Finance I University of Luxembourg\",\"potentialAction\":[{\"@type\":\"SearchAction\",\"target\":{\"@type\":\"EntryPoint\",\"urlTemplate\":\"https:\/\/www.uni.lu\/fdef-en\/?s={search_term_string}\"},\"query-input\":\"required name=search_term_string\"}],\"inLanguage\":\"en-GB\"},{\"@type\":\"Organization\",\"@id\":\"https:\/\/www.uni.lu\/fdef-en\/#organization\",\"name\":\"FDEF - University of Luxembourg I Uni.lu\",\"alternateName\":\"Faculty of Law, Economics and Finance\",\"url\":\"https:\/\/www.uni.lu\/fdef-en\/\",\"logo\":{\"@type\":\"ImageObject\",\"inLanguage\":\"en-GB\",\"@id\":\"https:\/\/www.uni.lu\/fdef-en\/#\/schema\/logo\/image\/\",\"url\":\"https:\/\/www.uni.lu\/wp-content\/uploads\/sites\/3\/2026\/03\/03111918\/FDEF_SM-Profile_1600x1600px-scaled.jpg\",\"contentUrl\":\"https:\/\/www.uni.lu\/wp-content\/uploads\/sites\/3\/2026\/03\/03111918\/FDEF_SM-Profile_1600x1600px-scaled.jpg\",\"width\":2560,\"height\":2560,\"caption\":\"FDEF - University of Luxembourg I Uni.lu\"},\"image\":\"https:\/\/www.uni.lu\/wp-content\/uploads\/sites\/3\/2026\/04\/24144328\/20200609-Belval-Campus_Henri-Goergen-23.jpg\",\"sameAs\":[\"https:\/\/www.facebook.com\/uni.FDEF.lu\",\"https:\/\/www.linkedin.com\/showcase\/fdef-uni-lu\/\"],\"email\":\"communication@uni.lu\",\"telephone\":\"+3524666441\",\"address\":{\"@type\":\"PostalAddress\",\"streetAddress\":\"2, place de l\u2019Universit\u00e9\",\"addressLocality\":\"Esch-sur-Alzette\",\"postalCode\":\"4365\",\"addressCountry\":\"LU\"},\"description\":\"Faculty of Law, Economics and Finance I Uni.lu\"}]}<\/script>\n<!-- \/ Yoast SEO Premium plugin. -->","yoast_head_json":{"title":"Dual degree with ESSEC Business School - FDEF I University of Luxembourg","description":"ESSEC Business School in Paris is one of Europe\u2019s leading institutions in business and legal education. This dual degree programme allows select graduates","robots":{"index":"index","follow":"follow","max-snippet":"max-snippet:-1","max-image-preview":"max-image-preview:large","max-video-preview":"max-video-preview:-1"},"canonical":"https:\/\/www.uni.lu\/fdef-en\/study-programs\/master-en-droit-europeen-premiere-annee\/dual-degree-options\/dual-degree-with-essec-business-school\/","og_locale":"en_GB","og_type":"article","og_title":"Dual degree with ESSEC Business School","og_description":"ESSEC Business School in Paris is one of Europe\u2019s leading institutions in business and legal education. This dual degree programme allows select graduates","og_url":"https:\/\/www.uni.lu\/fdef-en\/study-programs\/master-en-droit-europeen-premiere-annee\/dual-degree-options\/dual-degree-with-essec-business-school\/","og_site_name":"FDEF EN","article_publisher":"https:\/\/www.facebook.com\/uni.FDEF.lu","article_modified_time":"2026-04-17T08:24:45+00:00","og_image":[{"width":2560,"height":2560,"url":"https:\/\/www.uni.lu\/wp-content\/uploads\/sites\/3\/2026\/03\/03111918\/FDEF_SM-Profile_1600x1600px-scaled.jpg","type":"image\/jpeg"}],"twitter_card":"summary_large_image","twitter_misc":{"Estimated reading time":"2 minutes"},"schema":{"@context":"https:\/\/schema.org","@graph":[{"@type":"WebPage","@id":"https:\/\/www.uni.lu\/fdef-en\/study-programs\/master-en-droit-europeen-premiere-annee\/dual-degree-options\/dual-degree-with-essec-business-school\/","url":"https:\/\/www.uni.lu\/fdef-en\/study-programs\/master-en-droit-europeen-premiere-annee\/dual-degree-options\/dual-degree-with-essec-business-school\/","name":"Dual degree with ESSEC Business School - FDEF I University of Luxembourg","isPartOf":{"@id":"https:\/\/www.uni.lu\/fdef-en\/#website"},"datePublished":"2026-04-14T10:26:07+00:00","dateModified":"2026-04-17T08:24:45+00:00","description":"ESSEC Business School in Paris is one of Europe\u2019s leading institutions in business and legal education. This dual degree programme allows select graduates","breadcrumb":{"@id":"https:\/\/www.uni.lu\/fdef-en\/study-programs\/master-en-droit-europeen-premiere-annee\/dual-degree-options\/dual-degree-with-essec-business-school\/#breadcrumb"},"inLanguage":"en-GB","potentialAction":[{"@type":"ReadAction","target":["https:\/\/www.uni.lu\/fdef-en\/study-programs\/master-en-droit-europeen-premiere-annee\/dual-degree-options\/dual-degree-with-essec-business-school\/"]}]},{"@type":"BreadcrumbList","@id":"https:\/\/www.uni.lu\/fdef-en\/study-programs\/master-en-droit-europeen-premiere-annee\/dual-degree-options\/dual-degree-with-essec-business-school\/#breadcrumb","itemListElement":[{"@type":"ListItem","position":1,"name":"Home","item":"https:\/\/www.uni.lu\/en"},{"@type":"ListItem","position":2,"name":"Faculty of Law, Economics and Finance","item":"https:\/\/www.uni.lu\/fdef-en\/"},{"@type":"ListItem","position":3,"name":"Study Programmes","item":"https:\/\/www.uni.lu\/fdef-en\/study-programs\/"},{"@type":"ListItem","position":4,"name":"Master en Droit europ\u00e9en - Premi\u00e8re ann\u00e9e","item":"https:\/\/www.uni.lu\/fdef-en\/study-programs\/master-en-droit-europeen-premiere-annee\/"},{"@type":"ListItem","position":5,"name":"Dual degree options","item":"https:\/\/www.uni.lu\/fdef-en\/study-programs\/master-en-droit-europeen-premiere-annee\/dual-degree-options\/"},{"@type":"ListItem","position":6,"name":"Dual degree with ESSEC Business School"}]},{"@type":"WebSite","@id":"https:\/\/www.uni.lu\/fdef-en\/#website","url":"https:\/\/www.uni.lu\/fdef-en\/","name":"FDEF","description":"Faculty of Law, Economics and Finance I Uni.lu","publisher":{"@id":"https:\/\/www.uni.lu\/fdef-en\/#organization"},"alternateName":"Faculty of Law, Economics and Finance I University of Luxembourg","potentialAction":[{"@type":"SearchAction","target":{"@type":"EntryPoint","urlTemplate":"https:\/\/www.uni.lu\/fdef-en\/?s={search_term_string}"},"query-input":"required name=search_term_string"}],"inLanguage":"en-GB"},{"@type":"Organization","@id":"https:\/\/www.uni.lu\/fdef-en\/#organization","name":"FDEF - University of Luxembourg I Uni.lu","alternateName":"Faculty of Law, Economics and Finance","url":"https:\/\/www.uni.lu\/fdef-en\/","logo":{"@type":"ImageObject","inLanguage":"en-GB","@id":"https:\/\/www.uni.lu\/fdef-en\/#\/schema\/logo\/image\/","url":"https:\/\/www.uni.lu\/wp-content\/uploads\/sites\/3\/2026\/03\/03111918\/FDEF_SM-Profile_1600x1600px-scaled.jpg","contentUrl":"https:\/\/www.uni.lu\/wp-content\/uploads\/sites\/3\/2026\/03\/03111918\/FDEF_SM-Profile_1600x1600px-scaled.jpg","width":2560,"height":2560,"caption":"FDEF - University of Luxembourg I Uni.lu"},"image":"https:\/\/www.uni.lu\/wp-content\/uploads\/sites\/3\/2026\/04\/24144328\/20200609-Belval-Campus_Henri-Goergen-23.jpg","sameAs":["https:\/\/www.facebook.com\/uni.FDEF.lu","https:\/\/www.linkedin.com\/showcase\/fdef-uni-lu\/"],"email":"communication@uni.lu","telephone":"+3524666441","address":{"@type":"PostalAddress","streetAddress":"2, place de l\u2019Universit\u00e9","addressLocality":"Esch-sur-Alzette","postalCode":"4365","addressCountry":"LU"},"description":"Faculty of Law, Economics and Finance I Uni.lu"}]}},"_links":{"self":[{"href":"https:\/\/www.uni.lu\/fdef-en\/wp-json\/wp\/v2\/study-programs\/24580"}],"collection":[{"href":"https:\/\/www.uni.lu\/fdef-en\/wp-json\/wp\/v2\/study-programs"}],"about":[{"href":"https:\/\/www.uni.lu\/fdef-en\/wp-json\/wp\/v2\/types\/study-programs"}],"author":[{"embeddable":true,"href":"https:\/\/www.uni.lu\/fdef-en\/wp-json\/wp\/v2\/users\/320"}],"version-history":[{"count":1,"href":"https:\/\/www.uni.lu\/fdef-en\/wp-json\/wp\/v2\/study-programs\/24580\/revisions"}],"predecessor-version":[{"id":24581,"href":"https:\/\/www.uni.lu\/fdef-en\/wp-json\/wp\/v2\/study-programs\/24580\/revisions\/24581"}],"up":[{"embeddable":true,"href":"https:\/\/www.uni.lu\/fdef-en\/wp-json\/wp\/v2\/study-programs\/24119"}],"wp:authorship":[{"embeddable":true,"href":"https:\/\/www.uni.lu\/fdef-en\/wp-json\/wp\/v2\/users\/320"},{"embeddable":true,"href":"https:\/\/www.uni.lu\/fdef-en\/wp-json\/wp\/v2\/users\/85"}],"wp:attachment":[{"href":"https:\/\/www.uni.lu\/fdef-en\/wp-json\/wp\/v2\/media?parent=24580"}],"wp:term":[{"taxonomy":"type-of-studies","embeddable":true,"href":"https:\/\/www.uni.lu\/fdef-en\/wp-json\/wp\/v2\/type-of-studies?post=24580"},{"taxonomy":"teaching-languages","embeddable":true,"href":"https:\/\/www.uni.lu\/fdef-en\/wp-json\/wp\/v2\/teaching-languages?post=24580"},{"taxonomy":"field-of-interest","embeddable":true,"href":"https:\/\/www.uni.lu\/fdef-en\/wp-json\/wp\/v2\/field-of-interest?post=24580"},{"taxonomy":"organisation","embeddable":true,"href":"https:\/\/www.uni.lu\/fdef-en\/wp-json\/wp\/v2\/organisation?post=24580"}],"curies":[{"name":"wp","href":"https:\/\/api.w.org\/{rel}","templated":true}]}}