{"id":23303,"date":"2026-02-04T17:25:15","date_gmt":"2026-02-04T16:25:15","guid":{"rendered":"https:\/\/www.uni.lu\/fdef-en\/?post_type=events&#038;p=23303"},"modified":"2026-02-17T10:55:20","modified_gmt":"2026-02-17T09:55:20","slug":"dem-lunch-seminar-with-charles-de-grazia-associate-professor-emlv-fr","status":"publish","type":"events","link":"https:\/\/www.uni.lu\/fdef-en\/events\/dem-lunch-seminar-with-charles-de-grazia-associate-professor-emlv-fr\/","title":{"rendered":"DEM Lunch Seminar with Charles de Grazia, EMLV, FR"},"content":{"rendered":"\n<section class=\"wp-block-unilux-blocks-free-section section\"><div class=\"container xl:max-w-screen-xl\">\n<p><\/p>\n\n\n\n<ul class=\"wp-block-unilux-blocks-custom-buttons btn-list\"><li class=\"wp-block-unilux-blocks-custom-button\"    aria-disabled=\"false\"\n    >\n    <a\n        role=\"link\"\n        aria-disabled=\"false\"\n                    href=\"https:\/\/www.eventbrite.co.uk\/e\/dem-lunch-seminar-charles-de-grazia-associate-professor-emlv-fr-registration-1982193249368?aff=oddtdtcreator\"\n                target=\"_self\"\n        class=\"btn btn--primary\"\n            >Register<\/a>\n<\/li>\n\n\n<li class=\"wp-block-unilux-blocks-custom-button\"    aria-disabled=\"false\"\n    >\n    <a\n        role=\"link\"\n        aria-disabled=\"false\"\n                    href=\"https:\/\/www.uni.lu\/fdef-en\/calendar?post_type=events&#038;p=23303&#038;calendar\"\n                target=\"_self\"\n        class=\"btn btn--secondary\"\n            >Add to calendar<\/a>\n<\/li>\n<\/ul>\n\n\n\n<p><\/p>\n\n\n\n<p><strong>Challenges facing self-reliant inventors: Do patents help?<\/strong><\/p>\n\n\n\n<p><strong>Abstract<\/strong><\/p>\n\n\n\n<p>Self-reliant inventors\u2014those who file patent applications without organizational affiliation (independent inventors) or without legal representation (pro se inventors)\u2014have long contributed to U.S. economic growth and technological progress. Despite their importance, these inventors face institutional and procedural barriers within the patent system that hinder patent acquisition and commercialization. We examine whether institutional support can mitigate these disadvantages by analyzing the United States Patent and Trademark Office\u2019s first randomized controlled trial designed to assist pro se applicants during patent prosecution. We find that randomly assigned assistance increases the probability of patent grant by approximately 25 percent. We estimate the causal effect of patent receipt on subsequent inventive activity among self-reliant inventors and show that receiving a patent significantly increases the likelihood of continued inventive participation for both pro se and independent inventors. Exploring mechanisms, we find that patent receipt facilitates engagement in markets for technology, including the sale of patent rights, which in turn supports sustained invention. Together, these findings indicate that targeted initiatives within public agencies can improve downstream innovation outcomes and underscores the importance of technology markets for sustaining self-reliant inventors.<\/p>\n\n\n\n<p><strong>About the speaker<\/strong><\/p>\n\n\n\n<p>Charles de Grazia<strong> <\/strong>is an Associate Professor of Innovation Economics at the \u00c9cole de Management L\u00e9onard de Vinci, in La D\u00e9fense, France. He earned his Ph.D. in Economics from the University of London (Royal Holloway College) in 2020. From 2015 to 2020, he worked as an economist in the United States Patent and Trademark Office\u2019s Office of the Chief Economist, and since 2025 he has worked as a consultant to the World Intellectual Property Organization (WIPO). His research focuses on the intersection of intellectual property, innovation economics, and economic policy and has received several awards, including the Best Paper Award from the Technology and Innovation Management (TIM) Division at the 2022 Academy of Management Annual Conference. His work has been published in leading innovation and economics journals, including&nbsp;Research Policy,&nbsp;American Economic Journal: Economic Policy,&nbsp;Industry and Innovation, and&nbsp;The Economics of Innovation and New Technology<\/p>\n\n\n\n<p><strong>Language<\/strong><\/p>\n\n\n\n<p>English<\/p>\n\n\n\n<p>This is a free seminar. Registration is mandatory.<\/p>\n\n\n\n<p><\/p>\n\n\n\n<p><\/p>\n\n\n\n<div class=\"wp-block-columns is-layout-flex wp-block-columns-is-layout-flex\">\n<div class=\"wp-block-column is-layout-flow wp-block-column-is-layout-flow\"><figure class=\"wp-block-dev4-reusable-blocks-image  object-fit--scale-down\">\n    \n<img decoding=\"async\" class=\"wp-block-image unilux-custom-image-block\"\n                alt=\"\"\n            src=\"https:\/\/www.uni.lu\/wp-content\/uploads\/sites\/3\/2025\/06\/18105657\/FNR_LOGO.png\"\n                srcset=\"https:\/\/www.uni.lu\/wp-content\/uploads\/sites\/3\/2025\/06\/18105657\/FNR_LOGO-300x50.png 300w, https:\/\/www.uni.lu\/wp-content\/uploads\/sites\/3\/2025\/06\/18105657\/FNR_LOGO-1024x172.png 1024w, https:\/\/www.uni.lu\/wp-content\/uploads\/sites\/3\/2025\/06\/18105657\/FNR_LOGO-768x129.png 768w, https:\/\/www.uni.lu\/wp-content\/uploads\/sites\/3\/2025\/06\/18105657\/FNR_LOGO-1536x258.png 1536w, https:\/\/www.uni.lu\/wp-content\/uploads\/sites\/3\/2025\/06\/18105657\/FNR_LOGO-2048x344.png 2048w\"\n                style=\"object-position: 50.00% 50.00%; font-family: &quot;object-fit: scale-down; object-position: 50.00% 50.00%;&quot;; aspect-ratio: 16\/9; object-fit: scale-down; width: 75%;\"\n        loading=\"lazy\"\n\/>    <\/figure><\/div>\n\n\n\n<div class=\"wp-block-column is-layout-flow wp-block-column-is-layout-flow\">\n<p><\/p>\n\n\n\n<div class=\"wp-block-columns is-layout-flex wp-block-columns-is-layout-flex\">\n<div class=\"wp-block-column is-layout-flow wp-block-column-is-layout-flow\">\n<p><\/p>\n\n\n\n<p><\/p>\n\n\n\n<p><\/p>\n\n\n\n<p><\/p>\n<\/div>\n<\/div>\n\n\n\n<p>Supported by the Fond National de la Recherche<br>Luxembourg (19441346)<\/p>\n\n\n\n<p><\/p>\n\n\n\n<p><\/p>\n\n\n\n<p><\/p>\n\n\n\n<p><\/p>\n\n\n\n<p><\/p>\n\n\n\n<p><\/p>\n\n\n\n<p><\/p>\n\n\n\n<p><\/p>\n\n\n\n<p><\/p>\n\n\n\n<p><\/p>\n\n\n\n<p><\/p>\n\n\n\n<p><\/p>\n\n\n\n<p><\/p>\n\n\n\n<p><\/p>\n\n\n\n<p><\/p>\n\n\n\n<p><\/p>\n\n\n\n<p><\/p>\n\n\n\n<p><\/p>\n\n\n\n<p><\/p>\n\n\n\n<p><\/p>\n\n\n\n<p><\/p>\n\n\n\n<p><\/p>\n\n\n\n<p><\/p>\n\n\n\n<p><\/p>\n\n\n\n<p><\/p>\n\n\n\n<p><\/p>\n\n\n\n<p><\/p>\n\n\n\n<p><\/p>\n\n\n\n<p><\/p>\n\n\n\n<p><\/p>\n\n\n\n<p><\/p>\n\n\n\n<p><\/p>\n\n\n\n<p><\/p>\n\n\n\n<p><\/p>\n\n\n\n<p><\/p>\n\n\n\n<p><\/p>\n\n\n\n<p><\/p>\n\n\n\n<p><\/p>\n\n\n\n<p><\/p>\n\n\n\n<p><\/p>\n\n\n\n<p><\/p>\n<\/div>\n<\/div>\n<\/div><\/section>\n","protected":false},"excerpt":{"rendered":"","protected":false},"author":413,"featured_media":10247,"parent":0,"menu_order":0,"comment_status":"closed","ping_status":"closed","template":"","format":"standard","meta":{"featured_image_focal_point":[],"show_featured_caption":false,"ulux_newsletter_groups":"","uluxPostTitle":"","uluxPrePostTitle":"","_trash_the_other_posts":false,"_price":"","_stock":"","_tribe_ticket_header":"","_tribe_default_ticket_provider":"","_tribe_ticket_capacity":"0","_ticket_start_date":"","_ticket_end_date":"","_tribe_ticket_show_description":"","_tribe_ticket_show_not_going":false,"_tribe_ticket_use_global_stock":"","_tribe_ticket_global_stock_level":"","_global_stock_mode":"","_global_stock_cap":"","_tribe_rsvp_for_event":"","_tribe_ticket_going_count":"","_tribe_ticket_not_going_count":"","_tribe_tickets_list":"[]","_tribe_ticket_has_attendee_info_fields":false,"event_start_date":"2026-06-03 13:00:00","event_end_date":"2026-06-03 14:00:00","event_speaker_name":"Charles DE GRAZIA","event_speaker_link":"https:\/\/sites.google.com\/view\/charlieawdegrazia\/home","event_is_online":false,"event_location":"Universit\u00e9 du Luxembourg \u2013 Campus Weicker","event_street":"4, rue Alphonse Weicker - room A401","event_location_link":"https:\/\/www.uni.lu\/en\/about\/campuses\/weicker-building\/","event_zip_code":"L-2721","event_city":"Luxembourg","event_country":"Luxembourg"},"events-topic":[298],"events-type":[323,322,315],"organisation":[138,101],"authorship":[413],"acf":[],"yoast_head":"<!-- This site is optimized with the Yoast SEO Premium plugin v22.3 (Yoast SEO v22.3) - https:\/\/yoast.com\/wordpress\/plugins\/seo\/ -->\n<title>DEM Lunch Seminar with Charles de Grazia, EMLV, FR - FDEF events I Uni.lu<\/title>\n<meta name=\"description\" content=\"Challenges facing self-reliant inventors: Do patents help? Abstract Self-reliant inventors\u2014those who file patent applications without organizational\" \/>\n<meta name=\"robots\" content=\"index, follow, max-snippet:-1, max-image-preview:large, max-video-preview:-1\" \/>\n<link rel=\"canonical\" href=\"https:\/\/www.uni.lu\/fdef-en\/events\/dem-lunch-seminar-with-charles-de-grazia-associate-professor-emlv-fr\/\" \/>\n<meta property=\"og:locale\" content=\"en_GB\" \/>\n<meta property=\"og:type\" content=\"article\" \/>\n<meta property=\"og:title\" content=\"DEM Lunch Seminar with Charles de Grazia, EMLV, FR\" \/>\n<meta property=\"og:description\" content=\"Challenges facing self-reliant inventors: Do patents help? Abstract Self-reliant inventors\u2014those who file patent applications without organizational\" \/>\n<meta property=\"og:url\" content=\"https:\/\/www.uni.lu\/fdef-en\/events\/dem-lunch-seminar-with-charles-de-grazia-associate-professor-emlv-fr\/\" \/>\n<meta property=\"og:site_name\" content=\"FDEF EN\" \/>\n<meta property=\"article:publisher\" content=\"https:\/\/www.facebook.com\/uni.FDEF.lu\" \/>\n<meta property=\"article:modified_time\" content=\"2026-02-17T09:55:20+00:00\" \/>\n<meta property=\"og:image\" content=\"https:\/\/www.uni.lu\/wp-content\/uploads\/sites\/3\/2024\/05\/Lunch-Seminar-DEM.png\" \/>\n\t<meta property=\"og:image:width\" content=\"650\" \/>\n\t<meta property=\"og:image:height\" content=\"665\" \/>\n\t<meta property=\"og:image:type\" content=\"image\/png\" \/>\n<meta name=\"twitter:card\" content=\"summary_large_image\" \/>\n<meta name=\"twitter:label1\" content=\"Estimated reading time\" \/>\n\t<meta name=\"twitter:data1\" content=\"2 minutes\" \/>\n<script type=\"application\/ld+json\" class=\"yoast-schema-graph\">{\"@context\":\"https:\/\/schema.org\",\"@graph\":[{\"@type\":\"WebPage\",\"@id\":\"https:\/\/www.uni.lu\/fdef-en\/events\/dem-lunch-seminar-with-charles-de-grazia-associate-professor-emlv-fr\/\",\"url\":\"https:\/\/www.uni.lu\/fdef-en\/events\/dem-lunch-seminar-with-charles-de-grazia-associate-professor-emlv-fr\/\",\"name\":\"DEM Lunch Seminar with Charles de Grazia, EMLV, FR - FDEF events I Uni.lu\",\"isPartOf\":{\"@id\":\"https:\/\/www.uni.lu\/fdef-en\/#website\"},\"primaryImageOfPage\":{\"@id\":\"https:\/\/www.uni.lu\/fdef-en\/events\/dem-lunch-seminar-with-charles-de-grazia-associate-professor-emlv-fr\/#primaryimage\"},\"image\":{\"@id\":\"https:\/\/www.uni.lu\/fdef-en\/events\/dem-lunch-seminar-with-charles-de-grazia-associate-professor-emlv-fr\/#primaryimage\"},\"thumbnailUrl\":\"https:\/\/www.uni.lu\/wp-content\/uploads\/sites\/3\/2024\/05\/Lunch-Seminar-DEM.png\",\"datePublished\":\"2026-02-04T16:25:15+00:00\",\"dateModified\":\"2026-02-17T09:55:20+00:00\",\"description\":\"Challenges facing self-reliant inventors: Do patents help? Abstract Self-reliant inventors\u2014those who file patent applications without organizational\",\"breadcrumb\":{\"@id\":\"https:\/\/www.uni.lu\/fdef-en\/events\/dem-lunch-seminar-with-charles-de-grazia-associate-professor-emlv-fr\/#breadcrumb\"},\"inLanguage\":\"en-GB\",\"potentialAction\":[{\"@type\":\"ReadAction\",\"target\":[\"https:\/\/www.uni.lu\/fdef-en\/events\/dem-lunch-seminar-with-charles-de-grazia-associate-professor-emlv-fr\/\"]}]},{\"@type\":\"ImageObject\",\"inLanguage\":\"en-GB\",\"@id\":\"https:\/\/www.uni.lu\/fdef-en\/events\/dem-lunch-seminar-with-charles-de-grazia-associate-professor-emlv-fr\/#primaryimage\",\"url\":\"https:\/\/www.uni.lu\/wp-content\/uploads\/sites\/3\/2024\/05\/Lunch-Seminar-DEM.png\",\"contentUrl\":\"https:\/\/www.uni.lu\/wp-content\/uploads\/sites\/3\/2024\/05\/Lunch-Seminar-DEM.png\",\"width\":650,\"height\":665,\"caption\":\"Department of Economics and Management (DEM)\"},{\"@type\":\"BreadcrumbList\",\"@id\":\"https:\/\/www.uni.lu\/fdef-en\/events\/dem-lunch-seminar-with-charles-de-grazia-associate-professor-emlv-fr\/#breadcrumb\",\"itemListElement\":[{\"@type\":\"ListItem\",\"position\":1,\"name\":\"Home\",\"item\":\"https:\/\/www.uni.lu\/en\"},{\"@type\":\"ListItem\",\"position\":2,\"name\":\"Faculty of Law, Economics and Finance\",\"item\":\"https:\/\/www.uni.lu\/fdef-en\/\"},{\"@type\":\"ListItem\",\"position\":3,\"name\":\"Events\",\"item\":\"https:\/\/www.uni.lu\/fdef-en\/events\/\"},{\"@type\":\"ListItem\",\"position\":4,\"name\":\"DEM Lunch Seminar with Charles de Grazia, EMLV, FR\"}]},{\"@type\":\"WebSite\",\"@id\":\"https:\/\/www.uni.lu\/fdef-en\/#website\",\"url\":\"https:\/\/www.uni.lu\/fdef-en\/\",\"name\":\"FDEF\",\"description\":\"Faculty of Law, Economics and Finance I Uni.lu\",\"publisher\":{\"@id\":\"https:\/\/www.uni.lu\/fdef-en\/#organization\"},\"alternateName\":\"Faculty of Law, Economics and Finance I University of Luxembourg\",\"potentialAction\":[{\"@type\":\"SearchAction\",\"target\":{\"@type\":\"EntryPoint\",\"urlTemplate\":\"https:\/\/www.uni.lu\/fdef-en\/?s={search_term_string}\"},\"query-input\":\"required name=search_term_string\"}],\"inLanguage\":\"en-GB\"},{\"@type\":\"Organization\",\"@id\":\"https:\/\/www.uni.lu\/fdef-en\/#organization\",\"name\":\"FDEF - University of Luxembourg I Uni.lu\",\"alternateName\":\"Faculty of Law, Economics and Finance\",\"url\":\"https:\/\/www.uni.lu\/fdef-en\/\",\"logo\":{\"@type\":\"ImageObject\",\"inLanguage\":\"en-GB\",\"@id\":\"https:\/\/www.uni.lu\/fdef-en\/#\/schema\/logo\/image\/\",\"url\":\"https:\/\/www.uni.lu\/wp-content\/uploads\/sites\/3\/2026\/03\/03111918\/FDEF_SM-Profile_1600x1600px-scaled.jpg\",\"contentUrl\":\"https:\/\/www.uni.lu\/wp-content\/uploads\/sites\/3\/2026\/03\/03111918\/FDEF_SM-Profile_1600x1600px-scaled.jpg\",\"width\":2560,\"height\":2560,\"caption\":\"FDEF - University of Luxembourg I Uni.lu\"},\"image\":\"https:\/\/www.uni.lu\/wp-content\/uploads\/sites\/3\/2026\/04\/24144328\/20200609-Belval-Campus_Henri-Goergen-23.jpg\",\"sameAs\":[\"https:\/\/www.facebook.com\/uni.FDEF.lu\",\"https:\/\/www.linkedin.com\/showcase\/fdef-uni-lu\/\"],\"email\":\"communication@uni.lu\",\"telephone\":\"+3524666441\",\"address\":{\"@type\":\"PostalAddress\",\"streetAddress\":\"2, place de l\u2019Universit\u00e9\",\"addressLocality\":\"Esch-sur-Alzette\",\"postalCode\":\"4365\",\"addressCountry\":\"LU\"},\"description\":\"Faculty of Law, Economics and Finance I Uni.lu\"}]}<\/script>\n<!-- \/ Yoast SEO Premium plugin. -->","yoast_head_json":{"title":"DEM Lunch Seminar with Charles de Grazia, EMLV, FR - FDEF events I Uni.lu","description":"Challenges facing self-reliant inventors: Do patents help? Abstract Self-reliant inventors\u2014those who file patent applications without organizational","robots":{"index":"index","follow":"follow","max-snippet":"max-snippet:-1","max-image-preview":"max-image-preview:large","max-video-preview":"max-video-preview:-1"},"canonical":"https:\/\/www.uni.lu\/fdef-en\/events\/dem-lunch-seminar-with-charles-de-grazia-associate-professor-emlv-fr\/","og_locale":"en_GB","og_type":"article","og_title":"DEM Lunch Seminar with Charles de Grazia, EMLV, FR","og_description":"Challenges facing self-reliant inventors: Do patents help? Abstract Self-reliant inventors\u2014those who file patent applications without organizational","og_url":"https:\/\/www.uni.lu\/fdef-en\/events\/dem-lunch-seminar-with-charles-de-grazia-associate-professor-emlv-fr\/","og_site_name":"FDEF EN","article_publisher":"https:\/\/www.facebook.com\/uni.FDEF.lu","article_modified_time":"2026-02-17T09:55:20+00:00","og_image":[{"width":650,"height":665,"url":"https:\/\/www.uni.lu\/wp-content\/uploads\/sites\/3\/2024\/05\/Lunch-Seminar-DEM.png","type":"image\/png"}],"twitter_card":"summary_large_image","twitter_misc":{"Estimated reading time":"2 minutes"},"schema":{"@context":"https:\/\/schema.org","@graph":[{"@type":"WebPage","@id":"https:\/\/www.uni.lu\/fdef-en\/events\/dem-lunch-seminar-with-charles-de-grazia-associate-professor-emlv-fr\/","url":"https:\/\/www.uni.lu\/fdef-en\/events\/dem-lunch-seminar-with-charles-de-grazia-associate-professor-emlv-fr\/","name":"DEM Lunch Seminar with Charles de Grazia, EMLV, FR - FDEF events I Uni.lu","isPartOf":{"@id":"https:\/\/www.uni.lu\/fdef-en\/#website"},"primaryImageOfPage":{"@id":"https:\/\/www.uni.lu\/fdef-en\/events\/dem-lunch-seminar-with-charles-de-grazia-associate-professor-emlv-fr\/#primaryimage"},"image":{"@id":"https:\/\/www.uni.lu\/fdef-en\/events\/dem-lunch-seminar-with-charles-de-grazia-associate-professor-emlv-fr\/#primaryimage"},"thumbnailUrl":"https:\/\/www.uni.lu\/wp-content\/uploads\/sites\/3\/2024\/05\/Lunch-Seminar-DEM.png","datePublished":"2026-02-04T16:25:15+00:00","dateModified":"2026-02-17T09:55:20+00:00","description":"Challenges facing self-reliant inventors: Do patents help? Abstract Self-reliant inventors\u2014those who file patent applications without organizational","breadcrumb":{"@id":"https:\/\/www.uni.lu\/fdef-en\/events\/dem-lunch-seminar-with-charles-de-grazia-associate-professor-emlv-fr\/#breadcrumb"},"inLanguage":"en-GB","potentialAction":[{"@type":"ReadAction","target":["https:\/\/www.uni.lu\/fdef-en\/events\/dem-lunch-seminar-with-charles-de-grazia-associate-professor-emlv-fr\/"]}]},{"@type":"ImageObject","inLanguage":"en-GB","@id":"https:\/\/www.uni.lu\/fdef-en\/events\/dem-lunch-seminar-with-charles-de-grazia-associate-professor-emlv-fr\/#primaryimage","url":"https:\/\/www.uni.lu\/wp-content\/uploads\/sites\/3\/2024\/05\/Lunch-Seminar-DEM.png","contentUrl":"https:\/\/www.uni.lu\/wp-content\/uploads\/sites\/3\/2024\/05\/Lunch-Seminar-DEM.png","width":650,"height":665,"caption":"Department of Economics and Management (DEM)"},{"@type":"BreadcrumbList","@id":"https:\/\/www.uni.lu\/fdef-en\/events\/dem-lunch-seminar-with-charles-de-grazia-associate-professor-emlv-fr\/#breadcrumb","itemListElement":[{"@type":"ListItem","position":1,"name":"Home","item":"https:\/\/www.uni.lu\/en"},{"@type":"ListItem","position":2,"name":"Faculty of Law, Economics and Finance","item":"https:\/\/www.uni.lu\/fdef-en\/"},{"@type":"ListItem","position":3,"name":"Events","item":"https:\/\/www.uni.lu\/fdef-en\/events\/"},{"@type":"ListItem","position":4,"name":"DEM Lunch Seminar with Charles de Grazia, EMLV, FR"}]},{"@type":"WebSite","@id":"https:\/\/www.uni.lu\/fdef-en\/#website","url":"https:\/\/www.uni.lu\/fdef-en\/","name":"FDEF","description":"Faculty of Law, Economics and Finance I Uni.lu","publisher":{"@id":"https:\/\/www.uni.lu\/fdef-en\/#organization"},"alternateName":"Faculty of Law, Economics and Finance I University of Luxembourg","potentialAction":[{"@type":"SearchAction","target":{"@type":"EntryPoint","urlTemplate":"https:\/\/www.uni.lu\/fdef-en\/?s={search_term_string}"},"query-input":"required name=search_term_string"}],"inLanguage":"en-GB"},{"@type":"Organization","@id":"https:\/\/www.uni.lu\/fdef-en\/#organization","name":"FDEF - University of Luxembourg I Uni.lu","alternateName":"Faculty of Law, Economics and Finance","url":"https:\/\/www.uni.lu\/fdef-en\/","logo":{"@type":"ImageObject","inLanguage":"en-GB","@id":"https:\/\/www.uni.lu\/fdef-en\/#\/schema\/logo\/image\/","url":"https:\/\/www.uni.lu\/wp-content\/uploads\/sites\/3\/2026\/03\/03111918\/FDEF_SM-Profile_1600x1600px-scaled.jpg","contentUrl":"https:\/\/www.uni.lu\/wp-content\/uploads\/sites\/3\/2026\/03\/03111918\/FDEF_SM-Profile_1600x1600px-scaled.jpg","width":2560,"height":2560,"caption":"FDEF - University of Luxembourg I Uni.lu"},"image":"https:\/\/www.uni.lu\/wp-content\/uploads\/sites\/3\/2026\/04\/24144328\/20200609-Belval-Campus_Henri-Goergen-23.jpg","sameAs":["https:\/\/www.facebook.com\/uni.FDEF.lu","https:\/\/www.linkedin.com\/showcase\/fdef-uni-lu\/"],"email":"communication@uni.lu","telephone":"+3524666441","address":{"@type":"PostalAddress","streetAddress":"2, place de l\u2019Universit\u00e9","addressLocality":"Esch-sur-Alzette","postalCode":"4365","addressCountry":"LU"},"description":"Faculty of Law, Economics and Finance I Uni.lu"}]}},"_links":{"self":[{"href":"https:\/\/www.uni.lu\/fdef-en\/wp-json\/wp\/v2\/events\/23303"}],"collection":[{"href":"https:\/\/www.uni.lu\/fdef-en\/wp-json\/wp\/v2\/events"}],"about":[{"href":"https:\/\/www.uni.lu\/fdef-en\/wp-json\/wp\/v2\/types\/events"}],"author":[{"embeddable":true,"href":"https:\/\/www.uni.lu\/fdef-en\/wp-json\/wp\/v2\/users\/413"}],"replies":[{"embeddable":true,"href":"https:\/\/www.uni.lu\/fdef-en\/wp-json\/wp\/v2\/comments?post=23303"}],"version-history":[{"count":5,"href":"https:\/\/www.uni.lu\/fdef-en\/wp-json\/wp\/v2\/events\/23303\/revisions"}],"predecessor-version":[{"id":23634,"href":"https:\/\/www.uni.lu\/fdef-en\/wp-json\/wp\/v2\/events\/23303\/revisions\/23634"}],"wp:authorship":[{"embeddable":true,"href":"https:\/\/www.uni.lu\/fdef-en\/wp-json\/wp\/v2\/users\/413"}],"wp:featuredmedia":[{"embeddable":true,"href":"https:\/\/www.uni.lu\/fdef-en\/wp-json\/wp\/v2\/media\/10247"}],"wp:attachment":[{"href":"https:\/\/www.uni.lu\/fdef-en\/wp-json\/wp\/v2\/media?parent=23303"}],"wp:term":[{"taxonomy":"events-topic","embeddable":true,"href":"https:\/\/www.uni.lu\/fdef-en\/wp-json\/wp\/v2\/events-topic?post=23303"},{"taxonomy":"events-type","embeddable":true,"href":"https:\/\/www.uni.lu\/fdef-en\/wp-json\/wp\/v2\/events-type?post=23303"},{"taxonomy":"organisation","embeddable":true,"href":"https:\/\/www.uni.lu\/fdef-en\/wp-json\/wp\/v2\/organisation?post=23303"}],"curies":[{"name":"wp","href":"https:\/\/api.w.org\/{rel}","templated":true}]}}