{"id":20946,"date":"2025-07-30T10:58:05","date_gmt":"2025-07-30T08:58:05","guid":{"rendered":"https:\/\/www.uni.lu\/fdef-en\/?post_type=events&#038;p=20946"},"modified":"2025-07-30T10:58:06","modified_gmt":"2025-07-30T08:58:06","slug":"dem-lunch-seminar-with-stefano-baruffaldi-polytechnic-university-of-milan-it","status":"publish","type":"events","link":"https:\/\/www.uni.lu\/fdef-en\/events\/dem-lunch-seminar-with-stefano-baruffaldi-polytechnic-university-of-milan-it\/","title":{"rendered":"DEM Lunch Seminar with Stefano Baruffaldi, Polytechnic University of Milan, IT"},"content":{"rendered":"\n<section class=\"wp-block-unilux-blocks-free-section section\"><div class=\"container xl:max-w-screen-xl\">\n<p><\/p>\n\n\n\n<ul class=\"wp-block-unilux-blocks-custom-buttons btn-list\"><li class=\"wp-block-unilux-blocks-custom-button\"    aria-disabled=\"false\"\n    >\n    <a\n        role=\"link\"\n        aria-disabled=\"false\"\n                    href=\"https:\/\/www.eventbrite.fr\/e\/dem-lunch-seminar-stefano-baruffaldi-polytechnic-university-of-milan-it-registration-1543349553059?aff=oddtdtcreator\"\n                target=\"_self\"\n        class=\"btn btn--primary\"\n            >Register<\/a>\n<\/li>\n\n\n<li class=\"wp-block-unilux-blocks-custom-button\"    aria-disabled=\"false\"\n    >\n    <a\n        role=\"link\"\n        aria-disabled=\"false\"\n                    href=\"https:\/\/www.uni.lu\/fdef-en\/calendar?post_type=events&#038;p=20946&#038;calendar\"\n                target=\"_self\"\n        class=\"btn btn--secondary\"\n            >Ad to calendar<\/a>\n<\/li>\n<\/ul>\n\n\n\n<p><\/p>\n\n\n\n<p><strong>The impact of mobility grants on researchers<\/strong><\/p>\n\n\n\n<p><strong>Abstact<\/strong><\/p>\n\n\n\n<p>The international mobility of researchers has been central to the policy-makers\u2019 agendas for several decades. Despite the growing presence of mobility grants within public funding agencies\u2019 portfolios, empirical evidence on their effects remains scant. In this paper, we con-tribute to the literature by studying the Marie Sklodowska-Curie Individual Fellowships, the flagship program of the EU, providing competitive grants to researchers to spend a research period abroad. Based on data for the universe of applicants to the Seventh Framework Programme (2007-2013), we exploit the discontinuity in grant assignment to uncover causal effects on individual researchers. Results show that Individual Fellowships are indeed conducive to higher chances of experiencing mobility to the scientists\u2019 country of choice. Additionally, we show that grants supporting extra-European mobility, as opposed to those supporting mobility within Europe, lead to an increase in terms of publication quantity and quality, and help researchers expand their collaboration networks. This suggests that grants are most effective when targeting mobility flows subject to larger frictions.<\/p>\n\n\n\n<p><\/p>\n\n\n\n<p><strong>About the speaker<\/strong><br><em>S<\/em>tefano Baruffaldi is Associate Professor at the School of Management of the Polytechnic University of Milan and a Senior Affiliated Researcher at the Max Planck Institute for Innovation and Competition in Munich. He holds a PhD in Economics and Management of Innovation from \u00c9cole Polytechnique F\u00e9d\u00e9rale de Lausanne (EPFL), where he explored the role of proximity in science and innovation. His professional path includes a postdoctoral research position at the Max Planck Institute, a lecturer (assistant professor) role at the University of Bath, and a policy analyst position at the OECD in Paris, where he contributed to projects on innovation for inclusive growth within the Science, Technology and Innovation division. His research focuses on the mobility of scientists, knowledge diffusion, innovation policy, and the intersection of science and business. His empirical work spans topics such as international mobility of researchers, the role of social networks and conferences in scientific learning, and the disclosure of research through patents and publications. He has published in leading journals including Research Policy, Management Science, American Economic Journal: Applied Economics, Industry and Innovation, and Regional Studies.<\/p>\n\n\n\n<p><\/p>\n\n\n\n<p><strong>Language<\/strong><\/p>\n\n\n\n<p>English<\/p>\n\n\n\n<p><\/p>\n\n\n\n<p>This is a free seminar. Registration is mandatory.<\/p>\n\n\n\n<div class=\"wp-block-columns is-layout-flex wp-block-columns-is-layout-flex\">\n<div class=\"wp-block-column is-layout-flow wp-block-column-is-layout-flow\"><figure class=\"wp-block-dev4-reusable-blocks-image  object-fit--scale-down\">\n    \n<img decoding=\"async\" class=\"wp-block-image unilux-custom-image-block\"\n                alt=\"\"\n            src=\"https:\/\/www.uni.lu\/wp-content\/uploads\/sites\/3\/2025\/06\/18105657\/FNR_LOGO.png\"\n                srcset=\"https:\/\/www.uni.lu\/wp-content\/uploads\/sites\/3\/2025\/06\/18105657\/FNR_LOGO-300x50.png 300w, https:\/\/www.uni.lu\/wp-content\/uploads\/sites\/3\/2025\/06\/18105657\/FNR_LOGO-1024x172.png 1024w, https:\/\/www.uni.lu\/wp-content\/uploads\/sites\/3\/2025\/06\/18105657\/FNR_LOGO-768x129.png 768w, https:\/\/www.uni.lu\/wp-content\/uploads\/sites\/3\/2025\/06\/18105657\/FNR_LOGO-1536x258.png 1536w, https:\/\/www.uni.lu\/wp-content\/uploads\/sites\/3\/2025\/06\/18105657\/FNR_LOGO-2048x344.png 2048w\"\n                style=\"object-position: 50.00% 50.00%; font-family: &quot;object-fit: scale-down; object-position: 50.00% 50.00%;&quot;; aspect-ratio: 16\/9; object-fit: scale-down; width: 75%;\"\n        loading=\"lazy\"\n\/>    <\/figure><\/div>\n\n\n\n<div class=\"wp-block-column is-layout-flow wp-block-column-is-layout-flow\">\n<p><br><br><br><br>Supported by the Fond National de la Recherche,<br>Luxembourg (19441346)\u00a0<\/p>\n<\/div>\n<\/div>\n\n\n\n<p><\/p>\n<\/div><\/section>\n","protected":false},"excerpt":{"rendered":"","protected":false},"author":99,"featured_media":10247,"parent":0,"menu_order":0,"comment_status":"closed","ping_status":"closed","template":"","format":"standard","meta":{"featured_image_focal_point":[],"show_featured_caption":false,"ulux_newsletter_groups":"","uluxPostTitle":"","uluxPrePostTitle":"","_trash_the_other_posts":false,"_price":"","_stock":"","_tribe_ticket_header":"","_tribe_default_ticket_provider":"","_tribe_ticket_capacity":"0","_ticket_start_date":"","_ticket_end_date":"","_tribe_ticket_show_description":"","_tribe_ticket_show_not_going":false,"_tribe_ticket_use_global_stock":"","_tribe_ticket_global_stock_level":"","_global_stock_mode":"","_global_stock_cap":"","_tribe_rsvp_for_event":"","_tribe_ticket_going_count":"","_tribe_ticket_not_going_count":"","_tribe_tickets_list":"[]","_tribe_ticket_has_attendee_info_fields":false,"event_start_date":"2025-11-26 13:00:00","event_end_date":"2025-11-26 14:00:00","event_speaker_name":"Stefano Baruffaldi","event_speaker_link":"https:\/\/www.som.polimi.it\/professor\/baruffaldi-stefano\/","event_is_online":false,"event_location":"Universit\u00e9 du Luxembourg - Campus Weicker","event_street":"4, rue Alphonse Weicker  Room A401","event_location_link":"https:\/\/www.uni.lu\/en\/about\/campuses\/weicker-building\/","event_zip_code":"2721","event_city":"Luxembourg","event_country":"Luxembourg"},"events-topic":[298],"events-type":[323,322,315],"organisation":[138,101],"authorship":[99],"acf":[],"yoast_head":"<!-- This site is optimized with the Yoast SEO Premium plugin v22.3 (Yoast SEO v22.3) - https:\/\/yoast.com\/wordpress\/plugins\/seo\/ -->\n<title>DEM Lunch Seminar with Stefano Baruffaldi, Polytechnic University of Milan, IT - FDEF events I Uni.lu<\/title>\n<meta name=\"description\" content=\"The impact of mobility grants on researchers Abstact The international mobility of researchers has been central to the policy-makers\u2019 agendas for several\" \/>\n<meta name=\"robots\" content=\"index, follow, max-snippet:-1, max-image-preview:large, max-video-preview:-1\" \/>\n<link rel=\"canonical\" href=\"https:\/\/www.uni.lu\/fdef-en\/events\/dem-lunch-seminar-with-stefano-baruffaldi-polytechnic-university-of-milan-it\/\" \/>\n<meta property=\"og:locale\" content=\"en_GB\" \/>\n<meta property=\"og:type\" content=\"article\" \/>\n<meta property=\"og:title\" content=\"DEM Lunch Seminar with Stefano Baruffaldi, Polytechnic University of Milan, IT\" \/>\n<meta property=\"og:description\" content=\"The impact of mobility grants on researchers Abstact The international mobility of researchers has been central to the policy-makers\u2019 agendas for several\" \/>\n<meta property=\"og:url\" content=\"https:\/\/www.uni.lu\/fdef-en\/events\/dem-lunch-seminar-with-stefano-baruffaldi-polytechnic-university-of-milan-it\/\" \/>\n<meta property=\"og:site_name\" content=\"FDEF EN\" \/>\n<meta property=\"article:publisher\" content=\"https:\/\/www.facebook.com\/uni.FDEF.lu\" \/>\n<meta property=\"article:modified_time\" content=\"2025-07-30T08:58:06+00:00\" \/>\n<meta property=\"og:image\" content=\"https:\/\/www.uni.lu\/wp-content\/uploads\/sites\/3\/2024\/05\/Lunch-Seminar-DEM.png\" \/>\n\t<meta property=\"og:image:width\" content=\"650\" \/>\n\t<meta property=\"og:image:height\" content=\"665\" \/>\n\t<meta property=\"og:image:type\" content=\"image\/png\" \/>\n<meta name=\"twitter:card\" content=\"summary_large_image\" \/>\n<meta name=\"twitter:label1\" content=\"Estimated reading time\" \/>\n\t<meta name=\"twitter:data1\" content=\"2 minutes\" \/>\n<script type=\"application\/ld+json\" class=\"yoast-schema-graph\">{\"@context\":\"https:\/\/schema.org\",\"@graph\":[{\"@type\":\"WebPage\",\"@id\":\"https:\/\/www.uni.lu\/fdef-en\/events\/dem-lunch-seminar-with-stefano-baruffaldi-polytechnic-university-of-milan-it\/\",\"url\":\"https:\/\/www.uni.lu\/fdef-en\/events\/dem-lunch-seminar-with-stefano-baruffaldi-polytechnic-university-of-milan-it\/\",\"name\":\"DEM Lunch Seminar with Stefano Baruffaldi, Polytechnic University of Milan, IT - FDEF events I Uni.lu\",\"isPartOf\":{\"@id\":\"https:\/\/www.uni.lu\/fdef-en\/#website\"},\"primaryImageOfPage\":{\"@id\":\"https:\/\/www.uni.lu\/fdef-en\/events\/dem-lunch-seminar-with-stefano-baruffaldi-polytechnic-university-of-milan-it\/#primaryimage\"},\"image\":{\"@id\":\"https:\/\/www.uni.lu\/fdef-en\/events\/dem-lunch-seminar-with-stefano-baruffaldi-polytechnic-university-of-milan-it\/#primaryimage\"},\"thumbnailUrl\":\"https:\/\/www.uni.lu\/wp-content\/uploads\/sites\/3\/2024\/05\/Lunch-Seminar-DEM.png\",\"datePublished\":\"2025-07-30T08:58:05+00:00\",\"dateModified\":\"2025-07-30T08:58:06+00:00\",\"description\":\"The impact of mobility grants on researchers Abstact The international mobility of researchers has been central to the policy-makers\u2019 agendas for several\",\"breadcrumb\":{\"@id\":\"https:\/\/www.uni.lu\/fdef-en\/events\/dem-lunch-seminar-with-stefano-baruffaldi-polytechnic-university-of-milan-it\/#breadcrumb\"},\"inLanguage\":\"en-GB\",\"potentialAction\":[{\"@type\":\"ReadAction\",\"target\":[\"https:\/\/www.uni.lu\/fdef-en\/events\/dem-lunch-seminar-with-stefano-baruffaldi-polytechnic-university-of-milan-it\/\"]}]},{\"@type\":\"ImageObject\",\"inLanguage\":\"en-GB\",\"@id\":\"https:\/\/www.uni.lu\/fdef-en\/events\/dem-lunch-seminar-with-stefano-baruffaldi-polytechnic-university-of-milan-it\/#primaryimage\",\"url\":\"https:\/\/www.uni.lu\/wp-content\/uploads\/sites\/3\/2024\/05\/Lunch-Seminar-DEM.png\",\"contentUrl\":\"https:\/\/www.uni.lu\/wp-content\/uploads\/sites\/3\/2024\/05\/Lunch-Seminar-DEM.png\",\"width\":650,\"height\":665,\"caption\":\"Department of Economics and Management (DEM)\"},{\"@type\":\"BreadcrumbList\",\"@id\":\"https:\/\/www.uni.lu\/fdef-en\/events\/dem-lunch-seminar-with-stefano-baruffaldi-polytechnic-university-of-milan-it\/#breadcrumb\",\"itemListElement\":[{\"@type\":\"ListItem\",\"position\":1,\"name\":\"Home\",\"item\":\"https:\/\/www.uni.lu\/en\"},{\"@type\":\"ListItem\",\"position\":2,\"name\":\"Faculty of Law, Economics and Finance\",\"item\":\"https:\/\/www.uni.lu\/fdef-en\/\"},{\"@type\":\"ListItem\",\"position\":3,\"name\":\"Events\",\"item\":\"https:\/\/www.uni.lu\/fdef-en\/events\/\"},{\"@type\":\"ListItem\",\"position\":4,\"name\":\"DEM Lunch Seminar with Stefano Baruffaldi, Polytechnic University of Milan, IT\"}]},{\"@type\":\"WebSite\",\"@id\":\"https:\/\/www.uni.lu\/fdef-en\/#website\",\"url\":\"https:\/\/www.uni.lu\/fdef-en\/\",\"name\":\"FDEF\",\"description\":\"Faculty of Law, Economics and Finance I Uni.lu\",\"publisher\":{\"@id\":\"https:\/\/www.uni.lu\/fdef-en\/#organization\"},\"alternateName\":\"Faculty of Law, Economics and Finance I University of Luxembourg\",\"potentialAction\":[{\"@type\":\"SearchAction\",\"target\":{\"@type\":\"EntryPoint\",\"urlTemplate\":\"https:\/\/www.uni.lu\/fdef-en\/?s={search_term_string}\"},\"query-input\":\"required name=search_term_string\"}],\"inLanguage\":\"en-GB\"},{\"@type\":\"Organization\",\"@id\":\"https:\/\/www.uni.lu\/fdef-en\/#organization\",\"name\":\"FDEF - University of Luxembourg I Uni.lu\",\"alternateName\":\"Faculty of Law, Economics and Finance\",\"url\":\"https:\/\/www.uni.lu\/fdef-en\/\",\"logo\":{\"@type\":\"ImageObject\",\"inLanguage\":\"en-GB\",\"@id\":\"https:\/\/www.uni.lu\/fdef-en\/#\/schema\/logo\/image\/\",\"url\":\"https:\/\/www.uni.lu\/wp-content\/uploads\/sites\/3\/2026\/03\/03111918\/FDEF_SM-Profile_1600x1600px-scaled.jpg\",\"contentUrl\":\"https:\/\/www.uni.lu\/wp-content\/uploads\/sites\/3\/2026\/03\/03111918\/FDEF_SM-Profile_1600x1600px-scaled.jpg\",\"width\":2560,\"height\":2560,\"caption\":\"FDEF - University of Luxembourg I Uni.lu\"},\"image\":\"https:\/\/www.uni.lu\/wp-content\/uploads\/sites\/3\/2026\/04\/24144328\/20200609-Belval-Campus_Henri-Goergen-23.jpg\",\"sameAs\":[\"https:\/\/www.facebook.com\/uni.FDEF.lu\",\"https:\/\/www.linkedin.com\/showcase\/fdef-uni-lu\/\"],\"email\":\"communication@uni.lu\",\"telephone\":\"+3524666441\",\"address\":{\"@type\":\"PostalAddress\",\"streetAddress\":\"2, place de l\u2019Universit\u00e9\",\"addressLocality\":\"Esch-sur-Alzette\",\"postalCode\":\"4365\",\"addressCountry\":\"LU\"},\"description\":\"Faculty of Law, Economics and Finance I Uni.lu\"}]}<\/script>\n<!-- \/ Yoast SEO Premium plugin. -->","yoast_head_json":{"title":"DEM Lunch Seminar with Stefano Baruffaldi, Polytechnic University of Milan, IT - FDEF events I Uni.lu","description":"The impact of mobility grants on researchers Abstact The international mobility of researchers has been central to the policy-makers\u2019 agendas for several","robots":{"index":"index","follow":"follow","max-snippet":"max-snippet:-1","max-image-preview":"max-image-preview:large","max-video-preview":"max-video-preview:-1"},"canonical":"https:\/\/www.uni.lu\/fdef-en\/events\/dem-lunch-seminar-with-stefano-baruffaldi-polytechnic-university-of-milan-it\/","og_locale":"en_GB","og_type":"article","og_title":"DEM Lunch Seminar with Stefano Baruffaldi, Polytechnic University of Milan, IT","og_description":"The impact of mobility grants on researchers Abstact The international mobility of researchers has been central to the policy-makers\u2019 agendas for several","og_url":"https:\/\/www.uni.lu\/fdef-en\/events\/dem-lunch-seminar-with-stefano-baruffaldi-polytechnic-university-of-milan-it\/","og_site_name":"FDEF EN","article_publisher":"https:\/\/www.facebook.com\/uni.FDEF.lu","article_modified_time":"2025-07-30T08:58:06+00:00","og_image":[{"width":650,"height":665,"url":"https:\/\/www.uni.lu\/wp-content\/uploads\/sites\/3\/2024\/05\/Lunch-Seminar-DEM.png","type":"image\/png"}],"twitter_card":"summary_large_image","twitter_misc":{"Estimated reading time":"2 minutes"},"schema":{"@context":"https:\/\/schema.org","@graph":[{"@type":"WebPage","@id":"https:\/\/www.uni.lu\/fdef-en\/events\/dem-lunch-seminar-with-stefano-baruffaldi-polytechnic-university-of-milan-it\/","url":"https:\/\/www.uni.lu\/fdef-en\/events\/dem-lunch-seminar-with-stefano-baruffaldi-polytechnic-university-of-milan-it\/","name":"DEM Lunch Seminar with Stefano Baruffaldi, Polytechnic University of Milan, IT - FDEF events I Uni.lu","isPartOf":{"@id":"https:\/\/www.uni.lu\/fdef-en\/#website"},"primaryImageOfPage":{"@id":"https:\/\/www.uni.lu\/fdef-en\/events\/dem-lunch-seminar-with-stefano-baruffaldi-polytechnic-university-of-milan-it\/#primaryimage"},"image":{"@id":"https:\/\/www.uni.lu\/fdef-en\/events\/dem-lunch-seminar-with-stefano-baruffaldi-polytechnic-university-of-milan-it\/#primaryimage"},"thumbnailUrl":"https:\/\/www.uni.lu\/wp-content\/uploads\/sites\/3\/2024\/05\/Lunch-Seminar-DEM.png","datePublished":"2025-07-30T08:58:05+00:00","dateModified":"2025-07-30T08:58:06+00:00","description":"The impact of mobility grants on researchers Abstact The international mobility of researchers has been central to the policy-makers\u2019 agendas for several","breadcrumb":{"@id":"https:\/\/www.uni.lu\/fdef-en\/events\/dem-lunch-seminar-with-stefano-baruffaldi-polytechnic-university-of-milan-it\/#breadcrumb"},"inLanguage":"en-GB","potentialAction":[{"@type":"ReadAction","target":["https:\/\/www.uni.lu\/fdef-en\/events\/dem-lunch-seminar-with-stefano-baruffaldi-polytechnic-university-of-milan-it\/"]}]},{"@type":"ImageObject","inLanguage":"en-GB","@id":"https:\/\/www.uni.lu\/fdef-en\/events\/dem-lunch-seminar-with-stefano-baruffaldi-polytechnic-university-of-milan-it\/#primaryimage","url":"https:\/\/www.uni.lu\/wp-content\/uploads\/sites\/3\/2024\/05\/Lunch-Seminar-DEM.png","contentUrl":"https:\/\/www.uni.lu\/wp-content\/uploads\/sites\/3\/2024\/05\/Lunch-Seminar-DEM.png","width":650,"height":665,"caption":"Department of Economics and Management (DEM)"},{"@type":"BreadcrumbList","@id":"https:\/\/www.uni.lu\/fdef-en\/events\/dem-lunch-seminar-with-stefano-baruffaldi-polytechnic-university-of-milan-it\/#breadcrumb","itemListElement":[{"@type":"ListItem","position":1,"name":"Home","item":"https:\/\/www.uni.lu\/en"},{"@type":"ListItem","position":2,"name":"Faculty of Law, Economics and Finance","item":"https:\/\/www.uni.lu\/fdef-en\/"},{"@type":"ListItem","position":3,"name":"Events","item":"https:\/\/www.uni.lu\/fdef-en\/events\/"},{"@type":"ListItem","position":4,"name":"DEM Lunch Seminar with Stefano Baruffaldi, Polytechnic University of Milan, IT"}]},{"@type":"WebSite","@id":"https:\/\/www.uni.lu\/fdef-en\/#website","url":"https:\/\/www.uni.lu\/fdef-en\/","name":"FDEF","description":"Faculty of Law, Economics and Finance I Uni.lu","publisher":{"@id":"https:\/\/www.uni.lu\/fdef-en\/#organization"},"alternateName":"Faculty of Law, Economics and Finance I University of Luxembourg","potentialAction":[{"@type":"SearchAction","target":{"@type":"EntryPoint","urlTemplate":"https:\/\/www.uni.lu\/fdef-en\/?s={search_term_string}"},"query-input":"required name=search_term_string"}],"inLanguage":"en-GB"},{"@type":"Organization","@id":"https:\/\/www.uni.lu\/fdef-en\/#organization","name":"FDEF - University of Luxembourg I Uni.lu","alternateName":"Faculty of Law, Economics and Finance","url":"https:\/\/www.uni.lu\/fdef-en\/","logo":{"@type":"ImageObject","inLanguage":"en-GB","@id":"https:\/\/www.uni.lu\/fdef-en\/#\/schema\/logo\/image\/","url":"https:\/\/www.uni.lu\/wp-content\/uploads\/sites\/3\/2026\/03\/03111918\/FDEF_SM-Profile_1600x1600px-scaled.jpg","contentUrl":"https:\/\/www.uni.lu\/wp-content\/uploads\/sites\/3\/2026\/03\/03111918\/FDEF_SM-Profile_1600x1600px-scaled.jpg","width":2560,"height":2560,"caption":"FDEF - University of Luxembourg I Uni.lu"},"image":"https:\/\/www.uni.lu\/wp-content\/uploads\/sites\/3\/2026\/04\/24144328\/20200609-Belval-Campus_Henri-Goergen-23.jpg","sameAs":["https:\/\/www.facebook.com\/uni.FDEF.lu","https:\/\/www.linkedin.com\/showcase\/fdef-uni-lu\/"],"email":"communication@uni.lu","telephone":"+3524666441","address":{"@type":"PostalAddress","streetAddress":"2, place de l\u2019Universit\u00e9","addressLocality":"Esch-sur-Alzette","postalCode":"4365","addressCountry":"LU"},"description":"Faculty of Law, Economics and Finance I Uni.lu"}]}},"_links":{"self":[{"href":"https:\/\/www.uni.lu\/fdef-en\/wp-json\/wp\/v2\/events\/20946"}],"collection":[{"href":"https:\/\/www.uni.lu\/fdef-en\/wp-json\/wp\/v2\/events"}],"about":[{"href":"https:\/\/www.uni.lu\/fdef-en\/wp-json\/wp\/v2\/types\/events"}],"author":[{"embeddable":true,"href":"https:\/\/www.uni.lu\/fdef-en\/wp-json\/wp\/v2\/users\/99"}],"replies":[{"embeddable":true,"href":"https:\/\/www.uni.lu\/fdef-en\/wp-json\/wp\/v2\/comments?post=20946"}],"version-history":[{"count":4,"href":"https:\/\/www.uni.lu\/fdef-en\/wp-json\/wp\/v2\/events\/20946\/revisions"}],"predecessor-version":[{"id":20951,"href":"https:\/\/www.uni.lu\/fdef-en\/wp-json\/wp\/v2\/events\/20946\/revisions\/20951"}],"wp:authorship":[{"embeddable":true,"href":"https:\/\/www.uni.lu\/fdef-en\/wp-json\/wp\/v2\/users\/99"}],"wp:featuredmedia":[{"embeddable":true,"href":"https:\/\/www.uni.lu\/fdef-en\/wp-json\/wp\/v2\/media\/10247"}],"wp:attachment":[{"href":"https:\/\/www.uni.lu\/fdef-en\/wp-json\/wp\/v2\/media?parent=20946"}],"wp:term":[{"taxonomy":"events-topic","embeddable":true,"href":"https:\/\/www.uni.lu\/fdef-en\/wp-json\/wp\/v2\/events-topic?post=20946"},{"taxonomy":"events-type","embeddable":true,"href":"https:\/\/www.uni.lu\/fdef-en\/wp-json\/wp\/v2\/events-type?post=20946"},{"taxonomy":"organisation","embeddable":true,"href":"https:\/\/www.uni.lu\/fdef-en\/wp-json\/wp\/v2\/organisation?post=20946"}],"curies":[{"name":"wp","href":"https:\/\/api.w.org\/{rel}","templated":true}]}}