{"id":10797,"date":"2024-06-13T09:18:01","date_gmt":"2024-06-13T07:18:01","guid":{"rendered":"https:\/\/www.uni.lu\/fdef-en\/?post_type=events&#038;p=10797"},"modified":"2024-06-13T09:30:57","modified_gmt":"2024-06-13T07:30:57","slug":"doctoral-defence-alessio-belli","status":"publish","type":"events","link":"https:\/\/www.uni.lu\/fdef-en\/events\/doctoral-defence-alessio-belli\/","title":{"rendered":"Doctoral Defence: Alessio Belli"},"content":{"rendered":"\n<section class=\"wp-block-unilux-blocks-free-section section\"><div class=\"container xl:max-w-screen-xl\">\n<p>The Faculty of Law, Economics &amp; Finance is happy to invite you to Alessio Belli\u2019s defence:<\/p>\n\n\n\n<p><strong>Date:<\/strong>&nbsp;28 of June 2024, at 14.00<\/p>\n\n\n\n<p><strong>Venue:&nbsp;<\/strong>Weicker Building, room&nbsp;A101<\/p>\n\n\n\n<p><strong>Thesis title:<\/strong>&nbsp;L&#8217;h\u00e9ritage oubli\u00e9. La citoyennet\u00e9 sociale \u00e0 la recherche d&#8217;un nouvel imaginaire normatif<\/p>\n\n\n\n<p><strong>Jury Members:<\/strong><\/p>\n\n\n\n<figure class=\"wp-block-table\"><table><tbody><tr><td><strong>Jury Members<\/strong><\/td><td><strong><strong>Status<\/strong><\/strong><\/td><\/tr><tr><td>Prof. Dr. Philippe Poirier, University of Luxembourg<\/td><td>Chair<\/td><\/tr><tr><td>Prof. Dr. Luca Ratti, University of Luxembourg<\/td><td>Vice-chair<\/td><\/tr><tr><td>Prof. Dr. Johan Van der Walt, University of Luxembourg<\/td><td>Member (Supervisor)<\/td><\/tr><tr><td>Prof. Dr Filip Dorssemont, University of Leuven<\/td><td>Member<\/td><\/tr><tr><td>Prof. Dr Achim Seifert, Universit\u00e4t Des Saarlandes<\/td><td>Member<\/td><\/tr><\/tbody><\/table><\/figure>\n<\/div><\/section>\n","protected":false},"excerpt":{"rendered":"","protected":false},"author":196,"featured_media":0,"parent":0,"menu_order":0,"comment_status":"open","ping_status":"closed","template":"","format":"standard","meta":{"featured_image_focal_point":[],"show_featured_caption":false,"ulux_newsletter_groups":"","uluxPostTitle":"","uluxPrePostTitle":"","_trash_the_other_posts":false,"_price":"","_stock":"","_tribe_ticket_header":"","_tribe_default_ticket_provider":"","_tribe_ticket_capacity":"0","_ticket_start_date":"","_ticket_end_date":"","_tribe_ticket_show_description":"","_tribe_ticket_show_not_going":false,"_tribe_ticket_use_global_stock":"","_tribe_ticket_global_stock_level":"","_global_stock_mode":"","_global_stock_cap":"","_tribe_rsvp_for_event":"","_tribe_ticket_going_count":"","_tribe_ticket_not_going_count":"","_tribe_tickets_list":"[]","_tribe_ticket_has_attendee_info_fields":false,"event_start_date":"2024-06-28 14:00:00","event_end_date":"2024-06-28 16:00:00","event_speaker_name":"Alessio Belli","event_speaker_link":"","event_is_online":false,"event_location":"Weicker Building","event_street":"4, rue Alphonse Weicker","event_location_link":"https:\/\/www.uni.lu\/en\/about\/campuses\/weicker-building\/","event_zip_code":"2721","event_city":"Luxembourg","event_country":"Luxembourg"},"events-topic":[305],"events-type":[320,323,322],"organisation":[102,101],"authorship":[196],"acf":[],"yoast_head":"<!-- This site is optimized with the Yoast SEO Premium plugin v22.3 (Yoast SEO v22.3) - https:\/\/yoast.com\/wordpress\/plugins\/seo\/ -->\n<title>Doctoral Defence: Alessio Belli - FDEF events I Uni.lu<\/title>\n<meta name=\"description\" content=\"The Faculty of Law, Economics &amp; Finance is happy to invite you to Alessio Belli\u2019s defence: Date:&nbsp;28 of June 2024, at 14.00 Venue:&nbsp;Weicker\" \/>\n<meta name=\"robots\" content=\"index, follow, max-snippet:-1, max-image-preview:large, max-video-preview:-1\" \/>\n<link rel=\"canonical\" href=\"https:\/\/www.uni.lu\/fdef-en\/events\/doctoral-defence-alessio-belli\/\" \/>\n<meta property=\"og:locale\" content=\"en_GB\" \/>\n<meta property=\"og:type\" content=\"article\" \/>\n<meta property=\"og:title\" content=\"Doctoral Defence: Alessio Belli\" \/>\n<meta property=\"og:description\" content=\"The Faculty of Law, Economics &amp; Finance is happy to invite you to Alessio Belli\u2019s defence: Date:&nbsp;28 of June 2024, at 14.00 Venue:&nbsp;Weicker\" \/>\n<meta property=\"og:url\" content=\"https:\/\/www.uni.lu\/fdef-en\/events\/doctoral-defence-alessio-belli\/\" \/>\n<meta property=\"og:site_name\" content=\"FDEF EN\" \/>\n<meta property=\"article:publisher\" content=\"https:\/\/www.facebook.com\/uni.FDEF.lu\" \/>\n<meta property=\"article:modified_time\" content=\"2024-06-13T07:30:57+00:00\" \/>\n<meta property=\"og:image\" content=\"https:\/\/www.uni.lu\/wp-content\/uploads\/sites\/3\/2026\/03\/03111918\/FDEF_SM-Profile_1600x1600px-scaled.jpg\" \/>\n\t<meta property=\"og:image:width\" content=\"2560\" \/>\n\t<meta property=\"og:image:height\" content=\"2560\" \/>\n\t<meta property=\"og:image:type\" content=\"image\/jpeg\" \/>\n<meta name=\"twitter:card\" content=\"summary_large_image\" \/>\n<meta name=\"twitter:label1\" content=\"Estimated reading time\" \/>\n\t<meta name=\"twitter:data1\" content=\"1 minute\" \/>\n<script type=\"application\/ld+json\" class=\"yoast-schema-graph\">{\"@context\":\"https:\/\/schema.org\",\"@graph\":[{\"@type\":\"WebPage\",\"@id\":\"https:\/\/www.uni.lu\/fdef-en\/events\/doctoral-defence-alessio-belli\/\",\"url\":\"https:\/\/www.uni.lu\/fdef-en\/events\/doctoral-defence-alessio-belli\/\",\"name\":\"Doctoral Defence: Alessio Belli - FDEF events I Uni.lu\",\"isPartOf\":{\"@id\":\"https:\/\/www.uni.lu\/fdef-en\/#website\"},\"datePublished\":\"2024-06-13T07:18:01+00:00\",\"dateModified\":\"2024-06-13T07:30:57+00:00\",\"description\":\"The Faculty of Law, Economics &amp; Finance is happy to invite you to Alessio Belli\u2019s defence: Date:&nbsp;28 of June 2024, at 14.00 Venue:&nbsp;Weicker\",\"breadcrumb\":{\"@id\":\"https:\/\/www.uni.lu\/fdef-en\/events\/doctoral-defence-alessio-belli\/#breadcrumb\"},\"inLanguage\":\"en-GB\",\"potentialAction\":[{\"@type\":\"ReadAction\",\"target\":[\"https:\/\/www.uni.lu\/fdef-en\/events\/doctoral-defence-alessio-belli\/\"]}]},{\"@type\":\"BreadcrumbList\",\"@id\":\"https:\/\/www.uni.lu\/fdef-en\/events\/doctoral-defence-alessio-belli\/#breadcrumb\",\"itemListElement\":[{\"@type\":\"ListItem\",\"position\":1,\"name\":\"Home\",\"item\":\"https:\/\/www.uni.lu\/en\"},{\"@type\":\"ListItem\",\"position\":2,\"name\":\"Faculty of Law, Economics and Finance\",\"item\":\"https:\/\/www.uni.lu\/fdef-en\/\"},{\"@type\":\"ListItem\",\"position\":3,\"name\":\"Events\",\"item\":\"https:\/\/www.uni.lu\/fdef-en\/events\/\"},{\"@type\":\"ListItem\",\"position\":4,\"name\":\"Doctoral Defence: Alessio Belli\"}]},{\"@type\":\"WebSite\",\"@id\":\"https:\/\/www.uni.lu\/fdef-en\/#website\",\"url\":\"https:\/\/www.uni.lu\/fdef-en\/\",\"name\":\"FDEF\",\"description\":\"Faculty of Law, Economics and Finance I Uni.lu\",\"publisher\":{\"@id\":\"https:\/\/www.uni.lu\/fdef-en\/#organization\"},\"alternateName\":\"Faculty of Law, Economics and Finance I University of Luxembourg\",\"potentialAction\":[{\"@type\":\"SearchAction\",\"target\":{\"@type\":\"EntryPoint\",\"urlTemplate\":\"https:\/\/www.uni.lu\/fdef-en\/?s={search_term_string}\"},\"query-input\":\"required name=search_term_string\"}],\"inLanguage\":\"en-GB\"},{\"@type\":\"Organization\",\"@id\":\"https:\/\/www.uni.lu\/fdef-en\/#organization\",\"name\":\"FDEF - University of Luxembourg I Uni.lu\",\"alternateName\":\"Faculty of Law, Economics and Finance\",\"url\":\"https:\/\/www.uni.lu\/fdef-en\/\",\"logo\":{\"@type\":\"ImageObject\",\"inLanguage\":\"en-GB\",\"@id\":\"https:\/\/www.uni.lu\/fdef-en\/#\/schema\/logo\/image\/\",\"url\":\"https:\/\/www.uni.lu\/wp-content\/uploads\/sites\/3\/2026\/03\/03111918\/FDEF_SM-Profile_1600x1600px-scaled.jpg\",\"contentUrl\":\"https:\/\/www.uni.lu\/wp-content\/uploads\/sites\/3\/2026\/03\/03111918\/FDEF_SM-Profile_1600x1600px-scaled.jpg\",\"width\":2560,\"height\":2560,\"caption\":\"FDEF - University of Luxembourg I Uni.lu\"},\"image\":\"https:\/\/www.uni.lu\/wp-content\/uploads\/sites\/3\/2026\/04\/24144328\/20200609-Belval-Campus_Henri-Goergen-23.jpg\",\"sameAs\":[\"https:\/\/www.facebook.com\/uni.FDEF.lu\",\"https:\/\/www.linkedin.com\/showcase\/fdef-uni-lu\/\"],\"email\":\"communication@uni.lu\",\"telephone\":\"+3524666441\",\"address\":{\"@type\":\"PostalAddress\",\"streetAddress\":\"2, place de l\u2019Universit\u00e9\",\"addressLocality\":\"Esch-sur-Alzette\",\"postalCode\":\"4365\",\"addressCountry\":\"LU\"},\"description\":\"Faculty of Law, Economics and Finance I Uni.lu\"}]}<\/script>\n<!-- \/ Yoast SEO Premium plugin. -->","yoast_head_json":{"title":"Doctoral Defence: Alessio Belli - FDEF events I Uni.lu","description":"The Faculty of Law, Economics &amp; Finance is happy to invite you to Alessio Belli\u2019s defence: Date:&nbsp;28 of June 2024, at 14.00 Venue:&nbsp;Weicker","robots":{"index":"index","follow":"follow","max-snippet":"max-snippet:-1","max-image-preview":"max-image-preview:large","max-video-preview":"max-video-preview:-1"},"canonical":"https:\/\/www.uni.lu\/fdef-en\/events\/doctoral-defence-alessio-belli\/","og_locale":"en_GB","og_type":"article","og_title":"Doctoral Defence: Alessio Belli","og_description":"The Faculty of Law, Economics &amp; Finance is happy to invite you to Alessio Belli\u2019s defence: Date:&nbsp;28 of June 2024, at 14.00 Venue:&nbsp;Weicker","og_url":"https:\/\/www.uni.lu\/fdef-en\/events\/doctoral-defence-alessio-belli\/","og_site_name":"FDEF EN","article_publisher":"https:\/\/www.facebook.com\/uni.FDEF.lu","article_modified_time":"2024-06-13T07:30:57+00:00","og_image":[{"width":2560,"height":2560,"url":"https:\/\/www.uni.lu\/wp-content\/uploads\/sites\/3\/2026\/03\/03111918\/FDEF_SM-Profile_1600x1600px-scaled.jpg","type":"image\/jpeg"}],"twitter_card":"summary_large_image","twitter_misc":{"Estimated reading time":"1 minute"},"schema":{"@context":"https:\/\/schema.org","@graph":[{"@type":"WebPage","@id":"https:\/\/www.uni.lu\/fdef-en\/events\/doctoral-defence-alessio-belli\/","url":"https:\/\/www.uni.lu\/fdef-en\/events\/doctoral-defence-alessio-belli\/","name":"Doctoral Defence: Alessio Belli - FDEF events I Uni.lu","isPartOf":{"@id":"https:\/\/www.uni.lu\/fdef-en\/#website"},"datePublished":"2024-06-13T07:18:01+00:00","dateModified":"2024-06-13T07:30:57+00:00","description":"The Faculty of Law, Economics &amp; Finance is happy to invite you to Alessio Belli\u2019s defence: Date:&nbsp;28 of June 2024, at 14.00 Venue:&nbsp;Weicker","breadcrumb":{"@id":"https:\/\/www.uni.lu\/fdef-en\/events\/doctoral-defence-alessio-belli\/#breadcrumb"},"inLanguage":"en-GB","potentialAction":[{"@type":"ReadAction","target":["https:\/\/www.uni.lu\/fdef-en\/events\/doctoral-defence-alessio-belli\/"]}]},{"@type":"BreadcrumbList","@id":"https:\/\/www.uni.lu\/fdef-en\/events\/doctoral-defence-alessio-belli\/#breadcrumb","itemListElement":[{"@type":"ListItem","position":1,"name":"Home","item":"https:\/\/www.uni.lu\/en"},{"@type":"ListItem","position":2,"name":"Faculty of Law, Economics and Finance","item":"https:\/\/www.uni.lu\/fdef-en\/"},{"@type":"ListItem","position":3,"name":"Events","item":"https:\/\/www.uni.lu\/fdef-en\/events\/"},{"@type":"ListItem","position":4,"name":"Doctoral Defence: Alessio Belli"}]},{"@type":"WebSite","@id":"https:\/\/www.uni.lu\/fdef-en\/#website","url":"https:\/\/www.uni.lu\/fdef-en\/","name":"FDEF","description":"Faculty of Law, Economics and Finance I Uni.lu","publisher":{"@id":"https:\/\/www.uni.lu\/fdef-en\/#organization"},"alternateName":"Faculty of Law, Economics and Finance I University of Luxembourg","potentialAction":[{"@type":"SearchAction","target":{"@type":"EntryPoint","urlTemplate":"https:\/\/www.uni.lu\/fdef-en\/?s={search_term_string}"},"query-input":"required name=search_term_string"}],"inLanguage":"en-GB"},{"@type":"Organization","@id":"https:\/\/www.uni.lu\/fdef-en\/#organization","name":"FDEF - University of Luxembourg I Uni.lu","alternateName":"Faculty of Law, Economics and Finance","url":"https:\/\/www.uni.lu\/fdef-en\/","logo":{"@type":"ImageObject","inLanguage":"en-GB","@id":"https:\/\/www.uni.lu\/fdef-en\/#\/schema\/logo\/image\/","url":"https:\/\/www.uni.lu\/wp-content\/uploads\/sites\/3\/2026\/03\/03111918\/FDEF_SM-Profile_1600x1600px-scaled.jpg","contentUrl":"https:\/\/www.uni.lu\/wp-content\/uploads\/sites\/3\/2026\/03\/03111918\/FDEF_SM-Profile_1600x1600px-scaled.jpg","width":2560,"height":2560,"caption":"FDEF - University of Luxembourg I Uni.lu"},"image":"https:\/\/www.uni.lu\/wp-content\/uploads\/sites\/3\/2026\/04\/24144328\/20200609-Belval-Campus_Henri-Goergen-23.jpg","sameAs":["https:\/\/www.facebook.com\/uni.FDEF.lu","https:\/\/www.linkedin.com\/showcase\/fdef-uni-lu\/"],"email":"communication@uni.lu","telephone":"+3524666441","address":{"@type":"PostalAddress","streetAddress":"2, place de l\u2019Universit\u00e9","addressLocality":"Esch-sur-Alzette","postalCode":"4365","addressCountry":"LU"},"description":"Faculty of Law, Economics and Finance I Uni.lu"}]}},"_links":{"self":[{"href":"https:\/\/www.uni.lu\/fdef-en\/wp-json\/wp\/v2\/events\/10797"}],"collection":[{"href":"https:\/\/www.uni.lu\/fdef-en\/wp-json\/wp\/v2\/events"}],"about":[{"href":"https:\/\/www.uni.lu\/fdef-en\/wp-json\/wp\/v2\/types\/events"}],"author":[{"embeddable":true,"href":"https:\/\/www.uni.lu\/fdef-en\/wp-json\/wp\/v2\/users\/196"}],"replies":[{"embeddable":true,"href":"https:\/\/www.uni.lu\/fdef-en\/wp-json\/wp\/v2\/comments?post=10797"}],"version-history":[{"count":3,"href":"https:\/\/www.uni.lu\/fdef-en\/wp-json\/wp\/v2\/events\/10797\/revisions"}],"predecessor-version":[{"id":10801,"href":"https:\/\/www.uni.lu\/fdef-en\/wp-json\/wp\/v2\/events\/10797\/revisions\/10801"}],"wp:authorship":[{"embeddable":true,"href":"https:\/\/www.uni.lu\/fdef-en\/wp-json\/wp\/v2\/users\/196"}],"wp:attachment":[{"href":"https:\/\/www.uni.lu\/fdef-en\/wp-json\/wp\/v2\/media?parent=10797"}],"wp:term":[{"taxonomy":"events-topic","embeddable":true,"href":"https:\/\/www.uni.lu\/fdef-en\/wp-json\/wp\/v2\/events-topic?post=10797"},{"taxonomy":"events-type","embeddable":true,"href":"https:\/\/www.uni.lu\/fdef-en\/wp-json\/wp\/v2\/events-type?post=10797"},{"taxonomy":"organisation","embeddable":true,"href":"https:\/\/www.uni.lu\/fdef-en\/wp-json\/wp\/v2\/organisation?post=10797"}],"curies":[{"name":"wp","href":"https:\/\/api.w.org\/{rel}","templated":true}]}}